{"id":8826,"date":"2021-02-22T12:33:36","date_gmt":"2021-02-22T11:33:36","guid":{"rendered":"https:\/\/www.salzburgerland.com\/pl\/?post_type=entity&#038;p=8826"},"modified":"2022-06-30T09:09:48","modified_gmt":"2022-06-30T07:09:48","slug":"dla-takich-chwil-zyjemy","status":"publish","type":"entity","link":"https:\/\/www.salzburgerland.com\/pl\/dla-takich-chwil-zyjemy\/","title":{"rendered":"Dla takich chwil \u017cyjemy"},"content":{"rendered":"<p>T\u0119sknota za rzeczami sprawiaj\u0105cymi przyjemno\u015b\u0107, niezapomnianymi prze\u017cyciami i aktywno\u015bci\u0105 na \u0142onie natury, potrzeba ruchu i podejmowania nowych wyzwa\u0144 oraz ch\u0119\u0107 odkrywania tego, co nowe i ciekawe nigdy nie by\u0142y tak silne, jak teraz. Tego lata pragniemy wi\u0119c rozsmakowa\u0107 si\u0119 we wszystkim , co na Ziemi Salzburskiej wbogaca i uprzyjemnia \u017cycie, dodaje energii i poprawia samopoczucie.<br>\nNa zielonych halach i w salach koncertowych. W tradycyjnych gospodach i nad mieni\u0105cymi si\u0119 w s\u0142o\u0144cu g\u00f3rskimi jeziorami. U st\u00f3p pot\u0119\u017cnego lodowca i przy pysznym suflecie salzburskim. W daj\u0105cych mi\u0142\u0105 och\u0142od\u0119 skalnych w\u0105wozach i w owianych tajemnic\u0105 zamkach warownych.<br>\nNa Ziemi Salzburskiej ka\u017cdy znajdzie miejsce, w kt\u00f3rym poczuje si\u0119 wolnym, spe\u0142nionym i szcz\u0119\u015bliwym.\u00a0<strong>Dla takich chwil \u017cyjemy!<\/strong><\/p>\n<h3><span data-contrast=\"auto\">One naprawde istniej\u0105<\/span><\/h3>\n<p><span data-contrast=\"auto\">Chwile daj\u0105ce d\u0142ugotrwa\u0142e szcz\u0119\u015bcie.<\/span><span data-contrast=\"auto\">\u00a0Zalicza si\u0119 do nich cho\u0107by widowiskowy wsch\u00f3d s\u0142o\u0144ca nad szczytem\u00a0<\/span><span data-contrast=\"auto\">Gamskarkogel, robi\u0105cy tak piorunuj\u0105ce wra\u017cenie, \u017ce na chwil\u0119 odbiera nam mow\u0119. I \u0142a\u0144cuch g\u00f3rski na r\u00f3\u017cowawym horyzoncie, przypominaj\u0105cy kunsztowny<\/span><span data-contrast=\"auto\">\u00a0szlaczek ozdobny. Delikatny powiew wiatru, nios\u0105cy z bac\u00f3wki na g\u00f3rsk\u0105 \u0142\u0105k\u0119, na kt\u00f3rej skraju przystan\u0119\u0142a kozica,\u00a0<\/span><span data-contrast=\"auto\">zapach \u015bwie\u017co parzonej kawy.<\/span><span data-contrast=\"auto\">\u00a0W takich momentach zaczyna kie\u0142kowa\u0107 w nas przyjemne uczucie, kt\u00f3re ro\u015bnie i przybiera kszta\u0142t wielkiego szcz\u0119\u015bcia. Wtedy ju\u017c wiemy, \u017ce to s\u0105 w\u0142a\u015bnie te chwile, dla kt\u00f3rych \u017cyjemy.<\/span><span data-contrast=\"auto\">\u00a0Podobne uczucia towarzysz\u0105 nam, gdy po forsownej wycieczce rowerowej\u00a0 w g\u00f3ry pr\u00f3bujemy pierwszy k\u0119s \u015bwie\u017cego wiejskiego chleba, grubo posmarowanego halnym mas\u0142em i ob\u0142o\u017conego aromatycznym serem zio\u0142owym. Albo w tym niesamowitym momencie, kiedy niespodziewanie odkrywamy ciekawskiego \u015bwistaka, na kr\u00f3tk\u0105 chwil\u0119 wysuwaj\u0105cego nos ze swojej norki. Podobnie przys\u0142uchiwanie si\u0119 solowemu koncertowi naszego ulubionego pianisty wype\u0142nia nas niebywa\u0142ym uczucie szcz\u0119\u015bcia i\u00a0 zalicza do chwil, dla kt\u00f3rych \u017cyjemy. No i jeszcze mo\u017ce ten moment, kiedy bierzemy g\u0142\u0119boki wdech i zeskakujemy z drewnianego pomostu, aby kilka sekund p\u00f3\u017aniej wynurzy\u0107 si\u0119 z przejrzystej, turkusowej wody jeziora.<\/span><span data-contrast=\"auto\">\u00a0<\/span><span data-ccp-props='{\"201341983\":2,\"335559739\":160,\"335559740\":320,\"469777462\":[2552],\"469777927\":[0],\"469777928\":[1]}'>\u00a0<\/span><\/p>\n<p><strong>Letni wypoczynek na Ziemi Salzburskiej podobny jest do tego fantastycznego stanu ducha, kt\u00f3ry da si\u0119 uj\u0105\u0107 w s\u0142owa: \u201eW\u0142a\u015bnie dla takich chwil \u017cyjemy!\u201d. To uczucie utrwali si\u0119 na pewno w przyjemnych wspomnieniach.\u00a0<\/strong><strong><br>\n<\/strong><span data-contrast=\"auto\">Czy pami\u0119tasz chwile, do kt\u00f3rych ch\u0119tnie wracasz my\u015blami, kt\u00f3re cz\u0119sto opowiadasz znajomym i kt\u00f3re na sta\u0142e przechowujesz w sercu? Chwile, kt\u00f3re nie zacieraj\u0105 si\u0119 w pami\u0119ci, a s\u0105 ci\u0105gle \u017cywe? Pami\u0119tasz te wydarzenia?\u00a0<\/span><\/p>\n<p><span data-contrast=\"auto\">\u00a0Dla jakich chwil warto jest \u017cy\u0107 \u2013 wiedz\u0105 to r\u00f3wnie\u017c salzburscy gospodarze. Karczmarze i gospodarze bac\u00f3wek serdecznie podejmuj\u0105\u00a0 w\u0119drowc\u00f3w przemierzaj\u0105cych alpejskie hale regionalnymi smako\u0142ykami. Przewodnicy g\u00f3rscy i terenowi oraz stra\u017cnicy Parku Narodowego prowadz\u0105 mi\u0142o\u015bnik\u00f3w przyrody w najurokliwsze zak\u0105tki oraz do szczeg\u00f3lnych miejsc mocy, a nast\u0119pnie bezpiecznie odprowadzaj\u0105 ich do domu. Hotelarze i ich rodziny zwracaj\u0105 si\u0119 do swoich go\u015bci po imieniu. Szefowie kuchni rekomendowani w przewodniku Gault-Millau osobi\u015bcie dopytuj\u0105, czy go\u015bciom smakuje wykreowane przez nich danie. Na Ziemi Salzburskiej go\u015bcinno\u015b\u0107 nie jest wyj\u0105tkiem, a regu\u0142\u0105. Prawdziwa go\u015bcinno\u015b\u0107 jest powo\u0142aniem. A poj\u0119cie go\u015bcinno\u015bci w tym sezonie obejmuje tak\u017ce zapewnienie szczeg\u00f3lnie dogodnych warunk\u00f3w rezygnacji z pobytu i nieskomplikowan\u0105 mo\u017cliwo\u015b\u0107 zmiany terminu przyjazdu. \u00a0<\/span><\/p>\n<p><span data-contrast=\"auto\">Na Ziemi Salzburskiej nasta\u0142o lato! Najwy\u017cszy czas, by zacz\u0105\u0107 kolekcjonowa\u0107 szcz\u0119\u015bliwe momenty i zachowa\u0107 je dla wieczno\u015bci.<\/span><span data-ccp-props='{\"201341983\":2,\"335559739\":160,\"335559740\":320,\"469777462\":[2552],\"469777927\":[0],\"469777928\":[1]}'>\u00a0<\/span><\/p>\n<p><span data-contrast=\"auto\">Dla takich chwil \u017cyjemy!<\/span><span data-ccp-props='{\"201341983\":2,\"335559739\":160,\"335559740\":320,\"469777462\":[2552],\"469777927\":[0],\"469777928\":[1]}'>\u00a0<\/span><\/p>\n","protected":false},"excerpt":{"rendered":"<p>T\u0119sknota za rzeczami sprawiaj\u0105cymi przyjemno\u015b\u0107, niezapomnianymi prze\u017cyciami i aktywno\u015bci\u0105 na \u0142onie natury, potrzeba ruchu i podejmowania nowych wyzwa\u0144 oraz ch\u0119\u0107 odkrywania tego, co nowe i ciekawe nigdy nie by\u0142y tak silne, jak teraz. Tego lata pragniemy wi\u0119c rozsmakowa\u0107 si\u0119 we wszystkim , co na Ziemi Salzburskiej wbogaca i uprzyjemnia \u017cycie, dodaje energii i poprawia samopoczucie. [&hellip;]<\/p>\n","protected":false},"author":4,"featured_media":8827,"comment_status":"closed","ping_status":"closed","template":"","meta":{"_acf_changed":false,"wl_entities_gutenberg":"","_relevanssi_hide_post":"","_relevanssi_hide_content":"","_relevanssi_pin_for_all":"","_relevanssi_pin_keywords":"","_relevanssi_unpin_keywords":"","_relevanssi_related_keywords":"","_relevanssi_related_include_ids":"","_relevanssi_related_exclude_ids":"","_relevanssi_related_no_append":"","_relevanssi_related_not_related":"","_relevanssi_related_posts":"","_relevanssi_noindex_reason":"","footnotes":""},"categories":[],"tags":[],"wl_entity_type":[2],"class_list":["post-8826","entity","type-entity","status-publish","has-post-thumbnail","hentry","wl_entity_type-thing","sitetype-theme"],"acf":[],"yoast_head":"<!-- This site is optimized with the Yoast SEO Premium plugin v27.4 (Yoast SEO v27.4) - https:\/\/yoast.com\/product\/yoast-seo-premium-wordpress\/ -->\n<title>Dla takich chwil \u017cyjemy \u00bb SalzburgerLand.com<\/title>\n<meta name=\"robots\" content=\"index, follow, max-snippet:-1, max-image-preview:large, max-video-preview:-1\" \/>\n<link rel=\"canonical\" href=\"https:\/\/www.salzburgerland.com\/pl\/dla-takich-chwil-zyjemy\/\" \/>\n<meta property=\"og:locale\" content=\"pl_PL\" \/>\n<meta property=\"og:type\" content=\"article\" \/>\n<meta property=\"og:title\" content=\"Dla takich chwil \u017cyjemy\" \/>\n<meta property=\"og:description\" content=\"T\u0119sknota za rzeczami sprawiaj\u0105cymi przyjemno\u015b\u0107, niezapomnianymi prze\u017cyciami i aktywno\u015bci\u0105 na \u0142onie natury, potrzeba ruchu i podejmowania nowych wyzwa\u0144\" \/>\n<meta property=\"og:url\" content=\"https:\/\/www.salzburgerland.com\/pl\/dla-takich-chwil-zyjemy\/\" \/>\n<meta property=\"og:site_name\" content=\"SalzburgerLand.com\" \/>\n<meta property=\"article:publisher\" content=\"https:\/\/www.facebook.com\/visitsalzburgerland\/\" \/>\n<meta property=\"article:modified_time\" content=\"2022-06-30T07:09:48+00:00\" \/>\n<meta property=\"og:image\" content=\"https:\/\/www.salzburgerland.com\/pl\/wp-content\/uploads\/2021\/02\/slt_sanktjohann_chrisperkles-26-1920x658-1-1200x658.jpg\" \/>\n\t<meta property=\"og:image:width\" content=\"1200\" \/>\n\t<meta property=\"og:image:height\" content=\"658\" \/>\n\t<meta property=\"og:image:type\" content=\"image\/jpeg\" \/>\n<meta name=\"twitter:card\" content=\"summary_large_image\" \/>\n<meta name=\"twitter:site\" content=\"@salzburgerland\" \/>\n<meta name=\"twitter:label1\" content=\"Szacowany czas czytania\" \/>\n\t<meta name=\"twitter:data1\" content=\"3 minuty\" \/>\n<script type=\"application\/ld+json\" class=\"yoast-schema-graph\">{\"@context\":\"https:\\\/\\\/schema.org\",\"@graph\":[{\"@type\":\"WebPage\",\"@id\":\"https:\\\/\\\/www.salzburgerland.com\\\/pl\\\/dla-takich-chwil-zyjemy\\\/\",\"url\":\"https:\\\/\\\/www.salzburgerland.com\\\/pl\\\/dla-takich-chwil-zyjemy\\\/\",\"name\":\"Dla takich chwil \u017cyjemy \u00bb SalzburgerLand.com\",\"isPartOf\":{\"@id\":\"https:\\\/\\\/www.salzburgerland.com\\\/pl\\\/#website\"},\"primaryImageOfPage\":{\"@id\":\"https:\\\/\\\/www.salzburgerland.com\\\/pl\\\/dla-takich-chwil-zyjemy\\\/#primaryimage\"},\"image\":{\"@id\":\"https:\\\/\\\/www.salzburgerland.com\\\/pl\\\/dla-takich-chwil-zyjemy\\\/#primaryimage\"},\"thumbnailUrl\":\"https:\\\/\\\/www.salzburgerland.com\\\/pl\\\/wp-content\\\/uploads\\\/2021\\\/02\\\/slt_sanktjohann_chrisperkles-26-1920x658-1.jpg\",\"datePublished\":\"2021-02-22T11:33:36+00:00\",\"dateModified\":\"2022-06-30T07:09:48+00:00\",\"description\":\"Pod\u0105\u017caj za g\u0142osem serca, poczuj si\u0119 wolnym i szcz\u0119\u015bliwym, nadaj barw szarej codzienno\u015bci! Celebruj chwile sp\u0119dzane z bliskimi, napawaj si\u0119 pi\u0119knem przyrody, delektuj si\u0119 trwaj\u0105c\u0105 chwil\u0105 i kolekcjonuj najpi\u0119kniejsze momenty!\",\"inLanguage\":\"pl-PL\",\"potentialAction\":[{\"@type\":\"ReadAction\",\"target\":[\"https:\\\/\\\/www.salzburgerland.com\\\/pl\\\/dla-takich-chwil-zyjemy\\\/\"]}]},{\"@type\":\"ImageObject\",\"inLanguage\":\"pl-PL\",\"@id\":\"https:\\\/\\\/www.salzburgerland.com\\\/pl\\\/dla-takich-chwil-zyjemy\\\/#primaryimage\",\"url\":\"https:\\\/\\\/www.salzburgerland.com\\\/pl\\\/wp-content\\\/uploads\\\/2021\\\/02\\\/slt_sanktjohann_chrisperkles-26-1920x658-1.jpg\",\"contentUrl\":\"https:\\\/\\\/www.salzburgerland.com\\\/pl\\\/wp-content\\\/uploads\\\/2021\\\/02\\\/slt_sanktjohann_chrisperkles-26-1920x658-1.jpg\",\"width\":1920,\"height\":658,\"caption\":\"Szcz\u0119\u015bliwe chwile w g\u00f3rach \u00a9 Salzburgerland Tourismus\"},{\"@type\":\"WebSite\",\"@id\":\"https:\\\/\\\/www.salzburgerland.com\\\/pl\\\/#website\",\"url\":\"https:\\\/\\\/www.salzburgerland.com\\\/pl\\\/\",\"name\":\"SalzburgerLand.com\",\"description\":\"Urlop Salzburg : hotele : turystyka Ziemia Salzburska : kultura : rodzinny urlop Ziemia Salzburska : informacja turystyczna : noclegi Austria : aktywny wypoczynek\",\"potentialAction\":[{\"@type\":\"SearchAction\",\"target\":{\"@type\":\"EntryPoint\",\"urlTemplate\":\"https:\\\/\\\/www.salzburgerland.com\\\/pl\\\/?s={search_term_string}\"},\"query-input\":{\"@type\":\"PropertyValueSpecification\",\"valueRequired\":true,\"valueName\":\"search_term_string\"}}],\"inLanguage\":\"pl-PL\"}]}<\/script>\n<!-- \/ Yoast SEO Premium plugin. -->","yoast_head_json":{"title":"Dla takich chwil \u017cyjemy \u00bb SalzburgerLand.com","robots":{"index":"index","follow":"follow","max-snippet":"max-snippet:-1","max-image-preview":"max-image-preview:large","max-video-preview":"max-video-preview:-1"},"canonical":"https:\/\/www.salzburgerland.com\/pl\/dla-takich-chwil-zyjemy\/","og_locale":"pl_PL","og_type":"article","og_title":"Dla takich chwil \u017cyjemy","og_description":"T\u0119sknota za rzeczami sprawiaj\u0105cymi przyjemno\u015b\u0107, niezapomnianymi prze\u017cyciami i aktywno\u015bci\u0105 na \u0142onie natury, potrzeba ruchu i podejmowania nowych wyzwa\u0144","og_url":"https:\/\/www.salzburgerland.com\/pl\/dla-takich-chwil-zyjemy\/","og_site_name":"SalzburgerLand.com","article_publisher":"https:\/\/www.facebook.com\/visitsalzburgerland\/","article_modified_time":"2022-06-30T07:09:48+00:00","og_image":[{"width":1200,"height":658,"url":"https:\/\/www.salzburgerland.com\/pl\/wp-content\/uploads\/2021\/02\/slt_sanktjohann_chrisperkles-26-1920x658-1-1200x658.jpg","type":"image\/jpeg"}],"twitter_card":"summary_large_image","twitter_site":"@salzburgerland","twitter_misc":{"Szacowany czas czytania":"3 minuty"},"schema":{"@context":"https:\/\/schema.org","@graph":[{"@type":"WebPage","@id":"https:\/\/www.salzburgerland.com\/pl\/dla-takich-chwil-zyjemy\/","url":"https:\/\/www.salzburgerland.com\/pl\/dla-takich-chwil-zyjemy\/","name":"Dla takich chwil \u017cyjemy \u00bb SalzburgerLand.com","isPartOf":{"@id":"https:\/\/www.salzburgerland.com\/pl\/#website"},"primaryImageOfPage":{"@id":"https:\/\/www.salzburgerland.com\/pl\/dla-takich-chwil-zyjemy\/#primaryimage"},"image":{"@id":"https:\/\/www.salzburgerland.com\/pl\/dla-takich-chwil-zyjemy\/#primaryimage"},"thumbnailUrl":"https:\/\/www.salzburgerland.com\/pl\/wp-content\/uploads\/2021\/02\/slt_sanktjohann_chrisperkles-26-1920x658-1.jpg","datePublished":"2021-02-22T11:33:36+00:00","dateModified":"2022-06-30T07:09:48+00:00","description":"Pod\u0105\u017caj za g\u0142osem serca, poczuj si\u0119 wolnym i szcz\u0119\u015bliwym, nadaj barw szarej codzienno\u015bci! Celebruj chwile sp\u0119dzane z bliskimi, napawaj si\u0119 pi\u0119knem przyrody, delektuj si\u0119 trwaj\u0105c\u0105 chwil\u0105 i kolekcjonuj najpi\u0119kniejsze momenty!","inLanguage":"pl-PL","potentialAction":[{"@type":"ReadAction","target":["https:\/\/www.salzburgerland.com\/pl\/dla-takich-chwil-zyjemy\/"]}]},{"@type":"ImageObject","inLanguage":"pl-PL","@id":"https:\/\/www.salzburgerland.com\/pl\/dla-takich-chwil-zyjemy\/#primaryimage","url":"https:\/\/www.salzburgerland.com\/pl\/wp-content\/uploads\/2021\/02\/slt_sanktjohann_chrisperkles-26-1920x658-1.jpg","contentUrl":"https:\/\/www.salzburgerland.com\/pl\/wp-content\/uploads\/2021\/02\/slt_sanktjohann_chrisperkles-26-1920x658-1.jpg","width":1920,"height":658,"caption":"Szcz\u0119\u015bliwe chwile w g\u00f3rach \u00a9 Salzburgerland Tourismus"},{"@type":"WebSite","@id":"https:\/\/www.salzburgerland.com\/pl\/#website","url":"https:\/\/www.salzburgerland.com\/pl\/","name":"SalzburgerLand.com","description":"Urlop Salzburg : hotele : turystyka Ziemia Salzburska : kultura : rodzinny urlop Ziemia Salzburska : informacja turystyczna : noclegi Austria : aktywny wypoczynek","potentialAction":[{"@type":"SearchAction","target":{"@type":"EntryPoint","urlTemplate":"https:\/\/www.salzburgerland.com\/pl\/?s={search_term_string}"},"query-input":{"@type":"PropertyValueSpecification","valueRequired":true,"valueName":"search_term_string"}}],"inLanguage":"pl-PL"}]}},"_wl_alt_label":[],"wl:entity_url":"http:\/\/open.salzburgerland.com\/pl\/entity\/dla_takich_chwil_zyjemy","_links":{"self":[{"href":"https:\/\/www.salzburgerland.com\/pl\/wp-json\/wp\/v2\/entities\/8826","targetHints":{"allow":["GET"]}}],"collection":[{"href":"https:\/\/www.salzburgerland.com\/pl\/wp-json\/wp\/v2\/entities"}],"about":[{"href":"https:\/\/www.salzburgerland.com\/pl\/wp-json\/wp\/v2\/types\/entity"}],"author":[{"embeddable":true,"href":"https:\/\/www.salzburgerland.com\/pl\/wp-json\/wp\/v2\/users\/4"}],"replies":[{"embeddable":true,"href":"https:\/\/www.salzburgerland.com\/pl\/wp-json\/wp\/v2\/comments?post=8826"}],"version-history":[{"count":5,"href":"https:\/\/www.salzburgerland.com\/pl\/wp-json\/wp\/v2\/entities\/8826\/revisions"}],"predecessor-version":[{"id":14382,"href":"https:\/\/www.salzburgerland.com\/pl\/wp-json\/wp\/v2\/entities\/8826\/revisions\/14382"}],"wp:featuredmedia":[{"embeddable":true,"href":"https:\/\/www.salzburgerland.com\/pl\/wp-json\/wp\/v2\/media\/8827"}],"wp:attachment":[{"href":"https:\/\/www.salzburgerland.com\/pl\/wp-json\/wp\/v2\/media?parent=8826"}],"wp:term":[{"taxonomy":"category","embeddable":true,"href":"https:\/\/www.salzburgerland.com\/pl\/wp-json\/wp\/v2\/categories?post=8826"},{"taxonomy":"post_tag","embeddable":true,"href":"https:\/\/www.salzburgerland.com\/pl\/wp-json\/wp\/v2\/tags?post=8826"},{"taxonomy":"wl_entity_type","embeddable":true,"href":"https:\/\/www.salzburgerland.com\/pl\/wp-json\/wp\/v2\/wl_entity_type?post=8826"}],"curies":[{"name":"wp","href":"https:\/\/api.w.org\/{rel}","templated":true}]}}