{"id":6294,"date":"2020-03-21T09:57:59","date_gmt":"2020-03-21T08:57:59","guid":{"rendered":"https:\/\/www.salzburgerland.com\/pl\/?p=6294"},"modified":"2021-10-04T14:46:56","modified_gmt":"2021-10-04T12:46:56","slug":"grossarltal-lato","status":"publish","type":"entity","link":"https:\/\/www.salzburgerland.com\/pl\/grossarltal-lato\/","title":{"rendered":"Lato w Gro\u00dfarltal"},"content":{"rendered":"<h3>Turystyka piesza<\/h3>\n<p><span>W\u0119druj\u0105c po blisko <\/span><a href=\"https:\/\/www.grossarltal.info\/en\/summer.html\" target=\"_blank\" rel=\"noopener noreferrer\"><strong>400 km oznakowanych szlak\u00f3w<\/strong><\/a><span>, prowadz\u0105cych a\u017c do Parku Narodowego Wysokich Taur\u00f3w, mo\u017cna dotrze\u0107 do czterdziestu <\/span><strong>alpejskich hal\u00a0<\/strong><span>i<\/span><strong><span> tradycyjnych bac\u00f3wek<\/span><\/strong><span>, gdzie strudzeni w\u0119drowcy odpoczn\u0105, posilaj\u0105c si\u0119 lokalnymi przysmakami. Oferta w\u0119dr\u00f3wek jest bardzo szeroka i rozpina si\u0119 od \u0142atwych w\u0119dr\u00f3wek dla rodzin z dzie\u0107mi i spacer\u00f3w w\u015br\u00f3d natury, poprzez w\u0119dr\u00f3wki alpejskimi halami szlakiem i g\u00f3rskich schronisk. Od ca\u0142odziennych wycieczek po wyprawy kilkudniowe, wieloetapowe <\/span><span>z noclegami na halach, gdzie zachody s\u0142o\u0144ca pozostawiaj\u0105 niezapomniane wra\u017cenie. Szczeg\u00f3lnie polecamy\u00a0<\/span><strong>Szlak przez Salzburskie Hale<\/strong><span>\u00a0<\/span><strong>\u2013 Salzburger Almenweg<\/strong><span>, kt\u00f3ry prowadzi przez ca\u0142y region Pongau, \u0142\u0105cz\u0105c ze sob\u0105 120 schronisk i hal. Cztery z \u0142\u0105cznie trzydziestu jeden etap\u00f3w tego szlaku prowadz\u0105 przez dolin\u0119 Gro\u00dfarltal.<\/span><\/p>\n<div style=\"width: 2410px\" class=\"wp-caption alignnone\"><img decoding=\"async\" src=\"https:\/\/cdn.salzburgerland.com\/de\/wp-content\/uploads\/2016\/08\/wandern-skigebiet_62__dsc8467.jpg?_ga=2.261351053.1849252921.1584652169-1981376251.1583158206\" alt=\"\" width=\"2400\" height=\"1602\"><p class=\"wp-caption-text\">\u00a9 www.grossarltal.info<\/p><\/div>\n<p><span>Szczeg\u00f3lnie polecamy<a href=\"https:\/\/www.grossarltal.info\/en\/summer\/hut-hikes\/salzburger-almenweg.html\" target=\"_blank\" rel=\"noopener noreferrer\">\u00a0<strong>Szlak przez Salzburskie Hale<\/strong><\/a>, kt\u00f3ry prowadzi przez ca\u0142y region Pongau, \u0142\u0105cz\u0105c ze sob\u0105 120 hal i bac\u00f3wek. Cztery z \u0142\u0105cznie trzydziestu jeden etap\u00f3w tego szlaku prowadz\u0105 przez dolin\u0119 Gro\u00dfarltal. Czy pr\u00f3bowa\u0142e\u015b ju\u017c <\/span><strong>tradycyjnych specja\u0142\u00f3w<\/strong><span>\u00a0na g\u00f3rskiej hali w dolinie Gro\u00dfarltal? Nie? Spr\u00f3buj koniecznie! Na \u015bwie\u017cym g\u00f3rskim powietrzu smakuj\u0105 inaczej \u2013 prawdziwiej, intensywniej, pe\u0142niej. Dodaj\u0105 energii do \u017cycia! A na dok\u0142adk\u0119 dostaniesz zapieraj\u0105cy dech w piersiach widok na szczyty\u00a0<\/span><strong>Wysokich Taur\u00f3w<\/strong><span>.<\/span><\/p>\n<h3>Hale i bac\u00f3wki<\/h3>\n<p><span>Czy pr\u00f3bowa\u0142e\u015b ju\u017c kiedy\u015b, jak smakuje tradycyjna przek\u0105ska serwowana na desce? Jes\u017celi nie, dostaniesz j\u0105 w zagospodarowanych <strong><a href=\"https:\/\/www.grossarltal.info\/en\/summer\/hut-hikes\/huts.html\" target=\"_blank\" rel=\"noopener noreferrer\">bac\u00f3wkach na halach<\/a><\/strong> w Grossarltal<\/span><span>. Koniecznie musisz jej spr\u00f3bowa\u0107! Na \u015bwie\u017cym powietrzu i w alpejskich klimatach smakuje najlepiej: prawdziwie, intensywnie i dodaje energii. A na deser mo\u017cesz si\u0119 rozsmakowa\u0107 we wspania\u0142ej panoramie Wysokich Taur\u00f3w<\/span><span>.<\/span><\/p>\n<p>Gospodarze na alpejksich halach maj\u0105 od wiosny do jesieni pe\u0142ne r\u0119ce roboty. Wypasaj\u0105 krowy i owce, a mleko od nich przetwarzaj\u0105 na najrozmaitsze gatunki sera. Wyrabiaj\u0105 te\u017c mas\u0142o, piek\u0105 chleb i produkuj\u0105 doskona\u0142e sznapsy. <span>Do tego w\u0119dz\u0105 boczek i robi\u0105 tradycyjne kie\u0142basy. Taka uczta czeka p\u00f3\u017aniej na strudzonych drog\u0105 i g\u0142odnych w\u0119drowc\u00f3w<\/span><\/p>\n<div id=\"attachment_9228\" style=\"width: 1180px\" class=\"wp-caption alignnone\"><img decoding=\"async\" aria-describedby=\"caption-attachment-9228\" class=\"wp-image-9228 size-1170_658\" src=\"https:\/\/cdn.salzburgerland.com\/pl\/wp-content\/uploads\/2020\/03\/wandern-cwww-grossarltal-info_-1170x658.jpg\" alt=\"\" width=\"1170\" height=\"658\" srcset=\"https:\/\/www.salzburgerland.com\/pl\/wp-content\/uploads\/2020\/03\/wandern-cwww-grossarltal-info_-1170x658.jpg 1170w, https:\/\/www.salzburgerland.com\/pl\/wp-content\/uploads\/2020\/03\/wandern-cwww-grossarltal-info_-1200x675.jpg 1200w\" sizes=\"(max-width: 1170px) 100vw, 1170px\"><p id=\"caption-attachment-9228\" class=\"wp-caption-text\">G\u00f3rskie w\u0119dr\u00f3wki w \u201edolinie halnych bac\u00f3wek\u201d to fantastyczne prze\u017cycie dla mi\u0142o\u015bnik\u00f3w przyrody w ka\u017cdym wieku \u00a9 www.grossarltal.info<\/p><\/div>\n<p><span>Na niejednej alpejskiej hali mo\u017cesz przenocowa\u0107, ale nie licz tu na nowoczesny luksus. Pokoje s\u0105 zwykle wieloosobowe, a za sypialni\u0119 s\u0142u\u017cy niejednokrotnie jedno du\u017ce pomieszczenie. Myjesz si\u0119 w ch\u0142odnej \u017ar\u00f3dlanej wodzie z pobliskiej studzienki, cho\u0107 jest te\u017c kilka wyj\u0105tk\u00f3w z prysznicem na halach. Na zako\u0144czenie dnia uczestniczysz w tradycyjnym wieczorku alpejskim, a rano obudzi Ci\u0119 pobrz\u0119kiwanie krowich dzwonk\u00f3w i poszczekiwanie psa pasterskiego. Korzystaj\u0105c z go\u015bcinno\u015bci halnych gospodarzy, mieszkasz prawie pod samym niebem i czujesz jak nigdzie indziej wspania\u0142y smak salzburskiego lata.<\/span><\/p>\n\n\t\t\t<div id=\"6294-1\" class=\"gallery gallery-6294 gallery-columns-3 gallery-size-1170_658\" itemscope itemtype=\"http:\/\/schema.org\/ImageGallery\">\n\t\t\t\t<ul class=\"gallery-row gallery-col-3 gallery-clear\">\n\t\t\t\t\t<li class=\"gallery-item col-3\" itemprop=\"associatedMedia\" itemscope itemtype=\"http:\/\/schema.org\/ImageObject\">\n\t\t\t\t\t\t<div class=\"gallery-icon landscape\"><a href=\"https:\/\/www.salzburgerland.com\/pl\/wp-content\/uploads\/2020\/03\/jause-maurachalm-grossarltal-gross-1920x1067-1.jpg\" title=\"jause-maurachalm-grossarltal-gross-1920x1067\"><img decoding=\"async\" data-title=\"Tradycyjna przek\u0105ska na desce wybornie smakuje po alpejskiej wycieczce \u00a9 www.grossarltal.info\" title=\"Tradycyjna przek\u0105ska na desce wybornie smakuje po alpejskiej wycieczce \u00a9 www.grossarltal.info\" data-caption=\"Tradycyjna przek\u0105ska na desce wybornie smakuje po alpejskiej wycieczce \u00a9 www.grossarltal.info\" width=\"1170\" height=\"658\" src=\"https:\/\/www.salzburgerland.com\/pl\/wp-content\/uploads\/2020\/03\/jause-maurachalm-grossarltal-gross-1920x1067-1-1170x658.jpg\" class=\"attachment-1170_658 size-1170_658\" alt=\"Rodzina delektuje si\u0119 Lato w Gro\u00dfarlatl z serem, chlebem i napojami przy rustykalnym stole w s\u0142oneczny dzie\u0144. (Powi\u0119kszony widok)\" srcset=\"https:\/\/www.salzburgerland.com\/pl\/wp-content\/uploads\/2020\/03\/jause-maurachalm-grossarltal-gross-1920x1067-1-1170x658.jpg 1170w, https:\/\/www.salzburgerland.com\/pl\/wp-content\/uploads\/2020\/03\/jause-maurachalm-grossarltal-gross-1920x1067-1-1200x675.jpg 1200w\" sizes=\"(max-width: 1170px) 100vw, 1170px\" aria-describedby=\"figcaption-6294-9250\" itemprop=\"thumbnail\"><\/a><\/div>\n\t\t\t\t\t\t<span id=\"figcaption-6294-9250\" class=\"gallery-caption\" itemprop=\"caption\"><span aria-hidden=\"true\">Tradycyjna przek\u0105ska na desce wybornie smakuje po alpejskiej wycieczce \u00a9 www.grossarltal.info<\/span><\/span>\n\t\t\t\t\t<\/li>\n\t\t\t\t\t<li class=\"gallery-item col-3\" itemprop=\"associatedMedia\" itemscope itemtype=\"http:\/\/schema.org\/ImageObject\">\n\t\t\t\t\t\t<div class=\"gallery-icon landscape\"><a href=\"https:\/\/www.salzburgerland.com\/pl\/wp-content\/uploads\/2020\/03\/reitalm-streicheltiere-spielplatz-gross-1170x658-1.jpg\" title=\"reitalm-streicheltiere-spielplatz-gross-1170x658\"><img decoding=\"async\" data-title=\"Halna bac\u00f3wka z atrakcjami dla dzieci, Reitalm \u00a9 www.grossarltal.info\" title=\"Halna bac\u00f3wka z atrakcjami dla dzieci, Reitalm \u00a9 www.grossarltal.info\" data-caption=\"Halna bac\u00f3wka z atrakcjami dla dzieci, Reitalm \u00a9 www.grossarltal.info\" width=\"1170\" height=\"658\" src=\"https:\/\/www.salzburgerland.com\/pl\/wp-content\/uploads\/2020\/03\/reitalm-streicheltiere-spielplatz-gross-1170x658-1.jpg\" class=\"attachment-1170_658 size-1170_658\" alt=\"Drewniany domek i szopa na zielonym zboczu wzg\u00f3rza w Lato w Gro\u00dfarlatl, z kozami pas\u0105cymi si\u0119 w\u015br\u00f3d g\u00f3r i drzew. (Powi\u0119kszony widok)\" srcset=\"https:\/\/www.salzburgerland.com\/pl\/wp-content\/uploads\/2020\/03\/reitalm-streicheltiere-spielplatz-gross-1170x658-1.jpg 1170w, https:\/\/www.salzburgerland.com\/pl\/wp-content\/uploads\/2020\/03\/reitalm-streicheltiere-spielplatz-gross-1170x658-1-768x432.jpg 768w\" sizes=\"(max-width: 1170px) 100vw, 1170px\" aria-describedby=\"figcaption-6294-9251\" itemprop=\"thumbnail\"><\/a><\/div>\n\t\t\t\t\t\t<span id=\"figcaption-6294-9251\" class=\"gallery-caption\" itemprop=\"caption\"><span aria-hidden=\"true\">Halna bac\u00f3wka z atrakcjami dla dzieci, Reitalm \u00a9 www.grossarltal.info<\/span><\/span>\n\t\t\t\t\t<\/li>\n\t\t\t\t\t<li class=\"gallery-item col-3\" itemprop=\"associatedMedia\" itemscope itemtype=\"http:\/\/schema.org\/ImageObject\">\n\t\t\t\t\t\t<div class=\"gallery-icon landscape\"><a href=\"https:\/\/www.salzburgerland.com\/pl\/wp-content\/uploads\/2020\/03\/bichlalm-sommer-grossarltal-1170x658-1.jpg\" title=\"bichlalm-sommer-grossarltal-1170x658\"><img decoding=\"async\" data-title=\"Tradycyjna alpejska chata Bichlalm oferuje wytrwa\u0142ym w\u0119drowcom odpoczynek z pi\u0119knymi widokami i smaczny posi\u0142ek \u00a9 www.grossarltal.info\" title=\"Tradycyjna alpejska chata Bichlalm oferuje wytrwa\u0142ym w\u0119drowcom odpoczynek z pi\u0119knymi widokami i smaczny posi\u0142ek \u00a9 www.grossarltal.info\" data-caption=\"Tradycyjna alpejska chata Bichlalm oferuje wytrwa\u0142ym w\u0119drowcom odpoczynek z pi\u0119knymi widokami i smaczny posi\u0142ek \u00a9 www.grossarltal.info\" width=\"1170\" height=\"658\" src=\"https:\/\/www.salzburgerland.com\/pl\/wp-content\/uploads\/2020\/03\/bichlalm-sommer-grossarltal-1170x658-1.jpg\" class=\"attachment-1170_658 size-1170_658\" alt=\"Drewniany domek z ogrodzonym podw\u00f3rkiem na trawiastym wzg\u00f3rzu - idealny na ucieczk\u0119 Lato w Gro\u00dfarlatl w\u015br\u00f3d g\u00f3r. (Powi\u0119kszony widok)\" srcset=\"https:\/\/www.salzburgerland.com\/pl\/wp-content\/uploads\/2020\/03\/bichlalm-sommer-grossarltal-1170x658-1.jpg 1170w, https:\/\/www.salzburgerland.com\/pl\/wp-content\/uploads\/2020\/03\/bichlalm-sommer-grossarltal-1170x658-1-768x432.jpg 768w\" sizes=\"(max-width: 1170px) 100vw, 1170px\" aria-describedby=\"figcaption-6294-9252\" itemprop=\"thumbnail\"><\/a><\/div>\n\t\t\t\t\t\t<span id=\"figcaption-6294-9252\" class=\"gallery-caption\" itemprop=\"caption\"><span aria-hidden=\"true\">Tradycyjna alpejska chata Bichlalm oferuje wytrwa\u0142ym w\u0119drowcom odpoczynek z pi\u0119knymi widokami i smaczny posi\u0142ek \u00a9 www.grossarltal.info<\/span><\/span>\n\t\t\t\t\t<\/li>\n\t\t\t\t<\/ul>\n\t\t\t<\/div><!-- .gallery -->\n\n<h3>G\u00f3rskie jeziora<\/h3>\n<p><span>Troch\u0119 och\u0142ody w upalne lato? <a href=\"https:\/\/www.grossarltal.info\/en\/summer\/hut-hikes\/mountain-tarns.html\" target=\"_blank\" rel=\"noopener noreferrer\"><strong>G\u00f3rskie jeziora<\/strong> <\/a>w dolinie Gro\u00dfarltal nie zach\u0119caj\u0105 wprawdzie do k\u0105pieli \u2013 ich woda jest lodowata \u2013 ale oferuj\u0105 orze\u017awiaj\u0105ce momenty odpoczynku dla strudzonych drog\u0105 w\u0119drowc\u00f3w. Wystarczy zdj\u0105\u0107 buty g\u00f3rskie i zanurzy\u0107 stopy w lodowatej wodzie. Taka minik\u0105piel nie tylko poprawia kr\u0105\u017cenie, ale tak\u017ce dodaje energii przed dalsz\u0105 drog\u0105.<\/span><\/p>\n<p><span>Le\u017c\u0105ce w\u015br\u00f3d alpejskich pastwisk g\u00f3rskie jeziora i oczka wodne prezentuj\u0105 si\u0119 szczeg\u00f3lnie pi\u0119knie o poranku, kiedy w ich tafli odbijaj\u0105 si\u0119 szczyty Wysokich Taur\u00f3w. Podczas w\u0119dr\u00f3wek jesienn\u0105 por\u0105 mo\u017cna nad nimi prze\u017cy\u0107 niezwyk\u0142y spektakl barw natury.<\/span><\/p>\n\n\t\t\t<div id=\"6294-2\" class=\"gallery gallery-6294 gallery-columns-3 gallery-size-1170_658\" itemscope itemtype=\"http:\/\/schema.org\/ImageGallery\">\n\t\t\t\t<ul class=\"gallery-row gallery-col-3 gallery-clear\">\n\t\t\t\t\t<li class=\"gallery-item col-3\" itemprop=\"associatedMedia\" itemscope itemtype=\"http:\/\/schema.org\/ImageObject\">\n\t\t\t\t\t\t<div class=\"gallery-icon landscape\"><a href=\"https:\/\/www.salzburgerland.com\/pl\/wp-content\/uploads\/2020\/03\/otzlsee-cwww-grossarltal-info_.jpg\" title=\"\u00d6tzlsee (c)www.grossarltal.info\"><img decoding=\"async\" data-title=\"\u00d6tzlsee \u00a9 www.grossarltal.info\" title=\"\u00d6tzlsee \u00a9 www.grossarltal.info\" data-caption=\"\u00d6tzlsee \u00a9 www.grossarltal.info\" width=\"1170\" height=\"658\" src=\"https:\/\/www.salzburgerland.com\/pl\/wp-content\/uploads\/2020\/03\/otzlsee-cwww-grossarltal-info_-1170x658.jpg\" class=\"attachment-1170_658 size-1170_658\" alt=\"Ma\u0142e jezioro w Gro\u00dfarlatl, otoczone g\u00f3rami, polnymi kwiatami i domkiem z lud\u017ami ciesz\u0105cymi si\u0119 letnim piknikiem. (Powi\u0119kszony widok)\" srcset=\"https:\/\/www.salzburgerland.com\/pl\/wp-content\/uploads\/2020\/03\/otzlsee-cwww-grossarltal-info_-1170x658.jpg 1170w, https:\/\/www.salzburgerland.com\/pl\/wp-content\/uploads\/2020\/03\/otzlsee-cwww-grossarltal-info_-1200x675.jpg 1200w\" sizes=\"(max-width: 1170px) 100vw, 1170px\" aria-describedby=\"figcaption-6294-9237\" itemprop=\"thumbnail\"><\/a><\/div>\n\t\t\t\t\t\t<span id=\"figcaption-6294-9237\" class=\"gallery-caption\" itemprop=\"caption\"><span aria-hidden=\"true\">\u00d6tzlsee \u00a9 www.grossarltal.info<\/span><\/span>\n\t\t\t\t\t<\/li>\n\t\t\t\t\t<li class=\"gallery-item col-3\" itemprop=\"associatedMedia\" itemscope itemtype=\"http:\/\/schema.org\/ImageObject\">\n\t\t\t\t\t\t<div class=\"gallery-icon landscape\"><a href=\"https:\/\/www.salzburgerland.com\/pl\/wp-content\/uploads\/2020\/03\/paarsee-1.jpg\" title=\"paarsee\"><img decoding=\"async\" data-title=\"Paarsee \u00a9 www.grossarltal.info\" title=\"Paarsee \u00a9 www.grossarltal.info\" data-caption=\"Paarsee \u00a9 www.grossarltal.info\" width=\"885\" height=\"590\" src=\"https:\/\/www.salzburgerland.com\/pl\/wp-content\/uploads\/2020\/03\/paarsee-1.jpg\" class=\"attachment-1170_658 size-1170_658\" alt=\"Ma\u0142e g\u00f3rskie jezioro w Lato w Gro\u00dfarlatl, otoczone zielonymi wzg\u00f3rzami, polnymi kwiatami i drzewem pod czystym niebem. (Powi\u0119kszony widok)\" srcset=\"https:\/\/www.salzburgerland.com\/pl\/wp-content\/uploads\/2020\/03\/paarsee-1.jpg 885w, https:\/\/www.salzburgerland.com\/pl\/wp-content\/uploads\/2020\/03\/paarsee-1-768x512.jpg 768w\" sizes=\"(max-width: 885px) 100vw, 885px\" aria-describedby=\"figcaption-6294-9238\" itemprop=\"thumbnail\"><\/a><\/div>\n\t\t\t\t\t\t<span id=\"figcaption-6294-9238\" class=\"gallery-caption\" itemprop=\"caption\"><span aria-hidden=\"true\">Paarsee \u00a9 www.grossarltal.info<\/span><\/span>\n\t\t\t\t\t<\/li>\n\t\t\t\t\t<li class=\"gallery-item col-3\" itemprop=\"associatedMedia\" itemscope itemtype=\"http:\/\/schema.org\/ImageObject\">\n\t\t\t\t\t\t<div class=\"gallery-icon landscape\"><a href=\"https:\/\/www.salzburgerland.com\/pl\/wp-content\/uploads\/2020\/03\/troege-2019-herbst-ii_15-1170x658-1.jpg\" title=\"troege-2019-herbst-ii_15-1170x658\"><img decoding=\"async\" data-title=\"G#rskie jezioro w jesiennej szacie \u00a9 www.grossarltal.info\" title=\"G#rskie jezioro w jesiennej szacie \u00a9 www.grossarltal.info\" data-caption=\"G#rskie jezioro w jesiennej szacie \u00a9 www.grossarltal.info\" width=\"1170\" height=\"658\" src=\"https:\/\/www.salzburgerland.com\/pl\/wp-content\/uploads\/2020\/03\/troege-2019-herbst-ii_15-1170x658-1.jpg\" class=\"attachment-1170_658 size-1170_658\" alt=\"Ma\u0142y drewniany dok nad stawem, otoczony trawiastymi wzg\u00f3rzami i jesiennymi drzewami - Lato w Gro\u00dfarlatl. (Powi\u0119kszony widok)\" srcset=\"https:\/\/www.salzburgerland.com\/pl\/wp-content\/uploads\/2020\/03\/troege-2019-herbst-ii_15-1170x658-1.jpg 1170w, https:\/\/www.salzburgerland.com\/pl\/wp-content\/uploads\/2020\/03\/troege-2019-herbst-ii_15-1170x658-1-768x432.jpg 768w\" sizes=\"(max-width: 1170px) 100vw, 1170px\" aria-describedby=\"figcaption-6294-9239\" itemprop=\"thumbnail\"><\/a><\/div>\n\t\t\t\t\t\t<span id=\"figcaption-6294-9239\" class=\"gallery-caption\" itemprop=\"caption\"><span aria-hidden=\"true\">G#rskie jezioro w jesiennej szacie \u00a9 www.grossarltal.info<\/span><\/span>\n\t\t\t\t\t<\/li>\n\t\t\t\t<\/ul>\n\t\t\t<\/div><!-- .gallery -->\n\n<h3>Kolejki g\u00f3rskie dla w\u0119drowc\u00f3w<\/h3>\n<p><span>Wagonikiem kolejki linowej Panoramabahn Gro\u00dfarltal dostaniesz si\u0119 w g\u00f3ry. Przy g\u00f3rnej stacji czekaj\u0105 szerokie, bezpieczne szlaki w\u0119drowne, przejezdne dla w\u00f3zk\u00f3w dzieci\u0119cych i spacer\u00f3wek, malowniczo usytuowane jeziora g\u00f3rskie, ale tak\u017ce szczyty, do kt\u00f3rych zdobycia konieczna jest kondycja, odpowiedni ekwipunek i do\u015bwiadzcenie.\u00a0\u00a0<\/span><\/p>\n<p><span>Kolejkami linowymi dotrzesz z ca\u0142\u0105 rodzin\u0105 do miejsca, z kt\u00f3rego wychodz\u0105 pi\u0119kne szlaki w\u0119drowne doskona\u0142e na wycieczki z dzieciakami. Szczeg\u00f3lnie polecamy szlak \u201eGamssteig\u201d na hale Aigenalmen<\/span><\/p>\n\n\t\t\t<div id=\"6294-3\" class=\"gallery gallery-6294 gallery-columns-3 gallery-size-1170_658\" itemscope itemtype=\"http:\/\/schema.org\/ImageGallery\">\n\t\t\t\t<ul class=\"gallery-row gallery-col-3 gallery-clear\">\n\t\t\t\t\t<li class=\"gallery-item col-3\" itemprop=\"associatedMedia\" itemscope itemtype=\"http:\/\/schema.org\/ImageObject\">\n\t\t\t\t\t\t<div class=\"gallery-icon landscape\"><a href=\"https:\/\/www.salzburgerland.com\/pl\/wp-content\/uploads\/2020\/03\/wandern-skigebiet_16__dsc8165-1170x658-1.jpg\" title=\"wandern-skigebiet_16__dsc8165-1170x658\"><img decoding=\"async\" data-title=\"W\u0119dr\u00f3wki g\u00f3rskie z w\u00f3zkiem dzieci\u0119cym czy spacer\u00f3wk\u0105 - tak! Dzi\u0119ki kolejkom linowym i dobrze rozbudowanym szlakom \u00a9 www.grossarltal.info\" title=\"W\u0119dr\u00f3wki g\u00f3rskie z w\u00f3zkiem dzieci\u0119cym czy spacer\u00f3wk\u0105 - tak! Dzi\u0119ki kolejkom linowym i dobrze rozbudowanym szlakom \u00a9 www.grossarltal.info\" data-caption=\"W\u0119dr\u00f3wki g\u00f3rskie z w\u00f3zkiem dzieci\u0119cym czy spacer\u00f3wk\u0105 - tak! Dzi\u0119ki kolejkom linowym i dobrze rozbudowanym szlakom \u00a9 www.grossarltal.info\" width=\"1170\" height=\"658\" src=\"https:\/\/www.salzburgerland.com\/pl\/wp-content\/uploads\/2020\/03\/wandern-skigebiet_16__dsc8165-1170x658-1.jpg\" class=\"attachment-1170_658 size-1170_658\" alt=\"Lato w Gro\u00dfarlatl: Ludzie spaceruj\u0105 i pchaj\u0105 w\u00f3zki na g\u00f3rskim szlaku z krowami i kolejk\u0105 linow\u0105 nad g\u0142ow\u0105. (Powi\u0119kszony widok)\" srcset=\"https:\/\/www.salzburgerland.com\/pl\/wp-content\/uploads\/2020\/03\/wandern-skigebiet_16__dsc8165-1170x658-1.jpg 1170w, https:\/\/www.salzburgerland.com\/pl\/wp-content\/uploads\/2020\/03\/wandern-skigebiet_16__dsc8165-1170x658-1-768x432.jpg 768w\" sizes=\"(max-width: 1170px) 100vw, 1170px\" aria-describedby=\"figcaption-6294-9242\" itemprop=\"thumbnail\"><\/a><\/div>\n\t\t\t\t\t\t<span id=\"figcaption-6294-9242\" class=\"gallery-caption\" itemprop=\"caption\"><span aria-hidden=\"true\">W\u0119dr\u00f3wki g\u00f3rskie z w\u00f3zkiem dzieci\u0119cym czy spacer\u00f3wk\u0105 \u2013 tak! Dzi\u0119ki kolejkom linowym i dobrze rozbudowanym szlakom \u00a9 www.grossarltal.info<\/span><\/span>\n\t\t\t\t\t<\/li>\n\t\t\t\t\t<li class=\"gallery-item col-3\" itemprop=\"associatedMedia\" itemscope itemtype=\"http:\/\/schema.org\/ImageObject\">\n\t\t\t\t\t\t<div class=\"gallery-icon landscape\"><a href=\"https:\/\/www.salzburgerland.com\/pl\/wp-content\/uploads\/2020\/03\/kinderwagenwege-speicherteich-skigebiet-1920x1067.jpg\" title=\"kinderwagenwege-speicherteich-skigebiet\"><img decoding=\"async\" data-title=\"G\u00f3rskie w\u0119dr\u00f3wki bez barier \u00a9 www.grossarltal.info, Gruber Michael \" title=\"G\u00f3rskie w\u0119dr\u00f3wki bez barier \u00a9 www.grossarltal.info, Gruber Michael \" data-caption=\"G\u00f3rskie w\u0119dr\u00f3wki bez barier \u00a9 www.grossarltal.info, Gruber Michael \" width=\"1170\" height=\"658\" src=\"https:\/\/www.salzburgerland.com\/pl\/wp-content\/uploads\/2020\/03\/kinderwagenwege-speicherteich-skigebiet-1170x658.jpg\" class=\"attachment-1170_658 size-1170_658\" alt=\"Rodzina z w\u00f3zkiem i dzie\u0107mi cieszy si\u0119 s\u0142onecznym dniem nad jeziorem w g\u00f3rach - Lato w Gro\u00dfarlatal. (Powi\u0119kszony widok)\" srcset=\"https:\/\/www.salzburgerland.com\/pl\/wp-content\/uploads\/2020\/03\/kinderwagenwege-speicherteich-skigebiet-1170x658.jpg 1170w, https:\/\/www.salzburgerland.com\/pl\/wp-content\/uploads\/2020\/03\/kinderwagenwege-speicherteich-skigebiet-1200x675.jpg 1200w\" sizes=\"(max-width: 1170px) 100vw, 1170px\" aria-describedby=\"figcaption-6294-9243\" itemprop=\"thumbnail\"><\/a><\/div>\n\t\t\t\t\t\t<span id=\"figcaption-6294-9243\" class=\"gallery-caption\" itemprop=\"caption\"><span aria-hidden=\"true\">G\u00f3rskie w\u0119dr\u00f3wki bez barier \u00a9 www.grossarltal.info, Gruber Michael <\/span><\/span>\n\t\t\t\t\t<\/li>\n\t\t\t\t\t<li class=\"gallery-item col-3\" itemprop=\"associatedMedia\" itemscope itemtype=\"http:\/\/schema.org\/ImageObject\">\n\t\t\t\t\t\t<div class=\"gallery-icon landscape\"><a href=\"https:\/\/www.salzburgerland.com\/pl\/wp-content\/uploads\/2020\/03\/seilbahnwandern-grossarltal-oesterreich-1.jpg\" title=\"seilbahnwandern-grossarltal-oesterreich\"><img decoding=\"async\" data-title=\"W g\u00f3ry z ca\u0142\u0105 rodzin\u0105 \u00a9 www.grossarltal.info\" title=\"W g\u00f3ry z ca\u0142\u0105 rodzin\u0105 \u00a9 www.grossarltal.info\" data-caption=\"W g\u00f3ry z ca\u0142\u0105 rodzin\u0105 \u00a9 www.grossarltal.info\" width=\"1000\" height=\"658\" src=\"https:\/\/www.salzburgerland.com\/pl\/wp-content\/uploads\/2020\/03\/seilbahnwandern-grossarltal-oesterreich-1-1000x658.jpg\" class=\"attachment-1170_658 size-1170_658\" alt=\"Rodzina z dw\u00f3jk\u0105 dzieci i niemowl\u0119ciem czyta znak informacyjny podczas w\u0119dr\u00f3wki w lesie Gro\u00dfarlatl. (Powi\u0119kszony widok)\" aria-describedby=\"figcaption-6294-9244\" itemprop=\"thumbnail\"><\/a><\/div>\n\t\t\t\t\t\t<span id=\"figcaption-6294-9244\" class=\"gallery-caption\" itemprop=\"caption\"><span aria-hidden=\"true\">W g\u00f3ry z ca\u0142\u0105 rodzin\u0105 \u00a9 www.grossarltal.info<\/span><\/span>\n\t\t\t\t\t<\/li>\n\t\t\t\t<\/ul>\n\t\t\t<\/div><!-- .gallery -->\n\n<h3>Po zdrowie w g\u00f3ry<\/h3>\n<div class=\"art_element art_texti cols_twelve spl spr art_disp_all\">\n<div class=\"art_inner\">Zrzeszenie<span>\u00a0<\/span><strong>BERG-GESUND <\/strong>(czyli dos\u0142ownie \u201eZdrowie w G\u00f3rach2) z regionu Gro\u00dfarltal przygotowa\u0142o <a href=\"https:\/\/www.grossarltal.info\/en\/summer\/hut-hikes\/berg-gesund.html\" target=\"_blank\" rel=\"noopener noreferrer\"><strong>atrakcyjny program aktywnego wypoczynku<\/strong><\/a>, obejmuj\u0105cy <strong>w\u0119dr\u00f3wki<\/strong>, <strong>wyprawy w g\u00f3ry<\/strong> i <strong>wspinaczk\u0119 g\u00f3rsk\u0105<\/strong>. Co tydzie\u0144 oferowany jest nowy codzienny pakiet rozmaitych wypraw z licencjonowanymi przewodnikami terenowymi b\u0105d\u017a instruktorami wspinaczki g\u00f3rskiej. Paleta oferty si\u0119ga od \u0142atwych w\u0119dr\u00f3wek po ambitne wyprawy alpinistyczne, w kt\u00f3rych mo\u017cesz wzi\u0105\u0107 udzia\u0142 od po\u0142owy maja do pa\u017adziernika.<\/div>\n<div>Wyprawy te koncentruj\u0105 si\u0119 wok\u00f3\u0142 intensywnego kontaktu z g\u00f3rskim \u015bwiatem i do\u015bwiadczenia go wszytskim 5 zmys\u0142ami. Oferta jet niezwykle urozmaicowna. W programie znajdziemy zar\u00f3wno forsowne <strong>wyprawy na g\u00f3rskie szczyty i wspinaczk\u0119<\/strong>, wymagaj\u0105ce kondycji, sprz\u0119tu i przygotowania, ale tak\u017ce <strong>wycieczki s\u0142u\u017c\u0105ce zwolnieniu tempa \u017cycia<\/strong> na \u0142onie natury, takie jak <strong>joga pod b\u0142\u0119kitnym niebem na zielonej hali<\/strong> czy <strong>latanie na lotni<\/strong>. Dla ka\u017cdego znajdzie si\u0119 co\u015b dobrego. Najlepsza wiadomo\u015b\u0107 jest taka, \u017ce go\u015bcie zakwaterowani w partnerskich obiektach noclegowych uczestnicz\u0105 w programie bezp\u0142atnie.<\/div>\n<\/div>\n<div class=\"art_element art_text cols_twelve spl spr art_disp_all\"><\/div>\n<div style=\"width: 1180px\" class=\"wp-caption alignnone\"><img decoding=\"async\" src=\"https:\/\/cdn.salzburgerland.com\/hu\/wp-content\/uploads\/2020\/03\/yogawanderung_4__dsc8606-1170x658.jpg\" alt=\"\" width=\"1170\" height=\"658\"><p class=\"wp-caption-text\">\u00a9 www.grossarltal.info<\/p><\/div>\n<h3>Turystyka rowerowa i kolarstwo g\u00f3rskie<\/h3>\n<p><span>W dolinie Gro\u00dfarltal nie zawiod\u0105 si\u0119 r\u00f3wnie\u017c go\u015bcie, kt\u00f3rzy od w\u0119dr\u00f3wek wol\u0105\u00a0<\/span><a href=\"https:\/\/www.grossarltal.info\/en\/summer\/recreation\/mountain-bike-cycling.html\" target=\"_blank\" rel=\"noopener noreferrer\"><strong>kolarstwo g\u00f3rskie<\/strong><\/a><span>. Na rowerze mo\u017cna dotrze\u0107 do ok. dwudziestu z \u0142\u0105cznie czterdziestu g\u00f3rskich hal. Prowadz\u0105 tam <\/span><strong>starannie oznakowane trasy<\/strong><span>\u00a0o \u0142\u0105cznej d\u0142ugo\u015bci ok.\u00a0<\/span><strong>140 km<\/strong><span>\u00a0i <strong>13 000 m przewy\u017cszenia<\/strong>. Po dotarciu na miejsce, zanim zjedzie si\u0119 z powrotem do doliny, trudy podjazdu wangrodzi smakowita przek\u0105ska i fantastyczna panorama okolicy.<\/span><\/p>\n<p><span>Mi\u0142o\u015bnicy zdobywania g\u00f3rskich zboczy na dw\u00f3ch k\u00f3\u0142kach znajd\u0105 w regionie <\/span><span>Gro\u00dfarltal rund\u00a0<\/span><strong>140 km g\u00f3rskich szlak\u00f3w rowerowych. <\/strong><span>\u00a0Sk\u0142adaj\u0105 si\u0119 one w sumie na 16 wypraw o zr\u00f3\u017cnicowanje skali trudno\u015bci i przewy\u017cszeniu do 300 do 1000 metr\u00f3w<\/span><span>. A co z tymi, kt\u00f3rzy nie posiadaj\u0105 takiej kondycji, by o sile w\u0142asnych mi\u0119\u015bni dosta\u0107 si\u0119 w g\u00f3ry? Na tych czekaj\u0105 w regione <strong>rowery o nap\u0119dzie elektrycznym<\/strong>, kt\u00f3rymi przyjemnie jedzie si\u0119 przez alpejskie hale.<\/span><\/p>\n<p><span><a href=\"https:\/\/www.grossarltal.info\/en\/summer\/recreation\/e-bike.html\" target=\"_blank\" rel=\"noopener noreferrer\"><strong>E-rowery<\/strong><\/a> zwane ta\u017ce Pedelec (Pedal Electric Cycle) rozpoznaj\u0105, kiedy zwi\u0119ksza stopie\u0144 trudno\u015b\u0107 podjazdu i dodaj\u0105 wspomagaj\u0105cej mocy z akumulatora. W ten spos\u00f3b r\u00f3wnie\u017c niewytrenowani cykli\u015bci\u00a0 mog\u0105 z lekko\u015bci\u0105 pokonywa\u0107 wzniesienia i przemierza\u0107 d\u0142ugie trasy. W g\u00f3rach wykorzystuje si\u0119 rowery g\u00f3rskie o nap\u0119dzie elektrycznym. Rado\u015b\u0107 zabawa, brak ogranicze\u0144 wiekowych \u2013 e-bike jest w modzie! Stosowany u nas model e-bika oferuje bateri\u0119, kt\u00f3ej jedno na\u0142adowanie starcza \u015brednio na pokonanie 100 km wzgl. 1000 m przewy\u017cszenia, w zale\u017cno\u015bci od profilu terenu i od wsp\u00f3\u0142pracy rowerzysty.\u00a0 Starcza to w zupe\u0142no\u015bci na wycieczki do ko\u0144ca doliny lub na wycieczki na hale. <strong>Stacja \u0142adowania baterii<\/strong> znajduje si\u0119 przy urz\u0119dzie gminy w<\/span><span> Gro\u00dfarl.\u00a0 <strong>E-bike mo\u017cna wypo\u017cyczy\u0107<\/strong> w wielu sklepach sportowych i w wielu hotelach.<\/span><\/p>\n\n\t\t\t<div id=\"6294-4\" class=\"gallery gallery-6294 gallery-columns-3 gallery-size-1170_658\" itemscope itemtype=\"http:\/\/schema.org\/ImageGallery\">\n\t\t\t\t<ul class=\"gallery-row gallery-col-3 gallery-clear\">\n\t\t\t\t\t<li class=\"gallery-item col-3\" itemprop=\"associatedMedia\" itemscope itemtype=\"http:\/\/schema.org\/ImageObject\">\n\t\t\t\t\t\t<div class=\"gallery-icon landscape\"><a href=\"https:\/\/www.salzburgerland.com\/pl\/wp-content\/uploads\/2020\/03\/grossarltal-2019-c_erwin_haiden_1631-1170x658-1.jpg\" title=\"grossarltal-2019-c_erwin_haiden_1631-1170x658\"><img decoding=\"async\" data-title=\"MTB w Grossarltal \u00a9 www.grossarltal.info\" title=\"MTB w Grossarltal \u00a9 www.grossarltal.info\" data-caption=\"MTB w Grossarltal \u00a9 www.grossarltal.info\" width=\"1170\" height=\"658\" src=\"https:\/\/www.salzburgerland.com\/pl\/wp-content\/uploads\/2020\/03\/grossarltal-2019-c_erwin_haiden_1631-1170x658-1.jpg\" class=\"attachment-1170_658 size-1170_658\" alt=\"Dw\u00f3ch rowerzyst\u00f3w jedzie g\u00f3rskim szlakiem w Lato w Gro\u00dfarlatl, dzikie kwiaty i zielone wzg\u00f3rza pod b\u0142\u0119kitnym niebem. (Powi\u0119kszony widok)\" srcset=\"https:\/\/www.salzburgerland.com\/pl\/wp-content\/uploads\/2020\/03\/grossarltal-2019-c_erwin_haiden_1631-1170x658-1.jpg 1170w, https:\/\/www.salzburgerland.com\/pl\/wp-content\/uploads\/2020\/03\/grossarltal-2019-c_erwin_haiden_1631-1170x658-1-768x432.jpg 768w\" sizes=\"(max-width: 1170px) 100vw, 1170px\" aria-describedby=\"figcaption-6294-9233\" itemprop=\"thumbnail\"><\/a><\/div>\n\t\t\t\t\t\t<span id=\"figcaption-6294-9233\" class=\"gallery-caption\" itemprop=\"caption\"><span aria-hidden=\"true\">MTB w Grossarltal \u00a9 www.grossarltal.info<\/span><\/span>\n\t\t\t\t\t<\/li>\n\t\t\t\t\t<li class=\"gallery-item col-3\" itemprop=\"associatedMedia\" itemscope itemtype=\"http:\/\/schema.org\/ImageObject\">\n\t\t\t\t\t\t<div class=\"gallery-icon landscape\"><a href=\"https:\/\/www.salzburgerland.com\/pl\/wp-content\/uploads\/2020\/03\/mountainbiken-grossarltal-oesterreich-1000x658-1.jpg\" title=\"mountainbiken-grossarltal-oesterreich-1000x658\"><img decoding=\"async\" data-title=\"MTV w Grossarltal \u00a9 www.grossarltal.info\" title=\"MTV w Grossarltal \u00a9 www.grossarltal.info\" data-caption=\"MTV w Grossarltal \u00a9 www.grossarltal.info\" width=\"1000\" height=\"658\" src=\"https:\/\/www.salzburgerland.com\/pl\/wp-content\/uploads\/2020\/03\/mountainbiken-grossarltal-oesterreich-1000x658-1.jpg\" class=\"attachment-1170_658 size-1170_658\" alt=\"Osoba cieszy si\u0119 Lato w Gro\u00dfarlatl, je\u017cd\u017c\u0105c na rowerze g\u00f3rskim po polnej \u015bcie\u017cce ze wzg\u00f3rzami i drzewami pod go\u0142ym niebem. (Powi\u0119kszony widok)\" srcset=\"https:\/\/www.salzburgerland.com\/pl\/wp-content\/uploads\/2020\/03\/mountainbiken-grossarltal-oesterreich-1000x658-1.jpg 1000w, https:\/\/www.salzburgerland.com\/pl\/wp-content\/uploads\/2020\/03\/mountainbiken-grossarltal-oesterreich-1000x658-1-768x505.jpg 768w\" sizes=\"(max-width: 1000px) 100vw, 1000px\" aria-describedby=\"figcaption-6294-9234\" itemprop=\"thumbnail\"><\/a><\/div>\n\t\t\t\t\t\t<span id=\"figcaption-6294-9234\" class=\"gallery-caption\" itemprop=\"caption\"><span aria-hidden=\"true\">MTV w Grossarltal \u00a9 www.grossarltal.info<\/span><\/span>\n\t\t\t\t\t<\/li>\n\t\t\t\t\t<li class=\"gallery-item col-3\" itemprop=\"associatedMedia\" itemscope itemtype=\"http:\/\/schema.org\/ImageObject\">\n\t\t\t\t\t\t<div class=\"gallery-icon landscape\"><a href=\"https:\/\/www.salzburgerland.com\/pl\/wp-content\/uploads\/2020\/03\/mountainbikenc_erwin_haiden.jpg\" title=\"Mountainbiken(c)_Erwin_Haiden\"><img decoding=\"async\" data-title=\"Mountainbiking w Grossarltal \u00a9 www.grossarltal info, Erwin Haiden\" title=\"Mountainbiking w Grossarltal \u00a9 www.grossarltal info, Erwin Haiden\" data-caption=\"Mountainbiking w Grossarltal \u00a9 www.grossarltal info, Erwin Haiden\" width=\"1170\" height=\"658\" src=\"https:\/\/www.salzburgerland.com\/pl\/wp-content\/uploads\/2020\/03\/mountainbikenc_erwin_haiden-1170x658.jpg\" class=\"attachment-1170_658 size-1170_658\" alt=\"Dw\u00f3ch rowerzyst\u00f3w odpoczywa na \u0142awce przy rustykalnym domku w Lato w Gro\u00dfarlatl, napis Bichl-Alm 1731 m. (Powi\u0119kszony widok)\" srcset=\"https:\/\/www.salzburgerland.com\/pl\/wp-content\/uploads\/2020\/03\/mountainbikenc_erwin_haiden-1170x658.jpg 1170w, https:\/\/www.salzburgerland.com\/pl\/wp-content\/uploads\/2020\/03\/mountainbikenc_erwin_haiden-1200x675.jpg 1200w\" sizes=\"(max-width: 1170px) 100vw, 1170px\" aria-describedby=\"figcaption-6294-9235\" itemprop=\"thumbnail\"><\/a><\/div>\n\t\t\t\t\t\t<span id=\"figcaption-6294-9235\" class=\"gallery-caption\" itemprop=\"caption\"><span aria-hidden=\"true\">Mountainbiking w Grossarltal \u00a9 www.grossarltal info, Erwin Haiden<\/span><\/span>\n\t\t\t\t\t<\/li>\n\t\t\t\t<\/ul>\n\t\t\t<\/div><!-- .gallery -->\n\n<h3>Wioska alpinistyczna i wspinaczka g\u00f3rska<\/h3>\n<p><span>Od 2008 roku miejscowo\u015b\u0107 <\/span><strong>H\u00fcttschlag<\/strong><span> zalicza si\u0119 do certyfikowanych austriackich <a href=\"https:\/\/www.grossarltal.info\/de\/sommer\/almwandern\/bergsteigerdorf.html\" target=\"_blank\" rel=\"noopener noreferrer\"><strong>\u201eWiosek Alpinistycznych\u201d<\/strong><\/a>. W Austrii istnieje ponadto 10 takich wiosek. Aby m\u00f3c si\u0119 okre\u015bla\u0107 mianem \u201eWioska Alpinistyczna\u201d nale\u017cy spe\u0142nia\u0107 okre\u015blone kryteria.<\/span><\/p>\n<div id=\"attachment_9230\" style=\"width: 1180px\" class=\"wp-caption alignnone\"><img decoding=\"async\" aria-describedby=\"caption-attachment-9230\" class=\"wp-image-9230 size-1170_658\" src=\"https:\/\/cdn.salzburgerland.com\/pl\/wp-content\/uploads\/2020\/03\/bergsteigerdorf-huttschlag-cwww-grossarltal-info_-1170x658.jpg\" alt=\"\" width=\"1170\" height=\"658\" srcset=\"https:\/\/www.salzburgerland.com\/pl\/wp-content\/uploads\/2020\/03\/bergsteigerdorf-huttschlag-cwww-grossarltal-info_-1170x658.jpg 1170w, https:\/\/www.salzburgerland.com\/pl\/wp-content\/uploads\/2020\/03\/bergsteigerdorf-huttschlag-cwww-grossarltal-info_-1200x675.jpg 1200w\" sizes=\"(max-width: 1170px) 100vw, 1170px\"><p id=\"caption-attachment-9230\" class=\"wp-caption-text\">\u201eWioska wspinaczkowa\u201d H\u00fcttschlag \u00a9 www.grossarltal.info<\/p><\/div>\n<p><span>Wioska Alpinistyczna musi by\u0107 niewielka i zaciszna. Musi posiada\u0107 dziewiczy krajobraz i zdrowe \u015brodowisko naturalne. Musi le\u017ce\u0107 w sercu Alp. Musi przedstawia\u0107 harmonijny obraz i mie\u0107 tradycj\u0119 alpejsk\u0105. Musi te\u017c dba\u0107 o zr\u00f3wnowa\u017cony rozw\u00f3j ruchu wspinaczkowego i mie\u0107 odpowiedni\u0105 ofert\u0119, baz\u0119 noclegow\u0105 i infrastruktur\u0119 wspinaczkow\u0105. Du\u017ce znaczenie ma przy balans mi\u0119dzy cz\u0142owiekiem a przyrod\u0105. Wszystkie certyfikowane miejscowo\u015bci w Austrii s\u0105 pionierami alpinizmu, tak\u017ce H\u00fctschlag.\u00a0<\/span><\/p>\n<div id=\"attachment_9231\" style=\"width: 1180px\" class=\"wp-caption alignnone\"><img decoding=\"async\" aria-describedby=\"caption-attachment-9231\" class=\"wp-image-9231 size-1170_658\" src=\"https:\/\/cdn.salzburgerland.com\/pl\/wp-content\/uploads\/2020\/03\/draugstein-cwww-grossarltal-info_-1170x658.jpg\" alt=\"\" width=\"1170\" height=\"658\" srcset=\"https:\/\/www.salzburgerland.com\/pl\/wp-content\/uploads\/2020\/03\/draugstein-cwww-grossarltal-info_-1170x658.jpg 1170w, https:\/\/www.salzburgerland.com\/pl\/wp-content\/uploads\/2020\/03\/draugstein-cwww-grossarltal-info_-1200x675.jpg 1200w\" sizes=\"(max-width: 1170px) 100vw, 1170px\"><p id=\"caption-attachment-9231\" class=\"wp-caption-text\">Krzy\u017c na szczycie Draugstein\u00a9 www.grossarltal.info<\/p><\/div>\n<p><span>Na odwa\u017cnych czeka w dolinie Gro\u00dfarltal kilka\u00a0<\/span><strong>via ferrat<\/strong><span>. W po\u0142o\u017conej w Parku Narodowym miejscowo\u015bci H\u00fcttschlag s\u0105 to np. \u201eKupfergeist\u201d (wysoko\u015b\u0107: 130 m, d\u0142ugo\u015b\u0107: 250 m) i \u201eFranzlsteig\u201d (wysoko\u015b\u0107: 210 m, d\u0142ugo\u015b\u0107: 400 m). Pocz\u0105tkuj\u0105cy mog\u0105 spr\u00f3bowa\u0107 swoich si\u0142 na \u0107wiczeniowej trasie \u201eGletschergoa\u00df\u201c (wysoko\u015b\u0107 50 m, d\u0142ugo\u015b\u0107 150 m).<\/span><\/p>\n\n\t\t\t<div id=\"6294-5\" class=\"gallery gallery-6294 gallery-columns-3 gallery-size-1170_658\" itemscope itemtype=\"http:\/\/schema.org\/ImageGallery\">\n\t\t\t\t<ul class=\"gallery-row gallery-col-3 gallery-clear\">\n\t\t\t\t\t<li class=\"gallery-item col-3\" itemprop=\"associatedMedia\" itemscope itemtype=\"http:\/\/schema.org\/ImageObject\">\n\t\t\t\t\t\t<div class=\"gallery-icon landscape\"><a href=\"https:\/\/www.salzburgerland.com\/pl\/wp-content\/uploads\/2020\/03\/holzskulptur-bergsteiger-cwww-grossarltal-info_-1920x1067.jpg\" title=\"Holzskulptur - Bergsteiger (c)www.grossarltal.info\"><img decoding=\"async\" data-title=\"Na pocz\u0105tku miasteczka wita przybysz\u00f3w drewniana figura alpinisty \u00a9 www.grossarltal.info\" title=\"Na pocz\u0105tku miasteczka wita przybysz\u00f3w drewniana figura alpinisty \u00a9 www.grossarltal.info\" data-caption=\"Na pocz\u0105tku miasteczka wita przybysz\u00f3w drewniana figura alpinisty \u00a9 www.grossarltal.info\" width=\"1170\" height=\"658\" src=\"https:\/\/www.salzburgerland.com\/pl\/wp-content\/uploads\/2020\/03\/holzskulptur-bergsteiger-cwww-grossarltal-info_-1170x658.jpg\" class=\"attachment-1170_658 size-1170_658\" alt=\"Drewniana rze\u017aba turysty przy znaku H\u00fcfuschlag, \u0142awki i g\u00f3ry Lato i Gro\u00dfarlatl w tle. (Powi\u0119kszony widok)\" srcset=\"https:\/\/www.salzburgerland.com\/pl\/wp-content\/uploads\/2020\/03\/holzskulptur-bergsteiger-cwww-grossarltal-info_-1170x658.jpg 1170w, https:\/\/www.salzburgerland.com\/pl\/wp-content\/uploads\/2020\/03\/holzskulptur-bergsteiger-cwww-grossarltal-info_-1200x675.jpg 1200w\" sizes=\"(max-width: 1170px) 100vw, 1170px\" aria-describedby=\"figcaption-6294-9246\" itemprop=\"thumbnail\"><\/a><\/div>\n\t\t\t\t\t\t<span id=\"figcaption-6294-9246\" class=\"gallery-caption\" itemprop=\"caption\"><span aria-hidden=\"true\">Na pocz\u0105tku miasteczka wita przybysz\u00f3w drewniana figura alpinisty \u00a9 www.grossarltal.info<\/span><\/span>\n\t\t\t\t\t<\/li>\n\t\t\t\t\t<li class=\"gallery-item col-3\" itemprop=\"associatedMedia\" itemscope itemtype=\"http:\/\/schema.org\/ImageObject\">\n\t\t\t\t\t\t<div class=\"gallery-icon landscape\"><a href=\"https:\/\/www.salzburgerland.com\/pl\/wp-content\/uploads\/2020\/03\/klettersteig-huttschlagerwand-cwww-grossarltal-info_.jpg\" title=\"Klettersteig H\u00fcttschlagerwand (c)www.grossarltal.info\"><img decoding=\"async\" data-title=\"Wspinaczka po H\u00fcttschlagerwand \u00a9 www.grossarltal.info\" title=\"Wspinaczka po H\u00fcttschlagerwand \u00a9 www.grossarltal.info\" data-caption=\"Wspinaczka po H\u00fcttschlagerwand \u00a9 www.grossarltal.info\" width=\"900\" height=\"600\" src=\"https:\/\/www.salzburgerland.com\/pl\/wp-content\/uploads\/2020\/03\/klettersteig-huttschlagerwand-cwww-grossarltal-info_.jpg\" class=\"attachment-1170_658 size-1170_658\" alt=\"Trzech wspinaczy wspina si\u0119 po stromym skalistym klifie w Lato w Gro\u00dfarlatl; rozmyte r\u00f3\u017cowe kwiaty wype\u0142niaj\u0105 pierwszy plan. (Powi\u0119kszony widok)\" srcset=\"https:\/\/www.salzburgerland.com\/pl\/wp-content\/uploads\/2020\/03\/klettersteig-huttschlagerwand-cwww-grossarltal-info_.jpg 900w, https:\/\/www.salzburgerland.com\/pl\/wp-content\/uploads\/2020\/03\/klettersteig-huttschlagerwand-cwww-grossarltal-info_-768x512.jpg 768w\" sizes=\"(max-width: 900px) 100vw, 900px\" aria-describedby=\"figcaption-6294-9247\" itemprop=\"thumbnail\"><\/a><\/div>\n\t\t\t\t\t\t<span id=\"figcaption-6294-9247\" class=\"gallery-caption\" itemprop=\"caption\"><span aria-hidden=\"true\">Wspinaczka po H\u00fcttschlagerwand \u00a9 www.grossarltal.info<\/span><\/span>\n\t\t\t\t\t<\/li>\n\t\t\t\t\t<li class=\"gallery-item col-3\" itemprop=\"associatedMedia\" itemscope itemtype=\"http:\/\/schema.org\/ImageObject\">\n\t\t\t\t\t\t<div class=\"gallery-icon landscape\"><a href=\"https:\/\/www.salzburgerland.com\/pl\/wp-content\/uploads\/2020\/03\/klettersteig-kupfergeist-huettschlag-gross-1170x658-1.jpg\" title=\"klettersteig-kupfergeist-huettschlag-gross-1170x658\"><img decoding=\"async\" data-title=\"Szlak wspinaczkowy Kupfergeist \u00a9 www.grossarltal.info\" title=\"Szlak wspinaczkowy Kupfergeist \u00a9 www.grossarltal.info\" data-caption=\"Szlak wspinaczkowy Kupfergeist \u00a9 www.grossarltal.info\" width=\"1170\" height=\"658\" src=\"https:\/\/www.salzburgerland.com\/pl\/wp-content\/uploads\/2020\/03\/klettersteig-kupfergeist-huettschlag-gross-1170x658-1.jpg\" class=\"attachment-1170_658 size-1170_658\" alt=\"Wspinacz w kasku i z plecakiem wspina si\u0119 po stromej \u015bcianie klifu w Lato w Gro\u00dfarlatl. (Powi\u0119kszony widok)\" srcset=\"https:\/\/www.salzburgerland.com\/pl\/wp-content\/uploads\/2020\/03\/klettersteig-kupfergeist-huettschlag-gross-1170x658-1.jpg 1170w, https:\/\/www.salzburgerland.com\/pl\/wp-content\/uploads\/2020\/03\/klettersteig-kupfergeist-huettschlag-gross-1170x658-1-768x432.jpg 768w\" sizes=\"(max-width: 1170px) 100vw, 1170px\" aria-describedby=\"figcaption-6294-9248\" itemprop=\"thumbnail\"><\/a><\/div>\n\t\t\t\t\t\t<span id=\"figcaption-6294-9248\" class=\"gallery-caption\" itemprop=\"caption\"><span aria-hidden=\"true\">Szlak wspinaczkowy Kupfergeist \u00a9 www.grossarltal.info<\/span><\/span>\n\t\t\t\t\t<\/li>\n\t\t\t\t<\/ul>\n\t\t\t<\/div><!-- .gallery -->\n\n","protected":false},"excerpt":{"rendered":"<p>Turystyka piesza W\u0119druj\u0105c po blisko 400 km oznakowanych szlak\u00f3w, prowadz\u0105cych a\u017c do Parku Narodowego Wysokich Taur\u00f3w, mo\u017cna dotrze\u0107 do czterdziestu alpejskich hal\u00a0i tradycyjnych bac\u00f3wek, gdzie strudzeni w\u0119drowcy odpoczn\u0105, posilaj\u0105c si\u0119 lokalnymi przysmakami. Oferta w\u0119dr\u00f3wek jest bardzo szeroka i rozpina si\u0119 od \u0142atwych w\u0119dr\u00f3wek dla rodzin z dzie\u0107mi i spacer\u00f3w w\u015br\u00f3d natury, poprzez w\u0119dr\u00f3wki alpejskimi halami [&hellip;]<\/p>\n","protected":false},"author":4,"featured_media":6295,"comment_status":"closed","ping_status":"closed","template":"","meta":{"_acf_changed":false,"wl_entities_gutenberg":"","_relevanssi_hide_post":"","_relevanssi_hide_content":"","_relevanssi_pin_for_all":"","_relevanssi_pin_keywords":"","_relevanssi_unpin_keywords":"","_relevanssi_related_keywords":"","_relevanssi_related_include_ids":"","_relevanssi_related_exclude_ids":"","_relevanssi_related_no_append":"","_relevanssi_related_not_related":"","_relevanssi_related_posts":"","_relevanssi_noindex_reason":"","footnotes":""},"categories":[1],"tags":[236,227,329],"wl_entity_type":[2],"class_list":["post-6294","entity","type-entity","status-publish","has-post-thumbnail","hentry","category-uncategorized","tag-alpejskie-hale","tag-bacowki","tag-hale","wl_entity_type-thing","sitetype-theme"],"acf":[],"yoast_head":"<!-- This site is optimized with the Yoast SEO Premium plugin v27.4 (Yoast SEO v27.4) - https:\/\/yoast.com\/product\/yoast-seo-premium-wordpress\/ -->\n<title>Lato w Gro\u00dfarltal \u00bb SalzburgerLand.com<\/title>\n<meta name=\"robots\" content=\"index, follow, max-snippet:-1, max-image-preview:large, max-video-preview:-1\" \/>\n<link rel=\"canonical\" href=\"https:\/\/www.salzburgerland.com\/pl\/grossarltal-lato\/\" \/>\n<meta property=\"og:locale\" content=\"pl_PL\" \/>\n<meta property=\"og:type\" content=\"article\" \/>\n<meta property=\"og:title\" content=\"Lato w Gro\u00dfarltal\" \/>\n<meta property=\"og:description\" content=\"Turystyka piesza W\u0119druj\u0105c po blisko 400 km oznakowanych szlak\u00f3w, prowadz\u0105cych a\u017c do Parku Narodowego Wysokich Taur\u00f3w, mo\u017cna dotrze\u0107 do czterdziestu\" \/>\n<meta property=\"og:url\" content=\"https:\/\/www.salzburgerland.com\/pl\/grossarltal-lato\/\" \/>\n<meta property=\"og:site_name\" content=\"SalzburgerLand.com\" \/>\n<meta property=\"article:publisher\" content=\"https:\/\/www.facebook.com\/visitsalzburgerland\/\" \/>\n<meta property=\"article:modified_time\" content=\"2021-10-04T12:46:56+00:00\" \/>\n<meta property=\"og:image\" content=\"https:\/\/www.salzburgerland.com\/pl\/wp-content\/uploads\/2020\/03\/saukaralm-sommer-grossarltal-1170x658-1.jpg\" \/>\n\t<meta property=\"og:image:width\" content=\"1170\" \/>\n\t<meta property=\"og:image:height\" content=\"658\" \/>\n\t<meta property=\"og:image:type\" content=\"image\/jpeg\" \/>\n<meta name=\"twitter:card\" content=\"summary_large_image\" \/>\n<meta name=\"twitter:site\" content=\"@salzburgerland\" \/>\n<meta name=\"twitter:label1\" content=\"Szacowany czas czytania\" \/>\n\t<meta name=\"twitter:data1\" content=\"7 minut\" \/>\n<script type=\"application\/ld+json\" class=\"yoast-schema-graph\">{\"@context\":\"https:\\\/\\\/schema.org\",\"@graph\":[{\"@type\":\"WebPage\",\"@id\":\"https:\\\/\\\/www.salzburgerland.com\\\/pl\\\/grossarltal-lato\\\/\",\"url\":\"https:\\\/\\\/www.salzburgerland.com\\\/pl\\\/grossarltal-lato\\\/\",\"name\":\"Lato w Gro\u00dfarltal \u00bb SalzburgerLand.com\",\"isPartOf\":{\"@id\":\"https:\\\/\\\/www.salzburgerland.com\\\/pl\\\/#website\"},\"primaryImageOfPage\":{\"@id\":\"https:\\\/\\\/www.salzburgerland.com\\\/pl\\\/grossarltal-lato\\\/#primaryimage\"},\"image\":{\"@id\":\"https:\\\/\\\/www.salzburgerland.com\\\/pl\\\/grossarltal-lato\\\/#primaryimage\"},\"thumbnailUrl\":\"https:\\\/\\\/www.salzburgerland.com\\\/pl\\\/wp-content\\\/uploads\\\/2020\\\/03\\\/saukaralm-sommer-grossarltal-1170x658-1.jpg\",\"datePublished\":\"2020-03-21T08:57:59+00:00\",\"dateModified\":\"2021-10-04T12:46:56+00:00\",\"description\":\"Zagospodarowane alpejskie hale, tradycyjne bac\u00f3wki oferuj\u0105ce regionalnen przysmaki, fantastyczne szlaki w\u0119drowne o ka\u017cdym stopniu trudno\u015bci, g\u00f3rskie trasy rowerowe dla mi\u0142o\u015bnik\u00f3w MTB i cyklist\u00f3w na e-rowerach. Wakacje pe\u0142ne kontaktu z alpejsk\u0105 przyrod\u0105 i alpejsk\u0105 tradycj\u0105.\",\"inLanguage\":\"pl-PL\",\"potentialAction\":[{\"@type\":\"ReadAction\",\"target\":[\"https:\\\/\\\/www.salzburgerland.com\\\/pl\\\/grossarltal-lato\\\/\"]}]},{\"@type\":\"ImageObject\",\"inLanguage\":\"pl-PL\",\"@id\":\"https:\\\/\\\/www.salzburgerland.com\\\/pl\\\/grossarltal-lato\\\/#primaryimage\",\"url\":\"https:\\\/\\\/www.salzburgerland.com\\\/pl\\\/wp-content\\\/uploads\\\/2020\\\/03\\\/saukaralm-sommer-grossarltal-1170x658-1.jpg\",\"contentUrl\":\"https:\\\/\\\/www.salzburgerland.com\\\/pl\\\/wp-content\\\/uploads\\\/2020\\\/03\\\/saukaralm-sommer-grossarltal-1170x658-1.jpg\",\"width\":1170,\"height\":658,\"caption\":\"G\u00f3rska chata z czerwonym dachem znajduje si\u0119 na zielonej \u0142\u0105ce - idealna na przygody Lato w Gro\u00dfarlatl pod czystym niebem.\"},{\"@type\":\"WebSite\",\"@id\":\"https:\\\/\\\/www.salzburgerland.com\\\/pl\\\/#website\",\"url\":\"https:\\\/\\\/www.salzburgerland.com\\\/pl\\\/\",\"name\":\"SalzburgerLand.com\",\"description\":\"Urlop Salzburg : hotele : turystyka Ziemia Salzburska : kultura : rodzinny urlop Ziemia Salzburska : informacja turystyczna : noclegi Austria : aktywny wypoczynek\",\"potentialAction\":[{\"@type\":\"SearchAction\",\"target\":{\"@type\":\"EntryPoint\",\"urlTemplate\":\"https:\\\/\\\/www.salzburgerland.com\\\/pl\\\/?s={search_term_string}\"},\"query-input\":{\"@type\":\"PropertyValueSpecification\",\"valueRequired\":true,\"valueName\":\"search_term_string\"}}],\"inLanguage\":\"pl-PL\"}]}<\/script>\n<meta property=\"og:video\" content=\"https:\/\/www.youtube.com\/embed\/Vy9yTa0-Bng\" \/>\n<meta property=\"og:video:type\" content=\"text\/html\" \/>\n<meta property=\"og:video:duration\" content=\"85\" \/>\n<meta property=\"og:video:width\" content=\"480\" \/>\n<meta property=\"og:video:height\" content=\"270\" \/>\n<meta property=\"ya:ovs:adult\" content=\"false\" \/>\n<meta property=\"ya:ovs:upload_date\" content=\"2020-03-21T08:57:59+00:00\" \/>\n<meta property=\"ya:ovs:allow_embed\" content=\"true\" \/>\n<!-- \/ Yoast SEO Premium plugin. -->","yoast_head_json":{"title":"Lato w Gro\u00dfarltal \u00bb SalzburgerLand.com","robots":{"index":"index","follow":"follow","max-snippet":"max-snippet:-1","max-image-preview":"max-image-preview:large","max-video-preview":"max-video-preview:-1"},"canonical":"https:\/\/www.salzburgerland.com\/pl\/grossarltal-lato\/","og_locale":"pl_PL","og_type":"article","og_title":"Lato w Gro\u00dfarltal","og_description":"Turystyka piesza W\u0119druj\u0105c po blisko 400 km oznakowanych szlak\u00f3w, prowadz\u0105cych a\u017c do Parku Narodowego Wysokich Taur\u00f3w, mo\u017cna dotrze\u0107 do czterdziestu","og_url":"https:\/\/www.salzburgerland.com\/pl\/grossarltal-lato\/","og_site_name":"SalzburgerLand.com","article_publisher":"https:\/\/www.facebook.com\/visitsalzburgerland\/","article_modified_time":"2021-10-04T12:46:56+00:00","og_image":[{"url":"https:\/\/www.salzburgerland.com\/pl\/wp-content\/uploads\/2020\/03\/saukaralm-sommer-grossarltal-1170x658-1.jpg","width":1170,"height":658,"type":"image\/jpeg"}],"twitter_card":"summary_large_image","twitter_site":"@salzburgerland","twitter_misc":{"Szacowany czas czytania":"7 minut"},"schema":{"@context":"https:\/\/schema.org","@graph":[{"@type":"WebPage","@id":"https:\/\/www.salzburgerland.com\/pl\/grossarltal-lato\/","url":"https:\/\/www.salzburgerland.com\/pl\/grossarltal-lato\/","name":"Lato w Gro\u00dfarltal \u00bb SalzburgerLand.com","isPartOf":{"@id":"https:\/\/www.salzburgerland.com\/pl\/#website"},"primaryImageOfPage":{"@id":"https:\/\/www.salzburgerland.com\/pl\/grossarltal-lato\/#primaryimage"},"image":{"@id":"https:\/\/www.salzburgerland.com\/pl\/grossarltal-lato\/#primaryimage"},"thumbnailUrl":"https:\/\/www.salzburgerland.com\/pl\/wp-content\/uploads\/2020\/03\/saukaralm-sommer-grossarltal-1170x658-1.jpg","datePublished":"2020-03-21T08:57:59+00:00","dateModified":"2021-10-04T12:46:56+00:00","description":"Zagospodarowane alpejskie hale, tradycyjne bac\u00f3wki oferuj\u0105ce regionalnen przysmaki, fantastyczne szlaki w\u0119drowne o ka\u017cdym stopniu trudno\u015bci, g\u00f3rskie trasy rowerowe dla mi\u0142o\u015bnik\u00f3w MTB i cyklist\u00f3w na e-rowerach. Wakacje pe\u0142ne kontaktu z alpejsk\u0105 przyrod\u0105 i alpejsk\u0105 tradycj\u0105.","inLanguage":"pl-PL","potentialAction":[{"@type":"ReadAction","target":["https:\/\/www.salzburgerland.com\/pl\/grossarltal-lato\/"]}]},{"@type":"ImageObject","inLanguage":"pl-PL","@id":"https:\/\/www.salzburgerland.com\/pl\/grossarltal-lato\/#primaryimage","url":"https:\/\/www.salzburgerland.com\/pl\/wp-content\/uploads\/2020\/03\/saukaralm-sommer-grossarltal-1170x658-1.jpg","contentUrl":"https:\/\/www.salzburgerland.com\/pl\/wp-content\/uploads\/2020\/03\/saukaralm-sommer-grossarltal-1170x658-1.jpg","width":1170,"height":658,"caption":"G\u00f3rska chata z czerwonym dachem znajduje si\u0119 na zielonej \u0142\u0105ce - idealna na przygody Lato w Gro\u00dfarlatl pod czystym niebem."},{"@type":"WebSite","@id":"https:\/\/www.salzburgerland.com\/pl\/#website","url":"https:\/\/www.salzburgerland.com\/pl\/","name":"SalzburgerLand.com","description":"Urlop Salzburg : hotele : turystyka Ziemia Salzburska : kultura : rodzinny urlop Ziemia Salzburska : informacja turystyczna : noclegi Austria : aktywny wypoczynek","potentialAction":[{"@type":"SearchAction","target":{"@type":"EntryPoint","urlTemplate":"https:\/\/www.salzburgerland.com\/pl\/?s={search_term_string}"},"query-input":{"@type":"PropertyValueSpecification","valueRequired":true,"valueName":"search_term_string"}}],"inLanguage":"pl-PL"}]},"og_video":"https:\/\/www.youtube.com\/embed\/Vy9yTa0-Bng","og_video_type":"text\/html","og_video_duration":"85","og_video_width":"480","og_video_height":"270","ya_ovs_adult":"false","ya_ovs_upload_date":"2020-03-21T08:57:59+00:00","ya_ovs_allow_embed":"true"},"_wl_alt_label":[],"wl:entity_url":"http:\/\/open.salzburgerland.com\/pl\/post\/lato_w_grossarltal","_links":{"self":[{"href":"https:\/\/www.salzburgerland.com\/pl\/wp-json\/wp\/v2\/entities\/6294","targetHints":{"allow":["GET"]}}],"collection":[{"href":"https:\/\/www.salzburgerland.com\/pl\/wp-json\/wp\/v2\/entities"}],"about":[{"href":"https:\/\/www.salzburgerland.com\/pl\/wp-json\/wp\/v2\/types\/entity"}],"author":[{"embeddable":true,"href":"https:\/\/www.salzburgerland.com\/pl\/wp-json\/wp\/v2\/users\/4"}],"replies":[{"embeddable":true,"href":"https:\/\/www.salzburgerland.com\/pl\/wp-json\/wp\/v2\/comments?post=6294"}],"version-history":[{"count":5,"href":"https:\/\/www.salzburgerland.com\/pl\/wp-json\/wp\/v2\/entities\/6294\/revisions"}],"predecessor-version":[{"id":9255,"href":"https:\/\/www.salzburgerland.com\/pl\/wp-json\/wp\/v2\/entities\/6294\/revisions\/9255"}],"wp:featuredmedia":[{"embeddable":true,"href":"https:\/\/www.salzburgerland.com\/pl\/wp-json\/wp\/v2\/media\/6295"}],"wp:attachment":[{"href":"https:\/\/www.salzburgerland.com\/pl\/wp-json\/wp\/v2\/media?parent=6294"}],"wp:term":[{"taxonomy":"category","embeddable":true,"href":"https:\/\/www.salzburgerland.com\/pl\/wp-json\/wp\/v2\/categories?post=6294"},{"taxonomy":"post_tag","embeddable":true,"href":"https:\/\/www.salzburgerland.com\/pl\/wp-json\/wp\/v2\/tags?post=6294"},{"taxonomy":"wl_entity_type","embeddable":true,"href":"https:\/\/www.salzburgerland.com\/pl\/wp-json\/wp\/v2\/wl_entity_type?post=6294"}],"curies":[{"name":"wp","href":"https:\/\/api.w.org\/{rel}","templated":true}]}}