{"id":6241,"date":"2020-03-20T18:37:16","date_gmt":"2020-03-20T17:37:16","guid":{"rendered":"https:\/\/www.salzburgerland.com\/pl\/?p=6241"},"modified":"2023-06-26T21:14:26","modified_gmt":"2023-06-26T19:14:26","slug":"schladming-dachstein-lato","status":"publish","type":"entity","link":"https:\/\/www.salzburgerland.com\/pl\/schladming-dachstein-lato\/","title":{"rendered":"Lato w Schladming-Dachstein"},"content":{"rendered":"<h4>Karta turystyczna Schladming-Dachstein na lato<\/h4>\n<p>Letnia karta turystyczna, <a href=\"https:\/\/www.schladming-dachstein.at\/en\/summer\/summercard\" target=\"_blank\" rel=\"noopener noreferrer\"><strong>Schladming-Dachstein Sommercard<\/strong><\/a>, kt\u00f3r\u0105 go\u015bcie regionu otrzymuj\u0105 w swoim miejscu zakwaterowania, zapewnia <strong>liczne zni\u017cki i wiele bezp\u0142atnych wst\u0119p\u00f3w<\/strong> do ponad <strong>100 atrakcji turystycznych<\/strong> w regionie. Jest w\u015br\u00f3d nich <strong>8 kolejek g\u00f3rskich, aquaparki i baseny, muzea<\/strong>, a tak\u017ce <strong>\u015brodki komunikacji publicznej<\/strong> w ca\u0142ym regionie. Dodatkiem do tych \u015bwiadcze\u0144 jest atrakcyjny <strong>program wakacyjny dla rodzin z dzie\u0107mi<\/strong>. Karta wa\u017cna jest w okresie <strong>od 18 maja do 1 listopada 2023<\/strong>.<\/p>\n<div id=\"attachment_8111\" style=\"width: 1180px\" class=\"wp-caption alignnone\"><img decoding=\"async\" aria-describedby=\"caption-attachment-8111\" class=\"wp-image-8111 size-1170_658\" src=\"https:\/\/cdn.salzburgerland.com\/pl\/wp-content\/uploads\/2020\/03\/schladming_dsc02990_final_schladming-dachstein_peter-burgstaller_-1170x658.jpg\" alt=\"\" width=\"1170\" height=\"658\" srcset=\"https:\/\/www.salzburgerland.com\/pl\/wp-content\/uploads\/2020\/03\/schladming_dsc02990_final_schladming-dachstein_peter-burgstaller_-1170x658.jpg 1170w, https:\/\/www.salzburgerland.com\/pl\/wp-content\/uploads\/2020\/03\/schladming_dsc02990_final_schladming-dachstein_peter-burgstaller_-1200x675.jpg 1200w\" sizes=\"(max-width: 1170px) 100vw, 1170px\"><p id=\"caption-attachment-8111\" class=\"wp-caption-text\">\u00a9 Schladming-Dachstein<\/p><\/div>\n<h4><strong>O karcie w skr\u00f3cie<\/strong><\/h4>\n<ul>\n<li><strong>Wolny wst\u0119p<\/strong> do ponad <strong>100 najwi\u0119kszych atrakcji turystycznych<\/strong><\/li>\n<li><strong>Zni\u017cki<\/strong> na ponad <strong>100 innych <\/strong><strong>atrakcji<\/strong> turystycznych<\/li>\n<li>Dost\u0119pna w ponad <strong>1000 obiektach partnerskich<\/strong> przy rezerwacji co najmniej jednego noclegu<\/li>\n<li>Karta jest <strong>bezp\u0142atna<\/strong><\/li>\n<li><strong>KidsCard<\/strong> \u2013 karta dla dzieci oferuje ponad <strong>40 wakacyjnych atrakcji<\/strong><\/li>\n<\/ul>\n<div id=\"attachment_6244\" style=\"width: 1180px\" class=\"wp-caption alignnone\"><img decoding=\"async\" aria-describedby=\"caption-attachment-6244\" class=\"wp-image-6244 size-1170_658\" src=\"https:\/\/cdn.salzburgerland.com\/pl\/wp-content\/uploads\/2020\/03\/sommercard_schladmingdachstein_standard_stoerer_en-1170x658.png\" alt=\"\" width=\"1170\" height=\"658\" srcset=\"https:\/\/www.salzburgerland.com\/pl\/wp-content\/uploads\/2020\/03\/sommercard_schladmingdachstein_standard_stoerer_en-1170x658.png 1170w, https:\/\/www.salzburgerland.com\/pl\/wp-content\/uploads\/2020\/03\/sommercard_schladmingdachstein_standard_stoerer_en-1200x675.png 1200w\" sizes=\"(max-width: 1170px) 100vw, 1170px\"><p id=\"caption-attachment-6244\" class=\"wp-caption-text\">Letnia karta turystyczna dla go\u015bci regionu Schladming-Dachstein<\/p><\/div>\n<h3>Serwis cyfrowy<\/h3>\n<p>W ostatnich latach region Schladming-Dachstein wypracowa\u0142 sobie pozycj\u0119 cyfrowego pioniera w turystyce. Cyfrowymi projektami\u00a0 s\u0105 atrakcyjne programy lojalno\u015bciowe i cyfrowa karta turystyczna i wiele innych.<\/p>\n<h4>Klub Klienta, program bonusowy i wakacyjny planer<\/h4>\n<p>Do Klubu Klient\u00f3w Schladming-Dachsetin przy\u0142\u0105czy\u0142o si\u0119 ju\u017c 28 000 cz\u0142onk\u00f3w. W 2021 roku zosta\u0142 uruchomiony \u201eprogram premii\u201d, w ramach kt\u00f3rego go\u015bcie mog\u0105 zbiera\u0107 punkty za r\u00f3\u017cne aktywno\u015bci w regionie i wymienia\u0107 je na premie dost\u0119pne ekskluzywnie w ramach tego programu. S\u0105 w\u015br\u00f3d nich tak\u017ce tzw. \u201eprze\u017cycia, kt\u00f3rych nie mo\u017cna kupi\u0107\u201d, oferowane w limitowanych edycjach.<\/p>\n<p>Cz\u0142onkowie klubu mog\u0105 \u0142atwo zapisywa\u0107 swoje aktywno\u015bci, restauracje i wydarzenia w kilku notatnikach i udost\u0119pnia\u0107 je innym. Dzi\u0119ki Listom Obserwowanych pozostali wakacjusze maj\u0105 \u0142atwo dost\u0119pn\u0105 pomoc w indywidualnym planowaniu urlopu.<\/p>\n<h4><a href=\"https:\/\/www.schladming-dachstein.at\/en\/summer\/sommercard\/digital-sommercard\" target=\"_blank\" rel=\"noopener\">Karta Schladming-Dachstein w wersji cyfrowej<\/a><\/h4>\n<p>Karta wakacyjna oferowana jest od 2020 roku w formie cyfrowej w aplikacji na smartfony. Do dzi\u015b z tej us\u0142ugi skorzysta\u0142o ju\u017c 54 tysi\u0119cy go\u015bci. Aplikacja jest niezywkle praktyczna, gdy\u017c oferuje prognoz\u0119 pogody, kamery internetowe i przegl\u0105d imprez, a tak\u017ce informacje o miejscach w najbli\u017cszej okolicy, kt\u00f3re warto zwiedzi\u0107 lub odwiedzi\u0107.<\/p>\n<h3><strong>Lodowiec Dachstein czyli wakacje na dachu regionu<\/strong><\/h3>\n<p>W najwy\u017cszym punkcie Styrii czeka na turyst\u00f3w wiele niezapomnianych wra\u017ce\u0144. Na pot\u0119\u017cny <a href=\"https:\/\/www.schladming-dachstein.at\/en\/summer\/excursion-mountains\/dachstein-summer\" target=\"_blank\" rel=\"noopener noreferrer\"><strong>lodowiec Dachstein<\/strong><\/a>, do g\u00f3rnej stacji na wys. 2700 m n.p.m. kursuje kolejka linowa z oszklonymi gondolami. Podr\u00f3\u017cni mog\u0105 podziwia\u0107 podczas 10-minutowego przejazdu fascynuj\u0105c\u0105 panoram\u0119 okolic. Na g\u00f3rze czeka na nich jeszcze wi\u0119cej niezapomnianych wra\u017ce\u0144: <a href=\"https:\/\/www.schladming-dachstein.at\/en\/service\/infos-from-a-z\/Sky-Walk_az_340880\" target=\"_blank\" rel=\"noopener noreferrer\"><strong>Sky Walk<\/strong><\/a>, <a href=\"https:\/\/www.schladming-dachstein.at\/en\/service\/infos-from-a-z\/Ice-Palace_az_779543\" target=\"_blank\" rel=\"noopener noreferrer\"><strong>Pa\u0142ac Lodowy<\/strong><\/a>, <a href=\"https:\/\/www.schladming-dachstein.at\/en\/service\/infos-from-a-z\/Stairway-to-nothingness_az_819501\" target=\"_blank\" rel=\"noopener noreferrer\"><strong>Schody Donik\u0105d<\/strong><\/a> oraz <a href=\"https:\/\/www.schladming-dachstein.at\/en\/service\/infos-from-a-z\/Suspension-bridge_az_341856\" target=\"_blank\" rel=\"noopener noreferrer\"><strong>most wisz\u0105cy<\/strong> <\/a>o d\u0142ugo\u015bci 100 metr\u00f3w.<\/p>\n\n\t\t\t<div id=\"6241-1\" class=\"gallery gallery-6241 gallery-columns-3 gallery-size-1170_658\" itemscope itemtype=\"http:\/\/schema.org\/ImageGallery\">\n\t\t\t\t<ul class=\"gallery-row gallery-col-3 gallery-clear\">\n\t\t\t\t\t<li class=\"gallery-item col-3\" itemprop=\"associatedMedia\" itemscope itemtype=\"http:\/\/schema.org\/ImageObject\">\n\t\t\t\t\t\t<div class=\"gallery-icon landscape\"><a href=\"https:\/\/www.salzburgerland.com\/pl\/wp-content\/uploads\/2020\/03\/schladming_gartner_mathaus_-8936-1920x1067.jpg\" title=\"Schladming_\u00a9Gartner_Math\u00e4us_-8936\"><img decoding=\"async\" data-title=\"Schody Donik\u0105d na lodowcu Dachstein \u00a9Schladming-Dachstein, Math\u00e4us Gartner\" title=\"Schody Donik\u0105d na lodowcu Dachstein \u00a9Schladming-Dachstein, Math\u00e4us Gartner\" data-caption=\"Schody Donik\u0105d na lodowcu Dachstein \u00a9Schladming-Dachstein, Math\u00e4us Gartner\" width=\"1170\" height=\"658\" src=\"https:\/\/www.salzburgerland.com\/pl\/wp-content\/uploads\/2020\/03\/schladming_gartner_mathaus_-8936-1170x658.jpg\" class=\"attachment-1170_658 size-1170_658\" alt=\"Osoba stoj\u0105ca na szklanej platformie z widokiem na rozleg\u0142e g\u00f3ry latem, Lato w Schladming-Dachstein. (Powi\u0119kszony widok)\" srcset=\"https:\/\/www.salzburgerland.com\/pl\/wp-content\/uploads\/2020\/03\/schladming_gartner_mathaus_-8936-1170x658.jpg 1170w, https:\/\/www.salzburgerland.com\/pl\/wp-content\/uploads\/2020\/03\/schladming_gartner_mathaus_-8936-1200x675.jpg 1200w\" sizes=\"(max-width: 1170px) 100vw, 1170px\" aria-describedby=\"figcaption-6241-9318\" itemprop=\"thumbnail\"><\/a><\/div>\n\t\t\t\t\t\t<span id=\"figcaption-6241-9318\" class=\"gallery-caption\" itemprop=\"caption\"><span aria-hidden=\"true\">Schody Donik\u0105d na lodowcu Dachstein \u00a9Schladming-Dachstein, Math\u00e4us Gartner<\/span><\/span>\n\t\t\t\t\t<\/li>\n\t\t\t\t\t<li class=\"gallery-item col-3\" itemprop=\"associatedMedia\" itemscope itemtype=\"http:\/\/schema.org\/ImageObject\">\n\t\t\t\t\t\t<div class=\"gallery-icon landscape\"><a href=\"https:\/\/www.salzburgerland.com\/pl\/wp-content\/uploads\/2020\/03\/schladming_gartner_mathaus_-8954-1920x1067.jpg\" title=\"Schladming_\u00a9Gartner_Math\u00e4us_-8954\"><img decoding=\"async\" data-title=\"Schody Donik\u0105d na lodowcu Dachstein \u00a9Schladming-Dachstein, Math\u00e4us Gartner\" title=\"Schody Donik\u0105d na lodowcu Dachstein \u00a9Schladming-Dachstein, Math\u00e4us Gartner\" data-caption=\"Schody Donik\u0105d na lodowcu Dachstein \u00a9Schladming-Dachstein, Math\u00e4us Gartner\" width=\"1170\" height=\"658\" src=\"https:\/\/www.salzburgerland.com\/pl\/wp-content\/uploads\/2020\/03\/schladming_gartner_mathaus_-8954-1170x658.jpg\" class=\"attachment-1170_658 size-1170_658\" alt=\"Szklany chodnik i schody schodz\u0105 ze szczytu w Lato w Schladming-Dachstein, z widokiem na zielone doliny poni\u017cej. (Powi\u0119kszony widok)\" srcset=\"https:\/\/www.salzburgerland.com\/pl\/wp-content\/uploads\/2020\/03\/schladming_gartner_mathaus_-8954-1170x658.jpg 1170w, https:\/\/www.salzburgerland.com\/pl\/wp-content\/uploads\/2020\/03\/schladming_gartner_mathaus_-8954-1200x675.jpg 1200w\" sizes=\"(max-width: 1170px) 100vw, 1170px\" aria-describedby=\"figcaption-6241-9319\" itemprop=\"thumbnail\"><\/a><\/div>\n\t\t\t\t\t\t<span id=\"figcaption-6241-9319\" class=\"gallery-caption\" itemprop=\"caption\"><span aria-hidden=\"true\">Schody Donik\u0105d na lodowcu Dachstein \u00a9Schladming-Dachstein, Math\u00e4us Gartner<\/span><\/span>\n\t\t\t\t\t<\/li>\n\t\t\t\t\t<li class=\"gallery-item col-3\" itemprop=\"associatedMedia\" itemscope itemtype=\"http:\/\/schema.org\/ImageObject\">\n\t\t\t\t\t\t<div class=\"gallery-icon landscape\"><a href=\"https:\/\/www.salzburgerland.com\/pl\/wp-content\/uploads\/2020\/03\/schladming-dachsteingartner_mathaus_-8851-1920x1067.jpg\" title=\"Schladming-Dachstein\u00a9Gartner_Math\u00e4us_-8851\"><img decoding=\"async\" data-title=\"O zawroty g\u0142owy przyprawiaj\u0105 na Mo\u015bcie Wisz\u0105cym w r\u00f3wnym stopniu przepastna wysko\u015bci i niesamowite widoki \u00a9Schladming-Dachstein, Math\u00e4us Gartner\" title=\"O zawroty g\u0142owy przyprawiaj\u0105 na Mo\u015bcie Wisz\u0105cym w r\u00f3wnym stopniu przepastna wysko\u015bci i niesamowite widoki \u00a9Schladming-Dachstein, Math\u00e4us Gartner\" data-caption=\"O zawroty g\u0142owy przyprawiaj\u0105 na Mo\u015bcie Wisz\u0105cym w r\u00f3wnym stopniu przepastna wysko\u015bci i niesamowite widoki \u00a9Schladming-Dachstein, Math\u00e4us Gartner\" width=\"1170\" height=\"658\" src=\"https:\/\/www.salzburgerland.com\/pl\/wp-content\/uploads\/2020\/03\/schladming-dachsteingartner_mathaus_-8851-1170x658.jpg\" class=\"attachment-1170_658 size-1170_658\" alt=\"Osoba w pomara\u0144czowej kurtce spaceruje po wysokim wisz\u0105cym mo\u015bcie w o\u015bwietlonych s\u0142o\u0144cem g\u00f3rach Lato w Schladming-Dachstein. (Powi\u0119kszony widok)\" srcset=\"https:\/\/www.salzburgerland.com\/pl\/wp-content\/uploads\/2020\/03\/schladming-dachsteingartner_mathaus_-8851-1170x658.jpg 1170w, https:\/\/www.salzburgerland.com\/pl\/wp-content\/uploads\/2020\/03\/schladming-dachsteingartner_mathaus_-8851-1200x675.jpg 1200w\" sizes=\"(max-width: 1170px) 100vw, 1170px\" aria-describedby=\"figcaption-6241-9320\" itemprop=\"thumbnail\"><\/a><\/div>\n\t\t\t\t\t\t<span id=\"figcaption-6241-9320\" class=\"gallery-caption\" itemprop=\"caption\"><span aria-hidden=\"true\">O zawroty g\u0142owy przyprawiaj\u0105 na Mo\u015bcie Wisz\u0105cym w r\u00f3wnym stopniu przepastna wysko\u015bci i niesamowite widoki \u00a9Schladming-Dachstein, Math\u00e4us Gartner<\/span><\/span>\n\t\t\t\t\t<\/li>\n\t\t\t\t<\/ul>\n\t\t\t<\/div><!-- .gallery -->\n\n<h3><strong>\u201eW\u0119dr\u00f3wki\u201d po rzece Enns<\/strong><\/h3>\n<p>Rzeka Enns uchodzi za raj dla mi\u0142o\u015bnik\u00f3w aktywnego wypoczynku na \u0142onie natury \u2013 i tych kt\u00f3rzy chc\u0105 si\u0119 zrelaksowa\u0107 przez intensywny kontakt z przyrod\u0105, i tych, kt\u00f3rzy marz\u0105 o prze\u017cyciu niecodziennej przygody. Po rzece Enns biegnie <a href=\"https:\/\/ennsflusswandern.at\/en\/riverhiking-in-austria\/\" target=\"_blank\" rel=\"noopener noreferrer\"><strong>\u201eszlak rzeczny\u201d<\/strong><\/a> o d\u0142ugo\u015bci <strong>90 km<\/strong>, kt\u00f3ry mo\u017cna przeby\u0107 w ramach zorganizowanej wyprawy.<\/p>\n<div style=\"width: 1180px\" class=\"wp-caption alignnone\"><img decoding=\"async\" src=\"https:\/\/cdn.salzburgerland.com\/hu\/wp-content\/uploads\/2020\/03\/mtr_5492-1170x658.jpg\" alt=\"\" width=\"1170\" height=\"658\"><p class=\"wp-caption-text\">\u00a9 Kajaktiv, Helmut Knaus<\/p><\/div>\n<p>Kilkudniowa wyprawa podzielona jest na <strong>pi\u0119\u0107 etap\u00f3w<\/strong>, a jej uczestnicy pokonuj\u0105 poszczeg\u00f3lne odcinki <strong>pontonem lub kajakiem<\/strong>. Liczne przystanie po drodze pozwalaj\u0105 rozprostowa\u0107 nogi i obejrze\u0107 ciekawe miejsca le\u017c\u0105ce z dala od t\u0142umnie odwiedzanych \u015bcie\u017cek turystycznych. Organizatorzy s\u0142u\u017c\u0105 pomoc\u0105 w <strong>planowaniu szczeg\u00f3\u0142\u00f3w wyprawy<\/strong>, oferuj\u0105 <strong>wynajem kompletnego ekwipunku<\/strong>, <strong>przewodnictwo<\/strong> oraz\u00a0<strong>serwis przewozowy<\/strong>.<\/p>\n<div style=\"width: 1180px\" class=\"wp-caption alignnone\"><img decoding=\"async\" src=\"https:\/\/cdn.salzburgerland.com\/hu\/wp-content\/uploads\/2020\/03\/flusswandern-1170x658.jpg\" alt=\"\" width=\"1170\" height=\"658\"><p class=\"wp-caption-text\">\u00a9 Kajaktiv, Helmut Knaus<\/p><\/div>\n<h3><strong>Koleje g\u00f3rskie<\/strong><\/h3>\n<p>Latem popularne o\u015brodki narciarskie regionu Schladming-Dachstein zamieniaj\u0105 si\u0119 w bajecznie pi\u0119kne tereny w\u0119drowne i wycieczkowe.<\/p>\n<p>Na g\u00f3rze <a href=\"https:\/\/www.schladming-dachstein.at\/en\/summer\/excursion-mountains\/planai-summer\" target=\"_blank\" rel=\"noopener noreferrer\"><strong>Planai<\/strong><\/a> swoje podwoje otwiera \u201eHopsiland\u201c z obiektami wspinaczkowymi, hu\u015btawkami, zje\u017cd\u017calniami, torem kulkowym oraz rozleg\u0142ym parkiem wodnym dla ca\u0142ej rodziny. Tak\u017ce <a href=\"https:\/\/www.schladming-dachstein.at\/en\/summer\/excursion-mountains\/rittisberg-summer\" target=\"_blank\" rel=\"noopener noreferrer\"><strong>Rittisberg<\/strong><\/a> oferuje wiele atrakcji dla odwiedzaj\u0105cych w ka\u017cdym wieku. Tutejszy <a href=\"https:\/\/www.schladming-dachstein.at\/en\/service\/infos-from-a-z\/Rittisberg-Coaster-summer-toboggan-run_az_342185\" target=\"_blank\" rel=\"noopener noreferrer\"><strong>letni tor saneczkowy<\/strong><\/a>,<a href=\"https:\/\/www.schladming-dachstein.at\/en\/service\/infos-from-a-z\/Flyline-Rittisberg_az_342445\" target=\"_blank\" rel=\"noopener noreferrer\"><strong> flyline<\/strong><\/a> i <strong>le\u015bny park linowy<\/strong> to tylko kilka najwa\u017cniejszych atrakcji.<\/p>\n<div style=\"width: 1180px\" class=\"wp-caption alignnone\"><img decoding=\"async\" src=\"https:\/\/cdn.salzburgerland.com\/hu\/wp-content\/uploads\/2020\/03\/5214_waldhochseilgarten_kinder_hoeflehner-1170x658.jpg\" alt=\"\" width=\"1170\" height=\"658\"><p class=\"wp-caption-text\">Le\u015bny park linowy na Rittersbergu to wspania\u0142y poligon treningowy dla \u015bmia\u0142k\u00f3w w ka\u017cdym wieku \u00a9 photo-austria, Christine H\u00f6flehner<\/p><\/div>\n<p><a href=\"https:\/\/www.schladming-dachstein.at\/en\/service\/infos-from-a-z\/Mountain-Gokart-Hochwurzen_az_340135\" target=\"_blank\" rel=\"noopener noreferrer\"><strong>Mountain Gokart<\/strong><\/a> na g\u00f3rze <a href=\"https:\/\/www.schladming-dachstein.at\/en\/summer\/excursion-mountains\/hochwurzen-summer\" target=\"_blank\" rel=\"noopener noreferrer\"><strong>Hochwurzen<\/strong><\/a> oferuje szalon\u0105 jazd\u0119 na gokartach dla amator\u00f3w mocnych wra\u017ce\u0144. Mi\u0142o\u015bnicy idylli na \u0142onie przyrody b\u0119d\u0105 zachwyceni okolic\u0105 jeziora Spiegelsee na g\u00f3rze <a href=\"https:\/\/www.schladming-dachstein.at\/en\/summer\/excursion-mountains\/reiteralm-summer\" target=\"_blank\" rel=\"noopener noreferrer\"><strong>Reiteralm<\/strong><\/a>. <strong>Discgolf<\/strong> i <strong>E-Trial Parcours<\/strong> dostarczaj\u0105 na g\u00f3rze <a href=\"https:\/\/www.schladming-dachstein.at\/en\/summer\/excursion-mountains\/hauser-kaibling-summer\" target=\"_blank\" rel=\"noopener noreferrer\"><strong>Hauser Kaibling<\/strong><\/a><span>, opr\u00f3cz wspania\u0142ych <strong><a href=\"https:\/\/www.schladming-dachstein.at\/en\/summer\/hiking-and-mountaineering\/hiking-and-mountaintours\" target=\"_blank\" rel=\"noopener noreferrer\">w\u0119dr\u00f3wek<\/a> szlakami tematycznymi (np. <a href=\"https:\/\/www.schladming-dachstein.at\/en\/regional-and-offerings\/tours\/Loop-road-sheep-sense-at-Hauser-Kaibling_td_370680\" target=\"_blank\" rel=\"noopener noreferrer\">\u201eowczym szlakiem\u201d<\/a>)<\/strong><\/span>, wiele mo\u017cliwo\u015bci sp\u0119dzenia urozmaiconych dni <a href=\"https:\/\/www.schladming-dachstein.at\/en\/summer\/family-in-summer\" target=\"_blank\" rel=\"noopener noreferrer\"><strong>z rodzin\u0105<\/strong><\/a>.<\/p>\n<div style=\"width: 1180px\" class=\"wp-caption alignnone\"><img decoding=\"async\" src=\"https:\/\/cdn.salzburgerland.com\/hu\/wp-content\/uploads\/2020\/03\/spiegelsee_1239-1170x658.jpg\" alt=\"\" width=\"1170\" height=\"658\"><p class=\"wp-caption-text\">Jak na \u201elustrzane jezioro\u201d przysta\u0142o, tafla akwenu efektownie odbija postrz\u0119pione granie Alp \u00a9 photo-austria, Herbert Raffalt<\/p><\/div>\n<h3><strong>Lotnia linowa \u201eZipline\u201c na Stoderzinken<\/strong><\/h3>\n<p><a href=\"https:\/\/www.schladming-dachstein.at\/en\/service\/infos-from-a-z\/Zipline-Stoderzinken_az_341819\" target=\"_blank\" rel=\"noopener noreferrer\"><strong>Zipline na g\u00f3rze Stoderzinken<\/strong><\/a> jest najwi\u0119ksz\u0105 tego rodzaju lotni\u0105 linow\u0105 w Europie. Przebiega ona z wys. <strong>1600 m n.p.m.<\/strong> do Parku Przyg\u00f3d Gr\u00f6bming na<strong> 900 m n.p.m.<\/strong><\/p>\n<div style=\"width: 1180px\" class=\"wp-caption alignnone\"><img decoding=\"async\" src=\"https:\/\/cdn.salzburgerland.com\/hu\/wp-content\/uploads\/2020\/03\/czipline-at_martin-huber-9-1170x658.jpg\" alt=\"\" width=\"1170\" height=\"658\"><p class=\"wp-caption-text\">\u00a9 Zipline, Martin Huber<\/p><\/div>\n<p>Zasada dzia\u0142ania ZipLine jest prosta. Na rozpi\u0119tych r\u00f3wnolegle <strong>4 linach<\/strong> (bez prz\u0119se\u0142) mog\u0105 odby\u0107 wsp\u00f3lny zjazd w d\u00f3\u0142 <strong>4 osoby<\/strong>.<\/p>\n<div style=\"width: 1180px\" class=\"wp-caption alignnone\"><img decoding=\"async\" src=\"https:\/\/cdn.salzburgerland.com\/hu\/wp-content\/uploads\/2020\/03\/zipline_flyandfly-1875-1170x658.jpg\" alt=\"\" width=\"1170\" height=\"658\"><p class=\"wp-caption-text\">\u00a9 Zipline, Martin Huber<\/p><\/div>\n<h3><strong>Trasy wspinaczkowe<\/strong><\/h3>\n<p>W samym sercu regionu Schladming, we wspania\u0142ej scenerii po\u0142udniowej \u015bciany Dachsteina, rozci\u0105ga si\u0119 s\u0142oneczny p\u0142askowy\u017c Ramsau. Le\u017cy on na wysoko\u015bci <strong>od 1000 do 3000 m n.p.m.<\/strong> i jest prawdziwym El Dorado dla zapalonych alpinist\u00f3w w ka\u017cdym wieku.<\/p>\n<div style=\"width: 1180px\" class=\"wp-caption alignnone\"><img decoding=\"async\" src=\"https:\/\/cdn.salzburgerland.com\/hu\/wp-content\/uploads\/2020\/03\/klettern-dachstein2000pxlpeter-burgstaller-2-1170x658.jpg\" alt=\"\" width=\"1170\" height=\"658\"><p class=\"wp-caption-text\">\u00a9 Schladming-Dachstein, Peter Burgstaller<\/p><\/div>\n<p><a href=\"https:\/\/www.schladming-dachstein.at\/en\/summer\/via-ferrata\" target=\"_blank\" rel=\"noopener noreferrer\"><strong>30 via ferraty<\/strong><\/a>\u00a0i szlaki<span style=\"color: #ffffff;\"><\/span> wspinaczkowe, w\u015br\u00f3d nich <strong>dwie via ferraty dla dzieci<\/strong> i <strong>jedna dla m\u0142odzie\u017cy<\/strong> oraz <strong>park wspinaczkowy \u201eKalis Klettersteiggarten\u201c<\/strong> zapraszaj\u0105 do przetestowania swoich si\u0142, umiej\u0119tno\u015bci i zr\u0119czno\u015bci. 22 z tych \u017celaznych szlak\u00f3w znajduje si\u0119 w Ramsau ma Dachstein.<\/p>\n<div style=\"width: 1180px\" class=\"wp-caption alignnone\"><img decoding=\"async\" src=\"https:\/\/cdn.salzburgerland.com\/hu\/wp-content\/uploads\/2020\/03\/klettern-dachstein2000pxlpeter-burgstaller-6-1170x658.jpg\" alt=\"\" width=\"1170\" height=\"658\"><p class=\"wp-caption-text\">\u00a9 Schladming-Dachstein, Peter Burgstaller<\/p><\/div>\n<h3>Turystyka rowerowa i kolarstwo g\u00f3rskie<\/h3>\n<p><span>Region Schladming-Dachstein s\u0142ynie ze swojej <strong>znakomitej infrastruktury rowerowej<\/strong>. Tutaj dzia\u0142a<strong> 14 hoteli<\/strong> specjalizuj\u0105cych si\u0119 w <a href=\"https:\/\/www.schladming-dachstein.at\/en\/summer\/biking\/e-bike\" target=\"_blank\" rel=\"noopener noreferrer\"><strong>turystyce rowerowej i MTB<\/strong><\/a>. Sympatycy kolarstwa g\u00f3rskiego maj\u0105 okazj\u0119 pozna\u0107 uroki okolicy na <strong>27 trasach<\/strong> o zr\u00f3\u017cncowanym stopniu trudno\u015bci, przystosowanych do potrzeb doros\u0142ych i dzieci. Trasy te wiod\u0105 <strong>traktami le\u015bnymi<\/strong> lub w dolinie <strong>brzegiem rzeki Enns<\/strong>. Dzi\u0119ki licznym <strong>wypo\u017cyczalniom rower\u00f3w o nap\u0119dzie elektrycznym<\/strong> i g\u0119stej sieci <strong>stacji \u0142adowania baterii firmy Bosch<\/strong> g\u00f3ry mog\u0105 zdobywa\u0107 tak\u017ce ci urlopowicze, kt\u00f3rzy nie przygotowywali si\u0119 do tego intensywnym treningiem.\u00a0\u00a0<\/span><\/p>\n<div style=\"width: 1180px\" class=\"wp-caption alignnone\"><img decoding=\"async\" src=\"https:\/\/cdn.salzburgerland.com\/hu\/wp-content\/uploads\/2020\/03\/emtb_01_c-peter-burgstaller-1170x658.jpg\" alt=\"\" width=\"1170\" height=\"658\"><p class=\"wp-caption-text\">Zdobywanie g\u00f3r bez wysi\u0142ku na rowerach z napi\u0119dem elektrycznym \u00a9 Schladming-Dachstein, Peter Burgstaller<\/p><\/div>\n<p>Nowa, 10-osobowa kolej linowa Planai zawozi kolarzy g\u00f3rskich wraz ze sprz\u0119tem do nowego <a href=\"https:\/\/www.schladming-dachstein.at\/pl\/lato\/rower-g%C3%B3rski\/bikepark-schladming\" target=\"_blank\" rel=\"noopener\"><strong>Bikeparku Schladming 2.0<\/strong><\/a>. Tu na entuzjast\u00f3w kolarstwa grawitacyjnego czeka 35 wspania\u0142ych \u015bcie\u017cek mtb, teren treningowy dla pocz\u0105tkuj\u0105cych, flowline dla wszystkich stopni zaawansowania, jumpline z 99 skokami oraz uphil flow trail, a tak\u017ce trasa downhilowa pucharu \u015bwiata.<\/p>\n<p>Entuzja\u015bci kolarstwa g\u00f3rskiego mog\u0105 ju\u017c teraz cieszy\u0107 si\u0119 na niezapomnian\u0105 zabaw\u0119 <a href=\"https:\/\/www.schladming-dachstein.at\/pl\/lato\/rower-g%C3%B3rski\/szlaki-reiteralm\" target=\"_blank\" rel=\"noopener\"><strong>na 15 km nowych g\u00f3rskich \u015bcie\u017cek rowerowych na Reiteralm<\/strong><\/a>. Pi\u0119\u0107 dni w tygodniu koleje uruchomiaj\u0105 Preunegg Jet, transportuj\u0105cy symatyk\u00f3w MTB do 6 tras typu single trail. Trasy podzielone s\u0105 na dwie niebieskie (\u0142atwe), dwie czerwone (\u015brednie) i dwie wsp\u00f3lne, wytyczone dawnym szlakiem turystycznym. Centrum kolarskie przy dolnej stacji kolejki prowadzi wypo\u017cyczalni\u0119 sprz\u0119tu kolarskiego oraz oferuje zorganizowane eskapady z przewodnikiem.<\/p>\n<p>Nowy singltrail otwarty zosta\u0142 tak\u017ce w obecnym sezonie w Haus-Aich.<\/p>\n<h3>Styryjska go\u015bcinno\u015b\u0107 w alpejskich bac\u00f3wkach \u2013 regionalne przysmaki z tradycj\u0105<\/h3>\n<p>Czym by\u0142aby g\u00f3rska w\u0119dr\u00f3wka bez odpowiedniej nagrody? Kropk\u0105 nad i udanej wycieczki jest oczywi\u015bcie zas\u0142u\u017cony posi\u0142ek. A ten czeka w alpejskich bac\u00f3wkach, tradycyjnych g\u00f3rskich chatach w Schladming i na Planai. Co mo\u017cemy Pa\u0144stwu poda\u0107? Na to pytanie odpowied\u017a wcale nie jest taka \u0142atwa, gdy\u015b nasze obiekty gastronomiczne oferuj\u0105 <strong>wielkie bogactwo regionalnych przysmak\u00f3w<\/strong>. W naszym regionie korzystasz nie tylko ze wspania\u0142ych krajobraz\u00f3w i fanatstycznej oferty sportowo-rekreacyjnej, ale tak\u017ce rozpieszczasz podniebienie doskona\u0142ymi regionalnymi smakami. Jest te\u017c czym ugasi\u0107 pragnienie. Cy to o\u017ce\u017awiaj\u0105cy radler, sch\u0142odzona ma\u015blanka z \u017curawin\u0105 czy po\u017cywna przek\u0105ska ser\u00f3w i w\u0119dlin podana na desce<span>\u00a0<\/span>\u2013 nasze bac\u00f3wki i schroniska oferuj\u0105 wzmaniaj\u0105ce co nieco na ka\u017cdy gust. Zatem <strong>Na zdrowie!<\/strong> i <strong>Smacznego!<\/strong><\/p>\n<div id=\"attachment_8114\" style=\"width: 1180px\" class=\"wp-caption alignnone\"><img decoding=\"async\" aria-describedby=\"caption-attachment-8114\" class=\"wp-image-8114 size-1170_658\" src=\"https:\/\/cdn.salzburgerland.com\/pl\/wp-content\/uploads\/2020\/03\/schladming_gartner_mathaus_-8581-1170x658.jpg\" alt=\"\" width=\"1170\" height=\"658\" srcset=\"https:\/\/www.salzburgerland.com\/pl\/wp-content\/uploads\/2020\/03\/schladming_gartner_mathaus_-8581-1170x658.jpg 1170w, https:\/\/www.salzburgerland.com\/pl\/wp-content\/uploads\/2020\/03\/schladming_gartner_mathaus_-8581-1200x675.jpg 1200w\" sizes=\"(max-width: 1170px) 100vw, 1170px\"><p id=\"caption-attachment-8114\" class=\"wp-caption-text\">Tradycyjna przek\u0105ska na desce, wymarzony posi\u0142ek ka\u017cdego mi\u0142o\u015bnika w\u0119drownania po alpejskich halach \u00a9 Schladming-Dachstein, Math\u00e4us Gartner<\/p><\/div>\n<h3>Projekt kulinarny <a href=\"https:\/\/www.schladming-dachstein.at\/pl\/sztuka-kulinarna\/projekt-kulinarny-Almkulinarik\" target=\"_blank\" rel=\"noopener\">Almkulinarik pod patronatem Richarda Raucha<\/a><\/h3>\n<p>A gdyby tak wyruszy\u0107 na g\u00f3rsk\u0105 w\u0119dr\u00f3wk\u0119 nie tylko z celem zdobycia szczytu, ale tak\u017ce poznania kuchni mistrz\u00f3w? <span>Gwiazda szuki kulinarnej, Richard Rauch, rekomendowany przez presti\u017cowy przewodnik Gault Millau i okrzykni\u0119ty w 2017 roku Kucharzem Roku, stworzy\u0142 projekt, do kt\u00f3rego przy\u0142\u0105czy\u0142o si\u0119 14 w\u0142a\u015bcicieli alpejskich schronisk i bac\u00f3wek.\u00a0 Bac\u00f3wki te oferuj\u0105 przez ca\u0142y sezon w\u0119drowny jedno danie z repertuaru Raucha, a amatorzy g\u00f3rskich w\u0119dr\u00f3wek mog\u0105 w\u0119drowa\u0107 codziennie innym szlakiem, by pozna\u0107 to kulinarne bogactwo w codziennie innej bac\u00f3wce.<\/span><\/p>\n<div id=\"attachment_8124\" style=\"width: 1180px\" class=\"wp-caption alignnone\"><img decoding=\"async\" aria-describedby=\"caption-attachment-8124\" class=\"size-1170_658 wp-image-8124\" src=\"https:\/\/cdn.salzburgerland.com\/pl\/wp-content\/uploads\/2020\/03\/dsf2609c-schladming-dachstein_peter-burgstaller_-1170x658.jpg\" alt=\"\" width=\"1170\" height=\"658\" srcset=\"https:\/\/www.salzburgerland.com\/pl\/wp-content\/uploads\/2020\/03\/dsf2609c-schladming-dachstein_peter-burgstaller_-1170x658.jpg 1170w, https:\/\/www.salzburgerland.com\/pl\/wp-content\/uploads\/2020\/03\/dsf2609c-schladming-dachstein_peter-burgstaller_-1200x675.jpg 1200w\" sizes=\"(max-width: 1170px) 100vw, 1170px\"><p id=\"caption-attachment-8124\" class=\"wp-caption-text\">Latem w g\u00f3rach nasycisz oczy g\u00f3rskimi widokami, a podniebienie wyszukanymi przysmakami z regionalnych produkt\u00f3w \u00a9 Schladming-Dachstein, Peter Burgstaller<\/p><\/div>\n<h3>Ko\u015bci\u00f3\u0142ek Pokoju \u2013 najpi\u0119kniejsze miejsce w Austrii<\/h3>\n<p>To miejsce koniecznie trzeb odwiedzi\u0107. Ko\u015bci\u00f3\u0142ek Pokoju \u2013 <strong>Freidenskircherl Stoderzinken<\/strong> \u2013\u00a0 le\u017cy na wys. 1 898 m n.p.m. przy po\u0142udniowej \u015bcianie g\u00f3ry Stoderzinken. W roku 2022, w ramach plebiscytu stacji ORF \u201e9 miejsc \u2013 9 skarb\u00f3w\u201d zosta\u0142 wybrany najpi\u0119kniejszym miejscem w Austrii.<br>\nKo\u015bci\u00f3\u0142ek ten od dawna by\u0142 miejscem w Schladming-Dachstein, kt\u00f3re ch\u0119tnie odwiedzano, ale tylko oosby wtajemniczone. Po tym g\u0142o\u015bnym wyr\u00f3\u017cnieniu stanie si\u0119 zapewne popularnym miejscem wycieczek turystycznych. Jest to fantastyczny punkt widokowy, miejsce szczeg\u00f3lnej mocy, a jednocze\u015bnie miejsce refleksji i kontemplacji.<\/p>\n<div id=\"attachment_20027\" style=\"width: 1180px\" class=\"wp-caption alignnone\"><img decoding=\"async\" aria-describedby=\"caption-attachment-20027\" class=\"size-1170_658 wp-image-20027\" src=\"https:\/\/cdn.salzburgerland.com\/pl\/wp-content\/uploads\/2020\/03\/chf_20170630_122637-1170x658.jpg\" alt=\"G\u00f3rski Ko\u015bci\u00f3\u0142ek Pokoju na Stoderzinken w regionie Dachstein West wygra\u0142 w plebistycie na najpi\u0119kniejsze miejsce w Austrii.\" width=\"1170\" height=\"658\" srcset=\"https:\/\/www.salzburgerland.com\/pl\/wp-content\/uploads\/2020\/03\/chf_20170630_122637-1170x658.jpg 1170w, https:\/\/www.salzburgerland.com\/pl\/wp-content\/uploads\/2020\/03\/chf_20170630_122637-1200x675.jpg 1200w\" sizes=\"(max-width: 1170px) 100vw, 1170px\"><p id=\"caption-attachment-20027\" class=\"wp-caption-text\">G\u00f3rski Ko\u015bci\u00f3\u0142ek Pokoju na Stoderzinken \u00a9 TVB Schladming-Dachstein,Christoph Huber<\/p><\/div>\n<p>G\u00f3rski ko\u015bci\u00f3\u0142ek wybudowa\u0142 w 1902 roku Emil Ritter von Horstig d\u2019Aubigny. Pochodzi\u0142 on ze styryjskiej arystokracji, by\u0142 przedsi\u0119biorc\u0105 g\u00f3rniczym i pionierem w udost\u0119pnianiu Stoderzinken szerokiej publiczno\u015bci. Kaplica zosta\u0142a wzniesiona z my\u015bl\u0105 o \u0142\u0105czeniu ludzi, niezale\u017cnie od tego, kim s\u0105, sk\u0105d pochodz\u0105 i w co wierz\u0105. Jest uznawany za symbol wzajemnej tolerancji i szacunku mi\u0119dzy wyznaniami. Dzisiaj ju\u017c zabytek, jest w\u0142asno\u015bci\u0105 oddzia\u0142u G\u00f3rskiego Pogotowia Ratunkowego w Gr\u00f6bming, kt\u00f3ry dba o jego utrzymanie.<\/p>\n<h3><a href=\"https:\/\/www.schladming-dachstein.at\/de\/Nachhaltigkeit\" target=\"_blank\" rel=\"noopener\">Zr\u00f3wnowa\u017cony rozw\u00f3j<\/a><\/h3>\n<p>Zr\u00f3wnowa\u017cona turystyka to wi\u0119cej ni\u017c tylko trend, to konieczno\u015b\u0107. To dzia\u0142anie, kt\u00f3re zapewni przysz\u0142ym pokoleniom dobre warunki \u017cycia i zachowa przyrod\u0119 w nienaruszonym stanie. Zaanga\u017cowanie regionu Schladming-Dachstein w zr\u00f3wnowa\u017cony rozw\u00f3j po\u015bwi\u0119cone jet trzem tematom: mobilno\u015bi, \u017cywno\u015bci i energii.<\/p>\n<h4>Zr\u00f3wnowa\u017cona mobilno\u015b\u0107<\/h4>\n<p>E-mobilno\u015b\u0107 wsperana jest w chwili obecnej przez 44 stacje \u0142adowania pojazd\u00f3w elektrycznych z ponad 125 punktami \u0142adownia. Trend ten jest rosn\u0105cy.\u00a0 Do atrakcji turystycznych mo\u017cna tu dotrze\u0107 12 autobusami liniowymi uwzgl\u0119dnionymi w karcie Schladming-Dachstein Sommercard i wieloma specjalnymi autobusami turystycznymi. Internetowe opisy wycieczek g\u00f3rskich i pieszych\u00a0 na www.schladming-dachstein.at zawieraj\u0105 opis zr\u00f3wnowa\u017conego dojazdu i podr\u00f3\u017cowania. Karta turystyczna Schladming-Dachstein Sommercard mo\u017ce by\u0107 wykorzystana ju\u017c od jednego noclegu w ponad 1000 partnerskich obiekt\u00f3w noclegowych.<\/p>\n<h3>Zr\u00f3wnowa\u017cona \u017cywno\u015b\u0107<\/h3>\n<p>Nazwa \u201eGenusspartner\u201d odnosi si\u0119 w regionie do 16 gospodarstw rolnych prowadz\u0105cych bezpo\u015bredni\u0105 sprzeda\u017c, trzech ma\u0142ych producent\u00f3w \u017cywno\u015bci (piekarzy i rze\u017anik\u00f3w) oraz 34 restauracji i obiekt\u00f3w noclegowych. \u0141\u0105czy je wszystkie wsp\u00f3lnapasja do regionalnej \u017cywno\u015bci, kt\u00f3r\u0105 produkuj\u0105, uszlachetniaj\u0105 i przetwarzaj\u0105. To mi\u0119so, sery, jogurt, ziemniaki, mi\u00f3d, szalechetne destylaty i regionalny gatunek sera \u201d Ennstaler Steirekas\u201d. Partnerzy kulinarni s\u0105 cz\u0119\u015bci\u0105 \u0142a\u0144cucha warto\u015bci i wsp\u00f3\u0142pracuj\u0105, aby tworzy\u0107 warto\u015b\u0107 dodan\u0105 dla go\u015bci i mieszka\u0144c\u00f3w regionu. Zr\u00f3wnowa\u017cony rozw\u00f3j opiera si\u0119 tu na \u015bcis\u0142ej wsp\u00f3\u0142pracy regionalnych partner\u00f3w. Dzi\u0119ki tej regionelnej wsp\u00f3\u0142pracy\u00a0 droga transportu zredukowana jest do minimum, co zmniejsza emisj\u0119 CO\u2082, atym samym przyczynia si\u0119 do ochrony klimatu.<br>\nWszystkie plac\u00f3wki partnerskie przestrzegaj\u0105 jasno okre\u015blonych kryteri\u00f3w jako\u015bci i podlegaj\u0105 regularnym kontrolom przez organy zewn\u0119trzne.<\/p>\n<div id=\"attachment_20028\" style=\"width: 1180px\" class=\"wp-caption alignnone\"><img decoding=\"async\" aria-describedby=\"caption-attachment-20028\" class=\"size-1170_658 wp-image-20028\" src=\"https:\/\/cdn.salzburgerland.com\/pl\/wp-content\/uploads\/2020\/03\/sd-almkulinarik-viehbergalm-3-of-16-1170x658.jpg\" alt=\"\" width=\"1170\" height=\"658\" srcset=\"https:\/\/www.salzburgerland.com\/pl\/wp-content\/uploads\/2020\/03\/sd-almkulinarik-viehbergalm-3-of-16-1170x658.jpg 1170w, https:\/\/www.salzburgerland.com\/pl\/wp-content\/uploads\/2020\/03\/sd-almkulinarik-viehbergalm-3-of-16-1200x675.jpg 1200w\" sizes=\"(max-width: 1170px) 100vw, 1170px\"><p id=\"caption-attachment-20028\" class=\"wp-caption-text\">P\u0105czki z regionalnnym serem \u00a9 TVB Schladming-Dachstein<\/p><\/div>\n<h4>Zr\u00f3wnowa\u017cona energia<\/h4>\n<p>Dzi\u0119ki w\u0142asnej elektrowni wodnej, koleje g\u00f3rskie Riesneralm Bargbahnen sta\u0142y si\u0119 wizyt\u00f3wk\u0105 zr\u00f3wnowa\u017conego rozwoju w swojej bran\u017cy. Podczas gdy zim\u0105 znaczna cz\u0119\u015b\u0107 wyprodukowanej energii elektrycznej wykorzytywana jest do na\u015bnie\u017cania, latem \u2013 po zasileniu infrastruktury na Rieneralm \u2013 znaczna cz\u0119\u015b\u0107 energii jest wprowadzana do sieci publicznej. Projekt ten zosta\u0142 nagrodzony za \u201eZr\u00f3wnowa\u017cone, certyfikowane zarz\u0105dzanie energi\u0105\u201d. Od lata 2022 na \u201ePlanet Planai\u201d, dolnej stacji kolejki linowe Planai i budynku biurowym Plana-Hochwurzen-Bahnen, nowy system fotowoltaiczny \u201ezbiera\u201d energi\u0119 s\u0142oneczn\u0105. Z moc\u0105 160 kWpeak system ten wytwarza oko\u0142o jednej czwartej rocznego zu\u017cycia energii w budynku. Ponadto koleje Planai-Hochwurzen-Bahnen posiadaj\u0105 kolejne system fotowoltaiczne w g\u00f3rskich stacjach Planai i wyci\u0105gu L\u00e4rchenkogel. W koncepcji przebudowy g\u00f3rnej stacji Dachstein Gletscherbahn, kt\u00f3ra ruszy\u0107 ma we wrze\u015bniu 2023 roku, przewidziano ok\u0142adzin\u0119 fotowoltaiczn\u0105, kt\u00f3ra ma zapewni\u0107 do 80 % samowystarczalno\u015bci energetycznej.<\/p>\n<h4>Pod znakiem ekologii<\/h4>\n<p>Pod nazw\u00f3 \u201eRamsauer Bioniere\u201d kryj\u0105 si\u0119 rolnicy ekologiczni, handlarze i restauratorzy, kt\u00f3rzy za cel maj\u0105 zapewniwnie go\u015bciom wypoczynku w harmonii z natur\u0105. Gospdarstaw rolne spe\u0142niaj\u0105 najwy\u017csze standardy ekologiczne \u201eBioErnte Austria\u201d i s\u0105 regularnie kontrolowane przez niezale\u017cne organy. Od p\u00f3l uprawnych po gotow\u0105 \u017cywno\u015b\u0107 ekologiczn\u0105. We wszystkich tych obiektach \u015bnadanie sk\u0142ada si\u0119 w 100% z \u017cywno\u015bci ekologicznej. Austriacki znak jako\u015bci dla \u015brodowiska posiada 15 obiekt\u00f3w noclegowych.<\/p>\n<h3>Bezpieczne wakacje w g\u00f3rach<\/h3>\n<p>G\u00f3ry to pi\u0119kne miejsce na akytwny wypoczynek. Pozwalaj\u0105 obcowa\u0107 z przrod\u0105, prze\u017cy\u0107 niezapomnian\u0105 przygod\u0119, racz\u0105 niezwyk\u0142ymi widokami, dostarczaj\u0105 zdrowego powietrza, pozwalaj\u0105 poprawi\u0107 kondycj\u0119 i skutecznie wypocz\u0105\u0107 od dnia codziennego. Zdobywanie szczt\u00f3w sprawia olbrzymi\u0105 satysfakcj\u0119. Wypoczywaj\u0105c w g\u00f3rach, nale\u017cy jednak zawsze pami\u0119ta\u0107 o przestrzeganiu <a href=\"https:\/\/www.salzburgerland.com\/pl\/bezpieczenstwo-w-gorach-latem\/\" target=\"_blank\" rel=\"noopener noreferrer\"><strong>podstawowych zasad bezpiecze\u0144stwa<\/strong><\/a>.<\/p>\n<div id=\"attachment_8129\" style=\"width: 1180px\" class=\"wp-caption alignnone\"><img decoding=\"async\" aria-describedby=\"caption-attachment-8129\" class=\"wp-image-8129 size-1170_658\" src=\"https:\/\/cdn.salzburgerland.com\/pl\/wp-content\/uploads\/2020\/03\/wandern_dsf1362_pano-c-schladming-dachstein_peter-burgstaller-1170x658.jpg\" alt=\"\" width=\"1170\" height=\"658\" srcset=\"https:\/\/www.salzburgerland.com\/pl\/wp-content\/uploads\/2020\/03\/wandern_dsf1362_pano-c-schladming-dachstein_peter-burgstaller-1170x658.jpg 1170w, https:\/\/www.salzburgerland.com\/pl\/wp-content\/uploads\/2020\/03\/wandern_dsf1362_pano-c-schladming-dachstein_peter-burgstaller-1200x675.jpg 1200w\" sizes=\"(max-width: 1170px) 100vw, 1170px\"><p id=\"caption-attachment-8129\" class=\"wp-caption-text\">\u00a9 Schladming-Dachstein, Peter Burgstaller<\/p><\/div>\n","protected":false},"excerpt":{"rendered":"<p>Karta turystyczna Schladming-Dachstein na lato Letnia karta turystyczna, Schladming-Dachstein Sommercard, kt\u00f3r\u0105 go\u015bcie regionu otrzymuj\u0105 w swoim miejscu zakwaterowania, zapewnia liczne zni\u017cki i wiele bezp\u0142atnych wst\u0119p\u00f3w do ponad 100 atrakcji turystycznych w regionie. Jest w\u015br\u00f3d nich 8 kolejek g\u00f3rskich, aquaparki i baseny, muzea, a tak\u017ce \u015brodki komunikacji publicznej w ca\u0142ym regionie. Dodatkiem do tych \u015bwiadcze\u0144 jest [&hellip;]<\/p>\n","protected":false},"author":4,"featured_media":9323,"comment_status":"closed","ping_status":"closed","template":"","meta":{"_acf_changed":false,"wl_entities_gutenberg":"","_relevanssi_hide_post":"","_relevanssi_hide_content":"","_relevanssi_pin_for_all":"","_relevanssi_pin_keywords":"","_relevanssi_unpin_keywords":"","_relevanssi_related_keywords":"","_relevanssi_related_include_ids":"","_relevanssi_related_exclude_ids":"","_relevanssi_related_no_append":"","_relevanssi_related_not_related":"","_relevanssi_related_posts":"","_relevanssi_noindex_reason":"","footnotes":""},"categories":[1],"tags":[233,328,199,149],"wl_entity_type":[2],"class_list":["post-6241","entity","type-entity","status-publish","has-post-thumbnail","hentry","category-uncategorized","tag-lato-na-halach","tag-regiony-ziemi-salzburskiej","tag-turystyka-rowerowa","tag-wedrowki","wl_entity_type-thing","sitetype-theme"],"acf":[],"yoast_head":"<!-- This site is optimized with the Yoast SEO Premium plugin v27.4 (Yoast SEO v27.4) - https:\/\/yoast.com\/product\/yoast-seo-premium-wordpress\/ -->\n<title>Lato w Schladming-Dachstein \u00bb SalzburgerLand.com<\/title>\n<meta name=\"robots\" content=\"index, follow, max-snippet:-1, max-image-preview:large, max-video-preview:-1\" \/>\n<link rel=\"canonical\" href=\"https:\/\/www.salzburgerland.com\/pl\/schladming-dachstein-lato\/\" \/>\n<meta property=\"og:locale\" content=\"pl_PL\" \/>\n<meta property=\"og:type\" content=\"article\" \/>\n<meta property=\"og:title\" content=\"Lato w Schladming-Dachstein\" \/>\n<meta property=\"og:description\" content=\"Karta turystyczna Schladming-Dachstein na lato Letnia karta turystyczna, Schladming-Dachstein Sommercard, kt\u00f3r\u0105 go\u015bcie regionu otrzymuj\u0105 w swoim miejscu\" \/>\n<meta property=\"og:url\" content=\"https:\/\/www.salzburgerland.com\/pl\/schladming-dachstein-lato\/\" \/>\n<meta property=\"og:site_name\" content=\"SalzburgerLand.com\" \/>\n<meta property=\"article:publisher\" content=\"https:\/\/www.facebook.com\/visitsalzburgerland\/\" \/>\n<meta property=\"article:modified_time\" content=\"2023-06-26T19:14:26+00:00\" \/>\n<meta property=\"og:image\" content=\"https:\/\/www.salzburgerland.com\/pl\/wp-content\/uploads\/2020\/03\/schladming-dachstein-gartner_mathaus_-8031-1170x658-1.jpg\" \/>\n\t<meta property=\"og:image:width\" content=\"1170\" \/>\n\t<meta property=\"og:image:height\" content=\"658\" \/>\n\t<meta property=\"og:image:type\" content=\"image\/jpeg\" \/>\n<meta name=\"twitter:card\" content=\"summary_large_image\" \/>\n<meta name=\"twitter:site\" content=\"@salzburgerland\" \/>\n<meta name=\"twitter:label1\" content=\"Szacowany czas czytania\" \/>\n\t<meta name=\"twitter:data1\" content=\"15 minut\" \/>\n<script type=\"application\/ld+json\" class=\"yoast-schema-graph\">{\"@context\":\"https:\\\/\\\/schema.org\",\"@graph\":[{\"@type\":\"WebPage\",\"@id\":\"https:\\\/\\\/www.salzburgerland.com\\\/pl\\\/schladming-dachstein-lato\\\/\",\"url\":\"https:\\\/\\\/www.salzburgerland.com\\\/pl\\\/schladming-dachstein-lato\\\/\",\"name\":\"Lato w Schladming-Dachstein \u00bb SalzburgerLand.com\",\"isPartOf\":{\"@id\":\"https:\\\/\\\/www.salzburgerland.com\\\/pl\\\/#website\"},\"primaryImageOfPage\":{\"@id\":\"https:\\\/\\\/www.salzburgerland.com\\\/pl\\\/schladming-dachstein-lato\\\/#primaryimage\"},\"image\":{\"@id\":\"https:\\\/\\\/www.salzburgerland.com\\\/pl\\\/schladming-dachstein-lato\\\/#primaryimage\"},\"thumbnailUrl\":\"https:\\\/\\\/www.salzburgerland.com\\\/pl\\\/wp-content\\\/uploads\\\/2020\\\/03\\\/schladming-dachstein-gartner_mathaus_-8031-1170x658-1.jpg\",\"datePublished\":\"2020-03-20T17:37:16+00:00\",\"dateModified\":\"2023-06-26T19:14:26+00:00\",\"description\":\"Le\u017c\u0105cy na terenie Styrii i Ziemi Salzburskiej region Schladming-Dachstein jest popularnym o\u015brodkiem wypoczynkowym w samym sercu Alp.\",\"inLanguage\":\"pl-PL\",\"potentialAction\":[{\"@type\":\"ReadAction\",\"target\":[\"https:\\\/\\\/www.salzburgerland.com\\\/pl\\\/schladming-dachstein-lato\\\/\"]}]},{\"@type\":\"ImageObject\",\"inLanguage\":\"pl-PL\",\"@id\":\"https:\\\/\\\/www.salzburgerland.com\\\/pl\\\/schladming-dachstein-lato\\\/#primaryimage\",\"url\":\"https:\\\/\\\/www.salzburgerland.com\\\/pl\\\/wp-content\\\/uploads\\\/2020\\\/03\\\/schladming-dachstein-gartner_mathaus_-8031-1170x658-1.jpg\",\"contentUrl\":\"https:\\\/\\\/www.salzburgerland.com\\\/pl\\\/wp-content\\\/uploads\\\/2020\\\/03\\\/schladming-dachstein-gartner_mathaus_-8031-1170x658-1.jpg\",\"width\":1170,\"height\":658,\"caption\":\"\u00a9 Schladming Dachstein, Math\u00e4us Gartner\"},{\"@type\":\"WebSite\",\"@id\":\"https:\\\/\\\/www.salzburgerland.com\\\/pl\\\/#website\",\"url\":\"https:\\\/\\\/www.salzburgerland.com\\\/pl\\\/\",\"name\":\"SalzburgerLand.com\",\"description\":\"Urlop Salzburg : hotele : turystyka Ziemia Salzburska : kultura : rodzinny urlop Ziemia Salzburska : informacja turystyczna : noclegi Austria : aktywny wypoczynek\",\"potentialAction\":[{\"@type\":\"SearchAction\",\"target\":{\"@type\":\"EntryPoint\",\"urlTemplate\":\"https:\\\/\\\/www.salzburgerland.com\\\/pl\\\/?s={search_term_string}\"},\"query-input\":{\"@type\":\"PropertyValueSpecification\",\"valueRequired\":true,\"valueName\":\"search_term_string\"}}],\"inLanguage\":\"pl-PL\"}]}<\/script>\n<!-- \/ Yoast SEO Premium plugin. -->","yoast_head_json":{"title":"Lato w Schladming-Dachstein \u00bb SalzburgerLand.com","robots":{"index":"index","follow":"follow","max-snippet":"max-snippet:-1","max-image-preview":"max-image-preview:large","max-video-preview":"max-video-preview:-1"},"canonical":"https:\/\/www.salzburgerland.com\/pl\/schladming-dachstein-lato\/","og_locale":"pl_PL","og_type":"article","og_title":"Lato w Schladming-Dachstein","og_description":"Karta turystyczna Schladming-Dachstein na lato Letnia karta turystyczna, Schladming-Dachstein Sommercard, kt\u00f3r\u0105 go\u015bcie regionu otrzymuj\u0105 w swoim miejscu","og_url":"https:\/\/www.salzburgerland.com\/pl\/schladming-dachstein-lato\/","og_site_name":"SalzburgerLand.com","article_publisher":"https:\/\/www.facebook.com\/visitsalzburgerland\/","article_modified_time":"2023-06-26T19:14:26+00:00","og_image":[{"url":"https:\/\/www.salzburgerland.com\/pl\/wp-content\/uploads\/2020\/03\/schladming-dachstein-gartner_mathaus_-8031-1170x658-1.jpg","width":1170,"height":658,"type":"image\/jpeg"}],"twitter_card":"summary_large_image","twitter_site":"@salzburgerland","twitter_misc":{"Szacowany czas czytania":"15 minut"},"schema":{"@context":"https:\/\/schema.org","@graph":[{"@type":"WebPage","@id":"https:\/\/www.salzburgerland.com\/pl\/schladming-dachstein-lato\/","url":"https:\/\/www.salzburgerland.com\/pl\/schladming-dachstein-lato\/","name":"Lato w Schladming-Dachstein \u00bb SalzburgerLand.com","isPartOf":{"@id":"https:\/\/www.salzburgerland.com\/pl\/#website"},"primaryImageOfPage":{"@id":"https:\/\/www.salzburgerland.com\/pl\/schladming-dachstein-lato\/#primaryimage"},"image":{"@id":"https:\/\/www.salzburgerland.com\/pl\/schladming-dachstein-lato\/#primaryimage"},"thumbnailUrl":"https:\/\/www.salzburgerland.com\/pl\/wp-content\/uploads\/2020\/03\/schladming-dachstein-gartner_mathaus_-8031-1170x658-1.jpg","datePublished":"2020-03-20T17:37:16+00:00","dateModified":"2023-06-26T19:14:26+00:00","description":"Le\u017c\u0105cy na terenie Styrii i Ziemi Salzburskiej region Schladming-Dachstein jest popularnym o\u015brodkiem wypoczynkowym w samym sercu Alp.","inLanguage":"pl-PL","potentialAction":[{"@type":"ReadAction","target":["https:\/\/www.salzburgerland.com\/pl\/schladming-dachstein-lato\/"]}]},{"@type":"ImageObject","inLanguage":"pl-PL","@id":"https:\/\/www.salzburgerland.com\/pl\/schladming-dachstein-lato\/#primaryimage","url":"https:\/\/www.salzburgerland.com\/pl\/wp-content\/uploads\/2020\/03\/schladming-dachstein-gartner_mathaus_-8031-1170x658-1.jpg","contentUrl":"https:\/\/www.salzburgerland.com\/pl\/wp-content\/uploads\/2020\/03\/schladming-dachstein-gartner_mathaus_-8031-1170x658-1.jpg","width":1170,"height":658,"caption":"\u00a9 Schladming Dachstein, Math\u00e4us Gartner"},{"@type":"WebSite","@id":"https:\/\/www.salzburgerland.com\/pl\/#website","url":"https:\/\/www.salzburgerland.com\/pl\/","name":"SalzburgerLand.com","description":"Urlop Salzburg : hotele : turystyka Ziemia Salzburska : kultura : rodzinny urlop Ziemia Salzburska : informacja turystyczna : noclegi Austria : aktywny wypoczynek","potentialAction":[{"@type":"SearchAction","target":{"@type":"EntryPoint","urlTemplate":"https:\/\/www.salzburgerland.com\/pl\/?s={search_term_string}"},"query-input":{"@type":"PropertyValueSpecification","valueRequired":true,"valueName":"search_term_string"}}],"inLanguage":"pl-PL"}]}},"_wl_alt_label":[],"wl:entity_url":"http:\/\/open.salzburgerland.com\/pl\/post\/lato_w_schladming-dachstein","_links":{"self":[{"href":"https:\/\/www.salzburgerland.com\/pl\/wp-json\/wp\/v2\/entities\/6241","targetHints":{"allow":["GET"]}}],"collection":[{"href":"https:\/\/www.salzburgerland.com\/pl\/wp-json\/wp\/v2\/entities"}],"about":[{"href":"https:\/\/www.salzburgerland.com\/pl\/wp-json\/wp\/v2\/types\/entity"}],"author":[{"embeddable":true,"href":"https:\/\/www.salzburgerland.com\/pl\/wp-json\/wp\/v2\/users\/4"}],"replies":[{"embeddable":true,"href":"https:\/\/www.salzburgerland.com\/pl\/wp-json\/wp\/v2\/comments?post=6241"}],"version-history":[{"count":5,"href":"https:\/\/www.salzburgerland.com\/pl\/wp-json\/wp\/v2\/entities\/6241\/revisions"}],"predecessor-version":[{"id":20030,"href":"https:\/\/www.salzburgerland.com\/pl\/wp-json\/wp\/v2\/entities\/6241\/revisions\/20030"}],"wp:featuredmedia":[{"embeddable":true,"href":"https:\/\/www.salzburgerland.com\/pl\/wp-json\/wp\/v2\/media\/9323"}],"wp:attachment":[{"href":"https:\/\/www.salzburgerland.com\/pl\/wp-json\/wp\/v2\/media?parent=6241"}],"wp:term":[{"taxonomy":"category","embeddable":true,"href":"https:\/\/www.salzburgerland.com\/pl\/wp-json\/wp\/v2\/categories?post=6241"},{"taxonomy":"post_tag","embeddable":true,"href":"https:\/\/www.salzburgerland.com\/pl\/wp-json\/wp\/v2\/tags?post=6241"},{"taxonomy":"wl_entity_type","embeddable":true,"href":"https:\/\/www.salzburgerland.com\/pl\/wp-json\/wp\/v2\/wl_entity_type?post=6241"}],"curies":[{"name":"wp","href":"https:\/\/api.w.org\/{rel}","templated":true}]}}