{"id":5882,"date":"2020-02-29T13:59:42","date_gmt":"2020-02-29T12:59:42","guid":{"rendered":"https:\/\/www.salzburgerland.com\/pl\/?p=5882"},"modified":"2025-10-15T14:34:38","modified_gmt":"2025-10-15T12:34:38","slug":"obertauern-lato","status":"publish","type":"entity","link":"https:\/\/www.salzburgerland.com\/pl\/obertauern-lato\/","title":{"rendered":"Lato w Obertauern"},"content":{"rendered":"<p>To znaczy, \u017ce sp\u0119dzasz sw\u00f3j <a href=\"https:\/\/www.obertauern.com\/en\/summer-holiday.html\" target=\"_blank\" rel=\"noopener noreferrer\"><strong>urolp w\u00a0Obertauern<\/strong><\/a>. Tutejsze okolicznee g\u00f3ry zachwycaj\u0105 dzieci i doros\u0142ych. Urlopowicz\u00f3w i mieszka\u0144c\u00f3w regionu. <span style=\"background-color: rgba(46, 146, 255, 0.114);\">Osoby spragnione relaksu i dobrej kuchni, ale i poszukiwaczy nowych wra\u017ce\u0144. Obertauern ma w zanadrzu wiele dobrego dla ka\u017cdego!<\/span><\/p>\n<h3>Stoneman Taurista<\/h3>\n<p>Jeste\u015b sympatykiem kolarstwa g\u00f3rskiego i poszukujesz niecodziennych wyzwa\u0144? Przyjed\u017a do Obertauern! Tutaj czeka na Ciebie <strong><a href=\"https:\/\/www.obertauern.com\/en\/summer-holiday\/stoneman-taurista.html#filter=r-fullyTranslatedLangus-\" target=\"_blank\" rel=\"noopener noreferrer\">Stoneman Taurist<\/a>a<\/strong>: <strong>123 km<\/strong> trasy, na kt\u00f3rej jest do pokonania <strong>4 500 m przewy\u017cszenia<\/strong>. Sk\u0142ada si\u0119 ona z trzech etap\u00f3w, wiod\u0105cych przez najpi\u0119kniejsze alpejskie rejony Ziemi Salzburskiej. Etap Kr\u00f3lewski przecina fantastyczny g\u00f3rski \u015bwiat Obertauern.<\/p>\n<p>Trasa wiedzie przez malownicze doliny, mija mieni\u0105ce si\u0119 w s\u0142o\u0144cu g\u00f3rskie jeziora, przecina pachn\u0105ce zio\u0142ami alpejskie pastwiska, prowadzi na odpoczynek do tradycyjnych bac\u00f3wek i na g\u00f3rskie szczyty. . W zale\u017cno\u015bci od warunk\u00f3w pogodowych, sezon Stoneman zaczyna si\u0119 10 czerwca i trwa do 27 wrze\u015bnia.<\/p>\n\n\t\t\t<div id=\"5882-1\" class=\"gallery gallery-5882 gallery-columns-3 gallery-size-1170_658\" itemscope itemtype=\"http:\/\/schema.org\/ImageGallery\">\n\t\t\t\t<ul class=\"gallery-row gallery-col-3 gallery-clear\">\n\t\t\t\t\t<li class=\"gallery-item col-3\" itemprop=\"associatedMedia\" itemscope itemtype=\"http:\/\/schema.org\/ImageObject\">\n\t\t\t\t\t\t<div class=\"gallery-icon landscape\"><a href=\"https:\/\/www.salzburgerland.com\/pl\/wp-content\/uploads\/2020\/02\/stoneman_obertauern_rohrbacher19_46-1920x1067-1.jpg\" title=\"stoneman_obertauern_rohrbacher19_46-1920x1067\"><img decoding=\"async\" data-title=\"Stoneman Taurista \u00a9 Tourismusverband Obertauern, Markus Rohrbacher\" title=\"Stoneman Taurista \u00a9 Tourismusverband Obertauern, Markus Rohrbacher\" data-caption=\"Stoneman Taurista \u00a9 Tourismusverband Obertauern, Markus Rohrbacher\" width=\"1170\" height=\"658\" src=\"https:\/\/www.salzburgerland.com\/pl\/wp-content\/uploads\/2020\/02\/stoneman_obertauern_rohrbacher19_46-1920x1067-1-1170x658.jpg\" class=\"attachment-1170_658 size-1170_658\" alt=\"Stoneman Taurista sk\u0142ada si\u0119 z trzech etap\u00f3w, wiod\u0105cych przez najpi\u0119kniejsze alpejskie rejony Ziemi Salzburskiej. (Powi\u0119kszony widok)\" srcset=\"https:\/\/www.salzburgerland.com\/pl\/wp-content\/uploads\/2020\/02\/stoneman_obertauern_rohrbacher19_46-1920x1067-1-1170x658.jpg 1170w, https:\/\/www.salzburgerland.com\/pl\/wp-content\/uploads\/2020\/02\/stoneman_obertauern_rohrbacher19_46-1920x1067-1-1200x675.jpg 1200w\" sizes=\"(max-width: 1170px) 100vw, 1170px\" aria-describedby=\"figcaption-5882-9277\" itemprop=\"thumbnail\"><\/a><\/div>\n\t\t\t\t\t\t<span id=\"figcaption-5882-9277\" class=\"gallery-caption\" itemprop=\"caption\"><span aria-hidden=\"true\">Stoneman Taurista \u00a9 Tourismusverband Obertauern, Markus Rohrbacher<\/span><\/span>\n\t\t\t\t\t<\/li>\n\t\t\t\t\t<li class=\"gallery-item col-3\" itemprop=\"associatedMedia\" itemscope itemtype=\"http:\/\/schema.org\/ImageObject\">\n\t\t\t\t\t\t<div class=\"gallery-icon landscape\"><a href=\"https:\/\/www.salzburgerland.com\/pl\/wp-content\/uploads\/2020\/02\/stoneman_obertauern_rohrbacher19_58-1920x1067-1.jpg\" title=\"stoneman_obertauern_rohrbacher19_58-1920x1067\"><img decoding=\"async\" data-title=\"Stoneman Taurista \u00a9 Tourismusverband Obertauern, Markus Rohrbacher\" title=\"Stoneman Taurista \u00a9 Tourismusverband Obertauern, Markus Rohrbacher\" data-caption=\"Stoneman Taurista \u00a9 Tourismusverband Obertauern, Markus Rohrbacher\" width=\"1170\" height=\"658\" src=\"https:\/\/www.salzburgerland.com\/pl\/wp-content\/uploads\/2020\/02\/stoneman_obertauern_rohrbacher19_58-1920x1067-1-1170x658.jpg\" class=\"attachment-1170_658 size-1170_658\" alt=\"Stoneman Taurista wynagradza po stokro\u0107 trud podjazdu na rowerze pod g\u00f3r\u0119. Wspaniale jest stan\u0105\u0107 pod krzy\u017cem na szczycie, odetchn\u0105\u0107 i zachwyci\u0107 si\u0119 pe\u0142n\u0105 panoram\u0105 Alp. (Powi\u0119kszony widok)\" srcset=\"https:\/\/www.salzburgerland.com\/pl\/wp-content\/uploads\/2020\/02\/stoneman_obertauern_rohrbacher19_58-1920x1067-1-1170x658.jpg 1170w, https:\/\/www.salzburgerland.com\/pl\/wp-content\/uploads\/2020\/02\/stoneman_obertauern_rohrbacher19_58-1920x1067-1-1200x675.jpg 1200w\" sizes=\"(max-width: 1170px) 100vw, 1170px\" aria-describedby=\"figcaption-5882-9278\" itemprop=\"thumbnail\"><\/a><\/div>\n\t\t\t\t\t\t<span id=\"figcaption-5882-9278\" class=\"gallery-caption\" itemprop=\"caption\"><span aria-hidden=\"true\">Stoneman Taurista \u00a9 Tourismusverband Obertauern, Markus Rohrbacher<\/span><\/span>\n\t\t\t\t\t<\/li>\n\t\t\t\t\t<li class=\"gallery-item col-3\" itemprop=\"associatedMedia\" itemscope itemtype=\"http:\/\/schema.org\/ImageObject\">\n\t\t\t\t\t\t<div class=\"gallery-icon landscape\"><a href=\"https:\/\/www.salzburgerland.com\/pl\/wp-content\/uploads\/2020\/02\/stoneman_obertauern_rohrbacher19_20-1920x1067-1.jpg\" title=\"stoneman_obertauern_rohrbacher19_20-1920x1067\"><img decoding=\"async\" data-title=\"Stoneman Taurista \u00a9 Tourismusverband Obertauern, Markus Rohrbacher\" title=\"Stoneman Taurista \u00a9 Tourismusverband Obertauern, Markus Rohrbacher\" data-caption=\"Stoneman Taurista \u00a9 Tourismusverband Obertauern, Markus Rohrbacher\" width=\"1170\" height=\"658\" src=\"https:\/\/www.salzburgerland.com\/pl\/wp-content\/uploads\/2020\/02\/stoneman_obertauern_rohrbacher19_20-1920x1067-1-1170x658.jpg\" class=\"attachment-1170_658 size-1170_658\" alt=\"Etap Kr\u00f3lewski 123-kilometrowego g\u00f3rskiego szlaku kolarskiego Stonaeman Taurista przecina fantastyczny g\u00f3rski \u015bwiat Obertauern. (Powi\u0119kszony widok)\" srcset=\"https:\/\/www.salzburgerland.com\/pl\/wp-content\/uploads\/2020\/02\/stoneman_obertauern_rohrbacher19_20-1920x1067-1-1170x658.jpg 1170w, https:\/\/www.salzburgerland.com\/pl\/wp-content\/uploads\/2020\/02\/stoneman_obertauern_rohrbacher19_20-1920x1067-1-1200x675.jpg 1200w\" sizes=\"(max-width: 1170px) 100vw, 1170px\" aria-describedby=\"figcaption-5882-9279\" itemprop=\"thumbnail\"><\/a><\/div>\n\t\t\t\t\t\t<span id=\"figcaption-5882-9279\" class=\"gallery-caption\" itemprop=\"caption\"><span aria-hidden=\"true\">Stoneman Taurista \u00a9 Tourismusverband Obertauern, Markus Rohrbacher<\/span><\/span>\n\t\t\t\t\t<\/li>\n\t\t\t\t<\/ul>\n\t\t\t<\/div><!-- .gallery -->\n\n<h3>Wakacje na halach<\/h3>\n<p>Po\u015br\u00f3d fantastycznej panoramy pasma Radst\u00e4dter Tauern, w po\u0142owie drogi mi\u0119dzy miasteczkiem Radstadt i kurortem Obertauern, z dala od ha\u0142asu samochod\u00f3w, rozci\u0105gaj\u0105 si\u0119 tereny alpejskiej hali Gnadenalm. Po tym alpejskim pastwisku wiedzie familijny szlak w\u0119drowny <a href=\"https:\/\/www.obertauern.com\/en\/summer-holiday\/alles-alm.html\" target=\"_blank\" rel=\"noopener noreferrer\"><strong>\u201eAlles Alm\u201d (Wszystko o halach)<\/strong><\/a>, oferuj\u0105cy w\u0119dr\u00f3wki pe\u0142ne wra\u017ce\u0144 dla ca\u0142ej rodziny. Szlaki spacerowe i w\u0119drowne przez rozleg\u0142e \u0142\u0105ki s\u0105 \u0142atwo przejezdne dla w\u00f3zk\u00f3w i spacer\u00f3wek. Po drodze na najm\u0142odszych czekaj\u0105 place zabaw i miejsca na odpoczynek. Tu ma si\u0119 wra\u017cenie, \u017ce czas zatrzyma\u0142 si\u0119 w miejscu.<\/p>\n<p>Szlak \u201eWszystko o halach\u201d odkrywa przed spacerowiczami nie\u0142atwe, lecz szcz\u0119\u015bliwe \u017cycie ludzi wysoko w g\u00f3rach. Tu dowiemy si\u0119, z jak ci\u0119\u017ckimi realiami pracy i warunkami naturalnymi musieli mierzy\u0107 si\u0119 w dawnych czasach ludzie g\u00f3r. W dziesi\u0119ciu stacjach tematycznych mali i duzi w\u0119drowcy us\u0142ysz\u0105 opowie\u015bci o prawdziwych zdarzeniach i dwiedz\u0105 si\u0119 wielu ciekawostek i fakt\u00f3w z \u017cycia hal. Nie tylko o ludziach, ale tak\u017ce o \u017cyj\u0105cych tu zwierz\u0119tach i o naturze. Punktem wyj\u015bcia i celem w\u0119dr\u00f3wki jest\u00a0 wie\u017ca widokowa przy du\u017cej so\u015bnie limbie. Tutaj bierze pocz\u0105tek weso\u0142y quiz o halach.<\/p>\n\n\t\t\t<div id=\"5882-2\" class=\"gallery gallery-5882 gallery-columns-3 gallery-size-1170_658\" itemscope itemtype=\"http:\/\/schema.org\/ImageGallery\">\n\t\t\t\t<ul class=\"gallery-row gallery-col-3 gallery-clear\">\n\t\t\t\t\t<li class=\"gallery-item col-3\" itemprop=\"associatedMedia\" itemscope itemtype=\"http:\/\/schema.org\/ImageObject\">\n\t\t\t\t\t\t<div class=\"gallery-icon landscape\"><a href=\"https:\/\/www.salzburgerland.com\/pl\/wp-content\/uploads\/2020\/02\/b19_4267-1920x1067-1.jpg\" title=\"b19_4267-1920x1067\"><img decoding=\"async\" data-title=\"Przyjazny rodzinom szlak w\u0119drowny na Gnadenalm jest przejezdny dla w\u00f3zk\u00f3w dzieci\u0119cych \u00a9 TVB Obertauern\" title=\"Przyjazny rodzinom szlak w\u0119drowny na Gnadenalm jest przejezdny dla w\u00f3zk\u00f3w dzieci\u0119cych \u00a9 TVB Obertauern\" data-caption=\"Przyjazny rodzinom szlak w\u0119drowny na Gnadenalm jest przejezdny dla w\u00f3zk\u00f3w dzieci\u0119cych \u00a9 TVB Obertauern\" width=\"1170\" height=\"658\" src=\"https:\/\/www.salzburgerland.com\/pl\/wp-content\/uploads\/2020\/02\/b19_4267-1920x1067-1-1170x658.jpg\" class=\"attachment-1170_658 size-1170_658\" alt=\"Dwie osoby spaceruj\u0105 z psem i w\u00f3zkiem w s\u0142oneczny dzie\u0144 w g\u00f3rskiej wiosce Lato w Obertauern. (Powi\u0119kszony widok)\" srcset=\"https:\/\/www.salzburgerland.com\/pl\/wp-content\/uploads\/2020\/02\/b19_4267-1920x1067-1-1170x658.jpg 1170w, https:\/\/www.salzburgerland.com\/pl\/wp-content\/uploads\/2020\/02\/b19_4267-1920x1067-1-1200x675.jpg 1200w\" sizes=\"(max-width: 1170px) 100vw, 1170px\" aria-describedby=\"figcaption-5882-9285\" itemprop=\"thumbnail\"><\/a><\/div>\n\t\t\t\t\t\t<span id=\"figcaption-5882-9285\" class=\"gallery-caption\" itemprop=\"caption\"><span aria-hidden=\"true\">Przyjazny rodzinom szlak w\u0119drowny na Gnadenalm jest przejezdny dla w\u00f3zk\u00f3w dzieci\u0119cych \u00a9 TVB Obertauern<\/span><\/span>\n\t\t\t\t\t<\/li>\n\t\t\t\t\t<li class=\"gallery-item col-3\" itemprop=\"associatedMedia\" itemscope itemtype=\"http:\/\/schema.org\/ImageObject\">\n\t\t\t\t\t\t<div class=\"gallery-icon landscape\"><a href=\"https:\/\/www.salzburgerland.com\/pl\/wp-content\/uploads\/2020\/02\/b19_3764-1920x1067-1.jpg\" title=\"b19_3764-1920x1067\"><img decoding=\"async\" data-title=\"Zdrowy ruch i \u015bwie\u017ce powietrze to jest to, co dzieci lubi\u0105 najbardziej \u00a9 TVB Obertauern\" title=\"Zdrowy ruch i \u015bwie\u017ce powietrze to jest to, co dzieci lubi\u0105 najbardziej \u00a9 TVB Obertauern\" data-caption=\"Zdrowy ruch i \u015bwie\u017ce powietrze to jest to, co dzieci lubi\u0105 najbardziej \u00a9 TVB Obertauern\" width=\"1170\" height=\"658\" src=\"https:\/\/www.salzburgerland.com\/pl\/wp-content\/uploads\/2020\/02\/b19_3764-1920x1067-1-1170x658.jpg\" class=\"attachment-1170_658 size-1170_658\" alt=\"Dw\u00f3ch m\u0142odych ch\u0142opc\u00f3w w tradycyjnych strojach bawi si\u0119 na drewnianej hu\u015btawce podczas Lato w Obertauern. (Powi\u0119kszony widok)\" srcset=\"https:\/\/www.salzburgerland.com\/pl\/wp-content\/uploads\/2020\/02\/b19_3764-1920x1067-1-1170x658.jpg 1170w, https:\/\/www.salzburgerland.com\/pl\/wp-content\/uploads\/2020\/02\/b19_3764-1920x1067-1-1200x675.jpg 1200w\" sizes=\"(max-width: 1170px) 100vw, 1170px\" aria-describedby=\"figcaption-5882-9286\" itemprop=\"thumbnail\"><\/a><\/div>\n\t\t\t\t\t\t<span id=\"figcaption-5882-9286\" class=\"gallery-caption\" itemprop=\"caption\"><span aria-hidden=\"true\">Zdrowy ruch i \u015bwie\u017ce powietrze to jest to, co dzieci lubi\u0105 najbardziej \u00a9 TVB Obertauern<\/span><\/span>\n\t\t\t\t\t<\/li>\n\t\t\t\t\t<li class=\"gallery-item col-3\" itemprop=\"associatedMedia\" itemscope itemtype=\"http:\/\/schema.org\/ImageObject\">\n\t\t\t\t\t\t<div class=\"gallery-icon landscape\"><a href=\"https:\/\/www.salzburgerland.com\/pl\/wp-content\/uploads\/2020\/02\/kulinarik-im-sommer-1920x1067-1.jpg\" title=\"kulinarik-im-sommer-1920x1067\"><img decoding=\"async\" data-title=\"Tradycyjna przek\u0105ska na desce poprawi nastr\u00f3j i doda nowej energii \u00a9 TVB Obertauern, Markus Rohrbacher\" title=\"Tradycyjna przek\u0105ska na desce poprawi nastr\u00f3j i doda nowej energii \u00a9 TVB Obertauern, Markus Rohrbacher\" data-caption=\"Tradycyjna przek\u0105ska na desce poprawi nastr\u00f3j i doda nowej energii \u00a9 TVB Obertauern, Markus Rohrbacher\" width=\"1170\" height=\"658\" src=\"https:\/\/www.salzburgerland.com\/pl\/wp-content\/uploads\/2020\/02\/kulinarik-im-sommer-1920x1067-1-1170x658.jpg\" class=\"attachment-1170_658 size-1170_658\" alt=\"Pi\u0119\u0107 os\u00f3b siedzi na zewn\u0105trz przy rustykalnym stole w Lato w Obertauern, podczas gdy kobieta serwuje grillowane mi\u0119so i warzywa. (Powi\u0119kszony widok)\" srcset=\"https:\/\/www.salzburgerland.com\/pl\/wp-content\/uploads\/2020\/02\/kulinarik-im-sommer-1920x1067-1-1170x658.jpg 1170w, https:\/\/www.salzburgerland.com\/pl\/wp-content\/uploads\/2020\/02\/kulinarik-im-sommer-1920x1067-1-1200x675.jpg 1200w\" sizes=\"(max-width: 1170px) 100vw, 1170px\" aria-describedby=\"figcaption-5882-9287\" itemprop=\"thumbnail\"><\/a><\/div>\n\t\t\t\t\t\t<span id=\"figcaption-5882-9287\" class=\"gallery-caption\" itemprop=\"caption\"><span aria-hidden=\"true\">Tradycyjna przek\u0105ska na desce poprawi nastr\u00f3j i doda nowej energii \u00a9 TVB Obertauern, Markus Rohrbacher<\/span><\/span>\n\t\t\t\t\t<\/li>\n\t\t\t\t<\/ul>\n\t\t\t<\/div><!-- .gallery -->\n\n<p><span>Mi\u0119dzy poszczeg\u00f3lnymi etapami drogi w\u0119drowcy mog\u0105 odpocz\u0105\u0107 w niezwyk\u0142ych miejscach widokowych, a przy okazji zdobywa\u0107 wiedz\u0119 o halach. Dzieci mog\u0105 si\u0119 tu wyhasa\u0107 za wszystkie czasy! Na przyk\u0142ad \u0107wicz\u0105c utrzymanie r\u00f3wnowagi na olbrzymich grabiach i kosie, wskakuj\u0105c do norki rodzinki \u015bwistak\u00f3w lub testuj\u0105c swoj\u0105 zr\u0119czno\u015b\u0107 na trasie skok\u00f3w z \u201ekrowimi plackami\u201d.\u00a0W\u0119dr\u00f3wki szlakiem \u201eWszystko o hali\u201d s\u0105 bezp\u0142atne i zajmuj\u0105 zwykle p\u00f3\u0142 dnia. Po drodze le\u017c\u0105 liczne drewniane halne chaty, zapraszaj\u0105ce na smaczny posi\u0142ek. A kto ma jeszcze wi\u0119cej zapas\u00f3w energii, mo\u017ce podej\u015b\u0107 do wodospadu \u015bw. Jana. <\/span><\/p>\n<h3>Szczyty, wodospady, jeziora<\/h3>\n<p>Czyli najpi\u0119kniejsze miejsca stworzone przez sam\u0105 natur\u0119. Pere\u0142ki krajobrazowe alpejskiej okolicy Obertauern. Na ka\u017cdego urlopowicza kochaj\u0105cego aktywny wypoczynek, czekaj\u0105 tu urocze pejza\u017ce, osza\u0142amiaj\u0105ce widoki oraz pomniki i spektakle przyrody. Malownicze jeziora i pi\u0119kny wodospad \u015bw. Jana s\u0105 popularnymi atrakcjami turystycznymi w regionie. Amatorzy w\u0119dkowania znajd\u0105 prawdziw\u0105 oaz\u0119 na jeziorze Gr\u00fcnwaldsee.<\/p>\n\n\t\t\t<div id=\"5882-3\" class=\"gallery gallery-5882 gallery-columns-3 gallery-size-1170_658\" itemscope itemtype=\"http:\/\/schema.org\/ImageGallery\">\n\t\t\t\t<ul class=\"gallery-row gallery-col-3 gallery-clear\">\n\t\t\t\t\t<li class=\"gallery-item col-3\" itemprop=\"associatedMedia\" itemscope itemtype=\"http:\/\/schema.org\/ImageObject\">\n\t\t\t\t\t\t<div class=\"gallery-icon landscape\"><a href=\"https:\/\/www.salzburgerland.com\/pl\/wp-content\/uploads\/2020\/02\/sommershoot_tvb_obertauern_rohrbacher18_41-1920x1067.jpg\" title=\"Sommershoot\"><img decoding=\"async\" data-title=\"Lato w Obertauern to zdobywanie pieszo g\u00f3rskich szczyt\u00f3w \u00a9 TVB Obertauern, Markus Rohrbacher\" title=\"Lato w Obertauern to zdobywanie pieszo g\u00f3rskich szczyt\u00f3w \u00a9 TVB Obertauern, Markus Rohrbacher\" data-caption=\"Lato w Obertauern to zdobywanie pieszo g\u00f3rskich szczyt\u00f3w \u00a9 TVB Obertauern, Markus Rohrbacher\" width=\"1170\" height=\"658\" src=\"https:\/\/www.salzburgerland.com\/pl\/wp-content\/uploads\/2020\/02\/sommershoot_tvb_obertauern_rohrbacher18_41-1170x658.jpg\" class=\"attachment-1170_658 size-1170_658\" alt=\"Lato w Obertauern to zdobywanie pieszo g\u00f3rskich szczyt\u00f3w. (Powi\u0119kszony widok)\" srcset=\"https:\/\/www.salzburgerland.com\/pl\/wp-content\/uploads\/2020\/02\/sommershoot_tvb_obertauern_rohrbacher18_41-1170x658.jpg 1170w, https:\/\/www.salzburgerland.com\/pl\/wp-content\/uploads\/2020\/02\/sommershoot_tvb_obertauern_rohrbacher18_41-1200x675.jpg 1200w\" sizes=\"(max-width: 1170px) 100vw, 1170px\" aria-describedby=\"figcaption-5882-5887\" itemprop=\"thumbnail\"><\/a><\/div>\n\t\t\t\t\t\t<span id=\"figcaption-5882-5887\" class=\"gallery-caption\" itemprop=\"caption\"><span aria-hidden=\"true\">Lato w Obertauern to zdobywanie pieszo g\u00f3rskich szczyt\u00f3w \u00a9 TVB Obertauern, Markus Rohrbacher<\/span><\/span>\n\t\t\t\t\t<\/li>\n\t\t\t\t\t<li class=\"gallery-item col-3\" itemprop=\"associatedMedia\" itemscope itemtype=\"http:\/\/schema.org\/ImageObject\">\n\t\t\t\t\t\t<div class=\"gallery-icon landscape\"><a href=\"https:\/\/www.salzburgerland.com\/pl\/wp-content\/uploads\/2020\/02\/sommershoot_tvb_obertauern_rohrbacher18_63-1920x1067.jpg\" title=\"Sommershoot\"><img decoding=\"async\" data-title=\"Wodospad \u015bw. Jana to jedna z najpi\u0119kniejszych osobliwo\u015bci przyrodniczych w Obertauern \u00a9 TVB Obertauern, Markus Rohrbacher\" title=\"Wodospad \u015bw. Jana to jedna z najpi\u0119kniejszych osobliwo\u015bci przyrodniczych w Obertauern \u00a9 TVB Obertauern, Markus Rohrbacher\" data-caption=\"Wodospad \u015bw. Jana to jedna z najpi\u0119kniejszych osobliwo\u015bci przyrodniczych w Obertauern \u00a9 TVB Obertauern, Markus Rohrbacher\" width=\"1170\" height=\"658\" src=\"https:\/\/www.salzburgerland.com\/pl\/wp-content\/uploads\/2020\/02\/sommershoot_tvb_obertauern_rohrbacher18_63-1170x658.jpg\" class=\"attachment-1170_658 size-1170_658\" alt=\"Lato w Obertauern to wycieczki do pere\u0142ek przyrodniczych, jak. np. do wodospadu \u015bw. Jana. (Powi\u0119kszony widok)\" srcset=\"https:\/\/www.salzburgerland.com\/pl\/wp-content\/uploads\/2020\/02\/sommershoot_tvb_obertauern_rohrbacher18_63-1170x658.jpg 1170w, https:\/\/www.salzburgerland.com\/pl\/wp-content\/uploads\/2020\/02\/sommershoot_tvb_obertauern_rohrbacher18_63-1200x675.jpg 1200w\" sizes=\"(max-width: 1170px) 100vw, 1170px\" aria-describedby=\"figcaption-5882-5888\" itemprop=\"thumbnail\"><\/a><\/div>\n\t\t\t\t\t\t<span id=\"figcaption-5882-5888\" class=\"gallery-caption\" itemprop=\"caption\"><span aria-hidden=\"true\">Wodospad \u015bw. Jana to jedna z najpi\u0119kniejszych osobliwo\u015bci przyrodniczych w Obertauern \u00a9 TVB Obertauern, Markus Rohrbacher<\/span><\/span>\n\t\t\t\t\t<\/li>\n\t\t\t\t\t<li class=\"gallery-item col-3\" itemprop=\"associatedMedia\" itemscope itemtype=\"http:\/\/schema.org\/ImageObject\">\n\t\t\t\t\t\t<div class=\"gallery-icon landscape\"><a href=\"https:\/\/www.salzburgerland.com\/pl\/wp-content\/uploads\/2020\/02\/sommershoot_tvb_obertauern_rohrbacher18_66-1920x1067.jpg\" title=\"Sommershoot\"><img decoding=\"async\" data-title=\"Wycieczka \u0142\u0105dk\u0105 po cichym g\u00f3rskim jeziorze\u00a9 TVB Obertauern, Markus Rohrbacher\" title=\"Wycieczka \u0142\u0105dk\u0105 po cichym g\u00f3rskim jeziorze\u00a9 TVB Obertauern, Markus Rohrbacher\" data-caption=\"Wycieczka \u0142\u0105dk\u0105 po cichym g\u00f3rskim jeziorze\u00a9 TVB Obertauern, Markus Rohrbacher\" width=\"1170\" height=\"658\" src=\"https:\/\/www.salzburgerland.com\/pl\/wp-content\/uploads\/2020\/02\/sommershoot_tvb_obertauern_rohrbacher18_66-1170x658.jpg\" class=\"attachment-1170_658 size-1170_658\" alt=\"Lato w Obertauern to delektowanie si\u0119 cisz\u0105 g\u00f3r podczas wycieczki \u0142\u0105dk\u0105 po g\u00f3rskim jeziorze. (Powi\u0119kszony widok)\" srcset=\"https:\/\/www.salzburgerland.com\/pl\/wp-content\/uploads\/2020\/02\/sommershoot_tvb_obertauern_rohrbacher18_66-1170x658.jpg 1170w, https:\/\/www.salzburgerland.com\/pl\/wp-content\/uploads\/2020\/02\/sommershoot_tvb_obertauern_rohrbacher18_66-1200x675.jpg 1200w\" sizes=\"(max-width: 1170px) 100vw, 1170px\" aria-describedby=\"figcaption-5882-5889\" itemprop=\"thumbnail\"><\/a><\/div>\n\t\t\t\t\t\t<span id=\"figcaption-5882-5889\" class=\"gallery-caption\" itemprop=\"caption\"><span aria-hidden=\"true\">Wycieczka \u0142\u0105dk\u0105 po cichym g\u00f3rskim jeziorze\u00a9 TVB Obertauern, Markus Rohrbacher<\/span><\/span>\n\t\t\t\t\t<\/li>\n\t\t\t\t<\/ul>\n\t\t\t<\/div><!-- .gallery -->\n\n<h3>Wakacje pe\u0142ne rozmaito\u015bci<\/h3>\n<p>Podobnie jak w ubieg\u0142ych sezonach, tak\u017ce tego lata <span style=\"font-size: 16px;\">w Obertauern<\/span><span style=\"font-size: 16px;\"> go\u015bcie wypoczywaj\u0105cy od po\u0142owy czerwca do ko\u0144ca wrze\u015bnia mog\u0105 uczestniczy\u0107 w oferowanych prze region<\/span><span style=\"font-size: 16px;\"> aktywnych zaj\u0119ciach. Powtarzaj\u0105 si\u0119 one cyklicznie w ka\u017cdym tygodniu i s\u0105 tak zaplanowane, \u017ce mog\u0105 w nich uczestniczy\u0107 urlopowicze w ka\u017cdym wieku<\/span><span style=\"font-size: 16px;\">. Od poniedzia\u0142ku do niedzieli mo\u017cna przeczesa\u0107 okoliczne g\u00f3ry i odkry\u0107 ukryte w\u015br\u00f3d nich jeziora, pozna\u0107 tajniki tutejszych las\u00f3w,\u00a0 itd. Uczestnictwo w programie<\/span><span style=\"font-size: 16px;\"> jest nieodp\u0142atne, z wyj\u0105tkiem koszt\u00f3w bilet\u00f3w na komunikacj\u0119 publiczn\u0105 lub koleje g\u00f3rskie.<\/span><\/p>\n\n\t\t\t<div id=\"5882-4\" class=\"gallery gallery-5882 gallery-columns-3 gallery-size-1170_658\" itemscope itemtype=\"http:\/\/schema.org\/ImageGallery\">\n\t\t\t\t<ul class=\"gallery-row gallery-col-3 gallery-clear\">\n\t\t\t\t\t<li class=\"gallery-item col-3\" itemprop=\"associatedMedia\" itemscope itemtype=\"http:\/\/schema.org\/ImageObject\">\n\t\t\t\t\t\t<div class=\"gallery-icon landscape\"><a href=\"https:\/\/www.salzburgerland.com\/pl\/wp-content\/uploads\/2020\/02\/sommershoot_tvb_obertauern_rohrbacher18_20-1920x1067.jpg\" title=\"Sommershoot\"><img decoding=\"async\" data-title=\"Na spokojnych g\u00f3rskich jeziorach regionu Obertauern mo\u017cna p\u0142ywa\u0107 na desce z wios\u0142em, maj\u0105c wok\u00f3\u0142 wspania\u0142\u0105 alpejks\u0105 panoram\u0119 \u00a9 TVB Obertauern, Markus Rohrbacher\" title=\"Na spokojnych g\u00f3rskich jeziorach regionu Obertauern mo\u017cna p\u0142ywa\u0107 na desce z wios\u0142em, maj\u0105c wok\u00f3\u0142 wspania\u0142\u0105 alpejks\u0105 panoram\u0119 \u00a9 TVB Obertauern, Markus Rohrbacher\" data-caption=\"Na spokojnych g\u00f3rskich jeziorach regionu Obertauern mo\u017cna p\u0142ywa\u0107 na desce z wios\u0142em, maj\u0105c wok\u00f3\u0142 wspania\u0142\u0105 alpejks\u0105 panoram\u0119 \u00a9 TVB Obertauern, Markus Rohrbacher\" width=\"1170\" height=\"658\" src=\"https:\/\/www.salzburgerland.com\/pl\/wp-content\/uploads\/2020\/02\/sommershoot_tvb_obertauern_rohrbacher18_20-1170x658.jpg\" class=\"attachment-1170_658 size-1170_658\" alt=\"Na spokojnych g\u00f3rskich jeziorach regionu Obertauern mo\u017cna p\u0142ywa\u0107 na desce z wios\u0142em, maj\u0105c wok\u00f3\u0142 wspania\u0142\u0105 alpejsk\u0105 panoram\u0119 (Powi\u0119kszony widok)\" srcset=\"https:\/\/www.salzburgerland.com\/pl\/wp-content\/uploads\/2020\/02\/sommershoot_tvb_obertauern_rohrbacher18_20-1170x658.jpg 1170w, https:\/\/www.salzburgerland.com\/pl\/wp-content\/uploads\/2020\/02\/sommershoot_tvb_obertauern_rohrbacher18_20-1200x675.jpg 1200w\" sizes=\"(max-width: 1170px) 100vw, 1170px\" aria-describedby=\"figcaption-5882-5891\" itemprop=\"thumbnail\"><\/a><\/div>\n\t\t\t\t\t\t<span id=\"figcaption-5882-5891\" class=\"gallery-caption\" itemprop=\"caption\"><span aria-hidden=\"true\">Na spokojnych g\u00f3rskich jeziorach regionu Obertauern mo\u017cna p\u0142ywa\u0107 na desce z wios\u0142em, maj\u0105c wok\u00f3\u0142 wspania\u0142\u0105 alpejks\u0105 panoram\u0119 \u00a9 TVB Obertauern, Markus Rohrbacher<\/span><\/span>\n\t\t\t\t\t<\/li>\n\t\t\t\t\t<li class=\"gallery-item col-3\" itemprop=\"associatedMedia\" itemscope itemtype=\"http:\/\/schema.org\/ImageObject\">\n\t\t\t\t\t\t<div class=\"gallery-icon landscape\"><a href=\"https:\/\/www.salzburgerland.com\/pl\/wp-content\/uploads\/2020\/02\/sommershoot_tvb_obertauern_rohrbacher18_58-1920x1067.jpg\" title=\"Sommershoot\"><img decoding=\"async\" data-title=\"Ukryte w g\u00f3rach regionu Obertauern jeziora s\u0105 fantastycznym miejscem na wycieczki kanu lub kajakiem \u00a9 TVB Obertauern, Markus Rohrbacher\" title=\"Ukryte w g\u00f3rach regionu Obertauern jeziora s\u0105 fantastycznym miejscem na wycieczki kanu lub kajakiem \u00a9 TVB Obertauern, Markus Rohrbacher\" data-caption=\"Ukryte w g\u00f3rach regionu Obertauern jeziora s\u0105 fantastycznym miejscem na wycieczki kanu lub kajakiem \u00a9 TVB Obertauern, Markus Rohrbacher\" width=\"1170\" height=\"658\" src=\"https:\/\/www.salzburgerland.com\/pl\/wp-content\/uploads\/2020\/02\/sommershoot_tvb_obertauern_rohrbacher18_58-1170x658.jpg\" class=\"attachment-1170_658 size-1170_658\" alt=\"Ukryte w g\u00f3rach regionu Obertauern jeziora s\u0105 fantastycznym miejscem na wycieczki kanu lub kajakiem (Powi\u0119kszony widok)\" srcset=\"https:\/\/www.salzburgerland.com\/pl\/wp-content\/uploads\/2020\/02\/sommershoot_tvb_obertauern_rohrbacher18_58-1170x658.jpg 1170w, https:\/\/www.salzburgerland.com\/pl\/wp-content\/uploads\/2020\/02\/sommershoot_tvb_obertauern_rohrbacher18_58-1200x675.jpg 1200w\" sizes=\"(max-width: 1170px) 100vw, 1170px\" aria-describedby=\"figcaption-5882-5892\" itemprop=\"thumbnail\"><\/a><\/div>\n\t\t\t\t\t\t<span id=\"figcaption-5882-5892\" class=\"gallery-caption\" itemprop=\"caption\"><span aria-hidden=\"true\">Ukryte w g\u00f3rach regionu Obertauern jeziora s\u0105 fantastycznym miejscem na wycieczki kanu lub kajakiem \u00a9 TVB Obertauern, Markus Rohrbacher<\/span><\/span>\n\t\t\t\t\t<\/li>\n\t\t\t\t\t<li class=\"gallery-item col-3\" itemprop=\"associatedMedia\" itemscope itemtype=\"http:\/\/schema.org\/ImageObject\">\n\t\t\t\t\t\t<div class=\"gallery-icon landscape\"><a href=\"https:\/\/www.salzburgerland.com\/pl\/wp-content\/uploads\/2020\/02\/tvb_bergyoga_0002_blick-auf-jaegersee-1920x1067.jpg\" title=\"TVB_BERGYOGA_0002_Blick auf J\u00e4gersee\"><img decoding=\"async\" data-title=\"Alpejska przyroda, nie maj\u0105ca sobie r\u00f3wnych pod wzgl\u0119dem pi\u0119kna i ciszy, pozwala doskonale zrelaksowa\u0107 cia\u0142o i umys\u0142. Co by\u015b powiedzia\u0142 na alpejsk\u0105 jog\u0119? \u00a9 TVB Obertauern, Markus Rohrbacher\" title=\"Alpejska przyroda, nie maj\u0105ca sobie r\u00f3wnych pod wzgl\u0119dem pi\u0119kna i ciszy, pozwala doskonale zrelaksowa\u0107 cia\u0142o i umys\u0142. Co by\u015b powiedzia\u0142 na alpejsk\u0105 jog\u0119? \u00a9 TVB Obertauern, Markus Rohrbacher\" data-caption=\"Alpejska przyroda, nie maj\u0105ca sobie r\u00f3wnych pod wzgl\u0119dem pi\u0119kna i ciszy, pozwala doskonale zrelaksowa\u0107 cia\u0142o i umys\u0142. Co by\u015b powiedzia\u0142 na alpejsk\u0105 jog\u0119? \u00a9 TVB Obertauern, Markus Rohrbacher\" width=\"1170\" height=\"658\" src=\"https:\/\/www.salzburgerland.com\/pl\/wp-content\/uploads\/2020\/02\/tvb_bergyoga_0002_blick-auf-jaegersee-1170x658.jpg\" class=\"attachment-1170_658 size-1170_658\" alt=\"Alpejska przyroda, nie maj\u0105ca sobie r\u00f3wnych pod wzgl\u0119dem pi\u0119kna i ciszy, pozwala doskonale zrelaksowa\u0107 cia\u0142o i umys\u0142. Co by\u015b powiedzia\u0142 na alpejsk\u0105 jog\u0119? (Powi\u0119kszony widok)\" srcset=\"https:\/\/www.salzburgerland.com\/pl\/wp-content\/uploads\/2020\/02\/tvb_bergyoga_0002_blick-auf-jaegersee-1170x658.jpg 1170w, https:\/\/www.salzburgerland.com\/pl\/wp-content\/uploads\/2020\/02\/tvb_bergyoga_0002_blick-auf-jaegersee-1200x675.jpg 1200w\" sizes=\"(max-width: 1170px) 100vw, 1170px\" aria-describedby=\"figcaption-5882-5893\" itemprop=\"thumbnail\"><\/a><\/div>\n\t\t\t\t\t\t<span id=\"figcaption-5882-5893\" class=\"gallery-caption\" itemprop=\"caption\"><span aria-hidden=\"true\">Alpejska przyroda, nie maj\u0105ca sobie r\u00f3wnych pod wzgl\u0119dem pi\u0119kna i ciszy, pozwala doskonale zrelaksowa\u0107 cia\u0142o i umys\u0142. Co by\u015b powiedzia\u0142 na alpejsk\u0105 jog\u0119? \u00a9 TVB Obertauern, Markus Rohrbacher<\/span><\/span>\n\t\t\t\t\t<\/li>\n\t\t\t\t<\/ul>\n\t\t\t<\/div><!-- .gallery -->\n\n<p>Szczeg\u00f3ln\u0105 ofert\u0105 wakacyjn\u0105 regionu s\u0105 w\u0119dr\u00f3wki po\u015bwi\u0119cone zio\u0142om. Podczas takich wypraw uczymy si\u0119 rozpoznawa\u0107 rosn\u0105ce dziko zio\u0142a jadalne i lecznicze, kt\u00f3rymi darzy nas Matka Natura, a kt\u00f3re dotykamy, ogl\u0105damy, w\u0105chamy i smakujemy. Ta wycieczka to kompleksowe prze\u017cycie dla naszych zmys\u0142\u00f3w!<\/p>\n<h3><a href=\"https:\/\/www.obertauern.com\/en\/summer-holiday\/family-holiday.html\" target=\"_blank\" rel=\"noopener noreferrer\">W\u0119dr\u00f3wki z dzie\u0107mi w Obertauern<\/a><\/h3>\n<p><a href=\"https:\/\/www.obertauern.com\/en\/summer-holiday\/cable-car-hiking.html\" target=\"_blank\" rel=\"noopener noreferrer\">Na w\u0119dr\u00f3wk\u0119 kolejk\u0105 g\u00f3rsk\u0105<\/a>. Jasna sprawa! Wyobra\u017a sobie, \u017ce przed chwil\u0105 by\u0142e\u015b w dolinie, w dolnej kolejki na Gr\u00fcnwaldkopf. Pe\u0142en oczekiw\u0144 i rado\u015bci na spotkanie z g\u00f3rami wsiadasz do gondoli. Kilka chwil p\u00f3\u017aniej wysiadasz i masz przed sob\u0105 osza\u0142amiaj\u0105c\u0105, pe\u0142n\u0105 panoram\u0119 okolicy.\u00a0 Tylko kilka chwil i pi\u0119knych widok\u00f3w dzieli dolin\u0119 od g\u00f3rskich wy\u017cyn. Mgnienie oka i ju\u017c jeste\u015b w innym \u015bwiecie.<\/p>\n<p><span>Dotar\u0142szy na hale stwierdzasz, \u017ce masz przed sob\u0105 nie tylko pi\u0119kn\u0105 natur\u0119, ale tak\u017ce ca\u0142\u0105 palet\u0119 mo\u017cliwo\u015bci. Kolejka na Gr\u00fcnwaldkopf lub kolejka na Hochalm zawioz\u0105 Ci\u0119 do najpi\u0119knejszych szlak\u00f3w w\u0119drownych w wysokie partie g\u00f3r. Pasmo g\u00f3rskie Radst\u00e4dter Tauern jest pod tym wzgl\u0119dem prawdziwym rajem. Na wysokog\u00f3rskich halach znajdzieszsi\u0119 w otoczeniu wprawiaj\u0105cej w zachwyt naturalnej scenerii. Tu do\u015bwiadczysz s\u0142ynnej salzburskiej go\u015bcinno\u015bci i dostarczysz swojemu podniebieniu \u201eniebia\u0144skich\u201d prze\u017cy\u0107. Zakochasz si\u0119 w regionalnych przysmakach regionu. <\/span><\/p>\n<p><span>Aby wycieczka by\u0142a idealna, wybierz si\u0119 koniecznie nad urocze g\u00f3rskie jezioro<\/span><span> Gr\u00fcnwaldsee i wynajmij \u0142\u00f3dk\u0119. Jeste\u015bmy pewni, \u017ce otaczaj\u0105ca natura podrzuci Ci wi\u0119cej pomys\u0142\u00f3w na aktywne sp\u0119dzenie czasu u g\u00f3ry. Najlepsza wiadomo\u015b\u0107 w tym wszystkim jest taka, \u017ce nie musisz rezygnowa\u0107 z zabrania ze sob\u0105 psa, roweru czy w\u00f3zka dzieci\u0119cego. Za ich transport kolejk\u0105 nie musisz nic p\u0142aci\u0107!<\/span><\/p>\n\n\t\t\t<div id=\"5882-5\" class=\"gallery gallery-5882 gallery-columns-3 gallery-size-1170_658\" itemscope itemtype=\"http:\/\/schema.org\/ImageGallery\">\n\t\t\t\t<ul class=\"gallery-row gallery-col-3 gallery-clear\">\n\t\t\t\t\t<li class=\"gallery-item col-3\" itemprop=\"associatedMedia\" itemscope itemtype=\"http:\/\/schema.org\/ImageObject\">\n\t\t\t\t\t\t<div class=\"gallery-icon landscape\"><a href=\"https:\/\/www.salzburgerland.com\/pl\/wp-content\/uploads\/2020\/02\/b19_2554-1170x658-1.jpg\" title=\"b19_2554-1170x658\"><img decoding=\"async\" data-title=\"W Obertauern mo\u017cesz zabra\u0107 ze sob\u0105 w g\u00f3ry bez dodatkowych op\u0142at w\u00f3zek dzieci\u0119cy, rower czy psa. \u00a9 TVB Obertauern\" title=\"W Obertauern mo\u017cesz zabra\u0107 ze sob\u0105 w g\u00f3ry bez dodatkowych op\u0142at w\u00f3zek dzieci\u0119cy, rower czy psa. \u00a9 TVB Obertauern\" data-caption=\"W Obertauern mo\u017cesz zabra\u0107 ze sob\u0105 w g\u00f3ry bez dodatkowych op\u0142at w\u00f3zek dzieci\u0119cy, rower czy psa. \u00a9 TVB Obertauern\" width=\"1170\" height=\"658\" src=\"https:\/\/www.salzburgerland.com\/pl\/wp-content\/uploads\/2020\/02\/b19_2554-1170x658-1.jpg\" class=\"attachment-1170_658 size-1170_658\" alt=\"Obertauern to idealne miejsce na urlop z rodzin\u0105. Tu mo\u017cesz zabra\u0107 ze sob\u0105 w g\u00f3ry bez dodatkowych op\u0142at w\u00f3zek dzieci\u0119cy, rower czy psa. (Powi\u0119kszony widok)\" srcset=\"https:\/\/www.salzburgerland.com\/pl\/wp-content\/uploads\/2020\/02\/b19_2554-1170x658-1.jpg 1170w, https:\/\/www.salzburgerland.com\/pl\/wp-content\/uploads\/2020\/02\/b19_2554-1170x658-1-768x432.jpg 768w\" sizes=\"(max-width: 1170px) 100vw, 1170px\" aria-describedby=\"figcaption-5882-9281\" itemprop=\"thumbnail\"><\/a><\/div>\n\t\t\t\t\t\t<span id=\"figcaption-5882-9281\" class=\"gallery-caption\" itemprop=\"caption\"><span aria-hidden=\"true\">W Obertauern mo\u017cesz zabra\u0107 ze sob\u0105 w g\u00f3ry bez dodatkowych op\u0142at w\u00f3zek dzieci\u0119cy, rower czy psa. \u00a9 TVB Obertauern<\/span><\/span>\n\t\t\t\t\t<\/li>\n\t\t\t\t\t<li class=\"gallery-item col-3\" itemprop=\"associatedMedia\" itemscope itemtype=\"http:\/\/schema.org\/ImageObject\">\n\t\t\t\t\t\t<div class=\"gallery-icon landscape\"><a href=\"https:\/\/www.salzburgerland.com\/pl\/wp-content\/uploads\/2020\/02\/b19_2935-1170x658-1.jpg\" title=\"b19_2935-1170x658\"><img decoding=\"async\" data-title=\"Starannie oznakowane i szerokie szlaki w\u0119drowne s\u0105 wygodne dla rodzic\u00f3w z malutkimi dzie\u0107mi \u00a9 TVB Obertauern\" title=\"Starannie oznakowane i szerokie szlaki w\u0119drowne s\u0105 wygodne dla rodzic\u00f3w z malutkimi dzie\u0107mi \u00a9 TVB Obertauern\" data-caption=\"Starannie oznakowane i szerokie szlaki w\u0119drowne s\u0105 wygodne dla rodzic\u00f3w z malutkimi dzie\u0107mi \u00a9 TVB Obertauern\" width=\"1170\" height=\"658\" src=\"https:\/\/www.salzburgerland.com\/pl\/wp-content\/uploads\/2020\/02\/b19_2935-1170x658-1.jpg\" class=\"attachment-1170_658 size-1170_658\" alt=\"Ta wiadomo\u015b\u0107 uraduje rodziny z dzie\u0107mi: w Obertauern starannie oznakowane i szerokie szlaki w\u0119drowne s\u0105 wygodne dla rodzic\u00f3w pchaj\u0105cych w\u00f3zki i spacer\u00f3wki z maluchami.. (Powi\u0119kszony widok)\" srcset=\"https:\/\/www.salzburgerland.com\/pl\/wp-content\/uploads\/2020\/02\/b19_2935-1170x658-1.jpg 1170w, https:\/\/www.salzburgerland.com\/pl\/wp-content\/uploads\/2020\/02\/b19_2935-1170x658-1-768x432.jpg 768w\" sizes=\"(max-width: 1170px) 100vw, 1170px\" aria-describedby=\"figcaption-5882-9282\" itemprop=\"thumbnail\"><\/a><\/div>\n\t\t\t\t\t\t<span id=\"figcaption-5882-9282\" class=\"gallery-caption\" itemprop=\"caption\"><span aria-hidden=\"true\">Starannie oznakowane i szerokie szlaki w\u0119drowne s\u0105 wygodne dla rodzic\u00f3w z malutkimi dzie\u0107mi \u00a9 TVB Obertauern<\/span><\/span>\n\t\t\t\t\t<\/li>\n\t\t\t\t\t<li class=\"gallery-item col-3\" itemprop=\"associatedMedia\" itemscope itemtype=\"http:\/\/schema.org\/ImageObject\">\n\t\t\t\t\t\t<div class=\"gallery-icon landscape\"><a href=\"https:\/\/www.salzburgerland.com\/pl\/wp-content\/uploads\/2020\/02\/b19_3303-1170x658-1.jpg\" title=\"b19_3303-1170x658\"><img decoding=\"async\" data-title=\"Tutaj rado\u015b\u0107 w\u0119drownania udziela si\u0119 nie tylko ma\u0142ym i du\u017cym go\u015bciom, ale tak\u017ce czworono\u017cnym cz\u0142onkom rodziny \u00a9 TVB Obertauern\" title=\"Tutaj rado\u015b\u0107 w\u0119drownania udziela si\u0119 nie tylko ma\u0142ym i du\u017cym go\u015bciom, ale tak\u017ce czworono\u017cnym cz\u0142onkom rodziny \u00a9 TVB Obertauern\" data-caption=\"Tutaj rado\u015b\u0107 w\u0119drownania udziela si\u0119 nie tylko ma\u0142ym i du\u017cym go\u015bciom, ale tak\u017ce czworono\u017cnym cz\u0142onkom rodziny \u00a9 TVB Obertauern\" width=\"1170\" height=\"658\" src=\"https:\/\/www.salzburgerland.com\/pl\/wp-content\/uploads\/2020\/02\/b19_3303-1170x658-1.jpg\" class=\"attachment-1170_658 size-1170_658\" alt=\"Para spaceruje z w\u00f3zkiem i psem po trawiastym g\u00f3rskim krajobrazie Lato w Obertauern w s\u0142oneczny dzie\u0144. (Powi\u0119kszony widok)\" srcset=\"https:\/\/www.salzburgerland.com\/pl\/wp-content\/uploads\/2020\/02\/b19_3303-1170x658-1.jpg 1170w, https:\/\/www.salzburgerland.com\/pl\/wp-content\/uploads\/2020\/02\/b19_3303-1170x658-1-768x432.jpg 768w\" sizes=\"(max-width: 1170px) 100vw, 1170px\" aria-describedby=\"figcaption-5882-9283\" itemprop=\"thumbnail\"><\/a><\/div>\n\t\t\t\t\t\t<span id=\"figcaption-5882-9283\" class=\"gallery-caption\" itemprop=\"caption\"><span aria-hidden=\"true\">Tutaj rado\u015b\u0107 w\u0119drownania udziela si\u0119 nie tylko ma\u0142ym i du\u017cym go\u015bciom, ale tak\u017ce czworono\u017cnym cz\u0142onkom rodziny \u00a9 TVB Obertauern<\/span><\/span>\n\t\t\t\t\t<\/li>\n\t\t\t\t<\/ul>\n\t\t\t<\/div><!-- .gallery -->\n\n<h3>Wycieczki z dzie\u0107mi w Obertauern do parku rozrywki i rezerwatu zwierzyny<\/h3>\n<p>Popularnym celem wycieczkowym, zw\u0142aszczy w\u015br\u00f3d rodzin z dzie\u0107mi, jest <a href=\"https:\/\/www.obertauern.com\/en\/summer-holiday\/wildpark-untertauern.html\" target=\"_blank\" rel=\"noopener noreferrer\">Zwierzyniec i Park Rozrywk<\/a>i w <a href=\"https:\/\/www.obertauern.com\/en\/region\/untertauern.html\" target=\"_blank\" rel=\"noopener noreferrer\">Untertauern<\/a>. Zajmuje on powierzchni\u0119 11 hektar\u00f3w i daje schronieniem 40 okaz\u00f3w dzikich zwierz\u0105t, \u017cyj\u0105cych na otwartym terenie.\u00a0 Nie tylko dzieci, ale tak\u017ce doro\u015bli ceni\u0105 sobie bliskie spotkania z jeleniami, sarnami, g\u0105skami, kucykami i muflonami. Do ogrodzonych teren\u00f3w rezerwatu zwierzyny przylega dost\u0119pny bezp\u0142atnie park rozrywki dla rodzin z dzie\u0107mi.<\/p>\n<div id=\"attachment_5896\" style=\"width: 1180px\" class=\"wp-caption alignnone\"><img decoding=\"async\" aria-describedby=\"caption-attachment-5896\" class=\"wp-image-5896 size-1170_658\" src=\"https:\/\/cdn.salzburgerland.com\/pl\/wp-content\/uploads\/2020\/02\/ikarus_5261-x3-1170x658.jpg\" alt=\"Popularnym celem wycieczkowych dla rodzin z dzie\u0107mi jest rezerwat zwierzyny i park rozrywki w Untertauern. Tu dzieic mog\u0105 zobaczy\u0107 m.in. pi\u0119kne jelenie.\" width=\"1170\" height=\"658\" srcset=\"https:\/\/www.salzburgerland.com\/pl\/wp-content\/uploads\/2020\/02\/ikarus_5261-x3-1170x658.jpg 1170w, https:\/\/www.salzburgerland.com\/pl\/wp-content\/uploads\/2020\/02\/ikarus_5261-x3-1200x675.jpg 1200w\" sizes=\"(max-width: 1170px) 100vw, 1170px\"><p id=\"caption-attachment-5896\" class=\"wp-caption-text\">Bliskie spotkanie z dzik\u0105 natur\u0105 \u00a9 TVB Oberatuern, Tom Lamm<\/p><\/div>\n<p>Przede wszystkim najm\u0142odsi go\u015bcie maj\u0105 rado\u015b\u0107 z pobytu w zwierzy\u0144cu w Untertauern. Tutaj znajd\u0105 staw rybny, dom na palach, rozleg\u0142y plac zabaw z parkiem linowym Tarzana oraz kopark\u0119-zabawk\u0119, a tak\u017ce ma\u0142e zoo ze zwierz\u0105tkami do g\u0142askania i przytualnia, jak kr\u00f3liczki, kaczuszki, kurki, bobry, k\u00f3zki, osio\u0142ki i lamy.<\/p>\n<div id=\"attachment_5895\" style=\"width: 1180px\" class=\"wp-caption alignnone\"><img decoding=\"async\" aria-describedby=\"caption-attachment-5895\" class=\"wp-image-5895 size-1170_658\" src=\"https:\/\/cdn.salzburgerland.com\/pl\/wp-content\/uploads\/2020\/02\/ikarus_5216-1170x658.jpg\" alt=\"Wakacje z rodzin\u0105 w Obertauern urozmaic\u0105 wycieczki do zwierzy\u0144ca, gdzie dzieci mog\u0105 g\u0142aska\u0107 oswojone zwierz\u0119ta.\" width=\"1170\" height=\"658\" srcset=\"https:\/\/www.salzburgerland.com\/pl\/wp-content\/uploads\/2020\/02\/ikarus_5216-1170x658.jpg 1170w, https:\/\/www.salzburgerland.com\/pl\/wp-content\/uploads\/2020\/02\/ikarus_5216-1200x675.jpg 1200w\" sizes=\"(max-width: 1170px) 100vw, 1170px\"><p id=\"caption-attachment-5895\" class=\"wp-caption-text\">Zabawa z oswojonymi zwierz\u0119tami w minizoo \u00a9\u00a0 TVB Oberatuern, Tom Lamm<\/p><\/div>\n","protected":false},"excerpt":{"rendered":"<p>To znaczy, \u017ce sp\u0119dzasz sw\u00f3j urolp w\u00a0Obertauern. Tutejsze okolicznee g\u00f3ry zachwycaj\u0105 dzieci i doros\u0142ych. Urlopowicz\u00f3w i mieszka\u0144c\u00f3w regionu. Osoby spragnione relaksu i dobrej kuchni, ale i poszukiwaczy nowych wra\u017ce\u0144. Obertauern ma w zanadrzu wiele dobrego dla ka\u017cdego! Stoneman Taurista Jeste\u015b sympatykiem kolarstwa g\u00f3rskiego i poszukujesz niecodziennych wyzwa\u0144? Przyjed\u017a do Obertauern! Tutaj czeka na Ciebie Stoneman [&hellip;]<\/p>\n","protected":false},"author":4,"featured_media":9275,"comment_status":"closed","ping_status":"closed","template":"","meta":{"_acf_changed":false,"wl_entities_gutenberg":"","_relevanssi_hide_post":"","_relevanssi_hide_content":"","_relevanssi_pin_for_all":"","_relevanssi_pin_keywords":"","_relevanssi_unpin_keywords":"","_relevanssi_related_keywords":"","_relevanssi_related_include_ids":"","_relevanssi_related_exclude_ids":"","_relevanssi_related_no_append":"","_relevanssi_related_not_related":"","_relevanssi_related_posts":"","_relevanssi_noindex_reason":"","footnotes":""},"categories":[1],"tags":[316,227,327,325,326,106,322,324,323],"wl_entity_type":[2],"class_list":["post-5882","entity","type-entity","status-publish","has-post-thumbnail","hentry","category-uncategorized","tag-alpy","tag-bacowki","tag-dla-rodzin","tag-golf","tag-jazda-konna","tag-kolejki-gorskie","tag-rodzinny-wypoczynek","tag-wedrowki-gorskie","tag-wedrowki-po-halach","wl_entity_type-thing","sitetype-theme"],"acf":[],"yoast_head":"<!-- This site is optimized with the Yoast SEO Premium plugin v27.4 (Yoast SEO v27.4) - https:\/\/yoast.com\/product\/yoast-seo-premium-wordpress\/ -->\n<title>Lato w Obertauern na Ziemi Salzburskiej<\/title>\n<meta name=\"description\" content=\"Lato w Obertauern to wakacje z rodzin\u0105, w\u0119dr\u00f3wki i kolarstwo g\u00f3rskie, Stoneman Taurista i kolejki transportuj\u0105ce w g\u00f3ry w\u00f3zki, rowery i psy.\" \/>\n<meta name=\"robots\" content=\"index, follow, max-snippet:-1, max-image-preview:large, max-video-preview:-1\" \/>\n<link rel=\"canonical\" href=\"https:\/\/www.salzburgerland.com\/pl\/obertauern-lato\/\" \/>\n<meta property=\"og:locale\" content=\"pl_PL\" \/>\n<meta property=\"og:type\" content=\"article\" \/>\n<meta property=\"og:title\" content=\"Lato w Obertauern\" \/>\n<meta property=\"og:description\" content=\"To znaczy, \u017ce sp\u0119dzasz sw\u00f3j urolp w\u00a0Obertauern. Tutejsze okolicznee g\u00f3ry zachwycaj\u0105 dzieci i doros\u0142ych. Urlopowicz\u00f3w i mieszka\u0144c\u00f3w regionu. Osoby\" \/>\n<meta property=\"og:url\" content=\"https:\/\/www.salzburgerland.com\/pl\/obertauern-lato\/\" \/>\n<meta property=\"og:site_name\" content=\"SalzburgerLand.com\" \/>\n<meta property=\"article:publisher\" content=\"https:\/\/www.facebook.com\/visitsalzburgerland\/\" \/>\n<meta property=\"article:modified_time\" content=\"2025-10-15T12:34:38+00:00\" \/>\n<meta property=\"og:image\" content=\"https:\/\/www.salzburgerland.com\/pl\/wp-content\/uploads\/2020\/02\/trailrunning-4_obertauern-1200x675.jpg\" \/>\n\t<meta property=\"og:image:width\" content=\"1200\" \/>\n\t<meta property=\"og:image:height\" content=\"675\" \/>\n\t<meta property=\"og:image:type\" content=\"image\/jpeg\" \/>\n<meta name=\"twitter:card\" content=\"summary_large_image\" \/>\n<meta name=\"twitter:site\" content=\"@salzburgerland\" \/>\n<meta name=\"twitter:label1\" content=\"Szacowany czas czytania\" \/>\n\t<meta name=\"twitter:data1\" content=\"7 minut\" \/>\n<script type=\"application\/ld+json\" class=\"yoast-schema-graph\">{\"@context\":\"https:\\\/\\\/schema.org\",\"@graph\":[{\"@type\":\"WebPage\",\"@id\":\"https:\\\/\\\/www.salzburgerland.com\\\/pl\\\/obertauern-lato\\\/\",\"url\":\"https:\\\/\\\/www.salzburgerland.com\\\/pl\\\/obertauern-lato\\\/\",\"name\":\"Lato w Obertauern na Ziemi Salzburskiej\",\"isPartOf\":{\"@id\":\"https:\\\/\\\/www.salzburgerland.com\\\/pl\\\/#website\"},\"primaryImageOfPage\":{\"@id\":\"https:\\\/\\\/www.salzburgerland.com\\\/pl\\\/obertauern-lato\\\/#primaryimage\"},\"image\":{\"@id\":\"https:\\\/\\\/www.salzburgerland.com\\\/pl\\\/obertauern-lato\\\/#primaryimage\"},\"thumbnailUrl\":\"https:\\\/\\\/www.salzburgerland.com\\\/pl\\\/wp-content\\\/uploads\\\/2020\\\/02\\\/trailrunning-4_obertauern-scaled.jpg\",\"datePublished\":\"2020-02-29T12:59:42+00:00\",\"dateModified\":\"2025-10-15T12:34:38+00:00\",\"description\":\"Lato w Obertauern to wakacje z rodzin\u0105, w\u0119dr\u00f3wki i kolarstwo g\u00f3rskie, Stoneman Taurista i kolejki transportuj\u0105ce w g\u00f3ry w\u00f3zki, rowery i psy.\",\"inLanguage\":\"pl-PL\",\"potentialAction\":[{\"@type\":\"ReadAction\",\"target\":[\"https:\\\/\\\/www.salzburgerland.com\\\/pl\\\/obertauern-lato\\\/\"]}]},{\"@type\":\"ImageObject\",\"inLanguage\":\"pl-PL\",\"@id\":\"https:\\\/\\\/www.salzburgerland.com\\\/pl\\\/obertauern-lato\\\/#primaryimage\",\"url\":\"https:\\\/\\\/www.salzburgerland.com\\\/pl\\\/wp-content\\\/uploads\\\/2020\\\/02\\\/trailrunning-4_obertauern-scaled.jpg\",\"contentUrl\":\"https:\\\/\\\/www.salzburgerland.com\\\/pl\\\/wp-content\\\/uploads\\\/2020\\\/02\\\/trailrunning-4_obertauern-scaled.jpg\",\"width\":1920,\"height\":1277,\"caption\":\"Lorenz Masser Fotografie, Lorenz Masser\"},{\"@type\":\"WebSite\",\"@id\":\"https:\\\/\\\/www.salzburgerland.com\\\/pl\\\/#website\",\"url\":\"https:\\\/\\\/www.salzburgerland.com\\\/pl\\\/\",\"name\":\"SalzburgerLand.com\",\"description\":\"Urlop Salzburg : hotele : turystyka Ziemia Salzburska : kultura : rodzinny urlop Ziemia Salzburska : informacja turystyczna : noclegi Austria : aktywny wypoczynek\",\"potentialAction\":[{\"@type\":\"SearchAction\",\"target\":{\"@type\":\"EntryPoint\",\"urlTemplate\":\"https:\\\/\\\/www.salzburgerland.com\\\/pl\\\/?s={search_term_string}\"},\"query-input\":{\"@type\":\"PropertyValueSpecification\",\"valueRequired\":true,\"valueName\":\"search_term_string\"}}],\"inLanguage\":\"pl-PL\"}]}<\/script>\n<meta property=\"og:video\" content=\"https:\/\/www.youtube.com\/embed\/StUmeoXbSks\" \/>\n<meta property=\"og:video:type\" content=\"text\/html\" \/>\n<meta property=\"og:video:duration\" content=\"31\" \/>\n<meta property=\"og:video:width\" content=\"480\" \/>\n<meta property=\"og:video:height\" content=\"270\" \/>\n<meta property=\"ya:ovs:adult\" content=\"false\" \/>\n<meta property=\"ya:ovs:upload_date\" content=\"2020-02-29T12:59:42+00:00\" \/>\n<meta property=\"ya:ovs:allow_embed\" content=\"true\" \/>\n<!-- \/ Yoast SEO Premium plugin. -->","yoast_head_json":{"title":"Lato w Obertauern na Ziemi Salzburskiej","description":"Lato w Obertauern to wakacje z rodzin\u0105, w\u0119dr\u00f3wki i kolarstwo g\u00f3rskie, Stoneman Taurista i kolejki transportuj\u0105ce w g\u00f3ry w\u00f3zki, rowery i psy.","robots":{"index":"index","follow":"follow","max-snippet":"max-snippet:-1","max-image-preview":"max-image-preview:large","max-video-preview":"max-video-preview:-1"},"canonical":"https:\/\/www.salzburgerland.com\/pl\/obertauern-lato\/","og_locale":"pl_PL","og_type":"article","og_title":"Lato w Obertauern","og_description":"To znaczy, \u017ce sp\u0119dzasz sw\u00f3j urolp w\u00a0Obertauern. Tutejsze okolicznee g\u00f3ry zachwycaj\u0105 dzieci i doros\u0142ych. Urlopowicz\u00f3w i mieszka\u0144c\u00f3w regionu. Osoby","og_url":"https:\/\/www.salzburgerland.com\/pl\/obertauern-lato\/","og_site_name":"SalzburgerLand.com","article_publisher":"https:\/\/www.facebook.com\/visitsalzburgerland\/","article_modified_time":"2025-10-15T12:34:38+00:00","og_image":[{"width":1200,"height":675,"url":"https:\/\/www.salzburgerland.com\/pl\/wp-content\/uploads\/2020\/02\/trailrunning-4_obertauern-1200x675.jpg","type":"image\/jpeg"}],"twitter_card":"summary_large_image","twitter_site":"@salzburgerland","twitter_misc":{"Szacowany czas czytania":"7 minut"},"schema":{"@context":"https:\/\/schema.org","@graph":[{"@type":"WebPage","@id":"https:\/\/www.salzburgerland.com\/pl\/obertauern-lato\/","url":"https:\/\/www.salzburgerland.com\/pl\/obertauern-lato\/","name":"Lato w Obertauern na Ziemi Salzburskiej","isPartOf":{"@id":"https:\/\/www.salzburgerland.com\/pl\/#website"},"primaryImageOfPage":{"@id":"https:\/\/www.salzburgerland.com\/pl\/obertauern-lato\/#primaryimage"},"image":{"@id":"https:\/\/www.salzburgerland.com\/pl\/obertauern-lato\/#primaryimage"},"thumbnailUrl":"https:\/\/www.salzburgerland.com\/pl\/wp-content\/uploads\/2020\/02\/trailrunning-4_obertauern-scaled.jpg","datePublished":"2020-02-29T12:59:42+00:00","dateModified":"2025-10-15T12:34:38+00:00","description":"Lato w Obertauern to wakacje z rodzin\u0105, w\u0119dr\u00f3wki i kolarstwo g\u00f3rskie, Stoneman Taurista i kolejki transportuj\u0105ce w g\u00f3ry w\u00f3zki, rowery i psy.","inLanguage":"pl-PL","potentialAction":[{"@type":"ReadAction","target":["https:\/\/www.salzburgerland.com\/pl\/obertauern-lato\/"]}]},{"@type":"ImageObject","inLanguage":"pl-PL","@id":"https:\/\/www.salzburgerland.com\/pl\/obertauern-lato\/#primaryimage","url":"https:\/\/www.salzburgerland.com\/pl\/wp-content\/uploads\/2020\/02\/trailrunning-4_obertauern-scaled.jpg","contentUrl":"https:\/\/www.salzburgerland.com\/pl\/wp-content\/uploads\/2020\/02\/trailrunning-4_obertauern-scaled.jpg","width":1920,"height":1277,"caption":"Lorenz Masser Fotografie, Lorenz Masser"},{"@type":"WebSite","@id":"https:\/\/www.salzburgerland.com\/pl\/#website","url":"https:\/\/www.salzburgerland.com\/pl\/","name":"SalzburgerLand.com","description":"Urlop Salzburg : hotele : turystyka Ziemia Salzburska : kultura : rodzinny urlop Ziemia Salzburska : informacja turystyczna : noclegi Austria : aktywny wypoczynek","potentialAction":[{"@type":"SearchAction","target":{"@type":"EntryPoint","urlTemplate":"https:\/\/www.salzburgerland.com\/pl\/?s={search_term_string}"},"query-input":{"@type":"PropertyValueSpecification","valueRequired":true,"valueName":"search_term_string"}}],"inLanguage":"pl-PL"}]},"og_video":"https:\/\/www.youtube.com\/embed\/StUmeoXbSks","og_video_type":"text\/html","og_video_duration":"31","og_video_width":"480","og_video_height":"270","ya_ovs_adult":"false","ya_ovs_upload_date":"2020-02-29T12:59:42+00:00","ya_ovs_allow_embed":"true"},"_wl_alt_label":[],"wl:entity_url":"http:\/\/open.salzburgerland.com\/pl\/post\/lato_w_obertauern","_links":{"self":[{"href":"https:\/\/www.salzburgerland.com\/pl\/wp-json\/wp\/v2\/entities\/5882","targetHints":{"allow":["GET"]}}],"collection":[{"href":"https:\/\/www.salzburgerland.com\/pl\/wp-json\/wp\/v2\/entities"}],"about":[{"href":"https:\/\/www.salzburgerland.com\/pl\/wp-json\/wp\/v2\/types\/entity"}],"author":[{"embeddable":true,"href":"https:\/\/www.salzburgerland.com\/pl\/wp-json\/wp\/v2\/users\/4"}],"replies":[{"embeddable":true,"href":"https:\/\/www.salzburgerland.com\/pl\/wp-json\/wp\/v2\/comments?post=5882"}],"version-history":[{"count":7,"href":"https:\/\/www.salzburgerland.com\/pl\/wp-json\/wp\/v2\/entities\/5882\/revisions"}],"predecessor-version":[{"id":26514,"href":"https:\/\/www.salzburgerland.com\/pl\/wp-json\/wp\/v2\/entities\/5882\/revisions\/26514"}],"wp:featuredmedia":[{"embeddable":true,"href":"https:\/\/www.salzburgerland.com\/pl\/wp-json\/wp\/v2\/media\/9275"}],"wp:attachment":[{"href":"https:\/\/www.salzburgerland.com\/pl\/wp-json\/wp\/v2\/media?parent=5882"}],"wp:term":[{"taxonomy":"category","embeddable":true,"href":"https:\/\/www.salzburgerland.com\/pl\/wp-json\/wp\/v2\/categories?post=5882"},{"taxonomy":"post_tag","embeddable":true,"href":"https:\/\/www.salzburgerland.com\/pl\/wp-json\/wp\/v2\/tags?post=5882"},{"taxonomy":"wl_entity_type","embeddable":true,"href":"https:\/\/www.salzburgerland.com\/pl\/wp-json\/wp\/v2\/wl_entity_type?post=5882"}],"curies":[{"name":"wp","href":"https:\/\/api.w.org\/{rel}","templated":true}]}}