{"id":4568,"date":"2019-09-07T23:38:20","date_gmt":"2019-09-07T21:38:20","guid":{"rendered":"https:\/\/www.salzburgerland.com\/pl\/?p=4568"},"modified":"2023-06-26T21:16:47","modified_gmt":"2023-06-26T19:16:47","slug":"schladming-dachstein-zima","status":"publish","type":"entity","link":"https:\/\/www.salzburgerland.com\/pl\/schladming-dachstein-zima\/","title":{"rendered":"Zima w Schladming-Dachstein"},"content":{"rendered":"<h2>Karuzela narciarska \u0142\u0105cz\u0105ca cztery g\u00f3ry \u2013 region <a href=\"https:\/\/www.schladming-dachstein.at\/en\/holiday-activities\/winter\/skiing\/Our-Ski-Resorts\" target=\"_blank\" rel=\"noopener noreferrer\">Schladming-Dachstein<\/a><\/h2>\n<h3><strong>Hauser Kaibling: najpi\u0119kniejsze stoki<\/strong><\/h3>\n<p>Hauser Kaibling to g\u00f3ra po\u0142o\u017cona we wschodniej cz\u0119\u015bci \u201ekaruzeli czterech g\u00f3r\u201d Dysponuje dostateczn\u0105 ilo\u015bci\u0105 miejsc parkingowych, jest zatem idealnym miejscem rozpocz\u0119cia karuzelowej zabawy. \u201eNajpi\u0119kniejsze stoki narciarskie\u201c to nie tylko obietnice reklamowe, ale rzeczywisty stan rzeczy. Zaanga\u017cowana ekipa pracownik\u00f3w stok\u00f3w i nowoczesna flota ratrak\u00f3w odpowiedzialne s\u0105 za doskona\u0142e przygotowanie tras zjazdowych w stacji. Ratrakowanie stok\u00f3w jest tak staranne, \u017ce uchodzi za najlepsze w Austrii. Mi\u0142o\u015bnicy aktynej zimy maj\u0105 tu ponadto do dyspozycji nowy XXL Funslope, kt\u00f3ry gwarantuje mas\u0119 zabawy dla wszystkich bez wzgl\u0119du na wiek na bajecznych\u00a0 wysoko\u015bciach (1460 m n.p.m.).<\/p>\n<div id=\"attachment_18474\" style=\"width: 1180px\" class=\"wp-caption alignnone\"><img decoding=\"async\" aria-describedby=\"caption-attachment-18474\" class=\"size-1170_658 wp-image-18474\" src=\"https:\/\/cdn.salzburgerland.com\/pl\/wp-content\/uploads\/2019\/09\/369982-winterfotos_schladming-dachstein-3_-c-martin-huber-1170x658.jpg\" alt=\"\" width=\"1170\" height=\"658\" srcset=\"https:\/\/www.salzburgerland.com\/pl\/wp-content\/uploads\/2019\/09\/369982-winterfotos_schladming-dachstein-3_-c-martin-huber-1170x658.jpg 1170w, https:\/\/www.salzburgerland.com\/pl\/wp-content\/uploads\/2019\/09\/369982-winterfotos_schladming-dachstein-3_-c-martin-huber-1200x675.jpg 1200w\" sizes=\"(max-width: 1170px) 100vw, 1170px\"><p id=\"caption-attachment-18474\" class=\"wp-caption-text\">Na mi\u0142o\u015bnik\u00f3w bia\u0142ego szale\u0144stwa czekaj\u0105 w Schladming-Dachstein idealnie wyratrakowane stoki \u00a9 Schladming-Dachstein, Martin Huber<\/p><\/div>\n<h3><strong>Planai: \u015bladami \u015bwiatowej elity alpejczyk\u00f3w<\/strong><\/h3>\n<p>Szusowanie na stokach<span style=\"font-size: 16px;\"><a href=\"https:\/\/www.planai.at\/en\" target=\"_blank\" rel=\"noopener\"><strong> Planai<\/strong><\/a> to pod\u0105\u017canie \u015bladami, kt\u00f3re przetarli mistrzowie \u015bwiata<\/span><span style=\"font-size: 16px;\">. Planai zdoby\u0142a sobie mi\u0119dzynarodowe uznanie jako \u201eg\u00f3ra <\/span>mistrzostw<span style=\"font-size: 16px;\"> \u015bwiata<\/span><span style=\"font-size: 16px;\">\u201e, kiedy by\u0142a gospodarzem dw\u00f3ch <\/span>mistrzostw<span style=\"font-size: 16px;\"> \u015bwiata<\/span><span style=\"font-size: 16px;\"> w <\/span>narciarstwie alpejskim<span style=\"font-size: 16px;\"> w 2013 i 1982 roku. Ze zwi\u0105zanej z tymi wydarzeniami rozbudow\u0105 infrastruktury narciarskiej czerpi\u0105 do dzisiaj korzy\u015bci fani \u015bnie\u017cnych uciech. Pozosta\u0142y szerokie stoki<\/span><span style=\"font-size: 16px;\">, wysokiej wydajno\u015bci urz\u0105dzenia na\u015bnie\u017caj\u0105ce, nowoczesny budynek stacji dolnej (Planai Stadion) z \u201eOne-Stop-Shop\u201c, a tak\u017ce jeden z najnowocze\u015bniejszych gara\u017cy podziemnych w Europie<\/span><span style=\"font-size: 16px;\">.<\/span><\/p>\n<p><span style=\"background-color: rgba(46, 146, 255, 0.106);\">W roku 2020<\/span> na Planai oddany zosta\u0142 do u\u017cytku nowy 8-osobowy wyci\u0105g krzese\u0142kowy <a href=\"https:\/\/www.planai.at\/en\" target=\"_blank\" rel=\"noopener\"><strong>L\u00e4rchenkogelbahn<\/strong><\/a>, kt\u00f3ry zast\u0105pi\u0142 leciwego poprzednika. To obiekt wyci\u0105gowy transportuj\u0105cy najwi\u0119ksz\u0105 ilo\u015b\u0107 narciarzy, nie tylko na Planai, ale w ca\u0142ej \u201ekaruzeli czterech g\u00f3r\u201d. Obs\u0142uguje on trzy g\u0142\u00f3wne trasy zjazdowe\u00a0(Kraiterabfahrt, L\u00e4rchkogelabfahrt i tras\u0119 mistrzostw \u015bwiata) i stanowi \u0142\u0105cznik z wyci\u0105gami i stokami na szczycie Planai. Przepustowo\u015b\u0107 nowego obiektu wynsoi <strong>3,5 tys. narciarzy na godzin\u0119, <\/strong>co czyni go <strong>najbrdziej wydajnym w ca\u0142ej Styrii<\/strong><span>. Opr\u00f3cz komfortu, jaki oferuje, jego stacja i krzese\u0142ka zachwycaj\u0105 nowoczesnym dizajnem!<\/span><\/p>\n<div id=\"attachment_4592\" style=\"width: 1180px\" class=\"wp-caption alignnone\"><img decoding=\"async\" aria-describedby=\"caption-attachment-4592\" class=\"size-1170_658 wp-image-4592\" src=\"https:\/\/cdn.salzburgerland.com\/pl\/wp-content\/uploads\/2019\/09\/schladming_und_die_planai-photo-austria-1170x658.jpg\" alt=\"\" width=\"1170\" height=\"658\" srcset=\"https:\/\/www.salzburgerland.com\/pl\/wp-content\/uploads\/2019\/09\/schladming_und_die_planai-photo-austria-1170x658.jpg 1170w, https:\/\/www.salzburgerland.com\/pl\/wp-content\/uploads\/2019\/09\/schladming_und_die_planai-photo-austria-1200x675.jpg 1200w\" sizes=\"(max-width: 1170px) 100vw, 1170px\"><p id=\"caption-attachment-4592\" class=\"wp-caption-text\">Kurort narciarski Schladming i g\u00f3ra Planai \u00a9 Schladming-Dachstein, Martin Huber<\/p><\/div>\n<h3><strong>Hochwurzen: aktywny wypoczynek w dzie\u0144 i w nocy<\/strong><\/h3>\n<p>Supernowoczesna kolej kabinowa (10-osobowe kabiny) mo\u017ce przewozi\u0107 do 2500 os\u00f3b na godzin\u0119 na szczyt g\u00f3ry <a href=\"https:\/\/www.planai.at\/en\" target=\"_blank\" rel=\"noopener\"><strong>Hochwurzen<\/strong><\/a>. Na zr\u00f3\u017cnicowan\u0105 ofert\u0119 tej stacji narciarskiej \u201eodje\u017cd\u017caj\u0105\u201d nie tylko narciarze i snowboarderzy, ale tak\u017ce saneczkarze. I to nie tylko za dnia, ale tak\u017ce noc\u0105. Oddaj\u0105c do dyspozycji swoich go\u015bci stok \u201eHopsi\u201d, funslope oraz trasy zjazdowe o zr\u00f3\u017cnicownym stopniu trudno\u015bci g\u00f3ra Hochwurzen zyska\u0142a sobie popularno\u015b\u0107 jako familijny o\u015brodek narciarski.<\/p>\n\n\t\t\t<div id=\"4568-1\" class=\"gallery gallery-4568 gallery-columns-3 gallery-size-1170_658\" itemscope itemtype=\"http:\/\/schema.org\/ImageGallery\">\n\t\t\t\t<ul class=\"gallery-row gallery-col-3 gallery-clear\">\n\t\t\t\t\t<li class=\"gallery-item col-3\" itemprop=\"associatedMedia\" itemscope itemtype=\"http:\/\/schema.org\/ImageObject\">\n\t\t\t\t\t\t<div class=\"gallery-icon landscape\"><a href=\"https:\/\/www.salzburgerland.com\/pl\/wp-content\/uploads\/2019\/09\/335487-hochwurzen_3-c-georg-knaus-1920x1067.jpg\" title=\"Hochwurzen 3-c-georg-knaus\"><img decoding=\"async\" data-title=\"Hochwurzen \u00a9 Schladming-Dachstein,  Georg Knaus\" title=\"Hochwurzen \u00a9 Schladming-Dachstein,  Georg Knaus\" data-caption=\"Hochwurzen \u00a9 Schladming-Dachstein,  Georg Knaus\" width=\"1170\" height=\"658\" src=\"https:\/\/www.salzburgerland.com\/pl\/wp-content\/uploads\/2019\/09\/335487-hochwurzen_3-c-georg-knaus-1170x658.jpg\" class=\"attachment-1170_658 size-1170_658\" alt=\"Dw\u00f3ch narciarzy zje\u017cd\u017ca po za\u015bnie\u017conym stoku, podziwiaj\u0105c zapieraj\u0105ce dech w piersiach g\u00f3rskie widoki Zima w Schladming-Dachstein. (Powi\u0119kszony widok)\" srcset=\"https:\/\/www.salzburgerland.com\/pl\/wp-content\/uploads\/2019\/09\/335487-hochwurzen_3-c-georg-knaus-1170x658.jpg 1170w, https:\/\/www.salzburgerland.com\/pl\/wp-content\/uploads\/2019\/09\/335487-hochwurzen_3-c-georg-knaus-1200x675.jpg 1200w\" sizes=\"(max-width: 1170px) 100vw, 1170px\" aria-describedby=\"figcaption-4568-18468\" itemprop=\"thumbnail\"><\/a><\/div>\n\t\t\t\t\t\t<span id=\"figcaption-4568-18468\" class=\"gallery-caption\" itemprop=\"caption\"><span aria-hidden=\"true\">Hochwurzen \u00a9 Schladming-Dachstein,  Georg Knaus<\/span><\/span>\n\t\t\t\t\t<\/li>\n\t\t\t\t\t<li class=\"gallery-item col-3\" itemprop=\"associatedMedia\" itemscope itemtype=\"http:\/\/schema.org\/ImageObject\">\n\t\t\t\t\t\t<div class=\"gallery-icon landscape\"><a href=\"https:\/\/www.salzburgerland.com\/pl\/wp-content\/uploads\/2019\/09\/335488-hochwurzen_5-c-schladming-dachstein_georg-knaus-1920x1067.jpg\" title=\"335488-hochwurzen_5-c-schladming-dachstein_georg-knaus\"><img decoding=\"async\" data-title=\"Hochwurzen \u00a9 Schladming-Dachstein,  Georg Knaus\" title=\"Hochwurzen \u00a9 Schladming-Dachstein,  Georg Knaus\" data-caption=\"Hochwurzen \u00a9 Schladming-Dachstein,  Georg Knaus\" width=\"1170\" height=\"658\" src=\"https:\/\/www.salzburgerland.com\/pl\/wp-content\/uploads\/2019\/09\/335488-hochwurzen_5-c-schladming-dachstein_georg-knaus-1170x658.jpg\" class=\"attachment-1170_658 size-1170_658\" alt=\"Dw\u00f3ch narciarzy zje\u017cd\u017ca z o\u015bnie\u017conego stoku g\u00f3rskiego o wschodzie s\u0142o\u0144ca w Zima w Schladming-Dachstein. (Powi\u0119kszony widok)\" srcset=\"https:\/\/www.salzburgerland.com\/pl\/wp-content\/uploads\/2019\/09\/335488-hochwurzen_5-c-schladming-dachstein_georg-knaus-1170x658.jpg 1170w, https:\/\/www.salzburgerland.com\/pl\/wp-content\/uploads\/2019\/09\/335488-hochwurzen_5-c-schladming-dachstein_georg-knaus-1200x675.jpg 1200w\" sizes=\"(max-width: 1170px) 100vw, 1170px\" aria-describedby=\"figcaption-4568-18469\" itemprop=\"thumbnail\"><\/a><\/div>\n\t\t\t\t\t\t<span id=\"figcaption-4568-18469\" class=\"gallery-caption\" itemprop=\"caption\"><span aria-hidden=\"true\">Hochwurzen \u00a9 Schladming-Dachstein,  Georg Knaus<\/span><\/span>\n\t\t\t\t\t<\/li>\n\t\t\t\t\t<li class=\"gallery-item col-3\" itemprop=\"associatedMedia\" itemscope itemtype=\"http:\/\/schema.org\/ImageObject\">\n\t\t\t\t\t\t<div class=\"gallery-icon landscape\"><a href=\"https:\/\/www.salzburgerland.com\/pl\/wp-content\/uploads\/2019\/09\/370571-hochwurzen6_schladming-dachstein-c-peter-burgstaller-1920x1067.jpg\" title=\"370571-hochwurzen6_schladming-dachstein-c-peter-burgstaller\"><img decoding=\"async\" data-title=\"Hochwurzen \u00a9 Schladming-Dachstein, Peter Burgstaller\" title=\"Hochwurzen \u00a9 Schladming-Dachstein, Peter Burgstaller\" data-caption=\"Hochwurzen \u00a9 Schladming-Dachstein, Peter Burgstaller\" width=\"1170\" height=\"658\" src=\"https:\/\/www.salzburgerland.com\/pl\/wp-content\/uploads\/2019\/09\/370571-hochwurzen6_schladming-dachstein-c-peter-burgstaller-1170x658.jpg\" class=\"attachment-1170_658 size-1170_658\" alt=\"Dwie osoby zje\u017cd\u017caj\u0105ce na nartach po za\u015bnie\u017conym stoku g\u00f3rskim w Zima w Schladming-Dachstein, g\u00f3ry w tle. (Powi\u0119kszony widok)\" srcset=\"https:\/\/www.salzburgerland.com\/pl\/wp-content\/uploads\/2019\/09\/370571-hochwurzen6_schladming-dachstein-c-peter-burgstaller-1170x658.jpg 1170w, https:\/\/www.salzburgerland.com\/pl\/wp-content\/uploads\/2019\/09\/370571-hochwurzen6_schladming-dachstein-c-peter-burgstaller-1200x675.jpg 1200w\" sizes=\"(max-width: 1170px) 100vw, 1170px\" aria-describedby=\"figcaption-4568-18470\" itemprop=\"thumbnail\"><\/a><\/div>\n\t\t\t\t\t\t<span id=\"figcaption-4568-18470\" class=\"gallery-caption\" itemprop=\"caption\"><span aria-hidden=\"true\">Hochwurzen \u00a9 Schladming-Dachstein, Peter Burgstaller<\/span><\/span>\n\t\t\t\t\t<\/li>\n\t\t\t\t<\/ul>\n\t\t\t<\/div><!-- .gallery -->\n\n<h3><strong>Reiteralm: mi\u0119dzynarodowy Z\u0142oty Znak Jako\u015bci Stok\u00f3w Narciarskich<\/strong><\/h3>\n<p>Stacja narciarska <a href=\"https:\/\/www.reiteralm.at\/en\" target=\"_blank\" rel=\"noopener\"><strong>Reiteralm<\/strong><\/a> le\u017cy po zachodniej stronie \u201ekaruzeli czterech g\u00f3r\u201d. W ubieg\u0142ych sezonach sta\u0142a si\u0119 g\u00f3r\u0105 treningow\u0105 \u015bwiatowej elity narciarstwa. W mi\u0119dzynarodwowych testach narciarskich otrzyma\u0142a, jako jedyna stacja narciarska w Europie, certyfikat jako\u015bci stok\u00f3w narciarskich \u201eTriple Gold\u201c. Z nowo za\u0142o\u017conym snowparkiem \u201eCrosspark Reiteralm\u201c oferuje ona innowacyjn\u0105 ofert\u0119 dodatkow\u0105, kt\u00f3ra cieszy si\u0119 zainteresowaniem zar\u00f3wno pocz\u0105tkuj\u0105cych, jak i profesjonalist\u00f3w.<\/p>\n<p>W tym sezonie na Reiteralm sfinalizowana zosta\u0142a inwestycja maj\u0105ca na celu poprawienie komfortu jazdy i powi\u0119kszenie stok\u00f3w narciarskich. Do u\u017cytku oddano nowy, komfortowy <a href=\"https:\/\/www.reiteralm.at\/en\/service\/unternehmen\/investitionen\/Schoberbahn\" target=\"_blank\" rel=\"noopener\"><strong>6-osobowy wyci\u0105g krzese\u0142kowy Schoberbahn<\/strong><\/a> z os\u0142onami od wiatru i \u015bniegu i ogrzewanymi siedzeniami. Nowoczesny, sportowy dizajn siedzisk zapewni narciarzom komfortow\u0105 jazd\u0119 z pi\u0119knym widokiem panoramicznym na szczyt g\u00f3ry Schober.\u00a0 Jako \u017ce trasa nowego wyci\u0105gu jest d\u0142u\u017csza od odcinka pokonywanego przez stary wyci\u0105g, mo\u017cna by\u0142o tak\u017cy powi\u0119kszy\u017a\u0107 stok narciarski o szerok\u0105, \u0142atw\u0105 tras\u0119 zjazdow\u0105 na dolnym odcinku, kt\u00f3ra pozwoli rodzinom z dzie\u0107mi i pocz\u0105tkuj\u0105cym na przyjemne szusowanie.<span>\u00a0<\/span><\/p>\n<div id=\"attachment_18476\" style=\"width: 1180px\" class=\"wp-caption alignnone\"><img decoding=\"async\" aria-describedby=\"caption-attachment-18476\" class=\"size-1170_658 wp-image-18476\" src=\"https:\/\/cdn.salzburgerland.com\/pl\/wp-content\/uploads\/2019\/09\/reiteralm_211-1200x675-1-1170x658.jpg\" alt=\"\" width=\"1170\" height=\"658\" srcset=\"https:\/\/www.salzburgerland.com\/pl\/wp-content\/uploads\/2019\/09\/reiteralm_211-1200x675-1-1170x658.jpg 1170w, https:\/\/www.salzburgerland.com\/pl\/wp-content\/uploads\/2019\/09\/reiteralm_211-1200x675-1-768x432.jpg 768w, https:\/\/www.salzburgerland.com\/pl\/wp-content\/uploads\/2019\/09\/reiteralm_211-1200x675-1.jpg 1200w\" sizes=\"(max-width: 1170px) 100vw, 1170px\"><p id=\"caption-attachment-18476\" class=\"wp-caption-text\">Bia\u0142e szale\u0144stwo na Reiteralm \u00a9 Schladming-Dachstein<\/p><\/div>\n<h2>Region narciarski dla rodzin<\/h2>\n<p><a href=\"https:\/\/www.schladming-dachstein.at\/en\/holiday-activities\/family\/winter-holidays\" target=\"_blank\" rel=\"noopener noreferrer\"><strong>Oferty dopasowane do potrzeb dzieci<\/strong><\/a> znacznie u\u0142atwiaj\u0105 pocz\u0105tki narciarskiej zabawy. W regionie Schladming-Dachstein rodziny korzystaj\u0105 z wielu atrakcji dla dzieci na stokach i \u201e\u015bnie\u017cnych \u0142\u0105czkach\u201d. Ponadto rodzice mog\u0105 powierzy\u0107 swoje pociechy profesjonalnym instruktorom 15 szk\u00f3\u0142ek narciarskich. Na o\u015bmiu rozleg\u0142ych i przystosowanych do potrzeb najm\u0142odszych stokach \u201eKalis Erlebnispisten\u201c w Ramsau am Dachstein dzieci wprowadzane s\u0105 w arkana sztuki szusowania przez weso\u0142\u0105 zabaw\u0119. W Pruggern na g\u00f3rze Galsterberg moluchy mog\u0105 si\u0119 zaznajomi\u0107 w wiosce celtyckiej z Galsterixem, Bottelix, Galami, Rzymianami i dzikami. Fageralm oferuje trzy dzieci\u0119ce szlaki narciarskie (\u201eTras\u0119 Wiking\u00f3w\u201c, \u201eLas Zwierz\u0105t Fagerwald\u201c i \u201eScie\u017ck\u0119 india\u0144sk\u0105\u201c) a tak\u017ce Krain\u0119 Eskimos\u00f3w przy dolnej stacji kolejki (z wielkim \u015bnie\u017cnym igloo, tunelem \u015bnie\u017cnym i figurami Eskimos\u00f3w). W ramach Postukawiania Skarb\u00f3w na Reiteralm nale\u017cy znale\u017a\u0107 schowane w \u015bniegu na ograniczonym terenie przy g\u00f3rnej stacji kolejki Silver Jet ma\u0142e szkatu\u0142ki z atrakcyjnymi nagrodami. Pierwsza w Austrii Dzieci\u0119ca\u00a0 Karuzela Narciarska na Riesneralm, na kt\u00f3r\u0105 sk\u0142adaj\u0105 si\u0119 5 wyci\u0105g\u00f3w i\u00a0 6 hektar\u00f3w stok\u00f3w wok\u00f3\u0142 \u201eKrispini-Geist\u201c, sprawia, \u017ce serca ma\u0142ych narciarzy bij\u0105 z emocji dwa razy szybciej. Dzieci\u0119ca kraina Planneralm zachwyca m\u0142odych narciarzy naturalnym \u015bniegiem, kt\u00f3rego jest tu 100% oraz pe\u0142nym niespodzianek Lasem Czarownic i Czar\u00f3w.<\/p>\n\n\t\t\t<div id=\"4568-2\" class=\"gallery gallery-4568 gallery-columns-3 gallery-size-1170_658\" itemscope itemtype=\"http:\/\/schema.org\/ImageGallery\">\n\t\t\t\t<ul class=\"gallery-row gallery-col-3 gallery-clear\">\n\t\t\t\t\t<li class=\"gallery-item col-3\" itemprop=\"associatedMedia\" itemscope itemtype=\"http:\/\/schema.org\/ImageObject\">\n\t\t\t\t\t\t<div class=\"gallery-icon landscape\"><a href=\"https:\/\/www.salzburgerland.com\/pl\/wp-content\/uploads\/2019\/09\/396465-walcheralm_dsc2115-1-c-peter-burgstaller-1920x1067.jpg\" title=\"396465-walcheralm_dsc2115-1--c-peter-burgstaller\"><img decoding=\"async\" data-title=\"Narty z dzie\u0107mi na Walcheralm \u00a9 Schladming-Dachstein, Peter Burgstaller\" title=\"Narty z dzie\u0107mi na Walcheralm \u00a9 Schladming-Dachstein, Peter Burgstaller\" data-caption=\"Narty z dzie\u0107mi na Walcheralm \u00a9 Schladming-Dachstein, Peter Burgstaller\" width=\"1170\" height=\"658\" src=\"https:\/\/www.salzburgerland.com\/pl\/wp-content\/uploads\/2019\/09\/396465-walcheralm_dsc2115-1-c-peter-burgstaller-1170x658.jpg\" class=\"attachment-1170_658 size-1170_658\" alt=\"Cztery osoby zje\u017cd\u017caj\u0105ce na nartach po o\u015bnie\u017conym stoku w Zima w Schladming-Dachstein z g\u00f3rami i jasnym s\u0142o\u0144cem za plecami. (Powi\u0119kszony widok)\" srcset=\"https:\/\/www.salzburgerland.com\/pl\/wp-content\/uploads\/2019\/09\/396465-walcheralm_dsc2115-1-c-peter-burgstaller-1170x658.jpg 1170w, https:\/\/www.salzburgerland.com\/pl\/wp-content\/uploads\/2019\/09\/396465-walcheralm_dsc2115-1-c-peter-burgstaller-1200x675.jpg 1200w\" sizes=\"(max-width: 1170px) 100vw, 1170px\" aria-describedby=\"figcaption-4568-18472\" itemprop=\"thumbnail\"><\/a><\/div>\n\t\t\t\t\t\t<span id=\"figcaption-4568-18472\" class=\"gallery-caption\" itemprop=\"caption\"><span aria-hidden=\"true\">Narty z dzie\u0107mi na Walcheralm \u00a9 Schladming-Dachstein, Peter Burgstaller<\/span><\/span>\n\t\t\t\t\t<\/li>\n\t\t\t\t\t<li class=\"gallery-item col-3\" itemprop=\"associatedMedia\" itemscope itemtype=\"http:\/\/schema.org\/ImageObject\">\n\t\t\t\t\t\t<div class=\"gallery-icon landscape\"><a href=\"https:\/\/www.salzburgerland.com\/pl\/wp-content\/uploads\/2019\/09\/walcheralm_ramsau-peter-burgstaller-1170x658-1-1.jpg\" title=\"walcheralm_ramsau-peter-burgstaller-1170x658 (1)\"><img decoding=\"async\" data-title=\"Bia\u0142e szale\u0144stwo dla maluch\u00f3w na Walcheralm w Ramsau \u00a9 Peter Burgstaller\" title=\"Bia\u0142e szale\u0144stwo dla maluch\u00f3w na Walcheralm w Ramsau \u00a9 Peter Burgstaller\" data-caption=\"Bia\u0142e szale\u0144stwo dla maluch\u00f3w na Walcheralm w Ramsau \u00a9 Peter Burgstaller\" width=\"1170\" height=\"658\" src=\"https:\/\/www.salzburgerland.com\/pl\/wp-content\/uploads\/2019\/09\/walcheralm_ramsau-peter-burgstaller-1170x658-1-1.jpg\" class=\"attachment-1170_658 size-1170_658\" alt=\"Tr\u00f3jka dzieci na nartach na o\u015bnie\u017conym stoku w Zima w Schladming-Dachstein, z g\u00f3rami i domkami za nimi. (Powi\u0119kszony widok)\" srcset=\"https:\/\/www.salzburgerland.com\/pl\/wp-content\/uploads\/2019\/09\/walcheralm_ramsau-peter-burgstaller-1170x658-1-1.jpg 1170w, https:\/\/www.salzburgerland.com\/pl\/wp-content\/uploads\/2019\/09\/walcheralm_ramsau-peter-burgstaller-1170x658-1-1-768x432.jpg 768w\" sizes=\"(max-width: 1170px) 100vw, 1170px\" aria-describedby=\"figcaption-4568-8562\" itemprop=\"thumbnail\"><\/a><\/div>\n\t\t\t\t\t\t<span id=\"figcaption-4568-8562\" class=\"gallery-caption\" itemprop=\"caption\"><span aria-hidden=\"true\">Bia\u0142e szale\u0144stwo dla maluch\u00f3w na Walcheralm w Ramsau \u00a9 Peter Burgstaller<\/span><\/span>\n\t\t\t\t\t<\/li>\n\t\t\t\t\t<li class=\"gallery-item col-3\" itemprop=\"associatedMedia\" itemscope itemtype=\"http:\/\/schema.org\/ImageObject\">\n\t\t\t\t\t\t<div class=\"gallery-icon landscape\"><a href=\"https:\/\/www.salzburgerland.com\/pl\/wp-content\/uploads\/2019\/09\/walcheralm_2272peter-burgstaller-1920x1067-1.jpg\" title=\"walcheralm_2272peter-burgstaller-1920x1067\"><img decoding=\"async\" data-title=\"Walcheralm \u00a9 Peter Burgstaller\" title=\"Walcheralm \u00a9 Peter Burgstaller\" data-caption=\"Walcheralm \u00a9 Peter Burgstaller\" width=\"1170\" height=\"658\" src=\"https:\/\/www.salzburgerland.com\/pl\/wp-content\/uploads\/2019\/09\/walcheralm_2272peter-burgstaller-1920x1067-1-1170x658.jpg\" class=\"attachment-1170_658 size-1170_658\" alt=\"Czteroosobowa rodzina je\u017adzi razem na nartach na za\u015bnie\u017conym stoku w Zima w Schladming-Dachstein, g\u00f3ry i domek za nimi. (Powi\u0119kszony widok)\" srcset=\"https:\/\/www.salzburgerland.com\/pl\/wp-content\/uploads\/2019\/09\/walcheralm_2272peter-burgstaller-1920x1067-1-1170x658.jpg 1170w, https:\/\/www.salzburgerland.com\/pl\/wp-content\/uploads\/2019\/09\/walcheralm_2272peter-burgstaller-1920x1067-1-1200x675.jpg 1200w\" sizes=\"(max-width: 1170px) 100vw, 1170px\" aria-describedby=\"figcaption-4568-8564\" itemprop=\"thumbnail\"><\/a><\/div>\n\t\t\t\t\t\t<span id=\"figcaption-4568-8564\" class=\"gallery-caption\" itemprop=\"caption\"><span aria-hidden=\"true\">Walcheralm \u00a9 Peter Burgstaller<\/span><\/span>\n\t\t\t\t\t<\/li>\n\t\t\t\t<\/ul>\n\t\t\t<\/div><!-- .gallery -->\n\n<p><strong>Hopsi-Express<\/strong><\/p>\n<p>Dzi\u0119ki windzie jad\u0105cej po uko\u015bnym, mierz\u0105cym 211 metr\u00f3w torze, powsta\u0142o na Planai sta\u0142e po\u0142\u0105czenie m\u0119dzy dzieci\u0119c\u0105 krain\u0105 \u201eHopsiland\u201d przy schronisku M\u00e4rchenwiesenh\u00fctte i g\u00f3rn\u0105 stacj\u0142 koleji kinowej na Planai. Nowy Hopsi-Express mo\u017ce przewozi\u0107 320 os\u00f3b na godzin\u0119. Rodziny z dzie\u0107mi dotr\u0105 nim szybko, bezpiecznie i swobodnie do teren\u00f3w idealnych na \u0107wiczenie pierwszych skr\u0119t\u00f3w i jazdy p\u0142ugiem na \u015bniegu.<\/p>\n<div id=\"attachment_18475\" style=\"width: 1180px\" class=\"wp-caption alignnone\"><img decoding=\"async\" aria-describedby=\"caption-attachment-18475\" class=\"size-1170_658 wp-image-18475\" src=\"https:\/\/cdn.salzburgerland.com\/pl\/wp-content\/uploads\/2019\/09\/0-12-c-planai-hochwurzen-bahnen-_-christine-hoflehner-1920x1067-1-1170x658.jpg\" alt=\"\" width=\"1170\" height=\"658\" srcset=\"https:\/\/www.salzburgerland.com\/pl\/wp-content\/uploads\/2019\/09\/0-12-c-planai-hochwurzen-bahnen-_-christine-hoflehner-1920x1067-1-1170x658.jpg 1170w, https:\/\/www.salzburgerland.com\/pl\/wp-content\/uploads\/2019\/09\/0-12-c-planai-hochwurzen-bahnen-_-christine-hoflehner-1920x1067-1-1200x675.jpg 1200w\" sizes=\"(max-width: 1170px) 100vw, 1170px\"><p id=\"caption-attachment-18475\" class=\"wp-caption-text\">Planai Hochwurzen dla najm\u0142odszych narciarzy \u00a9 Christine H\u00f6flehner<\/p><\/div>\n<h2>Narciarstwo biegowe i sporty norweskie<\/h2>\n<p>W regionie Schladming-Dachstein pierwszorz\u0119dna, mierz\u0105ca <strong>435 km sie\u0107 tras do uprawiania <a href=\"https:\/\/www.schladming-dachstein.at\/en\/holiday-activities\/winter\/cross-country-skiing\" target=\"_blank\" rel=\"noopener noreferrer\">narciarstwa biegowego<\/a><\/strong> daje okazje do rozkoszowania si\u0119 tym sportem.\u00a0 Miejscowo\u015b\u0107 Ramsau am Dachstein zalicza si\u0119 do najpopularniejszych destynacji narciarstwa biegowego w Alpach. Nowo\u015bci\u0105 jest\u00a0 2,3-kilometrowa, okr\u0119\u017cna trasa <strong>Kulmberg-Rundloipe<\/strong> w Ramsau am Dachstein. Opr\u00f3cz doskona\u0142ych warunk\u00f3w \u015bniegowych posiada ona niebywa\u0142e walory widokowe.<\/p>\n\n\t\t\t<div id=\"4568-3\" class=\"gallery gallery-4568 gallery-columns-3 gallery-size-1170_658\" itemscope itemtype=\"http:\/\/schema.org\/ImageGallery\">\n\t\t\t\t<ul class=\"gallery-row gallery-col-3 gallery-clear\">\n\t\t\t\t\t<li class=\"gallery-item col-3\" itemprop=\"associatedMedia\" itemscope itemtype=\"http:\/\/schema.org\/ImageObject\">\n\t\t\t\t\t\t<div class=\"gallery-icon landscape\"><a href=\"https:\/\/www.salzburgerland.com\/pl\/wp-content\/uploads\/2019\/09\/langlaufen_ramsau_dsc1981-cschladming-dachstein_peter-burgstaller-1920x1067.jpg\" title=\"Langlaufen_Ramsau_DSC1981 (c)Schladming-Dachstein_Peter Burgstaller\"><img decoding=\"async\" data-title=\"Na tutejszych trasach biegowych spotykaj\u0105 si\u0119 amatorzy i profesjonali\u015bci \u00a9 Schladming-Dachstein, Peter Burgstaller\" title=\"Na tutejszych trasach biegowych spotykaj\u0105 si\u0119 amatorzy i profesjonali\u015bci \u00a9 Schladming-Dachstein, Peter Burgstaller\" data-caption=\"Na tutejszych trasach biegowych spotykaj\u0105 si\u0119 amatorzy i profesjonali\u015bci \u00a9 Schladming-Dachstein, Peter Burgstaller\" width=\"1170\" height=\"658\" src=\"https:\/\/www.salzburgerland.com\/pl\/wp-content\/uploads\/2019\/09\/langlaufen_ramsau_dsc1981-cschladming-dachstein_peter-burgstaller-1170x658.jpg\" class=\"attachment-1170_658 size-1170_658\" alt=\"Osoba uprawiaj\u0105ca narciarstwo biegowe na przygotowanej za\u015bnie\u017conej trasie w Zima w Schladming-Dachstein, za ni\u0105 g\u00f3ry i drzewa. (Powi\u0119kszony widok)\" srcset=\"https:\/\/www.salzburgerland.com\/pl\/wp-content\/uploads\/2019\/09\/langlaufen_ramsau_dsc1981-cschladming-dachstein_peter-burgstaller-1170x658.jpg 1170w, https:\/\/www.salzburgerland.com\/pl\/wp-content\/uploads\/2019\/09\/langlaufen_ramsau_dsc1981-cschladming-dachstein_peter-burgstaller-1200x675.jpg 1200w\" sizes=\"(max-width: 1170px) 100vw, 1170px\" aria-describedby=\"figcaption-4568-8576\" itemprop=\"thumbnail\"><\/a><\/div>\n\t\t\t\t\t\t<span id=\"figcaption-4568-8576\" class=\"gallery-caption\" itemprop=\"caption\"><span aria-hidden=\"true\">Na tutejszych trasach biegowych spotykaj\u0105 si\u0119 amatorzy i profesjonali\u015bci \u00a9 Schladming-Dachstein, Peter Burgstaller<\/span><\/span>\n\t\t\t\t\t<\/li>\n\t\t\t\t\t<li class=\"gallery-item col-3\" itemprop=\"associatedMedia\" itemscope itemtype=\"http:\/\/schema.org\/ImageObject\">\n\t\t\t\t\t\t<div class=\"gallery-icon landscape\"><a href=\"https:\/\/www.salzburgerland.com\/pl\/wp-content\/uploads\/2019\/09\/schladming-dachstein_peter-burgstaller-1170x658-1.jpeg\" title=\"-schladming-dachstein_peter-burgstaller-1170x658 (1)\"><img decoding=\"async\" data-title=\"\u00a9 Schladming-Dachstein, Peter Burgstaller\" title=\"\u00a9 Schladming-Dachstein, Peter Burgstaller\" data-caption=\"\u00a9 Schladming-Dachstein, Peter Burgstaller\" width=\"1170\" height=\"658\" src=\"https:\/\/www.salzburgerland.com\/pl\/wp-content\/uploads\/2019\/09\/schladming-dachstein_peter-burgstaller-1170x658-1.jpeg\" class=\"attachment-1170_658 size-1170_658\" alt=\"Dwie osoby na nartach biegowych na za\u015bnie\u017conej trasie w Zima w Schladming-Dachstein, otoczone g\u00f3rami i drzewami. (Powi\u0119kszony widok)\" srcset=\"https:\/\/www.salzburgerland.com\/pl\/wp-content\/uploads\/2019\/09\/schladming-dachstein_peter-burgstaller-1170x658-1.jpeg 1170w, https:\/\/www.salzburgerland.com\/pl\/wp-content\/uploads\/2019\/09\/schladming-dachstein_peter-burgstaller-1170x658-1-768x432.jpeg 768w\" sizes=\"(max-width: 1170px) 100vw, 1170px\" aria-describedby=\"figcaption-4568-8577\" itemprop=\"thumbnail\"><\/a><\/div>\n\t\t\t\t\t\t<span id=\"figcaption-4568-8577\" class=\"gallery-caption\" itemprop=\"caption\"><span aria-hidden=\"true\">\u00a9 Schladming-Dachstein, Peter Burgstaller<\/span><\/span>\n\t\t\t\t\t<\/li>\n\t\t\t\t\t<li class=\"gallery-item col-3\" itemprop=\"associatedMedia\" itemscope itemtype=\"http:\/\/schema.org\/ImageObject\">\n\t\t\t\t\t\t<div class=\"gallery-icon landscape\"><a href=\"https:\/\/www.salzburgerland.com\/pl\/wp-content\/uploads\/2019\/09\/mathaeus-gartner-1-1170x658-1.jpeg\" title=\"-mathaeus-gartner-1-1170x658\"><img decoding=\"async\" data-title=\"\u00a9 Schladming-Dachstein, Math\u00e4us Gartner\" title=\"\u00a9 Schladming-Dachstein, Math\u00e4us Gartner\" data-caption=\"\u00a9 Schladming-Dachstein, Math\u00e4us Gartner\" width=\"1170\" height=\"658\" src=\"https:\/\/www.salzburgerland.com\/pl\/wp-content\/uploads\/2019\/09\/mathaeus-gartner-1-1170x658-1.jpeg\" class=\"attachment-1170_658 size-1170_658\" alt=\"Narciarz wspina si\u0119 po o\u015bnie\u017conym stoku g\u00f3rskim w Zima w Schladming-Dachstein, pod jasnym s\u0142o\u0144cem i czystym b\u0142\u0119kitnym niebem. (Powi\u0119kszony widok)\" srcset=\"https:\/\/www.salzburgerland.com\/pl\/wp-content\/uploads\/2019\/09\/mathaeus-gartner-1-1170x658-1.jpeg 1170w, https:\/\/www.salzburgerland.com\/pl\/wp-content\/uploads\/2019\/09\/mathaeus-gartner-1-1170x658-1-768x432.jpeg 768w\" sizes=\"(max-width: 1170px) 100vw, 1170px\" aria-describedby=\"figcaption-4568-8578\" itemprop=\"thumbnail\"><\/a><\/div>\n\t\t\t\t\t\t<span id=\"figcaption-4568-8578\" class=\"gallery-caption\" itemprop=\"caption\"><span aria-hidden=\"true\">\u00a9 Schladming-Dachstein, Math\u00e4us Gartner<\/span><\/span>\n\t\t\t\t\t<\/li>\n\t\t\t\t<\/ul>\n\t\t\t<\/div><!-- .gallery -->\n\n<h2><strong>Szusowanie ze smakiem<\/strong><\/h2>\n<p><strong>Oferta kulinarna<\/strong> w stacjach narciarskich regionu Schladming-Dachstein zalicza si\u0119 do najlepszych w Alpach. Wyprawa przez 4 g\u00f3ry dla mi\u0142o\u015bnik\u00f3w dobrej kuchni oferuje opr\u00f3cz atrakcji kulinarnych najpi\u0119kniejsze trasy zjazdowe Karuzeli Czterech G\u00f3r. \u201ePrzez \u017co\u0142\u0105dek do serca\u201c przedzieraj\u0105 si\u0119 gospodarze wszystkich <strong><a href=\"https:\/\/www.schladming-dachstein.at\/en\/holiday-activities\/culinary-art\/restaurants-more\/winter-huts-lodges\" target=\"_blank\" rel=\"noopener noreferrer\">100 schronisk narciarskich<\/a><\/strong> w czterech stacjach narciarskich Regionu Schladming-Dachstein. Przez zr\u00f3\u017cnicowan\u0105 ofert\u0119 kulinarn\u0105, w\u015br\u00f3d kt\u00f3rej znajd\u0105 si\u0119 przysmaki na ka\u017cdy gust. Urlopowicze oczekuj\u0105 po alpejskiej gastronomi czego\u015b wi\u0119cej, ni\u017c tylko sznycla po wiede\u0144sku\u00a0 czy kie\u0142basek z frytkami. Kuchnia schronisk g\u00f3rskich regionu Schladming-Dachstein przyrz\u0105dzaj\u0105 autentyczne dania na podstawie tradycyjnych przepis\u00f3w \u2013 od po\u017cywnej zupy, poprzez pikantne p\u0105czki z oryginalnym styryjskim serem po \u015bwie\u017cy strudel domowej roboty. W regionie wypoczynkowym Schladming-Dachstein na pierszy plan wysuwa si\u0119 \u201estyryjski styl \u017cycia\u201c i serdeczno\u015b\u0107 i osobiste spotkania z gospodarzami. To te\u017c pokazuje 96 tradycyjnych schronisk narciarskich z obs\u0142ug\u0105.<\/p>\n\n\t\t\t<div id=\"4568-4\" class=\"gallery gallery-4568 gallery-columns-3 gallery-size-1170_658\" itemscope itemtype=\"http:\/\/schema.org\/ImageGallery\">\n\t\t\t\t<ul class=\"gallery-row gallery-col-3 gallery-clear\">\n\t\t\t\t\t<li class=\"gallery-item col-3\" itemprop=\"associatedMedia\" itemscope itemtype=\"http:\/\/schema.org\/ImageObject\">\n\t\t\t\t\t\t<div class=\"gallery-icon landscape\"><a href=\"https:\/\/www.salzburgerland.com\/pl\/wp-content\/uploads\/2019\/09\/kulinarik-mainshot_3000x1699peter-burgstaller-1920x1067.jpg\" title=\"Kulinarik-Mainshot_3000x1699\u00a9Peter Burgstaller\"><img decoding=\"async\" data-title=\"Zima ze smakiem \u00a9 Schladming-Dachstein, Peter Burgstaller\" title=\"Zima ze smakiem \u00a9 Schladming-Dachstein, Peter Burgstaller\" data-caption=\"Zima ze smakiem \u00a9 Schladming-Dachstein, Peter Burgstaller\" width=\"1170\" height=\"658\" src=\"https:\/\/www.salzburgerland.com\/pl\/wp-content\/uploads\/2019\/09\/kulinarik-mainshot_3000x1699peter-burgstaller-1170x658.jpg\" class=\"attachment-1170_658 size-1170_658\" alt=\"Dwie osoby siedz\u0105 przy drewnianym stole na zewn\u0105trz za\u015bnie\u017conego domku, ciesz\u0105c si\u0119 zim\u0105 w Schladming-Dachstein. (Powi\u0119kszony widok)\" srcset=\"https:\/\/www.salzburgerland.com\/pl\/wp-content\/uploads\/2019\/09\/kulinarik-mainshot_3000x1699peter-burgstaller-1170x658.jpg 1170w, https:\/\/www.salzburgerland.com\/pl\/wp-content\/uploads\/2019\/09\/kulinarik-mainshot_3000x1699peter-burgstaller-1200x675.jpg 1200w\" sizes=\"(max-width: 1170px) 100vw, 1170px\" aria-describedby=\"figcaption-4568-9313\" itemprop=\"thumbnail\"><\/a><\/div>\n\t\t\t\t\t\t<span id=\"figcaption-4568-9313\" class=\"gallery-caption\" itemprop=\"caption\"><span aria-hidden=\"true\">Zima ze smakiem \u00a9 Schladming-Dachstein, Peter Burgstaller<\/span><\/span>\n\t\t\t\t\t<\/li>\n\t\t\t\t\t<li class=\"gallery-item col-3\" itemprop=\"associatedMedia\" itemscope itemtype=\"http:\/\/schema.org\/ImageObject\">\n\t\t\t\t\t\t<div class=\"gallery-icon landscape\"><a href=\"https:\/\/www.salzburgerland.com\/pl\/wp-content\/uploads\/2019\/09\/kulinarik-sideshot-4_3000x2075peter-burgstaller-1920x1067.jpg\" title=\"Kulinarik-Sideshot-4_3000x2075\u00a9Peter Burgstaller\"><img decoding=\"async\" data-title=\"Smaczna przerwa w szusowaniu \u00a9 Schladming-Dachstein, Peter Burgstaller\" title=\"Smaczna przerwa w szusowaniu \u00a9 Schladming-Dachstein, Peter Burgstaller\" data-caption=\"Smaczna przerwa w szusowaniu \u00a9 Schladming-Dachstein, Peter Burgstaller\" width=\"1170\" height=\"658\" src=\"https:\/\/www.salzburgerland.com\/pl\/wp-content\/uploads\/2019\/09\/kulinarik-sideshot-4_3000x2075peter-burgstaller-1170x658.jpg\" class=\"attachment-1170_658 size-1170_658\" alt=\"U\u015bmiechni\u0119ta para delektuje si\u0119 drinkami w przytulnej kabinie, delektuj\u0105c si\u0119 razem Zima w Schladming-Dachstein. (Powi\u0119kszony widok)\" srcset=\"https:\/\/www.salzburgerland.com\/pl\/wp-content\/uploads\/2019\/09\/kulinarik-sideshot-4_3000x2075peter-burgstaller-1170x658.jpg 1170w, https:\/\/www.salzburgerland.com\/pl\/wp-content\/uploads\/2019\/09\/kulinarik-sideshot-4_3000x2075peter-burgstaller-1200x675.jpg 1200w\" sizes=\"(max-width: 1170px) 100vw, 1170px\" aria-describedby=\"figcaption-4568-9314\" itemprop=\"thumbnail\"><\/a><\/div>\n\t\t\t\t\t\t<span id=\"figcaption-4568-9314\" class=\"gallery-caption\" itemprop=\"caption\"><span aria-hidden=\"true\">Smaczna przerwa w szusowaniu \u00a9 Schladming-Dachstein, Peter Burgstaller<\/span><\/span>\n\t\t\t\t\t<\/li>\n\t\t\t\t\t<li class=\"gallery-item col-3\" itemprop=\"associatedMedia\" itemscope itemtype=\"http:\/\/schema.org\/ImageObject\">\n\t\t\t\t\t\t<div class=\"gallery-icon landscape\"><a href=\"https:\/\/www.salzburgerland.com\/pl\/wp-content\/uploads\/2019\/09\/quellbodenhtte-peter-burgstaller-1200x675-1.jpg\" title=\"quellbodenhtte-peter-burgstaller-1200x675\"><img decoding=\"async\" data-title=\"Styryjskie przysmaki najlepiej smakuj\u0105 na \u015bwie\u017cym powietrzu. Schronisko Quellbodenh\u00fctte \u00a9 SalzburgerLand Tourismus, Peter Burgstaller\" title=\"Styryjskie przysmaki najlepiej smakuj\u0105 na \u015bwie\u017cym powietrzu. Schronisko Quellbodenh\u00fctte \u00a9 SalzburgerLand Tourismus, Peter Burgstaller\" data-caption=\"Styryjskie przysmaki najlepiej smakuj\u0105 na \u015bwie\u017cym powietrzu. Schronisko Quellbodenh\u00fctte \u00a9 SalzburgerLand Tourismus, Peter Burgstaller\" width=\"1170\" height=\"658\" src=\"https:\/\/www.salzburgerland.com\/pl\/wp-content\/uploads\/2019\/09\/quellbodenhtte-peter-burgstaller-1200x675-1-1170x658.jpg\" class=\"attachment-1170_658 size-1170_658\" alt=\"U\u015bmiechni\u0119ta kobieta w tradycyjnym stroju serwuje jedzenie przed za\u015bnie\u017conym alpejskim domkiem w Zima w Schladming-Dachstein. (Powi\u0119kszony widok)\" srcset=\"https:\/\/www.salzburgerland.com\/pl\/wp-content\/uploads\/2019\/09\/quellbodenhtte-peter-burgstaller-1200x675-1-1170x658.jpg 1170w, https:\/\/www.salzburgerland.com\/pl\/wp-content\/uploads\/2019\/09\/quellbodenhtte-peter-burgstaller-1200x675-1-768x432.jpg 768w, https:\/\/www.salzburgerland.com\/pl\/wp-content\/uploads\/2019\/09\/quellbodenhtte-peter-burgstaller-1200x675-1.jpg 1200w\" sizes=\"(max-width: 1170px) 100vw, 1170px\" aria-describedby=\"figcaption-4568-18477\" itemprop=\"thumbnail\"><\/a><\/div>\n\t\t\t\t\t\t<span id=\"figcaption-4568-18477\" class=\"gallery-caption\" itemprop=\"caption\"><span aria-hidden=\"true\">Styryjskie przysmaki najlepiej smakuj\u0105 na \u015bwie\u017cym powietrzu. Schronisko Quellbodenh\u00fctte \u00a9 SalzburgerLand Tourismus, Peter Burgstaller<\/span><\/span>\n\t\t\t\t\t<\/li>\n\t\t\t\t<\/ul>\n\t\t\t<\/div><!-- .gallery -->\n\n<h2><strong>Kulinarne walory regionu<\/strong><\/h2>\n<p>W Ski amad\u00e9 czeka na narciarzy wiele rozkoszy kulinarnych. W jaki spos\u00f3b mo\u017cna si\u0119 w nich rozsmakowa\u0107? Bardzo prosty. Nale\u017cy trzyma\u0107 si\u0119 kulinarnych tras narciarskich, opisanych w nowej aplikacji \u201eSki amad\u00e9 Guide\u201c. Ka\u017cdy region posiada co najmniej dwie takie trasy, ka\u017cda po\u015bwi\u0119cona innemu tematowi. W Schladming-Dachstein na smakoszy czekaj\u0105 <a href=\"https:\/\/www.skiamade.com\/en\/Winter\/Taste\/Ejoyment-Ski-Routes\" target=\"_blank\" rel=\"noopener\"><strong>trzy kulinarne<\/strong><\/a><strong>szlaki narciarskie<\/strong>, gdzie do polecanych schronisk dotrzemy tylko na nartach. <a href=\"https:\/\/www.skiamade.com\/en\/Winter\/Taste\/4-Mountains-4-Treats_tour_438100\" target=\"_blank\" rel=\"noopener\">Na jednym z nich<\/a> mi\u0142o\u015bnicy i mi\u0142o\u015bniczki bia\u0142ego szale\u0144stwa mog\u0105 spr\u00f3bowa\u0107 3 r\u00f3\u017cnych przysmak\u00f3w w 3 r\u00f3\u017cnych schroniskach na 3 r\u00f3\u017cnych g\u00f3rach, szusuj\u0105c w 4 stacjach narciarskich.\u00a0 Na Reiteralm (w schronisku Schnepfnalm) dostan\u0105 \u015bniadanie z\u00a0widokiem na lodowiec. Na Planai w schroisku Schafalm posil\u0105 si\u0119 stekiem wo\u0142owym w sosie pieprzowym z krokietami, warzywami i lampk\u0105 wina.\u00a0 Na koniec dotr\u0105 do schroniska AlmArenA na Hauser Kaibling, gdzie czeka s\u0142odki styryjski podwieczorek: omlet cesarski z musem jab\u0142kowym. Wszystko to dost\u0119pne jest, rzecz jasna, w wesji wegetaria\u0144skiej.<\/p>\n<div id=\"attachment_8572\" style=\"width: 1180px\" class=\"wp-caption alignnone\"><img decoding=\"async\" aria-describedby=\"caption-attachment-8572\" class=\"wp-image-8572 size-1170_658\" src=\"https:\/\/cdn.salzburgerland.com\/pl\/wp-content\/uploads\/2019\/09\/reiteralm_274-1170x658.jpg\" alt=\"\" width=\"1170\" height=\"658\" srcset=\"https:\/\/www.salzburgerland.com\/pl\/wp-content\/uploads\/2019\/09\/reiteralm_274-1170x658.jpg 1170w, https:\/\/www.salzburgerland.com\/pl\/wp-content\/uploads\/2019\/09\/reiteralm_274-1200x675.jpg 1200w\" sizes=\"(max-width: 1170px) 100vw, 1170px\"><p id=\"caption-attachment-8572\" class=\"wp-caption-text\">Na Reiteralm \u00a9 Schladming-Dachstein<\/p><\/div>\n<p>Kto chce korzysta\u0107 z bia\u0142ego szale\u0144stwa tak po styryjsku, powinien si\u0119 uda\u0107 na drug\u0105 tras\u0119 kulinarn\u0105 <a href=\"https:\/\/www.skiamade.com\/en\/Winter\/Taste\/Styrian-tour_tour_438113\" target=\"_blank\" rel=\"noopener\"><strong>\u201eSteirische Genussroute\u201c<\/strong><\/a><strong>.<\/strong> Tutaj je\u017adzimy na nartach \u015bladami styryjskich przysmak\u00f3w. Ostatnia z tras \u2013 <a href=\"https:\/\/www.skiamade.com\/en\/Winter\/Taste\/Schladming-Dachstein-Gourmet-Tour_tour_20387784\" target=\"_blank\" rel=\"noopener\"><strong>\u201eSchladming-Dachstein Genussreise\u201d<\/strong><\/a> \u2013 zaopatrzy nas podczas bia\u0142ego szale\u0144stwa w \u015bniadanie, lunch i podwieczorek typowe dla regionu. I dosatrczy potrzebnej do uprawiania sportu, smacznej energii.<\/p>\n<div id=\"attachment_4586\" style=\"width: 1180px\" class=\"wp-caption alignnone\"><img decoding=\"async\" aria-describedby=\"caption-attachment-4586\" class=\"wp-image-4586 size-1170_658\" src=\"https:\/\/cdn.salzburgerland.com\/pl\/wp-content\/uploads\/2019\/09\/hochwurzenhtte-mathus_gartner-1170x658.jpg\" alt=\"\" width=\"1170\" height=\"658\" srcset=\"https:\/\/www.salzburgerland.com\/pl\/wp-content\/uploads\/2019\/09\/hochwurzenhtte-mathus_gartner-1170x658.jpg 1170w, https:\/\/www.salzburgerland.com\/pl\/wp-content\/uploads\/2019\/09\/hochwurzenhtte-mathus_gartner-1200x675.jpg 1200w\" sizes=\"(max-width: 1170px) 100vw, 1170px\"><p id=\"caption-attachment-4586\" class=\"wp-caption-text\">Schronisko Hochwurzenalm \u00a9 Math\u00e4us Gartner<\/p><\/div>\n<h3>PROJEKT KULINARNY<span>\u00a0<\/span><a href=\"https:\/\/www.schladming-dachstein.at\/pl\/sztuka-kulinarna\/projekt-kulinarny-Almkulinarik\" target=\"_blank\" rel=\"noopener\">POD PATRONATEM RICHARDA RAUCHA<\/a><\/h3>\n<p>A gdyby tak wybra\u0107 si\u0119 na narty, nie tylko w celu wyszusowania si\u0119 po wszystkie czasy, ale tak\u017ce poznania kuchni mistrz\u00f3w?<span>\u00a0<\/span><span>Gwiazda szuki kulinarnej, <strong>Richard Rauch<\/strong>, rekomendowany przez presti\u017cowy przewodnik <strong>Gault Millau<\/strong> i okrzykni\u0119ty w 2017 roku Kucharzem Roku, stworzy\u0142 projekt, do kt\u00f3rego przy\u0142\u0105czy\u0142o si\u0119 15 schronisk narciarskich i tradycyjnych\u00a0 bac\u00f3wek. Oferuj\u0105 one przez ca\u0142y sezon narciarski jedno danie z repertuaru Raucha, a amatorzy bia\u0142ego szale\u0144stwa mog\u0105 szusowa\u0107 codziennie inn\u0105 trasa by pozna\u0107 to bogactwo kulinarne codziennie w innym schronisku.<\/span><\/p>\n<h2><strong>Ski amad\u00e9 \u2013 made my day<\/strong><\/h2>\n<p>Dni przyg\u00f3d z momentami zapieraj\u0105cymi dech w piersi. Wymarzony dzie\u0144 na nartach. Jeden szczeg\u00f3lny moment za drugim. Ciekawi ludzie, niezapomniane przy\u017cycia. To s\u0105 w\u0142a\u015bnie oferty <a href=\"https:\/\/www.schladming-dachstein.at\/en\/winter\/ski-alpin\/Made-my-day\" target=\"_blank\" rel=\"noopener\"><strong>\u201eSki amad\u00e9 \u2013 made my day\u201c<\/strong><\/a>. Jednego dnia na stoku oferowane s\u0105 ekskluzywne prze\u017cycia. W ma\u0142ych grupach do maksymalnie 12 uczestnik\u00f3w zbieramy najwi\u0119ksze atrakcje. Towarzyszy nam w tym w ka\u017cdym przypadku przewodnik narciarski. W Schladming-Dachsteinoferowane s\u0105 trzy takie pakiety:<\/p>\n<ul>\n<li><strong>Dachstein Adventure<\/strong> \u2013 to dzie\u0144 na najwy\u017cszej g\u00f3rze Styrii, odwiedziny wisz\u0105cego mostu, Pa\u0142acu Lodowego i \u201eschod\u00f3w do nik\u0105d\u201d na Dachsteinie, \u015bniadanie w restauracji z panoram\u0105 Alp i freeride przez Edelgrie\u00df<\/li>\n<li><strong>Narty i jog<\/strong>a \u2013 ten pakiet \u0142\u0105czy atrakcje kulinarne, bia\u0142e szale\u0144stwo i jog\u0119 na stoku narciarskim<\/li>\n<li><strong>Wyprawa na Cztery G\u00f3ry dla Pa\u0144<\/strong> \u2013 \u015bniadanie z szampanem na Reiteralm, joga narciarska na Hochwurzen oraz lunch w schronisku Kessleralm na Planai. Na koniec odpr\u0119\u017cenie w SPA w czteogwiazdkowym hotelu, le\u017c\u0105cym tu\u017c przy stoku narciarskim.<\/li>\n<\/ul>\n<div id=\"attachment_4589\" style=\"width: 1180px\" class=\"wp-caption alignnone\"><img decoding=\"async\" aria-describedby=\"caption-attachment-4589\" class=\"wp-image-4589 size-1170_658\" src=\"https:\/\/cdn.salzburgerland.com\/pl\/wp-content\/uploads\/2019\/09\/hngebrcke-dachsteingletscher-david-mcconaghy-1170x658.jpg\" alt=\"\" width=\"1170\" height=\"658\" srcset=\"https:\/\/www.salzburgerland.com\/pl\/wp-content\/uploads\/2019\/09\/hngebrcke-dachsteingletscher-david-mcconaghy-1170x658.jpg 1170w, https:\/\/www.salzburgerland.com\/pl\/wp-content\/uploads\/2019\/09\/hngebrcke-dachsteingletscher-david-mcconaghy-1200x675.jpg 1200w\" sizes=\"(max-width: 1170px) 100vw, 1170px\"><p id=\"caption-attachment-4589\" class=\"wp-caption-text\">Wisz\u0105cy most na lodowcu Dachstein \u00a9 David McConaghy<\/p><\/div>\n<h3>Zimowa zabawa TAK, ale \u201ez g\u0142ow\u0105\u201d<\/h3>\n<p>Ka\u017cdy, kto wybiera si\u0119 zim\u0105 z g\u00f3ry, powinien zapozna\u0107 si\u0119 z <a href=\"https:\/\/www.salzburgerland.com\/pl\/bezpieczenstwo-w-gorach-zima\/\" target=\"_blank\" rel=\"noopener noreferrer\"><strong>podstawowymi zasadami bezpiecze\u0144stwa<\/strong><\/a> i bezwzgl\u0119dnie ich przestrzega\u0107. Tylko wtedy urlop b\u0119dzie beztroski i niezapomniany!<\/p>\n","protected":false},"excerpt":{"rendered":"<p>Karuzela narciarska \u0142\u0105cz\u0105ca cztery g\u00f3ry \u2013 region Schladming-Dachstein Hauser Kaibling: najpi\u0119kniejsze stoki Hauser Kaibling to g\u00f3ra po\u0142o\u017cona we wschodniej cz\u0119\u015bci \u201ekaruzeli czterech g\u00f3r\u201d Dysponuje dostateczn\u0105 ilo\u015bci\u0105 miejsc parkingowych, jest zatem idealnym miejscem rozpocz\u0119cia karuzelowej zabawy. \u201eNajpi\u0119kniejsze stoki narciarskie\u201c to nie tylko obietnice reklamowe, ale rzeczywisty stan rzeczy. Zaanga\u017cowana ekipa pracownik\u00f3w stok\u00f3w i nowoczesna flota ratrak\u00f3w [&hellip;]<\/p>\n","protected":false},"author":4,"featured_media":18465,"comment_status":"closed","ping_status":"closed","template":"","meta":{"_acf_changed":false,"wl_entities_gutenberg":"","_relevanssi_hide_post":"","_relevanssi_hide_content":"","_relevanssi_pin_for_all":"","_relevanssi_pin_keywords":"","_relevanssi_unpin_keywords":"","_relevanssi_related_keywords":"","_relevanssi_related_include_ids":"","_relevanssi_related_exclude_ids":"","_relevanssi_related_no_append":"","_relevanssi_related_not_related":"","_relevanssi_related_posts":"","_relevanssi_noindex_reason":"","footnotes":""},"categories":[1],"tags":[],"wl_entity_type":[2],"class_list":["post-4568","entity","type-entity","status-publish","has-post-thumbnail","hentry","category-uncategorized","wl_entity_type-thing","sitetype-theme"],"acf":[],"yoast_head":"<!-- This site is optimized with the Yoast SEO Premium plugin v27.4 (Yoast SEO v27.4) - https:\/\/yoast.com\/product\/yoast-seo-premium-wordpress\/ -->\n<title>Zima w Schladming-Dachstein \u00bb SalzburgerLand.com<\/title>\n<meta name=\"robots\" content=\"index, follow, max-snippet:-1, max-image-preview:large, max-video-preview:-1\" \/>\n<link rel=\"canonical\" href=\"https:\/\/www.salzburgerland.com\/pl\/schladming-dachstein-zima\/\" \/>\n<meta property=\"og:locale\" content=\"pl_PL\" \/>\n<meta property=\"og:type\" content=\"article\" \/>\n<meta property=\"og:title\" content=\"Zima w Schladming-Dachstein\" \/>\n<meta property=\"og:description\" content=\"Karuzela narciarska \u0142\u0105cz\u0105ca cztery g\u00f3ry - region Schladming-Dachstein Hauser Kaibling: najpi\u0119kniejsze stoki Hauser Kaibling to g\u00f3ra po\u0142o\u017cona we wschodniej\" \/>\n<meta property=\"og:url\" content=\"https:\/\/www.salzburgerland.com\/pl\/schladming-dachstein-zima\/\" \/>\n<meta property=\"og:site_name\" content=\"SalzburgerLand.com\" \/>\n<meta property=\"article:publisher\" content=\"https:\/\/www.facebook.com\/visitsalzburgerland\/\" \/>\n<meta property=\"article:modified_time\" content=\"2023-06-26T19:16:47+00:00\" \/>\n<meta property=\"og:image\" content=\"https:\/\/www.salzburgerland.com\/pl\/wp-content\/uploads\/2019\/09\/skifahren-hochwurzen-peter-burgstaller-1920x658-1-1200x658.jpg\" \/>\n\t<meta property=\"og:image:width\" content=\"1200\" \/>\n\t<meta property=\"og:image:height\" content=\"658\" \/>\n\t<meta property=\"og:image:type\" content=\"image\/jpeg\" \/>\n<meta name=\"twitter:card\" content=\"summary_large_image\" \/>\n<meta name=\"twitter:site\" content=\"@salzburgerland\" \/>\n<meta name=\"twitter:label1\" content=\"Szacowany czas czytania\" \/>\n\t<meta name=\"twitter:data1\" content=\"11 minut\" \/>\n<script type=\"application\/ld+json\" class=\"yoast-schema-graph\">{\"@context\":\"https:\\\/\\\/schema.org\",\"@graph\":[{\"@type\":\"WebPage\",\"@id\":\"https:\\\/\\\/www.salzburgerland.com\\\/pl\\\/schladming-dachstein-zima\\\/\",\"url\":\"https:\\\/\\\/www.salzburgerland.com\\\/pl\\\/schladming-dachstein-zima\\\/\",\"name\":\"Zima w Schladming-Dachstein \u00bb SalzburgerLand.com\",\"isPartOf\":{\"@id\":\"https:\\\/\\\/www.salzburgerland.com\\\/pl\\\/#website\"},\"primaryImageOfPage\":{\"@id\":\"https:\\\/\\\/www.salzburgerland.com\\\/pl\\\/schladming-dachstein-zima\\\/#primaryimage\"},\"image\":{\"@id\":\"https:\\\/\\\/www.salzburgerland.com\\\/pl\\\/schladming-dachstein-zima\\\/#primaryimage\"},\"thumbnailUrl\":\"https:\\\/\\\/www.salzburgerland.com\\\/pl\\\/wp-content\\\/uploads\\\/2019\\\/09\\\/skifahren-hochwurzen-peter-burgstaller-1920x658-1.jpg\",\"datePublished\":\"2019-09-07T21:38:20+00:00\",\"dateModified\":\"2023-06-26T19:16:47+00:00\",\"description\":\"Karuzela narciarska kr\u0105\u017c\u0105ca wok\u00f3\u0142 czterech g\u00f3r w Schladming-Dachstein, w zrzeszeniu region\u00f3w Ski amad\u00e9, \u0142\u0105czy 4 popularne stacje narciarskie, tworz\u0105c jedyn\u0105 tego rodzaju ofert\u0119 na terenie Austrii. Dodatkow\u0105 atrakcj\u0105 jest stacja narciarska na lodowcu.\",\"inLanguage\":\"pl-PL\",\"potentialAction\":[{\"@type\":\"ReadAction\",\"target\":[\"https:\\\/\\\/www.salzburgerland.com\\\/pl\\\/schladming-dachstein-zima\\\/\"]}]},{\"@type\":\"ImageObject\",\"inLanguage\":\"pl-PL\",\"@id\":\"https:\\\/\\\/www.salzburgerland.com\\\/pl\\\/schladming-dachstein-zima\\\/#primaryimage\",\"url\":\"https:\\\/\\\/www.salzburgerland.com\\\/pl\\\/wp-content\\\/uploads\\\/2019\\\/09\\\/skifahren-hochwurzen-peter-burgstaller-1920x658-1.jpg\",\"contentUrl\":\"https:\\\/\\\/www.salzburgerland.com\\\/pl\\\/wp-content\\\/uploads\\\/2019\\\/09\\\/skifahren-hochwurzen-peter-burgstaller-1920x658-1.jpg\",\"width\":1920,\"height\":658,\"caption\":\"Szusowanie na Hochwurzen w Schladming-Dachstein \u00a9 Schladming-Dachstein, Peter Burgstaller\"},{\"@type\":\"WebSite\",\"@id\":\"https:\\\/\\\/www.salzburgerland.com\\\/pl\\\/#website\",\"url\":\"https:\\\/\\\/www.salzburgerland.com\\\/pl\\\/\",\"name\":\"SalzburgerLand.com\",\"description\":\"Urlop Salzburg : hotele : turystyka Ziemia Salzburska : kultura : rodzinny urlop Ziemia Salzburska : informacja turystyczna : noclegi Austria : aktywny wypoczynek\",\"potentialAction\":[{\"@type\":\"SearchAction\",\"target\":{\"@type\":\"EntryPoint\",\"urlTemplate\":\"https:\\\/\\\/www.salzburgerland.com\\\/pl\\\/?s={search_term_string}\"},\"query-input\":{\"@type\":\"PropertyValueSpecification\",\"valueRequired\":true,\"valueName\":\"search_term_string\"}}],\"inLanguage\":\"pl-PL\"}]}<\/script>\n<meta property=\"og:video\" content=\"https:\/\/www.youtube.com\/embed\/B0QlkYxPy5c\" \/>\n<meta property=\"og:video:type\" content=\"text\/html\" \/>\n<meta property=\"og:video:duration\" content=\"94\" \/>\n<meta property=\"og:video:width\" content=\"480\" \/>\n<meta property=\"og:video:height\" content=\"270\" \/>\n<meta property=\"ya:ovs:adult\" content=\"false\" \/>\n<meta property=\"ya:ovs:upload_date\" content=\"2019-09-07T21:38:20+00:00\" \/>\n<meta property=\"ya:ovs:allow_embed\" content=\"true\" \/>\n<!-- \/ Yoast SEO Premium plugin. -->","yoast_head_json":{"title":"Zima w Schladming-Dachstein \u00bb SalzburgerLand.com","robots":{"index":"index","follow":"follow","max-snippet":"max-snippet:-1","max-image-preview":"max-image-preview:large","max-video-preview":"max-video-preview:-1"},"canonical":"https:\/\/www.salzburgerland.com\/pl\/schladming-dachstein-zima\/","og_locale":"pl_PL","og_type":"article","og_title":"Zima w Schladming-Dachstein","og_description":"Karuzela narciarska \u0142\u0105cz\u0105ca cztery g\u00f3ry - region Schladming-Dachstein Hauser Kaibling: najpi\u0119kniejsze stoki Hauser Kaibling to g\u00f3ra po\u0142o\u017cona we wschodniej","og_url":"https:\/\/www.salzburgerland.com\/pl\/schladming-dachstein-zima\/","og_site_name":"SalzburgerLand.com","article_publisher":"https:\/\/www.facebook.com\/visitsalzburgerland\/","article_modified_time":"2023-06-26T19:16:47+00:00","og_image":[{"width":1200,"height":658,"url":"https:\/\/www.salzburgerland.com\/pl\/wp-content\/uploads\/2019\/09\/skifahren-hochwurzen-peter-burgstaller-1920x658-1-1200x658.jpg","type":"image\/jpeg"}],"twitter_card":"summary_large_image","twitter_site":"@salzburgerland","twitter_misc":{"Szacowany czas czytania":"11 minut"},"schema":{"@context":"https:\/\/schema.org","@graph":[{"@type":"WebPage","@id":"https:\/\/www.salzburgerland.com\/pl\/schladming-dachstein-zima\/","url":"https:\/\/www.salzburgerland.com\/pl\/schladming-dachstein-zima\/","name":"Zima w Schladming-Dachstein \u00bb SalzburgerLand.com","isPartOf":{"@id":"https:\/\/www.salzburgerland.com\/pl\/#website"},"primaryImageOfPage":{"@id":"https:\/\/www.salzburgerland.com\/pl\/schladming-dachstein-zima\/#primaryimage"},"image":{"@id":"https:\/\/www.salzburgerland.com\/pl\/schladming-dachstein-zima\/#primaryimage"},"thumbnailUrl":"https:\/\/www.salzburgerland.com\/pl\/wp-content\/uploads\/2019\/09\/skifahren-hochwurzen-peter-burgstaller-1920x658-1.jpg","datePublished":"2019-09-07T21:38:20+00:00","dateModified":"2023-06-26T19:16:47+00:00","description":"Karuzela narciarska kr\u0105\u017c\u0105ca wok\u00f3\u0142 czterech g\u00f3r w Schladming-Dachstein, w zrzeszeniu region\u00f3w Ski amad\u00e9, \u0142\u0105czy 4 popularne stacje narciarskie, tworz\u0105c jedyn\u0105 tego rodzaju ofert\u0119 na terenie Austrii. Dodatkow\u0105 atrakcj\u0105 jest stacja narciarska na lodowcu.","inLanguage":"pl-PL","potentialAction":[{"@type":"ReadAction","target":["https:\/\/www.salzburgerland.com\/pl\/schladming-dachstein-zima\/"]}]},{"@type":"ImageObject","inLanguage":"pl-PL","@id":"https:\/\/www.salzburgerland.com\/pl\/schladming-dachstein-zima\/#primaryimage","url":"https:\/\/www.salzburgerland.com\/pl\/wp-content\/uploads\/2019\/09\/skifahren-hochwurzen-peter-burgstaller-1920x658-1.jpg","contentUrl":"https:\/\/www.salzburgerland.com\/pl\/wp-content\/uploads\/2019\/09\/skifahren-hochwurzen-peter-burgstaller-1920x658-1.jpg","width":1920,"height":658,"caption":"Szusowanie na Hochwurzen w Schladming-Dachstein \u00a9 Schladming-Dachstein, Peter Burgstaller"},{"@type":"WebSite","@id":"https:\/\/www.salzburgerland.com\/pl\/#website","url":"https:\/\/www.salzburgerland.com\/pl\/","name":"SalzburgerLand.com","description":"Urlop Salzburg : hotele : turystyka Ziemia Salzburska : kultura : rodzinny urlop Ziemia Salzburska : informacja turystyczna : noclegi Austria : aktywny wypoczynek","potentialAction":[{"@type":"SearchAction","target":{"@type":"EntryPoint","urlTemplate":"https:\/\/www.salzburgerland.com\/pl\/?s={search_term_string}"},"query-input":{"@type":"PropertyValueSpecification","valueRequired":true,"valueName":"search_term_string"}}],"inLanguage":"pl-PL"}]},"og_video":"https:\/\/www.youtube.com\/embed\/B0QlkYxPy5c","og_video_type":"text\/html","og_video_duration":"94","og_video_width":"480","og_video_height":"270","ya_ovs_adult":"false","ya_ovs_upload_date":"2019-09-07T21:38:20+00:00","ya_ovs_allow_embed":"true"},"_wl_alt_label":[],"wl:entity_url":"http:\/\/open.salzburgerland.com\/pl\/post\/zima_w_schladming-dachstein","_links":{"self":[{"href":"https:\/\/www.salzburgerland.com\/pl\/wp-json\/wp\/v2\/entities\/4568","targetHints":{"allow":["GET"]}}],"collection":[{"href":"https:\/\/www.salzburgerland.com\/pl\/wp-json\/wp\/v2\/entities"}],"about":[{"href":"https:\/\/www.salzburgerland.com\/pl\/wp-json\/wp\/v2\/types\/entity"}],"author":[{"embeddable":true,"href":"https:\/\/www.salzburgerland.com\/pl\/wp-json\/wp\/v2\/users\/4"}],"replies":[{"embeddable":true,"href":"https:\/\/www.salzburgerland.com\/pl\/wp-json\/wp\/v2\/comments?post=4568"}],"version-history":[{"count":5,"href":"https:\/\/www.salzburgerland.com\/pl\/wp-json\/wp\/v2\/entities\/4568\/revisions"}],"predecessor-version":[{"id":8182,"href":"https:\/\/www.salzburgerland.com\/pl\/wp-json\/wp\/v2\/entities\/4568\/revisions\/8182"}],"wp:featuredmedia":[{"embeddable":true,"href":"https:\/\/www.salzburgerland.com\/pl\/wp-json\/wp\/v2\/media\/18465"}],"wp:attachment":[{"href":"https:\/\/www.salzburgerland.com\/pl\/wp-json\/wp\/v2\/media?parent=4568"}],"wp:term":[{"taxonomy":"category","embeddable":true,"href":"https:\/\/www.salzburgerland.com\/pl\/wp-json\/wp\/v2\/categories?post=4568"},{"taxonomy":"post_tag","embeddable":true,"href":"https:\/\/www.salzburgerland.com\/pl\/wp-json\/wp\/v2\/tags?post=4568"},{"taxonomy":"wl_entity_type","embeddable":true,"href":"https:\/\/www.salzburgerland.com\/pl\/wp-json\/wp\/v2\/wl_entity_type?post=4568"}],"curies":[{"name":"wp","href":"https:\/\/api.w.org\/{rel}","templated":true}]}}