{"id":4468,"date":"2019-09-06T19:59:25","date_gmt":"2019-09-06T17:59:25","guid":{"rendered":"https:\/\/www.salzburgerland.com\/pl\/?p=4468"},"modified":"2022-06-27T00:38:30","modified_gmt":"2022-06-26T22:38:30","slug":"salzburski-swiat-sportu-zima","status":"publish","type":"entity","link":"https:\/\/www.salzburgerland.com\/pl\/salzburski-swiat-sportu-zima\/","title":{"rendered":"Zima w Salzburskim \u015awiecie Sportu"},"content":{"rendered":"<p><strong>Salzburski \u015awiat Sportu<\/strong> stanowi serce najwi\u0119kszego w Austrii karnetowego zrzeszenia region\u00f3w narciarskich, wyst\u0119puj\u0105cego pod nazw\u0105 <strong>Ski amad\u00e9<\/strong>, a oferuj\u0105cego \u0142\u0105cznie\u00a0 <strong>760 km nartostrad<\/strong> i <strong>270 kolejek linowych i wyci\u0105g\u00f3w narciarskich<\/strong>. Tereny te zaliczaj\u0105 si\u0119 do najnowocze\u015bniejszych \u201ekaruzel narciarskich\u201d w Alpach.<\/p>\n<h3>Bia\u0142e szale\u0144stwa od A jak Altenmarkt do Z jak Zauchensee<\/h3>\n<p>Wraz z otwarciem kolei gondolowej <strong>\u201ePanorama Link\u201d<\/strong> w samym centrum Ski amad\u00e9 znalaz\u0142a urzeczywistnienie rosn\u0105ca od dawna wizja. Ta supernowoczesna kolej zawieszona na wys. 1800 m n.p.m. ma d\u0142. 3 km i \u0142\u0105czy stacje narciarskie <strong>Flachau, Wagrain, St. Johann, Kleinarl, Flachauwinkl i Zauchensee <\/strong>Dzi\u0119ki niej fani sport\u00f3w zimowych mog\u0105 szusowa\u0107 do woli po <strong>210 km po\u0142\u0105czonych ze sob\u0105 nartostrad<\/strong>, prowadz\u0105cych przez <strong>12 szczyt\u00f3w i 5 dolin<\/strong>. Dzi\u0119ki nowej kolei fani nart mog\u0105 si\u0119 cieszy\u0107 na now\u0105 atrakcj\u0119w sezonie 2020\/21, kt\u00f3r\u0105 jest okr\u0119\u017cny szlak narciarski <strong>\u201e12 Peaks Trophy\u201c<\/strong> o d\u0142. <strong>91,5 km.<\/strong> i\u00a0<strong>10 ty\u015b. m przewy\u017cszenia<\/strong>. Wytrwali i wysportowani pokonaj\u0105 szlak w jeden dzie\u0144, ale nic nie stoi na przeszkodzie, aby roz\u0142o\u017cy\u0107 go na dwa lub wi\u0119cej dni. Dzi\u0119ki niemu Salzburski \u015awiat Sportu zyskuje dodatkow\u0105 atrakcj\u0119, kt\u00f3ra stawia go w\u015br\u00f3d alpejskich o\u015brodk\u00f3w zimowych o najbogatszej i najbardziej zr\u00f3\u017cnicowanej ofercie.<\/p>\n\n\t\t\t<div id=\"4468-1\" class=\"gallery gallery-4468 gallery-columns-3 gallery-size-1170_658\" itemscope itemtype=\"http:\/\/schema.org\/ImageGallery\">\n\t\t\t\t<ul class=\"gallery-row gallery-col-3 gallery-clear\">\n\t\t\t\t\t<li class=\"gallery-item col-3\" itemprop=\"associatedMedia\" itemscope itemtype=\"http:\/\/schema.org\/ImageObject\">\n\t\t\t\t\t\t<div class=\"gallery-icon landscape\"><a href=\"https:\/\/www.salzburgerland.com\/pl\/wp-content\/uploads\/2019\/09\/schnee-schnee-salzburger-sportwelt-tom-lamm-1-1920x1067-1.jpg\" title=\"schnee---schnee---salzburger-sportwelt-tom-lamm-1-1920x1067\"><img decoding=\"async\" data-title=\"\u00a9 Salzburger Sportwelt, Tom Lamm\" title=\"\u00a9 Salzburger Sportwelt, Tom Lamm\" data-caption=\"\u00a9 Salzburger Sportwelt, Tom Lamm\" width=\"1170\" height=\"658\" src=\"https:\/\/www.salzburgerland.com\/pl\/wp-content\/uploads\/2019\/09\/schnee-schnee-salzburger-sportwelt-tom-lamm-1-1920x1067-1-1170x658.jpg\" class=\"attachment-1170_658 size-1170_658\" alt=\"Osoba w zimowym ubraniu rado\u015bnie rzuca \u015bniegiem w jasnym s\u0142o\u0144cu w Zima w Salzburskim \u015awiecie Sportu. (Powi\u0119kszony widok)\" srcset=\"https:\/\/www.salzburgerland.com\/pl\/wp-content\/uploads\/2019\/09\/schnee-schnee-salzburger-sportwelt-tom-lamm-1-1920x1067-1-1170x658.jpg 1170w, https:\/\/www.salzburgerland.com\/pl\/wp-content\/uploads\/2019\/09\/schnee-schnee-salzburger-sportwelt-tom-lamm-1-1920x1067-1-1200x675.jpg 1200w\" sizes=\"(max-width: 1170px) 100vw, 1170px\" aria-describedby=\"figcaption-4468-8507\" itemprop=\"thumbnail\"><\/a><\/div>\n\t\t\t\t\t\t<span id=\"figcaption-4468-8507\" class=\"gallery-caption\" itemprop=\"caption\"><span aria-hidden=\"true\">\u00a9 Salzburger Sportwelt, Tom Lamm<\/span><\/span>\n\t\t\t\t\t<\/li>\n\t\t\t\t\t<li class=\"gallery-item col-3\" itemprop=\"associatedMedia\" itemscope itemtype=\"http:\/\/schema.org\/ImageObject\">\n\t\t\t\t\t\t<div class=\"gallery-icon landscape\"><a href=\"https:\/\/www.salzburgerland.com\/pl\/wp-content\/uploads\/2019\/09\/perfekte-skitage-in-der-salzburger-sportwwelt-salzburger-sportwelt-tom-lamm-1170x658-1.jpg\" title=\"perfekte-skitage-in-der-salzburger-sportwwelt--salzburger-sportwelt-tom-lamm-1170x658\"><img decoding=\"async\" data-title=\"\u00a9 Salzburger Sportwelt, Tom Lamm\" title=\"\u00a9 Salzburger Sportwelt, Tom Lamm\" data-caption=\"\u00a9 Salzburger Sportwelt, Tom Lamm\" width=\"1170\" height=\"658\" src=\"https:\/\/www.salzburgerland.com\/pl\/wp-content\/uploads\/2019\/09\/perfekte-skitage-in-der-salzburger-sportwwelt-salzburger-sportwelt-tom-lamm-1170x658-1.jpg\" class=\"attachment-1170_658 size-1170_658\" alt=\"Trzech narciarzy w kolorowych kurtkach \u015bmieje si\u0119 i je\u017adzi na nartach po \u015bwie\u017cym \u015bniegu podczas Zima w Salzburskim \u015awiecie Sportu. (Powi\u0119kszony widok)\" srcset=\"https:\/\/www.salzburgerland.com\/pl\/wp-content\/uploads\/2019\/09\/perfekte-skitage-in-der-salzburger-sportwwelt-salzburger-sportwelt-tom-lamm-1170x658-1.jpg 1170w, https:\/\/www.salzburgerland.com\/pl\/wp-content\/uploads\/2019\/09\/perfekte-skitage-in-der-salzburger-sportwwelt-salzburger-sportwelt-tom-lamm-1170x658-1-768x432.jpg 768w\" sizes=\"(max-width: 1170px) 100vw, 1170px\" aria-describedby=\"figcaption-4468-8508\" itemprop=\"thumbnail\"><\/a><\/div>\n\t\t\t\t\t\t<span id=\"figcaption-4468-8508\" class=\"gallery-caption\" itemprop=\"caption\"><span aria-hidden=\"true\">\u00a9 Salzburger Sportwelt, Tom Lamm<\/span><\/span>\n\t\t\t\t\t<\/li>\n\t\t\t\t\t<li class=\"gallery-item col-3\" itemprop=\"associatedMedia\" itemscope itemtype=\"http:\/\/schema.org\/ImageObject\">\n\t\t\t\t\t\t<div class=\"gallery-icon landscape\"><a href=\"https:\/\/www.salzburgerland.com\/pl\/wp-content\/uploads\/2019\/09\/chillen-salzburger-sportwelt_tom-lamm-1170x658-1.jpg\" title=\"chillen-salzburger-sportwelt_tom-lamm-1170x658\"><img decoding=\"async\" data-title=\"\u00a9 Salzburger Sportwelt, Tom Lamm\" title=\"\u00a9 Salzburger Sportwelt, Tom Lamm\" data-caption=\"\u00a9 Salzburger Sportwelt, Tom Lamm\" width=\"1170\" height=\"658\" src=\"https:\/\/www.salzburgerland.com\/pl\/wp-content\/uploads\/2019\/09\/chillen-salzburger-sportwelt_tom-lamm-1170x658-1.jpg\" class=\"attachment-1170_658 size-1170_658\" alt=\"Grupa przyjaci\u00f3\u0142 w zimowych ubraniach rozmawia na za\u015bnie\u017conej g\u00f3rze w Zima w Salzburskim \u015awiecie Sportu. (Powi\u0119kszony widok)\" srcset=\"https:\/\/www.salzburgerland.com\/pl\/wp-content\/uploads\/2019\/09\/chillen-salzburger-sportwelt_tom-lamm-1170x658-1.jpg 1170w, https:\/\/www.salzburgerland.com\/pl\/wp-content\/uploads\/2019\/09\/chillen-salzburger-sportwelt_tom-lamm-1170x658-1-768x432.jpg 768w\" sizes=\"(max-width: 1170px) 100vw, 1170px\" aria-describedby=\"figcaption-4468-8509\" itemprop=\"thumbnail\"><\/a><\/div>\n\t\t\t\t\t\t<span id=\"figcaption-4468-8509\" class=\"gallery-caption\" itemprop=\"caption\"><span aria-hidden=\"true\">\u00a9 Salzburger Sportwelt, Tom Lamm<\/span><\/span>\n\t\t\t\t\t<\/li>\n\t\t\t\t<\/ul>\n\t\t\t<\/div><!-- .gallery -->\n\n<p>Opr\u00f3cz najwy\u017cszej gwarancji \u015bniegu i najwy\u017cszych kompetencji w dziedzinie sport\u00f3w zimowych, wielk\u0105 wag\u0119 przyk\u0142ada si\u0119 tu do zapewnienia urlopowiczom wielu wra\u017ce\u0144, bezpiecze\u0144stwa, serwisu na najwy\u017cszym poziomie, komfortu, niezapomnianych wra\u017ce\u0144 kulinarnych i wspania\u0142ych ferii z dzie\u0107mi. Wspania\u0142a przyroda mi\u0119dzy Dachsteinem a Niskimi Taurami tworzy fantastyczn\u0105sceneri\u0119 niezapomnianej zabawy na \u015bniegu. Ka\u017cdy z siedmiu kurort\u00f3w o\u015brodka posiada swoje w\u0142asny urok i swoj\u0105 indywidualn\u0105 ofert\u0119.<\/p>\n<h2><strong><a href=\"https:\/\/www.eben.at\/en\/village.html\" target=\"_blank\" rel=\"noopener noreferrer\">Eben<\/a> <\/strong><\/h2>\n<h3><strong>Zimowa idylla dla rodzin z dzie\u0107mi i pocz\u0105tkuj\u0105cych skiturowc\u00f3w<\/strong><\/h3>\n<p><a href=\"https:\/\/www.eben.at\/en\/holiday\/winter\/monte-popolo-ski-amade.html\" target=\"_blank\" rel=\"noopener noreferrer\"><strong>G\u00f3ra Przyg\u00f3d Monte Popolo<\/strong><\/a> to stacja narciarska, kt\u00f3ra zachwyca przede wszystkim rodziny z dzie\u0107mi.\u00a0 Jest niewielka i \u0142atwa do ogarni\u0119cia, <span style=\"background-color: rgba(46, 146, 255, 0.4);\">i le\u017cy<\/span> w pobli\u017cu autostrady, przez co jest \u015bwietnym miejscem dla ma\u0142ych narciarzy i ich opiekun\u00f3w.\u00a0 Tutaj nikt nigdy si\u0119 nie zgubi, stoki s\u0105 szerokie, a wyci\u0105gi bezpieczne i wygodne. Dzieci\u0119ca kraina, punkt fotograficzny, funpark z tras\u0105, na kt\u00f3rej mo\u017cna zarejestrowa\u0107 sw\u00f3j zjazd, odcinek zjazdowy z pomiarem czasu i przytulne schroniska g\u00f3rskie wnosz\u0105 do urlopu mas\u0119 urozmaicenia. Nowo\u015bci\u0105 w Eben jest <strong>trasa skiturowa<\/strong>, pozwalaj\u0105ca uczy\u0107 si\u0119 technik tego sportu i zdobywa\u0107 pierwsze do\u015bwiadczenia w narciarstwie pozatrasowym. Szlak bierze pocz\u0105tek przy wyci\u0105gu dla pocz\u0105tkuj\u0105cych, a celem jest g\u00f3rna stacja \u201ePopolo II\u201c, gdzie oczywi\u015bcie mo\u017cna si\u0119 rozgrza\u0107 i posili\u0107 w ciep\u0142ym schronisku. Istnieje kilka wariant\u00f3w podej\u015bcia, a zje\u017cd\u017camy stokiem narciarskim. Jest to \u0142atwa wyprawa, idealna dla pocz\u0105tkuj\u0105cych.<\/p>\n<div style=\"width: 1930px\" class=\"wp-caption alignnone\"><img decoding=\"async\" src=\"https:\/\/cdn.salzburgerland.com\/de\/wp-content\/uploads\/2016\/08\/eben-winterbild-3-1920x1067.jpg?_ga=2.39125472.2120592889.1567715592-1921403048.1497259976\" alt=\"\" width=\"1920\" height=\"1067\"><p class=\"wp-caption-text\">Narty dla najm\u0142odszych w Eben \u00a9 Daniel Sobietzki<\/p><\/div>\n<h2><strong><a href=\"https:\/\/www.wagrain-kleinarl.at\/en\" target=\"_blank\" rel=\"noopener noreferrer\">Wagrain-Kleinarl<\/a><\/strong><\/h2>\n<h3><strong>\u201eSporty zimowe razy 2\u201c w Miejscowo\u015bci Cichej Nocy<\/strong><\/h3>\n<p>Wagrain-Kleinarl le\u017cy otoczony g\u00f3rskimi szczytami na wys. ponad 800 m n.p.m. i jest ba\u015bniowym wr\u0119cz kurortem zimowym. Idyllicznie tu i rodzinnie.\u00a0Wagrain jest jedn\u0105 z siedmiu salzburskich miejscowo\u015bci zwi\u0105zanych z kol\u0119d\u0105 \u201eCicha noc\u201d. Autor s\u0142\u00f3w kol\u0119dy\u00a0\u2013 Joseph Mohr \u2013 pochodzi\u0142 z Salzburga, a w latach 1837 \u2013 1848, do samej \u015bmierci, pe\u0142ni\u0142 w Wagrain pos\u0142ugi duszpasterskie. Joseph Mohr pozostawi\u0142 w tej ma\u0142ej miejscowo\u015bci wiele trwa\u0142ych \u015blad\u00f3w. Za\u0142o\u017cona przez niego szko\u0142a podstawowa nosi dzi\u015b jego imi\u0119. Na tutejszym cmentarzu znajduje si\u0119 jego gr\u00f3b i od ponad 60 lat w okresie Bo\u017cego Narodzenia \u015bpiewane s\u0105 tu ku jego pami\u0119ci kol\u0119dy. <strong>Muzeum Cichej Nocy<\/strong> opowiada histori\u0119 powstania i rozpowszechnienia najpopularniejszej kol\u0119dy \u015bwiata. W Wagrain-Kleinarl uprawianie sport\u00f3w zimowych mo\u017cna wi\u0119c po\u0142\u0105czy\u0107 z odkrywaniem \u015blad\u00f3w \u201eCichej nocy\u201d.<\/p>\n<p>W Wagrain-Kleinarl bia\u0142e szale\u0144stwo nie zna granic. Podczas kiedy fani nart szusuj\u0105 do woli na <strong>licznych stokach o ka\u017cdym stopniu trudno\u015bci<\/strong>\u00a0 w stacjach narciarskich <strong>Grafenberg i Grie\u00dfenkareck<\/strong>, na g\u00f3rze <strong>Shuttleberg Kleinarl-Flachauwinkl<\/strong> mo\u017cna uprawia\u0107 <strong>freeride i freestyle<\/strong>.<\/p>\n<div id=\"attachment_4521\" style=\"width: 1180px\" class=\"wp-caption alignnone\"><img decoding=\"async\" aria-describedby=\"caption-attachment-4521\" class=\"wp-image-4521 size-1170_658\" src=\"https:\/\/cdn.salzburgerland.com\/pl\/wp-content\/uploads\/2019\/09\/g-link-wagrain-c-atelier-oczlon-1800x1067-1-1170x658.jpg\" alt=\"\" width=\"1170\" height=\"658\" srcset=\"https:\/\/www.salzburgerland.com\/pl\/wp-content\/uploads\/2019\/09\/g-link-wagrain-c-atelier-oczlon-1800x1067-1-1170x658.jpg 1170w, https:\/\/www.salzburgerland.com\/pl\/wp-content\/uploads\/2019\/09\/g-link-wagrain-c-atelier-oczlon-1800x1067-1-1200x675.jpg 1200w\" sizes=\"(max-width: 1170px) 100vw, 1170px\"><p id=\"caption-attachment-4521\" class=\"wp-caption-text\">\u00a9 Atelier Oczlon, G-Link Wagrain<\/p><\/div>\n<h2><strong>Flachau<\/strong><\/h2>\n<h3><strong> Ski-Mountain-Hopping w trzech stacjach narciarskich<\/strong><\/h3>\n<p>Jeden z przedstawicieli \u015bwiatowej czo\u0142\u00f3wki narciarzy alpejskich pochodzi z <a href=\"https:\/\/www.flachau.com\/en\/holiday.html\" target=\"_blank\" rel=\"noopener noreferrer\"><strong>Flachau<\/strong><\/a>: Herrmann Maier. Niezmiennie \u017cyje w swojej rodzinnej miejscowo\u015bci i niezmiennie ceni sobi olbrzymi\u0105 ofert\u0119 zimow\u0105, \u0142\u0105cznie z tras\u0105 Pucharu \u015awiata nazwanej jego imieniem. Trzy stacje narciarskie w dolinie Flachautal umo\u017cliwiaj\u0105 mi\u0142o\u015bnikom bia\u0142ego szale\u0144stwa wspania\u0142\u0105 narciarsk\u0105 zabaw\u0119: rozleg\u0142a stacja <a href=\"https:\/\/www.snow-space.com\/en\/winter\/region\/villages\/flachau\" target=\"_blank\" rel=\"noopener noreferrer\"><strong>Snow Space Salzburg<\/strong><\/a> z szerokimi trasami do karwingu i komfortowymi kolejkami linowymi, po\u0142o\u017cona wysoko i przeznaczona dla ambitnych stacja <strong>Zauchensee-Flachauwinkl<\/strong> dla zaawansowanych narciarzy i freerider\u00f3w oraz modna w\u015br\u00f3d m\u0142odej sceny narciarskiej i snowboardowej stacja <strong>Flachauwinkl-Kleinarl<\/strong> z legendarnym snowparkiem Absolut Park.<\/p>\n<p>W ramach jednego urlopu nie ma konieczno\u015bci pozostawa\u0107 wiernym jednej tylko stacji. Mo\u017cna codziennie zmienia\u0107 sceneri\u0119. \u201eSki-Mountain-Hopping\u201c w najlepszym wydaniu! Wszystkie trzy stacje le\u017c\u0105 tu\u017c przy autostradzie A 10. Ka\u017cdego roku w styczniu odbywa si\u0119 we Flachau\u00a0 <strong>Nocny slalom kobiet<\/strong> w ramach <strong>Alpejskiego Pucharu \u015awiata FIS AUDI <\/strong>(12.01.2021), natomiast Zauchensee jest regularnie miejscem rozgrywek zawod\u00f3w w narciarsktwie alpejskim w ramach\u00a0 <strong>Alpejskiego Pucharu \u015awiata FIS AUDI. <\/strong>Trasa zjazdowa K\u00e4lberloch uchodzi za odpowiednik legendarnej trasy \u201eStreif\u201c w wersji dla kobiet!<\/p>\n\n\t\t\t<div id=\"4468-2\" class=\"gallery gallery-4468 gallery-columns-3 gallery-size-1170_658\" itemscope itemtype=\"http:\/\/schema.org\/ImageGallery\">\n\t\t\t\t<ul class=\"gallery-row gallery-col-3 gallery-clear\">\n\t\t\t\t\t<li class=\"gallery-item col-3\" itemprop=\"associatedMedia\" itemscope itemtype=\"http:\/\/schema.org\/ImageObject\">\n\t\t\t\t\t\t<div class=\"gallery-icon landscape\"><a href=\"https:\/\/www.salzburgerland.com\/pl\/wp-content\/uploads\/2019\/09\/absolut-park-absolut-park-1170x658-1.jpg\" title=\"absolut-park-absolut-park-1170x658\"><img decoding=\"async\" data-title=\"Absolut Park Flachau \u00a9 TVB Flachau \" title=\"Absolut Park Flachau \u00a9 TVB Flachau \" data-caption=\"Absolut Park Flachau \u00a9 TVB Flachau \" width=\"1170\" height=\"658\" src=\"https:\/\/www.salzburgerland.com\/pl\/wp-content\/uploads\/2019\/09\/absolut-park-absolut-park-1170x658-1.jpg\" class=\"attachment-1170_658 size-1170_658\" alt=\"Snowboardzista skacze ze \u015bnie\u017cnego stoku pod b\u0142\u0119kitnym niebem w Zima w Salzburskim \u015awiecie Sportu. (Powi\u0119kszony widok)\" srcset=\"https:\/\/www.salzburgerland.com\/pl\/wp-content\/uploads\/2019\/09\/absolut-park-absolut-park-1170x658-1.jpg 1170w, https:\/\/www.salzburgerland.com\/pl\/wp-content\/uploads\/2019\/09\/absolut-park-absolut-park-1170x658-1-768x432.jpg 768w\" sizes=\"(max-width: 1170px) 100vw, 1170px\" aria-describedby=\"figcaption-4468-8511\" itemprop=\"thumbnail\"><\/a><\/div>\n\t\t\t\t\t\t<span id=\"figcaption-4468-8511\" class=\"gallery-caption\" itemprop=\"caption\"><span aria-hidden=\"true\">Absolut Park Flachau \u00a9 TVB Flachau <\/span><\/span>\n\t\t\t\t\t<\/li>\n\t\t\t\t\t<li class=\"gallery-item col-3\" itemprop=\"associatedMedia\" itemscope itemtype=\"http:\/\/schema.org\/ImageObject\">\n\t\t\t\t\t\t<div class=\"gallery-icon landscape\"><a href=\"https:\/\/www.salzburgerland.com\/pl\/wp-content\/uploads\/2019\/09\/flachau-tourismus-snowrace-flachau-1920x1067.jpg\" title=\"Flachau Star Challenge, 20200113, Salzburg, \u00a9www.wildbild.at\"><img decoding=\"async\" data-title=\"Flachau Star Challenge \u00a9www.wildbild.at\" title=\"Flachau Star Challenge \u00a9www.wildbild.at\" data-caption=\"Flachau Star Challenge \u00a9www.wildbild.at\" width=\"1170\" height=\"658\" src=\"https:\/\/www.salzburgerland.com\/pl\/wp-content\/uploads\/2019\/09\/flachau-tourismus-snowrace-flachau-1170x658.jpg\" class=\"attachment-1170_658 size-1170_658\" alt=\"Dw\u00f3ch narciarzy w zimowym sprz\u0119cie przybija pi\u0105tk\u0119, ciesz\u0105c si\u0119 Zima w Salzburskim \u015awiecie Sportu przy za\u015bnie\u017conym schronisku. (Powi\u0119kszony widok)\" srcset=\"https:\/\/www.salzburgerland.com\/pl\/wp-content\/uploads\/2019\/09\/flachau-tourismus-snowrace-flachau-1170x658.jpg 1170w, https:\/\/www.salzburgerland.com\/pl\/wp-content\/uploads\/2019\/09\/flachau-tourismus-snowrace-flachau-1200x675.jpg 1200w\" sizes=\"(max-width: 1170px) 100vw, 1170px\" aria-describedby=\"figcaption-4468-8512\" itemprop=\"thumbnail\"><\/a><\/div>\n\t\t\t\t\t\t<span id=\"figcaption-4468-8512\" class=\"gallery-caption\" itemprop=\"caption\"><span aria-hidden=\"true\">Flachau Star Challenge \u00a9www.wildbild.at<\/span><\/span>\n\t\t\t\t\t<\/li>\n\t\t\t\t\t<li class=\"gallery-item col-3\" itemprop=\"associatedMedia\" itemscope itemtype=\"http:\/\/schema.org\/ImageObject\">\n\t\t\t\t\t\t<div class=\"gallery-icon landscape\"><a href=\"https:\/\/www.salzburgerland.com\/pl\/wp-content\/uploads\/2019\/09\/weltcup-flachau-tvb-flachau_wildbild-3-1170x658-2.jpg\" title=\"weltcup-flachau-tvb-flachau_wildbild-3-1170x658\"><img decoding=\"async\" data-title=\"Puchar \u015awiata kobiet w narciarstwie alpejskim \u00a9 TVB Flauchau\" title=\"Puchar \u015awiata kobiet w narciarstwie alpejskim \u00a9 TVB Flauchau\" data-caption=\"Puchar \u015awiata kobiet w narciarstwie alpejskim \u00a9 TVB Flauchau\" width=\"1170\" height=\"658\" src=\"https:\/\/www.salzburgerland.com\/pl\/wp-content\/uploads\/2019\/09\/weltcup-flachau-tvb-flachau_wildbild-3-1170x658-2.jpg\" class=\"attachment-1170_658 size-1170_658\" alt=\"T\u0142um z flagami na jasno o\u015bwietlonej imprezie narciarskiej w Zima w Salzburskim \u015awiecie Sportu, stoki i stadion za nimi. (Powi\u0119kszony widok)\" srcset=\"https:\/\/www.salzburgerland.com\/pl\/wp-content\/uploads\/2019\/09\/weltcup-flachau-tvb-flachau_wildbild-3-1170x658-2.jpg 1170w, https:\/\/www.salzburgerland.com\/pl\/wp-content\/uploads\/2019\/09\/weltcup-flachau-tvb-flachau_wildbild-3-1170x658-2-768x432.jpg 768w\" sizes=\"(max-width: 1170px) 100vw, 1170px\" aria-describedby=\"figcaption-4468-8513\" itemprop=\"thumbnail\"><\/a><\/div>\n\t\t\t\t\t\t<span id=\"figcaption-4468-8513\" class=\"gallery-caption\" itemprop=\"caption\"><span aria-hidden=\"true\">Puchar \u015awiata kobiet w narciarstwie alpejskim \u00a9 TVB Flauchau<\/span><\/span>\n\t\t\t\t\t<\/li>\n\t\t\t\t<\/ul>\n\t\t\t<\/div><!-- .gallery -->\n\n<h2><strong>St. Johann<\/strong><\/h2>\n<h3><strong>Dla mi\u0142o\u015bnik\u00f3w dobrej kuchni i zakup\u00f3w<\/strong><\/h3>\n<p><a href=\"https:\/\/www.josalzburg.com\/en\/winter\" target=\"_blank\" rel=\"noopener noreferrer\"><strong>St. Johann<\/strong><\/a> jest cz\u0119\u015bci\u0105 o\u015brodka Snow Space Salzburg, do kt\u00f3rego zaliczaj\u0105 si\u0119 stacje Flachau, Wagrain i St. Johann\/Alpendorf, posiadaj\u0105ce \u0142\u0105cznie 120 km nartostrad. Jednak malownicze miasteczko St. Johann cenione jest nie ze wzgl\u0119du na bia\u0142e szale\u0144stwo, ale przede wszystkim ze wzgl\u0119du na olbrzymi\u0105 r\u00f3\u017cnorodno\u015b\u0107 ofert poza stokami narciarskimi, za miejski klimat i <strong>fantastyczne mo\u017cliwo\u015bci zakup\u00f3w<\/strong>.<\/p>\n<p>Sercem o\u015brodka sport\u00f3w zimowych St. Johann na Ziemi Salzburskiej jest <a href=\"https:\/\/www.josalzburg.com\/de\/winter\/snow-space-salzburg-alpendorf\/snowpark\" target=\"_blank\" rel=\"noopener noreferrer\"><strong>Snowpark Alpendorf<\/strong><\/a>. Tu nic nie zosta\u0142o pozostawione przypadkowi! Ekipa profesjonalist\u00f3w z QParks zaprojektowa\u0142a snowpark tak, by snowboardzi\u015bci i fani stylu wolnego osi\u0105gali sukcesy w nauce stopniowo, p\u0142ynnie i szybko.\u00a0 Zar\u00f3wno pocz\u0105tkuj\u0105cy, jak i zaawansowani freestyle\u2019erzy i snowboardzi\u015bci maj\u0105 w Snowparku Alpendorf \u015bwietne warunki do wchodzenia w nast\u0119pny stopie\u0144 zaawansowania. Przy wyborze element\u00f3w snowparku szczeg\u00f3ln\u0105 rol\u0119 odgrywa idea r\u00f3\u017cnodno\u015bci i\u00a0 kreatywno\u015bci, w zwi\u0105zku z czym park jest regularnie przebudowywany. Wybicie i k\u0105t l\u0105dowania skoczni s\u0105 do siebie optymalnie dopasowane, co sprawia, \u017ce jazda po nich jest \u0142atwiejsza. To upraszcza nauk\u0119, pozwala lepiej stylizowa\u0107 lot i jeszcze bardziej cieszy\u0107 si\u0119 hangtimem. Snowpark w Alpendorf oferuje osiem \u0142agodnie stopniowanych skoczni dla wszystkich stopni zaawansowania. Tu czekaj\u0105 na Ciebie i Twoj\u0105 inwencj\u0119 dwie linie: Fun-Line dla pocz\u0105tkuj\u0105cach i Progression Line dla zaawansowanych.<\/p>\n<div id=\"attachment_4522\" style=\"width: 1180px\" class=\"wp-caption alignnone\"><img decoding=\"async\" aria-describedby=\"caption-attachment-4522\" class=\"wp-image-4522 size-1170_658\" src=\"https:\/\/cdn.salzburgerland.com\/pl\/wp-content\/uploads\/2019\/09\/leitbild-st_johann-cmirjageh_796-1170x658.jpg\" alt=\"\" width=\"1170\" height=\"658\" srcset=\"https:\/\/www.salzburgerland.com\/pl\/wp-content\/uploads\/2019\/09\/leitbild-st_johann-cmirjageh_796-1170x658.jpg 1170w, https:\/\/www.salzburgerland.com\/pl\/wp-content\/uploads\/2019\/09\/leitbild-st_johann-cmirjageh_796-1200x675.jpg 1200w\" sizes=\"(max-width: 1170px) 100vw, 1170px\"><p id=\"caption-attachment-4522\" class=\"wp-caption-text\">\u00a9 St. Johann in Salzburg, Mirja Geh<\/p><\/div>\n<h2><strong>Filzmoos<\/strong><\/h2>\n<h3><strong>Nastrojowa idylla dla rodzin u st\u00f3p Bischofsm\u00fctze<\/strong><\/h3>\n<p><a href=\"https:\/\/www.filzmoos.at\/en\/holiday-austria.html\" target=\"_blank\" rel=\"noopener noreferrer\"><strong>Filzmoos<\/strong><\/a> jest prawdziwym rajem dla os\u00f3b o marzycielskiej naturze. Wytrawni smakosze spotykaj\u0105 si\u0119 tu w hotelu Das Maier, gdzie o przyjemno\u015bci podniebienia dba <strong>mistrzyni sztuki kulinarnej<\/strong> rekomendowana przez Gault Millau, <strong>Johanna Maier<\/strong>. Absolutnym musem dla wszystkich, kt\u00f3rzy chc\u0105 w spokoju obejrze\u0107 bia\u0142e lasy i ukoi\u0107 si\u0119 ich cisz\u0105, s\u0105 <strong>kuligi konnym zaprz\u0119giem<\/strong>.\u00a0 Szczelnie zawini\u0119ci w ciep\u0142e koce jedziemy w saniach ci\u0105gni\u0119tych przez par\u0119 koni do tradycyjnej bac\u00f3wki, gdzie w pi\u0119knej, starej izbie podadz\u0105 nam smakowcie pachn\u0105cy omlet cesarski i inne regionalne przysmaki. Ale Filzmoos ma w zanadrzu oczywi\u015bcie tak\u017ce co\u015b dla mi\u0142o\u015bnik\u00f3w sport\u00f3w zimowych: blisko 20 starannie przygotowanych nartostrad oraz szko\u0142y narciarskie w miejscowo\u015bci ciesz\u0105 przede wszystkim rodziny z dzie\u0107mi.\u00a0 G\u00f3ra <strong>Rossbrand<\/strong> oferuje <strong>jedn\u0105 z najpi\u0119kniejszych wysokog\u00f3rskich tras biegowych<\/strong> na Ziemi Salzburskiej. Dotrzemy do niej kolejk\u0105 linow\u0105. Trasa czynna jest do samej wiosny i darzy narciarzy na bieg\u00f3wkach fantastycznymi widokami na masyw Dachsteina i szczyt Bischofsm\u00fctze.<\/p>\n<p>Ka\u017cdego roku zim\u0105 Filzmoos przemienia si\u0119 w barwn\u0105 wiosk\u0119 balon\u00f3w. W dniach od 9 do 16 stycznia 2021 odb\u0119dzie si\u0119 42. edycja <strong>Dopgas Ballon Trophy<\/strong>. Do staru stanie co najmniej 30 za\u0142\u00f3g r\u00f3\u017cnych narodowo\u015bci. Niezwyk\u0142ym spektaklem, jak co roku, b\u0119dzie <strong>\u201eNoc Balon\u00f3w\u201c 16.01.2021.<\/strong>\u00a0Indywidualne loty balonem mo\u017cna rezerwowa\u0107 od grudnia do ko\u0144ca lutego<strong>.<\/strong> <a href=\"http:\/\/www.filzmoos.at\">www.filzmoos.at<\/a><\/p>\n\n\t\t\t<div id=\"4468-3\" class=\"gallery gallery-4468 gallery-columns-3 gallery-size-1170_658\" itemscope itemtype=\"http:\/\/schema.org\/ImageGallery\">\n\t\t\t\t<ul class=\"gallery-row gallery-col-3 gallery-clear\">\n\t\t\t\t\t<li class=\"gallery-item col-3\" itemprop=\"associatedMedia\" itemscope itemtype=\"http:\/\/schema.org\/ImageObject\">\n\t\t\t\t\t\t<div class=\"gallery-icon landscape\"><a href=\"https:\/\/www.salzburgerland.com\/pl\/wp-content\/uploads\/2019\/09\/salzburger-sportwelt-hhenloipe-filzmoos-coenweesjes-1170x658-1.jpg\" title=\"salzburger-sportwelt-hhenloipe-filzmoos-coenweesjes-1170x658\"><img decoding=\"async\" data-title=\"Wsokog\u00f3rska trasa biegowa w Filzmoos \u00a9 Salzburger Sportwelt, Coen Weesjes\" title=\"Wsokog\u00f3rska trasa biegowa w Filzmoos \u00a9 Salzburger Sportwelt, Coen Weesjes\" data-caption=\"Wsokog\u00f3rska trasa biegowa w Filzmoos \u00a9 Salzburger Sportwelt, Coen Weesjes\" width=\"1170\" height=\"658\" src=\"https:\/\/www.salzburgerland.com\/pl\/wp-content\/uploads\/2019\/09\/salzburger-sportwelt-hhenloipe-filzmoos-coenweesjes-1170x658-1.jpg\" class=\"attachment-1170_658 size-1170_658\" alt=\"Cztery osoby je\u017cd\u017c\u0105ce na nartach po za\u015bnie\u017conych trasach z widokiem na g\u00f3ry - odkryj Zima w Salzburskim \u015awiecie Sportu. (Powi\u0119kszony widok)\" srcset=\"https:\/\/www.salzburgerland.com\/pl\/wp-content\/uploads\/2019\/09\/salzburger-sportwelt-hhenloipe-filzmoos-coenweesjes-1170x658-1.jpg 1170w, https:\/\/www.salzburgerland.com\/pl\/wp-content\/uploads\/2019\/09\/salzburger-sportwelt-hhenloipe-filzmoos-coenweesjes-1170x658-1-768x432.jpg 768w\" sizes=\"(max-width: 1170px) 100vw, 1170px\" aria-describedby=\"figcaption-4468-8515\" itemprop=\"thumbnail\"><\/a><\/div>\n\t\t\t\t\t\t<span id=\"figcaption-4468-8515\" class=\"gallery-caption\" itemprop=\"caption\"><span aria-hidden=\"true\">Wsokog\u00f3rska trasa biegowa w Filzmoos \u00a9 Salzburger Sportwelt, Coen Weesjes<\/span><\/span>\n\t\t\t\t\t<\/li>\n\t\t\t\t\t<li class=\"gallery-item col-3\" itemprop=\"associatedMedia\" itemscope itemtype=\"http:\/\/schema.org\/ImageObject\">\n\t\t\t\t\t\t<div class=\"gallery-icon landscape\"><a href=\"https:\/\/www.salzburgerland.com\/pl\/wp-content\/uploads\/2019\/09\/coen-weesjes_unterhofalm1-filzmoos-tourismus-1920x1067.jpg\" title=\"coen-weesjes_unterhofalm1 Filzmoos Tourismus\"><img decoding=\"async\" data-title=\"Adwentowa idylla w Filzmoos \u00a9 TVB Filzmoos, Coen Weesjes, Coen Weesjes\" title=\"Adwentowa idylla w Filzmoos \u00a9 TVB Filzmoos, Coen Weesjes, Coen Weesjes\" data-caption=\"Adwentowa idylla w Filzmoos \u00a9 TVB Filzmoos, Coen Weesjes, Coen Weesjes\" width=\"1170\" height=\"658\" src=\"https:\/\/www.salzburgerland.com\/pl\/wp-content\/uploads\/2019\/09\/coen-weesjes_unterhofalm1-filzmoos-tourismus-1170x658.jpg\" class=\"attachment-1170_658 size-1170_658\" alt=\"O\u015bnie\u017cony domek z lampkami choinkowymi \u015bwieci ciep\u0142ym blaskiem - magia Zima w Salzburskim \u015awiecie Sportu noc\u0105. (Powi\u0119kszony widok)\" srcset=\"https:\/\/www.salzburgerland.com\/pl\/wp-content\/uploads\/2019\/09\/coen-weesjes_unterhofalm1-filzmoos-tourismus-1170x658.jpg 1170w, https:\/\/www.salzburgerland.com\/pl\/wp-content\/uploads\/2019\/09\/coen-weesjes_unterhofalm1-filzmoos-tourismus-1200x675.jpg 1200w\" sizes=\"(max-width: 1170px) 100vw, 1170px\" aria-describedby=\"figcaption-4468-8516\" itemprop=\"thumbnail\"><\/a><\/div>\n\t\t\t\t\t\t<span id=\"figcaption-4468-8516\" class=\"gallery-caption\" itemprop=\"caption\"><span aria-hidden=\"true\">Adwentowa idylla w Filzmoos \u00a9 TVB Filzmoos, Coen Weesjes, Coen Weesjes<\/span><\/span>\n\t\t\t\t\t<\/li>\n\t\t\t\t\t<li class=\"gallery-item col-3\" itemprop=\"associatedMedia\" itemscope itemtype=\"http:\/\/schema.org\/ImageObject\">\n\t\t\t\t\t\t<div class=\"gallery-icon landscape\"><a href=\"https:\/\/www.salzburgerland.com\/pl\/wp-content\/uploads\/2019\/04\/tourismusverband-filzmoos-coenweesjes-6-1920x1067-1.jpg\" title=\"tourismusverband-filzmoos-coenweesjes-6-1920x1067\"><img decoding=\"async\" data-title=\"Roz\u015bwietlone, barwne balony w Filzmoos TVB Filzmoos, Coen Weesjes, Coen Weesjes\" title=\"Roz\u015bwietlone, barwne balony w Filzmoos TVB Filzmoos, Coen Weesjes, Coen Weesjes\" data-caption=\"Roz\u015bwietlone, barwne balony w Filzmoos TVB Filzmoos, Coen Weesjes, Coen Weesjes\" width=\"1170\" height=\"658\" src=\"https:\/\/www.salzburgerland.com\/pl\/wp-content\/uploads\/2019\/04\/tourismusverband-filzmoos-coenweesjes-6-1920x1067-1-1170x658.jpg\" class=\"attachment-1170_658 size-1170_658\" alt=\"Nocny widok na za\u015bnie\u017con\u0105 wiosk\u0119 ze \u015bwiec\u0105cymi balonami na ogrzane powietrze i domami w stylu chalet otoczonymi g\u00f3rami. (Powi\u0119kszony widok)\" srcset=\"https:\/\/www.salzburgerland.com\/pl\/wp-content\/uploads\/2019\/04\/tourismusverband-filzmoos-coenweesjes-6-1920x1067-1-1170x658.jpg 1170w, https:\/\/www.salzburgerland.com\/pl\/wp-content\/uploads\/2019\/04\/tourismusverband-filzmoos-coenweesjes-6-1920x1067-1-1200x675.jpg 1200w\" sizes=\"(max-width: 1170px) 100vw, 1170px\" aria-describedby=\"figcaption-4468-8498\" itemprop=\"thumbnail\"><\/a><\/div>\n\t\t\t\t\t\t<span id=\"figcaption-4468-8498\" class=\"gallery-caption\" itemprop=\"caption\"><span aria-hidden=\"true\">Roz\u015bwietlone, barwne balony w Filzmoos TVB Filzmoos, Coen Weesjes, Coen Weesjes<\/span><\/span>\n\t\t\t\t\t<\/li>\n\t\t\t\t<\/ul>\n\t\t\t<\/div><!-- .gallery -->\n\n<h2><strong><a href=\"https:\/\/www.radstadt.com\/en\/radstadt.html\" target=\"_blank\" rel=\"noopener noreferrer\">Radstadt<\/a><\/strong><\/h2>\n<h3><strong>Najd\u0142u\u017csza o\u015bwietlona trasa saneczkowa w zabytkowym alpejskim miasteczku<\/strong><\/h3>\n<p>Mury miejskie o metrowej grubo\u015bci i mroczna \u201ewie\u017ca czarownic\u201d \u015bwiadcz\u0105 o d\u0142ugiej historii Radstadt, zwanego <strong>\u201estarym miastem w g\u00f3rach\u201c<\/strong>. Na ka\u017cdym kroku mo\u017cna tu poczu\u0107 dawno minione czasy. Radstadt otrzyma\u0142 prawa miejskie ju\u017c w 1289 roku. Dzisiaj jest ojczyzn\u0105 wielu s\u0142ynnych narciarzy: \u015bwietna narciarka biegowa Teresa Stadlober czy mistrz \u015bwiata w slalomie Super-G, Hannesa Reichelt maj\u0105 swoje rodzinne korzenie w <strong>\u201eHome of the Champions\u201c.<\/strong> Familijna stacja narciarska Radstadt-Altenmarkt obejmuje 17 km bajkowo pi\u0119knych nartostrad i osiem nowoczesnych wyci\u0105g\u00f3w narciarskich. Ceniona jest g\u0142\u00f3wnie ze wzgl\u0119du na pewno\u015b\u0107 \u015bniegu oraz za transparentno\u015b\u0107. Przytulne schroniska narciarskie,\u00a0 \u201eFichtelparcour\u201d dla dzieci, funslope oraz snowpark \u201e<strong>playgroundSNOW\u201d<\/strong> z wykonanymi ze \u015bniegu elementami gwarantuj\u0105 mn\u00f3stwo dobrej zabawy na \u015bniegu.<\/p>\n<p><strong>Najd\u0142u\u017csza<\/strong> w Salzburskim \u015awiecie Sportu <strong>o\u015bwietlona trasa saneczkowa<\/strong> w Radstadt ma d\u0142ugo\u015b\u0107 <strong>6 km<\/strong>. Jest ona zim\u0105 czynna codziennie od 9.30 do 17.30, a we wtorki i pi\u0105tki tak\u017ce wieczorow\u0105 por\u0105, do godziny 22.30. Do punktu startu dotrzemy kolejk\u0105 z 8-osobowymi gondolami.<\/p>\n<div id=\"attachment_4503\" style=\"width: 1180px\" class=\"wp-caption alignnone\"><img decoding=\"async\" aria-describedby=\"caption-attachment-4503\" class=\"size-1170_658 wp-image-4503\" src=\"https:\/\/cdn.salzburgerland.com\/pl\/wp-content\/uploads\/2019\/09\/rodelspass-in-der-salzburger-sportwelt-salzburger-sportwelt_-tom-lamm-1170x658.jpg\" alt=\"\" width=\"1170\" height=\"658\" srcset=\"https:\/\/www.salzburgerland.com\/pl\/wp-content\/uploads\/2019\/09\/rodelspass-in-der-salzburger-sportwelt-salzburger-sportwelt_-tom-lamm-1170x658.jpg 1170w, https:\/\/www.salzburgerland.com\/pl\/wp-content\/uploads\/2019\/09\/rodelspass-in-der-salzburger-sportwelt-salzburger-sportwelt_-tom-lamm-1200x675.jpg 1200w\" sizes=\"(max-width: 1170px) 100vw, 1170px\"><p id=\"caption-attachment-4503\" class=\"wp-caption-text\">Po nartach lub zamiast nart \u2013 jazda na sankach sprawia frajd\u0119 nie tylko maluchom <span>\u00a9 Salzburger Sportwelt,<\/span> Tom Lamm<\/p><\/div>\n<h2><strong><a href=\"https:\/\/www.altenmarkt-zauchensee.at\/en\" target=\"_blank\" rel=\"noopener noreferrer\">Altenmarkt-Zauchensee<\/a><\/strong><\/h2>\n<h3><strong>Narciarskie uciechy w dw\u00f3ch wydaniach<\/strong><\/h3>\n<p><a href=\"https:\/\/www.altenmarkt-zauchensee.at\/en\" target=\"_blank\" rel=\"noopener noreferrer\"><strong>Altenmarkt-Zauchensee<\/strong><\/a> oferuje bia\u0142e szale\u0144stwo w dw\u00f3ch formach \u2013 dla r\u00f3\u017cnych upodoba\u0144 i stopni zaawansowania. W Altenmarkt panuje familijna atmosfera i takie\u017c warunki narciarskie, natomiast Zauchensee to stacja dla ambitnych i zaawansowanych narciarzy. Zauchensee \u2013 miejscowo\u015b\u0107 Pucharu \u015awiata \u2013 le\u017cy na wys. 1350 m n.p.m. i jest <strong>najwy\u017cej po\u0142o\u017con\u0105 stacj\u0105 narciarsk\u0105 Salzburskiego \u015awiata Sportu<\/strong>. To prawdziwe El Dorado dla mi\u0142o\u015bnik\u00f3w freeridu i narciarstwa wariantowego.<\/p>\n<img decoding=\"async\" class=\"alignnone size-1170_658 wp-image-4490\" src=\"https:\/\/cdn.salzburgerland.com\/pl\/wp-content\/uploads\/2019\/09\/start_weltcupstrecke_zauchensee-ok-weltcup-zauchensee_laux-manfred-1170x658.jpg\" alt=\"\" width=\"1170\" height=\"658\" srcset=\"https:\/\/www.salzburgerland.com\/pl\/wp-content\/uploads\/2019\/09\/start_weltcupstrecke_zauchensee-ok-weltcup-zauchensee_laux-manfred-1170x658.jpg 1170w, https:\/\/www.salzburgerland.com\/pl\/wp-content\/uploads\/2019\/09\/start_weltcupstrecke_zauchensee-ok-weltcup-zauchensee_laux-manfred-1200x675.jpg 1200w\" sizes=\"(max-width: 1170px) 100vw, 1170px\">\n<p>Absolutnie wyj\u0105tkow\u0105 ofert\u0105 na terenie ca\u0142ych Alp jest <strong>\u201eFlying Coach\u201c,<\/strong> kt\u00f3ry pojawia si\u0119 dwa razy w tygodniu w Altenmarkt na trasach do uprawiania narciarstwa biegowego. W\u00f3wczas mo\u017cemy skorzysta\u0107 ze wskaz\u00f3wek i wiedzy profesjonalnego instruktora narciarstwa biegowego. Po aktywnym dniu na \u015bwie\u017cym powietrzu przyjemny wypoczynek lub kolejn\u0105 zabaw\u0119 znajdziemy w familijnym o\u015brodku termalnym <strong>Therme<\/strong> <strong>Amad\u00e9.<\/strong><\/p>\n<p>Dobra kuchnia, interesuj\u0105ce opowie\u015bci i wgl\u0105d w histori\u0119 kurortu Altenmarkt oferuje \u201eSpacer Kulinarny\u201c, wiod\u0105cy do pi\u0119ciu punkt\u00f3w gastronomicznych, w kt\u00f3rych spr\u00f3bujemy kulinarnych specja\u0142\u00f3w regionu Pongau. W Muzeum Regionu w Altenmarkter odwiedzaj\u0105cy us\u0142ysz\u0105 ciekawe historie i historyjki o dawnych czasach (od grudnia do kwietnia, w ka\u017cd\u0105 \u015brod\u0119, po wcze\u015bniejszym zg\u0142oszeniu).<\/p>\n<h2><strong>Narty z rodzin\u0105<\/strong><\/h2>\n<h3>Wielkie marzenia przy skromnym bud\u017cecie<\/h3>\n<p>Pe\u0142ne rozmaitych atrakcji o\u015ble \u0142\u0105czki i \u015bnie\u017cne kraina dla dzieci, zabawne funslopy, mobilizuj\u0105ce odcinki z pomiarem czasu, \u015bwietne punkty fotograficzne, zbocza do jazdy na sankach i familijny o\u015brodek termalny. Sypatyczni instruktorzy narciarscy i nastrojowe kuligi przez pokryte \u015bnie\u017cnym puchem zimowe krajobrazy. Wszystkie te atrakcje obejmuje rodzinny, zimowy wypoczynek w Salzburskim Swiecie Sportu, w samym sercu region\u00f3w Ski amad\u00e9.<\/p>\n<p>Poszczeg\u00f3lne stacje narciarskie s\u0105 zr\u00f3\u017cnicowane i transparentne. Nowoczesne wyci\u0105gi narciarskie stwarzaj\u0105 wygod\u0119 i zapewniaj\u0105 bezpiecze\u0144stwo, a do tego wiele z nich \u2013 tych krzese\u0142kowych, posiada podgrzewane siedzenia oraz os\u0142ony od wiatru i \u015bniegu. \u0141atwo osi\u0105galne wyci\u0105gi dla pocz\u0105tkuj\u0105cych i zarezerwowane dla dzieci \u201e\u015bnie\u017cne krainy\u201d le\u017c\u0105 zwykle blisko hoteli i dolnych stacji kolejek. Je\u015bli nie s\u0105 osi\u0105galne piszo, mo\u017cna do nich dotrze\u0107 bezp\u0142atnym skibusem.<\/p>\n\n\t\t\t<div id=\"4468-4\" class=\"gallery gallery-4468 gallery-columns-3 gallery-size-1170_658\" itemscope itemtype=\"http:\/\/schema.org\/ImageGallery\">\n\t\t\t\t<ul class=\"gallery-row gallery-col-3 gallery-clear\">\n\t\t\t\t\t<li class=\"gallery-item col-3\" itemprop=\"associatedMedia\" itemscope itemtype=\"http:\/\/schema.org\/ImageObject\">\n\t\t\t\t\t\t<div class=\"gallery-icon landscape\"><a href=\"https:\/\/www.salzburgerland.com\/pl\/wp-content\/uploads\/2019\/09\/skispass-fr-die-ganze-familie-salzburger-sportwelt-_-christian-schartner-1920x1067.jpg\" title=\"Skispass f++r die ganze Familie-\u00aeSalzburger Sportwelt _ Christian Schartner\"><img decoding=\"async\" data-title=\"\u00a9 Salzburger Sportwelt, Christian Schartner\" title=\"\u00a9 Salzburger Sportwelt, Christian Schartner\" data-caption=\"\u00a9 Salzburger Sportwelt, Christian Schartner\" width=\"1170\" height=\"658\" src=\"https:\/\/www.salzburgerland.com\/pl\/wp-content\/uploads\/2019\/09\/skispass-fr-die-ganze-familie-salzburger-sportwelt-_-christian-schartner-1170x658.jpg\" class=\"attachment-1170_658 size-1170_658\" alt=\"U\u015bmiechni\u0119ta czteroosobowa rodzina w sprz\u0119cie narciarskim cieszy si\u0119 Zima w Salzburskim \u015awiecie Sportu na o\u015bnie\u017conej g\u00f3rze pod b\u0142\u0119kitnym niebem. (Powi\u0119kszony widok)\" srcset=\"https:\/\/www.salzburgerland.com\/pl\/wp-content\/uploads\/2019\/09\/skispass-fr-die-ganze-familie-salzburger-sportwelt-_-christian-schartner-1170x658.jpg 1170w, https:\/\/www.salzburgerland.com\/pl\/wp-content\/uploads\/2019\/09\/skispass-fr-die-ganze-familie-salzburger-sportwelt-_-christian-schartner-1200x675.jpg 1200w\" sizes=\"(max-width: 1170px) 100vw, 1170px\" aria-describedby=\"figcaption-4468-4507\" itemprop=\"thumbnail\"><\/a><\/div>\n\t\t\t\t\t\t<span id=\"figcaption-4468-4507\" class=\"gallery-caption\" itemprop=\"caption\"><span aria-hidden=\"true\">\u00a9 Salzburger Sportwelt, Christian Schartner<\/span><\/span>\n\t\t\t\t\t<\/li>\n\t\t\t\t\t<li class=\"gallery-item col-3\" itemprop=\"associatedMedia\" itemscope itemtype=\"http:\/\/schema.org\/ImageObject\">\n\t\t\t\t\t\t<div class=\"gallery-icon landscape\"><a href=\"https:\/\/www.salzburgerland.com\/pl\/wp-content\/uploads\/2019\/09\/moderne-skilifte-salzburger-sportwelt_christian-schartner-25-1920x1067.jpg\" title=\"Moderne Skilifte -\u00aeSalzburger Sportwelt_Christian Schartner (25)\"><img decoding=\"async\" data-title=\"\u00a9 Salzburger Sportwelt, Christian Schartner\" title=\"\u00a9 Salzburger Sportwelt, Christian Schartner\" data-caption=\"\u00a9 Salzburger Sportwelt, Christian Schartner\" width=\"1170\" height=\"658\" src=\"https:\/\/www.salzburgerland.com\/pl\/wp-content\/uploads\/2019\/09\/moderne-skilifte-salzburger-sportwelt_christian-schartner-25-1170x658.jpg\" class=\"attachment-1170_658 size-1170_658\" alt=\"Cztery osoby w sprz\u0119cie narciarskim u\u015bmiechaj\u0105 si\u0119 na wyci\u0105gu nad o\u015bnie\u017conymi stokami - Zima w Salzburskim \u015awiecie Sportu. (Powi\u0119kszony widok)\" srcset=\"https:\/\/www.salzburgerland.com\/pl\/wp-content\/uploads\/2019\/09\/moderne-skilifte-salzburger-sportwelt_christian-schartner-25-1170x658.jpg 1170w, https:\/\/www.salzburgerland.com\/pl\/wp-content\/uploads\/2019\/09\/moderne-skilifte-salzburger-sportwelt_christian-schartner-25-1200x675.jpg 1200w\" sizes=\"(max-width: 1170px) 100vw, 1170px\" aria-describedby=\"figcaption-4468-4508\" itemprop=\"thumbnail\"><\/a><\/div>\n\t\t\t\t\t\t<span id=\"figcaption-4468-4508\" class=\"gallery-caption\" itemprop=\"caption\"><span aria-hidden=\"true\">\u00a9 Salzburger Sportwelt, Christian Schartner<\/span><\/span>\n\t\t\t\t\t<\/li>\n\t\t\t\t\t<li class=\"gallery-item col-3\" itemprop=\"associatedMedia\" itemscope itemtype=\"http:\/\/schema.org\/ImageObject\">\n\t\t\t\t\t\t<div class=\"gallery-icon landscape\"><a href=\"https:\/\/www.salzburgerland.com\/pl\/wp-content\/uploads\/2019\/09\/mmmmh-salzburger-sportwelt-_christian-schartner-1920x1067.jpg\" title=\"Mmmmh -\u00aeSalzburger Sportwelt _Christian Schartner\"><img decoding=\"async\" data-title=\"\u00a9 Salzburger Sportwelt, Christian Schartner\" title=\"\u00a9 Salzburger Sportwelt, Christian Schartner\" data-caption=\"\u00a9 Salzburger Sportwelt, Christian Schartner\" width=\"1170\" height=\"658\" src=\"https:\/\/www.salzburgerland.com\/pl\/wp-content\/uploads\/2019\/09\/mmmmh-salzburger-sportwelt-_christian-schartner-1170x658.jpg\" class=\"attachment-1170_658 size-1170_658\" alt=\"Grupa delektuje si\u0119 posi\u0142kiem na \u015bwie\u017cym powietrzu w Zima w Salzburskim \u015awiecie Sportu, z deserem i g\u00f3rami w tle. (Powi\u0119kszony widok)\" srcset=\"https:\/\/www.salzburgerland.com\/pl\/wp-content\/uploads\/2019\/09\/mmmmh-salzburger-sportwelt-_christian-schartner-1170x658.jpg 1170w, https:\/\/www.salzburgerland.com\/pl\/wp-content\/uploads\/2019\/09\/mmmmh-salzburger-sportwelt-_christian-schartner-1200x675.jpg 1200w\" sizes=\"(max-width: 1170px) 100vw, 1170px\" aria-describedby=\"figcaption-4468-4509\" itemprop=\"thumbnail\"><\/a><\/div>\n\t\t\t\t\t\t<span id=\"figcaption-4468-4509\" class=\"gallery-caption\" itemprop=\"caption\"><span aria-hidden=\"true\">\u00a9 Salzburger Sportwelt, Christian Schartner<\/span><\/span>\n\t\t\t\t\t<\/li>\n\t\t\t\t<\/ul>\n\t\t\t<\/div><!-- .gallery -->\n\n<h3><strong>\u201eG\u00f3ry przyg\u00f3d\u201d, funslopy i playgroundy.<\/strong><\/h3>\n<ul>\n<li><a href=\"https:\/\/www.wagrain-kleinarl.at\/en\/family-vacation\/wagrainis-winterworld\" target=\"_blank\" rel=\"noopener noreferrer\"><strong>WAGRAINI\u2019s Winterwelt<\/strong><\/a><\/li>\n<li><strong>Geisterberg<\/strong> w St. Johann<\/li>\n<li><strong>Shuttleberg<\/strong> we Flachauwinkl-Kleinarl<\/li>\n<li><strong>Funslope<\/strong> St. Johann-Alpendorf<\/li>\n<li><strong>PlaygroundSnow<\/strong> w Radstadt-Altenmarkt<\/li>\n<li><strong>Easypark<\/strong> w Zauchensee<\/li>\n<li><strong>Funpark<\/strong> przy Monte Popolo w Eben.<\/li>\n<\/ul>\n<h3><strong>Od pocz\u0105tku w dobrych r\u0119kach<\/strong><\/h3>\n<p>Wi\u0119kszo\u015b\u0107 z <strong>25 sz\u00f3\u0142ek narciarskich i snowboardowych<\/strong> oferuje kursy dla dzieci ju\u017c od trzeciego roku \u017cycia. Aby dzieci nie zniech\u0119ci\u0107 i nie przeci\u0105\u017cy\u0107, grupy s\u0105 ma\u0142e, a nauka odbywa si\u0119 wy\u0142\u0105cznie przez zabaw\u0119. Na \u201eo\u015blich \u0142\u0105czkach\u201d zaistalowane s\u0105 \u201eczarodziejskie dywany\u201d, wyci\u0105gi orczykowe, karuzele narciarskie i przechadzaj\u0105 si\u0119 po nich zabawne maskotki. Cz\u0119sto oferowane s\u0105 te\u017c kursy na pr\u00f3b\u0119, dwu-lub trzydniowe. Dla wi\u0119kszych dzieci oferowane s\u0105 kursy grupowe lub zaj\u0119cia indywidualne. W zale\u017cno\u015bci od zapotrzebowania, mo\u017cna tu perfekcjonowa\u0107 techniki jazdy lub uczy\u0107 si\u0119 kodeksu narciarskiego FIS . Dzieci i m\u0142odzie\u017c wyje\u017cd\u017caj\u0105 w teren, do snowpark\u00f3w. Kursy oferowane s\u0105 w r\u00f3\u017cnych j\u0119zykach.<\/p>\n<p>Aby zabawa na \u015bnieg by\u0142a idealna, nale\u017cy zadba\u0107 o odpowiednie wyposa\u017cenie ma\u0142ego narciarza. Niewygodne buty narciarskie nale\u017c\u0105 do przesz\u0142o\u015bci. Wygodne buty, zwrotne narty carvingowe i idealnie dopasowane kaski s\u0105 warunkiem udanej zabawy na stoku. W ka\u017cdym z siedmiu kurort\u00f3w dzia\u0142aj\u0105 wypo\u017cyczalnie sprz\u0119tu zimowego, a ich personel dopomo\u017ce w jego doborze.<\/p>\n\n\t\t\t<div id=\"4468-5\" class=\"gallery gallery-4468 gallery-columns-3 gallery-size-1170_658\" itemscope itemtype=\"http:\/\/schema.org\/ImageGallery\">\n\t\t\t\t<ul class=\"gallery-row gallery-col-3 gallery-clear\">\n\t\t\t\t\t<li class=\"gallery-item col-3\" itemprop=\"associatedMedia\" itemscope itemtype=\"http:\/\/schema.org\/ImageObject\">\n\t\t\t\t\t\t<div class=\"gallery-icon landscape\"><a href=\"https:\/\/www.salzburgerland.com\/pl\/wp-content\/uploads\/2019\/09\/skizwerge-salzburger-sportwelt_tom-lamm-1170x658-1.jpg\" title=\"skizwerge-salzburger-sportwelt_tom-lamm-1170x658\"><img decoding=\"async\" data-title=\"Pierwsze zjazdy p\u0142ugiem na o\u015blej \u0142\u0105czce ogromnie ciesz\u0105 maluchy i wprawiaj\u0105 w dum\u0119 rodzic\u00f3w \u00a9 Salzburger Sportwelt, Tom Lamm\" title=\"Pierwsze zjazdy p\u0142ugiem na o\u015blej \u0142\u0105czce ogromnie ciesz\u0105 maluchy i wprawiaj\u0105 w dum\u0119 rodzic\u00f3w \u00a9 Salzburger Sportwelt, Tom Lamm\" data-caption=\"Pierwsze zjazdy p\u0142ugiem na o\u015blej \u0142\u0105czce ogromnie ciesz\u0105 maluchy i wprawiaj\u0105 w dum\u0119 rodzic\u00f3w \u00a9 Salzburger Sportwelt, Tom Lamm\" width=\"1170\" height=\"658\" src=\"https:\/\/www.salzburgerland.com\/pl\/wp-content\/uploads\/2019\/09\/skizwerge-salzburger-sportwelt_tom-lamm-1170x658-1.jpg\" class=\"attachment-1170_658 size-1170_658\" alt=\"Ma\u0142e dziecko w r\u00f3\u017cowym kasku mru\u017cy oczy na \u015bniegu podczas lekcji jazdy na nartach w Zima w Salzburskim \u015awiecie Sportu. (Powi\u0119kszony widok)\" srcset=\"https:\/\/www.salzburgerland.com\/pl\/wp-content\/uploads\/2019\/09\/skizwerge-salzburger-sportwelt_tom-lamm-1170x658-1.jpg 1170w, https:\/\/www.salzburgerland.com\/pl\/wp-content\/uploads\/2019\/09\/skizwerge-salzburger-sportwelt_tom-lamm-1170x658-1-768x432.jpg 768w\" sizes=\"(max-width: 1170px) 100vw, 1170px\" aria-describedby=\"figcaption-4468-8521\" itemprop=\"thumbnail\"><\/a><\/div>\n\t\t\t\t\t\t<span id=\"figcaption-4468-8521\" class=\"gallery-caption\" itemprop=\"caption\"><span aria-hidden=\"true\">Pierwsze zjazdy p\u0142ugiem na o\u015blej \u0142\u0105czce ogromnie ciesz\u0105 maluchy i wprawiaj\u0105 w dum\u0119 rodzic\u00f3w \u00a9 Salzburger Sportwelt, Tom Lamm<\/span><\/span>\n\t\t\t\t\t<\/li>\n\t\t\t\t\t<li class=\"gallery-item col-3\" itemprop=\"associatedMedia\" itemscope itemtype=\"http:\/\/schema.org\/ImageObject\">\n\t\t\t\t\t\t<div class=\"gallery-icon landscape\"><a href=\"https:\/\/www.salzburgerland.com\/pl\/wp-content\/uploads\/2019\/09\/pistenspass-fr-die-ganze-familie-salzburger-sportwelt_christian-schartner-79-1920x1067-1.jpg\" title=\"pistenspass-fr-die-ganze-familie-salzburger-sportwelt_christian-schartner-79-1920x1067 (1)\"><img decoding=\"async\" data-title=\"\u00a9 SalzburgerLand Tourismus, Christian Schartner\" title=\"\u00a9 SalzburgerLand Tourismus, Christian Schartner\" data-caption=\"\u00a9 SalzburgerLand Tourismus, Christian Schartner\" width=\"1170\" height=\"658\" src=\"https:\/\/www.salzburgerland.com\/pl\/wp-content\/uploads\/2019\/09\/pistenspass-fr-die-ganze-familie-salzburger-sportwelt_christian-schartner-79-1920x1067-1-1170x658.jpg\" class=\"attachment-1170_658 size-1170_658\" alt=\"Dwoje dzieci w jasnych kombinezonach \u015bnie\u017cnych zje\u017cd\u017caj\u0105cych na nartach w Zima w Salzburskim \u015awiecie Sportu w\u015br\u00f3d o\u015bnie\u017conych sosen. (Powi\u0119kszony widok)\" srcset=\"https:\/\/www.salzburgerland.com\/pl\/wp-content\/uploads\/2019\/09\/pistenspass-fr-die-ganze-familie-salzburger-sportwelt_christian-schartner-79-1920x1067-1-1170x658.jpg 1170w, https:\/\/www.salzburgerland.com\/pl\/wp-content\/uploads\/2019\/09\/pistenspass-fr-die-ganze-familie-salzburger-sportwelt_christian-schartner-79-1920x1067-1-1200x675.jpg 1200w\" sizes=\"(max-width: 1170px) 100vw, 1170px\" aria-describedby=\"figcaption-4468-8523\" itemprop=\"thumbnail\"><\/a><\/div>\n\t\t\t\t\t\t<span id=\"figcaption-4468-8523\" class=\"gallery-caption\" itemprop=\"caption\"><span aria-hidden=\"true\">\u00a9 SalzburgerLand Tourismus, Christian Schartner<\/span><\/span>\n\t\t\t\t\t<\/li>\n\t\t\t\t\t<li class=\"gallery-item col-3\" itemprop=\"associatedMedia\" itemscope itemtype=\"http:\/\/schema.org\/ImageObject\">\n\t\t\t\t\t\t<div class=\"gallery-icon landscape\"><a href=\"https:\/\/www.salzburgerland.com\/pl\/wp-content\/uploads\/2019\/09\/skifahren-in-der-salzburger-sportwelt-2018-fotograf-christian-schartner-salzburger-sportwelt-77-1170x658-1.jpg\" title=\"skifahren-in-der-salzburger-sportwelt-2018-fotograf-christian-schartner-salzburger-sportwelt-77-1170x658\"><img decoding=\"async\" data-title=\"\u00a9 SalzburgerLand Tourismus, Christian Schartner\" title=\"\u00a9 SalzburgerLand Tourismus, Christian Schartner\" data-caption=\"\u00a9 SalzburgerLand Tourismus, Christian Schartner\" width=\"1170\" height=\"658\" src=\"https:\/\/www.salzburgerland.com\/pl\/wp-content\/uploads\/2019\/09\/skifahren-in-der-salzburger-sportwelt-2018-fotograf-christian-schartner-salzburger-sportwelt-77-1170x658-1.jpg\" class=\"attachment-1170_658 size-1170_658\" alt=\"Osoba w czerwonym sprz\u0119cie narciarskim z podniesionymi r\u0119kami, jazda na nartach na za\u015bnie\u017conym stoku - Zima w Salzburskim \u015awiecie Sportu. (Powi\u0119kszony widok)\" srcset=\"https:\/\/www.salzburgerland.com\/pl\/wp-content\/uploads\/2019\/09\/skifahren-in-der-salzburger-sportwelt-2018-fotograf-christian-schartner-salzburger-sportwelt-77-1170x658-1.jpg 1170w, https:\/\/www.salzburgerland.com\/pl\/wp-content\/uploads\/2019\/09\/skifahren-in-der-salzburger-sportwelt-2018-fotograf-christian-schartner-salzburger-sportwelt-77-1170x658-1-768x432.jpg 768w\" sizes=\"(max-width: 1170px) 100vw, 1170px\" aria-describedby=\"figcaption-4468-8524\" itemprop=\"thumbnail\"><\/a><\/div>\n\t\t\t\t\t\t<span id=\"figcaption-4468-8524\" class=\"gallery-caption\" itemprop=\"caption\"><span aria-hidden=\"true\">\u00a9 SalzburgerLand Tourismus, Christian Schartner<\/span><\/span>\n\t\t\t\t\t<\/li>\n\t\t\t\t<\/ul>\n\t\t\t<\/div><!-- .gallery -->\n\n<h3><strong>Zabawa na sankach i w wodzie<\/strong><\/h3>\n<p>Po d\u0142ugim i pe\u0142nym wra\u017ce\u0144 dniu na nartach, na \u015bwie\u017cym powietrzu, mo\u017cna odpocz\u0105\u0107 w o\u015brodku termalnym <a href=\"https:\/\/www.thermeamade.at\/en\/\" target=\"_blank\" rel=\"noopener noreferrer\"><strong>Therme Amad\u00e9<\/strong><\/a> w Altenmarkt lub kontynuowa\u0107 zabaw\u0119 w parku wodnym <a href=\"https:\/\/www.wagrain-kleinarl.at\/en\/activities\/adventure-pool-wasserwelt\" target=\"_blank\" rel=\"noopener noreferrer\"><strong>Wasserwelt Wagrain<\/strong><\/a>. Oba obiekty oddaj\u0105 do dyspozycji go\u015bci rozleg\u0142\u0105 stref\u0119 zabawy dla dzieci z wodnymi zje\u017cd\u017calniami, brodzikami dla maluch\u00f3w i rozmaitymi basenami. Strefa saun w obu o\u015brodkach zaprasza rodzic\u00f3w na odpr\u0119\u017caj\u0105ce seanse i na regeneracj\u0119 si\u0142 w ciszy i spokoju. Terma Amad\u00e9 oferuje do tego rozmaite masa\u017ce i zabiegi SPA, kt\u00f3re gwarantuj\u0105 g\u0142\u0119bokie odpr\u0119\u017cenie.<\/p>\n<p>Kto nabierze nowych si\u0142 i zechce zabawi\u0107 si\u0119 wieczorem na \u015bniegu, tego zaprasza <strong>13 o\u015bwietlonych tras saneczkowych<\/strong> na terenie Salzburskiego \u015awiata Sportu. Ka\u017cd\u0105 jazd\u0119 z g\u00f3rki na pazurki poprzedza podej\u015bcie pod g\u00f3r\u0119 po wolnej od samochod\u00f3w drodze i przygoda kulinarna w jednym g\u00f3rskich schronisk. Najd\u0142u\u017csza trasa saneczkowa regionu mierzy 6,5 km. Wszystkich tras saneczkowych jest w regionie 18.<\/p>\n<p>W Radstadt mo\u017cna si\u0119 uda\u0107 na <strong>nocny spacer ze stra\u017cnikiem miejskim<\/strong>, kt\u00f3ry odziany w str\u00f3j z epoki, opowie nam wiele ciekawych historii o alpejskim miasteczku, kt\u00f3re la\u017cea\u0142o kiedy\u015b na wy\u017cnym szlaku handlowym mi\u0119dzy pasmem Radst\u00e4dter Tauern i prze\u0142\u0119cz\u0105 Pass Lueg.<\/p>\n\n\t\t\t<div id=\"4468-6\" class=\"gallery gallery-4468 gallery-columns-3 gallery-size-1170_658\" itemscope itemtype=\"http:\/\/schema.org\/ImageGallery\">\n\t\t\t\t<ul class=\"gallery-row gallery-col-3 gallery-clear\">\n\t\t\t\t\t<li class=\"gallery-item col-3\" itemprop=\"associatedMedia\" itemscope itemtype=\"http:\/\/schema.org\/ImageObject\">\n\t\t\t\t\t\t<div class=\"gallery-icon landscape\"><a href=\"https:\/\/www.salzburgerland.com\/pl\/wp-content\/uploads\/2019\/09\/kinderspass-salzburger-sportwelt-_-christian-schartner-1170x658-1.jpg\" title=\"kinderspass-salzburger-sportwelt-_-christian-schartner-1170x658\"><img decoding=\"async\" data-title=\"Rado\u015b\u0107 z kontaktu ze \u015bniegiem \u00a9 Salzburger Sportwelt, Christian Schartner\" title=\"Rado\u015b\u0107 z kontaktu ze \u015bniegiem \u00a9 Salzburger Sportwelt, Christian Schartner\" data-caption=\"Rado\u015b\u0107 z kontaktu ze \u015bniegiem \u00a9 Salzburger Sportwelt, Christian Schartner\" width=\"1170\" height=\"658\" src=\"https:\/\/www.salzburgerland.com\/pl\/wp-content\/uploads\/2019\/09\/kinderspass-salzburger-sportwelt-_-christian-schartner-1170x658-1.jpg\" class=\"attachment-1170_658 size-1170_658\" alt=\"Dwie osoby w sprz\u0119cie do od\u015bnie\u017cania w Zima w Salzburskim \u015awiecie Sportu. (Powi\u0119kszony widok)\" srcset=\"https:\/\/www.salzburgerland.com\/pl\/wp-content\/uploads\/2019\/09\/kinderspass-salzburger-sportwelt-_-christian-schartner-1170x658-1.jpg 1170w, https:\/\/www.salzburgerland.com\/pl\/wp-content\/uploads\/2019\/09\/kinderspass-salzburger-sportwelt-_-christian-schartner-1170x658-1-768x432.jpg 768w\" sizes=\"(max-width: 1170px) 100vw, 1170px\" aria-describedby=\"figcaption-4468-8517\" itemprop=\"thumbnail\"><\/a><\/div>\n\t\t\t\t\t\t<span id=\"figcaption-4468-8517\" class=\"gallery-caption\" itemprop=\"caption\"><span aria-hidden=\"true\">Rado\u015b\u0107 z kontaktu ze \u015bniegiem \u00a9 Salzburger Sportwelt, Christian Schartner<\/span><\/span>\n\t\t\t\t\t<\/li>\n\t\t\t\t\t<li class=\"gallery-item col-3\" itemprop=\"associatedMedia\" itemscope itemtype=\"http:\/\/schema.org\/ImageObject\">\n\t\t\t\t\t\t<div class=\"gallery-icon landscape\"><a href=\"https:\/\/www.salzburgerland.com\/pl\/wp-content\/uploads\/2019\/09\/rodeln-salzburger-sportwelt-salzburger-sportwelt_tom-lamm-1170x658-1.jpg\" title=\"rodeln-salzburger-sportwelt-salzburger-sportwelt_tom-lamm-1170x658\"><img decoding=\"async\" data-title=\"\u00a9 Salzburger Sportwelt, Tom Lamm\" title=\"\u00a9 Salzburger Sportwelt, Tom Lamm\" data-caption=\"\u00a9 Salzburger Sportwelt, Tom Lamm\" width=\"1170\" height=\"658\" src=\"https:\/\/www.salzburgerland.com\/pl\/wp-content\/uploads\/2019\/09\/rodeln-salzburger-sportwelt-salzburger-sportwelt_tom-lamm-1170x658-1.jpg\" class=\"attachment-1170_658 size-1170_658\" alt=\"Rodzina w kolorowych zimowych ubraniach zje\u017cd\u017caj\u0105ca na sankach i \u015bmiej\u0105ca si\u0119 w Zima w Salzburskim \u015awiecie Sportu. (Powi\u0119kszony widok)\" srcset=\"https:\/\/www.salzburgerland.com\/pl\/wp-content\/uploads\/2019\/09\/rodeln-salzburger-sportwelt-salzburger-sportwelt_tom-lamm-1170x658-1.jpg 1170w, https:\/\/www.salzburgerland.com\/pl\/wp-content\/uploads\/2019\/09\/rodeln-salzburger-sportwelt-salzburger-sportwelt_tom-lamm-1170x658-1-768x432.jpg 768w\" sizes=\"(max-width: 1170px) 100vw, 1170px\" aria-describedby=\"figcaption-4468-8518\" itemprop=\"thumbnail\"><\/a><\/div>\n\t\t\t\t\t\t<span id=\"figcaption-4468-8518\" class=\"gallery-caption\" itemprop=\"caption\"><span aria-hidden=\"true\">\u00a9 Salzburger Sportwelt, Tom Lamm<\/span><\/span>\n\t\t\t\t\t<\/li>\n\t\t\t\t\t<li class=\"gallery-item col-3\" itemprop=\"associatedMedia\" itemscope itemtype=\"http:\/\/schema.org\/ImageObject\">\n\t\t\t\t\t\t<div class=\"gallery-icon landscape\"><a href=\"https:\/\/www.salzburgerland.com\/pl\/wp-content\/uploads\/2019\/09\/rutsche_black-mamba-1170x658-1.jpg\" title=\"rutsche_black-mamba-1170x658\"><img decoding=\"async\" data-title=\"Zje\u017cd\u017calnia Czarna Mamba \u00a9 Erlebnistherme Amad\u00e9\" title=\"Zje\u017cd\u017calnia Czarna Mamba \u00a9 Erlebnistherme Amad\u00e9\" data-caption=\"Zje\u017cd\u017calnia Czarna Mamba \u00a9 Erlebnistherme Amad\u00e9\" width=\"1170\" height=\"658\" src=\"https:\/\/www.salzburgerland.com\/pl\/wp-content\/uploads\/2019\/09\/rutsche_black-mamba-1170x658-1.jpg\" class=\"attachment-1170_658 size-1170_658\" alt=\"Dwoje dzieci u\u015bmiechni\u0119tych i pluskaj\u0105cych si\u0119 na niebieskiej zje\u017cd\u017calni wodnej w Zima w Salzburskim \u015awiecie Sportu. (Powi\u0119kszony widok)\" srcset=\"https:\/\/www.salzburgerland.com\/pl\/wp-content\/uploads\/2019\/09\/rutsche_black-mamba-1170x658-1.jpg 1170w, https:\/\/www.salzburgerland.com\/pl\/wp-content\/uploads\/2019\/09\/rutsche_black-mamba-1170x658-1-768x432.jpg 768w\" sizes=\"(max-width: 1170px) 100vw, 1170px\" aria-describedby=\"figcaption-4468-8519\" itemprop=\"thumbnail\"><\/a><\/div>\n\t\t\t\t\t\t<span id=\"figcaption-4468-8519\" class=\"gallery-caption\" itemprop=\"caption\"><span aria-hidden=\"true\">Zje\u017cd\u017calnia Czarna Mamba \u00a9 Erlebnistherme Amad\u00e9<\/span><\/span>\n\t\t\t\t\t<\/li>\n\t\t\t\t<\/ul>\n\t\t\t<\/div><!-- .gallery -->\n\n<h3><strong>Na feriach jak w domu<\/strong><\/h3>\n<p>Wiele obiekt\u00f3w noclegowych w regionie wyspecjalizowa\u0142o si\u0119 w organizacji wypoczynku dla rodzin. Oferuj\u0105 one na przyk\u0142ad p\u00f3\u017aniejsze \u015bniadania, przestronne apartamenty i animacje dla dzieci. Szczeg\u00f3lnym prze\u017cyciem dla ca\u0142ej rodziny s\u0105 ferie zimowe sp\u0119dzone w gospodarstwie agroturystycznym. <strong>83 gospodarstwa go\u015bcinne<\/strong> daj\u0105 rodzinom okazj\u0119 do poznania \u201d od podszewki\u201d \u017cycia i pracy w wiejskiej zagrodzie, pomocy w domu i przy zwierz\u0119tach . Na terenie Salzburskiego \u015awiata Sportu le\u017cy te\u017c <strong>6 certyfikowanych hoteli \u201eFamily SalzburgerLnad<\/strong>.<\/p>\n<h2><strong>Dla snowboardzist\u00f3w i freestyler\u00f3w<\/strong><\/h2>\n<p>Snowparki, playgroundy i funslopy w Salzburskim \u015awiecie Sportu:<\/p>\n<ul>\n<li>Jeden z najlepszych snowpark\u00f3w w Europie: legendarny<strong> \u201e<a href=\"https:\/\/www.absolutpark.com\/en\/\" target=\"_blank\" rel=\"noopener noreferrer\">Absolut Park<\/a>\u201c <\/strong>we Flachauwinkl-Kleinarl<\/li>\n<li>Tylko naturalne elementy, drewno i \u015bnieg: \u201e<a href=\"https:\/\/www.skiamade.com\/en\/winter\/activities\/snowparks\/salzburger-sportwelt\/burtonthestash-flachauwinkl\" target=\"_blank\" rel=\"noopener noreferrer\"><strong>Burton \u2013 The Stash<\/strong><\/a>\u201c we Flachauwinkl\/Shuttleberg<\/li>\n<li><strong>\u201e<a href=\"https:\/\/www.snow-space.com\/en\/Villages\/St.-Johann\/Winter\/Snowpark-Alpendorf\" target=\"_blank\" rel=\"noopener noreferrer\">Snowpark Alpendorf<\/a>\u201c <\/strong>w St. Johann<\/li>\n<li><strong><a href=\"https:\/\/www.skiamade.com\/en\/winter\/activities\/snowparks\/salzburger-sportwelt\/soko-funslope\" target=\"_blank\" rel=\"noopener noreferrer\">Soko Funslope Wagrain<\/a><\/strong>na Grafenbergu<\/li>\n<li>Dla pocz\u0105tkuj\u0105cych i dla dzieci<strong>: <a href=\"https:\/\/www.skiamade.com\/en\/Winter\/Taste\/Ski-and-Wine-Enjoyment\/Easypark-Zauchensee_tb_440489\" target=\"_blank\" rel=\"noopener noreferrer\">Easy Park<\/a><strong>\u00a0<\/strong><span style=\"font-weight: 400;\">w Zauchensee<\/span> <\/strong><\/li>\n<li>Dla dzieci i pocz\u0105tkuj\u0105cych<strong>: <a href=\"https:\/\/www.skiamade.com\/de\/winter\/aktiv-erleben\/snowparks\/salzburger-sportwelt\/montepopolo-funpark\" target=\"_blank\" rel=\"noopener noreferrer\">monte popolo Funpark <\/a><\/strong>w Eben<\/li>\n<li>Nostalgiczna jazda po po le\u015bnych \u015bcie\u017ckach:<a href=\"https:\/\/www.radstadt-altenmarkt.at\/skifahren\/ski-fun\" target=\"_blank\" rel=\"noopener noreferrer\"><strong>playgroundSNOW <\/strong><\/a>w Radstadt<\/li>\n<\/ul>\n<div id=\"attachment_4518\" style=\"width: 1180px\" class=\"wp-caption alignnone\"><img decoding=\"async\" aria-describedby=\"caption-attachment-4518\" class=\"size-1170_658 wp-image-4518\" src=\"https:\/\/cdn.salzburgerland.com\/pl\/wp-content\/uploads\/2019\/09\/ap_simon-gschaider-railline-1170x658.jpg\" alt=\"\" width=\"1170\" height=\"658\" srcset=\"https:\/\/www.salzburgerland.com\/pl\/wp-content\/uploads\/2019\/09\/ap_simon-gschaider-railline-1170x658.jpg 1170w, https:\/\/www.salzburgerland.com\/pl\/wp-content\/uploads\/2019\/09\/ap_simon-gschaider-railline-1200x675.jpg 1200w\" sizes=\"(max-width: 1170px) 100vw, 1170px\"><p id=\"caption-attachment-4518\" class=\"wp-caption-text\">Absolut Park \u00a9 Salzburger Sportwelt, Markus Rohrbacher<\/p><\/div>\n<h2><strong>Narty w wiosennym s\u0142o\u0144cu<\/strong><\/h2>\n<p>To co najlepsze zostawamy sobie na deser: <strong>szusowanie w wiosennym s\u0142o\u0144cu<\/strong>. Narciarska zabawa trwa w o\u015brodkach narciarskich Salzburskiego \u015awiata Sportu a\u017c do Wielkanocy i to przy doskona\u0142ych warunkach \u015bniegowych. Narty w s\u0142o\u0144cu \u0142\u0105cz\u0105 wszystko co ma najlepszego do zaoferowania zima i wszystko, co dobrego daje wiosna. Na s\u0142onecznych stokach gwarno, a na nas\u0142onecznionach tarasach schronisk wygrzewaj\u0105 si\u0119 wygodni\u00a0 i zm\u0119czeni. Wszystkie kurorty regionu przygotowa\u0142y na ten okres atrakcjyne pakiety narciarskie, a do tego organizuj\u0105 g\u0142o\u015bne imprezy z muzyk\u0105 i sportem, aby z pomp\u0105 po\u017cegna\u0107 zim\u0119.\u00a0 Wszystkie trasy narciarskie, snowparki i funslopy czynne s\u0105 do ko\u0144ca sezonu. Wiosna jest ponadto idealnym czasem na k\u0105piele s\u0142oneczne w \u015bniegu oraz na uprawianie narciarstwa biegowego na trasach w wysokich partiach g\u00f3r (na Rossbrand).<\/p>\n\n\t\t\t<div id=\"4468-7\" class=\"gallery gallery-4468 gallery-columns-3 gallery-size-1170_658\" itemscope itemtype=\"http:\/\/schema.org\/ImageGallery\">\n\t\t\t\t<ul class=\"gallery-row gallery-col-3 gallery-clear\">\n\t\t\t\t\t<li class=\"gallery-item col-3\" itemprop=\"associatedMedia\" itemscope itemtype=\"http:\/\/schema.org\/ImageObject\">\n\t\t\t\t\t\t<div class=\"gallery-icon landscape\"><a href=\"https:\/\/www.salzburgerland.com\/pl\/wp-content\/uploads\/2019\/09\/skifahren-in-der-salzburger-sportwelt-2018-fotograf-christian-schartner-salzburger-sportwelt-82-1920x1067-1.jpg\" title=\"skifahren-in-der-salzburger-sportwelt-2018-fotograf-christian-schartner-salzburger-sportwelt-82-1920x1067 (1)\"><img decoding=\"async\" data-title=\"S\u0142o\u0144ce i \u015bnieg, czeg\u00f3\u017c potrzeba wi\u0119cej! \u00a9 Salzburger Sportwelt, Christian Schartner\" title=\"S\u0142o\u0144ce i \u015bnieg, czeg\u00f3\u017c potrzeba wi\u0119cej! \u00a9 Salzburger Sportwelt, Christian Schartner\" data-caption=\"S\u0142o\u0144ce i \u015bnieg, czeg\u00f3\u017c potrzeba wi\u0119cej! \u00a9 Salzburger Sportwelt, Christian Schartner\" width=\"1170\" height=\"658\" src=\"https:\/\/www.salzburgerland.com\/pl\/wp-content\/uploads\/2019\/09\/skifahren-in-der-salzburger-sportwelt-2018-fotograf-christian-schartner-salzburger-sportwelt-82-1920x1067-1-1170x658.jpg\" class=\"attachment-1170_658 size-1170_658\" alt=\"Narciarze zje\u017cd\u017caj\u0105 z o\u015bnie\u017conej g\u00f3ry w Zima w Salzburskim \u015awiecie Sportu, otoczeni sosnami i s\u0142o\u0144cem. (Powi\u0119kszony widok)\" srcset=\"https:\/\/www.salzburgerland.com\/pl\/wp-content\/uploads\/2019\/09\/skifahren-in-der-salzburger-sportwelt-2018-fotograf-christian-schartner-salzburger-sportwelt-82-1920x1067-1-1170x658.jpg 1170w, https:\/\/www.salzburgerland.com\/pl\/wp-content\/uploads\/2019\/09\/skifahren-in-der-salzburger-sportwelt-2018-fotograf-christian-schartner-salzburger-sportwelt-82-1920x1067-1-1200x675.jpg 1200w\" sizes=\"(max-width: 1170px) 100vw, 1170px\" aria-describedby=\"figcaption-4468-8531\" itemprop=\"thumbnail\"><\/a><\/div>\n\t\t\t\t\t\t<span id=\"figcaption-4468-8531\" class=\"gallery-caption\" itemprop=\"caption\"><span aria-hidden=\"true\">S\u0142o\u0144ce i \u015bnieg, czeg\u00f3\u017c potrzeba wi\u0119cej! \u00a9 Salzburger Sportwelt, Christian Schartner<\/span><\/span>\n\t\t\t\t\t<\/li>\n\t\t\t\t\t<li class=\"gallery-item col-3\" itemprop=\"associatedMedia\" itemscope itemtype=\"http:\/\/schema.org\/ImageObject\">\n\t\t\t\t\t\t<div class=\"gallery-icon landscape\"><a href=\"https:\/\/www.salzburgerland.com\/pl\/wp-content\/uploads\/2019\/09\/sonnenskilauf-so-wir-es-uns-wnschenl-salzburger-sportwelt-tom-lamm-3-1170x658-1.jpg\" title=\"sonnenskilauf-so-wir-es-uns-wnschenl--salzburger-sportwelt-tom-lamm-3-1170x658\"><img decoding=\"async\" data-title=\"Ko\u0144c\u00f3wka sezonu pozwala po\u0142\u0105czy\u0107 bia\u0142e szale\u0144stwo z opalaniem si\u0119 w promieniach wiosennego s\u0142o\u0144ca \u00a9 Salzburger Sportwelt, Tom Lamm\" title=\"Ko\u0144c\u00f3wka sezonu pozwala po\u0142\u0105czy\u0107 bia\u0142e szale\u0144stwo z opalaniem si\u0119 w promieniach wiosennego s\u0142o\u0144ca \u00a9 Salzburger Sportwelt, Tom Lamm\" data-caption=\"Ko\u0144c\u00f3wka sezonu pozwala po\u0142\u0105czy\u0107 bia\u0142e szale\u0144stwo z opalaniem si\u0119 w promieniach wiosennego s\u0142o\u0144ca \u00a9 Salzburger Sportwelt, Tom Lamm\" width=\"1170\" height=\"658\" src=\"https:\/\/www.salzburgerland.com\/pl\/wp-content\/uploads\/2019\/09\/sonnenskilauf-so-wir-es-uns-wnschenl-salzburger-sportwelt-tom-lamm-3-1170x658-1.jpg\" class=\"attachment-1170_658 size-1170_658\" alt=\"Trzy osoby w sprz\u0119cie narciarskim relaksuj\u0105 si\u0119 na le\u017cakach podczas Zimy w Salzburskim \u015awiecie Sportu, g\u00f3ry z ty\u0142u. (Powi\u0119kszony widok)\" srcset=\"https:\/\/www.salzburgerland.com\/pl\/wp-content\/uploads\/2019\/09\/sonnenskilauf-so-wir-es-uns-wnschenl-salzburger-sportwelt-tom-lamm-3-1170x658-1.jpg 1170w, https:\/\/www.salzburgerland.com\/pl\/wp-content\/uploads\/2019\/09\/sonnenskilauf-so-wir-es-uns-wnschenl-salzburger-sportwelt-tom-lamm-3-1170x658-1-768x432.jpg 768w\" sizes=\"(max-width: 1170px) 100vw, 1170px\" aria-describedby=\"figcaption-4468-8527\" itemprop=\"thumbnail\"><\/a><\/div>\n\t\t\t\t\t\t<span id=\"figcaption-4468-8527\" class=\"gallery-caption\" itemprop=\"caption\"><span aria-hidden=\"true\">Ko\u0144c\u00f3wka sezonu pozwala po\u0142\u0105czy\u0107 bia\u0142e szale\u0144stwo z opalaniem si\u0119 w promieniach wiosennego s\u0142o\u0144ca \u00a9 Salzburger Sportwelt, Tom Lamm<\/span><\/span>\n\t\t\t\t\t<\/li>\n\t\t\t\t\t<li class=\"gallery-item col-3\" itemprop=\"associatedMedia\" itemscope itemtype=\"http:\/\/schema.org\/ImageObject\">\n\t\t\t\t\t\t<div class=\"gallery-icon landscape\"><a href=\"https:\/\/www.salzburgerland.com\/pl\/wp-content\/uploads\/2019\/09\/am-winterstrand-salzburger-sportwelt_-tom-lamm-1170x658-1.jpg\" title=\"am-winterstrand-------salzburger-sportwelt_-tom-lamm-1170x658\"><img decoding=\"async\" data-title=\"Korzystanie z wiosennych promieni s\u0142o\u0144ca na zimowej pla\u017cy \u00a9 Salzburger Sportwelt, Tom Lamm \" title=\"Korzystanie z wiosennych promieni s\u0142o\u0144ca na zimowej pla\u017cy \u00a9 Salzburger Sportwelt, Tom Lamm \" data-caption=\"Korzystanie z wiosennych promieni s\u0142o\u0144ca na zimowej pla\u017cy \u00a9 Salzburger Sportwelt, Tom Lamm \" width=\"1170\" height=\"658\" src=\"https:\/\/www.salzburgerland.com\/pl\/wp-content\/uploads\/2019\/09\/am-winterstrand-salzburger-sportwelt_-tom-lamm-1170x658-1.jpg\" class=\"attachment-1170_658 size-1170_658\" alt=\"Ludzie relaksuj\u0105cy si\u0119 na le\u017cakach na \u015bniegu podczas Zima w Salzburskim \u015awiecie Sportu, z g\u00f3rami w tle. (Powi\u0119kszony widok)\" srcset=\"https:\/\/www.salzburgerland.com\/pl\/wp-content\/uploads\/2019\/09\/am-winterstrand-salzburger-sportwelt_-tom-lamm-1170x658-1.jpg 1170w, https:\/\/www.salzburgerland.com\/pl\/wp-content\/uploads\/2019\/09\/am-winterstrand-salzburger-sportwelt_-tom-lamm-1170x658-1-768x432.jpg 768w\" sizes=\"(max-width: 1170px) 100vw, 1170px\" aria-describedby=\"figcaption-4468-8528\" itemprop=\"thumbnail\"><\/a><\/div>\n\t\t\t\t\t\t<span id=\"figcaption-4468-8528\" class=\"gallery-caption\" itemprop=\"caption\"><span aria-hidden=\"true\">Korzystanie z wiosennych promieni s\u0142o\u0144ca na zimowej pla\u017cy \u00a9 Salzburger Sportwelt, Tom Lamm <\/span><\/span>\n\t\t\t\t\t<\/li>\n\t\t\t\t<\/ul>\n\t\t\t<\/div><!-- .gallery -->\n\n<h3>Wypoczywaj bezpiecznie<\/h3>\n<p>Zanim wyruszysz zim\u0105 w Alpy, zapoznaj si\u0119 z wa\u017cnymi <a href=\"https:\/\/www.salzburgerland.com\/pl\/bezpieczenstwo-w-gorach-zima\/\" target=\"_blank\" rel=\"noopener noreferrer\"><strong>zasadami bezpiecze\u0144stwa<\/strong><\/a> i na ka\u017cdym kroku pami\u0119taj, aby si\u0119 do nich stosowa\u0107. W\u00f3wczas wypoczynek Tw\u00f3j i Twojej rodziny b\u0119dzie radosny i beztroski.<\/p>\n<p>\u00a0<\/p>\n","protected":false},"excerpt":{"rendered":"<p>Salzburski \u015awiat Sportu stanowi serce najwi\u0119kszego w Austrii karnetowego zrzeszenia region\u00f3w narciarskich, wyst\u0119puj\u0105cego pod nazw\u0105 Ski amad\u00e9, a oferuj\u0105cego \u0142\u0105cznie\u00a0 760 km nartostrad i 270 kolejek linowych i wyci\u0105g\u00f3w narciarskich. Tereny te zaliczaj\u0105 si\u0119 do najnowocze\u015bniejszych \u201ekaruzel narciarskich\u201d w Alpach. Bia\u0142e szale\u0144stwa od A jak Altenmarkt do Z jak Zauchensee Wraz z otwarciem kolei gondolowej [&hellip;]<\/p>\n","protected":false},"author":4,"featured_media":4469,"comment_status":"closed","ping_status":"closed","template":"","meta":{"_acf_changed":false,"wl_entities_gutenberg":"","_relevanssi_hide_post":"","_relevanssi_hide_content":"","_relevanssi_pin_for_all":"","_relevanssi_pin_keywords":"","_relevanssi_unpin_keywords":"","_relevanssi_related_keywords":"","_relevanssi_related_include_ids":"","_relevanssi_related_exclude_ids":"","_relevanssi_related_no_append":"","_relevanssi_related_not_related":"","_relevanssi_related_posts":"","_relevanssi_noindex_reason":"","footnotes":""},"categories":[1],"tags":[],"wl_entity_type":[2],"class_list":["post-4468","entity","type-entity","status-publish","has-post-thumbnail","hentry","category-uncategorized","wl_entity_type-thing","sitetype-theme"],"acf":[],"yoast_head":"<!-- This site is optimized with the Yoast SEO Premium plugin v27.4 (Yoast SEO v27.4) - https:\/\/yoast.com\/product\/yoast-seo-premium-wordpress\/ -->\n<title>Zima w Salzburskim \u015awiecie Sportu \u00bb SalzburgerLand.com<\/title>\n<meta name=\"robots\" content=\"index, follow, max-snippet:-1, max-image-preview:large, max-video-preview:-1\" \/>\n<link rel=\"canonical\" href=\"https:\/\/www.salzburgerland.com\/pl\/salzburski-swiat-sportu-zima\/\" \/>\n<meta property=\"og:locale\" content=\"pl_PL\" \/>\n<meta property=\"og:type\" content=\"article\" \/>\n<meta property=\"og:title\" content=\"Zima w Salzburskim \u015awiecie Sportu\" \/>\n<meta property=\"og:description\" content=\"Salzburski \u015awiat Sportu stanowi serce najwi\u0119kszego w Austrii karnetowego zrzeszenia region\u00f3w narciarskich, wyst\u0119puj\u0105cego pod nazw\u0105 Ski amad\u00e9, a\" \/>\n<meta property=\"og:url\" content=\"https:\/\/www.salzburgerland.com\/pl\/salzburski-swiat-sportu-zima\/\" \/>\n<meta property=\"og:site_name\" content=\"SalzburgerLand.com\" \/>\n<meta property=\"article:publisher\" content=\"https:\/\/www.facebook.com\/visitsalzburgerland\/\" \/>\n<meta property=\"article:modified_time\" content=\"2022-06-26T22:38:30+00:00\" \/>\n<meta property=\"og:image\" content=\"https:\/\/www.salzburgerland.com\/pl\/wp-content\/uploads\/2019\/09\/winterparadies-salzburger-sportwelt_tom-lamm-1200x675.jpg\" \/>\n\t<meta property=\"og:image:width\" content=\"1200\" \/>\n\t<meta property=\"og:image:height\" content=\"675\" \/>\n\t<meta property=\"og:image:type\" content=\"image\/jpeg\" \/>\n<meta name=\"twitter:card\" content=\"summary_large_image\" \/>\n<meta name=\"twitter:site\" content=\"@salzburgerland\" \/>\n<meta name=\"twitter:label1\" content=\"Szacowany czas czytania\" \/>\n\t<meta name=\"twitter:data1\" content=\"12 minut\" \/>\n<script type=\"application\/ld+json\" class=\"yoast-schema-graph\">{\"@context\":\"https:\\\/\\\/schema.org\",\"@graph\":[{\"@type\":\"WebPage\",\"@id\":\"https:\\\/\\\/www.salzburgerland.com\\\/pl\\\/salzburski-swiat-sportu-zima\\\/\",\"url\":\"https:\\\/\\\/www.salzburgerland.com\\\/pl\\\/salzburski-swiat-sportu-zima\\\/\",\"name\":\"Zima w Salzburskim \u015awiecie Sportu \u00bb SalzburgerLand.com\",\"isPartOf\":{\"@id\":\"https:\\\/\\\/www.salzburgerland.com\\\/pl\\\/#website\"},\"primaryImageOfPage\":{\"@id\":\"https:\\\/\\\/www.salzburgerland.com\\\/pl\\\/salzburski-swiat-sportu-zima\\\/#primaryimage\"},\"image\":{\"@id\":\"https:\\\/\\\/www.salzburgerland.com\\\/pl\\\/salzburski-swiat-sportu-zima\\\/#primaryimage\"},\"thumbnailUrl\":\"https:\\\/\\\/www.salzburgerland.com\\\/pl\\\/wp-content\\\/uploads\\\/2019\\\/09\\\/winterparadies-salzburger-sportwelt_tom-lamm.jpg\",\"datePublished\":\"2019-09-06T17:59:25+00:00\",\"dateModified\":\"2022-06-26T22:38:30+00:00\",\"description\":\"Jest cz\u0119\u015bci\u0105 najwi\u0119kszego w Austrii zrzeszenia region\u00f3w sport\u00f3w zimowych Ski amad\u00e9, a w jego sk\u0142ad wchodzi siedem atrakcyjnych kurort\u00f3w narciarskich ze zr\u00f3\u017cnicowanymi stacjami narciarskimi.\",\"inLanguage\":\"pl-PL\",\"potentialAction\":[{\"@type\":\"ReadAction\",\"target\":[\"https:\\\/\\\/www.salzburgerland.com\\\/pl\\\/salzburski-swiat-sportu-zima\\\/\"]}]},{\"@type\":\"ImageObject\",\"inLanguage\":\"pl-PL\",\"@id\":\"https:\\\/\\\/www.salzburgerland.com\\\/pl\\\/salzburski-swiat-sportu-zima\\\/#primaryimage\",\"url\":\"https:\\\/\\\/www.salzburgerland.com\\\/pl\\\/wp-content\\\/uploads\\\/2019\\\/09\\\/winterparadies-salzburger-sportwelt_tom-lamm.jpg\",\"contentUrl\":\"https:\\\/\\\/www.salzburgerland.com\\\/pl\\\/wp-content\\\/uploads\\\/2019\\\/09\\\/winterparadies-salzburger-sportwelt_tom-lamm.jpg\",\"width\":1920,\"height\":1280,\"caption\":\"Tom Lamm | ikarus.cc, Tom Lamm\"},{\"@type\":\"WebSite\",\"@id\":\"https:\\\/\\\/www.salzburgerland.com\\\/pl\\\/#website\",\"url\":\"https:\\\/\\\/www.salzburgerland.com\\\/pl\\\/\",\"name\":\"SalzburgerLand.com\",\"description\":\"Urlop Salzburg : hotele : turystyka Ziemia Salzburska : kultura : rodzinny urlop Ziemia Salzburska : informacja turystyczna : noclegi Austria : aktywny wypoczynek\",\"potentialAction\":[{\"@type\":\"SearchAction\",\"target\":{\"@type\":\"EntryPoint\",\"urlTemplate\":\"https:\\\/\\\/www.salzburgerland.com\\\/pl\\\/?s={search_term_string}\"},\"query-input\":{\"@type\":\"PropertyValueSpecification\",\"valueRequired\":true,\"valueName\":\"search_term_string\"}}],\"inLanguage\":\"pl-PL\"}]}<\/script>\n<meta property=\"og:video\" content=\"https:\/\/www.youtube.com\/embed\/csM7j3NvRgg\" \/>\n<meta property=\"og:video:type\" content=\"text\/html\" \/>\n<meta property=\"og:video:duration\" content=\"78\" \/>\n<meta property=\"og:video:width\" content=\"480\" \/>\n<meta property=\"og:video:height\" content=\"270\" \/>\n<meta property=\"ya:ovs:adult\" content=\"false\" \/>\n<meta property=\"ya:ovs:upload_date\" content=\"2019-09-06T17:59:25+00:00\" \/>\n<meta property=\"ya:ovs:allow_embed\" content=\"true\" \/>\n<!-- \/ Yoast SEO Premium plugin. -->","yoast_head_json":{"title":"Zima w Salzburskim \u015awiecie Sportu \u00bb SalzburgerLand.com","robots":{"index":"index","follow":"follow","max-snippet":"max-snippet:-1","max-image-preview":"max-image-preview:large","max-video-preview":"max-video-preview:-1"},"canonical":"https:\/\/www.salzburgerland.com\/pl\/salzburski-swiat-sportu-zima\/","og_locale":"pl_PL","og_type":"article","og_title":"Zima w Salzburskim \u015awiecie Sportu","og_description":"Salzburski \u015awiat Sportu stanowi serce najwi\u0119kszego w Austrii karnetowego zrzeszenia region\u00f3w narciarskich, wyst\u0119puj\u0105cego pod nazw\u0105 Ski amad\u00e9, a","og_url":"https:\/\/www.salzburgerland.com\/pl\/salzburski-swiat-sportu-zima\/","og_site_name":"SalzburgerLand.com","article_publisher":"https:\/\/www.facebook.com\/visitsalzburgerland\/","article_modified_time":"2022-06-26T22:38:30+00:00","og_image":[{"width":1200,"height":675,"url":"https:\/\/www.salzburgerland.com\/pl\/wp-content\/uploads\/2019\/09\/winterparadies-salzburger-sportwelt_tom-lamm-1200x675.jpg","type":"image\/jpeg"}],"twitter_card":"summary_large_image","twitter_site":"@salzburgerland","twitter_misc":{"Szacowany czas czytania":"12 minut"},"schema":{"@context":"https:\/\/schema.org","@graph":[{"@type":"WebPage","@id":"https:\/\/www.salzburgerland.com\/pl\/salzburski-swiat-sportu-zima\/","url":"https:\/\/www.salzburgerland.com\/pl\/salzburski-swiat-sportu-zima\/","name":"Zima w Salzburskim \u015awiecie Sportu \u00bb SalzburgerLand.com","isPartOf":{"@id":"https:\/\/www.salzburgerland.com\/pl\/#website"},"primaryImageOfPage":{"@id":"https:\/\/www.salzburgerland.com\/pl\/salzburski-swiat-sportu-zima\/#primaryimage"},"image":{"@id":"https:\/\/www.salzburgerland.com\/pl\/salzburski-swiat-sportu-zima\/#primaryimage"},"thumbnailUrl":"https:\/\/www.salzburgerland.com\/pl\/wp-content\/uploads\/2019\/09\/winterparadies-salzburger-sportwelt_tom-lamm.jpg","datePublished":"2019-09-06T17:59:25+00:00","dateModified":"2022-06-26T22:38:30+00:00","description":"Jest cz\u0119\u015bci\u0105 najwi\u0119kszego w Austrii zrzeszenia region\u00f3w sport\u00f3w zimowych Ski amad\u00e9, a w jego sk\u0142ad wchodzi siedem atrakcyjnych kurort\u00f3w narciarskich ze zr\u00f3\u017cnicowanymi stacjami narciarskimi.","inLanguage":"pl-PL","potentialAction":[{"@type":"ReadAction","target":["https:\/\/www.salzburgerland.com\/pl\/salzburski-swiat-sportu-zima\/"]}]},{"@type":"ImageObject","inLanguage":"pl-PL","@id":"https:\/\/www.salzburgerland.com\/pl\/salzburski-swiat-sportu-zima\/#primaryimage","url":"https:\/\/www.salzburgerland.com\/pl\/wp-content\/uploads\/2019\/09\/winterparadies-salzburger-sportwelt_tom-lamm.jpg","contentUrl":"https:\/\/www.salzburgerland.com\/pl\/wp-content\/uploads\/2019\/09\/winterparadies-salzburger-sportwelt_tom-lamm.jpg","width":1920,"height":1280,"caption":"Tom Lamm | ikarus.cc, Tom Lamm"},{"@type":"WebSite","@id":"https:\/\/www.salzburgerland.com\/pl\/#website","url":"https:\/\/www.salzburgerland.com\/pl\/","name":"SalzburgerLand.com","description":"Urlop Salzburg : hotele : turystyka Ziemia Salzburska : kultura : rodzinny urlop Ziemia Salzburska : informacja turystyczna : noclegi Austria : aktywny wypoczynek","potentialAction":[{"@type":"SearchAction","target":{"@type":"EntryPoint","urlTemplate":"https:\/\/www.salzburgerland.com\/pl\/?s={search_term_string}"},"query-input":{"@type":"PropertyValueSpecification","valueRequired":true,"valueName":"search_term_string"}}],"inLanguage":"pl-PL"}]},"og_video":"https:\/\/www.youtube.com\/embed\/csM7j3NvRgg","og_video_type":"text\/html","og_video_duration":"78","og_video_width":"480","og_video_height":"270","ya_ovs_adult":"false","ya_ovs_upload_date":"2019-09-06T17:59:25+00:00","ya_ovs_allow_embed":"true"},"_wl_alt_label":[],"wl:entity_url":"http:\/\/open.salzburgerland.com\/pl\/post\/zima_w_salzburskim_swiecie_sportu","_links":{"self":[{"href":"https:\/\/www.salzburgerland.com\/pl\/wp-json\/wp\/v2\/entities\/4468","targetHints":{"allow":["GET"]}}],"collection":[{"href":"https:\/\/www.salzburgerland.com\/pl\/wp-json\/wp\/v2\/entities"}],"about":[{"href":"https:\/\/www.salzburgerland.com\/pl\/wp-json\/wp\/v2\/types\/entity"}],"author":[{"embeddable":true,"href":"https:\/\/www.salzburgerland.com\/pl\/wp-json\/wp\/v2\/users\/4"}],"replies":[{"embeddable":true,"href":"https:\/\/www.salzburgerland.com\/pl\/wp-json\/wp\/v2\/comments?post=4468"}],"version-history":[{"count":5,"href":"https:\/\/www.salzburgerland.com\/pl\/wp-json\/wp\/v2\/entities\/4468\/revisions"}],"predecessor-version":[{"id":14377,"href":"https:\/\/www.salzburgerland.com\/pl\/wp-json\/wp\/v2\/entities\/4468\/revisions\/14377"}],"wp:featuredmedia":[{"embeddable":true,"href":"https:\/\/www.salzburgerland.com\/pl\/wp-json\/wp\/v2\/media\/4469"}],"wp:attachment":[{"href":"https:\/\/www.salzburgerland.com\/pl\/wp-json\/wp\/v2\/media?parent=4468"}],"wp:term":[{"taxonomy":"category","embeddable":true,"href":"https:\/\/www.salzburgerland.com\/pl\/wp-json\/wp\/v2\/categories?post=4468"},{"taxonomy":"post_tag","embeddable":true,"href":"https:\/\/www.salzburgerland.com\/pl\/wp-json\/wp\/v2\/tags?post=4468"},{"taxonomy":"wl_entity_type","embeddable":true,"href":"https:\/\/www.salzburgerland.com\/pl\/wp-json\/wp\/v2\/wl_entity_type?post=4468"}],"curies":[{"name":"wp","href":"https:\/\/api.w.org\/{rel}","templated":true}]}}