{"id":2708,"date":"2019-04-26T09:47:43","date_gmt":"2019-04-26T07:47:43","guid":{"rendered":"https:\/\/www.salzburgerland.com\/pl\/?p=2708"},"modified":"2021-05-12T11:50:19","modified_gmt":"2021-05-12T09:50:19","slug":"saalfelden-leogang-lato","status":"publish","type":"entity","link":"https:\/\/www.salzburgerland.com\/pl\/saalfelden-leogang-lato\/","title":{"rendered":"Lato w Saalfelden Leogang"},"content":{"rendered":"<h3>Wypoczynek, kt\u00f3ry pasuje do Ciebie<\/h3>\n<p>Je\u015bli poszukujesz dobrego miejsca na odpoczynek od codzienno\u015bci, a jednocze\u015bnie marzy Ci si\u0119 niezapomniana przygoda na \u0142onie natury, zapraszamy do <strong><a href=\"https:\/\/www.jazzsaalfelden.com\/en\" target=\"_blank\" rel=\"noopener noreferrer\">Saalfelden Leogang<\/a><\/strong>! Ten region nie ma sobie w Alpach r\u00f3wnego pod wzgl\u0119dem kontrast\u00f3w.<\/p>\n<div style=\"width: 1180px\" class=\"wp-caption alignnone\"><img decoding=\"async\" src=\"https:\/\/cdn.salzburgerland.com\/hu\/wp-content\/uploads\/2019\/04\/-saalfelden-leogang-touristik-florian-lechner--waldschaukel-in-saalfelden-leogang-1170x658.jpg\" alt=\"\" width=\"1170\" height=\"658\"><p class=\"wp-caption-text\">\u00a9 Saalfelden Leogang Touristik, Florian Lechner \u2013 Podaruj sobie odrobin\u0119 relaksu<\/p><\/div>\n<p><strong>400 km szlak\u00f3w w\u0119drownych<\/strong> zach\u0119ca do uprawiania turystyki pieszej i wspinaczki g\u00f3rskiej, przy czym nie musisz od razu zdobywa\u0107 najwy\u017cszych szczyt\u00f3w. Pow\u0119druj skoro \u015bwit na alpejsk\u0105 hal\u0119, a do\u015bwiadczysz, jak niezwyk\u0142y smak ma kawa pita w g\u00f3rach o wschodzie s\u0142o\u0144ca. Je\u015bli jednak zdecydujesz si\u0119 podda\u0107 pr\u00f3bie swoj\u0105 kondycj\u0119, odpoczywaj\u0105c po forsownym marszu na rozgrzanej s\u0142o\u0144cem skale, poczujesz si\u0119 jak nowo narodzony. Mo\u017cliwo\u015b\u0107 zbalansowanego po\u0142\u0105czenia obu form aktywno\u015bci daje Ci \u201eSaalachtaler Rundweg\u201c. A co powiesz na po\u0142\u0105czenie aktywnego wypoczynku ze s\u0142uchaniem dobrej muzyki? 41. edycj\u0119 renomowanego <a href=\"https:\/\/www.jazzsaalfelden.com\/en\" target=\"_blank\" rel=\"noopener noreferrer\">Festiwalu Jazzowego<\/a> w Saalfelden od 20 do 23 sierpnia 2020 wype\u0142ni\u0105 83 koncerty, z kt\u00f3rych a\u017c 60 jest do wys\u0142uchania przy wolnym wst\u0119pie.<\/p>\n\n\t\t\t<div id=\"2708-1\" class=\"gallery gallery-2708 gallery-columns-3 gallery-size-medium\" itemscope itemtype=\"http:\/\/schema.org\/ImageGallery\">\n\t\t\t\t<ul class=\"gallery-row gallery-col-3 gallery-clear\">\n\t\t\t\t\t<li class=\"gallery-item col-3\" itemprop=\"associatedMedia\" itemscope itemtype=\"http:\/\/schema.org\/ImageObject\">\n\t\t\t\t\t\t<div class=\"gallery-icon landscape\"><a href=\"https:\/\/www.salzburgerland.com\/pl\/wp-content\/uploads\/2019\/04\/kraftplatz-c-peter-kuehnl-5-1-1920x1067.jpg\" title=\"Kraftplatz (c) Peter K\u00fchnl (5)\"><img decoding=\"async\" data-title=\"Peter K\u00fchnl, Peter K\u00fchnl\" title=\"Peter K\u00fchnl, Peter K\u00fchnl\" data-caption=\"Peter K\u00fchnl, Peter K\u00fchnl\" width=\"1024\" height=\"569\" src=\"https:\/\/www.salzburgerland.com\/pl\/wp-content\/uploads\/2019\/04\/kraftplatz-c-peter-kuehnl-5-1-1024x569.jpg\" class=\"attachment-medium size-medium\" alt=\"Drewniane koryto z wod\u0105 na zielonej g\u00f3rskiej \u0142\u0105ce z sosnami i odleg\u0142ymi szczytami pod czystym b\u0142\u0119kitnym niebem. (Powi\u0119kszony widok)\" srcset=\"https:\/\/www.salzburgerland.com\/pl\/wp-content\/uploads\/2019\/04\/kraftplatz-c-peter-kuehnl-5-1-1024x569.jpg 1024w, https:\/\/www.salzburgerland.com\/pl\/wp-content\/uploads\/2019\/04\/kraftplatz-c-peter-kuehnl-5-1-370x206.jpg 370w, https:\/\/www.salzburgerland.com\/pl\/wp-content\/uploads\/2019\/04\/kraftplatz-c-peter-kuehnl-5-1-1920x1067.jpg 1920w, https:\/\/www.salzburgerland.com\/pl\/wp-content\/uploads\/2019\/04\/kraftplatz-c-peter-kuehnl-5-1-270x150.jpg 270w, https:\/\/www.salzburgerland.com\/pl\/wp-content\/uploads\/2019\/04\/kraftplatz-c-peter-kuehnl-5-1-540x300.jpg 540w\" sizes=\"(max-width: 1024px) 100vw, 1024px\" aria-describedby=\"figcaption-2708-3402\" itemprop=\"thumbnail\"><\/a><\/div>\n\t\t\t\t\t\t<span id=\"figcaption-2708-3402\" class=\"gallery-caption\" itemprop=\"caption\"><span aria-hidden=\"true\">Peter K\u00fchnl, Peter K\u00fchnl<\/span><\/span>\n\t\t\t\t\t<\/li>\n\t\t\t\t\t<li class=\"gallery-item col-3\" itemprop=\"associatedMedia\" itemscope itemtype=\"http:\/\/schema.org\/ImageObject\">\n\t\t\t\t\t\t<div class=\"gallery-icon landscape\"><a href=\"https:\/\/www.salzburgerland.com\/pl\/wp-content\/uploads\/2019\/04\/bma-gross-55-von-62-1920x1067.jpg\" title=\"bma-gross-55-von-62\"><img decoding=\"async\" data-title=\"\" title=\"\" data-caption=\"\" width=\"1024\" height=\"569\" src=\"https:\/\/www.salzburgerland.com\/pl\/wp-content\/uploads\/2019\/04\/bma-gross-55-von-62-1024x569.jpg\" class=\"attachment-medium size-medium\" alt=\"Le\u015bna \u015bcie\u017cka z drewnianym znakiem wskazuj\u0105cym w lewo, oznaczonym po niemiecku Einsiedelei, otoczona zieleni\u0105. (Powi\u0119kszony widok)\" srcset=\"https:\/\/www.salzburgerland.com\/pl\/wp-content\/uploads\/2019\/04\/bma-gross-55-von-62-1024x569.jpg 1024w, https:\/\/www.salzburgerland.com\/pl\/wp-content\/uploads\/2019\/04\/bma-gross-55-von-62-370x206.jpg 370w, https:\/\/www.salzburgerland.com\/pl\/wp-content\/uploads\/2019\/04\/bma-gross-55-von-62-1920x1067.jpg 1920w, https:\/\/www.salzburgerland.com\/pl\/wp-content\/uploads\/2019\/04\/bma-gross-55-von-62-270x150.jpg 270w, https:\/\/www.salzburgerland.com\/pl\/wp-content\/uploads\/2019\/04\/bma-gross-55-von-62-540x300.jpg 540w\" sizes=\"(max-width: 1024px) 100vw, 1024px\" itemprop=\"thumbnail\"><\/a><\/div>\n\t\t\t\t\t<\/li>\n\t\t\t\t\t<li class=\"gallery-item col-3\" itemprop=\"associatedMedia\" itemscope itemtype=\"http:\/\/schema.org\/ImageObject\">\n\t\t\t\t\t\t<div class=\"gallery-icon landscape\"><a href=\"https:\/\/www.salzburgerland.com\/pl\/wp-content\/uploads\/2019\/04\/passauer_huette_jonathan_forsthuber-1170x658.jpg\" title=\"passauer_huette_jonathan_forsthuber-1170x658\"><img decoding=\"async\" data-title=\"\" title=\"\" data-caption=\"\" width=\"1024\" height=\"569\" src=\"https:\/\/www.salzburgerland.com\/pl\/wp-content\/uploads\/2019\/04\/passauer_huette_jonathan_forsthuber-1170x658-1024x569.jpg\" class=\"attachment-medium size-medium\" alt=\"G\u00f3rska chata stoi na skalistym klifie, otoczona o\u015bnie\u017conymi zboczami i go\u0142\u0105 ziemi\u0105. (Powi\u0119kszony widok)\" srcset=\"https:\/\/www.salzburgerland.com\/pl\/wp-content\/uploads\/2019\/04\/passauer_huette_jonathan_forsthuber-1170x658-1024x569.jpg 1024w, https:\/\/www.salzburgerland.com\/pl\/wp-content\/uploads\/2019\/04\/passauer_huette_jonathan_forsthuber-1170x658-370x206.jpg 370w, https:\/\/www.salzburgerland.com\/pl\/wp-content\/uploads\/2019\/04\/passauer_huette_jonathan_forsthuber-1170x658-270x150.jpg 270w, https:\/\/www.salzburgerland.com\/pl\/wp-content\/uploads\/2019\/04\/passauer_huette_jonathan_forsthuber-1170x658-540x300.jpg 540w\" sizes=\"(max-width: 1024px) 100vw, 1024px\" itemprop=\"thumbnail\"><\/a><\/div>\n\t\t\t\t\t<\/li>\n\t\t\t\t<\/ul>\n\t\t\t<\/div><!-- .gallery -->\n\n<h3><a href=\"https:\/\/www.saalfelden-leogang.com\/en\/region-experience\/hiking\" target=\"_blank\" rel=\"noopener noreferrer\">Raj dla w\u0119drowc\u00f3w<\/a><\/h3>\n<p>Urlopowicze gustuj\u0105cy w pieszych w\u0119dr\u00f3wkach znajd\u0105 w\u00a0<strong>Saalfelden Leogang <\/strong>nie tylko\u00a0<span><strong>400 km jednolicie oznakownaych i zadabanych szlak\u00f3w w\u0119drownych<\/strong>, ale tak\u017ce tradycyjne <strong>alpejskie bac\u00f3wki<\/strong> i przytulne <strong>g\u00f3rskie schroniska<\/strong> oraz liczne <strong>szlaki tematyczne dla dzieci<\/strong> i doros\u0142ych. W\u0119drowcy, kt\u00f3rzy chc\u0105 w\u0119drowa\u0107 dolin\u0105 Saalachtal przez wioski i miasteczka oferowane s\u0105 tygodniowe <strong>wycieczki piesze bez baga\u017cu<\/strong>. Nie brak te\u017c oferty dla tych, kt\u00f3rzy ch\u0119tnie biegaj\u0105! A\u017c\u00a0<\/span><strong>18 tras biegowych w terenie <\/strong><span>o \u0142\u0105cznej d\u0142ugo\u015bci 120 km oraz d<strong>wie trasy w wysokich partiach g\u00f3r<\/strong> zapewniaj\u0105 biegi pe\u0142ne wspania\u0142ych i niezapomnianych wra\u017ce\u0144.\u00a0<\/span><\/p>\n\n\t\t\t<div id=\"2708-2\" class=\"gallery gallery-2708 gallery-columns-3 gallery-size-medium\" itemscope itemtype=\"http:\/\/schema.org\/ImageGallery\">\n\t\t\t\t<ul class=\"gallery-row gallery-col-3 gallery-clear\">\n\t\t\t\t\t<li class=\"gallery-item col-3\" itemprop=\"associatedMedia\" itemscope itemtype=\"http:\/\/schema.org\/ImageObject\">\n\t\t\t\t\t\t<div class=\"gallery-icon landscape\"><a href=\"https:\/\/www.salzburgerland.com\/pl\/wp-content\/uploads\/2019\/04\/saalfelden-sommer-wandern-1920x1067.jpg\" title=\"saalfelden-sommer-wandern\"><img decoding=\"async\" data-title=\"\" title=\"\" data-caption=\"\" width=\"1024\" height=\"569\" src=\"https:\/\/www.salzburgerland.com\/pl\/wp-content\/uploads\/2019\/04\/saalfelden-sommer-wandern-1024x569.jpg\" class=\"attachment-medium size-medium\" alt=\"Dw\u00f3ch w\u0119drowc\u00f3w spaceruje po skalistym terenie w pobli\u017cu g\u00f3rskiej chaty, otoczonej o\u015bnie\u017conymi szczytami i zachmurzonym niebem. (Powi\u0119kszony widok)\" srcset=\"https:\/\/www.salzburgerland.com\/pl\/wp-content\/uploads\/2019\/04\/saalfelden-sommer-wandern-1024x569.jpg 1024w, https:\/\/www.salzburgerland.com\/pl\/wp-content\/uploads\/2019\/04\/saalfelden-sommer-wandern-370x206.jpg 370w, https:\/\/www.salzburgerland.com\/pl\/wp-content\/uploads\/2019\/04\/saalfelden-sommer-wandern-1920x1067.jpg 1920w, https:\/\/www.salzburgerland.com\/pl\/wp-content\/uploads\/2019\/04\/saalfelden-sommer-wandern-270x150.jpg 270w, https:\/\/www.salzburgerland.com\/pl\/wp-content\/uploads\/2019\/04\/saalfelden-sommer-wandern-540x300.jpg 540w\" sizes=\"(max-width: 1024px) 100vw, 1024px\" itemprop=\"thumbnail\"><\/a><\/div>\n\t\t\t\t\t<\/li>\n\t\t\t\t\t<li class=\"gallery-item col-3\" itemprop=\"associatedMedia\" itemscope itemtype=\"http:\/\/schema.org\/ImageObject\">\n\t\t\t\t\t\t<div class=\"gallery-icon landscape\"><a href=\"https:\/\/www.salzburgerland.com\/pl\/wp-content\/uploads\/2019\/04\/zwischenstopp-auf-dem-weg-zum-riemannhaus-1920x1067.jpg\" title=\"Zwischenstopp auf dem Weg zum Riemannhaus\"><img decoding=\"async\" data-title=\"\" title=\"\" data-caption=\"\" width=\"1024\" height=\"569\" src=\"https:\/\/www.salzburgerland.com\/pl\/wp-content\/uploads\/2019\/04\/zwischenstopp-auf-dem-weg-zum-riemannhaus-1024x569.jpg\" class=\"attachment-medium size-medium\" alt=\"Dw\u00f3ch w\u0119drowc\u00f3w stoi na trawiastym g\u00f3rskim szlaku ze skalistymi klifami i odleg\u0142ymi dolinami pod zachmurzonym niebem. (Powi\u0119kszony widok)\" srcset=\"https:\/\/www.salzburgerland.com\/pl\/wp-content\/uploads\/2019\/04\/zwischenstopp-auf-dem-weg-zum-riemannhaus-1024x569.jpg 1024w, https:\/\/www.salzburgerland.com\/pl\/wp-content\/uploads\/2019\/04\/zwischenstopp-auf-dem-weg-zum-riemannhaus-370x206.jpg 370w, https:\/\/www.salzburgerland.com\/pl\/wp-content\/uploads\/2019\/04\/zwischenstopp-auf-dem-weg-zum-riemannhaus-1920x1067.jpg 1920w, https:\/\/www.salzburgerland.com\/pl\/wp-content\/uploads\/2019\/04\/zwischenstopp-auf-dem-weg-zum-riemannhaus-270x150.jpg 270w, https:\/\/www.salzburgerland.com\/pl\/wp-content\/uploads\/2019\/04\/zwischenstopp-auf-dem-weg-zum-riemannhaus-540x300.jpg 540w\" sizes=\"(max-width: 1024px) 100vw, 1024px\" itemprop=\"thumbnail\"><\/a><\/div>\n\t\t\t\t\t<\/li>\n\t\t\t\t\t<li class=\"gallery-item col-3\" itemprop=\"associatedMedia\" itemscope itemtype=\"http:\/\/schema.org\/ImageObject\">\n\t\t\t\t\t\t<div class=\"gallery-icon landscape\"><a href=\"https:\/\/www.salzburgerland.com\/pl\/wp-content\/uploads\/2019\/04\/saalfelden-leogang-by-robert-kittel-49-1170x658.jpg\" title=\"saalfelden-leogang-by-robert-kittel-49--1170x658\"><img decoding=\"async\" data-title=\"\" title=\"\" data-caption=\"\" width=\"1024\" height=\"569\" src=\"https:\/\/www.salzburgerland.com\/pl\/wp-content\/uploads\/2019\/04\/saalfelden-leogang-by-robert-kittel-49-1170x658-1024x569.jpg\" class=\"attachment-medium size-medium\" alt=\"Rustykalny g\u00f3rski domek z miejscami do siedzenia na zewn\u0105trz, na tle wysokich, zielonych g\u00f3r. (Powi\u0119kszony widok)\" srcset=\"https:\/\/www.salzburgerland.com\/pl\/wp-content\/uploads\/2019\/04\/saalfelden-leogang-by-robert-kittel-49-1170x658-1024x569.jpg 1024w, https:\/\/www.salzburgerland.com\/pl\/wp-content\/uploads\/2019\/04\/saalfelden-leogang-by-robert-kittel-49-1170x658-370x206.jpg 370w, https:\/\/www.salzburgerland.com\/pl\/wp-content\/uploads\/2019\/04\/saalfelden-leogang-by-robert-kittel-49-1170x658-270x150.jpg 270w, https:\/\/www.salzburgerland.com\/pl\/wp-content\/uploads\/2019\/04\/saalfelden-leogang-by-robert-kittel-49-1170x658-540x300.jpg 540w\" sizes=\"(max-width: 1024px) 100vw, 1024px\" itemprop=\"thumbnail\"><\/a><\/div>\n\t\t\t\t\t<\/li>\n\t\t\t\t<\/ul>\n\t\t\t<\/div><!-- .gallery -->\n\n<h3>Turystyka piesza na Asitz<\/h3>\n<p>Tam, gdzie zim\u0105 trwa pyszna narciarska zabawa, otwieraj\u0105 si\u0119 w sezonie letnim wspania\u0142e tereny w\u0119drowne. Wystarczy, \u017ce wjedziesz kolejk\u0105 linow\u0105 do po\u015bredniej lub g\u00f3rnej stacji, i ju\u017c mo\u017cesz rusza\u0107 na jeden z dw\u00f3ch wysokog\u00f3rskich szlak\u00f3w w\u0119drownych, przemierzy\u0107 \u201e\u015bcie\u017ck\u0119 artystyczn\u0105\u201d, zaskoczy\u0107 swoje zmys\u0142y w Parku Zmys\u0142\u00f3w lub rozerwa\u0107 si\u0119 z dzie\u0107mi na \u201eLeosiowym szlaku zabaw\u201d.<\/p>\n<div id=\"attachment_5411\" style=\"width: 1180px\" class=\"wp-caption alignnone\"><img decoding=\"async\" aria-describedby=\"caption-attachment-5411\" class=\"wp-image-5411 size-1170_658\" src=\"https:\/\/cdn.salzburgerland.com\/pl\/wp-content\/uploads\/2019\/04\/leoganger-steinberge-c-friendship-is-gmbh-1170x658.jpg\" alt=\"\" width=\"1170\" height=\"658\" srcset=\"https:\/\/www.salzburgerland.com\/pl\/wp-content\/uploads\/2019\/04\/leoganger-steinberge-c-friendship-is-gmbh-1170x658.jpg 1170w, https:\/\/www.salzburgerland.com\/pl\/wp-content\/uploads\/2019\/04\/leoganger-steinberge-c-friendship-is-gmbh-1200x675.jpg 1200w\" sizes=\"(max-width: 1170px) 100vw, 1170px\"><p id=\"caption-attachment-5411\" class=\"wp-caption-text\">\u00a9 Saalfelden Leogang Touristik, friendship.is GmbH \u2013 Leoganger Steinberge, dwa \u015bwiaty w bliskiej przyja\u017ani<\/p><\/div>\n<p>W <strong>Parku Zmys\u0142\u00f3w<\/strong> poczujesz swoje zmys\u0142y. Poczujesz siebie. Poznasz odczucia chodzenia boso po ziemi, piasku i kamieniach. Przekonasz si\u0119, czy smak w\u0142asnor\u0119cznie upieczonego chleba spe\u0142nia oczekiwania, jakie budzi w nas jego smakowity zapach. Park le\u017cy bezpo\u015brednio przy po\u015bredniej stacji kolejki i wiedzie rodzic\u00f3w i ich pociechy szlakiem 30 przystank\u00f3w do \u015bwiata widok\u00f3w, zapach\u00f3w, smak\u00f3w, dzwi\u0119k\u00f3w i dotyku.<\/p>\n<p>Nieco powy\u017cej Parku Zmys\u0142\u00f3w znajduje si\u0119 miejsce, kt\u00f3re pozwoli zmys\u0142om odpocz\u0105\u0107. To <strong>Ciche Wody<\/strong> na Asitz. Podaruj swojej duszy szczeg\u00f3lny moment odpr\u0119\u017cenia! Le\u017caki, tarasy widokowe, p\u0142ywaj\u0105ca platforma oraz inne elementy wodne zapraszaj\u0105 na szczeg\u00f3lne chwile relaksu na \u0142onie natury.<\/p>\n<div id=\"attachment_3374\" style=\"width: 1180px\" class=\"wp-caption alignnone\"><img decoding=\"async\" aria-describedby=\"caption-attachment-3374\" class=\"wp-image-3374 size-1170_658\" src=\"https:\/\/cdn.salzburgerland.com\/pl\/wp-content\/uploads\/2019\/04\/stille-wasser-am-asitz-by-stefan-gimpl-5-1170x658.jpg\" alt=\"\" width=\"1170\" height=\"658\" srcset=\"https:\/\/www.salzburgerland.com\/pl\/wp-content\/uploads\/2019\/04\/stille-wasser-am-asitz-by-stefan-gimpl-5-1170x658.jpg 1170w, https:\/\/www.salzburgerland.com\/pl\/wp-content\/uploads\/2019\/04\/stille-wasser-am-asitz-by-stefan-gimpl-5-768x432.jpg 768w, https:\/\/www.salzburgerland.com\/pl\/wp-content\/uploads\/2019\/04\/stille-wasser-am-asitz-by-stefan-gimpl-5-1200x675.jpg 1200w, https:\/\/www.salzburgerland.com\/pl\/wp-content\/uploads\/2019\/04\/stille-wasser-am-asitz-by-stefan-gimpl-5.jpg 1920w\" sizes=\"(max-width: 1170px) 100vw, 1170px\"><p id=\"caption-attachment-3374\" class=\"wp-caption-text\">\u00a9 Saalfelden Leogang Touristik \u2013 Cisza g\u00f3r, lekkie ko\u0142ysanie w\u00f3d, fantastyczne widoki \u2013 tu do\u015bwiadczysz g\u0142\u0119bokiego odpr\u0119\u017cenia<\/p><\/div>\n<h3>Zagospodarowane hale i tradycyjne bac\u00f3wki<\/h3>\n<p>Wielu w\u0119drowc\u00f3w jest zdania, \u017ce w g\u00f3rach wszystko smakuje lepiej. Dlaczego? To jasne. Aktywno\u015b\u0107 na \u015bwie\u017cym powietrzu pobudza apetyt i wyostrza zmysy\u0142y. Ale to jeszcze nie wszystko. Produkty rodem z okr\u0119gu Pinzgau s\u0105 po prostu tak dobre, a do tego jeszcze cz\u0119stwo wyrabiane najcz\u0119\u015bciej na miejscu przez halnych gospodarzy. I jest jeszcze jeden wa\u017cny czynnik, kt\u00f3ry przyczynia si\u0119 do kulinarnych uniesie\u0144. Dodatkiem do przek\u0105ski na desce, pysznej serwatki, bulionu z kluskiem serowym czy pysznego strudla s\u0105 fantastyczne widoki na szerok\u0105 kotlin\u0119 i na charakterystyczne szczyty Leoganger Steinberge! Na wszystkich szlakach naszego regionu \u2013 czy to na \u0142atwych, \u015brednich w skali trudno\u015bci czy wymagaj\u0105cych dobrej kondycji i zaci\u0119cia, piechurzy i apini\u015bci napotkaj\u0105 schroniska, bac\u00f3wki i punkty gastronomiczne, gdzie odetchn\u0105, nasyc\u0105 oczy widokami i zaspokoj\u0105 g\u0142\u00f3d w przyjemnej, swojskiej atmosferze.<\/p>\n<div id=\"attachment_3378\" style=\"width: 1180px\" class=\"wp-caption alignnone\"><img decoding=\"async\" aria-describedby=\"caption-attachment-3378\" class=\"wp-image-3378 size-1170_658\" src=\"https:\/\/cdn.salzburgerland.com\/pl\/wp-content\/uploads\/2019\/04\/saalfelden-leogang-familie-alm-speck-kulinarik-c-lolin-3-1-1170x658.jpg\" alt=\"\" width=\"1170\" height=\"658\" srcset=\"https:\/\/www.salzburgerland.com\/pl\/wp-content\/uploads\/2019\/04\/saalfelden-leogang-familie-alm-speck-kulinarik-c-lolin-3-1-1170x658.jpg 1170w, https:\/\/www.salzburgerland.com\/pl\/wp-content\/uploads\/2019\/04\/saalfelden-leogang-familie-alm-speck-kulinarik-c-lolin-3-1-1900x1067.jpg 1900w, https:\/\/www.salzburgerland.com\/pl\/wp-content\/uploads\/2019\/04\/saalfelden-leogang-familie-alm-speck-kulinarik-c-lolin-3-1-1200x675.jpg 1200w\" sizes=\"(max-width: 1170px) 100vw, 1170px\"><p id=\"caption-attachment-3378\" class=\"wp-caption-text\">\u00a9 SalzburgerLand Toruismus \u2013 Nie ma nic pi\u0119kniejszego, ni\u017c alpejska uczta w halnej bac\u0105wce, z widokiem na imponuj\u0105ce g\u00f3rskie szczyty<\/p><\/div>\n<h3><strong>Wspinaczka g\u00f3rska<\/strong><\/h3>\n<p>W Saalfelden Leogang nie brakuje stromych skalnych \u015bcian. Nic wi\u0119c dziwnego, \u017ce region ten odkryli fascynaci wspinaczki. A region odpowiedzia\u0142 na ich zapotrzebowanie bogat\u0105 ofert\u0105 dla alpinist\u00f3w o ka\u017cdym stopniu zaawansowania. Dzisiaj w rejonie g\u00f3r Steinberge, kt\u00f3ry sk\u0142ada si\u0119 z obszar\u00f3w Saalfelden Leogang, Pillerseetal i doliny Saalachtal, znajdziemy niezliczone trasy do wspinaczki alpejskiej i sportowej i dwie nowoczesne hale wspinaczkowe. W sumie znajdziemy to a\u017c 1000 r\u00f3\u017cnych mo\u017cliwo\u015bci, kt\u00f3re oddalone s\u0105 od siebie o zaledwie 25 minut jazdy samochodem! Bez wzgl\u0119du na to, czy dopiero rozpoczynasz swoj\u0105 przygod\u0119 wspinaczkow\u0105 w hali, czy przygotowujesz si\u0119 na premier\u0119 na prawdziwych ska\u0142ach. czy wyruszasz na d\u0142ugie alpejskie szlaki czy zbierasz do\u015bwiadczenia na via ferratach \u2013 w ka\u017cdym przypadku kompetentne szkolenia i fachowe przewodnictwo oferuj\u0105 szk\u00f3\u0142ki wspinaczkowe dzia\u0142aj\u0105ce w regionie. Gwarantuj\u0105 one buzpieczn\u0105 i niezapomnian\u0105 zabaw\u0119 na \u015bciance i na skale!<\/p>\n<div id=\"attachment_3380\" style=\"width: 1180px\" class=\"wp-caption alignnone\"><img decoding=\"async\" aria-describedby=\"caption-attachment-3380\" class=\"wp-image-3380 size-1170_658\" src=\"https:\/\/cdn.salzburgerland.com\/pl\/wp-content\/uploads\/2019\/04\/klettern-c-sportalpen-com-4-e1510582988522-1170x658.jpg\" alt=\"\" width=\"1170\" height=\"658\" srcset=\"https:\/\/www.salzburgerland.com\/pl\/wp-content\/uploads\/2019\/04\/klettern-c-sportalpen-com-4-e1510582988522-1170x658.jpg 1170w, https:\/\/www.salzburgerland.com\/pl\/wp-content\/uploads\/2019\/04\/klettern-c-sportalpen-com-4-e1510582988522-1200x675.jpg 1200w\" sizes=\"(max-width: 1170px) 100vw, 1170px\"><p id=\"caption-attachment-3380\" class=\"wp-caption-text\">\u00a9 Saalfelden Leogang Touristik<\/p><\/div>\n<h3>Mekka dla mi\u0142o\u015bnik\u00f3w kolarstwa g\u00f3rskiego<\/h3>\n<p>Saalfelden Leogang jest <a href=\"https:\/\/www.saalfelden-leogang.com\/en\/region-experience\/bike\" target=\"_blank\" rel=\"noopener noreferrer\">nieoficjaln\u0105 stolic\u0105 rowerow\u0105 i kolarsk\u0105 austriackich Alp<\/a>. Nie ma tu drugiego takiego miejsca, gdzie mo\u017cna by\u0142oby wybiera\u0107 pomi\u0119dzy g\u00f3rskimi trasami rowerowych formatu mistrzostw \u015bwiata w zapieraj\u0105cej dech w piersi g\u00f3rskiej scenerii i rekreacyjnymi szlakami rowerowymi w dolinie z odpoczynkiem\u00a0 w miasteczku. Saalfelden Leogang oddaje do dyspozycji amator\u00f3w MTB ponad <strong>720 km tras do uprawiania kolarstwa g\u00f3rskiego<\/strong>, <strong>480 km szlak\u00f3w rowerowych w dolinie<\/strong> oraz jeden z najlepszych bikepark\u00f3w w Europie, oferuj\u0105cy niewyczerpane mo\u017cliwo\u015bci wariant\u00f3w jazdy. Do tego dochodzi <strong>pierwszorz\u0119dna infrastruktura rowerowa<\/strong> z obiektami noclegowymi przyjaznymi cyklistom, sklepy ze sprz\u0119tem MTB i szk\u00f3\u0142a kolarska. W tej ostatniej zdob\u0119dziemy cenn\u0105 wiedz\u0119 i opanujemy prawid\u0142owe techniki, zar\u00f3wno osoby rozpoczynaj\u0105ce swoj\u0105 przygod\u0119 z MTB, jak i wytrawni freeriderzy i downhillowcy oraz generalnie wszyscy bywalcy bikepark\u00f3w.<\/p>\n<p><iframe title=\"Forsthof-Trail in Leogang\" width=\"500\" height=\"281\" src=\"https:\/\/www.youtube-nocookie.com\/embed\/U3KMkL2F_a4?feature=oembed&amp;rel=0&amp;modestbranding=1\" frameborder=\"0\" allow=\"accelerometer; autoplay; clipboard-write; encrypted-media; gyroscope; picture-in-picture; web-share\" referrerpolicy=\"strict-origin-when-cross-origin\" allowfullscreen><\/iframe><\/p>\n<p>\u00a0<\/p>\n<p>Legendarny <a href=\"https:\/\/bikepark.saalfelden-leogang.com\/en\" target=\"_blank\" rel=\"noopener noreferrer\"><strong>Epic Bikpark Leogang<\/strong><\/a> to synonim zr\u00f3\u017cnicowanej oferty dla mi\u0142o\u015bnik\u00f3w kolarstwa grawitacyjnego \u2013 od klasycznego kolarstwa g\u00f3rskiego po karko\u0142omny downhill. Do bikeparku dostaniemy si\u0119 wygodnie 8-osobow\u0105 kolejk\u0105 na Asitz lub 10-osobow\u0105 kolejk\u0105 Steigenbergbahn z kabinami przystosowanymi do transportu rower\u00f3w. Je\u015bli jest taka koniczeno\u015b\u0107, przy dolnej stacji mo\u017cna wypo\u017cyczy\u0107 rowery i sprz\u0119t kolarski oraz zaanga\u017cowa\u0107 instruktora.\u00a0 Bikepark Leogang jest jednym z pierwszych i najwi\u0119kszych bikepark\u0105w w Europie i by\u0142 ju\u017c dwukrotnie gospodarzem <strong>mistrzostw \u015bwiata UCI w czterech dyscyplinach MTB<\/strong>: downhill, pumptrack, cross country i e-mountainbike.<\/p>\n<p>Kto ma ochot\u0119 sprawdzi\u0107 swoje umiej\u0119tno\u015bci na trasie mistrzostw \u015bwiata, jest we w\u0142a\u015bciwym miejscu. Ale nie zapomniano tak\u017ce o dzieciach i pocz\u0105tkuj\u0105cych, kt\u00f3rzy mog\u0105 bawia\u0107 si\u0119 i zdobywa\u0107 wiedz\u0119 o technikach na hopkach w <a href=\"https:\/\/bikepark.saalfelden-leogang.com\/en\/tracks\/beginners\" target=\"_blank\" rel=\"noopener noreferrer\"><strong>Riders Playground<\/strong><\/a>!<\/p>\n\n\t\t\t<div id=\"2708-3\" class=\"gallery gallery-2708 gallery-columns-3 gallery-size-1170_658\" itemscope itemtype=\"http:\/\/schema.org\/ImageGallery\">\n\t\t\t\t<ul class=\"gallery-row gallery-col-3 gallery-clear\">\n\t\t\t\t\t<li class=\"gallery-item col-3\" itemprop=\"associatedMedia\" itemscope itemtype=\"http:\/\/schema.org\/ImageObject\">\n\t\t\t\t\t\t<div class=\"gallery-icon landscape\"><a href=\"https:\/\/www.salzburgerland.com\/pl\/wp-content\/uploads\/2019\/04\/leogang-sommer-bikepark-c-klemens-konig-1170x658-1.jpg\" title=\"leogang-sommer-bikepark-c-klemens-konig-1170x658\"><img decoding=\"async\" data-title=\"\u00a9 Saalfelden Leogang Touristik\" title=\"\u00a9 Saalfelden Leogang Touristik\" data-caption=\"\u00a9 Saalfelden Leogang Touristik\" width=\"1170\" height=\"658\" src=\"https:\/\/www.salzburgerland.com\/pl\/wp-content\/uploads\/2019\/04\/leogang-sommer-bikepark-c-klemens-konig-1170x658-1.jpg\" class=\"attachment-1170_658 size-1170_658\" alt=\"Trzech rowerzyst\u00f3w g\u00f3rskich jedzie po kr\u0119tym szlaku z wysokimi g\u00f3rami i dzikimi kwiatami w tle. (Powi\u0119kszony widok)\" srcset=\"https:\/\/www.salzburgerland.com\/pl\/wp-content\/uploads\/2019\/04\/leogang-sommer-bikepark-c-klemens-konig-1170x658-1.jpg 1170w, https:\/\/www.salzburgerland.com\/pl\/wp-content\/uploads\/2019\/04\/leogang-sommer-bikepark-c-klemens-konig-1170x658-1-768x432.jpg 768w\" sizes=\"(max-width: 1170px) 100vw, 1170px\" aria-describedby=\"figcaption-2708-9708\" itemprop=\"thumbnail\"><\/a><\/div>\n\t\t\t\t\t\t<span id=\"figcaption-2708-9708\" class=\"gallery-caption\" itemprop=\"caption\"><span aria-hidden=\"true\">\u00a9 Saalfelden Leogang Touristik<\/span><\/span>\n\t\t\t\t\t<\/li>\n\t\t\t\t\t<li class=\"gallery-item col-3\" itemprop=\"associatedMedia\" itemscope itemtype=\"http:\/\/schema.org\/ImageObject\">\n\t\t\t\t\t\t<div class=\"gallery-icon landscape\"><a href=\"https:\/\/www.salzburgerland.com\/pl\/wp-content\/uploads\/2019\/04\/r2a3504_bikepark-kids-1170x658-1.jpg\" title=\"r2a3504_bikepark-kids-1170x658\"><img decoding=\"async\" data-title=\"Riders Playground\u00a9 Saalfelden Leogang Touristik\" title=\"Riders Playground\u00a9 Saalfelden Leogang Touristik\" data-caption=\"Riders Playground\u00a9 Saalfelden Leogang Touristik\" width=\"1170\" height=\"658\" src=\"https:\/\/www.salzburgerland.com\/pl\/wp-content\/uploads\/2019\/04\/r2a3504_bikepark-kids-1170x658-1.jpg\" class=\"attachment-1170_658 size-1170_658\" alt=\"Dwoje dzieci w kaskach jedzie na rowerach po \u017cwirowej \u015bcie\u017cce z kolorowymi pacho\u0142kami, w tle obserwuje je doros\u0142y. (Powi\u0119kszony widok)\" srcset=\"https:\/\/www.salzburgerland.com\/pl\/wp-content\/uploads\/2019\/04\/r2a3504_bikepark-kids-1170x658-1.jpg 1170w, https:\/\/www.salzburgerland.com\/pl\/wp-content\/uploads\/2019\/04\/r2a3504_bikepark-kids-1170x658-1-768x432.jpg 768w\" sizes=\"(max-width: 1170px) 100vw, 1170px\" aria-describedby=\"figcaption-2708-9709\" itemprop=\"thumbnail\"><\/a><\/div>\n\t\t\t\t\t\t<span id=\"figcaption-2708-9709\" class=\"gallery-caption\" itemprop=\"caption\"><span aria-hidden=\"true\">Riders Playground\u00a9 Saalfelden Leogang Touristik<\/span><\/span>\n\t\t\t\t\t<\/li>\n\t\t\t\t\t<li class=\"gallery-item col-3\" itemprop=\"associatedMedia\" itemscope itemtype=\"http:\/\/schema.org\/ImageObject\">\n\t\t\t\t\t\t<div class=\"gallery-icon landscape\"><a href=\"https:\/\/www.salzburgerland.com\/pl\/wp-content\/uploads\/2019\/04\/der-neue-schwarzleo-trail-1170x658-1.jpg\" title=\"der-neue-schwarzleo-trail-1170x658\"><img decoding=\"async\" data-title=\"Schwarzleo-Trail \u00a9 Saalfelden Leogang Touristik\" title=\"Schwarzleo-Trail \u00a9 Saalfelden Leogang Touristik\" data-caption=\"Schwarzleo-Trail \u00a9 Saalfelden Leogang Touristik\" width=\"1170\" height=\"658\" src=\"https:\/\/www.salzburgerland.com\/pl\/wp-content\/uploads\/2019\/04\/der-neue-schwarzleo-trail-1170x658-1.jpg\" class=\"attachment-1170_658 size-1170_658\" alt=\"Dwie osoby na rowerach g\u00f3rskich na le\u015bnym szlaku z g\u00f3rami i cz\u0119\u015bciowo zachmurzonym niebem w tle. (Powi\u0119kszony widok)\" srcset=\"https:\/\/www.salzburgerland.com\/pl\/wp-content\/uploads\/2019\/04\/der-neue-schwarzleo-trail-1170x658-1.jpg 1170w, https:\/\/www.salzburgerland.com\/pl\/wp-content\/uploads\/2019\/04\/der-neue-schwarzleo-trail-1170x658-1-768x432.jpg 768w\" sizes=\"(max-width: 1170px) 100vw, 1170px\" aria-describedby=\"figcaption-2708-9710\" itemprop=\"thumbnail\"><\/a><\/div>\n\t\t\t\t\t\t<span id=\"figcaption-2708-9710\" class=\"gallery-caption\" itemprop=\"caption\"><span aria-hidden=\"true\">Schwarzleo-Trail \u00a9 Saalfelden Leogang Touristik<\/span><\/span>\n\t\t\t\t\t<\/li>\n\t\t\t\t<\/ul>\n\t\t\t<\/div><!-- .gallery -->\n\n<h3>Na rowerach elektrycznych<\/h3>\n<p>Chcia\u0142by\u015b poszerzy\u0107 promie\u0144 swoich aktywno\u015bci i obejrze\u0107 jeszcze wi\u0119cej uroczych miejsc wok\u00f3\u0142 Saalfelden Leogang? Idealnym \u015brodkiem do tego celu b\u0119dzie bez w\u0105tpienia<strong> e-bike<\/strong> \u2013 rower o nap\u0119dzie elektrycznym, kt\u00f3ry sprawi, \u017ce b\u0119dziesz zdobywa\u0142 bez wysi\u0142ku wszystkie wzniesienia, jakie napotkasz na szlaku. Sku\u015b si\u0119 na urlop na e-biku! W naszym regionie znajdziesz liczne wytyczone <strong>szlaki e-bike\u2019owe<\/strong> na ka\u017cdy gust \u2013 od rekreacjynch wycieczek rowerowych w dolinie po emocjonuj\u0105ce wyprawy w g\u00f3ry. Zadbali\u017cmy te\u017c o to, aby\u015b m\u00f3g\u0142 wynaj\u0105c odpowiedni sprz\u0119t i mia\u0142 gdzie do\u0142adowa\u0107 baterie na szlaku. Wiele go\u015bci\u0144c\u00f3w i zagospodarowanych hal posiada <strong>stacje \u0142adowania baterii<\/strong>, dzi\u0119ki czemu mo\u017cesz w kr\u00f3tkim czasie by\u0107 gotowym do dalszej drogi.<\/p>\n<div id=\"attachment_9711\" style=\"width: 1034px\" class=\"wp-caption alignnone\"><img decoding=\"async\" aria-describedby=\"caption-attachment-9711\" class=\"wp-image-9711 size-medium\" src=\"https:\/\/cdn.salzburgerland.com\/pl\/wp-content\/uploads\/2019\/04\/f1a0201-1170x658-1-1024x569.jpg\" alt=\"\" width=\"1024\" height=\"569\" srcset=\"https:\/\/www.salzburgerland.com\/pl\/wp-content\/uploads\/2019\/04\/f1a0201-1170x658-1-1024x569.jpg 1024w, https:\/\/www.salzburgerland.com\/pl\/wp-content\/uploads\/2019\/04\/f1a0201-1170x658-1-370x206.jpg 370w, https:\/\/www.salzburgerland.com\/pl\/wp-content\/uploads\/2019\/04\/f1a0201-1170x658-1-270x150.jpg 270w, https:\/\/www.salzburgerland.com\/pl\/wp-content\/uploads\/2019\/04\/f1a0201-1170x658-1-540x300.jpg 540w\" sizes=\"(max-width: 1024px) 100vw, 1024px\"><p id=\"caption-attachment-9711\" class=\"wp-caption-text\">\u00a9 Saalfelden Leogang Touristik<\/p><\/div>\n<h3><a href=\"https:\/\/www.saalfelden-leogang.com\/en\/region-experience\/golf\" target=\"_blank\" rel=\"noopener noreferrer\">Dla fan\u00f3w gry w golfa<\/a><\/h3>\n<p><span><strong>Dwa 18-do\u0142kowe pola golfowe<\/strong><\/span> GC Brandlhof i GC Urslautal spe\u0142niaj\u0105 wymagania fan\u00f3w golfa dotycz\u0105ce klasycznych p\u00f3l odpowiadaj\u0105cych standardom mistrzostw golfowych. A osoby, kt\u00f3re potrzebuj\u0105 wi\u0119cej urozmaice\u0144, znajd\u0105 w promieniu 70 km \u0142\u0105cznie jeszcze 15 uroczych pod wzgl\u0119dem krajobrazowym p\u00f3l golfowych.<\/p>\n<div id=\"attachment_5412\" style=\"width: 1180px\" class=\"wp-caption alignnone\"><img decoding=\"async\" aria-describedby=\"caption-attachment-5412\" class=\"wp-image-5412 size-1170_658\" src=\"https:\/\/cdn.salzburgerland.com\/pl\/wp-content\/uploads\/2019\/04\/golf-in-saalfelden-leogang_urslautal-c-michaelgeissler-1170x658.jpg\" alt=\"\" width=\"1170\" height=\"658\" srcset=\"https:\/\/www.salzburgerland.com\/pl\/wp-content\/uploads\/2019\/04\/golf-in-saalfelden-leogang_urslautal-c-michaelgeissler-1170x658.jpg 1170w, https:\/\/www.salzburgerland.com\/pl\/wp-content\/uploads\/2019\/04\/golf-in-saalfelden-leogang_urslautal-c-michaelgeissler-1200x675.jpg 1200w\" sizes=\"(max-width: 1170px) 100vw, 1170px\"><p id=\"caption-attachment-5412\" class=\"wp-caption-text\">\u00a9 Saalfelden Leogang Touristik, Michael Gei\u00dfler<\/p><\/div>\n<h3>Alpy z lotu ptaka<\/h3>\n<p>W Leogang czeka na amator\u00f3w mocnych, niecoodziennych wra\u017ce\u0144 niezwyk\u0142a atrakcja \u2013 lotnia linowa <a href=\"https:\/\/www.saalfelden-leogang.com\/en\/flying-fox-xxl\" target=\"_blank\" rel=\"noopener noreferrer\"><strong>Flying Fox XXL <\/strong><\/a>prowadz\u0105ca ponad alpejskimi krajobrazami. To najd\u0142u\u017csza i najszybsza lotnia linowa na \u015bwiecie o d\u0142ugo\u015bci 1600 m, zawieszona na wysoko\u015bci 143 m nad ziemi\u0105. Rozwija pr\u0119dko\u015b\u0107 do 130 km na godzin\u0119. Lot na spotkanie z niecodzienn\u0105 przygod\u0105 to wspania\u0142y pomys\u0142 na sp\u0119dzenie niezapomnianego dnia z a\u0142\u0105 rodzin\u0105!<\/p>\n<div style=\"width: 1180px\" class=\"wp-caption alignnone\"><img decoding=\"async\" src=\"https:\/\/cdn.salzburgerland.com\/hu\/wp-content\/uploads\/2019\/04\/-saalfelden-leogang-der-flying-fox-xxl-in-leogang-1170x658.jpg\" alt=\"\" width=\"1170\" height=\"658\"><p class=\"wp-caption-text\">\u00a9 Saalfelden Leogang \u2013 lot po alpejskim niebie na lotni linowej Flying Fox XXL<\/p><\/div>\n<h3>Kultura i tradycja<\/h3>\n<p>Fascynacja kultur\u0105 i tradycj\u0105 jest w Saalfelden Leogang odczuwalna na ka\u017cdym kroku i o ka\u017cdej porze roku. Kiedy kurort i okoliczne g\u00f3ry regionu wype\u0142niaj\u0105 przejmuj\u0105ce d\u017awi\u0119ki muzyki jazzowej. Kiedy w noc \u015bwi\u0119toja\u0144sk\u0105 setki ognisk rozja\u015bniaj\u0105 szczyty g\u00f3r Kamiennego Morza. Kiedy poznajemy \u017cycie regionu w dawnych czasach, podczas odwiedzin w Muzeum Regionalnym w Ritzen lub Muzeum G\u00f3rnictwa i Gotyku w Leogang. Tradycja i rado\u015b\u0107 eksperymentowania przeplataj\u0105 si\u0119 tu ze sob\u0105 i odzwierciedlaj\u0105 pe\u0142ne w kontrasty krajobrazy i miejsko-wiejsk\u0105 atmosfer\u0119 Saalfelden Leogang.<\/p>\n<p>Raz w roku w sierpniu spotykaj\u0105 si\u0119 w Saalfelden wybitni muzycy jazzowi z ca\u0142ego \u015bwiata, by wype\u0142ni\u0107 sale koncertowe, sceny pod go\u0142ym niebem, ale tak\u017ce alpejskie hale i szczyty g\u00f3r rozedrganymi d\u017awi\u0119kami i przejmuj\u0105cym wokalem. Publiczno\u015b\u0107 s\u0142ucha tej gor\u0105cej muzyki w skupieniu albo ta\u0144czy i bawi si\u0119 przy porywaj\u0105cych d\u00f3wi\u0119kach. Zapraszamy na niezwyk\u0142y <a href=\"https:\/\/www.jazzsaalfelden.com\/en\" target=\"_blank\" rel=\"noopener noreferrer\"><strong>Mi\u0119dzynarodowy\u00a0Festiwal Jazzowy<\/strong><\/a> w niezwyk\u0142ej alpejskiej scenerii! Wi\u0119cej atrakcyjnych imprez znajdziesz <a href=\"https:\/\/www.saalfelden-leogang.com\/en\/news-events\/events\" target=\"_blank\" rel=\"noopener noreferrer\"><strong>tutaj<\/strong><\/a>!<\/p>\n\n\t\t\t<div id=\"2708-4\" class=\"gallery gallery-2708 gallery-columns-3 gallery-size-medium\" itemscope itemtype=\"http:\/\/schema.org\/ImageGallery\">\n\t\t\t\t<ul class=\"gallery-row gallery-col-3 gallery-clear\">\n\t\t\t\t\t<li class=\"gallery-item col-3\" itemprop=\"associatedMedia\" itemscope itemtype=\"http:\/\/schema.org\/ImageObject\">\n\t\t\t\t\t\t<div class=\"gallery-icon landscape\"><a href=\"https:\/\/www.salzburgerland.com\/pl\/wp-content\/uploads\/2019\/04\/matthiasheschl_20180826_jazzfestivalsaalfelden_kuhnfu_lores_0028-1920x1067.jpg\" title=\"MatthiasHESCHL_20180826_JazzfestivalSaalfelden_KuhnFu_lores_0028\"><img decoding=\"async\" data-title=\"\" title=\"\" data-caption=\"\" width=\"1024\" height=\"569\" src=\"https:\/\/www.salzburgerland.com\/pl\/wp-content\/uploads\/2019\/04\/matthiasheschl_20180826_jazzfestivalsaalfelden_kuhnfu_lores_0028-1024x569.jpg\" class=\"attachment-medium size-medium\" alt=\"Czterech muzyk\u00f3w wyst\u0119puje na scenie podczas Jazzfestival Saalfelden 2018, ze \u015bwiat\u0142ami i \u017cywym fioletowym t\u0142em. (Powi\u0119kszony widok)\" srcset=\"https:\/\/www.salzburgerland.com\/pl\/wp-content\/uploads\/2019\/04\/matthiasheschl_20180826_jazzfestivalsaalfelden_kuhnfu_lores_0028-1024x569.jpg 1024w, https:\/\/www.salzburgerland.com\/pl\/wp-content\/uploads\/2019\/04\/matthiasheschl_20180826_jazzfestivalsaalfelden_kuhnfu_lores_0028-370x206.jpg 370w, https:\/\/www.salzburgerland.com\/pl\/wp-content\/uploads\/2019\/04\/matthiasheschl_20180826_jazzfestivalsaalfelden_kuhnfu_lores_0028-1920x1067.jpg 1920w, https:\/\/www.salzburgerland.com\/pl\/wp-content\/uploads\/2019\/04\/matthiasheschl_20180826_jazzfestivalsaalfelden_kuhnfu_lores_0028-270x150.jpg 270w, https:\/\/www.salzburgerland.com\/pl\/wp-content\/uploads\/2019\/04\/matthiasheschl_20180826_jazzfestivalsaalfelden_kuhnfu_lores_0028-540x300.jpg 540w\" sizes=\"(max-width: 1024px) 100vw, 1024px\" itemprop=\"thumbnail\"><\/a><\/div>\n\t\t\t\t\t<\/li>\n\t\t\t\t\t<li class=\"gallery-item col-3\" itemprop=\"associatedMedia\" itemscope itemtype=\"http:\/\/schema.org\/ImageObject\">\n\t\t\t\t\t\t<div class=\"gallery-icon landscape\"><a href=\"https:\/\/www.salzburgerland.com\/pl\/wp-content\/uploads\/2019\/04\/nexus_rasgarasga_43_michaelgeissler-1920x1067.jpg\" title=\"nexus_rasgarasga_43_michaelgeissler-1920x1067\"><img decoding=\"async\" data-title=\"\" title=\"\" data-caption=\"\" width=\"1024\" height=\"569\" src=\"https:\/\/www.salzburgerland.com\/pl\/wp-content\/uploads\/2019\/04\/nexus_rasgarasga_43_michaelgeissler-1920x1067-1024x569.jpg\" class=\"attachment-medium size-medium\" alt=\"Zesp\u00f3\u0142 wyst\u0119puje na scenie, a t\u0142um ta\u0144czy i cieszy si\u0119 muzyk\u0105 na \u017cywo w s\u0142abo o\u015bwietlonym miejscu. (Powi\u0119kszony widok)\" srcset=\"https:\/\/www.salzburgerland.com\/pl\/wp-content\/uploads\/2019\/04\/nexus_rasgarasga_43_michaelgeissler-1920x1067-1024x569.jpg 1024w, https:\/\/www.salzburgerland.com\/pl\/wp-content\/uploads\/2019\/04\/nexus_rasgarasga_43_michaelgeissler-1920x1067-370x206.jpg 370w, https:\/\/www.salzburgerland.com\/pl\/wp-content\/uploads\/2019\/04\/nexus_rasgarasga_43_michaelgeissler-1920x1067-768x427.jpg 768w, https:\/\/www.salzburgerland.com\/pl\/wp-content\/uploads\/2019\/04\/nexus_rasgarasga_43_michaelgeissler-1920x1067-270x150.jpg 270w, https:\/\/www.salzburgerland.com\/pl\/wp-content\/uploads\/2019\/04\/nexus_rasgarasga_43_michaelgeissler-1920x1067-540x300.jpg 540w, https:\/\/www.salzburgerland.com\/pl\/wp-content\/uploads\/2019\/04\/nexus_rasgarasga_43_michaelgeissler-1920x1067.jpg 1920w\" sizes=\"(max-width: 1024px) 100vw, 1024px\" itemprop=\"thumbnail\"><\/a><\/div>\n\t\t\t\t\t<\/li>\n\t\t\t\t\t<li class=\"gallery-item col-3\" itemprop=\"associatedMedia\" itemscope itemtype=\"http:\/\/schema.org\/ImageObject\">\n\t\t\t\t\t\t<div class=\"gallery-icon landscape\"><a href=\"https:\/\/www.salzburgerland.com\/pl\/wp-content\/uploads\/2019\/04\/nexus_bombatitinka_13_michaelgeissler-1170x658.jpg\" title=\"nexus_bombatitinka_13_michaelgeissler-1170x658\"><img decoding=\"async\" data-title=\"\" title=\"\" data-caption=\"\" width=\"1024\" height=\"569\" src=\"https:\/\/www.salzburgerland.com\/pl\/wp-content\/uploads\/2019\/04\/nexus_bombatitinka_13_michaelgeissler-1170x658-1024x569.jpg\" class=\"attachment-medium size-medium\" alt=\"Kobieta z tatua\u017cami gra na kontrabasie i \u015bpiewa na scenie z cz\u0142onkami zespo\u0142u w tle, czarno-bia\u0142e. (Powi\u0119kszony widok)\" srcset=\"https:\/\/www.salzburgerland.com\/pl\/wp-content\/uploads\/2019\/04\/nexus_bombatitinka_13_michaelgeissler-1170x658-1024x569.jpg 1024w, https:\/\/www.salzburgerland.com\/pl\/wp-content\/uploads\/2019\/04\/nexus_bombatitinka_13_michaelgeissler-1170x658-370x206.jpg 370w, https:\/\/www.salzburgerland.com\/pl\/wp-content\/uploads\/2019\/04\/nexus_bombatitinka_13_michaelgeissler-1170x658-270x150.jpg 270w, https:\/\/www.salzburgerland.com\/pl\/wp-content\/uploads\/2019\/04\/nexus_bombatitinka_13_michaelgeissler-1170x658-540x300.jpg 540w\" sizes=\"(max-width: 1024px) 100vw, 1024px\" itemprop=\"thumbnail\"><\/a><\/div>\n\t\t\t\t\t<\/li>\n\t\t\t\t<\/ul>\n\t\t\t<\/div><!-- .gallery -->\n\n<p>Kurorty Saalfelden i Leogang posiadaj\u0105 bogat\u0105 i barwn\u0105 histori\u0119 i tradycj\u0119. <strong>Muzeum w Zamku Ritzen<\/strong> w Saalfelden urz\u0105dza ka\u017cdego roku wiele ciekawych wystaw specjalnych . W centrum kulturalnym <strong>Kunsthaus Nexus<\/strong> maj\u0105 miejsce przez ca\u0142y rok wernisa\u017ce, wyk\u0142ady, spektakle tetralne, koncerty i spotkania literackie. Ich wachlarz jest tak szeroko rozpi\u0119ty, \u017ce ka\u017cdy znajdzie tu z pewno\u015bci\u0105 co\u015b dla siebie!<\/p>\n<div id=\"attachment_3369\" style=\"width: 1180px\" class=\"wp-caption alignnone\"><img decoding=\"async\" aria-describedby=\"caption-attachment-3369\" class=\"wp-image-3369 size-1170_658\" src=\"https:\/\/cdn.salzburgerland.com\/pl\/wp-content\/uploads\/2019\/04\/museum-schloss-ritzen-c-p-1170x658.jpg\" alt=\"\" width=\"1170\" height=\"658\" srcset=\"https:\/\/www.salzburgerland.com\/pl\/wp-content\/uploads\/2019\/04\/museum-schloss-ritzen-c-p-1170x658.jpg 1170w, https:\/\/www.salzburgerland.com\/pl\/wp-content\/uploads\/2019\/04\/museum-schloss-ritzen-c-p-1200x675.jpg 1200w\" sizes=\"(max-width: 1170px) 100vw, 1170px\"><p id=\"caption-attachment-3369\" class=\"wp-caption-text\">\u00a9 Saalfelden Leogang Touristik \u2013 Zamek Ritzen oferuje przez ca\u0142y rok wystawy specjalne na zmieniaj\u0105ce si\u0119, ciekawe wystawy<\/p><\/div>\n<h3>Saalfelden Leogang Card<\/h3>\n<p>Od tej chwili mo\u017cesz ka\u017cdego dnia prze\u017cywa\u0107 now\u0105 przygod\u0119 wed\u0142ug w\u0142asnych upodoba\u0144 i sp\u0119dzi\u0107 sw\u00f3j urlop, tak, jak chcesz. Je\u015bli kochasz g\u00f3ry, wypoczywaj w nich aktywnie. Je\u015bli wolisz dolin\u0119, relaksuj si\u0119 w dolinie. W\u0119druj z przewodnikiem lub we\u017a udzia\u0142 w programie kulturalnym. W Saalfelden Leogang ka\u017cdego dnia mo\u017ceszy wybiera\u0107 od nowa. A przy tym <a href=\"https:\/\/www.saalfelden-leogang.com\/en\/region-experience\/Saalfelden-Leogang-Card\" target=\"_blank\" rel=\"noopener noreferrer\"><strong>Saalfelden Leogang Card<\/strong><\/a> daje Ci liczne korzy\u015bci, gdy\u017c wiele ofert regionu jest dla jej posiadaczy ta\u0144szych lub ca\u0142kowicie bezp\u0142atnych. Nasza regionalna karta turystyczna czynna jest nie tylko w okresie wakacji, lecz r\u00f3wnie\u017c zim\u0105!<\/p>\n<p>Karta umo\u017cliwia naszym go\u015bciom wolne przejazdy kolejkami g\u00f3rskimi Asitzbahn i Steinbergbahn w Leogang oraz kolejkami g\u00f3rskimi w Saalbach Hinterglemm lub wyci\u0105giem krzese\u0142kowym na Biberg, dowo\u017c\u0105cym do letniego toru saneczkowego. Zapewnia ona tak\u017ce wolne wst\u0119py do muze\u00f3w, park\u00f3w wodnych i wielu innych atrakcji turystycznych. Wi\u0119Cej informacji znajdziesz <a href=\"https:\/\/www.saalfelden-leogang.com\/en\/region-experience\/Saalfelden-Leogang-Card\/services-in-summer\" target=\"_blank\" rel=\"noopener noreferrer\"><strong>tutaj<\/strong><\/a>!<\/p>\n<h3><strong>Bezpiecze\u0144stwo w g\u00f3rach<\/strong><\/h3>\n<p>Wybieraj\u0105c si\u0119 latem w g\u00f3ry \u2013 czy to na w\u0119dr\u00f3wk\u0119 alpejskimi pastwiskami, czy to w trudny teren na zdobycie szczytu, zawsze pami\u0119taj o <strong><a href=\"https:\/\/www.salzburgerland.com\/pl\/bezpieczenstwo-w-gorach-latem\/\">zasadach zachowania bezpiecze\u0144stwa w g\u00f3rach<\/a><\/strong>!<\/p>\n<p>\u00a0<\/p>\n","protected":false},"excerpt":{"rendered":"<p>Wypoczynek, kt\u00f3ry pasuje do Ciebie Je\u015bli poszukujesz dobrego miejsca na odpoczynek od codzienno\u015bci, a jednocze\u015bnie marzy Ci si\u0119 niezapomniana przygoda na \u0142onie natury, zapraszamy do Saalfelden Leogang! Ten region nie ma sobie w Alpach r\u00f3wnego pod wzgl\u0119dem kontrast\u00f3w. 400 km szlak\u00f3w w\u0119drownych zach\u0119ca do uprawiania turystyki pieszej i wspinaczki g\u00f3rskiej, przy czym nie musisz od [&hellip;]<\/p>\n","protected":false},"author":4,"featured_media":9706,"comment_status":"closed","ping_status":"closed","template":"","meta":{"_acf_changed":false,"wl_entities_gutenberg":"","_relevanssi_hide_post":"","_relevanssi_hide_content":"","_relevanssi_pin_for_all":"","_relevanssi_pin_keywords":"","_relevanssi_unpin_keywords":"","_relevanssi_related_keywords":"","_relevanssi_related_include_ids":"","_relevanssi_related_exclude_ids":"","_relevanssi_related_no_append":"","_relevanssi_related_not_related":"","_relevanssi_related_posts":"","_relevanssi_noindex_reason":"","footnotes":""},"categories":[1],"tags":[],"wl_entity_type":[300],"class_list":["post-2708","entity","type-entity","status-publish","has-post-thumbnail","hentry","category-uncategorized","wl_entity_type-article"],"acf":[],"yoast_head":"<!-- This site is optimized with the Yoast SEO Premium plugin v27.4 (Yoast SEO v27.4) - https:\/\/yoast.com\/product\/yoast-seo-premium-wordpress\/ -->\n<title>Lato w Saalfelden Leogang \u00bb SalzburgerLand.com<\/title>\n<meta name=\"robots\" content=\"noindex,follow,noodp\" \/>\n<link rel=\"canonical\" href=\"https:\/\/www.salzburgerland.com\/pl\/saalfelden-leogang-lato\/\" \/>\n<meta property=\"og:locale\" content=\"pl_PL\" \/>\n<meta property=\"og:type\" content=\"article\" \/>\n<meta property=\"og:title\" content=\"Lato w Saalfelden Leogang\" \/>\n<meta property=\"og:description\" content=\"Wypoczynek, kt\u00f3ry pasuje do Ciebie Je\u015bli poszukujesz dobrego miejsca na odpoczynek od codzienno\u015bci, a jednocze\u015bnie marzy Ci si\u0119 niezapomniana przygoda na\" \/>\n<meta property=\"og:url\" content=\"https:\/\/www.salzburgerland.com\/pl\/saalfelden-leogang-lato\/\" \/>\n<meta property=\"og:site_name\" content=\"SalzburgerLand.com\" \/>\n<meta property=\"article:publisher\" content=\"https:\/\/www.facebook.com\/visitsalzburgerland\/\" \/>\n<meta property=\"article:modified_time\" content=\"2021-05-12T09:50:19+00:00\" \/>\n<meta property=\"og:image\" content=\"https:\/\/www.salzburgerland.com\/pl\/wp-content\/uploads\/2019\/04\/berg-der-sinne-c-bause-3-1170x658-1-1.jpg\" \/>\n\t<meta property=\"og:image:width\" content=\"1170\" \/>\n\t<meta property=\"og:image:height\" content=\"658\" \/>\n\t<meta property=\"og:image:type\" content=\"image\/jpeg\" \/>\n<meta name=\"twitter:card\" content=\"summary_large_image\" \/>\n<meta name=\"twitter:site\" content=\"@salzburgerland\" \/>\n<meta name=\"twitter:label1\" content=\"Szacowany czas czytania\" \/>\n\t<meta name=\"twitter:data1\" content=\"10 minut\" \/>\n<script type=\"application\/ld+json\" class=\"yoast-schema-graph\">{\"@context\":\"https:\\\/\\\/schema.org\",\"@graph\":[{\"@type\":\"WebPage\",\"@id\":\"https:\\\/\\\/www.salzburgerland.com\\\/pl\\\/saalfelden-leogang-lato\\\/\",\"url\":\"https:\\\/\\\/www.salzburgerland.com\\\/pl\\\/saalfelden-leogang-lato\\\/\",\"name\":\"Lato w Saalfelden Leogang \u00bb SalzburgerLand.com\",\"isPartOf\":{\"@id\":\"https:\\\/\\\/www.salzburgerland.com\\\/pl\\\/#website\"},\"primaryImageOfPage\":{\"@id\":\"https:\\\/\\\/www.salzburgerland.com\\\/pl\\\/saalfelden-leogang-lato\\\/#primaryimage\"},\"image\":{\"@id\":\"https:\\\/\\\/www.salzburgerland.com\\\/pl\\\/saalfelden-leogang-lato\\\/#primaryimage\"},\"thumbnailUrl\":\"https:\\\/\\\/www.salzburgerland.com\\\/pl\\\/wp-content\\\/uploads\\\/2019\\\/04\\\/berg-der-sinne-c-bause-3-1170x658-1-1.jpg\",\"datePublished\":\"2019-04-26T07:47:43+00:00\",\"dateModified\":\"2021-05-12T09:50:19+00:00\",\"description\":\"Mi\u0119dzy stromymi skalnymi \u015bcianami i \u0142agodnymi, zielonymi wzg\u00f3rzami regionu Saalfelden Leogang sp\u0119dzisz aktywne wakacje pe\u0142ne rozmaito\u015bci.\",\"inLanguage\":\"pl-PL\",\"potentialAction\":[{\"@type\":\"ReadAction\",\"target\":[\"https:\\\/\\\/www.salzburgerland.com\\\/pl\\\/saalfelden-leogang-lato\\\/\"]}]},{\"@type\":\"ImageObject\",\"inLanguage\":\"pl-PL\",\"@id\":\"https:\\\/\\\/www.salzburgerland.com\\\/pl\\\/saalfelden-leogang-lato\\\/#primaryimage\",\"url\":\"https:\\\/\\\/www.salzburgerland.com\\\/pl\\\/wp-content\\\/uploads\\\/2019\\\/04\\\/berg-der-sinne-c-bause-3-1170x658-1-1.jpg\",\"contentUrl\":\"https:\\\/\\\/www.salzburgerland.com\\\/pl\\\/wp-content\\\/uploads\\\/2019\\\/04\\\/berg-der-sinne-c-bause-3-1170x658-1-1.jpg\",\"width\":1170,\"height\":658,\"caption\":\"Czteroosobowa rodzina na zewn\u0105trz, patrz\u0105ca na g\u00f3ry; dziecko na ramionach i drugie u\u017cywaj\u0105ce lornetki.\"},{\"@type\":\"WebSite\",\"@id\":\"https:\\\/\\\/www.salzburgerland.com\\\/pl\\\/#website\",\"url\":\"https:\\\/\\\/www.salzburgerland.com\\\/pl\\\/\",\"name\":\"SalzburgerLand.com\",\"description\":\"Urlop Salzburg : hotele : turystyka Ziemia Salzburska : kultura : rodzinny urlop Ziemia Salzburska : informacja turystyczna : noclegi Austria : aktywny wypoczynek\",\"potentialAction\":[{\"@type\":\"SearchAction\",\"target\":{\"@type\":\"EntryPoint\",\"urlTemplate\":\"https:\\\/\\\/www.salzburgerland.com\\\/pl\\\/?s={search_term_string}\"},\"query-input\":{\"@type\":\"PropertyValueSpecification\",\"valueRequired\":true,\"valueName\":\"search_term_string\"}}],\"inLanguage\":\"pl-PL\"}]}<\/script>\n<meta property=\"og:video\" content=\"https:\/\/www.youtube.com\/embed\/U3KMkL2F_a4\" \/>\n<meta property=\"og:video:type\" content=\"text\/html\" \/>\n<meta property=\"og:video:duration\" content=\"38\" \/>\n<meta property=\"og:video:width\" content=\"480\" \/>\n<meta property=\"og:video:height\" content=\"270\" \/>\n<meta property=\"ya:ovs:adult\" content=\"false\" \/>\n<meta property=\"ya:ovs:upload_date\" content=\"2019-04-26T07:47:43+00:00\" \/>\n<meta property=\"ya:ovs:allow_embed\" content=\"true\" \/>\n<!-- \/ Yoast SEO Premium plugin. -->","yoast_head_json":{"title":"Lato w Saalfelden Leogang \u00bb SalzburgerLand.com","robots":{"index,follow,noodp":"noindex,follow,noodp"},"canonical":"https:\/\/www.salzburgerland.com\/pl\/saalfelden-leogang-lato\/","og_locale":"pl_PL","og_type":"article","og_title":"Lato w Saalfelden Leogang","og_description":"Wypoczynek, kt\u00f3ry pasuje do Ciebie Je\u015bli poszukujesz dobrego miejsca na odpoczynek od codzienno\u015bci, a jednocze\u015bnie marzy Ci si\u0119 niezapomniana przygoda na","og_url":"https:\/\/www.salzburgerland.com\/pl\/saalfelden-leogang-lato\/","og_site_name":"SalzburgerLand.com","article_publisher":"https:\/\/www.facebook.com\/visitsalzburgerland\/","article_modified_time":"2021-05-12T09:50:19+00:00","og_image":[{"url":"https:\/\/www.salzburgerland.com\/pl\/wp-content\/uploads\/2019\/04\/berg-der-sinne-c-bause-3-1170x658-1-1.jpg","width":1170,"height":658,"type":"image\/jpeg"}],"twitter_card":"summary_large_image","twitter_site":"@salzburgerland","twitter_misc":{"Szacowany czas czytania":"10 minut"},"schema":{"@context":"https:\/\/schema.org","@graph":[{"@type":"WebPage","@id":"https:\/\/www.salzburgerland.com\/pl\/saalfelden-leogang-lato\/","url":"https:\/\/www.salzburgerland.com\/pl\/saalfelden-leogang-lato\/","name":"Lato w Saalfelden Leogang \u00bb SalzburgerLand.com","isPartOf":{"@id":"https:\/\/www.salzburgerland.com\/pl\/#website"},"primaryImageOfPage":{"@id":"https:\/\/www.salzburgerland.com\/pl\/saalfelden-leogang-lato\/#primaryimage"},"image":{"@id":"https:\/\/www.salzburgerland.com\/pl\/saalfelden-leogang-lato\/#primaryimage"},"thumbnailUrl":"https:\/\/www.salzburgerland.com\/pl\/wp-content\/uploads\/2019\/04\/berg-der-sinne-c-bause-3-1170x658-1-1.jpg","datePublished":"2019-04-26T07:47:43+00:00","dateModified":"2021-05-12T09:50:19+00:00","description":"Mi\u0119dzy stromymi skalnymi \u015bcianami i \u0142agodnymi, zielonymi wzg\u00f3rzami regionu Saalfelden Leogang sp\u0119dzisz aktywne wakacje pe\u0142ne rozmaito\u015bci.","inLanguage":"pl-PL","potentialAction":[{"@type":"ReadAction","target":["https:\/\/www.salzburgerland.com\/pl\/saalfelden-leogang-lato\/"]}]},{"@type":"ImageObject","inLanguage":"pl-PL","@id":"https:\/\/www.salzburgerland.com\/pl\/saalfelden-leogang-lato\/#primaryimage","url":"https:\/\/www.salzburgerland.com\/pl\/wp-content\/uploads\/2019\/04\/berg-der-sinne-c-bause-3-1170x658-1-1.jpg","contentUrl":"https:\/\/www.salzburgerland.com\/pl\/wp-content\/uploads\/2019\/04\/berg-der-sinne-c-bause-3-1170x658-1-1.jpg","width":1170,"height":658,"caption":"Czteroosobowa rodzina na zewn\u0105trz, patrz\u0105ca na g\u00f3ry; dziecko na ramionach i drugie u\u017cywaj\u0105ce lornetki."},{"@type":"WebSite","@id":"https:\/\/www.salzburgerland.com\/pl\/#website","url":"https:\/\/www.salzburgerland.com\/pl\/","name":"SalzburgerLand.com","description":"Urlop Salzburg : hotele : turystyka Ziemia Salzburska : kultura : rodzinny urlop Ziemia Salzburska : informacja turystyczna : noclegi Austria : aktywny wypoczynek","potentialAction":[{"@type":"SearchAction","target":{"@type":"EntryPoint","urlTemplate":"https:\/\/www.salzburgerland.com\/pl\/?s={search_term_string}"},"query-input":{"@type":"PropertyValueSpecification","valueRequired":true,"valueName":"search_term_string"}}],"inLanguage":"pl-PL"}]},"og_video":"https:\/\/www.youtube.com\/embed\/U3KMkL2F_a4","og_video_type":"text\/html","og_video_duration":"38","og_video_width":"480","og_video_height":"270","ya_ovs_adult":"false","ya_ovs_upload_date":"2019-04-26T07:47:43+00:00","ya_ovs_allow_embed":"true"},"_wl_alt_label":[],"wl:entity_url":"http:\/\/open.salzburgerland.com\/pl\/post\/wakacje_w_saalfelden_leogang","_links":{"self":[{"href":"https:\/\/www.salzburgerland.com\/pl\/wp-json\/wp\/v2\/entities\/2708","targetHints":{"allow":["GET"]}}],"collection":[{"href":"https:\/\/www.salzburgerland.com\/pl\/wp-json\/wp\/v2\/entities"}],"about":[{"href":"https:\/\/www.salzburgerland.com\/pl\/wp-json\/wp\/v2\/types\/entity"}],"author":[{"embeddable":true,"href":"https:\/\/www.salzburgerland.com\/pl\/wp-json\/wp\/v2\/users\/4"}],"replies":[{"embeddable":true,"href":"https:\/\/www.salzburgerland.com\/pl\/wp-json\/wp\/v2\/comments?post=2708"}],"version-history":[{"count":5,"href":"https:\/\/www.salzburgerland.com\/pl\/wp-json\/wp\/v2\/entities\/2708\/revisions"}],"predecessor-version":[{"id":9707,"href":"https:\/\/www.salzburgerland.com\/pl\/wp-json\/wp\/v2\/entities\/2708\/revisions\/9707"}],"wp:featuredmedia":[{"embeddable":true,"href":"https:\/\/www.salzburgerland.com\/pl\/wp-json\/wp\/v2\/media\/9706"}],"wp:attachment":[{"href":"https:\/\/www.salzburgerland.com\/pl\/wp-json\/wp\/v2\/media?parent=2708"}],"wp:term":[{"taxonomy":"category","embeddable":true,"href":"https:\/\/www.salzburgerland.com\/pl\/wp-json\/wp\/v2\/categories?post=2708"},{"taxonomy":"post_tag","embeddable":true,"href":"https:\/\/www.salzburgerland.com\/pl\/wp-json\/wp\/v2\/tags?post=2708"},{"taxonomy":"wl_entity_type","embeddable":true,"href":"https:\/\/www.salzburgerland.com\/pl\/wp-json\/wp\/v2\/wl_entity_type?post=2708"}],"curies":[{"name":"wp","href":"https:\/\/api.w.org\/{rel}","templated":true}]}}