{"id":2167,"date":"2018-11-12T23:55:03","date_gmt":"2018-11-12T22:55:03","guid":{"rendered":"https:\/\/www.salzburgerland.com\/pl\/?post_type=entity&#038;p=2167"},"modified":"2018-12-03T15:03:35","modified_gmt":"2018-12-03T14:03:35","slug":"viehhofen","status":"publish","type":"entity","link":"https:\/\/www.salzburgerland.com\/pl\/viehhofen\/","title":{"rendered":"Viehhofen"},"content":{"rendered":"<p>Male\u0144ki <a href=\"https:\/\/www.viehhofen.at\/en\">kurort wypoczynkowy Viehhofen<\/a> le\u017cy zaledwie 80 km od miasta Salzburga, w samym sercu regionu Pinzgau, otoczony pasmem Pinzgauer Grasberge. Liczy zaledwie 600 mieszka\u0144c\u00f3w. Wiejski charakter przydaje mu przytulnego klimatu. Na pierwszy plan wysuwa si\u0119 tu spok\u00f3j, cisza i blisko\u015b\u0107 natury, a wysoko cenionymi warto\u015bciami s\u0105 tradycja, go\u015bcinno\u015b\u0107 i familijna atmosfera. W tyle nie pozostaje te\u017c smaczna regionalna kuchnia. Centralna, a jednak cicha i spokojna lokalizacja u wej\u015bcia do doliny Glemmtal sprawia, \u017ce Viehhofen jest idealn\u0105 baz\u0105 wypadow\u0105 dla letnich i zimowych urlopowicz\u00f3w.\u00a0Na loklan\u0105 baz\u0119 noclegow\u0105 sk\u0142adaj\u0105 si\u0119: czterogwiazdkowy\u00a0hotel, o\u015brodek wypoczynkowy, wygodne zajazdy, liczne pensjonaty, apartamenty i pole kempingowe.<\/p>\n<h4>ZIMA W VIEHHOFEN<\/h4>\n<p>Wok\u00f3\u0142 Viehhofen rozci\u0105gaj\u0105 si\u0119 najpi\u0119kniejsze i najpopularniejsze tereny narciarskie austriackich Alp, osi\u0105galne w zaledwie kilka minut.\u00a0 Do oddalonego o 4 km o\u015brodka Skicirkus Saalbach-Hinterglemm, oddaj\u0105cego do dyspozycji mi\u0142o\u015bnik\u00f3w bia\u0142ego szale\u0144stwa 270 km nartostrad i 70 wyci\u0105g\u00f3w, dostaniemy si\u0119 w pi\u0119\u0107 minut bezp\u0142atnym skibusem. Do Viehhofen wr\u00f3cimy na koniec dnia 7,5-kilometrow\u0105 nartostard\u0105, kt\u00f3ra ko\u0144czy si\u0119 w centrum wioski.\u00a0Jest to najd\u0142u\u017csza trasa w o\u015brodku Skicircus. Na miejscu w wiosce dzia\u0142a wyci\u0105g dla dzieci i pocz\u0105tkuj\u0105cych doros\u0142ych, szko\u0142a narciarska i wypo\u017cyczalnia sprz\u0119tu sportowego. G\u00f3ry Grasberge, oferuj\u0105ce wspania\u0142e widoki na szczyty Wysokich Taur\u00f3w, zapraszaj\u0105 nie tylko na jazd\u0119 na nartach i snowboardzie, ale tak\u017ce do zdobywania g\u00f3r na nartach prze\u0142ajowych, na w\u0119dr\u00f3wki na rakietach \u015bnie\u017cnych, do uprawiania narciarstwa biegowego czy zimowej turystyki pieszej. Na naturalnym lodowisku poje\u017adzimy na \u0142y\u017cwach i pogramy w curling. Z urok\u00f3w zimy mo\u017cemy tu te\u017c korzysta\u0107, uczestnicz\u0105c w nastrojowych kuligach, je\u017cd\u017c\u0105c na sankach, bior\u0105c udzia\u0142 w rajdach na quadach\u00a0i gokartach albo pr\u00f3buj\u0105c swoich si\u0142 w strzelaniu z \u0142uku. W sezonie zimowym 2019\/2020 ruszy\u0107 ma nowa kolej zellamseeXpress \u2013 sekcja II 10-osobowej kolei jednolinowej o ruchu okr\u0119\u017cnym z Viehhofen na\u00a0Schmittenh\u00f6he (ze stacji dolnej do stacji po\u015bredniej).<\/p>\n\n\t\t\t<div id=\"2167-1\" class=\"gallery gallery-2167 gallery-columns-3 gallery-size-medium\" itemscope itemtype=\"http:\/\/schema.org\/ImageGallery\">\n\t\t\t\t<ul class=\"gallery-row gallery-col-3 gallery-clear\">\n\t\t\t\t\t<li class=\"gallery-item col-3\" itemprop=\"associatedMedia\" itemscope itemtype=\"http:\/\/schema.org\/ImageObject\">\n\t\t\t\t\t\t<div class=\"gallery-icon landscape\"><a href=\"https:\/\/www.salzburgerland.com\/pl\/wp-content\/uploads\/2018\/11\/d85m2468-1920x1067.jpg\" title=\"D85M2468\"><img decoding=\"async\" data-title=\"\" title=\"\" data-caption=\"\" width=\"1024\" height=\"569\" src=\"https:\/\/www.salzburgerland.com\/pl\/wp-content\/uploads\/2018\/11\/d85m2468-1024x569.jpg\" class=\"attachment-medium size-medium\" alt=\"Dw\u00f3ch snowboardzist\u00f3w siedz\u0105cych na za\u015bnie\u017conym stoku z g\u00f3rami w tle, u\u015bmiechaj\u0105cych si\u0119 do kamery. (Powi\u0119kszony widok)\" srcset=\"https:\/\/www.salzburgerland.com\/pl\/wp-content\/uploads\/2018\/11\/d85m2468-1024x569.jpg 1024w, https:\/\/www.salzburgerland.com\/pl\/wp-content\/uploads\/2018\/11\/d85m2468-370x206.jpg 370w, https:\/\/www.salzburgerland.com\/pl\/wp-content\/uploads\/2018\/11\/d85m2468-1920x1067.jpg 1920w, https:\/\/www.salzburgerland.com\/pl\/wp-content\/uploads\/2018\/11\/d85m2468-270x150.jpg 270w\" sizes=\"(max-width: 1024px) 100vw, 1024px\" itemprop=\"thumbnail\"><\/a><\/div>\n\t\t\t\t\t<\/li>\n\t\t\t\t\t<li class=\"gallery-item col-3\" itemprop=\"associatedMedia\" itemscope itemtype=\"http:\/\/schema.org\/ImageObject\">\n\t\t\t\t\t\t<div class=\"gallery-icon landscape\"><a href=\"https:\/\/www.salzburgerland.com\/pl\/wp-content\/uploads\/2018\/11\/vie_9816-1920x1067.jpg\" title=\"VIE_9816\"><img decoding=\"async\" data-title=\"RICHARD RONACHER, RICHARD_RONACHER.WWW.DER-FOTOIGE\" title=\"RICHARD RONACHER, RICHARD_RONACHER.WWW.DER-FOTOIGE\" data-caption=\"RICHARD RONACHER, RICHARD_RONACHER.WWW.DER-FOTOIGE\" width=\"1024\" height=\"569\" src=\"https:\/\/www.salzburgerland.com\/pl\/wp-content\/uploads\/2018\/11\/vie_9816-1024x569.jpg\" class=\"attachment-medium size-medium\" alt=\"O\u015bnie\u017cona g\u00f3rska wioska o zmierzchu, o\u015bwietlona ciep\u0142ymi \u015bwiat\u0142ami, otoczona drzewami i o\u015bnie\u017conymi wzg\u00f3rzami. (Powi\u0119kszony widok)\" srcset=\"https:\/\/www.salzburgerland.com\/pl\/wp-content\/uploads\/2018\/11\/vie_9816-1024x569.jpg 1024w, https:\/\/www.salzburgerland.com\/pl\/wp-content\/uploads\/2018\/11\/vie_9816-370x206.jpg 370w, https:\/\/www.salzburgerland.com\/pl\/wp-content\/uploads\/2018\/11\/vie_9816-1920x1067.jpg 1920w, https:\/\/www.salzburgerland.com\/pl\/wp-content\/uploads\/2018\/11\/vie_9816-270x150.jpg 270w\" sizes=\"(max-width: 1024px) 100vw, 1024px\" aria-describedby=\"figcaption-2167-2169\" itemprop=\"thumbnail\"><\/a><\/div>\n\t\t\t\t\t\t<span id=\"figcaption-2167-2169\" class=\"gallery-caption\" itemprop=\"caption\"><span aria-hidden=\"true\">RICHARD RONACHER, RICHARD_RONACHER.WWW.DER-FOTOIGE<\/span><\/span>\n\t\t\t\t\t<\/li>\n\t\t\t\t\t<li class=\"gallery-item col-3\" itemprop=\"associatedMedia\" itemscope itemtype=\"http:\/\/schema.org\/ImageObject\">\n\t\t\t\t\t\t<div class=\"gallery-icon landscape\"><a href=\"https:\/\/www.salzburgerland.com\/pl\/wp-content\/uploads\/2018\/11\/d85m2540-1920x1067.jpg\" title=\"D85M2540\"><img decoding=\"async\" data-title=\"\" title=\"\" data-caption=\"\" width=\"1024\" height=\"569\" src=\"https:\/\/www.salzburgerland.com\/pl\/wp-content\/uploads\/2018\/11\/d85m2540-1024x569.jpg\" class=\"attachment-medium size-medium\" alt=\"Osoba w pomara\u0144czowej kurtce siedzi na o\u015bnie\u017conym stoku z nartami w pozycji pionowej, z widokiem na g\u00f3rski krajobraz i sosny. (Powi\u0119kszony widok)\" srcset=\"https:\/\/www.salzburgerland.com\/pl\/wp-content\/uploads\/2018\/11\/d85m2540-1024x569.jpg 1024w, https:\/\/www.salzburgerland.com\/pl\/wp-content\/uploads\/2018\/11\/d85m2540-370x206.jpg 370w, https:\/\/www.salzburgerland.com\/pl\/wp-content\/uploads\/2018\/11\/d85m2540-1920x1067.jpg 1920w, https:\/\/www.salzburgerland.com\/pl\/wp-content\/uploads\/2018\/11\/d85m2540-270x150.jpg 270w\" sizes=\"(max-width: 1024px) 100vw, 1024px\" itemprop=\"thumbnail\"><\/a><\/div>\n\t\t\t\t\t<\/li>\n\t\t\t\t<\/ul>\n\t\t\t\t<ul class=\"gallery-row gallery-col-3 gallery-clear\">\n\t\t\t\t\t<li class=\"gallery-item col-3\" itemprop=\"associatedMedia\" itemscope itemtype=\"http:\/\/schema.org\/ImageObject\">\n\t\t\t\t\t\t<div class=\"gallery-icon landscape\"><a href=\"https:\/\/www.salzburgerland.com\/pl\/wp-content\/uploads\/2018\/11\/viehhofen-winter-abfahrt-schmittenhohe-1-1920x1067.jpg\" title=\"viehhofen-winter-abfahrt-schmittenhohe-1-1920x1067\"><img decoding=\"async\" data-title=\"\" title=\"\" data-caption=\"\" width=\"1024\" height=\"569\" src=\"https:\/\/www.salzburgerland.com\/pl\/wp-content\/uploads\/2018\/11\/viehhofen-winter-abfahrt-schmittenhohe-1-1920x1067-1024x569.jpg\" class=\"attachment-medium size-medium\" alt=\"Pokryta \u015bniegiem droga przez sosnowy las z jasnym \u015bwiat\u0142em s\u0142onecznym prze\u015bwituj\u0105cym przez drzewa w pogodny dzie\u0144. (Powi\u0119kszony widok)\" srcset=\"https:\/\/www.salzburgerland.com\/pl\/wp-content\/uploads\/2018\/11\/viehhofen-winter-abfahrt-schmittenhohe-1-1920x1067-1024x569.jpg 1024w, https:\/\/www.salzburgerland.com\/pl\/wp-content\/uploads\/2018\/11\/viehhofen-winter-abfahrt-schmittenhohe-1-1920x1067-370x206.jpg 370w, https:\/\/www.salzburgerland.com\/pl\/wp-content\/uploads\/2018\/11\/viehhofen-winter-abfahrt-schmittenhohe-1-1920x1067-768x427.jpg 768w, https:\/\/www.salzburgerland.com\/pl\/wp-content\/uploads\/2018\/11\/viehhofen-winter-abfahrt-schmittenhohe-1-1920x1067-270x150.jpg 270w, https:\/\/www.salzburgerland.com\/pl\/wp-content\/uploads\/2018\/11\/viehhofen-winter-abfahrt-schmittenhohe-1-1920x1067-540x300.jpg 540w, https:\/\/www.salzburgerland.com\/pl\/wp-content\/uploads\/2018\/11\/viehhofen-winter-abfahrt-schmittenhohe-1-1920x1067.jpg 1920w\" sizes=\"(max-width: 1024px) 100vw, 1024px\" itemprop=\"thumbnail\"><\/a><\/div>\n\t\t\t\t\t<\/li>\n\t\t\t\t\t<li class=\"gallery-item col-3\" itemprop=\"associatedMedia\" itemscope itemtype=\"http:\/\/schema.org\/ImageObject\">\n\t\t\t\t\t\t<div class=\"gallery-icon landscape\"><a href=\"https:\/\/www.salzburgerland.com\/pl\/wp-content\/uploads\/2018\/11\/viehhofen-winter-babylift-1024x569.jpg\" title=\"viehhofen-winter-babylift-1024x569\"><img decoding=\"async\" data-title=\"\" title=\"\" data-caption=\"\" width=\"1024\" height=\"569\" src=\"https:\/\/www.salzburgerland.com\/pl\/wp-content\/uploads\/2018\/11\/viehhofen-winter-babylift-1024x569.jpg\" class=\"attachment-medium size-medium\" alt=\"Dwoje dzieci w sprz\u0119cie narciarskim stoi na za\u015bnie\u017conym stoku z nartami, u\u015bmiechaj\u0105c si\u0119 i pozuj\u0105c do zdj\u0119cia. (Powi\u0119kszony widok)\" srcset=\"https:\/\/www.salzburgerland.com\/pl\/wp-content\/uploads\/2018\/11\/viehhofen-winter-babylift-1024x569.jpg 1024w, https:\/\/www.salzburgerland.com\/pl\/wp-content\/uploads\/2018\/11\/viehhofen-winter-babylift-1024x569-370x206.jpg 370w, https:\/\/www.salzburgerland.com\/pl\/wp-content\/uploads\/2018\/11\/viehhofen-winter-babylift-1024x569-768x427.jpg 768w, https:\/\/www.salzburgerland.com\/pl\/wp-content\/uploads\/2018\/11\/viehhofen-winter-babylift-1024x569-270x150.jpg 270w, https:\/\/www.salzburgerland.com\/pl\/wp-content\/uploads\/2018\/11\/viehhofen-winter-babylift-1024x569-540x300.jpg 540w\" sizes=\"(max-width: 1024px) 100vw, 1024px\" itemprop=\"thumbnail\"><\/a><\/div>\n\t\t\t\t\t<\/li>\n\t\t\t\t\t<li class=\"gallery-item col-3\" itemprop=\"associatedMedia\" itemscope itemtype=\"http:\/\/schema.org\/ImageObject\">\n\t\t\t\t\t\t<div class=\"gallery-icon landscape\"><a href=\"https:\/\/www.salzburgerland.com\/pl\/wp-content\/uploads\/2018\/11\/viehhofen-winter-eislaufplatz-1024x569.jpg\" title=\"viehhofen-winter-eislaufplatz-1024x569\"><img decoding=\"async\" data-title=\"\" title=\"\" data-caption=\"\" width=\"1024\" height=\"569\" src=\"https:\/\/www.salzburgerland.com\/pl\/wp-content\/uploads\/2018\/11\/viehhofen-winter-eislaufplatz-1024x569.jpg\" class=\"attachment-medium size-medium\" alt=\"Ludzie je\u017cd\u017c\u0105cy na \u0142y\u017cwach na \u015bwie\u017cym powietrzu w s\u0142oneczny zimowy dzie\u0144, otoczeni o\u015bnie\u017conymi g\u00f3rami i drzewami. (Powi\u0119kszony widok)\" srcset=\"https:\/\/www.salzburgerland.com\/pl\/wp-content\/uploads\/2018\/11\/viehhofen-winter-eislaufplatz-1024x569.jpg 1024w, https:\/\/www.salzburgerland.com\/pl\/wp-content\/uploads\/2018\/11\/viehhofen-winter-eislaufplatz-1024x569-370x206.jpg 370w, https:\/\/www.salzburgerland.com\/pl\/wp-content\/uploads\/2018\/11\/viehhofen-winter-eislaufplatz-1024x569-768x427.jpg 768w, https:\/\/www.salzburgerland.com\/pl\/wp-content\/uploads\/2018\/11\/viehhofen-winter-eislaufplatz-1024x569-270x150.jpg 270w, https:\/\/www.salzburgerland.com\/pl\/wp-content\/uploads\/2018\/11\/viehhofen-winter-eislaufplatz-1024x569-540x300.jpg 540w\" sizes=\"(max-width: 1024px) 100vw, 1024px\" itemprop=\"thumbnail\"><\/a><\/div>\n\t\t\t\t\t<\/li>\n\t\t\t\t<\/ul>\n\t\t\t<\/div><!-- .gallery -->\n\n<h4>LATO W VIEHHOFEN<\/h4>\n<p>Dziewiczy krajobraz otaczaj\u0105cy Viehhofen stanowi fantastyczn\u0105 sceneri\u0119 naturaln\u0105 dla d\u0142ugich wycieczek rowerowych lub eskapad na rowerach g\u00f3rskich, na pe\u0142ne pi\u0119knych widok\u00f3w piesze wycieczki w g\u00f3ry i do wielu innach form aktywnego wypoczynku z dzie\u0107mi lub przyjaci\u00f3\u0142mi \u2013 od strzelania z \u0142uku poprzez rajdy na quadach po\u00a0 tenis. Dzi\u0119ki \u0142agodnemu ukszta\u0142towaniu terenu g\u00f3r Grasberge s\u0105 one \u0142atwo dost\u0119pne, a tym samym przyci\u0105gaj\u0105 rodziny z dzie\u0107mi. Mieszkaj\u0105c w Viehofen, mo\u017cemy organizowa\u0107 wiele ciekawych i zr\u00f3\u017cnicowanych wycieczek do park\u00f3w rozrywki, park\u00f3w wodnych, do skalnych w\u0105woz\u00f3w, nowoczensych o\u015brodk\u00f3w termalnych, na lodowce lub na zwiedzanie zabytk\u00f3w miasta Salzburga.<\/p>\n<p>Na wytrwa\u0142ych piechur\u00f3w i kolarzy g\u00f3rskich czeka wysoko ponad wiosk\u0105 zagospodarowana hala z bac\u00f3wk\u0105, w kt\u00f3rej wzmocnimy si\u0119 regionalnymi przysmakami.<\/p>\n<p>Le\u017c\u0105cy na wschodnich obrze\u017cach Viehhofen park rozrywki\u00a0<a href=\"https:\/\/glemmy.at\/\">Glemmy Offroadpark<\/a> zaprasza mi\u0142o\u015bnik\u00f3w quad\u00f3w i gokart\u00f3w. Mila widziani s\u0105 r\u00f3wnie\u017c ci, kt\u00f3rzy jeszcze nie mieli z tym sportem styczno\u015bci. Rajdy off-road po kr\u0119tych i g\u00f3rzystych terenach pozwalaj\u0105 \u015bwietnie si\u0119 wyszale\u0107. Na terenach nale\u017c\u0105cych do zajazdu i kempingu Glemmerhof czeka na ma\u0142ych i du\u017cych pasjonat\u00f3w \u0142ucznictwa l<a href=\"https:\/\/www.glemmerhof.at\/index.php?id=5&amp;cat=4\">e\u015bny park rozrywki<\/a>. Na szlaku \u0142uczniczym spotkamy 28 atrap wyobra\u017caj\u0105cych zwierz\u0119ta, idealnie stopionych z naturalnym otoczeniem, b\u0119d\u0105cych celem \u0142ucznik\u00f3w. Na miejscu mo\u017cna wypo\u017cyczy\u0107 \u0142uki i pozosta\u0142y sprz\u0119t, wzi\u0105\u0107 udzia\u0142 w kursach z instruktorem, w turniejach oraz w wyprawach z\u00a0 przewodnikiem.<\/p>\n\n\t\t\t<div id=\"2167-2\" class=\"gallery gallery-2167 gallery-columns-3 gallery-size-medium\" itemscope itemtype=\"http:\/\/schema.org\/ImageGallery\">\n\t\t\t\t<ul class=\"gallery-row gallery-col-3 gallery-clear\">\n\t\t\t\t\t<li class=\"gallery-item col-3\" itemprop=\"associatedMedia\" itemscope itemtype=\"http:\/\/schema.org\/ImageObject\">\n\t\t\t\t\t\t<div class=\"gallery-icon landscape\"><a href=\"https:\/\/www.salzburgerland.com\/pl\/wp-content\/uploads\/2018\/11\/viehhofen-sommer-bogenparcours-1024x569.jpg\" title=\"viehhofen-sommer-bogenparcours-1024x569\"><img decoding=\"async\" data-title=\"\" title=\"\" data-caption=\"\" width=\"1024\" height=\"569\" src=\"https:\/\/www.salzburgerland.com\/pl\/wp-content\/uploads\/2018\/11\/viehhofen-sommer-bogenparcours-1024x569.jpg\" class=\"attachment-medium size-medium\" alt=\"Osoba celuj\u0105ca tradycyjnym \u0142ukiem i strza\u0142ami w zalesionym plenerze. (Powi\u0119kszony widok)\" srcset=\"https:\/\/www.salzburgerland.com\/pl\/wp-content\/uploads\/2018\/11\/viehhofen-sommer-bogenparcours-1024x569.jpg 1024w, https:\/\/www.salzburgerland.com\/pl\/wp-content\/uploads\/2018\/11\/viehhofen-sommer-bogenparcours-1024x569-370x206.jpg 370w, https:\/\/www.salzburgerland.com\/pl\/wp-content\/uploads\/2018\/11\/viehhofen-sommer-bogenparcours-1024x569-768x427.jpg 768w, https:\/\/www.salzburgerland.com\/pl\/wp-content\/uploads\/2018\/11\/viehhofen-sommer-bogenparcours-1024x569-270x150.jpg 270w, https:\/\/www.salzburgerland.com\/pl\/wp-content\/uploads\/2018\/11\/viehhofen-sommer-bogenparcours-1024x569-540x300.jpg 540w\" sizes=\"(max-width: 1024px) 100vw, 1024px\" itemprop=\"thumbnail\"><\/a><\/div>\n\t\t\t\t\t<\/li>\n\t\t\t\t\t<li class=\"gallery-item col-3\" itemprop=\"associatedMedia\" itemscope itemtype=\"http:\/\/schema.org\/ImageObject\">\n\t\t\t\t\t\t<div class=\"gallery-icon landscape\"><a href=\"https:\/\/www.salzburgerland.com\/pl\/wp-content\/uploads\/2018\/11\/viehhofen-sommer-offroadpark-1024x569.jpg\" title=\"viehhofen-sommer-offroadpark-1024x569\"><img decoding=\"async\" data-title=\"\" title=\"\" data-caption=\"\" width=\"1024\" height=\"569\" src=\"https:\/\/www.salzburgerland.com\/pl\/wp-content\/uploads\/2018\/11\/viehhofen-sommer-offroadpark-1024x569.jpg\" class=\"attachment-medium size-medium\" alt=\"Osoba w kasku i masce je\u017adzi zab\u0142oconym quadem po kamienistej \u015bcie\u017cce otoczonej zieleni\u0105. (Powi\u0119kszony widok)\" srcset=\"https:\/\/www.salzburgerland.com\/pl\/wp-content\/uploads\/2018\/11\/viehhofen-sommer-offroadpark-1024x569.jpg 1024w, https:\/\/www.salzburgerland.com\/pl\/wp-content\/uploads\/2018\/11\/viehhofen-sommer-offroadpark-1024x569-370x206.jpg 370w, https:\/\/www.salzburgerland.com\/pl\/wp-content\/uploads\/2018\/11\/viehhofen-sommer-offroadpark-1024x569-768x427.jpg 768w, https:\/\/www.salzburgerland.com\/pl\/wp-content\/uploads\/2018\/11\/viehhofen-sommer-offroadpark-1024x569-270x150.jpg 270w, https:\/\/www.salzburgerland.com\/pl\/wp-content\/uploads\/2018\/11\/viehhofen-sommer-offroadpark-1024x569-540x300.jpg 540w\" sizes=\"(max-width: 1024px) 100vw, 1024px\" itemprop=\"thumbnail\"><\/a><\/div>\n\t\t\t\t\t<\/li>\n\t\t\t\t\t<li class=\"gallery-item col-3\" itemprop=\"associatedMedia\" itemscope itemtype=\"http:\/\/schema.org\/ImageObject\">\n\t\t\t\t\t\t<div class=\"gallery-icon landscape\"><a href=\"https:\/\/www.salzburgerland.com\/pl\/wp-content\/uploads\/2018\/11\/viehhofen-sommer-mountainbike-1024x569.jpg\" title=\"viehhofen-sommer-mountainbike-1024x569\"><img decoding=\"async\" data-title=\"\" title=\"\" data-caption=\"\" width=\"1024\" height=\"569\" src=\"https:\/\/www.salzburgerland.com\/pl\/wp-content\/uploads\/2018\/11\/viehhofen-sommer-mountainbike-1024x569.jpg\" class=\"attachment-medium size-medium\" alt=\"Trzech rowerzyst\u00f3w jedzie na rowerach g\u00f3rskich po szlaku z zielonymi wzg\u00f3rzami, drzewami i b\u0142\u0119kitnym niebem w tle. (Powi\u0119kszony widok)\" srcset=\"https:\/\/www.salzburgerland.com\/pl\/wp-content\/uploads\/2018\/11\/viehhofen-sommer-mountainbike-1024x569.jpg 1024w, https:\/\/www.salzburgerland.com\/pl\/wp-content\/uploads\/2018\/11\/viehhofen-sommer-mountainbike-1024x569-370x206.jpg 370w, https:\/\/www.salzburgerland.com\/pl\/wp-content\/uploads\/2018\/11\/viehhofen-sommer-mountainbike-1024x569-768x427.jpg 768w, https:\/\/www.salzburgerland.com\/pl\/wp-content\/uploads\/2018\/11\/viehhofen-sommer-mountainbike-1024x569-270x150.jpg 270w, https:\/\/www.salzburgerland.com\/pl\/wp-content\/uploads\/2018\/11\/viehhofen-sommer-mountainbike-1024x569-540x300.jpg 540w\" sizes=\"(max-width: 1024px) 100vw, 1024px\" itemprop=\"thumbnail\"><\/a><\/div>\n\t\t\t\t\t<\/li>\n\t\t\t\t<\/ul>\n\t\t\t\t<ul class=\"gallery-row gallery-col-3 gallery-clear\">\n\t\t\t\t\t<li class=\"gallery-item col-3\" itemprop=\"associatedMedia\" itemscope itemtype=\"http:\/\/schema.org\/ImageObject\">\n\t\t\t\t\t\t<div class=\"gallery-icon landscape\"><a href=\"https:\/\/www.salzburgerland.com\/pl\/wp-content\/uploads\/2018\/11\/viehhofen-sommer-sonnenaufgangswanderung-geierkogel-1024x569.jpg\" title=\"viehhofen-sommer-sonnenaufgangswanderung-geierkogel-1024x569\"><img decoding=\"async\" data-title=\"\" title=\"\" data-caption=\"\" width=\"1024\" height=\"569\" src=\"https:\/\/www.salzburgerland.com\/pl\/wp-content\/uploads\/2018\/11\/viehhofen-sommer-sonnenaufgangswanderung-geierkogel-1024x569.jpg\" class=\"attachment-medium size-medium\" alt=\"Cztery osoby stoj\u0105 w pobli\u017cu krzy\u017ca na szczycie o wschodzie s\u0142o\u0144ca, z widokiem na g\u00f3rskie szczyty i roz\u015bwietlone niebo. (Powi\u0119kszony widok)\" srcset=\"https:\/\/www.salzburgerland.com\/pl\/wp-content\/uploads\/2018\/11\/viehhofen-sommer-sonnenaufgangswanderung-geierkogel-1024x569.jpg 1024w, https:\/\/www.salzburgerland.com\/pl\/wp-content\/uploads\/2018\/11\/viehhofen-sommer-sonnenaufgangswanderung-geierkogel-1024x569-370x206.jpg 370w, https:\/\/www.salzburgerland.com\/pl\/wp-content\/uploads\/2018\/11\/viehhofen-sommer-sonnenaufgangswanderung-geierkogel-1024x569-768x427.jpg 768w, https:\/\/www.salzburgerland.com\/pl\/wp-content\/uploads\/2018\/11\/viehhofen-sommer-sonnenaufgangswanderung-geierkogel-1024x569-270x150.jpg 270w, https:\/\/www.salzburgerland.com\/pl\/wp-content\/uploads\/2018\/11\/viehhofen-sommer-sonnenaufgangswanderung-geierkogel-1024x569-540x300.jpg 540w\" sizes=\"(max-width: 1024px) 100vw, 1024px\" itemprop=\"thumbnail\"><\/a><\/div>\n\t\t\t\t\t<\/li>\n\t\t\t<\/ul>\n\t\t\t<\/div><!-- .gallery -->\n\n","protected":false},"excerpt":{"rendered":"<p>Male\u0144ki kurort wypoczynkowy Viehhofen le\u017cy zaledwie 80 km od miasta Salzburga, w samym sercu regionu Pinzgau, otoczony pasmem Pinzgauer Grasberge. Liczy zaledwie 600 mieszka\u0144c\u00f3w. Wiejski charakter przydaje mu przytulnego klimatu. Na pierwszy plan wysuwa si\u0119 tu spok\u00f3j, cisza i blisko\u015b\u0107 natury, a wysoko cenionymi warto\u015bciami s\u0105 tradycja, go\u015bcinno\u015b\u0107 i familijna atmosfera. W tyle nie pozostaje [&hellip;]<\/p>\n","protected":false},"author":4,"featured_media":2309,"comment_status":"closed","ping_status":"closed","template":"","meta":{"_acf_changed":false,"wl_entities_gutenberg":"","_relevanssi_hide_post":"","_relevanssi_hide_content":"","_relevanssi_pin_for_all":"","_relevanssi_pin_keywords":"","_relevanssi_unpin_keywords":"","_relevanssi_related_keywords":"","_relevanssi_related_include_ids":"","_relevanssi_related_exclude_ids":"","_relevanssi_related_no_append":"","_relevanssi_related_not_related":"","_relevanssi_related_posts":"","_relevanssi_noindex_reason":"","footnotes":""},"categories":[],"tags":[],"wl_entity_type":[7],"class_list":["post-2167","entity","type-entity","status-publish","has-post-thumbnail","hentry","wl_entity_type-place","sitetype-place"],"acf":[],"yoast_head":"<!-- This site is optimized with the Yoast SEO Premium plugin v27.4 (Yoast SEO v27.4) - https:\/\/yoast.com\/product\/yoast-seo-premium-wordpress\/ -->\n<title>Viehhofen \u00bb SalzburgerLand.com<\/title>\n<meta name=\"robots\" content=\"index, follow, max-snippet:-1, max-image-preview:large, max-video-preview:-1\" \/>\n<link rel=\"canonical\" href=\"https:\/\/www.salzburgerland.com\/pl\/viehhofen\/\" \/>\n<meta property=\"og:locale\" content=\"pl_PL\" \/>\n<meta property=\"og:type\" content=\"article\" \/>\n<meta property=\"og:title\" content=\"Viehhofen\" \/>\n<meta property=\"og:description\" content=\"Male\u0144ki kurort wypoczynkowy Viehhofen le\u017cy zaledwie 80 km od miasta Salzburga, w samym sercu regionu Pinzgau, otoczony pasmem Pinzgauer Grasberge. Liczy\" \/>\n<meta property=\"og:url\" content=\"https:\/\/www.salzburgerland.com\/pl\/viehhofen\/\" \/>\n<meta property=\"og:site_name\" content=\"SalzburgerLand.com\" \/>\n<meta property=\"article:publisher\" content=\"https:\/\/www.facebook.com\/visitsalzburgerland\/\" \/>\n<meta property=\"article:modified_time\" content=\"2018-12-03T14:03:35+00:00\" \/>\n<meta property=\"og:image\" content=\"https:\/\/www.salzburgerland.com\/pl\/wp-content\/uploads\/2018\/11\/viehhofen-winter-panorama-nacht-1024x569.jpg\" \/>\n\t<meta property=\"og:image:width\" content=\"1024\" \/>\n\t<meta property=\"og:image:height\" content=\"569\" \/>\n\t<meta property=\"og:image:type\" content=\"image\/jpeg\" \/>\n<meta name=\"twitter:card\" content=\"summary_large_image\" \/>\n<meta name=\"twitter:site\" content=\"@salzburgerland\" \/>\n<meta name=\"twitter:label1\" content=\"Szacowany czas czytania\" \/>\n\t<meta name=\"twitter:data1\" content=\"3 minuty\" \/>\n<script type=\"application\/ld+json\" class=\"yoast-schema-graph\">{\"@context\":\"https:\\\/\\\/schema.org\",\"@graph\":[{\"@type\":\"WebPage\",\"@id\":\"https:\\\/\\\/www.salzburgerland.com\\\/pl\\\/viehhofen\\\/\",\"url\":\"https:\\\/\\\/www.salzburgerland.com\\\/pl\\\/viehhofen\\\/\",\"name\":\"Viehhofen \u00bb SalzburgerLand.com\",\"isPartOf\":{\"@id\":\"https:\\\/\\\/www.salzburgerland.com\\\/pl\\\/#website\"},\"primaryImageOfPage\":{\"@id\":\"https:\\\/\\\/www.salzburgerland.com\\\/pl\\\/viehhofen\\\/#primaryimage\"},\"image\":{\"@id\":\"https:\\\/\\\/www.salzburgerland.com\\\/pl\\\/viehhofen\\\/#primaryimage\"},\"thumbnailUrl\":\"https:\\\/\\\/www.salzburgerland.com\\\/pl\\\/wp-content\\\/uploads\\\/2018\\\/11\\\/viehhofen-winter-panorama-nacht-1024x569.jpg\",\"datePublished\":\"2018-11-12T22:55:03+00:00\",\"dateModified\":\"2018-12-03T14:03:35+00:00\",\"inLanguage\":\"pl-PL\",\"potentialAction\":[{\"@type\":\"ReadAction\",\"target\":[\"https:\\\/\\\/www.salzburgerland.com\\\/pl\\\/viehhofen\\\/\"]}]},{\"@type\":\"ImageObject\",\"inLanguage\":\"pl-PL\",\"@id\":\"https:\\\/\\\/www.salzburgerland.com\\\/pl\\\/viehhofen\\\/#primaryimage\",\"url\":\"https:\\\/\\\/www.salzburgerland.com\\\/pl\\\/wp-content\\\/uploads\\\/2018\\\/11\\\/viehhofen-winter-panorama-nacht-1024x569.jpg\",\"contentUrl\":\"https:\\\/\\\/www.salzburgerland.com\\\/pl\\\/wp-content\\\/uploads\\\/2018\\\/11\\\/viehhofen-winter-panorama-nacht-1024x569.jpg\",\"width\":1024,\"height\":569,\"caption\":\"Pokryta \u015bniegiem g\u00f3rska wioska o zmierzchu, z ciep\u0142ymi \u015bwiat\u0142ami \u015bwiec\u0105cymi z dom\u00f3w i drzew otaczaj\u0105cych okolic\u0119.\"},{\"@type\":\"WebSite\",\"@id\":\"https:\\\/\\\/www.salzburgerland.com\\\/pl\\\/#website\",\"url\":\"https:\\\/\\\/www.salzburgerland.com\\\/pl\\\/\",\"name\":\"SalzburgerLand.com\",\"description\":\"Urlop Salzburg : hotele : turystyka Ziemia Salzburska : kultura : rodzinny urlop Ziemia Salzburska : informacja turystyczna : noclegi Austria : aktywny wypoczynek\",\"potentialAction\":[{\"@type\":\"SearchAction\",\"target\":{\"@type\":\"EntryPoint\",\"urlTemplate\":\"https:\\\/\\\/www.salzburgerland.com\\\/pl\\\/?s={search_term_string}\"},\"query-input\":{\"@type\":\"PropertyValueSpecification\",\"valueRequired\":true,\"valueName\":\"search_term_string\"}}],\"inLanguage\":\"pl-PL\"}]}<\/script>\n<!-- \/ Yoast SEO Premium plugin. -->","yoast_head_json":{"title":"Viehhofen \u00bb SalzburgerLand.com","robots":{"index":"index","follow":"follow","max-snippet":"max-snippet:-1","max-image-preview":"max-image-preview:large","max-video-preview":"max-video-preview:-1"},"canonical":"https:\/\/www.salzburgerland.com\/pl\/viehhofen\/","og_locale":"pl_PL","og_type":"article","og_title":"Viehhofen","og_description":"Male\u0144ki kurort wypoczynkowy Viehhofen le\u017cy zaledwie 80 km od miasta Salzburga, w samym sercu regionu Pinzgau, otoczony pasmem Pinzgauer Grasberge. Liczy","og_url":"https:\/\/www.salzburgerland.com\/pl\/viehhofen\/","og_site_name":"SalzburgerLand.com","article_publisher":"https:\/\/www.facebook.com\/visitsalzburgerland\/","article_modified_time":"2018-12-03T14:03:35+00:00","og_image":[{"url":"https:\/\/www.salzburgerland.com\/pl\/wp-content\/uploads\/2018\/11\/viehhofen-winter-panorama-nacht-1024x569.jpg","width":1024,"height":569,"type":"image\/jpeg"}],"twitter_card":"summary_large_image","twitter_site":"@salzburgerland","twitter_misc":{"Szacowany czas czytania":"3 minuty"},"schema":{"@context":"https:\/\/schema.org","@graph":[{"@type":"WebPage","@id":"https:\/\/www.salzburgerland.com\/pl\/viehhofen\/","url":"https:\/\/www.salzburgerland.com\/pl\/viehhofen\/","name":"Viehhofen \u00bb SalzburgerLand.com","isPartOf":{"@id":"https:\/\/www.salzburgerland.com\/pl\/#website"},"primaryImageOfPage":{"@id":"https:\/\/www.salzburgerland.com\/pl\/viehhofen\/#primaryimage"},"image":{"@id":"https:\/\/www.salzburgerland.com\/pl\/viehhofen\/#primaryimage"},"thumbnailUrl":"https:\/\/www.salzburgerland.com\/pl\/wp-content\/uploads\/2018\/11\/viehhofen-winter-panorama-nacht-1024x569.jpg","datePublished":"2018-11-12T22:55:03+00:00","dateModified":"2018-12-03T14:03:35+00:00","inLanguage":"pl-PL","potentialAction":[{"@type":"ReadAction","target":["https:\/\/www.salzburgerland.com\/pl\/viehhofen\/"]}]},{"@type":"ImageObject","inLanguage":"pl-PL","@id":"https:\/\/www.salzburgerland.com\/pl\/viehhofen\/#primaryimage","url":"https:\/\/www.salzburgerland.com\/pl\/wp-content\/uploads\/2018\/11\/viehhofen-winter-panorama-nacht-1024x569.jpg","contentUrl":"https:\/\/www.salzburgerland.com\/pl\/wp-content\/uploads\/2018\/11\/viehhofen-winter-panorama-nacht-1024x569.jpg","width":1024,"height":569,"caption":"Pokryta \u015bniegiem g\u00f3rska wioska o zmierzchu, z ciep\u0142ymi \u015bwiat\u0142ami \u015bwiec\u0105cymi z dom\u00f3w i drzew otaczaj\u0105cych okolic\u0119."},{"@type":"WebSite","@id":"https:\/\/www.salzburgerland.com\/pl\/#website","url":"https:\/\/www.salzburgerland.com\/pl\/","name":"SalzburgerLand.com","description":"Urlop Salzburg : hotele : turystyka Ziemia Salzburska : kultura : rodzinny urlop Ziemia Salzburska : informacja turystyczna : noclegi Austria : aktywny wypoczynek","potentialAction":[{"@type":"SearchAction","target":{"@type":"EntryPoint","urlTemplate":"https:\/\/www.salzburgerland.com\/pl\/?s={search_term_string}"},"query-input":{"@type":"PropertyValueSpecification","valueRequired":true,"valueName":"search_term_string"}}],"inLanguage":"pl-PL"}]}},"_wl_alt_label":[],"wl:entity_url":"http:\/\/open.salzburgerland.com\/pl\/entity\/viehhofen","_links":{"self":[{"href":"https:\/\/www.salzburgerland.com\/pl\/wp-json\/wp\/v2\/entities\/2167","targetHints":{"allow":["GET"]}}],"collection":[{"href":"https:\/\/www.salzburgerland.com\/pl\/wp-json\/wp\/v2\/entities"}],"about":[{"href":"https:\/\/www.salzburgerland.com\/pl\/wp-json\/wp\/v2\/types\/entity"}],"author":[{"embeddable":true,"href":"https:\/\/www.salzburgerland.com\/pl\/wp-json\/wp\/v2\/users\/4"}],"replies":[{"embeddable":true,"href":"https:\/\/www.salzburgerland.com\/pl\/wp-json\/wp\/v2\/comments?post=2167"}],"version-history":[{"count":0,"href":"https:\/\/www.salzburgerland.com\/pl\/wp-json\/wp\/v2\/entities\/2167\/revisions"}],"wp:featuredmedia":[{"embeddable":true,"href":"https:\/\/www.salzburgerland.com\/pl\/wp-json\/wp\/v2\/media\/2309"}],"wp:attachment":[{"href":"https:\/\/www.salzburgerland.com\/pl\/wp-json\/wp\/v2\/media?parent=2167"}],"wp:term":[{"taxonomy":"category","embeddable":true,"href":"https:\/\/www.salzburgerland.com\/pl\/wp-json\/wp\/v2\/categories?post=2167"},{"taxonomy":"post_tag","embeddable":true,"href":"https:\/\/www.salzburgerland.com\/pl\/wp-json\/wp\/v2\/tags?post=2167"},{"taxonomy":"wl_entity_type","embeddable":true,"href":"https:\/\/www.salzburgerland.com\/pl\/wp-json\/wp\/v2\/wl_entity_type?post=2167"}],"curies":[{"name":"wp","href":"https:\/\/api.w.org\/{rel}","templated":true}]}}