{"id":13623,"date":"2022-05-08T14:42:48","date_gmt":"2022-05-08T12:42:48","guid":{"rendered":"https:\/\/www.salzburgerland.com\/pl\/?post_type=entity&#038;p=13623"},"modified":"2023-06-28T21:42:37","modified_gmt":"2023-06-28T19:42:37","slug":"salzburski-swiat-sportu-wakacje-z-rodzina","status":"publish","type":"entity","link":"https:\/\/www.salzburgerland.com\/pl\/salzburski-swiat-sportu-wakacje-z-rodzina\/","title":{"rendered":"Rodzinny wypoczynek w Salzburskim \u015awiecie Sportu"},"content":{"rendered":"<h3>Wagrainis Grafenberg w Wagrain-Kleinarl<\/h3>\n<p>Kolejka Grafenbergbahn zawozi nas lekko i jakby w mgnieniu oka na <strong>1700 <span i=\"\" span=\"\">m n.p.m.<\/span><\/strong>, a bramy <strong>letniej przygody na l\u0105dzie i na wodzi<\/strong>e otwieraj\u0105 si\u0119 tu\u017c przy samej g\u00f3rnej stacji. Ponadnaturalnej wielko\u015bci \u201estacje przyg\u00f3d\u201d po\u015br\u00f3d g\u00f3rskiej przyrody po\u0142\u0105czone s\u0105 wij\u0105cymi si\u0119 malowniczo \u015bcie\u017ckami spacerowymi przejezdnymi dla w\u00f3zk\u00f3w dzieci\u0119cych i zapewniaj\u0105 ma\u0142ym i du\u017cym odkrywcom moc niezapomianych wra\u017ce\u0144. <strong>Jezioro Grafenbergse<\/strong>e mo\u017cna przep\u0142yn\u0105\u0107 tratw\u0105 lub przej\u015b\u0107 po \u015bcie\u017cce u\u0142o\u017conej z kamieni. Mn\u00f3stwo frajdy i zdobywanie wiedzy przez zabaw\u0119 czeka na przyrodniczym szlakuan&gt; edukacyjnym, na wysokog\u00f3rskiej farmie, na drabinkach, hu\u015btawkach, \u015bciance wspinaczkowej i innych obiektach sportowo-rekreacyjnych. <strong>Wagrainis Grafenberg<\/strong> to miejsce dla rodzin, kt\u00f3re powinno si\u0119 znale\u017a\u0107 w ka\u017cdym wakacyjnym planie. Wi\u0119cej informacji znajdziesz <a href=\"https:\/\/www.snow-space.com\/en\/summer\/adventure-mountain\/wagrainis-grafenberg\" target=\"_blank\" rel=\"noopener\"><strong>tutaj<\/strong><\/a>.<\/p>\n\n\t\t\t<div id=\"13623-1\" class=\"gallery gallery-13623 gallery-columns-3 gallery-size-1170_658\" itemscope itemtype=\"http:\/\/schema.org\/ImageGallery\">\n\t\t\t\t<ul class=\"gallery-row gallery-col-3 gallery-clear\">\n\t\t\t\t\t<li class=\"gallery-item col-3\" itemprop=\"associatedMedia\" itemscope itemtype=\"http:\/\/schema.org\/ImageObject\">\n\t\t\t\t\t\t<div class=\"gallery-icon landscape\"><a href=\"https:\/\/www.salzburgerland.com\/pl\/wp-content\/uploads\/2019\/04\/wagrainis-kindererlebnisberg4snow-space-salzzbur_christian-schartner-1920x1067.jpg\" title=\"Wagrainis Kindererlebnisberg4\u00a9Snow Space Salzzbur_Christian Schartner\"><img decoding=\"async\" data-title=\"\u00a9 Snow Space Salzburg, Christian Schartner\" title=\"\u00a9 Snow Space Salzburg, Christian Schartner\" data-caption=\"\u00a9 Snow Space Salzburg, Christian Schartner\" width=\"1170\" height=\"658\" src=\"https:\/\/www.salzburgerland.com\/pl\/wp-content\/uploads\/2019\/04\/wagrainis-kindererlebnisberg4snow-space-salzzbur_christian-schartner-1170x658.jpg\" class=\"attachment-1170_658 size-1170_658\" alt=\"Rodzina siedzi nad jeziorem w Lato w Salzburskim \u015awiecie Sportu, g\u00f3ry za nimi, mapa i w\u00f3zek u boku. (Powi\u0119kszony widok)\" srcset=\"https:\/\/www.salzburgerland.com\/pl\/wp-content\/uploads\/2019\/04\/wagrainis-kindererlebnisberg4snow-space-salzzbur_christian-schartner-1170x658.jpg 1170w, https:\/\/www.salzburgerland.com\/pl\/wp-content\/uploads\/2019\/04\/wagrainis-kindererlebnisberg4snow-space-salzzbur_christian-schartner-1200x675.jpg 1200w\" sizes=\"(max-width: 1170px) 100vw, 1170px\" aria-describedby=\"figcaption-13623-10207\" itemprop=\"thumbnail\"><\/a><\/div>\n\t\t\t\t\t\t<span id=\"figcaption-13623-10207\" class=\"gallery-caption\" itemprop=\"caption\"><span aria-hidden=\"true\">\u00a9 Snow Space Salzburg, Christian Schartner<\/span><\/span>\n\t\t\t\t\t<\/li>\n\t\t\t\t\t<li class=\"gallery-item col-3\" itemprop=\"associatedMedia\" itemscope itemtype=\"http:\/\/schema.org\/ImageObject\">\n\t\t\t\t\t\t<div class=\"gallery-icon landscape\"><a href=\"https:\/\/www.salzburgerland.com\/pl\/wp-content\/uploads\/2019\/04\/sommer_shooting-c-snow_space_salzburg-christian_schartner-59-1170x658-1.jpeg\" title=\"sommer_shooting-c-snow_space_salzburg-christian_schartner-59--1170x658\"><img decoding=\"async\" data-title=\"\u00a9 Snow Space Salzburg, Christian Schartner\" title=\"\u00a9 Snow Space Salzburg, Christian Schartner\" data-caption=\"\u00a9 Snow Space Salzburg, Christian Schartner\" width=\"1170\" height=\"658\" src=\"https:\/\/www.salzburgerland.com\/pl\/wp-content\/uploads\/2019\/04\/sommer_shooting-c-snow_space_salzburg-christian_schartner-59-1170x658-1.jpeg\" class=\"attachment-1170_658 size-1170_658\" alt=\"M\u0119\u017cczyzna i dziecko p\u0142yn\u0105 tratw\u0105 po czystym jeziorze otoczonym wzg\u00f3rzami-Lato w Salzburskim \u015awiecie Sportu. (Powi\u0119kszony widok)\" srcset=\"https:\/\/www.salzburgerland.com\/pl\/wp-content\/uploads\/2019\/04\/sommer_shooting-c-snow_space_salzburg-christian_schartner-59-1170x658-1.jpeg 1170w, https:\/\/www.salzburgerland.com\/pl\/wp-content\/uploads\/2019\/04\/sommer_shooting-c-snow_space_salzburg-christian_schartner-59-1170x658-1-768x432.jpeg 768w\" sizes=\"(max-width: 1170px) 100vw, 1170px\" aria-describedby=\"figcaption-13623-10208\" itemprop=\"thumbnail\"><\/a><\/div>\n\t\t\t\t\t\t<span id=\"figcaption-13623-10208\" class=\"gallery-caption\" itemprop=\"caption\"><span aria-hidden=\"true\">\u00a9 Snow Space Salzburg, Christian Schartner<\/span><\/span>\n\t\t\t\t\t<\/li>\n\t\t\t\t\t<li class=\"gallery-item col-3\" itemprop=\"associatedMedia\" itemscope itemtype=\"http:\/\/schema.org\/ImageObject\">\n\t\t\t\t\t\t<div class=\"gallery-icon landscape\"><a href=\"https:\/\/www.salzburgerland.com\/pl\/wp-content\/uploads\/2019\/04\/wagrainis-kindererlebnisberg2snow-space-salzzbur_christian-schartner-1920x1067.jpg\" title=\"Wagrainis Kindererlebnisberg2\u00a9Snow Space Salzzbur_Christian Schartner\"><img decoding=\"async\" data-title=\"\u00a9 Snow Space Salzburg, Christian Schartner\" title=\"\u00a9 Snow Space Salzburg, Christian Schartner\" data-caption=\"\u00a9 Snow Space Salzburg, Christian Schartner\" width=\"1170\" height=\"658\" src=\"https:\/\/www.salzburgerland.com\/pl\/wp-content\/uploads\/2019\/04\/wagrainis-kindererlebnisberg2snow-space-salzzbur_christian-schartner-1170x658.jpg\" class=\"attachment-1170_658 size-1170_658\" alt=\"M\u0119\u017cczyzna i dziewczyna u\u015bmiechaj\u0105 si\u0119 na mo\u015bcie linowym nad wod\u0105 podczas Lata w Salzburskim \u015awiecie Sportu. (Powi\u0119kszony widok)\" srcset=\"https:\/\/www.salzburgerland.com\/pl\/wp-content\/uploads\/2019\/04\/wagrainis-kindererlebnisberg2snow-space-salzzbur_christian-schartner-1170x658.jpg 1170w, https:\/\/www.salzburgerland.com\/pl\/wp-content\/uploads\/2019\/04\/wagrainis-kindererlebnisberg2snow-space-salzzbur_christian-schartner-1200x675.jpg 1200w\" sizes=\"(max-width: 1170px) 100vw, 1170px\" aria-describedby=\"figcaption-13623-10209\" itemprop=\"thumbnail\"><\/a><\/div>\n\t\t\t\t\t\t<span id=\"figcaption-13623-10209\" class=\"gallery-caption\" itemprop=\"caption\"><span aria-hidden=\"true\">\u00a9 Snow Space Salzburg, Christian Schartner<\/span><\/span>\n\t\t\t\t\t<\/li>\n\t\t\t\t<\/ul>\n\t\t\t<\/div><!-- .gallery -->\n\n<h3>Geisterberg, czyli kraina duch\u00f3w w St. Johann-Alpendorf<\/h3>\n<p>Tajemniczy \u015bwiat duch\u00f3w przekracza ten, kto odwa\u017cy si\u0119 wjecha\u0107 kolejk\u0105 linow\u0105 na G\u00f3r\u0119 Duch\u00f3w <strong>Geisterberg<\/strong>. Roztaczaj\u0105cy si\u0119 tu g\u00f3rski \u015bwiat zamieszkuj\u0105 ba\u015bniowe postaci: elfy, nimfy i duchy \u2013 wody, powietrza, ziemi i ognia. Wg\u0142\u0105b tej krainy jedziemy ciuchci\u0105. Przy przejezdnej dla w\u00f3zk\u00f3w dzieci\u0119cych \u015bcie\u017cce zlokalizowanych jest <strong>40 stacji<\/strong> <strong>przyg\u00f3d<\/strong>, s\u0142u\u017c\u0105cych zabawie i edukacji. Jest w\u015br\u00f3d nich Zamek Duch\u00f3w i Wioska Duch\u00f3w, s\u0105 wodne igraszki, wie\u017ce wspinaczkowe, hu\u015btawki i ptasie gniazda, jezioro i kr\u00f3lestwo nimf. Przed mi\u0142o\u015bnikami turystyki g\u00f3rskiej otwiera si\u0119 tu <strong>17 km oznakowanych szlak\u00f3w w\u0119drownych<\/strong> z le\u017c\u0105cymi po drodze trzema schroniskami.\u00a0 Jest te\u017c <strong>dzieci\u0119ca\u00a0 via ferrata dla nieustraszonych \u201ema\u0142olat\u00f3w\u201d, chc\u0105cych spr\u00f3bowa\u0107 swoich si\u0142 w prawdziwej alpejskiej wspinaczce. Wi\u0119cej informacji znajdziesz <a href=\"https:\/\/www.snow-space.com\/en\/summer\/adventure-mountain\/geisterberg-alpendorf\" target=\"_blank\" rel=\"noopener\">tutaj<\/a>.<\/strong><\/p>\n\n\t\t\t<div id=\"13623-2\" class=\"gallery gallery-13623 gallery-columns-3 gallery-size-1170_658\" itemscope itemtype=\"http:\/\/schema.org\/ImageGallery\">\n\t\t\t\t<ul class=\"gallery-row gallery-col-3 gallery-clear\">\n\t\t\t\t\t<li class=\"gallery-item col-3\" itemprop=\"associatedMedia\" itemscope itemtype=\"http:\/\/schema.org\/ImageObject\">\n\t\t\t\t\t\t<div class=\"gallery-icon landscape\"><a href=\"https:\/\/www.salzburgerland.com\/pl\/wp-content\/uploads\/2019\/04\/sommer_geisterberg__sanktjohann-com-mirjageh_2018-2-1920x1067.jpg\" title=\"Sommer_Geisterberg_\u00a9_sanktjohann.com-MirjaGeh_2018 (2)\"><img decoding=\"async\" data-title=\"Podobno w Zamku Duch\u00f3w straszy \u00a9 JO Salzburg\" title=\"Podobno w Zamku Duch\u00f3w straszy \u00a9 JO Salzburg\" data-caption=\"Podobno w Zamku Duch\u00f3w straszy \u00a9 JO Salzburg\" width=\"1170\" height=\"658\" src=\"https:\/\/www.salzburgerland.com\/pl\/wp-content\/uploads\/2019\/04\/sommer_geisterberg__sanktjohann-com-mirjageh_2018-2-1170x658.jpg\" class=\"attachment-1170_658 size-1170_658\" alt=\"Dwoje dzieci skacze przez trawiasty kopiec w Lato w Salzburskim \u015awiecie Sportu w s\u0142oneczny dzie\u0144, doro\u015bli w tle. (Powi\u0119kszony widok)\" srcset=\"https:\/\/www.salzburgerland.com\/pl\/wp-content\/uploads\/2019\/04\/sommer_geisterberg__sanktjohann-com-mirjageh_2018-2-1170x658.jpg 1170w, https:\/\/www.salzburgerland.com\/pl\/wp-content\/uploads\/2019\/04\/sommer_geisterberg__sanktjohann-com-mirjageh_2018-2-1200x675.jpg 1200w\" sizes=\"(max-width: 1170px) 100vw, 1170px\" aria-describedby=\"figcaption-13623-10212\" itemprop=\"thumbnail\"><\/a><\/div>\n\t\t\t\t\t\t<span id=\"figcaption-13623-10212\" class=\"gallery-caption\" itemprop=\"caption\"><span aria-hidden=\"true\">Podobno w Zamku Duch\u00f3w straszy \u00a9 JO Salzburg<\/span><\/span>\n\t\t\t\t\t<\/li>\n\t\t\t\t\t<li class=\"gallery-item col-3\" itemprop=\"associatedMedia\" itemscope itemtype=\"http:\/\/schema.org\/ImageObject\">\n\t\t\t\t\t\t<div class=\"gallery-icon landscape\"><a href=\"https:\/\/www.salzburgerland.com\/pl\/wp-content\/uploads\/2019\/04\/sommer_geisterberg__sanktjohann-com-mirjageh_2018-6-1920x1067.jpg\" title=\"Sommer_Geisterberg_\u00a9_sanktjohann.com-MirjaGeh_2018 (6)\"><img decoding=\"async\" data-title=\"Przeprawa tratw\u0105 po jeziorze na Geisterberg \u00a9 sanktjohann.com, MirjaGeh_2018\" title=\"Przeprawa tratw\u0105 po jeziorze na Geisterberg \u00a9 sanktjohann.com, MirjaGeh_2018\" data-caption=\"Przeprawa tratw\u0105 po jeziorze na Geisterberg \u00a9 sanktjohann.com, MirjaGeh_2018\" width=\"1170\" height=\"658\" src=\"https:\/\/www.salzburgerland.com\/pl\/wp-content\/uploads\/2019\/04\/sommer_geisterberg__sanktjohann-com-mirjageh_2018-6-1170x658.jpg\" class=\"attachment-1170_658 size-1170_658\" alt=\"Ma\u0142a tratwa z lud\u017ami p\u0142ywa po czystym stawie w Lato w Salzburskim \u015awiecie Sportu, wok\u00f3\u0142 drzewa i g\u00f3ry. (Powi\u0119kszony widok)\" srcset=\"https:\/\/www.salzburgerland.com\/pl\/wp-content\/uploads\/2019\/04\/sommer_geisterberg__sanktjohann-com-mirjageh_2018-6-1170x658.jpg 1170w, https:\/\/www.salzburgerland.com\/pl\/wp-content\/uploads\/2019\/04\/sommer_geisterberg__sanktjohann-com-mirjageh_2018-6-1200x675.jpg 1200w\" sizes=\"(max-width: 1170px) 100vw, 1170px\" aria-describedby=\"figcaption-13623-10213\" itemprop=\"thumbnail\"><\/a><\/div>\n\t\t\t\t\t\t<span id=\"figcaption-13623-10213\" class=\"gallery-caption\" itemprop=\"caption\"><span aria-hidden=\"true\">Przeprawa tratw\u0105 po jeziorze na Geisterberg \u00a9 sanktjohann.com, MirjaGeh_2018<\/span><\/span>\n\t\t\t\t\t<\/li>\n\t\t\t\t\t<li class=\"gallery-item col-3\" itemprop=\"associatedMedia\" itemscope itemtype=\"http:\/\/schema.org\/ImageObject\">\n\t\t\t\t\t\t<div class=\"gallery-icon landscape\"><a href=\"https:\/\/www.salzburgerland.com\/pl\/wp-content\/uploads\/2019\/04\/geisterberg-st--johann_drachisklettersteig_snowspacesalzburg_christophhuber-35.jpg\" title=\"Geisterberg St. Johann_Drachisklettersteig_\u00a9SnowSpaceSalzburg_ChristophHuber-35\"><img decoding=\"async\" data-title=\"Pokonanie Via Ferraty dla pocz\u0105tkuj\u0105cych wymaga niema\u0142o odwagi i zr\u0119czno\u015bci  \u00a9 \u00a9 JO Salzburg   Christoph Huber\" title=\"Pokonanie Via Ferraty dla pocz\u0105tkuj\u0105cych wymaga niema\u0142o odwagi i zr\u0119czno\u015bci  \u00a9 \u00a9 JO Salzburg   Christoph Huber\" data-caption=\"Pokonanie Via Ferraty dla pocz\u0105tkuj\u0105cych wymaga niema\u0142o odwagi i zr\u0119czno\u015bci  \u00a9 \u00a9 JO Salzburg   Christoph Huber\" width=\"1170\" height=\"658\" src=\"https:\/\/www.salzburgerland.com\/pl\/wp-content\/uploads\/2019\/04\/geisterberg-st--johann_drachisklettersteig_snowspacesalzburg_christophhuber-35-1170x658.jpg\" class=\"attachment-1170_658 size-1170_658\" alt=\"Cztery osoby w kaskach wspinaj\u0105 si\u0119 po skalistym g\u00f3rskim szlaku, eksploruj\u0105c Lato w Salzburskim \u015awiecie Sportu. (Powi\u0119kszony widok)\" srcset=\"https:\/\/www.salzburgerland.com\/pl\/wp-content\/uploads\/2019\/04\/geisterberg-st--johann_drachisklettersteig_snowspacesalzburg_christophhuber-35-1170x658.jpg 1170w, https:\/\/www.salzburgerland.com\/pl\/wp-content\/uploads\/2019\/04\/geisterberg-st--johann_drachisklettersteig_snowspacesalzburg_christophhuber-35-1200x675.jpg 1200w\" sizes=\"(max-width: 1170px) 100vw, 1170px\" aria-describedby=\"figcaption-13623-10214\" itemprop=\"thumbnail\"><\/a><\/div>\n\t\t\t\t\t\t<span id=\"figcaption-13623-10214\" class=\"gallery-caption\" itemprop=\"caption\"><span aria-hidden=\"true\">Pokonanie Via Ferraty dla pocz\u0105tkuj\u0105cych wymaga niema\u0142o odwagi i zr\u0119czno\u015bci  \u00a9 \u00a9 JO Salzburg   Christoph Huber<\/span><\/span>\n\t\t\t\t\t<\/li>\n\t\t\t\t<\/ul>\n\t\t\t<\/div><!-- .gallery -->\n\n<h3><strong>Puchar \u015awiata Zwierz\u0105t Alpejskich w Zauchensee<\/strong><\/h3>\n<p>Po\u0142o\u017cone pi\u0119knie na wysoko\u015bci 1900 m n.p.m. schronisko Gamskogelh\u00fctte otoczone jest wielkim\u00a0<strong>parkiem rekreacyjno-edukacyjnym<\/strong> o nazwie \u201eMeistercup der Alpentiere\u201d , zach\u0119caj\u0105cym do <strong>aktywno\u015bci sportowej i \u0107wicze\u0144 zr\u0119czno\u015bciowych<\/strong> . Tutaj mo\u017cna si\u0119 zmierzy\u0107 w r\u00f3\u017cnych dyscyplinach sportowych i zr\u0119czno\u015bciowych ze zwierz\u0119tami zamieszkuj\u0105cymi tereny alpejskie \u2013 w skokach, wspinaczce, utrzymaniu r\u00f3wnowagi i podnoszeniu ci\u0119\u017car\u00f3w. Przeciwnikami dzieci s\u0105 mi\u0119dzy innymi pszczo\u0142y, mr\u00f3wki, zaj\u0105ce, lisy i \u015bwistaki. Dziewi\u0119\u0107 stacji edukacyjnych informuje o \u017cyciu zwierz\u0105t, o po\u017cytku, jaki przynosz\u0105 cz\u0142owiekowi oraz o tym, jak cz\u0142owiek troszczy si\u0119 o nie. Do placu zabaw dostaniemy si\u0119 wygodnie kolejk\u0105 linow\u0105. St\u0105d te\u017c bior\u0105 pocz\u0105tek pi\u0119kne szlaki w\u0119drowne. Jeden ze szlak\u00f3w o naziwe KUHparKUHr wiedzie do idyllicznego jeziora g\u00f3rskiego Seekarsee, mijaj\u0105c po drodze \u201estacje \u0142adowania energii\u201d pochodz\u0105cej z g\u00f3r i hamaki do relaksu. Na Gamskogel mo\u017cna ponadto poje\u017adzi\u0107 na gokartach. Wi\u0119cej informacji znajdziesz <a href=\"https:\/\/www.zauchensee.at\/en\/sommer\/the-adventure-playground-at-the-gamskogel.html\" target=\"_blank\" rel=\"noopener\">tutaj<\/a>.<\/p>\n\n\t\t\t<div id=\"13623-3\" class=\"gallery gallery-13623 gallery-columns-3 gallery-size-1170_658\" itemscope itemtype=\"http:\/\/schema.org\/ImageGallery\">\n\t\t\t\t<ul class=\"gallery-row gallery-col-3 gallery-clear\">\n\t\t\t\t\t<li class=\"gallery-item col-3\" itemprop=\"associatedMedia\" itemscope itemtype=\"http:\/\/schema.org\/ImageObject\">\n\t\t\t\t\t\t<div class=\"gallery-icon landscape\"><a href=\"https:\/\/www.salzburgerland.com\/pl\/wp-content\/uploads\/2019\/04\/zauchensee-abenteuerspielplatz-4.jpeg\" title=\"zauchensee-abenteuerspielplatz-4\"><img decoding=\"async\" data-title=\"Gry i zabawy zr\u0119czno\u015bciowe we wspania\u0142ej g\u00f3rskiej scenerii \u00a9 Salzburger Sportwelt\" title=\"Gry i zabawy zr\u0119czno\u015bciowe we wspania\u0142ej g\u00f3rskiej scenerii \u00a9 Salzburger Sportwelt\" data-caption=\"Gry i zabawy zr\u0119czno\u015bciowe we wspania\u0142ej g\u00f3rskiej scenerii \u00a9 Salzburger Sportwelt\" width=\"1170\" height=\"658\" src=\"https:\/\/www.salzburgerland.com\/pl\/wp-content\/uploads\/2019\/04\/zauchensee-abenteuerspielplatz-4-1170x658.jpeg\" class=\"attachment-1170_658 size-1170_658\" alt=\"Tr\u00f3jka dzieci bawi si\u0119 na drewnianym placu zabaw w Lato w Salzburskim \u015awiecie Sportu, z g\u00f3rami za plecami. (Powi\u0119kszony widok)\" srcset=\"https:\/\/www.salzburgerland.com\/pl\/wp-content\/uploads\/2019\/04\/zauchensee-abenteuerspielplatz-4-1170x658.jpeg 1170w, https:\/\/www.salzburgerland.com\/pl\/wp-content\/uploads\/2019\/04\/zauchensee-abenteuerspielplatz-4-1200x675.jpeg 1200w\" sizes=\"(max-width: 1170px) 100vw, 1170px\" aria-describedby=\"figcaption-13623-10219\" itemprop=\"thumbnail\"><\/a><\/div>\n\t\t\t\t\t\t<span id=\"figcaption-13623-10219\" class=\"gallery-caption\" itemprop=\"caption\"><span aria-hidden=\"true\">Gry i zabawy zr\u0119czno\u015bciowe we wspania\u0142ej g\u00f3rskiej scenerii \u00a9 Salzburger Sportwelt<\/span><\/span>\n\t\t\t\t\t<\/li>\n\t\t\t\t\t<li class=\"gallery-item col-3\" itemprop=\"associatedMedia\" itemscope itemtype=\"http:\/\/schema.org\/ImageObject\">\n\t\t\t\t\t\t<div class=\"gallery-icon landscape\"><a href=\"https:\/\/www.salzburgerland.com\/pl\/wp-content\/uploads\/2019\/04\/zauchensee-familie-gamskogel-9.jpeg\" title=\"zauchensee-familie-gamskogel-9\"><img decoding=\"async\" data-title=\"Park na Gamskogel zaprasza do akytwno\u015bci sportowej \u00a9 Salzburger Sportwelt\" title=\"Park na Gamskogel zaprasza do akytwno\u015bci sportowej \u00a9 Salzburger Sportwelt\" data-caption=\"Park na Gamskogel zaprasza do akytwno\u015bci sportowej \u00a9 Salzburger Sportwelt\" width=\"1170\" height=\"658\" src=\"https:\/\/www.salzburgerland.com\/pl\/wp-content\/uploads\/2019\/04\/zauchensee-familie-gamskogel-9-1170x658.jpeg\" class=\"attachment-1170_658 size-1170_658\" alt=\"Dw\u00f3ch ch\u0142opc\u00f3w bawi si\u0119 na drewnianej konstrukcji wspinaczkowej - klasyczne lato w Salzburskim \u015awiecie Sportu zabawa w s\u0142o\u0144cu. (Powi\u0119kszony widok)\" srcset=\"https:\/\/www.salzburgerland.com\/pl\/wp-content\/uploads\/2019\/04\/zauchensee-familie-gamskogel-9-1170x658.jpeg 1170w, https:\/\/www.salzburgerland.com\/pl\/wp-content\/uploads\/2019\/04\/zauchensee-familie-gamskogel-9-1200x675.jpeg 1200w\" sizes=\"(max-width: 1170px) 100vw, 1170px\" aria-describedby=\"figcaption-13623-10220\" itemprop=\"thumbnail\"><\/a><\/div>\n\t\t\t\t\t\t<span id=\"figcaption-13623-10220\" class=\"gallery-caption\" itemprop=\"caption\"><span aria-hidden=\"true\">Park na Gamskogel zaprasza do akytwno\u015bci sportowej \u00a9 Salzburger Sportwelt<\/span><\/span>\n\t\t\t\t\t<\/li>\n\t\t\t\t\t<li class=\"gallery-item col-3\" itemprop=\"associatedMedia\" itemscope itemtype=\"http:\/\/schema.org\/ImageObject\">\n\t\t\t\t\t\t<div class=\"gallery-icon landscape\"><a href=\"https:\/\/www.salzburgerland.com\/pl\/wp-content\/uploads\/2019\/04\/zauchensee-familie-gamskogel-8.jpeg\" title=\"zauchensee-familie-gamskogel-8\"><img decoding=\"async\" data-title=\"Gokarty na Gamskogel \u00a9 Salzburger Sportwelt\" title=\"Gokarty na Gamskogel \u00a9 Salzburger Sportwelt\" data-caption=\"Gokarty na Gamskogel \u00a9 Salzburger Sportwelt\" width=\"1170\" height=\"658\" src=\"https:\/\/www.salzburgerland.com\/pl\/wp-content\/uploads\/2019\/04\/zauchensee-familie-gamskogel-8-1170x658.jpeg\" class=\"attachment-1170_658 size-1170_658\" alt=\"Dwoje dzieci je\u017adzi gokartami na peda\u0142y na malowniczej \u015bcie\u017cce podczas lata w Salzburskim \u015awiecie Sportu. (Powi\u0119kszony widok)\" srcset=\"https:\/\/www.salzburgerland.com\/pl\/wp-content\/uploads\/2019\/04\/zauchensee-familie-gamskogel-8-1170x658.jpeg 1170w, https:\/\/www.salzburgerland.com\/pl\/wp-content\/uploads\/2019\/04\/zauchensee-familie-gamskogel-8-1200x675.jpeg 1200w\" sizes=\"(max-width: 1170px) 100vw, 1170px\" aria-describedby=\"figcaption-13623-10224\" itemprop=\"thumbnail\"><\/a><\/div>\n\t\t\t\t\t\t<span id=\"figcaption-13623-10224\" class=\"gallery-caption\" itemprop=\"caption\"><span aria-hidden=\"true\">Gokarty na Gamskogel \u00a9 Salzburger Sportwelt<\/span><\/span>\n\t\t\t\t\t<\/li>\n\t\t\t\t<\/ul>\n\t\t\t<\/div><!-- .gallery -->\n\n<h3><strong>Trasa edukacyjna na Griessenkar we Flachau<\/strong><\/h3>\n<p>Przy g\u00f3rnej stacji kolejki Starjet 1, wysoko ponad alpejskim kurortem Flachu, na g\u00f3rze Griessenkar le\u017cy punkt wyj\u015bcia okr\u0119\u017cnego szlaku w\u0119drownego Flori\u2019s Erlebnispfad o niezwyk\u0142ych walorach krajobrazowych i dydaktycznych. To jedna z popularnych okolicznych G\u00f3r Przyg\u00f3d.\u00a0 Ju\u017c przed wyruszeniem w drog\u0119 warto przygotowa\u0107 sobie notes i o\u0142\u00f3wek, gdy\u017c po drodze jest do rozwi\u0105zania wiele zagadek i zada\u0144, a na uwa\u017cnych w\u0119drowc\u00f3w czeka na ko\u0144cu nagroda-niespodzianka. Spacer zajmuje oko\u0142o p\u00f3\u0142torej godziny, ale dzieci nie czuj\u0105 nudy, gdy\u017c po drodze jest wiele atrakcyjnych miejsc do zabawy, jak np. lotnia linowa Flying Fox, \u015bciana wspinaczkowa, le\u015bna zje\u017cd\u017calnia i kino po\u015br\u00f3d przyrody. A poniewa\u017c \u0142amig\u0142\u00f3wki rozwi\u0105zuje si\u0119 \u0142atwiej, b\u0119d\u0105c sytym, po drodze polecamy zajrze\u0107 do g\u00f3rskiej restauracji i wzmocni\u0107 si\u0119 regionaln\u0105 przek\u0105sk\u0105. Wi\u0119cej informacji znajdziesz <a href=\"https:\/\/www.snow-space.com\/en\/summer\/adventure-mountain\/hikers-mountain-griessenkar\" target=\"_blank\" rel=\"noopener\">tutaj<\/a>.<\/p>\n\n\t\t\t<div id=\"13623-4\" class=\"gallery gallery-13623 gallery-columns-3 gallery-size-1170_658\" itemscope itemtype=\"http:\/\/schema.org\/ImageGallery\">\n\t\t\t\t<ul class=\"gallery-row gallery-col-3 gallery-clear\">\n\t\t\t\t\t<li class=\"gallery-item col-3\" itemprop=\"associatedMedia\" itemscope itemtype=\"http:\/\/schema.org\/ImageObject\">\n\t\t\t\t\t\t<div class=\"gallery-icon landscape\"><a href=\"https:\/\/www.salzburgerland.com\/pl\/wp-content\/uploads\/2019\/04\/160720-flachau-dsc_1983-pjpeg_.jpg\" title=\"160720-flachau-dsc_1983-pjpeg_\"><img decoding=\"async\" data-title=\"Kolejka na Griessenkar \u00a9 Salzburger Sportwelt\" title=\"Kolejka na Griessenkar \u00a9 Salzburger Sportwelt\" data-caption=\"Kolejka na Griessenkar \u00a9 Salzburger Sportwelt\" width=\"960\" height=\"640\" src=\"https:\/\/www.salzburgerland.com\/pl\/wp-content\/uploads\/2019\/04\/160720-flachau-dsc_1983-pjpeg_.jpg\" class=\"attachment-1170_658 size-1170_658\" alt=\"Ludzie je\u017cd\u017c\u0105cy na wyci\u0105gu narciarskim w Lato w Salzburskim \u015awiecie Sportu nad polnymi kwiatami, lasami i b\u0142\u0119kitnym niebem. (Powi\u0119kszony widok)\" srcset=\"https:\/\/www.salzburgerland.com\/pl\/wp-content\/uploads\/2019\/04\/160720-flachau-dsc_1983-pjpeg_.jpg 960w, https:\/\/www.salzburgerland.com\/pl\/wp-content\/uploads\/2019\/04\/160720-flachau-dsc_1983-pjpeg_-768x512.jpg 768w\" sizes=\"(max-width: 960px) 100vw, 960px\" aria-describedby=\"figcaption-13623-10232\" itemprop=\"thumbnail\"><\/a><\/div>\n\t\t\t\t\t\t<span id=\"figcaption-13623-10232\" class=\"gallery-caption\" itemprop=\"caption\"><span aria-hidden=\"true\">Kolejka na Griessenkar \u00a9 Salzburger Sportwelt<\/span><\/span>\n\t\t\t\t\t<\/li>\n\t\t\t\t\t<li class=\"gallery-item col-3\" itemprop=\"associatedMedia\" itemscope itemtype=\"http:\/\/schema.org\/ImageObject\">\n\t\t\t\t\t\t<div class=\"gallery-icon landscape\"><a href=\"https:\/\/www.salzburgerland.com\/pl\/wp-content\/uploads\/2019\/04\/160720-flachau-dsc_2215-pjpeg_.jpg\" title=\"160720-flachau-dsc_2215-pjpeg_\"><img decoding=\"async\" data-title=\"Okr\u0119\u017cny szlak dydaktyczny dla ma\u0142ych i du\u017cych odkrywc\u00f3w, Flori\u2019s Erlebnispfad \u00a9 Salzburger Sportwelt\" title=\"Okr\u0119\u017cny szlak dydaktyczny dla ma\u0142ych i du\u017cych odkrywc\u00f3w, Flori\u2019s Erlebnispfad \u00a9 Salzburger Sportwelt\" data-caption=\"Okr\u0119\u017cny szlak dydaktyczny dla ma\u0142ych i du\u017cych odkrywc\u00f3w, Flori\u2019s Erlebnispfad \u00a9 Salzburger Sportwelt\" width=\"960\" height=\"640\" src=\"https:\/\/www.salzburgerland.com\/pl\/wp-content\/uploads\/2019\/04\/160720-flachau-dsc_2215-pjpeg_.jpg\" class=\"attachment-1170_658 size-1170_658\" alt=\"Rodzina ogl\u0105da plansz\u0119 quizow\u0105 na \u015bwie\u017cym powietrzu dotycz\u0105c\u0105 liczenia szyszek sosnowych - Lato w Salzburskim \u015awiecie Sportu. (Powi\u0119kszony widok)\" srcset=\"https:\/\/www.salzburgerland.com\/pl\/wp-content\/uploads\/2019\/04\/160720-flachau-dsc_2215-pjpeg_.jpg 960w, https:\/\/www.salzburgerland.com\/pl\/wp-content\/uploads\/2019\/04\/160720-flachau-dsc_2215-pjpeg_-768x512.jpg 768w\" sizes=\"(max-width: 960px) 100vw, 960px\" aria-describedby=\"figcaption-13623-10234\" itemprop=\"thumbnail\"><\/a><\/div>\n\t\t\t\t\t\t<span id=\"figcaption-13623-10234\" class=\"gallery-caption\" itemprop=\"caption\"><span aria-hidden=\"true\">Okr\u0119\u017cny szlak dydaktyczny dla ma\u0142ych i du\u017cych odkrywc\u00f3w, Flori\u2019s Erlebnispfad \u00a9 Salzburger Sportwelt<\/span><\/span>\n\t\t\t\t\t<\/li>\n\t\t\t\t\t<li class=\"gallery-item col-3\" itemprop=\"associatedMedia\" itemscope itemtype=\"http:\/\/schema.org\/ImageObject\">\n\t\t\t\t\t\t<div class=\"gallery-icon landscape\"><a href=\"https:\/\/www.salzburgerland.com\/pl\/wp-content\/uploads\/2019\/04\/panorama-dienstag-pjpeg_.jpg\" title=\"panorama-dienstag-pjpeg_\"><img decoding=\"async\" data-title=\"Panroama g\u00f3rska z Griessenkar\u00a9 Salzburger Sportwelt\" title=\"Panroama g\u00f3rska z Griessenkar\u00a9 Salzburger Sportwelt\" data-caption=\"Panroama g\u00f3rska z Griessenkar\u00a9 Salzburger Sportwelt\" width=\"960\" height=\"640\" src=\"https:\/\/www.salzburgerland.com\/pl\/wp-content\/uploads\/2019\/04\/panorama-dienstag-pjpeg_.jpg\" class=\"attachment-1170_658 size-1170_658\" alt=\"Czteroosobowa rodzina \u015bwi\u0119tuje zach\u00f3d s\u0142o\u0144ca w Lato w Salzburskim \u015awiecie Sportu, z widokiem na malownicze g\u00f3rskie szczyty. (Powi\u0119kszony widok)\" srcset=\"https:\/\/www.salzburgerland.com\/pl\/wp-content\/uploads\/2019\/04\/panorama-dienstag-pjpeg_.jpg 960w, https:\/\/www.salzburgerland.com\/pl\/wp-content\/uploads\/2019\/04\/panorama-dienstag-pjpeg_-768x512.jpg 768w\" sizes=\"(max-width: 960px) 100vw, 960px\" aria-describedby=\"figcaption-13623-10233\" itemprop=\"thumbnail\"><\/a><\/div>\n\t\t\t\t\t\t<span id=\"figcaption-13623-10233\" class=\"gallery-caption\" itemprop=\"caption\"><span aria-hidden=\"true\">Panroama g\u00f3rska z Griessenkar\u00a9 Salzburger Sportwelt<\/span><\/span>\n\t\t\t\t\t<\/li>\n\t\t\t\t<\/ul>\n\t\t\t<\/div><!-- .gallery -->\n\n<h3><strong>Kitiwapf, czyli tropem zwierz\u0105t w Eben<\/strong><\/h3>\n<p>Kitiwapf brzmi troch\u0119 jak wioska india\u0144ska, ale to tylko skr\u00f3t od niemieckiego \u201eKinder-Tierwanderpfad\u201d (<strong>dzieci\u0119ca \u015bcie\u017cka w\u0119drowna \u015bladami zwierz\u0105t<\/strong>). Kto przemierza ten szlak, musi by\u0107 bardzo uwa\u017cny, by nie przeoczy\u0107 czekaj\u0105cych na skraju drogi zwierz\u0105t. Przy ka\u017cdej grupie zwierz\u0105t nale\u017cy si\u0119 zatrzyma\u0107, i dowiedzie\u0107 si\u0119, co maj\u0105 nam ciekawego do opowiedzenia o swoim \u017cyciu. Tym bardziej, \u017ce ca\u0142a przygoda polega mi\u0119dzy innymi na rozwi\u0105zywaniu zagadek. W\u0119druj\u0105c, kierujemy si\u0119 zgodnie z kolorowymi drogowskazami ustawionymi przy drodze, a do tego zbieramy do specjalnego albumu \u015blady zwierz\u0119cych \u0142apek. Na ko\u0144cu szlaku znajdziemy dwie alpejskie bac\u00f3wki, Moosalm i Reitlehenalm, gdzie na pilnych ma\u0142ych odkrywc\u00f3w czeka drobna nagroda-niespodzianka. Wi\u0119cej informacji znajdziesz <a href=\"https:\/\/www.eben.at\/en\/holiday\/summer\/kitiwapf-childrens-hiking-trail.html\" target=\"_blank\" rel=\"noopener\">tutaj<\/a>.<\/p>\n\n\t\t\t<div id=\"13623-5\" class=\"gallery gallery-13623 gallery-columns-3 gallery-size-1170_658\" itemscope itemtype=\"http:\/\/schema.org\/ImageGallery\">\n\t\t\t\t<ul class=\"gallery-row gallery-col-3 gallery-clear\">\n\t\t\t\t\t<li class=\"gallery-item col-3\" itemprop=\"associatedMedia\" itemscope itemtype=\"http:\/\/schema.org\/ImageObject\">\n\t\t\t\t\t\t<div class=\"gallery-icon landscape\"><a href=\"https:\/\/www.salzburgerland.com\/pl\/wp-content\/uploads\/2019\/04\/tvb-sommershooting-2018-sobietzki-2560px-70-185-1920x1067.jpg\" title=\"TVB-Sommershooting-2018-sobietzki-2560px-70-185\"><img decoding=\"async\" data-title=\"Jeden z przystank\u00f3w na szlaku KITIWAPF \u00a9 Salzburger Sportwelt, Eben.at, Daniel Sobietzki\" title=\"Jeden z przystank\u00f3w na szlaku KITIWAPF \u00a9 Salzburger Sportwelt, Eben.at, Daniel Sobietzki\" data-caption=\"Jeden z przystank\u00f3w na szlaku KITIWAPF \u00a9 Salzburger Sportwelt, Eben.at, Daniel Sobietzki\" width=\"1170\" height=\"658\" src=\"https:\/\/www.salzburgerland.com\/pl\/wp-content\/uploads\/2019\/04\/tvb-sommershooting-2018-sobietzki-2560px-70-185-1170x658.jpg\" class=\"attachment-1170_658 size-1170_658\" alt=\"Rodzina odpoczywa na le\u015bnej \u015bcie\u017cce w Lato w Salzburskim \u015awiecie Sportu; ch\u0142opiec siedzi na pos\u0105gu dzika i wskazuje przed siebie. (Powi\u0119kszony widok)\" srcset=\"https:\/\/www.salzburgerland.com\/pl\/wp-content\/uploads\/2019\/04\/tvb-sommershooting-2018-sobietzki-2560px-70-185-1170x658.jpg 1170w, https:\/\/www.salzburgerland.com\/pl\/wp-content\/uploads\/2019\/04\/tvb-sommershooting-2018-sobietzki-2560px-70-185-1200x675.jpg 1200w\" sizes=\"(max-width: 1170px) 100vw, 1170px\" aria-describedby=\"figcaption-13623-10218\" itemprop=\"thumbnail\"><\/a><\/div>\n\t\t\t\t\t\t<span id=\"figcaption-13623-10218\" class=\"gallery-caption\" itemprop=\"caption\"><span aria-hidden=\"true\">Jeden z przystank\u00f3w na szlaku KITIWAPF \u00a9 Salzburger Sportwelt, Eben.at, Daniel Sobietzki<\/span><\/span>\n\t\t\t\t\t<\/li>\n\t\t\t\t\t<li class=\"gallery-item col-3\" itemprop=\"associatedMedia\" itemscope itemtype=\"http:\/\/schema.org\/ImageObject\">\n\t\t\t\t\t\t<div class=\"gallery-icon landscape\"><a href=\"https:\/\/www.salzburgerland.com\/pl\/wp-content\/uploads\/2019\/04\/stempelpass-kitiwapf-gross.jpg\" title=\"stempelpass-kitiwapf-gross\"><img decoding=\"async\" data-title=\"Album do zbierania zwierz\u0119cych trop\u00f3w \u00a9 Salzburger Sportwelt, Eben.at\" title=\"Album do zbierania zwierz\u0119cych trop\u00f3w \u00a9 Salzburger Sportwelt, Eben.at\" data-caption=\"Album do zbierania zwierz\u0119cych trop\u00f3w \u00a9 Salzburger Sportwelt, Eben.at\" width=\"1170\" height=\"658\" src=\"https:\/\/www.salzburgerland.com\/pl\/wp-content\/uploads\/2019\/04\/stempelpass-kitiwapf-gross-1170x658.jpg\" class=\"attachment-1170_658 size-1170_658\" alt=\"Dwie osoby na \u015bwie\u017cym powietrzu badaj\u0105 przewodnik przyrodniczy, wsp\u00f3lnie odkrywaj\u0105c Lato w Salzburskim \u015awiecie Sportu. (Powi\u0119kszony widok)\" srcset=\"https:\/\/www.salzburgerland.com\/pl\/wp-content\/uploads\/2019\/04\/stempelpass-kitiwapf-gross-1170x658.jpg 1170w, https:\/\/www.salzburgerland.com\/pl\/wp-content\/uploads\/2019\/04\/stempelpass-kitiwapf-gross-1200x675.jpg 1200w\" sizes=\"(max-width: 1170px) 100vw, 1170px\" aria-describedby=\"figcaption-13623-10225\" itemprop=\"thumbnail\"><\/a><\/div>\n\t\t\t\t\t\t<span id=\"figcaption-13623-10225\" class=\"gallery-caption\" itemprop=\"caption\"><span aria-hidden=\"true\">Album do zbierania zwierz\u0119cych trop\u00f3w \u00a9 Salzburger Sportwelt, Eben.at<\/span><\/span>\n\t\t\t\t\t<\/li>\n\t\t\t\t\t<li class=\"gallery-item col-3\" itemprop=\"associatedMedia\" itemscope itemtype=\"http:\/\/schema.org\/ImageObject\">\n\t\t\t\t\t\t<div class=\"gallery-icon landscape\"><a href=\"https:\/\/www.salzburgerland.com\/pl\/wp-content\/uploads\/2019\/04\/wanderung-kitiwapf-monte-popolo-kinder-tierewanderpfad-01-gross.jpg\" title=\"wanderung-kitiwapf-monte-popolo-kinder-tierewanderpfad-01-gross\"><img decoding=\"async\" data-title=\"Drogowskaz KITIWAPF \u00a9 Salzburger Sportwelt, Eben.at\" title=\"Drogowskaz KITIWAPF \u00a9 Salzburger Sportwelt, Eben.at\" data-caption=\"Drogowskaz KITIWAPF \u00a9 Salzburger Sportwelt, Eben.at\" width=\"1170\" height=\"658\" src=\"https:\/\/www.salzburgerland.com\/pl\/wp-content\/uploads\/2019\/04\/wanderung-kitiwapf-monte-popolo-kinder-tierewanderpfad-01-gross-1170x658.jpg\" class=\"attachment-1170_658 size-1170_658\" alt=\"\u017b\u00f3\u0142te znaki szlak\u00f3w turystycznych w j\u0119zyku niemieckim z drzewami, oznaczaj\u0105ce trasy w Lato w Salzburskim \u015awiecie Sportu. (Powi\u0119kszony widok)\" srcset=\"https:\/\/www.salzburgerland.com\/pl\/wp-content\/uploads\/2019\/04\/wanderung-kitiwapf-monte-popolo-kinder-tierewanderpfad-01-gross-1170x658.jpg 1170w, https:\/\/www.salzburgerland.com\/pl\/wp-content\/uploads\/2019\/04\/wanderung-kitiwapf-monte-popolo-kinder-tierewanderpfad-01-gross-1200x675.jpg 1200w\" sizes=\"(max-width: 1170px) 100vw, 1170px\" aria-describedby=\"figcaption-13623-10236\" itemprop=\"thumbnail\"><\/a><\/div>\n\t\t\t\t\t\t<span id=\"figcaption-13623-10236\" class=\"gallery-caption\" itemprop=\"caption\"><span aria-hidden=\"true\">Drogowskaz KITIWAPF \u00a9 Salzburger Sportwelt, Eben.at<\/span><\/span>\n\t\t\t\t\t<\/li>\n\t\t\t\t<\/ul>\n\t\t\t<\/div><!-- .gallery -->\n\n","protected":false},"excerpt":{"rendered":"<p>Wagrainis Grafenberg w Wagrain-Kleinarl Kolejka Grafenbergbahn zawozi nas lekko i jakby w mgnieniu oka na 1700 m n.p.m., a bramy letniej przygody na l\u0105dzie i na wodzie otwieraj\u0105 si\u0119 tu\u017c przy samej g\u00f3rnej stacji. Ponadnaturalnej wielko\u015bci \u201estacje przyg\u00f3d\u201d po\u015br\u00f3d g\u00f3rskiej przyrody po\u0142\u0105czone s\u0105 wij\u0105cymi si\u0119 malowniczo \u015bcie\u017ckami spacerowymi przejezdnymi dla w\u00f3zk\u00f3w dzieci\u0119cych i zapewniaj\u0105 ma\u0142ym [&hellip;]<\/p>\n","protected":false},"author":4,"featured_media":13624,"comment_status":"closed","ping_status":"closed","template":"","meta":{"_acf_changed":false,"wl_entities_gutenberg":"","_relevanssi_hide_post":"","_relevanssi_hide_content":"","_relevanssi_pin_for_all":"","_relevanssi_pin_keywords":"","_relevanssi_unpin_keywords":"","_relevanssi_related_keywords":"","_relevanssi_related_include_ids":"","_relevanssi_related_exclude_ids":"","_relevanssi_related_no_append":"","_relevanssi_related_not_related":"","_relevanssi_related_posts":"","_relevanssi_noindex_reason":"","footnotes":""},"categories":[],"tags":[],"wl_entity_type":[2],"class_list":["post-13623","entity","type-entity","status-publish","has-post-thumbnail","hentry","wl_entity_type-thing","sitetype-theme"],"acf":[],"yoast_head":"<!-- This site is optimized with the Yoast SEO Premium plugin v27.4 (Yoast SEO v27.4) - https:\/\/yoast.com\/product\/yoast-seo-premium-wordpress\/ -->\n<title>Rodzinny wypoczynek w Salzburskim \u015awiecie Sportu \u00bb SalzburgerLand.com<\/title>\n<meta name=\"robots\" content=\"index, follow, max-snippet:-1, max-image-preview:large, max-video-preview:-1\" \/>\n<link rel=\"canonical\" href=\"https:\/\/www.salzburgerland.com\/pl\/salzburski-swiat-sportu-wakacje-z-rodzina\/\" \/>\n<meta property=\"og:locale\" content=\"pl_PL\" \/>\n<meta property=\"og:type\" content=\"article\" \/>\n<meta property=\"og:title\" content=\"Rodzinny wypoczynek w Salzburskim \u015awiecie Sportu\" \/>\n<meta property=\"og:description\" content=\"Wagrainis Grafenberg w Wagrain-Kleinarl Kolejka Grafenbergbahn zawozi nas lekko i jakby w mgnieniu oka na 1700 m n.p.m., a bramy letniej przygody na\" \/>\n<meta property=\"og:url\" content=\"https:\/\/www.salzburgerland.com\/pl\/salzburski-swiat-sportu-wakacje-z-rodzina\/\" \/>\n<meta property=\"og:site_name\" content=\"SalzburgerLand.com\" \/>\n<meta property=\"article:publisher\" content=\"https:\/\/www.facebook.com\/visitsalzburgerland\/\" \/>\n<meta property=\"article:modified_time\" content=\"2023-06-28T19:42:37+00:00\" \/>\n<meta property=\"og:image\" content=\"https:\/\/www.salzburgerland.com\/pl\/wp-content\/uploads\/2022\/05\/familienpicknick-bergsee-filzmoos-salzburger-sportwelt-fotograf-christian-schartner-1600x658-1-1200x658.jpg\" \/>\n\t<meta property=\"og:image:width\" content=\"1200\" \/>\n\t<meta property=\"og:image:height\" content=\"658\" \/>\n\t<meta property=\"og:image:type\" content=\"image\/jpeg\" \/>\n<meta name=\"twitter:card\" content=\"summary_large_image\" \/>\n<meta name=\"twitter:site\" content=\"@salzburgerland\" \/>\n<meta name=\"twitter:label1\" content=\"Szacowany czas czytania\" \/>\n\t<meta name=\"twitter:data1\" content=\"4 minuty\" \/>\n<script type=\"application\/ld+json\" class=\"yoast-schema-graph\">{\"@context\":\"https:\\\/\\\/schema.org\",\"@graph\":[{\"@type\":\"WebPage\",\"@id\":\"https:\\\/\\\/www.salzburgerland.com\\\/pl\\\/salzburski-swiat-sportu-wakacje-z-rodzina\\\/\",\"url\":\"https:\\\/\\\/www.salzburgerland.com\\\/pl\\\/salzburski-swiat-sportu-wakacje-z-rodzina\\\/\",\"name\":\"Rodzinny wypoczynek w Salzburskim \u015awiecie Sportu \u00bb SalzburgerLand.com\",\"isPartOf\":{\"@id\":\"https:\\\/\\\/www.salzburgerland.com\\\/pl\\\/#website\"},\"primaryImageOfPage\":{\"@id\":\"https:\\\/\\\/www.salzburgerland.com\\\/pl\\\/salzburski-swiat-sportu-wakacje-z-rodzina\\\/#primaryimage\"},\"image\":{\"@id\":\"https:\\\/\\\/www.salzburgerland.com\\\/pl\\\/salzburski-swiat-sportu-wakacje-z-rodzina\\\/#primaryimage\"},\"thumbnailUrl\":\"https:\\\/\\\/www.salzburgerland.com\\\/pl\\\/wp-content\\\/uploads\\\/2022\\\/05\\\/familienpicknick-bergsee-filzmoos-salzburger-sportwelt-fotograf-christian-schartner-1600x658-1.jpg\",\"datePublished\":\"2022-05-08T12:42:48+00:00\",\"dateModified\":\"2023-06-28T19:42:37+00:00\",\"description\":\"Salzburski Swiat Sportu ze swoimi malowniczymi siedmioma kurortami jest wakacyjnym rajem dla rodzin z dzie\u0107mi.\",\"inLanguage\":\"pl-PL\",\"potentialAction\":[{\"@type\":\"ReadAction\",\"target\":[\"https:\\\/\\\/www.salzburgerland.com\\\/pl\\\/salzburski-swiat-sportu-wakacje-z-rodzina\\\/\"]}]},{\"@type\":\"ImageObject\",\"inLanguage\":\"pl-PL\",\"@id\":\"https:\\\/\\\/www.salzburgerland.com\\\/pl\\\/salzburski-swiat-sportu-wakacje-z-rodzina\\\/#primaryimage\",\"url\":\"https:\\\/\\\/www.salzburgerland.com\\\/pl\\\/wp-content\\\/uploads\\\/2022\\\/05\\\/familienpicknick-bergsee-filzmoos-salzburger-sportwelt-fotograf-christian-schartner-1600x658-1.jpg\",\"contentUrl\":\"https:\\\/\\\/www.salzburgerland.com\\\/pl\\\/wp-content\\\/uploads\\\/2022\\\/05\\\/familienpicknick-bergsee-filzmoos-salzburger-sportwelt-fotograf-christian-schartner-1600x658-1.jpg\",\"width\":1600,\"height\":658,\"caption\":\"Piknik z rodzin\u0105 nad jeziorem g\u00f3rskim w Filzmoos \u00a9 Salzburger Sportwelt, Christian Schartner\"},{\"@type\":\"WebSite\",\"@id\":\"https:\\\/\\\/www.salzburgerland.com\\\/pl\\\/#website\",\"url\":\"https:\\\/\\\/www.salzburgerland.com\\\/pl\\\/\",\"name\":\"SalzburgerLand.com\",\"description\":\"Urlop Salzburg : hotele : turystyka Ziemia Salzburska : kultura : rodzinny urlop Ziemia Salzburska : informacja turystyczna : noclegi Austria : aktywny wypoczynek\",\"potentialAction\":[{\"@type\":\"SearchAction\",\"target\":{\"@type\":\"EntryPoint\",\"urlTemplate\":\"https:\\\/\\\/www.salzburgerland.com\\\/pl\\\/?s={search_term_string}\"},\"query-input\":{\"@type\":\"PropertyValueSpecification\",\"valueRequired\":true,\"valueName\":\"search_term_string\"}}],\"inLanguage\":\"pl-PL\"}]}<\/script>\n<meta property=\"og:video\" content=\"https:\/\/www.youtube.com\/embed\/xeNNCYXiIrs\" \/>\n<meta property=\"og:video:type\" content=\"text\/html\" \/>\n<meta property=\"og:video:duration\" content=\"34\" \/>\n<meta property=\"og:video:width\" content=\"480\" \/>\n<meta property=\"og:video:height\" content=\"270\" \/>\n<meta property=\"ya:ovs:adult\" content=\"false\" \/>\n<meta property=\"ya:ovs:upload_date\" content=\"2022-05-08T12:42:48+00:00\" \/>\n<meta property=\"ya:ovs:allow_embed\" content=\"true\" \/>\n<!-- \/ Yoast SEO Premium plugin. -->","yoast_head_json":{"title":"Rodzinny wypoczynek w Salzburskim \u015awiecie Sportu \u00bb SalzburgerLand.com","robots":{"index":"index","follow":"follow","max-snippet":"max-snippet:-1","max-image-preview":"max-image-preview:large","max-video-preview":"max-video-preview:-1"},"canonical":"https:\/\/www.salzburgerland.com\/pl\/salzburski-swiat-sportu-wakacje-z-rodzina\/","og_locale":"pl_PL","og_type":"article","og_title":"Rodzinny wypoczynek w Salzburskim \u015awiecie Sportu","og_description":"Wagrainis Grafenberg w Wagrain-Kleinarl Kolejka Grafenbergbahn zawozi nas lekko i jakby w mgnieniu oka na 1700 m n.p.m., a bramy letniej przygody na","og_url":"https:\/\/www.salzburgerland.com\/pl\/salzburski-swiat-sportu-wakacje-z-rodzina\/","og_site_name":"SalzburgerLand.com","article_publisher":"https:\/\/www.facebook.com\/visitsalzburgerland\/","article_modified_time":"2023-06-28T19:42:37+00:00","og_image":[{"width":1200,"height":658,"url":"https:\/\/www.salzburgerland.com\/pl\/wp-content\/uploads\/2022\/05\/familienpicknick-bergsee-filzmoos-salzburger-sportwelt-fotograf-christian-schartner-1600x658-1-1200x658.jpg","type":"image\/jpeg"}],"twitter_card":"summary_large_image","twitter_site":"@salzburgerland","twitter_misc":{"Szacowany czas czytania":"4 minuty"},"schema":{"@context":"https:\/\/schema.org","@graph":[{"@type":"WebPage","@id":"https:\/\/www.salzburgerland.com\/pl\/salzburski-swiat-sportu-wakacje-z-rodzina\/","url":"https:\/\/www.salzburgerland.com\/pl\/salzburski-swiat-sportu-wakacje-z-rodzina\/","name":"Rodzinny wypoczynek w Salzburskim \u015awiecie Sportu \u00bb SalzburgerLand.com","isPartOf":{"@id":"https:\/\/www.salzburgerland.com\/pl\/#website"},"primaryImageOfPage":{"@id":"https:\/\/www.salzburgerland.com\/pl\/salzburski-swiat-sportu-wakacje-z-rodzina\/#primaryimage"},"image":{"@id":"https:\/\/www.salzburgerland.com\/pl\/salzburski-swiat-sportu-wakacje-z-rodzina\/#primaryimage"},"thumbnailUrl":"https:\/\/www.salzburgerland.com\/pl\/wp-content\/uploads\/2022\/05\/familienpicknick-bergsee-filzmoos-salzburger-sportwelt-fotograf-christian-schartner-1600x658-1.jpg","datePublished":"2022-05-08T12:42:48+00:00","dateModified":"2023-06-28T19:42:37+00:00","description":"Salzburski Swiat Sportu ze swoimi malowniczymi siedmioma kurortami jest wakacyjnym rajem dla rodzin z dzie\u0107mi.","inLanguage":"pl-PL","potentialAction":[{"@type":"ReadAction","target":["https:\/\/www.salzburgerland.com\/pl\/salzburski-swiat-sportu-wakacje-z-rodzina\/"]}]},{"@type":"ImageObject","inLanguage":"pl-PL","@id":"https:\/\/www.salzburgerland.com\/pl\/salzburski-swiat-sportu-wakacje-z-rodzina\/#primaryimage","url":"https:\/\/www.salzburgerland.com\/pl\/wp-content\/uploads\/2022\/05\/familienpicknick-bergsee-filzmoos-salzburger-sportwelt-fotograf-christian-schartner-1600x658-1.jpg","contentUrl":"https:\/\/www.salzburgerland.com\/pl\/wp-content\/uploads\/2022\/05\/familienpicknick-bergsee-filzmoos-salzburger-sportwelt-fotograf-christian-schartner-1600x658-1.jpg","width":1600,"height":658,"caption":"Piknik z rodzin\u0105 nad jeziorem g\u00f3rskim w Filzmoos \u00a9 Salzburger Sportwelt, Christian Schartner"},{"@type":"WebSite","@id":"https:\/\/www.salzburgerland.com\/pl\/#website","url":"https:\/\/www.salzburgerland.com\/pl\/","name":"SalzburgerLand.com","description":"Urlop Salzburg : hotele : turystyka Ziemia Salzburska : kultura : rodzinny urlop Ziemia Salzburska : informacja turystyczna : noclegi Austria : aktywny wypoczynek","potentialAction":[{"@type":"SearchAction","target":{"@type":"EntryPoint","urlTemplate":"https:\/\/www.salzburgerland.com\/pl\/?s={search_term_string}"},"query-input":{"@type":"PropertyValueSpecification","valueRequired":true,"valueName":"search_term_string"}}],"inLanguage":"pl-PL"}]},"og_video":"https:\/\/www.youtube.com\/embed\/xeNNCYXiIrs","og_video_type":"text\/html","og_video_duration":"34","og_video_width":"480","og_video_height":"270","ya_ovs_adult":"false","ya_ovs_upload_date":"2022-05-08T12:42:48+00:00","ya_ovs_allow_embed":"true"},"_wl_alt_label":[],"wl:entity_url":"http:\/\/open.salzburgerland.com\/pl\/entity\/rodzinne-wakacje-w-salzburskim-swiecie-sportu-13623","_links":{"self":[{"href":"https:\/\/www.salzburgerland.com\/pl\/wp-json\/wp\/v2\/entities\/13623","targetHints":{"allow":["GET"]}}],"collection":[{"href":"https:\/\/www.salzburgerland.com\/pl\/wp-json\/wp\/v2\/entities"}],"about":[{"href":"https:\/\/www.salzburgerland.com\/pl\/wp-json\/wp\/v2\/types\/entity"}],"author":[{"embeddable":true,"href":"https:\/\/www.salzburgerland.com\/pl\/wp-json\/wp\/v2\/users\/4"}],"replies":[{"embeddable":true,"href":"https:\/\/www.salzburgerland.com\/pl\/wp-json\/wp\/v2\/comments?post=13623"}],"version-history":[{"count":5,"href":"https:\/\/www.salzburgerland.com\/pl\/wp-json\/wp\/v2\/entities\/13623\/revisions"}],"predecessor-version":[{"id":20037,"href":"https:\/\/www.salzburgerland.com\/pl\/wp-json\/wp\/v2\/entities\/13623\/revisions\/20037"}],"wp:featuredmedia":[{"embeddable":true,"href":"https:\/\/www.salzburgerland.com\/pl\/wp-json\/wp\/v2\/media\/13624"}],"wp:attachment":[{"href":"https:\/\/www.salzburgerland.com\/pl\/wp-json\/wp\/v2\/media?parent=13623"}],"wp:term":[{"taxonomy":"category","embeddable":true,"href":"https:\/\/www.salzburgerland.com\/pl\/wp-json\/wp\/v2\/categories?post=13623"},{"taxonomy":"post_tag","embeddable":true,"href":"https:\/\/www.salzburgerland.com\/pl\/wp-json\/wp\/v2\/tags?post=13623"},{"taxonomy":"wl_entity_type","embeddable":true,"href":"https:\/\/www.salzburgerland.com\/pl\/wp-json\/wp\/v2\/wl_entity_type?post=13623"}],"curies":[{"name":"wp","href":"https:\/\/api.w.org\/{rel}","templated":true}]}}