{"id":13556,"date":"2022-05-07T20:12:49","date_gmt":"2022-05-07T18:12:49","guid":{"rendered":"https:\/\/www.salzburgerland.com\/pl\/?post_type=entity&#038;p=13556"},"modified":"2026-04-08T21:24:12","modified_gmt":"2026-04-08T19:24:12","slug":"region-hochkoenig-turystyka-piesza","status":"publish","type":"entity","link":"https:\/\/www.salzburgerland.com\/pl\/region-hochkoenig-turystyka-piesza\/","title":{"rendered":"Turystyka piesza w regionie Hochk\u00f6nig"},"content":{"rendered":"<h3><strong>Szlaki w\u0119drowne w regionie Hochk\u00f6nig<\/strong><\/h3>\n<p>Jest ich a\u017c<span>\u00a0<\/span><strong>340 km<\/strong>. Ka\u017cdy krok w Regionie Hochk\u00f6nig prowadzi na \u0142ono przyrody. Czyste wysokog\u00f3rskie powietrze, stercz\u0105ce wysoko ska\u0142y, malownicze hale, \u015bwie\u017ce \u0142\u0105ki i fantastyczne widoki na okoliczne szczyty \u2013 wszystko to jest balsamem dla ducha. Szlaki w\u0119drone s\u0105 starannie oznakowane i wyr\u00f3\u017cnione Austriackim Znakiem Jako\u015bci.<\/p>\n<p>W ka\u017cdej z trzech miejscowo\u015bci regionu oferowane s\u0105 w\u0119dr\u00f3wki z licencjonowanymi przewodnikami, a 6 czynnych latem kolejek g\u00f3rskich zapewnia komfort przejazdu z doliny w g\u00f3r\u0119, do punktu wyj\u015bcia najpi\u0119kniejszych szlak\u00f3w pieszych.<\/p>\n\n\t\t\t<div id=\"13556-1\" class=\"gallery gallery-13556 gallery-columns-3 gallery-size-1170_658\" itemscope itemtype=\"http:\/\/schema.org\/ImageGallery\">\n\t\t\t\t<ul class=\"gallery-row gallery-col-3 gallery-clear\">\n\t\t\t\t\t<li class=\"gallery-item col-3\" itemprop=\"associatedMedia\" itemscope itemtype=\"http:\/\/schema.org\/ImageObject\">\n\t\t\t\t\t\t<div class=\"gallery-icon landscape\"><a href=\"https:\/\/www.salzburgerland.com\/pl\/wp-content\/uploads\/2019\/04\/sommer_landschaft_druck_2025-2-1-1600x1067.jpg\" title=\"Sommer_Landschaft_DRUCK_2025 (2) (1)\"><img decoding=\"async\" data-title=\"Lato w regionie Hochk\u00f6nig \u00a9 Hochk\u00f6nig Tourismus, Markus Kohlmayr\" title=\"Lato w regionie Hochk\u00f6nig \u00a9 Hochk\u00f6nig Tourismus, Markus Kohlmayr\" data-caption=\"Lato w regionie Hochk\u00f6nig \u00a9 Hochk\u00f6nig Tourismus, Markus Kohlmayr\" width=\"1170\" height=\"658\" src=\"https:\/\/www.salzburgerland.com\/pl\/wp-content\/uploads\/2019\/04\/sommer_landschaft_druck_2025-2-1-1170x658.jpg\" class=\"attachment-1170_658 size-1170_658\" alt=\"Spokojne g\u00f3rskie jezioro poni\u017cej Hochk\u00f6nig odbija surowe szczyty i b\u0142\u0119kitne niebo, otoczone traw\u0105 i drzewami. (Powi\u0119kszony widok)\" srcset=\"https:\/\/www.salzburgerland.com\/pl\/wp-content\/uploads\/2019\/04\/sommer_landschaft_druck_2025-2-1-1170x658.jpg 1170w, https:\/\/www.salzburgerland.com\/pl\/wp-content\/uploads\/2019\/04\/sommer_landschaft_druck_2025-2-1-1200x675.jpg 1200w\" sizes=\"(max-width: 1170px) 100vw, 1170px\" aria-describedby=\"figcaption-13556-27886\" itemprop=\"thumbnail\"><\/a><\/div>\n\t\t\t\t\t\t<span id=\"figcaption-13556-27886\" class=\"gallery-caption\" itemprop=\"caption\"><span aria-hidden=\"true\">Lato w regionie Hochk\u00f6nig \u00a9 Hochk\u00f6nig Tourismus, Markus Kohlmayr<\/span><\/span>\n\t\t\t\t\t<\/li>\n\t\t\t\t\t<li class=\"gallery-item col-3\" itemprop=\"associatedMedia\" itemscope itemtype=\"http:\/\/schema.org\/ImageObject\">\n\t\t\t\t\t\t<div class=\"gallery-icon landscape\"><a href=\"https:\/\/www.salzburgerland.com\/pl\/wp-content\/uploads\/2022\/05\/sommer_landschaft_druck_2025-37-1-1600x1067.jpg\" title=\"Sommer_Landschaft_DRUCK_2025 (37) (1)\"><img decoding=\"async\" data-title=\"Letni krajobraz regionu Hochk\u00f6nig \u00a9 Hochk\u00f6nig Tourismus, Markus Kohlmayr\" title=\"Letni krajobraz regionu Hochk\u00f6nig \u00a9 Hochk\u00f6nig Tourismus, Markus Kohlmayr\" data-caption=\"Letni krajobraz regionu Hochk\u00f6nig \u00a9 Hochk\u00f6nig Tourismus, Markus Kohlmayr\" width=\"1170\" height=\"658\" src=\"https:\/\/www.salzburgerland.com\/pl\/wp-content\/uploads\/2022\/05\/sommer_landschaft_druck_2025-37-1-1170x658.jpg\" class=\"attachment-1170_658 size-1170_658\" alt=\"Kr\u0119ta \u015bcie\u017cka turystyka piesza w regionie Hoch\u00f6nig prowadzi do domku w\u015br\u00f3d skalistych g\u00f3r i zielonych wzg\u00f3rz. (Powi\u0119kszony widok)\" srcset=\"https:\/\/www.salzburgerland.com\/pl\/wp-content\/uploads\/2022\/05\/sommer_landschaft_druck_2025-37-1-1170x658.jpg 1170w, https:\/\/www.salzburgerland.com\/pl\/wp-content\/uploads\/2022\/05\/sommer_landschaft_druck_2025-37-1-1200x675.jpg 1200w\" sizes=\"(max-width: 1170px) 100vw, 1170px\" aria-describedby=\"figcaption-13556-27911\" itemprop=\"thumbnail\"><\/a><\/div>\n\t\t\t\t\t\t<span id=\"figcaption-13556-27911\" class=\"gallery-caption\" itemprop=\"caption\"><span aria-hidden=\"true\">Letni krajobraz regionu Hochk\u00f6nig \u00a9 Hochk\u00f6nig Tourismus, Markus Kohlmayr<\/span><\/span>\n\t\t\t\t\t<\/li>\n\t\t\t\t\t<li class=\"gallery-item col-3\" itemprop=\"associatedMedia\" itemscope itemtype=\"http:\/\/schema.org\/ImageObject\">\n\t\t\t\t\t\t<div class=\"gallery-icon landscape\"><a href=\"https:\/\/www.salzburgerland.com\/pl\/wp-content\/uploads\/2019\/04\/landschaft_hochkoenig_chochkoenigtourismusgmbh-1600x1067.jpg\" title=\"Landschaft_hochkoenig_(c)HochkoenigTourismusGmbH\"><img decoding=\"async\" data-title=\"Krajobraz regionu Hochk\u00f6nig: zielone pastwiska i poszarpane g\u00f3rskie granie \u00a9 Hochk\u00f6nig Tourismus GmbH\" title=\"Krajobraz regionu Hochk\u00f6nig: zielone pastwiska i poszarpane g\u00f3rskie granie \u00a9 Hochk\u00f6nig Tourismus GmbH\" data-caption=\"Krajobraz regionu Hochk\u00f6nig: zielone pastwiska i poszarpane g\u00f3rskie granie \u00a9 Hochk\u00f6nig Tourismus GmbH\" width=\"1170\" height=\"658\" src=\"https:\/\/www.salzburgerland.com\/pl\/wp-content\/uploads\/2019\/04\/landschaft_hochkoenig_chochkoenigtourismusgmbh-1170x658.jpg\" class=\"attachment-1170_658 size-1170_658\" alt=\"Zielone pastwisko us\u00f6ane kolorowym alpejksim kwieciem, a w tle poszarpane granie masywu Hochk\u00f6nig. (Powi\u0119kszony widok)\" srcset=\"https:\/\/www.salzburgerland.com\/pl\/wp-content\/uploads\/2019\/04\/landschaft_hochkoenig_chochkoenigtourismusgmbh-1170x658.jpg 1170w, https:\/\/www.salzburgerland.com\/pl\/wp-content\/uploads\/2019\/04\/landschaft_hochkoenig_chochkoenigtourismusgmbh-1200x675.jpg 1200w\" sizes=\"(max-width: 1170px) 100vw, 1170px\" aria-describedby=\"figcaption-13556-25042\" itemprop=\"thumbnail\"><\/a><\/div>\n\t\t\t\t\t\t<span id=\"figcaption-13556-25042\" class=\"gallery-caption\" itemprop=\"caption\"><span aria-hidden=\"true\">Krajobraz regionu Hochk\u00f6nig: zielone pastwiska i poszarpane g\u00f3rskie granie \u00a9 Hochk\u00f6nig Tourismus GmbH<\/span><\/span>\n\t\t\t\t\t<\/li>\n\t\t\t\t<\/ul>\n\t\t\t<\/div><!-- .gallery -->\n\n<h3>Dalekobie\u017cny Szlak Kr\u00f3lewski<\/h3>\n<p>Ka\u017cdy, kto chcia\u0142by intensywnie poczu\u0107 magi\u0119 przemierzania g\u00f3r, \u0142\u0105k i las\u00f3w pieszo, powinien si\u0119 wybra\u0107 na w\u0119dr\u00f3wk\u0119 <a href=\"https:\/\/www.hochkoenig.at\/en\/summer\/hiking\/the-kings-path-hiking-without-luggage.html\" target=\"_blank\" rel=\"noopener\"><strong>Szlakiem Kr\u00f3lewskim<\/strong><\/a>. Trasa o d\u0142ugo\u015bci <strong>74 km<\/strong> wiedzie wzd\u0142u\u017c owianego legend\u0105 masywu Hochk\u00f6nig, przez wysokog\u00f3rskie pastwiska i alpejskie miejscowo\u015bci.\u00a0 Jest podzielona na 4 dzienne etapy. Spok\u00f3j dziewiczego krajobrazu naturalnego stanowi kontrast do pe\u0142nych \u017cycia i gwaru kurort\u00f3w regionu, Maria Alm, Dienten i M\u00fchlbach, przez kt\u00f3re szlak r\u00f3wnie\u017c prowadzi.<\/p>\n<div id=\"attachment_27892\" style=\"width: 1628px\" class=\"wp-caption alignnone\"><img decoding=\"async\" aria-describedby=\"caption-attachment-27892\" class=\"size-large wp-image-27892\" src=\"https:\/\/www.salzburgerland.com\/pl\/wp-content\/uploads\/2022\/05\/sommer_wandern_druck_2025-166_pat-1.jpg\" alt=\"\" width=\"1618\" height=\"1067\" srcset=\"https:\/\/www.salzburgerland.com\/pl\/wp-content\/uploads\/2022\/05\/sommer_wandern_druck_2025-166_pat-1.jpg 10000w, https:\/\/www.salzburgerland.com\/pl\/wp-content\/uploads\/2022\/05\/sommer_wandern_druck_2025-166_pat-1-768x506.jpg 768w, https:\/\/www.salzburgerland.com\/pl\/wp-content\/uploads\/2022\/05\/sommer_wandern_druck_2025-166_pat-1-1536x1013.jpg 1536w\" sizes=\"(max-width: 1618px) 100vw, 1618px\"><p id=\"caption-attachment-27892\" class=\"wp-caption-text\">W\u0119dr\u00f3wki bez baga\u017cu w regionie Hochk\u00f6nig \u00a9 Hochk\u00f6nig Tourismus, Markus Kohlmayr<\/p><\/div>\n<p><a href=\"https:\/\/www.salzburgerland.com\/pl\/region-hochkoenig-wedrowki-bez-bagazu\/\" target=\"_blank\" rel=\"noopener\"><strong>Pakiet w\u0119drowny<\/strong> <strong>na Szlak Kr\u00f3lewski<\/strong><\/a> pozwala rozsmakowa\u0107 si\u0119 w w\u0119drowaniu, zapewnia bowiem transport baga\u017cy do ka\u017cdego celu dziennego etapu. <span>W czterech etapach, z jednym dniem odpoczynku, w\u0119drujemy wzd\u0142u\u017c masywu Hochk\u00f6nig od hali do hali, z Maria Alm do Dienten przez M\u00fchlbach i z powrotem do punktu wyj\u015bcia. <\/span>Zabieramy ze sob\u0105 tylko lekki podr\u0119czy plecak, gdy\u017c organizatorzy troszcz\u0105 si\u0119 o dostarczenie naszych baga\u017cy do hotelu.<\/p>\n<div id=\"attachment_25048\" style=\"width: 1180px\" class=\"wp-caption alignnone\"><img decoding=\"async\" aria-describedby=\"caption-attachment-25048\" class=\"size-1170_658 wp-image-25048\" src=\"https:\/\/www.salzburgerland.com\/pl\/wp-content\/uploads\/2019\/04\/2024-07-11-hochkonig-wander-kampagne-in-muhlbach-highres-10-1170x658.jpg\" alt=\"Dw\u00f3ch w\u0119drowc\u00f3w z plecakami idzie pod g\u00f3r\u0119 trawiastym szlakiem g\u00f3rskim Hochk\u00f6nig, w tle malownicza dolina.\" width=\"1170\" height=\"658\" srcset=\"https:\/\/www.salzburgerland.com\/pl\/wp-content\/uploads\/2019\/04\/2024-07-11-hochkonig-wander-kampagne-in-muhlbach-highres-10-1170x658.jpg 1170w, https:\/\/www.salzburgerland.com\/pl\/wp-content\/uploads\/2019\/04\/2024-07-11-hochkonig-wander-kampagne-in-muhlbach-highres-10-1200x675.jpg 1200w\" sizes=\"(max-width: 1170px) 100vw, 1170px\"><p id=\"caption-attachment-25048\" class=\"wp-caption-text\">Region Hochk\u00f6nig na Ziemi Salzburskiej to prawdziwy raj dla sympatyk\u00f3w g\u00f3rskiej turystyki pieszej \u00a9 Hochk\u00f6nig Tourismus GmbH, Miriam Lottes<\/p><\/div>\n<p>Oczywi\u015bcie mo\u017cemy si\u0119 wybra\u0107 tylko na jeden wybrany odcinek tej wspania\u0142ej trasy.<\/p>\n<h3>Kr\u00f3lewskie w\u0119dr\u00f3wki kulinarne<\/h3>\n<p>Zawi\u0105zujemy buty trekkingowe, pakujemy plecak w\u0119drowny i rozpoczynamy <a href=\"https:\/\/www.hochkoenig.at\/en\/summer\/eat-drink\/culinary-kingtours-in-summer.html\" target=\"_blank\" rel=\"noopener\">w\u0119dr\u00f3wk\u0119 kulinarn\u0105<\/a>. Punkt i czas wyj\u015bcia s\u0105 bez znaczenia. Mo\u017cemy i\u015b\u0107 w umiarkowanym tempie, je\u015bli zabieramy ze sob\u0105 dzieci, lub podj\u0105\u0107 sportowe wyzwanie, je\u015bli jeste\u015bmy w gronie przyjaci\u00f3\u0142 o dobrej kondycji. W\u015br\u00f3d szlak\u00f3w o zr\u00f3\u017cnicowanym stopniu trudno\u015bci ka\u017cdy znajdzie odpowiedni dla siebie, a malownicze trasy i idylliczne \u015bcie\u017cki zaprowadz\u0105 nas do najpi\u0119kniejszych miejsc wok\u00f3\u0142 g\u00f3ry Hochk\u00f6nig.<\/p>\n<div id=\"attachment_25072\" style=\"width: 1180px\" class=\"wp-caption alignnone\"><img decoding=\"async\" aria-describedby=\"caption-attachment-25072\" class=\"wp-image-25072 size-1170_658\" src=\"https:\/\/www.salzburgerland.com\/pl\/wp-content\/uploads\/2022\/05\/2024-07-11-hochkonig-wander-kampagne-in-muhlbach-highres-82-1170x658.jpg\" alt=\"\" width=\"1170\" height=\"658\" srcset=\"https:\/\/www.salzburgerland.com\/pl\/wp-content\/uploads\/2022\/05\/2024-07-11-hochkonig-wander-kampagne-in-muhlbach-highres-82-1170x658.jpg 1170w, https:\/\/www.salzburgerland.com\/pl\/wp-content\/uploads\/2022\/05\/2024-07-11-hochkonig-wander-kampagne-in-muhlbach-highres-82-1200x675.jpg 1200w\" sizes=\"(max-width: 1170px) 100vw, 1170px\"><p id=\"caption-attachment-25072\" class=\"wp-caption-text\">W regionie Hochk\u00f6nig przyjemno\u015b\u0107 w\u0119drowania po\u0142\u0105czysz z przyjemno\u015bci\u0105 smakowania \u00a9 Hochk\u00f6nig Tourismus GmbH, Miriam Lottes<\/p><\/div>\n<p>Sport, aktywno\u015b\u0107 i kulinarne przysmaki \u2013 to brzmi jak idealne po\u0142\u0105czenie kilku przyjemno\u015bci na raz. W regionie wakacyjnym Hochk\u00f6nig jest to mo\u017cliwe! Wycieczki kulinarne <a href=\"https:\/\/www.hochkoenig.at\/en\/summer\/eat-drink\/culinary-kingtours-in-summer.html\" target=\"_blank\" rel=\"noopener\">K\u00f6nigstouren Bike &amp; Hike<\/a> nie tylko zabior\u0105 Ci\u0119 do najpi\u0119kniejszych miejsc w regionie, ale tak\u017ce od jednej przyjemno\u015bci smakowej do drugiej. Od trzydaniowego menu w trzech r\u00f3\u017cnych chatach po wybrane zio\u0142owe przysmaki, regionalne specja\u0142y i sznaps na szczycie \u2013 wszystko jest wliczone w cen\u0119. Mo\u017cesz pokona\u0107 ten szlak pieszo, ale mo\u017cesz tak\u017ce przemierzy\u0107 go na rowerze elektrycznym.<\/p>\n<div id=\"attachment_25046\" style=\"width: 1180px\" class=\"wp-caption alignnone\"><img decoding=\"async\" aria-describedby=\"caption-attachment-25046\" class=\"wp-image-25046 size-1170_658\" src=\"https:\/\/www.salzburgerland.com\/pl\/wp-content\/uploads\/2019\/04\/2024-07-11-hochkonig-wander-kampagne-in-muhlbach-highres-78-1170x658.jpg\" alt=\"\" width=\"1170\" height=\"658\" srcset=\"https:\/\/www.salzburgerland.com\/pl\/wp-content\/uploads\/2019\/04\/2024-07-11-hochkonig-wander-kampagne-in-muhlbach-highres-78-1170x658.jpg 1170w, https:\/\/www.salzburgerland.com\/pl\/wp-content\/uploads\/2019\/04\/2024-07-11-hochkonig-wander-kampagne-in-muhlbach-highres-78-1200x675.jpg 1200w\" sizes=\"(max-width: 1170px) 100vw, 1170px\"><p id=\"caption-attachment-25046\" class=\"wp-caption-text\">Alpejskie przsmaki serwowane na desce czekaj\u0105 na turyst\u00f3w w ka\u017cdej bac\u00f3wce i schronisku g\u00f3rskim \u00a9 Hochk\u00f6nig Tourismus GmbH<\/p><\/div>\n<h3>Turystyka piesza w regionie Hohk\u00f6nig szlakiem zi\u00f3\u0142 i szlakiem pielgrzym\u00f3w<\/h3>\n<p>Opr\u00f3cz szlak\u00f3w kulinarnych i dalekobie\u017cnego Szlaku Kr\u00f3lewskiego, pasjonat\u00f3w turystyki pieszej zapraszaj\u0105 <a href=\"https:\/\/www.hochkoenig.at\/en\/summer\/hiking\/herb-walks-at-the-hochkoenig.html\" target=\"_blank\" rel=\"noopener\">w\u0119dr\u00f3wki po\u015bwi\u0119cone alpejskim zio\u0142om<\/a>. Tras\u0105 ucz\u0119szczan\u0105 od wiek\u00f3w jest <a href=\"https:\/\/www.hochkoenig.at\/en\/events-highlights\/events\/historical-bartholomew-pilgrimage.html\" target=\"_blank\" rel=\"noopener\">szlak pielgrzymkowy z Maria Alm do ko\u015bcio\u0142a \u015bw. Bart\u0142omieja nad K\u00f6nigssee w s\u0105siedniej Bawarii<\/a>, przez g\u00f3ry Kamiennego Morza (Steinernes Meehr). Pielgrzymka przez Kamienne Morze odbywa si\u0119 tradycyjnie 27 sierpnia i zapewnia niezapomniane prze\u017cycia spirytualne.<\/p>\n<div id=\"attachment_25075\" style=\"width: 1180px\" class=\"wp-caption alignnone\"><img decoding=\"async\" aria-describedby=\"caption-attachment-25075\" class=\"size-1170_658 wp-image-25075\" src=\"https:\/\/www.salzburgerland.com\/pl\/wp-content\/uploads\/2022\/05\/medium-kraeuterwandern-in-der-region-hochkoenig-1170x658.jpg\" alt=\"\" width=\"1170\" height=\"658\" srcset=\"https:\/\/www.salzburgerland.com\/pl\/wp-content\/uploads\/2022\/05\/medium-kraeuterwandern-in-der-region-hochkoenig-1170x658.jpg 1170w, https:\/\/www.salzburgerland.com\/pl\/wp-content\/uploads\/2022\/05\/medium-kraeuterwandern-in-der-region-hochkoenig-1200x675.jpg 1200w\" sizes=\"(max-width: 1170px) 100vw, 1170px\"><p id=\"caption-attachment-25075\" class=\"wp-caption-text\">Domowa apteczka i zdrowe przysmaki rosn\u0105 tu dos\u0142ownie na skraju drogi \u00a9 Hochk\u00f6nig Tourismus GmbH<\/p><\/div>\n","protected":false},"excerpt":{"rendered":"<p>Szlaki w\u0119drowne w regionie Hochk\u00f6nig Jest ich a\u017c\u00a0340 km. Ka\u017cdy krok w Regionie Hochk\u00f6nig prowadzi na \u0142ono przyrody. Czyste wysokog\u00f3rskie powietrze, stercz\u0105ce wysoko ska\u0142y, malownicze hale, \u015bwie\u017ce \u0142\u0105ki i fantastyczne widoki na okoliczne szczyty \u2013 wszystko to jest balsamem dla ducha. Szlaki w\u0119drone s\u0105 starannie oznakowane i wyr\u00f3\u017cnione Austriackim Znakiem Jako\u015bci. W ka\u017cdej z trzech [&hellip;]<\/p>\n","protected":false},"author":4,"featured_media":25066,"comment_status":"closed","ping_status":"closed","template":"","meta":{"_acf_changed":false,"wl_entities_gutenberg":"","_relevanssi_hide_post":"","_relevanssi_hide_content":"","_relevanssi_pin_for_all":"","_relevanssi_pin_keywords":"","_relevanssi_unpin_keywords":"","_relevanssi_related_keywords":"","_relevanssi_related_include_ids":"","_relevanssi_related_exclude_ids":"","_relevanssi_related_no_append":"","_relevanssi_related_not_related":"","_relevanssi_related_posts":"","_relevanssi_noindex_reason":"","footnotes":""},"categories":[],"tags":[],"wl_entity_type":[2],"class_list":["post-13556","entity","type-entity","status-publish","has-post-thumbnail","hentry","wl_entity_type-thing","sitetype-theme"],"acf":[],"yoast_head":"<!-- This site is optimized with the Yoast SEO Premium plugin v27.4 (Yoast SEO v27.4) - https:\/\/yoast.com\/product\/yoast-seo-premium-wordpress\/ -->\n<title>Turystyka piesza w regionie Hochk\u00f6nig<\/title>\n<meta name=\"description\" content=\"Turystyka piesza w regionie Hochk\u00f6nig - 340 km szlak\u00f3w w\u0119drownych, wiod\u0105cych brzegiem g\u00f3rskich jezior, przez zacienione lasy i alpejskie hale.\" \/>\n<meta name=\"robots\" content=\"index, follow, max-snippet:-1, max-image-preview:large, max-video-preview:-1\" \/>\n<link rel=\"canonical\" href=\"https:\/\/www.salzburgerland.com\/pl\/region-hochkoenig-turystyka-piesza\/\" \/>\n<meta property=\"og:locale\" content=\"pl_PL\" \/>\n<meta property=\"og:type\" content=\"article\" \/>\n<meta property=\"og:title\" content=\"Turystyka piesza w regionie Hochk\u00f6nig\" \/>\n<meta property=\"og:description\" content=\"Szlaki w\u0119drowne w regionie Hochk\u00f6nig Jest ich a\u017c\u00a0340 km. Ka\u017cdy krok w Regionie Hochk\u00f6nig prowadzi na \u0142ono przyrody. Czyste wysokog\u00f3rskie powietrze,\" \/>\n<meta property=\"og:url\" content=\"https:\/\/www.salzburgerland.com\/pl\/region-hochkoenig-turystyka-piesza\/\" \/>\n<meta property=\"og:site_name\" content=\"SalzburgerLand.com\" \/>\n<meta property=\"article:publisher\" content=\"https:\/\/www.facebook.com\/visitsalzburgerland\/\" \/>\n<meta property=\"article:modified_time\" content=\"2026-04-08T19:24:12+00:00\" \/>\n<meta property=\"og:image\" content=\"https:\/\/www.salzburgerland.com\/pl\/wp-content\/uploads\/2019\/04\/wandern_hochkonigblick_chochkonigtourismusgmbh_353-1200x675.jpg\" \/>\n\t<meta property=\"og:image:width\" content=\"1200\" \/>\n\t<meta property=\"og:image:height\" content=\"675\" \/>\n\t<meta property=\"og:image:type\" content=\"image\/jpeg\" \/>\n<meta name=\"twitter:card\" content=\"summary_large_image\" \/>\n<meta name=\"twitter:site\" content=\"@salzburgerland\" \/>\n<meta name=\"twitter:label1\" content=\"Szacowany czas czytania\" \/>\n\t<meta name=\"twitter:data1\" content=\"6 minut\" \/>\n<script type=\"application\/ld+json\" class=\"yoast-schema-graph\">{\"@context\":\"https:\\\/\\\/schema.org\",\"@graph\":[{\"@type\":\"WebPage\",\"@id\":\"https:\\\/\\\/www.salzburgerland.com\\\/pl\\\/region-hochkoenig-turystyka-piesza\\\/\",\"url\":\"https:\\\/\\\/www.salzburgerland.com\\\/pl\\\/region-hochkoenig-turystyka-piesza\\\/\",\"name\":\"Turystyka piesza w regionie Hochk\u00f6nig\",\"isPartOf\":{\"@id\":\"https:\\\/\\\/www.salzburgerland.com\\\/pl\\\/#website\"},\"primaryImageOfPage\":{\"@id\":\"https:\\\/\\\/www.salzburgerland.com\\\/pl\\\/region-hochkoenig-turystyka-piesza\\\/#primaryimage\"},\"image\":{\"@id\":\"https:\\\/\\\/www.salzburgerland.com\\\/pl\\\/region-hochkoenig-turystyka-piesza\\\/#primaryimage\"},\"thumbnailUrl\":\"https:\\\/\\\/www.salzburgerland.com\\\/pl\\\/wp-content\\\/uploads\\\/2019\\\/04\\\/wandern_hochkonigblick_chochkonigtourismusgmbh_353.jpg\",\"datePublished\":\"2022-05-07T18:12:49+00:00\",\"dateModified\":\"2026-04-08T19:24:12+00:00\",\"description\":\"Turystyka piesza w regionie Hochk\u00f6nig - 340 km szlak\u00f3w w\u0119drownych, wiod\u0105cych brzegiem g\u00f3rskich jezior, przez zacienione lasy i alpejskie hale.\",\"inLanguage\":\"pl-PL\",\"potentialAction\":[{\"@type\":\"ReadAction\",\"target\":[\"https:\\\/\\\/www.salzburgerland.com\\\/pl\\\/region-hochkoenig-turystyka-piesza\\\/\"]}]},{\"@type\":\"ImageObject\",\"inLanguage\":\"pl-PL\",\"@id\":\"https:\\\/\\\/www.salzburgerland.com\\\/pl\\\/region-hochkoenig-turystyka-piesza\\\/#primaryimage\",\"url\":\"https:\\\/\\\/www.salzburgerland.com\\\/pl\\\/wp-content\\\/uploads\\\/2019\\\/04\\\/wandern_hochkonigblick_chochkonigtourismusgmbh_353.jpg\",\"contentUrl\":\"https:\\\/\\\/www.salzburgerland.com\\\/pl\\\/wp-content\\\/uploads\\\/2019\\\/04\\\/wandern_hochkonigblick_chochkonigtourismusgmbh_353.jpg\",\"width\":2560,\"height\":1707,\"caption\":\"Odpoczynek na szlaku w\u0119drownym z widokiem na grzbiet masywu Hochk\u00f6nig \u00a9 Hochk\u00f6nig Tourismus GmbH\"},{\"@type\":\"WebSite\",\"@id\":\"https:\\\/\\\/www.salzburgerland.com\\\/pl\\\/#website\",\"url\":\"https:\\\/\\\/www.salzburgerland.com\\\/pl\\\/\",\"name\":\"SalzburgerLand.com\",\"description\":\"Urlop Salzburg : hotele : turystyka Ziemia Salzburska : kultura : rodzinny urlop Ziemia Salzburska : informacja turystyczna : noclegi Austria : aktywny wypoczynek\",\"potentialAction\":[{\"@type\":\"SearchAction\",\"target\":{\"@type\":\"EntryPoint\",\"urlTemplate\":\"https:\\\/\\\/www.salzburgerland.com\\\/pl\\\/?s={search_term_string}\"},\"query-input\":{\"@type\":\"PropertyValueSpecification\",\"valueRequired\":true,\"valueName\":\"search_term_string\"}}],\"inLanguage\":\"pl-PL\"}]}<\/script>\n<!-- \/ Yoast SEO Premium plugin. -->","yoast_head_json":{"title":"Turystyka piesza w regionie Hochk\u00f6nig","description":"Turystyka piesza w regionie Hochk\u00f6nig - 340 km szlak\u00f3w w\u0119drownych, wiod\u0105cych brzegiem g\u00f3rskich jezior, przez zacienione lasy i alpejskie hale.","robots":{"index":"index","follow":"follow","max-snippet":"max-snippet:-1","max-image-preview":"max-image-preview:large","max-video-preview":"max-video-preview:-1"},"canonical":"https:\/\/www.salzburgerland.com\/pl\/region-hochkoenig-turystyka-piesza\/","og_locale":"pl_PL","og_type":"article","og_title":"Turystyka piesza w regionie Hochk\u00f6nig","og_description":"Szlaki w\u0119drowne w regionie Hochk\u00f6nig Jest ich a\u017c\u00a0340 km. Ka\u017cdy krok w Regionie Hochk\u00f6nig prowadzi na \u0142ono przyrody. Czyste wysokog\u00f3rskie powietrze,","og_url":"https:\/\/www.salzburgerland.com\/pl\/region-hochkoenig-turystyka-piesza\/","og_site_name":"SalzburgerLand.com","article_publisher":"https:\/\/www.facebook.com\/visitsalzburgerland\/","article_modified_time":"2026-04-08T19:24:12+00:00","og_image":[{"width":1200,"height":675,"url":"https:\/\/www.salzburgerland.com\/pl\/wp-content\/uploads\/2019\/04\/wandern_hochkonigblick_chochkonigtourismusgmbh_353-1200x675.jpg","type":"image\/jpeg"}],"twitter_card":"summary_large_image","twitter_site":"@salzburgerland","twitter_misc":{"Szacowany czas czytania":"6 minut"},"schema":{"@context":"https:\/\/schema.org","@graph":[{"@type":"WebPage","@id":"https:\/\/www.salzburgerland.com\/pl\/region-hochkoenig-turystyka-piesza\/","url":"https:\/\/www.salzburgerland.com\/pl\/region-hochkoenig-turystyka-piesza\/","name":"Turystyka piesza w regionie Hochk\u00f6nig","isPartOf":{"@id":"https:\/\/www.salzburgerland.com\/pl\/#website"},"primaryImageOfPage":{"@id":"https:\/\/www.salzburgerland.com\/pl\/region-hochkoenig-turystyka-piesza\/#primaryimage"},"image":{"@id":"https:\/\/www.salzburgerland.com\/pl\/region-hochkoenig-turystyka-piesza\/#primaryimage"},"thumbnailUrl":"https:\/\/www.salzburgerland.com\/pl\/wp-content\/uploads\/2019\/04\/wandern_hochkonigblick_chochkonigtourismusgmbh_353.jpg","datePublished":"2022-05-07T18:12:49+00:00","dateModified":"2026-04-08T19:24:12+00:00","description":"Turystyka piesza w regionie Hochk\u00f6nig - 340 km szlak\u00f3w w\u0119drownych, wiod\u0105cych brzegiem g\u00f3rskich jezior, przez zacienione lasy i alpejskie hale.","inLanguage":"pl-PL","potentialAction":[{"@type":"ReadAction","target":["https:\/\/www.salzburgerland.com\/pl\/region-hochkoenig-turystyka-piesza\/"]}]},{"@type":"ImageObject","inLanguage":"pl-PL","@id":"https:\/\/www.salzburgerland.com\/pl\/region-hochkoenig-turystyka-piesza\/#primaryimage","url":"https:\/\/www.salzburgerland.com\/pl\/wp-content\/uploads\/2019\/04\/wandern_hochkonigblick_chochkonigtourismusgmbh_353.jpg","contentUrl":"https:\/\/www.salzburgerland.com\/pl\/wp-content\/uploads\/2019\/04\/wandern_hochkonigblick_chochkonigtourismusgmbh_353.jpg","width":2560,"height":1707,"caption":"Odpoczynek na szlaku w\u0119drownym z widokiem na grzbiet masywu Hochk\u00f6nig \u00a9 Hochk\u00f6nig Tourismus GmbH"},{"@type":"WebSite","@id":"https:\/\/www.salzburgerland.com\/pl\/#website","url":"https:\/\/www.salzburgerland.com\/pl\/","name":"SalzburgerLand.com","description":"Urlop Salzburg : hotele : turystyka Ziemia Salzburska : kultura : rodzinny urlop Ziemia Salzburska : informacja turystyczna : noclegi Austria : aktywny wypoczynek","potentialAction":[{"@type":"SearchAction","target":{"@type":"EntryPoint","urlTemplate":"https:\/\/www.salzburgerland.com\/pl\/?s={search_term_string}"},"query-input":{"@type":"PropertyValueSpecification","valueRequired":true,"valueName":"search_term_string"}}],"inLanguage":"pl-PL"}]}},"_wl_alt_label":[],"wl:entity_url":"http:\/\/open.salzburgerland.com\/pl\/entity\/turystyka-piesza-w-regionie-hochkonig-13556","_links":{"self":[{"href":"https:\/\/www.salzburgerland.com\/pl\/wp-json\/wp\/v2\/entities\/13556","targetHints":{"allow":["GET"]}}],"collection":[{"href":"https:\/\/www.salzburgerland.com\/pl\/wp-json\/wp\/v2\/entities"}],"about":[{"href":"https:\/\/www.salzburgerland.com\/pl\/wp-json\/wp\/v2\/types\/entity"}],"author":[{"embeddable":true,"href":"https:\/\/www.salzburgerland.com\/pl\/wp-json\/wp\/v2\/users\/4"}],"replies":[{"embeddable":true,"href":"https:\/\/www.salzburgerland.com\/pl\/wp-json\/wp\/v2\/comments?post=13556"}],"version-history":[{"count":11,"href":"https:\/\/www.salzburgerland.com\/pl\/wp-json\/wp\/v2\/entities\/13556\/revisions"}],"predecessor-version":[{"id":27912,"href":"https:\/\/www.salzburgerland.com\/pl\/wp-json\/wp\/v2\/entities\/13556\/revisions\/27912"}],"wp:featuredmedia":[{"embeddable":true,"href":"https:\/\/www.salzburgerland.com\/pl\/wp-json\/wp\/v2\/media\/25066"}],"wp:attachment":[{"href":"https:\/\/www.salzburgerland.com\/pl\/wp-json\/wp\/v2\/media?parent=13556"}],"wp:term":[{"taxonomy":"category","embeddable":true,"href":"https:\/\/www.salzburgerland.com\/pl\/wp-json\/wp\/v2\/categories?post=13556"},{"taxonomy":"post_tag","embeddable":true,"href":"https:\/\/www.salzburgerland.com\/pl\/wp-json\/wp\/v2\/tags?post=13556"},{"taxonomy":"wl_entity_type","embeddable":true,"href":"https:\/\/www.salzburgerland.com\/pl\/wp-json\/wp\/v2\/wl_entity_type?post=13556"}],"curies":[{"name":"wp","href":"https:\/\/api.w.org\/{rel}","templated":true}]}}