{"id":12931,"date":"2022-02-02T12:40:16","date_gmt":"2022-02-02T11:40:16","guid":{"rendered":"https:\/\/www.salzburgerland.com\/pl\/?post_type=entity&#038;p=12931"},"modified":"2026-02-22T17:24:59","modified_gmt":"2026-02-22T16:24:59","slug":"narty-w-wiosennym-sloncu","status":"publish","type":"entity","link":"https:\/\/www.salzburgerland.com\/pl\/narty-w-wiosennym-sloncu\/","title":{"rendered":"Narty w wiosennym s\u0142o\u0144cu"},"content":{"rendered":"<p data-start=\"169\" data-end=\"395\">O\u015bwietlone s\u0142o\u0144cem stoki, wspania\u0142y firnowy \u015bnieg i panoramiczne widoki \u2013 jak okiem si\u0119gn\u0105\u0107! Temperatura ju\u017c pozwala zdj\u0105\u0107 jedn\u0105 warstw\u0119 zimowej odzie\u017cy, ale okulary przeciws\u0142oneczne i krem z filtrem obowi\u0105zkowe. <span>Wyobra\u017amy sobie przedpo\u0142udniach na nas\u0142onecznionym stoku,\u00a0 lunchu na tarasie schroniska i \u0142agodnych wieczornych temperaturach w dolinie, kt\u00f3re pozwalaj\u0105 nam przyjemnie sp\u0119dzi\u0107 czas po powrocie z nart. W okolicach Wielkanocy w salzburskich g\u00f3rach korzystasz ze \u201es\u0142onecznych stron \u017cycia\u201d, i\u00a0to nie tylko w przeno\u015bni. <\/span><span>\u00a0<\/span><\/p>\n<p data-start=\"169\" data-end=\"395\">A je\u015bli do tego o\u015brodki narciarskie przygotowa\u0142y liczne imprezy pe\u0142ne sportu, rozrywki, muzyki i kulinarnych specja\u0142\u00f3w, sezon \u201enart w s\u0142o\u0144cu\u201d na Ziemi Salzburskiej jest po prostu nie do pobicia!<\/p>\n\n\t\t\t<div id=\"12931-1\" class=\"gallery gallery-12931 gallery-columns-3 gallery-size-1170_658\" itemscope itemtype=\"http:\/\/schema.org\/ImageGallery\">\n\t\t\t\t<ul class=\"gallery-row gallery-col-3 gallery-clear\">\n\t\t\t\t\t<li class=\"gallery-item col-3\" itemprop=\"associatedMedia\" itemscope itemtype=\"http:\/\/schema.org\/ImageObject\">\n\t\t\t\t\t\t<div class=\"gallery-icon landscape\"><a href=\"https:\/\/www.salzburgerland.com\/pl\/wp-content\/uploads\/2022\/02\/rs6701__28a5722-lpr-1601x1067-1.jpg\" title=\"rs6701__28a5722-lpr-1601x1067\"><img decoding=\"async\" data-title=\"Ciesz si\u0119 zim\u0105 w promieniach wiosennego s\u0142o\u0144ca \u00a9 SalzburgerLand Tourismus, Hansi Heckmair\" title=\"Ciesz si\u0119 zim\u0105 w promieniach wiosennego s\u0142o\u0144ca \u00a9 SalzburgerLand Tourismus, Hansi Heckmair\" data-caption=\"Ciesz si\u0119 zim\u0105 w promieniach wiosennego s\u0142o\u0144ca \u00a9 SalzburgerLand Tourismus, Hansi Heckmair\" width=\"1170\" height=\"658\" src=\"https:\/\/www.salzburgerland.com\/pl\/wp-content\/uploads\/2022\/02\/rs6701__28a5722-lpr-1601x1067-1-1170x658.jpg\" class=\"attachment-1170_658 size-1170_658\" alt=\"Dwie kobiety w futrzanych czapkach ciesz\u0105 si\u0119 kubkami, ch\u0142on\u0105c narty w wiosennym s\u0142o\u0144cu ze \u015bnie\u017cnymi szczytami za sob\u0105. (Powi\u0119kszony widok)\" srcset=\"https:\/\/www.salzburgerland.com\/pl\/wp-content\/uploads\/2022\/02\/rs6701__28a5722-lpr-1601x1067-1-1170x658.jpg 1170w, https:\/\/www.salzburgerland.com\/pl\/wp-content\/uploads\/2022\/02\/rs6701__28a5722-lpr-1601x1067-1-1200x675.jpg 1200w\" sizes=\"(max-width: 1170px) 100vw, 1170px\" aria-describedby=\"figcaption-12931-27300\" itemprop=\"thumbnail\"><\/a><\/div>\n\t\t\t\t\t\t<span id=\"figcaption-12931-27300\" class=\"gallery-caption\" itemprop=\"caption\"><span aria-hidden=\"true\">Ciesz si\u0119 zim\u0105 w promieniach wiosennego s\u0142o\u0144ca \u00a9 SalzburgerLand Tourismus, Hansi Heckmair<\/span><\/span>\n\t\t\t\t\t<\/li>\n\t\t\t\t\t<li class=\"gallery-item col-3\" itemprop=\"associatedMedia\" itemscope itemtype=\"http:\/\/schema.org\/ImageObject\">\n\t\t\t\t\t\t<div class=\"gallery-icon landscape\"><a href=\"https:\/\/www.salzburgerland.com\/pl\/wp-content\/uploads\/2022\/02\/rs6695__28a5387-lpr-1601x1067-1.jpg\" title=\"rs6695__28a5387-lpr-1601x1067\"><img decoding=\"async\" data-title=\"Tu s\u0142o\u0144ce spotyka \u015bnieg \u00a9 SalzburgerLand Tourismus, Hansi Heckmair\" title=\"Tu s\u0142o\u0144ce spotyka \u015bnieg \u00a9 SalzburgerLand Tourismus, Hansi Heckmair\" data-caption=\"Tu s\u0142o\u0144ce spotyka \u015bnieg \u00a9 SalzburgerLand Tourismus, Hansi Heckmair\" width=\"1170\" height=\"658\" src=\"https:\/\/www.salzburgerland.com\/pl\/wp-content\/uploads\/2022\/02\/rs6695__28a5387-lpr-1601x1067-1-1170x658.jpg\" class=\"attachment-1170_658 size-1170_658\" alt=\"Trzy osoby w sprz\u0119cie narciarskim spaceruj\u0105 po za\u015bnie\u017conej g\u00f3rze, ciesz\u0105c si\u0119 nartami w wiosennym s\u0142o\u0144cu pod czystym, b\u0142\u0119kitnym niebem. (Powi\u0119kszony widok)\" srcset=\"https:\/\/www.salzburgerland.com\/pl\/wp-content\/uploads\/2022\/02\/rs6695__28a5387-lpr-1601x1067-1-1170x658.jpg 1170w, https:\/\/www.salzburgerland.com\/pl\/wp-content\/uploads\/2022\/02\/rs6695__28a5387-lpr-1601x1067-1-1200x675.jpg 1200w\" sizes=\"(max-width: 1170px) 100vw, 1170px\" aria-describedby=\"figcaption-12931-27302\" itemprop=\"thumbnail\"><\/a><\/div>\n\t\t\t\t\t\t<span id=\"figcaption-12931-27302\" class=\"gallery-caption\" itemprop=\"caption\"><span aria-hidden=\"true\">Tu s\u0142o\u0144ce spotyka \u015bnieg \u00a9 SalzburgerLand Tourismus, Hansi Heckmair<\/span><\/span>\n\t\t\t\t\t<\/li>\n\t\t\t\t\t<li class=\"gallery-item col-3\" itemprop=\"associatedMedia\" itemscope itemtype=\"http:\/\/schema.org\/ImageObject\">\n\t\t\t\t\t\t<div class=\"gallery-icon landscape\"><a href=\"https:\/\/www.salzburgerland.com\/pl\/wp-content\/uploads\/2022\/02\/rs2981_190225-slt-family-dsc_5818_final-lpr-1601x1067-1.jpg\" title=\"rs2981_190225-slt-family-dsc_5818_final-lpr-1601x1067\"><img decoding=\"async\" data-title=\"Zabawa na \u015bniegu nawet bez czapek \u00a9 SalzburgerLand Tourismus, Markus Berger\" title=\"Zabawa na \u015bniegu nawet bez czapek \u00a9 SalzburgerLand Tourismus, Markus Berger\" data-caption=\"Zabawa na \u015bniegu nawet bez czapek \u00a9 SalzburgerLand Tourismus, Markus Berger\" width=\"1170\" height=\"658\" src=\"https:\/\/www.salzburgerland.com\/pl\/wp-content\/uploads\/2022\/02\/rs2981_190225-slt-family-dsc_5818_final-lpr-1601x1067-1-1170x658.jpg\" class=\"attachment-1170_658 size-1170_658\" alt=\"Dwoje u\u015bmiechni\u0119tych dzieci bawi si\u0119 na \u015bniegu, ciesz\u0105c si\u0119 nartami w wiosennym s\u0142o\u0144cu, podczas gdy doro\u015bli relaksuj\u0105 si\u0119 na workach z fasol\u0105, g\u00f3ry za nimi. (Powi\u0119kszony widok)\" srcset=\"https:\/\/www.salzburgerland.com\/pl\/wp-content\/uploads\/2022\/02\/rs2981_190225-slt-family-dsc_5818_final-lpr-1601x1067-1-1170x658.jpg 1170w, https:\/\/www.salzburgerland.com\/pl\/wp-content\/uploads\/2022\/02\/rs2981_190225-slt-family-dsc_5818_final-lpr-1601x1067-1-1200x675.jpg 1200w\" sizes=\"(max-width: 1170px) 100vw, 1170px\" aria-describedby=\"figcaption-12931-27301\" itemprop=\"thumbnail\"><\/a><\/div>\n\t\t\t\t\t\t<span id=\"figcaption-12931-27301\" class=\"gallery-caption\" itemprop=\"caption\"><span aria-hidden=\"true\">Zabawa na \u015bniegu nawet bez czapek \u00a9 SalzburgerLand Tourismus, Markus Berger<\/span><\/span>\n\t\t\t\t\t<\/li>\n\t\t\t\t<\/ul>\n\t\t\t<\/div><!-- .gallery -->\n\n<h2><strong><span>Wielkanocna tradycja na Ziemi Salzburskiej<\/span><\/strong><\/h2>\n<p>W b\u0142\u0119dzie jest ten, kto uwa\u017ca, \u017ce u progu wiosny \u017cycie w salzburskich regionach narciarskich kr\u0119ci si\u0119 wy\u0142\u0105cznie wok\u00f3\u0142 nart w s\u0142o\u0144cu, bia\u0142ych stok\u00f3w i schronisk narciarskich. <span><strong><a href=\"https:\/\/www.salzburgerland.com\/pl\/wielkanoc-na-ziemi-salzburskiej\/\" target=\"_blank\" rel=\"noopener\">Wielkanoc<\/a><\/strong> to czas bogaty w zwyczaje i obyczaje, w kt\u00f3rych uczestnicz\u0105 zar\u00f3wno mieszka\u0144cy regionu, jak i tury\u015bci, wnosz\u0105c do wypoczynku wiele urozmaicenia. Wi\u0105zanie palm, procesje palmowe, jazda na osio\u0142ku w Niedziel\u0119 Palmow\u0105, \u015bpiewy na G\u00f3rze Oliwnej, zdobienie pisanek i stukanie si\u0119 wielkanocnym jajkiem to tylko niekt\u00f3re z popularnych tradycji. Do bardziej spektakularnych wydarze\u0144 nale\u017cy palenie ognisk wielkanocnych w <span class=\"hover:entity-accent entity-underline inline cursor-pointer align-baseline\"><span class=\"whitespace-normal\">Salzburskim Lungau<\/span><\/span> \u2013 w nocy z Wielkiej Soboty na Wielk\u0105 Niedziel\u0119 roz\u015bwietlaj\u0105 one niebo. Cho\u0107 maj\u0105 korzenie w czasach przedchrze\u015bcija\u0144skich, dzi\u015b symbolizuj\u0105 rado\u015b\u0107 ze Zmartwychwstania i powr\u00f3t natury do \u017cycia.<\/span><\/p>\n","protected":false},"excerpt":{"rendered":"<p>O\u015bwietlone s\u0142o\u0144cem stoki, wspania\u0142y firnowy \u015bnieg i panoramiczne widoki \u2013 jak okiem si\u0119gn\u0105\u0107! Temperatura ju\u017c pozwala zdj\u0105\u0107 jedn\u0105 warstw\u0119 zimowej odzie\u017cy, ale okulary przeciws\u0142oneczne i krem z filtrem obowi\u0105zkowe. Wyobra\u017amy sobie przedpo\u0142udniach na nas\u0142onecznionym stoku,\u00a0 lunchu na tarasie schroniska i \u0142agodnych wieczornych temperaturach w dolinie, kt\u00f3re pozwalaj\u0105 nam przyjemnie sp\u0119dzi\u0107 czas po powrocie z nart. [&hellip;]<\/p>\n","protected":false},"author":4,"featured_media":27298,"comment_status":"closed","ping_status":"closed","template":"","meta":{"_acf_changed":false,"wl_entities_gutenberg":"","_relevanssi_hide_post":"","_relevanssi_hide_content":"","_relevanssi_pin_for_all":"","_relevanssi_pin_keywords":"","_relevanssi_unpin_keywords":"","_relevanssi_related_keywords":"","_relevanssi_related_include_ids":"","_relevanssi_related_exclude_ids":"","_relevanssi_related_no_append":"","_relevanssi_related_not_related":"","_relevanssi_related_posts":"","_relevanssi_noindex_reason":"","footnotes":""},"categories":[],"tags":[],"wl_entity_type":[2],"class_list":["post-12931","entity","type-entity","status-publish","has-post-thumbnail","hentry","wl_entity_type-thing","sitetype-theme"],"acf":[],"yoast_head":"<!-- This site is optimized with the Yoast SEO Premium plugin v27.4 (Yoast SEO v27.4) - https:\/\/yoast.com\/product\/yoast-seo-premium-wordpress\/ -->\n<title>Narty w wiosennym s\u0142o\u0144cu \u00bb SalzburgerLand.com<\/title>\n<meta name=\"description\" content=\"Kusz\u0105ce oferty salzburskich o\u015brodk\u00f3w narciarskich na zako\u0144czenie sezonu zimowego, na powitanie wiosny i Wielkanoc. Narty w wiosennym s\u0142o\u0144cu.\" \/>\n<meta name=\"robots\" content=\"index, follow, max-snippet:-1, max-image-preview:large, max-video-preview:-1\" \/>\n<link rel=\"canonical\" href=\"https:\/\/www.salzburgerland.com\/pl\/narty-w-wiosennym-sloncu\/\" \/>\n<meta property=\"og:locale\" content=\"pl_PL\" \/>\n<meta property=\"og:type\" content=\"article\" \/>\n<meta property=\"og:title\" content=\"Narty w wiosennym s\u0142o\u0144cu\" \/>\n<meta property=\"og:description\" content=\"O\u015bwietlone s\u0142o\u0144cem stoki, wspania\u0142y firnowy \u015bnieg i panoramiczne widoki \u2013 jak okiem si\u0119gn\u0105\u0107! Temperatura ju\u017c pozwala zdj\u0105\u0107 jedn\u0105 warstw\u0119 zimowej odzie\u017cy,\" \/>\n<meta property=\"og:url\" content=\"https:\/\/www.salzburgerland.com\/pl\/narty-w-wiosennym-sloncu\/\" \/>\n<meta property=\"og:site_name\" content=\"SalzburgerLand.com\" \/>\n<meta property=\"article:publisher\" content=\"https:\/\/www.facebook.com\/visitsalzburgerland\/\" \/>\n<meta property=\"article:modified_time\" content=\"2026-02-22T16:24:59+00:00\" \/>\n<meta property=\"og:image\" content=\"https:\/\/www.salzburgerland.com\/pl\/wp-content\/uploads\/2022\/02\/rs6713_salzburg_chill_out1341-lpr-1920x658-jpg-1200x658.webp\" \/>\n\t<meta property=\"og:image:width\" content=\"1200\" \/>\n\t<meta property=\"og:image:height\" content=\"658\" \/>\n\t<meta property=\"og:image:type\" content=\"image\/webp\" \/>\n<meta name=\"twitter:card\" content=\"summary_large_image\" \/>\n<meta name=\"twitter:site\" content=\"@salzburgerland\" \/>\n<meta name=\"twitter:label1\" content=\"Szacowany czas czytania\" \/>\n\t<meta name=\"twitter:data1\" content=\"10 minut\" \/>\n<script type=\"application\/ld+json\" class=\"yoast-schema-graph\">{\"@context\":\"https:\\\/\\\/schema.org\",\"@graph\":[{\"@type\":\"WebPage\",\"@id\":\"https:\\\/\\\/www.salzburgerland.com\\\/pl\\\/narty-w-wiosennym-sloncu\\\/\",\"url\":\"https:\\\/\\\/www.salzburgerland.com\\\/pl\\\/narty-w-wiosennym-sloncu\\\/\",\"name\":\"Narty w wiosennym s\u0142o\u0144cu \u00bb SalzburgerLand.com\",\"isPartOf\":{\"@id\":\"https:\\\/\\\/www.salzburgerland.com\\\/pl\\\/#website\"},\"primaryImageOfPage\":{\"@id\":\"https:\\\/\\\/www.salzburgerland.com\\\/pl\\\/narty-w-wiosennym-sloncu\\\/#primaryimage\"},\"image\":{\"@id\":\"https:\\\/\\\/www.salzburgerland.com\\\/pl\\\/narty-w-wiosennym-sloncu\\\/#primaryimage\"},\"thumbnailUrl\":\"https:\\\/\\\/www.salzburgerland.com\\\/pl\\\/wp-content\\\/uploads\\\/2022\\\/02\\\/rs6713_salzburg_chill_out1341-lpr-1920x658-jpg.webp\",\"datePublished\":\"2022-02-02T11:40:16+00:00\",\"dateModified\":\"2026-02-22T16:24:59+00:00\",\"description\":\"Kusz\u0105ce oferty salzburskich o\u015brodk\u00f3w narciarskich na zako\u0144czenie sezonu zimowego, na powitanie wiosny i Wielkanoc. Narty w wiosennym s\u0142o\u0144cu.\",\"inLanguage\":\"pl-PL\",\"potentialAction\":[{\"@type\":\"ReadAction\",\"target\":[\"https:\\\/\\\/www.salzburgerland.com\\\/pl\\\/narty-w-wiosennym-sloncu\\\/\"]}]},{\"@type\":\"ImageObject\",\"inLanguage\":\"pl-PL\",\"@id\":\"https:\\\/\\\/www.salzburgerland.com\\\/pl\\\/narty-w-wiosennym-sloncu\\\/#primaryimage\",\"url\":\"https:\\\/\\\/www.salzburgerland.com\\\/pl\\\/wp-content\\\/uploads\\\/2022\\\/02\\\/rs6713_salzburg_chill_out1341-lpr-1920x658-jpg.webp\",\"contentUrl\":\"https:\\\/\\\/www.salzburgerland.com\\\/pl\\\/wp-content\\\/uploads\\\/2022\\\/02\\\/rs6713_salzburg_chill_out1341-lpr-1920x658-jpg.webp\",\"width\":1920,\"height\":658,\"caption\":\"Na zako\u00dcczenie sezonu narciarzy rozpieszcza wiosenne s\u0142o\u0144ce \u00a9 SalzburgerLand Tourismus, Hansi Heckmair\"},{\"@type\":\"WebSite\",\"@id\":\"https:\\\/\\\/www.salzburgerland.com\\\/pl\\\/#website\",\"url\":\"https:\\\/\\\/www.salzburgerland.com\\\/pl\\\/\",\"name\":\"SalzburgerLand.com\",\"description\":\"Urlop Salzburg : hotele : turystyka Ziemia Salzburska : kultura : rodzinny urlop Ziemia Salzburska : informacja turystyczna : noclegi Austria : aktywny wypoczynek\",\"potentialAction\":[{\"@type\":\"SearchAction\",\"target\":{\"@type\":\"EntryPoint\",\"urlTemplate\":\"https:\\\/\\\/www.salzburgerland.com\\\/pl\\\/?s={search_term_string}\"},\"query-input\":{\"@type\":\"PropertyValueSpecification\",\"valueRequired\":true,\"valueName\":\"search_term_string\"}}],\"inLanguage\":\"pl-PL\"}]}<\/script>\n<!-- \/ Yoast SEO Premium plugin. -->","yoast_head_json":{"title":"Narty w wiosennym s\u0142o\u0144cu \u00bb SalzburgerLand.com","description":"Kusz\u0105ce oferty salzburskich o\u015brodk\u00f3w narciarskich na zako\u0144czenie sezonu zimowego, na powitanie wiosny i Wielkanoc. Narty w wiosennym s\u0142o\u0144cu.","robots":{"index":"index","follow":"follow","max-snippet":"max-snippet:-1","max-image-preview":"max-image-preview:large","max-video-preview":"max-video-preview:-1"},"canonical":"https:\/\/www.salzburgerland.com\/pl\/narty-w-wiosennym-sloncu\/","og_locale":"pl_PL","og_type":"article","og_title":"Narty w wiosennym s\u0142o\u0144cu","og_description":"O\u015bwietlone s\u0142o\u0144cem stoki, wspania\u0142y firnowy \u015bnieg i panoramiczne widoki \u2013 jak okiem si\u0119gn\u0105\u0107! Temperatura ju\u017c pozwala zdj\u0105\u0107 jedn\u0105 warstw\u0119 zimowej odzie\u017cy,","og_url":"https:\/\/www.salzburgerland.com\/pl\/narty-w-wiosennym-sloncu\/","og_site_name":"SalzburgerLand.com","article_publisher":"https:\/\/www.facebook.com\/visitsalzburgerland\/","article_modified_time":"2026-02-22T16:24:59+00:00","og_image":[{"width":1200,"height":658,"url":"https:\/\/www.salzburgerland.com\/pl\/wp-content\/uploads\/2022\/02\/rs6713_salzburg_chill_out1341-lpr-1920x658-jpg-1200x658.webp","type":"image\/webp"}],"twitter_card":"summary_large_image","twitter_site":"@salzburgerland","twitter_misc":{"Szacowany czas czytania":"10 minut"},"schema":{"@context":"https:\/\/schema.org","@graph":[{"@type":"WebPage","@id":"https:\/\/www.salzburgerland.com\/pl\/narty-w-wiosennym-sloncu\/","url":"https:\/\/www.salzburgerland.com\/pl\/narty-w-wiosennym-sloncu\/","name":"Narty w wiosennym s\u0142o\u0144cu \u00bb SalzburgerLand.com","isPartOf":{"@id":"https:\/\/www.salzburgerland.com\/pl\/#website"},"primaryImageOfPage":{"@id":"https:\/\/www.salzburgerland.com\/pl\/narty-w-wiosennym-sloncu\/#primaryimage"},"image":{"@id":"https:\/\/www.salzburgerland.com\/pl\/narty-w-wiosennym-sloncu\/#primaryimage"},"thumbnailUrl":"https:\/\/www.salzburgerland.com\/pl\/wp-content\/uploads\/2022\/02\/rs6713_salzburg_chill_out1341-lpr-1920x658-jpg.webp","datePublished":"2022-02-02T11:40:16+00:00","dateModified":"2026-02-22T16:24:59+00:00","description":"Kusz\u0105ce oferty salzburskich o\u015brodk\u00f3w narciarskich na zako\u0144czenie sezonu zimowego, na powitanie wiosny i Wielkanoc. Narty w wiosennym s\u0142o\u0144cu.","inLanguage":"pl-PL","potentialAction":[{"@type":"ReadAction","target":["https:\/\/www.salzburgerland.com\/pl\/narty-w-wiosennym-sloncu\/"]}]},{"@type":"ImageObject","inLanguage":"pl-PL","@id":"https:\/\/www.salzburgerland.com\/pl\/narty-w-wiosennym-sloncu\/#primaryimage","url":"https:\/\/www.salzburgerland.com\/pl\/wp-content\/uploads\/2022\/02\/rs6713_salzburg_chill_out1341-lpr-1920x658-jpg.webp","contentUrl":"https:\/\/www.salzburgerland.com\/pl\/wp-content\/uploads\/2022\/02\/rs6713_salzburg_chill_out1341-lpr-1920x658-jpg.webp","width":1920,"height":658,"caption":"Na zako\u00dcczenie sezonu narciarzy rozpieszcza wiosenne s\u0142o\u0144ce \u00a9 SalzburgerLand Tourismus, Hansi Heckmair"},{"@type":"WebSite","@id":"https:\/\/www.salzburgerland.com\/pl\/#website","url":"https:\/\/www.salzburgerland.com\/pl\/","name":"SalzburgerLand.com","description":"Urlop Salzburg : hotele : turystyka Ziemia Salzburska : kultura : rodzinny urlop Ziemia Salzburska : informacja turystyczna : noclegi Austria : aktywny wypoczynek","potentialAction":[{"@type":"SearchAction","target":{"@type":"EntryPoint","urlTemplate":"https:\/\/www.salzburgerland.com\/pl\/?s={search_term_string}"},"query-input":{"@type":"PropertyValueSpecification","valueRequired":true,"valueName":"search_term_string"}}],"inLanguage":"pl-PL"}]}},"_wl_alt_label":[],"wl:entity_url":"http:\/\/open.salzburgerland.com\/pl\/entity\/narty_w_wiosennym_sloncu","_links":{"self":[{"href":"https:\/\/www.salzburgerland.com\/pl\/wp-json\/wp\/v2\/entities\/12931","targetHints":{"allow":["GET"]}}],"collection":[{"href":"https:\/\/www.salzburgerland.com\/pl\/wp-json\/wp\/v2\/entities"}],"about":[{"href":"https:\/\/www.salzburgerland.com\/pl\/wp-json\/wp\/v2\/types\/entity"}],"author":[{"embeddable":true,"href":"https:\/\/www.salzburgerland.com\/pl\/wp-json\/wp\/v2\/users\/4"}],"replies":[{"embeddable":true,"href":"https:\/\/www.salzburgerland.com\/pl\/wp-json\/wp\/v2\/comments?post=12931"}],"version-history":[{"count":86,"href":"https:\/\/www.salzburgerland.com\/pl\/wp-json\/wp\/v2\/entities\/12931\/revisions"}],"predecessor-version":[{"id":27374,"href":"https:\/\/www.salzburgerland.com\/pl\/wp-json\/wp\/v2\/entities\/12931\/revisions\/27374"}],"wp:featuredmedia":[{"embeddable":true,"href":"https:\/\/www.salzburgerland.com\/pl\/wp-json\/wp\/v2\/media\/27298"}],"wp:attachment":[{"href":"https:\/\/www.salzburgerland.com\/pl\/wp-json\/wp\/v2\/media?parent=12931"}],"wp:term":[{"taxonomy":"category","embeddable":true,"href":"https:\/\/www.salzburgerland.com\/pl\/wp-json\/wp\/v2\/categories?post=12931"},{"taxonomy":"post_tag","embeddable":true,"href":"https:\/\/www.salzburgerland.com\/pl\/wp-json\/wp\/v2\/tags?post=12931"},{"taxonomy":"wl_entity_type","embeddable":true,"href":"https:\/\/www.salzburgerland.com\/pl\/wp-json\/wp\/v2\/wl_entity_type?post=12931"}],"curies":[{"name":"wp","href":"https:\/\/api.w.org\/{rel}","templated":true}]}}