{"id":3814,"date":"2019-03-18T12:05:13","date_gmt":"2019-03-18T11:05:13","guid":{"rendered":"https:\/\/www.salzburgerland.com\/it\/?post_type=entity&#038;p=3814"},"modified":"2019-03-20T17:25:05","modified_gmt":"2019-03-20T16:25:05","slug":"il-bosco-spazio-di-natura-e-di-vita","status":"publish","type":"entity","link":"https:\/\/www.salzburgerland.com\/it\/il-bosco-spazio-di-natura-e-di-vita\/","title":{"rendered":"Il bosco, spazio di natura e di vita"},"content":{"rendered":"<div id=\"attachment_3823\" style=\"width: 1180px\" class=\"wp-caption alignnone\"><img decoding=\"async\" aria-describedby=\"caption-attachment-3823\" class=\"size-1170_658 wp-image-3823\" src=\"https:\/\/cdn.salzburgerland.com\/it\/wp-content\/uploads\/2019\/03\/rs2619_2018-10-18-slt-reportage-gastein-wald-by-michael-groessinger-img_6791-hpr-1170x658.jpg\" alt=\"\" width=\"1170\" height=\"658\" srcset=\"https:\/\/www.salzburgerland.com\/it\/wp-content\/uploads\/2019\/03\/rs2619_2018-10-18-slt-reportage-gastein-wald-by-michael-groessinger-img_6791-hpr-1170x658.jpg 1170w, https:\/\/www.salzburgerland.com\/it\/wp-content\/uploads\/2019\/03\/rs2619_2018-10-18-slt-reportage-gastein-wald-by-michael-groessinger-img_6791-hpr-1200x675.jpg 1200w\" sizes=\"(max-width: 1170px) 100vw, 1170px\"><p id=\"caption-attachment-3823\" class=\"wp-caption-text\">\u00a9 SalzburgerLand Tourismus<\/p><\/div>\n<p>Dai <span class=\"textannotation disambiguated wl-place\" id=\"urn:local-text-annotation-t0colwj1xdnlvyufl01ub6fjzwthz2op\" itemid=\"http:\/\/open.salzburgerland.com\/it\/entity\/boschi\">boschi<\/span> igrofili di salici e ontani che crescono lungo i fiumi ai boschi misti sulle pendici dei monti, dalle fitte abetaie ai lariceti e ai coraggiosi pini cembri che svettano isolati in alta montagna, il Salisburghese \u00e8 in gran parte terra di <span class=\"textannotation disambiguated wl-place\" id=\"urn:local-text-annotation-dzf2l4318cggm13j2p23ozia8dmjuic0\" itemid=\"http:\/\/open.salzburgerland.com\/it\/entity\/bosco\">bosco<\/span> e di natura. Nelle foreste si nasconde l\u2019anima originaria di questo land austriaco.<\/p>\n<h3>Il profumo del bosco<\/h3>\n<p>E allora entriamo all\u2019ombra, tra i faggi e gli abeti, per sentire il salubre profumo che le piante emanano per proteggersi dai parassiti. Nell\u2019aria ben ossigenata del bosco, anche il nostro organismo rinnova le sue cellule e guadagna in salute e vitalit\u00e0, come hanno constatato diversi studi scientifici. Una prova? Sui rami degli alberi i licheni crescono solo se l\u2019aria \u00e8 di ottima qualit\u00e0, e i boschi salisburghesi sono ricchissimi di licheni.<\/p>\n<div id=\"attachment_3819\" style=\"width: 1180px\" class=\"wp-caption alignnone\"><img decoding=\"async\" aria-describedby=\"caption-attachment-3819\" class=\"size-1170_658 wp-image-3819\" src=\"https:\/\/cdn.salzburgerland.com\/it\/wp-content\/uploads\/2019\/03\/rs2618_2018-09-28-slt-reportage-gastein-zirbenwald-mit-hans-naglmayr-by-michael-groessinger-img_9211-hpr-1170x658.jpg\" alt=\"\" width=\"1170\" height=\"658\" srcset=\"https:\/\/www.salzburgerland.com\/it\/wp-content\/uploads\/2019\/03\/rs2618_2018-09-28-slt-reportage-gastein-zirbenwald-mit-hans-naglmayr-by-michael-groessinger-img_9211-hpr-1170x658.jpg 1170w, https:\/\/www.salzburgerland.com\/it\/wp-content\/uploads\/2019\/03\/rs2618_2018-09-28-slt-reportage-gastein-zirbenwald-mit-hans-naglmayr-by-michael-groessinger-img_9211-hpr-1200x675.jpg 1200w\" sizes=\"(max-width: 1170px) 100vw, 1170px\"><p id=\"caption-attachment-3819\" class=\"wp-caption-text\">\u00a9 SalzburgerLand Tourismus \u2013 Bosco di pini cembri sul Graukogel a Bad Gastein<\/p><\/div>\n<h3>A piedi nel bosco<\/h3>\n<p>Diversi sentieri tematici si addentrano nelle foreste pi\u00f9 belle della regione, come il bosco di pini cembri del monte Graukogel a Bad Gastein. Qui il facile sentiero \u201cZirbenweg\u201d si snoda fra piattaforme panoramiche e lettini in profumato legno di cirmolo. Gli alberi pi\u00f9 antichi e pi\u00f9 grandi del Salisburghese si ammirano nella foresta vergine della valle Lammertal (Lammertaler Urwald), dove una facile e breve passeggiata ci porta a cospetto della \u201cmadre del bosco\u201d: un maestoso faggio di 300 anni, e del \u201cGuardiano della Lammertal\u201d (Lammertaler W\u00e4chter): un abete rosso alto ben 47 metri. Alberi ultracentenari si ammirano anche nella foresta vergine di Rauris (Rauriser Urwald, nel Parco Nazionale Alti Tauri), mentre sul sentiero Baumzipfelweg, a Saalbach Hinterglemm, si cammina su di una spettacolare struttura in legno appena sopra le cime degli alberi.<\/p>\n<h3>Sapori di bosco<\/h3>\n<p>Dai funghi alla selvaggina e dalle erbe selvatiche ai frutti di bosco, i sapori e i profumi del bosco si ritrovano spesso in tavola nelle trattorie e nei premiati ristoranti del Salisburghese, ma anche nelle terme, nelle oasi wellness e nelle camere degli hotel, dove spesso l\u2019arredamento in profumato legno di cirmolo (pino cembro) regala distensione e serenit\u00e0 al corpo e all\u2019anima.<\/p>\n<div id=\"attachment_3820\" style=\"width: 1180px\" class=\"wp-caption alignnone\"><img decoding=\"async\" aria-describedby=\"caption-attachment-3820\" class=\"wp-image-3820 size-1170_658\" src=\"https:\/\/cdn.salzburgerland.com\/it\/wp-content\/uploads\/2019\/03\/rs2560_t1_040_rz-lpr-1170x658.jpg\" alt=\"\" width=\"1170\" height=\"658\" srcset=\"https:\/\/www.salzburgerland.com\/it\/wp-content\/uploads\/2019\/03\/rs2560_t1_040_rz-lpr-1170x658.jpg 1170w, https:\/\/www.salzburgerland.com\/it\/wp-content\/uploads\/2019\/03\/rs2560_t1_040_rz-lpr-1200x675.jpg 1200w\" sizes=\"(max-width: 1170px) 100vw, 1170px\"><p id=\"caption-attachment-3820\" class=\"wp-caption-text\">\u00a9 SalzburgerLand Tourismus \u2013 Lo chef Vitus Winkler a mirtilli nel bosco<\/p><\/div>\n<h3>Cinque buoni motivi per andare nei boschi del Salisburghese<\/h3>\n<ul>\n<li>per respirare a pieni polmoni l\u2019aria purificata e ossigenata dalle foglie<\/li>\n<li>per raccogliere funghi profumati e squisiti frutti di bosco<\/li>\n<li>per ascoltare i suoni della natura e risintonizzare i sensi e lo spirito nella quiete<\/li>\n<li>il bosco \u00e8 un\u2019oasi di freschezza: un solo metro quadrato di suolo boschivo pu\u00f2 accogliere, filtrare e purificare fino a 200 litri d\u2019acqua<\/li>\n<li>una settimana di vacanza nel bosco migliora la memoria e la vitalit\u00e0 dell\u2019organismo (studio\u00a0Jungbrunnen-BERG)<\/li>\n<\/ul>\n<p>\u00a0<\/p>\n<p>TI POTREBBE ANCHE INTERESSARE<\/p>\n<ul>\n<li><a href=\"https:\/\/www.salzburgerland.com\/it\/escursionismo\/\" target=\"_blank\" rel=\"noopener\">A piedi tra i monti<\/a><\/li>\n<li><a href=\"https:\/\/www.salzburgerland.com\/it\/vacanze-in-montagna\/\">Camminare nel Salisburghese<\/a><\/li>\n<li><a href=\"https:\/\/www.salzburgerland.com\/it\/almsommer-estate-alla-malga-vacanze-in-montagna-fra-baite-e-rifugi\/\">Baite e rifugi<\/a><\/li>\n<li><a href=\"https:\/\/www.salzburgerland.com\/it\/due-passi-mezzo-alla-natura-salisburghese\/\" target=\"_blank\" rel=\"noopener\">Due passi in mezzo alla natura<\/a><\/li>\n<li><a href=\"https:\/\/www.salzburgerland.com\/it\/via-del-gusto-per-patiti-dei-formaggi\/\" target=\"_blank\" rel=\"noopener\">Un paradiso bio \u2013 ecologico<\/a><\/li>\n<li><a href=\"https:\/\/www.salzburgerland.com\/it\/via-del-gusto-per-bio-buongustai\/\" target=\"_blank\" rel=\"noopener\">Via del gusto per bio \u2013 buongustai<\/a><\/li>\n<\/ul>\n<p>\u00a0<\/p>\n","protected":false},"excerpt":{"rendered":"<p>Dai boschi igrofili di salici e ontani che crescono lungo i fiumi ai boschi misti sulle pendici dei monti, dalle fitte abetaie ai lariceti e ai coraggiosi pini cembri che svettano isolati in alta montagna, il Salisburghese \u00e8 in gran parte terra di bosco e di natura. Nelle foreste si nasconde l\u2019anima originaria di questo [&hellip;]<\/p>\n","protected":false},"author":2,"featured_media":3818,"comment_status":"closed","ping_status":"closed","template":"","meta":{"_acf_changed":false,"wl_entities_gutenberg":"","_relevanssi_hide_post":"","_relevanssi_hide_content":"","_relevanssi_pin_for_all":"","_relevanssi_pin_keywords":"","_relevanssi_unpin_keywords":"","_relevanssi_related_keywords":"","_relevanssi_related_include_ids":"","_relevanssi_related_exclude_ids":"","_relevanssi_related_no_append":"","_relevanssi_related_not_related":"","_relevanssi_related_posts":"","_relevanssi_noindex_reason":"","footnotes":""},"categories":[1],"tags":[],"wl_entity_type":[2],"class_list":["post-3814","entity","type-entity","status-publish","has-post-thumbnail","hentry","category-uncategorized","wl_entity_type-thing","sitetype-theme"],"acf":[],"yoast_head":"<!-- This site is optimized with the Yoast SEO Premium plugin v27.4 (Yoast SEO v27.4) - https:\/\/yoast.com\/product\/yoast-seo-premium-wordpress\/ -->\n<title>Il bosco salisburghese, uno spazio di natura e di vita da scoprire<\/title>\n<meta name=\"description\" content=\"Il bosco \u00e8 uno spazio di natura e di vita che regala salute e serenit\u00e0 al corpo e all&#039;anima. Met\u00e0 del territorio del Salizburghese \u00e8 coperto di boschi.\" \/>\n<meta name=\"robots\" content=\"index, follow, max-snippet:-1, max-image-preview:large, max-video-preview:-1\" \/>\n<link rel=\"canonical\" href=\"https:\/\/www.salzburgerland.com\/it\/il-bosco-spazio-di-natura-e-di-vita\/\" \/>\n<meta property=\"og:locale\" content=\"it_IT\" \/>\n<meta property=\"og:type\" content=\"article\" \/>\n<meta property=\"og:title\" content=\"Il bosco, spazio di natura e di vita\" \/>\n<meta property=\"og:description\" content=\"Dai boschi igrofili di salici e ontani che crescono lungo i fiumi ai boschi misti sulle pendici dei monti, dalle fitte abetaie ai lariceti e ai coraggiosi\" \/>\n<meta property=\"og:url\" content=\"https:\/\/www.salzburgerland.com\/it\/il-bosco-spazio-di-natura-e-di-vita\/\" \/>\n<meta property=\"og:site_name\" content=\"SalzburgerLand.com\" \/>\n<meta property=\"article:publisher\" content=\"https:\/\/www.facebook.com\/salisburghese\/\" \/>\n<meta property=\"article:modified_time\" content=\"2019-03-20T16:25:05+00:00\" \/>\n<meta property=\"og:image\" content=\"https:\/\/www.salzburgerland.com\/it\/wp-content\/uploads\/2019\/03\/rs2557_t5_010_rz-hpr-1200x675.jpg\" \/>\n\t<meta property=\"og:image:width\" content=\"1200\" \/>\n\t<meta property=\"og:image:height\" content=\"675\" \/>\n\t<meta property=\"og:image:type\" content=\"image\/jpeg\" \/>\n<meta name=\"twitter:card\" content=\"summary_large_image\" \/>\n<meta name=\"twitter:label1\" content=\"Tempo di lettura stimato\" \/>\n\t<meta name=\"twitter:data1\" content=\"2 minuti\" \/>\n<script type=\"application\/ld+json\" class=\"yoast-schema-graph\">{\"@context\":\"https:\\\/\\\/schema.org\",\"@graph\":[{\"@type\":\"WebPage\",\"@id\":\"https:\\\/\\\/www.salzburgerland.com\\\/it\\\/il-bosco-spazio-di-natura-e-di-vita\\\/\",\"url\":\"https:\\\/\\\/www.salzburgerland.com\\\/it\\\/il-bosco-spazio-di-natura-e-di-vita\\\/\",\"name\":\"Il bosco salisburghese, uno spazio di natura e di vita da scoprire\",\"isPartOf\":{\"@id\":\"https:\\\/\\\/www.salzburgerland.com\\\/it\\\/#website\"},\"primaryImageOfPage\":{\"@id\":\"https:\\\/\\\/www.salzburgerland.com\\\/it\\\/il-bosco-spazio-di-natura-e-di-vita\\\/#primaryimage\"},\"image\":{\"@id\":\"https:\\\/\\\/www.salzburgerland.com\\\/it\\\/il-bosco-spazio-di-natura-e-di-vita\\\/#primaryimage\"},\"thumbnailUrl\":\"https:\\\/\\\/www.salzburgerland.com\\\/it\\\/wp-content\\\/uploads\\\/2019\\\/03\\\/rs2557_t5_010_rz-hpr.jpg\",\"datePublished\":\"2019-03-18T11:05:13+00:00\",\"dateModified\":\"2019-03-20T16:25:05+00:00\",\"description\":\"Il bosco \u00e8 uno spazio di natura e di vita che regala salute e serenit\u00e0 al corpo e all'anima. Met\u00e0 del territorio del Salizburghese \u00e8 coperto di boschi.\",\"inLanguage\":\"it-IT\",\"potentialAction\":[{\"@type\":\"ReadAction\",\"target\":[\"https:\\\/\\\/www.salzburgerland.com\\\/it\\\/il-bosco-spazio-di-natura-e-di-vita\\\/\"]}]},{\"@type\":\"ImageObject\",\"inLanguage\":\"it-IT\",\"@id\":\"https:\\\/\\\/www.salzburgerland.com\\\/it\\\/il-bosco-spazio-di-natura-e-di-vita\\\/#primaryimage\",\"url\":\"https:\\\/\\\/www.salzburgerland.com\\\/it\\\/wp-content\\\/uploads\\\/2019\\\/03\\\/rs2557_t5_010_rz-hpr.jpg\",\"contentUrl\":\"https:\\\/\\\/www.salzburgerland.com\\\/it\\\/wp-content\\\/uploads\\\/2019\\\/03\\\/rs2557_t5_010_rz-hpr.jpg\",\"width\":1920,\"height\":1417,\"caption\":\"\u00a9 SalzburgerLand Tourismus, lago Reedsee a Gastein\"},{\"@type\":\"WebSite\",\"@id\":\"https:\\\/\\\/www.salzburgerland.com\\\/it\\\/#website\",\"url\":\"https:\\\/\\\/www.salzburgerland.com\\\/it\\\/\",\"name\":\"SalzburgerLand.com\",\"description\":\"Le tue vacanze nel Salisburghese, Austria\",\"potentialAction\":[{\"@type\":\"SearchAction\",\"target\":{\"@type\":\"EntryPoint\",\"urlTemplate\":\"https:\\\/\\\/www.salzburgerland.com\\\/it\\\/?s={search_term_string}\"},\"query-input\":{\"@type\":\"PropertyValueSpecification\",\"valueRequired\":true,\"valueName\":\"search_term_string\"}}],\"inLanguage\":\"it-IT\"}]}<\/script>\n<!-- \/ Yoast SEO Premium plugin. -->","yoast_head_json":{"title":"Il bosco salisburghese, uno spazio di natura e di vita da scoprire","description":"Il bosco \u00e8 uno spazio di natura e di vita che regala salute e serenit\u00e0 al corpo e all'anima. Met\u00e0 del territorio del Salizburghese \u00e8 coperto di boschi.","robots":{"index":"index","follow":"follow","max-snippet":"max-snippet:-1","max-image-preview":"max-image-preview:large","max-video-preview":"max-video-preview:-1"},"canonical":"https:\/\/www.salzburgerland.com\/it\/il-bosco-spazio-di-natura-e-di-vita\/","og_locale":"it_IT","og_type":"article","og_title":"Il bosco, spazio di natura e di vita","og_description":"Dai boschi igrofili di salici e ontani che crescono lungo i fiumi ai boschi misti sulle pendici dei monti, dalle fitte abetaie ai lariceti e ai coraggiosi","og_url":"https:\/\/www.salzburgerland.com\/it\/il-bosco-spazio-di-natura-e-di-vita\/","og_site_name":"SalzburgerLand.com","article_publisher":"https:\/\/www.facebook.com\/salisburghese\/","article_modified_time":"2019-03-20T16:25:05+00:00","og_image":[{"width":1200,"height":675,"url":"https:\/\/www.salzburgerland.com\/it\/wp-content\/uploads\/2019\/03\/rs2557_t5_010_rz-hpr-1200x675.jpg","type":"image\/jpeg"}],"twitter_card":"summary_large_image","twitter_misc":{"Tempo di lettura stimato":"2 minuti"},"schema":{"@context":"https:\/\/schema.org","@graph":[{"@type":"WebPage","@id":"https:\/\/www.salzburgerland.com\/it\/il-bosco-spazio-di-natura-e-di-vita\/","url":"https:\/\/www.salzburgerland.com\/it\/il-bosco-spazio-di-natura-e-di-vita\/","name":"Il bosco salisburghese, uno spazio di natura e di vita da scoprire","isPartOf":{"@id":"https:\/\/www.salzburgerland.com\/it\/#website"},"primaryImageOfPage":{"@id":"https:\/\/www.salzburgerland.com\/it\/il-bosco-spazio-di-natura-e-di-vita\/#primaryimage"},"image":{"@id":"https:\/\/www.salzburgerland.com\/it\/il-bosco-spazio-di-natura-e-di-vita\/#primaryimage"},"thumbnailUrl":"https:\/\/www.salzburgerland.com\/it\/wp-content\/uploads\/2019\/03\/rs2557_t5_010_rz-hpr.jpg","datePublished":"2019-03-18T11:05:13+00:00","dateModified":"2019-03-20T16:25:05+00:00","description":"Il bosco \u00e8 uno spazio di natura e di vita che regala salute e serenit\u00e0 al corpo e all'anima. Met\u00e0 del territorio del Salizburghese \u00e8 coperto di boschi.","inLanguage":"it-IT","potentialAction":[{"@type":"ReadAction","target":["https:\/\/www.salzburgerland.com\/it\/il-bosco-spazio-di-natura-e-di-vita\/"]}]},{"@type":"ImageObject","inLanguage":"it-IT","@id":"https:\/\/www.salzburgerland.com\/it\/il-bosco-spazio-di-natura-e-di-vita\/#primaryimage","url":"https:\/\/www.salzburgerland.com\/it\/wp-content\/uploads\/2019\/03\/rs2557_t5_010_rz-hpr.jpg","contentUrl":"https:\/\/www.salzburgerland.com\/it\/wp-content\/uploads\/2019\/03\/rs2557_t5_010_rz-hpr.jpg","width":1920,"height":1417,"caption":"\u00a9 SalzburgerLand Tourismus, lago Reedsee a Gastein"},{"@type":"WebSite","@id":"https:\/\/www.salzburgerland.com\/it\/#website","url":"https:\/\/www.salzburgerland.com\/it\/","name":"SalzburgerLand.com","description":"Le tue vacanze nel Salisburghese, Austria","potentialAction":[{"@type":"SearchAction","target":{"@type":"EntryPoint","urlTemplate":"https:\/\/www.salzburgerland.com\/it\/?s={search_term_string}"},"query-input":{"@type":"PropertyValueSpecification","valueRequired":true,"valueName":"search_term_string"}}],"inLanguage":"it-IT"}]}},"_wl_alt_label":[],"wl:entity_url":"http:\/\/open.salzburgerland.com\/it\/entity\/natur-_und_lebensraum_wald","_links":{"self":[{"href":"https:\/\/www.salzburgerland.com\/it\/wp-json\/wp\/v2\/entities\/3814","targetHints":{"allow":["GET"]}}],"collection":[{"href":"https:\/\/www.salzburgerland.com\/it\/wp-json\/wp\/v2\/entities"}],"about":[{"href":"https:\/\/www.salzburgerland.com\/it\/wp-json\/wp\/v2\/types\/entity"}],"author":[{"embeddable":true,"href":"https:\/\/www.salzburgerland.com\/it\/wp-json\/wp\/v2\/users\/2"}],"replies":[{"embeddable":true,"href":"https:\/\/www.salzburgerland.com\/it\/wp-json\/wp\/v2\/comments?post=3814"}],"version-history":[{"count":0,"href":"https:\/\/www.salzburgerland.com\/it\/wp-json\/wp\/v2\/entities\/3814\/revisions"}],"wp:featuredmedia":[{"embeddable":true,"href":"https:\/\/www.salzburgerland.com\/it\/wp-json\/wp\/v2\/media\/3818"}],"wp:attachment":[{"href":"https:\/\/www.salzburgerland.com\/it\/wp-json\/wp\/v2\/media?parent=3814"}],"wp:term":[{"taxonomy":"category","embeddable":true,"href":"https:\/\/www.salzburgerland.com\/it\/wp-json\/wp\/v2\/categories?post=3814"},{"taxonomy":"post_tag","embeddable":true,"href":"https:\/\/www.salzburgerland.com\/it\/wp-json\/wp\/v2\/tags?post=3814"},{"taxonomy":"wl_entity_type","embeddable":true,"href":"https:\/\/www.salzburgerland.com\/it\/wp-json\/wp\/v2\/wl_entity_type?post=3814"}],"curies":[{"name":"wp","href":"https:\/\/api.w.org\/{rel}","templated":true}]}}