{"id":306,"date":"2016-11-18T10:34:11","date_gmt":"2016-11-18T10:34:11","guid":{"rendered":"https:\/\/www.onebigpark.at\/it\/?post_type=entity&#038;p=306"},"modified":"2018-03-20T17:07:07","modified_gmt":"2018-03-20T16:07:07","slug":"escursionismo","status":"publish","type":"entity","link":"https:\/\/www.salzburgerland.com\/it\/escursionismo\/","title":{"rendered":"A piedi tra i monti del Salisburghese"},"content":{"rendered":"<p>Una <a href=\"https:\/\/www.salzburgerland.com\/it\/vacanze-in-montagna\/\">vacanza in montagna nel Salisburghese<\/a> regala emozioni indimenticabili: il sole che sorge dietro le vette\u2026 una magnifica colazione alla malga\u2026 un\u2019incantevole cielo di stelle vivide nell\u2019aria fredda\u2026 il fischio di una marmotta\u2026<br>\nSono piccoli momenti di felicit\u00e0 riservati a chi cammina sui sentieri del Salisburghese: una rete che si estende per 10.000 chilometri con itinerari per ogni \u201cgamba\u201d e ogni et\u00e0, dai neonati in passeggino agli alpinisti estremi, dal colle Kapuzinerberg che domina Salisburgo alla vetta del Grossvenediger (3674 m), che sovrasta tutto il Land o al Grossglockner (3.798 m), la cima pi\u00f9 alta d\u2019Austria.<\/p>\n<p>Gli itinerari spaziano dalla facile passeggiata e dal trekking per famiglie, come l\u2019Alpenfloh nella valle di Grossarl, al sentiero Arno che percorre tutto il confine del Salisburghese o al <a href=\"https:\/\/www.salzburgerland.com\/it\/sul-sentiero-delle-malghe-salisburghesi\/\">Sentiero delle Malghe<\/a> e al tratto austriaco del famoso Cammino di Santiago.<\/p>\n\n\t\t\t<div id=\"306-1\" class=\"gallery gallery-306 gallery-columns-3 gallery-size-medium\" itemscope itemtype=\"http:\/\/schema.org\/ImageGallery\">\n\t\t\t\t<ul class=\"gallery-row gallery-col-3 gallery-clear\">\n\t\t\t\t\t<li class=\"gallery-item col-3\" itemprop=\"associatedMedia\" itemscope itemtype=\"http:\/\/schema.org\/ImageObject\">\n\t\t\t\t\t\t<div class=\"gallery-icon landscape\"><a href=\"https:\/\/www.salzburgerland.com\/it\/wp-content\/uploads\/2016\/12\/hochkoenig-familie-1920x1067.jpg\" title=\"Famiglia all'Hochkoenig\"><img decoding=\"async\" data-title=\"Sugli alpeggi ai piedi dell'Hochk\u00f6nig\" title=\"Sugli alpeggi ai piedi dell'Hochk\u00f6nig\" data-caption=\"Sugli alpeggi ai piedi dell'Hochk\u00f6nig\" width=\"1024\" height=\"569\" src=\"https:\/\/www.salzburgerland.com\/it\/wp-content\/uploads\/2016\/12\/hochkoenig-familie-1024x569.jpg\" class=\"attachment-medium size-medium\" alt=\"Due persone inginocchiate in un prato, tendono la mano a una mucca bianca e marrone con le montagne sullo sfondo. (Vista ingrandita)\" srcset=\"https:\/\/www.salzburgerland.com\/it\/wp-content\/uploads\/2016\/12\/hochkoenig-familie-1024x569.jpg 1024w, https:\/\/www.salzburgerland.com\/it\/wp-content\/uploads\/2016\/12\/hochkoenig-familie-540x300.jpg 540w, https:\/\/www.salzburgerland.com\/it\/wp-content\/uploads\/2016\/12\/hochkoenig-familie-370x206.jpg 370w, https:\/\/www.salzburgerland.com\/it\/wp-content\/uploads\/2016\/12\/hochkoenig-familie-1920x1067.jpg 1920w, https:\/\/www.salzburgerland.com\/it\/wp-content\/uploads\/2016\/12\/hochkoenig-familie-270x150.jpg 270w\" sizes=\"(max-width: 1024px) 100vw, 1024px\" aria-describedby=\"figcaption-306-597\" itemprop=\"thumbnail\"><\/a><\/div>\n\t\t\t\t\t\t<span id=\"figcaption-306-597\" class=\"gallery-caption\" itemprop=\"caption\"><span aria-hidden=\"true\">Sugli alpeggi ai piedi dell\u2019Hochk\u00f6nig<\/span><\/span>\n\t\t\t\t\t<\/li>\n\t\t\t\t\t<li class=\"gallery-item col-3\" itemprop=\"associatedMedia\" itemscope itemtype=\"http:\/\/schema.org\/ImageObject\">\n\t\t\t\t\t\t<div class=\"gallery-icon landscape\"><a href=\"https:\/\/www.salzburgerland.com\/it\/wp-content\/uploads\/2016\/12\/niedernsill-sommer-wandern-almjause-1920x1067.jpg\" title=\"niedernsill-sommer-wandern-almjause\"><img decoding=\"async\" data-title=\"\" title=\"\" data-caption=\"\" width=\"1024\" height=\"569\" src=\"https:\/\/www.salzburgerland.com\/it\/wp-content\/uploads\/2016\/12\/niedernsill-sommer-wandern-almjause-1024x569.jpg\" class=\"attachment-medium size-medium\" alt=\"Una coppia sorridente gusta cibo e bevande a un tavolo rustico in legno all'aperto. (Vista ingrandita)\" srcset=\"https:\/\/www.salzburgerland.com\/it\/wp-content\/uploads\/2016\/12\/niedernsill-sommer-wandern-almjause-1024x569.jpg 1024w, https:\/\/www.salzburgerland.com\/it\/wp-content\/uploads\/2016\/12\/niedernsill-sommer-wandern-almjause-540x300.jpg 540w, https:\/\/www.salzburgerland.com\/it\/wp-content\/uploads\/2016\/12\/niedernsill-sommer-wandern-almjause-370x206.jpg 370w, https:\/\/www.salzburgerland.com\/it\/wp-content\/uploads\/2016\/12\/niedernsill-sommer-wandern-almjause-1920x1067.jpg 1920w, https:\/\/www.salzburgerland.com\/it\/wp-content\/uploads\/2016\/12\/niedernsill-sommer-wandern-almjause-270x150.jpg 270w\" sizes=\"(max-width: 1024px) 100vw, 1024px\" itemprop=\"thumbnail\"><\/a><\/div>\n\t\t\t\t\t<\/li>\n\t\t\t\t\t<li class=\"gallery-item col-3\" itemprop=\"associatedMedia\" itemscope itemtype=\"http:\/\/schema.org\/ImageObject\">\n\t\t\t\t\t\t<div class=\"gallery-icon landscape\"><a href=\"https:\/\/www.salzburgerland.com\/it\/wp-content\/uploads\/2016\/12\/niedernsill-sommer-wandern-hacklsee-e1480786386159-1704x1067.jpg\" title=\"niedernsill-sommer-wandern-hacklsee\"><img decoding=\"async\" data-title=\"\" title=\"\" data-caption=\"\" width=\"1024\" height=\"569\" src=\"https:\/\/www.salzburgerland.com\/it\/wp-content\/uploads\/2016\/12\/niedernsill-sommer-wandern-hacklsee-e1480786386159-1024x569.jpg\" class=\"attachment-medium size-medium\" alt=\"Due persone che fanno escursioni con i bastoncini da trekking presso un lago di montagna, circondati da erba e fiori selvatici. (Vista ingrandita)\" srcset=\"https:\/\/www.salzburgerland.com\/it\/wp-content\/uploads\/2016\/12\/niedernsill-sommer-wandern-hacklsee-e1480786386159-1024x569.jpg 1024w, https:\/\/www.salzburgerland.com\/it\/wp-content\/uploads\/2016\/12\/niedernsill-sommer-wandern-hacklsee-e1480786386159-540x300.jpg 540w, https:\/\/www.salzburgerland.com\/it\/wp-content\/uploads\/2016\/12\/niedernsill-sommer-wandern-hacklsee-e1480786386159-370x206.jpg 370w, https:\/\/www.salzburgerland.com\/it\/wp-content\/uploads\/2016\/12\/niedernsill-sommer-wandern-hacklsee-e1480786386159-270x150.jpg 270w\" sizes=\"(max-width: 1024px) 100vw, 1024px\" itemprop=\"thumbnail\"><\/a><\/div>\n\t\t\t\t\t<\/li>\n\t\t\t\t<\/ul>\n\t\t\t<\/div><!-- .gallery -->\n\n<p>Escursionisti e alpinisti trovano una calda accoglienza nelle centinaia di <a href=\"https:\/\/www.salzburgerland.com\/it\/almsommer-estate-alla-malga-vacanze-in-montagna-fra-baite-e-rifugi\/\">rifugi disseminati sulle montagne del Salisburghese<\/a>, dove possono assaggiare i prodotti genuini dell\u2019alpeggio: formaggio, burro, speck e grappa fatti in casa, e trovare per la notte l\u2019atmosfera genuina e romantica della malga. Un nido ideale per camminatori innamorati, che se vogliono stare soli possono persino affittare deliziose baite e chalet a contatto diretto con la natura alpina, con il canto degli uccelli e il respiro del vento nelle abetaie.<\/p>\n<p>Per i camminatori che cercano il massimo del comfort sono a disposizione numerosi hotel per escursionisti, certificati dal marchio \u201cWanderhotel\u201d, oltre a vantaggiosi pacchetti che includono il servizio trasporto bagagli per chi vuole camminare con lo zaino leggero.<\/p>\n<h2><strong>4 buoni motivi per una vacanza in montagna nel Salisburghese<\/strong><\/h2>\n<ul>\n<li>per scoprire il gusto di camminare in mezzo alla natura alpina salisburghese<\/li>\n<li>per dormire al rifugio Matras e gustare un\u2019aurora spettacolare sulla vetta dell\u2019Hochk\u00f6nig<\/li>\n<li>per vedere se \u00e8 vero che il formaggio alla malga \u00e8 pi\u00f9 buono e saporito<\/li>\n<li>per tentare la conquista del Grossvenediger dal rifugio K\u00fcrsinger H\u00fctte<\/li>\n<\/ul>\n","protected":false},"excerpt":{"rendered":"<p>Una vacanza in montagna nel Salisburghese regala emozioni indimenticabili: il sole che sorge dietro le vette\u2026 una magnifica colazione alla malga\u2026 un\u2019incantevole cielo di stelle vivide nell\u2019aria fredda\u2026 il fischio di una marmotta\u2026 Sono piccoli momenti di felicit\u00e0 riservati a chi cammina sui sentieri del Salisburghese: una rete che si estende per 10.000 chilometri con [&hellip;]<\/p>\n","protected":false},"author":2,"featured_media":1619,"comment_status":"closed","ping_status":"closed","template":"","meta":{"_acf_changed":false,"wl_entities_gutenberg":"","_relevanssi_hide_post":"","_relevanssi_hide_content":"","_relevanssi_pin_for_all":"","_relevanssi_pin_keywords":"","_relevanssi_unpin_keywords":"","_relevanssi_related_keywords":"","_relevanssi_related_include_ids":"","_relevanssi_related_exclude_ids":"","_relevanssi_related_no_append":"","_relevanssi_related_not_related":"","_relevanssi_related_posts":"","_relevanssi_noindex_reason":"","footnotes":""},"categories":[],"tags":[],"wl_entity_type":[2],"class_list":["post-306","entity","type-entity","status-publish","has-post-thumbnail","hentry","wl_entity_type-thing","sitetype-theme"],"acf":[],"yoast_head":"<!-- This site is optimized with the Yoast SEO Premium plugin v27.4 (Yoast SEO v27.4) - https:\/\/yoast.com\/product\/yoast-seo-premium-wordpress\/ -->\n<title>Escursionismo e trekking per sentieri e rifugi del Salisburghese<\/title>\n<meta name=\"description\" content=\"Escursionismo e trekking: una vacanza in montagna fra itinerari a piedi, trekking per malghe, cime e rifugi, splendide camminate nella natura alpina\" \/>\n<meta name=\"robots\" content=\"index, follow, max-snippet:-1, max-image-preview:large, max-video-preview:-1\" \/>\n<link rel=\"canonical\" href=\"https:\/\/www.salzburgerland.com\/it\/escursionismo\/\" \/>\n<meta property=\"og:locale\" content=\"it_IT\" \/>\n<meta property=\"og:type\" content=\"article\" \/>\n<meta property=\"og:title\" content=\"A piedi tra i monti del Salisburghese\" \/>\n<meta property=\"og:description\" content=\"Una vacanza in montagna nel Salisburghese regala emozioni indimenticabili: il sole che sorge dietro le vette\u2026 una magnifica colazione alla malga\u2026\" \/>\n<meta property=\"og:url\" content=\"https:\/\/www.salzburgerland.com\/it\/escursionismo\/\" \/>\n<meta property=\"og:site_name\" content=\"SalzburgerLand.com\" \/>\n<meta property=\"article:publisher\" content=\"https:\/\/www.facebook.com\/salisburghese\/\" \/>\n<meta property=\"article:modified_time\" content=\"2018-03-20T16:07:07+00:00\" \/>\n<meta property=\"og:image\" content=\"https:\/\/www.salzburgerland.com\/it\/wp-content\/uploads\/2017\/02\/rs713_familie2_4_035-lpr-1100x675.jpg\" \/>\n\t<meta property=\"og:image:width\" content=\"1100\" \/>\n\t<meta property=\"og:image:height\" content=\"675\" \/>\n\t<meta property=\"og:image:type\" content=\"image\/jpeg\" \/>\n<meta name=\"twitter:card\" content=\"summary_large_image\" \/>\n<meta name=\"twitter:label1\" content=\"Tempo di lettura stimato\" \/>\n\t<meta name=\"twitter:data1\" content=\"2 minuti\" \/>\n<script type=\"application\/ld+json\" class=\"yoast-schema-graph\">{\"@context\":\"https:\\\/\\\/schema.org\",\"@graph\":[{\"@type\":\"WebPage\",\"@id\":\"https:\\\/\\\/www.salzburgerland.com\\\/it\\\/escursionismo\\\/\",\"url\":\"https:\\\/\\\/www.salzburgerland.com\\\/it\\\/escursionismo\\\/\",\"name\":\"Escursionismo e trekking per sentieri e rifugi del Salisburghese\",\"isPartOf\":{\"@id\":\"https:\\\/\\\/www.salzburgerland.com\\\/it\\\/#website\"},\"primaryImageOfPage\":{\"@id\":\"https:\\\/\\\/www.salzburgerland.com\\\/it\\\/escursionismo\\\/#primaryimage\"},\"image\":{\"@id\":\"https:\\\/\\\/www.salzburgerland.com\\\/it\\\/escursionismo\\\/#primaryimage\"},\"thumbnailUrl\":\"https:\\\/\\\/www.salzburgerland.com\\\/it\\\/wp-content\\\/uploads\\\/2017\\\/02\\\/rs713_familie2_4_035-lpr.jpg\",\"datePublished\":\"2016-11-18T10:34:11+00:00\",\"dateModified\":\"2018-03-20T16:07:07+00:00\",\"description\":\"Escursionismo e trekking: una vacanza in montagna fra itinerari a piedi, trekking per malghe, cime e rifugi, splendide camminate nella natura alpina\",\"inLanguage\":\"it-IT\",\"potentialAction\":[{\"@type\":\"ReadAction\",\"target\":[\"https:\\\/\\\/www.salzburgerland.com\\\/it\\\/escursionismo\\\/\"]}]},{\"@type\":\"ImageObject\",\"inLanguage\":\"it-IT\",\"@id\":\"https:\\\/\\\/www.salzburgerland.com\\\/it\\\/escursionismo\\\/#primaryimage\",\"url\":\"https:\\\/\\\/www.salzburgerland.com\\\/it\\\/wp-content\\\/uploads\\\/2017\\\/02\\\/rs713_familie2_4_035-lpr.jpg\",\"contentUrl\":\"https:\\\/\\\/www.salzburgerland.com\\\/it\\\/wp-content\\\/uploads\\\/2017\\\/02\\\/rs713_familie2_4_035-lpr.jpg\",\"width\":1100,\"height\":733,\"caption\":\"Junge M\u00e4dchen zwischen 23 und 25 Jahren beim Bergwandern im Hochk\u00f6nigebiet bei M\u00fchlbach am Hochk\u00f6nig nahe dem Arthurhaus vergn\u00fcgen sich an einem Hochmoort\u00fcmpel in gesunder Natur und genie\u00dfen den Tag vor der Kulisse der Mandlw\u00e4nde und des Hochk\u00f6nig\"},{\"@type\":\"WebSite\",\"@id\":\"https:\\\/\\\/www.salzburgerland.com\\\/it\\\/#website\",\"url\":\"https:\\\/\\\/www.salzburgerland.com\\\/it\\\/\",\"name\":\"SalzburgerLand.com\",\"description\":\"Le tue vacanze nel Salisburghese, Austria\",\"potentialAction\":[{\"@type\":\"SearchAction\",\"target\":{\"@type\":\"EntryPoint\",\"urlTemplate\":\"https:\\\/\\\/www.salzburgerland.com\\\/it\\\/?s={search_term_string}\"},\"query-input\":{\"@type\":\"PropertyValueSpecification\",\"valueRequired\":true,\"valueName\":\"search_term_string\"}}],\"inLanguage\":\"it-IT\"}]}<\/script>\n<!-- \/ Yoast SEO Premium plugin. -->","yoast_head_json":{"title":"Escursionismo e trekking per sentieri e rifugi del Salisburghese","description":"Escursionismo e trekking: una vacanza in montagna fra itinerari a piedi, trekking per malghe, cime e rifugi, splendide camminate nella natura alpina","robots":{"index":"index","follow":"follow","max-snippet":"max-snippet:-1","max-image-preview":"max-image-preview:large","max-video-preview":"max-video-preview:-1"},"canonical":"https:\/\/www.salzburgerland.com\/it\/escursionismo\/","og_locale":"it_IT","og_type":"article","og_title":"A piedi tra i monti del Salisburghese","og_description":"Una vacanza in montagna nel Salisburghese regala emozioni indimenticabili: il sole che sorge dietro le vette\u2026 una magnifica colazione alla malga\u2026","og_url":"https:\/\/www.salzburgerland.com\/it\/escursionismo\/","og_site_name":"SalzburgerLand.com","article_publisher":"https:\/\/www.facebook.com\/salisburghese\/","article_modified_time":"2018-03-20T16:07:07+00:00","og_image":[{"width":1100,"height":675,"url":"https:\/\/www.salzburgerland.com\/it\/wp-content\/uploads\/2017\/02\/rs713_familie2_4_035-lpr-1100x675.jpg","type":"image\/jpeg"}],"twitter_card":"summary_large_image","twitter_misc":{"Tempo di lettura stimato":"2 minuti"},"schema":{"@context":"https:\/\/schema.org","@graph":[{"@type":"WebPage","@id":"https:\/\/www.salzburgerland.com\/it\/escursionismo\/","url":"https:\/\/www.salzburgerland.com\/it\/escursionismo\/","name":"Escursionismo e trekking per sentieri e rifugi del Salisburghese","isPartOf":{"@id":"https:\/\/www.salzburgerland.com\/it\/#website"},"primaryImageOfPage":{"@id":"https:\/\/www.salzburgerland.com\/it\/escursionismo\/#primaryimage"},"image":{"@id":"https:\/\/www.salzburgerland.com\/it\/escursionismo\/#primaryimage"},"thumbnailUrl":"https:\/\/www.salzburgerland.com\/it\/wp-content\/uploads\/2017\/02\/rs713_familie2_4_035-lpr.jpg","datePublished":"2016-11-18T10:34:11+00:00","dateModified":"2018-03-20T16:07:07+00:00","description":"Escursionismo e trekking: una vacanza in montagna fra itinerari a piedi, trekking per malghe, cime e rifugi, splendide camminate nella natura alpina","inLanguage":"it-IT","potentialAction":[{"@type":"ReadAction","target":["https:\/\/www.salzburgerland.com\/it\/escursionismo\/"]}]},{"@type":"ImageObject","inLanguage":"it-IT","@id":"https:\/\/www.salzburgerland.com\/it\/escursionismo\/#primaryimage","url":"https:\/\/www.salzburgerland.com\/it\/wp-content\/uploads\/2017\/02\/rs713_familie2_4_035-lpr.jpg","contentUrl":"https:\/\/www.salzburgerland.com\/it\/wp-content\/uploads\/2017\/02\/rs713_familie2_4_035-lpr.jpg","width":1100,"height":733,"caption":"Junge M\u00e4dchen zwischen 23 und 25 Jahren beim Bergwandern im Hochk\u00f6nigebiet bei M\u00fchlbach am Hochk\u00f6nig nahe dem Arthurhaus vergn\u00fcgen sich an einem Hochmoort\u00fcmpel in gesunder Natur und genie\u00dfen den Tag vor der Kulisse der Mandlw\u00e4nde und des Hochk\u00f6nig"},{"@type":"WebSite","@id":"https:\/\/www.salzburgerland.com\/it\/#website","url":"https:\/\/www.salzburgerland.com\/it\/","name":"SalzburgerLand.com","description":"Le tue vacanze nel Salisburghese, Austria","potentialAction":[{"@type":"SearchAction","target":{"@type":"EntryPoint","urlTemplate":"https:\/\/www.salzburgerland.com\/it\/?s={search_term_string}"},"query-input":{"@type":"PropertyValueSpecification","valueRequired":true,"valueName":"search_term_string"}}],"inLanguage":"it-IT"}]}},"_wl_alt_label":["Escursionismo","Trekking"],"wl:entity_url":"http:\/\/open.salzburgerland.com\/it\/entity\/a_piedi_tra_i_monti_del_salisburghese","_links":{"self":[{"href":"https:\/\/www.salzburgerland.com\/it\/wp-json\/wp\/v2\/entities\/306","targetHints":{"allow":["GET"]}}],"collection":[{"href":"https:\/\/www.salzburgerland.com\/it\/wp-json\/wp\/v2\/entities"}],"about":[{"href":"https:\/\/www.salzburgerland.com\/it\/wp-json\/wp\/v2\/types\/entity"}],"author":[{"embeddable":true,"href":"https:\/\/www.salzburgerland.com\/it\/wp-json\/wp\/v2\/users\/2"}],"replies":[{"embeddable":true,"href":"https:\/\/www.salzburgerland.com\/it\/wp-json\/wp\/v2\/comments?post=306"}],"version-history":[{"count":0,"href":"https:\/\/www.salzburgerland.com\/it\/wp-json\/wp\/v2\/entities\/306\/revisions"}],"wp:featuredmedia":[{"embeddable":true,"href":"https:\/\/www.salzburgerland.com\/it\/wp-json\/wp\/v2\/media\/1619"}],"wp:attachment":[{"href":"https:\/\/www.salzburgerland.com\/it\/wp-json\/wp\/v2\/media?parent=306"}],"wp:term":[{"taxonomy":"category","embeddable":true,"href":"https:\/\/www.salzburgerland.com\/it\/wp-json\/wp\/v2\/categories?post=306"},{"taxonomy":"post_tag","embeddable":true,"href":"https:\/\/www.salzburgerland.com\/it\/wp-json\/wp\/v2\/tags?post=306"},{"taxonomy":"wl_entity_type","embeddable":true,"href":"https:\/\/www.salzburgerland.com\/it\/wp-json\/wp\/v2\/wl_entity_type?post=306"}],"curies":[{"name":"wp","href":"https:\/\/api.w.org\/{rel}","templated":true}]}}