{"id":1877,"date":"2017-03-28T16:40:13","date_gmt":"2017-03-28T14:40:13","guid":{"rendered":"https:\/\/www.salzburgerland.com\/it\/?post_type=entity&#038;p=1877"},"modified":"2022-05-10T12:27:42","modified_gmt":"2022-05-10T10:27:42","slug":"italiani-nel-salisburghese","status":"publish","type":"entity","link":"https:\/\/www.salzburgerland.com\/it\/italiani-nel-salisburghese\/","title":{"rendered":"Italiani nel Salisburghese"},"content":{"rendered":"<div id=\"attachment_5346\" style=\"width: 1180px\" class=\"wp-caption aligncenter\"><img decoding=\"async\" aria-describedby=\"caption-attachment-5346\" class=\"size-1170_658 wp-image-5346\" src=\"https:\/\/cdn.salzburgerland.com\/it\/wp-content\/uploads\/2017\/03\/img-20220319-wa0012-002-1170x658.jpg\" alt=\"\" width=\"1170\" height=\"658\" srcset=\"https:\/\/www.salzburgerland.com\/it\/wp-content\/uploads\/2017\/03\/img-20220319-wa0012-002-1170x658.jpg 1170w, https:\/\/www.salzburgerland.com\/it\/wp-content\/uploads\/2017\/03\/img-20220319-wa0012-002-768x432.jpg 768w, https:\/\/www.salzburgerland.com\/it\/wp-content\/uploads\/2017\/03\/img-20220319-wa0012-002-1536x865.jpg 1536w, https:\/\/www.salzburgerland.com\/it\/wp-content\/uploads\/2017\/03\/img-20220319-wa0012-002-1200x675.jpg 1200w, https:\/\/www.salzburgerland.com\/it\/wp-content\/uploads\/2017\/03\/img-20220319-wa0012-002-150x84.jpg 150w, https:\/\/www.salzburgerland.com\/it\/wp-content\/uploads\/2017\/03\/img-20220319-wa0012-002.jpg 2048w\" sizes=\"(max-width: 1170px) 100vw, 1170px\"><p id=\"caption-attachment-5346\" class=\"wp-caption-text\">Francesca Cardone \u2013 pianista a Salisburgo. Foto credito (c) F. Cardone<\/p><\/div>\n<h2><\/h2>\n<h2>I posti magici di Francesca<\/h2>\n<p><a href=\"http:\/\/it.francescacardone.eu\/\" target=\"_blank\" rel=\"noopener\">Francesca C. <\/a>\u00e8 una pianista italiana di origine abruzzese che ha suonato e vissuto in tutto il mondo: Europa, America e Asia, ma il suo cuore \u00e8 rimasto a Salisburgo. Francesca qui ha messo su casa e abita con la sua famiglia. Salisburgo \u00e8 \u00a0naturalmente un posto fantastico \u00a0per una pianista, che pu\u00f2 partecipare o andare a sentire concerti di altissimo livello, durante la <a href=\"https:\/\/mozarteum.at\/en\/home\/#first-section\" target=\"_blank\" rel=\"noopener\"><strong>settimana mozartiana<\/strong><\/a> o\u00a0 il <a href=\"https:\/\/www.salzburgerfestspiele.at\/en\/p\/concert-la-torre-del-oro\" target=\"_blank\" rel=\"noopener\"><strong>festival di Pentecoste<\/strong><\/a>. \u201cMa \u00e8 anche un posto ideale per fare crescere i bambini, c\u2019\u00e8 cos\u00ec tanto verde\u201d E in effetti tra concerti e lezioni di musica, sfrutta tutte le possibilit\u00e0 di fare escursioni nella natura. Persino senza uscire dai confini della citt\u00e0, nel quartiere di Aigen, a sud di Salisburgo: \u201cDietro il famoso castello <strong>Schloss Aigen <\/strong>vado spesso con le mie bambine a passeggiare. Prati verdi, boschi e c\u2019\u00e8 anche una piccola cascata\u2026\u201d.\u00a0 Il parco accanto al castello di Aigen era in realt\u00e0 un giardino all\u2019inglese del barone di Schwarzenberg, era tra i pi\u00f9 famosi del XIX secolo e i suoi sentieri,\u00a0 ponti, fonti termali e cascate erano tra i pi\u00f9 belli in Europa. Il sentiero, che porta fino al <strong>Gaisberg<\/strong> era gi\u00e0 allora molto frequentato, soprattutto da pittori che ne ritrassero\u00a0 spesso panorami.<\/p>\n<p>Un altro luogo del cuore di Francesca \u00e8 il sentiero che parte dall\u2019albergo Vollererhof a <strong>Elsbethen<\/strong> e si addentra in mezzo al bosco fino al rifugio di Erentrudis Qui non \u00e8 difficile avvistare cervi e cerbiatti. \u201cCi piace molto anche prendere la funivia per andare sull\u2019 <a href=\"https:\/\/www.untersbergbahn.at\/en\" target=\"_blank\" rel=\"noopener\"><strong>Untersberg<\/strong>,<\/a> e godere di una vista meravigliosa\u201d. Spostandosi pi\u00f9 a sud, una delle mete preferite di Francesca \u00e8 un posto magico che incanta tutti: \u201cun sentiero nel bosco che arriva a una radura, e costeggia una serie di laghetti alpini dall\u2019acqua trasparente, di colore smeraldo dove nuotano trote di ruscello e piccoli temoli: E\u2019 la <strong>Bluntautal,<\/strong> quasi impronunciabile meta domenicale di molti salisburghesi. Altri posti che piacciono a Francesca sono <strong>Golling<\/strong>, con la sua fortezza e uno splendido sentiero di avventure per bambini, e <a href=\"https:\/\/www.salzburg-burgen.at\/it\/fortezza-hohenwerfen\/\" target=\"_blank\" rel=\"noopener\"><strong>Werfen<\/strong><\/a> con una fortezza da fiaba.<\/p>\n<p>\u00a0<\/p>\n<div id=\"attachment_5298\" style=\"width: 1180px\" class=\"wp-caption aligncenter\"><img decoding=\"async\" aria-describedby=\"caption-attachment-5298\" class=\"size-1170_658 wp-image-5298\" src=\"https:\/\/cdn.salzburgerland.com\/it\/wp-content\/uploads\/2017\/03\/francesco-1-1170x658.jpg\" alt=\"\" width=\"1170\" height=\"658\" srcset=\"https:\/\/www.salzburgerland.com\/it\/wp-content\/uploads\/2017\/03\/francesco-1-1170x658.jpg 1170w, https:\/\/www.salzburgerland.com\/it\/wp-content\/uploads\/2017\/03\/francesco-1-1200x675.jpg 1200w\" sizes=\"(max-width: 1170px) 100vw, 1170px\"><p id=\"caption-attachment-5298\" class=\"wp-caption-text\">Francesco Postiglione guida turistica \u00a9Francesco Postiglione<\/p><\/div>\n<h2>Francesco innamorato della citt\u00e0<\/h2>\n<p><a href=\"http:\/\/www.salisburgo.guide\/de_AT\/\" target=\"_blank\" rel=\"noopener\">Francesco P.<\/a> \u00e8 originario del centro Italia e conosce il Salisburghese come le sue tasche, perch\u00e9 opera come guida turistica da decenni. Accompagna i gruppi italiani alla scoperta della <a href=\"https:\/\/www.salzburg.info\/it\/attrazioni\" target=\"_blank\" rel=\"noopener\">citt\u00e0<\/a> e della regione e se ne intende davvero. Francesco \u00e8 un amante della citt\u00e0, ed \u00e8 innamorato di tutti i classici delle visite guidate, dalla <strong>Fortezza di Hohensalzburg ai giochi d\u2019acqua di Hellbrunn,\u00a0 dal Wolfgangsee <\/strong>alla<strong> Getreidegasse<\/strong> . \u201cIl Salisburghese impressiona sempre me e i miei gruppi turistici\u00a0 per il verde, la cura dell\u2019ambiente e delle tradizioni. Le citt\u00e0 e le strade sono sempre linde come in una cartolina, le aiuole e il verde pubblico sempre perfetti, persino nelle rotonde e negli svincoli autostradali ci sono fiori in ogni stagione, le strade sono pulite, i parchi meravigliosi e gratuiti\u201d (<strong>Mirabell, Volksgarten!<\/strong>). Anche se straniero, apprezza l\u2019attaccamento dei Salisburghesi alla loro tradizione, nei vestiti, nel cibo, nelle architetture del paesaggio, nel rispetto delle tradizioni dell\u2019Avvento e della Pasqua. Uno dei posti che pi\u00f9 lo ha impressionato \u00e8 la <strong><a href=\"https:\/\/www.grossglockner.at\/gg\/it\/index\" target=\"_blank\" rel=\"noopener\">Strada Alpina del Grossglockner<\/a>, <\/strong>un capolavoro d\u2019ingegneria e un piacere per gli occhi per ogni turista. \u201cDa quando l\u2019ho scoperto consiglio a tutti i gruppi di andarci, se possibile, per il panorama alpino che si gode senza dover necessariamente camminare molto\u201d.<\/p>\n<h2>Carla, l\u2019escursionista<\/h2>\n<p>Carla G. \u00e8 originaria del milanese, insegna italiano da molto tempo agli austriaci e ha moltissimi amici che vengono spesso in visita nel Salisburghese. \u201cA tutti i miei amici piace molto la passeggiata da <strong>Bergheim<\/strong> a <strong><a href=\"https:\/\/www.salzburg.info\/en\/sights\/churches-cemeteries\/maria-plain\" target=\"_blank\" rel=\"noopener\">Maria Plain<\/a>,<\/strong> un santuario, meta antica di pellegrinaggio, posto su una collina a nord di Salisburgo. La passeggiata non \u00e8 lunga n\u00e9 difficile, e dopo una ventina di minuti si arriva al santuario passando vicino a un modernissimo \u201cbosco del ricordo\u201d, un cimitero naturale e sostenibile, dove l\u2019 architettura funeraria cede il posto alla natura e agli alberi. \u201cUna moderna visione della spiritualit\u00e0 contrapposta al santuario, simbolo dell\u2019 antico cattolicesimo austriaco. La vista dal sagrato della Chiesa \u00e8 forse la pi\u00f9 bella sulla valle del dal fiume Salzach: si vede tutta la citt\u00e0 e si segue il serpeggiare del fiume verde che la traversa\u201d.<\/p>\n<div id=\"attachment_1881\" style=\"width: 854px\" class=\"wp-caption alignnone\"><img decoding=\"async\" aria-describedby=\"caption-attachment-1881\" class=\"wp-image-1881 size-1170_658\" src=\"https:\/\/cdn.salzburgerland.com\/it\/wp-content\/uploads\/2017\/03\/img_4201-e1490791167352-844x658.jpg\" alt=\"\" width=\"844\" height=\"658\"><p id=\"caption-attachment-1881\" class=\"wp-caption-text\">Carla durante un\u2019escursione \u2013<\/p><\/div>\n<p>A Carla piace camminare e muoversi nella natura: \u201d Faccio spesso escursioni nella regione <a href=\"https:\/\/www.salzburgerland.com\/it\/tennengau\/\" target=\"_blank\" rel=\"noopener\"><strong>Tennengau<\/strong><\/a>, vicino a <strong>Golling<\/strong>, sul monte <strong>Schlenken<\/strong>, fino alla Halleinerhaus ma \u00e8 per escursionisti esperti, soprattutto in inverno servono le ciaspole, ma \u00e8 meraviglioso. Invece nella bella stagione porto sempre i miei amici su sentieri facili, fino al rifugio \u2013 trattoria fino al margine del bosco. Dove si pu\u00f2 andare persino con bambini\u201d.<\/p>\n<p>Un altro posto speciale per Carla \u00e8 il lago <strong>Seewaldsee<\/strong>, zona protetta nel comune di <strong>Sankt Koloman<\/strong>: \u00e8 un lago alpino palustre a 1074 metri di altezza con una flora e fauna particolari come la ninfea gialla, o l\u2019Andromeda polifolia con i suoi fiorellini rosa. \u201cUn posto che ricorda le montagne di Heidi\u201d, dove si pu\u00f2 camminare intorno al lago su due sentieri: uno sterrato e comodo, uno pi\u00f9 irto e pietroso.\u00a0\u00a0 \u201cQuesto posto ci piace tanto anche perch\u00e9\u00e9 ci si\u00a0 pu\u00f2\u00a0 rifocillare in un divertente rifugio: la \u201cAuerh\u00fctte\u201d, dove vengono salvate dall\u2019estinzione decine di animali tipici, come i simpatici\u00a0 galli\u00a0 Appenzeller con un bellissimo ciuffo rosso.<\/p>\n<p>Tutto sommato, ognuno trova nel Salisburghese i propri buoni motivi per venire, e talvolta rimanere.<\/p>\n","protected":false},"excerpt":{"rendered":"<p>I posti magici di Francesca Francesca C. \u00e8 una pianista italiana di origine abruzzese che ha suonato e vissuto in tutto il mondo: Europa, America e Asia, ma il suo cuore \u00e8 rimasto a Salisburgo. Francesca qui ha messo su casa e abita con la sua famiglia. Salisburgo \u00e8 \u00a0naturalmente un posto fantastico \u00a0per una [&hellip;]<\/p>\n","protected":false},"author":2,"featured_media":1878,"comment_status":"closed","ping_status":"closed","template":"","meta":{"_acf_changed":false,"wl_entities_gutenberg":"","_relevanssi_hide_post":"","_relevanssi_hide_content":"","_relevanssi_pin_for_all":"","_relevanssi_pin_keywords":"","_relevanssi_unpin_keywords":"","_relevanssi_related_keywords":"","_relevanssi_related_include_ids":"","_relevanssi_related_exclude_ids":"","_relevanssi_related_no_append":"","_relevanssi_related_not_related":"","_relevanssi_related_posts":"","_relevanssi_noindex_reason":"","footnotes":""},"categories":[],"tags":[],"wl_entity_type":[2],"class_list":["post-1877","entity","type-entity","status-publish","has-post-thumbnail","hentry","wl_entity_type-thing","sitetype-theme"],"acf":[],"yoast_head":"<!-- This site is optimized with the Yoast SEO Premium plugin v27.4 (Yoast SEO v27.4) - https:\/\/yoast.com\/product\/yoast-seo-premium-wordpress\/ -->\n<title>Italiani nel Salisburghese \u00bb SalzburgerLand.com<\/title>\n<meta name=\"description\" content=\"I posti preferiti di tre italiani che hanno scelto di vivere nel Salisburghese: escursioni nella citt\u00e0 di Salisburgo e nella provincia\" \/>\n<meta name=\"robots\" content=\"index, follow, max-snippet:-1, max-image-preview:large, max-video-preview:-1\" \/>\n<link rel=\"canonical\" href=\"https:\/\/www.salzburgerland.com\/it\/italiani-nel-salisburghese\/\" \/>\n<meta property=\"og:locale\" content=\"it_IT\" \/>\n<meta property=\"og:type\" content=\"article\" \/>\n<meta property=\"og:title\" content=\"Italiani nel Salisburghese\" \/>\n<meta property=\"og:description\" content=\"I posti magici di Francesca Francesca C. \u00e8 una pianista italiana di origine abruzzese che ha suonato e vissuto in tutto il mondo: Europa, America e Asia,\" \/>\n<meta property=\"og:url\" content=\"https:\/\/www.salzburgerland.com\/it\/italiani-nel-salisburghese\/\" \/>\n<meta property=\"og:site_name\" content=\"SalzburgerLand.com\" \/>\n<meta property=\"article:publisher\" content=\"https:\/\/www.facebook.com\/salisburghese\/\" \/>\n<meta property=\"article:modified_time\" content=\"2022-05-10T10:27:42+00:00\" \/>\n<meta property=\"og:image\" content=\"https:\/\/www.salzburgerland.com\/it\/wp-content\/uploads\/2017\/03\/rs324_stadt_quer_rz-lpr-1200x675.jpg\" \/>\n\t<meta property=\"og:image:width\" content=\"1200\" \/>\n\t<meta property=\"og:image:height\" content=\"675\" \/>\n\t<meta property=\"og:image:type\" content=\"image\/jpeg\" \/>\n<meta name=\"twitter:card\" content=\"summary_large_image\" \/>\n<meta name=\"twitter:label1\" content=\"Tempo di lettura stimato\" \/>\n\t<meta name=\"twitter:data1\" content=\"6 minuti\" \/>\n<script type=\"application\/ld+json\" class=\"yoast-schema-graph\">{\"@context\":\"https:\\\/\\\/schema.org\",\"@graph\":[{\"@type\":\"WebPage\",\"@id\":\"https:\\\/\\\/www.salzburgerland.com\\\/it\\\/italiani-nel-salisburghese\\\/\",\"url\":\"https:\\\/\\\/www.salzburgerland.com\\\/it\\\/italiani-nel-salisburghese\\\/\",\"name\":\"Italiani nel Salisburghese \u00bb SalzburgerLand.com\",\"isPartOf\":{\"@id\":\"https:\\\/\\\/www.salzburgerland.com\\\/it\\\/#website\"},\"primaryImageOfPage\":{\"@id\":\"https:\\\/\\\/www.salzburgerland.com\\\/it\\\/italiani-nel-salisburghese\\\/#primaryimage\"},\"image\":{\"@id\":\"https:\\\/\\\/www.salzburgerland.com\\\/it\\\/italiani-nel-salisburghese\\\/#primaryimage\"},\"thumbnailUrl\":\"https:\\\/\\\/www.salzburgerland.com\\\/it\\\/wp-content\\\/uploads\\\/2017\\\/03\\\/rs324_stadt_quer_rz-lpr.jpg\",\"datePublished\":\"2017-03-28T14:40:13+00:00\",\"dateModified\":\"2022-05-10T10:27:42+00:00\",\"description\":\"I posti preferiti di tre italiani che hanno scelto di vivere nel Salisburghese: escursioni nella citt\u00e0 di Salisburgo e nella provincia\",\"inLanguage\":\"it-IT\",\"potentialAction\":[{\"@type\":\"ReadAction\",\"target\":[\"https:\\\/\\\/www.salzburgerland.com\\\/it\\\/italiani-nel-salisburghese\\\/\"]}]},{\"@type\":\"ImageObject\",\"inLanguage\":\"it-IT\",\"@id\":\"https:\\\/\\\/www.salzburgerland.com\\\/it\\\/italiani-nel-salisburghese\\\/#primaryimage\",\"url\":\"https:\\\/\\\/www.salzburgerland.com\\\/it\\\/wp-content\\\/uploads\\\/2017\\\/03\\\/rs324_stadt_quer_rz-lpr.jpg\",\"contentUrl\":\"https:\\\/\\\/www.salzburgerland.com\\\/it\\\/wp-content\\\/uploads\\\/2017\\\/03\\\/rs324_stadt_quer_rz-lpr.jpg\",\"width\":1920,\"height\":1432,\"caption\":\"Vista per la citt\u00e0 di Salisburgo \u00a9SalzburgerLand Tourismus\"},{\"@type\":\"WebSite\",\"@id\":\"https:\\\/\\\/www.salzburgerland.com\\\/it\\\/#website\",\"url\":\"https:\\\/\\\/www.salzburgerland.com\\\/it\\\/\",\"name\":\"SalzburgerLand.com\",\"description\":\"Le tue vacanze nel Salisburghese, Austria\",\"potentialAction\":[{\"@type\":\"SearchAction\",\"target\":{\"@type\":\"EntryPoint\",\"urlTemplate\":\"https:\\\/\\\/www.salzburgerland.com\\\/it\\\/?s={search_term_string}\"},\"query-input\":{\"@type\":\"PropertyValueSpecification\",\"valueRequired\":true,\"valueName\":\"search_term_string\"}}],\"inLanguage\":\"it-IT\"}]}<\/script>\n<!-- \/ Yoast SEO Premium plugin. -->","yoast_head_json":{"title":"Italiani nel Salisburghese \u00bb SalzburgerLand.com","description":"I posti preferiti di tre italiani che hanno scelto di vivere nel Salisburghese: escursioni nella citt\u00e0 di Salisburgo e nella provincia","robots":{"index":"index","follow":"follow","max-snippet":"max-snippet:-1","max-image-preview":"max-image-preview:large","max-video-preview":"max-video-preview:-1"},"canonical":"https:\/\/www.salzburgerland.com\/it\/italiani-nel-salisburghese\/","og_locale":"it_IT","og_type":"article","og_title":"Italiani nel Salisburghese","og_description":"I posti magici di Francesca Francesca C. \u00e8 una pianista italiana di origine abruzzese che ha suonato e vissuto in tutto il mondo: Europa, America e Asia,","og_url":"https:\/\/www.salzburgerland.com\/it\/italiani-nel-salisburghese\/","og_site_name":"SalzburgerLand.com","article_publisher":"https:\/\/www.facebook.com\/salisburghese\/","article_modified_time":"2022-05-10T10:27:42+00:00","og_image":[{"width":1200,"height":675,"url":"https:\/\/www.salzburgerland.com\/it\/wp-content\/uploads\/2017\/03\/rs324_stadt_quer_rz-lpr-1200x675.jpg","type":"image\/jpeg"}],"twitter_card":"summary_large_image","twitter_misc":{"Tempo di lettura stimato":"6 minuti"},"schema":{"@context":"https:\/\/schema.org","@graph":[{"@type":"WebPage","@id":"https:\/\/www.salzburgerland.com\/it\/italiani-nel-salisburghese\/","url":"https:\/\/www.salzburgerland.com\/it\/italiani-nel-salisburghese\/","name":"Italiani nel Salisburghese \u00bb SalzburgerLand.com","isPartOf":{"@id":"https:\/\/www.salzburgerland.com\/it\/#website"},"primaryImageOfPage":{"@id":"https:\/\/www.salzburgerland.com\/it\/italiani-nel-salisburghese\/#primaryimage"},"image":{"@id":"https:\/\/www.salzburgerland.com\/it\/italiani-nel-salisburghese\/#primaryimage"},"thumbnailUrl":"https:\/\/www.salzburgerland.com\/it\/wp-content\/uploads\/2017\/03\/rs324_stadt_quer_rz-lpr.jpg","datePublished":"2017-03-28T14:40:13+00:00","dateModified":"2022-05-10T10:27:42+00:00","description":"I posti preferiti di tre italiani che hanno scelto di vivere nel Salisburghese: escursioni nella citt\u00e0 di Salisburgo e nella provincia","inLanguage":"it-IT","potentialAction":[{"@type":"ReadAction","target":["https:\/\/www.salzburgerland.com\/it\/italiani-nel-salisburghese\/"]}]},{"@type":"ImageObject","inLanguage":"it-IT","@id":"https:\/\/www.salzburgerland.com\/it\/italiani-nel-salisburghese\/#primaryimage","url":"https:\/\/www.salzburgerland.com\/it\/wp-content\/uploads\/2017\/03\/rs324_stadt_quer_rz-lpr.jpg","contentUrl":"https:\/\/www.salzburgerland.com\/it\/wp-content\/uploads\/2017\/03\/rs324_stadt_quer_rz-lpr.jpg","width":1920,"height":1432,"caption":"Vista per la citt\u00e0 di Salisburgo \u00a9SalzburgerLand Tourismus"},{"@type":"WebSite","@id":"https:\/\/www.salzburgerland.com\/it\/#website","url":"https:\/\/www.salzburgerland.com\/it\/","name":"SalzburgerLand.com","description":"Le tue vacanze nel Salisburghese, Austria","potentialAction":[{"@type":"SearchAction","target":{"@type":"EntryPoint","urlTemplate":"https:\/\/www.salzburgerland.com\/it\/?s={search_term_string}"},"query-input":{"@type":"PropertyValueSpecification","valueRequired":true,"valueName":"search_term_string"}}],"inLanguage":"it-IT"}]}},"_wl_alt_label":[],"wl:entity_url":"http:\/\/open.salzburgerland.com\/it\/entity\/italiani_nel_salisburghese","_links":{"self":[{"href":"https:\/\/www.salzburgerland.com\/it\/wp-json\/wp\/v2\/entities\/1877","targetHints":{"allow":["GET"]}}],"collection":[{"href":"https:\/\/www.salzburgerland.com\/it\/wp-json\/wp\/v2\/entities"}],"about":[{"href":"https:\/\/www.salzburgerland.com\/it\/wp-json\/wp\/v2\/types\/entity"}],"author":[{"embeddable":true,"href":"https:\/\/www.salzburgerland.com\/it\/wp-json\/wp\/v2\/users\/2"}],"replies":[{"embeddable":true,"href":"https:\/\/www.salzburgerland.com\/it\/wp-json\/wp\/v2\/comments?post=1877"}],"version-history":[{"count":5,"href":"https:\/\/www.salzburgerland.com\/it\/wp-json\/wp\/v2\/entities\/1877\/revisions"}],"predecessor-version":[{"id":5347,"href":"https:\/\/www.salzburgerland.com\/it\/wp-json\/wp\/v2\/entities\/1877\/revisions\/5347"}],"wp:featuredmedia":[{"embeddable":true,"href":"https:\/\/www.salzburgerland.com\/it\/wp-json\/wp\/v2\/media\/1878"}],"wp:attachment":[{"href":"https:\/\/www.salzburgerland.com\/it\/wp-json\/wp\/v2\/media?parent=1877"}],"wp:term":[{"taxonomy":"category","embeddable":true,"href":"https:\/\/www.salzburgerland.com\/it\/wp-json\/wp\/v2\/categories?post=1877"},{"taxonomy":"post_tag","embeddable":true,"href":"https:\/\/www.salzburgerland.com\/it\/wp-json\/wp\/v2\/tags?post=1877"},{"taxonomy":"wl_entity_type","embeddable":true,"href":"https:\/\/www.salzburgerland.com\/it\/wp-json\/wp\/v2\/wl_entity_type?post=1877"}],"curies":[{"name":"wp","href":"https:\/\/api.w.org\/{rel}","templated":true}]}}