{"id":9531,"date":"2020-04-08T03:26:56","date_gmt":"2020-04-08T01:26:56","guid":{"rendered":"https:\/\/www.salzburgerland.com\/hu\/via-culinaria\/"},"modified":"2023-04-12T21:27:19","modified_gmt":"2023-04-12T19:27:19","slug":"via-culinaria","status":"publish","type":"entity","link":"https:\/\/www.salzburgerland.com\/hu\/via-culinaria\/","title":{"rendered":"Via Culinaria"},"content":{"rendered":"<p><span lang=\"DE\"><span color=\"#000000\" size=\"3\">A salzburgi r\u00e9gi\u00f3k mindig is <strong>hagyom\u00e1nyosan j\u00f3 konyh\u00e1va<\/strong>l k\u00e9nyeztett\u00e9k vend\u00e9geiket. Napjaink <strong>virtu\u00f3z szak\u00e1csai\u00a0<\/strong><\/span><\/span><span>igyekeznek kreat\u00edvan \u00fajra\u00e9rtelmezni a hagyom\u00e1nyos recepteket, an\u00e9lk\u00fcl azonban, hogy az eredeti jelleg veszend\u0151be menne. A <strong>Via Culinaria <\/strong><\/span><strong>tematikus \u00fatvonalai<\/strong><span> 330 c\u00edmet aj\u00e1nlanak az \u00e9rdekl\u0151d\u0151k figyelm\u00e9be. <\/span><span>Megtudhatjuk az \u00fatikalauzb\u00f3l, hol t\u00e1lalj\u00e1k <\/span><strong>a legjobb h\u00fas\u00e9teleket, a legkiv\u00e1l\u00f3bb hal\u00e9teleket \u00e9s sajtokat, hol vannak a legjobb cukr\u00e1szd\u00e1k, s\u00f6r- \u00e9s p\u00e1linkaf\u0151zd\u00e9k, gy\u00f3gyn\u00f6v\u00e9nykertek<\/strong><span>. \u00c9s persze azt is, melyek a <\/span><strong>t\u00f6bbcsillagos \u00e9ttermek<\/strong><span> \u00e9s melyik s\u00edh\u00fctt\u00e9kben sz\u00e1m\u00edthatunk a legjobb \u00edzekre.<\/span><\/p>\n<div id=\"attachment_5034\" style=\"width: 1180px\" class=\"wp-caption alignnone\"><img decoding=\"async\" aria-describedby=\"caption-attachment-5034\" class=\"size-1170_658 wp-image-5034\" src=\"https:\/\/cdn.salzburgerland.com\/hu\/wp-content\/uploads\/2016\/11\/-salzburgerland-tourismus-helge-kirchberger-photography-jpg-raffiniertes-gemuesegericht-1170x658.jpg\" alt=\"\" width=\"1170\" height=\"658\" srcset=\"https:\/\/www.salzburgerland.com\/hu\/wp-content\/uploads\/2016\/11\/-salzburgerland-tourismus-helge-kirchberger-photography-jpg-raffiniertes-gemuesegericht-1170x658.jpg 1170w, https:\/\/www.salzburgerland.com\/hu\/wp-content\/uploads\/2016\/11\/-salzburgerland-tourismus-helge-kirchberger-photography-jpg-raffiniertes-gemuesegericht-1200x675.jpg 1200w\" sizes=\"(max-width: 1170px) 100vw, 1170px\"><p id=\"caption-attachment-5034\" class=\"wp-caption-text\">\u00d6tletes, k\u00fcl\u00f6nleges a Hotel Sonnhof z\u00f6lds\u00e9gekb\u0151l kompon\u00e1lt fog\u00e1sa \u00a9 SalzburgerLand Tourismus, Helge Kirchberger Photography<\/p><\/div>\n<h2>Jellegzetes helyi \u00edzek, min\u0151s\u00e9gi hozz\u00e1val\u00f3k<\/h2>\n<p><span lang=\"DE\"><span color=\"#000000\" size=\"3\">Eg\u00e9sz <span id=\"urn:enhancement-fcefdcf4-62ab-6f9d-ab85-44534c28bff1\">Ausztri\u00e1ban<\/span> sehol sem\u00a0f\u0151z annyi <strong>t\u00f6bbcsillagos s\u00e9f<\/strong> mint <span id=\"urn:enhancement-5036285c-c885-c948-0279-89fe18160b5a\">Salzburg tartom\u00e1nyban\u00a0<\/span>(SalzburgerLand). A termel\u0151knek pedig t\u00f6bb, mint \u00f6tven sz\u00e1zal\u00e9ka biogazda \u2013 ez olyan ar\u00e1ny, aminek eg\u00e9sz Eur\u00f3p\u00e1ban nincs p\u00e1rja. <\/span><\/span><span lang=\"DE\"><span color=\"#000000\" size=\"3\">A Via Culinaria aj\u00e1nlotta \u00edzek val\u00f3ban <strong>jellegzetesen helyiek<\/strong>, a fel<\/span>haszn\u00e1lt alapanyagok <strong>j\u00f3 min\u0151s\u00e9g\u0171ek<\/strong>, a receptek minden tekintetben <strong>autentikusak<\/strong><\/span>, eredetiek. Bizony\u00edt\u00e9k erre az is, hogy a Via Culinaria v\u00e9dn\u00f6k\u00e9nek szerep\u00e9t <strong>\u201caz \u00e9vsz\u00e1zad szak\u00e1csa\u201d<\/strong> <span id=\"urn:enhancement-9b8dc976-cc13-a115-14ac-0396bb256510\">Gault Millau<\/span>-kit\u00fcntet\u00e9s birtokosa, Dr. h.c. Eckart Witzigmann professzor t\u00f6lti be. Miel\u0151tt egy <span id=\"urn:enhancement-5d75fc66-50d8-757f-39a2-8a298e20e8eb\">\u00e9tterem<\/span> vagy termel\u0151 beker\u00fclhetne a Via Culinaria aj\u00e1nl\u00e1sai k\u00f6z\u00e9, szak\u00e9rt\u0151k v\u00e9gezte objekt\u00edv tesztel\u00e9snek kell al\u00e1vetnie mag\u00e1t. L\u00e1ssuk h\u00e1t a gasztron\u00f3miai \u00fatvonalakat, di\u00f3h\u00e9jban. A megadott linkeket k\u00f6vetve r\u00e9szletesebben is olvashat r\u00f3luk oldalainkon.<\/p>\n<h2>\u00cdnyenckonyha gasztron\u00f3miai \u00fatvonal<\/h2>\n<p><span>Az \u201e\u00a0<\/span><strong><a href=\"https:\/\/www.salzburgerland.com\/hu\/inyencek-gasztroturaja\/\" target=\"_blank\" rel=\"noopener noreferrer\">abszol\u00fat \u00ednyencek\u201c\u00a0\u00fatvonal\u00e1n<\/a><\/strong><span> a tartom\u00e1ny legjobb konyh\u00e1it l\u00e1togathatjuk v\u00e9gig: megb\u00edzhat\u00f3 polg\u00e1ri konyh\u00e1t viv\u0151 vid\u00e9ki fogad\u00f3kat, v\u00e1rosi \u00e9ttermeket, designer lok\u00e1lokat \u00e9s romantikus t\u00f3parti \u00e9ttermeket. A kiemelked\u0151 <\/span><span id=\"urn:enhancement-9b9ea206-a5f3-d5cb-6424-ec0c2c3ef8b4\">salzburgi<\/span><span> \u00e9ttermek k\u00f6z\u00f6tt n\u00e9gycsillagos is tal\u00e1lhat\u00f3. <\/span><span id=\"urn:enhancement-367a3f09-fe05-8a7f-5ab6-7184cc0a1b16\">Salzburg<\/span><span> v\u00e1ros\u00e1ban p\u00e9ld\u00e1ul az <\/span><strong><a href=\"http:\/\/esszimmer.com\/?lang=en\" target=\"_blank\" rel=\"noopener noreferrer\">Esszimmer<\/a><\/strong><span>, Neumarktban, a Wallersee t\u00f3n\u00e1l a <\/span><strong><a href=\"http:\/\/www.weyringer-wallersee.at\/en\/\" target=\"_blank\" rel=\"noopener noreferrer\">Weyringer<\/a><\/strong><span>\u00a0<\/span><span id=\"urn:enhancement-7ef72271-0599-f9e7-cc07-a751ddc33423\">\u00e9tterem<\/span><span> szerepel a aj\u00e1nl\u00e1sban.<\/span><\/p>\n<div id=\"attachment_5043\" style=\"width: 1180px\" class=\"wp-caption alignnone\"><img decoding=\"async\" aria-describedby=\"caption-attachment-5043\" class=\"size-1170_658 wp-image-5043\" src=\"https:\/\/cdn.salzburgerland.com\/hu\/wp-content\/uploads\/2016\/11\/-salzburgerland-tourismus-andreas-hechenberger--borjhs-gnocchival-s-zoeldsgkoerettel-ahogy-a-weyerhofnl-tlaljk-1170x658.jpg\" alt=\"\" width=\"1170\" height=\"658\" srcset=\"https:\/\/www.salzburgerland.com\/hu\/wp-content\/uploads\/2016\/11\/-salzburgerland-tourismus-andreas-hechenberger--borjhs-gnocchival-s-zoeldsgkoerettel-ahogy-a-weyerhofnl-tlaljk-1170x658.jpg 1170w, https:\/\/www.salzburgerland.com\/hu\/wp-content\/uploads\/2016\/11\/-salzburgerland-tourismus-andreas-hechenberger--borjhs-gnocchival-s-zoeldsgkoerettel-ahogy-a-weyerhofnl-tlaljk-1200x675.jpg 1200w\" sizes=\"(max-width: 1170px) 100vw, 1170px\"><p id=\"caption-attachment-5043\" class=\"wp-caption-text\">Borj\u00fah\u00fas gnocchival \u00e9s z\u00f6lds\u00e9gk\u00f6rettel, ahogy a Weyerhofn\u00e1l t\u00e1lalj\u00e1k \u00a9 SalzburgerLand Tourismus, Andreas Hechenberger<\/p><\/div>\n<h2>Friss halak a t\u00f3b\u00f3l \u2013 gasztron\u00f3miai \u00fatvonal a hal\u00e9telek kedvel\u0151inek<\/h2>\n<p><span lang=\"DE\"><span color=\"#000000\" size=\"3\">Salzburg tartom\u00e1ny tavainak<strong> iv\u00f3v\u00edzmin\u0151s\u00e9g\u0171<\/strong> viz\u00e9b\u0151l \u00e9s a hideg hegyi patakokb\u00f3l makkeg\u00e9szs\u00e9ges <span id=\"urn:enhancement-543d83fb-ddd0-193f-a8e1-b66394bc7cb9\">halak<\/span> ker\u00fclnek ki. Nem kevesebb, mint <strong>58 fajta<\/strong>. A tapasztalt \u00e9s lelem\u00e9nyes <span id=\"urn:enhancement-44ae0321-7be0-81d1-9cba-1c1e3d37f06e\">salzburgi<\/span> szak\u00e1csok csod\u00e1latos fog\u00e1sokat k\u00e9sz\u00edtenek bel\u0151l\u00fck. <strong><span id=\"urn:local-text-annotation-xwrbkzqywrpzyiz0qht8xz0cwhhhpoi8\" itemid=\"http:\/\/open.salzburgerland.com\/hu\/entity\/tavi_pisztrang\">Tavi pisztr\u00e1ng <\/span><\/strong><span id=\"urn:local-text-annotation-xwrbkzqywrpzyiz0qht8xz0cwhhhpoi8\" itemid=\"http:\/\/open.salzburgerland.com\/hu\/entity\/tavi_pisztrang\">(Bachforelle)<\/span>, <strong>bluntaui <span id=\"urn:local-text-annotation-7v5hx2dwverds5k6slbo9k4xx13bkrlk\" itemid=\"http:\/\/open.salzburgerland.com\/hu\/entity\/lazac\">lazac <\/span><\/strong><span id=\"urn:local-text-annotation-7v5hx2dwverds5k6slbo9k4xx13bkrlk\" itemid=\"http:\/\/open.salzburgerland.com\/hu\/entity\/lazac\">(Bluntaulachs)<\/span>, <strong>tokhalkavi\u00e1r <\/strong>(St\u00f6r-Kaviar), Fuschl-tavi<strong> f\u00fcst\u00f6lt <span id=\"urn:enhancement-505cf1c3-a4bb-ce33-75ed-4864e0ff6ce6\">pisztr\u00e1ng<\/span><\/strong><\/span><\/span><span> (R\u00e4ucherforelle), stb szerepel a k\u00edn\u00e1latban. A j\u00f3f\u00e9le <\/span><span id=\"urn:local-text-annotation-f5ghwv9rd7z4qrx767stw9v7amx3aqa4\" itemid=\"http:\/\/open.salzburgerland.com\/hu\/entity\/halak\">halak<\/span><span> mell\u00e9 j\u00f3 bor duk\u00e1l. A t\u00f3part \u00e9s a hegyek l\u00e1tv\u00e1nya tov\u00e1bb fokozza az \u00e9lm\u00e9nyt. Olvasson tov\u00e1bb a hal\u00e9telek kedvel\u0151inek sz\u00f3l\u00f3 Via Culinaria gasztrot\u00far\u00e1r\u00f3l. Kattintson <\/span><a href=\"https:\/\/www.salzburgerland.com\/hu\/halkedvelok-gasztroturaja\/\" rel=\"noopener noreferrer\"><strong>ide<\/strong><\/a><span>.<\/span><\/p>\n<div id=\"attachment_4274\" style=\"width: 1180px\" class=\"wp-caption alignnone\"><img decoding=\"async\" aria-describedby=\"caption-attachment-4274\" class=\"size-1170_658 wp-image-4274\" src=\"https:\/\/cdn.salzburgerland.com\/hu\/wp-content\/uploads\/2019\/04\/kulinarische-3berge-tour-nadia-jabli-photography-altenmarkt-zauchensee-tourismus-5220-1170x658.jpg\" alt=\"\" width=\"1170\" height=\"658\" srcset=\"https:\/\/www.salzburgerland.com\/hu\/wp-content\/uploads\/2019\/04\/kulinarische-3berge-tour-nadia-jabli-photography-altenmarkt-zauchensee-tourismus-5220-1170x658.jpg 1170w, https:\/\/www.salzburgerland.com\/hu\/wp-content\/uploads\/2019\/04\/kulinarische-3berge-tour-nadia-jabli-photography-altenmarkt-zauchensee-tourismus-5220-1200x675.jpg 1200w\" sizes=\"(max-width: 1170px) 100vw, 1170px\"><p id=\"caption-attachment-4274\" class=\"wp-caption-text\">H\u00e1rom hegy gasztrot\u00far\u00e1j\u00e1n \u00a9 Altenmarkt-Zauchensee Tourismus, Nadia Jabli Photography<\/p><\/div>\n<h2>H\u00fas\u00e9telek a legjobb alapanyagokb\u00f3l \u2013 gasztron\u00f3miai \u00fatvonal a \u201eh\u00fast h\u00fassal\u201d h\u00edveinek<\/h2>\n<p><span lang=\"DE\"><span color=\"#000000\" size=\"3\">Salzburg tartom\u00e1ny h\u00fasterm\u00e9kei vil\u00e1gh\u00edr\u0171ek: k\u00f6zt\u00fck a <strong>pinzgaui marhah\u00fas<\/strong>, ebb\u0151l k\u00e9sz\u00fcl a legjobb f\u0151tt marhafart\u0151. A r\u00e9gi\u00f3k m\u00e9sz\u00e1rosmesterei, t\u00f6bbcsillagos s\u00e9fjei \u00e9s fogad\u00f3sai mindent tudnak a<strong> tennengaui hegyi b\u00e1r\u00e1ny<\/strong><\/span><\/span><span>, a <\/span><strong>pongaui vadh\u00fas<\/strong><span>, az alpesi legel\u0151k\u00f6n h\u00edzlalt <\/span><strong><span id=\"urn:enhancement-0f948dfe-e235-8f53-4429-d13da3b9570e\">sert\u00e9s<\/span> \u00e9s a kecskegida <\/strong><span>h\u00fas\u00e1nak elk\u00e9sz\u00edt\u00e9s\u00e9r\u0151l. K\u00fcl\u00f6n\u00f6sen \u00edzletesek a\u00a0<\/span><strong>h\u00fasosszalonna- \u00e9s kolb\u00e1szk\u00fcl\u00f6nlegess\u00e9gek<\/strong><span>, p\u00e9ld\u00e1ul az <\/span><strong>almat\u00f6rk\u00f6llyel nemes\u00edtett pinzgaui h\u00fasos szalonna<\/strong><span> \u00e9s az erdei m\u00e9zzel \u00edzes\u00edtett f\u00fcst\u00f6lt marhakolb\u00e1sz. <\/span><strong><a href=\"https:\/\/www.salzburgerland.com\/hu\/hust-hussal-gasztrotura\/\" rel=\"noopener noreferrer\">Itt<\/a> <\/strong><span>olvashat r\u00f3luk b\u0151vebben.<\/span><\/p>\n<div id=\"attachment_5037\" style=\"width: 1180px\" class=\"wp-caption alignnone\"><img decoding=\"async\" aria-describedby=\"caption-attachment-5037\" class=\"size-1170_658 wp-image-5037\" src=\"https:\/\/cdn.salzburgerland.com\/hu\/wp-content\/uploads\/2016\/11\/-salzburgerland-tourismus_tauernlamm-1170x658.jpg\" alt=\"\" width=\"1170\" height=\"658\" srcset=\"https:\/\/www.salzburgerland.com\/hu\/wp-content\/uploads\/2016\/11\/-salzburgerland-tourismus_tauernlamm-1170x658.jpg 1170w, https:\/\/www.salzburgerland.com\/hu\/wp-content\/uploads\/2016\/11\/-salzburgerland-tourismus_tauernlamm-1200x675.jpg 1200w\" sizes=\"(max-width: 1170px) 100vw, 1170px\"><p id=\"caption-attachment-5037\" class=\"wp-caption-text\">Roppant \u00edzletes a Magas-Tauern vid\u00e9k\u00e9n nevelt b\u00e1r\u00e1ny h\u00fasa \u00a9 SalzburgerLand Tourismus<\/p><\/div>\n<h2>Gy\u00f3gy- \u00e9s f\u0171szern\u00f6v\u00e9nyek gasztron\u00f3miai \u00fatvonala<\/h2>\n<p><span>A <\/span><span id=\"urn:enhancement-5113087c-048c-ed7b-1b1e-f34414323ba7\">salzburgi<\/span><span> hegyi legel\u0151k\u00f6n, a v\u00f6lgyekben, a kolostorok romantikus kertjeinek falai k\u00f6z\u00f6tt \u00e9s a nagy gonddal \u00e1polt falusi kiskertekben gy\u00f3gy\u00edt\u00f3 erej\u0171 <\/span><span id=\"urn:enhancement-b33e4959-51a8-1af9-cccd-04cf5b18cbfd\">n\u00f6v\u00e9nyek<\/span><span> eg\u00e9sz sora terem. <\/span><strong>\u00c9szaki kakukkf\u0171, podagraf\u0171, levendula<\/strong><span> \u2026 v\u00e9gtelen a <\/span><span id=\"urn:enhancement-327b21dd-bdd4-e2c4-6783-1e447f6e08a3\">gy\u00f3gyn\u00f6v\u00e9nyek<\/span><span> sora \u00e9s messze terjed a hat\u00e1suk is. A r\u00e9gr\u0151l fennmaradt tud\u00e1st tov\u00e1bbviv\u0151 <\/span><strong>gy\u00f3gyn\u00f6v\u00e9nyszak\u00e9rt\u0151k\u00a0<\/strong><span>te\u00e1kat, j\u00f3t\u00e9kony hat\u00e1s\u00fa gy\u00f3gy\u00edrokat, term\u00e9szetes tinkt\u00far\u00e1kat k\u00e9sz\u00edtenek bel\u0151l\u00fck. M\u00e9lt\u00e1n jut megbecs\u00fclt szerep a gy\u00f3gy- \u00e9s f\u0171szern\u00f6v\u00e9nyeknek a konyh\u00e1ban is. Ak\u00e1r t\u00f6bbcsillagos <\/span><span id=\"urn:enhancement-77267798-630b-e061-20cc-49f3c6f7ee9f\">\u00e9tteremben<\/span><span>, ak\u00e1r hegyi h\u00fctt\u00e9k konyh\u00e1j\u00e1ban k\u00e9sz\u00fclj\u00f6n is az \u00e9tel, a friss f\u0171szern\u00f6v\u00e9nyek mindig csod\u00e1t m\u0171velnek \u00e9s <\/span><strong>j\u00f3 hat\u00e1ssal vannak az eg\u00e9szs\u00e9gre<\/strong><span> is. A <\/span><strong><a href=\"https:\/\/www.salzburgerland.com\/hu\/gasztrotura-a-gyogy-es-fuszernoevenyek-jegyeben\/\" rel=\"noopener noreferrer\">gy\u00f3gyn\u00f6v\u00e9nykertek \u00e9lm\u00e9ny\u00fatvonala<\/a> <\/strong><span>a f\u00fcvekkel v\u00e9gzett gy\u00f3gy\u00edt\u00e1s \u00e9s f\u0151z\u00e9s titkainak nyom\u00e1ban vezet. A <\/span><strong>havasi legel\u0151k gy\u00f3gyn\u00f6v\u00e9nykertjeibe<\/strong><span> l\u00e1togatni, a szabadban gy\u00f3gy- \u00e9s f\u0171szern\u00f6v\u00e9nyeket gy\u0171jteni nagy \u00e9lm\u00e9ny. H\u00e1t m\u00e9g a felfedez\u00e9s, milyen gazdag felhaszn\u00e1l\u00e1si lehet\u0151s\u00e9gek ny\u00edlnak s\u00fct\u00e9s-f\u0151z\u00e9sn\u00e9l \u00e9s a h\u00e1zi gy\u00f3gy\u00edt\u00e1sban is.<\/span><\/p>\n<div id=\"attachment_7530\" style=\"width: 1180px\" class=\"wp-caption alignnone\"><img decoding=\"async\" aria-describedby=\"caption-attachment-7530\" class=\"size-1170_658 wp-image-7530\" src=\"https:\/\/cdn.salzburgerland.com\/hu\/wp-content\/uploads\/2016\/11\/rs2714_vitus-cooking_bild4_0686-1170x658.jpg\" alt=\"\" width=\"1170\" height=\"658\" srcset=\"https:\/\/www.salzburgerland.com\/hu\/wp-content\/uploads\/2016\/11\/rs2714_vitus-cooking_bild4_0686-1170x658.jpg 1170w, https:\/\/www.salzburgerland.com\/hu\/wp-content\/uploads\/2016\/11\/rs2714_vitus-cooking_bild4_0686-1200x675.jpg 1200w\" sizes=\"(max-width: 1170px) 100vw, 1170px\"><p id=\"caption-attachment-7530\" class=\"wp-caption-text\">Raurisi \u0151zh\u00fas, ahogy a salzburgi mesterszak\u00e1csok egyik legnevesebbike, Vitus Winkler k\u00e9sz\u00edti \u00a9 SalzburgerLand Tourismus, Andreas Hechenberger<\/p><\/div>\n<h2>Bio \u00e9telek gasztron\u00f3miai \u00fatvonala<\/h2>\n<p><span color=\"#000000\" size=\"3\">A salzburgiak el\u0151szeretettel veszik a tejet, vajat, sajtot <strong>k\u00f6zvetlen\u00fcl a termel\u0151kt\u0151l<\/strong>. \u00c1ltal\u00e1ban \u00fcgyelnek arra, hogy ha csak lehet, a r\u00e9gi\u00f3 term\u00e9keit v\u00e1s\u00e1rolj\u00e1k. Eg\u00e9sz Eur\u00f3p\u00e1ban <strong>sehol sincs annyi biogazda \u00e9s biotermel\u0151<\/strong> mit Salzburg tartom\u00e1nyban. A bio \u00e9lelmiszerek, bioterm\u00e9kek fogyaszt\u00e1sa j\u00f3ideje <strong>nem csak puszta trend<\/strong><\/span><span> <\/span><span color=\"#000000\" size=\"3\">a salzburgi r\u00e9gi\u00f3kban, hanem a sz\u00ednvonalas, eg\u00e9szs\u00e9ges t\u00e1pl\u00e1lkoz\u00e1s m\u00e9rc\u00e9je. A Via Culinaria csaknem h\u00fasz c\u00edmet aj\u00e1nl a <strong><a href=\"https:\/\/www.salzburgerland.com\/hu\/via-culinaria-bio-elelmiszerek\/\" rel=\"noopener noreferrer\">bio \u00e9lelmiszerek gasztron\u00f3miai \u00fatvonal\u00e1n<\/a><\/strong>. Sz\u00e1llod\u00e1kat, \u00e9ttermeket, vid\u00e9ki fogad\u00f3kat \u00e9s termel\u0151i boltokat, melyek nem csup\u00e1n a bioterm\u00e9k-rajong\u00f3k \u00e9rdekl\u0151d\u00e9s\u00e9re tarthatnak sz\u00e1mot. \u00c9rdemes felkeresni\u00fck \u0151ket mindazoknak, akiknek fontos, hogy lehet\u0151leg helyben termett, a <strong>fenntarthat\u00f3s\u00e1g jegy\u00e9ben<\/strong> el\u0151\u00e1ll\u00edtott \u00e9lelmiszereket fogyasszanak. <\/span><a href=\"https:\/\/www.salzburgerland.com\/hu\/via-culinaria-bio-elelmiszerek\/\" rel=\"noopener noreferrer\"><strong>Itt<\/strong><\/a><span> tal\u00e1l r\u00e9szletesebb inform\u00e1ci\u00f3t a salzburgi biogazd\u00e1kr\u00f3l.<\/span><\/p>\n<div id=\"attachment_7513\" style=\"width: 1180px\" class=\"wp-caption alignnone\"><img decoding=\"async\" aria-describedby=\"caption-attachment-7513\" class=\"size-1170_658 wp-image-7513\" src=\"https:\/\/cdn.salzburgerland.com\/hu\/wp-content\/uploads\/2016\/11\/kraeuter-kocher-andreas-1170x658.jpg\" alt=\"\" width=\"1170\" height=\"658\" srcset=\"https:\/\/www.salzburgerland.com\/hu\/wp-content\/uploads\/2016\/11\/kraeuter-kocher-andreas-1170x658.jpg 1170w, https:\/\/www.salzburgerland.com\/hu\/wp-content\/uploads\/2016\/11\/kraeuter-kocher-andreas-1200x675.jpg 1200w\" sizes=\"(max-width: 1170px) 100vw, 1170px\"><p id=\"caption-attachment-7513\" class=\"wp-caption-text\">Ernst Kocher biogazda gy\u00f3gy- \u00e9s f\u0171szern\u00f6v\u00e9ny-kertj\u00e9ben \u00a9 SalzburgerLand Tourismus, Helge Kirchberger<\/p><\/div>\n<h2>Igaz\u00e1n j\u00f3 sajtok gasztron\u00f3miai \u00fatvonala<\/h2>\n<p><span>A sajtk\u00e9sz\u00edt\u00e9s m\u0171v\u00e9szet\u00e9hez f\u0171z\u0151d\u0151 hagyom\u00e1nyos ismereteknek \u00e9s gyakorlati tapasztalatoknak nagy a szerep\u00fck <\/span><span id=\"urn:enhancement-9fb748e0-d3d1-bc80-4cd1-f270ea622a47\">Salzburg tartom\u00e1nyban<\/span><span>. Nem csoda, hiszen a j\u00f3 sajtnak nagy a becs\u00fclete errefel\u00e9. <\/span><strong>Tennengaui alpesi sajt<\/strong><span>, <\/span><strong>pinzgaui s\u00f6rsajt<\/strong><span>, friss sz\u00e9n\u00e1val t\u00e1pl\u00e1lt tehenek tej\u00e9b\u0151l k\u00e9sz\u00fcl\u0151 <\/span><strong>flachgaui sajt<\/strong><span>, a lungaui sajtfiloz\u00f3fus Gunther Naynar <\/span><strong>kecskesajtk\u00fcl\u00f6nlegess\u00e9gei<\/strong><span> \u2026 folytathatn\u00e1nk a sort. <\/span><strong>\u00d6tletgazdag sajtmanufakt\u00far\u00e1kban<\/strong><span>, sajt\u00fczemekben, delik\u00e1tesz\u00fczletekben, hegyi legel\u0151k\u00f6n \u00e9s \u00e9ttermekben \u2013 <\/span><strong>kifejezetten <span id=\"urn:enhancement-d02c95e5-d8d1-7a74-863b-3c91f1b81b01\">salzburgi<\/span> sajtspecialit\u00e1sokkal\u00a0<\/strong><span>tal\u00e1lkozhatunk. \u00c9vr\u0151l \u00e9vre \u00fajdons\u00e1gok jelennek meg. A tennengaui havasi legel\u0151k\u00f6n sajtszak\u00e9rt\u0151t\u0151l tudhatjuk meg\u00a0\u201ea sajt titk\u00e1t\u201c. <\/span><strong><a href=\"https:\/\/www.salzburgerland.com\/hu\/sajtmaniasok-gasztroturaja\/\" rel=\"noopener noreferrer\">Itt<\/a><\/strong><span> olvashat b\u0151vebben a sajtok \u00e9lm\u00e9ny\u00fatvonal\u00e1r\u00f3l.<\/span><\/p>\n<div id=\"attachment_5030\" style=\"width: 1180px\" class=\"wp-caption alignnone\"><img decoding=\"async\" aria-describedby=\"caption-attachment-5030\" class=\"size-1170_658 wp-image-5030\" src=\"https:\/\/cdn.salzburgerland.com\/hu\/wp-content\/uploads\/2016\/11\/-salzburgerland-tourismus-hans-huber_ziegenkaese-etc-1170x658.jpg\" alt=\"\" width=\"1170\" height=\"658\" srcset=\"https:\/\/www.salzburgerland.com\/hu\/wp-content\/uploads\/2016\/11\/-salzburgerland-tourismus-hans-huber_ziegenkaese-etc-1170x658.jpg 1170w, https:\/\/www.salzburgerland.com\/hu\/wp-content\/uploads\/2016\/11\/-salzburgerland-tourismus-hans-huber_ziegenkaese-etc-1200x675.jpg 1200w\" sizes=\"(max-width: 1170px) 100vw, 1170px\"><p id=\"caption-attachment-5030\" class=\"wp-caption-text\">Kecskesajt \u00a9 SalzburgerLand Tourismus, Hans Huber<\/p><\/div>\n<h2>A s\u00f6r \u00e9s a p\u00e1linka gasztron\u00f3miai \u00fatvonala<\/h2>\n<p><span id=\"urn:enhancement-b1c86147-2e8d-bbf5-3891-915ccd3e5f1c\">Salzburg<\/span><span> v\u00e1ros\u00e1ban t\u00f6bb \u00e9vsz\u00e1zados a <\/span><strong>s\u00f6rf\u0151z\u00e9s<\/strong><span> hagyom\u00e1nya. Itt m\u00e1r 1492-ben is f\u0151ztek s\u00f6rt. A s\u00f6rbar\u00e1tok el-elcsod\u00e1lkoznak a v\u00e1laszt\u00e9k rendk\u00edv\u00fcli sokf\u00e9les\u00e9g\u00e9n. Kaphat\u00f3 t\u00f6bbsz\u00e1z \u00e9ves kolostori s\u00f6rf\u0151zdei hagyom\u00e1nyok szerint k\u00e9sz\u00edtett s\u00f6r, k\u00fcl\u00f6nleges s\u00f6rkre\u00e1ci\u00f3k, s\u0151t a vil\u00e1gon egyed\u00fcl\u00e1ll\u00f3 <\/span><strong>bios\u00f6r<\/strong><span>.<\/span> <span>K\u00f6z\u00f6s von\u00e1suk, hogy <strong>v\u00e1logatott alapanyagokb\u00f3l<\/strong>, nagy odaad\u00e1ssal k\u00e9sz\u00fclnek. Szerte a vil\u00e1gon csak itt \u00e1ll\u00edtanak el\u0151 bios\u00f6rt, szigor\u00fa Demeter-f\u00e9le el\u0151\u00edr\u00e1sok szerint. A s\u00f6r j\u00f3t\u00e9kony jelenl\u00e9te felismerhet\u0151 a egyes fogad\u00f3k \u00e9s \u00e9ttermek \u00e9tlapj\u00e1n is: sz\u00e1mtalan a s\u00f6rrel k\u00e9sz\u00fcl\u0151 \u00e9rdekes fog\u00e1s.<\/span><\/p>\n<div id=\"attachment_7547\" style=\"width: 1180px\" class=\"wp-caption alignnone\"><img decoding=\"async\" aria-describedby=\"caption-attachment-7547\" class=\"size-1170_658 wp-image-7547\" src=\"https:\/\/cdn.salzburgerland.com\/hu\/wp-content\/uploads\/2016\/11\/rs941_trumer_399-hpr-1170x658.jpg\" alt=\"\" width=\"1170\" height=\"658\" srcset=\"https:\/\/www.salzburgerland.com\/hu\/wp-content\/uploads\/2016\/11\/rs941_trumer_399-hpr-1170x658.jpg 1170w, https:\/\/www.salzburgerland.com\/hu\/wp-content\/uploads\/2016\/11\/rs941_trumer_399-hpr-1200x675.jpg 1200w\" sizes=\"(max-width: 1170px) 100vw, 1170px\"><p id=\"caption-attachment-7547\" class=\"wp-caption-text\">A Trumer Privatbrauerei s\u00f6rf\u0151zde \u00a9 SalzburgerLand Tourismus, Helge Kirchberger<\/p><\/div>\n<p><span color=\"#000000\" size=\"3\">Hasonl\u00f3 a helyzet a <strong><span id=\"urn:enhancement-4c28d0df-ee36-1ef1-f586-b9051644ef0a\">p\u00e1linka<\/span><\/strong><\/span><strong>-manufakt\u00far\u00e1k<\/strong><span>ban. Tartom\u00e1nyszerte megtal\u00e1lhat\u00f3k a <\/span><span id=\"urn:local-text-annotation-xuw51a1wmpjfr9q7ht8t8xwzklb7scz9\" itemid=\"http:\/\/open.salzburgerland.com\/hu\/entity\/palinka\">p\u00e1linka<\/span><span> \u00e9s gin alapanyag\u00e1t szolg\u00e1ltat\u00f3 gy\u00fcm\u00f6lcs\u00f6skertek. A <\/span><span id=\"urn:enhancement-e61b59d6-9d7d-3441-9e7f-1379fe6602e2\">salzburgi<\/span><span> <\/span><span id=\"urn:enhancement-382ea411-a730-a201-8959-95a5a2a83fb1\">k\u00f6rt\u00e9t<\/span><span> \u00e9s mad\u00e1rberkeny\u00e9t, csak\u00fagy, mint minden m\u00e1s gy\u00fcm\u00f6lcs\u00f6t,\u00a0gondosan gy\u0171jtik be \u00e9s dolgozz\u00e1k fel. A klasszikusok egyike a <\/span><strong>cirb<\/strong><strong>olyap\u00e1linka<\/strong><span>, a kreat\u00edv \u00fajdons\u00e1gok sor\u00e1ban a <\/span><strong>ba<\/strong><strong>ks\u00f6rb\u0151l <span id=\"urn:enhancement-c528b8c2-c4a7-b64d-4428-e90376dff92b\">\u00e9getett szesz<\/span><\/strong><span> (Bockbier Schnaps) t\u0171nik ki. K\u00fcl\u00f6nleges \u00edz\u00e9lm\u00e9nyt ad kit\u00fcntetett saalfeldeni <\/span><a href=\"http:\/\/herzogdestillate.at\/news-aktuelles\/geschenksideen\/\" target=\"_blank\" rel=\"noopener noreferrer\"><strong>Sigi Herzog<\/strong><\/a><span> term\u00e9ke, az <\/span><strong>H\u00e5gmoar<\/strong><span> <\/span><strong>gin<\/strong><span>.<\/span><\/p>\n<div id=\"attachment_5040\" style=\"width: 1180px\" class=\"wp-caption alignnone\"><img decoding=\"async\" aria-describedby=\"caption-attachment-5040\" class=\"size-1170_658 wp-image-5040\" src=\"https:\/\/cdn.salzburgerland.com\/hu\/wp-content\/uploads\/2016\/11\/-salzburgerland-tourismus-andreas-hechenberger--alpin-gin-a-guglhof-plinkafzdbl-1170x658.jpg\" alt=\"\" width=\"1170\" height=\"658\" srcset=\"https:\/\/www.salzburgerland.com\/hu\/wp-content\/uploads\/2016\/11\/-salzburgerland-tourismus-andreas-hechenberger--alpin-gin-a-guglhof-plinkafzdbl-1170x658.jpg 1170w, https:\/\/www.salzburgerland.com\/hu\/wp-content\/uploads\/2016\/11\/-salzburgerland-tourismus-andreas-hechenberger--alpin-gin-a-guglhof-plinkafzdbl-1200x675.jpg 1200w\" sizes=\"(max-width: 1170px) 100vw, 1170px\"><p id=\"caption-attachment-5040\" class=\"wp-caption-text\">Alpin Gin a Guglhof p\u00e1linka-manufakt\u00far\u00e1b\u00f3l \u00a9 SalzburgerLand Tourismus, Andreas Hechenberger<\/p><\/div>\n<p><a href=\"https:\/\/www.salzburgerland.com\/hu\/soer-es-palinkabaratok-gasztroturaja\/\" rel=\"noopener noreferrer\"><strong>Itt<\/strong><\/a><span> olvashat b\u0151vebben a s\u00f6r \u00e9s p\u00e1linka t\u00e9m\u00e1ban aj\u00e1nlott Via Culinaria \u00fatvonalr\u00f3l.<\/span><\/p>\n<h2>A cukr\u00e1szd\u00e1k \u00e9s csokol\u00e1d\u00e9 k\u00fcl\u00f6nlegess\u00e9gek gasztron\u00f3miai \u00fatvonala<\/h2>\n<p><span color=\"#000000\" size=\"3\">A Salzburgban \u00e9vsz\u00e1zadokon \u00e1t uralkod\u00f3 herceg\u00e9rsekeknek nem kis szerep\u00fck volt a\u00a0<span id=\"urn:enhancement-6197d112-a853-065a-75fa-a936e96b4d9e\">Salzburg tartom\u00e1nyban\u00a0<\/span>napjainkban is nagy jelent\u0151s\u00e9ggel b\u00edr\u00f3 \u00e9dess\u00e9gk\u00e9sz\u00edt\u00e9s hagyom\u00e1nyainak megalapoz\u00e1s\u00e1ban. \u0150k t\u00f6bbnyire titokban h\u00f3doltak az \u00e9dess\u00e9gek \u00e9lvezet\u00e9nek \u00e9s rajongtak a vil\u00e1gh\u00edr\u0171 <strong><span id=\"urn:enhancement-1c336f2e-ecec-f2ef-abf5-ea7f152569c3\">salzburgi galusk\u00e1\u00e9rt<\/span><\/strong>. A Via Culinaria <span id=\"urn:enhancement-429dff27-5e04-2f52-7ca5-a71f572e9585\">17<\/span> kiemelt helyet tart sz\u00e1mon az <a href=\"https:\/\/www.salzburgerland.com\/hu\/edesszajuak-gasztroturaja\/\" rel=\"noopener noreferrer\"><strong>\u00e9dess\u00e9gek gasztrot\u00far\u00e1j\u00e1n<\/strong><\/a>. <strong>H\u00e1zi s\u00fctem\u00e9nyek \u00e9s tort\u00e1k<\/strong> cs\u00e1b\u00edtanak a\u00a0<\/span><span id=\"urn:enhancement-fb4a9a58-13ac-7fb8-6082-5a00b77c9b77\">salzburgi<\/span><span> \u00f3v\u00e1ros nagy hagyom\u00e1ny\u00fa k\u00e1v\u00e9h\u00e1zaiban, p\u00e9ld\u00e1ul <\/span><a href=\"http:\/\/www.tomaselli.at\/en\/caf%C3%A9-tomaselli-en\" target=\"_blank\" rel=\"noopener noreferrer\"><strong>Tomasellin\u00e9l<\/strong><\/a><span> \u00e9s a <\/span><a href=\"https:\/\/www.fuerst.cc\/en\" target=\"_blank\" rel=\"noopener noreferrer\"><strong>Caf\u00e9 F\u00fcrst-ben<\/strong><\/a><span>. A region\u00e1lis jellegre t\u00f6rekv\u00e9s jegy\u00e9ben <\/span><strong>alpesi tej<\/strong><span> \u00e9s <\/span><strong>helyben termett \u00edzes gy\u00fcm\u00f6lcs<\/strong><span> ker\u00fcl felhaszn\u00e1l\u00e1sra.<\/span><\/p>\n<div id=\"attachment_5045\" style=\"width: 1180px\" class=\"wp-caption alignnone\"><img decoding=\"async\" aria-describedby=\"caption-attachment-5045\" class=\"size-1170_658 wp-image-5045\" src=\"https:\/\/cdn.salzburgerland.com\/hu\/wp-content\/uploads\/2016\/11\/-salzburgerland_zuckersuesse-versuchungen-im-caf-fuerst--1170x658.jpg\" alt=\"\" width=\"1170\" height=\"658\" srcset=\"https:\/\/www.salzburgerland.com\/hu\/wp-content\/uploads\/2016\/11\/-salzburgerland_zuckersuesse-versuchungen-im-caf-fuerst--1170x658.jpg 1170w, https:\/\/www.salzburgerland.com\/hu\/wp-content\/uploads\/2016\/11\/-salzburgerland_zuckersuesse-versuchungen-im-caf-fuerst--1200x675.jpg 1200w\" sizes=\"(max-width: 1170px) 100vw, 1170px\"><p id=\"caption-attachment-5045\" class=\"wp-caption-text\">A tartom\u00e1nyi f\u0151v\u00e1rosban, Salzburgban j\u00e1rva ne ker\u00fclj\u00fck el a Caf\u00e8 F\u00fcrst k\u00e1v\u00e9h\u00e1zat. Itt kaphat\u00f3 az eredeti, ez\u00fcstpap\u00edros Mozart-goly\u00f3 is! \u00a9 SalzburgerLand Tourismus<\/p><\/div>\n<p><span>K\u00fcl\u00f6nleges fagylaltoz\u00f3ra tal\u00e1lunk St. Gilgenben, Mattsee-ben \u00e9s Gollingban, Lofer pedig a <\/span><strong><a href=\"http:\/\/www.confiserie-berger.at\/en\" target=\"_blank\" rel=\"noopener noreferrer\">Berger Feinste Confiserie<\/a><\/strong><span> csokol\u00e1d\u00e9manufakt\u00fara f\u0151hadisz\u00e1ll\u00e1sa.<\/span><\/p>\n<h2>A legjobb konyh\u00e1t vezet\u0151 h\u00fctt\u00e9k gasztron\u00f3miai \u00fatvonala<\/h2>\n<p><span>Salzburg tartom\u00e1nyban sz\u00e1mtalan h\u00fctte v\u00e1rja a bet\u00e9r\u0151ket. T\u00e9len a s\u00edel\u0151k, ny\u00e1ron a t\u00far\u00e1z\u00f3k \u00e9s bring\u00e1sok \u00f6r\u00f6m\u00e9re. <\/span><strong><a href=\"https:\/\/www.salzburgerland.com\/hu\/kiemelt-sihuettek-gasztroturaja\/\" rel=\"noopener noreferrer\">Huszonhat h\u00fctte ker\u00fclt be a Via Culinaria \u00fatvonal\u00e1nak aj\u00e1nl\u00e1sai k\u00f6z\u00e9<\/a><\/strong><span>. Az alpesi ny\u00e1r h\u00f3napjaiban, vagyis az id\u0151j\u00e1r\u00e1st\u00f3l f\u00fcgg\u0151en kb. j\u00fanius k\u00f6zep\u00e9t\u0151l augusztus v\u00e9g\u00e9ig nyitva tart\u00f3 h\u00fctt\u00e9k \u00e1ltal\u00e1ban t\u00f6bbsz\u00e1z \u00e9ves, hangulatos fah\u00e1zak, de van k\u00f6zt\u00fck \u00fajabb kelet\u0171 is.<\/span><\/p>\n<div id=\"attachment_6120\" style=\"width: 1180px\" class=\"wp-caption alignnone\"><img decoding=\"async\" aria-describedby=\"caption-attachment-6120\" class=\"size-1170_658 wp-image-6120\" src=\"https:\/\/cdn.salzburgerland.com\/hu\/wp-content\/uploads\/2019\/08\/saalbach-com-sandra-birklbauer-1-1170x658.jpg\" alt=\"\" width=\"1170\" height=\"658\" srcset=\"https:\/\/www.salzburgerland.com\/hu\/wp-content\/uploads\/2019\/08\/saalbach-com-sandra-birklbauer-1-1170x658.jpg 1170w, https:\/\/www.salzburgerland.com\/hu\/wp-content\/uploads\/2019\/08\/saalbach-com-sandra-birklbauer-1-1200x675.jpg 1200w\" sizes=\"(max-width: 1170px) 100vw, 1170px\"><p id=\"caption-attachment-6120\" class=\"wp-caption-text\">A h\u00fctt\u00e9kben \u00e9s fogad\u00f3kban hangulatos vend\u00e9gl\u00e1t\u00e1sban r\u00e9szes\u00fcl\u00fcnk. \u00a9 Saalfelden Leogang, Sandra Birklbauer<\/p><\/div>\n<h2>A fogad\u00f3k gasztron\u00f3miai \u00fatvonala<\/h2>\n<p><span>A fogad\u00f3k Salzburg tartom\u00e1ny gasztron\u00f3miai t\u00f6rt\u00e9nelm\u00e9nek \u00e9s hagyom\u00e1nyainak szerves r\u00e9sz\u00e9t k\u00e9pezik. Legyen sz\u00f3 h\u00fasr\u00f3l, halr\u00f3l, veget\u00e1ri\u00e1nus \u00e9telekr\u0151l vagy \u00e9dess\u00e9gr\u0151l, <strong>a ma n\u00e9pszer\u0171 \u00e9s ismert \u00e9telek nagy r\u00e9sze innen ered<\/strong>. 2021-t\u0151l \u00fajdons\u00e1g a Via Culinaria \u00fatvonalai k\u00f6z\u00f6tt a <strong><a href=\"https:\/\/www.salzburgerland.com\/hu\/via-culinaria-fogadok\/\">fogad\u00f3k gasztrot\u00far\u00e1ja<\/a><\/strong>, ezzel egy\u00fctt m\u00e1r <strong>10 \u00fatvonalat<\/strong> tartalmaz a kalauz.<\/span><\/p>\n<div id=\"attachment_12522\" style=\"width: 1034px\" class=\"wp-caption alignnone\"><img decoding=\"async\" aria-describedby=\"caption-attachment-12522\" class=\"size-medium wp-image-12522\" src=\"https:\/\/cdn.salzburgerland.com\/hu\/wp-content\/uploads\/2021\/05\/rs3061_2019-05-24-sltg-pilgershooting-lofer-mattsee-by-michael-groessinger-img_7523-scr-1100x658-1-1024x569.jpg\" alt=\"\" width=\"1024\" height=\"569\" srcset=\"https:\/\/www.salzburgerland.com\/hu\/wp-content\/uploads\/2021\/05\/rs3061_2019-05-24-sltg-pilgershooting-lofer-mattsee-by-michael-groessinger-img_7523-scr-1100x658-1-1024x569.jpg 1024w, https:\/\/www.salzburgerland.com\/hu\/wp-content\/uploads\/2021\/05\/rs3061_2019-05-24-sltg-pilgershooting-lofer-mattsee-by-michael-groessinger-img_7523-scr-1100x658-1-370x206.jpg 370w, https:\/\/www.salzburgerland.com\/hu\/wp-content\/uploads\/2021\/05\/rs3061_2019-05-24-sltg-pilgershooting-lofer-mattsee-by-michael-groessinger-img_7523-scr-1100x658-1-270x150.jpg 270w, https:\/\/www.salzburgerland.com\/hu\/wp-content\/uploads\/2021\/05\/rs3061_2019-05-24-sltg-pilgershooting-lofer-mattsee-by-michael-groessinger-img_7523-scr-1100x658-1-540x300.jpg 540w\" sizes=\"(max-width: 1024px) 100vw, 1024px\"><p id=\"caption-attachment-12522\" class=\"wp-caption-text\">Trad\u00edcion\u00e1lis fogad\u00f3 \u00a9 SalzburgerLand Tourismus, Michael Groessinge<\/p><\/div>\n","protected":false},"excerpt":{"rendered":"<p>A salzburgi r\u00e9gi\u00f3k mindig is hagyom\u00e1nyosan j\u00f3 konyh\u00e1val k\u00e9nyeztett\u00e9k vend\u00e9geiket. Napjaink virtu\u00f3z szak\u00e1csai\u00a0igyekeznek kreat\u00edvan \u00fajra\u00e9rtelmezni a hagyom\u00e1nyos recepteket, an\u00e9lk\u00fcl azonban, hogy az eredeti jelleg veszend\u0151be menne. A Via Culinaria tematikus \u00fatvonalai 330 c\u00edmet aj\u00e1nlanak az \u00e9rdekl\u0151d\u0151k figyelm\u00e9be. Megtudhatjuk az \u00fatikalauzb\u00f3l, hol t\u00e1lalj\u00e1k a legjobb h\u00fas\u00e9teleket, a legkiv\u00e1l\u00f3bb hal\u00e9teleket \u00e9s sajtokat, hol vannak a legjobb cukr\u00e1szd\u00e1k, [&hellip;]<\/p>\n","protected":false},"author":4,"featured_media":6468,"comment_status":"closed","ping_status":"closed","template":"","meta":{"_acf_changed":false,"wl_entities_gutenberg":"","_relevanssi_hide_post":"","_relevanssi_hide_content":"","_relevanssi_pin_for_all":"","_relevanssi_pin_keywords":"","_relevanssi_unpin_keywords":"","_relevanssi_related_keywords":"","_relevanssi_related_include_ids":"","_relevanssi_related_exclude_ids":"","_relevanssi_related_no_append":"","_relevanssi_related_not_related":"","_relevanssi_related_posts":"","_relevanssi_noindex_reason":"","footnotes":""},"categories":[],"tags":[162,164,161],"wl_entity_type":[2],"class_list":["post-9531","entity","type-entity","status-publish","has-post-thumbnail","hentry","tag-alpesi-konyha","tag-gasztronomia","tag-via-culinaria","wl_entity_type-thing","sitetype-theme"],"acf":[],"yoast_head":"<!-- This site is optimized with the Yoast SEO Premium plugin v27.4 (Yoast SEO v27.4) - https:\/\/yoast.com\/product\/yoast-seo-premium-wordpress\/ -->\n<title>Via Culinaria \u00bb SalzburgerLand.com<\/title>\n<meta name=\"robots\" content=\"index, follow, max-snippet:-1, max-image-preview:large, max-video-preview:-1\" \/>\n<link rel=\"canonical\" href=\"https:\/\/www.salzburgerland.com\/hu\/via-culinaria\/\" \/>\n<meta property=\"og:locale\" content=\"hu_HU\" \/>\n<meta property=\"og:type\" content=\"article\" \/>\n<meta property=\"og:title\" content=\"Via Culinaria\" \/>\n<meta property=\"og:description\" content=\"A salzburgi r\u00e9gi\u00f3k mindig is hagyom\u00e1nyosan j\u00f3 konyh\u00e1val k\u00e9nyeztett\u00e9k vend\u00e9geiket. Napjaink virtu\u00f3z szak\u00e1csai\u00a0igyekeznek kreat\u00edvan \u00fajra\u00e9rtelmezni a\" \/>\n<meta property=\"og:url\" content=\"https:\/\/www.salzburgerland.com\/hu\/via-culinaria\/\" \/>\n<meta property=\"og:site_name\" content=\"SalzburgerLand.com\" \/>\n<meta property=\"article:publisher\" content=\"https:\/\/www.facebook.com\/visitsalzburgerland\/\" \/>\n<meta property=\"article:modified_time\" content=\"2023-04-12T19:27:19+00:00\" \/>\n<meta property=\"og:image\" content=\"https:\/\/www.salzburgerland.com\/hu\/wp-content\/uploads\/2016\/11\/sl-tourismus-kulinarik-salzburgernockerl-panorama-1200x675.jpg\" \/>\n\t<meta property=\"og:image:width\" content=\"1200\" \/>\n\t<meta property=\"og:image:height\" content=\"675\" \/>\n\t<meta property=\"og:image:type\" content=\"image\/jpeg\" \/>\n<meta name=\"twitter:card\" content=\"summary_large_image\" \/>\n<meta name=\"twitter:site\" content=\"@salzburgerland\" \/>\n<meta name=\"twitter:label1\" content=\"Becs\u00fclt olvas\u00e1si id\u0151\" \/>\n\t<meta name=\"twitter:data1\" content=\"10 perc\" \/>\n<script type=\"application\/ld+json\" class=\"yoast-schema-graph\">{\"@context\":\"https:\\\/\\\/schema.org\",\"@graph\":[{\"@type\":\"WebPage\",\"@id\":\"https:\\\/\\\/www.salzburgerland.com\\\/hu\\\/via-culinaria\\\/\",\"url\":\"https:\\\/\\\/www.salzburgerland.com\\\/hu\\\/via-culinaria\\\/\",\"name\":\"Via Culinaria \u00bb SalzburgerLand.com\",\"isPartOf\":{\"@id\":\"https:\\\/\\\/www.salzburgerland.com\\\/hu\\\/#website\"},\"primaryImageOfPage\":{\"@id\":\"https:\\\/\\\/www.salzburgerland.com\\\/hu\\\/via-culinaria\\\/#primaryimage\"},\"image\":{\"@id\":\"https:\\\/\\\/www.salzburgerland.com\\\/hu\\\/via-culinaria\\\/#primaryimage\"},\"thumbnailUrl\":\"https:\\\/\\\/www.salzburgerland.com\\\/hu\\\/wp-content\\\/uploads\\\/2016\\\/11\\\/sl-tourismus-kulinarik-salzburgernockerl-panorama.jpg\",\"datePublished\":\"2020-04-08T01:26:56+00:00\",\"dateModified\":\"2023-04-12T19:27:19+00:00\",\"description\":\"Fedezze fel Salzburg tartom\u00e1ny legjobb \u00e9ttermeit a Via Culinaria gasztron\u00f3miai \u00fatikalauzzal!\",\"inLanguage\":\"hu\",\"potentialAction\":[{\"@type\":\"ReadAction\",\"target\":[\"https:\\\/\\\/www.salzburgerland.com\\\/hu\\\/via-culinaria\\\/\"]}]},{\"@type\":\"ImageObject\",\"inLanguage\":\"hu\",\"@id\":\"https:\\\/\\\/www.salzburgerland.com\\\/hu\\\/via-culinaria\\\/#primaryimage\",\"url\":\"https:\\\/\\\/www.salzburgerland.com\\\/hu\\\/wp-content\\\/uploads\\\/2016\\\/11\\\/sl-tourismus-kulinarik-salzburgernockerl-panorama.jpg\",\"contentUrl\":\"https:\\\/\\\/www.salzburgerland.com\\\/hu\\\/wp-content\\\/uploads\\\/2016\\\/11\\\/sl-tourismus-kulinarik-salzburgernockerl-panorama.jpg\",\"width\":1920,\"height\":1120,\"caption\":\"Salzburgi galuska, h\u00e1tt\u00e9rben a Wolfgangsee t\u00f3 \u00a9 SalzburgerLand Tourismus \u2013\"},{\"@type\":\"WebSite\",\"@id\":\"https:\\\/\\\/www.salzburgerland.com\\\/hu\\\/#website\",\"url\":\"https:\\\/\\\/www.salzburgerland.com\\\/hu\\\/\",\"name\":\"SalzburgerLand.com\",\"description\":\"\u00dcd\u00fcl\u00e9s Ausztri\u00e1ban, Salzburg tartom\u00e1nyban\",\"potentialAction\":[{\"@type\":\"SearchAction\",\"target\":{\"@type\":\"EntryPoint\",\"urlTemplate\":\"https:\\\/\\\/www.salzburgerland.com\\\/hu\\\/?s={search_term_string}\"},\"query-input\":{\"@type\":\"PropertyValueSpecification\",\"valueRequired\":true,\"valueName\":\"search_term_string\"}}],\"inLanguage\":\"hu\"}]}<\/script>\n<meta property=\"og:video\" content=\"https:\/\/www.youtube.com\/embed\/4fmjNpucypU\" \/>\n<meta property=\"og:video:type\" content=\"text\/html\" \/>\n<meta property=\"og:video:duration\" content=\"112\" \/>\n<meta property=\"og:video:width\" content=\"480\" \/>\n<meta property=\"og:video:height\" content=\"270\" \/>\n<meta property=\"ya:ovs:adult\" content=\"false\" \/>\n<meta property=\"ya:ovs:upload_date\" content=\"2020-04-08T01:26:56+00:00\" \/>\n<meta property=\"ya:ovs:allow_embed\" content=\"true\" \/>\n<!-- \/ Yoast SEO Premium plugin. -->","yoast_head_json":{"title":"Via Culinaria \u00bb SalzburgerLand.com","robots":{"index":"index","follow":"follow","max-snippet":"max-snippet:-1","max-image-preview":"max-image-preview:large","max-video-preview":"max-video-preview:-1"},"canonical":"https:\/\/www.salzburgerland.com\/hu\/via-culinaria\/","og_locale":"hu_HU","og_type":"article","og_title":"Via Culinaria","og_description":"A salzburgi r\u00e9gi\u00f3k mindig is hagyom\u00e1nyosan j\u00f3 konyh\u00e1val k\u00e9nyeztett\u00e9k vend\u00e9geiket. Napjaink virtu\u00f3z szak\u00e1csai\u00a0igyekeznek kreat\u00edvan \u00fajra\u00e9rtelmezni a","og_url":"https:\/\/www.salzburgerland.com\/hu\/via-culinaria\/","og_site_name":"SalzburgerLand.com","article_publisher":"https:\/\/www.facebook.com\/visitsalzburgerland\/","article_modified_time":"2023-04-12T19:27:19+00:00","og_image":[{"width":1200,"height":675,"url":"https:\/\/www.salzburgerland.com\/hu\/wp-content\/uploads\/2016\/11\/sl-tourismus-kulinarik-salzburgernockerl-panorama-1200x675.jpg","type":"image\/jpeg"}],"twitter_card":"summary_large_image","twitter_site":"@salzburgerland","twitter_misc":{"Becs\u00fclt olvas\u00e1si id\u0151":"10 perc"},"schema":{"@context":"https:\/\/schema.org","@graph":[{"@type":"WebPage","@id":"https:\/\/www.salzburgerland.com\/hu\/via-culinaria\/","url":"https:\/\/www.salzburgerland.com\/hu\/via-culinaria\/","name":"Via Culinaria \u00bb SalzburgerLand.com","isPartOf":{"@id":"https:\/\/www.salzburgerland.com\/hu\/#website"},"primaryImageOfPage":{"@id":"https:\/\/www.salzburgerland.com\/hu\/via-culinaria\/#primaryimage"},"image":{"@id":"https:\/\/www.salzburgerland.com\/hu\/via-culinaria\/#primaryimage"},"thumbnailUrl":"https:\/\/www.salzburgerland.com\/hu\/wp-content\/uploads\/2016\/11\/sl-tourismus-kulinarik-salzburgernockerl-panorama.jpg","datePublished":"2020-04-08T01:26:56+00:00","dateModified":"2023-04-12T19:27:19+00:00","description":"Fedezze fel Salzburg tartom\u00e1ny legjobb \u00e9ttermeit a Via Culinaria gasztron\u00f3miai \u00fatikalauzzal!","inLanguage":"hu","potentialAction":[{"@type":"ReadAction","target":["https:\/\/www.salzburgerland.com\/hu\/via-culinaria\/"]}]},{"@type":"ImageObject","inLanguage":"hu","@id":"https:\/\/www.salzburgerland.com\/hu\/via-culinaria\/#primaryimage","url":"https:\/\/www.salzburgerland.com\/hu\/wp-content\/uploads\/2016\/11\/sl-tourismus-kulinarik-salzburgernockerl-panorama.jpg","contentUrl":"https:\/\/www.salzburgerland.com\/hu\/wp-content\/uploads\/2016\/11\/sl-tourismus-kulinarik-salzburgernockerl-panorama.jpg","width":1920,"height":1120,"caption":"Salzburgi galuska, h\u00e1tt\u00e9rben a Wolfgangsee t\u00f3 \u00a9 SalzburgerLand Tourismus \u2013"},{"@type":"WebSite","@id":"https:\/\/www.salzburgerland.com\/hu\/#website","url":"https:\/\/www.salzburgerland.com\/hu\/","name":"SalzburgerLand.com","description":"\u00dcd\u00fcl\u00e9s Ausztri\u00e1ban, Salzburg tartom\u00e1nyban","potentialAction":[{"@type":"SearchAction","target":{"@type":"EntryPoint","urlTemplate":"https:\/\/www.salzburgerland.com\/hu\/?s={search_term_string}"},"query-input":{"@type":"PropertyValueSpecification","valueRequired":true,"valueName":"search_term_string"}}],"inLanguage":"hu"}]},"og_video":"https:\/\/www.youtube.com\/embed\/4fmjNpucypU","og_video_type":"text\/html","og_video_duration":"112","og_video_width":"480","og_video_height":"270","ya_ovs_adult":"false","ya_ovs_upload_date":"2020-04-08T01:26:56+00:00","ya_ovs_allow_embed":"true"},"_wl_alt_label":[],"wl:entity_url":"http:\/\/open.salzburgerland.com\/hu\/entity\/via_culinaria","_links":{"self":[{"href":"https:\/\/www.salzburgerland.com\/hu\/wp-json\/wp\/v2\/entities\/9531","targetHints":{"allow":["GET"]}}],"collection":[{"href":"https:\/\/www.salzburgerland.com\/hu\/wp-json\/wp\/v2\/entities"}],"about":[{"href":"https:\/\/www.salzburgerland.com\/hu\/wp-json\/wp\/v2\/types\/entity"}],"author":[{"embeddable":true,"href":"https:\/\/www.salzburgerland.com\/hu\/wp-json\/wp\/v2\/users\/4"}],"replies":[{"embeddable":true,"href":"https:\/\/www.salzburgerland.com\/hu\/wp-json\/wp\/v2\/comments?post=9531"}],"version-history":[{"count":5,"href":"https:\/\/www.salzburgerland.com\/hu\/wp-json\/wp\/v2\/entities\/9531\/revisions"}],"predecessor-version":[{"id":14420,"href":"https:\/\/www.salzburgerland.com\/hu\/wp-json\/wp\/v2\/entities\/9531\/revisions\/14420"}],"wp:featuredmedia":[{"embeddable":true,"href":"https:\/\/www.salzburgerland.com\/hu\/wp-json\/wp\/v2\/media\/6468"}],"wp:attachment":[{"href":"https:\/\/www.salzburgerland.com\/hu\/wp-json\/wp\/v2\/media?parent=9531"}],"wp:term":[{"taxonomy":"category","embeddable":true,"href":"https:\/\/www.salzburgerland.com\/hu\/wp-json\/wp\/v2\/categories?post=9531"},{"taxonomy":"post_tag","embeddable":true,"href":"https:\/\/www.salzburgerland.com\/hu\/wp-json\/wp\/v2\/tags?post=9531"},{"taxonomy":"wl_entity_type","embeddable":true,"href":"https:\/\/www.salzburgerland.com\/hu\/wp-json\/wp\/v2\/wl_entity_type?post=9531"}],"curies":[{"name":"wp","href":"https:\/\/api.w.org\/{rel}","templated":true}]}}