{"id":9331,"date":"2020-03-07T03:47:35","date_gmt":"2020-03-07T02:47:35","guid":{"rendered":"https:\/\/www.salzburgerland.com\/hu\/?p=9331"},"modified":"2021-10-04T14:09:25","modified_gmt":"2021-10-04T12:09:25","slug":"grossarltal-nyar","status":"publish","type":"entity","link":"https:\/\/www.salzburgerland.com\/hu\/grossarltal-nyar\/","title":{"rendered":"Grossarltal \u2013 NY\u00c1R"},"content":{"rendered":"<h2>T\u00far\u00e1k legel\u0151r\u0151l legel\u0151re<\/h2>\n<p><strong>Vir\u00e1gz\u00f3 alpesi r\u00e9tek<\/strong>, <strong>krist\u00e1lytiszta tavak<\/strong>, gyalogosan vagy hegyi bring\u00e1val megh\u00f3d\u00edt\u00e1sra v\u00e1r\u00f3 <a href=\"https:\/\/www.grossarltal.info\/en\/summer\/hut-hikes\/peaks.htm\" target=\"_blank\" rel=\"noopener noreferrer\"><strong>cs\u00facsok<\/strong><\/a>. <a href=\"https:\/\/www.grossarltal.info\/en\/summer\/hut-hikes\/hiking.html\" target=\"_blank\" rel=\"noopener noreferrer\"><strong>T\u00fara<\/strong><\/a> k\u00f6zben j\u00f3l esik bet\u00e9rni a <a href=\"https:\/\/www.grossarltal.info\/en\/summer\/hut-hikes\/huts.html\" target=\"_blank\" rel=\"noopener noreferrer\"><strong>h\u00fctt\u00e9kbe<\/strong><\/a>. A k\u00f6rny\u00e9ken t\u00far\u00e1z\u00f3k figyelm\u00e9be aj\u00e1nljuk a <a href=\"https:\/\/www.grossarltal.info\/en\/summer\/hut-hikes\/berg-gesund.html\" target=\"_blank\" rel=\"noopener noreferrer\"><strong>\u201eBERG-GESUND\u201c<\/strong><\/a> szervezte t\u00far\u00e1kat. Vezetett magashegyi t\u00far\u00e1k, alpesi vir\u00e1gok t\u00far\u00e1ja, j\u00f3ga az alpesi legel\u0151n \u2013\u00a0 a t\u00f6bb mint 140 f\u00e9le program v\u00e1laszt\u00e9k\u00e1ban mindenki megtal\u00e1lja a neki val\u00f3t.<\/p>\n<div id=\"attachment_9276\" style=\"width: 1180px\" class=\"wp-caption alignnone\"><img decoding=\"async\" aria-describedby=\"caption-attachment-9276\" class=\"size-1170_658 wp-image-9276\" src=\"https:\/\/cdn.salzburgerland.com\/hu\/wp-content\/uploads\/2020\/03\/yogawanderung_4__dsc8606-1170x658.jpg\" alt=\"\" width=\"1170\" height=\"658\" srcset=\"https:\/\/www.salzburgerland.com\/hu\/wp-content\/uploads\/2020\/03\/yogawanderung_4__dsc8606-1170x658.jpg 1170w, https:\/\/www.salzburgerland.com\/hu\/wp-content\/uploads\/2020\/03\/yogawanderung_4__dsc8606-1200x675.jpg 1200w\" sizes=\"(max-width: 1170px) 100vw, 1170px\"><p id=\"caption-attachment-9276\" class=\"wp-caption-text\">J\u00f3g\u00e1val egybek\u00f6t\u00f6tt t\u00fara \u00a9 www.grossarltal.info<\/p><\/div>\n<p>A <a href=\"https:\/\/www.grossarltal.info\/en\/summer\/hut-hikes\/theme-hikes.htm\" target=\"_blank\" rel=\"noopener noreferrer\"><strong>tematikus t\u00fara\u00fatvonalak<\/strong><\/a> k\u00f6z\u00e9 tartozik a\u00a0 <strong><a href=\"https:\/\/www.grossarltal.info\/en\/summer\/hut-hikes\/chapel-path.html\" target=\"_blank\" rel=\"noopener noreferrer\">k\u00e1poln\u00e1k \u00fatja<\/a> (Kapellenweg)<\/strong> zar\u00e1ndok\u00fatvonal. Testnek \u00e9s l\u00e9leknek egyar\u00e1nt j\u00f3t tesz. A Grossarl pl\u00e9b\u00e1niatemplom\u00e1t\u00f3l kiindul\u00f3 \u00fatvonal kaptat\u00f3kon \u00e9s s\u00e9ta\u00fatvonalakon vezet H\u00fcttschlag fel\u00e9, majd onnan tov\u00e1bb, eg\u00e9szen a v\u00f6lgy v\u00e9g\u00e9ig. Teljes hossza kb. 17 kilom\u00e9ter, kilenc k\u00e1poln\u00e1hoz \u00e9s a h\u00fcttschlagi templomhoz vezet el.<\/p>\n<div id=\"attachment_9350\" style=\"width: 1180px\" class=\"wp-caption alignnone\"><img decoding=\"async\" aria-describedby=\"caption-attachment-9350\" class=\"size-1170_658 wp-image-9350\" src=\"https:\/\/cdn.salzburgerland.com\/hu\/wp-content\/uploads\/2020\/03\/kapellenwanderweg-grossarltal-sommer-1170x658.jpg\" alt=\"\" width=\"1170\" height=\"658\" srcset=\"https:\/\/www.salzburgerland.com\/hu\/wp-content\/uploads\/2020\/03\/kapellenwanderweg-grossarltal-sommer-1170x658.jpg 1170w, https:\/\/www.salzburgerland.com\/hu\/wp-content\/uploads\/2020\/03\/kapellenwanderweg-grossarltal-sommer-1200x675.jpg 1200w\" sizes=\"(max-width: 1170px) 100vw, 1170px\"><p id=\"caption-attachment-9350\" class=\"wp-caption-text\">A k\u00e1poln\u00e1k \u00fatja, a Kapellenweg \u00a9 www.grossarltal.info<\/p><\/div>\n<h2>Negyven h\u00fctte v\u00e1rja a megpihenni v\u00e1gy\u00f3 turist\u00e1kat<\/h2>\n<p>A Grossarltal v\u00f6lgy legel\u0151in <strong>negyven vend\u00e9gv\u00e1r\u00f3 kunyh\u00f3ra, azaz h\u00fctt\u00e9re<\/strong> tal\u00e1lunk. T\u00far\u00e1z\u00e1s, bring\u00e1z\u00e1s k\u00f6zben j\u00f3l esik meg\u00e1llni, megk\u00f3stolni a <strong>h\u00e1zi sajtot, vajat,<\/strong> \u00e9s h\u00fasos szalonn\u00e1t, \u00e9lvezni a pomp\u00e1s kil\u00e1t\u00e1st.<\/p>\n<div id=\"attachment_9339\" style=\"width: 1180px\" class=\"wp-caption alignnone\"><img decoding=\"async\" aria-describedby=\"caption-attachment-9339\" class=\"wp-image-9339 size-1170_658\" src=\"https:\/\/cdn.salzburgerland.com\/hu\/wp-content\/uploads\/2020\/03\/almjause-1-1170x658.jpg\" alt=\"\" width=\"1170\" height=\"658\" srcset=\"https:\/\/www.salzburgerland.com\/hu\/wp-content\/uploads\/2020\/03\/almjause-1-1170x658.jpg 1170w, https:\/\/www.salzburgerland.com\/hu\/wp-content\/uploads\/2020\/03\/almjause-1-1200x675.jpg 1200w\" sizes=\"(max-width: 1170px) 100vw, 1170px\"><p id=\"caption-attachment-9339\" class=\"wp-caption-text\">Grossarltal v\u00f6lgy\u00e9ben negyven vend\u00e9gv\u00e1r\u00f3 h\u00fctte v\u00e1rja a megpihenni v\u00e1gy\u00f3 t\u00far\u00e1z\u00f3kat. \u00a9 www.grossarltal.info<\/p><\/div>\n<h2>Gondosan kit\u00e1bl\u00e1zott turistautak<\/h2>\n<p>A Grossarltal <strong>400 <\/strong><strong>kilom\u00e9ternyi turista\u00fatj\u00e1nak<\/strong> gazdag v\u00e1laszt\u00e9k\u00e1ban mindenki tal\u00e1l kedv\u00e9re val\u00f3t. A Grossarltal honlapja <a href=\"https:\/\/www.grossarltal.info\/en\/summer\/hut-hikes\/hiking-maps.html\" target=\"_blank\" rel=\"noopener noreferrer\"><strong>interakt\u00edv t\u00e9rk\u00e9pet<\/strong><\/a> is k\u00edn\u00e1l turist\u00e1knak \u00e9s bring\u00e1soknak. Rendelkez\u00e9sre \u00e1ll a <a href=\"https:\/\/www.grossarltal.info\/en\/summer\/hut-hikes\/hiking-taxi.html\" target=\"_blank\" rel=\"noopener noreferrer\"><strong>t\u00farataxi<\/strong><\/a> is, amely elvisz a t\u00far\u00e1k kiindul\u00f3pontj\u00e1hoz, \u00e9s rendel\u00e9sre \u00e9rt\u00fcnk is j\u00f6n. A Grossartal ter\u00fclet\u00e9n vezet a <a href=\"https:\/\/www.grossarltal.info\/en\/summer\/hut-hikes\/salzburger-almenweg.html\" target=\"_blank\" rel=\"noopener noreferrer\"><strong>salzburgi alpesi legel\u0151k t\u00fara\u00fatja<\/strong><\/a> (Salzburger Almenweg) is.<\/p>\n<div id=\"attachment_11942\" style=\"width: 1180px\" class=\"wp-caption alignnone\"><img decoding=\"async\" aria-describedby=\"caption-attachment-11942\" class=\"wp-image-11942 size-1170_658\" src=\"https:\/\/cdn.salzburgerland.com\/hu\/wp-content\/uploads\/2020\/03\/wandern-cwww-grossarltal-info_-1170x658.jpg\" alt=\"T\u00far\u00e1nk sor\u00e1n megpihenve \u00e9lvezhetj\u00fck a fantasztikus panor\u00e1m\u00e1t, Wandern\" width=\"1170\" height=\"658\" srcset=\"https:\/\/www.salzburgerland.com\/hu\/wp-content\/uploads\/2020\/03\/wandern-cwww-grossarltal-info_-1170x658.jpg 1170w, https:\/\/www.salzburgerland.com\/hu\/wp-content\/uploads\/2020\/03\/wandern-cwww-grossarltal-info_-1200x675.jpg 1200w\" sizes=\"(max-width: 1170px) 100vw, 1170px\"><p id=\"caption-attachment-11942\" class=\"wp-caption-text\">T\u00far\u00e1nk sor\u00e1n megpihenve \u00e9lvezhetj\u00fck a fantasztikus panor\u00e1m\u00e1t. \u00a9 www.grossarltal.info<\/p><\/div>\n<h2>Mesesz\u00e9p magashegyi tavak<\/h2>\n<p>F\u00fcrd\u00e9shez tal\u00e1n kev\u00e9sb\u00e9 aj\u00e1nlhatjuk a <a href=\"https:\/\/www.grossarltal.info\/en\/summer\/hut-hikes\/mountain-tarns.html\" target=\"_blank\" rel=\"noopener noreferrer\"><strong>Grossarltal hegyi tavait<\/strong><\/a>, de l\u00e1tv\u00e1nynak igen sz\u00e9pek, viz\u00fck \u00e1ttetsz\u0151, tiszta, \u00e9s ha a partjukon \u00fcld\u00f6g\u00e9lve a v\u00edzbe l\u00f3gatjuk a l\u00e1bunkat, remek\u00fcl felfriss\u00edt. Ezek a tengerszemek a kora reggeli \u00f3r\u00e1kban a legszebbek, mert ilyenkor visszat\u00fckr\u00f6z\u0151dnek benn\u00fck a Magas-Tauern cs\u00facsai.<\/p>\n<p>A <strong>Paarseen \u201eikertavakhoz\u201d<\/strong> az Aualm legel\u0151r\u0151l vezet az \u00fat. Itt visszafel\u00e9 kiad\u00f3s uzsonn\u00e1ban is lehet r\u00e9sz\u00fcnk. R\u00e1ad\u00e1sul itt m\u00e9g igazi <strong>pinzgaui teheneket<\/strong> l\u00e1thatunk legelni. A Schuhflicker mellett vezet\u0151 \u00fatvonalon el\u0151sz\u00f6r a kis <strong>Schuhflickersee t\u00f3hoz<\/strong> jutunk. Itt kora ny\u00e1ron vir\u00e1gzik a <strong>havassz\u00e9pe<\/strong>, a halv\u00e1nys\u00e1rga <strong>ny\u00falszapuka<\/strong>, a feh\u00e9r <strong>gyapj\u00fas\u00e1s<\/strong>, a ragyog\u00f3 k\u00e9k <strong>tavaszi enci\u00e1n<\/strong>. Ide k\u00edv\u00e1nkozik, hogy a Grossarltal honlapja az <a href=\"https:\/\/www.grossarltal.info\/en\/summer\/nature-culture\/alpine-flowers.html\" target=\"_blank\" rel=\"noopener noreferrer\"><strong>alpesi vir\u00e1gok<\/strong><\/a> meghat\u00e1roz\u00e1s\u00e1hoz is tartalmaz inform\u00e1ci\u00f3t. A Schuhflicker hegyhez \u00e9s a kis t\u00f3hoz egy\u00e9bk\u00e9nt <strong>t\u00f6bbf\u00e9le monda<\/strong> is f\u0171z\u0151dik. A t\u00f3 v\u00edzszintje mindig egyenletes, noha nem t\u00e1pl\u00e1lj\u00e1k patakok. A monda szerint f<strong>\u00f6ldalatti \u00f6sszek\u00f6ttet\u00e9sben<\/strong> van a kleinarli Tappenkarsee t\u00f3val, ezt \u201cbizony\u00edtja\u201d egy kocsiker\u00e9k esete, ami a Tappenkarsee t\u00f3ba esett, \u00e9s egy napon a kis Schuhflickersee-ben bukkant f\u00f6l.<\/p>\n<div id=\"attachment_9335\" style=\"width: 895px\" class=\"wp-caption alignnone\"><img decoding=\"async\" aria-describedby=\"caption-attachment-9335\" class=\"size-medium wp-image-9335\" src=\"https:\/\/cdn.salzburgerland.com\/hu\/wp-content\/uploads\/2020\/03\/paarsee-885x569.jpg\" alt=\"\" width=\"885\" height=\"569\"><p id=\"caption-attachment-9335\" class=\"wp-caption-text\">A Paarseen ikertavak \u00a9 www.grossarltal.info<\/p><\/div>\n<p>Ak\u00e1rhogy is, a Schuhflickersee t\u00f3t\u00f3l m\u00e9g t\u00f6bb mint egy \u00f3r\u00e1s \u00fat vezet a k\u00e9t ikert\u00f3hoz, igen sz\u00e9p magaslati vid\u00e9ken, ahonnan <strong>csod\u00e1latos kil\u00e1t\u00e1s<\/strong> ny\u00edlik a Gasteinertal v\u00f6lgyre. Fenn a t\u00f3n\u00e1l ak\u00e1r <strong>mormot\u00e1kkal<\/strong> is tal\u00e1lkozhatunk, vagy legal\u00e1bb meghallhatjuk figyelmeztet\u0151 f\u00fcttyent\u00e9s\u00fcket, ha sas vagy m\u00e1s veszedelem k\u00f6zeleg.<\/p>\n<h2>H\u00fcttschlag \u201eBergsteigerdorf\u201d<\/h2>\n<p>H\u00fcttschlag <a href=\"https:\/\/www.grossarltal.info\/en\/summer\/hut-hikes\/mountaineering-village.html\" target=\"_blank\" rel=\"noopener noreferrer\"><strong>min\u0151s\u00edtett hegym\u00e1sz\u00f3falu (Bergsteigerdorf)<\/strong><\/a>, azaz hegym\u00e1sz\u00f3k ig\u00e9nyeire berendezkedett falu. Innen hetente indulnak t\u00far\u00e1k a Magas-Tauern Nemzeti Park term\u00e9szetv\u00e9delmi \u0151rei, azaz rangerei vezet\u00e9s\u00e9vel.<\/p>\n<div id=\"attachment_11944\" style=\"width: 1180px\" class=\"wp-caption alignnone\"><img decoding=\"async\" aria-describedby=\"caption-attachment-11944\" class=\"size-1170_658 wp-image-11944\" src=\"https:\/\/cdn.salzburgerland.com\/hu\/wp-content\/uploads\/2020\/03\/bergsteigerdorf-huttschlag-cwww-grossarltal-info_-1170x658.jpg\" alt=\"Bergsteigerdorf H\u00fcttschlag\" width=\"1170\" height=\"658\" srcset=\"https:\/\/www.salzburgerland.com\/hu\/wp-content\/uploads\/2020\/03\/bergsteigerdorf-huttschlag-cwww-grossarltal-info_-1170x658.jpg 1170w, https:\/\/www.salzburgerland.com\/hu\/wp-content\/uploads\/2020\/03\/bergsteigerdorf-huttschlag-cwww-grossarltal-info_-1200x675.jpg 1200w\" sizes=\"(max-width: 1170px) 100vw, 1170px\"><p id=\"caption-attachment-11944\" class=\"wp-caption-text\">H\u00fcttschlag min\u0151s\u00edtett hegym\u00e1sz\u00f3falu \u00a9 www.grossarltal.info<\/p><\/div>\n<p>Ezt a min\u0151s\u00edt\u00e9st azok a<strong> sz\u00e9p fekv\u00e9s\u0171\u00a0<\/strong> falvak nyerhetik el, melyeknek k\u00f6rny\u00e9ke <strong>t\u00falnyom\u00f3r\u00e9szt term\u00e9szetv\u00e9delmi ter\u00fclet<\/strong>.<\/p>\n<p><iframe title=\"Kurzfilm BERGSTEIGERDOERFER\" width=\"500\" height=\"281\" src=\"https:\/\/www.youtube-nocookie.com\/embed\/nxIWJzqNrlY?feature=oembed&amp;rel=0&amp;modestbranding=1\" frameborder=\"0\" allow=\"accelerometer; autoplay; clipboard-write; encrypted-media; gyroscope; picture-in-picture; web-share\" referrerpolicy=\"strict-origin-when-cross-origin\" allowfullscreen><\/iframe><\/p>\n<p>Ezek a j\u00f3 infrastrukt\u00far\u00e1j\u00fa, t\u00f6megk\u00f6zleked\u00e9si eszk\u00f6z\u00f6kkel is el\u00e9rhet\u0151, <strong>kifejezetten alpesi jelleg\u0171<\/strong> falvak a <strong>fenntarthat\u00f3s\u00e1g<\/strong> jegy\u00e9ben, k\u00f6rnyezetv\u00e9delmi szempontok szem el\u0151tt tart\u00e1s\u00e1val viszik tov\u00e1bb <strong>az alpinizmus hagyom\u00e1nyait<\/strong>. Ember \u00e9s term\u00e9szet \u00f6sszhangja, a mozg\u00e1s \u00f6r\u00f6me, egy\u00e9ni vagy csal\u00e1di, <strong><a href=\"https:\/\/www.grossarltal.info\/en\/summer\/hut-hikes\/touring-tips.html\" target=\"_blank\" rel=\"noopener noreferrer\">egy- vagy t\u00f6bbnapos t\u00far\u00e1k<\/a> mened\u00e9kh\u00e1zr\u00f3l mened\u00e9kh\u00e1zra<\/strong>, <strong>sziklam\u00e1sz\u00e1s<\/strong>,<strong> j\u00e9gm\u00e1sz\u00e1s<\/strong> \u2013 a turista eg\u00e9sz \u00e9vben sz\u00e1m\u00edthat arra, hogy a Bergsteigerdorf-ban j\u00f3 helyen j\u00e1r \u00e9s t\u00e1mogat\u00e1sra tal\u00e1l.<\/p>\n<div id=\"attachment_11946\" style=\"width: 1180px\" class=\"wp-caption alignnone\"><img decoding=\"async\" aria-describedby=\"caption-attachment-11946\" class=\"wp-image-11946 size-1170_658\" src=\"https:\/\/cdn.salzburgerland.com\/hu\/wp-content\/uploads\/2020\/03\/draugstein-cwww-grossarltal-info_-1170x658.jpg\" alt=\"Draugstein\" width=\"1170\" height=\"658\" srcset=\"https:\/\/www.salzburgerland.com\/hu\/wp-content\/uploads\/2020\/03\/draugstein-cwww-grossarltal-info_-1170x658.jpg 1170w, https:\/\/www.salzburgerland.com\/hu\/wp-content\/uploads\/2020\/03\/draugstein-cwww-grossarltal-info_-1200x675.jpg 1200w\" sizes=\"(max-width: 1170px) 100vw, 1170px\"><p id=\"caption-attachment-11946\" class=\"wp-caption-text\">A Draugstein cs\u00facsa \u00a9 www.grossarltal.info<\/p><\/div>\n<p>H\u00fcttschlag hegye a 2884 m\u00e9ter magas, gleccser bor\u00edtotta <strong>Keeskogel<\/strong> a v\u00f6lgy v\u00e9g\u00e9ben emelkedik. Aki megm\u00e1ssza, <strong>ell\u00e1that r\u00f3la a Gro\u00dfglockner, a Sonnblick, az Ankogel, a Hochalmspitze, a Hafner, a Mosermandl, a Dachstein, a Bischofsm\u00fctze, a Hochk\u00f6nig fel\u00e9<\/strong>, s\u0151t sz\u00e9p id\u0151ben val\u00f3s\u00e1ggal karny\u00fajt\u00e1snyira \u00e9rezheti mag\u00e1t t\u0151l\u00fck.<\/p>\n<div id=\"attachment_9349\" style=\"width: 1180px\" class=\"wp-caption alignnone\"><img decoding=\"async\" aria-describedby=\"caption-attachment-9349\" class=\"size-1170_658 wp-image-9349\" src=\"https:\/\/cdn.salzburgerland.com\/hu\/wp-content\/uploads\/2020\/03\/bichlalm-sommer-grossarltal-1170x658.jpg\" alt=\"\" width=\"1170\" height=\"658\" srcset=\"https:\/\/www.salzburgerland.com\/hu\/wp-content\/uploads\/2020\/03\/bichlalm-sommer-grossarltal-1170x658.jpg 1170w, https:\/\/www.salzburgerland.com\/hu\/wp-content\/uploads\/2020\/03\/bichlalm-sommer-grossarltal-1200x675.jpg 1200w\" sizes=\"(max-width: 1170px) 100vw, 1170px\"><p id=\"caption-attachment-9349\" class=\"wp-caption-text\">A Bichlalm h\u00fctte 1731 m\u00e9ter magass\u00e1gban \u00a9 www.grossarltal.info<\/p><\/div>\n<h2>Hegyibringa-t\u00far\u00e1k a Grossarltalban<\/h2>\n<p>A <a href=\"https:\/\/www.grossarltal.info\/en\/summer\/recreation\/mountain-bike-cycling.html\" target=\"_blank\" rel=\"noopener noreferrer\"><strong>hegyi bring\u00e1z\u00e1s<\/strong><\/a> rajong\u00f3i is sz\u00edvesen j\u00f6nnek ide, p\u00e9ld\u00e1ul <strong>a Hochbrandon<\/strong> kialak\u00edtott <strong>\u00faj single trail<\/strong> miatt is. Ez <strong>a Panoramabahn hegyi \u00e1llom\u00e1s\u00e1t\u00f3l<\/strong> indul\u00f3 hat kilom\u00e9teres \u00fat b\u0151ven tartogat kanyarokat, de flow szakaszokat is, n\u00e9mi gyakorlattal kellemes v\u00e9gigtekerni rajta. A k\u00f6z\u00e9ps\u0151 \u00e1llom\u00e1sig viv\u0151 \u00fatvonal <strong>d\u0151l\u00e9ssz\u00f6ge t\u00edz sz\u00e1zal\u00e9k alatt<\/strong> van. Kezdetben alpesi legel\u0151n vezet, egy v\u00edzt\u00e1roz\u00f3 \u00e9rint\u00e9s\u00e9vel, azt\u00e1n feny\u0151erd\u0151 k\u00f6vetkezik, majd ism\u00e9t legel\u0151. A k\u00f6z\u00e9ps\u0151 \u00e1llom\u00e1sra le\u00e9rve visszavitethetj\u00fck magunkat a felvon\u00f3val, \u00e9s azt\u00e1n \u00fajra le a trailen, vagy pedig <strong>a v\u00f6lgy fel\u00e9<\/strong> vessz\u00fck az ir\u00e1nyt a <strong>Grossarltal single trailen<\/strong>.<\/p>\n\n\t\t\t<div id=\"9331-1\" class=\"gallery gallery-9331 gallery-columns-3 gallery-size-1170_658\" itemscope itemtype=\"http:\/\/schema.org\/ImageGallery\">\n\t\t\t\t<ul class=\"gallery-row gallery-col-3 gallery-clear\">\n\t\t\t\t\t<li class=\"gallery-item col-3\" itemprop=\"associatedMedia\" itemscope itemtype=\"http:\/\/schema.org\/ImageObject\">\n\t\t\t\t\t\t<div class=\"gallery-icon landscape\"><a href=\"https:\/\/www.salzburgerland.com\/hu\/wp-content\/uploads\/2020\/03\/mountainbiken-grossarltal-oesterreich.jpg\" title=\"mountainbiken-grossarltal-oesterreich\"><img decoding=\"async\" data-title=\"Hegyi bring\u00e1val a Grossarltal v\u00f6lgy\u00e9ben \u00a9 www.grossarltal.info \" title=\"Hegyi bring\u00e1val a Grossarltal v\u00f6lgy\u00e9ben \u00a9 www.grossarltal.info \" data-caption=\"Hegyi bring\u00e1val a Grossarltal v\u00f6lgy\u00e9ben \u00a9 www.grossarltal.info \" width=\"1000\" height=\"658\" src=\"https:\/\/www.salzburgerland.com\/hu\/wp-content\/uploads\/2020\/03\/mountainbiken-grossarltal-oesterreich-1000x658.jpg\" class=\"attachment-1170_658 size-1170_658\" alt=\"Egy ker\u00e9kp\u00e1ros \u00e9lvezi a hegyi ker\u00e9kp\u00e1roz\u00e1s egy f\u00f6ld\u00faton a naplement\u00e9ben - t\u00f6k\u00e9letes nyaral\u00e1s Grossarltalban. (Nagy\u00edtott n\u00e9zet)\" aria-describedby=\"figcaption-9331-9342\" itemprop=\"thumbnail\"><\/a><\/div>\n\t\t\t\t\t\t<span id=\"figcaption-9331-9342\" class=\"gallery-caption\" itemprop=\"caption\"><span aria-hidden=\"true\">Hegyi bring\u00e1val a Grossarltal v\u00f6lgy\u00e9ben \u00a9 www.grossarltal.info <\/span><\/span>\n\t\t\t\t\t<\/li>\n\t\t\t\t\t<li class=\"gallery-item col-3\" itemprop=\"associatedMedia\" itemscope itemtype=\"http:\/\/schema.org\/ImageObject\">\n\t\t\t\t\t\t<div class=\"gallery-icon landscape\"><a href=\"https:\/\/www.salzburgerland.com\/hu\/wp-content\/uploads\/2020\/03\/mountainbikenc_erwin_haiden.jpg\" title=\"Mountainbiken(c)_Erwin_Haiden\"><img decoding=\"async\" data-title=\"Pihen\u0151 a Bichlalm h\u00fctt\u00e9n\u00e9l \u00a9 Erwin Haiden\" title=\"Pihen\u0151 a Bichlalm h\u00fctt\u00e9n\u00e9l \u00a9 Erwin Haiden\" data-caption=\"Pihen\u0151 a Bichlalm h\u00fctt\u00e9n\u00e9l \u00a9 Erwin Haiden\" width=\"1170\" height=\"658\" src=\"https:\/\/www.salzburgerland.com\/hu\/wp-content\/uploads\/2020\/03\/mountainbikenc_erwin_haiden-1170x658.jpg\" class=\"attachment-1170_658 size-1170_658\" alt='K\u00e9t ker\u00e9kp\u00e1ros \u00e9lvezik nyaral\u00e1s Grossarltalban egy rusztikus fah\u00e1z mellett, ker\u00e9kp\u00e1rok mellett\u00fck a \"Bichl-Alm 1731 m\" t\u00e1bla alatt. (Nagy\u00edtott n\u00e9zet)' srcset=\"https:\/\/www.salzburgerland.com\/hu\/wp-content\/uploads\/2020\/03\/mountainbikenc_erwin_haiden-1170x658.jpg 1170w, https:\/\/www.salzburgerland.com\/hu\/wp-content\/uploads\/2020\/03\/mountainbikenc_erwin_haiden-1200x675.jpg 1200w\" sizes=\"(max-width: 1170px) 100vw, 1170px\" aria-describedby=\"figcaption-9331-11970\" itemprop=\"thumbnail\"><\/a><\/div>\n\t\t\t\t\t\t<span id=\"figcaption-9331-11970\" class=\"gallery-caption\" itemprop=\"caption\"><span aria-hidden=\"true\">Pihen\u0151 a Bichlalm h\u00fctt\u00e9n\u00e9l \u00a9 Erwin Haiden<\/span><\/span>\n\t\t\t\t\t<\/li>\n\t\t\t\t\t<li class=\"gallery-item col-3\" itemprop=\"associatedMedia\" itemscope itemtype=\"http:\/\/schema.org\/ImageObject\">\n\t\t\t\t\t\t<div class=\"gallery-icon landscape\"><a href=\"https:\/\/www.salzburgerland.com\/hu\/wp-content\/uploads\/2020\/03\/grossarltal-2019-c_erwin_haiden_1631.jpg\" title=\"Grossarltal 2019 (c)_Erwin_Haiden_1631\"><img decoding=\"async\" data-title=\"K\u00f6nnyebb \u00e9s nehezebb bringa\u00fatvonalak k\u00f6z\u00f6tt v\u00e1logathatunk \u00a9 www.grossarltal.info \" title=\"K\u00f6nnyebb \u00e9s nehezebb bringa\u00fatvonalak k\u00f6z\u00f6tt v\u00e1logathatunk \u00a9 www.grossarltal.info \" data-caption=\"K\u00f6nnyebb \u00e9s nehezebb bringa\u00fatvonalak k\u00f6z\u00f6tt v\u00e1logathatunk \u00a9 www.grossarltal.info \" width=\"1170\" height=\"658\" src=\"https:\/\/www.salzburgerland.com\/hu\/wp-content\/uploads\/2020\/03\/grossarltal-2019-c_erwin_haiden_1631-1170x658.jpg\" class=\"attachment-1170_658 size-1170_658\" alt=\"K\u00e9t ker\u00e9kp\u00e1rosok \u00e9lvezik a nyaral\u00e1s Grossarltalban, lovagl\u00e1s hegyi ker\u00e9kp\u00e1rok kereszt\u00fcl vadvir\u00e1gok hegyek m\u00f6g\u00f6tt. (Nagy\u00edtott n\u00e9zet)\" srcset=\"https:\/\/www.salzburgerland.com\/hu\/wp-content\/uploads\/2020\/03\/grossarltal-2019-c_erwin_haiden_1631-1170x658.jpg 1170w, https:\/\/www.salzburgerland.com\/hu\/wp-content\/uploads\/2020\/03\/grossarltal-2019-c_erwin_haiden_1631-1200x675.jpg 1200w\" sizes=\"(max-width: 1170px) 100vw, 1170px\" aria-describedby=\"figcaption-9331-9343\" itemprop=\"thumbnail\"><\/a><\/div>\n\t\t\t\t\t\t<span id=\"figcaption-9331-9343\" class=\"gallery-caption\" itemprop=\"caption\"><span aria-hidden=\"true\">K\u00f6nnyebb \u00e9s nehezebb bringa\u00fatvonalak k\u00f6z\u00f6tt v\u00e1logathatunk \u00a9 www.grossarltal.info <\/span><\/span>\n\t\t\t\t\t<\/li>\n\t\t\t\t<\/ul>\n\t\t\t<\/div><!-- .gallery -->\n\n<p>A Grossarltal v\u00f6lgy t\u00edzf\u00e9le mountainbike- \u00e9s e-bringa-t\u00far\u00e1j\u00e1t ak\u00e1r vezet\u0151vel is meg lehet tenni, ez a lehet\u0151s\u00e9g is r\u00e9sze a hetente indul\u00f3 programoknak. B\u0151ven tal\u00e1lunk <a href=\"https:\/\/www.grossarltal.info\/en\/summer\/recreation\/e-bike.html\" target=\"_blank\" rel=\"noopener noreferrer\"><strong>e-bring\u00e1val megtehet\u0151<\/strong><\/a> \u00fatvonalakat is.<\/p>\n<h2>Hegyi felvon\u00f3val a Grossarltal magashegyi t\u00fara\u00fatjaihoz<\/h2>\n<p>A Panoramabahn hegyi felvon\u00f3 k\u00e9nyelmesen f\u00f6lvisz a <strong>gyerekkocsit tolva is bej\u00e1rhat\u00f3 s\u00e9tautakhoz<\/strong>.<\/p>\n<div id=\"attachment_9344\" style=\"width: 1180px\" class=\"wp-caption alignnone\"><img decoding=\"async\" aria-describedby=\"caption-attachment-9344\" class=\"wp-image-9344 size-1170_658\" src=\"https:\/\/cdn.salzburgerland.com\/hu\/wp-content\/uploads\/2020\/03\/wandern-skigebiet_16__dsc8165-1170x658.jpg\" alt=\"\" width=\"1170\" height=\"658\" srcset=\"https:\/\/www.salzburgerland.com\/hu\/wp-content\/uploads\/2020\/03\/wandern-skigebiet_16__dsc8165-1170x658.jpg 1170w, https:\/\/www.salzburgerland.com\/hu\/wp-content\/uploads\/2020\/03\/wandern-skigebiet_16__dsc8165-1200x675.jpg 1200w\" sizes=\"(max-width: 1170px) 100vw, 1170px\"><p id=\"caption-attachment-9344\" class=\"wp-caption-text\">A Panoramabahn hegyi felvon\u00f3val babakocsival is megk\u00f6zel\u00edthetj\u00fck a magaslati s\u00e9ta\u00fatvonalakat. \u00a9 www.grossarltal.info<\/p><\/div>\n<p>A kijel\u00f6lt \u00fatvonalakon, p\u00e9ld\u00e1ul az Aigenalmen legel\u0151kre vezet\u0151 <strong>zerget\u00far\u00e1n (Gamssteig)<\/strong> a gyerekek se fognak unatkozni.<\/p>\n<div id=\"attachment_9345\" style=\"width: 1010px\" class=\"wp-caption alignnone\"><img decoding=\"async\" aria-describedby=\"caption-attachment-9345\" class=\"wp-image-9345 size-1170_658\" src=\"https:\/\/cdn.salzburgerland.com\/hu\/wp-content\/uploads\/2020\/03\/seilbahnwandern-grossarltal-oesterreich-1000x658.jpg\" alt=\"\" width=\"1000\" height=\"658\"><p id=\"caption-attachment-9345\" class=\"wp-caption-text\">Kir\u00e1ndul\u00f3 csal\u00e1d a zerget\u00far\u00e1n \u00a9 www.grossarltal.info<\/p><\/div>\n<h2>\u0150sz a Grossarltal v\u00f6lgyben<\/h2>\n<p>A Grossarltal <strong>\u0151szi sz\u00ednekben pomp\u00e1z\u00f3<\/strong> vid\u00e9k\u00e9n t\u00far\u00e1zni feledhetetlen \u00e9lm\u00e9ny.<\/p>\n<div id=\"attachment_9336\" style=\"width: 1180px\" class=\"wp-caption alignnone\"><img decoding=\"async\" aria-describedby=\"caption-attachment-9336\" class=\"wp-image-9336 size-1170_658\" src=\"https:\/\/cdn.salzburgerland.com\/hu\/wp-content\/uploads\/2020\/03\/troege-2019-herbst-ii_15-1170x658.jpg\" alt=\"\" width=\"1170\" height=\"658\" srcset=\"https:\/\/www.salzburgerland.com\/hu\/wp-content\/uploads\/2020\/03\/troege-2019-herbst-ii_15-1170x658.jpg 1170w, https:\/\/www.salzburgerland.com\/hu\/wp-content\/uploads\/2020\/03\/troege-2019-herbst-ii_15-1200x675.jpg 1200w\" sizes=\"(max-width: 1170px) 100vw, 1170px\"><p id=\"caption-attachment-9336\" class=\"wp-caption-text\">\u0150szi t\u00e1jk\u00e9p a Grossarltal v\u00f6lgy\u00e9ben \u00a9 www.grossarltal.info<\/p><\/div>\n<h2>Gyalogosan vagy bring\u00e1val \u2013 t\u00far\u00e1zzon biztons\u00e1gosan<\/h2>\n<p>K\u00e9rj\u00fck, fussa \u00e1t <a href=\"https:\/\/www.salzburgerland.com\/hu\/biztonsagi-eloirasok-az-alpokban-nyar\/\" target=\"_blank\" rel=\"noopener noreferrer\"><strong>biztons\u00e1gi tan\u00e1csainkat<\/strong><\/a>, ne becs\u00fclje al\u00e1 az alpesi terep esetleges vesz\u00e9lyeit!<\/p>\n","protected":false},"excerpt":{"rendered":"<p>T\u00far\u00e1k legel\u0151r\u0151l legel\u0151re Vir\u00e1gz\u00f3 alpesi r\u00e9tek, krist\u00e1lytiszta tavak, gyalogosan vagy hegyi bring\u00e1val megh\u00f3d\u00edt\u00e1sra v\u00e1r\u00f3 cs\u00facsok. T\u00fara k\u00f6zben j\u00f3l esik bet\u00e9rni a h\u00fctt\u00e9kbe. A k\u00f6rny\u00e9ken t\u00far\u00e1z\u00f3k figyelm\u00e9be aj\u00e1nljuk a \u201eBERG-GESUND\u201c szervezte t\u00far\u00e1kat. Vezetett magashegyi t\u00far\u00e1k, alpesi vir\u00e1gok t\u00far\u00e1ja, j\u00f3ga az alpesi legel\u0151n \u2013\u00a0 a t\u00f6bb mint 140 f\u00e9le program v\u00e1laszt\u00e9k\u00e1ban mindenki megtal\u00e1lja a neki val\u00f3t. A [&hellip;]<\/p>\n","protected":false},"author":4,"featured_media":9353,"comment_status":"closed","ping_status":"closed","template":"","meta":{"_acf_changed":false,"wl_entities_gutenberg":"","_relevanssi_hide_post":"","_relevanssi_hide_content":"","_relevanssi_pin_for_all":"","_relevanssi_pin_keywords":"","_relevanssi_unpin_keywords":"","_relevanssi_related_keywords":"","_relevanssi_related_include_ids":"","_relevanssi_related_exclude_ids":"","_relevanssi_related_no_append":"","_relevanssi_related_not_related":"","_relevanssi_related_posts":"","_relevanssi_noindex_reason":"","footnotes":""},"categories":[1],"tags":[],"wl_entity_type":[2],"class_list":["post-9331","entity","type-entity","status-publish","has-post-thumbnail","hentry","category-uncategorized","wl_entity_type-thing","sitetype-theme"],"acf":[],"yoast_head":"<!-- This site is optimized with the Yoast SEO Premium plugin v27.4 (Yoast SEO v27.4) - https:\/\/yoast.com\/product\/yoast-seo-premium-wordpress\/ -->\n<title>Grossarltal \u2013 NY\u00c1R \u00bb SalzburgerLand.com<\/title>\n<meta name=\"description\" content=\"%%cf_teasertext%% Nyaral\u00e1s a Grossarltalban, alpesi legel\u0151k, h\u00fctt\u00e9k, gyalogos \u00e9s bringat\u00far\u00e1k, hegyi felvon\u00f3kkal gyerekkocsival bej\u00e1rhat\u00f3 t\u00farautakhoz\" \/>\n<meta name=\"robots\" content=\"index, follow, max-snippet:-1, max-image-preview:large, max-video-preview:-1\" \/>\n<link rel=\"canonical\" href=\"https:\/\/www.salzburgerland.com\/hu\/grossarltal-nyar\/\" \/>\n<meta property=\"og:locale\" content=\"hu_HU\" \/>\n<meta property=\"og:type\" content=\"article\" \/>\n<meta property=\"og:title\" content=\"Grossarltal \u2013 NY\u00c1R\" \/>\n<meta property=\"og:description\" content=\"T\u00far\u00e1k legel\u0151r\u0151l legel\u0151re Vir\u00e1gz\u00f3 alpesi r\u00e9tek, krist\u00e1lytiszta tavak, gyalogosan vagy hegyi bring\u00e1val megh\u00f3d\u00edt\u00e1sra v\u00e1r\u00f3 cs\u00facsok. T\u00fara k\u00f6zben j\u00f3l esik\" \/>\n<meta property=\"og:url\" content=\"https:\/\/www.salzburgerland.com\/hu\/grossarltal-nyar\/\" \/>\n<meta property=\"og:site_name\" content=\"SalzburgerLand.com\" \/>\n<meta property=\"article:publisher\" content=\"https:\/\/www.facebook.com\/visitsalzburgerland\/\" \/>\n<meta property=\"article:modified_time\" content=\"2021-10-04T12:09:25+00:00\" \/>\n<meta property=\"og:image\" content=\"https:\/\/www.salzburgerland.com\/hu\/wp-content\/uploads\/2020\/03\/saukaralm-sommer-grossarltal-1200x675.jpg\" \/>\n\t<meta property=\"og:image:width\" content=\"1200\" \/>\n\t<meta property=\"og:image:height\" content=\"675\" \/>\n\t<meta property=\"og:image:type\" content=\"image\/jpeg\" \/>\n<meta name=\"twitter:card\" content=\"summary_large_image\" \/>\n<meta name=\"twitter:site\" content=\"@salzburgerland\" \/>\n<meta name=\"twitter:label1\" content=\"Becs\u00fclt olvas\u00e1si id\u0151\" \/>\n\t<meta name=\"twitter:data1\" content=\"6 perc\" \/>\n<script type=\"application\/ld+json\" class=\"yoast-schema-graph\">{\"@context\":\"https:\\\/\\\/schema.org\",\"@graph\":[{\"@type\":\"WebPage\",\"@id\":\"https:\\\/\\\/www.salzburgerland.com\\\/hu\\\/grossarltal-nyar\\\/\",\"url\":\"https:\\\/\\\/www.salzburgerland.com\\\/hu\\\/grossarltal-nyar\\\/\",\"name\":\"Grossarltal \u2013 NY\u00c1R \u00bb SalzburgerLand.com\",\"isPartOf\":{\"@id\":\"https:\\\/\\\/www.salzburgerland.com\\\/hu\\\/#website\"},\"primaryImageOfPage\":{\"@id\":\"https:\\\/\\\/www.salzburgerland.com\\\/hu\\\/grossarltal-nyar\\\/#primaryimage\"},\"image\":{\"@id\":\"https:\\\/\\\/www.salzburgerland.com\\\/hu\\\/grossarltal-nyar\\\/#primaryimage\"},\"thumbnailUrl\":\"https:\\\/\\\/www.salzburgerland.com\\\/hu\\\/wp-content\\\/uploads\\\/2020\\\/03\\\/saukaralm-sommer-grossarltal.jpg\",\"datePublished\":\"2020-03-07T02:47:35+00:00\",\"dateModified\":\"2021-10-04T12:09:25+00:00\",\"description\":\"Gyalogos \u00e9s bringat\u00far\u00e1k az alpesi legel\u0151k v\u00f6lgy\u00e9ben. A hegyi felvon\u00f3 a gyerekkocsit is f\u00f6lviszi a magasban vezet\u0151 s\u00e9tautakhoz. Csod\u00e1latos hegyi tavak, alpesi vir\u00e1gok, mormot\u00e1k! Nyaral\u00e1s a Grossarltalban, alpesi legel\u0151k, h\u00fctt\u00e9k, gyalogos \u00e9s bringat\u00far\u00e1k, hegyi felvon\u00f3kkal gyerekkocsival bej\u00e1rhat\u00f3 t\u00farautakhoz\",\"inLanguage\":\"hu\",\"potentialAction\":[{\"@type\":\"ReadAction\",\"target\":[\"https:\\\/\\\/www.salzburgerland.com\\\/hu\\\/grossarltal-nyar\\\/\"]}]},{\"@type\":\"ImageObject\",\"inLanguage\":\"hu\",\"@id\":\"https:\\\/\\\/www.salzburgerland.com\\\/hu\\\/grossarltal-nyar\\\/#primaryimage\",\"url\":\"https:\\\/\\\/www.salzburgerland.com\\\/hu\\\/wp-content\\\/uploads\\\/2020\\\/03\\\/saukaralm-sommer-grossarltal.jpg\",\"contentUrl\":\"https:\\\/\\\/www.salzburgerland.com\\\/hu\\\/wp-content\\\/uploads\\\/2020\\\/03\\\/saukaralm-sommer-grossarltal.jpg\",\"width\":1800,\"height\":1200,\"caption\":\"A Saukaralm a Grossarltal legmagasabban, 1850 m\u00e9teren \u00e1ll\u00f3 h\u00fctt\u00e9je \u00a9 www.grossarltal.info\"},{\"@type\":\"WebSite\",\"@id\":\"https:\\\/\\\/www.salzburgerland.com\\\/hu\\\/#website\",\"url\":\"https:\\\/\\\/www.salzburgerland.com\\\/hu\\\/\",\"name\":\"SalzburgerLand.com\",\"description\":\"\u00dcd\u00fcl\u00e9s Ausztri\u00e1ban, Salzburg tartom\u00e1nyban\",\"potentialAction\":[{\"@type\":\"SearchAction\",\"target\":{\"@type\":\"EntryPoint\",\"urlTemplate\":\"https:\\\/\\\/www.salzburgerland.com\\\/hu\\\/?s={search_term_string}\"},\"query-input\":{\"@type\":\"PropertyValueSpecification\",\"valueRequired\":true,\"valueName\":\"search_term_string\"}}],\"inLanguage\":\"hu\"}]}<\/script>\n<meta property=\"og:video\" content=\"https:\/\/www.youtube.com\/embed\/Vy9yTa0-Bng\" \/>\n<meta property=\"og:video:type\" content=\"text\/html\" \/>\n<meta property=\"og:video:duration\" content=\"85\" \/>\n<meta property=\"og:video:width\" content=\"480\" \/>\n<meta property=\"og:video:height\" content=\"270\" \/>\n<meta property=\"ya:ovs:adult\" content=\"false\" \/>\n<meta property=\"ya:ovs:upload_date\" content=\"2020-03-07T02:47:35+00:00\" \/>\n<meta property=\"ya:ovs:allow_embed\" content=\"true\" \/>\n<!-- \/ Yoast SEO Premium plugin. -->","yoast_head_json":{"title":"Grossarltal \u2013 NY\u00c1R \u00bb SalzburgerLand.com","description":"%%cf_teasertext%% Nyaral\u00e1s a Grossarltalban, alpesi legel\u0151k, h\u00fctt\u00e9k, gyalogos \u00e9s bringat\u00far\u00e1k, hegyi felvon\u00f3kkal gyerekkocsival bej\u00e1rhat\u00f3 t\u00farautakhoz","robots":{"index":"index","follow":"follow","max-snippet":"max-snippet:-1","max-image-preview":"max-image-preview:large","max-video-preview":"max-video-preview:-1"},"canonical":"https:\/\/www.salzburgerland.com\/hu\/grossarltal-nyar\/","og_locale":"hu_HU","og_type":"article","og_title":"Grossarltal \u2013 NY\u00c1R","og_description":"T\u00far\u00e1k legel\u0151r\u0151l legel\u0151re Vir\u00e1gz\u00f3 alpesi r\u00e9tek, krist\u00e1lytiszta tavak, gyalogosan vagy hegyi bring\u00e1val megh\u00f3d\u00edt\u00e1sra v\u00e1r\u00f3 cs\u00facsok. T\u00fara k\u00f6zben j\u00f3l esik","og_url":"https:\/\/www.salzburgerland.com\/hu\/grossarltal-nyar\/","og_site_name":"SalzburgerLand.com","article_publisher":"https:\/\/www.facebook.com\/visitsalzburgerland\/","article_modified_time":"2021-10-04T12:09:25+00:00","og_image":[{"width":1200,"height":675,"url":"https:\/\/www.salzburgerland.com\/hu\/wp-content\/uploads\/2020\/03\/saukaralm-sommer-grossarltal-1200x675.jpg","type":"image\/jpeg"}],"twitter_card":"summary_large_image","twitter_site":"@salzburgerland","twitter_misc":{"Becs\u00fclt olvas\u00e1si id\u0151":"6 perc"},"schema":{"@context":"https:\/\/schema.org","@graph":[{"@type":"WebPage","@id":"https:\/\/www.salzburgerland.com\/hu\/grossarltal-nyar\/","url":"https:\/\/www.salzburgerland.com\/hu\/grossarltal-nyar\/","name":"Grossarltal \u2013 NY\u00c1R \u00bb SalzburgerLand.com","isPartOf":{"@id":"https:\/\/www.salzburgerland.com\/hu\/#website"},"primaryImageOfPage":{"@id":"https:\/\/www.salzburgerland.com\/hu\/grossarltal-nyar\/#primaryimage"},"image":{"@id":"https:\/\/www.salzburgerland.com\/hu\/grossarltal-nyar\/#primaryimage"},"thumbnailUrl":"https:\/\/www.salzburgerland.com\/hu\/wp-content\/uploads\/2020\/03\/saukaralm-sommer-grossarltal.jpg","datePublished":"2020-03-07T02:47:35+00:00","dateModified":"2021-10-04T12:09:25+00:00","description":"Gyalogos \u00e9s bringat\u00far\u00e1k az alpesi legel\u0151k v\u00f6lgy\u00e9ben. A hegyi felvon\u00f3 a gyerekkocsit is f\u00f6lviszi a magasban vezet\u0151 s\u00e9tautakhoz. Csod\u00e1latos hegyi tavak, alpesi vir\u00e1gok, mormot\u00e1k! Nyaral\u00e1s a Grossarltalban, alpesi legel\u0151k, h\u00fctt\u00e9k, gyalogos \u00e9s bringat\u00far\u00e1k, hegyi felvon\u00f3kkal gyerekkocsival bej\u00e1rhat\u00f3 t\u00farautakhoz","inLanguage":"hu","potentialAction":[{"@type":"ReadAction","target":["https:\/\/www.salzburgerland.com\/hu\/grossarltal-nyar\/"]}]},{"@type":"ImageObject","inLanguage":"hu","@id":"https:\/\/www.salzburgerland.com\/hu\/grossarltal-nyar\/#primaryimage","url":"https:\/\/www.salzburgerland.com\/hu\/wp-content\/uploads\/2020\/03\/saukaralm-sommer-grossarltal.jpg","contentUrl":"https:\/\/www.salzburgerland.com\/hu\/wp-content\/uploads\/2020\/03\/saukaralm-sommer-grossarltal.jpg","width":1800,"height":1200,"caption":"A Saukaralm a Grossarltal legmagasabban, 1850 m\u00e9teren \u00e1ll\u00f3 h\u00fctt\u00e9je \u00a9 www.grossarltal.info"},{"@type":"WebSite","@id":"https:\/\/www.salzburgerland.com\/hu\/#website","url":"https:\/\/www.salzburgerland.com\/hu\/","name":"SalzburgerLand.com","description":"\u00dcd\u00fcl\u00e9s Ausztri\u00e1ban, Salzburg tartom\u00e1nyban","potentialAction":[{"@type":"SearchAction","target":{"@type":"EntryPoint","urlTemplate":"https:\/\/www.salzburgerland.com\/hu\/?s={search_term_string}"},"query-input":{"@type":"PropertyValueSpecification","valueRequired":true,"valueName":"search_term_string"}}],"inLanguage":"hu"}]},"og_video":"https:\/\/www.youtube.com\/embed\/Vy9yTa0-Bng","og_video_type":"text\/html","og_video_duration":"85","og_video_width":"480","og_video_height":"270","ya_ovs_adult":"false","ya_ovs_upload_date":"2020-03-07T02:47:35+00:00","ya_ovs_allow_embed":"true"},"_wl_alt_label":[],"wl:entity_url":"http:\/\/open.salzburgerland.com\/hu\/post\/grossarltal_-_nyar","_links":{"self":[{"href":"https:\/\/www.salzburgerland.com\/hu\/wp-json\/wp\/v2\/entities\/9331","targetHints":{"allow":["GET"]}}],"collection":[{"href":"https:\/\/www.salzburgerland.com\/hu\/wp-json\/wp\/v2\/entities"}],"about":[{"href":"https:\/\/www.salzburgerland.com\/hu\/wp-json\/wp\/v2\/types\/entity"}],"author":[{"embeddable":true,"href":"https:\/\/www.salzburgerland.com\/hu\/wp-json\/wp\/v2\/users\/4"}],"replies":[{"embeddable":true,"href":"https:\/\/www.salzburgerland.com\/hu\/wp-json\/wp\/v2\/comments?post=9331"}],"version-history":[{"count":5,"href":"https:\/\/www.salzburgerland.com\/hu\/wp-json\/wp\/v2\/entities\/9331\/revisions"}],"predecessor-version":[{"id":11971,"href":"https:\/\/www.salzburgerland.com\/hu\/wp-json\/wp\/v2\/entities\/9331\/revisions\/11971"}],"wp:featuredmedia":[{"embeddable":true,"href":"https:\/\/www.salzburgerland.com\/hu\/wp-json\/wp\/v2\/media\/9353"}],"wp:attachment":[{"href":"https:\/\/www.salzburgerland.com\/hu\/wp-json\/wp\/v2\/media?parent=9331"}],"wp:term":[{"taxonomy":"category","embeddable":true,"href":"https:\/\/www.salzburgerland.com\/hu\/wp-json\/wp\/v2\/categories?post=9331"},{"taxonomy":"post_tag","embeddable":true,"href":"https:\/\/www.salzburgerland.com\/hu\/wp-json\/wp\/v2\/tags?post=9331"},{"taxonomy":"wl_entity_type","embeddable":true,"href":"https:\/\/www.salzburgerland.com\/hu\/wp-json\/wp\/v2\/wl_entity_type?post=9331"}],"curies":[{"name":"wp","href":"https:\/\/api.w.org\/{rel}","templated":true}]}}