{"id":622,"date":"2017-01-13T03:40:41","date_gmt":"2017-01-13T03:40:41","guid":{"rendered":"https:\/\/www.onebigpark.at\/hu\/radstadt\/"},"modified":"2025-03-31T18:57:52","modified_gmt":"2025-03-31T16:57:52","slug":"radstadt-2","status":"publish","type":"entity","link":"https:\/\/www.salzburgerland.com\/hu\/radstadt-2\/","title":{"rendered":"Radstadt"},"content":{"rendered":"<h2>A t\u00e9li sportok paradicsoma<\/h2>\n<p><strong><a href=\"https:\/\/www.salzburgerland.com\/hu\/radstadt\/\">Radstadt<\/a><\/strong> nem v\u00e9letlen\u00fcl tartozik a t\u00e9li \u00fcd\u00fcl\u0151k kedvenc \u00fatic\u00e9ljai k\u00f6z\u00e9. A mutat\u00f3s salzburgi v\u00e1roska az Enns v\u00f6lgy\u00e9nek napos lejt\u0151j\u00e9n ter\u00fcl el. K\u00f6zvetlen k\u00f6rny\u00e9k\u00e9n is remek\u00fcl lehet s\u00edelni \u00e9s snowboardozni. A <a href=\"https:\/\/www.radstadt-altenmarkt.at\/\" target=\"_blank\" rel=\"noopener noreferrer\"><strong>Radstadt-Altenmarkt s\u00edhinta<\/strong><\/a> els\u0151rang\u00faan karbantartott p\u00e1ly\u00e1kkal v\u00e1rja a s\u00edel\u0151 csal\u00e1dokat. R\u00e1ad\u00e1sul a <a href=\"https:\/\/www.skiamade.com\/hu\/tel\" target=\"_blank\" rel=\"noopener noreferrer\"><strong>Ski amad\u00e9<\/strong><\/a> kell\u0151s k\u00f6zep\u00e9n ter\u00fcl el. Radstadti sz\u00e1ll\u00e1sunkr\u00f3l k\u00f6nnyen eljuthatunk a hatalmas s\u00edparadicsom b\u00e1rmely terep\u00e9re, vagyis val\u00f3ban <strong>760 kilom\u00e9ternyi s\u00edp\u00e1lya \u00e9s 270 felvon\u00f3<\/strong> k\u00f6z\u00fcl v\u00e1laszhatunk, kedv\u00fcnknek \u00e9s tud\u00e1sunknak megfelel\u0151en.<\/p>\n<p>Vagy ink\u00e1bb <strong>s\u00edfut\u00e1sra<\/strong> szavazunk? Esetleg h\u00f3talpaz\u00e1shoz lenne kedv\u00fcnk?\u00a0<span lang=\"DE-AT\">A s\u00edfut\u00f3k skating vagy klasszikus st\u00edlusban is edzhetnek a <strong><a href=\"https:\/\/www.radstadt.com\/en\/holidays\/cross-country-skiing-salzburg-region\/#bm=oac%3Awinter&amp;cat=Cross-Country%20Skiing&amp;filter=r-fullyTranslatedLangus-,r-onlyOpened-undefined,sb-sortedBy-0&amp;zc=10,13.55013,47.35525\" target=\"_blank\" rel=\"noopener\">180 kilom\u00e9teres j\u00f3l karbantartott nyomvonalakon<\/a><\/strong>, valamint az <a href=\"https:\/\/www.radstadt.com\/en\/holidays\/cross-country-skiing-salzburg-region\/#bm=oac%3Awinter&amp;cat=Cross-Country%20Skiing&amp;filter=r-fullyTranslatedLangus-,r-onlyOpened-undefined,sb-sortedBy-0&amp;ipd=11789713&amp;zc=10,13.55013,47.35525\" target=\"_blank\" rel=\"noopener\"><strong>50 kilom\u00e9ter hossz\u00fa Tauern-\u00f6sv\u00e9nyen<\/strong><\/a>. A <b>csod\u00e1latos magaslati nyomvonalak<\/b> \u2013 k\u00f6zt\u00fck a Radstadt \u201eh\u00e1zi hegy\u00e9n\u201c a Rossbrandon v\u00e9gighalad\u00f3 p\u00e1lya \u2013 fantasztikus kil\u00e1t\u00e1sa megdobogtatja a s\u00edfut\u00f3k sz\u00edv\u00e9t.\u00a0<\/span>Persze p\u00e1ly\u00e1kon t\u00fali s\u00edterepek is v\u00e1rj\u00e1k a <strong>freeride<\/strong> rajong\u00f3it. Viszont ehhez tudnunk kell, meddig terjed a tud\u00e1sszint\u00fcnk, \u00e9s milyen az aktu\u00e1lis id\u0151j\u00e1r\u00e1si helyzet. Kell\u0151 felk\u00e9sz\u00fcl\u00e9s hi\u00e1ny\u00e1ban \u00e9s lavinavesz\u00e9ly eset\u00e9n term\u00e9szetesen le kell mondanunk a kalandoz\u00e1sr\u00f3l.<\/p>\n<p>K\u00fcl\u00f6n\u00f6sen kedvelt a <strong><a href=\"https:\/\/www.radstadt.com\/en\/holidays\/sledging-salzburg\/#bm=oac%3Awinter&amp;cat=Sledding&amp;filter=r-fullyTranslatedLangus-,r-onlyOpened-undefined,sb-sortedBy-0&amp;ov=winter_alpine&amp;zc=10,13.55013,47.35525\" target=\"_blank\" rel=\"noopener\">hat kilom\u00e9ter hossz\u00fa, kivil\u00e1g\u00edtott sz\u00e1nk\u00f3p\u00e1lya<\/a><\/strong>, mely k\u00e9nyelmesen megk\u00f6zel\u00edthet\u0151 a<strong> 8 szem\u00e9lyes gondol\u00e1s felvon\u00f3val<\/strong>, \u00e9s melynek eg\u00e9sz napos haszn\u00e1lat\u00e1t a Ski amad\u00e9 s\u00edb\u00e9rlet tartalmazza. S mivel egy igazi sz\u00e1nk\u00f3partir\u00f3l nem hi\u00e1nyozhat a kiad\u00f3s <strong>h\u00fctt\u00e9z\u00e9s<\/strong> sem, a hangulatos Sportalm s\u00edh\u00fctte a hegyen, m\u00edg az \u201eUnterberg-Salettl\u201c naperny\u0151s b\u00e1r a v\u00f6lgyben v\u00e1rja vend\u00e9geit.<\/p>\n<p><span lang=\"DE-AT\">Az \u00e1lomszer\u0171 k\u00f6rnyezet, a feh\u00e9r porh\u00f3 \u00e9s a friss leveg\u0151 ide\u00e1lis \u00f6sszetev\u0151k a kikapcsol\u00f3d\u00e1shoz \u00e9s a t\u00e9li \u00e9lvezetekhez. Radstadt ugyanis a s\u00edp\u00e1ly\u00e1kon \u00e9s a s\u00edfut\u00f3 \u00fatvonalakon k\u00edv\u00fcl k\u00edn\u00e1l m\u00e1s lehet\u0151s\u00e9geket is: legyen sz\u00f3 ak\u00e1r <b>t\u00e9li s\u00e9t\u00e1kr\u00f3l<\/b> \u00e9s <b>h\u00f3talpas t\u00far\u00e1kr\u00f3l<\/b> a var\u00e1zslatos vid\u00e9ken, vagy <b>romantikus lovaskocsik\u00e1z\u00e1sr\u00f3l<\/b> a havas t\u00e1jon \u2013 Radstadtban megtal\u00e1lja a megfelel\u0151 kikapcsol\u00f3d\u00e1si form\u00e1t, m\u00e9ghozz\u00e1 t\u00f6k\u00e9letes t\u00e9li k\u00f6rnyezetben. Ha valaki a szabadt\u00e9ri tev\u00e9kenys\u00e9gek ut\u00e1n szeretne egy kicsit felmelegedni, aj\u00e1nljuk figyelm\u00e9be a <a href=\"https:\/\/www.salzburgerland.com\/hu\/salzburgi-termalfuerdok\/\"><b>Therme Amad\u00e9 \u00e9lm\u00e9nyf\u00fcrd\u0151t<\/b><\/a>, ahol 1350 m\u00b2 v\u00edzfel\u00fclettel, soksz\u00edn\u0171 szaunavil\u00e1ggal, hull\u00e1mmedenc\u00e9vel \u00e9s sokf\u00e9le cs\u00faszd\u00e1val gondoskodnak a v\u00e1ltozatos \u00e9s egyben akt\u00edv kikapcsol\u00f3d\u00e1sr\u00f3l.\u00a0<\/span><\/p>\n\n\t\t\t<div id=\"622-1\" class=\"gallery gallery-622 gallery-columns-3 gallery-size-1170_658\" itemscope itemtype=\"http:\/\/schema.org\/ImageGallery\">\n\t\t\t\t<ul class=\"gallery-row gallery-col-3 gallery-clear\">\n\t\t\t\t\t<li class=\"gallery-item col-3\" itemprop=\"associatedMedia\" itemscope itemtype=\"http:\/\/schema.org\/ImageObject\">\n\t\t\t\t\t\t<div class=\"gallery-icon landscape\"><a href=\"https:\/\/www.salzburgerland.com\/hu\/wp-content\/uploads\/2019\/04\/rodeln-salzburger-sportwelt-salzburger-sportwelt_tom-lamm-1920x1067.jpg\" title=\"Rodeln Salzburger Sportwelt-\u00aeSalzburger Sportwelt_Tom Lamm\"><img decoding=\"async\" data-title=\"Sz\u00e1nk\u00f3z\u00f3k Radstadtn\u00e1l, a Salzburgi Sportvil\u00e1g-ban. A kivil\u00e1g\u00edtt sz\u00e1nk\u00f3p\u00e1lya hat kilom\u00e9ter hossz\u00fa! \u00a9 Salzburger Sportwelt, Tom Lamm\" title=\"Sz\u00e1nk\u00f3z\u00f3k Radstadtn\u00e1l, a Salzburgi Sportvil\u00e1g-ban. A kivil\u00e1g\u00edtt sz\u00e1nk\u00f3p\u00e1lya hat kilom\u00e9ter hossz\u00fa! \u00a9 Salzburger Sportwelt, Tom Lamm\" data-caption=\"Sz\u00e1nk\u00f3z\u00f3k Radstadtn\u00e1l, a Salzburgi Sportvil\u00e1g-ban. A kivil\u00e1g\u00edtt sz\u00e1nk\u00f3p\u00e1lya hat kilom\u00e9ter hossz\u00fa! \u00a9 Salzburger Sportwelt, Tom Lamm\" width=\"1170\" height=\"658\" src=\"https:\/\/www.salzburgerland.com\/hu\/wp-content\/uploads\/2019\/04\/rodeln-salzburger-sportwelt-salzburger-sportwelt_tom-lamm-1170x658.jpg\" class=\"attachment-1170_658 size-1170_658\" alt=\"Egy csal\u00e1d egy\u00fctt nevet \u00e9s sz\u00e1nk\u00f3zik a havas hegyen, \u00e9lvezve a Sportvil\u00e1g hangulat\u00e1t a tiszta \u00e9g alatt. (Nagy\u00edtott n\u00e9zet)\" srcset=\"https:\/\/www.salzburgerland.com\/hu\/wp-content\/uploads\/2019\/04\/rodeln-salzburger-sportwelt-salzburger-sportwelt_tom-lamm-1170x658.jpg 1170w, https:\/\/www.salzburgerland.com\/hu\/wp-content\/uploads\/2019\/04\/rodeln-salzburger-sportwelt-salzburger-sportwelt_tom-lamm-1200x675.jpg 1200w\" sizes=\"(max-width: 1170px) 100vw, 1170px\" aria-describedby=\"figcaption-622-5992\" itemprop=\"thumbnail\"><\/a><\/div>\n\t\t\t\t\t\t<span id=\"figcaption-622-5992\" class=\"gallery-caption\" itemprop=\"caption\"><span aria-hidden=\"true\">Sz\u00e1nk\u00f3z\u00f3k Radstadtn\u00e1l, a Salzburgi Sportvil\u00e1g-ban. A kivil\u00e1g\u00edtt sz\u00e1nk\u00f3p\u00e1lya hat kilom\u00e9ter hossz\u00fa! \u00a9 Salzburger Sportwelt, Tom Lamm<\/span><\/span>\n\t\t\t\t\t<\/li>\n\t\t\t\t\t<li class=\"gallery-item col-3\" itemprop=\"associatedMedia\" itemscope itemtype=\"http:\/\/schema.org\/ImageObject\">\n\t\t\t\t\t\t<div class=\"gallery-icon landscape\"><a href=\"https:\/\/www.salzburgerland.com\/hu\/wp-content\/uploads\/2019\/04\/der-lngste-adventkalender-europas-in-radstadt-in-der-salzburger-sportwelt-tvb-radstadt_lorenz-masser-1920x1067.jpg\" title=\"der l+\u00f1ngste Adventkalender Europas in Radstadt in der Salzburger Sportwelt-\u00aeTVB Radstadt_Lorenz Masser\"><img decoding=\"async\" data-title=\"Salzburgi Sportvil\u00e1g, Radstadt: Eg\u00e9sz Eur\u00f3pa leghosszabb adventi napt\u00e1ra \u00a9 Tourismusverband Radstadt, Lorenz Masser\" title=\"Salzburgi Sportvil\u00e1g, Radstadt: Eg\u00e9sz Eur\u00f3pa leghosszabb adventi napt\u00e1ra \u00a9 Tourismusverband Radstadt, Lorenz Masser\" data-caption=\"Salzburgi Sportvil\u00e1g, Radstadt: Eg\u00e9sz Eur\u00f3pa leghosszabb adventi napt\u00e1ra \u00a9 Tourismusverband Radstadt, Lorenz Masser\" width=\"1170\" height=\"658\" src=\"https:\/\/www.salzburgerland.com\/hu\/wp-content\/uploads\/2019\/04\/der-lngste-adventkalender-europas-in-radstadt-in-der-salzburger-sportwelt-tvb-radstadt_lorenz-masser-1170x658.jpg\" class=\"attachment-1170_658 size-1170_658\" alt=\"Egy csal\u00e1d \u00e1ll a h\u00f3f\u00f6dte, izz\u00f3 Sportvil\u00e1g fah\u00e1z el\u0151tt alkonyatkor, \u00e9s n\u00e9zi a melegen megvil\u00e1g\u00edtott ablakot. (Nagy\u00edtott n\u00e9zet)\" srcset=\"https:\/\/www.salzburgerland.com\/hu\/wp-content\/uploads\/2019\/04\/der-lngste-adventkalender-europas-in-radstadt-in-der-salzburger-sportwelt-tvb-radstadt_lorenz-masser-1170x658.jpg 1170w, https:\/\/www.salzburgerland.com\/hu\/wp-content\/uploads\/2019\/04\/der-lngste-adventkalender-europas-in-radstadt-in-der-salzburger-sportwelt-tvb-radstadt_lorenz-masser-1200x675.jpg 1200w\" sizes=\"(max-width: 1170px) 100vw, 1170px\" aria-describedby=\"figcaption-622-5984\" itemprop=\"thumbnail\"><\/a><\/div>\n\t\t\t\t\t\t<span id=\"figcaption-622-5984\" class=\"gallery-caption\" itemprop=\"caption\"><span aria-hidden=\"true\">Salzburgi Sportvil\u00e1g, Radstadt: Eg\u00e9sz Eur\u00f3pa leghosszabb adventi napt\u00e1ra \u00a9 Tourismusverband Radstadt, Lorenz Masser<\/span><\/span>\n\t\t\t\t\t<\/li>\n\t\t\t\t\t<li class=\"gallery-item col-3\" itemprop=\"associatedMedia\" itemscope itemtype=\"http:\/\/schema.org\/ImageObject\">\n\t\t\t\t\t\t<div class=\"gallery-icon landscape\"><a href=\"https:\/\/www.salzburgerland.com\/hu\/wp-content\/uploads\/2019\/04\/rodelspass-in-der-salzburger-sportwelt-salzburger-sportwelt_-tom-lamm-1920x1067.jpg\" title=\"Rodelspass in der Salzburger Sportwelt-\u00aeSalzburger Sportwelt_ Tom Lamm\"><img decoding=\"async\" data-title=\" A Salzburgi Sportvil\u00e1g leghosszabb sz\u00e1nk\u00f3p\u00e1ly\u00e1ja Radstadtban van, hossza hat kilom\u00e9ter \u00a9 Salzburger Sportwelt, Tom Lamm\" title=\" A Salzburgi Sportvil\u00e1g leghosszabb sz\u00e1nk\u00f3p\u00e1ly\u00e1ja Radstadtban van, hossza hat kilom\u00e9ter \u00a9 Salzburger Sportwelt, Tom Lamm\" data-caption=\" A Salzburgi Sportvil\u00e1g leghosszabb sz\u00e1nk\u00f3p\u00e1ly\u00e1ja Radstadtban van, hossza hat kilom\u00e9ter \u00a9 Salzburger Sportwelt, Tom Lamm\" width=\"1170\" height=\"658\" src=\"https:\/\/www.salzburgerland.com\/hu\/wp-content\/uploads\/2019\/04\/rodelspass-in-der-salzburger-sportwelt-salzburger-sportwelt_-tom-lamm-1170x658.jpg\" class=\"attachment-1170_658 size-1170_658\" alt=\"Mosolyg\u00f3 feln\u0151tt \u00e9s gyermek sz\u00e1nk\u00f3zik gyorsan a Sportvil\u00e1g havas dombj\u00e1n, h\u00f3f\u00f6dte f\u00e1k k\u00f6z\u00f6tt. (Nagy\u00edtott n\u00e9zet)\" srcset=\"https:\/\/www.salzburgerland.com\/hu\/wp-content\/uploads\/2019\/04\/rodelspass-in-der-salzburger-sportwelt-salzburger-sportwelt_-tom-lamm-1170x658.jpg 1170w, https:\/\/www.salzburgerland.com\/hu\/wp-content\/uploads\/2019\/04\/rodelspass-in-der-salzburger-sportwelt-salzburger-sportwelt_-tom-lamm-1200x675.jpg 1200w\" sizes=\"(max-width: 1170px) 100vw, 1170px\" aria-describedby=\"figcaption-622-5993\" itemprop=\"thumbnail\"><\/a><\/div>\n\t\t\t\t\t\t<span id=\"figcaption-622-5993\" class=\"gallery-caption\" itemprop=\"caption\"><span aria-hidden=\"true\"> A Salzburgi Sportvil\u00e1g leghosszabb sz\u00e1nk\u00f3p\u00e1ly\u00e1ja Radstadtban van, hossza hat kilom\u00e9ter \u00a9 Salzburger Sportwelt, Tom Lamm<\/span><\/span>\n\t\t\t\t\t<\/li>\n\t\t\t\t<\/ul>\n\t\t\t<\/div><!-- .gallery -->\n\n<h2>A Radstadt-Altenmarkt s\u00edhinta<\/h2>\n<div><strong>Sz\u00e9lv\u00e9dett<\/strong>, <strong>csal\u00e1dbar\u00e1t<\/strong> s\u00edterep, felvon\u00f3i a legkorszer\u0171bbek k\u00f6z\u00e9 tartoznak. Van <strong>n\u00e9gy\u00fcl\u00e9ses s\u00edlift<\/strong>, <strong>nyolcszem\u00e9lyes \u00fcl\u0151lift <\/strong><strong>\u00e9s t\u00edzszem\u00e9lyes gondol\u00e1s felvon\u00f3<\/strong> is. A csal\u00e1dok <strong>\u00e1ttekinthet\u0151<\/strong>s\u00e9ge miatt is kedvelik ezt a s\u00edhint\u00e1t. Emellett a p\u00e1ly\u00e1k vonalvezet\u00e9se is ide\u00e1lis. \u00d6sszesen 17 kilom\u00e9ternyi p\u00e1lya \u00e9s 8 felvon\u00f3 tartozik ide. A 9,2 kilom\u00e9ternyi <strong>k\u00e9k jelz\u00e9s\u0171<\/strong> p\u00e1ly\u00e1t kevesebb gyakorlattal b\u00edr\u00f3 s\u00edel\u0151knek \u00e9s snowboardosoknak aj\u00e1nljuk. Az \u00f6sszesen 7,5 kilom\u00e9ternyi <strong>piros<\/strong> p\u00e1ly\u00e1t a legk\u00fcl\u00f6nb\u00f6z\u0151bb koroszt\u00e1lyokhoz tartoz\u00f3 halad\u00f3k n\u00e9pes\u00edtik be. A s\u00edhinta 0,6 kilom\u00e9ternyi <strong>fekete jelz\u00e9s\u0171<\/strong> p\u00e1ly\u00e1ja csakis profi tud\u00e1s\u00faaknak val\u00f3.<\/div>\n<p>A s\u00edhinta radstadti oldal\u00e1n <a href=\"https:\/\/www.radstadt-altenmarkt.at\/skifahren\/familie\" target=\"_blank\" rel=\"noopener noreferrer\"><strong>funslope \u00e9s kezd\u0151knek kialak\u00edtott h\u00f3park<\/strong><\/a> is van, ahova feln\u0151ttek is, gyerekek is sz\u00edvesen j\u00e1rnak. Az altenmarkti oldalon tal\u00e1lhat\u00f3 <strong>Fichtelland<\/strong> a legkisebbek kedvence.<\/p>\n<p>Ne feledkezz\u00fcnk meg a hangulatos, cs\u00e1b\u00edt\u00f3<strong> s\u00edh\u00fctt\u00e9k<\/strong>r\u0151l \u00e9s hegyi \u00e9ttermekr\u0151l sem. Kinek ne lenne kedve j\u00f3kat napozni a <strong>naps\u00fct\u00f6tte teraszok<\/strong> nyug\u00e1gyain, vagy elkortyolgatni egy j\u00f3 meleg italt benn a faburkolat\u00fa meleged\u0151ben. \u00c9s akkor m\u00e9g nem eml\u00edtett\u00fck a v\u00f6lgy\u00e1llom\u00e1sokn\u00e1l h\u00edvogat\u00f3 vend\u00e9gl\u0151ket, b\u00e1rokat, ahol remek \u00f3r\u00e1kat t\u00f6lthet\u00fcnk el s\u00edel\u00e9s ut\u00e1n.<\/p>\n<h2>Radstadt a Ski amad\u00e9 r\u00e9sze<\/h2>\n<p>Sehol az Alpokban nem tal\u00e1lni annyi \u00e9s annyif\u00e9le aj\u00e1nlatot, lehet\u0151s\u00e9get egy helyen, mint Ausztria legnagyobb s\u00edsz\u00f6vets\u00e9g\u00e9ben, a Ski amad\u00e9-ban, melynek Radstadt is r\u00e9sze. <strong>T\u00e1j\u00e9koz\u00f3djon online<\/strong>, \u00e9s gy\u0151z\u0151dj\u00f6n meg az \u00e1ll\u00edt\u00e1s val\u00f3dis\u00e1g\u00e1r\u00f3l. 760 kilom\u00e9teres s\u00edp\u00e1lyarendszer, 270 felvon\u00f3, \u00e9s az eur\u00f3pai h\u00f3parkok egyik legnagyobbika a flachauwinkeli <a href=\"https:\/\/www.absolutpark.com\/en\/\" target=\"_blank\" rel=\"noopener noreferrer\"><strong>Absolut Park<\/strong><\/a> \u2013 mindez \u00f6nmag\u00e1\u00e9rt besz\u00e9l. <a href=\"https:\/\/www.salzburgerland.com\/hu\/salzburgsuperskicard-siberlet\/\" target=\"_blank\" rel=\"noopener noreferrer\"><strong>Egyetlen s\u00edb\u00e9rlet<\/strong><\/a> megv\u00e1lt\u00e1s\u00e1val szabad az \u00fat, mienk az eg\u00e9sz s\u00edparadicsom!<\/p>\n<h2>S\u00edbusz, s\u00ediskola, aj\u00e1nlatok<\/h2>\n<p>Az <strong>ingyenes s\u00edbuszj\u00e1ratok<\/strong> gondosan kialak\u00edtott h\u00e1l\u00f3zat\u00e1nak k\u00f6sz\u00f6nhet\u0151en k\u00f6nny\u0171 eljutni a k\u00f6zeli s\u00edk\u00f6zpontokba: r\u00f6vid id\u0151n bel\u00fcl el\u00e9rhet\u0151 Zauchensee, Flachau, a Reiteralm.<\/p>\n<p>\u00c9rdemes alaposan tanulm\u00e1nyozni <a href=\"https:\/\/www.radstadt.com\" target=\"_blank\" rel=\"noopener\"><strong>Radstadt honlapj\u00e1t<\/strong><\/a>, mindenr\u0151l r\u00e9szletesen t\u00e1j\u00e9koztat, megadja a <strong>s\u00ediskol\u00e1k<\/strong> el\u00e9rhet\u0151s\u00e9g\u00e9t is. R\u00e9szletes \u00e1ttekint\u00e9st <span>ad <a href=\"https:\/\/www.radstadt.com\/en\/holidays\/cross-country-skiing-salzburg-region\/#bm=oac%3Awinter&amp;cat=Cross-Country%20Skiing&amp;filter=r-fullyTranslatedLangus-,r-onlyOpened-undefined,sb-sortedBy-0&amp;ov=winter_alpine&amp;zc=10,13.55013,47.35525\" target=\"_blank\" rel=\"noopener\"><strong>a r\u00e9gi\u00f3 s\u00edfut\u00f3p\u00e1ly\u00e1ir\u00f3l<\/strong><\/a>, a kezd\u0151knek \u00e9s halad\u00f3knak indul\u00f3 s\u00ed- \u00e9s s\u00edfut\u00f3tanfolyamokr\u00f3l.<\/span><\/p>\n<p>F\u0151k\u00e9pp pedig a s\u00edel\u0151knek, s\u00edfut\u00f3knak, csal\u00e1doknak sz\u00f3l\u00f3 <a href=\"https:\/\/www.radstadt.com\/en\/pauschalen\/winter-pauschalen.html\" target=\"_blank\" rel=\"noopener noreferrer\"><strong>speci\u00e1lis radstadti aj\u00e1nlatok<\/strong><\/a>r\u00f3l. Figyelem: az aj\u00e1nlatok \u00f6ssze\u00e1ll\u00edt\u00f3i nem csak a t\u00e9li sportok rajong\u00f3ira gondoltak, hanem azokra is, akik nem akarnak m\u00e1st, csak <strong>s\u00e9t\u00e1lgatni, pihenni \u00e9s \u00e9lvezni a csod\u00e1latos alpesi telet<\/strong>, a napf\u00e9nyben szikr\u00e1z\u00f3 h\u00f3, a hegycs\u00facsok, a h\u00f3lepte erd\u0151k l\u00e1tv\u00e1ny\u00e1t. Nem marad el a szok\u00e1sos kedvez\u0151 h\u00fasv\u00e9ti aj\u00e1nlat sem! N\u00e9zzen ut\u00e1na!<\/p>\n<h2>Hegyi advent Radstadtban<\/h2>\n<p>Radstadtban a <strong>kar\u00e1csony el\u0151tti szezon<\/strong> telis tele van romantik\u00e1val \u00e9s v\u00e1rakoz\u00e1ssal, mely kellemes ellent\u00e9tben \u00e1ll az \u00fcnnepi v\u00e1s\u00e1rl\u00e1ssal j\u00e1r\u00f3 stresszel \u00e9s a s\u00edel\u00e9s k\u00f6r\u00fcli ny\u00fczsg\u00e9ssel. Egy <strong>romantikus betlehemi s\u00e9ta\u00fat\u00a0<\/strong>vezet a t\u00f6rt\u00e9nelmi v\u00e1rosfal k\u00f6r\u00fcl, ahol a radstadti \u00e9s k\u00f6rny\u00e9kbeli fafarag\u00f3k\u00ad megvil\u00e1g\u00edtott vitrinekben ki\u00e1ll\u00edtott betlehemeiben gy\u00f6ny\u00f6rk\u00f6dhetnek az idel\u00e1togat\u00f3k. A <strong>f\u0151t\u00e9ren megrendez\u00e9sre ker\u00fcl\u0151 <a href=\"https:\/\/www.radstadt.com\/en\/radstadt\/event-schedule\/events\/SPO\/14bdf36d-226d-40f2-8d1e-c468e62812bf\/christmas-market-at-the-city-square\" target=\"_blank\" rel=\"noopener\">kar\u00e1csonyi v\u00e1s\u00e1ron<\/a><\/strong> a helyi k\u00e9zm\u0171vesek mutatj\u00e1k be kiv\u00e1l\u00f3 min\u0151s\u00e9g\u0171 adventi term\u00e9keiket. Finom s\u00fctem\u00e9nyek, forralt bor \u00e9s puncs mennyei illata \u00e1rad a leveg\u0151ben. A kar\u00e1csonyi hangulatr\u00f3l zen\u00e9szek, k\u00f3rusok \u00e9s \u00e9nekkarok el\u0151ad\u00e1sai, valamint hangulatos lovaskocsik\u00e1z\u00e1s gondoskodik.<\/p>\n<p>A <strong>radstadti kar\u00e1csonyi t\u00far\u00e1k<\/strong> is az idilli alpesi kar\u00e1csony hangulat\u00e1t k\u00f6zvet\u00edtik: a f\u00e1kly\u00e1kkal megvil\u00e1g\u00edtott <strong>Kaiserpromenade<\/strong> t\u00f6k\u00e9letes helysz\u00edn egy romantikus andalg\u00e1sra a t\u00e9li erd\u0151n kereszt\u00fcl, melyet a kar\u00e1csonyi cseng\u0151k hangja \u00e9s a forr\u00f3 adventi puncs tesz teljess\u00e9. Ez a legszebb gyermekkori eml\u00e9keit id\u00e9z\u0151 utaz\u00e1s a f\u0151t\u00e9r kar\u00e1csonyi v\u00e1s\u00e1r\u00e1n\u00e1l \u00e9r v\u00e9get, ahol mindenf\u00e9le finoms\u00e1g \u00e9s egy \u00e9l\u0151 <strong>betlehemi j\u00e1t\u00e9k<\/strong> v\u00e1r \u00d6nre.<\/p>\n<div id=\"attachment_13482\" style=\"width: 1180px\" class=\"wp-caption alignnone\"><img decoding=\"async\" aria-describedby=\"caption-attachment-13482\" class=\"size-1170_658 wp-image-13482\" src=\"https:\/\/cdn.salzburgerland.com\/hu\/wp-content\/uploads\/2017\/01\/lebende_krippe_am_stadtplatz-1170x658.jpg\" alt=\"\" width=\"1170\" height=\"658\" srcset=\"https:\/\/www.salzburgerland.com\/hu\/wp-content\/uploads\/2017\/01\/lebende_krippe_am_stadtplatz-1170x658.jpg 1170w, https:\/\/www.salzburgerland.com\/hu\/wp-content\/uploads\/2017\/01\/lebende_krippe_am_stadtplatz-1200x675.jpg 1200w\" sizes=\"(max-width: 1170px) 100vw, 1170px\"><p id=\"caption-attachment-13482\" class=\"wp-caption-text\">Betlehem Radstadt-ban \u00a9 Tourismusverband Radstadt, Lorenz Masser<\/p><\/div>\n<p><a href=\"https:\/\/www.skiamade.com\/hu\" target=\"_blank\" rel=\"noopener\"><strong>S\u00edterepek \u00e9s felvon\u00f3k nyitva tart\u00e1sa, friss inform\u00e1ci\u00f3k<\/strong><\/a>, magyarul.<\/p>\n<p>A Radstadt-Altenmarkt s\u00edhinta <a href=\"https:\/\/www.radstadt-altenmarkt.at\/radstadt-aktuell\/wetter-schnee\" target=\"_blank\" rel=\"noopener noreferrer\"><strong>aktu\u00e1lis id\u0151j\u00e1r\u00e1s- \u00e9s h\u00f3jelent\u00e9se<\/strong><\/a> <span>. Telefon: +43 6452 7479<\/span><\/p>\n<h2>Radstadt ny\u00e1ron \u2013 a hegyi v\u00e1roska \u00e9s k\u00f6rny\u00e9ke a nyaral\u00e1s egyik salzburgi fellegv\u00e1ra<\/h2>\n<p>Radstadt Salzburg tartom\u00e1ny sz\u00edv\u00e9ben fekszik, az Enns foly\u00f3 ment\u00e9n, a Radstadti-Tauern l\u00e1bain\u00e1l. Belv\u00e1ros\u00e1nak k\u00f6z\u00e9pkorias utc\u00e1i roppant hangulatosak, a sz\u00e9p k\u00f6rny\u00e9ken pedig sokf\u00e9le szabadid\u0151s program \u00a0k\u00edn\u00e1lkozik.<\/p>\n<p>Radstadtban els\u0151sorban <strong>bring\u00e1z\u00e1ssal<\/strong>, <strong>hegyi bring\u00e1z\u00e1ssal<\/strong>, <strong>golfoz\u00e1ssal<\/strong> telik a ny\u00e1r. A v\u00e1roska k\u00f6rny\u00e9ke <strong>sok term\u00e9szetj\u00e1r\u00f3t, gyalogt\u00far\u00e1z\u00f3t vonz<\/strong>. Radstadt \u00e9rdekess\u00e9ge a j\u00f3 \u00e1llapotban fennmaradt <strong>\u00e9vsz\u00e1zados v\u00e1rosfal \u00e9s a v\u00e9d\u0151b\u00e1sty\u00e1k<\/strong>. Nevezetess\u00e9gei k\u00f6z\u00e9 tartozik a k\u00e9s\u0151i rom\u00e1n st\u00edlus\u00fa v\u00e1rosi pl\u00e9b\u00e1niatemplom \u00e9s az egykori kapucinus kolostor s\u00edrboltja. A <a href=\"https:\/\/www.museen-radstadt.at\/\" target=\"_blank\" rel=\"noopener noreferrer\"><strong>Schloss Lerchen<\/strong><\/a> kast\u00e9lyban berendezett m\u00fazeumban \u00e9rdekes ki\u00e1ll\u00edt\u00e1si t\u00e1rgyakat csod\u00e1lhatunk meg a r\u00f3maiak kor\u00e1b\u00f3l, a k\u00f6z\u00e9pkorb\u00f3l \u00e9s a salzburgi herceg\u00e9rsekek idej\u00e9b\u0151l.\u00a0 A <a href=\"https:\/\/www.museen-radstadt.at\/\" target=\"_blank\" rel=\"noopener noreferrer\"><strong>Kapuzinerturm m\u00fazeum<\/strong><\/a> multimedi\u00e1lis ki\u00e1ll\u00edt\u00e1sa a paraszth\u00e1bor\u00fak idej\u00e9be rep\u00edti vissza a l\u00e1togat\u00f3t. Izgalmas <strong>id\u0151utaz\u00e1s<\/strong> \u00e9s a radtstadti est\u00e9k hangulatos f\u00e9nypontja az <strong>alab\u00e1rdos \u00e9jjeli\u0151r k\u00eds\u00e9rte radstadti s\u00e9ta<\/strong>, melynek sor\u00e1n sokmindent megtudhatunk a radstadti \u00f3v\u00e1ros \u00e9vsz\u00e1zados \u00e9p\u00fcleteir\u0151l.\u00a0<span lang=\"DE-AT\">Ingyenesen vehet r\u00e9szt egy priv\u00e1t v\u00e1rosn\u00e9z\u00e9sen, egyszer\u0171en az okostelefonja <strong>Audio Guide<\/strong>-j\u00e1t haszn\u00e1lva.\u00a0<\/span>\u00c9rdemes megn\u00e9zni a k\u00fcl\u00f6nleges, s\u0151t vil\u00e1grekordgyan\u00fas szabadt\u00e9ri ker\u00e9kp\u00e1rki\u00e1ll\u00edt\u00e1st is.<\/p>\n<p>Radstadtban \u00e9s k\u00f6rny\u00e9k\u00e9n \u00e9rdemes bej\u00e1rni a <strong>tematikus t\u00fara\u00fatvonalakat<\/strong>, \u00e9s persze a <a href=\"https:\/\/www.mandlberggut.com\/index.php\/dachstein-destillerie.html\" target=\"_blank\" rel=\"noopener noreferrer\"><strong>Dachstein Destillerie Mandlberg p\u00e1linkaf\u0151zde<\/strong><\/a> is meg\u00e9r egy l\u00e1togat\u00e1st, csak\u00fagy, mint a <a href=\"https:\/\/www.salzburgerland.com\/hu\/salzburgi-termalfuerdok\/\" target=\"_blank\" rel=\"noopener noreferrer\"><strong>Therme Amad\u00e9 \u00e9lm\u00e9nyf\u00fcrd\u0151<\/strong><\/a>.<\/p>\n\n\t\t\t<div id=\"622-2\" class=\"gallery gallery-622 gallery-columns-3 gallery-size-1170_658\" itemscope itemtype=\"http:\/\/schema.org\/ImageGallery\">\n\t\t\t\t<ul class=\"gallery-row gallery-col-3 gallery-clear\">\n\t\t\t\t\t<li class=\"gallery-item col-3\" itemprop=\"associatedMedia\" itemscope itemtype=\"http:\/\/schema.org\/ImageObject\">\n\t\t\t\t\t\t<div class=\"gallery-icon landscape\"><a href=\"https:\/\/www.salzburgerland.com\/hu\/wp-content\/uploads\/2019\/04\/vom-radstaeder-hausberg-auf-1-768m-aus-bietet-sich-ein-herrliches-360-grad-panorama-auf-ueber-150-alpengipfel-1920x1067.jpg\" title=\"Vom Radst\u00e4der Hausberg auf 1.768m aus bietet sich ein herrliches 360 Grad-Panorama auf \u00fcber 150 Alpengipfel\"><img decoding=\"async\" data-title=\"T\u00f6bb mint sz\u00e1z\u00f6tven alpesi cs\u00facs k\u00f6rpanor\u00e1m\u00e1ja a Radstadtn\u00e1l emelked\u0151 Rossbrandr\u00f3l \u00a9 SalzburgerLand Tourismus\" title=\"T\u00f6bb mint sz\u00e1z\u00f6tven alpesi cs\u00facs k\u00f6rpanor\u00e1m\u00e1ja a Radstadtn\u00e1l emelked\u0151 Rossbrandr\u00f3l \u00a9 SalzburgerLand Tourismus\" data-caption=\"T\u00f6bb mint sz\u00e1z\u00f6tven alpesi cs\u00facs k\u00f6rpanor\u00e1m\u00e1ja a Radstadtn\u00e1l emelked\u0151 Rossbrandr\u00f3l \u00a9 SalzburgerLand Tourismus\" width=\"1170\" height=\"658\" src=\"https:\/\/www.salzburgerland.com\/hu\/wp-content\/uploads\/2019\/04\/vom-radstaeder-hausberg-auf-1-768m-aus-bietet-sich-ein-herrliches-360-grad-panorama-auf-ueber-150-alpengipfel-1170x658.jpg\" class=\"attachment-1170_658 size-1170_658\" alt=\"F\u00fcves dombon \u00e1ll\u00f3 n\u0151, fest\u0151i hegyekkel, v\u00f6lgyekkel \u00e9s Sportvil\u00e1g kaland hangulat\u00e1val a felh\u0151s \u00e9g alatt. (Nagy\u00edtott n\u00e9zet)\" srcset=\"https:\/\/www.salzburgerland.com\/hu\/wp-content\/uploads\/2019\/04\/vom-radstaeder-hausberg-auf-1-768m-aus-bietet-sich-ein-herrliches-360-grad-panorama-auf-ueber-150-alpengipfel-1170x658.jpg 1170w, https:\/\/www.salzburgerland.com\/hu\/wp-content\/uploads\/2019\/04\/vom-radstaeder-hausberg-auf-1-768m-aus-bietet-sich-ein-herrliches-360-grad-panorama-auf-ueber-150-alpengipfel-1200x675.jpg 1200w\" sizes=\"(max-width: 1170px) 100vw, 1170px\" aria-describedby=\"figcaption-622-4278\" itemprop=\"thumbnail\"><\/a><\/div>\n\t\t\t\t\t\t<span id=\"figcaption-622-4278\" class=\"gallery-caption\" itemprop=\"caption\"><span aria-hidden=\"true\">T\u00f6bb mint sz\u00e1z\u00f6tven alpesi cs\u00facs k\u00f6rpanor\u00e1m\u00e1ja a Radstadtn\u00e1l emelked\u0151 Rossbrandr\u00f3l \u00a9 SalzburgerLand Tourismus<\/span><\/span>\n\t\t\t\t\t<\/li>\n\t\t\t\t\t<li class=\"gallery-item col-3\" itemprop=\"associatedMedia\" itemscope itemtype=\"http:\/\/schema.org\/ImageObject\">\n\t\t\t\t\t\t<div class=\"gallery-icon landscape\"><a href=\"https:\/\/www.salzburgerland.com\/hu\/wp-content\/uploads\/2019\/04\/sommerfoto-2-radstadt-1900x1067.jpg\" title=\"sommerfoto-2 radstadt\"><img decoding=\"async\" data-title=\"Radstadt, golfp\u00e1lya \u00a9 Golfclub Radstadt\" title=\"Radstadt, golfp\u00e1lya \u00a9 Golfclub Radstadt\" data-caption=\"Radstadt, golfp\u00e1lya \u00a9 Golfclub Radstadt\" width=\"1170\" height=\"658\" src=\"https:\/\/www.salzburgerland.com\/hu\/wp-content\/uploads\/2019\/04\/sommerfoto-2-radstadt-1170x658.jpg\" class=\"attachment-1170_658 size-1170_658\" alt=\"K\u00e9t ember \u00e9lvezi a golfot a Sportvil\u00e1gban egy buja p\u00e1ly\u00e1n, a h\u00e1tt\u00e9rben hegyek \u00e9s f\u00e1k. (Nagy\u00edtott n\u00e9zet)\" srcset=\"https:\/\/www.salzburgerland.com\/hu\/wp-content\/uploads\/2019\/04\/sommerfoto-2-radstadt-1170x658.jpg 1170w, https:\/\/www.salzburgerland.com\/hu\/wp-content\/uploads\/2019\/04\/sommerfoto-2-radstadt-1900x1067.jpg 1900w, https:\/\/www.salzburgerland.com\/hu\/wp-content\/uploads\/2019\/04\/sommerfoto-2-radstadt-1200x675.jpg 1200w\" sizes=\"(max-width: 1170px) 100vw, 1170px\" aria-describedby=\"figcaption-622-4288\" itemprop=\"thumbnail\"><\/a><\/div>\n\t\t\t\t\t\t<span id=\"figcaption-622-4288\" class=\"gallery-caption\" itemprop=\"caption\"><span aria-hidden=\"true\">Radstadt, golfp\u00e1lya \u00a9 Golfclub Radstadt<\/span><\/span>\n\t\t\t\t\t<\/li>\n\t\t\t\t\t<li class=\"gallery-item col-3\" itemprop=\"associatedMedia\" itemscope itemtype=\"http:\/\/schema.org\/ImageObject\">\n\t\t\t\t\t\t<div class=\"gallery-icon landscape\"><a href=\"https:\/\/www.salzburgerland.com\/hu\/wp-content\/uploads\/2019\/04\/radgarten-in-radstadttvb-radstadt-1920x1067.jpg\" title=\"Radgarten in Radstadt\u00a9TVB Radstadt\"><img decoding=\"async\" data-title=\"A Radstadt-i ker\u00e9kp\u00e1ros kert \u00a9 Tourismusverband Radstadt\" title=\"A Radstadt-i ker\u00e9kp\u00e1ros kert \u00a9 Tourismusverband Radstadt\" data-caption=\"A Radstadt-i ker\u00e9kp\u00e1ros kert \u00a9 Tourismusverband Radstadt\" width=\"1170\" height=\"658\" src=\"https:\/\/www.salzburgerland.com\/hu\/wp-content\/uploads\/2019\/04\/radgarten-in-radstadttvb-radstadt-1170x658.jpg\" class=\"attachment-1170_658 size-1170_658\" alt=\"A Radstadt-i ker\u00e9kp\u00e1ros kert, Radgarten in Radstadt (Nagy\u00edtott n\u00e9zet)\" srcset=\"https:\/\/www.salzburgerland.com\/hu\/wp-content\/uploads\/2019\/04\/radgarten-in-radstadttvb-radstadt-1170x658.jpg 1170w, https:\/\/www.salzburgerland.com\/hu\/wp-content\/uploads\/2019\/04\/radgarten-in-radstadttvb-radstadt-1200x675.jpg 1200w\" sizes=\"(max-width: 1170px) 100vw, 1170px\" aria-describedby=\"figcaption-622-11881\" itemprop=\"thumbnail\"><\/a><\/div>\n\t\t\t\t\t\t<span id=\"figcaption-622-11881\" class=\"gallery-caption\" itemprop=\"caption\"><span aria-hidden=\"true\">A Radstadt-i ker\u00e9kp\u00e1ros kert \u00a9 Tourismusverband Radstadt<\/span><\/span>\n\t\t\t\t\t<\/li>\n\t\t\t\t<\/ul>\n\t\t\t<\/div><!-- .gallery -->\n\n<h2>Hegyi \u00e9lm\u00e9nyek \u2013 ahol a Tauern sz\u00edve dobog<\/h2>\n<p>Hagyja gondjait a v\u00f6lgyben \u00e9s<strong> <a href=\"https:\/\/www.radstadt.com\/en\/holidays\/places-visit-salzburger-land\/\" target=\"_blank\" rel=\"noopener\">ismerjen meg a salzburgi hegyekben egy vil\u00e1got<\/a><\/strong>, ami mosolyt csal az arc\u00e1ra \u00e9s \u00f6r\u00f6m\u00f6t var\u00e1zsol a sz\u00edv\u00e9be.<\/p>\n<p>A k\u00f6rny\u00e9k egyik legszebb kir\u00e1ndul\u00f3helye \u00e9s egyben Radstadt \u201eh\u00e1zi hegye\u201c a <strong>Rossbrand<\/strong>. Az 1768 m\u00e9ter magas cs\u00facsr\u00f3l, ami aut\u00f3val is el\u00e9rhet\u0151, <strong>150 alpesi hegycs\u00facsra<\/strong> ny\u00edlik p\u00e1ratlan kil\u00e1t\u00e1s.\u00a0<span lang=\"DE-AT\">Hetente k\u00e9tszer a <b>radstadti kir\u00e1ndul\u00f3busz <\/b>viszi fel a vend\u00e9geket a Rossbrandra, \u00edgy val\u00f3ban mindenkinek lehet\u0151s\u00e9ge ny\u00edlik \u00e9lvezni a kil\u00e1t\u00e1st.<\/span><\/p>\n<p>A Radstadtban nyaral\u00f3 csal\u00e1dok kedvence a <strong>Gnadenalm alpesi legel\u0151re<\/strong> vezet\u0151 <a href=\"https:\/\/www.radstadt.com\/en\/aktivitaeten\/sommer\/alles-alm-wandererlebnis.html\" target=\"_blank\" rel=\"noopener noreferrer\"><strong>Alles Alm<\/strong><\/a> \u00fatvonal. Nyolc tematikus \u00e1llom\u00e1s\u00e1n j\u00e1tszva tudhatnak meg a gyerekek sok \u00e9rdekeset az alpesi legel\u0151k \u00e9let\u00e9r\u0151l. Ezt az izgalmas \u00e9s j\u00e1t\u00e9kos t\u00farautat a <strong>Radstadti-Tauern vonulatai<\/strong>ban gy\u00f6ny\u00f6rk\u00f6dve, <strong>ak\u00e1r gyerekkocsit tolva is<\/strong> v\u00edgan v\u00e9gig lehet j\u00e1rni. A kellemes f\u00e9lnapos kir\u00e1ndul\u00e1son t\u00e9rj\u00fcnk be valamelyik h\u00fctt\u00e9be, vagyis vend\u00e9gv\u00e1r\u00f3 alpesi kunyh\u00f3ba is.<\/p>\n<p>A \u00a0<strong><a href=\"https:\/\/www.salzburgersportwelt.com\/de\/aktivitaeten\/salzburger-gipfelspiel.html\" target=\"_blank\" rel=\"noopener\">Salzburgi cs\u00facsok j\u00e1t\u00e9ka<\/a>\u00a0(Salzburger Gipfelspiel)\u00a0<\/strong>a hegym\u00e1sz\u00e1st j\u00e1t\u00e9kos term\u00e9szeti \u00e9lm\u00e9nny\u00e9 alak\u00edtja. A Salzburgi Sportvil\u00e1g ezen h\u00e9t kir\u00e1ndul\u00f3hely\u00e9nek mindegyike egy-egy csod\u00e1latos \u00fatic\u00e9l, melyek mondanival\u00f3ja a cs\u00facsokra vezet\u0151 \u00faton t\u00e1rul fel \u00d6n el\u0151tt. A \u201eSalzburgi cs\u00facsok j\u00e1t\u00e9ka\u201c t\u00far\u00e1z\u00e1sra, befel\u00e9 figyel\u00e9sre, lecsendes\u00fcl\u00e9sre \u00f6szt\u00f6n\u00f6z. A fant\u00e1zia j\u00e1t\u00e9ka ez, amit egy leny\u0171g\u00f6z\u0151 t\u00e1j sz\u00e9ps\u00e9ge ihletett.<\/p>\n<p>S\u00e9t\u00e1ljon v\u00e9gig k\u00e9nyelmesen az <strong>alpesi legel\u0151k t\u00fara\u00fatj\u00e1n (Salzburger Almenweg)<\/strong>, \u00e9s \u00e9lvezze az impoz\u00e1ns t\u00e1jakat, a soksz\u00edn\u0171 l\u00e1tnival\u00f3t. Az \u00fat ment\u00e9n \u0151si alpesi kunyh\u00f3k h\u00edvogatnak, hogy bet\u00e9rjen egy kis pihen\u0151re, \u00e9s megk\u00f3stolja a helyi k\u00fcl\u00f6nlegess\u00e9geket.<\/p>\n<h2>Bring\u00e1s nyaral\u00e1s Radstadtban<\/h2>\n<p>A Radstadt n\u00e9v a \u201eker\u00e9k\u201d \u00e9s a \u201ev\u00e1ros\u201d szavak megfelel\u0151ib\u0151l tev\u0151dik \u00f6ssze. Tal\u00e1l\u00f3 n\u00e9v, ugyanis a hegyi ker\u00e9kp\u00e1rosok, szabadid\u0151s bicikliz\u0151k, e-bring\u00e1z\u00f3k \u00e9s versenyker\u00e9kp\u00e1rosok sz\u00e1m\u00e1ra sz\u00e1mtalan lehet\u0151s\u00e9g k\u00edn\u00e1lkozik Radstadtban \u00e9s a k\u00f6rnyez\u0151 <strong>Salzburgi Sportvil\u00e1gban<\/strong>, hogy kihozz\u00e1k magukb\u00f3l a maximumot. Az <a href=\"https:\/\/www.radmarathon.com\/amade\/aktuell\/index.html\" target=\"_blank\" rel=\"noopener\"><strong>Amad\u00e9 ker\u00e9kp\u00e1ros maraton<\/strong><\/a> mellett, amely \u00e9vente t\u00f6bb sz\u00e1z versenyker\u00e9kp\u00e1r rajong\u00f3t vonz, most m\u00e1r a hegyi ker\u00e9kp\u00e1rosoknak is nagyszer\u0171 lehet\u0151s\u00e9g k\u00edn\u00e1lkozik az exkluz\u00edv osztr\u00e1k Stoneman \u201eTaurista\u201c \u00fatvonalon, melynek hossza 123 km, szintk\u00fcl\u00f6nbs\u00e9ge 4500 m\u00e9ter. \u00c1lomsz\u00e9p hegyi ker\u00e9kp\u00e1ros t\u00far\u00e1k vezetnek Radstadtb\u00f3l a sz\u00e9lr\u00f3zsa minden ir\u00e1ny\u00e1ba.<\/p>\n<p>Az <strong>e-bring\u00e1z\u00e1s<\/strong> el\u0151nyeit m\u00e1r sokan felfedezt\u00e9k maguknak. A Salzburgi Sportvil\u00e1g \u00f6sszesen 380 kilom\u00e9ternyi kijel\u00f6lt e-bring\u00e1s \u00fatvonal\u00e1hoz <strong>21 t\u00faraaj\u00e1nlat \u00e9s ingyenes t\u00e9rk\u00e9p<\/strong> \u00e1ll rendelkez\u00e9sre. A t\u00far\u00e1k kiv\u00e9tel n\u00e9lk\u00fcl k\u00f6lcs\u00f6nz\u0151helyek k\u00f6zel\u00e9b\u0151l indulnak, hosszuk t\u00edz \u00e9s hetven kilom\u00e9ter k\u00f6z\u00f6tti \u00e9s kezd\u0151k is, halad\u00f3k is tal\u00e1lnak k\u00f6zt\u00fck megfelel\u0151t.<\/p>\n<p>Radstadtn\u00e1l vezet a csod\u00e1latosan sz\u00e9p <strong><a href=\"https:\/\/www.schladming-dachstein.at\/hu\/vakacios-tevekenysegek\/nyar\/kerekpar\/river-enns-cycling-trail\" target=\"_blank\" rel=\"noopener noreferrer\">Enns menti ker\u00e9kp\u00e1\u00fat<\/a><\/strong> (Ennsradweg), a foly\u00f3 flachauwinkli eredet\u00e9t\u0151l a Salzburgi Sportvil\u00e1g \u00e9s St\u00e1jerorsz\u00e1g vid\u00e9kein \u00e1t a fels\u0151-ausztriai Enns-be. Radstadtb\u00f3l egy-egy r\u00f6videbb szakasz\u00e1t is \u00e9rdemes megtenni.<\/p>\n<div id=\"attachment_13481\" style=\"width: 1180px\" class=\"wp-caption alignnone\"><img decoding=\"async\" aria-describedby=\"caption-attachment-13481\" class=\"size-1170_658 wp-image-13481\" src=\"https:\/\/cdn.salzburgerland.com\/hu\/wp-content\/uploads\/2017\/01\/mountainbiken-stoneman-taurista-dennis-stratmann-6-1170x658.jpg\" alt=\"\" width=\"1170\" height=\"658\" srcset=\"https:\/\/www.salzburgerland.com\/hu\/wp-content\/uploads\/2017\/01\/mountainbiken-stoneman-taurista-dennis-stratmann-6-1170x658.jpg 1170w, https:\/\/www.salzburgerland.com\/hu\/wp-content\/uploads\/2017\/01\/mountainbiken-stoneman-taurista-dennis-stratmann-6-1200x675.jpg 1200w\" sizes=\"(max-width: 1170px) 100vw, 1170px\"><p id=\"caption-attachment-13481\" class=\"wp-caption-text\">Mountainbike-osok a Stoneman Turista \u00fatvonal\u00e1n \u00a9 Dennis Stratmann<\/p><\/div>\n<h2>Golfp\u00e1lya a felh\u0151k felett<\/h2>\n<p>A Radstadti golfklub ig\u00e9nyes <strong>18 lyukas p\u00e1ly\u00e1t \u00e9s 9 lyukas gyakorl\u00f3 p\u00e1ly\u00e1t<\/strong> k\u00edn\u00e1l, valamint egy neves golfakad\u00e9mi\u00e1t. Vil\u00e1gszerte egyed\u00fcl\u00e1ll\u00f3 a<strong> \u201eBirdie Jet\u201c k\u00f6t\u00e9lp\u00e1ly\u00e1s felvon\u00f3<\/strong>, amely a golfoz\u00f3kat a 11. greent\u0151l a 12. szakasz kezd\u0151pontj\u00e1ig viszi, k\u00f6zel 1000 m\u00e9ter tengerszint feletti magass\u00e1gig.<\/p>\n<h2>Radstadtban mindig programok v\u00e1rj\u00e1k<\/h2>\n<p><a href=\"https:\/\/www.radstadt.com\/radstadt\/veranstaltungskalender\/veranstaltungen\" target=\"_blank\" rel=\"noopener\"><strong>Rendezv\u00e9nyeink<\/strong><\/a>, melyek mind az idel\u00e1togat\u00f3k, mind a helyb\u00e9liek k\u00f6r\u00e9ben nagy n\u00e9pszer\u0171s\u00e9gnek \u00f6rvendenek, nem csak v\u00e1ltozatos \u00e9lm\u00e9nyeket ny\u00fajtanak, hanem a <strong>remek hangulatr\u00f3l <\/strong>is gondoskodnak. Legyen sz\u00f3 \u00e9l\u0151 zen\u00e9r\u0151l, n\u00e9pi-, hegyi-, gyermekfesztiv\u00e1lokr\u00f3l, vezetett t\u00far\u00e1kr\u00f3l, <strong>hagyom\u00e1ny\u0151rz\u0151 \u00e9s kultur\u00e1lis<\/strong><strong>rendezv\u00e9nyekr\u0151l<\/strong> vagy a helyi term\u00e9keket \u00e1rul\u00f3 heti piacr\u00f3l \u2013 Radstadtban mindig van mit csin\u00e1lni.<\/p>\n<h2><span color=\"#000000\" size=\"3\">P\u00e1ratlan l\u00e1tnival\u00f3k<\/span><\/h2>\n<p><span color=\"#000000\" size=\"3\">Radstadtb\u00f3l k\u00f6nnyen el\u00e9rhet\u0151 F\u00f6ld\u00fcnk legnagyobb j\u00e9gbarlangja, az <a href=\"https:\/\/www.eisriesenwelt.at\/en.html\" target=\"_blank\" rel=\"noopener\"><strong>Eisriesenwelt<\/strong><\/a>. A t\u00f6bb mint 40 kilom\u00e9teres labirintusnak egy r\u00e9sze vezet\u0151vel megtekinthet\u0151. Izgalmas \u00fatic\u00e9l a <a href=\"https:\/\/www.salzwelten.at\/en\/salzburg\" target=\"_blank\" rel=\"noopener\"><strong>halleini s\u00f3b\u00e1nya <\/strong><\/a>(Salzwelten Hallein) is. A \u201efeh\u00e9r arany\u201c, vagyis k\u00e9s\u0151bbiekben a salzburgi \u00e9rsekeket is gazdagg\u00e1 tev\u0151 s\u00f3 kitermel\u00e9s\u00e9vel m\u00e1r a vid\u00e9k egykori lak\u00f3i, a kelt\u00e1k is foglalkoztak, kb. 2500 \u00e9vvel ezel\u0151tt. Gyerekes csal\u00e1dok figyelm\u00e9be aj\u00e1nljuk mindk\u00e9t helyet, csak azt kell tudni, hogy a j\u00e9gbarlanghoz felt\u00e9tlen\u00fcl sz\u00fcks\u00e9g van meleg \u00f6lt\u00f6zetre \u00e9s a l\u00e1bat j\u00f3l tart\u00f3 cip\u0151re. <\/span><\/p>\n<p><span color=\"#000000\" size=\"3\">\u00c9rdemes felkeresni <a href=\"http:\/\/www.salzburg-burgen.at\/en\/werfen\/index.htm\" target=\"_blank\" rel=\"noopener noreferrer\"><strong>Hohenwerfen v\u00e1r\u00e1t<\/strong><\/a>, megn\u00e9zni a fegyverki\u00e1ll\u00edt\u00e1st \u00e9s a <strong>solym\u00e1szok<\/strong> napi bemutat\u00f3j\u00e1t, f\u0151leg pedig a v\u00e1rb\u00f3l ny\u00edl\u00f3 pomp\u00e1s kil\u00e1t\u00e1st. Ha kedv\u00fcnk t\u00e1mad egy id\u0151utaz\u00e1sra a k\u00f6z\u00e9pkorba, l\u00e1togassunk el <strong><a href=\"http:\/\/www.salzburg-burgen.at\/en\/mauterndorf\/index.htm\" target=\"_blank\" rel=\"noopener noreferrer\">Mauterndorf v\u00e1r\u00e1ba <\/a><\/strong>is. \u00c9s felt\u00e9tlen\u00fcl menj\u00fcnk f\u00f6l a gondol\u00e1val a Dachstein-cs\u00facsra. A <strong>Dachstein-massz\u00edvum<\/strong><\/span>, az \u0151stengerek elt\u0171nt\u00e9vel fennmaradt gigantikus korallz\u00e1tony leny\u0171g\u00f6z\u0151 l\u00e1tv\u00e1ny, k\u00fcl\u00f6n\u00f6sen napkeltekor. J\u00e1rjunk k\u00f6rbe a gleccseren, n\u00e9zz\u00fck meg a \u201etr\u00f3ntermet\u201c \u00e9s a \u201ekrist\u00e1lyd\u00f3mot\u201c. A feljut\u00e1s <a href=\"http:\/\/www.derdachstein.at\/en\/dachstein-glacier-world\/glacier-experience\/panorama-gondola\" target=\"_blank\" rel=\"noopener noreferrer\"><strong>gondol\u00e1s felvon\u00f3val<\/strong> <\/a>nem probl\u00e9ma. De kir\u00e1ndulhatunk a <strong><a href=\"https:\/\/www.salzburgerland.com\/hu\/10-ajanlas-salzburg-tartomany-vizes-kirandulohelyei-kozul\/\" target=\"_blank\" rel=\"noopener noreferrer\">Liechtensteinklamm szurdokba <\/a><\/strong>is. A v\u00edzes\u00e9s zubog\u00e1sa, a mohalepte k\u00f6vek d\u00fas z\u00f6ldje, a mond\u00e1k vil\u00e1g\u00e1t id\u00e9z\u0151 l\u00e9gk\u00f6r teljes kikapcsol\u00f3d\u00e1st hoz \u00e9s feledhetetlen eml\u00e9k marad.<\/p>\n<p><span color=\"#000000\" size=\"3\">A k\u00f6zelebbi \u00e9s t\u00e1volabbi k\u00f6rny\u00e9k term\u00e9szeti l\u00e1tnival\u00f3inak, m\u00fazeumainak, csal\u00e1di kir\u00e1ndul\u00f3helyeinek nagy r\u00e9sz\u00e9n\u00e9l ingyenes bel\u00e9p\u0151jegy\u00fcl szolg\u00e1l a <strong><a href=\"https:\/\/www.salzburgerland.com\/hu\/salzburg-tartomany-vendegkartyaja-a-salzburgerland-card\/\" target=\"_blank\" rel=\"noopener noreferrer\">Salzburg tartom\u00e1ny k\u00e1rtya <\/a><\/strong><\/span><span color=\"#000000\" size=\"3\">\u00a0<\/span><span color=\"#000000\" size=\"3\">(SalzburgerLand Card). Ez a k\u00e1rtya hasznos \u00fatit\u00e1rs, az eg\u00e9sz Salzburg tartom\u00e1ny t\u00f6bb mint 190 nevezetess\u00e9g\u00e9re \u00e9rv\u00e9nyes. Hegyi felvon\u00f3k, f\u00fcrd\u0151k, l\u00e1tv\u00e1nyb\u00e1ny\u00e1k tartoznak az \u00e9rv\u00e9nyess\u00e9gi k\u00f6r\u00e9be, \u00e9s tartalmaz egy 24 \u00f3r\u00e1s Salzburg v\u00e1ros k\u00e1rty\u00e1t is.<\/span>\u00a0<span color=\"#000000\" size=\"3\">Ha Radstadtban sz\u00e1llunk meg, sokfel\u00e9 kir\u00e1ndulhatunk, igen sok izgalmas \u00fatic\u00e9l k\u00edn\u00e1lkozik k\u00f6zelebb \u00e9s t\u00e1volabb. <\/span><\/p>\n<h2>Tan\u00e1csok az utaz\u00e1shoz<\/h2>\n<p>Radstadt <strong>csak hetven kilom\u00e9terre van a tartom\u00e1ny f\u0151v\u00e1ros\u00e1t\u00f3l, Salzburgt\u00f3l<\/strong>. Aut\u00f3val az A1-es aut\u00f3p\u00e1ly\u00e1n mehet\u00fcnk Salzburgig, majd a Tauern aut\u00f3p\u00e1ly\u00e1n tov\u00e1bb, onnan az <strong>Ausfahrt Altenmarkt\/Graz Exit 63<\/strong> kij\u00e1r\u00f3n\u00e1l t\u00e9r\u00fcnk le, \u00e9s az Enns v\u00f6lgy\u00e9ben vezet\u0151 k\u00f6z\u00faton m\u00e9g \u00f6t kilom\u00e9ter az \u00fat\u00a0 Radstadtig. Ne feledj\u00fck, hogy az ausztriai aut\u00f3p\u00e1ly\u00e1kra k\u00f6telez\u0151 a matricav\u00e1lt\u00e1s, novembert\u0151l h\u00fasv\u00e9tig pedig a t\u00e9li gumi!<\/p>\n<p>A radstadti vas\u00fat\u00e1llom\u00e1sr\u00f3l gyorsvonati \u00f6sszek\u00f6ttet\u00e9s van Salzburg, illetve Graz fel\u00e9. A salzburgi rep\u00fcl\u0151t\u00e9r mind\u00f6ssze egy \u00f3r\u00e1nyira van csak Radstadt\u00f3l. Ezt az utat megtehetj\u00fck shuttlebusszal, <a href=\"https:\/\/habersatter-reisen.com\/en-taxi\" target=\"_blank\" rel=\"noopener\"><strong>taxival<\/strong><\/a> vagy <a href=\"https:\/\/www.flixbus.at\/fernbus\/radstadt\" target=\"_blank\" rel=\"noopener noreferrer\"><strong>t\u00e1vols\u00e1gi busszal<\/strong><\/a> is.<\/p>\n","protected":false},"excerpt":{"rendered":"<p>A t\u00e9li sportok paradicsoma Radstadt nem v\u00e9letlen\u00fcl tartozik a t\u00e9li \u00fcd\u00fcl\u0151k kedvenc \u00fatic\u00e9ljai k\u00f6z\u00e9. A mutat\u00f3s salzburgi v\u00e1roska az Enns v\u00f6lgy\u00e9nek napos lejt\u0151j\u00e9n ter\u00fcl el. K\u00f6zvetlen k\u00f6rny\u00e9k\u00e9n is remek\u00fcl lehet s\u00edelni \u00e9s snowboardozni. A Radstadt-Altenmarkt s\u00edhinta els\u0151rang\u00faan karbantartott p\u00e1ly\u00e1kkal v\u00e1rja a s\u00edel\u0151 csal\u00e1dokat. R\u00e1ad\u00e1sul a Ski amad\u00e9 kell\u0151s k\u00f6zep\u00e9n ter\u00fcl el. Radstadti sz\u00e1ll\u00e1sunkr\u00f3l k\u00f6nnyen eljuthatunk [&hellip;]<\/p>\n","protected":false},"author":4,"featured_media":11158,"comment_status":"closed","ping_status":"closed","template":"","meta":{"_acf_changed":false,"wl_entities_gutenberg":"","_relevanssi_hide_post":"","_relevanssi_hide_content":"","_relevanssi_pin_for_all":"","_relevanssi_pin_keywords":"","_relevanssi_unpin_keywords":"","_relevanssi_related_keywords":"","_relevanssi_related_include_ids":"","_relevanssi_related_exclude_ids":"","_relevanssi_related_no_append":"","_relevanssi_related_not_related":"","_relevanssi_related_posts":"","_relevanssi_noindex_reason":"","footnotes":""},"categories":[],"tags":[],"wl_entity_type":[5],"class_list":["post-622","entity","type-entity","status-publish","has-post-thumbnail","hentry","wl_entity_type-organization","sitetype-region"],"acf":[],"yoast_head":"<!-- This site is optimized with the Yoast SEO Premium plugin v27.4 (Yoast SEO v27.4) - https:\/\/yoast.com\/product\/yoast-seo-premium-wordpress\/ -->\n<title>Radstadt \u00bb SalzburgerLand.com<\/title>\n<meta name=\"description\" content=\"Radstadt k\u00f6zponti helyen fekszik, innen remek\u00fcl el\u00e9rhet\u0151 a tartom\u00e1ny sz\u00e1mtalan l\u00e1tnival\u00f3ja. A v\u00e1roska k\u00f6zvetlen k\u00f6rny\u00e9ke t\u00far\u00e1z\u00e1sra, bring\u00e1z\u00e1sra cs\u00e1b\u00edt.\" \/>\n<meta name=\"robots\" content=\"index, follow, max-snippet:-1, max-image-preview:large, max-video-preview:-1\" \/>\n<link rel=\"canonical\" href=\"https:\/\/www.salzburgerland.com\/hu\/radstadt-2\/\" \/>\n<meta property=\"og:locale\" content=\"hu_HU\" \/>\n<meta property=\"og:type\" content=\"article\" \/>\n<meta property=\"og:title\" content=\"Radstadt\" \/>\n<meta property=\"og:description\" content=\"A t\u00e9li sportok paradicsoma Radstadt nem v\u00e9letlen\u00fcl tartozik a t\u00e9li \u00fcd\u00fcl\u0151k kedvenc \u00fatic\u00e9ljai k\u00f6z\u00e9. A mutat\u00f3s salzburgi v\u00e1roska az Enns v\u00f6lgy\u00e9nek napos\" \/>\n<meta property=\"og:url\" content=\"https:\/\/www.salzburgerland.com\/hu\/radstadt-2\/\" \/>\n<meta property=\"og:site_name\" content=\"SalzburgerLand.com\" \/>\n<meta property=\"article:publisher\" content=\"https:\/\/www.facebook.com\/visitsalzburgerland\/\" \/>\n<meta property=\"article:modified_time\" content=\"2025-03-31T16:57:52+00:00\" \/>\n<meta property=\"og:image\" content=\"https:\/\/www.salzburgerland.com\/hu\/wp-content\/uploads\/2017\/01\/winter-radstadt-e1495182687542.jpg\" \/>\n\t<meta property=\"og:image:width\" content=\"1170\" \/>\n\t<meta property=\"og:image:height\" content=\"658\" \/>\n\t<meta property=\"og:image:type\" content=\"image\/jpeg\" \/>\n<meta name=\"twitter:card\" content=\"summary_large_image\" \/>\n<meta name=\"twitter:site\" content=\"@salzburgerland\" \/>\n<meta name=\"twitter:label1\" content=\"Becs\u00fclt olvas\u00e1si id\u0151\" \/>\n\t<meta name=\"twitter:data1\" content=\"12 perc\" \/>\n<script type=\"application\/ld+json\" class=\"yoast-schema-graph\">{\"@context\":\"https:\\\/\\\/schema.org\",\"@graph\":[{\"@type\":\"WebPage\",\"@id\":\"https:\\\/\\\/www.salzburgerland.com\\\/hu\\\/radstadt-2\\\/\",\"url\":\"https:\\\/\\\/www.salzburgerland.com\\\/hu\\\/radstadt-2\\\/\",\"name\":\"Radstadt \u00bb SalzburgerLand.com\",\"isPartOf\":{\"@id\":\"https:\\\/\\\/www.salzburgerland.com\\\/hu\\\/#website\"},\"primaryImageOfPage\":{\"@id\":\"https:\\\/\\\/www.salzburgerland.com\\\/hu\\\/radstadt-2\\\/#primaryimage\"},\"image\":{\"@id\":\"https:\\\/\\\/www.salzburgerland.com\\\/hu\\\/radstadt-2\\\/#primaryimage\"},\"thumbnailUrl\":\"https:\\\/\\\/www.salzburgerland.com\\\/hu\\\/wp-content\\\/uploads\\\/2017\\\/01\\\/winter-radstadt-e1495182687542.jpg\",\"datePublished\":\"2017-01-13T03:40:41+00:00\",\"dateModified\":\"2025-03-31T16:57:52+00:00\",\"inLanguage\":\"hu\",\"potentialAction\":[{\"@type\":\"ReadAction\",\"target\":[\"https:\\\/\\\/www.salzburgerland.com\\\/hu\\\/radstadt-2\\\/\"]}]},{\"@type\":\"ImageObject\",\"inLanguage\":\"hu\",\"@id\":\"https:\\\/\\\/www.salzburgerland.com\\\/hu\\\/radstadt-2\\\/#primaryimage\",\"url\":\"https:\\\/\\\/www.salzburgerland.com\\\/hu\\\/wp-content\\\/uploads\\\/2017\\\/01\\\/winter-radstadt-e1495182687542.jpg\",\"contentUrl\":\"https:\\\/\\\/www.salzburgerland.com\\\/hu\\\/wp-content\\\/uploads\\\/2017\\\/01\\\/winter-radstadt-e1495182687542.jpg\",\"width\":1170,\"height\":658,\"caption\":\"Radstadt \u00a9Tourismusverband Radstadt\"},{\"@type\":\"WebSite\",\"@id\":\"https:\\\/\\\/www.salzburgerland.com\\\/hu\\\/#website\",\"url\":\"https:\\\/\\\/www.salzburgerland.com\\\/hu\\\/\",\"name\":\"SalzburgerLand.com\",\"description\":\"\u00dcd\u00fcl\u00e9s Ausztri\u00e1ban, Salzburg tartom\u00e1nyban\",\"potentialAction\":[{\"@type\":\"SearchAction\",\"target\":{\"@type\":\"EntryPoint\",\"urlTemplate\":\"https:\\\/\\\/www.salzburgerland.com\\\/hu\\\/?s={search_term_string}\"},\"query-input\":{\"@type\":\"PropertyValueSpecification\",\"valueRequired\":true,\"valueName\":\"search_term_string\"}}],\"inLanguage\":\"hu\"}]}<\/script>\n<!-- \/ Yoast SEO Premium plugin. -->","yoast_head_json":{"title":"Radstadt \u00bb SalzburgerLand.com","description":"Radstadt k\u00f6zponti helyen fekszik, innen remek\u00fcl el\u00e9rhet\u0151 a tartom\u00e1ny sz\u00e1mtalan l\u00e1tnival\u00f3ja. A v\u00e1roska k\u00f6zvetlen k\u00f6rny\u00e9ke t\u00far\u00e1z\u00e1sra, bring\u00e1z\u00e1sra cs\u00e1b\u00edt.","robots":{"index":"index","follow":"follow","max-snippet":"max-snippet:-1","max-image-preview":"max-image-preview:large","max-video-preview":"max-video-preview:-1"},"canonical":"https:\/\/www.salzburgerland.com\/hu\/radstadt-2\/","og_locale":"hu_HU","og_type":"article","og_title":"Radstadt","og_description":"A t\u00e9li sportok paradicsoma Radstadt nem v\u00e9letlen\u00fcl tartozik a t\u00e9li \u00fcd\u00fcl\u0151k kedvenc \u00fatic\u00e9ljai k\u00f6z\u00e9. A mutat\u00f3s salzburgi v\u00e1roska az Enns v\u00f6lgy\u00e9nek napos","og_url":"https:\/\/www.salzburgerland.com\/hu\/radstadt-2\/","og_site_name":"SalzburgerLand.com","article_publisher":"https:\/\/www.facebook.com\/visitsalzburgerland\/","article_modified_time":"2025-03-31T16:57:52+00:00","og_image":[{"url":"https:\/\/www.salzburgerland.com\/hu\/wp-content\/uploads\/2017\/01\/winter-radstadt-e1495182687542.jpg","width":1170,"height":658,"type":"image\/jpeg"}],"twitter_card":"summary_large_image","twitter_site":"@salzburgerland","twitter_misc":{"Becs\u00fclt olvas\u00e1si id\u0151":"12 perc"},"schema":{"@context":"https:\/\/schema.org","@graph":[{"@type":"WebPage","@id":"https:\/\/www.salzburgerland.com\/hu\/radstadt-2\/","url":"https:\/\/www.salzburgerland.com\/hu\/radstadt-2\/","name":"Radstadt \u00bb SalzburgerLand.com","isPartOf":{"@id":"https:\/\/www.salzburgerland.com\/hu\/#website"},"primaryImageOfPage":{"@id":"https:\/\/www.salzburgerland.com\/hu\/radstadt-2\/#primaryimage"},"image":{"@id":"https:\/\/www.salzburgerland.com\/hu\/radstadt-2\/#primaryimage"},"thumbnailUrl":"https:\/\/www.salzburgerland.com\/hu\/wp-content\/uploads\/2017\/01\/winter-radstadt-e1495182687542.jpg","datePublished":"2017-01-13T03:40:41+00:00","dateModified":"2025-03-31T16:57:52+00:00","inLanguage":"hu","potentialAction":[{"@type":"ReadAction","target":["https:\/\/www.salzburgerland.com\/hu\/radstadt-2\/"]}]},{"@type":"ImageObject","inLanguage":"hu","@id":"https:\/\/www.salzburgerland.com\/hu\/radstadt-2\/#primaryimage","url":"https:\/\/www.salzburgerland.com\/hu\/wp-content\/uploads\/2017\/01\/winter-radstadt-e1495182687542.jpg","contentUrl":"https:\/\/www.salzburgerland.com\/hu\/wp-content\/uploads\/2017\/01\/winter-radstadt-e1495182687542.jpg","width":1170,"height":658,"caption":"Radstadt \u00a9Tourismusverband Radstadt"},{"@type":"WebSite","@id":"https:\/\/www.salzburgerland.com\/hu\/#website","url":"https:\/\/www.salzburgerland.com\/hu\/","name":"SalzburgerLand.com","description":"\u00dcd\u00fcl\u00e9s Ausztri\u00e1ban, Salzburg tartom\u00e1nyban","potentialAction":[{"@type":"SearchAction","target":{"@type":"EntryPoint","urlTemplate":"https:\/\/www.salzburgerland.com\/hu\/?s={search_term_string}"},"query-input":{"@type":"PropertyValueSpecification","valueRequired":true,"valueName":"search_term_string"}}],"inLanguage":"hu"}]}},"_wl_alt_label":[],"wl:entity_url":"http:\/\/open.salzburgerland.com\/hu\/entity\/radstadt","_links":{"self":[{"href":"https:\/\/www.salzburgerland.com\/hu\/wp-json\/wp\/v2\/entities\/622","targetHints":{"allow":["GET"]}}],"collection":[{"href":"https:\/\/www.salzburgerland.com\/hu\/wp-json\/wp\/v2\/entities"}],"about":[{"href":"https:\/\/www.salzburgerland.com\/hu\/wp-json\/wp\/v2\/types\/entity"}],"author":[{"embeddable":true,"href":"https:\/\/www.salzburgerland.com\/hu\/wp-json\/wp\/v2\/users\/4"}],"replies":[{"embeddable":true,"href":"https:\/\/www.salzburgerland.com\/hu\/wp-json\/wp\/v2\/comments?post=622"}],"version-history":[{"count":6,"href":"https:\/\/www.salzburgerland.com\/hu\/wp-json\/wp\/v2\/entities\/622\/revisions"}],"predecessor-version":[{"id":23065,"href":"https:\/\/www.salzburgerland.com\/hu\/wp-json\/wp\/v2\/entities\/622\/revisions\/23065"}],"wp:featuredmedia":[{"embeddable":true,"href":"https:\/\/www.salzburgerland.com\/hu\/wp-json\/wp\/v2\/media\/11158"}],"wp:attachment":[{"href":"https:\/\/www.salzburgerland.com\/hu\/wp-json\/wp\/v2\/media?parent=622"}],"wp:term":[{"taxonomy":"category","embeddable":true,"href":"https:\/\/www.salzburgerland.com\/hu\/wp-json\/wp\/v2\/categories?post=622"},{"taxonomy":"post_tag","embeddable":true,"href":"https:\/\/www.salzburgerland.com\/hu\/wp-json\/wp\/v2\/tags?post=622"},{"taxonomy":"wl_entity_type","embeddable":true,"href":"https:\/\/www.salzburgerland.com\/hu\/wp-json\/wp\/v2\/wl_entity_type?post=622"}],"curies":[{"name":"wp","href":"https:\/\/api.w.org\/{rel}","templated":true}]}}