{"id":5946,"date":"2019-08-24T22:50:19","date_gmt":"2019-08-24T20:50:19","guid":{"rendered":"https:\/\/www.salzburgerland.com\/hu\/?p=5946"},"modified":"2025-10-15T21:12:55","modified_gmt":"2025-10-15T19:12:55","slug":"zell-am-see-kaprun-tel","status":"publish","type":"entity","link":"https:\/\/www.salzburgerland.com\/hu\/zell-am-see-kaprun-tel\/","title":{"rendered":"Zell am See-Kaprun &#8211; T\u00c9L"},"content":{"rendered":"<p><strong>A Kitzsteinhornon a t\u00e9l kor\u00e1bban kezd\u0151dik, mint b\u00e1rhol m\u00e1shol: okt\u00f3ber k\u00f6zep\u00e9t\u0151l m\u00e1r elindulnak az els\u0151 felvon\u00f3k az \u00faj s\u00edszezonra. Tapasztalja meg az \u00f6r\u00f6k h\u00f3 var\u00e1zs\u00e1t \u00e9s a hat\u00e1rtalan szabads\u00e1g \u00e9lm\u00e9ny\u00e9t a hegyek cs\u00facs\u00e1n! Tudjon meg t\u00f6bbet a <a href=\"https:\/\/www.kitzsteinhorn.at\/en\">Kitzsteinhornr\u00f3<\/a><\/strong><\/p>\n<h4><strong>Bel\u00e9p\u00e9s okostelefonos jeggyel a forg\u00f3kapun<\/strong><\/h4>\n<p>A legjobb alpesi \u00e9lm\u00e9nyek k\u00f6zvetlen\u00fcl az okostelefonon! A\u00a0Zell am See-Kaprun alkalmaz\u00e1s\u00a0seg\u00edts\u00e9g\u00e9vel mostant\u00f3l egyszer\u0171en \u00e9s gyorsan lehet bel\u00e9pni a s\u00edter\u00fcletre.<br>\nCsak t\u00f6ltsd le a Zell am See-Kaprun applik\u00e1ci\u00f3t, v\u00e1s\u00e1rold meg az\u00a0okostelefonos jegyet\u00a0az online shopban, t\u00f6ltsd be \u00e9s aktiv\u00e1ld az alkalmaz\u00e1sban \u2013 majd k\u00e9nyelmesen l\u00e9pj \u00e1t a forg\u00f3kapun.<\/p>\n","protected":false},"excerpt":{"rendered":"<p>A Kitzsteinhornon a t\u00e9l kor\u00e1bban kezd\u0151dik, mint b\u00e1rhol m\u00e1shol: okt\u00f3ber k\u00f6zep\u00e9t\u0151l m\u00e1r elindulnak az els\u0151 felvon\u00f3k az \u00faj s\u00edszezonra. Tapasztalja meg az \u00f6r\u00f6k h\u00f3 var\u00e1zs\u00e1t \u00e9s a hat\u00e1rtalan szabads\u00e1g \u00e9lm\u00e9ny\u00e9t a hegyek cs\u00facs\u00e1n! Tudjon meg t\u00f6bbet a Kitzsteinhornr\u00f3 Bel\u00e9p\u00e9s okostelefonos jeggyel a forg\u00f3kapun A legjobb alpesi \u00e9lm\u00e9nyek k\u00f6zvetlen\u00fcl az okostelefonon! A\u00a0Zell am See-Kaprun alkalmaz\u00e1s\u00a0seg\u00edts\u00e9g\u00e9vel mostant\u00f3l [&hellip;]<\/p>\n","protected":false},"author":4,"featured_media":22224,"comment_status":"closed","ping_status":"closed","template":"","meta":{"_acf_changed":false,"wl_entities_gutenberg":"","_relevanssi_hide_post":"","_relevanssi_hide_content":"","_relevanssi_pin_for_all":"","_relevanssi_pin_keywords":"","_relevanssi_unpin_keywords":"","_relevanssi_related_keywords":"","_relevanssi_related_include_ids":"","_relevanssi_related_exclude_ids":"","_relevanssi_related_no_append":"","_relevanssi_related_not_related":"","_relevanssi_related_posts":"","_relevanssi_noindex_reason":"","footnotes":""},"categories":[1],"tags":[],"wl_entity_type":[2],"class_list":["post-5946","entity","type-entity","status-publish","has-post-thumbnail","hentry","category-uncategorized","wl_entity_type-thing","sitetype-theme"],"acf":[],"yoast_head":"<!-- This site is optimized with the Yoast SEO Premium plugin v27.4 (Yoast SEO v27.4) - https:\/\/yoast.com\/product\/yoast-seo-premium-wordpress\/ -->\n<title>Zell am See-Kaprun - T\u00c9L \u00bb SalzburgerLand.com Zell am See-Kaprun - t\u00e9l<\/title>\n<meta name=\"description\" content=\"A t\u00e9li sportok \u00e9s izgalmas rendezv\u00e9nyek nagy v\u00e1laszt\u00e9ka Zell am See-Kaprun-ban, K-onnection, Ski Alpin Card s\u00edb\u00e9rlet-sz\u00f6vets\u00e9g, alpesi \u00e9lm\u00e9nyvil\u00e1g.\" \/>\n<meta name=\"robots\" content=\"index, follow, max-snippet:-1, max-image-preview:large, max-video-preview:-1\" \/>\n<link rel=\"canonical\" href=\"https:\/\/www.salzburgerland.com\/hu\/zell-am-see-kaprun-tel\/\" \/>\n<meta property=\"og:locale\" content=\"hu_HU\" \/>\n<meta property=\"og:type\" content=\"article\" \/>\n<meta property=\"og:title\" content=\"Zell am See-Kaprun - T\u00c9L\" \/>\n<meta property=\"og:description\" content=\"A Kitzsteinhornon a t\u00e9l kor\u00e1bban kezd\u0151dik, mint b\u00e1rhol m\u00e1shol: okt\u00f3ber k\u00f6zep\u00e9t\u0151l m\u00e1r elindulnak az els\u0151 felvon\u00f3k az \u00faj s\u00edszezonra. Tapasztalja meg az \u00f6r\u00f6k\" \/>\n<meta property=\"og:url\" content=\"https:\/\/www.salzburgerland.com\/hu\/zell-am-see-kaprun-tel\/\" \/>\n<meta property=\"og:site_name\" content=\"SalzburgerLand.com\" \/>\n<meta property=\"article:publisher\" content=\"https:\/\/www.facebook.com\/visitsalzburgerland\/\" \/>\n<meta property=\"article:modified_time\" content=\"2025-10-15T19:12:55+00:00\" \/>\n<meta property=\"og:image\" content=\"https:\/\/www.salzburgerland.com\/hu\/wp-content\/uploads\/2019\/08\/hauptmotiv-mitterbergblick-view-from-mitterberg-c-zell-am-see-kaprun-tourismus-1200x675.jpg\" \/>\n\t<meta property=\"og:image:width\" content=\"1200\" \/>\n\t<meta property=\"og:image:height\" content=\"675\" \/>\n\t<meta property=\"og:image:type\" content=\"image\/jpeg\" \/>\n<meta name=\"twitter:card\" content=\"summary_large_image\" \/>\n<meta name=\"twitter:site\" content=\"@salzburgerland\" \/>\n<meta name=\"twitter:label1\" content=\"Becs\u00fclt olvas\u00e1si id\u0151\" \/>\n\t<meta name=\"twitter:data1\" content=\"2 perc\" \/>\n<script type=\"application\/ld+json\" class=\"yoast-schema-graph\">{\"@context\":\"https:\\\/\\\/schema.org\",\"@graph\":[{\"@type\":\"WebPage\",\"@id\":\"https:\\\/\\\/www.salzburgerland.com\\\/hu\\\/zell-am-see-kaprun-tel\\\/\",\"url\":\"https:\\\/\\\/www.salzburgerland.com\\\/hu\\\/zell-am-see-kaprun-tel\\\/\",\"name\":\"Zell am See-Kaprun - T\u00c9L \u00bb SalzburgerLand.com Zell am See-Kaprun - t\u00e9l\",\"isPartOf\":{\"@id\":\"https:\\\/\\\/www.salzburgerland.com\\\/hu\\\/#website\"},\"primaryImageOfPage\":{\"@id\":\"https:\\\/\\\/www.salzburgerland.com\\\/hu\\\/zell-am-see-kaprun-tel\\\/#primaryimage\"},\"image\":{\"@id\":\"https:\\\/\\\/www.salzburgerland.com\\\/hu\\\/zell-am-see-kaprun-tel\\\/#primaryimage\"},\"thumbnailUrl\":\"https:\\\/\\\/www.salzburgerland.com\\\/hu\\\/wp-content\\\/uploads\\\/2019\\\/08\\\/hauptmotiv-mitterbergblick-view-from-mitterberg-c-zell-am-see-kaprun-tourismus.jpg\",\"datePublished\":\"2019-08-24T20:50:19+00:00\",\"dateModified\":\"2025-10-15T19:12:55+00:00\",\"description\":\"A t\u00e9li sportok \u00e9s izgalmas rendezv\u00e9nyek nagy v\u00e1laszt\u00e9ka Zell am See-Kaprun-ban, K-onnection, Ski Alpin Card s\u00edb\u00e9rlet-sz\u00f6vets\u00e9g, alpesi \u00e9lm\u00e9nyvil\u00e1g.\",\"inLanguage\":\"hu\",\"potentialAction\":[{\"@type\":\"ReadAction\",\"target\":[\"https:\\\/\\\/www.salzburgerland.com\\\/hu\\\/zell-am-see-kaprun-tel\\\/\"]}]},{\"@type\":\"ImageObject\",\"inLanguage\":\"hu\",\"@id\":\"https:\\\/\\\/www.salzburgerland.com\\\/hu\\\/zell-am-see-kaprun-tel\\\/#primaryimage\",\"url\":\"https:\\\/\\\/www.salzburgerland.com\\\/hu\\\/wp-content\\\/uploads\\\/2019\\\/08\\\/hauptmotiv-mitterbergblick-view-from-mitterberg-c-zell-am-see-kaprun-tourismus.jpg\",\"contentUrl\":\"https:\\\/\\\/www.salzburgerland.com\\\/hu\\\/wp-content\\\/uploads\\\/2019\\\/08\\\/hauptmotiv-mitterbergblick-view-from-mitterberg-c-zell-am-see-kaprun-tourismus.jpg\",\"width\":2560,\"height\":1670,\"caption\":\"T\u00e9li t\u00e1j Zell am See-Kaprunban \u00a9 Zell am See-Kaprun Tourismus, Nikolaus Faistauer Photography\"},{\"@type\":\"WebSite\",\"@id\":\"https:\\\/\\\/www.salzburgerland.com\\\/hu\\\/#website\",\"url\":\"https:\\\/\\\/www.salzburgerland.com\\\/hu\\\/\",\"name\":\"SalzburgerLand.com\",\"description\":\"\u00dcd\u00fcl\u00e9s Ausztri\u00e1ban, Salzburg tartom\u00e1nyban\",\"potentialAction\":[{\"@type\":\"SearchAction\",\"target\":{\"@type\":\"EntryPoint\",\"urlTemplate\":\"https:\\\/\\\/www.salzburgerland.com\\\/hu\\\/?s={search_term_string}\"},\"query-input\":{\"@type\":\"PropertyValueSpecification\",\"valueRequired\":true,\"valueName\":\"search_term_string\"}}],\"inLanguage\":\"hu\"}]}<\/script>\n<meta property=\"og:video\" content=\"https:\/\/www.youtube.com\/embed\/iSeyc3RqnoA\" \/>\n<meta property=\"og:video:type\" content=\"text\/html\" \/>\n<meta property=\"og:video:duration\" content=\"101\" \/>\n<meta property=\"og:video:width\" content=\"480\" \/>\n<meta property=\"og:video:height\" content=\"270\" \/>\n<meta property=\"ya:ovs:adult\" content=\"false\" \/>\n<meta property=\"ya:ovs:upload_date\" content=\"2019-08-24T20:50:19+00:00\" \/>\n<meta property=\"ya:ovs:allow_embed\" content=\"true\" \/>\n<!-- \/ Yoast SEO Premium plugin. -->","yoast_head_json":{"title":"Zell am See-Kaprun - T\u00c9L \u00bb SalzburgerLand.com Zell am See-Kaprun - t\u00e9l","description":"A t\u00e9li sportok \u00e9s izgalmas rendezv\u00e9nyek nagy v\u00e1laszt\u00e9ka Zell am See-Kaprun-ban, K-onnection, Ski Alpin Card s\u00edb\u00e9rlet-sz\u00f6vets\u00e9g, alpesi \u00e9lm\u00e9nyvil\u00e1g.","robots":{"index":"index","follow":"follow","max-snippet":"max-snippet:-1","max-image-preview":"max-image-preview:large","max-video-preview":"max-video-preview:-1"},"canonical":"https:\/\/www.salzburgerland.com\/hu\/zell-am-see-kaprun-tel\/","og_locale":"hu_HU","og_type":"article","og_title":"Zell am See-Kaprun - T\u00c9L","og_description":"A Kitzsteinhornon a t\u00e9l kor\u00e1bban kezd\u0151dik, mint b\u00e1rhol m\u00e1shol: okt\u00f3ber k\u00f6zep\u00e9t\u0151l m\u00e1r elindulnak az els\u0151 felvon\u00f3k az \u00faj s\u00edszezonra. Tapasztalja meg az \u00f6r\u00f6k","og_url":"https:\/\/www.salzburgerland.com\/hu\/zell-am-see-kaprun-tel\/","og_site_name":"SalzburgerLand.com","article_publisher":"https:\/\/www.facebook.com\/visitsalzburgerland\/","article_modified_time":"2025-10-15T19:12:55+00:00","og_image":[{"width":1200,"height":675,"url":"https:\/\/www.salzburgerland.com\/hu\/wp-content\/uploads\/2019\/08\/hauptmotiv-mitterbergblick-view-from-mitterberg-c-zell-am-see-kaprun-tourismus-1200x675.jpg","type":"image\/jpeg"}],"twitter_card":"summary_large_image","twitter_site":"@salzburgerland","twitter_misc":{"Becs\u00fclt olvas\u00e1si id\u0151":"2 perc"},"schema":{"@context":"https:\/\/schema.org","@graph":[{"@type":"WebPage","@id":"https:\/\/www.salzburgerland.com\/hu\/zell-am-see-kaprun-tel\/","url":"https:\/\/www.salzburgerland.com\/hu\/zell-am-see-kaprun-tel\/","name":"Zell am See-Kaprun - T\u00c9L \u00bb SalzburgerLand.com Zell am See-Kaprun - t\u00e9l","isPartOf":{"@id":"https:\/\/www.salzburgerland.com\/hu\/#website"},"primaryImageOfPage":{"@id":"https:\/\/www.salzburgerland.com\/hu\/zell-am-see-kaprun-tel\/#primaryimage"},"image":{"@id":"https:\/\/www.salzburgerland.com\/hu\/zell-am-see-kaprun-tel\/#primaryimage"},"thumbnailUrl":"https:\/\/www.salzburgerland.com\/hu\/wp-content\/uploads\/2019\/08\/hauptmotiv-mitterbergblick-view-from-mitterberg-c-zell-am-see-kaprun-tourismus.jpg","datePublished":"2019-08-24T20:50:19+00:00","dateModified":"2025-10-15T19:12:55+00:00","description":"A t\u00e9li sportok \u00e9s izgalmas rendezv\u00e9nyek nagy v\u00e1laszt\u00e9ka Zell am See-Kaprun-ban, K-onnection, Ski Alpin Card s\u00edb\u00e9rlet-sz\u00f6vets\u00e9g, alpesi \u00e9lm\u00e9nyvil\u00e1g.","inLanguage":"hu","potentialAction":[{"@type":"ReadAction","target":["https:\/\/www.salzburgerland.com\/hu\/zell-am-see-kaprun-tel\/"]}]},{"@type":"ImageObject","inLanguage":"hu","@id":"https:\/\/www.salzburgerland.com\/hu\/zell-am-see-kaprun-tel\/#primaryimage","url":"https:\/\/www.salzburgerland.com\/hu\/wp-content\/uploads\/2019\/08\/hauptmotiv-mitterbergblick-view-from-mitterberg-c-zell-am-see-kaprun-tourismus.jpg","contentUrl":"https:\/\/www.salzburgerland.com\/hu\/wp-content\/uploads\/2019\/08\/hauptmotiv-mitterbergblick-view-from-mitterberg-c-zell-am-see-kaprun-tourismus.jpg","width":2560,"height":1670,"caption":"T\u00e9li t\u00e1j Zell am See-Kaprunban \u00a9 Zell am See-Kaprun Tourismus, Nikolaus Faistauer Photography"},{"@type":"WebSite","@id":"https:\/\/www.salzburgerland.com\/hu\/#website","url":"https:\/\/www.salzburgerland.com\/hu\/","name":"SalzburgerLand.com","description":"\u00dcd\u00fcl\u00e9s Ausztri\u00e1ban, Salzburg tartom\u00e1nyban","potentialAction":[{"@type":"SearchAction","target":{"@type":"EntryPoint","urlTemplate":"https:\/\/www.salzburgerland.com\/hu\/?s={search_term_string}"},"query-input":{"@type":"PropertyValueSpecification","valueRequired":true,"valueName":"search_term_string"}}],"inLanguage":"hu"}]},"og_video":"https:\/\/www.youtube.com\/embed\/iSeyc3RqnoA","og_video_type":"text\/html","og_video_duration":"101","og_video_width":"480","og_video_height":"270","ya_ovs_adult":"false","ya_ovs_upload_date":"2019-08-24T20:50:19+00:00","ya_ovs_allow_embed":"true"},"_wl_alt_label":[],"wl:entity_url":"http:\/\/open.salzburgerland.com\/hu\/post\/zell_am_see-kaprun_-_tel","_links":{"self":[{"href":"https:\/\/www.salzburgerland.com\/hu\/wp-json\/wp\/v2\/entities\/5946","targetHints":{"allow":["GET"]}}],"collection":[{"href":"https:\/\/www.salzburgerland.com\/hu\/wp-json\/wp\/v2\/entities"}],"about":[{"href":"https:\/\/www.salzburgerland.com\/hu\/wp-json\/wp\/v2\/types\/entity"}],"author":[{"embeddable":true,"href":"https:\/\/www.salzburgerland.com\/hu\/wp-json\/wp\/v2\/users\/4"}],"replies":[{"embeddable":true,"href":"https:\/\/www.salzburgerland.com\/hu\/wp-json\/wp\/v2\/comments?post=5946"}],"version-history":[{"count":10,"href":"https:\/\/www.salzburgerland.com\/hu\/wp-json\/wp\/v2\/entities\/5946\/revisions"}],"predecessor-version":[{"id":23788,"href":"https:\/\/www.salzburgerland.com\/hu\/wp-json\/wp\/v2\/entities\/5946\/revisions\/23788"}],"wp:featuredmedia":[{"embeddable":true,"href":"https:\/\/www.salzburgerland.com\/hu\/wp-json\/wp\/v2\/media\/22224"}],"wp:attachment":[{"href":"https:\/\/www.salzburgerland.com\/hu\/wp-json\/wp\/v2\/media?parent=5946"}],"wp:term":[{"taxonomy":"category","embeddable":true,"href":"https:\/\/www.salzburgerland.com\/hu\/wp-json\/wp\/v2\/categories?post=5946"},{"taxonomy":"post_tag","embeddable":true,"href":"https:\/\/www.salzburgerland.com\/hu\/wp-json\/wp\/v2\/tags?post=5946"},{"taxonomy":"wl_entity_type","embeddable":true,"href":"https:\/\/www.salzburgerland.com\/hu\/wp-json\/wp\/v2\/wl_entity_type?post=5946"}],"curies":[{"name":"wp","href":"https:\/\/api.w.org\/{rel}","templated":true}]}}