{"id":4993,"date":"2019-07-12T21:30:57","date_gmt":"2019-07-12T19:30:57","guid":{"rendered":"https:\/\/www.salzburgerland.com\/hu\/?post_type=entity&#038;p=4993"},"modified":"2024-03-16T06:08:27","modified_gmt":"2024-03-16T05:08:27","slug":"viz-viz-viz","status":"publish","type":"entity","link":"https:\/\/www.salzburgerland.com\/hu\/viz-viz-viz\/","title":{"rendered":"Pezsg\u0151 vagy mentes"},"content":{"rendered":"<p>Aki szereti a vizet, az im\u00e1dni fogja a <strong>Salzburg tartom\u00e1nyt<\/strong>: A vadv\u00edzi foly\u00f3k h\u0171s rafting t\u00far\u00e1kra invit\u00e1lnak, a term\u00e1lf\u00fcrd\u0151k pihen\u00e9sre, a frissen fogott halak kulin\u00e1ris \u00e9lvezetekre, a templomokn\u00e1l \u00e9s k\u00e1poln\u00e1kn\u00e1l tal\u00e1lhat\u00f3 gy\u00f3gy\u00edt\u00f3 viz\u0171 kutak pedig egy r\u00f6vid meg\u00e1ll\u00f3ra cs\u00e1b\u00edtanak.<\/p>\n<h2>Gy\u00f6ny\u00f6r\u0171 tavak a hegyekben, v\u00f6lgyekben<\/h2>\n<p>Salzburg tartom\u00e1nyban a legk\u00f6zelebbi h\u0171s\u00edt\u0151 v\u00edz sosincs messze: 180 term\u00e9szetes t\u00f3, 22 \u00e9p\u00edtett f\u00fcrd\u0151t\u00f3 \u00e9s t\u00f6bb mint 60 szabadt\u00e9ri medence ide\u00e1lis felt\u00e9teleket k\u00edn\u00e1l a v\u00edzim\u00e1d\u00f3k sz\u00e1m\u00e1ra. A tavak krist\u00e1lytiszta, iv\u00f3v\u00edz min\u0151s\u00e9g\u0171 v\u00edzzel rendelkeznek: vitorl\u00e1z\u00e1s, sz\u00f6rf\u00f6z\u00e9s, SUP evez\u00e9s, horg\u00e1szat vagy a cs\u00f3nak\u00e1z\u00e1s \u00fcd\u00edt\u0151 \u00e9lm\u00e9nyt ny\u00fajtanak. A sz\u00e1mos alpesi, hegyi t\u00f3 Salzburg tartom\u00e1ny k\u00fcl\u00f6nleges vizei k\u00f6z\u00e9 tartozik. <a href=\"https:\/\/www.salzburgerland.com\/hu\/salzburgi-lungau-unesco-bioszfera-rezervatum\/\"><strong>Salzburgi Lungau UNESCO bioszf\u00e9ra rezerv\u00e1tum\u00e1nak<\/strong><\/a> ter\u00fclet\u00e9n t\u00f6bb, mint 60 hegyi t\u00f3 tal\u00e1lhat\u00f3 \u2013 t\u00f6bb, mint b\u00e1rhol m\u00e1shol Eur\u00f3p\u00e1ban. Csod\u00e1latos t\u00farac\u00e9lpontok k\u00f6z\u00e9 tartozik a Reedsee Bad-Gastein-ban, a Kleinarl-i Tappenkarsee Kleinarl-ban vagy a Hochgebirgsstauseen Kaprun.<\/p>\n<h2><strong>Patakok, v\u00edzes\u00e9sek, foly\u00f3k, szurdokok \u00e9s szakad\u00e9kok<\/strong><\/h2>\n<p>Amikor z\u00fag, fr\u00f6csk\u00f6l, porzik \u00e9s csobog, a v\u00edz hatalmas er\u0151vel t\u00f6r \u00e1t szikl\u00e1n \u00e9s k\u00f6v\u00f6n, \u00e9s gyakran jelent\u0151s, m\u00e9teres magass\u00e1gokat is lek\u00fczd. Salzburg tartom\u00e1ny a raftingosok \u00e9s kajakosok Eldor\u00e1d\u00f3ja: Lammer \u00e9s Saalach a k\u00fcl\u00f6n\u00f6sen felkapott helyek k\u00f6z\u00e9 tartoznak. A Strubklamm szurdok a legjobb a kanyoninghoz, a Salzach\u00f6fen-t pedig a Flying Fox-val lehet megh\u00f3d\u00edtani. Akinek mindez t\u00fals\u00e1gosan vad, azok biztons\u00e1gos \u00f6sv\u00e9nyeken s\u00e9t\u00e1lhatnak \u00e1t a szikl\u00e1kon: p\u00e9ld\u00e1ul a <a href=\"https:\/\/www.salzburgerland.com\/hu\/salzburgi-sportvilag-a-liechtensteinklamm-szurdok\/\"><strong>Liechtensteinklamm<\/strong> <strong>szurdokon<\/strong><\/a> kereszt\u00fcl, a Lammer szurdok Tennengau-ban, a Vorderkaserklamm szurdok a Salzburgi Saalachtal-ban vagy Sigmund-Thun szurdok Zell am See Kaprunban. Vagy hagyja, hogy a habz\u00f3, hatalmas v\u00edzes\u00e9s lespriccelje, mindenekel\u0151tt a Magas-Tauern Nemzeti Park 380 m\u00e9ter magas Krimmli-v\u00edzes\u00e9se.<\/p>\n<h2><strong>Term\u00e9szetes eg\u00e9szs\u00e9g a salzburgi term\u00e1lf\u00fcrd\u0151kben\u00a0<\/strong><\/h2>\n<p>A gy\u00f3gy- \u00e9s f\u00fcrd\u0151\u00fcd\u00fcl\u00e9snek nagy hagyom\u00e1nya van Salzburg tartom\u00e1nyban: a hegyekb\u0151l sz\u00e1rmaz\u00f3 gy\u00f3gyvizek hat\u00e9konys\u00e1ga nem maradt sok\u00e1ig rejtve a vil\u00e1g el\u0151l, \u00e9s t\u00f6bb mint sz\u00e1z \u00e9ve vonzotta a kir\u00e1lyokat, cs\u00e1sz\u00e1rokat \u00e9s sejkeket Salzburg v\u00e1rosaiba \u00e9s v\u00f6lgyeibe. Mindenekel\u0151tt a Gasteinertal tett kor\u00e1n vil\u00e1gh\u00edrn\u00e9vre szert, melynek forr\u00e1saib\u00f3l m\u00e9g napjainkban is t\u00f6bb milli\u00f3 liter radon tartalm\u00fa gy\u00f3gyv\u00edz t\u00f6r el\u0151. A term\u00e9szet ereje az eg\u00e9szs\u00e9ges kl\u00edm\u00e1j\u00e1val \u00e9s v\u00e1ltozatos gy\u00f3gy\u00edt\u00f3 hat\u00e1saival, klinik\u00e1kkal, gy\u00f3gyk\u00f6zpontokkal, valamint kiv\u00e1l\u00f3 sz\u00e1llod\u00e1kkal p\u00e1ros\u00edtva teszik Salzburg tartom\u00e1nyt els\u0151rang\u00fa <a href=\"https:\/\/www.salzburgerland.com\/de\/alpine-gesundheitsregion\/\" target=\"_blank\" rel=\"noopener\"><strong>alpesi eg\u00e9szs\u00e9g\u00fcgyi<\/strong> <strong>r\u00e9gi\u00f3v\u00e1<\/strong><\/a><strong>.<\/strong> A t\u00f6k\u00e9letes j\u00f3l\u00e9t \u00e9rdek\u00e9ben a SalzburgerThermenLand hat term\u00e1lf\u00fcrd\u0151t k\u00edn\u00e1l, melyek az ig\u00e9nyek sz\u00e9les sk\u00e1l\u00e1j\u00e1t lefedik.<\/p>\n<h2><strong>Salzburgi tavak \u00e9s patakok kulin\u00e1ris k\u00fcl\u00f6nlegess\u00e9gei <\/strong><\/h2>\n<p>M\u00e1r a salzburgi herceg\u00e9rsekeknek is hetente egyszer lovaskocsin sz\u00e1ll\u00edtott\u00e1k a v\u00e1rosba a Fuschlsee-b\u0151l frissen kifogott s\u00fcll\u0151ket. A hal m\u00e9g ma is az egyik legfinomabb \u00e9s legn\u00e9pszer\u0171bb \u00e9tel Salzburg tartom\u00e1nyban. A friss hegyi patakok \u00e9s m\u00e9ly tavak vize kiv\u00e1l\u00f3 iv\u00f3v\u00edzmin\u0151s\u00e9get biztos\u00edt. A <a href=\"https:\/\/www.salzburgerland.com\/hu\/halkedvelok-gasztroturaja\/\"><strong>Via Culinaria<\/strong><\/a> \u00fatmutat\u00f3ja 15 c\u00edmet aj\u00e1nl a hal\u00e9telek kedvel\u0151inek: Egy nagyon k\u00fcl\u00f6nleges c\u00edm Walter Gr\u00fcll halszak\u00fczlete. \u0150 a vil\u00e1g egyik legsikeresebb kavi\u00e1rtermel\u0151je.<\/p>\n","protected":false},"excerpt":{"rendered":"<p>Aki szereti a vizet, az im\u00e1dni fogja a Salzburg tartom\u00e1nyt: A vadv\u00edzi foly\u00f3k h\u0171s rafting t\u00far\u00e1kra invit\u00e1lnak, a term\u00e1lf\u00fcrd\u0151k pihen\u00e9sre, a frissen fogott halak kulin\u00e1ris \u00e9lvezetekre, a templomokn\u00e1l \u00e9s k\u00e1poln\u00e1kn\u00e1l tal\u00e1lhat\u00f3 gy\u00f3gy\u00edt\u00f3 viz\u0171 kutak pedig egy r\u00f6vid meg\u00e1ll\u00f3ra cs\u00e1b\u00edtanak. Gy\u00f6ny\u00f6r\u0171 tavak a hegyekben, v\u00f6lgyekben Salzburg tartom\u00e1nyban a legk\u00f6zelebbi h\u0171s\u00edt\u0151 v\u00edz sosincs messze: 180 term\u00e9szetes t\u00f3, [&hellip;]<\/p>\n","protected":false},"author":4,"featured_media":15927,"comment_status":"closed","ping_status":"closed","template":"","meta":{"_acf_changed":false,"wl_entities_gutenberg":"","_relevanssi_hide_post":"","_relevanssi_hide_content":"","_relevanssi_pin_for_all":"","_relevanssi_pin_keywords":"","_relevanssi_unpin_keywords":"","_relevanssi_related_keywords":"","_relevanssi_related_include_ids":"","_relevanssi_related_exclude_ids":"","_relevanssi_related_no_append":"","_relevanssi_related_not_related":"","_relevanssi_related_posts":"","_relevanssi_noindex_reason":"","footnotes":""},"categories":[1],"tags":[],"wl_entity_type":[2],"class_list":["post-4993","entity","type-entity","status-publish","has-post-thumbnail","hentry","category-uncategorized","wl_entity_type-thing","sitetype-theme"],"acf":[],"yoast_head":"<!-- This site is optimized with the Yoast SEO Premium plugin v27.4 (Yoast SEO v27.4) - https:\/\/yoast.com\/product\/yoast-seo-premium-wordpress\/ -->\n<title>Pezsg\u0151 vagy mentes \u00bb SalzburgerLand.com<\/title>\n<meta name=\"description\" content=\"%%cf_teasertext%% Gy\u00f3gy\u00edt\u00f3, \u00fcd\u00edt\u0151, gy\u00f6ny\u00f6rk\u00f6dtet\u0151 v\u00edz\" \/>\n<meta name=\"robots\" content=\"index, follow, max-snippet:-1, max-image-preview:large, max-video-preview:-1\" \/>\n<link rel=\"canonical\" href=\"https:\/\/www.salzburgerland.com\/hu\/viz-viz-viz\/\" \/>\n<meta property=\"og:locale\" content=\"hu_HU\" \/>\n<meta property=\"og:type\" content=\"article\" \/>\n<meta property=\"og:title\" content=\"Pezsg\u0151 vagy mentes\" \/>\n<meta property=\"og:description\" content=\"Aki szereti a vizet, az im\u00e1dni fogja a Salzburg tartom\u00e1nyt: A vadv\u00edzi foly\u00f3k h\u0171s rafting t\u00far\u00e1kra invit\u00e1lnak, a term\u00e1lf\u00fcrd\u0151k pihen\u00e9sre, a frissen fogott\" \/>\n<meta property=\"og:url\" content=\"https:\/\/www.salzburgerland.com\/hu\/viz-viz-viz\/\" \/>\n<meta property=\"og:site_name\" content=\"SalzburgerLand.com\" \/>\n<meta property=\"article:publisher\" content=\"https:\/\/www.facebook.com\/visitsalzburgerland\/\" \/>\n<meta property=\"article:modified_time\" content=\"2024-03-16T05:08:27+00:00\" \/>\n<meta property=\"og:image\" content=\"https:\/\/www.salzburgerland.com\/hu\/wp-content\/uploads\/2022\/06\/csm_frau_vor_wasserfall___serkat_fotolia_19b4e567f7-1170x658-1.jpg\" \/>\n\t<meta property=\"og:image:width\" content=\"1170\" \/>\n\t<meta property=\"og:image:height\" content=\"658\" \/>\n\t<meta property=\"og:image:type\" content=\"image\/jpeg\" \/>\n<meta name=\"twitter:card\" content=\"summary_large_image\" \/>\n<meta name=\"twitter:site\" content=\"@salzburgerland\" \/>\n<meta name=\"twitter:label1\" content=\"Becs\u00fclt olvas\u00e1si id\u0151\" \/>\n\t<meta name=\"twitter:data1\" content=\"3 perc\" \/>\n<script type=\"application\/ld+json\" class=\"yoast-schema-graph\">{\"@context\":\"https:\\\/\\\/schema.org\",\"@graph\":[{\"@type\":\"WebPage\",\"@id\":\"https:\\\/\\\/www.salzburgerland.com\\\/hu\\\/viz-viz-viz\\\/\",\"url\":\"https:\\\/\\\/www.salzburgerland.com\\\/hu\\\/viz-viz-viz\\\/\",\"name\":\"Pezsg\u0151 vagy mentes \u00bb SalzburgerLand.com\",\"isPartOf\":{\"@id\":\"https:\\\/\\\/www.salzburgerland.com\\\/hu\\\/#website\"},\"primaryImageOfPage\":{\"@id\":\"https:\\\/\\\/www.salzburgerland.com\\\/hu\\\/viz-viz-viz\\\/#primaryimage\"},\"image\":{\"@id\":\"https:\\\/\\\/www.salzburgerland.com\\\/hu\\\/viz-viz-viz\\\/#primaryimage\"},\"thumbnailUrl\":\"https:\\\/\\\/www.salzburgerland.com\\\/hu\\\/wp-content\\\/uploads\\\/2022\\\/06\\\/csm_frau_vor_wasserfall___serkat_fotolia_19b4e567f7-1170x658-1.jpg\",\"datePublished\":\"2019-07-12T19:30:57+00:00\",\"dateModified\":\"2024-03-16T05:08:27+00:00\",\"description\":\"Tiszta, friss \u00e9s hamis\u00edtatlan: a v\u00edz nagyon sokf\u00e9le form\u00e1ban, minden\u00fctt jelen van Salzburg tartom\u00e1nyban. Gy\u00f3gy\u00edt\u00f3, \u00fcd\u00edt\u0151, gy\u00f6ny\u00f6rk\u00f6dtet\u0151 v\u00edz\",\"inLanguage\":\"hu\",\"potentialAction\":[{\"@type\":\"ReadAction\",\"target\":[\"https:\\\/\\\/www.salzburgerland.com\\\/hu\\\/viz-viz-viz\\\/\"]}]},{\"@type\":\"ImageObject\",\"inLanguage\":\"hu\",\"@id\":\"https:\\\/\\\/www.salzburgerland.com\\\/hu\\\/viz-viz-viz\\\/#primaryimage\",\"url\":\"https:\\\/\\\/www.salzburgerland.com\\\/hu\\\/wp-content\\\/uploads\\\/2022\\\/06\\\/csm_frau_vor_wasserfall___serkat_fotolia_19b4e567f7-1170x658-1.jpg\",\"contentUrl\":\"https:\\\/\\\/www.salzburgerland.com\\\/hu\\\/wp-content\\\/uploads\\\/2022\\\/06\\\/csm_frau_vor_wasserfall___serkat_fotolia_19b4e567f7-1170x658-1.jpg\",\"width\":1170,\"height\":658,\"caption\":\"A Krimmli-v\u00edzes\u00e9s v\u00edzp\u00e1r\u00e1ja pozit\u00edv hat\u00e1ssal van a l\u00e9gutakra \u00e9s energi\u00e1t ad \u00a9 NPHT Ferienregion\"},{\"@type\":\"WebSite\",\"@id\":\"https:\\\/\\\/www.salzburgerland.com\\\/hu\\\/#website\",\"url\":\"https:\\\/\\\/www.salzburgerland.com\\\/hu\\\/\",\"name\":\"SalzburgerLand.com\",\"description\":\"\u00dcd\u00fcl\u00e9s Ausztri\u00e1ban, Salzburg tartom\u00e1nyban\",\"potentialAction\":[{\"@type\":\"SearchAction\",\"target\":{\"@type\":\"EntryPoint\",\"urlTemplate\":\"https:\\\/\\\/www.salzburgerland.com\\\/hu\\\/?s={search_term_string}\"},\"query-input\":{\"@type\":\"PropertyValueSpecification\",\"valueRequired\":true,\"valueName\":\"search_term_string\"}}],\"inLanguage\":\"hu\"}]}<\/script>\n<meta property=\"og:video\" content=\"https:\/\/www.youtube.com\/embed\/vAlKAhOH-aY\" \/>\n<meta property=\"og:video:type\" content=\"text\/html\" \/>\n<meta property=\"og:video:duration\" content=\"59\" \/>\n<meta property=\"og:video:width\" content=\"480\" \/>\n<meta property=\"og:video:height\" content=\"270\" \/>\n<meta property=\"ya:ovs:adult\" content=\"false\" \/>\n<meta property=\"ya:ovs:upload_date\" content=\"2019-07-12T19:30:57+00:00\" \/>\n<meta property=\"ya:ovs:allow_embed\" content=\"true\" \/>\n<!-- \/ Yoast SEO Premium plugin. -->","yoast_head_json":{"title":"Pezsg\u0151 vagy mentes \u00bb SalzburgerLand.com","description":"%%cf_teasertext%% Gy\u00f3gy\u00edt\u00f3, \u00fcd\u00edt\u0151, gy\u00f6ny\u00f6rk\u00f6dtet\u0151 v\u00edz","robots":{"index":"index","follow":"follow","max-snippet":"max-snippet:-1","max-image-preview":"max-image-preview:large","max-video-preview":"max-video-preview:-1"},"canonical":"https:\/\/www.salzburgerland.com\/hu\/viz-viz-viz\/","og_locale":"hu_HU","og_type":"article","og_title":"Pezsg\u0151 vagy mentes","og_description":"Aki szereti a vizet, az im\u00e1dni fogja a Salzburg tartom\u00e1nyt: A vadv\u00edzi foly\u00f3k h\u0171s rafting t\u00far\u00e1kra invit\u00e1lnak, a term\u00e1lf\u00fcrd\u0151k pihen\u00e9sre, a frissen fogott","og_url":"https:\/\/www.salzburgerland.com\/hu\/viz-viz-viz\/","og_site_name":"SalzburgerLand.com","article_publisher":"https:\/\/www.facebook.com\/visitsalzburgerland\/","article_modified_time":"2024-03-16T05:08:27+00:00","og_image":[{"url":"https:\/\/www.salzburgerland.com\/hu\/wp-content\/uploads\/2022\/06\/csm_frau_vor_wasserfall___serkat_fotolia_19b4e567f7-1170x658-1.jpg","width":1170,"height":658,"type":"image\/jpeg"}],"twitter_card":"summary_large_image","twitter_site":"@salzburgerland","twitter_misc":{"Becs\u00fclt olvas\u00e1si id\u0151":"3 perc"},"schema":{"@context":"https:\/\/schema.org","@graph":[{"@type":"WebPage","@id":"https:\/\/www.salzburgerland.com\/hu\/viz-viz-viz\/","url":"https:\/\/www.salzburgerland.com\/hu\/viz-viz-viz\/","name":"Pezsg\u0151 vagy mentes \u00bb SalzburgerLand.com","isPartOf":{"@id":"https:\/\/www.salzburgerland.com\/hu\/#website"},"primaryImageOfPage":{"@id":"https:\/\/www.salzburgerland.com\/hu\/viz-viz-viz\/#primaryimage"},"image":{"@id":"https:\/\/www.salzburgerland.com\/hu\/viz-viz-viz\/#primaryimage"},"thumbnailUrl":"https:\/\/www.salzburgerland.com\/hu\/wp-content\/uploads\/2022\/06\/csm_frau_vor_wasserfall___serkat_fotolia_19b4e567f7-1170x658-1.jpg","datePublished":"2019-07-12T19:30:57+00:00","dateModified":"2024-03-16T05:08:27+00:00","description":"Tiszta, friss \u00e9s hamis\u00edtatlan: a v\u00edz nagyon sokf\u00e9le form\u00e1ban, minden\u00fctt jelen van Salzburg tartom\u00e1nyban. Gy\u00f3gy\u00edt\u00f3, \u00fcd\u00edt\u0151, gy\u00f6ny\u00f6rk\u00f6dtet\u0151 v\u00edz","inLanguage":"hu","potentialAction":[{"@type":"ReadAction","target":["https:\/\/www.salzburgerland.com\/hu\/viz-viz-viz\/"]}]},{"@type":"ImageObject","inLanguage":"hu","@id":"https:\/\/www.salzburgerland.com\/hu\/viz-viz-viz\/#primaryimage","url":"https:\/\/www.salzburgerland.com\/hu\/wp-content\/uploads\/2022\/06\/csm_frau_vor_wasserfall___serkat_fotolia_19b4e567f7-1170x658-1.jpg","contentUrl":"https:\/\/www.salzburgerland.com\/hu\/wp-content\/uploads\/2022\/06\/csm_frau_vor_wasserfall___serkat_fotolia_19b4e567f7-1170x658-1.jpg","width":1170,"height":658,"caption":"A Krimmli-v\u00edzes\u00e9s v\u00edzp\u00e1r\u00e1ja pozit\u00edv hat\u00e1ssal van a l\u00e9gutakra \u00e9s energi\u00e1t ad \u00a9 NPHT Ferienregion"},{"@type":"WebSite","@id":"https:\/\/www.salzburgerland.com\/hu\/#website","url":"https:\/\/www.salzburgerland.com\/hu\/","name":"SalzburgerLand.com","description":"\u00dcd\u00fcl\u00e9s Ausztri\u00e1ban, Salzburg tartom\u00e1nyban","potentialAction":[{"@type":"SearchAction","target":{"@type":"EntryPoint","urlTemplate":"https:\/\/www.salzburgerland.com\/hu\/?s={search_term_string}"},"query-input":{"@type":"PropertyValueSpecification","valueRequired":true,"valueName":"search_term_string"}}],"inLanguage":"hu"}]},"og_video":"https:\/\/www.youtube.com\/embed\/vAlKAhOH-aY","og_video_type":"text\/html","og_video_duration":"59","og_video_width":"480","og_video_height":"270","ya_ovs_adult":"false","ya_ovs_upload_date":"2019-07-12T19:30:57+00:00","ya_ovs_allow_embed":"true"},"_wl_alt_label":[],"wl:entity_url":"http:\/\/open.salzburgerland.com\/hu\/entity\/a_salzburgi_regiok_egyik_legnagyobb_kincse_a_viz","_links":{"self":[{"href":"https:\/\/www.salzburgerland.com\/hu\/wp-json\/wp\/v2\/entities\/4993","targetHints":{"allow":["GET"]}}],"collection":[{"href":"https:\/\/www.salzburgerland.com\/hu\/wp-json\/wp\/v2\/entities"}],"about":[{"href":"https:\/\/www.salzburgerland.com\/hu\/wp-json\/wp\/v2\/types\/entity"}],"author":[{"embeddable":true,"href":"https:\/\/www.salzburgerland.com\/hu\/wp-json\/wp\/v2\/users\/4"}],"replies":[{"embeddable":true,"href":"https:\/\/www.salzburgerland.com\/hu\/wp-json\/wp\/v2\/comments?post=4993"}],"version-history":[{"count":5,"href":"https:\/\/www.salzburgerland.com\/hu\/wp-json\/wp\/v2\/entities\/4993\/revisions"}],"predecessor-version":[{"id":21170,"href":"https:\/\/www.salzburgerland.com\/hu\/wp-json\/wp\/v2\/entities\/4993\/revisions\/21170"}],"wp:featuredmedia":[{"embeddable":true,"href":"https:\/\/www.salzburgerland.com\/hu\/wp-json\/wp\/v2\/media\/15927"}],"wp:attachment":[{"href":"https:\/\/www.salzburgerland.com\/hu\/wp-json\/wp\/v2\/media?parent=4993"}],"wp:term":[{"taxonomy":"category","embeddable":true,"href":"https:\/\/www.salzburgerland.com\/hu\/wp-json\/wp\/v2\/categories?post=4993"},{"taxonomy":"post_tag","embeddable":true,"href":"https:\/\/www.salzburgerland.com\/hu\/wp-json\/wp\/v2\/tags?post=4993"},{"taxonomy":"wl_entity_type","embeddable":true,"href":"https:\/\/www.salzburgerland.com\/hu\/wp-json\/wp\/v2\/wl_entity_type?post=4993"}],"curies":[{"name":"wp","href":"https:\/\/api.w.org\/{rel}","templated":true}]}}