{"id":3859,"date":"2019-05-01T03:57:50","date_gmt":"2019-05-01T01:57:50","guid":{"rendered":"https:\/\/www.salzburgerland.com\/hu\/?p=3859"},"modified":"2021-10-04T13:45:25","modified_gmt":"2021-10-04T11:45:25","slug":"saalfelden-leogang-nyar","status":"publish","type":"entity","link":"https:\/\/www.salzburgerland.com\/hu\/saalfelden-leogang-nyar\/","title":{"rendered":"Saalfelden Leogang &#8211; NY\u00c1R"},"content":{"rendered":"<h2>Az egykori b\u00e1ny\u00e1szfalu, Leogang<\/h2>\n<p>A t\u00f6bb mint h\u00e1romezres lakos\u00fa faluban,<strong> Leogang<\/strong>ban nagy hagyom\u00e1nyai vannak a b\u00e1ny\u00e1szatnak. \u00a0A nyaral\u00f3k <a href=\"https:\/\/www.saalfelden-leogang.com\/en\/region-experience\/hiking\" target=\"_blank\" rel=\"noopener noreferrer\"><strong>t\u00far\u00e1z\u00e1ssal<\/strong><\/a> \u00e9s <strong>bring\u00e1z\u00e1s<\/strong>sal t\u00f6ltik idej\u00fck nagy r\u00e9sz\u00e9t. <strong>Csal\u00e1dok<\/strong> is sz\u00edvesen j\u00f6nnek, egyik k\u00f6zkedvelt c\u00e9ljuk az <strong>Asitz hegy<\/strong> \u00fcd\u00fcl\u0151paradicsoma. Az egykori b\u00e1ny\u00e1szfalu arr\u00f3l is h\u00edres, hogy a XX. sz\u00e1zad elej\u00e9n itt honosodott meg el\u0151sz\u00f6r a magashegyi turizmus. A mai t\u00far\u00e1z\u00f3kat t\u00f6bb mint 400 kilom\u00e9ternyi gondozott t\u00fara\u00fat v\u00e1rja, az Asitz hegyen az <strong>alpesi <\/strong><strong>legel\u0151k<\/strong>\u00f6n \u00e9s <strong>j\u00f3pofa h\u00fctt\u00e9k<\/strong>en k\u00edv\u00fcl gyerekeknek kialak\u00edtott<strong> tematikus t\u00farautak<\/strong> is vannak.<\/p>\n\n\t\t\t<div id=\"3859-1\" class=\"gallery gallery-3859 gallery-columns-3 gallery-size-1170_658\" itemscope itemtype=\"http:\/\/schema.org\/ImageGallery\">\n\t\t\t\t<ul class=\"gallery-row gallery-col-3 gallery-clear\">\n\t\t\t\t\t<li class=\"gallery-item col-3\" itemprop=\"associatedMedia\" itemscope itemtype=\"http:\/\/schema.org\/ImageObject\">\n\t\t\t\t\t\t<div class=\"gallery-icon landscape\"><a href=\"https:\/\/www.salzburgerland.com\/hu\/wp-content\/uploads\/2019\/04\/-saalfelden-leogang-touristik-florian-lechner--waldschaukel-in-saalfelden-leogang-1920x1067.jpg\" title=\"\u00a9 Saalfelden Leogang Touristik; Florian Lechner \u2013 Waldschaukel in Saalfelden Leogang\"><img decoding=\"async\" data-title=\"Erdei hinta \u00a9 Saalfelden Leogang Touristik, Florian Lechner \" title=\"Erdei hinta \u00a9 Saalfelden Leogang Touristik, Florian Lechner \" data-caption=\"Erdei hinta \u00a9 Saalfelden Leogang Touristik, Florian Lechner \" width=\"1170\" height=\"658\" src=\"https:\/\/www.salzburgerland.com\/hu\/wp-content\/uploads\/2019\/04\/-saalfelden-leogang-touristik-florian-lechner--waldschaukel-in-saalfelden-leogang-1170x658.jpg\" class=\"attachment-1170_658 size-1170_658\" alt=\"Egy szem\u00e9ly pihen egy k\u00f6r alak\u00fa f\u00fcgg\u0151hint\u00e1n a Saalfelden Leogang erd\u0151ben, magas f\u00e1k \u00e9s z\u00f6ldell\u0151 n\u00f6v\u00e9nyek k\u00f6z\u00f6tt. (Nagy\u00edtott n\u00e9zet)\" srcset=\"https:\/\/www.salzburgerland.com\/hu\/wp-content\/uploads\/2019\/04\/-saalfelden-leogang-touristik-florian-lechner--waldschaukel-in-saalfelden-leogang-1170x658.jpg 1170w, https:\/\/www.salzburgerland.com\/hu\/wp-content\/uploads\/2019\/04\/-saalfelden-leogang-touristik-florian-lechner--waldschaukel-in-saalfelden-leogang-768x432.jpg 768w, https:\/\/www.salzburgerland.com\/hu\/wp-content\/uploads\/2019\/04\/-saalfelden-leogang-touristik-florian-lechner--waldschaukel-in-saalfelden-leogang-1200x675.jpg 1200w, https:\/\/www.salzburgerland.com\/hu\/wp-content\/uploads\/2019\/04\/-saalfelden-leogang-touristik-florian-lechner--waldschaukel-in-saalfelden-leogang.jpg 1920w\" sizes=\"(max-width: 1170px) 100vw, 1170px\" aria-describedby=\"figcaption-3859-6761\" itemprop=\"thumbnail\"><\/a><\/div>\n\t\t\t\t\t\t<span id=\"figcaption-3859-6761\" class=\"gallery-caption\" itemprop=\"caption\"><span aria-hidden=\"true\">Erdei hinta \u00a9 Saalfelden Leogang Touristik, Florian Lechner <\/span><\/span>\n\t\t\t\t\t<\/li>\n\t\t\t\t\t<li class=\"gallery-item col-3\" itemprop=\"associatedMedia\" itemscope itemtype=\"http:\/\/schema.org\/ImageObject\">\n\t\t\t\t\t\t<div class=\"gallery-icon landscape\"><a href=\"https:\/\/www.salzburgerland.com\/hu\/wp-content\/uploads\/2019\/04\/-saalfelden-leogang-touristik-stefan-gimpl--stille-wasser-am-asitz-1920x1067.jpg\" title=\"\u00a9 Saalfelden Leogang Touristik, Stefan Gimpl \u2013 Stille Wasser am Asitz\"><img decoding=\"async\" data-title=\"Az Asitz cs\u00facs\u00e1n \u00a9 Saalfelden Leogang Touristik, Stefan Gimpl \" title=\"Az Asitz cs\u00facs\u00e1n \u00a9 Saalfelden Leogang Touristik, Stefan Gimpl \" data-caption=\"Az Asitz cs\u00facs\u00e1n \u00a9 Saalfelden Leogang Touristik, Stefan Gimpl \" width=\"1170\" height=\"658\" src=\"https:\/\/www.salzburgerland.com\/hu\/wp-content\/uploads\/2019\/04\/-saalfelden-leogang-touristik-stefan-gimpl--stille-wasser-am-asitz-1170x658.jpg\" class=\"attachment-1170_658 size-1170_658\" alt=\"Saalfelden Leogangban egy f\u00e1b\u00f3l k\u00e9sz\u00fclt m\u00f3l\u00f3 h\u00faz\u00f3dik egy nyugodt t\u00f3 f\u00f6l\u00f6tt, a tiszta \u00e9gbolt alatt hegyek t\u00fckr\u00f6z\u0151dnek. (Nagy\u00edtott n\u00e9zet)\" srcset=\"https:\/\/www.salzburgerland.com\/hu\/wp-content\/uploads\/2019\/04\/-saalfelden-leogang-touristik-stefan-gimpl--stille-wasser-am-asitz-1170x658.jpg 1170w, https:\/\/www.salzburgerland.com\/hu\/wp-content\/uploads\/2019\/04\/-saalfelden-leogang-touristik-stefan-gimpl--stille-wasser-am-asitz-768x432.jpg 768w, https:\/\/www.salzburgerland.com\/hu\/wp-content\/uploads\/2019\/04\/-saalfelden-leogang-touristik-stefan-gimpl--stille-wasser-am-asitz-1200x675.jpg 1200w, https:\/\/www.salzburgerland.com\/hu\/wp-content\/uploads\/2019\/04\/-saalfelden-leogang-touristik-stefan-gimpl--stille-wasser-am-asitz.jpg 1920w\" sizes=\"(max-width: 1170px) 100vw, 1170px\" aria-describedby=\"figcaption-3859-6762\" itemprop=\"thumbnail\"><\/a><\/div>\n\t\t\t\t\t\t<span id=\"figcaption-3859-6762\" class=\"gallery-caption\" itemprop=\"caption\"><span aria-hidden=\"true\">Az Asitz cs\u00facs\u00e1n \u00a9 Saalfelden Leogang Touristik, Stefan Gimpl <\/span><\/span>\n\t\t\t\t\t<\/li>\n\t\t\t\t\t<li class=\"gallery-item col-3\" itemprop=\"associatedMedia\" itemscope itemtype=\"http:\/\/schema.org\/ImageObject\">\n\t\t\t\t\t\t<div class=\"gallery-icon landscape\"><a href=\"https:\/\/www.salzburgerland.com\/hu\/wp-content\/uploads\/2019\/04\/-saalfelden-leogang-touristik-sportalpen--wanderung-zur-passauer-huette-1920x1067.jpg\" title=\"\u00a9 Saalfelden Leogang Touristik, Sportalpen \u2013 Wanderung zur Passauer H\u00fctte\"><img decoding=\"async\" data-title=\"T\u00fara a Passauer H\u00fctte mened\u00e9kh\u00e1zhoz \u00a9 Saalfelden Leogang Touristik, Sportalpen\" title=\"T\u00fara a Passauer H\u00fctte mened\u00e9kh\u00e1zhoz \u00a9 Saalfelden Leogang Touristik, Sportalpen\" data-caption=\"T\u00fara a Passauer H\u00fctte mened\u00e9kh\u00e1zhoz \u00a9 Saalfelden Leogang Touristik, Sportalpen\" width=\"1170\" height=\"658\" src=\"https:\/\/www.salzburgerland.com\/hu\/wp-content\/uploads\/2019\/04\/-saalfelden-leogang-touristik-sportalpen--wanderung-zur-passauer-huette-1170x658.jpg\" class=\"attachment-1170_658 size-1170_658\" alt=\"K\u00e9t t\u00far\u00e1z\u00f3 s\u00e9t\u00e1l a szikl\u00e1s terepen egy hegyi kunyh\u00f3 k\u00f6zel\u00e9ben a Saalfelden Leogang zord hegyvid\u00e9ki t\u00e1jban. (Nagy\u00edtott n\u00e9zet)\" srcset=\"https:\/\/www.salzburgerland.com\/hu\/wp-content\/uploads\/2019\/04\/-saalfelden-leogang-touristik-sportalpen--wanderung-zur-passauer-huette-1170x658.jpg 1170w, https:\/\/www.salzburgerland.com\/hu\/wp-content\/uploads\/2019\/04\/-saalfelden-leogang-touristik-sportalpen--wanderung-zur-passauer-huette-768x432.jpg 768w, https:\/\/www.salzburgerland.com\/hu\/wp-content\/uploads\/2019\/04\/-saalfelden-leogang-touristik-sportalpen--wanderung-zur-passauer-huette-1200x675.jpg 1200w, https:\/\/www.salzburgerland.com\/hu\/wp-content\/uploads\/2019\/04\/-saalfelden-leogang-touristik-sportalpen--wanderung-zur-passauer-huette.jpg 1920w\" sizes=\"(max-width: 1170px) 100vw, 1170px\" aria-describedby=\"figcaption-3859-6786\" itemprop=\"thumbnail\"><\/a><\/div>\n\t\t\t\t\t\t<span id=\"figcaption-3859-6786\" class=\"gallery-caption\" itemprop=\"caption\"><span aria-hidden=\"true\">T\u00fara a Passauer H\u00fctte mened\u00e9kh\u00e1zhoz \u00a9 Saalfelden Leogang Touristik, Sportalpen<\/span><\/span>\n\t\t\t\t\t<\/li>\n\t\t\t\t<\/ul>\n\t\t\t<\/div><!-- .gallery -->\n\n<h2>Kir\u00e1ndul\u00e1s a Birnbachloch sziklabarlanghoz<\/h2>\n<p>A Birnbachloch a <strong>Leoganger Steinberge hegys\u00e9g<\/strong> egyik k\u00f6zkedvelt \u00fatic\u00e9lja. A kiad\u00f3s, de nem neh\u00e9z t\u00fara a <strong>Birnbach patak<\/strong> eredet\u00e9hez, a <strong>Birnbachloch<\/strong> nev\u0171 term\u00e9szetv\u00e9delem alatt \u00e1ll\u00f3 <strong>sziklabarlang<\/strong>hoz vezet, melynek belseje egy h\u00fasz m\u00e9ter sz\u00e9les \u201ecsarnokhoz\u201d hasonl\u00edthat\u00f3. A <strong>monda<\/strong> szerint hatalmas t\u00f3 rejlik a hegy gyomr\u00e1ban, amely azonban \u00f6r\u00f6kre rejtve kell maradjon emberi tekintetek el\u0151l. Ugyancsak a <strong>monda szerint<\/strong> egyszer k\u00e9t fiatal fi\u00fa megpr\u00f3b\u00e1lta felt\u00e1rni, mire egy hang sz\u00f3lalt meg a m\u00e9lyb\u0151l: \u201eGr\u00fcndst du mi, so schl\u00fcnd i di\u201c, vagyis \u201eha r\u00e1m tal\u00e1lsz, elnyellek\u201d. Mind a mai napig nem tiszt\u00e1zott, van-e es\u00e9ly a f\u00f6ldalatti t\u00f3 l\u00e9tez\u00e9s\u00e9re.<\/p>\n<div id=\"attachment_6772\" style=\"width: 1180px\" class=\"wp-caption alignnone\"><img decoding=\"async\" aria-describedby=\"caption-attachment-6772\" class=\"size-1170_658 wp-image-6772\" src=\"https:\/\/cdn.salzburgerland.com\/hu\/wp-content\/uploads\/2019\/04\/20170917-dsc01754-1170x658.jpg\" alt=\"\" width=\"1170\" height=\"658\" srcset=\"https:\/\/www.salzburgerland.com\/hu\/wp-content\/uploads\/2019\/04\/20170917-dsc01754-1170x658.jpg 1170w, https:\/\/www.salzburgerland.com\/hu\/wp-content\/uploads\/2019\/04\/20170917-dsc01754-768x432.jpg 768w, https:\/\/www.salzburgerland.com\/hu\/wp-content\/uploads\/2019\/04\/20170917-dsc01754-1200x675.jpg 1200w, https:\/\/www.salzburgerland.com\/hu\/wp-content\/uploads\/2019\/04\/20170917-dsc01754.jpg 1920w\" sizes=\"(max-width: 1170px) 100vw, 1170px\"><p id=\"caption-attachment-6772\" class=\"wp-caption-text\">A Birnbachloch \u00e9s k\u00f6rny\u00e9ke term\u00e9szetv\u00e9delmi ter\u00fclet \u00a9 SalzburgerLand Tourismus, Fr\u00e4ulein Floras Favourite Hangouts<\/p><\/div>\n<p>A t\u00fara kezdetben erd\u0151ben, majd r\u00e9teken \u00e1t \u00e9s k\u00e9s\u0151bb szikl\u00e1s terepen vezet. Az utat gondozz\u00e1k, \u00e9s b\u00e1r alpesi jellege r\u00e9v\u00e9n helyenk\u00e9nt kiss\u00e9 nehezebb, minden\u00fctt j\u00f3l be van biztos\u00edtva. A legal\u00e1bb egy \u00f3ra kell az 1291 m\u00e9teres magass\u00e1gban \u00e1ll\u00f3 c\u00e9l el\u00e9r\u00e9s\u00e9hez. Addigra meg\u00f6r\u00fcl\u00fcnk a sziklabarlangn\u00e1l fakad\u00f3 tiszta forr\u00e1sok viz\u00e9nek. A k\u00f6rny\u00e9k hegyeire ny\u00edl\u00f3 kil\u00e1t\u00e1s pedig csod\u00e1latos. R\u00e1ad\u00e1sul itt van <strong>K\u00f6z\u00e9p-Eur\u00f3pa legalacsonyabban h\u00faz\u00f3d\u00f3 gleccsere<\/strong>, a Birnbachloch ny\u00edl\u00e1s\u00e1t\u00f3l p\u00e1r sz\u00e1z m\u00e9terre elny\u00fal\u00f3 <strong>Birnbach gleccser<\/strong>.<\/p>\n<h2>A saalfeldeni remetelak<\/h2>\n<p>A <strong>B\u00fcrgerau<\/strong> nev\u0171 parkol\u00f3t\u00f3l kellemes, f\u00e9l\u00f3r\u00e1s s\u00e9ta\u00fat vezet egy a <strong>sziklafalba \u00e9p\u00edtett<\/strong> kis k\u00e1poln\u00e1hoz \u00e9s remetelakhoz. M\u00e1r csak a <strong>Saalfeldeni-medenc\u00e9re ny\u00edl\u00f3 csod\u00e1latos kil\u00e1t\u00e1s<\/strong> miatt is \u00e9rdemes felj\u00f6nni.<\/p>\n<p><iframe title=\"360\u00b0-Wanderung zur Einsiedelei in Saalfelden\" width=\"500\" height=\"281\" src=\"https:\/\/www.youtube-nocookie.com\/embed\/mjyWy5y5xjA?start=1&amp;feature=oembed\" frameborder=\"0\" allow=\"accelerometer; autoplay; clipboard-write; encrypted-media; gyroscope; picture-in-picture; web-share\" referrerpolicy=\"strict-origin-when-cross-origin\" allowfullscreen><\/iframe><\/p>\n<p>R\u00e9gen az itt lak\u00f3 remete fontos feladata volt, hogy harangkongat\u00e1ssal riassza a lakoss\u00e1got, ha t\u00fczet l\u00e1tott valahol a v\u00f6lgyben. Napjainkban is \u00e9l f\u00f6nn egy <strong>remete<\/strong>, alig egy-k\u00e9t \u00e9ve, hogy n\u00e9mi keres\u00e9s \u00fatj\u00e1n megtal\u00e1lt\u00e1k az \u00faj jel\u00f6ltet. Stan Vanuytrecht, a jelenlegi remete csuh\u00e1t \u00e9s hossz\u00fa szak\u00e1llt visel, el\u0151szeretettel pip\u00e1zgat a h\u00e1zik\u00f3ja el\u0151tt \u00e9s mes\u00e9l az \u00e9let\u00e9r\u0151l, a l\u00e1togat\u00f3k pedig sz\u00edvesen f\u00e9nyk\u00e9pezkednek vele.<\/p>\n\n\t\t\t<div id=\"3859-2\" class=\"gallery gallery-3859 gallery-columns-3 gallery-size-1170_658\" itemscope itemtype=\"http:\/\/schema.org\/ImageGallery\">\n\t\t\t\t<ul class=\"gallery-row gallery-col-3 gallery-clear\">\n\t\t\t\t\t<li class=\"gallery-item col-3\" itemprop=\"associatedMedia\" itemscope itemtype=\"http:\/\/schema.org\/ImageObject\">\n\t\t\t\t\t\t<div class=\"gallery-icon landscape\"><a href=\"https:\/\/www.salzburgerland.com\/hu\/wp-content\/uploads\/2019\/04\/bma-gross-55-von-62-1170x658.jpg\" title=\"bma-gross-55-von-62-1170x658\"><img decoding=\"async\" data-title=\"Most pedig tegy\u00fcnk egy k\u00f6nny\u0171 t\u00far\u00e1t a remetelakhoz \u00a9 SalzburgerLand Tourismus, Fr\u00e4ulein Floras Favourite Hangouts\" title=\"Most pedig tegy\u00fcnk egy k\u00f6nny\u0171 t\u00far\u00e1t a remetelakhoz \u00a9 SalzburgerLand Tourismus, Fr\u00e4ulein Floras Favourite Hangouts\" data-caption=\"Most pedig tegy\u00fcnk egy k\u00f6nny\u0171 t\u00far\u00e1t a remetelakhoz \u00a9 SalzburgerLand Tourismus, Fr\u00e4ulein Floras Favourite Hangouts\" width=\"1170\" height=\"658\" src=\"https:\/\/www.salzburgerland.com\/hu\/wp-content\/uploads\/2019\/04\/bma-gross-55-von-62-1170x658.jpg\" class=\"attachment-1170_658 size-1170_658\" alt=\"Erdei \u00f6sv\u00e9ny Saalfelden Leogangban, balra egy Einsiedelei felirat\u00fa fat\u00e1bla mutat. (Nagy\u00edtott n\u00e9zet)\" srcset=\"https:\/\/www.salzburgerland.com\/hu\/wp-content\/uploads\/2019\/04\/bma-gross-55-von-62-1170x658.jpg 1170w, https:\/\/www.salzburgerland.com\/hu\/wp-content\/uploads\/2019\/04\/bma-gross-55-von-62-1170x658-768x432.jpg 768w\" sizes=\"(max-width: 1170px) 100vw, 1170px\" aria-describedby=\"figcaption-3859-6774\" itemprop=\"thumbnail\"><\/a><\/div>\n\t\t\t\t\t\t<span id=\"figcaption-3859-6774\" class=\"gallery-caption\" itemprop=\"caption\"><span aria-hidden=\"true\">Most pedig tegy\u00fcnk egy k\u00f6nny\u0171 t\u00far\u00e1t a remetelakhoz \u00a9 SalzburgerLand Tourismus, Fr\u00e4ulein Floras Favourite Hangouts<\/span><\/span>\n\t\t\t\t\t<\/li>\n\t\t\t\t\t<li class=\"gallery-item col-3\" itemprop=\"associatedMedia\" itemscope itemtype=\"http:\/\/schema.org\/ImageObject\">\n\t\t\t\t\t\t<div class=\"gallery-icon landscape\"><a href=\"https:\/\/www.salzburgerland.com\/hu\/wp-content\/uploads\/2019\/04\/einsiedelei-c-saalfelden-leogang-touristik-foto-bauer-1170x658-1.jpg\" title=\"einsiedelei-c-saalfelden-leogang-touristik-foto-bauer-1170x658\"><img decoding=\"async\" data-title=\"Sziklafalba \u00e9p\u00edtett remetelak \u00a9 Saalfelden Leogang Touristik\" title=\"Sziklafalba \u00e9p\u00edtett remetelak \u00a9 Saalfelden Leogang Touristik\" data-caption=\"Sziklafalba \u00e9p\u00edtett remetelak \u00a9 Saalfelden Leogang Touristik\" width=\"1170\" height=\"658\" src=\"https:\/\/www.salzburgerland.com\/hu\/wp-content\/uploads\/2019\/04\/einsiedelei-c-saalfelden-leogang-touristik-foto-bauer-1170x658-1.jpg\" class=\"attachment-1170_658 size-1170_658\" alt=\"Saalfelden Leogangban egy kis feh\u00e9r k\u00e1polna \u00e1ll a sziklafal mellett, amelyet a naplement\u00e9ben f\u00e1k \u00e9s hegyek kereteznek. (Nagy\u00edtott n\u00e9zet)\" srcset=\"https:\/\/www.salzburgerland.com\/hu\/wp-content\/uploads\/2019\/04\/einsiedelei-c-saalfelden-leogang-touristik-foto-bauer-1170x658-1.jpg 1170w, https:\/\/www.salzburgerland.com\/hu\/wp-content\/uploads\/2019\/04\/einsiedelei-c-saalfelden-leogang-touristik-foto-bauer-1170x658-1-768x432.jpg 768w\" sizes=\"(max-width: 1170px) 100vw, 1170px\" aria-describedby=\"figcaption-3859-12657\" itemprop=\"thumbnail\"><\/a><\/div>\n\t\t\t\t\t\t<span id=\"figcaption-3859-12657\" class=\"gallery-caption\" itemprop=\"caption\"><span aria-hidden=\"true\">Sziklafalba \u00e9p\u00edtett remetelak \u00a9 Saalfelden Leogang Touristik<\/span><\/span>\n\t\t\t\t\t<\/li>\n\t\t\t\t\t<li class=\"gallery-item col-3\" itemprop=\"associatedMedia\" itemscope itemtype=\"http:\/\/schema.org\/ImageObject\">\n\t\t\t\t\t\t<div class=\"gallery-icon landscape\"><a href=\"https:\/\/www.salzburgerland.com\/hu\/wp-content\/uploads\/2019\/04\/-salzburgerland-tourismus-fraeulein-floras-favourite-hangouts--aussicht-von-der-einsiedelei-aus-1920x1067.jpg\" title=\"\u00a9 SalzburgerLand Tourismus, Fr\u00e4ulein Floras Favourite Hangouts \u2013 Aussicht von der Einsiedelei aus\"><img decoding=\"async\" data-title=\"A Saalfeldeni-medenc\u00e9re ny\u00edl\u00f3 csod\u00e1latos kil\u00e1t\u00e1s a sziklafalba \u00e9p\u00edtett \u00e9s ma is remete lakta remetelakb\u00f3l \u00a9 Saalfelden Leogang Touristik, Foto Bauer\" title=\"A Saalfeldeni-medenc\u00e9re ny\u00edl\u00f3 csod\u00e1latos kil\u00e1t\u00e1s a sziklafalba \u00e9p\u00edtett \u00e9s ma is remete lakta remetelakb\u00f3l \u00a9 Saalfelden Leogang Touristik, Foto Bauer\" data-caption=\"A Saalfeldeni-medenc\u00e9re ny\u00edl\u00f3 csod\u00e1latos kil\u00e1t\u00e1s a sziklafalba \u00e9p\u00edtett \u00e9s ma is remete lakta remetelakb\u00f3l \u00a9 Saalfelden Leogang Touristik, Foto Bauer\" width=\"1170\" height=\"658\" src=\"https:\/\/www.salzburgerland.com\/hu\/wp-content\/uploads\/2019\/04\/-salzburgerland-tourismus-fraeulein-floras-favourite-hangouts--aussicht-von-der-einsiedelei-aus-1170x658.jpg\" class=\"attachment-1170_658 size-1170_658\" alt=\"Egy buja z\u00f6ld v\u00f6lgy Saalfelden Leogangban elsz\u00f3rt h\u00e1zakkal, mez\u0151kkel \u00e9s t\u00e1voli h\u00f3f\u00f6dte hegyekkel. (Nagy\u00edtott n\u00e9zet)\" srcset=\"https:\/\/www.salzburgerland.com\/hu\/wp-content\/uploads\/2019\/04\/-salzburgerland-tourismus-fraeulein-floras-favourite-hangouts--aussicht-von-der-einsiedelei-aus-1170x658.jpg 1170w, https:\/\/www.salzburgerland.com\/hu\/wp-content\/uploads\/2019\/04\/-salzburgerland-tourismus-fraeulein-floras-favourite-hangouts--aussicht-von-der-einsiedelei-aus-768x432.jpg 768w, https:\/\/www.salzburgerland.com\/hu\/wp-content\/uploads\/2019\/04\/-salzburgerland-tourismus-fraeulein-floras-favourite-hangouts--aussicht-von-der-einsiedelei-aus-1200x675.jpg 1200w, https:\/\/www.salzburgerland.com\/hu\/wp-content\/uploads\/2019\/04\/-salzburgerland-tourismus-fraeulein-floras-favourite-hangouts--aussicht-von-der-einsiedelei-aus.jpg 1920w\" sizes=\"(max-width: 1170px) 100vw, 1170px\" aria-describedby=\"figcaption-3859-6779\" itemprop=\"thumbnail\"><\/a><\/div>\n\t\t\t\t\t\t<span id=\"figcaption-3859-6779\" class=\"gallery-caption\" itemprop=\"caption\"><span aria-hidden=\"true\">A Saalfeldeni-medenc\u00e9re ny\u00edl\u00f3 csod\u00e1latos kil\u00e1t\u00e1s a sziklafalba \u00e9p\u00edtett \u00e9s ma is remete lakta remetelakb\u00f3l \u00a9 Saalfelden Leogang Touristik, Foto Bauer<\/span><\/span>\n\t\t\t\t\t<\/li>\n\t\t\t\t<\/ul>\n\t\t\t<\/div><!-- .gallery -->\n\n<h2>A Saalachtaler H\u00f6henweg-en, Saalfelden fel\u00e9<\/h2>\n<p>A Leogang melletti <strong>Asitz cs\u00facs\u00e1r\u00f3l<\/strong> kb. 13 kilom\u00e9teres \u00fat vezet Saalfelden fel\u00e9. Az Asitzra felvon\u00f3 visz, a leogangi sz\u00e1ll\u00e1sad\u00f3k aj\u00e1nd\u00e9kozta <strong>L\u00f6wencard<\/strong> vend\u00e9gk\u00e1rtya felmutat\u00e1sa ellen\u00e9ben ingyen. \u00datk\u00f6zben \u00e9rdemes beiktatni egy pihen\u0151t a <a href=\"https:\/\/www.saalfelden-leogang.com\/en\/news-events\/a-z\/berggasthof-biberg_az_33703\" target=\"_blank\" rel=\"noopener noreferrer\"><strong>Biberg<\/strong><\/a> nev\u0171 <strong>hegyi fogad\u00f3<\/strong>ban (Berggasthof Biberg).<\/p>\n<div id=\"attachment_8703\" style=\"width: 1180px\" class=\"wp-caption alignnone\"><img decoding=\"async\" aria-describedby=\"caption-attachment-8703\" class=\"size-1170_658 wp-image-8703\" src=\"https:\/\/cdn.salzburgerland.com\/hu\/wp-content\/uploads\/2019\/05\/lbb_sommershooting_august2019_22_michaelgeissler-kopie-1170x658.jpg\" alt=\"\" width=\"1170\" height=\"658\" srcset=\"https:\/\/www.salzburgerland.com\/hu\/wp-content\/uploads\/2019\/05\/lbb_sommershooting_august2019_22_michaelgeissler-kopie-1170x658.jpg 1170w, https:\/\/www.salzburgerland.com\/hu\/wp-content\/uploads\/2019\/05\/lbb_sommershooting_august2019_22_michaelgeissler-kopie-1200x675.jpg 1200w\" sizes=\"(max-width: 1170px) 100vw, 1170px\"><p id=\"caption-attachment-8703\" class=\"wp-caption-text\">\u201eTerm\u00e9szetfilm\u201d \u00e9l\u0151ben az Asitz-n\u00e1l \u2013 jobb, mint az igazi mozi, \u00e9s k\u00e9nyelmes is! \u00a9 Leoganger Bergbahnen, Michael Gei\u00dfler<\/p><\/div>\n<h2>Hegy- \u00e9s sziklam\u00e1sz\u00e1s<\/h2>\n<p>A <strong>Leoganger Steinberge<\/strong> hegyei k\u00f6z\u00e9 <strong>izgalmas \u00fatvonalak<\/strong> vonzz\u00e1k a <strong>hegy- \u00e9s sziklam\u00e1sz\u00e1s<\/strong> rajong\u00f3it. Ha m\u00e9g nem vagyunk biztosan a dolgunkban, k\u00e9rj\u00fck ki hozz\u00e1\u00e9rt\u0151k seg\u00edts\u00e9g\u00e9t. T\u00f6bb <strong>sportiskola<\/strong> is biztos\u00edt tanfolyamot, emellett Saalfelden k\u00f6zpontj\u00e1ban is, Leogangban is van <a href=\"http:\/\/www.felsenfest.cc\/en\/\" target=\"_blank\" rel=\"noopener noreferrer\"><strong>m\u00e1sz\u00f3csarnok<\/strong><\/a>, ezekben k\u00fcl\u00f6nb\u00f6z\u0151 neh\u00e9zs\u00e9gi szinteken lehet gyakorolni a sziklam\u00e1sz\u00e1st, miel\u0151tt nekiv\u00e1gna az ember a Steinberge kb. ezer \u00fatvonal\u00e1nak. <strong>Legfontosabb a biztons\u00e1gi el\u0151\u00edr\u00e1sok pontos betart\u00e1sa.<\/strong><\/p>\n<div id=\"attachment_6759\" style=\"width: 1180px\" class=\"wp-caption alignnone\"><img decoding=\"async\" aria-describedby=\"caption-attachment-6759\" class=\"size-1170_658 wp-image-6759\" src=\"https:\/\/cdn.salzburgerland.com\/hu\/wp-content\/uploads\/2019\/04\/-saalfelden-leogang-touristik-sportalpen--klettern-in-saalfelden-leogang-1170x658.jpg\" alt=\"\" width=\"1170\" height=\"658\" srcset=\"https:\/\/www.salzburgerland.com\/hu\/wp-content\/uploads\/2019\/04\/-saalfelden-leogang-touristik-sportalpen--klettern-in-saalfelden-leogang-1170x658.jpg 1170w, https:\/\/www.salzburgerland.com\/hu\/wp-content\/uploads\/2019\/04\/-saalfelden-leogang-touristik-sportalpen--klettern-in-saalfelden-leogang-768x432.jpg 768w, https:\/\/www.salzburgerland.com\/hu\/wp-content\/uploads\/2019\/04\/-saalfelden-leogang-touristik-sportalpen--klettern-in-saalfelden-leogang-1200x675.jpg 1200w, https:\/\/www.salzburgerland.com\/hu\/wp-content\/uploads\/2019\/04\/-saalfelden-leogang-touristik-sportalpen--klettern-in-saalfelden-leogang.jpg 1920w\" sizes=\"(max-width: 1170px) 100vw, 1170px\"><p id=\"caption-attachment-6759\" class=\"wp-caption-text\">Sziklam\u00e1sz\u00e1shoz t\u00f6bb sportiskola is biztos\u00edt tanfolyamot, emellett a falm\u00e1sz\u00f3csarnokokban is lehet gyakorolni \u00a9 Wolfgang Lienbacher, Sportalpen.com<\/p><\/div>\n<h3>Egy komoly t\u00fara tapasztalt hegym\u00e1sz\u00f3knak<\/h3>\n<p><strong>Meredek, kitett helyek, szikl\u00e1s kaptat\u00f3<\/strong>: t\u00f6bb\u00f3r\u00e1s t\u00fara a Steinernes Meer szikl\u00e1i k\u00f6zt <strong>k\u00e9tezer m\u00e9ter<\/strong><strong> f\u00f6l\u00f6tti magass\u00e1gban<\/strong> \u00e1ll\u00f3 <a href=\"https:\/\/www.saalfelden-leogang.com\/en\/tour\/riemannhaus_22593736?path=%2Fen\" target=\"_blank\" rel=\"noopener noreferrer\"><strong>Riemannhaus<\/strong><\/a> mened\u00e9kh\u00e1zhoz. Elengedhetetlen hozz\u00e1 a <strong>tapasztalat, a sz\u00e9d\u00fcl\u00e9smentess\u00e9g \u00e9s a l\u00e9p\u00e9sbiztons\u00e1g alpesi terepen<\/strong>. Meg\u00e9ri azonban a f\u00e1radoz\u00e1st: megfelel\u0151 id\u0151j\u00e1r\u00e1s eset\u00e9n csod\u00e1latos a kil\u00e1t\u00e1s a Steinberge szikl\u00e1ira \u00e9s a k\u00f6rnyez\u0151 hegyekre. A Riemannhaus-ban lehet t\u00f6lteni az \u00e9jszak\u00e1t.<\/p>\n<div id=\"attachment_6769\" style=\"width: 1180px\" class=\"wp-caption alignnone\"><img decoding=\"async\" aria-describedby=\"caption-attachment-6769\" class=\"size-large wp-image-6769\" src=\"https:\/\/cdn.salzburgerland.com\/hu\/wp-content\/uploads\/2019\/04\/-salzburgerland-tourismus-fraeulein-floras-favourite-hangouts--zwischenstopp-am-weg-zum-riemannhaus.jpg\" alt=\"\" width=\"1170\" height=\"658\" srcset=\"https:\/\/www.salzburgerland.com\/hu\/wp-content\/uploads\/2019\/04\/-salzburgerland-tourismus-fraeulein-floras-favourite-hangouts--zwischenstopp-am-weg-zum-riemannhaus.jpg 1170w, https:\/\/www.salzburgerland.com\/hu\/wp-content\/uploads\/2019\/04\/-salzburgerland-tourismus-fraeulein-floras-favourite-hangouts--zwischenstopp-am-weg-zum-riemannhaus-768x432.jpg 768w\" sizes=\"(max-width: 1170px) 100vw, 1170px\"><p id=\"caption-attachment-6769\" class=\"wp-caption-text\">\u00daton a Riemannhaus fel\u00e9 \u00a9 SalzburgerLand Tourismus, Fr\u00e4ulein Floras Favourite Hangouts<\/p><\/div>\n<h3>N\u00e9h\u00e1ny tan\u00e1cs a Riemannhaus-t\u00far\u00e1hoz:<\/h3>\n<ul>\n<li>Adjunk magunknak <strong>el\u00e9g <\/strong><strong>id\u0151t<\/strong>. A Riemannhausig ak\u00e1r f\u00e9l napba is beletelhet az \u00fat.<\/li>\n<li>Nagyon <strong>figyelj\u00fcnk az id\u0151j\u00e1r\u00e1sra<\/strong>, nem lenne j\u00f3, ha a hegyen \u00e9rne a vihar, stb.<\/li>\n<li>Felt\u00e9tlen\u00fcl sz\u00fcks\u00e9ges a <strong>j\u00f3 t\u00farabakancs<\/strong>.<\/li>\n<li><strong>Enni- \u00e9s innival\u00f3<\/strong>t mindenk\u00e9ppen vigy\u00fcnk magunkkal.<\/li>\n<\/ul>\n<h3>T\u00fara a Passauer h\u00fctt\u00e9hez<\/h3>\n<p>A <strong>j\u00fanius k\u00f6zepe \u00e9s okt\u00f3ber k\u00f6zepe k\u00f6zti id\u0151ben<\/strong> \u00e9rdemes megtenni ezt a t\u00far\u00e1t a <strong>Leoganger Steinberge<\/strong> vid\u00e9k\u00e9n, mert ilyenkor nyitva van a vend\u00e9gv\u00e1r\u00f3 kunyh\u00f3, a j\u00f3 n\u00e9gy \u00f3r\u00e1s kaptat\u00e1s ut\u00e1n megjutalmazhatjuk magunkat egy s\u00f6rrel. Az \u00fatvonal <strong>v\u00e1ltozatos, szerpentinen indul<\/strong> d\u00fas z\u00f6ld r\u00e9teken \u00e1t. Azt\u00e1n erd\u0151 j\u00f6n, amib\u0151l kil\u00e9pve el lehet gy\u00f6ny\u00f6rk\u00f6dni a Steinberge meredek szikl\u00e1iban. Vigy\u00e1zzunk, ehhez a t\u00far\u00e1hoz abszol\u00fat sz\u00e9d\u00fcl\u00e9smentess\u00e9gre van sz\u00fcks\u00e9g. Akinek van <strong>via ferrat\u00e1s<\/strong> gyakorlata, <strong>k\u00e9tf\u00e9le vasalt \u00fat<\/strong>tal (\u201eLeoganger S\u00fcd\u201c \u00e9s \u201eLeoganger Nord\u201c) is meghosszabb\u00edthatja ezt a t\u00far\u00e1t. Mindkett\u0151 neh\u00e9zs\u00e9gi szintje <strong>B \u2013 D besorol\u00e1s\u00fa<\/strong>.<\/p>\n<div id=\"attachment_6770\" style=\"width: 1180px\" class=\"wp-caption alignnone\"><img decoding=\"async\" aria-describedby=\"caption-attachment-6770\" class=\"size-1170_658 wp-image-6770\" src=\"https:\/\/cdn.salzburgerland.com\/hu\/wp-content\/uploads\/2019\/04\/-salzburgerland-tourismus-jonathan-forsthuber--passauer-huette-1170x658.jpg\" alt=\"\" width=\"1170\" height=\"658\" srcset=\"https:\/\/www.salzburgerland.com\/hu\/wp-content\/uploads\/2019\/04\/-salzburgerland-tourismus-jonathan-forsthuber--passauer-huette-1170x658.jpg 1170w, https:\/\/www.salzburgerland.com\/hu\/wp-content\/uploads\/2019\/04\/-salzburgerland-tourismus-jonathan-forsthuber--passauer-huette-768x432.jpg 768w, https:\/\/www.salzburgerland.com\/hu\/wp-content\/uploads\/2019\/04\/-salzburgerland-tourismus-jonathan-forsthuber--passauer-huette-1200x675.jpg 1200w, https:\/\/www.salzburgerland.com\/hu\/wp-content\/uploads\/2019\/04\/-salzburgerland-tourismus-jonathan-forsthuber--passauer-huette.jpg 1920w\" sizes=\"(max-width: 1170px) 100vw, 1170px\"><p id=\"caption-attachment-6770\" class=\"wp-caption-text\">Passauer H\u00fctte \u00a9 SalzburgerLand Tourismus, Jonathan Forsthuber<\/p><\/div>\n<h3>N\u00e9h\u00e1ny tudnival\u00f3 a Passauer H\u00fctte-t\u00far\u00e1hoz:<\/h3>\n<ul>\n<li>A <strong>t\u00farabakancs<\/strong> elengedhetetlen. Trekkingcip\u0151ben ne v\u00e1gjunk neki, a f\u00f6ls\u0151 harmadnak v\u00e9gk\u00e9pp ne.<\/li>\n<li>\u00datk\u00f6zben nem tal\u00e1lunk majd <strong>vizet<\/strong>, \u00fagyhogy felt\u00e9tlen\u00fcl vigy\u00fcnk magunkkal.<\/li>\n<li>Dzseki vagy pul\u00f3ver legyen n\u00e1lunk, mert f\u00f6nn a h\u00fctt\u00e9n\u00e9l <strong>er\u0151s sz\u00e9l<\/strong> j\u00e1r.<\/li>\n<li>Aki t\u00fal hossz\u00fanak tal\u00e1lja az \u00fatvonalat, <strong>t\u00farataxi<\/strong>val is felvitetheti mag\u00e1t egy darabon.<\/li>\n<li>A h\u00fctt\u00e9ben \u00e9jszak\u00e1zni is lehet, a <strong>csod\u00e1latos naplemente \u00e9s napkelte<\/strong> miatt meg\u00e9ri.<\/li>\n<\/ul>\n<h2 class=\"text-primary\">Golf Saalfelden Leogang-ban<\/h2>\n<div class=\"page-heading__subline font-martel wysiwyg\">\n<p>A <strong><a href=\"https:\/\/www.saalfelden-leogang.com\/en\/region-experience\/golf\" target=\"_blank\" rel=\"noopener noreferrer\">golf <\/a><\/strong>rajong\u00f3it is sz\u00edvesen l\u00e1tja <a href=\"https:\/\/www.saalfelden-leogang.com\/en\/region-experience\/golf\" target=\"_blank\" rel=\"noopener noreferrer\"><strong>Saalfelden Leogang<\/strong><\/a>. K\u00e9t els\u0151rang\u00fa golfp\u00e1lya is van a k\u00f6rny\u00e9ken: a 18-18 lyukas <strong>Urslautal GC<\/strong> \u00e9s a <strong>Gut Brandlhof GC<\/strong>. Mindkett\u0151 hi\u00e1nytalanul megfelel a klasszikus bajnoks\u00e1gi p\u00e1ly\u00e1kkal szemben t\u00e1masztott k\u00f6vetelm\u00e9nyeknek. Mindehhez j\u00e1rul a csod\u00e1latos panor\u00e1ma, a v\u00e1rosk\u00f6zeli fekv\u00e9s, \u00e9s a szolg\u00e1ltat\u00e1sok abszol\u00fat professzion\u00e1lis sz\u00ednvonala.<\/p>\n<div id=\"attachment_6516\" style=\"width: 1180px\" class=\"wp-caption alignnone\"><img decoding=\"async\" aria-describedby=\"caption-attachment-6516\" class=\"size-1170_658 wp-image-6516\" src=\"https:\/\/cdn.salzburgerland.com\/hu\/wp-content\/uploads\/2016\/11\/rs2792_180704-slt-golf-mb4_9439-1_final-hpr-1170x658.jpg\" alt=\"Golf Alpin Golfclub Brandlhof, Saalfelden\" width=\"1170\" height=\"658\" srcset=\"https:\/\/www.salzburgerland.com\/hu\/wp-content\/uploads\/2016\/11\/rs2792_180704-slt-golf-mb4_9439-1_final-hpr-1170x658.jpg 1170w, https:\/\/www.salzburgerland.com\/hu\/wp-content\/uploads\/2016\/11\/rs2792_180704-slt-golf-mb4_9439-1_final-hpr-1200x675.jpg 1200w\" sizes=\"(max-width: 1170px) 100vw, 1170px\"><p id=\"caption-attachment-6516\" class=\"wp-caption-text\">Golf Alpin Golfclub Brandlhof, Saalfelden \u00a9 SalzburgerLand Tourismus, Markus Berger<\/p><\/div>\n<h2>Saalfelden nemzetk\u00f6zi jazzfesztiv\u00e1lja<\/h2>\n<p>A <a href=\"https:\/\/www.saalfelden-leogang.com\/en\" target=\"_blank\" rel=\"noopener noreferrer\"><strong>Saalfelden Leogang r\u00e9gi\u00f3<\/strong><strong>t<\/strong><\/a>\u00a0 a pinzgaui telep\u00fcl\u00e9sek legnagyobbika, Saalfelden, az egykori b\u00e1ny\u00e1szfalu, Leogang \u00e9s k\u00f6rny\u00e9k\u00fck alkotja. Saalfelden kifejezetten <strong>v\u00e1rosias l\u00e9gk\u00f6r\u0171<\/strong> hely, sz\u00e1znegyven \u00fczlet\u00e9vel a legnagyobb k\u00edn\u00e1latot biztos\u00edtja bev\u00e1s\u00e1rl\u00e1shoz. Nyaranta itt rendezik meg a<a href=\"https:\/\/www.jazzsaalfelden.com\/en\" target=\"_blank\" rel=\"noopener noreferrer\"><strong> nemzetk\u00f6zi jazzfesztiv\u00e1lt<\/strong><\/a>\u00a0 (International Jazz Festival Saalfelden), amely az elm\u00falt h\u00e1rom \u00e9vtizedben els\u0151rang\u00fa h\u00edrn\u00e9vre tett szert a kort\u00e1rs \u00e9s a k\u00eds\u00e9rleti jazz ismer\u0151i k\u00f6r\u00e9ben, \u00e9s Salzburg tartom\u00e1ny legjelent\u0151sebb kultur\u00e1lis rendezv\u00e9nyeinek sor\u00e1ba emelkedett. <strong>2021-ben augusztus 19. \u00e9s 22. k\u00f6z\u00f6t<\/strong>t v\u00e1rj\u00e1k a jazz kedvel\u0151it.<\/p>\n<div id=\"attachment_8704\" style=\"width: 1180px\" class=\"wp-caption alignnone\"><img decoding=\"async\" aria-describedby=\"caption-attachment-8704\" class=\"size-1170_658 wp-image-8704\" src=\"https:\/\/cdn.salzburgerland.com\/hu\/wp-content\/uploads\/2019\/05\/ceccaldi-und-negro-by-matthias-heschl-17-1170x658.jpg\" alt=\"\" width=\"1170\" height=\"658\" srcset=\"https:\/\/www.salzburgerland.com\/hu\/wp-content\/uploads\/2019\/05\/ceccaldi-und-negro-by-matthias-heschl-17-1170x658.jpg 1170w, https:\/\/www.salzburgerland.com\/hu\/wp-content\/uploads\/2019\/05\/ceccaldi-und-negro-by-matthias-heschl-17-1200x675.jpg 1200w\" sizes=\"(max-width: 1170px) 100vw, 1170px\"><p id=\"caption-attachment-8704\" class=\"wp-caption-text\">Theo Ceccaldi \u00e9s Roberto Negro a Saalfeldeni Jazzfesztiv\u00e1l-on \u00a9 Matthias Heschl<\/p><\/div>\n<\/div>\n<h2>Ha Saalfelden Leogang, akkor bringa<\/h2>\n<p>A <strong><a href=\"https:\/\/www.saalfelden-leogang.com\/en\" target=\"_blank\" rel=\"noopener noreferrer\">Saalfelden Leogang<\/a><\/strong>-i nyaral\u00e1sba \u00e9rdemes betervezni a <strong>bring\u00e1z\u00e1s<\/strong>t. A r\u00e9gi\u00f3ban ugyanis nem csak <strong>hegyi ker\u00e9kp\u00e1roz\u00e1s<\/strong>hoz, hanem <strong>e-bring\u00e1z\u00e1shoz<\/strong> is nagyon sok \u00fatvonal \u00e1ll rendelkez\u00e9sre. A bringautak t\u00e9rk\u00e9p\u00e9n pontosan be vannak jel\u00f6lve a t\u00f6lt\u0151\u00e1llom\u00e1sok, \u00fagyhogy hosszabb t\u00far\u00e1knak sincs semmi akad\u00e1lya.<\/p>\n<p><iframe title=\"Mountainbiking in den W\u00e4ldern von Leogang\" width=\"500\" height=\"281\" src=\"https:\/\/www.youtube-nocookie.com\/embed\/eOzg9qBkw5U?feature=oembed&amp;rel=0&amp;modestbranding=1\" frameborder=\"0\" allow=\"accelerometer; autoplay; clipboard-write; encrypted-media; gyroscope; picture-in-picture; web-share\" referrerpolicy=\"strict-origin-when-cross-origin\" allowfullscreen><\/iframe><\/p>\n<p>Nem csak <strong>720 kilom\u00e9ternyi MTB-\u00fatvonal<\/strong>, <strong>480 kilom\u00e9terni v\u00f6lgyi bringa\u00fat<\/strong> \u00e9s a <strong>szuperkateg\u00f3ri\u00e1s <a href=\"https:\/\/www.saalfelden-leogang.com\/en\/region-experience\/bike\" target=\"_blank\" rel=\"noopener noreferrer\">bringapark<\/a><\/strong> (The Epic Bikepark Leogang) vonzza ide a bring\u00e1sokat, hanem a bring\u00e1z\u00e1s szolg\u00e1lat\u00e1ban \u00e1ll\u00f3 kiv\u00e1l\u00f3 infrastrukt\u00fara is. B\u0151ven vannak <strong>bringabar\u00e1t sz\u00e1ll\u00e1sad\u00f3k, MTB-szak\u00fczletek, sportiskol\u00e1k<\/strong>.<\/p>\n<div id=\"attachment_6760\" style=\"width: 1180px\" class=\"wp-caption alignnone\"><img decoding=\"async\" aria-describedby=\"caption-attachment-6760\" class=\"size-1170_658 wp-image-6760\" src=\"https:\/\/cdn.salzburgerland.com\/hu\/wp-content\/uploads\/2019\/04\/-saalfelden-leogang-touristik-klemens-koenig--e-biken-in-saalfelden-leogang-1170x658.jpg\" alt=\"\" width=\"1170\" height=\"658\" srcset=\"https:\/\/www.salzburgerland.com\/hu\/wp-content\/uploads\/2019\/04\/-saalfelden-leogang-touristik-klemens-koenig--e-biken-in-saalfelden-leogang-1170x658.jpg 1170w, https:\/\/www.salzburgerland.com\/hu\/wp-content\/uploads\/2019\/04\/-saalfelden-leogang-touristik-klemens-koenig--e-biken-in-saalfelden-leogang-768x432.jpg 768w, https:\/\/www.salzburgerland.com\/hu\/wp-content\/uploads\/2019\/04\/-saalfelden-leogang-touristik-klemens-koenig--e-biken-in-saalfelden-leogang-1200x675.jpg 1200w, https:\/\/www.salzburgerland.com\/hu\/wp-content\/uploads\/2019\/04\/-saalfelden-leogang-touristik-klemens-koenig--e-biken-in-saalfelden-leogang.jpg 1920w\" sizes=\"(max-width: 1170px) 100vw, 1170px\"><p id=\"caption-attachment-6760\" class=\"wp-caption-text\">E-bring\u00e1val Saalfelden Leogang-ban \u00a9 Saalfelden Leogang Touristik, Klemens K\u00f6nig<\/p><\/div>\n<h2>A h\u00edres leogangi Bikepark<\/h2>\n<p>A r\u00e9gi\u00f3 sz\u00e1mtalan bringa\u00fatvonala mellett a Leogang \u201eh\u00e1zi hegy\u00e9n\u00e9l\u201d, az Asitz-n\u00e1l elter\u00fcl\u0151 bringapark, a <a href=\"https:\/\/www.saalfelden-leogang.com\/en\/region-experience\/bike\" target=\"_blank\" rel=\"noopener noreferrer\"><strong>leogangi Bikepark <\/strong><\/a>(The Epic Bikepark Leogang) k\u00edn\u00e1l remek terepeket k\u00edn\u00e1l <strong>downhill<\/strong>ez\u00e9shez, <strong>freeride<\/strong>-hoz, a hegyi bring\u00e1z\u00e1s fort\u00e9lyainak gyakorl\u00e1s\u00e1hoz. <strong>Eur\u00f3pa, s\u0151t az eg\u00e9sz vil\u00e1g legnagyobb \u00e9s legjobb bringaparkjai k\u00f6z\u00e9 tartozik<\/strong>. 2020-ban m\u00e1r m\u00e1sodszor szolg\u00e1l majd a <strong>UCI World Championships <\/strong>sz\u00ednhely\u00e9\u00fcl. Kilenc \u00fatvonalon lehet gyakorolni, ugratni. Ha nem vagyunk eg\u00e9szen biztosak a dolgunkban, fogadjunk kalauzt, \u0151 j\u00f3 tippeket tud adni \u00e9s seg\u00edt elsaj\u00e1t\u00edtani n\u00e9h\u00e1ny tr\u00fckk\u00f6t. Gyakorlottak pedig a vb-s \u00fatvonalakon tehetik pr\u00f3b\u00e1ra tud\u00e1sukat. A <strong>t\u00edz downhill-\u00f6sv\u00e9ny<\/strong> kiindul\u00f3pontj\u00e1hoz az <a href=\"https:\/\/www.saalbach.com\/en\/service\/infrastructure\/asitz-gondola-leogang_a_1596\" target=\"_blank\" rel=\"noopener noreferrer\"><strong>Asitzbahn<\/strong><\/a> \u00e9s a <a href=\"https:\/\/www.saalbach.com\/en\/service\/infrastructure\/steinberg-gondola-leogang_a_308113\" target=\"_blank\" rel=\"noopener noreferrer\"><strong>Steinbergbahn<\/strong><\/a> felvon\u00f3k visznek f\u00f6l.<\/p>\n<div id=\"attachment_6790\" style=\"width: 1180px\" class=\"wp-caption alignnone\"><img decoding=\"async\" aria-describedby=\"caption-attachment-6790\" class=\"size-1170_658 wp-image-6790\" src=\"https:\/\/cdn.salzburgerland.com\/hu\/wp-content\/uploads\/2019\/05\/leogang-sommer-bikepark-c-klemens-konig-1170x658.jpg\" alt=\"\" width=\"1170\" height=\"658\" srcset=\"https:\/\/www.salzburgerland.com\/hu\/wp-content\/uploads\/2019\/05\/leogang-sommer-bikepark-c-klemens-konig-1170x658.jpg 1170w, https:\/\/www.salzburgerland.com\/hu\/wp-content\/uploads\/2019\/05\/leogang-sommer-bikepark-c-klemens-konig-1200x675.jpg 1200w\" sizes=\"(max-width: 1170px) 100vw, 1170px\"><p id=\"caption-attachment-6790\" class=\"wp-caption-text\">A leogangi bringaparkban \u00a9 Saalfelden Leogang Touristik, Klemens Koenig<\/p><\/div>\n<h2>Riders Playground<\/h2>\n<p><strong><a href=\"https:\/\/www.saalfelden-leogang.com\/en\" target=\"_blank\" rel=\"noopener noreferrer\">Saalfelden Leogang-ban<\/a><\/strong> m\u00e1r a legfiatalabb koroszt\u00e1ly is elsaj\u00e1t\u00edthatja a helyes bring\u00e1s technik\u00e1t, p\u00e9ld\u00e1ul a <strong>kezd\u0151knek<\/strong> l\u00e9tes\u00edtett eur\u00f3pai parkok legnagyobbik\u00e1ban, a v\u00f6lgy\u00e1llom\u00e1sn\u00e1l tal\u00e1lhat\u00f3 <a href=\"https:\/\/bikepark.saalfelden-leogang.com\/en\/tracks\/beginners\" target=\"_blank\" rel=\"noopener noreferrer\"><strong>Riders Playground<\/strong><\/a> parkban, ahol feln\u0151tt kezd\u0151k is j\u00f3l \u00e9rzik magukat.<\/p>\n<p>A gyerekeket j\u00e1t\u00e9kosan oktatj\u00e1k, els\u0151k\u00e9nt a <strong>v\u00e9d\u0151felszerel\u00e9s<\/strong> fontoss\u00e1g\u00e1ra. Meg kell oldani a fej, a gerincoszlop, a karok, l\u00e1bak \u00e9s az \u00edz\u00fcletek v\u00e9delm\u00e9t, de ugyanakkor a teljes mozg\u00e1sszabads\u00e1got is meg kell \u0151rizni. Felszerel\u00e9st, vagyis <strong>sisakot, protektort, bring\u00e1t lehet k\u00f6lcs\u00f6n\u00f6zni<\/strong>. A tapasztalt oktat\u00f3k j\u00f3l r\u00e1\u00e9reznek arra, hogyan lehet motiv\u00e1lni a gyerekeket, \u00fagy, hogy ne unj\u00e1k meg, megmaradjon a kaland \u00f6r\u00f6me. Sokat seg\u00edthetnek a sz\u00fcl\u0151k is, sokan a gyerekkel egy\u00fctt v\u00e9gzik el az els\u0151 tanfolyamot.<\/p>\n<div id=\"attachment_3900\" style=\"width: 1180px\" class=\"wp-caption alignnone\"><img decoding=\"async\" aria-describedby=\"caption-attachment-3900\" class=\"size-1170_658 wp-image-3900\" src=\"https:\/\/cdn.salzburgerland.com\/hu\/wp-content\/uploads\/2019\/04\/r2a3504_bikepark-kids-1170x658.jpg\" alt=\"\" width=\"1170\" height=\"658\"><p id=\"caption-attachment-3900\" class=\"wp-caption-text\">Felszerel\u00e9st, vagyis sisakot, protektort, bring\u00e1t k\u00f6lcs\u00f6n\u00f6zni is lehet \u00a9 SalzburgerLand Tourismus<\/p><\/div>\n<h2>Csal\u00e1di bringat\u00fara alpesi legel\u0151re<\/h2>\n<p>A bringaparkbeli oktat\u00e1s a technika elsaj\u00e1t\u00edt\u00e1s\u00e1ra \u00e9s a downhillez\u00e9sre \u00f6sszpontos\u00edt els\u0151sorban. A csal\u00e1di bringat\u00far\u00e1hoz kitart\u00e1s \u00e9s er\u0151nl\u00e9t is kell. De meg\u00e9ri, mert hatalmas \u00e9lm\u00e9ny, \u00e9s Saalfelden Leogangban <strong>t\u00f6bbf\u00e9le \u00fatvonal is van, ami kifejezetten ide\u00e1lis csal\u00e1di kir\u00e1ndul\u00e1shoz<\/strong>, mert nem t\u00fal hossz\u00fa, nem t\u00fal meredek \u00e9s nem is t\u00fals\u00e1gosan f\u00e1raszt\u00f3. A bring\u00e1sok nem \u00f6sv\u00e9nyen,\u00a0 hanem sz\u00e9les erd\u00e9szeti \u00faton haladnak, az \u00fatic\u00e9lok pedig sz\u00e9p fekv\u00e9s\u0171 hegyi legel\u0151k, melyeken a h\u00fctt\u00e9k k\u00edn\u00e1lta finoms\u00e1gok mellett m\u00e1s \u00e9rdekess\u00e9g is akad a gyerekeknek, p\u00e9ld\u00e1ul \u00e1llatsimogat\u00f3, trampolin.<\/p>\n<p><strong>Csal\u00e1di MTB-t\u00fara<\/strong> c\u00e9lpontja lehet p\u00e9ld\u00e1ul a 950 m\u00e9ter magasan fekv\u0151 <strong><a href=\"https:\/\/www.saalfelden-leogang.com\/en\/news-events\/a-z\/sinnlehenalm-950-m_az_36073\" target=\"_blank\" rel=\"noopener noreferrer\">Sinnlehenalm<\/a> legel\u0151<\/strong>. A Leogangb\u00f3l vezet\u0151 \u00faton 170 m\u00e9teres a szintemelked\u00e9s, \u00fagyhogy az \u00fatvonal kezd\u0151knek is ide\u00e1lis. Fentr\u0151l <strong>legend\u00e1san sz\u00e9p a kil\u00e1t\u00e1s<\/strong> a <strong>Leoganger Steinberge<\/strong> vonulataira. Napnyugtakor tal\u00e1n m\u00e9g szebb.<\/p>\n<div id=\"attachment_6763\" style=\"width: 1180px\" class=\"wp-caption alignnone\"><img decoding=\"async\" aria-describedby=\"caption-attachment-6763\" class=\"size-1170_658 wp-image-6763\" src=\"https:\/\/cdn.salzburgerland.com\/hu\/wp-content\/uploads\/2019\/04\/-salzburgerland-tourismus-familientour-mit-dem-bike-1170x658.jpg\" alt=\"\" width=\"1170\" height=\"658\" srcset=\"https:\/\/www.salzburgerland.com\/hu\/wp-content\/uploads\/2019\/04\/-salzburgerland-tourismus-familientour-mit-dem-bike-1170x658.jpg 1170w, https:\/\/www.salzburgerland.com\/hu\/wp-content\/uploads\/2019\/04\/-salzburgerland-tourismus-familientour-mit-dem-bike-1200x675.jpg 1200w\" sizes=\"(max-width: 1170px) 100vw, 1170px\"><p id=\"caption-attachment-6763\" class=\"wp-caption-text\">Saalfelden Leogangban t\u00f6bbf\u00e9le \u00fatvonal is van, ami kifejezetten ide\u00e1lis csal\u00e1di kir\u00e1ndul\u00e1shoz, mert nem t\u00fal hossz\u00fa, nem t\u00fal meredek \u00e9s nem is t\u00fals\u00e1gosan f\u00e1raszt\u00f3 \u00a9 SalzburgerLand Tourismus<\/p><\/div>\n<h2>E-bring\u00e1val a Riedlalm legel\u0151re<\/h2>\n<p>Akinek nincs gyakorlata, j\u00f3,\u00a0 ha a <strong>bring\u00e1s sportiskol\u00e1ban<\/strong> (pl. az Asitz v\u00f6lgy\u00e1llom\u00e1s\u00e1n\u00e1l l\u00e9v\u0151 <strong><a href=\"https:\/\/www.elements-outdoorsports.at\/en\/home\" target=\"_blank\" rel=\"noopener noreferrer\">Bikeschule Elements Outdoorsports<\/a>\u2013<\/strong>n\u00e1l) kezdi a kalandot. Az iskola \u00e9s k\u00eds\u00e9r\u0151t is biztos\u00edt a t\u00far\u00e1hoz. Saj\u00e1t bringa helyett \u00e9rdemes a <strong>k\u00f6lcs\u00f6nz\u00e9s<\/strong> mellett d\u00f6nteni. Ez az\u00e9rt is praktikus, mert az igaz\u00e1n j\u00f3 \u00e9s a terephez ill\u0151 bring\u00e1k dr\u00e1g\u00e1k \u00e9s nehezebbek, idesz\u00e1ll\u00edt\u00e1suk probl\u00e9m\u00e1s lehet. Az igaz\u00e1n j\u00f3 elektromos r\u00e1seg\u00edt\u00e9s\u0171 hegyi bring\u00e1k fordulatokra \u00e9s kisebb ugrat\u00e1sokra is alkalmasak.<\/p>\n<p>Ha m\u00e1r biztosak vagyunk, hogy megismerkedt\u00fcnk a k\u00f6lcs\u00f6n bring\u00e1val, elindulhatunk p\u00e9ld\u00e1ul minden a leogangi <strong>Sonnberg<\/strong> hegyen elny\u00fal\u00f3 <a href=\"https:\/\/www.saalfelden-leogang.com\/en\/news-events\/a-z\/hike-to-the-riedlalm_az_32094\" target=\"_blank\" rel=\"noopener noreferrer\"><strong>Riedlalm<\/strong><\/a> alpesi legel\u0151re. Az e-bringa nyerg\u00e9b\u0151l jobban \u00e9lvezhetj\u00fck az utat szeg\u00e9lyez\u0151 z\u00f6ld mez\u0151k, fens\u00e9ges cs\u00facsok l\u00e1tv\u00e1ny\u00e1t, hiszen nem kell annyi energi\u00e1t fektetni a teker\u00e9sbe. A Riedlalm<strong> 1200 m\u00e9ter magasan<\/strong> van, bring\u00e1val kb. egy\u00f3r\u00e1s az \u00fat.<\/p>\n<div id=\"attachment_6766\" style=\"width: 1180px\" class=\"wp-caption alignnone\"><img decoding=\"async\" aria-describedby=\"caption-attachment-6766\" class=\"size-1170_658 wp-image-6766\" src=\"https:\/\/cdn.salzburgerland.com\/hu\/wp-content\/uploads\/2019\/04\/-salzburgerland-tourismus-fraeulein-floras-favourite-hangouts--mit-den-e-mountainbikes-geht-es-in-richtung-riedlalm-1170x658.jpg\" alt=\"\" width=\"1170\" height=\"658\" srcset=\"https:\/\/www.salzburgerland.com\/hu\/wp-content\/uploads\/2019\/04\/-salzburgerland-tourismus-fraeulein-floras-favourite-hangouts--mit-den-e-mountainbikes-geht-es-in-richtung-riedlalm-1170x658.jpg 1170w, https:\/\/www.salzburgerland.com\/hu\/wp-content\/uploads\/2019\/04\/-salzburgerland-tourismus-fraeulein-floras-favourite-hangouts--mit-den-e-mountainbikes-geht-es-in-richtung-riedlalm-768x432.jpg 768w, https:\/\/www.salzburgerland.com\/hu\/wp-content\/uploads\/2019\/04\/-salzburgerland-tourismus-fraeulein-floras-favourite-hangouts--mit-den-e-mountainbikes-geht-es-in-richtung-riedlalm-1200x675.jpg 1200w, https:\/\/www.salzburgerland.com\/hu\/wp-content\/uploads\/2019\/04\/-salzburgerland-tourismus-fraeulein-floras-favourite-hangouts--mit-den-e-mountainbikes-geht-es-in-richtung-riedlalm.jpg 1920w\" sizes=\"(max-width: 1170px) 100vw, 1170px\"><p id=\"caption-attachment-6766\" class=\"wp-caption-text\">Hegyi bring\u00e1val a Riedlalmra \u00a9 SalzburgerLand Tourismus, Fr\u00e4ulein Floras Favourite Hangouts<\/p><\/div>\n<h2>A Saalfelden Leogang Card vend\u00e9gk\u00e1rtya<\/h2>\n<p>Az <strong>\u00daJ <a href=\"https:\/\/www.saalfelden-leogang.com\/en\/region-experience\/Saalfelden-Leogang-Card\" target=\"_blank\" rel=\"noopener noreferrer\">Saalfelden Leogang Card vend\u00e9gk\u00e1rty\u00e1val <\/a><\/strong>m\u00e9g izgalmasabb lesz a nyaral\u00e1s minden egyes napja. Akt\u00edv programok <span id=\"urn:enhancement-c1a2a2b0-917b-7fee-eb3e-5774a7ef3d86\"><span id=\"urn:enhancement-bd8867e4-3a93-7771-eae1-d44b311cb8b5\"><span id=\"urn:enhancement-1e1028b7-8fd9-1406-ef74-9cd2135041f3\">hegyen<\/span><\/span><\/span>-v\u00f6lgy\u00f6n, vezetett t\u00far\u00e1k, <span id=\"urn:enhancement-edefb371-e290-0f81-30e1-dabcfe1abd32\"><span id=\"urn:enhancement-94a883e5-a91d-1d5a-3a40-b2d61e012a57\"><span id=\"urn:enhancement-354d8bce-a7d9-ac1a-533f-b6972f35de8c\">jazz<\/span><\/span><\/span> \u00e9s m\u00e1s rendezv\u00e9nyek. M\u00e9g jobban kivehetj\u00fck a r\u00e9sz\u00fcnket, <span id=\"urn:enhancement-e3e890d5-96e7-5093-5b55-2d9685182de8\"><span id=\"urn:enhancement-03dd64fe-1312-0518-5371-fc9788d96a84\"><span id=\"urn:enhancement-61d5afea-53ae-3359-a2e0-c8953745106c\"><strong><a href=\"https:\/\/www.saalfelden-leogang.com\/en\" target=\"_blank\" rel=\"noopener noreferrer\">Saalfelden Leogang<\/a><\/strong><\/span><\/span><\/span> izgalmas k\u00edn\u00e1lat\u00e1b\u00f3l, ha van <span id=\"urn:enhancement-dcc02d75-3eff-d943-4bfd-374ff37b6c18\"><span id=\"urn:enhancement-25e9b9c4-2f83-a448-55d5-b0b2594df9e4\"><span id=\"urn:enhancement-c0b8d45f-0a52-9ded-2128-febb9f8cae68\">Saalfelden Leogang<\/span><\/span><\/span> Card vend\u00e9gk\u00e1rty\u00e1nk, azzal ugyanis sokf\u00e9le lehet\u0151s\u00e9g <strong><span id=\"urn:enhancement-33294809-ab2d-98ff-cd4b-946a9895a36a\"><span id=\"urn:enhancement-6bfb4cd4-2791-96cf-885a-cfd8bed77984\"><span id=\"urn:enhancement-ab13ae1f-d731-cbad-57cb-f11f8c59cb85\">ingyenes<\/span><\/span><\/span><\/strong> vagy <strong>engedm\u00e9nyes<\/strong>! \u00c9rdemes ut\u00e1nan\u00e9zni, kik azok a sz\u00e1ll\u00e1sad\u00f3k, akik r\u00e9szt vesznek a programban, \u00e9s mi mindenre sz\u00f3l a k\u00e1rtya!<\/p>\n<div id=\"attachment_6765\" style=\"width: 1180px\" class=\"wp-caption alignnone\"><img decoding=\"async\" aria-describedby=\"caption-attachment-6765\" class=\"size-1170_658 wp-image-6765\" src=\"https:\/\/cdn.salzburgerland.com\/hu\/wp-content\/uploads\/2019\/04\/-salzburgerland-tourismus-fraeulein-floras-favourite-hangouts--flying-fox-xxl-1170x658.jpg\" alt=\"\" width=\"1170\" height=\"658\" srcset=\"https:\/\/www.salzburgerland.com\/hu\/wp-content\/uploads\/2019\/04\/-salzburgerland-tourismus-fraeulein-floras-favourite-hangouts--flying-fox-xxl-1170x658.jpg 1170w, https:\/\/www.salzburgerland.com\/hu\/wp-content\/uploads\/2019\/04\/-salzburgerland-tourismus-fraeulein-floras-favourite-hangouts--flying-fox-xxl-768x432.jpg 768w, https:\/\/www.salzburgerland.com\/hu\/wp-content\/uploads\/2019\/04\/-salzburgerland-tourismus-fraeulein-floras-favourite-hangouts--flying-fox-xxl-1200x675.jpg 1200w, https:\/\/www.salzburgerland.com\/hu\/wp-content\/uploads\/2019\/04\/-salzburgerland-tourismus-fraeulein-floras-favourite-hangouts--flying-fox-xxl.jpg 1920w\" sizes=\"(max-width: 1170px) 100vw, 1170px\"><p id=\"caption-attachment-6765\" class=\"wp-caption-text\"><a href=\"https:\/\/www.saalfelden-leogang.com\/en\/flying-fox-xxl\" target=\"_blank\" rel=\"noopener noreferrer\"><strong>Flying Fox XXXL<\/strong><\/a>\u00a0\u00a9 SalzburgerLand Tourismus, Fr\u00e4ulein Floras Favourite Hangouts<\/p><\/div>\n<div class=\"page-heading__subline font-martel wysiwyg\">\n<h2>Sz\u00e1ll\u00e1s- \u00e9s rendezv\u00e9nyk\u00edn\u00e1lat<\/h2>\n<p>Rem\u00e9lj\u00fck, siker\u00fclt kedvet csin\u00e1lnunk egy Saalfelden Leogang-i nyaral\u00e1shoz! Ha igen, kattintson a Saalfelden Leogang-i <a href=\"https:\/\/www.saalfelden-leogang.com\/en\/search-book\" target=\"_blank\" rel=\"noopener noreferrer\"><strong>sz\u00e1ll\u00e1sfoglal\u00e1shoz<\/strong><\/a> \u00e9s <a href=\"https:\/\/www.saalfelden-leogang.com\/en\/news-events\/events\" target=\"_blank\" rel=\"noopener noreferrer\"><strong>rendezv\u00e9nyaj\u00e1nlathoz<\/strong><\/a>.<\/p>\n<\/div>\n<h2>T\u00far\u00e1zzon biztons\u00e1gosan<\/h2>\n<p>K\u00e9rj\u00fck, kattintson <a href=\"https:\/\/www.salzburgerland.com\/hu\/biztonsagi-eloirasok-az-alpokban-nyar\/\" target=\"_blank\" rel=\"noopener noreferrer\"><strong>biztons\u00e1gi tan\u00e1csaink<\/strong><\/a>ra, olvassa \u00e1t \u0151ket, biztons\u00e1ga \u00e9rdek\u00e9ben meg\u00e9ri!<\/p>\n","protected":false},"excerpt":{"rendered":"<p>Az egykori b\u00e1ny\u00e1szfalu, Leogang A t\u00f6bb mint h\u00e1romezres lakos\u00fa faluban, Leogangban nagy hagyom\u00e1nyai vannak a b\u00e1ny\u00e1szatnak. \u00a0A nyaral\u00f3k t\u00far\u00e1z\u00e1ssal \u00e9s bring\u00e1z\u00e1ssal t\u00f6ltik idej\u00fck nagy r\u00e9sz\u00e9t. Csal\u00e1dok is sz\u00edvesen j\u00f6nnek, egyik k\u00f6zkedvelt c\u00e9ljuk az Asitz hegy \u00fcd\u00fcl\u0151paradicsoma. Az egykori b\u00e1ny\u00e1szfalu arr\u00f3l is h\u00edres, hogy a XX. sz\u00e1zad elej\u00e9n itt honosodott meg el\u0151sz\u00f6r a magashegyi turizmus. A [&hellip;]<\/p>\n","protected":false},"author":4,"featured_media":6779,"comment_status":"closed","ping_status":"closed","template":"","meta":{"_acf_changed":false,"wl_entities_gutenberg":"","_relevanssi_hide_post":"","_relevanssi_hide_content":"","_relevanssi_pin_for_all":"","_relevanssi_pin_keywords":"","_relevanssi_unpin_keywords":"","_relevanssi_related_keywords":"","_relevanssi_related_include_ids":"","_relevanssi_related_exclude_ids":"","_relevanssi_related_no_append":"","_relevanssi_related_not_related":"","_relevanssi_related_posts":"","_relevanssi_noindex_reason":"","footnotes":""},"categories":[1],"tags":[172,174,173],"wl_entity_type":[2],"class_list":["post-3859","entity","type-entity","status-publish","has-post-thumbnail","hentry","category-uncategorized","tag-remetelak","tag-sziklamaszas","tag-turautvonalak","wl_entity_type-thing","sitetype-theme"],"acf":[],"yoast_head":"<!-- This site is optimized with the Yoast SEO Premium plugin v27.4 (Yoast SEO v27.4) - https:\/\/yoast.com\/product\/yoast-seo-premium-wordpress\/ -->\n<title>Saalfelden Leogang - NY\u00c1R \u00bb SalzburgerLand.com<\/title>\n<meta name=\"robots\" content=\"index, follow, max-snippet:-1, max-image-preview:large, max-video-preview:-1\" \/>\n<link rel=\"canonical\" href=\"https:\/\/www.salzburgerland.com\/hu\/saalfelden-leogang-nyar\/\" \/>\n<meta property=\"og:locale\" content=\"hu_HU\" \/>\n<meta property=\"og:type\" content=\"article\" \/>\n<meta property=\"og:title\" content=\"Saalfelden Leogang - NY\u00c1R\" \/>\n<meta property=\"og:description\" content=\"Az egykori b\u00e1ny\u00e1szfalu, Leogang A t\u00f6bb mint h\u00e1romezres lakos\u00fa faluban, Leogangban nagy hagyom\u00e1nyai vannak a b\u00e1ny\u00e1szatnak. \u00a0A nyaral\u00f3k t\u00far\u00e1z\u00e1ssal \u00e9s\" \/>\n<meta property=\"og:url\" content=\"https:\/\/www.salzburgerland.com\/hu\/saalfelden-leogang-nyar\/\" \/>\n<meta property=\"og:site_name\" content=\"SalzburgerLand.com\" \/>\n<meta property=\"article:publisher\" content=\"https:\/\/www.facebook.com\/visitsalzburgerland\/\" \/>\n<meta property=\"article:modified_time\" content=\"2021-10-04T11:45:25+00:00\" \/>\n<meta property=\"og:image\" content=\"https:\/\/www.salzburgerland.com\/hu\/wp-content\/uploads\/2019\/04\/-salzburgerland-tourismus-fraeulein-floras-favourite-hangouts--aussicht-von-der-einsiedelei-aus-1200x675.jpg\" \/>\n\t<meta property=\"og:image:width\" content=\"1200\" \/>\n\t<meta property=\"og:image:height\" content=\"675\" \/>\n\t<meta property=\"og:image:type\" content=\"image\/jpeg\" \/>\n<meta name=\"twitter:card\" content=\"summary_large_image\" \/>\n<meta name=\"twitter:site\" content=\"@salzburgerland\" \/>\n<meta name=\"twitter:label1\" content=\"Becs\u00fclt olvas\u00e1si id\u0151\" \/>\n\t<meta name=\"twitter:data1\" content=\"11 perc\" \/>\n<script type=\"application\/ld+json\" class=\"yoast-schema-graph\">{\"@context\":\"https:\\\/\\\/schema.org\",\"@graph\":[{\"@type\":\"WebPage\",\"@id\":\"https:\\\/\\\/www.salzburgerland.com\\\/hu\\\/saalfelden-leogang-nyar\\\/\",\"url\":\"https:\\\/\\\/www.salzburgerland.com\\\/hu\\\/saalfelden-leogang-nyar\\\/\",\"name\":\"Saalfelden Leogang - NY\u00c1R \u00bb SalzburgerLand.com\",\"isPartOf\":{\"@id\":\"https:\\\/\\\/www.salzburgerland.com\\\/hu\\\/#website\"},\"primaryImageOfPage\":{\"@id\":\"https:\\\/\\\/www.salzburgerland.com\\\/hu\\\/saalfelden-leogang-nyar\\\/#primaryimage\"},\"image\":{\"@id\":\"https:\\\/\\\/www.salzburgerland.com\\\/hu\\\/saalfelden-leogang-nyar\\\/#primaryimage\"},\"thumbnailUrl\":\"https:\\\/\\\/www.salzburgerland.com\\\/hu\\\/wp-content\\\/uploads\\\/2019\\\/04\\\/-salzburgerland-tourismus-fraeulein-floras-favourite-hangouts--aussicht-von-der-einsiedelei-aus.jpg\",\"datePublished\":\"2019-05-01T01:57:50+00:00\",\"dateModified\":\"2021-10-04T11:45:25+00:00\",\"description\":\"Z\u00f6ld hegyek \u00e9s szikl\u00e1s cs\u00facsok, vasalt utak \u00e9s k\u00f6nny\u0171 t\u00far\u00e1k, downhill \u00e9s e-bringa \u2013 a kellemes kontrasztok csod\u00e1latosan sz\u00e9p \u00fcd\u00fcl\u0151r\u00e9gi\u00f3j\u00e1ban\",\"inLanguage\":\"hu\",\"potentialAction\":[{\"@type\":\"ReadAction\",\"target\":[\"https:\\\/\\\/www.salzburgerland.com\\\/hu\\\/saalfelden-leogang-nyar\\\/\"]}]},{\"@type\":\"ImageObject\",\"inLanguage\":\"hu\",\"@id\":\"https:\\\/\\\/www.salzburgerland.com\\\/hu\\\/saalfelden-leogang-nyar\\\/#primaryimage\",\"url\":\"https:\\\/\\\/www.salzburgerland.com\\\/hu\\\/wp-content\\\/uploads\\\/2019\\\/04\\\/-salzburgerland-tourismus-fraeulein-floras-favourite-hangouts--aussicht-von-der-einsiedelei-aus.jpg\",\"contentUrl\":\"https:\\\/\\\/www.salzburgerland.com\\\/hu\\\/wp-content\\\/uploads\\\/2019\\\/04\\\/-salzburgerland-tourismus-fraeulein-floras-favourite-hangouts--aussicht-von-der-einsiedelei-aus.jpg\",\"width\":1920,\"height\":1080,\"caption\":\"A Saalfeldeni-medenc\u00e9re ny\u00edl\u00f3 csod\u00e1latos kil\u00e1t\u00e1s a sziklafalba \u00e9p\u00edtett \u00e9s ma is remete lakta remetelakb\u00f3l \u00a9 Saalfelden Leogang Touristik, Foto Bauer\"},{\"@type\":\"WebSite\",\"@id\":\"https:\\\/\\\/www.salzburgerland.com\\\/hu\\\/#website\",\"url\":\"https:\\\/\\\/www.salzburgerland.com\\\/hu\\\/\",\"name\":\"SalzburgerLand.com\",\"description\":\"\u00dcd\u00fcl\u00e9s Ausztri\u00e1ban, Salzburg tartom\u00e1nyban\",\"potentialAction\":[{\"@type\":\"SearchAction\",\"target\":{\"@type\":\"EntryPoint\",\"urlTemplate\":\"https:\\\/\\\/www.salzburgerland.com\\\/hu\\\/?s={search_term_string}\"},\"query-input\":{\"@type\":\"PropertyValueSpecification\",\"valueRequired\":true,\"valueName\":\"search_term_string\"}}],\"inLanguage\":\"hu\"}]}<\/script>\n<meta property=\"og:video\" content=\"https:\/\/www.youtube.com\/embed\/mjyWy5y5xjA\" \/>\n<meta property=\"og:video:type\" content=\"text\/html\" \/>\n<meta property=\"og:video:duration\" content=\"20\" \/>\n<meta property=\"og:video:width\" content=\"480\" \/>\n<meta property=\"og:video:height\" content=\"270\" \/>\n<meta property=\"ya:ovs:adult\" content=\"false\" \/>\n<meta property=\"ya:ovs:upload_date\" content=\"2019-05-01T01:57:50+00:00\" \/>\n<meta property=\"ya:ovs:allow_embed\" content=\"true\" \/>\n<!-- \/ Yoast SEO Premium plugin. -->","yoast_head_json":{"title":"Saalfelden Leogang - NY\u00c1R \u00bb SalzburgerLand.com","robots":{"index":"index","follow":"follow","max-snippet":"max-snippet:-1","max-image-preview":"max-image-preview:large","max-video-preview":"max-video-preview:-1"},"canonical":"https:\/\/www.salzburgerland.com\/hu\/saalfelden-leogang-nyar\/","og_locale":"hu_HU","og_type":"article","og_title":"Saalfelden Leogang - NY\u00c1R","og_description":"Az egykori b\u00e1ny\u00e1szfalu, Leogang A t\u00f6bb mint h\u00e1romezres lakos\u00fa faluban, Leogangban nagy hagyom\u00e1nyai vannak a b\u00e1ny\u00e1szatnak. \u00a0A nyaral\u00f3k t\u00far\u00e1z\u00e1ssal \u00e9s","og_url":"https:\/\/www.salzburgerland.com\/hu\/saalfelden-leogang-nyar\/","og_site_name":"SalzburgerLand.com","article_publisher":"https:\/\/www.facebook.com\/visitsalzburgerland\/","article_modified_time":"2021-10-04T11:45:25+00:00","og_image":[{"width":1200,"height":675,"url":"https:\/\/www.salzburgerland.com\/hu\/wp-content\/uploads\/2019\/04\/-salzburgerland-tourismus-fraeulein-floras-favourite-hangouts--aussicht-von-der-einsiedelei-aus-1200x675.jpg","type":"image\/jpeg"}],"twitter_card":"summary_large_image","twitter_site":"@salzburgerland","twitter_misc":{"Becs\u00fclt olvas\u00e1si id\u0151":"11 perc"},"schema":{"@context":"https:\/\/schema.org","@graph":[{"@type":"WebPage","@id":"https:\/\/www.salzburgerland.com\/hu\/saalfelden-leogang-nyar\/","url":"https:\/\/www.salzburgerland.com\/hu\/saalfelden-leogang-nyar\/","name":"Saalfelden Leogang - NY\u00c1R \u00bb SalzburgerLand.com","isPartOf":{"@id":"https:\/\/www.salzburgerland.com\/hu\/#website"},"primaryImageOfPage":{"@id":"https:\/\/www.salzburgerland.com\/hu\/saalfelden-leogang-nyar\/#primaryimage"},"image":{"@id":"https:\/\/www.salzburgerland.com\/hu\/saalfelden-leogang-nyar\/#primaryimage"},"thumbnailUrl":"https:\/\/www.salzburgerland.com\/hu\/wp-content\/uploads\/2019\/04\/-salzburgerland-tourismus-fraeulein-floras-favourite-hangouts--aussicht-von-der-einsiedelei-aus.jpg","datePublished":"2019-05-01T01:57:50+00:00","dateModified":"2021-10-04T11:45:25+00:00","description":"Z\u00f6ld hegyek \u00e9s szikl\u00e1s cs\u00facsok, vasalt utak \u00e9s k\u00f6nny\u0171 t\u00far\u00e1k, downhill \u00e9s e-bringa \u2013 a kellemes kontrasztok csod\u00e1latosan sz\u00e9p \u00fcd\u00fcl\u0151r\u00e9gi\u00f3j\u00e1ban","inLanguage":"hu","potentialAction":[{"@type":"ReadAction","target":["https:\/\/www.salzburgerland.com\/hu\/saalfelden-leogang-nyar\/"]}]},{"@type":"ImageObject","inLanguage":"hu","@id":"https:\/\/www.salzburgerland.com\/hu\/saalfelden-leogang-nyar\/#primaryimage","url":"https:\/\/www.salzburgerland.com\/hu\/wp-content\/uploads\/2019\/04\/-salzburgerland-tourismus-fraeulein-floras-favourite-hangouts--aussicht-von-der-einsiedelei-aus.jpg","contentUrl":"https:\/\/www.salzburgerland.com\/hu\/wp-content\/uploads\/2019\/04\/-salzburgerland-tourismus-fraeulein-floras-favourite-hangouts--aussicht-von-der-einsiedelei-aus.jpg","width":1920,"height":1080,"caption":"A Saalfeldeni-medenc\u00e9re ny\u00edl\u00f3 csod\u00e1latos kil\u00e1t\u00e1s a sziklafalba \u00e9p\u00edtett \u00e9s ma is remete lakta remetelakb\u00f3l \u00a9 Saalfelden Leogang Touristik, Foto Bauer"},{"@type":"WebSite","@id":"https:\/\/www.salzburgerland.com\/hu\/#website","url":"https:\/\/www.salzburgerland.com\/hu\/","name":"SalzburgerLand.com","description":"\u00dcd\u00fcl\u00e9s Ausztri\u00e1ban, Salzburg tartom\u00e1nyban","potentialAction":[{"@type":"SearchAction","target":{"@type":"EntryPoint","urlTemplate":"https:\/\/www.salzburgerland.com\/hu\/?s={search_term_string}"},"query-input":{"@type":"PropertyValueSpecification","valueRequired":true,"valueName":"search_term_string"}}],"inLanguage":"hu"}]},"og_video":"https:\/\/www.youtube.com\/embed\/mjyWy5y5xjA","og_video_type":"text\/html","og_video_duration":"20","og_video_width":"480","og_video_height":"270","ya_ovs_adult":"false","ya_ovs_upload_date":"2019-05-01T01:57:50+00:00","ya_ovs_allow_embed":"true"},"_wl_alt_label":[],"wl:entity_url":"http:\/\/open.salzburgerland.com\/hu\/post\/saalfelden_leogan_-_nyar","_links":{"self":[{"href":"https:\/\/www.salzburgerland.com\/hu\/wp-json\/wp\/v2\/entities\/3859","targetHints":{"allow":["GET"]}}],"collection":[{"href":"https:\/\/www.salzburgerland.com\/hu\/wp-json\/wp\/v2\/entities"}],"about":[{"href":"https:\/\/www.salzburgerland.com\/hu\/wp-json\/wp\/v2\/types\/entity"}],"author":[{"embeddable":true,"href":"https:\/\/www.salzburgerland.com\/hu\/wp-json\/wp\/v2\/users\/4"}],"replies":[{"embeddable":true,"href":"https:\/\/www.salzburgerland.com\/hu\/wp-json\/wp\/v2\/comments?post=3859"}],"version-history":[{"count":5,"href":"https:\/\/www.salzburgerland.com\/hu\/wp-json\/wp\/v2\/entities\/3859\/revisions"}],"predecessor-version":[{"id":12697,"href":"https:\/\/www.salzburgerland.com\/hu\/wp-json\/wp\/v2\/entities\/3859\/revisions\/12697"}],"wp:featuredmedia":[{"embeddable":true,"href":"https:\/\/www.salzburgerland.com\/hu\/wp-json\/wp\/v2\/media\/6779"}],"wp:attachment":[{"href":"https:\/\/www.salzburgerland.com\/hu\/wp-json\/wp\/v2\/media?parent=3859"}],"wp:term":[{"taxonomy":"category","embeddable":true,"href":"https:\/\/www.salzburgerland.com\/hu\/wp-json\/wp\/v2\/categories?post=3859"},{"taxonomy":"post_tag","embeddable":true,"href":"https:\/\/www.salzburgerland.com\/hu\/wp-json\/wp\/v2\/tags?post=3859"},{"taxonomy":"wl_entity_type","embeddable":true,"href":"https:\/\/www.salzburgerland.com\/hu\/wp-json\/wp\/v2\/wl_entity_type?post=3859"}],"curies":[{"name":"wp","href":"https:\/\/api.w.org\/{rel}","templated":true}]}}