{"id":3725,"date":"2019-05-02T16:25:48","date_gmt":"2019-05-02T14:25:48","guid":{"rendered":"https:\/\/www.salzburgerland.com\/hu\/?p=3725"},"modified":"2023-05-10T18:34:36","modified_gmt":"2023-05-10T16:34:36","slug":"magas-tauern-nemzeti-park-uduloregio-nyar","status":"publish","type":"entity","link":"https:\/\/www.salzburgerland.com\/hu\/magas-tauern-nemzeti-park-uduloregio-nyar\/","title":{"rendered":"Magas-Tauern Nemzeti Park \u00fcd\u00fcl\u0151r\u00e9gi\u00f3 &#8211; ny\u00e1r"},"content":{"rendered":"<h2>Biztons\u00e1g az Alpokban<\/h2>\n<p>Alpesi vid\u00e9ken t\u00far\u00e1zni k\u00fcl\u00f6nleges \u00e9lm\u00e9ny, de ne feledj\u00fck, ezen a terepen <strong>fokozott \u00f3vatoss\u00e1gra<\/strong> van sz\u00fcks\u00e9g! K\u00e9rd\u00e9seinkkel forduljon bizalommal a Magas-Tauern <span id=\"urn:enhancement-4b18e8b6-778e-0db4-23c7-d15c3ae7b8d8\">Nemzeti Park<\/span> <strong>term\u00e9szetv\u00e9delmi \u0151reihez<\/strong>, akik sz\u00ednvonalas k\u00e9pz\u00e9sben r\u00e9szes\u00fclnek \u00e9s j\u00f3l ismerik a terepet. Utaz\u00e1sa tervez\u00e9sekor k\u00e9rj\u00fck, olvassa \u00e1t <a href=\"https:\/\/www.salzburgerland.com\/hu\/biztonsagi-eloirasok-az-alpokban-nyar\/\" target=\"_blank\" rel=\"noopener noreferrer\"><strong>biztons\u00e1gi tan\u00e1csainkat<\/strong><\/a>.<\/p>\n","protected":false},"excerpt":{"rendered":"<p>Biztons\u00e1g az Alpokban Alpesi vid\u00e9ken t\u00far\u00e1zni k\u00fcl\u00f6nleges \u00e9lm\u00e9ny, de ne feledj\u00fck, ezen a terepen fokozott \u00f3vatoss\u00e1gra van sz\u00fcks\u00e9g! K\u00e9rd\u00e9seinkkel forduljon bizalommal a Magas-Tauern Nemzeti Park term\u00e9szetv\u00e9delmi \u0151reihez, akik sz\u00ednvonalas k\u00e9pz\u00e9sben r\u00e9szes\u00fclnek \u00e9s j\u00f3l ismerik a terepet. Utaz\u00e1sa tervez\u00e9sekor k\u00e9rj\u00fck, olvassa \u00e1t biztons\u00e1gi tan\u00e1csainkat.<\/p>\n","protected":false},"author":4,"featured_media":6797,"comment_status":"closed","ping_status":"closed","template":"","meta":{"_acf_changed":false,"wl_entities_gutenberg":"","_relevanssi_hide_post":"","_relevanssi_hide_content":"","_relevanssi_pin_for_all":"","_relevanssi_pin_keywords":"","_relevanssi_unpin_keywords":"","_relevanssi_related_keywords":"","_relevanssi_related_include_ids":"","_relevanssi_related_exclude_ids":"","_relevanssi_related_no_append":"","_relevanssi_related_not_related":"","_relevanssi_related_posts":"","_relevanssi_noindex_reason":"","footnotes":""},"categories":[1],"tags":[],"wl_entity_type":[2],"class_list":["post-3725","entity","type-entity","status-publish","has-post-thumbnail","hentry","category-uncategorized","wl_entity_type-thing","sitetype-theme"],"acf":[],"yoast_head":"<!-- This site is optimized with the Yoast SEO Premium plugin v27.4 (Yoast SEO v27.4) - https:\/\/yoast.com\/product\/yoast-seo-premium-wordpress\/ -->\n<title>Magas-Tauern Nemzeti Park \u00fcd\u00fcl\u0151r\u00e9gi\u00f3 - ny\u00e1r \u00bb SalzburgerLand.com<\/title>\n<meta name=\"description\" content=\"%%cf_teasertext%% A nemzeti park interakt\u00edv \u00e9lm\u00e9nym\u00fazeuma, ragadoz\u00f3madarak, cirbolyaerd\u0151, \u0151serd\u0151, Grossglockner panor\u00e1ma\u00fat, Krimmli-v\u00edzes\u00e9s, bringa\u00fatvonalak\" \/>\n<meta name=\"robots\" content=\"index, follow, max-snippet:-1, max-image-preview:large, max-video-preview:-1\" \/>\n<link rel=\"canonical\" href=\"https:\/\/www.salzburgerland.com\/hu\/magas-tauern-nemzeti-park-uduloregio-nyar\/\" \/>\n<meta property=\"og:locale\" content=\"hu_HU\" \/>\n<meta property=\"og:type\" content=\"article\" \/>\n<meta property=\"og:title\" content=\"Magas-Tauern Nemzeti Park \u00fcd\u00fcl\u0151r\u00e9gi\u00f3 - ny\u00e1r\" \/>\n<meta property=\"og:description\" content=\"Biztons\u00e1g az Alpokban Alpesi vid\u00e9ken t\u00far\u00e1zni k\u00fcl\u00f6nleges \u00e9lm\u00e9ny, de ne feledj\u00fck, ezen a terepen fokozott \u00f3vatoss\u00e1gra van sz\u00fcks\u00e9g! K\u00e9rd\u00e9seinkkel forduljon\" \/>\n<meta property=\"og:url\" content=\"https:\/\/www.salzburgerland.com\/hu\/magas-tauern-nemzeti-park-uduloregio-nyar\/\" \/>\n<meta property=\"og:site_name\" content=\"SalzburgerLand.com\" \/>\n<meta property=\"article:publisher\" content=\"https:\/\/www.facebook.com\/visitsalzburgerland\/\" \/>\n<meta property=\"article:modified_time\" content=\"2023-05-10T16:34:36+00:00\" \/>\n<meta property=\"og:image\" content=\"https:\/\/www.salzburgerland.com\/hu\/wp-content\/uploads\/2019\/04\/npht_sommer-1200x675.jpg\" \/>\n\t<meta property=\"og:image:width\" content=\"1200\" \/>\n\t<meta property=\"og:image:height\" content=\"675\" \/>\n\t<meta property=\"og:image:type\" content=\"image\/jpeg\" \/>\n<meta name=\"twitter:card\" content=\"summary_large_image\" \/>\n<meta name=\"twitter:site\" content=\"@salzburgerland\" \/>\n<meta name=\"twitter:label1\" content=\"Becs\u00fclt olvas\u00e1si id\u0151\" \/>\n\t<meta name=\"twitter:data1\" content=\"1 perc\" \/>\n<script type=\"application\/ld+json\" class=\"yoast-schema-graph\">{\"@context\":\"https:\\\/\\\/schema.org\",\"@graph\":[{\"@type\":\"WebPage\",\"@id\":\"https:\\\/\\\/www.salzburgerland.com\\\/hu\\\/magas-tauern-nemzeti-park-uduloregio-nyar\\\/\",\"url\":\"https:\\\/\\\/www.salzburgerland.com\\\/hu\\\/magas-tauern-nemzeti-park-uduloregio-nyar\\\/\",\"name\":\"Magas-Tauern Nemzeti Park \u00fcd\u00fcl\u0151r\u00e9gi\u00f3 - ny\u00e1r \u00bb SalzburgerLand.com\",\"isPartOf\":{\"@id\":\"https:\\\/\\\/www.salzburgerland.com\\\/hu\\\/#website\"},\"primaryImageOfPage\":{\"@id\":\"https:\\\/\\\/www.salzburgerland.com\\\/hu\\\/magas-tauern-nemzeti-park-uduloregio-nyar\\\/#primaryimage\"},\"image\":{\"@id\":\"https:\\\/\\\/www.salzburgerland.com\\\/hu\\\/magas-tauern-nemzeti-park-uduloregio-nyar\\\/#primaryimage\"},\"thumbnailUrl\":\"https:\\\/\\\/www.salzburgerland.com\\\/hu\\\/wp-content\\\/uploads\\\/2019\\\/04\\\/npht_sommer.jpg\",\"datePublished\":\"2019-05-02T14:25:48+00:00\",\"dateModified\":\"2023-05-10T16:34:36+00:00\",\"description\":\"Vezetett t\u00far\u00e1k a t\u00f6bbsz\u00e1z \u00e9ves cirbolyafeny\u0151k erdej\u00e9be, vadmegfigyel\u00e9s, a h\u00e1roml\u00e9pcs\u0151s Krimmli-v\u00edzes\u00e9s, alpesi ragadoz\u00f3madarak k\u00f6zvetlen k\u00f6zelr\u0151l, bringat\u00fara a Grossglockner panor\u00e1ma\u00faton, a mittersilli nemzeti parki l\u00e1togat\u00f3i k\u00f6zpont \u00e9s \u00e9lm\u00e9nym\u00fazeum A nemzeti park interakt\u00edv \u00e9lm\u00e9nym\u00fazeuma, ragadoz\u00f3madarak, cirbolyaerd\u0151, \u0151serd\u0151, Grossglockner panor\u00e1ma\u00fat, Krimmli-v\u00edzes\u00e9s, bringa\u00fatvonalak\",\"inLanguage\":\"hu\",\"potentialAction\":[{\"@type\":\"ReadAction\",\"target\":[\"https:\\\/\\\/www.salzburgerland.com\\\/hu\\\/magas-tauern-nemzeti-park-uduloregio-nyar\\\/\"]}]},{\"@type\":\"ImageObject\",\"inLanguage\":\"hu\",\"@id\":\"https:\\\/\\\/www.salzburgerland.com\\\/hu\\\/magas-tauern-nemzeti-park-uduloregio-nyar\\\/#primaryimage\",\"url\":\"https:\\\/\\\/www.salzburgerland.com\\\/hu\\\/wp-content\\\/uploads\\\/2019\\\/04\\\/npht_sommer.jpg\",\"contentUrl\":\"https:\\\/\\\/www.salzburgerland.com\\\/hu\\\/wp-content\\\/uploads\\\/2019\\\/04\\\/npht_sommer.jpg\",\"width\":1920,\"height\":1280,\"caption\":\"Ny\u00e1r a Magas-Tauern Nemzeti Park \u00fcd\u00fcl\u0151r\u00e9gi\u00f3ban \u00a9 Ferienregion Nationalpark Hohe Tauern\"},{\"@type\":\"WebSite\",\"@id\":\"https:\\\/\\\/www.salzburgerland.com\\\/hu\\\/#website\",\"url\":\"https:\\\/\\\/www.salzburgerland.com\\\/hu\\\/\",\"name\":\"SalzburgerLand.com\",\"description\":\"\u00dcd\u00fcl\u00e9s Ausztri\u00e1ban, Salzburg tartom\u00e1nyban\",\"potentialAction\":[{\"@type\":\"SearchAction\",\"target\":{\"@type\":\"EntryPoint\",\"urlTemplate\":\"https:\\\/\\\/www.salzburgerland.com\\\/hu\\\/?s={search_term_string}\"},\"query-input\":{\"@type\":\"PropertyValueSpecification\",\"valueRequired\":true,\"valueName\":\"search_term_string\"}}],\"inLanguage\":\"hu\"}]}<\/script>\n<!-- \/ Yoast SEO Premium plugin. -->","yoast_head_json":{"title":"Magas-Tauern Nemzeti Park \u00fcd\u00fcl\u0151r\u00e9gi\u00f3 - ny\u00e1r \u00bb SalzburgerLand.com","description":"%%cf_teasertext%% A nemzeti park interakt\u00edv \u00e9lm\u00e9nym\u00fazeuma, ragadoz\u00f3madarak, cirbolyaerd\u0151, \u0151serd\u0151, Grossglockner panor\u00e1ma\u00fat, Krimmli-v\u00edzes\u00e9s, bringa\u00fatvonalak","robots":{"index":"index","follow":"follow","max-snippet":"max-snippet:-1","max-image-preview":"max-image-preview:large","max-video-preview":"max-video-preview:-1"},"canonical":"https:\/\/www.salzburgerland.com\/hu\/magas-tauern-nemzeti-park-uduloregio-nyar\/","og_locale":"hu_HU","og_type":"article","og_title":"Magas-Tauern Nemzeti Park \u00fcd\u00fcl\u0151r\u00e9gi\u00f3 - ny\u00e1r","og_description":"Biztons\u00e1g az Alpokban Alpesi vid\u00e9ken t\u00far\u00e1zni k\u00fcl\u00f6nleges \u00e9lm\u00e9ny, de ne feledj\u00fck, ezen a terepen fokozott \u00f3vatoss\u00e1gra van sz\u00fcks\u00e9g! K\u00e9rd\u00e9seinkkel forduljon","og_url":"https:\/\/www.salzburgerland.com\/hu\/magas-tauern-nemzeti-park-uduloregio-nyar\/","og_site_name":"SalzburgerLand.com","article_publisher":"https:\/\/www.facebook.com\/visitsalzburgerland\/","article_modified_time":"2023-05-10T16:34:36+00:00","og_image":[{"width":1200,"height":675,"url":"https:\/\/www.salzburgerland.com\/hu\/wp-content\/uploads\/2019\/04\/npht_sommer-1200x675.jpg","type":"image\/jpeg"}],"twitter_card":"summary_large_image","twitter_site":"@salzburgerland","twitter_misc":{"Becs\u00fclt olvas\u00e1si id\u0151":"1 perc"},"schema":{"@context":"https:\/\/schema.org","@graph":[{"@type":"WebPage","@id":"https:\/\/www.salzburgerland.com\/hu\/magas-tauern-nemzeti-park-uduloregio-nyar\/","url":"https:\/\/www.salzburgerland.com\/hu\/magas-tauern-nemzeti-park-uduloregio-nyar\/","name":"Magas-Tauern Nemzeti Park \u00fcd\u00fcl\u0151r\u00e9gi\u00f3 - ny\u00e1r \u00bb SalzburgerLand.com","isPartOf":{"@id":"https:\/\/www.salzburgerland.com\/hu\/#website"},"primaryImageOfPage":{"@id":"https:\/\/www.salzburgerland.com\/hu\/magas-tauern-nemzeti-park-uduloregio-nyar\/#primaryimage"},"image":{"@id":"https:\/\/www.salzburgerland.com\/hu\/magas-tauern-nemzeti-park-uduloregio-nyar\/#primaryimage"},"thumbnailUrl":"https:\/\/www.salzburgerland.com\/hu\/wp-content\/uploads\/2019\/04\/npht_sommer.jpg","datePublished":"2019-05-02T14:25:48+00:00","dateModified":"2023-05-10T16:34:36+00:00","description":"Vezetett t\u00far\u00e1k a t\u00f6bbsz\u00e1z \u00e9ves cirbolyafeny\u0151k erdej\u00e9be, vadmegfigyel\u00e9s, a h\u00e1roml\u00e9pcs\u0151s Krimmli-v\u00edzes\u00e9s, alpesi ragadoz\u00f3madarak k\u00f6zvetlen k\u00f6zelr\u0151l, bringat\u00fara a Grossglockner panor\u00e1ma\u00faton, a mittersilli nemzeti parki l\u00e1togat\u00f3i k\u00f6zpont \u00e9s \u00e9lm\u00e9nym\u00fazeum A nemzeti park interakt\u00edv \u00e9lm\u00e9nym\u00fazeuma, ragadoz\u00f3madarak, cirbolyaerd\u0151, \u0151serd\u0151, Grossglockner panor\u00e1ma\u00fat, Krimmli-v\u00edzes\u00e9s, bringa\u00fatvonalak","inLanguage":"hu","potentialAction":[{"@type":"ReadAction","target":["https:\/\/www.salzburgerland.com\/hu\/magas-tauern-nemzeti-park-uduloregio-nyar\/"]}]},{"@type":"ImageObject","inLanguage":"hu","@id":"https:\/\/www.salzburgerland.com\/hu\/magas-tauern-nemzeti-park-uduloregio-nyar\/#primaryimage","url":"https:\/\/www.salzburgerland.com\/hu\/wp-content\/uploads\/2019\/04\/npht_sommer.jpg","contentUrl":"https:\/\/www.salzburgerland.com\/hu\/wp-content\/uploads\/2019\/04\/npht_sommer.jpg","width":1920,"height":1280,"caption":"Ny\u00e1r a Magas-Tauern Nemzeti Park \u00fcd\u00fcl\u0151r\u00e9gi\u00f3ban \u00a9 Ferienregion Nationalpark Hohe Tauern"},{"@type":"WebSite","@id":"https:\/\/www.salzburgerland.com\/hu\/#website","url":"https:\/\/www.salzburgerland.com\/hu\/","name":"SalzburgerLand.com","description":"\u00dcd\u00fcl\u00e9s Ausztri\u00e1ban, Salzburg tartom\u00e1nyban","potentialAction":[{"@type":"SearchAction","target":{"@type":"EntryPoint","urlTemplate":"https:\/\/www.salzburgerland.com\/hu\/?s={search_term_string}"},"query-input":{"@type":"PropertyValueSpecification","valueRequired":true,"valueName":"search_term_string"}}],"inLanguage":"hu"}]}},"_wl_alt_label":[],"wl:entity_url":"http:\/\/open.salzburgerland.com\/hu\/post\/magas-tauern_nemzeti_park_uduloregio","_links":{"self":[{"href":"https:\/\/www.salzburgerland.com\/hu\/wp-json\/wp\/v2\/entities\/3725","targetHints":{"allow":["GET"]}}],"collection":[{"href":"https:\/\/www.salzburgerland.com\/hu\/wp-json\/wp\/v2\/entities"}],"about":[{"href":"https:\/\/www.salzburgerland.com\/hu\/wp-json\/wp\/v2\/types\/entity"}],"author":[{"embeddable":true,"href":"https:\/\/www.salzburgerland.com\/hu\/wp-json\/wp\/v2\/users\/4"}],"replies":[{"embeddable":true,"href":"https:\/\/www.salzburgerland.com\/hu\/wp-json\/wp\/v2\/comments?post=3725"}],"version-history":[{"count":5,"href":"https:\/\/www.salzburgerland.com\/hu\/wp-json\/wp\/v2\/entities\/3725\/revisions"}],"predecessor-version":[{"id":15968,"href":"https:\/\/www.salzburgerland.com\/hu\/wp-json\/wp\/v2\/entities\/3725\/revisions\/15968"}],"wp:featuredmedia":[{"embeddable":true,"href":"https:\/\/www.salzburgerland.com\/hu\/wp-json\/wp\/v2\/media\/6797"}],"wp:attachment":[{"href":"https:\/\/www.salzburgerland.com\/hu\/wp-json\/wp\/v2\/media?parent=3725"}],"wp:term":[{"taxonomy":"category","embeddable":true,"href":"https:\/\/www.salzburgerland.com\/hu\/wp-json\/wp\/v2\/categories?post=3725"},{"taxonomy":"post_tag","embeddable":true,"href":"https:\/\/www.salzburgerland.com\/hu\/wp-json\/wp\/v2\/tags?post=3725"},{"taxonomy":"wl_entity_type","embeddable":true,"href":"https:\/\/www.salzburgerland.com\/hu\/wp-json\/wp\/v2\/wl_entity_type?post=3725"}],"curies":[{"name":"wp","href":"https:\/\/api.w.org\/{rel}","templated":true}]}}