{"id":23413,"date":"2025-07-09T08:08:08","date_gmt":"2025-07-09T06:08:08","guid":{"rendered":"https:\/\/www.salzburgerland.com\/hu\/?post_type=entity&#038;p=23413"},"modified":"2026-04-03T20:02:40","modified_gmt":"2026-04-03T18:02:40","slug":"tennengau-tartomany","status":"publish","type":"entity","link":"https:\/\/www.salzburgerland.com\/hu\/tennengau-tartomany\/","title":{"rendered":"Tennengau tartom\u00e1ny"},"content":{"rendered":"<h2><strong>NY\u00c1R TENNENGAUBAN<\/strong><\/h2>\n<p>Ak\u00e1r hegyvid\u00e9ki t\u00far\u00e1n, t\u00f3parti kikapcsol\u00f3d\u00e1son vagy hagyom\u00e1nyos \u00fcnnepekeken vesznek r\u00e9szt \u2013 a Tennengau felejthetetlenn\u00e9 var\u00e1zsolja a nyarat.<\/p>\n<p>Term\u00e9szet, kult\u00fara \u00e9s egyedi \u00edz\u00e9lm\u00e9nyek \u2013 a <a href=\"https:\/\/www.tennengau.com\/en\/region\/\"><strong>Tennengau<\/strong><\/a> a Salzburg tartom\u00e1ny legjav\u00e1t \u00f6tv\u00f6zi, \u00e9s olyan nyaral\u00e1sra h\u00edv, amely sz\u00ednes, illatos \u00e9s \u00e9lm\u00e9nyekkel teli. Amikor bek\u00f6sz\u00f6nt a ny\u00e1r a Salzburg tartom\u00e1ny, Tennengau tartom\u00e1ny is \u00e9letre kel. Sok l\u00e1togat\u00f3 sz\u00e1m\u00e1ra ez az \u00e9v legszebb id\u0151szaka. Vir\u00e1gz\u00f3 r\u00e9tek, \u00e1rnyas erd\u0151k, h\u0171s\u00edt\u0151 patakok \u00e9s krist\u00e1lytiszta tavak alkotj\u00e1k az akt\u00edv pihen\u00e9s t\u00f6k\u00e9letes d\u00edszlet\u00e9t.<\/p>\n<p>A r\u00e9gi\u00f3 t\u00f6bb sz\u00e1z kilom\u00e9ternyi t\u00fara- \u00e9s ker\u00e9kp\u00e1r\u00fatvonallal, term\u00e9szetes f\u00fcrd\u0151helyekkel, term\u00e1lf\u00fcrd\u0151kkel, k\u00e9nyelmes felvon\u00f3kkal \u00e9s hangulatos alpesi kunyh\u00f3kkal v\u00e1rja a l\u00e1togat\u00f3kat, ahol meg lehet pihenni \u00e9s megk\u00f3stolni a helyi finoms\u00e1gokat. Aki nyugalomra v\u00e1gyik, azt k\u00f6nnyed s\u00e9t\u00e1k vagy panor\u00e1ma\u00f6sv\u00e9nyek v\u00e1rj\u00e1k. Aki a k\u00f6z\u00f6ss\u00e9get \u00e9s a hagyom\u00e1nyokat kedveli, \u00f6r\u00f6m\u00e9t leli a helyi \u00fcnneps\u00e9gekben \u2013 a kis falusi rendezv\u00e9nyekt\u0151l a nagy fesztiv\u00e1lokig. Mindez pedig karny\u00fajt\u00e1snyira a vil\u00e1gh\u00edr\u0171 kultur\u00e1lis v\u00e1rost\u00f3l, Salzburgt\u00f3l.<\/p>\n<p>Tennengau tartom\u00e1ny \u00f6sszesen 14 telep\u00fcl\u00e9st foglal mag\u00e1ba:<br>\n<strong><a href=\"https:\/\/www.tennengau.com\/en\/region\/abtenau\/\">Abtenau<\/a>, <a href=\"https:\/\/www.tennengau.com\/en\/region\/adnet\/\">Adnet<\/a>, <a href=\"https:\/\/www.tennengau.com\/en\/region\/annaberg-lungoetz\/\">Annaberg-Lung\u00f6tz<\/a>, <a href=\"https:\/\/www.tennengau.com\/en\/region\/bad-vigaun\/\">Bad Vigaun<\/a>, <a href=\"https:\/\/www.tennengau.com\/en\/region\/golling\/\">Golling<\/a>, <a href=\"https:\/\/www.tennengau.com\/en\/region\/hallein-bad-duerrnberg\/\">Hallein\u2013Bad D\u00fcrrnberg<\/a>, <a href=\"https:\/\/www.tennengau.com\/en\/region\/krispl-gaissau\/\">Krispl-Gaissau<\/a>, <a href=\"https:\/\/www.tennengau.com\/en\/region\/kuchl\/\">Kuchl<\/a>, <a href=\"https:\/\/www.tennengau.com\/en\/region\/oberalm\/\">Oberalm<\/a>, <a href=\"https:\/\/www.tennengau.com\/en\/region\/puch\/\">Puch<\/a>, <a href=\"https:\/\/www.tennengau.com\/en\/region\/russbach\/\">Russbach<\/a>, <a href=\"https:\/\/www.tennengau.com\/en\/region\/scheffau\/\">Scheffau<\/a>, <a href=\"https:\/\/www.tennengau.com\/en\/region\/st-koloman\/\">St. Koloman<\/a> \u00e9s <a href=\"https:\/\/www.tennengau.com\/en\/region\/st-martin\/\">St. Martin am Tennengebirge<\/a><\/strong>.<\/p>\n<div id=\"attachment_23416\" style=\"width: 1180px\" class=\"wp-caption alignleft\"><img decoding=\"async\" aria-describedby=\"caption-attachment-23416\" class=\"size-1170_658 wp-image-23416\" src=\"https:\/\/www.salzburgerland.com\/hu\/wp-content\/uploads\/2025\/07\/klein_cc021652_spielbergalm_creatingclick-1170x658.jpg\" alt=\"Csal\u00e1di ker\u00e9kp\u00e1roz\u00e1s\" width=\"1170\" height=\"658\" srcset=\"https:\/\/www.salzburgerland.com\/hu\/wp-content\/uploads\/2025\/07\/klein_cc021652_spielbergalm_creatingclick-1170x658.jpg 1170w, https:\/\/www.salzburgerland.com\/hu\/wp-content\/uploads\/2025\/07\/klein_cc021652_spielbergalm_creatingclick-1200x675.jpg 1200w\" sizes=\"(max-width: 1170px) 100vw, 1170px\"><p id=\"caption-attachment-23416\" class=\"wp-caption-text\">spielbergalm@thecreatingclick.jpg<\/p><\/div>\n<h3>T\u00daR\u00c1Z\u00c1S TENNENGAU TARTOM\u00c1NYBAN<\/h3>\n<p>T\u00f6bb mint 300 kijel\u00f6lt <a href=\"https:\/\/www.tennengau.com\/en\/experience\/summer\/hiking\/\"><strong>t\u00fara\u00fatvonal<\/strong><\/a> v\u00e1rja a l\u00e1togat\u00f3kat Tennengauban \u2013 ezek fest\u0151i alpesi t\u00e1jakon vezetnek kereszt\u00fcl, a vir\u00e1gz\u00f3 alpesi r\u00e9tekt\u0151l eg\u00e9szen a magashegyi gerincekig. A r\u00e9gi\u00f3 h\u00e1rom term\u00e9szetf\u00f6ldrajzi egys\u00e9gre oszlik: \u00e9szakon az Osterhorn-csoport ter\u00fcl el jellegzetes alpesi legel\u0151ivel, d\u00e9len a hatalmas Tennengebirge emelkedik, a kett\u0151 k\u00f6z\u00f6tt pedig a karakteres Gosaukamm h\u00faz\u00f3dik. A t\u00fara\u00fatvonalak k\u00edn\u00e1lata a k\u00e9nyelmes s\u00e9t\u00e1kt\u00f3l a komoly szintk\u00fcl\u00f6nbs\u00e9ggel j\u00e1r\u00f3, eg\u00e9sz napos t\u00far\u00e1kig terjed. Sz\u00e1mos \u00f6sv\u00e9ny egyik alpesi mened\u00e9kh\u00e1zt\u00f3l a m\u00e1sikig vezet, \u00edgy csal\u00e1dok sz\u00e1m\u00e1ra is ide\u00e1lisak.<\/p>\n<div id=\"attachment_23419\" style=\"width: 1180px\" class=\"wp-caption alignleft\"><img decoding=\"async\" aria-describedby=\"caption-attachment-23419\" class=\"size-1170_658 wp-image-23419\" src=\"https:\/\/www.salzburgerland.com\/hu\/wp-content\/uploads\/2025\/07\/klein_dji_0454_brunos-bergwelt_creatingclick-1170x658.jpg\" alt=\"T\u00far\u00e1z\u00e1s Tennengau hegyeiben\" width=\"1170\" height=\"658\" srcset=\"https:\/\/www.salzburgerland.com\/hu\/wp-content\/uploads\/2025\/07\/klein_dji_0454_brunos-bergwelt_creatingclick-1170x658.jpg 1170w, https:\/\/www.salzburgerland.com\/hu\/wp-content\/uploads\/2025\/07\/klein_dji_0454_brunos-bergwelt_creatingclick-768x431.jpg 768w, https:\/\/www.salzburgerland.com\/hu\/wp-content\/uploads\/2025\/07\/klein_dji_0454_brunos-bergwelt_creatingclick.jpg 1200w\" sizes=\"(max-width: 1170px) 100vw, 1170px\"><p id=\"caption-attachment-23419\" class=\"wp-caption-text\">Bruno\u2019s Bergwelt Russbach@creatingclick.jpg<\/p><\/div>\n<h3>KEDVELT KIR\u00c1NDUL\u00d3HELYEK<\/h3>\n<p>A legn\u00e9pszer\u0171bb t\u00fara\u00fatvonalak k\u00f6z\u00e9 tartozik p\u00e9ld\u00e1ul a Koloman- \u00e9s Spielbergalmhoz vezet\u0151 \u00fatvonal Krispl-Gaissau telep\u00fcl\u00e9s k\u00f6zel\u00e9ben, a Karkogel megh\u00f3d\u00edt\u00e1sa Abtenauban, vagy az \u201eH\u00e1romsajtos\u201d (Dreik\u00e4sehoch) k\u00f6rt\u00fara Annabergben, amely h\u00e1rom hegyi mened\u00e9kh\u00e1zat k\u00f6t \u00f6ssze a legel\u0151k\u00f6n kereszt\u00fcl. Szint\u00e9n aj\u00e1nlott a Postalmon tal\u00e1lhat\u00f3 alpesi vir\u00e1g\u00f6sv\u00e9ny vagy a Lammertalban vezet\u0151 erdei t\u00fara, ahol Ausztria legmagasabb f\u00e1i n\u0151nek. Aki szeretn\u00e9 megk\u00f6nny\u00edteni a feljut\u00e1st, az a n\u00e9gy ny\u00e1ri felvon\u00f3 egyik\u00e9t is ig\u00e9nybe veheti \u2013 ezek Abtenauban, Annabergben, Russbachban \u00e9s Bad D\u00fcrrnbergben m\u0171k\u00f6dnek, k\u00e9nyelmes hozz\u00e1f\u00e9r\u00e9st biztos\u00edtva a magasabban fekv\u0151 t\u00farapontokhoz.<\/p>\n<p>Egy tov\u00e1bbi k\u00fcl\u00f6nleges l\u00e1tnival\u00f3 a gollingi v\u00edzes\u00e9s, amely k\u00e9t l\u00e9pcs\u0151ben, 76 m\u00e9teres magass\u00e1gb\u00f3l z\u00fadul al\u00e1. A v\u00edzes\u00e9s a teljes Salzburg tartmom\u00e1ny egyik legszebb term\u00e9szeti l\u00e1tv\u00e1nyoss\u00e1gai k\u00f6z\u00e9 tartozik, \u00e9s csal\u00e1dok sz\u00e1m\u00e1ra is k\u00f6nnyen megk\u00f6zel\u00edthet\u0151.<\/p>\n<div id=\"attachment_23421\" style=\"width: 1180px\" class=\"wp-caption alignleft\"><img decoding=\"async\" aria-describedby=\"caption-attachment-23421\" class=\"size-1170_658 wp-image-23421\" src=\"https:\/\/www.salzburgerland.com\/hu\/wp-content\/uploads\/2025\/07\/klein_gollinger-wasserfall_sltg-1170x658.jpg\" alt=\"Egy p\u00e1r f\u00e9nyk\u00e9pezi mag\u00e1t a gollingi v\u00edzes\u00e9sn\u00e9l.\" width=\"1170\" height=\"658\" srcset=\"https:\/\/www.salzburgerland.com\/hu\/wp-content\/uploads\/2025\/07\/klein_gollinger-wasserfall_sltg-1170x658.jpg 1170w, https:\/\/www.salzburgerland.com\/hu\/wp-content\/uploads\/2025\/07\/klein_gollinger-wasserfall_sltg-1200x675.jpg 1200w\" sizes=\"(max-width: 1170px) 100vw, 1170px\"><p id=\"caption-attachment-23421\" class=\"wp-caption-text\">@ SalzburgerLand Tourismus.jpg<\/p><\/div>\n<h3>KIR\u00c1NDUL\u00c1SI \u00c9S FELFRISS\u00dcL\u00c9SI TIPPEK<\/h3>\n<p>A r\u00e9gi\u00f3 egyik legizgalmasabb \u00fati c\u00e9lja a D\u00fcrrnbergen tal\u00e1lhat\u00f3\u00a0halleini s\u00f3b\u00e1nya (Salzwelten Hallein). A l\u00e1togat\u00f3k itt a kelt\u00e1k \u00e9s az els\u0151 s\u00f3b\u00e1ny\u00e1szok nyom\u00e1ba eredhetnek. A vezetett t\u00fara r\u00e9szek\u00e9nt f\u00f6ld alatti j\u00e1ratokon kereszt\u00fclhaladva cs\u00faszd\u00e1kon lehet lecs\u00faszni, majd egy k\u00fcl\u00f6nleges s\u00f3s tavon is haj\u00f3k\u00e1zhatnak a hegy belsej\u00e9ben. Ez a l\u00e1tv\u00e1nyoss\u00e1g gyermekek sz\u00e1m\u00e1ra is ide\u00e1lis, \u00e9s j\u00e1t\u00e9kos form\u00e1ban mutatja be a s\u00f3b\u00e1ny\u00e1szat jelent\u0151s\u00e9g\u00e9t \u2013 azt a tev\u00e9kenys\u00e9get, amely alapvet\u0151en meghat\u00e1rozta a Salzburgeri tartom\u00e1ny \u00a0t\u00f6rt\u00e9nelm\u00e9t.<\/p>\n<div id=\"attachment_23424\" style=\"width: 1180px\" class=\"wp-caption alignnone\"><img decoding=\"async\" aria-describedby=\"caption-attachment-23424\" class=\"wp-image-23424 size-1170_658\" src=\"https:\/\/www.salzburgerland.com\/hu\/wp-content\/uploads\/2025\/07\/klein_cc021289_salzwelten-salzburg_creatingclick-1170x658.jpg\" alt=\"Csal\u00e1di kir\u00e1ndul\u00e1s a halleini s\u00f3b\u00e1ny\u00e1ba\" width=\"1170\" height=\"658\" srcset=\"https:\/\/www.salzburgerland.com\/hu\/wp-content\/uploads\/2025\/07\/klein_cc021289_salzwelten-salzburg_creatingclick-1170x658.jpg 1170w, https:\/\/www.salzburgerland.com\/hu\/wp-content\/uploads\/2025\/07\/klein_cc021289_salzwelten-salzburg_creatingclick-1200x675.jpg 1200w\" sizes=\"(max-width: 1170px) 100vw, 1170px\"><p id=\"caption-attachment-23424\" class=\"wp-caption-text\">Salzwelten Salzburg \u00a9 creatingclick<\/p><\/div>\n<p>A ny\u00e1ri id\u0151szak egyik legsz\u00f3rakoztat\u00f3bb programja a\u00a0<strong>ny\u00e1ri bobp\u00e1lya<\/strong>, amely k\u00fcl\u00f6n\u00f6sen a gyerekes csal\u00e1dok k\u00f6r\u00e9ben n\u00e9pszer\u0171.\u00a0<strong>Abtenauban \u00e9s Halleinben<\/strong>\u00a0biztons\u00e1gos lecs\u00fasz\u00e1st k\u00edn\u00e1lnak gy\u00f6ny\u00f6r\u0171 kil\u00e1t\u00e1ssal \u00e9s rengeteg vid\u00e1ms\u00e1ggal.<\/p>\n<p>Hallein \u201eh\u00e1zi hegye\u201d a\u00a0<strong>1337 m\u00e9ter magas Zinkenkogel<\/strong>, amelynek l\u00e1b\u00e1n\u00e1l fekszik a b\u00e1jos f\u00fcrd\u0151v\u00e1roska,\u00a0<strong>Bad D\u00fcrrnberg<\/strong>. J\u00f3 id\u0151 eset\u00e9n a felvon\u00f3 mintegy 15 perc alatt visz fel a Zinkenkogel cs\u00facs\u00e1ra. A hegy\u00e1llom\u00e1sn\u00e1l, a\u00a0<strong>Zinkenst\u00fcberln\u00e9l<\/strong>, indul a\u00a0<strong>2,2 kilom\u00e9ter hossz\u00fa \u201eKeltenblitz\u201d ny\u00e1ri bobp\u00e1lya<\/strong>, amely nemcsak a gyerekek sz\u00edv\u00e9t dobogtatja meg.<\/p>\n<div id=\"attachment_23425\" style=\"width: 1034px\" class=\"wp-caption alignnone\"><img decoding=\"async\" aria-describedby=\"caption-attachment-23425\" class=\"wp-image-23425 size-medium\" src=\"https:\/\/www.salzburgerland.com\/hu\/wp-content\/uploads\/2025\/07\/rs3763_slt_tennengau_schober_chrisperkles-55-scr-1100x658-1-1024x569.jpg\" alt=\"Ny\u00e1ri bobp\u00e1lya Abtenauban, Tennengau tratom\u00e1nyban\" width=\"1024\" height=\"569\" srcset=\"https:\/\/www.salzburgerland.com\/hu\/wp-content\/uploads\/2025\/07\/rs3763_slt_tennengau_schober_chrisperkles-55-scr-1100x658-1-1024x569.jpg 1024w, https:\/\/www.salzburgerland.com\/hu\/wp-content\/uploads\/2025\/07\/rs3763_slt_tennengau_schober_chrisperkles-55-scr-1100x658-1-370x206.jpg 370w, https:\/\/www.salzburgerland.com\/hu\/wp-content\/uploads\/2025\/07\/rs3763_slt_tennengau_schober_chrisperkles-55-scr-1100x658-1-270x150.jpg 270w, https:\/\/www.salzburgerland.com\/hu\/wp-content\/uploads\/2025\/07\/rs3763_slt_tennengau_schober_chrisperkles-55-scr-1100x658-1-540x300.jpg 540w\" sizes=\"(max-width: 1024px) 100vw, 1024px\"><p id=\"caption-attachment-23425\" class=\"wp-caption-text\">Abtenaui ny\u00e1ri bobp\u00e1lya \u00a9 SalzburgerLand Tourismus, Christoph Perkles<\/p><\/div>\n<p>Az\u00a0<strong>abtenaui ny\u00e1ri bobp\u00e1lya<\/strong>\u00a0Tennengauban m\u00e1just\u00f3l okt\u00f3berig tart nyitva. Az aut\u00f3t k\u00f6zvetlen\u00fcl a\u00a0<strong>Karkogel felvon\u00f3 v\u00f6lgy\u00e1llom\u00e1s\u00e1n\u00e1l<\/strong>\u00a0lehet leparkolni. A k\u00e9nyelmes\u00a0<strong>kabinos felvon\u00f3<\/strong>\u00a0n\u00e9h\u00e1ny perc alatt felvisz a rajtpontra.<\/p>\n<p><strong>Salzburg k\u00f6zels\u00e9g\u00e9nek<\/strong>\u00a0k\u00f6sz\u00f6nhet\u0151en a nyaral\u00e1s t\u00f6k\u00e9letesen kombin\u00e1lhat\u00f3 kultur\u00e1lis programokkal vagy t\u00f6rt\u00e9nelmi l\u00e1tnival\u00f3k megl\u00e1togat\u00e1s\u00e1val. Egy v\u00e1rosi kir\u00e1ndul\u00e1s nem ig\u00e9nyel bonyolult szervez\u00e9st \u2013 aut\u00f3 n\u00e9lk\u00fcl is\u00a0<strong>k\u00e9nyelmesen el\u00e9rhet\u0151 vonattal vagy busszal<\/strong>.<\/p>\n<p>A gyerekes csal\u00e1dok sz\u00e1m\u00e1ra k\u00fcl\u00f6n \u00f6r\u00f6m\u00f6t jelentenek a\u00a0<strong>tematikus tan\u00f6sv\u00e9nyek<\/strong>, amelyek j\u00e1t\u00e9kos elemekkel vannak gazdag\u00edtva \u2013 p\u00e9ld\u00e1ul a\u00a0<strong>kelta fi\u00fa, Cleverix<\/strong>\u00a0k\u00eds\u00e9ret\u00e9ben, aki j\u00e1t\u00e9kos feladatokon kereszt\u00fcl ismerteti meg a gyerekekkel a k\u00f6rny\u00e9k \u00e9rdekess\u00e9geit.<\/p>\n<p>A kir\u00e1ndul\u00e1sok sor\u00e1n kellemes felfriss\u00fcl\u00e9st k\u00edn\u00e1lnak a r\u00e9gi\u00f3\u00a0<strong>sz\u00e1mos term\u00e9szetes f\u00fcrd\u0151tava, szabadt\u00e9ri medenc\u00e9je \u00e9s hegyi patakja<\/strong>. A legn\u00e9pszer\u0171bb f\u00fcrd\u0151helyek k\u00f6z\u00e9 tartozik p\u00e9ld\u00e1ul az\u00a0<strong>abtenaui szabadt\u00e9ri medence<\/strong>, a\u00a0<strong>Kuchlban tal\u00e1lhat\u00f3 B\u00fcrgerausee t\u00f3 Kneipp-\u00f6sv\u00e9nnyel<\/strong>, az\u00a0<strong>annabergi Waldbad<\/strong>\u00a0vagy a\u00a0<strong>gollingi Aqua Salza \u00e9lm\u00e9nyf\u00fcrd\u0151<\/strong>.<\/p>\n<p>A csal\u00e1dosok k\u00f6r\u00e9ben nagy n\u00e9pszer\u0171s\u00e9gnek \u00f6rvend a\u00a0<strong>russbachi v\u00edzi park<\/strong>\u00a0\u00e9s a\u00a0<strong>scheffaui Harrbergsee ny\u00e1ri strandja<\/strong>\u00a0is. Aki pedig ink\u00e1bb nyugalmat keres, az kisebb tavakn\u00e1l vagy\u00a0<strong>a hegyek magasabb r\u00e9gi\u00f3iban cs\u00f6rgedez\u0151, h\u0171s hegyi patakokn\u00e1l<\/strong>\u00a0tal\u00e1lhat zavartalan pihen\u00e9st.<\/p>\n<div id=\"attachment_23427\" style=\"width: 1180px\" class=\"wp-caption alignnone\"><img decoding=\"async\" aria-describedby=\"caption-attachment-23427\" class=\"wp-image-23427 size-1170_658\" src=\"https:\/\/www.salzburgerland.com\/hu\/wp-content\/uploads\/2025\/07\/klein_cc020256_lammerklamm_creatingclick-1170x658.jpg\" alt=\"T\u00fara egy hegyi patakn\u00e1l\" width=\"1170\" height=\"658\" srcset=\"https:\/\/www.salzburgerland.com\/hu\/wp-content\/uploads\/2025\/07\/klein_cc020256_lammerklamm_creatingclick-1170x658.jpg 1170w, https:\/\/www.salzburgerland.com\/hu\/wp-content\/uploads\/2025\/07\/klein_cc020256_lammerklamm_creatingclick-1200x675.jpg 1200w\" sizes=\"(max-width: 1170px) 100vw, 1170px\"><p id=\"caption-attachment-23427\" class=\"wp-caption-text\">Lammerklamm \u00a9 creatingclick<\/p><\/div>\n<h3>TENNENGAUPLUS K\u00c1RTYA \u00c9S GUEST <strong>MOBILITY<\/strong> TICKET<\/h3>\n<p>Minden vend\u00e9g, aki a r\u00e9gi\u00f3ban sz\u00e1ll meg, \u00e9rkez\u00e9skor\u00a0ingyenesen megkapja a <a href=\"https:\/\/www.tennengau.com\/en\/experience\/tennengau-plus-card\/\"><strong>TennengauPLUS<\/strong><\/a> k\u00e1rty\u00e1t. Ez sz\u00e1mos el\u0151nyt biztos\u00edt: p\u00e9ld\u00e1ul\u00a0ingyenes bel\u00e9p\u00e9st gyermekek sz\u00e1m\u00e1ra\u00a0a Salzwelten s\u00f3b\u00e1ny\u00e1ba vagy a gollingi Aqua Salza \u00e9lm\u00e9nyf\u00fcrd\u0151be,\u00a0kedvezm\u00e9nyes bel\u00e9p\u0151ket\u00a0bizonyos l\u00e1tnival\u00f3khoz, valamint\u00a0\u00e1rengedm\u00e9nyeket a helyi partnerekn\u00e9l.<\/p>\n<p>A vend\u00e9gek a sz\u00e1ll\u00e1sad\u00f3ikt\u00f3l megkapj\u00e1k a <a href=\"https:\/\/www.salzburgerland.com\/hu\/mobilitas-kartya-2\/\"><strong>Guest Mobility Ticketet<\/strong><\/a> is, amely lehet\u0151v\u00e9 teszi, hogy tart\u00f3zkod\u00e1suk teljes ideje alatt haszn\u00e1lj\u00e1k a t\u00f6megk\u00f6zleked\u00e9st \u2013 nemcsak Tennengaun bel\u00fcl, hanem Salzburg tartom\u00e1ny eg\u00e9sz ter\u00fclet\u00e9n.<\/p>\n<div id=\"attachment_23429\" style=\"width: 1180px\" class=\"wp-caption alignnone\"><img decoding=\"async\" aria-describedby=\"caption-attachment-23429\" class=\"wp-image-23429 size-1170_658\" src=\"https:\/\/www.salzburgerland.com\/hu\/wp-content\/uploads\/2025\/07\/klein_dji_0050_postalmstrasse_creatingclick-1170x658.jpg\" alt=\"Fentr\u0151l l\u00e1that\u00f3 hegyi \u00fat Tennengau tartom\u00e1nyban\" width=\"1170\" height=\"658\" srcset=\"https:\/\/www.salzburgerland.com\/hu\/wp-content\/uploads\/2025\/07\/klein_dji_0050_postalmstrasse_creatingclick-1170x658.jpg 1170w, https:\/\/www.salzburgerland.com\/hu\/wp-content\/uploads\/2025\/07\/klein_dji_0050_postalmstrasse_creatingclick-768x431.jpg 768w, https:\/\/www.salzburgerland.com\/hu\/wp-content\/uploads\/2025\/07\/klein_dji_0050_postalmstrasse_creatingclick.jpg 1200w\" sizes=\"(max-width: 1170px) 100vw, 1170px\"><p id=\"caption-attachment-23429\" class=\"wp-caption-text\">Postalmstrasse \u00a9 creatingclick<\/p><\/div>\n<h3>TENNENGAU \u2013 AZ <strong>\u00cdZEK<\/strong> R\u00c9GI\u00d3JA<\/h3>\n<p data-start=\"0\" data-end=\"368\"><strong>Az \u00e9lm\u00e9nyek \u00e9s a gasztron\u00f3mia<\/strong> \u2013 aligha van tal\u00e1l\u00f3bb kifejez\u00e9s Tennengau le\u00edr\u00e1s\u00e1ra. A csal\u00e1dok sz\u00e1m\u00e1ra k\u00edn\u00e1lt sz\u00e1mos program mellett a r\u00e9gi\u00f3 kiv\u00e1l\u00f3 konyh\u00e1j\u00e1r\u00f3l \u00e9s autentikus, helyi term\u00e9keir\u0151l is ismert. K\u00fcl\u00f6n\u00f6sen h\u00edres a Tennengauer Almk\u00e4se, de a t\u00f6bbi term\u00e9k k\u00edn\u00e1lata is leny\u0171g\u00f6z\u0151: a gy\u00fcm\u00f6lcslevekt\u0151l \u00e9s s\u00f6r\u00f6kt\u0151l kezdve a p\u00e1rlatokon \u00e1t a h\u00e1zi k\u00e9sz\u00edt\u00e9s\u0171 \u00e9dess\u00e9gekig.<\/p>\n<p data-start=\"370\" data-end=\"612\" data-is-last-node=\"\" data-is-only-node=\"\">Ezeket egy dolog k\u00f6ti \u00f6ssze: kiv\u00e1l\u00f3 min\u0151s\u00e9g\u0171 alapanyagokb\u00f3l, hagyom\u00e1nyos m\u00f3don k\u00e9sz\u00fclnek \u2013 gyakran k\u00f6zvetlen\u00fcl alpesi legel\u0151k\u00f6n vagy csal\u00e1di gazdas\u00e1gokban. Ha \u00d6n a helyi mez\u0151gazdas\u00e1gi term\u00e9keket r\u00e9szes\u00edti el\u0151nyben, itt biztosan j\u00f3 helyen j\u00e1r.<\/p>\n<p>A\u00a0sajtk\u00e9sz\u00edt\u00e9s\u00a0Tennengauban r\u00e9gi hagyom\u00e1ny. Ny\u00e1ron az \u00e1llatok illatos, gy\u00f3gyn\u00f6v\u00e9nyekben gazdag legel\u0151k\u00f6n legelnek, t\u00e9len pedig ugyanazokr\u00f3l a ter\u00fcletekr\u0151l sz\u00e1rmaz\u00f3 sz\u00e9n\u00e1t kapnak. Ez adja a tej k\u00fcl\u00f6nleges \u00edz\u00e9t \u2013 \u00e9s a bel\u0151le k\u00e9sz\u00fclt sajt jellegzetes karakter\u00e9t. Sok alpesi kunyh\u00f3 a t\u00far\u00e1z\u00f3k sz\u00e1m\u00e1ra is nyitva \u00e1ll, \u00edgy a l\u00e1togat\u00f3k\u00a0k\u00f6zvetlen\u00fcl a termel\u0151kt\u0151lk\u00f3stolhatj\u00e1k meg a helyi specialit\u00e1sokat.<\/p>\n<p>Nemcsak az AlmK\u00e4se, hanem sok m\u00e1s helyi finoms\u00e1g is megtal\u00e1lhat\u00f3 a\u00a0min\u0151s\u00edtett vend\u00e9gl\u0151kben, amelyek a\u00a0GenussWirtshaus\u00a0c\u00edmet viselik. N\u00e9h\u00e1nyuk a\u00a0Via Culinaria\u00a0kulin\u00e1ris \u00fatvonal r\u00e9sze is. Aki k\u00f6zvetlen\u00fcl a termel\u0151kt\u0151l szeretne v\u00e1s\u00e1rolni, az l\u00e1togasson el a\u00a0termel\u0151i piacokra\u00a0vagy a\u00a0GenussPartner\u00a0min\u0151s\u00edt\u00e9ssel rendelkez\u0151 helyi boltokba.<\/p>\n\n\t\t\t<div id=\"23413-1\" class=\"gallery gallery-23413 gallery-columns-3 gallery-size-1170_658\" itemscope itemtype=\"http:\/\/schema.org\/ImageGallery\">\n\t\t\t\t<ul class=\"gallery-row gallery-col-3 gallery-clear\">\n\t\t\t\t\t<li class=\"gallery-item col-3\" itemprop=\"associatedMedia\" itemscope itemtype=\"http:\/\/schema.org\/ImageObject\">\n\t\t\t\t\t\t<div class=\"gallery-icon landscape\"><a href=\"https:\/\/www.salzburgerland.com\/hu\/wp-content\/uploads\/2025\/07\/rs1124_dsc_7439-scr.jpg\" title=\"\u00datjelz\u0151 t\u00e1bla Tennengau\"><img decoding=\"async\" data-title=\"\u00datjelz\u0151 t\u00e1bla Tennengau \u00a9 SalzburgerLand Tourismus, Achim Meurer\" title=\"\u00datjelz\u0151 t\u00e1bla Tennengau \u00a9 SalzburgerLand Tourismus, Achim Meurer\" data-caption=\"\u00datjelz\u0151 t\u00e1bla Tennengau \u00a9 SalzburgerLand Tourismus, Achim Meurer\" width=\"1100\" height=\"658\" src=\"https:\/\/www.salzburgerland.com\/hu\/wp-content\/uploads\/2025\/07\/rs1124_dsc_7439-scr-1100x658.jpg\" class=\"attachment-1170_658 size-1170_658\" alt=\"\u00datjelz\u0151 t\u00e1bla a termel\u0151i bolt fel\u00e9 (Nagy\u00edtott n\u00e9zet)\" aria-describedby=\"figcaption-23413-23431\" itemprop=\"thumbnail\"><\/a><\/div>\n\t\t\t\t\t\t<span id=\"figcaption-23413-23431\" class=\"gallery-caption\" itemprop=\"caption\"><span aria-hidden=\"true\">\u00datjelz\u0151 t\u00e1bla Tennengau \u00a9 SalzburgerLand Tourismus, Achim Meurer<\/span><\/span>\n\t\t\t\t\t<\/li>\n\t\t\t\t\t<li class=\"gallery-item col-3\" itemprop=\"associatedMedia\" itemscope itemtype=\"http:\/\/schema.org\/ImageObject\">\n\t\t\t\t\t\t<div class=\"gallery-icon landscape\"><a href=\"https:\/\/www.salzburgerland.com\/hu\/wp-content\/uploads\/2025\/07\/rs1126_dsc_7516-scr.jpg\" title=\"Helyi sajt Tennenga utartom\u00e1nyban\"><img decoding=\"async\" data-title=\"Sajt Tennengau \u00a9 SalzburgerLand Tourismus, Achim Meurer\" title=\"Sajt Tennengau \u00a9 SalzburgerLand Tourismus, Achim Meurer\" data-caption=\"Sajt Tennengau \u00a9 SalzburgerLand Tourismus, Achim Meurer\" width=\"1100\" height=\"658\" src=\"https:\/\/www.salzburgerland.com\/hu\/wp-content\/uploads\/2025\/07\/rs1126_dsc_7516-scr-1100x658.jpg\" class=\"attachment-1170_658 size-1170_658\" alt=\"Asztal k\u00fcl\u00f6nf\u00e9le sajtokkal (Nagy\u00edtott n\u00e9zet)\" aria-describedby=\"figcaption-23413-23432\" itemprop=\"thumbnail\"><\/a><\/div>\n\t\t\t\t\t\t<span id=\"figcaption-23413-23432\" class=\"gallery-caption\" itemprop=\"caption\"><span aria-hidden=\"true\">Sajt Tennengau \u00a9 SalzburgerLand Tourismus, Achim Meurer<\/span><\/span>\n\t\t\t\t\t<\/li>\n\t\t\t\t\t<li class=\"gallery-item col-3\" itemprop=\"associatedMedia\" itemscope itemtype=\"http:\/\/schema.org\/ImageObject\">\n\t\t\t\t\t\t<div class=\"gallery-icon landscape\"><a href=\"https:\/\/www.salzburgerland.com\/hu\/wp-content\/uploads\/2025\/07\/rs1439_kaese_brot_produkt_015-scr-2.jpg\" title=\"Reggeli sajttal \u00e9s keny\u00e9rrel\"><img decoding=\"async\" data-title=\"Sajt talca Tennengau \u00a9 SalzburgerLand Tourismus, Helge Kirchberger\" title=\"Sajt talca Tennengau \u00a9 SalzburgerLand Tourismus, Helge Kirchberger\" data-caption=\"Sajt talca Tennengau \u00a9 SalzburgerLand Tourismus, Helge Kirchberger\" width=\"1100\" height=\"658\" src=\"https:\/\/www.salzburgerland.com\/hu\/wp-content\/uploads\/2025\/07\/rs1439_kaese_brot_produkt_015-scr-2-1100x658.jpg\" class=\"attachment-1170_658 size-1170_658\" alt=\"Asztal sajttal \u00e9s keny\u00e9rrel (Nagy\u00edtott n\u00e9zet)\" aria-describedby=\"figcaption-23413-23433\" itemprop=\"thumbnail\"><\/a><\/div>\n\t\t\t\t\t\t<span id=\"figcaption-23413-23433\" class=\"gallery-caption\" itemprop=\"caption\"><span aria-hidden=\"true\">Sajt talca Tennengau \u00a9 SalzburgerLand Tourismus, Helge Kirchberger<\/span><\/span>\n\t\t\t\t\t<\/li>\n\t\t\t\t<\/ul>\n\t\t\t<\/div><!-- .gallery -->\n\n<h3>FESZTIV\u00c1LOK \u00c9S <strong>HAGYOM\u00c1NYOK<\/strong><\/h3>\n<p>A ny\u00e1ri szezon Tennengauban j\u00f3val t\u00f6bbet k\u00edn\u00e1l, mint t\u00far\u00e1z\u00e1st \u00e9s finom \u00e9teleket \u2013 a hagyom\u00e1nyok \u00e9s a kult\u00fara is k\u00f6zponti szerepet j\u00e1tszanak. A r\u00e9gi\u00f3 h\u00edres azokr\u00f3l az \u00fcnnepeir\u0151l, ahol a gasztron\u00f3miai \u00e9lvezetek tal\u00e1lkoznak a k\u00e9zm\u0171vess\u00e9ggel, a zen\u00e9vel \u00e9s az \u00e9l\u0151 <a href=\"https:\/\/www.salzburgerland.com\/hu\/entity\/falusi-osz-salzburg-tartomanyban\/\"><strong>n\u00e9phagyom\u00e1nyokkal<\/strong> <\/a>\u2013 igazi \u00e9lm\u00e9ny, amelyet nyaral\u00e1s k\u00f6zben sem szabad kihagyni.<\/p>\n<p>A legkedveltebb esem\u00e9nyek k\u00f6z\u00e9 tartozik a\u00a0HeuART-fesztiv\u00e1l, amely szeptember elej\u00e9n ker\u00fcl megrendez\u00e9sre a\u00a0Salzburgi Paraszti \u0150sz\u00a0(Bauernherbst) keret\u00e9ben. Ilyenkor a\u00a0Lammertal utc\u00e1i sz\u00ednes sz\u00ednpadd\u00e1 v\u00e1ltoznak, szalm\u00e1b\u00f3l k\u00e9sz\u00fclt m\u0171alkot\u00e1sokkal, d\u00edszes kocsikkal, zen\u00e9szekkel \u00e9s hagyom\u00e1nyos n\u00e9pviseletbe \u00f6lt\u00f6z\u00f6tt emberekkel. A fesztiv\u00e1lt v\u00e1s\u00e1r k\u00eds\u00e9ri, ahol a l\u00e1togat\u00f3k megk\u00f3stolhatj\u00e1k a helyi termel\u0151k jellegzetes term\u00e9keit.<\/p>\n<p>A ny\u00e1r v\u00e9g\u00e9n t\u00f6bb telep\u00fcl\u00e9sen\u00a0Salzburg tartom\u00e1nyi h\u00e1laad\u00f3 \u00fcnnepeket (Erntedankfeste)\u00a0rendeznek a Paraszti \u0150sz keret\u00e9ben \u2013 v\u00e1s\u00e1rokkal, n\u00e9pzen\u00e9vel \u00e9s region\u00e1lis finoms\u00e1gokkal.\u00a0Abtenau, Annaberg-Lung\u00f6tz, Kuchl \u00e9s St. Martingazdag csal\u00e1di programokkal k\u00e9sz\u00fcl: kirakod\u00f3v\u00e1s\u00e1rok, ki\u00e1ll\u00edt\u00e1sok, \u00fcnnepi felvonul\u00e1sok sz\u00ednes\u00edtik a k\u00edn\u00e1latot.<\/p>\n<p>Aki az \u00e9l\u0151 hagyom\u00e1nyok ir\u00e1nt \u00e9rdekl\u0151dik, annak \u00e9rdemes ell\u00e1togatnia a\u00a0Csendes \u00c9j <a href=\"https:\/\/www.salzburgerland.com\/hu\/csendes-ej-hallein\/\"><strong>M\u00fazeumba (Stille Nacht Museum) Halleinben<\/strong><\/a>. A m\u00fazeum a vil\u00e1g legismertebb kar\u00e1csonyi dal\u00e1nak t\u00f6rt\u00e9net\u00e9t mutatja be. Itt \u00e9lt \u00e9s alkotott\u00a0Franz Xaver Gruber, aki 1818-ban megzen\u00e9s\u00edtette Joseph Mohr k\u00f6ltem\u00e9ny\u00e9t:\u00a0<em>\u201eStille Nacht! Heilige Nacht!\u201d<\/em>.<\/p>\n<div id=\"attachment_24045\" style=\"width: 1180px\" class=\"wp-caption alignleft\"><img decoding=\"async\" aria-describedby=\"caption-attachment-24045\" class=\"size-1170_658 wp-image-24045\" src=\"https:\/\/www.salzburgerland.com\/hu\/wp-content\/uploads\/2025\/07\/csendes-ej-muzeuma-halleinbensalzburgerland-tourismus-stille-nacht-land-1170x658.jpg\" alt=\"Egy f\u00e1b\u00f3l k\u00e9sz\u00fclt fortepiano van ki\u00e1ll\u00edtva egy vil\u00e1gos, modern m\u00fazeumi teremben, nagy kerek mennyezeti l\u00e1mp\u00e1kkal.\" width=\"1170\" height=\"658\" srcset=\"https:\/\/www.salzburgerland.com\/hu\/wp-content\/uploads\/2025\/07\/csendes-ej-muzeuma-halleinbensalzburgerland-tourismus-stille-nacht-land-1170x658.jpg 1170w, https:\/\/www.salzburgerland.com\/hu\/wp-content\/uploads\/2025\/07\/csendes-ej-muzeuma-halleinbensalzburgerland-tourismus-stille-nacht-land-1200x675.jpg 1200w\" sizes=\"(max-width: 1170px) 100vw, 1170px\"><p id=\"caption-attachment-24045\" class=\"wp-caption-text\">Csendes e\u0301j mu\u0301zeuma Halleinben@SalzburgerLand Tourismus, Stille Nacht Land<\/p><\/div>\n<p>\u00a0<\/p>\n<h3>V\u00c9G\u00dcL M\u00c9G EGY TIPP<\/h3>\n<p>Tennengau mindent k\u00edn\u00e1l, amit egy t\u00f6k\u00e9letes ny\u00e1ri hegyvid\u00e9ki nyaral\u00e1st\u00f3l elv\u00e1rhatunk. \u00d6nnek csak annyi a dolga, hogy kiv\u00e1lassza a telep\u00fcl\u00e9st, a sz\u00e1ll\u00e1st \u00e9s az id\u0151pontot \u2013 a t\u00f6bbit a term\u00e9szet, a vend\u00e9gszeret\u0151 emberek \u00e9s a Salzburg tartom\u00e1nyra jellemz\u0151 helyi konyha int\u00e9zi.<\/p>\n<p>Ne feledje azonban:\u00a0a hegyekben val\u00f3 t\u00far\u00e1z\u00e1shoz odafigyel\u00e9sre \u00e9s megfelel\u0151 felk\u00e9sz\u00fcl\u00e9sre van sz\u00fcks\u00e9g. Hasznos tan\u00e1csokat a biztons\u00e1gos t\u00far\u00e1z\u00e1shoz ezen az oldalon tal\u00e1l.<\/p>\n<p>\u00a0<\/p>\n<p>\u00a0<\/p>\n","protected":false},"excerpt":{"rendered":"<p>NY\u00c1R TENNENGAUBAN Ak\u00e1r hegyvid\u00e9ki t\u00far\u00e1n, t\u00f3parti kikapcsol\u00f3d\u00e1son vagy hagyom\u00e1nyos \u00fcnnepekeken vesznek r\u00e9szt \u2013 a Tennengau felejthetetlenn\u00e9 var\u00e1zsolja a nyarat. Term\u00e9szet, kult\u00fara \u00e9s egyedi \u00edz\u00e9lm\u00e9nyek \u2013 a Tennengau a Salzburg tartom\u00e1ny legjav\u00e1t \u00f6tv\u00f6zi, \u00e9s olyan nyaral\u00e1sra h\u00edv, amely sz\u00ednes, illatos \u00e9s \u00e9lm\u00e9nyekkel teli. Amikor bek\u00f6sz\u00f6nt a ny\u00e1r a Salzburg tartom\u00e1ny, Tennengau tartom\u00e1ny is \u00e9letre kel. Sok [&hellip;]<\/p>\n","protected":false},"author":35,"featured_media":24040,"comment_status":"closed","ping_status":"closed","template":"","meta":{"_acf_changed":false,"wl_entities_gutenberg":"","_relevanssi_hide_post":"","_relevanssi_hide_content":"","_relevanssi_pin_for_all":"","_relevanssi_pin_keywords":"","_relevanssi_unpin_keywords":"","_relevanssi_related_keywords":"","_relevanssi_related_include_ids":"","_relevanssi_related_exclude_ids":"","_relevanssi_related_no_append":"","_relevanssi_related_not_related":"","_relevanssi_related_posts":"","_relevanssi_noindex_reason":"","footnotes":""},"categories":[],"tags":[],"wl_entity_type":[5],"class_list":["post-23413","entity","type-entity","status-publish","has-post-thumbnail","hentry","wl_entity_type-organization","sitetype-region"],"acf":[],"yoast_head":"<!-- This site is optimized with the Yoast SEO Premium plugin v27.4 (Yoast SEO v27.4) - https:\/\/yoast.com\/product\/yoast-seo-premium-wordpress\/ -->\n<title>Tennengau tartom\u00e1ny \u00bb SalzburgerLand.com<\/title>\n<meta name=\"description\" content=\"A Salzburgt\u00f3l mind\u00f6ssze egy k\u0151haj\u00edt\u00e1snyira fekv\u0151 tizenn\u00e9gy telep\u00fcl\u00e9s alkotja egy\u00fctt a Tennengau r\u00e9gi\u00f3t.\" \/>\n<meta name=\"robots\" content=\"index, follow, max-snippet:-1, max-image-preview:large, max-video-preview:-1\" \/>\n<link rel=\"canonical\" href=\"https:\/\/www.salzburgerland.com\/hu\/tennengau-tartomany\/\" \/>\n<meta property=\"og:locale\" content=\"hu_HU\" \/>\n<meta property=\"og:type\" content=\"article\" \/>\n<meta property=\"og:title\" content=\"Tennengau tartom\u00e1ny\" \/>\n<meta property=\"og:description\" content=\"NY\u00c1R TENNENGAUBAN Ak\u00e1r hegyvid\u00e9ki t\u00far\u00e1n, t\u00f3parti kikapcsol\u00f3d\u00e1son vagy hagyom\u00e1nyos \u00fcnnepekeken vesznek r\u00e9szt \u2013 a Tennengau felejthetetlenn\u00e9 var\u00e1zsolja a\" \/>\n<meta property=\"og:url\" content=\"https:\/\/www.salzburgerland.com\/hu\/tennengau-tartomany\/\" \/>\n<meta property=\"og:site_name\" content=\"SalzburgerLand.com\" \/>\n<meta property=\"article:publisher\" content=\"https:\/\/www.facebook.com\/visitsalzburgerland\/\" \/>\n<meta property=\"article:modified_time\" content=\"2026-04-03T18:02:40+00:00\" \/>\n<meta property=\"og:image\" content=\"https:\/\/www.salzburgerland.com\/hu\/wp-content\/uploads\/2025\/07\/rodeln-in-st--martin-gasteservice-tennengau-b-moser_-1-1200x675.jpg\" \/>\n\t<meta property=\"og:image:width\" content=\"1200\" \/>\n\t<meta property=\"og:image:height\" content=\"675\" \/>\n\t<meta property=\"og:image:type\" content=\"image\/jpeg\" \/>\n<meta name=\"twitter:card\" content=\"summary_large_image\" \/>\n<meta name=\"twitter:site\" content=\"@salzburgerland\" \/>\n<meta name=\"twitter:label1\" content=\"Becs\u00fclt olvas\u00e1si id\u0151\" \/>\n\t<meta name=\"twitter:data1\" content=\"10 perc\" \/>\n<script type=\"application\/ld+json\" class=\"yoast-schema-graph\">{\"@context\":\"https:\\\/\\\/schema.org\",\"@graph\":[{\"@type\":\"WebPage\",\"@id\":\"https:\\\/\\\/www.salzburgerland.com\\\/hu\\\/tennengau-tartomany\\\/\",\"url\":\"https:\\\/\\\/www.salzburgerland.com\\\/hu\\\/tennengau-tartomany\\\/\",\"name\":\"Tennengau tartom\u00e1ny \u00bb SalzburgerLand.com\",\"isPartOf\":{\"@id\":\"https:\\\/\\\/www.salzburgerland.com\\\/hu\\\/#website\"},\"primaryImageOfPage\":{\"@id\":\"https:\\\/\\\/www.salzburgerland.com\\\/hu\\\/tennengau-tartomany\\\/#primaryimage\"},\"image\":{\"@id\":\"https:\\\/\\\/www.salzburgerland.com\\\/hu\\\/tennengau-tartomany\\\/#primaryimage\"},\"thumbnailUrl\":\"https:\\\/\\\/www.salzburgerland.com\\\/hu\\\/wp-content\\\/uploads\\\/2025\\\/07\\\/rodeln-in-st--martin-gasteservice-tennengau-b-moser_-1.jpg\",\"datePublished\":\"2025-07-09T06:08:08+00:00\",\"dateModified\":\"2026-04-03T18:02:40+00:00\",\"inLanguage\":\"hu\",\"potentialAction\":[{\"@type\":\"ReadAction\",\"target\":[\"https:\\\/\\\/www.salzburgerland.com\\\/hu\\\/tennengau-tartomany\\\/\"]}]},{\"@type\":\"ImageObject\",\"inLanguage\":\"hu\",\"@id\":\"https:\\\/\\\/www.salzburgerland.com\\\/hu\\\/tennengau-tartomany\\\/#primaryimage\",\"url\":\"https:\\\/\\\/www.salzburgerland.com\\\/hu\\\/wp-content\\\/uploads\\\/2025\\\/07\\\/rodeln-in-st--martin-gasteservice-tennengau-b-moser_-1.jpg\",\"contentUrl\":\"https:\\\/\\\/www.salzburgerland.com\\\/hu\\\/wp-content\\\/uploads\\\/2025\\\/07\\\/rodeln-in-st--martin-gasteservice-tennengau-b-moser_-1.jpg\",\"width\":2560,\"height\":1707,\"caption\":\"Rodeln in St. Martin, \u00a9Ga\u0308steservice Tennengau, B.Moser.jpg\"},{\"@type\":\"WebSite\",\"@id\":\"https:\\\/\\\/www.salzburgerland.com\\\/hu\\\/#website\",\"url\":\"https:\\\/\\\/www.salzburgerland.com\\\/hu\\\/\",\"name\":\"SalzburgerLand.com\",\"description\":\"\u00dcd\u00fcl\u00e9s Ausztri\u00e1ban, Salzburg tartom\u00e1nyban\",\"potentialAction\":[{\"@type\":\"SearchAction\",\"target\":{\"@type\":\"EntryPoint\",\"urlTemplate\":\"https:\\\/\\\/www.salzburgerland.com\\\/hu\\\/?s={search_term_string}\"},\"query-input\":{\"@type\":\"PropertyValueSpecification\",\"valueRequired\":true,\"valueName\":\"search_term_string\"}}],\"inLanguage\":\"hu\"}]}<\/script>\n<!-- \/ Yoast SEO Premium plugin. -->","yoast_head_json":{"title":"Tennengau tartom\u00e1ny \u00bb SalzburgerLand.com","description":"A Salzburgt\u00f3l mind\u00f6ssze egy k\u0151haj\u00edt\u00e1snyira fekv\u0151 tizenn\u00e9gy telep\u00fcl\u00e9s alkotja egy\u00fctt a Tennengau r\u00e9gi\u00f3t.","robots":{"index":"index","follow":"follow","max-snippet":"max-snippet:-1","max-image-preview":"max-image-preview:large","max-video-preview":"max-video-preview:-1"},"canonical":"https:\/\/www.salzburgerland.com\/hu\/tennengau-tartomany\/","og_locale":"hu_HU","og_type":"article","og_title":"Tennengau tartom\u00e1ny","og_description":"NY\u00c1R TENNENGAUBAN Ak\u00e1r hegyvid\u00e9ki t\u00far\u00e1n, t\u00f3parti kikapcsol\u00f3d\u00e1son vagy hagyom\u00e1nyos \u00fcnnepekeken vesznek r\u00e9szt \u2013 a Tennengau felejthetetlenn\u00e9 var\u00e1zsolja a","og_url":"https:\/\/www.salzburgerland.com\/hu\/tennengau-tartomany\/","og_site_name":"SalzburgerLand.com","article_publisher":"https:\/\/www.facebook.com\/visitsalzburgerland\/","article_modified_time":"2026-04-03T18:02:40+00:00","og_image":[{"width":1200,"height":675,"url":"https:\/\/www.salzburgerland.com\/hu\/wp-content\/uploads\/2025\/07\/rodeln-in-st--martin-gasteservice-tennengau-b-moser_-1-1200x675.jpg","type":"image\/jpeg"}],"twitter_card":"summary_large_image","twitter_site":"@salzburgerland","twitter_misc":{"Becs\u00fclt olvas\u00e1si id\u0151":"10 perc"},"schema":{"@context":"https:\/\/schema.org","@graph":[{"@type":"WebPage","@id":"https:\/\/www.salzburgerland.com\/hu\/tennengau-tartomany\/","url":"https:\/\/www.salzburgerland.com\/hu\/tennengau-tartomany\/","name":"Tennengau tartom\u00e1ny \u00bb SalzburgerLand.com","isPartOf":{"@id":"https:\/\/www.salzburgerland.com\/hu\/#website"},"primaryImageOfPage":{"@id":"https:\/\/www.salzburgerland.com\/hu\/tennengau-tartomany\/#primaryimage"},"image":{"@id":"https:\/\/www.salzburgerland.com\/hu\/tennengau-tartomany\/#primaryimage"},"thumbnailUrl":"https:\/\/www.salzburgerland.com\/hu\/wp-content\/uploads\/2025\/07\/rodeln-in-st--martin-gasteservice-tennengau-b-moser_-1.jpg","datePublished":"2025-07-09T06:08:08+00:00","dateModified":"2026-04-03T18:02:40+00:00","inLanguage":"hu","potentialAction":[{"@type":"ReadAction","target":["https:\/\/www.salzburgerland.com\/hu\/tennengau-tartomany\/"]}]},{"@type":"ImageObject","inLanguage":"hu","@id":"https:\/\/www.salzburgerland.com\/hu\/tennengau-tartomany\/#primaryimage","url":"https:\/\/www.salzburgerland.com\/hu\/wp-content\/uploads\/2025\/07\/rodeln-in-st--martin-gasteservice-tennengau-b-moser_-1.jpg","contentUrl":"https:\/\/www.salzburgerland.com\/hu\/wp-content\/uploads\/2025\/07\/rodeln-in-st--martin-gasteservice-tennengau-b-moser_-1.jpg","width":2560,"height":1707,"caption":"Rodeln in St. Martin, \u00a9Ga\u0308steservice Tennengau, B.Moser.jpg"},{"@type":"WebSite","@id":"https:\/\/www.salzburgerland.com\/hu\/#website","url":"https:\/\/www.salzburgerland.com\/hu\/","name":"SalzburgerLand.com","description":"\u00dcd\u00fcl\u00e9s Ausztri\u00e1ban, Salzburg tartom\u00e1nyban","potentialAction":[{"@type":"SearchAction","target":{"@type":"EntryPoint","urlTemplate":"https:\/\/www.salzburgerland.com\/hu\/?s={search_term_string}"},"query-input":{"@type":"PropertyValueSpecification","valueRequired":true,"valueName":"search_term_string"}}],"inLanguage":"hu"}]}},"_wl_alt_label":[],"wl:entity_url":"http:\/\/open.salzburgerland.com\/hu\/entity\/tennengau-tartomany-23413","_links":{"self":[{"href":"https:\/\/www.salzburgerland.com\/hu\/wp-json\/wp\/v2\/entities\/23413","targetHints":{"allow":["GET"]}}],"collection":[{"href":"https:\/\/www.salzburgerland.com\/hu\/wp-json\/wp\/v2\/entities"}],"about":[{"href":"https:\/\/www.salzburgerland.com\/hu\/wp-json\/wp\/v2\/types\/entity"}],"author":[{"embeddable":true,"href":"https:\/\/www.salzburgerland.com\/hu\/wp-json\/wp\/v2\/users\/35"}],"replies":[{"embeddable":true,"href":"https:\/\/www.salzburgerland.com\/hu\/wp-json\/wp\/v2\/comments?post=23413"}],"version-history":[{"count":27,"href":"https:\/\/www.salzburgerland.com\/hu\/wp-json\/wp\/v2\/entities\/23413\/revisions"}],"predecessor-version":[{"id":23521,"href":"https:\/\/www.salzburgerland.com\/hu\/wp-json\/wp\/v2\/entities\/23413\/revisions\/23521"}],"wp:featuredmedia":[{"embeddable":true,"href":"https:\/\/www.salzburgerland.com\/hu\/wp-json\/wp\/v2\/media\/24040"}],"wp:attachment":[{"href":"https:\/\/www.salzburgerland.com\/hu\/wp-json\/wp\/v2\/media?parent=23413"}],"wp:term":[{"taxonomy":"category","embeddable":true,"href":"https:\/\/www.salzburgerland.com\/hu\/wp-json\/wp\/v2\/categories?post=23413"},{"taxonomy":"post_tag","embeddable":true,"href":"https:\/\/www.salzburgerland.com\/hu\/wp-json\/wp\/v2\/tags?post=23413"},{"taxonomy":"wl_entity_type","embeddable":true,"href":"https:\/\/www.salzburgerland.com\/hu\/wp-json\/wp\/v2\/wl_entity_type?post=23413"}],"curies":[{"name":"wp","href":"https:\/\/api.w.org\/{rel}","templated":true}]}}