{"id":15543,"date":"2022-04-27T11:39:13","date_gmt":"2022-04-27T09:39:13","guid":{"rendered":"https:\/\/www.salzburgerland.com\/hu\/?post_type=entity&#038;p=15543"},"modified":"2024-03-21T20:07:04","modified_gmt":"2024-03-21T19:07:04","slug":"salzburgi-sportvilag-kerekparozas","status":"publish","type":"entity","link":"https:\/\/www.salzburgerland.com\/hu\/salzburgi-sportvilag-kerekparozas\/","title":{"rendered":"Ker\u00e9kp\u00e1roz\u00e1s a Salzburgi Sportvil\u00e1gban"},"content":{"rendered":"<p>A Salzburgi Sportvil\u00e1gban nincs hi\u00e1ny izgalmas e-bring\u00e1s \u00fatic\u00e9lokban. A <strong>21 kijel\u00f6lt e-bringa \u00fatvonal<\/strong> bej\u00e1r\u00e1s\u00e1hoz helyben k\u00f6lcs\u00f6n\u00f6zhet\u00fcnk nagy teljes\u00edtm\u00e9ny\u0171, modern e-bring\u00e1t, ak\u00e1r trekking- vagy hegyibringa-v\u00e1ltozatban is. <strong>E-bring\u00e1val<\/strong> is megtehetj\u00fck a r\u00e9gi\u00f3ban vezet\u0151 <strong>Enns menti ker\u00e9kp\u00e1r\u00fat<\/strong> vagy a <a href=\"https:\/\/www.salzburgerland.com\/hu\/bringaturak-sietseg-nelkuel\/\" target=\"_blank\" rel=\"noopener noreferrer\"><strong>Tauern ker\u00e9kp\u00e1r\u00fat<\/strong><\/a> egy-egy szakasz\u00e1t.<\/p>\n<h2><strong>A Stoneman Taurista<\/strong><\/h2>\n<p>A <a href=\"https:\/\/www.salzburgersportwelt.com\/en\/summer\/stoneman-taurista.html\" target=\"_blank\" rel=\"noopener noreferrer\"><strong>Stoneman Taurista<\/strong><\/a> a leg\u00fajabb a n\u00e9gy eur\u00f3pai Stoneman \u00fatvonal k\u00f6z\u00f6tt. A salzburgi Pongau legszebb pontjain vezet v\u00e9gig, izgalmas single traileken, \u00e9s persze rengeteg h\u00fctte \u00e9rint\u00e9s\u00e9vel.<\/p>\n<p><iframe title=\"\u201eDas ist Mountainbiken\u201c \u2013 auf dem Stoneman Taurista\" width=\"500\" height=\"281\" src=\"https:\/\/www.youtube-nocookie.com\/embed\/h--MdOcsBxo?feature=oembed&amp;rel=0&amp;modestbranding=1\" frameborder=\"0\" allow=\"accelerometer; autoplay; clipboard-write; encrypted-media; gyroscope; picture-in-picture; web-share\" referrerpolicy=\"strict-origin-when-cross-origin\" allowfullscreen><\/iframe><\/p>\n<p>Nem verseny, hanem egy\u00e9ni kih\u00edv\u00e1s. A bring\u00e1s \u00f6nmaga el\u0151tt bizony\u00edt. <strong>J\u00fanius elej\u00e9t\u0151l szeptember v\u00e9g\u00e9ig<\/strong> lehet nekiv\u00e1gni, a kiindul\u00f3pont lehet <strong>Flachau, Wagrain-Kleinarl, Altenmarkt-Zauchensee, Radstadt<\/strong>, Forstau vagy Obertauern. Kell egy \u00fan. <strong>startcsomag<\/strong>, benne egy <strong>startk\u00e1rtya<\/strong>, amit a<strong> checkpoint-<\/strong>okn\u00e1l lehet \u00e9rv\u00e9nyes\u00edttetni. A startcsomag az idegenforgalmi irod\u00e1kn\u00e1l \u00e9s sz\u00e1ll\u00e1sad\u00f3 partnerekn\u00e9l kaphat\u00f3.<\/p>\n<div id=\"attachment_21471\" style=\"width: 1180px\" class=\"wp-caption alignnone\"><img decoding=\"async\" aria-describedby=\"caption-attachment-21471\" class=\"size-1170_658 wp-image-21471\" src=\"https:\/\/www.salzburgerland.com\/hu\/wp-content\/uploads\/2022\/04\/stoneman-taurista-c-stoneman-taurista-andreas-meyer-16-1170x658.jpg\" alt=\"Stoneman Taurista\" width=\"1170\" height=\"658\" srcset=\"https:\/\/www.salzburgerland.com\/hu\/wp-content\/uploads\/2022\/04\/stoneman-taurista-c-stoneman-taurista-andreas-meyer-16-1170x658.jpg 1170w, https:\/\/www.salzburgerland.com\/hu\/wp-content\/uploads\/2022\/04\/stoneman-taurista-c-stoneman-taurista-andreas-meyer-16-1200x675.jpg 1200w\" sizes=\"(max-width: 1170px) 100vw, 1170px\"><p id=\"caption-attachment-21471\" class=\"wp-caption-text\">Stoneman Taurista \u00a9 Stoneman Taurista, Andreas Meyer<\/p><\/div>\n<p>A Flachau fel\u0151l indul\u00f3k \u00fatja a Sattelbauer hegyi \u00e9tteremt\u0151l Flachaun \u00e1t Wagrainbe, a Hochgr\u00fcndeckhez vezet. Ezut\u00e1n az 1768 m\u00e9teres <strong>Rossbrand<\/strong> \u201emegm\u00e1sz\u00e1sa\u201c j\u00f6n, ami er\u0151nl\u00e9ti szempontb\u00f3l is, \u00f6sszpontos\u00edt\u00e1st illet\u0151en is meger\u0151ltet\u0151. Fentr\u0151l pomp\u00e1s panor\u00e1ma ny\u00edlik 150 hegyre, k\u00f6zt\u00fck a\u00a0 <strong>Dachstein<\/strong>re \u00e9s a <strong>Bischofsm\u00fctze<\/strong>-re. Flow trail k\u00f6vetkezik, majd r\u00f6vid pihen\u0151 a <a href=\"https:\/\/www.mandlberggut.com\/\" target=\"_blank\" rel=\"noopener noreferrer\"><strong>Mandlberggut<\/strong><\/a>n\u00e1l, ahol nem csak p\u00e1link\u00e1t, hanem \u00edzes ennival\u00f3t is k\u00edn\u00e1lnak. Kell az energia \u00e9s a kis pihen\u0151, mert hegymenet j\u00f6n, a <strong>Brandscharte<\/strong>-n \u00e1t <strong>Forstau<\/strong> fel\u00e9. Ez a szakasz a legbeleval\u00f3bb bikert is alaposan megizzasztja. Idilli \u00fat vezet ezut\u00e1n a <strong>Forstau-Winkl<\/strong> alpesi legel\u0151in \u00e1t, majd a <a href=\"http:\/\/www.voegeialm.at\/02_home\/home.html\" target=\"_blank\" rel=\"noopener noreferrer\"><strong>V\u00f6geialm<\/strong><\/a> legel\u0151t\u0151l ism\u00e9t meredek szerpentinen, fel az <strong><a href=\"http:\/\/www.oberhuette.at\/\" target=\"_blank\" rel=\"noopener noreferrer\">Oberh\u00fctte<\/a><\/strong>-hez. A t\u00e1j megint eg\u00e9szen m\u00e1s, a legel\u0151ket a krist\u00e1lytisza <strong>Oberh\u00fcttensee t\u00f3<\/strong> k\u00f6r\u00fcl emelked\u0151 mark\u00e1ns cs\u00facsok v\u00e1ltj\u00e1k fel. A <a href=\"https:\/\/www.salzburgersportwelt.com\/en\/summer\/stoneman-taurista.html\" target=\"_blank\" rel=\"noopener noreferrer\"><strong>Stoneman Taurista<\/strong><\/a> \u00fatvonal\u00e1t k\u00e9t nap alatt teljes\u00edt\u0151k t\u00f6bbs\u00e9ge itt \u00e9jszak\u00e1zik.<\/p>\n<div id=\"attachment_6924\" style=\"width: 1180px\" class=\"wp-caption alignnone\"><img decoding=\"async\" aria-describedby=\"caption-attachment-6924\" class=\"wp-image-6924 size-1170_658\" src=\"https:\/\/cdn.salzburgerland.com\/hu\/wp-content\/uploads\/2019\/04\/salzburgerland-tourismusdavid-schultheiss--1170x658.jpg\" alt=\"\" width=\"1170\" height=\"658\" srcset=\"https:\/\/www.salzburgerland.com\/hu\/wp-content\/uploads\/2019\/04\/salzburgerland-tourismusdavid-schultheiss--1170x658.jpg 1170w, https:\/\/www.salzburgerland.com\/hu\/wp-content\/uploads\/2019\/04\/salzburgerland-tourismusdavid-schultheiss--1200x675.jpg 1200w\" sizes=\"(max-width: 1170px) 100vw, 1170px\"><p id=\"caption-attachment-6924\" class=\"wp-caption-text\">Biciklisek a Stoneman Taurista \u00fatvonal\u00e1n \u00a9 David Schulthei\u00df<\/p><\/div>\n<p>Most k\u00f6vetkezik ugyanis a legizgalmasabb szakasz, <strong>a Tauern-hegys\u00e9gen \u00e1t<\/strong>. A trailek helyett itt-ott olyan az \u00fat, hogy <strong>musz\u00e1j tolni, net\u00e1n cipelni<\/strong> a bring\u00e1t. \u00a0A <strong>h\u00e1g\u00f3 2110 m\u00e9ter magasan<\/strong> van, ez egyben a k\u00f6rt\u00fara legmagasabb pontja is. A leereszked\u00e9s Obertauernbe komoly technikai tud\u00e1st k\u00edv\u00e1n. A f\u00e1radalmak jutalma a Johanneswasserfall, vagyis a <strong>J\u00e1nos-v\u00edzes\u00e9s<\/strong> l\u00e1tv\u00e1nya. A lez\u00fadul\u00f3 v\u00edzt\u00f6meg m\u00f6g\u00f6tt vezet\u0151 keskeny \u00fatr\u00f3l a v\u00edzf\u00fcgg\u00f6ny\u00f6n \u00e1t lehet megcsod\u00e1lni a panor\u00e1m\u00e1t. Mindezek ut\u00e1n Obertauernb\u0151l a <a href=\"https:\/\/www.gnadenalm.com\/\" target=\"_blank\" rel=\"noopener noreferrer\"><strong>Gnadenalm<\/strong><\/a> legel\u0151n \u00e1t Radstadtba visz le az \u00fat, onnan pedig Altenmarktba. Itt m\u00e9g egy utols\u00f3 emelked\u0151 j\u00f6n, a <a href=\"http:\/\/www.sattelbauer.at\/\" target=\"_blank\" rel=\"noopener noreferrer\"><strong>Sattelbauer<\/strong><\/a> hegyi \u00e9tteremig, ahova \u00e9rdemes bet\u00e9rni. Ezut\u00e1n m\u00e1r gyorsan lehet haladni a Flachauba vezet\u0151 \u00f6sv\u00e9nyeken, ahol a bring\u00e1sok \u00e1tvehetik az <strong>arany, ez\u00fcst, vagy bronz<\/strong> k\u00f6vet, aszerint, h\u00e1ny nap alatt teljes\u00edtett\u00e9k a t\u00far\u00e1t.<\/p>\n<div>\n<h2><span>\u00dcgyeljen a biztons\u00e1gra!<\/span><\/h2>\n<\/div>\n<div>\n<p><span>A ker\u00e9kp\u00e1roz\u00e1s biztons\u00e1gi el\u0151\u00edr\u00e1sai mellett \u00e9rdemes figyelmet ford\u00edtani az alpesi terepre vonatkoz\u00f3<span class=\"apple-converted-space\">\u00a0<\/span><\/span><a href=\"https:\/\/www.salzburgerland.com\/hu\/biztonsagi-eloirasok-az-alpokban-nyar\/\" target=\"_blank\" rel=\"noopener\"><strong><span>biztons\u00e1gi tan\u00e1csainkra<\/span><\/strong><\/a><span>\u00a0is.<\/span><\/p>\n<\/div>\n","protected":false},"excerpt":{"rendered":"<p>A Salzburgi Sportvil\u00e1gban nincs hi\u00e1ny izgalmas e-bring\u00e1s \u00fatic\u00e9lokban. A 21 kijel\u00f6lt e-bringa \u00fatvonal bej\u00e1r\u00e1s\u00e1hoz helyben k\u00f6lcs\u00f6n\u00f6zhet\u00fcnk nagy teljes\u00edtm\u00e9ny\u0171, modern e-bring\u00e1t, ak\u00e1r trekking- vagy hegyibringa-v\u00e1ltozatban is. E-bring\u00e1val is megtehetj\u00fck a r\u00e9gi\u00f3ban vezet\u0151 Enns menti ker\u00e9kp\u00e1r\u00fat vagy a Tauern ker\u00e9kp\u00e1r\u00fat egy-egy szakasz\u00e1t. A Stoneman Taurista A Stoneman Taurista a leg\u00fajabb a n\u00e9gy eur\u00f3pai Stoneman \u00fatvonal k\u00f6z\u00f6tt. A [&hellip;]<\/p>\n","protected":false},"author":21,"featured_media":11906,"comment_status":"closed","ping_status":"closed","template":"","meta":{"_acf_changed":false,"wl_entities_gutenberg":"","_relevanssi_hide_post":"","_relevanssi_hide_content":"","_relevanssi_pin_for_all":"","_relevanssi_pin_keywords":"","_relevanssi_unpin_keywords":"","_relevanssi_related_keywords":"","_relevanssi_related_include_ids":"","_relevanssi_related_exclude_ids":"","_relevanssi_related_no_append":"","_relevanssi_related_not_related":"","_relevanssi_related_posts":"","_relevanssi_noindex_reason":"","footnotes":""},"categories":[],"tags":[],"wl_entity_type":[2],"class_list":["post-15543","entity","type-entity","status-publish","has-post-thumbnail","hentry","wl_entity_type-thing","sitetype-theme"],"acf":[],"yoast_head":"<!-- This site is optimized with the Yoast SEO Premium plugin v27.4 (Yoast SEO v27.4) - https:\/\/yoast.com\/product\/yoast-seo-premium-wordpress\/ -->\n<title>Ker\u00e9kp\u00e1roz\u00e1s a Salzburgi Sportvil\u00e1gban \u00bb SalzburgerLand.com<\/title>\n<meta name=\"description\" content=\"%%cf_teasertext%% 700 km-nyi remek \u00fatvonal hegyi bring\u00e1z\u00e1shoz, laza bringat\u00far\u00e1k, nemzetk\u00f6zi rendezv\u00e9nyek.\" \/>\n<meta name=\"robots\" content=\"index, follow, max-snippet:-1, max-image-preview:large, max-video-preview:-1\" \/>\n<link rel=\"canonical\" href=\"https:\/\/www.salzburgerland.com\/hu\/salzburgi-sportvilag-kerekparozas\/\" \/>\n<meta property=\"og:locale\" content=\"hu_HU\" \/>\n<meta property=\"og:type\" content=\"article\" \/>\n<meta property=\"og:title\" content=\"Ker\u00e9kp\u00e1roz\u00e1s a Salzburgi Sportvil\u00e1gban\" \/>\n<meta property=\"og:description\" content=\"A Salzburgi Sportvil\u00e1gban nincs hi\u00e1ny izgalmas e-bring\u00e1s \u00fatic\u00e9lokban. A 21 kijel\u00f6lt e-bringa \u00fatvonal bej\u00e1r\u00e1s\u00e1hoz helyben k\u00f6lcs\u00f6n\u00f6zhet\u00fcnk nagy\" \/>\n<meta property=\"og:url\" content=\"https:\/\/www.salzburgerland.com\/hu\/salzburgi-sportvilag-kerekparozas\/\" \/>\n<meta property=\"og:site_name\" content=\"SalzburgerLand.com\" \/>\n<meta property=\"article:publisher\" content=\"https:\/\/www.facebook.com\/visitsalzburgerland\/\" \/>\n<meta property=\"article:modified_time\" content=\"2024-03-21T19:07:04+00:00\" \/>\n<meta property=\"og:image\" content=\"https:\/\/www.salzburgerland.com\/hu\/wp-content\/uploads\/2019\/04\/aussicht-hoch-zwei--salzburger-sportwelt-lorenz-masser-75-1200x675.jpg\" \/>\n\t<meta property=\"og:image:width\" content=\"1200\" \/>\n\t<meta property=\"og:image:height\" content=\"675\" \/>\n\t<meta property=\"og:image:type\" content=\"image\/jpeg\" \/>\n<meta name=\"twitter:card\" content=\"summary_large_image\" \/>\n<meta name=\"twitter:site\" content=\"@salzburgerland\" \/>\n<meta name=\"twitter:label1\" content=\"Becs\u00fclt olvas\u00e1si id\u0151\" \/>\n\t<meta name=\"twitter:data1\" content=\"4 perc\" \/>\n<script type=\"application\/ld+json\" class=\"yoast-schema-graph\">{\"@context\":\"https:\\\/\\\/schema.org\",\"@graph\":[{\"@type\":\"WebPage\",\"@id\":\"https:\\\/\\\/www.salzburgerland.com\\\/hu\\\/salzburgi-sportvilag-kerekparozas\\\/\",\"url\":\"https:\\\/\\\/www.salzburgerland.com\\\/hu\\\/salzburgi-sportvilag-kerekparozas\\\/\",\"name\":\"Ker\u00e9kp\u00e1roz\u00e1s a Salzburgi Sportvil\u00e1gban \u00bb SalzburgerLand.com\",\"isPartOf\":{\"@id\":\"https:\\\/\\\/www.salzburgerland.com\\\/hu\\\/#website\"},\"primaryImageOfPage\":{\"@id\":\"https:\\\/\\\/www.salzburgerland.com\\\/hu\\\/salzburgi-sportvilag-kerekparozas\\\/#primaryimage\"},\"image\":{\"@id\":\"https:\\\/\\\/www.salzburgerland.com\\\/hu\\\/salzburgi-sportvilag-kerekparozas\\\/#primaryimage\"},\"thumbnailUrl\":\"https:\\\/\\\/www.salzburgerland.com\\\/hu\\\/wp-content\\\/uploads\\\/2019\\\/04\\\/aussicht-hoch-zwei--salzburger-sportwelt-lorenz-masser-75-scaled.jpg\",\"datePublished\":\"2022-04-27T09:39:13+00:00\",\"dateModified\":\"2024-03-21T19:07:04+00:00\",\"description\":\"700 km-nyi remek \u00fatvonal hegyi bring\u00e1z\u00e1shoz, laza bringat\u00far\u00e1k, nemzetk\u00f6zi rendezv\u00e9nyek. 700 km-nyi remek \u00fatvonal hegyi bring\u00e1z\u00e1shoz, laza bringat\u00far\u00e1k, nemzetk\u00f6zi rendezv\u00e9nyek.\",\"inLanguage\":\"hu\",\"potentialAction\":[{\"@type\":\"ReadAction\",\"target\":[\"https:\\\/\\\/www.salzburgerland.com\\\/hu\\\/salzburgi-sportvilag-kerekparozas\\\/\"]}]},{\"@type\":\"ImageObject\",\"inLanguage\":\"hu\",\"@id\":\"https:\\\/\\\/www.salzburgerland.com\\\/hu\\\/salzburgi-sportvilag-kerekparozas\\\/#primaryimage\",\"url\":\"https:\\\/\\\/www.salzburgerland.com\\\/hu\\\/wp-content\\\/uploads\\\/2019\\\/04\\\/aussicht-hoch-zwei--salzburger-sportwelt-lorenz-masser-75-scaled.jpg\",\"contentUrl\":\"https:\\\/\\\/www.salzburgerland.com\\\/hu\\\/wp-content\\\/uploads\\\/2019\\\/04\\\/aussicht-hoch-zwei--salzburger-sportwelt-lorenz-masser-75-scaled.jpg\",\"width\":1920,\"height\":1277,\"caption\":\"P\u00e1ratlan panor\u00e1ma v\u00e1r a Salzburgi Sportvil\u00e1g t\u00fara\u00fatvonalai ment\u00e9n \u00a9 Salzburger Sportwelt, Lorenz Masser\"},{\"@type\":\"WebSite\",\"@id\":\"https:\\\/\\\/www.salzburgerland.com\\\/hu\\\/#website\",\"url\":\"https:\\\/\\\/www.salzburgerland.com\\\/hu\\\/\",\"name\":\"SalzburgerLand.com\",\"description\":\"\u00dcd\u00fcl\u00e9s Ausztri\u00e1ban, Salzburg tartom\u00e1nyban\",\"potentialAction\":[{\"@type\":\"SearchAction\",\"target\":{\"@type\":\"EntryPoint\",\"urlTemplate\":\"https:\\\/\\\/www.salzburgerland.com\\\/hu\\\/?s={search_term_string}\"},\"query-input\":{\"@type\":\"PropertyValueSpecification\",\"valueRequired\":true,\"valueName\":\"search_term_string\"}}],\"inLanguage\":\"hu\"}]}<\/script>\n<meta property=\"og:video\" content=\"https:\/\/www.youtube.com\/embed\/h--MdOcsBxo\" \/>\n<meta property=\"og:video:type\" content=\"text\/html\" \/>\n<meta property=\"og:video:duration\" content=\"179\" \/>\n<meta property=\"og:video:width\" content=\"480\" \/>\n<meta property=\"og:video:height\" content=\"270\" \/>\n<meta property=\"ya:ovs:adult\" content=\"false\" \/>\n<meta property=\"ya:ovs:upload_date\" content=\"2022-04-27T09:39:13+00:00\" \/>\n<meta property=\"ya:ovs:allow_embed\" content=\"true\" \/>\n<!-- \/ Yoast SEO Premium plugin. -->","yoast_head_json":{"title":"Ker\u00e9kp\u00e1roz\u00e1s a Salzburgi Sportvil\u00e1gban \u00bb SalzburgerLand.com","description":"%%cf_teasertext%% 700 km-nyi remek \u00fatvonal hegyi bring\u00e1z\u00e1shoz, laza bringat\u00far\u00e1k, nemzetk\u00f6zi rendezv\u00e9nyek.","robots":{"index":"index","follow":"follow","max-snippet":"max-snippet:-1","max-image-preview":"max-image-preview:large","max-video-preview":"max-video-preview:-1"},"canonical":"https:\/\/www.salzburgerland.com\/hu\/salzburgi-sportvilag-kerekparozas\/","og_locale":"hu_HU","og_type":"article","og_title":"Ker\u00e9kp\u00e1roz\u00e1s a Salzburgi Sportvil\u00e1gban","og_description":"A Salzburgi Sportvil\u00e1gban nincs hi\u00e1ny izgalmas e-bring\u00e1s \u00fatic\u00e9lokban. A 21 kijel\u00f6lt e-bringa \u00fatvonal bej\u00e1r\u00e1s\u00e1hoz helyben k\u00f6lcs\u00f6n\u00f6zhet\u00fcnk nagy","og_url":"https:\/\/www.salzburgerland.com\/hu\/salzburgi-sportvilag-kerekparozas\/","og_site_name":"SalzburgerLand.com","article_publisher":"https:\/\/www.facebook.com\/visitsalzburgerland\/","article_modified_time":"2024-03-21T19:07:04+00:00","og_image":[{"width":1200,"height":675,"url":"https:\/\/www.salzburgerland.com\/hu\/wp-content\/uploads\/2019\/04\/aussicht-hoch-zwei--salzburger-sportwelt-lorenz-masser-75-1200x675.jpg","type":"image\/jpeg"}],"twitter_card":"summary_large_image","twitter_site":"@salzburgerland","twitter_misc":{"Becs\u00fclt olvas\u00e1si id\u0151":"4 perc"},"schema":{"@context":"https:\/\/schema.org","@graph":[{"@type":"WebPage","@id":"https:\/\/www.salzburgerland.com\/hu\/salzburgi-sportvilag-kerekparozas\/","url":"https:\/\/www.salzburgerland.com\/hu\/salzburgi-sportvilag-kerekparozas\/","name":"Ker\u00e9kp\u00e1roz\u00e1s a Salzburgi Sportvil\u00e1gban \u00bb SalzburgerLand.com","isPartOf":{"@id":"https:\/\/www.salzburgerland.com\/hu\/#website"},"primaryImageOfPage":{"@id":"https:\/\/www.salzburgerland.com\/hu\/salzburgi-sportvilag-kerekparozas\/#primaryimage"},"image":{"@id":"https:\/\/www.salzburgerland.com\/hu\/salzburgi-sportvilag-kerekparozas\/#primaryimage"},"thumbnailUrl":"https:\/\/www.salzburgerland.com\/hu\/wp-content\/uploads\/2019\/04\/aussicht-hoch-zwei--salzburger-sportwelt-lorenz-masser-75-scaled.jpg","datePublished":"2022-04-27T09:39:13+00:00","dateModified":"2024-03-21T19:07:04+00:00","description":"700 km-nyi remek \u00fatvonal hegyi bring\u00e1z\u00e1shoz, laza bringat\u00far\u00e1k, nemzetk\u00f6zi rendezv\u00e9nyek. 700 km-nyi remek \u00fatvonal hegyi bring\u00e1z\u00e1shoz, laza bringat\u00far\u00e1k, nemzetk\u00f6zi rendezv\u00e9nyek.","inLanguage":"hu","potentialAction":[{"@type":"ReadAction","target":["https:\/\/www.salzburgerland.com\/hu\/salzburgi-sportvilag-kerekparozas\/"]}]},{"@type":"ImageObject","inLanguage":"hu","@id":"https:\/\/www.salzburgerland.com\/hu\/salzburgi-sportvilag-kerekparozas\/#primaryimage","url":"https:\/\/www.salzburgerland.com\/hu\/wp-content\/uploads\/2019\/04\/aussicht-hoch-zwei--salzburger-sportwelt-lorenz-masser-75-scaled.jpg","contentUrl":"https:\/\/www.salzburgerland.com\/hu\/wp-content\/uploads\/2019\/04\/aussicht-hoch-zwei--salzburger-sportwelt-lorenz-masser-75-scaled.jpg","width":1920,"height":1277,"caption":"P\u00e1ratlan panor\u00e1ma v\u00e1r a Salzburgi Sportvil\u00e1g t\u00fara\u00fatvonalai ment\u00e9n \u00a9 Salzburger Sportwelt, Lorenz Masser"},{"@type":"WebSite","@id":"https:\/\/www.salzburgerland.com\/hu\/#website","url":"https:\/\/www.salzburgerland.com\/hu\/","name":"SalzburgerLand.com","description":"\u00dcd\u00fcl\u00e9s Ausztri\u00e1ban, Salzburg tartom\u00e1nyban","potentialAction":[{"@type":"SearchAction","target":{"@type":"EntryPoint","urlTemplate":"https:\/\/www.salzburgerland.com\/hu\/?s={search_term_string}"},"query-input":{"@type":"PropertyValueSpecification","valueRequired":true,"valueName":"search_term_string"}}],"inLanguage":"hu"}]},"og_video":"https:\/\/www.youtube.com\/embed\/h--MdOcsBxo","og_video_type":"text\/html","og_video_duration":"179","og_video_width":"480","og_video_height":"270","ya_ovs_adult":"false","ya_ovs_upload_date":"2022-04-27T09:39:13+00:00","ya_ovs_allow_embed":"true"},"_wl_alt_label":[],"wl:entity_url":"http:\/\/open.salzburgerland.com\/hu\/entity\/salzburgi-sportvilag-kerekparozas-15543","_links":{"self":[{"href":"https:\/\/www.salzburgerland.com\/hu\/wp-json\/wp\/v2\/entities\/15543","targetHints":{"allow":["GET"]}}],"collection":[{"href":"https:\/\/www.salzburgerland.com\/hu\/wp-json\/wp\/v2\/entities"}],"about":[{"href":"https:\/\/www.salzburgerland.com\/hu\/wp-json\/wp\/v2\/types\/entity"}],"author":[{"embeddable":true,"href":"https:\/\/www.salzburgerland.com\/hu\/wp-json\/wp\/v2\/users\/21"}],"replies":[{"embeddable":true,"href":"https:\/\/www.salzburgerland.com\/hu\/wp-json\/wp\/v2\/comments?post=15543"}],"version-history":[{"count":5,"href":"https:\/\/www.salzburgerland.com\/hu\/wp-json\/wp\/v2\/entities\/15543\/revisions"}],"predecessor-version":[{"id":21473,"href":"https:\/\/www.salzburgerland.com\/hu\/wp-json\/wp\/v2\/entities\/15543\/revisions\/21473"}],"wp:featuredmedia":[{"embeddable":true,"href":"https:\/\/www.salzburgerland.com\/hu\/wp-json\/wp\/v2\/media\/11906"}],"wp:attachment":[{"href":"https:\/\/www.salzburgerland.com\/hu\/wp-json\/wp\/v2\/media?parent=15543"}],"wp:term":[{"taxonomy":"category","embeddable":true,"href":"https:\/\/www.salzburgerland.com\/hu\/wp-json\/wp\/v2\/categories?post=15543"},{"taxonomy":"post_tag","embeddable":true,"href":"https:\/\/www.salzburgerland.com\/hu\/wp-json\/wp\/v2\/tags?post=15543"},{"taxonomy":"wl_entity_type","embeddable":true,"href":"https:\/\/www.salzburgerland.com\/hu\/wp-json\/wp\/v2\/wl_entity_type?post=15543"}],"curies":[{"name":"wp","href":"https:\/\/api.w.org\/{rel}","templated":true}]}}