{"id":15527,"date":"2022-04-27T10:59:37","date_gmt":"2022-04-27T08:59:37","guid":{"rendered":"https:\/\/www.salzburgerland.com\/hu\/?post_type=entity&#038;p=15527"},"modified":"2024-03-21T20:14:06","modified_gmt":"2024-03-21T19:14:06","slug":"salzburgi-sportvilag-csaladi-udules","status":"publish","type":"entity","link":"https:\/\/www.salzburgerland.com\/hu\/salzburgi-sportvilag-csaladi-udules\/","title":{"rendered":"Csal\u00e1di \u00fcd\u00fcl\u00e9s a Salzburgi Sportvil\u00e1gban"},"content":{"rendered":"<h2>Alles Alm \u2013 t\u00fara\u00e9lm\u00e9ny az eg\u00e9sz csal\u00e1dnak a Gnadenalmon<\/h2>\n<p>A tengerszint felett <strong>1275 m\u00e9ter magasan<\/strong> fekv\u0151 <a href=\"https:\/\/www.radstadt.com\/en\/holidays\/hiking-salzburg\/alles-alm-family-hiking-fun\/\" target=\"_blank\" rel=\"noopener\"><strong>Gnadenalm<\/strong><\/a> alpesi r\u00e9tjei a Radstadti Tauern impoz\u00e1ns h\u00e1tter\u00e9be simulnak. A t\u00e1gas r\u00e9tek, a fest\u0151i erd\u0151k \u00e9s az \u00e9rintetlen t\u00e1j t\u00f6k\u00e9letes helysz\u00ednt biztos\u00edtanak egy k\u00fcl\u00f6nleges csal\u00e1di t\u00far\u00e1hoz. A <strong>t\u00fara\u00fatvonal babakocsival is j\u00e1rhat\u00f3<\/strong>, m\u00edg a nagyobbak egyens\u00falyozhatnak az \u00e1llom\u00e1sokon elhelyezett j\u00e1t\u00e9kokon, vagy megl\u00e1togathatj\u00e1k a <strong>mormotacsal\u00e1dot<\/strong> a mormota od\u00faban, \u00e9s pr\u00f3b\u00e1ra tehetik \u00fcgyess\u00e9g\u00fcket az <strong>alpesi v\u00edzi j\u00e1tsz\u00f3t\u00e9ren<\/strong> \u00e9s m\u00e9g sok m\u00e1s \u00e9rdekess\u00e9g. A tematikus \u00e1llom\u00e1sok \u00e9rdekes \u00e9s izgalmas r\u00e9szleteket mes\u00e9lnek a hegyi legel\u0151n zajl\u00f3 \u00e9letr\u0151l. A hatalmas <strong>Johannes-v\u00edzes\u00e9s<\/strong> is mindenk\u00e9ppen meg\u00e9r egy l\u00e1togat\u00e1st, \u00e9s m\u00e9g a kulissz\u00e1k m\u00f6g\u00e9 is bepillant\u00e1st enged. A Gnadenalm mind\u00f6ssze 15 perces aut\u00f3\u00fatra van Radstadtt\u00f3l.<\/p>\n<div id=\"attachment_21457\" style=\"width: 1180px\" class=\"wp-caption alignnone\"><img decoding=\"async\" aria-describedby=\"caption-attachment-21457\" class=\"size-1170_658 wp-image-21457\" src=\"https:\/\/www.salzburgerland.com\/hu\/wp-content\/uploads\/2022\/04\/kinderwanderweg_allesalm_gnadenalm_radstadt_rohrbacher20_12-1170x658.jpg\" alt=\"Alles Alm csal\u00e1di t\u00fara\u00f6sv\u00e9ny a Gnadenalmon\" width=\"1170\" height=\"658\" srcset=\"https:\/\/www.salzburgerland.com\/hu\/wp-content\/uploads\/2022\/04\/kinderwanderweg_allesalm_gnadenalm_radstadt_rohrbacher20_12-1170x658.jpg 1170w, https:\/\/www.salzburgerland.com\/hu\/wp-content\/uploads\/2022\/04\/kinderwanderweg_allesalm_gnadenalm_radstadt_rohrbacher20_12-1200x675.jpg 1200w\" sizes=\"(max-width: 1170px) 100vw, 1170px\"><p id=\"caption-attachment-21457\" class=\"wp-caption-text\">Alles Alm csal\u00e1di t\u00fara\u00f6sv\u00e9ny a Gnadenalmon \u00a9 Salzburger Sportwelt, Markus Rohrbacher<\/p><\/div>\n<h2>FILZ &amp; MORE k\u00e9pes tan\u00f6sv\u00e9ny a Rossbrand-on<\/h2>\n<p>A k\u00e9pes tan\u00f6sv\u00e9ny a <strong>Papageno kabinos felvon\u00f3<\/strong> hegyi \u00e1llom\u00e1s\u00e1n\u00e1l kezd\u0151dik, egy kis, kb. 600 m\u00e9ter hossz\u00fa hurokban vezet az erd\u0151n kereszt\u00fcl, \u00e9s a FILZ &amp; MOOR j\u00e1tsz\u00f3t\u00e9ren \u00e9r v\u00e9get, a Sch\u00f6rgi Alm alatt. A <a href=\"https:\/\/www.filzmoos.at\/de\/entdecken\/filz-moor-naturparadies-rossbrand.html\" target=\"_blank\" rel=\"noopener\"><strong>FILZ &amp; MOOR k\u00e9pes tan\u00f6sv\u00e9ny<\/strong><\/a> egy term\u00e9szeti \u00e9lm\u00e9ny, term\u00e9szeti laborat\u00f3rium \u00e9s term\u00e9szetv\u00e9delmi projekt, amely gyermekeknek sz\u00f3l\u00f3 kaland\u00e1llom\u00e1sokkal tark\u00edtott, \u00e9s lehet\u0151v\u00e9 teszi a gyermekek \u00e9s csal\u00e1dok sz\u00e1m\u00e1ra, hogy elmer\u00fcljenek a l\u00e1pok titokzatos vil\u00e1g\u00e1ban. A <strong>t\u00fara\u00fat \u00e9s a j\u00e1tsz\u00f3park<\/strong> egy\u00fctt egy nagyszer\u0171 csal\u00e1di program a <strong>Rossbrand-on<\/strong>.<\/p>\n<div id=\"attachment_21458\" style=\"width: 1180px\" class=\"wp-caption alignnone\"><img decoding=\"async\" aria-describedby=\"caption-attachment-21458\" class=\"size-1170_658 wp-image-21458\" src=\"https:\/\/www.salzburgerland.com\/hu\/wp-content\/uploads\/2022\/04\/bilderbuchrunde_rossbrand_filzmoos_angelajager-1170x658.jpg\" alt=\"A FILZ &amp; MOOR k\u00e9pes tan\u00f6sv\u00e9ny \u00fatvonal\u00e1n \" width=\"1170\" height=\"658\" srcset=\"https:\/\/www.salzburgerland.com\/hu\/wp-content\/uploads\/2022\/04\/bilderbuchrunde_rossbrand_filzmoos_angelajager-1170x658.jpg 1170w, https:\/\/www.salzburgerland.com\/hu\/wp-content\/uploads\/2022\/04\/bilderbuchrunde_rossbrand_filzmoos_angelajager-1200x675.jpg 1200w\" sizes=\"(max-width: 1170px) 100vw, 1170px\"><p id=\"caption-attachment-21458\" class=\"wp-caption-text\">A FILZ &amp; MOOR k\u00e9pes tan\u00f6sv\u00e9ny \u00fatvonal\u00e1n \u00a9 TVB Filzmoos<\/p><\/div>\n<h2>Csal\u00e1di \u00e9lm\u00e9nyhegyek a Salzburgi Sportvil\u00e1gban<\/h2>\n<h4>Wagraini\u2019s Grafenberg csal\u00e1di \u00e9lm\u00e9nyvil\u00e1g<\/h4>\n<p>A <strong>Wagraini\u00b4s Grafenberg csal\u00e1di \u00e9lm\u00e9nyvil\u00e1gban<\/strong>\u00a0a hegyi meg\u00e1ll\u00f3t\u00f3l indulva kalandos \u00e1llom\u00e1sokat j\u00e1rhatunk v\u00e9gig, a\u00a0gyerekek nagy \u00f6r\u00f6m\u00e9re. <strong>V\u00edzi sz\u00f3rakoz\u00e1s<\/strong> a Grafenbergsee tav\u00e1n \u00e9s k\u00f6rny\u00e9k\u00e9n, <strong>sportos kih\u00edv\u00e1sok<\/strong> a m\u00e1sz\u00f3falakon \u00e9s a k\u00f6t\u00e9lp\u00e1ly\u00e1kon: Wagraini\u2019s Grafenberg \u00e9lm\u00e9nyvil\u00e1ga az eg\u00e9sz csal\u00e1d sz\u00e1m\u00e1ra nagyszer\u0171 <strong>kaland<\/strong>, meg\u00e9ri ell\u00e1togatni ide. El\u0151tte \u00e9rdemes az \u00e9lm\u00e9nyvil\u00e1g <strong><a href=\"https:\/\/www.wagrain-kleinarl.at\/en\/family-vacation\/wagrainis-grafenberg\" target=\"_blank\" rel=\"noopener\">hivatalos honlapj\u00e1n<\/a><\/strong> t\u00e1j\u00e9koz\u00f3dni.<\/p>\n\n\t\t\t<div id=\"15527-1\" class=\"gallery gallery-15527 gallery-columns-3 gallery-size-1170_658\" itemscope itemtype=\"http:\/\/schema.org\/ImageGallery\">\n\t\t\t\t<ul class=\"gallery-row gallery-col-3 gallery-clear\">\n\t\t\t\t\t<li class=\"gallery-item col-3\" itemprop=\"associatedMedia\" itemscope itemtype=\"http:\/\/schema.org\/ImageObject\">\n\t\t\t\t\t\t<div class=\"gallery-icon landscape\"><a href=\"https:\/\/www.salzburgerland.com\/hu\/wp-content\/uploads\/2019\/04\/wagraini_kuhbidu_erlebnisweltsnow-space-salzburg-20.jpg\" title=\"Wagraini_KUHbidu_Erlebniswelt\u00a9Snow Space Salzburg 20\"><img decoding=\"async\" data-title=\"Wagraini's Grafenberg csal\u00e1di \u00e9lm\u00e9nyvil\u00e1g \u00a9 SalzburgerLand Tourismus\" title=\"Wagraini's Grafenberg csal\u00e1di \u00e9lm\u00e9nyvil\u00e1g \u00a9 SalzburgerLand Tourismus\" data-caption=\"Wagraini's Grafenberg csal\u00e1di \u00e9lm\u00e9nyvil\u00e1g \u00a9 SalzburgerLand Tourismus\" width=\"1170\" height=\"658\" src=\"https:\/\/www.salzburgerland.com\/hu\/wp-content\/uploads\/2019\/04\/wagraini_kuhbidu_erlebnisweltsnow-space-salzburg-20-1170x658.jpg\" class=\"attachment-1170_658 size-1170_658\" alt=\"Wagraini's Grafenberg (Nagy\u00edtott n\u00e9zet)\" srcset=\"https:\/\/www.salzburgerland.com\/hu\/wp-content\/uploads\/2019\/04\/wagraini_kuhbidu_erlebnisweltsnow-space-salzburg-20-1170x658.jpg 1170w, https:\/\/www.salzburgerland.com\/hu\/wp-content\/uploads\/2019\/04\/wagraini_kuhbidu_erlebnisweltsnow-space-salzburg-20-1200x675.jpg 1200w\" sizes=\"(max-width: 1170px) 100vw, 1170px\" aria-describedby=\"figcaption-15527-13159\" itemprop=\"thumbnail\"><\/a><\/div>\n\t\t\t\t\t\t<span id=\"figcaption-15527-13159\" class=\"gallery-caption\" itemprop=\"caption\"><span aria-hidden=\"true\">Wagraini\u2019s Grafenberg csal\u00e1di \u00e9lm\u00e9nyvil\u00e1g \u00a9 SalzburgerLand Tourismus<\/span><\/span>\n\t\t\t\t\t<\/li>\n\t\t\t\t\t<li class=\"gallery-item col-3\" itemprop=\"associatedMedia\" itemscope itemtype=\"http:\/\/schema.org\/ImageObject\">\n\t\t\t\t\t\t<div class=\"gallery-icon landscape\"><a href=\"https:\/\/www.salzburgerland.com\/hu\/wp-content\/uploads\/2019\/04\/wagrainis-kindererlebnisberg4snow-space-salzzbur_christian-schartner-1920x1067.jpg\" title=\"Kaland az eg\u00e9sz csal\u00e1d sz\u00e1m\u00e1ra Wagraini's \u00e9lm\u00e9nyvil\u00e1ga\"><img decoding=\"async\" data-title=\"Kaland az eg\u00e9sz csal\u00e1d sz\u00e1m\u00e1ra Wagraini's \u00e9lm\u00e9nyvil\u00e1ga \u00a9 SalzburgerLand Tourismus, Christian Schartner\" title=\"Kaland az eg\u00e9sz csal\u00e1d sz\u00e1m\u00e1ra Wagraini's \u00e9lm\u00e9nyvil\u00e1ga \u00a9 SalzburgerLand Tourismus, Christian Schartner\" data-caption=\"Kaland az eg\u00e9sz csal\u00e1d sz\u00e1m\u00e1ra Wagraini's \u00e9lm\u00e9nyvil\u00e1ga \u00a9 SalzburgerLand Tourismus, Christian Schartner\" width=\"1170\" height=\"658\" src=\"https:\/\/www.salzburgerland.com\/hu\/wp-content\/uploads\/2019\/04\/wagrainis-kindererlebnisberg4snow-space-salzzbur_christian-schartner-1170x658.jpg\" class=\"attachment-1170_658 size-1170_658\" alt=\"Kaland az eg\u00e9sz csal\u00e1d sz\u00e1m\u00e1ra Wagraini's \u00e9lm\u00e9nyvil\u00e1ga (Nagy\u00edtott n\u00e9zet)\" srcset=\"https:\/\/www.salzburgerland.com\/hu\/wp-content\/uploads\/2019\/04\/wagrainis-kindererlebnisberg4snow-space-salzzbur_christian-schartner-1170x658.jpg 1170w, https:\/\/www.salzburgerland.com\/hu\/wp-content\/uploads\/2019\/04\/wagrainis-kindererlebnisberg4snow-space-salzzbur_christian-schartner-1200x675.jpg 1200w\" sizes=\"(max-width: 1170px) 100vw, 1170px\" aria-describedby=\"figcaption-15527-13165\" itemprop=\"thumbnail\"><\/a><\/div>\n\t\t\t\t\t\t<span id=\"figcaption-15527-13165\" class=\"gallery-caption\" itemprop=\"caption\"><span aria-hidden=\"true\">Kaland az eg\u00e9sz csal\u00e1d sz\u00e1m\u00e1ra Wagraini\u2019s \u00e9lm\u00e9nyvil\u00e1ga \u00a9 SalzburgerLand Tourismus, Christian Schartner<\/span><\/span>\n\t\t\t\t\t<\/li>\n\t\t\t\t\t<li class=\"gallery-item col-3\" itemprop=\"associatedMedia\" itemscope itemtype=\"http:\/\/schema.org\/ImageObject\">\n\t\t\t\t\t\t<div class=\"gallery-icon landscape\"><a href=\"https:\/\/www.salzburgerland.com\/hu\/wp-content\/uploads\/2019\/04\/wagrainis-kindererlebnisberg2snow-space-salzzbur_christian-schartner-1920x1067.jpg\" title=\"Wagrainis Kindererlebnisberg2\u00a9Snow Space Salzzbur_Christian Schartner\"><img decoding=\"async\" data-title=\"F\u00fcgg\u0151h\u00edd a Wagraini's Grafenberg csal\u00e1di \u00e9lm\u00e9nyvil\u00e1gban \u00a9 SalzburgerLand Tourismus, Christian Schartner\" title=\"F\u00fcgg\u0151h\u00edd a Wagraini's Grafenberg csal\u00e1di \u00e9lm\u00e9nyvil\u00e1gban \u00a9 SalzburgerLand Tourismus, Christian Schartner\" data-caption=\"F\u00fcgg\u0151h\u00edd a Wagraini's Grafenberg csal\u00e1di \u00e9lm\u00e9nyvil\u00e1gban \u00a9 SalzburgerLand Tourismus, Christian Schartner\" width=\"1170\" height=\"658\" src=\"https:\/\/www.salzburgerland.com\/hu\/wp-content\/uploads\/2019\/04\/wagrainis-kindererlebnisberg2snow-space-salzzbur_christian-schartner-1170x658.jpg\" class=\"attachment-1170_658 size-1170_658\" alt=\"Wagrainis Kindererlebnisberg, Wagraini's Grafenberg csal\u00e1di \u00e9lm\u00e9nyvil\u00e1g (Nagy\u00edtott n\u00e9zet)\" srcset=\"https:\/\/www.salzburgerland.com\/hu\/wp-content\/uploads\/2019\/04\/wagrainis-kindererlebnisberg2snow-space-salzzbur_christian-schartner-1170x658.jpg 1170w, https:\/\/www.salzburgerland.com\/hu\/wp-content\/uploads\/2019\/04\/wagrainis-kindererlebnisberg2snow-space-salzzbur_christian-schartner-1200x675.jpg 1200w\" sizes=\"(max-width: 1170px) 100vw, 1170px\" aria-describedby=\"figcaption-15527-13161\" itemprop=\"thumbnail\"><\/a><\/div>\n\t\t\t\t\t\t<span id=\"figcaption-15527-13161\" class=\"gallery-caption\" itemprop=\"caption\"><span aria-hidden=\"true\">F\u00fcgg\u0151h\u00edd a Wagraini\u2019s Grafenberg csal\u00e1di \u00e9lm\u00e9nyvil\u00e1gban \u00a9 SalzburgerLand Tourismus, Christian Schartner<\/span><\/span>\n\t\t\t\t\t<\/li>\n\t\t\t\t<\/ul>\n\t\t\t<\/div><!-- .gallery -->\n\n<h4><strong>A Geisterberg \u00e9lm\u00e9nyhegy St. Johannban<\/strong><\/h4>\n<p>A St. Johann-hoz tartoz\u00f3\u00a0<strong>Alpendorf<\/strong>\u00a0nagy attrakci\u00f3ja a Gernkogel\u00a0hegyi\u00a0<strong>Geisterberg \u00e9lm\u00e9nypark<\/strong>. A felvon\u00f3\u00a0hegyi\u00e1llom\u00e1s\u00e1t\u00f3l r\u00f6vid gyalog\u00fat ut\u00e1n a <strong>Geisterzug szellemvonattal<\/strong> juthatunk el a V\u00edz, a F\u00f6ld, a Leveg\u0151 \u00e9s a T\u0171z szellem\u00e9nek vil\u00e1g\u00e1ba.\u00a0Az utak nagy r\u00e9sz\u00e9t babakocsit tolva is be lehet j\u00e1rni. Az \u00e9lm\u00e9nyvil\u00e1gban minden van, ami a gyerekek kedv\u00e9re val\u00f3: <strong>szellemkast\u00e9ly<\/strong>, man\u00f3k,\u00a0tutaj\u00a0a szellemek tav\u00e1n, m\u00e1sz\u00f3k\u00e1k \u00e9s hint\u00e1k.\u00a0Feln\u0151tteknek nagyszer\u0171 <strong>t\u00fara- \u00e9s term\u00e9szeti \u00e9lm\u00e9ny<\/strong> \u00e9s persze pomp\u00e1s\u00a0panor\u00e1m\u00e1k. B\u0151vebb inform\u00e1ci\u00f3t tal\u00e1l a <a href=\"https:\/\/www.snow-space.com\/en\/summer\/adventure-mountain\/geisterberg-alpendorf\" target=\"_blank\" rel=\"noopener\"><strong>Geisterberg \u00e9lm\u00e9nyhegy honlapj\u00e1n<\/strong><\/a>.<\/p>\n\n\t\t\t<div id=\"15527-2\" class=\"gallery gallery-15527 gallery-columns-3 gallery-size-1170_658\" itemscope itemtype=\"http:\/\/schema.org\/ImageGallery\">\n\t\t\t\t<ul class=\"gallery-row gallery-col-3 gallery-clear\">\n\t\t\t\t\t<li class=\"gallery-item col-3\" itemprop=\"associatedMedia\" itemscope itemtype=\"http:\/\/schema.org\/ImageObject\">\n\t\t\t\t\t\t<div class=\"gallery-icon landscape\"><a href=\"https:\/\/www.salzburgerland.com\/hu\/wp-content\/uploads\/2019\/04\/sommer_geisterberg__sanktjohann-com-mirjageh_2018-2-1920x1067.jpg\" title=\"Sommer_Geisterberg_\u00a9_sanktjohann.com-MirjaGeh_2018 (2)\"><img decoding=\"async\" data-title=\"A Geisterberg \u00e9lm\u00e9nyhegyen minden van, ami a gyerekek kedv\u00e9re val\u00f3. \u00a9 www.MirjaGeh.com\" title=\"A Geisterberg \u00e9lm\u00e9nyhegyen minden van, ami a gyerekek kedv\u00e9re val\u00f3. \u00a9 www.MirjaGeh.com\" data-caption=\"A Geisterberg \u00e9lm\u00e9nyhegyen minden van, ami a gyerekek kedv\u00e9re val\u00f3. \u00a9 www.MirjaGeh.com\" width=\"1170\" height=\"658\" src=\"https:\/\/www.salzburgerland.com\/hu\/wp-content\/uploads\/2019\/04\/sommer_geisterberg__sanktjohann-com-mirjageh_2018-2-1170x658.jpg\" class=\"attachment-1170_658 size-1170_658\" alt=\"Sommer_Geisterberg (Nagy\u00edtott n\u00e9zet)\" srcset=\"https:\/\/www.salzburgerland.com\/hu\/wp-content\/uploads\/2019\/04\/sommer_geisterberg__sanktjohann-com-mirjageh_2018-2-1170x658.jpg 1170w, https:\/\/www.salzburgerland.com\/hu\/wp-content\/uploads\/2019\/04\/sommer_geisterberg__sanktjohann-com-mirjageh_2018-2-1200x675.jpg 1200w\" sizes=\"(max-width: 1170px) 100vw, 1170px\" aria-describedby=\"figcaption-15527-13167\" itemprop=\"thumbnail\"><\/a><\/div>\n\t\t\t\t\t\t<span id=\"figcaption-15527-13167\" class=\"gallery-caption\" itemprop=\"caption\"><span aria-hidden=\"true\">A Geisterberg \u00e9lm\u00e9nyhegyen minden van, ami a gyerekek kedv\u00e9re val\u00f3. \u00a9 www.MirjaGeh.com<\/span><\/span>\n\t\t\t\t\t<\/li>\n\t\t\t\t\t<li class=\"gallery-item col-3\" itemprop=\"associatedMedia\" itemscope itemtype=\"http:\/\/schema.org\/ImageObject\">\n\t\t\t\t\t\t<div class=\"gallery-icon landscape\"><a href=\"https:\/\/www.salzburgerland.com\/hu\/wp-content\/uploads\/2019\/04\/sommer_geisterberg__sanktjohann-com-mirjageh_2018-6-1920x1067.jpg\" title=\"Sommer_Geisterberg_\u00a9_sanktjohann.com-MirjaGeh_2018 (6)\"><img decoding=\"async\" data-title=\"Tutajoz\u00e1s a szellemek tav\u00e1n a Geisterberg \u00e9lm\u00e9nyhegyen \u00a9 www.MirjaGeh.com\" title=\"Tutajoz\u00e1s a szellemek tav\u00e1n a Geisterberg \u00e9lm\u00e9nyhegyen \u00a9 www.MirjaGeh.com\" data-caption=\"Tutajoz\u00e1s a szellemek tav\u00e1n a Geisterberg \u00e9lm\u00e9nyhegyen \u00a9 www.MirjaGeh.com\" width=\"1170\" height=\"658\" src=\"https:\/\/www.salzburgerland.com\/hu\/wp-content\/uploads\/2019\/04\/sommer_geisterberg__sanktjohann-com-mirjageh_2018-6-1170x658.jpg\" class=\"attachment-1170_658 size-1170_658\" alt=\"Geisterberg, Tutajoz\u00e1s a szellemek tav\u00e1n a Geisterberg \u00e9lm\u00e9nyhegyen (Nagy\u00edtott n\u00e9zet)\" srcset=\"https:\/\/www.salzburgerland.com\/hu\/wp-content\/uploads\/2019\/04\/sommer_geisterberg__sanktjohann-com-mirjageh_2018-6-1170x658.jpg 1170w, https:\/\/www.salzburgerland.com\/hu\/wp-content\/uploads\/2019\/04\/sommer_geisterberg__sanktjohann-com-mirjageh_2018-6-1200x675.jpg 1200w\" sizes=\"(max-width: 1170px) 100vw, 1170px\" aria-describedby=\"figcaption-15527-13168\" itemprop=\"thumbnail\"><\/a><\/div>\n\t\t\t\t\t\t<span id=\"figcaption-15527-13168\" class=\"gallery-caption\" itemprop=\"caption\"><span aria-hidden=\"true\">Tutajoz\u00e1s a szellemek tav\u00e1n a Geisterberg \u00e9lm\u00e9nyhegyen \u00a9 www.MirjaGeh.com<\/span><\/span>\n\t\t\t\t\t<\/li>\n\t\t\t\t\t<li class=\"gallery-item col-3\" itemprop=\"associatedMedia\" itemscope itemtype=\"http:\/\/schema.org\/ImageObject\">\n\t\t\t\t\t\t<div class=\"gallery-icon landscape\"><a href=\"https:\/\/www.salzburgerland.com\/hu\/wp-content\/uploads\/2019\/04\/geisterberg-st--johann_drachisklettersteig_snowspacesalzburg_christophhuber-35.jpg\" title=\"Geisterberg St. Johann_Drachisklettersteig_\u00a9SnowSpaceSalzburg_ChristophHuber-35\"><img decoding=\"async\" data-title=\"A m\u00e1sz\u00f3falon teljes biztons\u00e1gban \u00e9lhetik \u00e1t a nagy kalandot a gyerekek. \u00a9 SnowSpaceSalzburg, Christoph Huber\" title=\"A m\u00e1sz\u00f3falon teljes biztons\u00e1gban \u00e9lhetik \u00e1t a nagy kalandot a gyerekek. \u00a9 SnowSpaceSalzburg, Christoph Huber\" data-caption=\"A m\u00e1sz\u00f3falon teljes biztons\u00e1gban \u00e9lhetik \u00e1t a nagy kalandot a gyerekek. \u00a9 SnowSpaceSalzburg, Christoph Huber\" width=\"1170\" height=\"658\" src=\"https:\/\/www.salzburgerland.com\/hu\/wp-content\/uploads\/2019\/04\/geisterberg-st--johann_drachisklettersteig_snowspacesalzburg_christophhuber-35-1170x658.jpg\" class=\"attachment-1170_658 size-1170_658\" alt=\"Geisterberg St. Johann (Nagy\u00edtott n\u00e9zet)\" srcset=\"https:\/\/www.salzburgerland.com\/hu\/wp-content\/uploads\/2019\/04\/geisterberg-st--johann_drachisklettersteig_snowspacesalzburg_christophhuber-35-1170x658.jpg 1170w, https:\/\/www.salzburgerland.com\/hu\/wp-content\/uploads\/2019\/04\/geisterberg-st--johann_drachisklettersteig_snowspacesalzburg_christophhuber-35-1200x675.jpg 1200w\" sizes=\"(max-width: 1170px) 100vw, 1170px\" aria-describedby=\"figcaption-15527-13166\" itemprop=\"thumbnail\"><\/a><\/div>\n\t\t\t\t\t\t<span id=\"figcaption-15527-13166\" class=\"gallery-caption\" itemprop=\"caption\"><span aria-hidden=\"true\">A m\u00e1sz\u00f3falon teljes biztons\u00e1gban \u00e9lhetik \u00e1t a nagy kalandot a gyerekek. \u00a9 SnowSpaceSalzburg, Christoph Huber<\/span><\/span>\n\t\t\t\t\t<\/li>\n\t\t\t\t<\/ul>\n\t\t\t<\/div><!-- .gallery -->\n\n<h4>Gamskogel \u00e9lm\u00e9nyhegy \u2013 Meistercup der Alpentiere kalandj\u00e1tsz\u00f3t\u00e9r<\/h4>\n<p>Gy\u00f6ny\u00f6r\u0171 k\u00f6rnyezetben, a\u00a0<strong>Gamskogelh\u00fctte<\/strong> k\u00f6rny\u00e9k\u00e9n\u00a0cs\u00e1b\u00edt mindenkit sportos sz\u00f3rakoz\u00e1sra az <strong>\u00c1llatok Vil\u00e1gkup\u00e1ja (Meistercup der Alpentiere)\u00a0kalandj\u00e1tsz\u00f3t\u00e9r Zauchensee-ben.<\/strong>\u00a0Versenybe kell sz\u00e1llnunk az Alpok \u00e1llataival a k\u00fcl\u00f6nb\u00f6z\u0151 sport\u00e1gakban, \u00fagymint az <strong>ugr\u00e1s<\/strong>, a <strong>m\u00e1sz\u00e1s<\/strong>, az <strong>egyens\u00falyoz\u00e1s<\/strong> \u00e9s <strong>s\u00falyemel\u00e9s<\/strong>. A m\u00e9hek, a hangy\u00e1k \u00e9s a nyulak tartoznak a sportos kih\u00edv\u00f3k k\u00f6z\u00e9. Az <strong>1900 m\u00e9teren<\/strong> fekv\u0151 j\u00e1tsz\u00f3t\u00e9r k\u00f6nnyen megk\u00f6zel\u00edthet\u0151 <strong>hegyi felvon\u00f3val<\/strong>, \u00e9s egy\u00fattal gy\u00f6ny\u00f6r\u0171 t\u00far\u00e1k kiindul\u00f3pontja, \u00e9s a Gamskogelen m\u00e9g gokartozni is lehet! <a href=\"https:\/\/www.zauchensee.at\/en\/sommer\/the-adventure-playground-at-the-gamskogel.html\" target=\"_blank\" rel=\"noopener\"><strong>Itt tal\u00e1lja a hivatalos honlapot<\/strong>.<\/a><\/p>\n\n\t\t\t<div id=\"15527-3\" class=\"gallery gallery-15527 gallery-columns-3 gallery-size-1170_658\" itemscope itemtype=\"http:\/\/schema.org\/ImageGallery\">\n\t\t\t\t<ul class=\"gallery-row gallery-col-3 gallery-clear\">\n\t\t\t\t\t<li class=\"gallery-item col-3\" itemprop=\"associatedMedia\" itemscope itemtype=\"http:\/\/schema.org\/ImageObject\">\n\t\t\t\t\t\t<div class=\"gallery-icon landscape\"><a href=\"https:\/\/www.salzburgerland.com\/hu\/wp-content\/uploads\/2019\/04\/zauchensee-abenteuerspielplatz-4.jpeg\" title=\"zauchensee-abenteuerspielplatz-4\"><img decoding=\"async\" data-title=\"Az \u00e1llatok vil\u00e1gkup\u00e1j\u00e1nak j\u00e1tsz\u00f3ter\u00e9n \u00a9 Salzburger Sportwelt\" title=\"Az \u00e1llatok vil\u00e1gkup\u00e1j\u00e1nak j\u00e1tsz\u00f3ter\u00e9n \u00a9 Salzburger Sportwelt\" data-caption=\"Az \u00e1llatok vil\u00e1gkup\u00e1j\u00e1nak j\u00e1tsz\u00f3ter\u00e9n \u00a9 Salzburger Sportwelt\" width=\"1170\" height=\"658\" src=\"https:\/\/www.salzburgerland.com\/hu\/wp-content\/uploads\/2019\/04\/zauchensee-abenteuerspielplatz-4-1170x658.jpeg\" class=\"attachment-1170_658 size-1170_658\" alt=\"zauchensee-abenteuerspielplatz (Nagy\u00edtott n\u00e9zet)\" srcset=\"https:\/\/www.salzburgerland.com\/hu\/wp-content\/uploads\/2019\/04\/zauchensee-abenteuerspielplatz-4-1170x658.jpeg 1170w, https:\/\/www.salzburgerland.com\/hu\/wp-content\/uploads\/2019\/04\/zauchensee-abenteuerspielplatz-4-1200x675.jpeg 1200w\" sizes=\"(max-width: 1170px) 100vw, 1170px\" aria-describedby=\"figcaption-15527-13183\" itemprop=\"thumbnail\"><\/a><\/div>\n\t\t\t\t\t\t<span id=\"figcaption-15527-13183\" class=\"gallery-caption\" itemprop=\"caption\"><span aria-hidden=\"true\">Az \u00e1llatok vil\u00e1gkup\u00e1j\u00e1nak j\u00e1tsz\u00f3ter\u00e9n \u00a9 Salzburger Sportwelt<\/span><\/span>\n\t\t\t\t\t<\/li>\n\t\t\t\t\t<li class=\"gallery-item col-3\" itemprop=\"associatedMedia\" itemscope itemtype=\"http:\/\/schema.org\/ImageObject\">\n\t\t\t\t\t\t<div class=\"gallery-icon landscape\"><a href=\"https:\/\/www.salzburgerland.com\/hu\/wp-content\/uploads\/2019\/04\/zauchensee-familie-gamskogel-9.jpeg\" title=\"zauchensee-familie-gamskogel-9\"><img decoding=\"async\" data-title=\"Az \u00e1llatok vil\u00e1gkup\u00e1j\u00e1nak j\u00e1tsz\u00f3ter\u00e9n \u00a9 Salzburger Sportwelt\" title=\"Az \u00e1llatok vil\u00e1gkup\u00e1j\u00e1nak j\u00e1tsz\u00f3ter\u00e9n \u00a9 Salzburger Sportwelt\" data-caption=\"Az \u00e1llatok vil\u00e1gkup\u00e1j\u00e1nak j\u00e1tsz\u00f3ter\u00e9n \u00a9 Salzburger Sportwelt\" width=\"1170\" height=\"658\" src=\"https:\/\/www.salzburgerland.com\/hu\/wp-content\/uploads\/2019\/04\/zauchensee-familie-gamskogel-9-1170x658.jpeg\" class=\"attachment-1170_658 size-1170_658\" alt=\"zauchensee-abenteuerspielplatz (Nagy\u00edtott n\u00e9zet)\" srcset=\"https:\/\/www.salzburgerland.com\/hu\/wp-content\/uploads\/2019\/04\/zauchensee-familie-gamskogel-9-1170x658.jpeg 1170w, https:\/\/www.salzburgerland.com\/hu\/wp-content\/uploads\/2019\/04\/zauchensee-familie-gamskogel-9-1200x675.jpeg 1200w\" sizes=\"(max-width: 1170px) 100vw, 1170px\" aria-describedby=\"figcaption-15527-13182\" itemprop=\"thumbnail\"><\/a><\/div>\n\t\t\t\t\t\t<span id=\"figcaption-15527-13182\" class=\"gallery-caption\" itemprop=\"caption\"><span aria-hidden=\"true\">Az \u00e1llatok vil\u00e1gkup\u00e1j\u00e1nak j\u00e1tsz\u00f3ter\u00e9n \u00a9 Salzburger Sportwelt<\/span><\/span>\n\t\t\t\t\t<\/li>\n\t\t\t\t\t<li class=\"gallery-item col-3\" itemprop=\"associatedMedia\" itemscope itemtype=\"http:\/\/schema.org\/ImageObject\">\n\t\t\t\t\t\t<div class=\"gallery-icon landscape\"><a href=\"https:\/\/www.salzburgerland.com\/hu\/wp-content\/uploads\/2019\/04\/zauchensee-familie-gamskogel-8.jpeg\" title=\"zauchensee-familie-gamskogel-8\"><img decoding=\"async\" data-title=\"Gokartoz\u00e1s a Gamskogel \u00e9lm\u00e9nyhegyen \u00a9 Salzburger Sportwelt\" title=\"Gokartoz\u00e1s a Gamskogel \u00e9lm\u00e9nyhegyen \u00a9 Salzburger Sportwelt\" data-caption=\"Gokartoz\u00e1s a Gamskogel \u00e9lm\u00e9nyhegyen \u00a9 Salzburger Sportwelt\" width=\"1170\" height=\"658\" src=\"https:\/\/www.salzburgerland.com\/hu\/wp-content\/uploads\/2019\/04\/zauchensee-familie-gamskogel-8-1170x658.jpeg\" class=\"attachment-1170_658 size-1170_658\" alt=\"zauchensee-familie-gamskogel (Nagy\u00edtott n\u00e9zet)\" srcset=\"https:\/\/www.salzburgerland.com\/hu\/wp-content\/uploads\/2019\/04\/zauchensee-familie-gamskogel-8-1170x658.jpeg 1170w, https:\/\/www.salzburgerland.com\/hu\/wp-content\/uploads\/2019\/04\/zauchensee-familie-gamskogel-8-1200x675.jpeg 1200w\" sizes=\"(max-width: 1170px) 100vw, 1170px\" aria-describedby=\"figcaption-15527-13181\" itemprop=\"thumbnail\"><\/a><\/div>\n\t\t\t\t\t\t<span id=\"figcaption-15527-13181\" class=\"gallery-caption\" itemprop=\"caption\"><span aria-hidden=\"true\">Gokartoz\u00e1s a Gamskogel \u00e9lm\u00e9nyhegyen \u00a9 Salzburger Sportwelt<\/span><\/span>\n\t\t\t\t\t<\/li>\n\t\t\t\t<\/ul>\n\t\t\t<\/div><!-- .gallery -->\n\n<h4><strong>A Grie\u00dfenkar t\u00farahegy<\/strong><\/h4>\n<p>A Flachau-ban tal\u00e1lhat\u00f3\u00a0<strong>Grie\u00dfenkar<\/strong> t\u00farahegy\u00a0ide\u00e1lis kiindul\u00f3pont sokf\u00e9le, k\u00fcl\u00f6nb\u00f6z\u0151 neh\u00e9zs\u00e9gi szint\u0171 t\u00far\u00e1hoz. Salzburg v\u00e1ros\u00e1t\u00f3l mind\u00f6ssze <strong>70 kilom\u00e9terre<\/strong> tal\u00e1lhat\u00f3 \u00e9s a <strong>Tauern aut\u00f3p\u00e1ly\u00e1n<\/strong> k\u00f6nnyen el\u00e9rhet\u0151, ez\u00e9rt is<strong> az egyik legn\u00e9pszer\u0171bb csal\u00e1di kir\u00e1ndul\u00f3hely<\/strong>. A Grie\u00dfenkar t\u00farahegyre felvisz a k\u00e9t felvon\u00f3, a Starjet 1 \u00e9s a Starjet 2. Vannak <strong>k\u00f6nnyebb \u00fatvonalak<\/strong>, p\u00e9ld\u00e1ul a<strong>\u00a0<a href=\"https:\/\/www.flachau.com\/en\/sport\/hiking-biking\/floris_adventure-paht.html\">Flori\u2019s \u00e9lm\u00e9ny\u00f6sv\u00e9ny<\/a>\u00a0<\/strong>(Flori\u2019s Erlebnispfad), ami egy tematikus csal\u00e1di t\u00fara\u00fatvonal, de megc\u00e9lozhatjuk az\u00a01991 m\u00e9teres <strong>Grie\u00dfenkareck cs\u00facsot<\/strong> is.\u00a0Az alpesi h\u00fctt\u00e9k, <span>\u00a0hegyi<\/span> fogad\u00f3k a t\u00fara\u00fatvonalak ment\u00e9n v\u00e1rj\u00e1k a pihenni v\u00e1gy\u00f3 vend\u00e9geket, \u00e9s friss\u00edt\u0151t, harapnival\u00f3t k\u00edn\u00e1lnak az \u00e9lm\u00e9nyekben gazdag kir\u00e1ndul\u00e1s ut\u00e1n. <a href=\"https:\/\/www.snow-space.com\/en\/summer\/adventure-mountain\/hikers-mountain-griessenkar\" target=\"_blank\" rel=\"noopener\"><strong>A Grie\u00dfenkar t\u00farahegy honlapja itt \u00e9rhet\u0151 el<\/strong><\/a>.<\/p>\n\n\t\t\t<div id=\"15527-4\" class=\"gallery gallery-15527 gallery-columns-3 gallery-size-1170_658\" itemscope itemtype=\"http:\/\/schema.org\/ImageGallery\">\n\t\t\t\t<ul class=\"gallery-row gallery-col-3 gallery-clear\">\n\t\t\t\t\t<li class=\"gallery-item col-3\" itemprop=\"associatedMedia\" itemscope itemtype=\"http:\/\/schema.org\/ImageObject\">\n\t\t\t\t\t\t<div class=\"gallery-icon landscape\"><a href=\"https:\/\/www.salzburgerland.com\/hu\/wp-content\/uploads\/2019\/04\/160720-flachau-dsc_1983-pjpeg_.jpeg\" title=\"160720-flachau-dsc_1983.pjpeg\"><img decoding=\"async\" data-title=\"Panor\u00e1ma a Grie\u00dfenkar  t\u00farahegyen \u00a9 Salzburger Sportwelt\" title=\"Panor\u00e1ma a Grie\u00dfenkar  t\u00farahegyen \u00a9 Salzburger Sportwelt\" data-caption=\"Panor\u00e1ma a Grie\u00dfenkar  t\u00farahegyen \u00a9 Salzburger Sportwelt\" width=\"960\" height=\"640\" src=\"https:\/\/www.salzburgerland.com\/hu\/wp-content\/uploads\/2019\/04\/160720-flachau-dsc_1983-pjpeg_.jpeg\" class=\"attachment-1170_658 size-1170_658\" alt=\"Grie\u00dfenkar (Nagy\u00edtott n\u00e9zet)\" srcset=\"https:\/\/www.salzburgerland.com\/hu\/wp-content\/uploads\/2019\/04\/160720-flachau-dsc_1983-pjpeg_.jpeg 960w, https:\/\/www.salzburgerland.com\/hu\/wp-content\/uploads\/2019\/04\/160720-flachau-dsc_1983-pjpeg_-768x512.jpeg 768w\" sizes=\"(max-width: 960px) 100vw, 960px\" aria-describedby=\"figcaption-15527-13173\" itemprop=\"thumbnail\"><\/a><\/div>\n\t\t\t\t\t\t<span id=\"figcaption-15527-13173\" class=\"gallery-caption\" itemprop=\"caption\"><span aria-hidden=\"true\">Panor\u00e1ma a Grie\u00dfenkar  t\u00farahegyen \u00a9 Salzburger Sportwelt<\/span><\/span>\n\t\t\t\t\t<\/li>\n\t\t\t\t\t<li class=\"gallery-item col-3\" itemprop=\"associatedMedia\" itemscope itemtype=\"http:\/\/schema.org\/ImageObject\">\n\t\t\t\t\t\t<div class=\"gallery-icon landscape\"><a href=\"https:\/\/www.salzburgerland.com\/hu\/wp-content\/uploads\/2019\/04\/160720-flachau-dsc_2215-pjpeg_.jpeg\" title=\"160720-flachau-dsc_2215.pjpeg\"><img decoding=\"async\" data-title=\"Tematikus t\u00fara a Flori's \u00e9lm\u00e9ny\u00f6sv\u00e9nyen \u00a9 Salzburger Sportwelt\" title=\"Tematikus t\u00fara a Flori's \u00e9lm\u00e9ny\u00f6sv\u00e9nyen \u00a9 Salzburger Sportwelt\" data-caption=\"Tematikus t\u00fara a Flori's \u00e9lm\u00e9ny\u00f6sv\u00e9nyen \u00a9 Salzburger Sportwelt\" width=\"960\" height=\"640\" src=\"https:\/\/www.salzburgerland.com\/hu\/wp-content\/uploads\/2019\/04\/160720-flachau-dsc_2215-pjpeg_.jpeg\" class=\"attachment-1170_658 size-1170_658\" alt=\"K\u00e9t feln\u0151tt \u00e9s k\u00e9t gyerek feny\u0151tobozos rejtv\u00e9nyt old meg a Salzburgi Sportvil\u00e1g ny\u00e1r erdei t\u00e1bl\u00e1j\u00e1n. (Nagy\u00edtott n\u00e9zet)\" srcset=\"https:\/\/www.salzburgerland.com\/hu\/wp-content\/uploads\/2019\/04\/160720-flachau-dsc_2215-pjpeg_.jpeg 960w, https:\/\/www.salzburgerland.com\/hu\/wp-content\/uploads\/2019\/04\/160720-flachau-dsc_2215-pjpeg_-768x512.jpeg 768w\" sizes=\"(max-width: 960px) 100vw, 960px\" aria-describedby=\"figcaption-15527-13174\" itemprop=\"thumbnail\"><\/a><\/div>\n\t\t\t\t\t\t<span id=\"figcaption-15527-13174\" class=\"gallery-caption\" itemprop=\"caption\"><span aria-hidden=\"true\">Tematikus t\u00fara a Flori\u2019s \u00e9lm\u00e9ny\u00f6sv\u00e9nyen \u00a9 Salzburger Sportwelt<\/span><\/span>\n\t\t\t\t\t<\/li>\n\t\t\t\t\t<li class=\"gallery-item col-3\" itemprop=\"associatedMedia\" itemscope itemtype=\"http:\/\/schema.org\/ImageObject\">\n\t\t\t\t\t\t<div class=\"gallery-icon landscape\"><a href=\"https:\/\/www.salzburgerland.com\/hu\/wp-content\/uploads\/2019\/04\/panorama-dienstag-pjpeg_.jpeg\" title=\"panorama-dienstag.pjpeg\"><img decoding=\"async\" data-title=\"Panor\u00e1ma a Grie\u00dfenkar  t\u00farahegyen \u00a9 Salzburger Sportwelt\" title=\"Panor\u00e1ma a Grie\u00dfenkar  t\u00farahegyen \u00a9 Salzburger Sportwelt\" data-caption=\"Panor\u00e1ma a Grie\u00dfenkar  t\u00farahegyen \u00a9 Salzburger Sportwelt\" width=\"960\" height=\"640\" src=\"https:\/\/www.salzburgerland.com\/hu\/wp-content\/uploads\/2019\/04\/panorama-dienstag-pjpeg_.jpeg\" class=\"attachment-1170_658 size-1170_658\" alt=\"Grie\u00dfenkar (Nagy\u00edtott n\u00e9zet)\" srcset=\"https:\/\/www.salzburgerland.com\/hu\/wp-content\/uploads\/2019\/04\/panorama-dienstag-pjpeg_.jpeg 960w, https:\/\/www.salzburgerland.com\/hu\/wp-content\/uploads\/2019\/04\/panorama-dienstag-pjpeg_-768x512.jpeg 768w\" sizes=\"(max-width: 960px) 100vw, 960px\" aria-describedby=\"figcaption-15527-13172\" itemprop=\"thumbnail\"><\/a><\/div>\n\t\t\t\t\t\t<span id=\"figcaption-15527-13172\" class=\"gallery-caption\" itemprop=\"caption\"><span aria-hidden=\"true\">Panor\u00e1ma a Grie\u00dfenkar  t\u00farahegyen \u00a9 Salzburger Sportwelt<\/span><\/span>\n\t\t\t\t\t<\/li>\n\t\t\t\t<\/ul>\n\t\t\t<\/div><!-- .gallery -->\n\n<h4><strong>A KITIWAPF Eben-ben<\/strong><\/h4>\n<p>A\u00a0<strong>KITIWAPF<\/strong> <span>(Kinder-Tierewanderpfad)\u00a0<\/span>t\u00fara\u00fatvonal\u00e1n legy\u00fcnk figyelmesek, mert az \u00fat sz\u00e9l\u00e9n <strong>az erd\u0151 lak\u00f3i<\/strong> m\u00e1r lelkesen v\u00e1rj\u00e1k az \u00f6sszes <strong>kis felfedez\u0151t \u00e9s kalandort<\/strong>! Szeretn\u00e9nek min\u00e9l t\u00f6bbet elmes\u00e9lni magukr\u00f3l a gyerekeknek, \u00e9s seg\u00edteni nekik a <strong>KITIWAPF kalandrejtv\u00e9ny<\/strong> megold\u00e1s\u00e1ban.\u00a0A t\u00fara sor\u00e1n k\u00f6vetni kell az \u00f6sv\u00e9ny melletti sz\u00ednes inform\u00e1ci\u00f3s t\u00e1bl\u00e1kat, \u00e9s szorgalmasan gy\u0171jteni a k\u00fcl\u00f6nf\u00e9le <strong>\u00e1llatnyomokat<\/strong> a KITIWAPF <strong>pecs\u00e9tgy\u0171jt\u0151be<\/strong>. A v\u00e9g\u00e9n egy kis <strong>meglepet\u00e9s<\/strong> v\u00e1r minden t\u00far\u00e1z\u00f3ra a Moosalm-ban vagy a Reitlehenalm-ban. <a href=\"https:\/\/www.eben.at\/en\/holiday\/summer\/kitiwapf-childrens-hiking-trail.html\" target=\"_blank\" rel=\"noopener\"><strong>J\u00e1rjon ut\u00e1na r\u00e9szletesebben<\/strong><\/a>!<\/p>\n\n\t\t\t<div id=\"15527-5\" class=\"gallery gallery-15527 gallery-columns-3 gallery-size-1170_658\" itemscope itemtype=\"http:\/\/schema.org\/ImageGallery\">\n\t\t\t\t<ul class=\"gallery-row gallery-col-3 gallery-clear\">\n\t\t\t\t\t<li class=\"gallery-item col-3\" itemprop=\"associatedMedia\" itemscope itemtype=\"http:\/\/schema.org\/ImageObject\">\n\t\t\t\t\t\t<div class=\"gallery-icon landscape\"><a href=\"https:\/\/www.salzburgerland.com\/hu\/wp-content\/uploads\/2019\/04\/tvb-sommershooting-2018-sobietzki-2560px-70-185-1920x1067.jpg\" title=\"TVB-Sommershooting-2018-sobietzki-2560px-70-185\"><img decoding=\"async\" data-title=\"A t\u00fara\u00fatvonal ment\u00e9n az erd\u0151 lak\u00f3i v\u00e1rj\u00e1k a kis felfedez\u0151ket. \u00a9 Salzburger Sportwelt, Daniel Sobietzki\" title=\"A t\u00fara\u00fatvonal ment\u00e9n az erd\u0151 lak\u00f3i v\u00e1rj\u00e1k a kis felfedez\u0151ket. \u00a9 Salzburger Sportwelt, Daniel Sobietzki\" data-caption=\"A t\u00fara\u00fatvonal ment\u00e9n az erd\u0151 lak\u00f3i v\u00e1rj\u00e1k a kis felfedez\u0151ket. \u00a9 Salzburger Sportwelt, Daniel Sobietzki\" width=\"1170\" height=\"658\" src=\"https:\/\/www.salzburgerland.com\/hu\/wp-content\/uploads\/2019\/04\/tvb-sommershooting-2018-sobietzki-2560px-70-185-1170x658.jpg\" class=\"attachment-1170_658 size-1170_658\" alt=\"Egy csal\u00e1d pihen egy erdei \u00f6sv\u00e9nyen a Salzburgi Sportvil\u00e1g ny\u00e1rban; egy fi\u00fa egy vaddiszn\u00f3szobron \u00fcl. (Nagy\u00edtott n\u00e9zet)\" srcset=\"https:\/\/www.salzburgerland.com\/hu\/wp-content\/uploads\/2019\/04\/tvb-sommershooting-2018-sobietzki-2560px-70-185-1170x658.jpg 1170w, https:\/\/www.salzburgerland.com\/hu\/wp-content\/uploads\/2019\/04\/tvb-sommershooting-2018-sobietzki-2560px-70-185-1200x675.jpg 1200w\" sizes=\"(max-width: 1170px) 100vw, 1170px\" aria-describedby=\"figcaption-15527-13169\" itemprop=\"thumbnail\"><\/a><\/div>\n\t\t\t\t\t\t<span id=\"figcaption-15527-13169\" class=\"gallery-caption\" itemprop=\"caption\"><span aria-hidden=\"true\">A t\u00fara\u00fatvonal ment\u00e9n az erd\u0151 lak\u00f3i v\u00e1rj\u00e1k a kis felfedez\u0151ket. \u00a9 Salzburger Sportwelt, Daniel Sobietzki<\/span><\/span>\n\t\t\t\t\t<\/li>\n\t\t\t\t\t<li class=\"gallery-item col-3\" itemprop=\"associatedMedia\" itemscope itemtype=\"http:\/\/schema.org\/ImageObject\">\n\t\t\t\t\t\t<div class=\"gallery-icon landscape\"><a href=\"https:\/\/www.salzburgerland.com\/hu\/wp-content\/uploads\/2019\/04\/wanderung-kitiwapf-monte-popolo-kinder-tierewanderpfad-01-gross.jpg\" title=\"wanderung-kitiwapf-monte-popolo-kinder-tierewanderpfad-01-gross\"><img decoding=\"async\" data-title=\"T\u00e1bl\u00e1k jelzik az \u00fatvonalakat a KITIWAPF \u00f6sv\u00e9ny ment\u00e9n \u00a9 Salzburger Sportwelt\" title=\"T\u00e1bl\u00e1k jelzik az \u00fatvonalakat a KITIWAPF \u00f6sv\u00e9ny ment\u00e9n \u00a9 Salzburger Sportwelt\" data-caption=\"T\u00e1bl\u00e1k jelzik az \u00fatvonalakat a KITIWAPF \u00f6sv\u00e9ny ment\u00e9n \u00a9 Salzburger Sportwelt\" width=\"1170\" height=\"658\" src=\"https:\/\/www.salzburgerland.com\/hu\/wp-content\/uploads\/2019\/04\/wanderung-kitiwapf-monte-popolo-kinder-tierewanderpfad-01-gross-1170x658.jpg\" class=\"attachment-1170_658 size-1170_658\" alt=\"KITIWAPF,Sz\u00ednes t\u00e1bl\u00e1k jelzik az \u00fatvonalakat a KITIWAPF \u00f6sv\u00e9ny ment\u00e9n (Nagy\u00edtott n\u00e9zet)\" srcset=\"https:\/\/www.salzburgerland.com\/hu\/wp-content\/uploads\/2019\/04\/wanderung-kitiwapf-monte-popolo-kinder-tierewanderpfad-01-gross-1170x658.jpg 1170w, https:\/\/www.salzburgerland.com\/hu\/wp-content\/uploads\/2019\/04\/wanderung-kitiwapf-monte-popolo-kinder-tierewanderpfad-01-gross-1200x675.jpg 1200w\" sizes=\"(max-width: 1170px) 100vw, 1170px\" aria-describedby=\"figcaption-15527-13171\" itemprop=\"thumbnail\"><\/a><\/div>\n\t\t\t\t\t\t<span id=\"figcaption-15527-13171\" class=\"gallery-caption\" itemprop=\"caption\"><span aria-hidden=\"true\">T\u00e1bl\u00e1k jelzik az \u00fatvonalakat a KITIWAPF \u00f6sv\u00e9ny ment\u00e9n \u00a9 Salzburger Sportwelt<\/span><\/span>\n\t\t\t\t\t<\/li>\n\t\t\t\t\t<li class=\"gallery-item col-3\" itemprop=\"associatedMedia\" itemscope itemtype=\"http:\/\/schema.org\/ImageObject\">\n\t\t\t\t\t\t<div class=\"gallery-icon landscape\"><a href=\"https:\/\/www.salzburgerland.com\/hu\/wp-content\/uploads\/2019\/04\/stempelpass-kitiwapf-gross.jpg\" title=\"stempelpass-kitiwapf-gross\"><img decoding=\"async\" data-title=\"Pecs\u00e9tgy\u0171jt\u00e9s \u00a9 Salzburger Sportwelt\" title=\"Pecs\u00e9tgy\u0171jt\u00e9s \u00a9 Salzburger Sportwelt\" data-caption=\"Pecs\u00e9tgy\u0171jt\u00e9s \u00a9 Salzburger Sportwelt\" width=\"1170\" height=\"658\" src=\"https:\/\/www.salzburgerland.com\/hu\/wp-content\/uploads\/2019\/04\/stempelpass-kitiwapf-gross-1170x658.jpg\" class=\"attachment-1170_658 size-1170_658\" alt=\"stempelpass-kitiwapf (Nagy\u00edtott n\u00e9zet)\" srcset=\"https:\/\/www.salzburgerland.com\/hu\/wp-content\/uploads\/2019\/04\/stempelpass-kitiwapf-gross-1170x658.jpg 1170w, https:\/\/www.salzburgerland.com\/hu\/wp-content\/uploads\/2019\/04\/stempelpass-kitiwapf-gross-1200x675.jpg 1200w\" sizes=\"(max-width: 1170px) 100vw, 1170px\" aria-describedby=\"figcaption-15527-13170\" itemprop=\"thumbnail\"><\/a><\/div>\n\t\t\t\t\t\t<span id=\"figcaption-15527-13170\" class=\"gallery-caption\" itemprop=\"caption\"><span aria-hidden=\"true\">Pecs\u00e9tgy\u0171jt\u00e9s \u00a9 Salzburger Sportwelt<\/span><\/span>\n\t\t\t\t\t<\/li>\n\t\t\t\t<\/ul>\n\t\t\t<\/div><!-- .gallery -->\n\n<div>\n<h2><span>Biztons\u00e1gi tan\u00e1csok a csod\u00e1latos alpesi vid\u00e9ken<\/span><\/h2>\n<\/div>\n<div>\n<p><span>K\u00e9rj\u00fck vegye figyelembe ny\u00e1ri<span class=\"apple-converted-space\">\u00a0<\/span><\/span><a href=\"https:\/\/www.salzburgerland.com\/hu\/biztonsagi-eloirasok-az-alpokban-nyar\/\" target=\"_blank\" rel=\"noopener\"><strong><span>biztons\u00e1gi tan\u00e1csainkat<\/span><\/strong><\/a><span>. A csod\u00e1latosan sz\u00e9p alpesi vid\u00e9ken is \u00e9rdemes felk\u00e9sz\u00fclni.<\/span><\/p>\n<\/div>\n","protected":false},"excerpt":{"rendered":"<p>Alles Alm \u2013 t\u00fara\u00e9lm\u00e9ny az eg\u00e9sz csal\u00e1dnak a Gnadenalmon A tengerszint felett 1275 m\u00e9ter magasan fekv\u0151 Gnadenalm alpesi r\u00e9tjei a Radstadti Tauern impoz\u00e1ns h\u00e1tter\u00e9be simulnak. A t\u00e1gas r\u00e9tek, a fest\u0151i erd\u0151k \u00e9s az \u00e9rintetlen t\u00e1j t\u00f6k\u00e9letes helysz\u00ednt biztos\u00edtanak egy k\u00fcl\u00f6nleges csal\u00e1di t\u00far\u00e1hoz. A t\u00fara\u00fatvonal babakocsival is j\u00e1rhat\u00f3, m\u00edg a nagyobbak egyens\u00falyozhatnak az \u00e1llom\u00e1sokon elhelyezett j\u00e1t\u00e9kokon, [&hellip;]<\/p>\n","protected":false},"author":21,"featured_media":21282,"comment_status":"closed","ping_status":"closed","template":"","meta":{"_acf_changed":false,"wl_entities_gutenberg":"","_relevanssi_hide_post":"","_relevanssi_hide_content":"","_relevanssi_pin_for_all":"","_relevanssi_pin_keywords":"","_relevanssi_unpin_keywords":"","_relevanssi_related_keywords":"","_relevanssi_related_include_ids":"","_relevanssi_related_exclude_ids":"","_relevanssi_related_no_append":"","_relevanssi_related_not_related":"","_relevanssi_related_posts":"","_relevanssi_noindex_reason":"","footnotes":""},"categories":[],"tags":[],"wl_entity_type":[2],"class_list":["post-15527","entity","type-entity","status-publish","has-post-thumbnail","hentry","wl_entity_type-thing","sitetype-theme"],"acf":[],"yoast_head":"<!-- This site is optimized with the Yoast SEO Premium plugin v27.4 (Yoast SEO v27.4) - https:\/\/yoast.com\/product\/yoast-seo-premium-wordpress\/ -->\n<title>Csal\u00e1di \u00fcd\u00fcl\u00e9s a Salzburgi Sportvil\u00e1gban \u00bb SalzburgerLand.com<\/title>\n<meta name=\"description\" content=\"%%cf_teasertext%% Kalandos csal\u00e1di t\u00far\u00e1k, ker\u00e9kp\u00e1roz\u00e1s, hegytet\u0151k\u00f6n kialak\u00edtott \u00e9lm\u00e9nyvil\u00e1gok v\u00e1rj\u00e1k a gyerekeket.\" \/>\n<meta name=\"robots\" content=\"index, follow, max-snippet:-1, max-image-preview:large, max-video-preview:-1\" \/>\n<link rel=\"canonical\" href=\"https:\/\/www.salzburgerland.com\/hu\/salzburgi-sportvilag-csaladi-udules\/\" \/>\n<meta property=\"og:locale\" content=\"hu_HU\" \/>\n<meta property=\"og:type\" content=\"article\" \/>\n<meta property=\"og:title\" content=\"Csal\u00e1di \u00fcd\u00fcl\u00e9s a Salzburgi Sportvil\u00e1gban\" \/>\n<meta property=\"og:description\" content=\"Alles Alm - t\u00fara\u00e9lm\u00e9ny az eg\u00e9sz csal\u00e1dnak a Gnadenalmon A tengerszint felett 1275 m\u00e9ter magasan fekv\u0151 Gnadenalm alpesi r\u00e9tjei a Radstadti Tauern impoz\u00e1ns\" \/>\n<meta property=\"og:url\" content=\"https:\/\/www.salzburgerland.com\/hu\/salzburgi-sportvilag-csaladi-udules\/\" \/>\n<meta property=\"og:site_name\" content=\"SalzburgerLand.com\" \/>\n<meta property=\"article:publisher\" content=\"https:\/\/www.facebook.com\/visitsalzburgerland\/\" \/>\n<meta property=\"article:modified_time\" content=\"2024-03-21T19:14:06+00:00\" \/>\n<meta property=\"og:image\" content=\"https:\/\/www.salzburgerland.com\/hu\/wp-content\/uploads\/2024\/03\/20_flachau_sommer_wandern_familie_2-1200x675.jpg\" \/>\n\t<meta property=\"og:image:width\" content=\"1200\" \/>\n\t<meta property=\"og:image:height\" content=\"675\" \/>\n\t<meta property=\"og:image:type\" content=\"image\/jpeg\" \/>\n<meta name=\"twitter:card\" content=\"summary_large_image\" \/>\n<meta name=\"twitter:site\" content=\"@salzburgerland\" \/>\n<meta name=\"twitter:label1\" content=\"Becs\u00fclt olvas\u00e1si id\u0151\" \/>\n\t<meta name=\"twitter:data1\" content=\"5 perc\" \/>\n<script type=\"application\/ld+json\" class=\"yoast-schema-graph\">{\"@context\":\"https:\\\/\\\/schema.org\",\"@graph\":[{\"@type\":\"WebPage\",\"@id\":\"https:\\\/\\\/www.salzburgerland.com\\\/hu\\\/salzburgi-sportvilag-csaladi-udules\\\/\",\"url\":\"https:\\\/\\\/www.salzburgerland.com\\\/hu\\\/salzburgi-sportvilag-csaladi-udules\\\/\",\"name\":\"Csal\u00e1di \u00fcd\u00fcl\u00e9s a Salzburgi Sportvil\u00e1gban \u00bb SalzburgerLand.com\",\"isPartOf\":{\"@id\":\"https:\\\/\\\/www.salzburgerland.com\\\/hu\\\/#website\"},\"primaryImageOfPage\":{\"@id\":\"https:\\\/\\\/www.salzburgerland.com\\\/hu\\\/salzburgi-sportvilag-csaladi-udules\\\/#primaryimage\"},\"image\":{\"@id\":\"https:\\\/\\\/www.salzburgerland.com\\\/hu\\\/salzburgi-sportvilag-csaladi-udules\\\/#primaryimage\"},\"thumbnailUrl\":\"https:\\\/\\\/www.salzburgerland.com\\\/hu\\\/wp-content\\\/uploads\\\/2024\\\/03\\\/20_flachau_sommer_wandern_familie_2.jpg\",\"datePublished\":\"2022-04-27T08:59:37+00:00\",\"dateModified\":\"2024-03-21T19:14:06+00:00\",\"description\":\"Kalandos csal\u00e1di t\u00far\u00e1k, ker\u00e9kp\u00e1roz\u00e1s, hegytet\u0151k\u00f6n kialak\u00edtott \u00e9lm\u00e9nyvil\u00e1gok v\u00e1rj\u00e1k a gyerekeket. Kalandos csal\u00e1di t\u00far\u00e1k, ker\u00e9kp\u00e1roz\u00e1s, hegytet\u0151k\u00f6n kialak\u00edtott \u00e9lm\u00e9nyvil\u00e1gok v\u00e1rj\u00e1k a gyerekeket.\",\"inLanguage\":\"hu\",\"potentialAction\":[{\"@type\":\"ReadAction\",\"target\":[\"https:\\\/\\\/www.salzburgerland.com\\\/hu\\\/salzburgi-sportvilag-csaladi-udules\\\/\"]}]},{\"@type\":\"ImageObject\",\"inLanguage\":\"hu\",\"@id\":\"https:\\\/\\\/www.salzburgerland.com\\\/hu\\\/salzburgi-sportvilag-csaladi-udules\\\/#primaryimage\",\"url\":\"https:\\\/\\\/www.salzburgerland.com\\\/hu\\\/wp-content\\\/uploads\\\/2024\\\/03\\\/20_flachau_sommer_wandern_familie_2.jpg\",\"contentUrl\":\"https:\\\/\\\/www.salzburgerland.com\\\/hu\\\/wp-content\\\/uploads\\\/2024\\\/03\\\/20_flachau_sommer_wandern_familie_2.jpg\",\"width\":1920,\"height\":1280,\"caption\":\"Sokf\u00e9le sportol\u00e1si lehet\u0151s\u00e9g k\u00f6z\u00fcl v\u00e1laszthatunk Flachauban \u00a9 Flachau Tourismus, Ulrich Grill\"},{\"@type\":\"WebSite\",\"@id\":\"https:\\\/\\\/www.salzburgerland.com\\\/hu\\\/#website\",\"url\":\"https:\\\/\\\/www.salzburgerland.com\\\/hu\\\/\",\"name\":\"SalzburgerLand.com\",\"description\":\"\u00dcd\u00fcl\u00e9s Ausztri\u00e1ban, Salzburg tartom\u00e1nyban\",\"potentialAction\":[{\"@type\":\"SearchAction\",\"target\":{\"@type\":\"EntryPoint\",\"urlTemplate\":\"https:\\\/\\\/www.salzburgerland.com\\\/hu\\\/?s={search_term_string}\"},\"query-input\":{\"@type\":\"PropertyValueSpecification\",\"valueRequired\":true,\"valueName\":\"search_term_string\"}}],\"inLanguage\":\"hu\"}]}<\/script>\n<!-- \/ Yoast SEO Premium plugin. -->","yoast_head_json":{"title":"Csal\u00e1di \u00fcd\u00fcl\u00e9s a Salzburgi Sportvil\u00e1gban \u00bb SalzburgerLand.com","description":"%%cf_teasertext%% Kalandos csal\u00e1di t\u00far\u00e1k, ker\u00e9kp\u00e1roz\u00e1s, hegytet\u0151k\u00f6n kialak\u00edtott \u00e9lm\u00e9nyvil\u00e1gok v\u00e1rj\u00e1k a gyerekeket.","robots":{"index":"index","follow":"follow","max-snippet":"max-snippet:-1","max-image-preview":"max-image-preview:large","max-video-preview":"max-video-preview:-1"},"canonical":"https:\/\/www.salzburgerland.com\/hu\/salzburgi-sportvilag-csaladi-udules\/","og_locale":"hu_HU","og_type":"article","og_title":"Csal\u00e1di \u00fcd\u00fcl\u00e9s a Salzburgi Sportvil\u00e1gban","og_description":"Alles Alm - t\u00fara\u00e9lm\u00e9ny az eg\u00e9sz csal\u00e1dnak a Gnadenalmon A tengerszint felett 1275 m\u00e9ter magasan fekv\u0151 Gnadenalm alpesi r\u00e9tjei a Radstadti Tauern impoz\u00e1ns","og_url":"https:\/\/www.salzburgerland.com\/hu\/salzburgi-sportvilag-csaladi-udules\/","og_site_name":"SalzburgerLand.com","article_publisher":"https:\/\/www.facebook.com\/visitsalzburgerland\/","article_modified_time":"2024-03-21T19:14:06+00:00","og_image":[{"width":1200,"height":675,"url":"https:\/\/www.salzburgerland.com\/hu\/wp-content\/uploads\/2024\/03\/20_flachau_sommer_wandern_familie_2-1200x675.jpg","type":"image\/jpeg"}],"twitter_card":"summary_large_image","twitter_site":"@salzburgerland","twitter_misc":{"Becs\u00fclt olvas\u00e1si id\u0151":"5 perc"},"schema":{"@context":"https:\/\/schema.org","@graph":[{"@type":"WebPage","@id":"https:\/\/www.salzburgerland.com\/hu\/salzburgi-sportvilag-csaladi-udules\/","url":"https:\/\/www.salzburgerland.com\/hu\/salzburgi-sportvilag-csaladi-udules\/","name":"Csal\u00e1di \u00fcd\u00fcl\u00e9s a Salzburgi Sportvil\u00e1gban \u00bb SalzburgerLand.com","isPartOf":{"@id":"https:\/\/www.salzburgerland.com\/hu\/#website"},"primaryImageOfPage":{"@id":"https:\/\/www.salzburgerland.com\/hu\/salzburgi-sportvilag-csaladi-udules\/#primaryimage"},"image":{"@id":"https:\/\/www.salzburgerland.com\/hu\/salzburgi-sportvilag-csaladi-udules\/#primaryimage"},"thumbnailUrl":"https:\/\/www.salzburgerland.com\/hu\/wp-content\/uploads\/2024\/03\/20_flachau_sommer_wandern_familie_2.jpg","datePublished":"2022-04-27T08:59:37+00:00","dateModified":"2024-03-21T19:14:06+00:00","description":"Kalandos csal\u00e1di t\u00far\u00e1k, ker\u00e9kp\u00e1roz\u00e1s, hegytet\u0151k\u00f6n kialak\u00edtott \u00e9lm\u00e9nyvil\u00e1gok v\u00e1rj\u00e1k a gyerekeket. Kalandos csal\u00e1di t\u00far\u00e1k, ker\u00e9kp\u00e1roz\u00e1s, hegytet\u0151k\u00f6n kialak\u00edtott \u00e9lm\u00e9nyvil\u00e1gok v\u00e1rj\u00e1k a gyerekeket.","inLanguage":"hu","potentialAction":[{"@type":"ReadAction","target":["https:\/\/www.salzburgerland.com\/hu\/salzburgi-sportvilag-csaladi-udules\/"]}]},{"@type":"ImageObject","inLanguage":"hu","@id":"https:\/\/www.salzburgerland.com\/hu\/salzburgi-sportvilag-csaladi-udules\/#primaryimage","url":"https:\/\/www.salzburgerland.com\/hu\/wp-content\/uploads\/2024\/03\/20_flachau_sommer_wandern_familie_2.jpg","contentUrl":"https:\/\/www.salzburgerland.com\/hu\/wp-content\/uploads\/2024\/03\/20_flachau_sommer_wandern_familie_2.jpg","width":1920,"height":1280,"caption":"Sokf\u00e9le sportol\u00e1si lehet\u0151s\u00e9g k\u00f6z\u00fcl v\u00e1laszthatunk Flachauban \u00a9 Flachau Tourismus, Ulrich Grill"},{"@type":"WebSite","@id":"https:\/\/www.salzburgerland.com\/hu\/#website","url":"https:\/\/www.salzburgerland.com\/hu\/","name":"SalzburgerLand.com","description":"\u00dcd\u00fcl\u00e9s Ausztri\u00e1ban, Salzburg tartom\u00e1nyban","potentialAction":[{"@type":"SearchAction","target":{"@type":"EntryPoint","urlTemplate":"https:\/\/www.salzburgerland.com\/hu\/?s={search_term_string}"},"query-input":{"@type":"PropertyValueSpecification","valueRequired":true,"valueName":"search_term_string"}}],"inLanguage":"hu"}]}},"_wl_alt_label":[],"wl:entity_url":"http:\/\/open.salzburgerland.com\/hu\/entity\/salzburgi-sportvilag-csaladi-udules-15527","_links":{"self":[{"href":"https:\/\/www.salzburgerland.com\/hu\/wp-json\/wp\/v2\/entities\/15527","targetHints":{"allow":["GET"]}}],"collection":[{"href":"https:\/\/www.salzburgerland.com\/hu\/wp-json\/wp\/v2\/entities"}],"about":[{"href":"https:\/\/www.salzburgerland.com\/hu\/wp-json\/wp\/v2\/types\/entity"}],"author":[{"embeddable":true,"href":"https:\/\/www.salzburgerland.com\/hu\/wp-json\/wp\/v2\/users\/21"}],"replies":[{"embeddable":true,"href":"https:\/\/www.salzburgerland.com\/hu\/wp-json\/wp\/v2\/comments?post=15527"}],"version-history":[{"count":5,"href":"https:\/\/www.salzburgerland.com\/hu\/wp-json\/wp\/v2\/entities\/15527\/revisions"}],"predecessor-version":[{"id":21460,"href":"https:\/\/www.salzburgerland.com\/hu\/wp-json\/wp\/v2\/entities\/15527\/revisions\/21460"}],"wp:featuredmedia":[{"embeddable":true,"href":"https:\/\/www.salzburgerland.com\/hu\/wp-json\/wp\/v2\/media\/21282"}],"wp:attachment":[{"href":"https:\/\/www.salzburgerland.com\/hu\/wp-json\/wp\/v2\/media?parent=15527"}],"wp:term":[{"taxonomy":"category","embeddable":true,"href":"https:\/\/www.salzburgerland.com\/hu\/wp-json\/wp\/v2\/categories?post=15527"},{"taxonomy":"post_tag","embeddable":true,"href":"https:\/\/www.salzburgerland.com\/hu\/wp-json\/wp\/v2\/tags?post=15527"},{"taxonomy":"wl_entity_type","embeddable":true,"href":"https:\/\/www.salzburgerland.com\/hu\/wp-json\/wp\/v2\/wl_entity_type?post=15527"}],"curies":[{"name":"wp","href":"https:\/\/api.w.org\/{rel}","templated":true}]}}