{"id":14991,"date":"2022-02-21T21:44:00","date_gmt":"2022-02-21T20:44:00","guid":{"rendered":"https:\/\/www.salzburgerland.com\/hu\/?post_type=entity&#038;p=14991"},"modified":"2026-02-21T19:04:03","modified_gmt":"2026-02-21T18:04:03","slug":"husveti-sieles-a-tavaszi-napsutesben","status":"publish","type":"entity","link":"https:\/\/www.salzburgerland.com\/hu\/husveti-sieles-a-tavaszi-napsutesben\/","title":{"rendered":"S\u00edel\u00e9s a tavaszi naps\u00fct\u00e9sben"},"content":{"rendered":"<div>\n<p class=\"paragraph\"><span>Amikor m\u00e1r hosszabbodnak a nappalok, \u00e9s \u00e9rezhet\u0151en megn\u00f6vekszik a nap ereje, a k\u00f6lt\u00f6z\u0151 madarak is lassan hazat\u00e9rnek, akkor indul a tavaszi s\u00edel\u00e9s Salzburg tartom\u00e1nyban. Ez az id\u0151szak \u2013 amikor <strong>a term\u00e9szet \u00e9bredezik \u2013\u00a0<\/strong>kifejezetten alkalmas a s\u00edel\u00e9sre is. A t\u00f6k\u00e9letesen \u00e1polt s\u00edp\u00e1ly\u00e1k \u00e9s <strong data-start=\"32\" data-end=\"61\">a s\u00edszezon v\u00e9g\u00e9ig kitart\u00f3<\/strong> h\u00f3biztoss\u00e1g az oka, hogy az \u00e9vnek ezen szakasza k\u00fcl\u00f6n\u00f6sen n\u00e9pszer\u0171 a s\u00edel\u0151k k\u00f6r\u00e9ben.<\/span><\/p>\n<\/div>\n<div>\n<p class=\"paragraph\"><span class=\"normaltextrun\"><span lang=\"DE-AT\">Ez nem is csoda, ha a csod\u00e1latos reggeli lesikl\u00e1sokra, \u00e9s a naps\u00fct\u00e9sben elt\u00f6lt\u00f6tt d\u00e9li \u00f3r\u00e1kra gondolunk a h\u00fctt\u00e9k hangulatos teraszain, vagy a kora est\u00e9kre, amikor a v\u00f6lgyben \u00e9lvezz\u00fck a kellemes id\u0151j\u00e1r\u00e1st. Mert egy dolog biztos: kora tavasszal az \u00e9let napos oldal\u00e1n tart\u00f3zkodunk Salzburg tartom\u00e1ny hegyei k\u00f6z\u00f6tt. \u00c9s nem csak \u00e1tvitt \u00e9rtelemben.<\/span><\/span><\/p>\n<div id=\"attachment_23965\" style=\"width: 1180px\" class=\"wp-caption alignleft\"><img decoding=\"async\" aria-describedby=\"caption-attachment-23965\" class=\"size-1170_658 wp-image-23965\" src=\"https:\/\/www.salzburgerland.com\/hu\/wp-content\/uploads\/2022\/02\/rs219__n4g0849-lpr-1170x658.jpg\" alt=\"H\u00e1rom sz\u00ednes ruh\u00e1s s\u00edel\u0151 \u00e9lvezi a h\u00fasv\u00e9ti s\u00edel\u00e9st, nevetg\u00e9lve a naps\u00fct\u00e9sben egy havas hegyoldalon.\" width=\"1170\" height=\"658\" srcset=\"https:\/\/www.salzburgerland.com\/hu\/wp-content\/uploads\/2022\/02\/rs219__n4g0849-lpr-1170x658.jpg 1170w, https:\/\/www.salzburgerland.com\/hu\/wp-content\/uploads\/2022\/02\/rs219__n4g0849-lpr-1200x675.jpg 1200w\" sizes=\"(max-width: 1170px) 100vw, 1170px\"><p id=\"caption-attachment-23965\" class=\"wp-caption-text\">\u00a9 SalzburgerLand Tourismus, ideenwerk werbeagentur gmbh, Skifahrer \u2013 Winterspa\u00df<\/p><\/div>\n<h3><span>H\u00fasv\u00e9ti szok\u00e1sok<\/span>\u00a0Salzburg tartom\u00e1nyban<\/h3>\n<p>Aki azt gondolja, hogy az \u00e9let h\u00fasv\u00e9tkor csakis a s\u00edp\u00e1ly\u00e1kon \u00e9s a h\u00fctt\u00e9kben zajlik, val\u00f3sz\u00edn\u0171leg nem sz\u00e1molt a salzburgi emberek rendk\u00edv\u00fcl <strong>gondosan \u00e1polt hagyom\u00e1nyaival<\/strong>. Vannak \u0151si pog\u00e1ny eredet\u0171 hagyom\u00e1nyok, \u00e1tvett term\u00e9kenys\u00e9gi ritu\u00e1l\u00e9k, \u00e9s emelkedett egyh\u00e1zi \u00fcnnepek. Egy biztos,\u00a0Salzburg tartom\u00e1nyban a <strong>fesztiv\u00e1lokon<\/strong> \u00e9s <strong>\u00fcnneps\u00e9geken<\/strong> mindig tal\u00e1lhatunk alkalmat arra, hogy a n\u00e9pviseletbe \u00f6lt\u00f6z\u00f6tt emberek k\u00f6z\u00f6tt \u00fcnnepelj\u00fcnk.<\/p>\n<div id=\"attachment_18036\" style=\"width: 1034px\" class=\"wp-caption alignnone\"><img decoding=\"async\" aria-describedby=\"caption-attachment-18036\" class=\"size-medium wp-image-18036\" src=\"https:\/\/www.salzburgerland.com\/hu\/wp-content\/uploads\/2022\/11\/lungauer-osterfeuer-1170x658-1-1024x569.jpg\" alt=\"Nagyszombatr\u00f3l h\u00fasv\u00e9t vas\u00e1rnapra virrad\u00f3 \u00e9jszaka sz\u00e1mos h\u00fasv\u00e9ti t\u0171z vil\u00e1g\u00edtja meg a s\u00f6t\u00e9ts\u00e9get.\" width=\"1024\" height=\"569\" srcset=\"https:\/\/www.salzburgerland.com\/hu\/wp-content\/uploads\/2022\/11\/lungauer-osterfeuer-1170x658-1-1024x569.jpg 1024w, https:\/\/www.salzburgerland.com\/hu\/wp-content\/uploads\/2022\/11\/lungauer-osterfeuer-1170x658-1-370x206.jpg 370w, https:\/\/www.salzburgerland.com\/hu\/wp-content\/uploads\/2022\/11\/lungauer-osterfeuer-1170x658-1-270x150.jpg 270w, https:\/\/www.salzburgerland.com\/hu\/wp-content\/uploads\/2022\/11\/lungauer-osterfeuer-1170x658-1-540x300.jpg 540w\" sizes=\"(max-width: 1024px) 100vw, 1024px\"><p id=\"caption-attachment-18036\" class=\"wp-caption-text\">Nagyszombatr\u00f3l h\u00fasv\u00e9t vas\u00e1rnapra virrad\u00f3 \u00e9jszaka sz\u00e1mos h\u00fasv\u00e9ti t\u0171z vil\u00e1g\u00edtja meg a s\u00f6t\u00e9ts\u00e9get \u00a9 Wolfgang Hojna \u2013 Leidolf<\/p><\/div>\n<\/div>\n<div>\n<p class=\"paragraph\"><span class=\"eop\"><span>A <strong>h\u00fasv\u00e9ti<\/strong>\u00a0n\u00e9pszok\u00e1sok nemcsak a helyieknek, hanem a vend\u00e9geknek is v\u00e1ltozatoss\u00e1got biztos\u00edtanak. A <strong>barkacsokor<\/strong> k\u00f6t\u00f6z\u00e9se, a barka-felvonul\u00e1s, a lovagl\u00e1s szam\u00e1rh\u00e1ton, a k\u00f6z\u00f6s \u00e9nekl\u00e9s, a <strong>h\u00fasv\u00e9ti toj\u00e1sfest\u00e9s<\/strong> \u00e9s a n\u00e9pszer\u0171 toj\u00e1sszed\u00e9s csak n\u00e9h\u00e1ny a m\u00e1ig nagy n\u00e9pszer\u0171s\u00e9gnek \u00f6rvend\u0151 hagyom\u00e1nyok k\u00f6z\u00fcl. K\u00fcl\u00f6n\u00f6sen l\u00e1tv\u00e1nyosak a <strong><a href=\"https:\/\/www.salzburgerland.com\/hu\/salzburgi-lungau-tel\/\">lungau<\/a>i h\u00fasv\u00e9ti m\u00e1gly\u00e1k<\/strong>, amelyek messzir\u0151l vil\u00e1g\u00edtj\u00e1k meg az eget a nagyszombatr\u00f3l h\u00fasv\u00e9tvas\u00e1rnapra virrad\u00f3 \u00e9jszaka, \u00e9s hagyom\u00e1nyuk visszany\u00falik a kereszt\u00e9nys\u00e9g el\u0151tti id\u0151kbe. Az \u00dar sz\u00fclet\u00e9se \u00e9s a term\u00e9szet fel\u00e9bred\u00e9se felett \u00e9rzett \u00f6r\u00f6m kifejez\u0151d\u00e9sei.<\/span><\/span><\/p>\n<\/div>\n","protected":false},"excerpt":{"rendered":"<p>Amikor m\u00e1r hosszabbodnak a nappalok, \u00e9s \u00e9rezhet\u0151en megn\u00f6vekszik a nap ereje, a k\u00f6lt\u00f6z\u0151 madarak is lassan hazat\u00e9rnek, akkor indul a tavaszi s\u00edel\u00e9s Salzburg tartom\u00e1nyban. Ez az id\u0151szak \u2013 amikor a term\u00e9szet \u00e9bredezik \u2013\u00a0kifejezetten alkalmas a s\u00edel\u00e9sre is. A t\u00f6k\u00e9letesen \u00e1polt s\u00edp\u00e1ly\u00e1k \u00e9s a s\u00edszezon v\u00e9g\u00e9ig kitart\u00f3 h\u00f3biztoss\u00e1g az oka, hogy az \u00e9vnek ezen szakasza k\u00fcl\u00f6n\u00f6sen [&hellip;]<\/p>\n","protected":false},"author":21,"featured_media":14992,"comment_status":"closed","ping_status":"closed","template":"","meta":{"_acf_changed":false,"wl_entities_gutenberg":"","_relevanssi_hide_post":"","_relevanssi_hide_content":"","_relevanssi_pin_for_all":"","_relevanssi_pin_keywords":"","_relevanssi_unpin_keywords":"","_relevanssi_related_keywords":"","_relevanssi_related_include_ids":"","_relevanssi_related_exclude_ids":"","_relevanssi_related_no_append":"","_relevanssi_related_not_related":"","_relevanssi_related_posts":"","_relevanssi_noindex_reason":"","footnotes":""},"categories":[],"tags":[],"wl_entity_type":[2],"class_list":["post-14991","entity","type-entity","status-publish","has-post-thumbnail","hentry","wl_entity_type-thing","sitetype-theme"],"acf":[],"yoast_head":"<!-- This site is optimized with the Yoast SEO Premium plugin v27.4 (Yoast SEO v27.4) - https:\/\/yoast.com\/product\/yoast-seo-premium-wordpress\/ -->\n<title>S\u00edel\u00e9s a tavaszi naps\u00fct\u00e9sben \u00bb SalzburgerLand.com<\/title>\n<meta name=\"description\" content=\"H\u00fasv\u00e9ti s\u00edel\u00e9s a tavaszi naps\u00fct\u00e9sben Salzburg tartom\u00e1ny fantasztikus lejt\u0151in. \u00c9rdemes kipr\u00f3b\u00e1lni tavasszal!\" \/>\n<meta name=\"robots\" content=\"index, follow, max-snippet:-1, max-image-preview:large, max-video-preview:-1\" \/>\n<link rel=\"canonical\" href=\"https:\/\/www.salzburgerland.com\/hu\/husveti-sieles-a-tavaszi-napsutesben\/\" \/>\n<meta property=\"og:locale\" content=\"hu_HU\" \/>\n<meta property=\"og:type\" content=\"article\" \/>\n<meta property=\"og:title\" content=\"S\u00edel\u00e9s a tavaszi naps\u00fct\u00e9sben\" \/>\n<meta property=\"og:description\" content=\"Amikor m\u00e1r hosszabbodnak a nappalok, \u00e9s \u00e9rezhet\u0151en megn\u00f6vekszik a nap ereje, a k\u00f6lt\u00f6z\u0151 madarak is lassan hazat\u00e9rnek, akkor indul a tavaszi s\u00edel\u00e9s Salzburg\" \/>\n<meta property=\"og:url\" content=\"https:\/\/www.salzburgerland.com\/hu\/husveti-sieles-a-tavaszi-napsutesben\/\" \/>\n<meta property=\"og:site_name\" content=\"SalzburgerLand.com\" \/>\n<meta property=\"article:publisher\" content=\"https:\/\/www.facebook.com\/visitsalzburgerland\/\" \/>\n<meta property=\"article:modified_time\" content=\"2026-02-21T18:04:03+00:00\" \/>\n<meta property=\"og:image\" content=\"https:\/\/www.salzburgerland.com\/hu\/wp-content\/uploads\/2022\/02\/salzburger-saalachtal-winter-hutte-1170x658-1.jpg\" \/>\n\t<meta property=\"og:image:width\" content=\"1170\" \/>\n\t<meta property=\"og:image:height\" content=\"658\" \/>\n\t<meta property=\"og:image:type\" content=\"image\/jpeg\" \/>\n<meta name=\"twitter:card\" content=\"summary_large_image\" \/>\n<meta name=\"twitter:site\" content=\"@salzburgerland\" \/>\n<meta name=\"twitter:label1\" content=\"Becs\u00fclt olvas\u00e1si id\u0151\" \/>\n\t<meta name=\"twitter:data1\" content=\"6 perc\" \/>\n<script type=\"application\/ld+json\" class=\"yoast-schema-graph\">{\"@context\":\"https:\\\/\\\/schema.org\",\"@graph\":[{\"@type\":\"WebPage\",\"@id\":\"https:\\\/\\\/www.salzburgerland.com\\\/hu\\\/husveti-sieles-a-tavaszi-napsutesben\\\/\",\"url\":\"https:\\\/\\\/www.salzburgerland.com\\\/hu\\\/husveti-sieles-a-tavaszi-napsutesben\\\/\",\"name\":\"S\u00edel\u00e9s a tavaszi naps\u00fct\u00e9sben \u00bb SalzburgerLand.com\",\"isPartOf\":{\"@id\":\"https:\\\/\\\/www.salzburgerland.com\\\/hu\\\/#website\"},\"primaryImageOfPage\":{\"@id\":\"https:\\\/\\\/www.salzburgerland.com\\\/hu\\\/husveti-sieles-a-tavaszi-napsutesben\\\/#primaryimage\"},\"image\":{\"@id\":\"https:\\\/\\\/www.salzburgerland.com\\\/hu\\\/husveti-sieles-a-tavaszi-napsutesben\\\/#primaryimage\"},\"thumbnailUrl\":\"https:\\\/\\\/www.salzburgerland.com\\\/hu\\\/wp-content\\\/uploads\\\/2022\\\/02\\\/salzburger-saalachtal-winter-hutte-1170x658-1.jpg\",\"datePublished\":\"2022-02-21T20:44:00+00:00\",\"dateModified\":\"2026-02-21T18:04:03+00:00\",\"description\":\"H\u00fasv\u00e9ti s\u00edel\u00e9s a tavaszi naps\u00fct\u00e9sben Salzburg tartom\u00e1ny fantasztikus lejt\u0151in. \u00c9rdemes kipr\u00f3b\u00e1lni tavasszal!\",\"inLanguage\":\"hu\",\"potentialAction\":[{\"@type\":\"ReadAction\",\"target\":[\"https:\\\/\\\/www.salzburgerland.com\\\/hu\\\/husveti-sieles-a-tavaszi-napsutesben\\\/\"]}]},{\"@type\":\"ImageObject\",\"inLanguage\":\"hu\",\"@id\":\"https:\\\/\\\/www.salzburgerland.com\\\/hu\\\/husveti-sieles-a-tavaszi-napsutesben\\\/#primaryimage\",\"url\":\"https:\\\/\\\/www.salzburgerland.com\\\/hu\\\/wp-content\\\/uploads\\\/2022\\\/02\\\/salzburger-saalachtal-winter-hutte-1170x658-1.jpg\",\"contentUrl\":\"https:\\\/\\\/www.salzburgerland.com\\\/hu\\\/wp-content\\\/uploads\\\/2022\\\/02\\\/salzburger-saalachtal-winter-hutte-1170x658-1.jpg\",\"width\":1170,\"height\":658,\"caption\":\"Napoz\u00e1s az Almenwelt Lofer h\u00f3b\u00e1rj\u00e1ban \u00a9 Salzburger Saalachtal Tourismus\"},{\"@type\":\"WebSite\",\"@id\":\"https:\\\/\\\/www.salzburgerland.com\\\/hu\\\/#website\",\"url\":\"https:\\\/\\\/www.salzburgerland.com\\\/hu\\\/\",\"name\":\"SalzburgerLand.com\",\"description\":\"\u00dcd\u00fcl\u00e9s Ausztri\u00e1ban, Salzburg tartom\u00e1nyban\",\"potentialAction\":[{\"@type\":\"SearchAction\",\"target\":{\"@type\":\"EntryPoint\",\"urlTemplate\":\"https:\\\/\\\/www.salzburgerland.com\\\/hu\\\/?s={search_term_string}\"},\"query-input\":{\"@type\":\"PropertyValueSpecification\",\"valueRequired\":true,\"valueName\":\"search_term_string\"}}],\"inLanguage\":\"hu\"}]}<\/script>\n<!-- \/ Yoast SEO Premium plugin. -->","yoast_head_json":{"title":"S\u00edel\u00e9s a tavaszi naps\u00fct\u00e9sben \u00bb SalzburgerLand.com","description":"H\u00fasv\u00e9ti s\u00edel\u00e9s a tavaszi naps\u00fct\u00e9sben Salzburg tartom\u00e1ny fantasztikus lejt\u0151in. \u00c9rdemes kipr\u00f3b\u00e1lni tavasszal!","robots":{"index":"index","follow":"follow","max-snippet":"max-snippet:-1","max-image-preview":"max-image-preview:large","max-video-preview":"max-video-preview:-1"},"canonical":"https:\/\/www.salzburgerland.com\/hu\/husveti-sieles-a-tavaszi-napsutesben\/","og_locale":"hu_HU","og_type":"article","og_title":"S\u00edel\u00e9s a tavaszi naps\u00fct\u00e9sben","og_description":"Amikor m\u00e1r hosszabbodnak a nappalok, \u00e9s \u00e9rezhet\u0151en megn\u00f6vekszik a nap ereje, a k\u00f6lt\u00f6z\u0151 madarak is lassan hazat\u00e9rnek, akkor indul a tavaszi s\u00edel\u00e9s Salzburg","og_url":"https:\/\/www.salzburgerland.com\/hu\/husveti-sieles-a-tavaszi-napsutesben\/","og_site_name":"SalzburgerLand.com","article_publisher":"https:\/\/www.facebook.com\/visitsalzburgerland\/","article_modified_time":"2026-02-21T18:04:03+00:00","og_image":[{"url":"https:\/\/www.salzburgerland.com\/hu\/wp-content\/uploads\/2022\/02\/salzburger-saalachtal-winter-hutte-1170x658-1.jpg","width":1170,"height":658,"type":"image\/jpeg"}],"twitter_card":"summary_large_image","twitter_site":"@salzburgerland","twitter_misc":{"Becs\u00fclt olvas\u00e1si id\u0151":"6 perc"},"schema":{"@context":"https:\/\/schema.org","@graph":[{"@type":"WebPage","@id":"https:\/\/www.salzburgerland.com\/hu\/husveti-sieles-a-tavaszi-napsutesben\/","url":"https:\/\/www.salzburgerland.com\/hu\/husveti-sieles-a-tavaszi-napsutesben\/","name":"S\u00edel\u00e9s a tavaszi naps\u00fct\u00e9sben \u00bb SalzburgerLand.com","isPartOf":{"@id":"https:\/\/www.salzburgerland.com\/hu\/#website"},"primaryImageOfPage":{"@id":"https:\/\/www.salzburgerland.com\/hu\/husveti-sieles-a-tavaszi-napsutesben\/#primaryimage"},"image":{"@id":"https:\/\/www.salzburgerland.com\/hu\/husveti-sieles-a-tavaszi-napsutesben\/#primaryimage"},"thumbnailUrl":"https:\/\/www.salzburgerland.com\/hu\/wp-content\/uploads\/2022\/02\/salzburger-saalachtal-winter-hutte-1170x658-1.jpg","datePublished":"2022-02-21T20:44:00+00:00","dateModified":"2026-02-21T18:04:03+00:00","description":"H\u00fasv\u00e9ti s\u00edel\u00e9s a tavaszi naps\u00fct\u00e9sben Salzburg tartom\u00e1ny fantasztikus lejt\u0151in. \u00c9rdemes kipr\u00f3b\u00e1lni tavasszal!","inLanguage":"hu","potentialAction":[{"@type":"ReadAction","target":["https:\/\/www.salzburgerland.com\/hu\/husveti-sieles-a-tavaszi-napsutesben\/"]}]},{"@type":"ImageObject","inLanguage":"hu","@id":"https:\/\/www.salzburgerland.com\/hu\/husveti-sieles-a-tavaszi-napsutesben\/#primaryimage","url":"https:\/\/www.salzburgerland.com\/hu\/wp-content\/uploads\/2022\/02\/salzburger-saalachtal-winter-hutte-1170x658-1.jpg","contentUrl":"https:\/\/www.salzburgerland.com\/hu\/wp-content\/uploads\/2022\/02\/salzburger-saalachtal-winter-hutte-1170x658-1.jpg","width":1170,"height":658,"caption":"Napoz\u00e1s az Almenwelt Lofer h\u00f3b\u00e1rj\u00e1ban \u00a9 Salzburger Saalachtal Tourismus"},{"@type":"WebSite","@id":"https:\/\/www.salzburgerland.com\/hu\/#website","url":"https:\/\/www.salzburgerland.com\/hu\/","name":"SalzburgerLand.com","description":"\u00dcd\u00fcl\u00e9s Ausztri\u00e1ban, Salzburg tartom\u00e1nyban","potentialAction":[{"@type":"SearchAction","target":{"@type":"EntryPoint","urlTemplate":"https:\/\/www.salzburgerland.com\/hu\/?s={search_term_string}"},"query-input":{"@type":"PropertyValueSpecification","valueRequired":true,"valueName":"search_term_string"}}],"inLanguage":"hu"}]}},"_wl_alt_label":[],"wl:entity_url":"http:\/\/open.salzburgerland.com\/hu\/entity\/husveti_sieles_a_tavaszi_napsutesben","_links":{"self":[{"href":"https:\/\/www.salzburgerland.com\/hu\/wp-json\/wp\/v2\/entities\/14991","targetHints":{"allow":["GET"]}}],"collection":[{"href":"https:\/\/www.salzburgerland.com\/hu\/wp-json\/wp\/v2\/entities"}],"about":[{"href":"https:\/\/www.salzburgerland.com\/hu\/wp-json\/wp\/v2\/types\/entity"}],"author":[{"embeddable":true,"href":"https:\/\/www.salzburgerland.com\/hu\/wp-json\/wp\/v2\/users\/21"}],"replies":[{"embeddable":true,"href":"https:\/\/www.salzburgerland.com\/hu\/wp-json\/wp\/v2\/comments?post=14991"}],"version-history":[{"count":27,"href":"https:\/\/www.salzburgerland.com\/hu\/wp-json\/wp\/v2\/entities\/14991\/revisions"}],"predecessor-version":[{"id":23968,"href":"https:\/\/www.salzburgerland.com\/hu\/wp-json\/wp\/v2\/entities\/14991\/revisions\/23968"}],"wp:featuredmedia":[{"embeddable":true,"href":"https:\/\/www.salzburgerland.com\/hu\/wp-json\/wp\/v2\/media\/14992"}],"wp:attachment":[{"href":"https:\/\/www.salzburgerland.com\/hu\/wp-json\/wp\/v2\/media?parent=14991"}],"wp:term":[{"taxonomy":"category","embeddable":true,"href":"https:\/\/www.salzburgerland.com\/hu\/wp-json\/wp\/v2\/categories?post=14991"},{"taxonomy":"post_tag","embeddable":true,"href":"https:\/\/www.salzburgerland.com\/hu\/wp-json\/wp\/v2\/tags?post=14991"},{"taxonomy":"wl_entity_type","embeddable":true,"href":"https:\/\/www.salzburgerland.com\/hu\/wp-json\/wp\/v2\/wl_entity_type?post=14991"}],"curies":[{"name":"wp","href":"https:\/\/api.w.org\/{rel}","templated":true}]}}