{"id":139,"date":"2016-11-16T18:32:28","date_gmt":"2016-11-16T18:32:28","guid":{"rendered":"https:\/\/www.onebigpark.at\/hu\/?post_type=entity&#038;p=139"},"modified":"2023-06-11T15:05:46","modified_gmt":"2023-06-11T13:05:46","slug":"kerekparral-mountainbike-kal","status":"publish","type":"entity","link":"https:\/\/www.salzburgerland.com\/hu\/kerekparral-mountainbike-kal\/","title":{"rendered":"Bring\u00e1val a salzburgi hegyekben, v\u00f6lgyekben"},"content":{"rendered":"<p><span color=\"#000000\">K\u00f6zel a cs\u00facs, alig p\u00e1r m\u00e9ter, \u00e9s fenn vagyunk. Hogy ez micsoda \u00e9rz\u00e9s! A kil\u00e1t\u00e1s is elk\u00e9peszt\u0151en sz\u00e9p \u00e9s j\u00f3 messzire ell\u00e1tni innen fentr\u0151l. Csak a cs\u00f3k\u00e1k csetteg\u00e9se t\u00f6ri meg id\u0151nk\u00e9nt a cs\u00f6ndet. Valahogy most minden val\u00f3dibbnak t\u0171nik. R\u00e9szei vagyunk a term\u00e9szetnek \u00e9s megfelelt\u00fcnk egy magunk v\u00e1llalta <strong>kih\u00edv\u00e1snak<\/strong>. Eml\u00e9keinkbe r\u00f6gz\u0151dik ez a pillanat. Neh\u00e9z megfogalmazni, milyen \u00e9rz\u00e9s ez. Tal\u00e1n csak az tudja, aki m\u00e1r \u00e1t\u00e9lte<\/span><span color=\"#000000\">. \u00c9s ha <strong>elektromos r\u00e1seg\u00edt\u00e9ssel<\/strong> teker\u00fcnk f\u00f6l a magasba? A bring\u00e1z\u00e1s\u00a0\u00e9lm\u00e9nye, a<\/span><span color=\"#000000\"> l\u00e1tv\u00e1ny akkor is a mi\u00e9nk \u00e9s friss energi\u00e1kkal t\u00f6lt fel.<\/span><\/p>\n<div id=\"attachment_10200\" style=\"width: 1180px\" class=\"wp-caption alignnone\"><img decoding=\"async\" aria-describedby=\"caption-attachment-10200\" class=\"size-1170_658 wp-image-10200\" src=\"https:\/\/cdn.salzburgerland.com\/hu\/wp-content\/uploads\/2016\/11\/e-bike-sommer-2017-nadia-jabli-photography-altenmarkt-zauchensee-tourismus-1600-1170x658.jpg\" alt=\"\" width=\"1170\" height=\"658\" srcset=\"https:\/\/www.salzburgerland.com\/hu\/wp-content\/uploads\/2016\/11\/e-bike-sommer-2017-nadia-jabli-photography-altenmarkt-zauchensee-tourismus-1600-1170x658.jpg 1170w, https:\/\/www.salzburgerland.com\/hu\/wp-content\/uploads\/2016\/11\/e-bike-sommer-2017-nadia-jabli-photography-altenmarkt-zauchensee-tourismus-1600-1200x675.jpg 1200w\" sizes=\"(max-width: 1170px) 100vw, 1170px\"><p id=\"caption-attachment-10200\" class=\"wp-caption-text\">E-bring\u00e1s nyaral\u00f3k \u00a9 Altenmarkt-Zauchensee Tourismus, Nadia Jabli<\/p><\/div>\n<p><span color=\"#000000\">Versenyker\u00e9kp\u00e1rosok suhannak v\u00f6lgyekben, tavak, foly\u00f3k, patakok ment\u00e9n \u00e9s az impoz\u00e1ns h\u00e1g\u00f3kon, ki egyed\u00fcl, ki t\u00f6bbedmag\u00e1val. A bring\u00e1z\u00e1s egyik legnagyobb j\u00f3t\u00e9tem\u00e9nye a t\u00f6bbi sport\u00e1ggal szemben, hogy a bringa nyerg\u00e9ben szinte <strong>t\u00f6k\u00e9letesen ki lehet kapcsol\u00f3dni<\/strong>. A <span id=\"urn:enhancement-fd261d23-c692-6fbf-dfb8-64516345a838\">stressz<\/span> \u00e9s a mindennapok ny\u0171ge egyszer\u0171en lepereg az emberr\u0151l. Persze vannak, akik a bring\u00e1z\u00e1sban is kifejezetten az izgalmat keresik, <strong>orsz\u00e1g\u00fati ker\u00e9kp\u00e1rversenyekre,<\/strong> s\u0151t <strong>triatlonra<\/strong> edzenek. Egyre nagyobb a sz\u00e1muk errefel\u00e9 is, ann\u00e1l is ink\u00e1bb, hogy <span id=\"urn:enhancement-341f54bd-d4bc-dff2-7574-a2de4130defe\">Salzburg tartom\u00e1ny<\/span> (SalzburgerLand) r\u00e9gi\u00f3i ide\u00e1lis terepeket k\u00edn\u00e1lnak ker\u00e9kp\u00e1rversenyek \u00e9s triatlonok megrendez\u00e9s\u00e9re. Nagy er\u0151pr\u00f3b\u00e1k ezek a versenyek, de l\u00e1tv\u00e1nyosak is, \u00edgy szurkol\u00f3kban sosincs hi\u00e1ny. <\/span><\/p>\n<div id=\"attachment_7317\" style=\"width: 1180px\" class=\"wp-caption alignnone\"><img decoding=\"async\" aria-describedby=\"caption-attachment-7317\" class=\"size-1170_658 wp-image-7317\" src=\"https:\/\/cdn.salzburgerland.com\/hu\/wp-content\/uploads\/2016\/11\/orszaguti-es-und-triatlon-1170x658.jpg\" alt=\"\" width=\"1170\" height=\"658\" srcset=\"https:\/\/www.salzburgerland.com\/hu\/wp-content\/uploads\/2016\/11\/orszaguti-es-und-triatlon-1170x658.jpg 1170w, https:\/\/www.salzburgerland.com\/hu\/wp-content\/uploads\/2016\/11\/orszaguti-es-und-triatlon-1200x675.jpg 1200w\" sizes=\"(max-width: 1170px) 100vw, 1170px\"><p id=\"caption-attachment-7317\" class=\"wp-caption-text\">Bringat\u00fara a t\u00f3n\u00e1l \u00a9 SalzburgerLand Tourismus, Markus Greber<\/p><\/div>\n<p><span color=\"#000000\">Megint m\u00e1s a <strong>bringaparkok<\/strong> \u00e9s a <strong>trailek<\/strong> vil\u00e1ga. A <strong>freeride \u00e9s a freestyle<\/strong> bring\u00e1z\u00e1s t\u00e9rh\u00f3d\u00edt\u00e1sa meg\u00e1ll\u00edthatatlan. K\u00fcl\u00f6n\u00f6sen a salzburgi hegyekben, ahol a fant\u00e1zi\u00e1val kialak\u00edtott, l\u00e1tv\u00e1nyos bringaparkok <strong>nemzetk\u00f6zi sz\u00ednvonal\u00fa rendezv\u00e9nyek, versenyek<\/strong> eg\u00e9sz sor\u00e1nak adnak otthont. <\/span><\/p>\n<div id=\"attachment_5209\" style=\"width: 1180px\" class=\"wp-caption alignnone\"><img decoding=\"async\" aria-describedby=\"caption-attachment-5209\" class=\"size-1170_658 wp-image-5209\" src=\"https:\/\/cdn.salzburgerland.com\/hu\/wp-content\/uploads\/2016\/11\/-salzburgerland-tourismus-klemens-koenig-riders-playground-bongo-bongo-1170x658.jpg\" alt=\"\" width=\"1170\" height=\"658\" srcset=\"https:\/\/www.salzburgerland.com\/hu\/wp-content\/uploads\/2016\/11\/-salzburgerland-tourismus-klemens-koenig-riders-playground-bongo-bongo-1170x658.jpg 1170w, https:\/\/www.salzburgerland.com\/hu\/wp-content\/uploads\/2016\/11\/-salzburgerland-tourismus-klemens-koenig-riders-playground-bongo-bongo-1200x675.jpg 1200w\" sizes=\"(max-width: 1170px) 100vw, 1170px\"><p id=\"caption-attachment-5209\" class=\"wp-caption-text\">Riders Playground, Bongo Bongo trail \u00a9 SalzburgerLand Tourismus, Klemens K\u00f6nig<\/p><\/div>\n<h2><span color=\"#000000\">T\u00f6k\u00e9letes terepek, megb\u00edzhat\u00f3 sz\u00e1ll\u00e1sok<\/span><\/h2>\n<p><span color=\"#000000\">Salzburg tartom\u00e1ny gazdag vak\u00e1ci\u00f3s k\u00edn\u00e1lat\u00e1b\u00f3l is kiemelkedik mindaz, amit a r\u00e9gi\u00f3k a bring\u00e1soknak ny\u00fajtanak. A salzburgi hegyekben, v\u00f6lgyekben, v\u00e1rosokban, tavakn\u00e1l \u00e9s foly\u00f3kn\u00e1l bring\u00e1zni tal\u00e1n semmihez se foghat\u00f3 \u00e9lm\u00e9ny. <strong>T\u00f6k\u00e9letes kikapcsol\u00f3d\u00e1s vagy kih\u00edv\u00e1s<\/strong>, ki-ki maga d\u00f6nti el, melyikre v\u00e1gyik. A salzburgi r\u00e9gi\u00f3k n\u00edv\u00f3s ker\u00e9kp\u00e1r\u00fatjain, bringaparkjaiban, trailjein \u00e9s orsz\u00e1g\u00fati verseny\u00fatvonalain k\u00edv\u00fcl ide vonzza a bring\u00e1s turist\u00e1kat a <strong>kiv\u00e1l\u00f3 <span id=\"urn:enhancement-6d3d6f1e-144c-ed82-c61e-ba4eb10cee72\">infrastrukt\u00fara<\/span><\/strong><\/span>, a <span id=\"urn:local-text-annotation-owxv0c7idnlhj1zhmpqphr559zrzk545\" class=\"textannotation disambiguated wl-thing\" itemid=\"http:\/\/open.salzburgerland.com\/hu\/entity\/bringabarat_szallas\"><strong>bringabar\u00e1t<\/strong><strong> sz\u00e1ll\u00e1s<\/strong><\/span><strong>ok magas sz\u00ednvonala<\/strong> \u00e9s <strong>szolg\u00e1ltat\u00f3k gazdag v\u00e1laszt\u00e9ka<\/strong> is. <span color=\"#000000\">Salzburg tartom\u00e1nyban 21 bringabar\u00e1t sz\u00e1lloda rendezkedett be els\u0151sorban hegyi ker\u00e9kp\u00e1rosok fogad\u00e1s\u00e1ra. A bringabar\u00e1t sz\u00e1llod\u00e1k sz\u00e1r\u00edt\u00f3 helyis\u00e9get, ker\u00e9kp\u00e1rmos\u00f3t \u00e9s szervizt, biztons\u00e1gos ker\u00e9kp\u00e1rgar\u00e1zst, t\u00farat\u00e9rk\u00e9peket biztos\u00edtanak vend\u00e9geiknek. Szolg\u00e1ltat\u00e1saik k\u00f6r\u00e9ben biztos\u00edtj\u00e1k a sportruh\u00e1zat kimos\u00e1s\u00e1t, valamint a t\u00far\u00e1k GPS-adatainak ingyenes let\u00f6lt\u00e9si lehet\u0151s\u00e9g\u00e9t is. Emellett nyaranta <strong>a<\/strong> <strong><a href=\"https:\/\/www.salzburgerland.com\/en\/take-the-lift-up-the-mountain\/\" target=\"_blank\" rel=\"noopener noreferrer\">ny\u00e1ron \u00fczemel\u0151 hegyi felvon\u00f3k<\/a> t\u00f6bbs\u00e9ge ker\u00e9kp\u00e1rsz\u00e1ll\u00edt\u00e1si lehet\u0151s\u00e9get is k\u00edn\u00e1l<\/strong> extra szolg\u00e1ltat\u00e1sk\u00e9nt. J<\/span><span color=\"#000000\">\u00f3l hangzik, ugye? M\u00e1r most \u00e9rdemes lenne elkezdeni a tervezget\u00e9st.<\/span><span style=\"margin: 0px; line-height: 107%; font-family: 'Arial',sans-serif; font-size: 12pt;\"><\/span><\/p>\n<div id=\"attachment_6777\" style=\"width: 1180px\" class=\"wp-caption alignnone\"><img decoding=\"async\" aria-describedby=\"caption-attachment-6777\" class=\"size-1170_658 wp-image-6777\" src=\"https:\/\/cdn.salzburgerland.com\/hu\/wp-content\/uploads\/2019\/04\/r2a3504_bikepark-kids-1170x658.jpg\" alt=\"\" width=\"1170\" height=\"658\" srcset=\"https:\/\/www.salzburgerland.com\/hu\/wp-content\/uploads\/2019\/04\/r2a3504_bikepark-kids-1170x658.jpg 1170w, https:\/\/www.salzburgerland.com\/hu\/wp-content\/uploads\/2019\/04\/r2a3504_bikepark-kids-1200x675.jpg 1200w\" sizes=\"(max-width: 1170px) 100vw, 1170px\"><p id=\"caption-attachment-6777\" class=\"wp-caption-text\">Felszerel\u00e9st, vagyis sisakot, protektort, bring\u00e1t lehet k\u00f6lcs\u00f6n\u00f6zni \u00a9 SalzburgerLand Tourismus<\/p><\/div>\n","protected":false},"excerpt":{"rendered":"<p>K\u00f6zel a cs\u00facs, alig p\u00e1r m\u00e9ter, \u00e9s fenn vagyunk. Hogy ez micsoda \u00e9rz\u00e9s! A kil\u00e1t\u00e1s is elk\u00e9peszt\u0151en sz\u00e9p \u00e9s j\u00f3 messzire ell\u00e1tni innen fentr\u0151l. Csak a cs\u00f3k\u00e1k csetteg\u00e9se t\u00f6ri meg id\u0151nk\u00e9nt a cs\u00f6ndet. Valahogy most minden val\u00f3dibbnak t\u0171nik. R\u00e9szei vagyunk a term\u00e9szetnek \u00e9s megfelelt\u00fcnk egy magunk v\u00e1llalta kih\u00edv\u00e1snak. Eml\u00e9keinkbe r\u00f6gz\u0151dik ez a pillanat. Neh\u00e9z megfogalmazni, [&hellip;]<\/p>\n","protected":false},"author":4,"featured_media":19068,"comment_status":"closed","ping_status":"closed","template":"","meta":{"_acf_changed":false,"wl_entities_gutenberg":"","_relevanssi_hide_post":"","_relevanssi_hide_content":"","_relevanssi_pin_for_all":"","_relevanssi_pin_keywords":"","_relevanssi_unpin_keywords":"","_relevanssi_related_keywords":"","_relevanssi_related_include_ids":"","_relevanssi_related_exclude_ids":"","_relevanssi_related_no_append":"","_relevanssi_related_not_related":"","_relevanssi_related_posts":"","_relevanssi_noindex_reason":"","footnotes":""},"categories":[1],"tags":[],"wl_entity_type":[2],"class_list":["post-139","entity","type-entity","status-publish","has-post-thumbnail","hentry","category-uncategorized","wl_entity_type-thing","sitetype-theme"],"acf":[],"yoast_head":"<!-- This site is optimized with the Yoast SEO Premium plugin v27.4 (Yoast SEO v27.4) - https:\/\/yoast.com\/product\/yoast-seo-premium-wordpress\/ -->\n<title>Bring\u00e1val a salzburgi hegyekben, v\u00f6lgyekben<\/title>\n<meta name=\"description\" content=\"Bring\u00e1val a salzburgi hegyekben, v\u00f6lgyekben, tavakn\u00e1l \u00e9s foly\u00f3kn\u00e1l. Versenyker\u00e9kp\u00e1r utak, kiemelt sz\u00ednvonal\u00fa bikeparkok.\" \/>\n<meta name=\"robots\" content=\"index, follow, max-snippet:-1, max-image-preview:large, max-video-preview:-1\" \/>\n<link rel=\"canonical\" href=\"https:\/\/www.salzburgerland.com\/hu\/kerekparral-mountainbike-kal\/\" \/>\n<meta property=\"og:locale\" content=\"hu_HU\" \/>\n<meta property=\"og:type\" content=\"article\" \/>\n<meta property=\"og:title\" content=\"Bring\u00e1val a salzburgi hegyekben, v\u00f6lgyekben\" \/>\n<meta property=\"og:description\" content=\"K\u00f6zel a cs\u00facs, alig p\u00e1r m\u00e9ter, \u00e9s fenn vagyunk. Hogy ez micsoda \u00e9rz\u00e9s! A kil\u00e1t\u00e1s is elk\u00e9peszt\u0151en sz\u00e9p \u00e9s j\u00f3 messzire ell\u00e1tni innen fentr\u0151l. Csak a cs\u00f3k\u00e1k\" \/>\n<meta property=\"og:url\" content=\"https:\/\/www.salzburgerland.com\/hu\/kerekparral-mountainbike-kal\/\" \/>\n<meta property=\"og:site_name\" content=\"SalzburgerLand.com\" \/>\n<meta property=\"article:publisher\" content=\"https:\/\/www.facebook.com\/visitsalzburgerland\/\" \/>\n<meta property=\"article:modified_time\" content=\"2023-06-11T13:05:46+00:00\" \/>\n<meta property=\"og:image\" content=\"https:\/\/www.salzburgerland.com\/hu\/wp-content\/uploads\/2016\/11\/wildkogel_mtb_travel_2019_34cwom_medien-andreas_meyer-1200x675.jpg\" \/>\n\t<meta property=\"og:image:width\" content=\"1200\" \/>\n\t<meta property=\"og:image:height\" content=\"675\" \/>\n\t<meta property=\"og:image:type\" content=\"image\/jpeg\" \/>\n<meta name=\"twitter:card\" content=\"summary_large_image\" \/>\n<meta name=\"twitter:site\" content=\"@salzburgerland\" \/>\n<meta name=\"twitter:label1\" content=\"Becs\u00fclt olvas\u00e1si id\u0151\" \/>\n\t<meta name=\"twitter:data1\" content=\"3 perc\" \/>\n<script type=\"application\/ld+json\" class=\"yoast-schema-graph\">{\"@context\":\"https:\\\/\\\/schema.org\",\"@graph\":[{\"@type\":\"WebPage\",\"@id\":\"https:\\\/\\\/www.salzburgerland.com\\\/hu\\\/kerekparral-mountainbike-kal\\\/\",\"url\":\"https:\\\/\\\/www.salzburgerland.com\\\/hu\\\/kerekparral-mountainbike-kal\\\/\",\"name\":\"Bring\u00e1val a salzburgi hegyekben, v\u00f6lgyekben\",\"isPartOf\":{\"@id\":\"https:\\\/\\\/www.salzburgerland.com\\\/hu\\\/#website\"},\"primaryImageOfPage\":{\"@id\":\"https:\\\/\\\/www.salzburgerland.com\\\/hu\\\/kerekparral-mountainbike-kal\\\/#primaryimage\"},\"image\":{\"@id\":\"https:\\\/\\\/www.salzburgerland.com\\\/hu\\\/kerekparral-mountainbike-kal\\\/#primaryimage\"},\"thumbnailUrl\":\"https:\\\/\\\/www.salzburgerland.com\\\/hu\\\/wp-content\\\/uploads\\\/2016\\\/11\\\/wildkogel_mtb_travel_2019_34cwom_medien-andreas_meyer-scaled.jpg\",\"datePublished\":\"2016-11-16T18:32:28+00:00\",\"dateModified\":\"2023-06-11T13:05:46+00:00\",\"description\":\"Bring\u00e1val a salzburgi hegyekben, v\u00f6lgyekben, tavakn\u00e1l \u00e9s foly\u00f3kn\u00e1l. Versenyker\u00e9kp\u00e1r utak, kiemelt sz\u00ednvonal\u00fa bikeparkok.\",\"inLanguage\":\"hu\",\"potentialAction\":[{\"@type\":\"ReadAction\",\"target\":[\"https:\\\/\\\/www.salzburgerland.com\\\/hu\\\/kerekparral-mountainbike-kal\\\/\"]}]},{\"@type\":\"ImageObject\",\"inLanguage\":\"hu\",\"@id\":\"https:\\\/\\\/www.salzburgerland.com\\\/hu\\\/kerekparral-mountainbike-kal\\\/#primaryimage\",\"url\":\"https:\\\/\\\/www.salzburgerland.com\\\/hu\\\/wp-content\\\/uploads\\\/2016\\\/11\\\/wildkogel_mtb_travel_2019_34cwom_medien-andreas_meyer-scaled.jpg\",\"contentUrl\":\"https:\\\/\\\/www.salzburgerland.com\\\/hu\\\/wp-content\\\/uploads\\\/2016\\\/11\\\/wildkogel_mtb_travel_2019_34cwom_medien-andreas_meyer-scaled.jpg\",\"width\":1920,\"height\":1280,\"caption\":\"Bring\u00e1val a salzburgi hegyekben v\u00f6lgyekben \u00a9 SalzburgerLand Tourismus, Andreas Meyer\"},{\"@type\":\"WebSite\",\"@id\":\"https:\\\/\\\/www.salzburgerland.com\\\/hu\\\/#website\",\"url\":\"https:\\\/\\\/www.salzburgerland.com\\\/hu\\\/\",\"name\":\"SalzburgerLand.com\",\"description\":\"\u00dcd\u00fcl\u00e9s Ausztri\u00e1ban, Salzburg tartom\u00e1nyban\",\"potentialAction\":[{\"@type\":\"SearchAction\",\"target\":{\"@type\":\"EntryPoint\",\"urlTemplate\":\"https:\\\/\\\/www.salzburgerland.com\\\/hu\\\/?s={search_term_string}\"},\"query-input\":{\"@type\":\"PropertyValueSpecification\",\"valueRequired\":true,\"valueName\":\"search_term_string\"}}],\"inLanguage\":\"hu\"}]}<\/script>\n<meta property=\"og:video\" content=\"https:\/\/www.youtube.com\/embed\/2K1gQ6P9V6Y\" \/>\n<meta property=\"og:video:type\" content=\"text\/html\" \/>\n<meta property=\"og:video:duration\" content=\"92\" \/>\n<meta property=\"og:video:width\" content=\"480\" \/>\n<meta property=\"og:video:height\" content=\"270\" \/>\n<meta property=\"ya:ovs:adult\" content=\"false\" \/>\n<meta property=\"ya:ovs:upload_date\" content=\"2016-11-16T18:32:28+00:00\" \/>\n<meta property=\"ya:ovs:allow_embed\" content=\"true\" \/>\n<!-- \/ Yoast SEO Premium plugin. -->","yoast_head_json":{"title":"Bring\u00e1val a salzburgi hegyekben, v\u00f6lgyekben","description":"Bring\u00e1val a salzburgi hegyekben, v\u00f6lgyekben, tavakn\u00e1l \u00e9s foly\u00f3kn\u00e1l. Versenyker\u00e9kp\u00e1r utak, kiemelt sz\u00ednvonal\u00fa bikeparkok.","robots":{"index":"index","follow":"follow","max-snippet":"max-snippet:-1","max-image-preview":"max-image-preview:large","max-video-preview":"max-video-preview:-1"},"canonical":"https:\/\/www.salzburgerland.com\/hu\/kerekparral-mountainbike-kal\/","og_locale":"hu_HU","og_type":"article","og_title":"Bring\u00e1val a salzburgi hegyekben, v\u00f6lgyekben","og_description":"K\u00f6zel a cs\u00facs, alig p\u00e1r m\u00e9ter, \u00e9s fenn vagyunk. Hogy ez micsoda \u00e9rz\u00e9s! A kil\u00e1t\u00e1s is elk\u00e9peszt\u0151en sz\u00e9p \u00e9s j\u00f3 messzire ell\u00e1tni innen fentr\u0151l. Csak a cs\u00f3k\u00e1k","og_url":"https:\/\/www.salzburgerland.com\/hu\/kerekparral-mountainbike-kal\/","og_site_name":"SalzburgerLand.com","article_publisher":"https:\/\/www.facebook.com\/visitsalzburgerland\/","article_modified_time":"2023-06-11T13:05:46+00:00","og_image":[{"width":1200,"height":675,"url":"https:\/\/www.salzburgerland.com\/hu\/wp-content\/uploads\/2016\/11\/wildkogel_mtb_travel_2019_34cwom_medien-andreas_meyer-1200x675.jpg","type":"image\/jpeg"}],"twitter_card":"summary_large_image","twitter_site":"@salzburgerland","twitter_misc":{"Becs\u00fclt olvas\u00e1si id\u0151":"3 perc"},"schema":{"@context":"https:\/\/schema.org","@graph":[{"@type":"WebPage","@id":"https:\/\/www.salzburgerland.com\/hu\/kerekparral-mountainbike-kal\/","url":"https:\/\/www.salzburgerland.com\/hu\/kerekparral-mountainbike-kal\/","name":"Bring\u00e1val a salzburgi hegyekben, v\u00f6lgyekben","isPartOf":{"@id":"https:\/\/www.salzburgerland.com\/hu\/#website"},"primaryImageOfPage":{"@id":"https:\/\/www.salzburgerland.com\/hu\/kerekparral-mountainbike-kal\/#primaryimage"},"image":{"@id":"https:\/\/www.salzburgerland.com\/hu\/kerekparral-mountainbike-kal\/#primaryimage"},"thumbnailUrl":"https:\/\/www.salzburgerland.com\/hu\/wp-content\/uploads\/2016\/11\/wildkogel_mtb_travel_2019_34cwom_medien-andreas_meyer-scaled.jpg","datePublished":"2016-11-16T18:32:28+00:00","dateModified":"2023-06-11T13:05:46+00:00","description":"Bring\u00e1val a salzburgi hegyekben, v\u00f6lgyekben, tavakn\u00e1l \u00e9s foly\u00f3kn\u00e1l. Versenyker\u00e9kp\u00e1r utak, kiemelt sz\u00ednvonal\u00fa bikeparkok.","inLanguage":"hu","potentialAction":[{"@type":"ReadAction","target":["https:\/\/www.salzburgerland.com\/hu\/kerekparral-mountainbike-kal\/"]}]},{"@type":"ImageObject","inLanguage":"hu","@id":"https:\/\/www.salzburgerland.com\/hu\/kerekparral-mountainbike-kal\/#primaryimage","url":"https:\/\/www.salzburgerland.com\/hu\/wp-content\/uploads\/2016\/11\/wildkogel_mtb_travel_2019_34cwom_medien-andreas_meyer-scaled.jpg","contentUrl":"https:\/\/www.salzburgerland.com\/hu\/wp-content\/uploads\/2016\/11\/wildkogel_mtb_travel_2019_34cwom_medien-andreas_meyer-scaled.jpg","width":1920,"height":1280,"caption":"Bring\u00e1val a salzburgi hegyekben v\u00f6lgyekben \u00a9 SalzburgerLand Tourismus, Andreas Meyer"},{"@type":"WebSite","@id":"https:\/\/www.salzburgerland.com\/hu\/#website","url":"https:\/\/www.salzburgerland.com\/hu\/","name":"SalzburgerLand.com","description":"\u00dcd\u00fcl\u00e9s Ausztri\u00e1ban, Salzburg tartom\u00e1nyban","potentialAction":[{"@type":"SearchAction","target":{"@type":"EntryPoint","urlTemplate":"https:\/\/www.salzburgerland.com\/hu\/?s={search_term_string}"},"query-input":{"@type":"PropertyValueSpecification","valueRequired":true,"valueName":"search_term_string"}}],"inLanguage":"hu"}]},"og_video":"https:\/\/www.youtube.com\/embed\/2K1gQ6P9V6Y","og_video_type":"text\/html","og_video_duration":"92","og_video_width":"480","og_video_height":"270","ya_ovs_adult":"false","ya_ovs_upload_date":"2016-11-16T18:32:28+00:00","ya_ovs_allow_embed":"true"},"_wl_alt_label":[],"wl:entity_url":"http:\/\/open.salzburgerland.com\/hu\/entity\/bringaval_a_salzburgi_hegyekben__volgyekben","_links":{"self":[{"href":"https:\/\/www.salzburgerland.com\/hu\/wp-json\/wp\/v2\/entities\/139","targetHints":{"allow":["GET"]}}],"collection":[{"href":"https:\/\/www.salzburgerland.com\/hu\/wp-json\/wp\/v2\/entities"}],"about":[{"href":"https:\/\/www.salzburgerland.com\/hu\/wp-json\/wp\/v2\/types\/entity"}],"author":[{"embeddable":true,"href":"https:\/\/www.salzburgerland.com\/hu\/wp-json\/wp\/v2\/users\/4"}],"replies":[{"embeddable":true,"href":"https:\/\/www.salzburgerland.com\/hu\/wp-json\/wp\/v2\/comments?post=139"}],"version-history":[{"count":5,"href":"https:\/\/www.salzburgerland.com\/hu\/wp-json\/wp\/v2\/entities\/139\/revisions"}],"predecessor-version":[{"id":19559,"href":"https:\/\/www.salzburgerland.com\/hu\/wp-json\/wp\/v2\/entities\/139\/revisions\/19559"}],"wp:featuredmedia":[{"embeddable":true,"href":"https:\/\/www.salzburgerland.com\/hu\/wp-json\/wp\/v2\/media\/19068"}],"wp:attachment":[{"href":"https:\/\/www.salzburgerland.com\/hu\/wp-json\/wp\/v2\/media?parent=139"}],"wp:term":[{"taxonomy":"category","embeddable":true,"href":"https:\/\/www.salzburgerland.com\/hu\/wp-json\/wp\/v2\/categories?post=139"},{"taxonomy":"post_tag","embeddable":true,"href":"https:\/\/www.salzburgerland.com\/hu\/wp-json\/wp\/v2\/tags?post=139"},{"taxonomy":"wl_entity_type","embeddable":true,"href":"https:\/\/www.salzburgerland.com\/hu\/wp-json\/wp\/v2\/wl_entity_type?post=139"}],"curies":[{"name":"wp","href":"https:\/\/api.w.org\/{rel}","templated":true}]}}