{"id":13711,"date":"2021-09-17T12:34:43","date_gmt":"2021-09-17T10:34:43","guid":{"rendered":"https:\/\/www.salzburgerland.com\/hu\/?post_type=entity&#038;p=13711"},"modified":"2026-04-03T12:52:19","modified_gmt":"2026-04-03T10:52:19","slug":"salzburgi-lungau-onmagam-lehetek-telen","status":"publish","type":"entity","link":"https:\/\/www.salzburgerland.com\/hu\/salzburgi-lungau-onmagam-lehetek-telen\/","title":{"rendered":"\u00d6nmagam.lehetek. ny\u00e1ron Salzburg tartom\u00e1ny Lungau-ban"},"content":{"rendered":"<p>A <a href=\"https:\/\/www.salzburgerland.com\/hu\/salzburgi-lungau\/\">Salzburg tartom\u00e1ny Lungau-ban<\/a> a helyiek vend\u00e9gszeretete, a term\u00e9szetess\u00e9g \u00e9s a r\u00e9gi\u00f3 hiteless\u00e9ge a vend\u00e9gekre is \u00e1tragad. \u00cdgy a l\u00e1togat\u00f3k a mindennapi, hektikus \u00e9let\u00fckt\u0151l t\u00e1vol pihenhetnek meg, \u00e9s egyszer\u0171en \u00f6nmaguk lehetnek. Mivel Salzburg tartom\u00e1ny k\u00fcl\u00f6nb\u00f6z\u0151 \u00fcd\u00fcl\u0151r\u00e9gi\u00f3i nincsenek messze egym\u00e1st\u00f3l, a vend\u00e9gek egy k\u00fcl\u00f6nleges, saj\u00e1t vil\u00e1gk\u00e9nt \u00e9lhetik meg ezt a helyet. A Salzburg tartom\u00e1ny Lungau r\u00e9gi\u00f3j\u00e1ban mindenki a saj\u00e1t elk\u00e9pzel\u00e9sei szerint pihenhet, a vend\u00e9gl\u00e1t\u00f3k pedig mindent megtesznek az\u00e9rt, hogy ehhez ide\u00e1lis felt\u00e9teleket teremtsenek.<\/p>\n<div id=\"attachment_24002\" style=\"width: 1180px\" class=\"wp-caption alignleft\"><img decoding=\"async\" aria-describedby=\"caption-attachment-24002\" class=\"size-1170_658 wp-image-24002\" src=\"https:\/\/www.salzburgerland.com\/hu\/wp-content\/uploads\/2021\/09\/ferienregion-salzburger-lungau-23-1200x675-1-1170x658.jpg\" alt=\"Egy n\u0151 ny\u00fajt\u00f3zkodik napfelkeltekor a felh\u0151k felett a salzburgi Lungau-ban, a k\u00f6d\u00f6s t\u00e1j fel\u00e9 n\u00e9zve.\" width=\"1170\" height=\"658\" srcset=\"https:\/\/www.salzburgerland.com\/hu\/wp-content\/uploads\/2021\/09\/ferienregion-salzburger-lungau-23-1200x675-1-1170x658.jpg 1170w, https:\/\/www.salzburgerland.com\/hu\/wp-content\/uploads\/2021\/09\/ferienregion-salzburger-lungau-23-1200x675-1-768x432.jpg 768w, https:\/\/www.salzburgerland.com\/hu\/wp-content\/uploads\/2021\/09\/ferienregion-salzburger-lungau-23-1200x675-1.jpg 1200w\" sizes=\"(max-width: 1170px) 100vw, 1170px\"><p id=\"caption-attachment-24002\" class=\"wp-caption-text\">salzburg-tartom\u00e1ny-lungau-\u00fcd\u00fcl\u0151r\u00e9gi\u00f3\u00a9 Ferienregion Salzburger Lungau, Heiko Mandl<\/p><\/div>\n<h3><strong>L\u00c9GY \u00d6NMAGAD SALZBURG TARTOM\u00c1NY LUNGAU-BAN<\/strong><\/h3>\n<p>Aj\u00e1nd\u00e9kozd meg magad a meg\u00e9rdemelt pihen\u00e9ssel. A mindennapi \u00e9let \u00e9s a munka kih\u00edv\u00e1sai egyre nagyobbak. A globaliz\u00e1ci\u00f3, a digitaliz\u00e1ci\u00f3 \u00e9s az inform\u00e1ci\u00f3s rendszerek folyamatosan jelen vannak. Minden felgyorsul, az \u00e9let temp\u00f3ja egyre sz\u00e9d\u00edt\u0151bb\u00e9 v\u00e1lik. T\u00falterheltek vagyunk, gyakran stresszesek, igyeksz\u00fcnk fenntartani a figyelm\u00fcnket, teljes\u00edteni a feladatokat, mik\u00f6zben egyre kev\u00e9sb\u00e9 hallgatunk \u00f6nmagunkra. Sokan kimer\u00fclts\u00e9get, f\u00e1radts\u00e1got \u00e9s ki\u00e9g\u00e9st \u00e9reznek. Elfelejtj\u00fck, hogyan tal\u00e1ljuk meg a bels\u0151 nyugalmat. Nagyon hi\u00e1nyzik a csend \u00e9s a pihen\u00e9s. Ahhoz, hogy \u00e9rz\u00e9kenyebbek \u00e9s figyelmesebbek legy\u00fcnk, el kell lazulnunk, \u00e9s \u00fajra \u00f6nmagunkk\u00e1 kell v\u00e1lnunk.<\/p>\n<div id=\"attachment_24004\" style=\"width: 1180px\" class=\"wp-caption alignleft\"><img decoding=\"async\" aria-describedby=\"caption-attachment-24004\" class=\"size-1170_658 wp-image-24004\" src=\"https:\/\/www.salzburgerland.com\/hu\/wp-content\/uploads\/2021\/09\/sonnenaufgang-speiereck-salzburger-lungau-2-1200x675-1-1170x658.jpg\" alt=\"K\u00e9t t\u00far\u00e1z\u00f3 egy cs\u00facskeresztn\u00e9l naplementekor Salzburg Lungauban, aranyl\u00f3 f\u00e9ny vil\u00e1g\u00edtja meg a t\u00e1voli osztr\u00e1k hegyeket.\" width=\"1170\" height=\"658\" srcset=\"https:\/\/www.salzburgerland.com\/hu\/wp-content\/uploads\/2021\/09\/sonnenaufgang-speiereck-salzburger-lungau-2-1200x675-1-1170x658.jpg 1170w, https:\/\/www.salzburgerland.com\/hu\/wp-content\/uploads\/2021\/09\/sonnenaufgang-speiereck-salzburger-lungau-2-1200x675-1-768x432.jpg 768w, https:\/\/www.salzburgerland.com\/hu\/wp-content\/uploads\/2021\/09\/sonnenaufgang-speiereck-salzburger-lungau-2-1200x675-1.jpg 1200w\" sizes=\"(max-width: 1170px) 100vw, 1170px\"><p id=\"caption-attachment-24004\" class=\"wp-caption-text\">Napfelkelte a Speiereck cs\u00facs\u00e1n Salzburg tartom\u00e1ny Lungau-ban\u00a9Salzburger Lungau<\/p><\/div>\n<h3><strong>IND\u00cdTSD \u00daJRA A GONDOLATAIDAT<\/strong><\/h3>\n<p>Hagyd magad m\u00f6g\u00f6tt a hektikus \u00e9letet, lass\u00edts le, ind\u00edtsd \u00fajra a gondolataidat, \u00e9lvezd a term\u00e9szet k\u00f6zels\u00e9g\u00e9t, a kikapcsol\u00f3d\u00e1st, az akt\u00edv pihen\u00e9st \u00e9s a sz\u00f3rakoz\u00e1st az eg\u00e9sz csal\u00e1ddal. A Salzburg tartom\u00e1ny Lungau r\u00e9gi\u00f3ja, amelynek 15 fest\u0151i falva k\u00f6r\u00fclbel\u00fcl 1000 m\u00e9teres tengerszint feletti magass\u00e1gban fekszik, nemcsak Ausztria egyik legnaposabb vid\u00e9ke, hanem 2012 \u00f3ta az UNESCO bioszf\u00e9ra-rezerv\u00e1tuma is. Ez az elismer\u00e9s minden vend\u00e9g sz\u00e1m\u00e1ra egyed\u00fcl\u00e1ll\u00f3 nyaral\u00e1si \u00e9lm\u00e9nyt garant\u00e1l egy idilli t\u00e1jban.<\/p>\n<h3><strong>FENNTARTHAT\u00d3 NYARAL\u00c1S<\/strong><\/h3>\n<p>A bioszf\u00e9ra a F\u00f6ld azon r\u00e9sze, ahol az \u00e9let k\u00fcl\u00f6nb\u00f6z\u0151 form\u00e1i megtal\u00e1lhat\u00f3k. Kiemelked\u0151 \u00e9rt\u00e9ket k\u00e9pvisel az emberek, az \u00e1llat- \u00e9s n\u00f6v\u00e9nyvil\u00e1g, a gazdas\u00e1g, valamint a hagyom\u00e1nyok \u00e9s szok\u00e1sok meg\u0151rz\u00e9se szempontj\u00e1b\u00f3l. A Salzburg tartom\u00e1ny Lungau r\u00e9gi\u00f3ja, mint Ausztria legnagyobb bioszf\u00e9ra-rezerv\u00e1tuma, a fenntarthat\u00f3 fejl\u0151d\u00e9s mintar\u00e9gi\u00f3j\u00e1nak sz\u00e1m\u00edt. A vend\u00e9gek sz\u00e1m\u00e1ra ez a min\u0151s\u00edt\u00e9s garanci\u00e1t jelent egy k\u00fcl\u00f6nleges, autentikus \u00e9s tiszta k\u00f6rnyezetben elt\u00f6lt\u00f6tt nyaral\u00e1sra. Ez a vil\u00e1g a v\u00e1rosi \u00e9let, a toronyh\u00e1zak, a forgalmas utc\u00e1k \u00e9s az irodah\u00e1zak teljes ellent\u00e9te.<\/p>\n\n\t\t\t<div id=\"13711-1\" class=\"gallery gallery-13711 gallery-columns-3 gallery-size-1170_658\" itemscope itemtype=\"http:\/\/schema.org\/ImageGallery\">\n\t\t\t\t<ul class=\"gallery-row gallery-col-3 gallery-clear\">\n\t\t\t\t\t<li class=\"gallery-item col-3\" itemprop=\"associatedMedia\" itemscope itemtype=\"http:\/\/schema.org\/ImageObject\">\n\t\t\t\t\t\t<div class=\"gallery-icon landscape\"><a href=\"https:\/\/www.salzburgerland.com\/hu\/wp-content\/uploads\/2021\/09\/lonka-maander-weispriach-1-1920x1067-1.jpg\" title=\"lonka-maander-weispriach-1-1920x1067-1\"><img decoding=\"async\" data-title=\"A Wei\u00dfpriach-i foly\u00f3 kanyarulatai Salzburg tartom\u00e1ny Lungau-ban \u00a9 Ferienregion Salzburger Lungau\" title=\"A Wei\u00dfpriach-i foly\u00f3 kanyarulatai Salzburg tartom\u00e1ny Lungau-ban \u00a9 Ferienregion Salzburger Lungau\" data-caption=\"A Wei\u00dfpriach-i foly\u00f3 kanyarulatai Salzburg tartom\u00e1ny Lungau-ban \u00a9 Ferienregion Salzburger Lungau\" width=\"1170\" height=\"658\" src=\"https:\/\/www.salzburgerland.com\/hu\/wp-content\/uploads\/2021\/09\/lonka-maander-weispriach-1-1920x1067-1-1170x658.jpg\" class=\"attachment-1170_658 size-1170_658\" alt=\"A Salzburgi Lungau-ban egy kanyarg\u00f3 foly\u00f3 z\u00f6ld, f\u00fcves, f\u00e1kkal bor\u00edtott ter\u00fcleten folyik kereszt\u00fcl, fel\u00fclr\u0151l n\u00e9zve. (Nagy\u00edtott n\u00e9zet)\" srcset=\"https:\/\/www.salzburgerland.com\/hu\/wp-content\/uploads\/2021\/09\/lonka-maander-weispriach-1-1920x1067-1-1170x658.jpg 1170w, https:\/\/www.salzburgerland.com\/hu\/wp-content\/uploads\/2021\/09\/lonka-maander-weispriach-1-1920x1067-1-1200x675.jpg 1200w\" sizes=\"(max-width: 1170px) 100vw, 1170px\" aria-describedby=\"figcaption-13711-24006\" itemprop=\"thumbnail\"><\/a><\/div>\n\t\t\t\t\t\t<span id=\"figcaption-13711-24006\" class=\"gallery-caption\" itemprop=\"caption\"><span aria-hidden=\"true\">A Wei\u00dfpriach-i foly\u00f3 kanyarulatai Salzburg tartom\u00e1ny Lungau-ban \u00a9 Ferienregion Salzburger Lungau<\/span><\/span>\n\t\t\t\t\t<\/li>\n\t\t\t\t\t<li class=\"gallery-item col-3\" itemprop=\"associatedMedia\" itemscope itemtype=\"http:\/\/schema.org\/ImageObject\">\n\t\t\t\t\t\t<div class=\"gallery-icon landscape\"><a href=\"https:\/\/www.salzburgerland.com\/hu\/wp-content\/uploads\/2021\/09\/nordic-walking-salzburger-lungau-1-1920x1067-1.jpg\" title=\"nordic-walking-salzburger-lungau-1-1920x1067-1\"><img decoding=\"async\" data-title=\"Nordic walking t\u00fara Salzburg tartom\u00e1ny Lungau-ban \u00a9 Salzburger Lungau\" title=\"Nordic walking t\u00fara Salzburg tartom\u00e1ny Lungau-ban \u00a9 Salzburger Lungau\" data-caption=\"Nordic walking t\u00fara Salzburg tartom\u00e1ny Lungau-ban \u00a9 Salzburger Lungau\" width=\"1170\" height=\"658\" src=\"https:\/\/www.salzburgerland.com\/hu\/wp-content\/uploads\/2021\/09\/nordic-walking-salzburger-lungau-1-1920x1067-1-1170x658.jpg\" class=\"attachment-1170_658 size-1170_658\" alt=\"K\u00e9t ember t\u00farabotokkal csod\u00e1lja a fest\u0151i hegyi kil\u00e1t\u00e1st a Salzburgi Lungau-ban. (Nagy\u00edtott n\u00e9zet)\" srcset=\"https:\/\/www.salzburgerland.com\/hu\/wp-content\/uploads\/2021\/09\/nordic-walking-salzburger-lungau-1-1920x1067-1-1170x658.jpg 1170w, https:\/\/www.salzburgerland.com\/hu\/wp-content\/uploads\/2021\/09\/nordic-walking-salzburger-lungau-1-1920x1067-1-1200x675.jpg 1200w\" sizes=\"(max-width: 1170px) 100vw, 1170px\" aria-describedby=\"figcaption-13711-24007\" itemprop=\"thumbnail\"><\/a><\/div>\n\t\t\t\t\t\t<span id=\"figcaption-13711-24007\" class=\"gallery-caption\" itemprop=\"caption\"><span aria-hidden=\"true\">Nordic walking t\u00fara Salzburg tartom\u00e1ny Lungau-ban \u00a9 Salzburger Lungau<\/span><\/span>\n\t\t\t\t\t<\/li>\n\t\t\t\t\t<li class=\"gallery-item col-3\" itemprop=\"associatedMedia\" itemscope itemtype=\"http:\/\/schema.org\/ImageObject\">\n\t\t\t\t\t\t<div class=\"gallery-icon landscape\"><a href=\"https:\/\/www.salzburgerland.com\/hu\/wp-content\/uploads\/2021\/09\/radfahren-goriach-1-1920x1067-1.jpg\" title=\"radfahren-goriach-1-1920x1067-1\"><img decoding=\"async\" data-title=\"Ker\u00e9kp\u00e1rosok pihen\u0151t tartanak G\u00f6riachban Salzburg tartom\u00e1ny Lungau-ban \u00a9 Ferienregion Salzburger Lungau\" title=\"Ker\u00e9kp\u00e1rosok pihen\u0151t tartanak G\u00f6riachban Salzburg tartom\u00e1ny Lungau-ban \u00a9 Ferienregion Salzburger Lungau\" data-caption=\"Ker\u00e9kp\u00e1rosok pihen\u0151t tartanak G\u00f6riachban Salzburg tartom\u00e1ny Lungau-ban \u00a9 Ferienregion Salzburger Lungau\" width=\"1170\" height=\"658\" src=\"https:\/\/www.salzburgerland.com\/hu\/wp-content\/uploads\/2021\/09\/radfahren-goriach-1-1920x1067-1-1170x658.jpg\" class=\"attachment-1170_658 size-1170_658\" alt=\"K\u00e9t ember nyug\u00e1gyakon pihen szikl\u00e1k \u00e9s feny\u0151k k\u00f6z\u00f6tt, \u00e9lvezve a t\u00e9li b\u00e9k\u00e9t Salzburg Lungau r\u00e9gi\u00f3j\u00e1ban. (Nagy\u00edtott n\u00e9zet)\" srcset=\"https:\/\/www.salzburgerland.com\/hu\/wp-content\/uploads\/2021\/09\/radfahren-goriach-1-1920x1067-1-1170x658.jpg 1170w, https:\/\/www.salzburgerland.com\/hu\/wp-content\/uploads\/2021\/09\/radfahren-goriach-1-1920x1067-1-1200x675.jpg 1200w\" sizes=\"(max-width: 1170px) 100vw, 1170px\" aria-describedby=\"figcaption-13711-24008\" itemprop=\"thumbnail\"><\/a><\/div>\n\t\t\t\t\t\t<span id=\"figcaption-13711-24008\" class=\"gallery-caption\" itemprop=\"caption\"><span aria-hidden=\"true\">Ker\u00e9kp\u00e1rosok pihen\u0151t tartanak G\u00f6riachban Salzburg tartom\u00e1ny Lungau-ban \u00a9 Ferienregion Salzburger Lungau<\/span><\/span>\n\t\t\t\t\t<\/li>\n\t\t\t\t<\/ul>\n\t\t\t<\/div><!-- .gallery -->\n\n<h3><strong>ONLINE CSAK \u00d6NMAGADDAL<\/strong><\/h3>\n<p>A \u201eL\u00e9gy.\u00d6nmagad. Salzburg tartom\u00e1ny Lungau r\u00e9gi\u00f3j\u00e1ban\u201d nev\u0171 csomagok seg\u00edtenek kikapcsol\u00f3dni. Megtapasztalhatod az eredetis\u00e9get, a term\u00e9szet csod\u00e1it, a kedves emberek nyitotts\u00e1g\u00e1t, a kiv\u00e1l\u00f3 konyh\u00e1t, az \u00e9rdekes k\u00e9zm\u0171vess\u00e9get \u00e9s a sz\u00ednes hagyom\u00e1nyokat. A k\u00fcl\u00f6nb\u00f6z\u0151 aj\u00e1nlatok k\u00f6z\u00f6tt szerepel gy\u00f3gyn\u00f6v\u00e9nyek megismer\u00e9se, \u00e9lelmiszerk\u00e9sz\u00edt\u00e9s, v\u00edzi elemekkel k\u00eds\u00e9rt relax\u00e1ci\u00f3, valamint pihen\u00e9s hegyi legel\u0151k\u00f6n ak\u00e1r 1900 m\u00e9teres tengerszint feletti magass\u00e1gban is. Gyakran m\u00e1r n\u00e9h\u00e1ny nap a hegyekben is elegend\u0151 ahhoz, hogy elt\u00e1volodj a mindennapi \u00e9lett\u0151l \u00e9s a munk\u00e1t\u00f3l, \u00e9s egyens\u00falyba hozd a stresszt pihen\u00e9ssel vagy akt\u00edv kikapcsol\u00f3d\u00e1ssal.<\/p>\n\n\t\t\t<div id=\"13711-2\" class=\"gallery gallery-13711 gallery-columns-3 gallery-size-1170_658\" itemscope itemtype=\"http:\/\/schema.org\/ImageGallery\">\n\t\t\t\t<ul class=\"gallery-row gallery-col-3 gallery-clear\">\n\t\t\t\t\t<li class=\"gallery-item col-3\" itemprop=\"associatedMedia\" itemscope itemtype=\"http:\/\/schema.org\/ImageObject\">\n\t\t\t\t\t\t<div class=\"gallery-icon landscape\"><a href=\"https:\/\/www.salzburgerland.com\/hu\/wp-content\/uploads\/2021\/09\/salzburger-lungau-13-1920x1067-1.jpg\" title=\"salzburger-lungau-13-1920x1067-1\"><img decoding=\"async\" data-title=\"Kellemes pihen\u00e9s a csal\u00e1ddal Salzburg tartom\u00e1ny Lungau-ban \u00a9 Salzburger Lungau\" title=\"Kellemes pihen\u00e9s a csal\u00e1ddal Salzburg tartom\u00e1ny Lungau-ban \u00a9 Salzburger Lungau\" data-caption=\"Kellemes pihen\u00e9s a csal\u00e1ddal Salzburg tartom\u00e1ny Lungau-ban \u00a9 Salzburger Lungau\" width=\"1170\" height=\"658\" src=\"https:\/\/www.salzburgerland.com\/hu\/wp-content\/uploads\/2021\/09\/salzburger-lungau-13-1920x1067-1-1170x658.jpg\" class=\"attachment-1170_658 size-1170_658\" alt=\"Egy k\u00e9tgyermekes csal\u00e1d egy fahint\u00e1n, \u00f6nmagam.lehetek., a salzburgi Lungau-ban. (Nagy\u00edtott n\u00e9zet)\" srcset=\"https:\/\/www.salzburgerland.com\/hu\/wp-content\/uploads\/2021\/09\/salzburger-lungau-13-1920x1067-1-1170x658.jpg 1170w, https:\/\/www.salzburgerland.com\/hu\/wp-content\/uploads\/2021\/09\/salzburger-lungau-13-1920x1067-1-1200x675.jpg 1200w\" sizes=\"(max-width: 1170px) 100vw, 1170px\" aria-describedby=\"figcaption-13711-24011\" itemprop=\"thumbnail\"><\/a><\/div>\n\t\t\t\t\t\t<span id=\"figcaption-13711-24011\" class=\"gallery-caption\" itemprop=\"caption\"><span aria-hidden=\"true\">Kellemes pihen\u00e9s a csal\u00e1ddal Salzburg tartom\u00e1ny Lungau-ban \u00a9 Salzburger Lungau<\/span><\/span>\n\t\t\t\t\t<\/li>\n\t\t\t\t\t<li class=\"gallery-item col-3\" itemprop=\"associatedMedia\" itemscope itemtype=\"http:\/\/schema.org\/ImageObject\">\n\t\t\t\t\t\t<div class=\"gallery-icon landscape\"><a href=\"https:\/\/www.salzburgerland.com\/hu\/wp-content\/uploads\/2021\/09\/salzburgerland-tourismus_salzburger-lungau_lockerwirt-3-1920x1067-1.jpg\" title=\"salzburgerland-tourismus_salzburger-lungau_lockerwirt-3-1920x1067-1\"><img decoding=\"async\" data-title=\"A L\u00f6ckerwirt Hotel wellness\u00e9lm\u00e9nyeket k\u00edn\u00e1l minden \u00e9rz\u00e9kszerv sz\u00e1m\u00e1ra, bele\u00e9rtve az \u00edzlel\u00e9s \u00f6r\u00f6meit is \u00a9 SalzburgerLand Tourismus\" title=\"A L\u00f6ckerwirt Hotel wellness\u00e9lm\u00e9nyeket k\u00edn\u00e1l minden \u00e9rz\u00e9kszerv sz\u00e1m\u00e1ra, bele\u00e9rtve az \u00edzlel\u00e9s \u00f6r\u00f6meit is \u00a9 SalzburgerLand Tourismus\" data-caption=\"A L\u00f6ckerwirt Hotel wellness\u00e9lm\u00e9nyeket k\u00edn\u00e1l minden \u00e9rz\u00e9kszerv sz\u00e1m\u00e1ra, bele\u00e9rtve az \u00edzlel\u00e9s \u00f6r\u00f6meit is \u00a9 SalzburgerLand Tourismus\" width=\"1170\" height=\"658\" src=\"https:\/\/www.salzburgerland.com\/hu\/wp-content\/uploads\/2021\/09\/salzburgerland-tourismus_salzburger-lungau_lockerwirt-3-1920x1067-1-1170x658.jpg\" class=\"attachment-1170_658 size-1170_658\" alt=\"Gyermek vajat ken a keny\u00e9rre, \u00e9lvezve \u00f6nmagam.lehetek., mellette f\u0171szeres vaj Salzburgi Lungau-ban. (Nagy\u00edtott n\u00e9zet)\" srcset=\"https:\/\/www.salzburgerland.com\/hu\/wp-content\/uploads\/2021\/09\/salzburgerland-tourismus_salzburger-lungau_lockerwirt-3-1920x1067-1-1170x658.jpg 1170w, https:\/\/www.salzburgerland.com\/hu\/wp-content\/uploads\/2021\/09\/salzburgerland-tourismus_salzburger-lungau_lockerwirt-3-1920x1067-1-1200x675.jpg 1200w\" sizes=\"(max-width: 1170px) 100vw, 1170px\" aria-describedby=\"figcaption-13711-24012\" itemprop=\"thumbnail\"><\/a><\/div>\n\t\t\t\t\t\t<span id=\"figcaption-13711-24012\" class=\"gallery-caption\" itemprop=\"caption\"><span aria-hidden=\"true\">A L\u00f6ckerwirt Hotel wellness\u00e9lm\u00e9nyeket k\u00edn\u00e1l minden \u00e9rz\u00e9kszerv sz\u00e1m\u00e1ra, bele\u00e9rtve az \u00edzlel\u00e9s \u00f6r\u00f6meit is \u00a9 SalzburgerLand Tourismus<\/span><\/span>\n\t\t\t\t\t<\/li>\n\t\t\t\t\t<li class=\"gallery-item col-3\" itemprop=\"associatedMedia\" itemscope itemtype=\"http:\/\/schema.org\/ImageObject\">\n\t\t\t\t\t\t<div class=\"gallery-icon landscape\"><a href=\"https:\/\/www.salzburgerland.com\/hu\/wp-content\/uploads\/2021\/09\/salzburgerland-tourismus-gmbh-10-1920x1067-1.jpg\" title=\"salzburgerland-tourismus-gmbh-10-1920x1067-1\"><img decoding=\"async\" data-title=\"Tal\u00e1ld meg az utadat \u00f6nmagadhoz Salzburg tartom\u00e1ny Lungau-ban \u00a9 SalzburgerLand Tourismus GmbH\" title=\"Tal\u00e1ld meg az utadat \u00f6nmagadhoz Salzburg tartom\u00e1ny Lungau-ban \u00a9 SalzburgerLand Tourismus GmbH\" data-caption=\"Tal\u00e1ld meg az utadat \u00f6nmagadhoz Salzburg tartom\u00e1ny Lungau-ban \u00a9 SalzburgerLand Tourismus GmbH\" width=\"1170\" height=\"658\" src=\"https:\/\/www.salzburgerland.com\/hu\/wp-content\/uploads\/2021\/09\/salzburgerland-tourismus-gmbh-10-1920x1067-1-1170x658.jpg\" class=\"attachment-1170_658 size-1170_658\" alt=\"N\u00e9gy ember \u00fcl keresztbe tett l\u00e1bakkal egy kertben a salzburgi Lungau-ban, medit\u00e1lnak \u00e9s k\u00f6rbefogj\u00e1k egym\u00e1s kez\u00e9t. (Nagy\u00edtott n\u00e9zet)\" srcset=\"https:\/\/www.salzburgerland.com\/hu\/wp-content\/uploads\/2021\/09\/salzburgerland-tourismus-gmbh-10-1920x1067-1-1170x658.jpg 1170w, https:\/\/www.salzburgerland.com\/hu\/wp-content\/uploads\/2021\/09\/salzburgerland-tourismus-gmbh-10-1920x1067-1-1200x675.jpg 1200w\" sizes=\"(max-width: 1170px) 100vw, 1170px\" aria-describedby=\"figcaption-13711-24013\" itemprop=\"thumbnail\"><\/a><\/div>\n\t\t\t\t\t\t<span id=\"figcaption-13711-24013\" class=\"gallery-caption\" itemprop=\"caption\"><span aria-hidden=\"true\">Tal\u00e1ld meg az utadat \u00f6nmagadhoz Salzburg tartom\u00e1ny Lungau-ban \u00a9 SalzburgerLand Tourismus GmbH<\/span><\/span>\n\t\t\t\t\t<\/li>\n\t\t\t\t<\/ul>\n\t\t\t<\/div><!-- .gallery -->\n\n<h3><strong>WELLNESS SALZBURG TARTOM\u00c1NY LUNGAU R\u00c9GI\u00d3J\u00c1BAN<\/strong><\/h3>\n<p>Gondoskodj a testedr\u0151l \u00e9s a lelkedr\u0151l, hogy \u00fajra megtal\u00e1ld az \u00e9let \u00f6r\u00f6m\u00e9t. \u00c9lvezd az akt\u00edv programokat Salzburg tartom\u00e1ny Lungau r\u00e9gi\u00f3j\u00e1ban, ismerd meg a hagyom\u00e1nyokat \u00e9s szok\u00e1sokat, \u00e9s k\u00f3stold meg a helyi konyha \u00edzeit. A legfontosabb a harm\u00f3nia \u00e9s a j\u00f3 k\u00f6z\u00e9rzet. Vonz\u00f3 SPA- \u00e9s wellnesslehet\u0151s\u00e9gek v\u00e1rnak a tamswegi BadeInsel v\u00edziparkban vagy a mariapfarr-i Vital- \u00e9s Wellnessk\u00f6zpont Samsunnban. Salzburg tartom\u00e1ny Lungau r\u00e9gi\u00f3j\u00e1ban a tavak \u00e9s patakok j\u00f3t\u00e9kony hat\u00e1sai is j\u00f3l ismertek.<\/p>\n<p><strong>Samsunn<\/strong><br>\nVital- \u00e9s Wellnessk\u00f6zpont Samsunn: SPA \u00e9s wellness, szaun\u00e1k, massz\u00e1zsok, kozmetikai kezel\u00e9sek, fitnesz, fizioter\u00e1pi\u00e1s kezel\u00e9sek, alternat\u00edv gy\u00f3gy\u00e1szat \u00e9s sporttev\u00e9kenys\u00e9gek, valamint eg\u00e9szs\u00e9ges, region\u00e1lis, friss finoms\u00e1gok.<\/p>\n<p><strong>Tamsweg<\/strong><br>\nBadeInsel: sport\u00fasz\u00e1s 25 m\u00e9teres medenc\u00e9ben (28 \u00b0C), kellemes massz\u00e1zsok, relax\u00e1ci\u00f3s medence (31 \u00b0C). A t\u00f6k\u00e9letes hangulat a kikapcsol\u00f3d\u00e1shoz \u00e9s a felt\u00f6lt\u0151d\u00e9shez garant\u00e1lt.<\/p>\n\n\t\t\t<div id=\"13711-3\" class=\"gallery gallery-13711 gallery-columns-3 gallery-size-1170_658\" itemscope itemtype=\"http:\/\/schema.org\/ImageGallery\">\n\t\t\t\t<ul class=\"gallery-row gallery-col-3 gallery-clear\">\n\t\t\t\t\t<li class=\"gallery-item col-3\" itemprop=\"associatedMedia\" itemscope itemtype=\"http:\/\/schema.org\/ImageObject\">\n\t\t\t\t\t\t<div class=\"gallery-icon landscape\"><a href=\"https:\/\/www.salzburgerland.com\/hu\/wp-content\/uploads\/2021\/09\/ferienregion-salzburger-lungau-19-1920x1067-1.jpg\" title=\"ferienregion-salzburger-lungau-19-1920x1067-1\"><img decoding=\"async\" data-title=\"A s\u00f3s k\u00e9zpeeling ide\u00e1lis a v\u00e9rkering\u00e9s serkent\u00e9s\u00e9re \u00e9s a b\u0151r finom\u00edt\u00e1s\u00e1ra \u00a9 Ferienregion Salzburger Lungau, Simon M\u00f6stl\" title=\"A s\u00f3s k\u00e9zpeeling ide\u00e1lis a v\u00e9rkering\u00e9s serkent\u00e9s\u00e9re \u00e9s a b\u0151r finom\u00edt\u00e1s\u00e1ra \u00a9 Ferienregion Salzburger Lungau, Simon M\u00f6stl\" data-caption=\"A s\u00f3s k\u00e9zpeeling ide\u00e1lis a v\u00e9rkering\u00e9s serkent\u00e9s\u00e9re \u00e9s a b\u0151r finom\u00edt\u00e1s\u00e1ra \u00a9 Ferienregion Salzburger Lungau, Simon M\u00f6stl\" width=\"1170\" height=\"658\" src=\"https:\/\/www.salzburgerland.com\/hu\/wp-content\/uploads\/2021\/09\/ferienregion-salzburger-lungau-19-1920x1067-1-1170x658.jpg\" class=\"attachment-1170_658 size-1170_658\" alt=\"Feh\u00e9r k\u00f6nt\u00f6sben l\u00e9v\u0151 n\u0151 kez\u00e9t h\u00e1mlasztja s\u00farol\u00f3szerrel, pihen\u00e9s a salzburgi Lungau r\u00e9gi\u00f3ban t\u00e9len. (Nagy\u00edtott n\u00e9zet)\" srcset=\"https:\/\/www.salzburgerland.com\/hu\/wp-content\/uploads\/2021\/09\/ferienregion-salzburger-lungau-19-1920x1067-1-1170x658.jpg 1170w, https:\/\/www.salzburgerland.com\/hu\/wp-content\/uploads\/2021\/09\/ferienregion-salzburger-lungau-19-1920x1067-1-1200x675.jpg 1200w\" sizes=\"(max-width: 1170px) 100vw, 1170px\" aria-describedby=\"figcaption-13711-24015\" itemprop=\"thumbnail\"><\/a><\/div>\n\t\t\t\t\t\t<span id=\"figcaption-13711-24015\" class=\"gallery-caption\" itemprop=\"caption\"><span aria-hidden=\"true\">A s\u00f3s k\u00e9zpeeling ide\u00e1lis a v\u00e9rkering\u00e9s serkent\u00e9s\u00e9re \u00e9s a b\u0151r finom\u00edt\u00e1s\u00e1ra \u00a9 Ferienregion Salzburger Lungau, Simon M\u00f6stl<\/span><\/span>\n\t\t\t\t\t<\/li>\n\t\t\t\t\t<li class=\"gallery-item col-3\" itemprop=\"associatedMedia\" itemscope itemtype=\"http:\/\/schema.org\/ImageObject\">\n\t\t\t\t\t\t<div class=\"gallery-icon landscape\"><a href=\"https:\/\/www.salzburgerland.com\/hu\/wp-content\/uploads\/2021\/09\/ferienregion-salzburger-lungau-31-1920x1067-1.jpg\" title=\"ferienregion-salzburger-lungau-31-1920x1067-1\"><img decoding=\"async\" data-title=\"Wellness Salzburg tartom\u00e1ny Lungau-ban \u00a9 Ferienregion Salzburger Lungau, Simon M\u00f6stl\" title=\"Wellness Salzburg tartom\u00e1ny Lungau-ban \u00a9 Ferienregion Salzburger Lungau, Simon M\u00f6stl\" data-caption=\"Wellness Salzburg tartom\u00e1ny Lungau-ban \u00a9 Ferienregion Salzburger Lungau, Simon M\u00f6stl\" width=\"1170\" height=\"658\" src=\"https:\/\/www.salzburgerland.com\/hu\/wp-content\/uploads\/2021\/09\/ferienregion-salzburger-lungau-31-1920x1067-1-1170x658.jpg\" class=\"attachment-1170_658 size-1170_658\" alt=\"N\u0151 egy t\u00f6r\u00f6lk\u00f6z\u0151ben \u00fcl egy nagy ablak mellett, kil\u00e1t\u00e1ssal a t\u00e9len Salzburgi Lungau-ban hegyek \u00e9s f\u00e1k. (Nagy\u00edtott n\u00e9zet)\" srcset=\"https:\/\/www.salzburgerland.com\/hu\/wp-content\/uploads\/2021\/09\/ferienregion-salzburger-lungau-31-1920x1067-1-1170x658.jpg 1170w, https:\/\/www.salzburgerland.com\/hu\/wp-content\/uploads\/2021\/09\/ferienregion-salzburger-lungau-31-1920x1067-1-1200x675.jpg 1200w\" sizes=\"(max-width: 1170px) 100vw, 1170px\" aria-describedby=\"figcaption-13711-24016\" itemprop=\"thumbnail\"><\/a><\/div>\n\t\t\t\t\t\t<span id=\"figcaption-13711-24016\" class=\"gallery-caption\" itemprop=\"caption\"><span aria-hidden=\"true\">Wellness Salzburg tartom\u00e1ny Lungau-ban \u00a9 Ferienregion Salzburger Lungau, Simon M\u00f6stl<\/span><\/span>\n\t\t\t\t\t<\/li>\n\t\t\t\t\t<li class=\"gallery-item col-3\" itemprop=\"associatedMedia\" itemscope itemtype=\"http:\/\/schema.org\/ImageObject\">\n\t\t\t\t\t\t<div class=\"gallery-icon landscape\"><a href=\"https:\/\/www.salzburgerland.com\/hu\/wp-content\/uploads\/2021\/09\/salzburger-lungau-1-1920x1067-1.jpg\" title=\"salzburger-lungau-1-1920x1067-1\"><img decoding=\"async\" data-title=\"A v\u00edzparti pihen\u00e9sre a gyerekeknek is sz\u00fcks\u00e9g\u00fck van \u00a9 Salzburger Lungau\" title=\"A v\u00edzparti pihen\u00e9sre a gyerekeknek is sz\u00fcks\u00e9g\u00fck van \u00a9 Salzburger Lungau\" data-caption=\"A v\u00edzparti pihen\u00e9sre a gyerekeknek is sz\u00fcks\u00e9g\u00fck van \u00a9 Salzburger Lungau\" width=\"1170\" height=\"658\" src=\"https:\/\/www.salzburgerland.com\/hu\/wp-content\/uploads\/2021\/09\/salzburger-lungau-1-1920x1067-1-1170x658.jpg\" class=\"attachment-1170_658 size-1170_658\" alt=\"K\u00e9t gyerek mosolyog egym\u00e1sra egy medenc\u00e9ben, v\u00edzzel fr\u00f6csk\u00f6lve, \u00f6nmagam.lehetek. egy naps\u00fct\u00e9ses napon. (Nagy\u00edtott n\u00e9zet)\" srcset=\"https:\/\/www.salzburgerland.com\/hu\/wp-content\/uploads\/2021\/09\/salzburger-lungau-1-1920x1067-1-1170x658.jpg 1170w, https:\/\/www.salzburgerland.com\/hu\/wp-content\/uploads\/2021\/09\/salzburger-lungau-1-1920x1067-1-1200x675.jpg 1200w\" sizes=\"(max-width: 1170px) 100vw, 1170px\" aria-describedby=\"figcaption-13711-24017\" itemprop=\"thumbnail\"><\/a><\/div>\n\t\t\t\t\t\t<span id=\"figcaption-13711-24017\" class=\"gallery-caption\" itemprop=\"caption\"><span aria-hidden=\"true\">A v\u00edzparti pihen\u00e9sre a gyerekeknek is sz\u00fcks\u00e9g\u00fck van \u00a9 Salzburger Lungau<\/span><\/span>\n\t\t\t\t\t<\/li>\n\t\t\t\t<\/ul>\n\t\t\t<\/div><!-- .gallery -->\n\n<h3><strong>A TERM\u00c9SZET \u00c9S AZ ALPESI PATKOK GY\u00d3GY\u00cdT\u00d3 EREJE<\/strong><\/h3>\n<p>Salzburg tartom\u00e1ny Lungau r\u00e9gi\u00f3j\u00e1ban a v\u00edz gy\u00f3gy\u00edt\u00f3 ereje fontos szerepet j\u00e1tszik. A krist\u00e1lytiszta hegyi patakok \u00e9s a csillog\u00f3 tavak Sebastian Kneipp elvei szerint ide\u00e1lis felt\u00e9teleket teremtenek a v\u00edzter\u00e1pi\u00e1hoz. Ez r\u00e1ad\u00e1sul egy\u00e1ltal\u00e1n nem bonyolult. Ezeket az elveket szinte b\u00e1rhol kipr\u00f3b\u00e1lhatod, \u00e9s \u00e9lvezheted j\u00f3t\u00e9kony hat\u00e1sukat. Nincs is friss\u00edt\u0151bb ann\u00e1l, mint amikor egy hegyi t\u00fara ut\u00e1n a f\u00e1radt l\u00e1badat egy h\u0171v\u00f6s hegyi patakba vagy a r\u00e9gi\u00f3 t\u00f6bb mint 60 tava k\u00f6z\u00fcl valamelyikbe mer\u00edted.<\/p>\n\n\t\t\t<div id=\"13711-4\" class=\"gallery gallery-13711 gallery-columns-3 gallery-size-1170_658\" itemscope itemtype=\"http:\/\/schema.org\/ImageGallery\">\n\t\t\t\t<ul class=\"gallery-row gallery-col-3 gallery-clear\">\n\t\t\t\t\t<li class=\"gallery-item col-3\" itemprop=\"associatedMedia\" itemscope itemtype=\"http:\/\/schema.org\/ImageObject\">\n\t\t\t\t\t\t<div class=\"gallery-icon landscape\"><a href=\"https:\/\/www.salzburgerland.com\/hu\/wp-content\/uploads\/2021\/09\/salzburger-lungau-3-1920x1067-1.jpg\" title=\"salzburger-lungau-3-1920x1067-1\"><img decoding=\"async\" data-title=\"A gyerekek im\u00e1dnak a patakban pancsolni, a hideg v\u00edz \u00e1ltal\u00e1ban egy\u00e1ltal\u00e1n nem zavarja \u0151ket \u00a9 Salzburger Lungau\" title=\"A gyerekek im\u00e1dnak a patakban pancsolni, a hideg v\u00edz \u00e1ltal\u00e1ban egy\u00e1ltal\u00e1n nem zavarja \u0151ket \u00a9 Salzburger Lungau\" data-caption=\"A gyerekek im\u00e1dnak a patakban pancsolni, a hideg v\u00edz \u00e1ltal\u00e1ban egy\u00e1ltal\u00e1n nem zavarja \u0151ket \u00a9 Salzburger Lungau\" width=\"1170\" height=\"658\" src=\"https:\/\/www.salzburgerland.com\/hu\/wp-content\/uploads\/2021\/09\/salzburger-lungau-3-1920x1067-1-1170x658.jpg\" class=\"attachment-1170_658 size-1170_658\" alt=\"H\u00e1rom ember csobban egy patakban, z\u00f6ld\u00f6vezetben egy naps\u00fct\u00e9ses napon a salzburgi Lungau-ban. (Nagy\u00edtott n\u00e9zet)\" srcset=\"https:\/\/www.salzburgerland.com\/hu\/wp-content\/uploads\/2021\/09\/salzburger-lungau-3-1920x1067-1-1170x658.jpg 1170w, https:\/\/www.salzburgerland.com\/hu\/wp-content\/uploads\/2021\/09\/salzburger-lungau-3-1920x1067-1-1200x675.jpg 1200w\" sizes=\"(max-width: 1170px) 100vw, 1170px\" aria-describedby=\"figcaption-13711-24020\" itemprop=\"thumbnail\"><\/a><\/div>\n\t\t\t\t\t\t<span id=\"figcaption-13711-24020\" class=\"gallery-caption\" itemprop=\"caption\"><span aria-hidden=\"true\">A gyerekek im\u00e1dnak a patakban pancsolni, a hideg v\u00edz \u00e1ltal\u00e1ban egy\u00e1ltal\u00e1n nem zavarja \u0151ket \u00a9 Salzburger Lungau<\/span><\/span>\n\t\t\t\t\t<\/li>\n\t\t\t\t\t<li class=\"gallery-item col-3\" itemprop=\"associatedMedia\" itemscope itemtype=\"http:\/\/schema.org\/ImageObject\">\n\t\t\t\t\t\t<div class=\"gallery-icon landscape\"><a href=\"https:\/\/www.salzburgerland.com\/hu\/wp-content\/uploads\/2021\/09\/salzburger-lungau-16-1920x1067-1.jpg\" title=\"salzburger-lungau-16-1920x1067-1\"><img decoding=\"async\" data-title=\"A hegyi patakok ide\u00e1lis helysz\u00ednt jelentenek a gyerekek j\u00e1t\u00e9k\u00e1hoz \u00a9 Salzburger Lungau\" title=\"A hegyi patakok ide\u00e1lis helysz\u00ednt jelentenek a gyerekek j\u00e1t\u00e9k\u00e1hoz \u00a9 Salzburger Lungau\" data-caption=\"A hegyi patakok ide\u00e1lis helysz\u00ednt jelentenek a gyerekek j\u00e1t\u00e9k\u00e1hoz \u00a9 Salzburger Lungau\" width=\"1170\" height=\"658\" src=\"https:\/\/www.salzburgerland.com\/hu\/wp-content\/uploads\/2021\/09\/salzburger-lungau-16-1920x1067-1-1170x658.jpg\" class=\"attachment-1170_658 size-1170_658\" alt=\"Egy f\u00e9rfi \u00e9s egy gyermek mosolyog egy foly\u00f3 mellett, szikl\u00e1kat rakosgatnak a salzburgi Lungau-ban, m\u00f6g\u00f6tte f\u00e1k \u00e9s hegyek. (Nagy\u00edtott n\u00e9zet)\" srcset=\"https:\/\/www.salzburgerland.com\/hu\/wp-content\/uploads\/2021\/09\/salzburger-lungau-16-1920x1067-1-1170x658.jpg 1170w, https:\/\/www.salzburgerland.com\/hu\/wp-content\/uploads\/2021\/09\/salzburger-lungau-16-1920x1067-1-1200x675.jpg 1200w\" sizes=\"(max-width: 1170px) 100vw, 1170px\" aria-describedby=\"figcaption-13711-24022\" itemprop=\"thumbnail\"><\/a><\/div>\n\t\t\t\t\t\t<span id=\"figcaption-13711-24022\" class=\"gallery-caption\" itemprop=\"caption\"><span aria-hidden=\"true\">A hegyi patakok ide\u00e1lis helysz\u00ednt jelentenek a gyerekek j\u00e1t\u00e9k\u00e1hoz \u00a9 Salzburger Lungau<\/span><\/span>\n\t\t\t\t\t<\/li>\n\t\t\t\t\t<li class=\"gallery-item col-3\" itemprop=\"associatedMedia\" itemscope itemtype=\"http:\/\/schema.org\/ImageObject\">\n\t\t\t\t\t\t<div class=\"gallery-icon landscape\"><a href=\"https:\/\/www.salzburgerland.com\/hu\/wp-content\/uploads\/2021\/09\/ferienregion-salzburger-lungau-10-1920x1067-1.jpg\" title=\"ferienregion-salzburger-lungau-10-1920x1067-1\"><img decoding=\"async\" data-title=\"Pr\u00f3b\u00e1lj meg mez\u00edtl\u00e1b s\u00e9t\u00e1lni a h\u0171s hegyi patakban, \u00e9s tapasztald meg az energia \u00e1raml\u00e1s\u00e1t \u00a9 Ferienregion Salzburger Lungau, Simon M\u00f6stl ONLOPH\" title=\"Pr\u00f3b\u00e1lj meg mez\u00edtl\u00e1b s\u00e9t\u00e1lni a h\u0171s hegyi patakban, \u00e9s tapasztald meg az energia \u00e1raml\u00e1s\u00e1t \u00a9 Ferienregion Salzburger Lungau, Simon M\u00f6stl ONLOPH\" data-caption=\"Pr\u00f3b\u00e1lj meg mez\u00edtl\u00e1b s\u00e9t\u00e1lni a h\u0171s hegyi patakban, \u00e9s tapasztald meg az energia \u00e1raml\u00e1s\u00e1t \u00a9 Ferienregion Salzburger Lungau, Simon M\u00f6stl ONLOPH\" width=\"1170\" height=\"658\" src=\"https:\/\/www.salzburgerland.com\/hu\/wp-content\/uploads\/2021\/09\/ferienregion-salzburger-lungau-10-1920x1067-1-1170x658.jpg\" class=\"attachment-1170_658 size-1170_658\" alt=\"H\u00e1rom ember mez\u00edtl\u00e1b t\u00far\u00e1zik egy patakon a salzburgi Lungau-ban, cip\u0151t \u00e9s h\u00e1tizs\u00e1kot cipelve. (Nagy\u00edtott n\u00e9zet)\" srcset=\"https:\/\/www.salzburgerland.com\/hu\/wp-content\/uploads\/2021\/09\/ferienregion-salzburger-lungau-10-1920x1067-1-1170x658.jpg 1170w, https:\/\/www.salzburgerland.com\/hu\/wp-content\/uploads\/2021\/09\/ferienregion-salzburger-lungau-10-1920x1067-1-1200x675.jpg 1200w\" sizes=\"(max-width: 1170px) 100vw, 1170px\" aria-describedby=\"figcaption-13711-24023\" itemprop=\"thumbnail\"><\/a><\/div>\n\t\t\t\t\t\t<span id=\"figcaption-13711-24023\" class=\"gallery-caption\" itemprop=\"caption\"><span aria-hidden=\"true\">Pr\u00f3b\u00e1lj meg mez\u00edtl\u00e1b s\u00e9t\u00e1lni a h\u0171s hegyi patakban, \u00e9s tapasztald meg az energia \u00e1raml\u00e1s\u00e1t \u00a9 Ferienregion Salzburger Lungau, Simon M\u00f6stl ONLOPH<\/span><\/span>\n\t\t\t\t\t<\/li>\n\t\t\t\t<\/ul>\n\t\t\t<\/div><!-- .gallery -->\n\n<h3><strong>J\u00d3GA A HEGYI LEGEL\u0150K\u00d6N<\/strong><\/h3>\n<p>Testi \u00e9s lelki felt\u00f6lt\u0151d\u00e9st k\u00edn\u00e1l az ingyenes hegyi legel\u0151i j\u00f3ga (AlmYoga) a Trogalm-t\u00f3 partj\u00e1n, a Grosseck\u2013Speiereck \u00e9lm\u00e9nyhegyi t\u00e9rs\u00e9gben. Ha Lungau r\u00e9gi\u00f3j\u00e1ban nyugalmat \u00e9s egy kis id\u0151t keresel \u00f6nmagadra, ez az ide\u00e1lis hely sz\u00e1modra.<\/p>\n<p>Mikor \u00e9s hol? J\u00faliust\u00f3l szeptemberig minden cs\u00fct\u00f6rt\u00f6k\u00f6n 13:30 \u00e9s 15:00 k\u00f6z\u00f6tt a Trogalmsee hegyi t\u00f3n\u00e1l. K\u00e9tf\u00e9lek\u00e9ppen is k\u00f6nnyen megk\u00f6zel\u00edthet\u0151: a napos Sonnenhangweg t\u00fara\u00fatvonalon a mauterndorfi Grosseckbahn vagy a St. Michael-i Sonnenbahn felvon\u00f3 fels\u0151 \u00e1llom\u00e1s\u00e1t\u00f3l.<\/p>\n<div id=\"attachment_24025\" style=\"width: 1180px\" class=\"wp-caption alignleft\"><img decoding=\"async\" aria-describedby=\"caption-attachment-24025\" class=\"size-1170_658 wp-image-24025\" src=\"https:\/\/www.salzburgerland.com\/hu\/wp-content\/uploads\/2021\/09\/yoga-am-berg-salzburger-lungau-1-1200x675-1-1170x658.jpg\" alt=\"J\u00f3g\u00e1z\u00f3 szem\u00e9ly a salzburgi Lungau-ban, \u00f6nmagam.lehetek., f\u00e1kkal, t\u00f3val \u00e9s hegyekkel k\u00f6r\u00fclv\u00e9ve, felh\u0151k alatt.\" width=\"1170\" height=\"658\" srcset=\"https:\/\/www.salzburgerland.com\/hu\/wp-content\/uploads\/2021\/09\/yoga-am-berg-salzburger-lungau-1-1200x675-1-1170x658.jpg 1170w, https:\/\/www.salzburgerland.com\/hu\/wp-content\/uploads\/2021\/09\/yoga-am-berg-salzburger-lungau-1-1200x675-1-768x432.jpg 768w, https:\/\/www.salzburgerland.com\/hu\/wp-content\/uploads\/2021\/09\/yoga-am-berg-salzburger-lungau-1-1200x675-1.jpg 1200w\" sizes=\"(max-width: 1170px) 100vw, 1170px\"><p id=\"caption-attachment-24025\" class=\"wp-caption-text\">J\u00f3ga vir\u00e1gz\u00f3 r\u00e9ten Salzburg tartom\u00e1ny Lungau r\u00e9gi\u00f3j\u00e1ban \u00a9 Salzburger Lungau<\/p><\/div>\n<h3><strong>\u201eERDEI F\u00dcRD\u0150\u201c A FENY\u0150K K\u00d6Z\u00d6TT<\/strong><\/h3>\n<p>Salzburg tartom\u00e1ny Lungau r\u00e9gi\u00f3j\u00e1ban az erd\u0151k a turist\u00e1kat \u00e9s a helyieket egyar\u00e1nt vonzz\u00e1k. Az erd\u0151t itt els\u0151sorban egyed\u00fcl\u00e1ll\u00f3 \u00e9lett\u00e9rk\u00e9nt \u00e9rt\u00e9kelik. Itt kikapcsol\u00f3dhatsz, meghallgathatod a madarak \u00e9nek\u00e9t, \u00e9s olyan energi\u00e1t gy\u0171jthetsz, amely hazat\u00e9r\u00e9s ut\u00e1n is megmarad. Megtapasztalod, hogy az erd\u0151 nemcsak er\u0151t ad, hanem gy\u00f3gy\u00edt is. Pr\u00f3b\u00e1ld ki p\u00e9ld\u00e1ul a rendszeresen szervezett, vezetett \u201eerdei f\u00fcrd\u0151\u201d t\u00far\u00e1kat.<\/p>\n\n\t\t\t<div id=\"13711-5\" class=\"gallery gallery-13711 gallery-columns-3 gallery-size-1170_658\" itemscope itemtype=\"http:\/\/schema.org\/ImageGallery\">\n\t\t\t\t<ul class=\"gallery-row gallery-col-3 gallery-clear\">\n\t\t\t\t\t<li class=\"gallery-item col-3\" itemprop=\"associatedMedia\" itemscope itemtype=\"http:\/\/schema.org\/ImageObject\">\n\t\t\t\t\t\t<div class=\"gallery-icon landscape\"><a href=\"https:\/\/www.salzburgerland.com\/hu\/wp-content\/uploads\/2021\/09\/ferienregion-salzburger-lungau-4-1920x1067-1-1.jpg\" title=\"ferienregion-salzburger-lungau-4-1920x1067-1\"><img decoding=\"async\" data-title=\"Kir\u00e1ndul\u00e1sok az illatos feny\u0151erd\u0151ben Salzburg tartom\u00e1ny Lungau-ban \u00a9 Ferienregion Salzburger Lungau, Simon M\u00f6stl\" title=\"Kir\u00e1ndul\u00e1sok az illatos feny\u0151erd\u0151ben Salzburg tartom\u00e1ny Lungau-ban \u00a9 Ferienregion Salzburger Lungau, Simon M\u00f6stl\" data-caption=\"Kir\u00e1ndul\u00e1sok az illatos feny\u0151erd\u0151ben Salzburg tartom\u00e1ny Lungau-ban \u00a9 Ferienregion Salzburger Lungau, Simon M\u00f6stl\" width=\"1170\" height=\"658\" src=\"https:\/\/www.salzburgerland.com\/hu\/wp-content\/uploads\/2021\/09\/ferienregion-salzburger-lungau-4-1920x1067-1-1-1170x658.jpg\" class=\"attachment-1170_658 size-1170_658\" alt=\"H\u00e1rom ember \u00e1ll egy erd\u0151ben; k\u00e9t n\u0151 ny\u00fajt\u00f3zkodik felfel\u00e9, mik\u00f6zben egy k\u00e9k ruh\u00e1s f\u00e9rfi t\u00e9len instru\u00e1lja \u0151ket. (Nagy\u00edtott n\u00e9zet)\" srcset=\"https:\/\/www.salzburgerland.com\/hu\/wp-content\/uploads\/2021\/09\/ferienregion-salzburger-lungau-4-1920x1067-1-1-1170x658.jpg 1170w, https:\/\/www.salzburgerland.com\/hu\/wp-content\/uploads\/2021\/09\/ferienregion-salzburger-lungau-4-1920x1067-1-1-1200x675.jpg 1200w\" sizes=\"(max-width: 1170px) 100vw, 1170px\" aria-describedby=\"figcaption-13711-24027\" itemprop=\"thumbnail\"><\/a><\/div>\n\t\t\t\t\t\t<span id=\"figcaption-13711-24027\" class=\"gallery-caption\" itemprop=\"caption\"><span aria-hidden=\"true\">Kir\u00e1ndul\u00e1sok az illatos feny\u0151erd\u0151ben Salzburg tartom\u00e1ny Lungau-ban \u00a9 Ferienregion Salzburger Lungau, Simon M\u00f6stl<\/span><\/span>\n\t\t\t\t\t<\/li>\n\t\t\t\t\t<li class=\"gallery-item col-3\" itemprop=\"associatedMedia\" itemscope itemtype=\"http:\/\/schema.org\/ImageObject\">\n\t\t\t\t\t\t<div class=\"gallery-icon landscape\"><a href=\"https:\/\/www.salzburgerland.com\/hu\/wp-content\/uploads\/2021\/09\/ferienregion-salzburger-lungau-6-1920x1067-1.jpg\" title=\"ferienregion-salzburger-lungau-6-1920x1067-1\"><img decoding=\"async\" data-title=\"A mez\u00edtl\u00e1bas s\u00e9ta az erd\u0151ben j\u00f3t tesz az eg\u00e9sz testnek \u00a9 Ferienregion Salzburger Lungau, Simon M\u00f6stl\" title=\"A mez\u00edtl\u00e1bas s\u00e9ta az erd\u0151ben j\u00f3t tesz az eg\u00e9sz testnek \u00a9 Ferienregion Salzburger Lungau, Simon M\u00f6stl\" data-caption=\"A mez\u00edtl\u00e1bas s\u00e9ta az erd\u0151ben j\u00f3t tesz az eg\u00e9sz testnek \u00a9 Ferienregion Salzburger Lungau, Simon M\u00f6stl\" width=\"1170\" height=\"658\" src=\"https:\/\/www.salzburgerland.com\/hu\/wp-content\/uploads\/2021\/09\/ferienregion-salzburger-lungau-6-1920x1067-1-1170x658.jpg\" class=\"attachment-1170_658 size-1170_658\" alt=\"H\u00e1rom ember mez\u00edtl\u00e1b s\u00e9t\u00e1l a buja salzburgi Lungau-ban erd\u0151ben, \u00f6nmagam.lehetek. (Nagy\u00edtott n\u00e9zet)\" srcset=\"https:\/\/www.salzburgerland.com\/hu\/wp-content\/uploads\/2021\/09\/ferienregion-salzburger-lungau-6-1920x1067-1-1170x658.jpg 1170w, https:\/\/www.salzburgerland.com\/hu\/wp-content\/uploads\/2021\/09\/ferienregion-salzburger-lungau-6-1920x1067-1-1200x675.jpg 1200w\" sizes=\"(max-width: 1170px) 100vw, 1170px\" aria-describedby=\"figcaption-13711-24028\" itemprop=\"thumbnail\"><\/a><\/div>\n\t\t\t\t\t\t<span id=\"figcaption-13711-24028\" class=\"gallery-caption\" itemprop=\"caption\"><span aria-hidden=\"true\">A mez\u00edtl\u00e1bas s\u00e9ta az erd\u0151ben j\u00f3t tesz az eg\u00e9sz testnek \u00a9 Ferienregion Salzburger Lungau, Simon M\u00f6stl<\/span><\/span>\n\t\t\t\t\t<\/li>\n\t\t\t\t\t<li class=\"gallery-item col-3\" itemprop=\"associatedMedia\" itemscope itemtype=\"http:\/\/schema.org\/ImageObject\">\n\t\t\t\t\t\t<div class=\"gallery-icon landscape\"><a href=\"https:\/\/www.salzburgerland.com\/hu\/wp-content\/uploads\/2021\/09\/ferienregion-salzburger-lungau-1546-1920x1067-2.jpg\" title=\"ferienregion-salzburger-lungau-1546-1920x1067-2\"><img decoding=\"async\" data-title=\"Az erd\u0151k Salzburg tartom\u00e1ny Lungau r\u00e9gi\u00f3j\u00e1ban friss\u00edt\u0151 f\u00fcrd\u0151k\u00e9nt hatnak \u00a9 Ferienregion Salzburger Lungau, Simon M\u00f6stl\" title=\"Az erd\u0151k Salzburg tartom\u00e1ny Lungau r\u00e9gi\u00f3j\u00e1ban friss\u00edt\u0151 f\u00fcrd\u0151k\u00e9nt hatnak \u00a9 Ferienregion Salzburger Lungau, Simon M\u00f6stl\" data-caption=\"Az erd\u0151k Salzburg tartom\u00e1ny Lungau r\u00e9gi\u00f3j\u00e1ban friss\u00edt\u0151 f\u00fcrd\u0151k\u00e9nt hatnak \u00a9 Ferienregion Salzburger Lungau, Simon M\u00f6stl\" width=\"1170\" height=\"658\" src=\"https:\/\/www.salzburgerland.com\/hu\/wp-content\/uploads\/2021\/09\/ferienregion-salzburger-lungau-1546-1920x1067-2-1170x658.jpg\" class=\"attachment-1170_658 size-1170_658\" alt=\"H\u00e1rom ember t\u00far\u00e1zik a salzburgi Lungau-ban, mosolyogva \u00e9s s\u00e9tabotot haszn\u00e1lva egy szikl\u00e1s, naps\u00fct\u00f6tte erdei \u00f6sv\u00e9nyen. (Nagy\u00edtott n\u00e9zet)\" srcset=\"https:\/\/www.salzburgerland.com\/hu\/wp-content\/uploads\/2021\/09\/ferienregion-salzburger-lungau-1546-1920x1067-2-1170x658.jpg 1170w, https:\/\/www.salzburgerland.com\/hu\/wp-content\/uploads\/2021\/09\/ferienregion-salzburger-lungau-1546-1920x1067-2-1200x675.jpg 1200w\" sizes=\"(max-width: 1170px) 100vw, 1170px\" aria-describedby=\"figcaption-13711-24029\" itemprop=\"thumbnail\"><\/a><\/div>\n\t\t\t\t\t\t<span id=\"figcaption-13711-24029\" class=\"gallery-caption\" itemprop=\"caption\"><span aria-hidden=\"true\">Az erd\u0151k Salzburg tartom\u00e1ny Lungau r\u00e9gi\u00f3j\u00e1ban friss\u00edt\u0151 f\u00fcrd\u0151k\u00e9nt hatnak \u00a9 Ferienregion Salzburger Lungau, Simon M\u00f6stl<\/span><\/span>\n\t\t\t\t\t<\/li>\n\t\t\t\t<\/ul>\n\t\t\t<\/div><!-- .gallery -->\n\n<h3><strong>ENERGIAHELYEK SALZBURG TARTOM\u00c1NY LUNGAU R\u00c9GI\u00d3J\u00c1BAN<\/strong><\/h3>\n<p>Az er\u0151s energi\u00e1j\u00fa helyek olyan k\u00fcl\u00f6nleges, szinte m\u00e1gikus zugok, amelyek rendk\u00edv\u00fcli er\u0151t sug\u00e1roznak, \u00e9s pozit\u00edv hat\u00e1ssal vannak az emberi l\u00e9lekre. A hegyek k\u00f6zep\u00e9n tal\u00e1lhat\u00f3 leny\u0171g\u00f6z\u0151 kil\u00e1t\u00f3pontok \u00e9s var\u00e1zslatos erd\u0151k mellett ide tartoznak a k\u00f6vetkez\u0151 helyek is:<\/p>\n<p><strong>Szent \u00c1goston-forr\u00e1s<\/strong><br>\nTamswegben tal\u00e1lhat\u00f3 a Szent Leonhard zar\u00e1ndoktemplom, k\u00f6zvetlen k\u00f6zel\u00e9ben pedig az \u201eAugustin Br\u00fcndl\u201d forr\u00e1s. Ez egy gy\u00f3gyv\u00edz, amely k\u00fcl\u00f6n\u00f6sen a szembetegs\u00e9gekre van j\u00f3t\u00e9kony hat\u00e1ssal. Sok zar\u00e1ndok \u00e9rkezik ide, hogy ezzel a k\u00fcl\u00f6nleges v\u00edzzel megmossa a szem\u00e9t. A forr\u00e1s mellett tal\u00e1lhat\u00f3 a Szent \u00c1goston-k\u00e1polna is.<\/p>\n<p><strong>Energiadombok<\/strong><br>\n38 k\u00fap alak\u00fa energiadomb tal\u00e1lhat\u00f3 a Lessach-v\u00f6lgyben, a Wildbachh\u00fctte mened\u00e9kh\u00e1z felett. El\u0151sz\u00f6r aut\u00f3val lehet eljutni a parkol\u00f3ig, onnan pedig k\u00f6r\u00fclbel\u00fcl egy\u00f3r\u00e1s gyalogl\u00e1ssal \u00e9rhet\u0151 el a Wildbachh\u00fctte. Ezt k\u00f6vet\u0151en mintegy 300 m\u00e9tert kell \u00e9szakkelet fel\u00e9 haladni, ahol a Gumma-hegy alatt, 2315 m\u00e9teres tengerszint feletti magass\u00e1gban l\u00e1that\u00f3k ezek a k\u00fcl\u00f6nleges dombok.<\/p>\n<div id=\"attachment_24031\" style=\"width: 1180px\" class=\"wp-caption alignleft\"><img decoding=\"async\" aria-describedby=\"caption-attachment-24031\" class=\"size-1170_658 wp-image-24031\" src=\"https:\/\/www.salzburgerland.com\/hu\/wp-content\/uploads\/2021\/09\/ferienregion-salzburger-lungau-28-1200x675-1-1170x658.jpg\" alt=\"J\u00f3g\u00e1z\u00f3 szem\u00e9ly egy k\u0151dombon a salzburgi Lungau-ban, a h\u00e1tt\u00e9rben hegyek \u00e9s v\u00f6lgyek.\" width=\"1170\" height=\"658\" srcset=\"https:\/\/www.salzburgerland.com\/hu\/wp-content\/uploads\/2021\/09\/ferienregion-salzburger-lungau-28-1200x675-1-1170x658.jpg 1170w, https:\/\/www.salzburgerland.com\/hu\/wp-content\/uploads\/2021\/09\/ferienregion-salzburger-lungau-28-1200x675-1-768x432.jpg 768w, https:\/\/www.salzburgerland.com\/hu\/wp-content\/uploads\/2021\/09\/ferienregion-salzburger-lungau-28-1200x675-1.jpg 1200w\" sizes=\"(max-width: 1170px) 100vw, 1170px\"><p id=\"caption-attachment-24031\" class=\"wp-caption-text\">K\u00f6ves domb kil\u00e1t\u00e1ssal a t\u00e1jra Salzburg tartom\u00e1ny Lungau-ban \u00a9 Ferienregion Salzburger Lungau, Heiko Mandl<\/p><\/div>\n<p><strong>Krisztus a Katschbergen<\/strong><br>\nAlfred Peitler szobr\u00e1sz \u00e1ltal k\u00e9sz\u00edtett f\u00e1b\u00f3l faragott szobor. A Gamskogelh\u00fctte mellett \u00e1ll\u00f3, kit\u00e1rt kar\u00fa Krisztus-szobor Karintia fel\u00e9 tekint, \u00e9s minden arra j\u00e1r\u00f3t arra h\u00edv, hogy meg\u00e1lljon egy pillanatra \u00e9s elcsendesedjen. Alfred Peitler tehets\u00e9ges zen\u00e9sz is, aki szobr\u00e1hoz kapcsol\u00f3d\u00f3an egy dalt is r\u00f6gz\u00edtett \u201eDer Jesus vom Katschberg\u201d c\u00edmmel.<\/p>\n<p><strong>Salingh\u00fcgel<\/strong><br>\nGeomantikai vizsg\u00e1latok kimutatt\u00e1k, hogy a Salingh\u00fcgel ter\u00fclet\u00e9n rendk\u00edv\u00fcl er\u0151s energi\u00e1j\u00fa pontok tal\u00e1lhat\u00f3k. Ezt a 9 pontot gr\u00e1nitk\u00f6vek jel\u00f6lik. R\u00e9gebben az ilyen helyeket a szervek vitaliz\u00e1l\u00e1s\u00e1ra haszn\u00e1lt\u00e1k.<\/p>\n<p><strong>\u201eA csendes v\u00edz ereje\u201d tematikus \u00f6sv\u00e9ny<\/strong><br>\nFedezd fel a \u201eterm\u00e9szet k\u00f6zep\u00e9n tal\u00e1lhat\u00f3 energiahelyeket\u201d, az \u00e9rintetlen alpesi r\u00e9teket \u00e9s a nyugodt hegyi tavakat. A Riedingtal term\u00e9szetv\u00e9delmi ter\u00fcleten, a Tauern-\u00f6sv\u00e9ny ment\u00e9n, a Rothenw\u00e4nder-, Esser-, Zauner-, Hoisl- \u00e9s Ilgsee-tavak mellett megtapasztalhatod a v\u00edz \u00e9s a term\u00e9szet leny\u0171g\u00f6z\u0151 erej\u00e9t.<\/p>\n\n\t\t\t<div id=\"13711-6\" class=\"gallery gallery-13711 gallery-columns-3 gallery-size-1170_658\" itemscope itemtype=\"http:\/\/schema.org\/ImageGallery\">\n\t\t\t\t<ul class=\"gallery-row gallery-col-3 gallery-clear\">\n\t\t\t\t\t<li class=\"gallery-item col-3\" itemprop=\"associatedMedia\" itemscope itemtype=\"http:\/\/schema.org\/ImageObject\">\n\t\t\t\t\t\t<div class=\"gallery-icon landscape\"><a href=\"https:\/\/www.salzburgerland.com\/hu\/wp-content\/uploads\/2021\/09\/egidikirche-st-michael-1920x1067-1.jpg\" title=\"egidikirche-st-michael-1920x1067-1\"><img decoding=\"async\" data-title=\"Szent Aegidius-templom St. Michaelben Salzburg tartom\u00e1ny Lungau-ban \u00a9 Ferienregion Salzburger Lungau\" title=\"Szent Aegidius-templom St. Michaelben Salzburg tartom\u00e1ny Lungau-ban \u00a9 Ferienregion Salzburger Lungau\" data-caption=\"Szent Aegidius-templom St. Michaelben Salzburg tartom\u00e1ny Lungau-ban \u00a9 Ferienregion Salzburger Lungau\" width=\"1170\" height=\"658\" src=\"https:\/\/www.salzburgerland.com\/hu\/wp-content\/uploads\/2021\/09\/egidikirche-st-michael-1920x1067-1-1170x658.jpg\" class=\"attachment-1170_658 size-1170_658\" alt=\"A Salzburgi Lungau napf\u00e9nyben \u00e1ll\u00f3, f\u00e1k k\u00f6z\u00f6tt fekv\u0151 kis feh\u00e9r templom toronnyal \u00e9s fresk\u00f3val. (Nagy\u00edtott n\u00e9zet)\" srcset=\"https:\/\/www.salzburgerland.com\/hu\/wp-content\/uploads\/2021\/09\/egidikirche-st-michael-1920x1067-1-1170x658.jpg 1170w, https:\/\/www.salzburgerland.com\/hu\/wp-content\/uploads\/2021\/09\/egidikirche-st-michael-1920x1067-1-1200x675.jpg 1200w\" sizes=\"(max-width: 1170px) 100vw, 1170px\" aria-describedby=\"figcaption-13711-24034\" itemprop=\"thumbnail\"><\/a><\/div>\n\t\t\t\t\t\t<span id=\"figcaption-13711-24034\" class=\"gallery-caption\" itemprop=\"caption\"><span aria-hidden=\"true\">Szent Aegidius-templom St. Michaelben Salzburg tartom\u00e1ny Lungau-ban \u00a9 Ferienregion Salzburger Lungau<\/span><\/span>\n\t\t\t\t\t<\/li>\n\t\t\t\t\t<li class=\"gallery-item col-3\" itemprop=\"associatedMedia\" itemscope itemtype=\"http:\/\/schema.org\/ImageObject\">\n\t\t\t\t\t\t<div class=\"gallery-icon landscape\"><a href=\"https:\/\/www.salzburgerland.com\/hu\/wp-content\/uploads\/2021\/09\/salzburger-lungau-8-1920x1067-1.jpg\" title=\"salzburger-lungau-8-1920x1067-1\"><img decoding=\"async\" data-title=\"V\u00edzes\u00e9s Salzburg tartom\u00e1ny Lungau-ban \u00a9 Ferienregion Salzburger Lungau\" title=\"V\u00edzes\u00e9s Salzburg tartom\u00e1ny Lungau-ban \u00a9 Ferienregion Salzburger Lungau\" data-caption=\"V\u00edzes\u00e9s Salzburg tartom\u00e1ny Lungau-ban \u00a9 Ferienregion Salzburger Lungau\" width=\"1170\" height=\"658\" src=\"https:\/\/www.salzburgerland.com\/hu\/wp-content\/uploads\/2021\/09\/salzburger-lungau-8-1920x1067-1-1170x658.jpg\" class=\"attachment-1170_658 size-1170_658\" alt=\"H\u00e1rom gyermek \u00e1ll egy faker\u00edt\u00e9s mellett egy szikl\u00e1s v\u00edzes\u00e9sn\u00e9l a salzburgi Lungau-ban erd\u0151ben. (Nagy\u00edtott n\u00e9zet)\" srcset=\"https:\/\/www.salzburgerland.com\/hu\/wp-content\/uploads\/2021\/09\/salzburger-lungau-8-1920x1067-1-1170x658.jpg 1170w, https:\/\/www.salzburgerland.com\/hu\/wp-content\/uploads\/2021\/09\/salzburger-lungau-8-1920x1067-1-1200x675.jpg 1200w\" sizes=\"(max-width: 1170px) 100vw, 1170px\" aria-describedby=\"figcaption-13711-24021\" itemprop=\"thumbnail\"><\/a><\/div>\n\t\t\t\t\t\t<span id=\"figcaption-13711-24021\" class=\"gallery-caption\" itemprop=\"caption\"><span aria-hidden=\"true\">V\u00edzes\u00e9s Salzburg tartom\u00e1ny Lungau-ban \u00a9 Ferienregion Salzburger Lungau<\/span><\/span>\n\t\t\t\t\t<\/li>\n\t\t\t\t\t<li class=\"gallery-item col-3\" itemprop=\"associatedMedia\" itemscope itemtype=\"http:\/\/schema.org\/ImageObject\">\n\t\t\t\t\t\t<div class=\"gallery-icon landscape\"><a href=\"https:\/\/www.salzburgerland.com\/hu\/wp-content\/uploads\/2021\/09\/wallfahrtskirche-st-leonhardsalzburger-lungau-1920x1067-1.jpg\" title=\"wallfahrtskirche-st-leonhardsalzburger-lungau-1920x1067-1\"><img decoding=\"async\" data-title=\"A Szent Leonhard-templom a szemeket gy\u00f3gy\u00edt\u00f3 forr\u00e1s\u00e1nak k\u00f6sz\u00f6nhet\u0151en zar\u00e1ndokhely \u00a9 Salzburger Lungau\" title=\"A Szent Leonhard-templom a szemeket gy\u00f3gy\u00edt\u00f3 forr\u00e1s\u00e1nak k\u00f6sz\u00f6nhet\u0151en zar\u00e1ndokhely \u00a9 Salzburger Lungau\" data-caption=\"A Szent Leonhard-templom a szemeket gy\u00f3gy\u00edt\u00f3 forr\u00e1s\u00e1nak k\u00f6sz\u00f6nhet\u0151en zar\u00e1ndokhely \u00a9 Salzburger Lungau\" width=\"1170\" height=\"658\" src=\"https:\/\/www.salzburgerland.com\/hu\/wp-content\/uploads\/2021\/09\/wallfahrtskirche-st-leonhardsalzburger-lungau-1920x1067-1-1170x658.jpg\" class=\"attachment-1170_658 size-1170_658\" alt=\"T\u00f6rt\u00e9nelmi templom magas toronnyal a salzburgi Lungau-ban, egy f\u00fcves dombon, felh\u0151s \u00e9g alatt. (Nagy\u00edtott n\u00e9zet)\" srcset=\"https:\/\/www.salzburgerland.com\/hu\/wp-content\/uploads\/2021\/09\/wallfahrtskirche-st-leonhardsalzburger-lungau-1920x1067-1-1170x658.jpg 1170w, https:\/\/www.salzburgerland.com\/hu\/wp-content\/uploads\/2021\/09\/wallfahrtskirche-st-leonhardsalzburger-lungau-1920x1067-1-1200x675.jpg 1200w\" sizes=\"(max-width: 1170px) 100vw, 1170px\" aria-describedby=\"figcaption-13711-24035\" itemprop=\"thumbnail\"><\/a><\/div>\n\t\t\t\t\t\t<span id=\"figcaption-13711-24035\" class=\"gallery-caption\" itemprop=\"caption\"><span aria-hidden=\"true\">A Szent Leonhard-templom a szemeket gy\u00f3gy\u00edt\u00f3 forr\u00e1s\u00e1nak k\u00f6sz\u00f6nhet\u0151en zar\u00e1ndokhely \u00a9 Salzburger Lungau<\/span><\/span>\n\t\t\t\t\t<\/li>\n\t\t\t\t<\/ul>\n\t\t\t<\/div><!-- .gallery -->\n\n<p>\u00a0<\/p>\n","protected":false},"excerpt":{"rendered":"<p>A Salzburg tartom\u00e1ny Lungau-ban a helyiek vend\u00e9gszeretete, a term\u00e9szetess\u00e9g \u00e9s a r\u00e9gi\u00f3 hiteless\u00e9ge a vend\u00e9gekre is \u00e1tragad. \u00cdgy a l\u00e1togat\u00f3k a mindennapi, hektikus \u00e9let\u00fckt\u0151l t\u00e1vol pihenhetnek meg, \u00e9s egyszer\u0171en \u00f6nmaguk lehetnek. Mivel Salzburg tartom\u00e1ny k\u00fcl\u00f6nb\u00f6z\u0151 \u00fcd\u00fcl\u0151r\u00e9gi\u00f3i nincsenek messze egym\u00e1st\u00f3l, a vend\u00e9gek egy k\u00fcl\u00f6nleges, saj\u00e1t vil\u00e1gk\u00e9nt \u00e9lhetik meg ezt a helyet. A Salzburg tartom\u00e1ny Lungau r\u00e9gi\u00f3j\u00e1ban [&hellip;]<\/p>\n","protected":false},"author":21,"featured_media":23998,"comment_status":"closed","ping_status":"closed","template":"","meta":{"_acf_changed":false,"wl_entities_gutenberg":"","_relevanssi_hide_post":"","_relevanssi_hide_content":"","_relevanssi_pin_for_all":"","_relevanssi_pin_keywords":"","_relevanssi_unpin_keywords":"","_relevanssi_related_keywords":"","_relevanssi_related_include_ids":"","_relevanssi_related_exclude_ids":"","_relevanssi_related_no_append":"","_relevanssi_related_not_related":"","_relevanssi_related_posts":"","_relevanssi_noindex_reason":"","footnotes":""},"categories":[],"tags":[],"wl_entity_type":[2],"class_list":["post-13711","entity","type-entity","status-publish","has-post-thumbnail","hentry","wl_entity_type-thing","sitetype-theme"],"acf":[],"yoast_head":"<!-- This site is optimized with the Yoast SEO Premium plugin v27.4 (Yoast SEO v27.4) - https:\/\/yoast.com\/product\/yoast-seo-premium-wordpress\/ -->\n<title>SalzburgerLand.com<\/title>\n<meta name=\"description\" content=\"\u00d6nmagam.lehetek. t\u00e9len a Salzburgi Lungau-ban. Ez mag\u00e1ba foglalja a felh\u0151tlen pihen\u00e9st a term\u00e9szetben, a k\u00f6nnyed lazas\u00e1got \u00e9s az \u00f6nfeledt sz\u00f3rakoz\u00e1st.\" \/>\n<meta name=\"robots\" content=\"index, follow, max-snippet:-1, max-image-preview:large, max-video-preview:-1\" \/>\n<link rel=\"canonical\" href=\"https:\/\/www.salzburgerland.com\/hu\/salzburgi-lungau-onmagam-lehetek-telen\/\" \/>\n<meta property=\"og:locale\" content=\"hu_HU\" \/>\n<meta property=\"og:type\" content=\"article\" \/>\n<meta property=\"og:title\" content=\"\u00d6nmagam.lehetek. ny\u00e1ron Salzburg tartom\u00e1ny Lungau-ban\" \/>\n<meta property=\"og:description\" content=\"A Salzburg tartom\u00e1ny Lungau-ban a helyiek vend\u00e9gszeretete, a term\u00e9szetess\u00e9g \u00e9s a r\u00e9gi\u00f3 hiteless\u00e9ge a vend\u00e9gekre is \u00e1tragad. \u00cdgy a l\u00e1togat\u00f3k a mindennapi,\" \/>\n<meta property=\"og:url\" content=\"https:\/\/www.salzburgerland.com\/hu\/salzburgi-lungau-onmagam-lehetek-telen\/\" \/>\n<meta property=\"og:site_name\" content=\"SalzburgerLand.com\" \/>\n<meta property=\"article:publisher\" content=\"https:\/\/www.facebook.com\/visitsalzburgerland\/\" \/>\n<meta property=\"article:modified_time\" content=\"2026-04-03T10:52:19+00:00\" \/>\n<meta property=\"og:image\" content=\"https:\/\/www.salzburgerland.com\/hu\/wp-content\/uploads\/2021\/09\/prebersee_sonnenbaden_ferienregion_lungau_-1920x658-1-1536x526-1-1200x526.jpg\" \/>\n\t<meta property=\"og:image:width\" content=\"1200\" \/>\n\t<meta property=\"og:image:height\" content=\"526\" \/>\n\t<meta property=\"og:image:type\" content=\"image\/jpeg\" \/>\n<meta name=\"twitter:card\" content=\"summary_large_image\" \/>\n<meta name=\"twitter:site\" content=\"@salzburgerland\" \/>\n<meta name=\"twitter:label1\" content=\"Becs\u00fclt olvas\u00e1si id\u0151\" \/>\n\t<meta name=\"twitter:data1\" content=\"10 perc\" \/>\n<script type=\"application\/ld+json\" class=\"yoast-schema-graph\">{\"@context\":\"https:\\\/\\\/schema.org\",\"@graph\":[{\"@type\":\"WebPage\",\"@id\":\"https:\\\/\\\/www.salzburgerland.com\\\/hu\\\/salzburgi-lungau-onmagam-lehetek-telen\\\/\",\"url\":\"https:\\\/\\\/www.salzburgerland.com\\\/hu\\\/salzburgi-lungau-onmagam-lehetek-telen\\\/\",\"name\":\"SalzburgerLand.com\",\"isPartOf\":{\"@id\":\"https:\\\/\\\/www.salzburgerland.com\\\/hu\\\/#website\"},\"primaryImageOfPage\":{\"@id\":\"https:\\\/\\\/www.salzburgerland.com\\\/hu\\\/salzburgi-lungau-onmagam-lehetek-telen\\\/#primaryimage\"},\"image\":{\"@id\":\"https:\\\/\\\/www.salzburgerland.com\\\/hu\\\/salzburgi-lungau-onmagam-lehetek-telen\\\/#primaryimage\"},\"thumbnailUrl\":\"https:\\\/\\\/www.salzburgerland.com\\\/hu\\\/wp-content\\\/uploads\\\/2021\\\/09\\\/prebersee_sonnenbaden_ferienregion_lungau_-1920x658-1-1536x526-1.jpg\",\"datePublished\":\"2021-09-17T10:34:43+00:00\",\"dateModified\":\"2026-04-03T10:52:19+00:00\",\"description\":\"\u00d6nmagam.lehetek. t\u00e9len a Salzburgi Lungau-ban. Ez mag\u00e1ba foglalja a felh\u0151tlen pihen\u00e9st a term\u00e9szetben, a k\u00f6nnyed lazas\u00e1got \u00e9s az \u00f6nfeledt sz\u00f3rakoz\u00e1st.\",\"inLanguage\":\"hu\",\"potentialAction\":[{\"@type\":\"ReadAction\",\"target\":[\"https:\\\/\\\/www.salzburgerland.com\\\/hu\\\/salzburgi-lungau-onmagam-lehetek-telen\\\/\"]}]},{\"@type\":\"ImageObject\",\"inLanguage\":\"hu\",\"@id\":\"https:\\\/\\\/www.salzburgerland.com\\\/hu\\\/salzburgi-lungau-onmagam-lehetek-telen\\\/#primaryimage\",\"url\":\"https:\\\/\\\/www.salzburgerland.com\\\/hu\\\/wp-content\\\/uploads\\\/2021\\\/09\\\/prebersee_sonnenbaden_ferienregion_lungau_-1920x658-1-1536x526-1.jpg\",\"contentUrl\":\"https:\\\/\\\/www.salzburgerland.com\\\/hu\\\/wp-content\\\/uploads\\\/2021\\\/09\\\/prebersee_sonnenbaden_ferienregion_lungau_-1920x658-1-1536x526-1.jpg\",\"width\":1536,\"height\":526,\"caption\":\"A Prebersee-t\u00f3 \u00e9s a Tamsweg term\u00e9szetv\u00e9delmi ter\u00fclet\u00a9 Ferienregion Lungau, Rupert M\u00fchlbacher\"},{\"@type\":\"WebSite\",\"@id\":\"https:\\\/\\\/www.salzburgerland.com\\\/hu\\\/#website\",\"url\":\"https:\\\/\\\/www.salzburgerland.com\\\/hu\\\/\",\"name\":\"SalzburgerLand.com\",\"description\":\"\u00dcd\u00fcl\u00e9s Ausztri\u00e1ban, Salzburg tartom\u00e1nyban\",\"potentialAction\":[{\"@type\":\"SearchAction\",\"target\":{\"@type\":\"EntryPoint\",\"urlTemplate\":\"https:\\\/\\\/www.salzburgerland.com\\\/hu\\\/?s={search_term_string}\"},\"query-input\":{\"@type\":\"PropertyValueSpecification\",\"valueRequired\":true,\"valueName\":\"search_term_string\"}}],\"inLanguage\":\"hu\"}]}<\/script>\n<!-- \/ Yoast SEO Premium plugin. -->","yoast_head_json":{"title":"SalzburgerLand.com","description":"\u00d6nmagam.lehetek. t\u00e9len a Salzburgi Lungau-ban. Ez mag\u00e1ba foglalja a felh\u0151tlen pihen\u00e9st a term\u00e9szetben, a k\u00f6nnyed lazas\u00e1got \u00e9s az \u00f6nfeledt sz\u00f3rakoz\u00e1st.","robots":{"index":"index","follow":"follow","max-snippet":"max-snippet:-1","max-image-preview":"max-image-preview:large","max-video-preview":"max-video-preview:-1"},"canonical":"https:\/\/www.salzburgerland.com\/hu\/salzburgi-lungau-onmagam-lehetek-telen\/","og_locale":"hu_HU","og_type":"article","og_title":"\u00d6nmagam.lehetek. ny\u00e1ron Salzburg tartom\u00e1ny Lungau-ban","og_description":"A Salzburg tartom\u00e1ny Lungau-ban a helyiek vend\u00e9gszeretete, a term\u00e9szetess\u00e9g \u00e9s a r\u00e9gi\u00f3 hiteless\u00e9ge a vend\u00e9gekre is \u00e1tragad. \u00cdgy a l\u00e1togat\u00f3k a mindennapi,","og_url":"https:\/\/www.salzburgerland.com\/hu\/salzburgi-lungau-onmagam-lehetek-telen\/","og_site_name":"SalzburgerLand.com","article_publisher":"https:\/\/www.facebook.com\/visitsalzburgerland\/","article_modified_time":"2026-04-03T10:52:19+00:00","og_image":[{"width":1200,"height":526,"url":"https:\/\/www.salzburgerland.com\/hu\/wp-content\/uploads\/2021\/09\/prebersee_sonnenbaden_ferienregion_lungau_-1920x658-1-1536x526-1-1200x526.jpg","type":"image\/jpeg"}],"twitter_card":"summary_large_image","twitter_site":"@salzburgerland","twitter_misc":{"Becs\u00fclt olvas\u00e1si id\u0151":"10 perc"},"schema":{"@context":"https:\/\/schema.org","@graph":[{"@type":"WebPage","@id":"https:\/\/www.salzburgerland.com\/hu\/salzburgi-lungau-onmagam-lehetek-telen\/","url":"https:\/\/www.salzburgerland.com\/hu\/salzburgi-lungau-onmagam-lehetek-telen\/","name":"SalzburgerLand.com","isPartOf":{"@id":"https:\/\/www.salzburgerland.com\/hu\/#website"},"primaryImageOfPage":{"@id":"https:\/\/www.salzburgerland.com\/hu\/salzburgi-lungau-onmagam-lehetek-telen\/#primaryimage"},"image":{"@id":"https:\/\/www.salzburgerland.com\/hu\/salzburgi-lungau-onmagam-lehetek-telen\/#primaryimage"},"thumbnailUrl":"https:\/\/www.salzburgerland.com\/hu\/wp-content\/uploads\/2021\/09\/prebersee_sonnenbaden_ferienregion_lungau_-1920x658-1-1536x526-1.jpg","datePublished":"2021-09-17T10:34:43+00:00","dateModified":"2026-04-03T10:52:19+00:00","description":"\u00d6nmagam.lehetek. t\u00e9len a Salzburgi Lungau-ban. Ez mag\u00e1ba foglalja a felh\u0151tlen pihen\u00e9st a term\u00e9szetben, a k\u00f6nnyed lazas\u00e1got \u00e9s az \u00f6nfeledt sz\u00f3rakoz\u00e1st.","inLanguage":"hu","potentialAction":[{"@type":"ReadAction","target":["https:\/\/www.salzburgerland.com\/hu\/salzburgi-lungau-onmagam-lehetek-telen\/"]}]},{"@type":"ImageObject","inLanguage":"hu","@id":"https:\/\/www.salzburgerland.com\/hu\/salzburgi-lungau-onmagam-lehetek-telen\/#primaryimage","url":"https:\/\/www.salzburgerland.com\/hu\/wp-content\/uploads\/2021\/09\/prebersee_sonnenbaden_ferienregion_lungau_-1920x658-1-1536x526-1.jpg","contentUrl":"https:\/\/www.salzburgerland.com\/hu\/wp-content\/uploads\/2021\/09\/prebersee_sonnenbaden_ferienregion_lungau_-1920x658-1-1536x526-1.jpg","width":1536,"height":526,"caption":"A Prebersee-t\u00f3 \u00e9s a Tamsweg term\u00e9szetv\u00e9delmi ter\u00fclet\u00a9 Ferienregion Lungau, Rupert M\u00fchlbacher"},{"@type":"WebSite","@id":"https:\/\/www.salzburgerland.com\/hu\/#website","url":"https:\/\/www.salzburgerland.com\/hu\/","name":"SalzburgerLand.com","description":"\u00dcd\u00fcl\u00e9s Ausztri\u00e1ban, Salzburg tartom\u00e1nyban","potentialAction":[{"@type":"SearchAction","target":{"@type":"EntryPoint","urlTemplate":"https:\/\/www.salzburgerland.com\/hu\/?s={search_term_string}"},"query-input":{"@type":"PropertyValueSpecification","valueRequired":true,"valueName":"search_term_string"}}],"inLanguage":"hu"}]}},"_wl_alt_label":[],"wl:entity_url":"http:\/\/open.salzburgerland.com\/hu\/entity\/salzburgi_lungau_onmagam-lehetek-_telen","_links":{"self":[{"href":"https:\/\/www.salzburgerland.com\/hu\/wp-json\/wp\/v2\/entities\/13711","targetHints":{"allow":["GET"]}}],"collection":[{"href":"https:\/\/www.salzburgerland.com\/hu\/wp-json\/wp\/v2\/entities"}],"about":[{"href":"https:\/\/www.salzburgerland.com\/hu\/wp-json\/wp\/v2\/types\/entity"}],"author":[{"embeddable":true,"href":"https:\/\/www.salzburgerland.com\/hu\/wp-json\/wp\/v2\/users\/21"}],"replies":[{"embeddable":true,"href":"https:\/\/www.salzburgerland.com\/hu\/wp-json\/wp\/v2\/comments?post=13711"}],"version-history":[{"count":20,"href":"https:\/\/www.salzburgerland.com\/hu\/wp-json\/wp\/v2\/entities\/13711\/revisions"}],"predecessor-version":[{"id":24000,"href":"https:\/\/www.salzburgerland.com\/hu\/wp-json\/wp\/v2\/entities\/13711\/revisions\/24000"}],"wp:featuredmedia":[{"embeddable":true,"href":"https:\/\/www.salzburgerland.com\/hu\/wp-json\/wp\/v2\/media\/23998"}],"wp:attachment":[{"href":"https:\/\/www.salzburgerland.com\/hu\/wp-json\/wp\/v2\/media?parent=13711"}],"wp:term":[{"taxonomy":"category","embeddable":true,"href":"https:\/\/www.salzburgerland.com\/hu\/wp-json\/wp\/v2\/categories?post=13711"},{"taxonomy":"post_tag","embeddable":true,"href":"https:\/\/www.salzburgerland.com\/hu\/wp-json\/wp\/v2\/tags?post=13711"},{"taxonomy":"wl_entity_type","embeddable":true,"href":"https:\/\/www.salzburgerland.com\/hu\/wp-json\/wp\/v2\/wl_entity_type?post=13711"}],"curies":[{"name":"wp","href":"https:\/\/api.w.org\/{rel}","templated":true}]}}