{"id":11505,"date":"2021-02-20T15:24:38","date_gmt":"2021-02-20T14:24:38","guid":{"rendered":"https:\/\/www.salzburgerland.com\/hu\/?post_type=entity&#038;p=11505"},"modified":"2024-04-14T14:31:55","modified_gmt":"2024-04-14T12:31:55","slug":"ezert-elunk","status":"publish","type":"entity","link":"https:\/\/www.salzburgerland.com\/hu\/ezert-elunk\/","title":{"rendered":"Ez\u00e9rt \u00e9l\u00fcnk"},"content":{"rendered":"<p>Az \u00f6r\u00f6m, az \u00e9lm\u00e9ny, az akt\u00edv kikapcsol\u00f3d\u00e1s, a kimozdul\u00e1s ut\u00e1ni v\u00e1gy \u00e9s a felfedez\u0151kedv tal\u00e1n sosem volt nagyobb, mint mostans\u00e1g. Ez\u00e9rt szeretn\u00e9nk Salzburg tartom\u00e1nyban ezen a ny\u00e1ron igaz\u00e1n ki\u00e9lvezni az \u00e9letet:\u00a0Rejtett alpesi legel\u0151k\u00f6n, csod\u00e1latos koncerttermekben, rusztikus fogad\u00f3kban \u00e9s leny\u0171g\u00f6z\u0151 gleccserek l\u00e1b\u00e1n\u00e1l, csillog\u00f3 hegyi tavakn\u00e1l \u00e9s titokzatos kast\u00e9lyokban, h\u0171v\u00f6s szurdokokban, a leg\u00e9desebb salzburgi galusk\u00e1t falatozva.<br>\nSalzburg tartom\u00e1ny az egy\u00e9ni szabads\u00e1g meg\u00e9l\u00e9s\u00e9nek, a nagyszer\u0171 \u00e9rzelmeknek, \u00e9s a boldog pillanatoknak a helysz\u00edne. <strong>Ez\u00e9rt \u00e9l\u00fcnk!<\/strong><\/p>\n<p>Val\u00f3ban l\u00e9teznek a boldogs\u00e1gnak ezen pillanatai, melyek sok\u00e1ig hat\u00e1st gyakorolnak az emberre. Ezek k\u00f6z\u00e9 tartozik a kora reggeli napfelkelte a Gamskarkogel cs\u00facs\u00e1n. Olyan leny\u0171g\u00f6z\u0151, hogy elakad a l\u00e9legzet\u00fcnk \u00e9s el\u00e1ll a szavunk. Ott fent kicsinek t\u0171nik a vil\u00e1g: kicsinek \u00e9s egyidej\u0171leg hatalmasnak \u00e9s cs\u00e1b\u00edt\u00f3nak. A r\u00f3zsasz\u00edn horizonton kirajzol\u00f3d\u00f3 hegyvonulat egy finoman felv\u00e1zolt m\u0171v\u00e9szi alkot\u00e1st id\u00e9z. A h\u00fctt\u00e9b\u0151l a frissen f\u0151z\u00f6tt k\u00e1v\u00e9 illat\u00e1t viszi a szell\u0151 a r\u00e9tre, melynek v\u00e9g\u00e9ben egy zerg\u00e9t pillantunk meg. Egy gondolat fogalmaz\u00f3dik meg ilyenkor az emberben, mely nagyszer\u0171 \u00e9rz\u00e9sk\u00e9nt nyilv\u00e1nul meg: \u201ePontosan ez\u00e9rt \u00e9l\u00fcnk\u201d. Ugyanezt \u00e9rezz\u00fck, amikor beleharapunk egy f\u0171szeres sajttal megpakolt finom h\u00e1zi vajaskeny\u00e9rbe egy kimer\u00edt\u0151 biciklis t\u00fara ut\u00e1n. Vagy abban a r\u00f6vid pillanatban, amikor a mormota k\u00edv\u00e1ncsian kidugja az orr\u00e1t az oduj\u00e1b\u00f3l. Kedvenc zongorist\u00e1nk sz\u00f3l\u00f3koncertje szint\u00e9n ezt a m\u00e9lyr\u0151l j\u00f6v\u0151 \u201eEz\u00e9rt \u00e9l\u00fcnk\u201d \u00e9rz\u00e9st jelenti, \u00fagymint a leveg\u0151v\u00e9tel pillanata, miel\u0151tt leugrunk a st\u00e9gr\u0151l \u2013 \u00e9s p\u00e1r m\u00e1sodperccel k\u00e9s\u0151bb a krist\u00e1lytiszta t\u00fcrkiz t\u00f3ban bukkanunk fel \u00fajra.<\/p>\n<p><strong>Id\u00e9n a nyaral\u00e1s Salzburg tartom\u00e1nyban egyetlen nagy \u201eEz\u00e9rt \u00e9l\u00fcnk\u201d \u00e9rz\u00e9s, amely id\u0151vel a bizonyos \u201eEml\u00e9kszel m\u00e9g?\u201d pillanatokk\u00e1 alakul \u00e1t. <\/strong>\u00dajra \u00e9s \u00fajra esz\u00fcnkbe jut, elmes\u00e9lj\u00fck \u00e9s a sz\u00edv\u00fcnkbe z\u00e1rjuk.<\/p>\n<p>Vend\u00e9gl\u00e1t\u00f3ink is tudj\u00e1k, mi\u00e9rt \u00e9rdemes \u00e9lni: az alpesi emberek, akik a t\u00far\u00e1z\u00f3knak a legfinomabb \u00e9teleket k\u00edn\u00e1lj\u00e1k a salzburgi alpesi ny\u00e1rban, a hegyi t\u00faravezet\u0151k, a nemzeti park \u0151rei, akik megmutatj\u00e1k a term\u00e9szet szerelmeseinek a legszebb helyeket \u00e9s biztons\u00e1gban k\u00eds\u00e9rik \u0151ket, a sz\u00e1ll\u00e1sad\u00f3k \u00e9s csal\u00e1djaik, akik n\u00e9v szerint ismerik a vend\u00e9geiket, a f\u0151szak\u00e1csok, akik szem\u00e9lyesen k\u00e9rdezik meg, hogy \u00edzlik-e az \u00e9tel. Az igazi vend\u00e9gszeretet lehet hivat\u00e1s: Salzburg tartom\u00e1nyban ez gyakran el\u0151fordul. Ezen a ny\u00e1ron a vend\u00e9gszeretet azt is jelenti, hogy nagyon alkalmazkod\u00f3 \u00e9s rugalmas lemond\u00e1si \u00e9s \u00e1tfoglal\u00e1si felt\u00e9teleket biztos\u00edtunk.<\/p>\n<p>J\u00f6n a ny\u00e1r\u00a0Salzburg tartom\u00e1nyban \u2013 itt az ideje, hogy \u00e1t\u00e9lj\u00fcnk n\u00e9h\u00e1ny \u00f6r\u00f6k \u00e9letre sz\u00f3l\u00f3 boldog pillanatot.<\/p>\n<p><strong>Ez\u00e9rt \u00e9l\u00fcnk!<\/strong><\/p>\n","protected":false},"excerpt":{"rendered":"<p>Az \u00f6r\u00f6m, az \u00e9lm\u00e9ny, az akt\u00edv kikapcsol\u00f3d\u00e1s, a kimozdul\u00e1s ut\u00e1ni v\u00e1gy \u00e9s a felfedez\u0151kedv tal\u00e1n sosem volt nagyobb, mint mostans\u00e1g. Ez\u00e9rt szeretn\u00e9nk Salzburg tartom\u00e1nyban ezen a ny\u00e1ron igaz\u00e1n ki\u00e9lvezni az \u00e9letet:\u00a0Rejtett alpesi legel\u0151k\u00f6n, csod\u00e1latos koncerttermekben, rusztikus fogad\u00f3kban \u00e9s leny\u0171g\u00f6z\u0151 gleccserek l\u00e1b\u00e1n\u00e1l, csillog\u00f3 hegyi tavakn\u00e1l \u00e9s titokzatos kast\u00e9lyokban, h\u0171v\u00f6s szurdokokban, a leg\u00e9desebb salzburgi galusk\u00e1t falatozva. Salzburg [&hellip;]<\/p>\n","protected":false},"author":17,"featured_media":11553,"comment_status":"closed","ping_status":"closed","template":"","meta":{"_acf_changed":false,"wl_entities_gutenberg":"","_relevanssi_hide_post":"","_relevanssi_hide_content":"","_relevanssi_pin_for_all":"","_relevanssi_pin_keywords":"","_relevanssi_unpin_keywords":"","_relevanssi_related_keywords":"","_relevanssi_related_include_ids":"","_relevanssi_related_exclude_ids":"","_relevanssi_related_no_append":"","_relevanssi_related_not_related":"","_relevanssi_related_posts":"","_relevanssi_noindex_reason":"","footnotes":""},"categories":[],"tags":[],"wl_entity_type":[2],"class_list":["post-11505","entity","type-entity","status-publish","has-post-thumbnail","hentry","wl_entity_type-thing","sitetype-theme"],"acf":[],"yoast_head":"<!-- This site is optimized with the Yoast SEO Premium plugin v27.4 (Yoast SEO v27.4) - https:\/\/yoast.com\/product\/yoast-seo-premium-wordpress\/ -->\n<title>Ez\u00e9rt \u00e9l\u00fcnk \u00bb SalzburgerLand.com<\/title>\n<meta name=\"description\" content=\"\ufeffAz \u00f6r\u00f6m, a j\u00f3kedv, az akt\u00edv kikapcsol\u00f3d\u00e1s, \u00e9s a felfedez\u0151kedv vonzza a l\u00e1togat\u00f3kat Salzburg tartom\u00e1nyba. Ez\u00e9rt \u00e9l\u00fcnk.\" \/>\n<meta name=\"robots\" content=\"index, follow, max-snippet:-1, max-image-preview:large, max-video-preview:-1\" \/>\n<link rel=\"canonical\" href=\"https:\/\/www.salzburgerland.com\/hu\/ezert-elunk\/\" \/>\n<meta property=\"og:locale\" content=\"hu_HU\" \/>\n<meta property=\"og:type\" content=\"article\" \/>\n<meta property=\"og:title\" content=\"Ez\u00e9rt \u00e9l\u00fcnk\" \/>\n<meta property=\"og:description\" content=\"Az \u00f6r\u00f6m, az \u00e9lm\u00e9ny, az akt\u00edv kikapcsol\u00f3d\u00e1s, a kimozdul\u00e1s ut\u00e1ni v\u00e1gy \u00e9s a felfedez\u0151kedv tal\u00e1n sosem volt nagyobb, mint mostans\u00e1g. Ez\u00e9rt szeretn\u00e9nk Salzburg\" \/>\n<meta property=\"og:url\" content=\"https:\/\/www.salzburgerland.com\/hu\/ezert-elunk\/\" \/>\n<meta property=\"og:site_name\" content=\"SalzburgerLand.com\" \/>\n<meta property=\"article:publisher\" content=\"https:\/\/www.facebook.com\/visitsalzburgerland\/\" \/>\n<meta property=\"article:modified_time\" content=\"2024-04-14T12:31:55+00:00\" \/>\n<meta property=\"og:image\" content=\"https:\/\/www.salzburgerland.com\/hu\/wp-content\/uploads\/2021\/02\/slt_sanktjohann_chrisperkles-26-1920x658-1-1200x658.jpg\" \/>\n\t<meta property=\"og:image:width\" content=\"1200\" \/>\n\t<meta property=\"og:image:height\" content=\"658\" \/>\n\t<meta property=\"og:image:type\" content=\"image\/jpeg\" \/>\n<meta name=\"twitter:card\" content=\"summary_large_image\" \/>\n<meta name=\"twitter:site\" content=\"@salzburgerland\" \/>\n<meta name=\"twitter:label1\" content=\"Becs\u00fclt olvas\u00e1si id\u0151\" \/>\n\t<meta name=\"twitter:data1\" content=\"3 perc\" \/>\n<script type=\"application\/ld+json\" class=\"yoast-schema-graph\">{\"@context\":\"https:\\\/\\\/schema.org\",\"@graph\":[{\"@type\":\"WebPage\",\"@id\":\"https:\\\/\\\/www.salzburgerland.com\\\/hu\\\/ezert-elunk\\\/\",\"url\":\"https:\\\/\\\/www.salzburgerland.com\\\/hu\\\/ezert-elunk\\\/\",\"name\":\"Ez\u00e9rt \u00e9l\u00fcnk \u00bb SalzburgerLand.com\",\"isPartOf\":{\"@id\":\"https:\\\/\\\/www.salzburgerland.com\\\/hu\\\/#website\"},\"primaryImageOfPage\":{\"@id\":\"https:\\\/\\\/www.salzburgerland.com\\\/hu\\\/ezert-elunk\\\/#primaryimage\"},\"image\":{\"@id\":\"https:\\\/\\\/www.salzburgerland.com\\\/hu\\\/ezert-elunk\\\/#primaryimage\"},\"thumbnailUrl\":\"https:\\\/\\\/www.salzburgerland.com\\\/hu\\\/wp-content\\\/uploads\\\/2021\\\/02\\\/slt_sanktjohann_chrisperkles-26-1920x658-1.jpg\",\"datePublished\":\"2021-02-20T14:24:38+00:00\",\"dateModified\":\"2024-04-14T12:31:55+00:00\",\"description\":\"\ufeffAz \u00f6r\u00f6m, a j\u00f3kedv, az akt\u00edv kikapcsol\u00f3d\u00e1s, \u00e9s a felfedez\u0151kedv vonzza a l\u00e1togat\u00f3kat Salzburg tartom\u00e1nyba. Ez\u00e9rt \u00e9l\u00fcnk.\",\"inLanguage\":\"hu\",\"potentialAction\":[{\"@type\":\"ReadAction\",\"target\":[\"https:\\\/\\\/www.salzburgerland.com\\\/hu\\\/ezert-elunk\\\/\"]}]},{\"@type\":\"ImageObject\",\"inLanguage\":\"hu\",\"@id\":\"https:\\\/\\\/www.salzburgerland.com\\\/hu\\\/ezert-elunk\\\/#primaryimage\",\"url\":\"https:\\\/\\\/www.salzburgerland.com\\\/hu\\\/wp-content\\\/uploads\\\/2021\\\/02\\\/slt_sanktjohann_chrisperkles-26-1920x658-1.jpg\",\"contentUrl\":\"https:\\\/\\\/www.salzburgerland.com\\\/hu\\\/wp-content\\\/uploads\\\/2021\\\/02\\\/slt_sanktjohann_chrisperkles-26-1920x658-1.jpg\",\"width\":1920,\"height\":658,\"caption\":\"Ez\u00e9rt \u00e9l\u00fcnk \u00a9 SalzburgerLand Tourismus\"},{\"@type\":\"WebSite\",\"@id\":\"https:\\\/\\\/www.salzburgerland.com\\\/hu\\\/#website\",\"url\":\"https:\\\/\\\/www.salzburgerland.com\\\/hu\\\/\",\"name\":\"SalzburgerLand.com\",\"description\":\"\u00dcd\u00fcl\u00e9s Ausztri\u00e1ban, Salzburg tartom\u00e1nyban\",\"potentialAction\":[{\"@type\":\"SearchAction\",\"target\":{\"@type\":\"EntryPoint\",\"urlTemplate\":\"https:\\\/\\\/www.salzburgerland.com\\\/hu\\\/?s={search_term_string}\"},\"query-input\":{\"@type\":\"PropertyValueSpecification\",\"valueRequired\":true,\"valueName\":\"search_term_string\"}}],\"inLanguage\":\"hu\"}]}<\/script>\n<meta property=\"og:video\" content=\"https:\/\/www.youtube.com\/embed\/UcNekL3zfmM\" \/>\n<meta property=\"og:video:type\" content=\"text\/html\" \/>\n<meta property=\"og:video:duration\" content=\"16\" \/>\n<meta property=\"og:video:width\" content=\"480\" \/>\n<meta property=\"og:video:height\" content=\"270\" \/>\n<meta property=\"ya:ovs:adult\" content=\"false\" \/>\n<meta property=\"ya:ovs:upload_date\" content=\"2021-02-20T14:24:38+00:00\" \/>\n<meta property=\"ya:ovs:allow_embed\" content=\"true\" \/>\n<!-- \/ Yoast SEO Premium plugin. -->","yoast_head_json":{"title":"Ez\u00e9rt \u00e9l\u00fcnk \u00bb SalzburgerLand.com","description":"\ufeffAz \u00f6r\u00f6m, a j\u00f3kedv, az akt\u00edv kikapcsol\u00f3d\u00e1s, \u00e9s a felfedez\u0151kedv vonzza a l\u00e1togat\u00f3kat Salzburg tartom\u00e1nyba. Ez\u00e9rt \u00e9l\u00fcnk.","robots":{"index":"index","follow":"follow","max-snippet":"max-snippet:-1","max-image-preview":"max-image-preview:large","max-video-preview":"max-video-preview:-1"},"canonical":"https:\/\/www.salzburgerland.com\/hu\/ezert-elunk\/","og_locale":"hu_HU","og_type":"article","og_title":"Ez\u00e9rt \u00e9l\u00fcnk","og_description":"Az \u00f6r\u00f6m, az \u00e9lm\u00e9ny, az akt\u00edv kikapcsol\u00f3d\u00e1s, a kimozdul\u00e1s ut\u00e1ni v\u00e1gy \u00e9s a felfedez\u0151kedv tal\u00e1n sosem volt nagyobb, mint mostans\u00e1g. Ez\u00e9rt szeretn\u00e9nk Salzburg","og_url":"https:\/\/www.salzburgerland.com\/hu\/ezert-elunk\/","og_site_name":"SalzburgerLand.com","article_publisher":"https:\/\/www.facebook.com\/visitsalzburgerland\/","article_modified_time":"2024-04-14T12:31:55+00:00","og_image":[{"width":1200,"height":658,"url":"https:\/\/www.salzburgerland.com\/hu\/wp-content\/uploads\/2021\/02\/slt_sanktjohann_chrisperkles-26-1920x658-1-1200x658.jpg","type":"image\/jpeg"}],"twitter_card":"summary_large_image","twitter_site":"@salzburgerland","twitter_misc":{"Becs\u00fclt olvas\u00e1si id\u0151":"3 perc"},"schema":{"@context":"https:\/\/schema.org","@graph":[{"@type":"WebPage","@id":"https:\/\/www.salzburgerland.com\/hu\/ezert-elunk\/","url":"https:\/\/www.salzburgerland.com\/hu\/ezert-elunk\/","name":"Ez\u00e9rt \u00e9l\u00fcnk \u00bb SalzburgerLand.com","isPartOf":{"@id":"https:\/\/www.salzburgerland.com\/hu\/#website"},"primaryImageOfPage":{"@id":"https:\/\/www.salzburgerland.com\/hu\/ezert-elunk\/#primaryimage"},"image":{"@id":"https:\/\/www.salzburgerland.com\/hu\/ezert-elunk\/#primaryimage"},"thumbnailUrl":"https:\/\/www.salzburgerland.com\/hu\/wp-content\/uploads\/2021\/02\/slt_sanktjohann_chrisperkles-26-1920x658-1.jpg","datePublished":"2021-02-20T14:24:38+00:00","dateModified":"2024-04-14T12:31:55+00:00","description":"\ufeffAz \u00f6r\u00f6m, a j\u00f3kedv, az akt\u00edv kikapcsol\u00f3d\u00e1s, \u00e9s a felfedez\u0151kedv vonzza a l\u00e1togat\u00f3kat Salzburg tartom\u00e1nyba. Ez\u00e9rt \u00e9l\u00fcnk.","inLanguage":"hu","potentialAction":[{"@type":"ReadAction","target":["https:\/\/www.salzburgerland.com\/hu\/ezert-elunk\/"]}]},{"@type":"ImageObject","inLanguage":"hu","@id":"https:\/\/www.salzburgerland.com\/hu\/ezert-elunk\/#primaryimage","url":"https:\/\/www.salzburgerland.com\/hu\/wp-content\/uploads\/2021\/02\/slt_sanktjohann_chrisperkles-26-1920x658-1.jpg","contentUrl":"https:\/\/www.salzburgerland.com\/hu\/wp-content\/uploads\/2021\/02\/slt_sanktjohann_chrisperkles-26-1920x658-1.jpg","width":1920,"height":658,"caption":"Ez\u00e9rt \u00e9l\u00fcnk \u00a9 SalzburgerLand Tourismus"},{"@type":"WebSite","@id":"https:\/\/www.salzburgerland.com\/hu\/#website","url":"https:\/\/www.salzburgerland.com\/hu\/","name":"SalzburgerLand.com","description":"\u00dcd\u00fcl\u00e9s Ausztri\u00e1ban, Salzburg tartom\u00e1nyban","potentialAction":[{"@type":"SearchAction","target":{"@type":"EntryPoint","urlTemplate":"https:\/\/www.salzburgerland.com\/hu\/?s={search_term_string}"},"query-input":{"@type":"PropertyValueSpecification","valueRequired":true,"valueName":"search_term_string"}}],"inLanguage":"hu"}]},"og_video":"https:\/\/www.youtube.com\/embed\/UcNekL3zfmM","og_video_type":"text\/html","og_video_duration":"16","og_video_width":"480","og_video_height":"270","ya_ovs_adult":"false","ya_ovs_upload_date":"2021-02-20T14:24:38+00:00","ya_ovs_allow_embed":"true"},"_wl_alt_label":[],"wl:entity_url":"http:\/\/open.salzburgerland.com\/hu\/entity\/ezert_elunk","_links":{"self":[{"href":"https:\/\/www.salzburgerland.com\/hu\/wp-json\/wp\/v2\/entities\/11505","targetHints":{"allow":["GET"]}}],"collection":[{"href":"https:\/\/www.salzburgerland.com\/hu\/wp-json\/wp\/v2\/entities"}],"about":[{"href":"https:\/\/www.salzburgerland.com\/hu\/wp-json\/wp\/v2\/types\/entity"}],"author":[{"embeddable":true,"href":"https:\/\/www.salzburgerland.com\/hu\/wp-json\/wp\/v2\/users\/17"}],"replies":[{"embeddable":true,"href":"https:\/\/www.salzburgerland.com\/hu\/wp-json\/wp\/v2\/comments?post=11505"}],"version-history":[{"count":5,"href":"https:\/\/www.salzburgerland.com\/hu\/wp-json\/wp\/v2\/entities\/11505\/revisions"}],"predecessor-version":[{"id":21837,"href":"https:\/\/www.salzburgerland.com\/hu\/wp-json\/wp\/v2\/entities\/11505\/revisions\/21837"}],"wp:featuredmedia":[{"embeddable":true,"href":"https:\/\/www.salzburgerland.com\/hu\/wp-json\/wp\/v2\/media\/11553"}],"wp:attachment":[{"href":"https:\/\/www.salzburgerland.com\/hu\/wp-json\/wp\/v2\/media?parent=11505"}],"wp:term":[{"taxonomy":"category","embeddable":true,"href":"https:\/\/www.salzburgerland.com\/hu\/wp-json\/wp\/v2\/categories?post=11505"},{"taxonomy":"post_tag","embeddable":true,"href":"https:\/\/www.salzburgerland.com\/hu\/wp-json\/wp\/v2\/tags?post=11505"},{"taxonomy":"wl_entity_type","embeddable":true,"href":"https:\/\/www.salzburgerland.com\/hu\/wp-json\/wp\/v2\/wl_entity_type?post=11505"}],"curies":[{"name":"wp","href":"https:\/\/api.w.org\/{rel}","templated":true}]}}