{"id":11114,"date":"2020-11-20T12:42:42","date_gmt":"2020-11-20T11:42:42","guid":{"rendered":"https:\/\/www.salzburgerland.com\/hu\/?post_type=entity&#038;p=11114"},"modified":"2026-03-23T08:31:06","modified_gmt":"2026-03-23T07:31:06","slug":"tel-idejen","status":"publish","type":"entity","link":"https:\/\/www.salzburgerland.com\/hu\/tel-idejen\/","title":{"rendered":"T\u00e9l idej\u00e9n Salzburg tartom\u00e1nyban"},"content":{"rendered":"<p>Salzburg tartom\u00e1nyban a vil\u00e1g egyik leggy\u00f6ny\u00f6r\u0171bb term\u00e9szeti t\u00e1j\u00e1n \u00e9l\u00fcnk. Legend\u00e1s hegycs\u00facsaink \u00e9s fantasztikus s\u00edterepeink, \u00e9s persze nagyszer\u0171 sportol\u00f3ink, val\u00f3di szt\u00e1rjaink \u00e9s p\u00e9ldak\u00e9peink is vannak. Ezeknek a kiv\u00e1lts\u00e1goknak tudat\u00e1ban vagyunk, \u00e9s \u00e9rt\u00e9kes \u00f6r\u00f6ks\u00e9gk\u00e9nt kezelj\u00fck \u0151ket. Olyan \u00f6r\u00f6ks\u00e9gk\u00e9nt, amelyet sz\u00edvesen osztunk meg olyan embert\u00e1rsainkkal, akik cser\u00e9be vel\u00fcnk egy\u00fctt \u00e9lik meg a t\u00e9li sportok ir\u00e1nti szeretet\u00fcnket \u00e9s csod\u00e1latunkat.<\/p>\n<p>Igaz\u00e1n \u00f6r\u00f6mteli h\u00edr, hogy a vil\u00e1g figyelme ezen a t\u00e9len ism\u00e9t Salzburg tartom\u00e1ny fel\u00e9 fordul, amikor megrendez\u00e9sre ker\u00fcl a 2025-\u00f6s Saalbach-i FIS Alpesi S\u00edvil\u00e1gbajnoks\u00e1g (FIS Alpine World Ski Championships Saalbach 2025). <strong>Egy vil\u00e1gsz\u00ednvonal\u00fa sportesem\u00e9ny \u00e1ll a k\u00fcsz\u00f6b\u00f6n. Legyen \u00d6N IS r\u00e9szese. Hagyja, hogy mag\u00e1val ragadj\u00e1k az esem\u00e9nyek, \u00c9S v\u00e1ljon szurkol\u00f3v\u00e1!<\/strong><\/p>\n<p>Minden k\u00e9szen \u00e1ll a valaha volt legl\u00e1tv\u00e1nyosabb FIS Alpesi S\u00edvil\u00e1gbajnoks\u00e1gra! 2025. febru\u00e1r 4. \u00e9s 16. k\u00f6z\u00f6tt a t\u00e9li sportok fellegv\u00e1ra, Saalbach ism\u00e9t nemzetk\u00f6zi sz\u00ednt\u00e9rr\u00e9 alakul, ahol a legjobb \u00e9s legb\u00e1trabb s\u00edel\u0151k mutatj\u00e1k meg tud\u00e1sukat. Ezzel a t\u00e9li sportok kavalk\u00e1dja visszat\u00e9r oda, ahol 1991-ben m\u00e1r s\u00ed-t\u00f6rt\u00e9nelmet \u00edrt. A legend\u00e1s \u201enaps\u00fct\u00e9ses\u201c vil\u00e1gbajnoks\u00e1g ut\u00e1n 34 \u00e9vvel a Zw\u00f6lferkogel 2025-ben a \u201eMinden verseny egy hegyen\u201d mott\u00f3val ism\u00e9t a mega-sportesem\u00e9ny k\u00f6zponti helysz\u00edne lesz. A k\u00f6z\u00f6ns\u00e9g \u00e9s a rajong\u00f3k, de a t\u00e9li sportot \u0171z\u0151k, a vend\u00e9gek, \u00e9s a helyiek is k\u00f6zel ker\u00fclnek az esem\u00e9nyekhez.<\/p>\n<p>S\u00edelni ott, ahol a legjobbak a dobog\u00f3s helyek\u00e9rt k\u00fczdenek? <strong>A 2025-\u00f6s Saalbach-i FIS Alpesi S\u00edvil\u00e1gbajnoks\u00e1g ezt is lehet\u0151v\u00e9 teszi. A s\u00edjegy bel\u00e9p\u0151jeggy\u00e9, a s\u00edp\u00e1lya szabadt\u00e9ri lel\u00e1t\u00f3v\u00e1 v\u00e1ltozik: lesikl\u00e1s, meg\u00e1ll\u00e1s, szurkol\u00e1s!<\/strong><\/p>\n<p>Az, hogy Salzburg tartom\u00e1ny \u2013 Bad Gastein \u00e9s Saalbach Hinterglemm ut\u00e1n \u2013 ism\u00e9t egy FIS Alpesi S\u00edvil\u00e1gbajnoks\u00e1g helysz\u00edne lesz, nem v\u00e9letlen. Ott, ahol a t\u00e9li sportok szeretete sz\u00f3 szerint gener\u00e1ci\u00f3r\u00f3l gener\u00e1ci\u00f3ra sz\u00e1ll, \u00e9s ahol minden id\u0151k legjobb s\u00edel\u0151i \u2013 Annemarie Moser-Pr\u00f6ll, Hermann Maier \u00e9s Alexandra Meissnitzer, hogy csak n\u00e9h\u00e1nyat eml\u00edts\u00fcnk \u2013 otthonra leltek, a sportol\u00f3k \u00e9s a rajong\u00f3k a lehet\u0151 legjobb k\u00f6r\u00fclm\u00e9nyeket tal\u00e1lj\u00e1k.<\/p>\n<p><strong>K\u00e9sz\u00fclj\u00f6n a 2025-\u00f6s Saalbach-i FIS Alpesi S\u00edvil\u00e1gbajnoks\u00e1gra.<br>\n<\/strong><strong>K\u00e9sz\u00fclj\u00f6n egy t\u00e9lre, amely fel\u00fclm\u00fal minden eddigit.<br>\n<\/strong><strong>Legyen r\u00e9szese Salzburg tartom\u00e1ny t\u00e9li sport k\u00f6z\u00f6ss\u00e9g\u00e9nek.<\/strong><\/p>\n<p><strong>T\u00e9l Salzburg tartom\u00e1nyban \u2013 Ez\u00e9rt \u00e9l\u00fcnk.<\/strong><\/p>\n","protected":false},"excerpt":{"rendered":"<p>Salzburg tartom\u00e1nyban a vil\u00e1g egyik leggy\u00f6ny\u00f6r\u0171bb term\u00e9szeti t\u00e1j\u00e1n \u00e9l\u00fcnk. Legend\u00e1s hegycs\u00facsaink \u00e9s fantasztikus s\u00edterepeink, \u00e9s persze nagyszer\u0171 sportol\u00f3ink, val\u00f3di szt\u00e1rjaink \u00e9s p\u00e9ldak\u00e9peink is vannak. Ezeknek a kiv\u00e1lts\u00e1goknak tudat\u00e1ban vagyunk, \u00e9s \u00e9rt\u00e9kes \u00f6r\u00f6ks\u00e9gk\u00e9nt kezelj\u00fck \u0151ket. Olyan \u00f6r\u00f6ks\u00e9gk\u00e9nt, amelyet sz\u00edvesen osztunk meg olyan embert\u00e1rsainkkal, akik cser\u00e9be vel\u00fcnk egy\u00fctt \u00e9lik meg a t\u00e9li sportok ir\u00e1nti szeretet\u00fcnket \u00e9s csod\u00e1latunkat. [&hellip;]<\/p>\n","protected":false},"author":17,"featured_media":22371,"comment_status":"closed","ping_status":"closed","template":"","meta":{"_acf_changed":false,"wl_entities_gutenberg":"","_relevanssi_hide_post":"","_relevanssi_hide_content":"","_relevanssi_pin_for_all":"","_relevanssi_pin_keywords":"","_relevanssi_unpin_keywords":"","_relevanssi_related_keywords":"","_relevanssi_related_include_ids":"","_relevanssi_related_exclude_ids":"","_relevanssi_related_no_append":"","_relevanssi_related_not_related":"","_relevanssi_related_posts":"","_relevanssi_noindex_reason":"","footnotes":""},"categories":[],"tags":[],"wl_entity_type":[2],"class_list":["post-11114","entity","type-entity","status-publish","has-post-thumbnail","hentry","wl_entity_type-thing","sitetype-theme"],"acf":[],"yoast_head":"<!-- This site is optimized with the Yoast SEO Premium plugin v27.4 (Yoast SEO v27.4) - https:\/\/yoast.com\/product\/yoast-seo-premium-wordpress\/ -->\n<title>T\u00e9l idej\u00e9n Salzburg tartom\u00e1nyban \u00bb SalzburgerLand.com<\/title>\n<meta name=\"description\" content=\"A t\u00e9l Salzburg tartom\u00e1nyban egy igazi csodavil\u00e1g. S\u00edel\u00e9s, t\u00e9li sportok, t\u00e9li \u00fcd\u00fcl\u00e9s? Itt minden megtal\u00e1lhat\u00f3.\" \/>\n<meta name=\"robots\" content=\"index, follow, max-snippet:-1, max-image-preview:large, max-video-preview:-1\" \/>\n<link rel=\"canonical\" href=\"https:\/\/www.salzburgerland.com\/hu\/tel-idejen\/\" \/>\n<meta property=\"og:locale\" content=\"hu_HU\" \/>\n<meta property=\"og:type\" content=\"article\" \/>\n<meta property=\"og:title\" content=\"T\u00e9l idej\u00e9n Salzburg tartom\u00e1nyban\" \/>\n<meta property=\"og:description\" content=\"Salzburg tartom\u00e1nyban a vil\u00e1g egyik leggy\u00f6ny\u00f6r\u0171bb term\u00e9szeti t\u00e1j\u00e1n \u00e9l\u00fcnk. Legend\u00e1s hegycs\u00facsaink \u00e9s fantasztikus s\u00edterepeink, \u00e9s persze nagyszer\u0171\" \/>\n<meta property=\"og:url\" content=\"https:\/\/www.salzburgerland.com\/hu\/tel-idejen\/\" \/>\n<meta property=\"og:site_name\" content=\"SalzburgerLand.com\" \/>\n<meta property=\"article:publisher\" content=\"https:\/\/www.facebook.com\/visitsalzburgerland\/\" \/>\n<meta property=\"article:modified_time\" content=\"2026-03-23T07:31:06+00:00\" \/>\n<meta property=\"og:image\" content=\"https:\/\/www.salzburgerland.com\/hu\/wp-content\/uploads\/2020\/11\/83a0012-2_retusche_medaille-1200x675.jpg\" \/>\n\t<meta property=\"og:image:width\" content=\"1200\" \/>\n\t<meta property=\"og:image:height\" content=\"675\" \/>\n\t<meta property=\"og:image:type\" content=\"image\/jpeg\" \/>\n<meta name=\"twitter:card\" content=\"summary_large_image\" \/>\n<meta name=\"twitter:site\" content=\"@salzburgerland\" \/>\n<meta name=\"twitter:label1\" content=\"Becs\u00fclt olvas\u00e1si id\u0151\" \/>\n\t<meta name=\"twitter:data1\" content=\"3 perc\" \/>\n<script type=\"application\/ld+json\" class=\"yoast-schema-graph\">{\"@context\":\"https:\\\/\\\/schema.org\",\"@graph\":[{\"@type\":\"WebPage\",\"@id\":\"https:\\\/\\\/www.salzburgerland.com\\\/hu\\\/tel-idejen\\\/\",\"url\":\"https:\\\/\\\/www.salzburgerland.com\\\/hu\\\/tel-idejen\\\/\",\"name\":\"T\u00e9l idej\u00e9n Salzburg tartom\u00e1nyban \u00bb SalzburgerLand.com\",\"isPartOf\":{\"@id\":\"https:\\\/\\\/www.salzburgerland.com\\\/hu\\\/#website\"},\"primaryImageOfPage\":{\"@id\":\"https:\\\/\\\/www.salzburgerland.com\\\/hu\\\/tel-idejen\\\/#primaryimage\"},\"image\":{\"@id\":\"https:\\\/\\\/www.salzburgerland.com\\\/hu\\\/tel-idejen\\\/#primaryimage\"},\"thumbnailUrl\":\"https:\\\/\\\/www.salzburgerland.com\\\/hu\\\/wp-content\\\/uploads\\\/2020\\\/11\\\/83a0012-2_retusche_medaille.jpg\",\"datePublished\":\"2020-11-20T11:42:42+00:00\",\"dateModified\":\"2026-03-23T07:31:06+00:00\",\"description\":\"A t\u00e9l Salzburg tartom\u00e1nyban egy igazi csodavil\u00e1g. S\u00edel\u00e9s, t\u00e9li sportok, t\u00e9li \u00fcd\u00fcl\u00e9s? Itt minden megtal\u00e1lhat\u00f3.\",\"inLanguage\":\"hu\",\"potentialAction\":[{\"@type\":\"ReadAction\",\"target\":[\"https:\\\/\\\/www.salzburgerland.com\\\/hu\\\/tel-idejen\\\/\"]}]},{\"@type\":\"ImageObject\",\"inLanguage\":\"hu\",\"@id\":\"https:\\\/\\\/www.salzburgerland.com\\\/hu\\\/tel-idejen\\\/#primaryimage\",\"url\":\"https:\\\/\\\/www.salzburgerland.com\\\/hu\\\/wp-content\\\/uploads\\\/2020\\\/11\\\/83a0012-2_retusche_medaille.jpg\",\"contentUrl\":\"https:\\\/\\\/www.salzburgerland.com\\\/hu\\\/wp-content\\\/uploads\\\/2020\\\/11\\\/83a0012-2_retusche_medaille.jpg\",\"width\":2560,\"height\":1708,\"caption\":\"T\u00e9l Salzburg tartom\u00e1nyban - Ez\u00e9rt \u00e9l\u00fcnk \u00a9 SalzburgerLand Tourismus\"},{\"@type\":\"WebSite\",\"@id\":\"https:\\\/\\\/www.salzburgerland.com\\\/hu\\\/#website\",\"url\":\"https:\\\/\\\/www.salzburgerland.com\\\/hu\\\/\",\"name\":\"SalzburgerLand.com\",\"description\":\"\u00dcd\u00fcl\u00e9s Ausztri\u00e1ban, Salzburg tartom\u00e1nyban\",\"potentialAction\":[{\"@type\":\"SearchAction\",\"target\":{\"@type\":\"EntryPoint\",\"urlTemplate\":\"https:\\\/\\\/www.salzburgerland.com\\\/hu\\\/?s={search_term_string}\"},\"query-input\":{\"@type\":\"PropertyValueSpecification\",\"valueRequired\":true,\"valueName\":\"search_term_string\"}}],\"inLanguage\":\"hu\"}]}<\/script>\n<meta property=\"og:video\" content=\"https:\/\/www.youtube.com\/embed\/BqNibs0vxLo\" \/>\n<meta property=\"og:video:type\" content=\"text\/html\" \/>\n<meta property=\"og:video:duration\" content=\"20\" \/>\n<meta property=\"og:video:width\" content=\"480\" \/>\n<meta property=\"og:video:height\" content=\"270\" \/>\n<meta property=\"ya:ovs:adult\" content=\"false\" \/>\n<meta property=\"ya:ovs:upload_date\" content=\"2020-11-20T11:42:42+00:00\" \/>\n<meta property=\"ya:ovs:allow_embed\" content=\"true\" \/>\n<!-- \/ Yoast SEO Premium plugin. -->","yoast_head_json":{"title":"T\u00e9l idej\u00e9n Salzburg tartom\u00e1nyban \u00bb SalzburgerLand.com","description":"A t\u00e9l Salzburg tartom\u00e1nyban egy igazi csodavil\u00e1g. S\u00edel\u00e9s, t\u00e9li sportok, t\u00e9li \u00fcd\u00fcl\u00e9s? Itt minden megtal\u00e1lhat\u00f3.","robots":{"index":"index","follow":"follow","max-snippet":"max-snippet:-1","max-image-preview":"max-image-preview:large","max-video-preview":"max-video-preview:-1"},"canonical":"https:\/\/www.salzburgerland.com\/hu\/tel-idejen\/","og_locale":"hu_HU","og_type":"article","og_title":"T\u00e9l idej\u00e9n Salzburg tartom\u00e1nyban","og_description":"Salzburg tartom\u00e1nyban a vil\u00e1g egyik leggy\u00f6ny\u00f6r\u0171bb term\u00e9szeti t\u00e1j\u00e1n \u00e9l\u00fcnk. Legend\u00e1s hegycs\u00facsaink \u00e9s fantasztikus s\u00edterepeink, \u00e9s persze nagyszer\u0171","og_url":"https:\/\/www.salzburgerland.com\/hu\/tel-idejen\/","og_site_name":"SalzburgerLand.com","article_publisher":"https:\/\/www.facebook.com\/visitsalzburgerland\/","article_modified_time":"2026-03-23T07:31:06+00:00","og_image":[{"width":1200,"height":675,"url":"https:\/\/www.salzburgerland.com\/hu\/wp-content\/uploads\/2020\/11\/83a0012-2_retusche_medaille-1200x675.jpg","type":"image\/jpeg"}],"twitter_card":"summary_large_image","twitter_site":"@salzburgerland","twitter_misc":{"Becs\u00fclt olvas\u00e1si id\u0151":"3 perc"},"schema":{"@context":"https:\/\/schema.org","@graph":[{"@type":"WebPage","@id":"https:\/\/www.salzburgerland.com\/hu\/tel-idejen\/","url":"https:\/\/www.salzburgerland.com\/hu\/tel-idejen\/","name":"T\u00e9l idej\u00e9n Salzburg tartom\u00e1nyban \u00bb SalzburgerLand.com","isPartOf":{"@id":"https:\/\/www.salzburgerland.com\/hu\/#website"},"primaryImageOfPage":{"@id":"https:\/\/www.salzburgerland.com\/hu\/tel-idejen\/#primaryimage"},"image":{"@id":"https:\/\/www.salzburgerland.com\/hu\/tel-idejen\/#primaryimage"},"thumbnailUrl":"https:\/\/www.salzburgerland.com\/hu\/wp-content\/uploads\/2020\/11\/83a0012-2_retusche_medaille.jpg","datePublished":"2020-11-20T11:42:42+00:00","dateModified":"2026-03-23T07:31:06+00:00","description":"A t\u00e9l Salzburg tartom\u00e1nyban egy igazi csodavil\u00e1g. S\u00edel\u00e9s, t\u00e9li sportok, t\u00e9li \u00fcd\u00fcl\u00e9s? Itt minden megtal\u00e1lhat\u00f3.","inLanguage":"hu","potentialAction":[{"@type":"ReadAction","target":["https:\/\/www.salzburgerland.com\/hu\/tel-idejen\/"]}]},{"@type":"ImageObject","inLanguage":"hu","@id":"https:\/\/www.salzburgerland.com\/hu\/tel-idejen\/#primaryimage","url":"https:\/\/www.salzburgerland.com\/hu\/wp-content\/uploads\/2020\/11\/83a0012-2_retusche_medaille.jpg","contentUrl":"https:\/\/www.salzburgerland.com\/hu\/wp-content\/uploads\/2020\/11\/83a0012-2_retusche_medaille.jpg","width":2560,"height":1708,"caption":"T\u00e9l Salzburg tartom\u00e1nyban - Ez\u00e9rt \u00e9l\u00fcnk \u00a9 SalzburgerLand Tourismus"},{"@type":"WebSite","@id":"https:\/\/www.salzburgerland.com\/hu\/#website","url":"https:\/\/www.salzburgerland.com\/hu\/","name":"SalzburgerLand.com","description":"\u00dcd\u00fcl\u00e9s Ausztri\u00e1ban, Salzburg tartom\u00e1nyban","potentialAction":[{"@type":"SearchAction","target":{"@type":"EntryPoint","urlTemplate":"https:\/\/www.salzburgerland.com\/hu\/?s={search_term_string}"},"query-input":{"@type":"PropertyValueSpecification","valueRequired":true,"valueName":"search_term_string"}}],"inLanguage":"hu"}]},"og_video":"https:\/\/www.youtube.com\/embed\/BqNibs0vxLo","og_video_type":"text\/html","og_video_duration":"20","og_video_width":"480","og_video_height":"270","ya_ovs_adult":"false","ya_ovs_upload_date":"2020-11-20T11:42:42+00:00","ya_ovs_allow_embed":"true"},"_wl_alt_label":[],"wl:entity_url":"http:\/\/open.salzburgerland.com\/hu\/entity\/tel_idejen","_links":{"self":[{"href":"https:\/\/www.salzburgerland.com\/hu\/wp-json\/wp\/v2\/entities\/11114","targetHints":{"allow":["GET"]}}],"collection":[{"href":"https:\/\/www.salzburgerland.com\/hu\/wp-json\/wp\/v2\/entities"}],"about":[{"href":"https:\/\/www.salzburgerland.com\/hu\/wp-json\/wp\/v2\/types\/entity"}],"author":[{"embeddable":true,"href":"https:\/\/www.salzburgerland.com\/hu\/wp-json\/wp\/v2\/users\/17"}],"replies":[{"embeddable":true,"href":"https:\/\/www.salzburgerland.com\/hu\/wp-json\/wp\/v2\/comments?post=11114"}],"version-history":[{"count":19,"href":"https:\/\/www.salzburgerland.com\/hu\/wp-json\/wp\/v2\/entities\/11114\/revisions"}],"predecessor-version":[{"id":23978,"href":"https:\/\/www.salzburgerland.com\/hu\/wp-json\/wp\/v2\/entities\/11114\/revisions\/23978"}],"wp:featuredmedia":[{"embeddable":true,"href":"https:\/\/www.salzburgerland.com\/hu\/wp-json\/wp\/v2\/media\/22371"}],"wp:attachment":[{"href":"https:\/\/www.salzburgerland.com\/hu\/wp-json\/wp\/v2\/media?parent=11114"}],"wp:term":[{"taxonomy":"category","embeddable":true,"href":"https:\/\/www.salzburgerland.com\/hu\/wp-json\/wp\/v2\/categories?post=11114"},{"taxonomy":"post_tag","embeddable":true,"href":"https:\/\/www.salzburgerland.com\/hu\/wp-json\/wp\/v2\/tags?post=11114"},{"taxonomy":"wl_entity_type","embeddable":true,"href":"https:\/\/www.salzburgerland.com\/hu\/wp-json\/wp\/v2\/wl_entity_type?post=11114"}],"curies":[{"name":"wp","href":"https:\/\/api.w.org\/{rel}","templated":true}]}}