{"id":580780,"date":"2024-05-07T13:02:12","date_gmt":"2024-05-07T11:02:12","guid":{"rendered":"https:\/\/www.salzburgerland.com\/en\/?post_type=entity&#038;p=580780"},"modified":"2025-05-16T06:50:39","modified_gmt":"2025-05-16T04:50:39","slug":"zwolferhorn-cable-car","status":"publish","type":"entity","link":"https:\/\/www.salzburgerland.com\/en\/zwolferhorn-cable-car\/","title":{"rendered":"Zw\u00f6lferhorn cable car"},"content":{"rendered":"<h3>Hiking on the H\u00f6rndl<\/h3>\n<p>The Zw\u00f6lferhorn offers numerous opportunities for an enjoyable hike, ranging from an easy circular hike to a challenging mountain tour. With children, it is definitely worth exploring the Zw\u00f6lfer Runde, which provides plenty of variety along the Pillstein circular hiking trail with its twelve stations and explains exciting natural phenomena and traditional events in a playful way.<\/p>\n\n\t\t\t<div id=\"580780-1\" class=\"gallery gallery-580780 gallery-columns-3 gallery-size-1170_658\" itemscope itemtype=\"http:\/\/schema.org\/ImageGallery\">\n\t\t\t\t<ul class=\"gallery-row gallery-col-3 gallery-clear\">\n\t\t\t\t\t<li class=\"gallery-item col-3\" itemprop=\"associatedMedia\" itemscope itemtype=\"http:\/\/schema.org\/ImageObject\">\n\t\t\t\t\t\t<div class=\"gallery-icon landscape\"><a href=\"https:\/\/www.salzburgerland.com\/en\/wp-content\/uploads\/2024\/05\/dsc01787-1601x1067.jpg\" title=\"DSC01787\"><img decoding=\"async\" data-title=\"\u00a9 Zw\u00f6lferhorn\" title=\"\u00a9 Zw\u00f6lferhorn\" data-caption=\"\u00a9 Zw\u00f6lferhorn\" width=\"1170\" height=\"658\" src=\"https:\/\/www.salzburgerland.com\/en\/wp-content\/uploads\/2024\/05\/dsc01787-1170x658.jpg\" class=\"attachment-1170_658 size-1170_658\" alt=\"Two people stand by a wooden fence, enjoying a scenic forest view on a sunny day. (Enlarged view)\" srcset=\"https:\/\/www.salzburgerland.com\/en\/wp-content\/uploads\/2024\/05\/dsc01787-1170x658.jpg 1170w, https:\/\/www.salzburgerland.com\/en\/wp-content\/uploads\/2024\/05\/dsc01787-1200x675.jpg 1200w\" sizes=\"(max-width: 1170px) 100vw, 1170px\" aria-describedby=\"figcaption-580780-580787\" itemprop=\"thumbnail\"><\/a><\/div>\n\t\t\t\t\t\t<span id=\"figcaption-580780-580787\" class=\"gallery-caption\" itemprop=\"caption\"><span aria-hidden=\"true\">\u00a9 Zw\u00f6lferhorn<\/span><\/span>\n\t\t\t\t\t<\/li>\n\t\t\t\t\t<li class=\"gallery-item col-3\" itemprop=\"associatedMedia\" itemscope itemtype=\"http:\/\/schema.org\/ImageObject\">\n\t\t\t\t\t\t<div class=\"gallery-icon landscape\"><a href=\"https:\/\/www.salzburgerland.com\/en\/wp-content\/uploads\/2024\/05\/dsc01852-1601x1067.jpg\" title=\"DSC01852\"><img decoding=\"async\" data-title=\"\u00a9 Zw\u00f6lferhorn\" title=\"\u00a9 Zw\u00f6lferhorn\" data-caption=\"\u00a9 Zw\u00f6lferhorn\" width=\"1170\" height=\"658\" src=\"https:\/\/www.salzburgerland.com\/en\/wp-content\/uploads\/2024\/05\/dsc01852-1170x658.jpg\" class=\"attachment-1170_658 size-1170_658\" alt=\"A small cabin sits beside a path in a sunny, grassy mountain landscape with people walking nearby. (Enlarged view)\" srcset=\"https:\/\/www.salzburgerland.com\/en\/wp-content\/uploads\/2024\/05\/dsc01852-1170x658.jpg 1170w, https:\/\/www.salzburgerland.com\/en\/wp-content\/uploads\/2024\/05\/dsc01852-1200x675.jpg 1200w\" sizes=\"(max-width: 1170px) 100vw, 1170px\" aria-describedby=\"figcaption-580780-580789\" itemprop=\"thumbnail\"><\/a><\/div>\n\t\t\t\t\t\t<span id=\"figcaption-580780-580789\" class=\"gallery-caption\" itemprop=\"caption\"><span aria-hidden=\"true\">\u00a9 Zw\u00f6lferhorn<\/span><\/span>\n\t\t\t\t\t<\/li>\n\t\t\t\t\t<li class=\"gallery-item col-3\" itemprop=\"associatedMedia\" itemscope itemtype=\"http:\/\/schema.org\/ImageObject\">\n\t\t\t\t\t\t<div class=\"gallery-icon landscape\"><a href=\"https:\/\/www.salzburgerland.com\/en\/wp-content\/uploads\/2024\/05\/dsc01886-1601x1067.jpg\" title=\"DSC01886\"><img decoding=\"async\" data-title=\"\u00a9 Zw\u00f6lferhorn\" title=\"\u00a9 Zw\u00f6lferhorn\" data-caption=\"\u00a9 Zw\u00f6lferhorn\" width=\"1170\" height=\"658\" src=\"https:\/\/www.salzburgerland.com\/en\/wp-content\/uploads\/2024\/05\/dsc01886-1170x658.jpg\" class=\"attachment-1170_658 size-1170_658\" alt=\"Two walkers look at a Zw\u00f6lfer Runde trail sign on a grassy mountain path, with trees and people in the background. (Enlarged view)\" srcset=\"https:\/\/www.salzburgerland.com\/en\/wp-content\/uploads\/2024\/05\/dsc01886-1170x658.jpg 1170w, https:\/\/www.salzburgerland.com\/en\/wp-content\/uploads\/2024\/05\/dsc01886-1200x675.jpg 1200w\" sizes=\"(max-width: 1170px) 100vw, 1170px\" aria-describedby=\"figcaption-580780-580791\" itemprop=\"thumbnail\"><\/a><\/div>\n\t\t\t\t\t\t<span id=\"figcaption-580780-580791\" class=\"gallery-caption\" itemprop=\"caption\"><span aria-hidden=\"true\">\u00a9 Zw\u00f6lferhorn<\/span><\/span>\n\t\t\t\t\t<\/li>\n\t\t\t\t<\/ul>\n\t\t\t<\/div><!-- .gallery -->\n\n<h3>Simply relax and take a deep breath<\/h3>\n<p>Enjoy nature and draw strength from the peace and quiet \u2013 this is the motto behind the program on the sun platform on the Zw\u00f6lferhorn. Regular yoga sessions held there are designed to clear your head and recharge your batteries. It is also the perfect place for those who simply want to pause for a moment and enjoy the view.<\/p>\n<div id=\"attachment_580784\" style=\"width: 1180px\" class=\"wp-caption alignnone\"><img decoding=\"async\" aria-describedby=\"caption-attachment-580784\" class=\"size-1170_658 wp-image-580784\" src=\"https:\/\/www.salzburgerland.com\/en\/wp-content\/uploads\/2024\/05\/dsc01600-1170x658.jpg\" alt=\"\" width=\"1170\" height=\"658\" srcset=\"https:\/\/www.salzburgerland.com\/en\/wp-content\/uploads\/2024\/05\/dsc01600-1170x658.jpg 1170w, https:\/\/www.salzburgerland.com\/en\/wp-content\/uploads\/2024\/05\/dsc01600-1200x675.jpg 1200w\" sizes=\"(max-width: 1170px) 100vw, 1170px\"><p id=\"caption-attachment-580784\" class=\"wp-caption-text\">\u00a9 Zw\u00f6lferhorn<\/p><\/div>\n<h3>Free as a bird<\/h3>\n<p>Take off at 1,500 meters above sea level and have a picture-book backdrop at your feet \u2013 the Zw\u00f6lferhorn offers paragliders an absolute flying hotspot with fascinating, unforgettable views of the lake and mountain landscape of the Salzkammergut.<\/p>\n\n\t\t\t<div id=\"580780-2\" class=\"gallery gallery-580780 gallery-columns-3 gallery-size-1170_658\" itemscope itemtype=\"http:\/\/schema.org\/ImageGallery\">\n\t\t\t\t<ul class=\"gallery-row gallery-col-3 gallery-clear\">\n\t\t\t\t\t<li class=\"gallery-item col-3\" itemprop=\"associatedMedia\" itemscope itemtype=\"http:\/\/schema.org\/ImageObject\">\n\t\t\t\t\t\t<div class=\"gallery-icon landscape\"><a href=\"https:\/\/www.salzburgerland.com\/en\/wp-content\/uploads\/2024\/05\/zh_hochuberst-gilgen-1601x1067.jpg\" title=\"ZH_Hoch\u00dcberSt.Gilgen\"><img decoding=\"async\" data-title=\"\u00a9 Zw\u00f6lferhorn\" title=\"\u00a9 Zw\u00f6lferhorn\" data-caption=\"\u00a9 Zw\u00f6lferhorn\" width=\"1170\" height=\"658\" src=\"https:\/\/www.salzburgerland.com\/en\/wp-content\/uploads\/2024\/05\/zh_hochuberst-gilgen-1170x658.jpg\" class=\"attachment-1170_658 size-1170_658\" alt=\"Two people paragliding over mountains and a lake, with a house and trees in the foreground. (Enlarged view)\" srcset=\"https:\/\/www.salzburgerland.com\/en\/wp-content\/uploads\/2024\/05\/zh_hochuberst-gilgen-1170x658.jpg 1170w, https:\/\/www.salzburgerland.com\/en\/wp-content\/uploads\/2024\/05\/zh_hochuberst-gilgen-1200x675.jpg 1200w\" sizes=\"(max-width: 1170px) 100vw, 1170px\" aria-describedby=\"figcaption-580780-580796\" itemprop=\"thumbnail\"><\/a><\/div>\n\t\t\t\t\t\t<span id=\"figcaption-580780-580796\" class=\"gallery-caption\" itemprop=\"caption\"><span aria-hidden=\"true\">\u00a9 Zw\u00f6lferhorn<\/span><\/span>\n\t\t\t\t\t<\/li>\n\t\t\t\t\t<li class=\"gallery-item col-3\" itemprop=\"associatedMedia\" itemscope itemtype=\"http:\/\/schema.org\/ImageObject\">\n\t\t\t\t\t\t<div class=\"gallery-icon landscape\"><a href=\"https:\/\/www.salzburgerland.com\/en\/wp-content\/uploads\/2024\/05\/dsc08610-1601x1067.jpg\" title=\"DSC08610\"><img decoding=\"async\" data-title=\"\u00a9 Zw\u00f6lferhorn\" title=\"\u00a9 Zw\u00f6lferhorn\" data-caption=\"\u00a9 Zw\u00f6lferhorn\" width=\"1170\" height=\"658\" src=\"https:\/\/www.salzburgerland.com\/en\/wp-content\/uploads\/2024\/05\/dsc08610-1170x658.jpg\" class=\"attachment-1170_658 size-1170_658\" alt=\"Hikers walk up a grassy hill towards a summit with a large cross on a sunny day. (Enlarged view)\" srcset=\"https:\/\/www.salzburgerland.com\/en\/wp-content\/uploads\/2024\/05\/dsc08610-1170x658.jpg 1170w, https:\/\/www.salzburgerland.com\/en\/wp-content\/uploads\/2024\/05\/dsc08610-1200x675.jpg 1200w\" sizes=\"(max-width: 1170px) 100vw, 1170px\" aria-describedby=\"figcaption-580780-580795\" itemprop=\"thumbnail\"><\/a><\/div>\n\t\t\t\t\t\t<span id=\"figcaption-580780-580795\" class=\"gallery-caption\" itemprop=\"caption\"><span aria-hidden=\"true\">\u00a9 Zw\u00f6lferhorn<\/span><\/span>\n\t\t\t\t\t<\/li>\n\t\t\t\t\t<li class=\"gallery-item col-3\" itemprop=\"associatedMedia\" itemscope itemtype=\"http:\/\/schema.org\/ImageObject\">\n\t\t\t\t\t\t<div class=\"gallery-icon landscape\"><a href=\"https:\/\/www.salzburgerland.com\/en\/wp-content\/uploads\/2024\/05\/dsc02566-1601x1067.jpg\" title=\"DSC02566\"><img decoding=\"async\" data-title=\"\u00a9 Zw\u00f6lferhorn\" title=\"\u00a9 Zw\u00f6lferhorn\" data-caption=\"\u00a9 Zw\u00f6lferhorn\" width=\"1170\" height=\"658\" src=\"https:\/\/www.salzburgerland.com\/en\/wp-content\/uploads\/2024\/05\/dsc02566-1170x658.jpg\" class=\"attachment-1170_658 size-1170_658\" alt=\"Two people overlook a scenic lake, town, and cable car ascending a forested mountainside. (Enlarged view)\" srcset=\"https:\/\/www.salzburgerland.com\/en\/wp-content\/uploads\/2024\/05\/dsc02566-1170x658.jpg 1170w, https:\/\/www.salzburgerland.com\/en\/wp-content\/uploads\/2024\/05\/dsc02566-1200x675.jpg 1200w\" sizes=\"(max-width: 1170px) 100vw, 1170px\" aria-describedby=\"figcaption-580780-580792\" itemprop=\"thumbnail\"><\/a><\/div>\n\t\t\t\t\t\t<span id=\"figcaption-580780-580792\" class=\"gallery-caption\" itemprop=\"caption\"><span aria-hidden=\"true\">\u00a9 Zw\u00f6lferhorn<\/span><\/span>\n\t\t\t\t\t<\/li>\n\t\t\t\t<\/ul>\n\t\t\t<\/div><!-- .gallery -->\n\n<p>\u00a0<\/p>\n<h3>Up the mountain with solar energy<\/h3>\n<p>Using the pure power of nature the Zw\u00f6lferhorn cable car will be the first cable car in the world to travel up the mountain by solar energy from summer 2024. Thanks to the construction of a photovoltaic system, a direct self-sufficiency level of over 90% will be achieved. From April to September, the gondolas will even float up the Zw\u00f6lferhorn completely energy-autonomously.<\/p>\n","protected":false},"excerpt":{"rendered":"<p>Hiking on the H\u00f6rndl The Zw\u00f6lferhorn offers numerous opportunities for an enjoyable hike, ranging from an easy circular hike to a challenging mountain tour. With children, it is definitely worth exploring the Zw\u00f6lfer Runde, which provides plenty of variety along the Pillstein circular hiking trail with its twelve stations and explains exciting natural phenomena and [&hellip;]<\/p>\n","protected":false},"author":10,"featured_media":582480,"comment_status":"closed","ping_status":"closed","template":"","meta":{"_acf_changed":false,"wl_entities_gutenberg":"","_relevanssi_hide_post":"","_relevanssi_hide_content":"","_relevanssi_pin_for_all":"","_relevanssi_pin_keywords":"","_relevanssi_unpin_keywords":"","_relevanssi_related_keywords":"","_relevanssi_related_include_ids":"","_relevanssi_related_exclude_ids":"","_relevanssi_related_no_append":"","_relevanssi_related_not_related":"","_relevanssi_related_posts":"","_relevanssi_noindex_reason":"","footnotes":""},"categories":[],"tags":[4853],"wl_entity_type":[5,2],"class_list":["post-580780","entity","type-entity","status-publish","has-post-thumbnail","hentry","tag-summer-mountain-lifts","wl_entity_type-organization","wl_entity_type-thing","sitetype-default"],"acf":[],"yoast_head":"<!-- This site is optimized with the Yoast SEO Premium plugin v27.4 (Yoast SEO v27.4) - https:\/\/yoast.com\/product\/yoast-seo-premium-wordpress\/ -->\n<title>Zw\u00f6lferhorn cable car \u00bb SalzburgerLand.com<\/title>\n<meta name=\"robots\" content=\"index, follow, max-snippet:-1, max-image-preview:large, max-video-preview:-1\" \/>\n<link rel=\"canonical\" href=\"https:\/\/www.salzburgerland.com\/en\/zwolferhorn-cable-car\/\" \/>\n<meta property=\"og:locale\" content=\"en_GB\" \/>\n<meta property=\"og:type\" content=\"article\" \/>\n<meta property=\"og:title\" content=\"Zw\u00f6lferhorn cable car\" \/>\n<meta property=\"og:description\" content=\"With the popular red and yellow gondolas, the Zw\u00f6lferhorn cable car takes its guests barrier-free up to the naturally beautiful H\u00f6rndl in 11 minutes.\" \/>\n<meta property=\"og:url\" content=\"https:\/\/www.salzburgerland.com\/en\/zwolferhorn-cable-car\/\" \/>\n<meta property=\"og:site_name\" content=\"SalzburgerLand.com\" \/>\n<meta property=\"article:publisher\" content=\"https:\/\/www.facebook.com\/visitsalzburgerland\/\" \/>\n<meta property=\"article:modified_time\" content=\"2025-05-16T04:50:39+00:00\" \/>\n<meta property=\"og:image\" content=\"https:\/\/www.salzburgerland.com\/en\/wp-content\/uploads\/2024\/05\/zwolferhorn_titelbild-1200x675.jpg\" \/>\n\t<meta property=\"og:image:width\" content=\"1200\" \/>\n\t<meta property=\"og:image:height\" content=\"675\" \/>\n\t<meta property=\"og:image:type\" content=\"image\/jpeg\" \/>\n<meta name=\"twitter:card\" content=\"summary_large_image\" \/>\n<meta name=\"twitter:site\" content=\"@salzburgerland\" \/>\n<meta name=\"twitter:label1\" content=\"Estimated reading time\" \/>\n\t<meta name=\"twitter:data1\" content=\"1 minute\" \/>\n<script type=\"application\/ld+json\" class=\"yoast-schema-graph\">{\"@context\":\"https:\\\/\\\/schema.org\",\"@graph\":[{\"@type\":\"WebPage\",\"@id\":\"https:\\\/\\\/www.salzburgerland.com\\\/en\\\/zwolferhorn-cable-car\\\/\",\"url\":\"https:\\\/\\\/www.salzburgerland.com\\\/en\\\/zwolferhorn-cable-car\\\/\",\"name\":\"Zw\u00f6lferhorn cable car \u00bb SalzburgerLand.com\",\"isPartOf\":{\"@id\":\"https:\\\/\\\/www.salzburgerland.com\\\/en\\\/#website\"},\"primaryImageOfPage\":{\"@id\":\"https:\\\/\\\/www.salzburgerland.com\\\/en\\\/zwolferhorn-cable-car\\\/#primaryimage\"},\"image\":{\"@id\":\"https:\\\/\\\/www.salzburgerland.com\\\/en\\\/zwolferhorn-cable-car\\\/#primaryimage\"},\"thumbnailUrl\":\"https:\\\/\\\/www.salzburgerland.com\\\/en\\\/wp-content\\\/uploads\\\/2024\\\/05\\\/zwolferhorn_titelbild.jpg\",\"datePublished\":\"2024-05-07T11:02:12+00:00\",\"dateModified\":\"2025-05-16T04:50:39+00:00\",\"description\":\"With the popular red and yellow gondolas, the Zw\u00f6lferhorn cable car takes its guests barrier-free up to the naturally beautiful H\u00f6rndl in 11 minutes.\",\"inLanguage\":\"en-GB\",\"potentialAction\":[{\"@type\":\"ReadAction\",\"target\":[\"https:\\\/\\\/www.salzburgerland.com\\\/en\\\/zwolferhorn-cable-car\\\/\"]}]},{\"@type\":\"ImageObject\",\"inLanguage\":\"en-GB\",\"@id\":\"https:\\\/\\\/www.salzburgerland.com\\\/en\\\/zwolferhorn-cable-car\\\/#primaryimage\",\"url\":\"https:\\\/\\\/www.salzburgerland.com\\\/en\\\/wp-content\\\/uploads\\\/2024\\\/05\\\/zwolferhorn_titelbild.jpg\",\"contentUrl\":\"https:\\\/\\\/www.salzburgerland.com\\\/en\\\/wp-content\\\/uploads\\\/2024\\\/05\\\/zwolferhorn_titelbild.jpg\",\"width\":1920,\"height\":1080,\"caption\":\"\u00a9 Zw\u00f6lferhorn\"},{\"@type\":\"WebSite\",\"@id\":\"https:\\\/\\\/www.salzburgerland.com\\\/en\\\/#website\",\"url\":\"https:\\\/\\\/www.salzburgerland.com\\\/en\\\/\",\"name\":\"SalzburgerLand.com\",\"description\":\"Your holiday in Salzburg, Austria\",\"potentialAction\":[{\"@type\":\"SearchAction\",\"target\":{\"@type\":\"EntryPoint\",\"urlTemplate\":\"https:\\\/\\\/www.salzburgerland.com\\\/en\\\/?s={search_term_string}\"},\"query-input\":{\"@type\":\"PropertyValueSpecification\",\"valueRequired\":true,\"valueName\":\"search_term_string\"}}],\"inLanguage\":\"en-GB\"}]}<\/script>\n<!-- \/ Yoast SEO Premium plugin. -->","yoast_head_json":{"title":"Zw\u00f6lferhorn cable car \u00bb SalzburgerLand.com","robots":{"index":"index","follow":"follow","max-snippet":"max-snippet:-1","max-image-preview":"max-image-preview:large","max-video-preview":"max-video-preview:-1"},"canonical":"https:\/\/www.salzburgerland.com\/en\/zwolferhorn-cable-car\/","og_locale":"en_GB","og_type":"article","og_title":"Zw\u00f6lferhorn cable car","og_description":"With the popular red and yellow gondolas, the Zw\u00f6lferhorn cable car takes its guests barrier-free up to the naturally beautiful H\u00f6rndl in 11 minutes.","og_url":"https:\/\/www.salzburgerland.com\/en\/zwolferhorn-cable-car\/","og_site_name":"SalzburgerLand.com","article_publisher":"https:\/\/www.facebook.com\/visitsalzburgerland\/","article_modified_time":"2025-05-16T04:50:39+00:00","og_image":[{"width":1200,"height":675,"url":"https:\/\/www.salzburgerland.com\/en\/wp-content\/uploads\/2024\/05\/zwolferhorn_titelbild-1200x675.jpg","type":"image\/jpeg"}],"twitter_card":"summary_large_image","twitter_site":"@salzburgerland","twitter_misc":{"Estimated reading time":"1 minute"},"schema":{"@context":"https:\/\/schema.org","@graph":[{"@type":"WebPage","@id":"https:\/\/www.salzburgerland.com\/en\/zwolferhorn-cable-car\/","url":"https:\/\/www.salzburgerland.com\/en\/zwolferhorn-cable-car\/","name":"Zw\u00f6lferhorn cable car \u00bb SalzburgerLand.com","isPartOf":{"@id":"https:\/\/www.salzburgerland.com\/en\/#website"},"primaryImageOfPage":{"@id":"https:\/\/www.salzburgerland.com\/en\/zwolferhorn-cable-car\/#primaryimage"},"image":{"@id":"https:\/\/www.salzburgerland.com\/en\/zwolferhorn-cable-car\/#primaryimage"},"thumbnailUrl":"https:\/\/www.salzburgerland.com\/en\/wp-content\/uploads\/2024\/05\/zwolferhorn_titelbild.jpg","datePublished":"2024-05-07T11:02:12+00:00","dateModified":"2025-05-16T04:50:39+00:00","description":"With the popular red and yellow gondolas, the Zw\u00f6lferhorn cable car takes its guests barrier-free up to the naturally beautiful H\u00f6rndl in 11 minutes.","inLanguage":"en-GB","potentialAction":[{"@type":"ReadAction","target":["https:\/\/www.salzburgerland.com\/en\/zwolferhorn-cable-car\/"]}]},{"@type":"ImageObject","inLanguage":"en-GB","@id":"https:\/\/www.salzburgerland.com\/en\/zwolferhorn-cable-car\/#primaryimage","url":"https:\/\/www.salzburgerland.com\/en\/wp-content\/uploads\/2024\/05\/zwolferhorn_titelbild.jpg","contentUrl":"https:\/\/www.salzburgerland.com\/en\/wp-content\/uploads\/2024\/05\/zwolferhorn_titelbild.jpg","width":1920,"height":1080,"caption":"\u00a9 Zw\u00f6lferhorn"},{"@type":"WebSite","@id":"https:\/\/www.salzburgerland.com\/en\/#website","url":"https:\/\/www.salzburgerland.com\/en\/","name":"SalzburgerLand.com","description":"Your holiday in Salzburg, Austria","potentialAction":[{"@type":"SearchAction","target":{"@type":"EntryPoint","urlTemplate":"https:\/\/www.salzburgerland.com\/en\/?s={search_term_string}"},"query-input":{"@type":"PropertyValueSpecification","valueRequired":true,"valueName":"search_term_string"}}],"inLanguage":"en-GB"}]}},"_wl_alt_label":[],"wl:entity_url":"http:\/\/open.salzburgerland.com\/en\/entity\/zwolferhorn-cable-car-580780","_links":{"self":[{"href":"https:\/\/www.salzburgerland.com\/en\/wp-json\/wp\/v2\/entities\/580780","targetHints":{"allow":["GET"]}}],"collection":[{"href":"https:\/\/www.salzburgerland.com\/en\/wp-json\/wp\/v2\/entities"}],"about":[{"href":"https:\/\/www.salzburgerland.com\/en\/wp-json\/wp\/v2\/types\/entity"}],"author":[{"embeddable":true,"href":"https:\/\/www.salzburgerland.com\/en\/wp-json\/wp\/v2\/users\/10"}],"replies":[{"embeddable":true,"href":"https:\/\/www.salzburgerland.com\/en\/wp-json\/wp\/v2\/comments?post=580780"}],"version-history":[{"count":4,"href":"https:\/\/www.salzburgerland.com\/en\/wp-json\/wp\/v2\/entities\/580780\/revisions"}],"predecessor-version":[{"id":580799,"href":"https:\/\/www.salzburgerland.com\/en\/wp-json\/wp\/v2\/entities\/580780\/revisions\/580799"}],"wp:featuredmedia":[{"embeddable":true,"href":"https:\/\/www.salzburgerland.com\/en\/wp-json\/wp\/v2\/media\/582480"}],"wp:attachment":[{"href":"https:\/\/www.salzburgerland.com\/en\/wp-json\/wp\/v2\/media?parent=580780"}],"wp:term":[{"taxonomy":"category","embeddable":true,"href":"https:\/\/www.salzburgerland.com\/en\/wp-json\/wp\/v2\/categories?post=580780"},{"taxonomy":"post_tag","embeddable":true,"href":"https:\/\/www.salzburgerland.com\/en\/wp-json\/wp\/v2\/tags?post=580780"},{"taxonomy":"wl_entity_type","embeddable":true,"href":"https:\/\/www.salzburgerland.com\/en\/wp-json\/wp\/v2\/wl_entity_type?post=580780"}],"curies":[{"name":"wp","href":"https:\/\/api.w.org\/{rel}","templated":true}]}}