{"id":653457,"date":"2022-04-20T23:37:16","date_gmt":"2022-04-20T21:37:16","guid":{"rendered":"https:\/\/www.salzburgerland.com\/de\/?page_id=653457"},"modified":"2022-05-04T21:32:48","modified_gmt":"2022-05-04T19:32:48","slug":"chefs-tour-lukas-ziesel","status":"publish","type":"page","link":"https:\/\/www.salzburgerland.com\/de\/chefs-tour-lukas-ziesel\/","title":{"rendered":"Chef&#8217;s Tour Lukas Ziesel"},"content":{"rendered":"<p><span><strong>Lukas \u201eLuggi\u201c Ziesel<\/strong> ist ein echter Typ in der K\u00fcche. Er ist ein vielfach ausgezeichneter Koch, wurde bereits in die <strong>Top 50 Spitzenk\u00f6che \u00d6sterreichs<\/strong> gew\u00e4hlt, kochte von Europa bis Asien in den besten H\u00e4usern und ist vor ein paar Jahren wieder daheim angekommen. Wenn man auf sein Geburtsjahr blickt und dann auf seine Biografie, glaubt man gar nicht, dass man das alles in so jungen Jahren erleben kann. Lehre beim ausgezeichneten <strong><a href=\"https:\/\/www.hotelkirchenwirt.at\/\" target=\"_blank\" rel=\"noopener\">Kirchenwirt in Leogang<\/a><\/strong>, Stationen bei <strong><a href=\"https:\/\/www.doellerer.at\/\" target=\"_blank\" rel=\"noopener\">Andreas D\u00f6llerer<\/a><\/strong>, im Steirereck in Wien, im Tantris in M\u00fcnchen \u2026 er lernte sein Handwerk beim Who is Who der K\u00f6che \u2013 bis ihn der Ruf aus Asien ereilte. Gastro-Legende Gerhard Passrugger holte Luggi Ziesel ins Parkhotel Hyatt nach Shanghai, ins damals zweitbeste Hotel der Welt. Dort und im M1NT Restaurant kochte er auf h\u00f6chstem Niveau. \u201eIch hatte die Ehre, in einigen internationalen Toprestaurants zu arbeiten und von den Besten ihres Fachs lernen zu d\u00fcrfen\u201c, wei\u00df der Spitzenkoch, der wieder heimkehrte. \u201eNach vielen Jahren hat es mich als geb\u00fcrtigen Saalfeldener aber wieder zur\u00fcck in die Heimat gezogen. Meine Zeit im Ausland m\u00f6chte ich nicht missen \u2013 sie hat mich irrsinnig gepr\u00e4gt und zu dem Koch gemacht, der ich heute bin.\u201c<\/span><\/p>\n<p><span>Daheim im Pinzgau er\u00f6ffnete er mit seinem Gesch\u00e4ftspartner und Bar-Experten Harry Salzmann die <strong>V\u00f6llerei<\/strong>, sein erstes eigenes Restaurant. Und es war ein Einstieg auf hohem Niveau: 2019 wurde die V\u00f6llerei mit <strong>zwei Gault Millau Hauben<\/strong> ausgezeichnet, 2020 wurde <a href=\"https:\/\/lukasziesel.at\/\" target=\"_blank\" rel=\"noopener\">Luggi Ziesel<\/a> in die Top 50 Spitzenk\u00f6che \u00d6sterreichs gew\u00e4hlt. <\/span><\/p>\n<p><span>Luggi Ziesel ist auch jemand, der polarisiert. Manche w\u00fcrden ihn in der K\u00fcche als experimentierfreudigen Provokateur beschreiben. Heute f\u00fchrt er gemeinsam mit Harry<\/span><span> Salzmann das \u201e<a href=\"https:\/\/www.holifuk.at\/\" target=\"_blank\" rel=\"noopener\"><strong>Holifuk<\/strong><\/a>\u201e, eine Restaurant-Bar, die sich auf eine Sache spezialisiert hat: Genuss! Au\u00dferdem baut er sich mit dem <a href=\"https:\/\/www.blooms-farming.com\/\" target=\"_blank\" rel=\"noopener\"><strong>Food Start-up \u201ebloom.s\u201c<\/strong><\/a> ein weiteres Standbein auf und experimentiert mit urbanem Kr\u00e4uter-Anbau f\u00fcr die Gastronomie. Und da das Fundament des Genusses das hochwertige Lebensmittel ist, ist ihm auch die Zusammenarbeit mit regionalen Produzenten und Genusshandwerkern extrem wichtig. Auf seiner Genussreise im SalzburgerLand nimmt uns der Spitzenkoch mit zu seinen kulinarischen Geheimtipps.<\/span><\/p>\n\n\t\t\t<div id=\"653457-1\" class=\"gallery gallery-653457 gallery-columns-3 gallery-size-1170_658\" itemscope itemtype=\"http:\/\/schema.org\/ImageGallery\">\n\t\t\t\t<ul class=\"gallery-row gallery-col-3 gallery-clear\">\n\t\t\t\t\t<li class=\"gallery-item col-3\" itemprop=\"associatedMedia\" itemscope itemtype=\"http:\/\/schema.org\/ImageObject\">\n\t\t\t\t\t\t<div class=\"gallery-icon landscape\"><a href=\"https:\/\/www.salzburgerland.com\/de\/wp-content\/uploads\/2022\/04\/luggi_ziesel_2-1920x1067.jpg\" title='Lukas \"Luggi\" Ziesel'><img decoding=\"async\" data-title='Lukas \"Luggi\" Ziesel' title='Lukas \"Luggi\" Ziesel' data-caption='Lukas \"Luggi\" Ziesel' width=\"1170\" height=\"658\" src=\"https:\/\/www.salzburgerland.com\/de\/wp-content\/uploads\/2022\/04\/luggi_ziesel_2-1170x658.jpg\" class=\"attachment-1170_658 size-1170_658\" alt=\"L\u00e4chelnder Koch mit Bart und Tattoos, verschr\u00e4nkte Arme, wei\u00dfe Kochjacke mit Logo am \u00c4rmel. (vergr\u00f6\u00dferte Ansicht)\" srcset=\"https:\/\/www.salzburgerland.com\/de\/wp-content\/uploads\/2022\/04\/luggi_ziesel_2-1170x658.jpg 1170w, https:\/\/www.salzburgerland.com\/de\/wp-content\/uploads\/2022\/04\/luggi_ziesel_2-768x432.jpg 768w, https:\/\/www.salzburgerland.com\/de\/wp-content\/uploads\/2022\/04\/luggi_ziesel_2-1536x864.jpg 1536w, https:\/\/www.salzburgerland.com\/de\/wp-content\/uploads\/2022\/04\/luggi_ziesel_2-1200x675.jpg 1200w, https:\/\/www.salzburgerland.com\/de\/wp-content\/uploads\/2022\/04\/luggi_ziesel_2-150x84.jpg 150w, https:\/\/www.salzburgerland.com\/de\/wp-content\/uploads\/2022\/04\/luggi_ziesel_2.jpg 1920w\" sizes=\"(max-width: 1170px) 100vw, 1170px\" aria-describedby=\"figcaption-653457-653479\" itemprop=\"thumbnail\"><\/a><\/div>\n\t\t\t\t\t\t<span id=\"figcaption-653457-653479\" class=\"gallery-caption\" itemprop=\"caption\"><span aria-hidden=\"true\">Lukas \u201eLuggi\u201c Ziesel<\/span><\/span>\n\t\t\t\t\t<\/li>\n\t\t\t\t\t<li class=\"gallery-item col-3\" itemprop=\"associatedMedia\" itemscope itemtype=\"http:\/\/schema.org\/ImageObject\">\n\t\t\t\t\t\t<div class=\"gallery-icon landscape\"><a href=\"https:\/\/www.salzburgerland.com\/de\/wp-content\/uploads\/2022\/04\/holifuk-1920x1067.jpg\" title='Holifuk Lukas \"Luggi\" Ziesel'><img decoding=\"async\" data-title=\"Bar Restaurant Holifuk in Saalfelden\" title=\"Bar Restaurant Holifuk in Saalfelden\" data-caption=\"Bar Restaurant Holifuk in Saalfelden\" width=\"1170\" height=\"658\" src=\"https:\/\/www.salzburgerland.com\/de\/wp-content\/uploads\/2022\/04\/holifuk-1170x658.jpg\" class=\"attachment-1170_658 size-1170_658\" alt=\"Modernes Restaurant mit gr\u00fcner Pflanzenwand, HOLIFAK-Schild, blau beleuchteter Bar und Holztischen zum Essen. (vergr\u00f6\u00dferte Ansicht)\" srcset=\"https:\/\/www.salzburgerland.com\/de\/wp-content\/uploads\/2022\/04\/holifuk-1170x658.jpg 1170w, https:\/\/www.salzburgerland.com\/de\/wp-content\/uploads\/2022\/04\/holifuk-768x432.jpg 768w, https:\/\/www.salzburgerland.com\/de\/wp-content\/uploads\/2022\/04\/holifuk-1536x864.jpg 1536w, https:\/\/www.salzburgerland.com\/de\/wp-content\/uploads\/2022\/04\/holifuk-1200x675.jpg 1200w, https:\/\/www.salzburgerland.com\/de\/wp-content\/uploads\/2022\/04\/holifuk-150x84.jpg 150w, https:\/\/www.salzburgerland.com\/de\/wp-content\/uploads\/2022\/04\/holifuk.jpg 1920w\" sizes=\"(max-width: 1170px) 100vw, 1170px\" aria-describedby=\"figcaption-653457-653478\" itemprop=\"thumbnail\"><\/a><\/div>\n\t\t\t\t\t\t<span id=\"figcaption-653457-653478\" class=\"gallery-caption\" itemprop=\"caption\"><span aria-hidden=\"true\">Bar Restaurant Holifuk in Saalfelden<\/span><\/span>\n\t\t\t\t\t<\/li>\n\t\t\t\t\t<li class=\"gallery-item col-3\" itemprop=\"associatedMedia\" itemscope itemtype=\"http:\/\/schema.org\/ImageObject\">\n\t\t\t\t\t\t<div class=\"gallery-icon landscape\"><a href=\"https:\/\/www.salzburgerland.com\/de\/wp-content\/uploads\/2022\/04\/luggiziesel_1-1920x1067.jpg\" title='Lukas \"Luggi\" Ziesel'><img decoding=\"async\" data-title=\"Der Spitzenkoch in seinem Reich\" title=\"Der Spitzenkoch in seinem Reich\" data-caption=\"Der Spitzenkoch in seinem Reich\" width=\"1170\" height=\"658\" src=\"https:\/\/www.salzburgerland.com\/de\/wp-content\/uploads\/2022\/04\/luggiziesel_1-1170x658.jpg\" class=\"attachment-1170_658 size-1170_658\" alt=\"Ein l\u00e4chelnder Koch in wei\u00dfer Uniform sch\u00e4lt Kartoffeln in einer modernen Bar- oder Restaurantk\u00fcche. (vergr\u00f6\u00dferte Ansicht)\" srcset=\"https:\/\/www.salzburgerland.com\/de\/wp-content\/uploads\/2022\/04\/luggiziesel_1-1170x658.jpg 1170w, https:\/\/www.salzburgerland.com\/de\/wp-content\/uploads\/2022\/04\/luggiziesel_1-768x432.jpg 768w, https:\/\/www.salzburgerland.com\/de\/wp-content\/uploads\/2022\/04\/luggiziesel_1-1536x864.jpg 1536w, https:\/\/www.salzburgerland.com\/de\/wp-content\/uploads\/2022\/04\/luggiziesel_1-1200x675.jpg 1200w, https:\/\/www.salzburgerland.com\/de\/wp-content\/uploads\/2022\/04\/luggiziesel_1-150x84.jpg 150w, https:\/\/www.salzburgerland.com\/de\/wp-content\/uploads\/2022\/04\/luggiziesel_1.jpg 1920w\" sizes=\"(max-width: 1170px) 100vw, 1170px\" aria-describedby=\"figcaption-653457-653480\" itemprop=\"thumbnail\"><\/a><\/div>\n\t\t\t\t\t\t<span id=\"figcaption-653457-653480\" class=\"gallery-caption\" itemprop=\"caption\"><span aria-hidden=\"true\">Der Spitzenkoch in seinem Reich<\/span><\/span>\n\t\t\t\t\t<\/li>\n\t\t\t\t<\/ul>\n\t\t\t<\/div><!-- .gallery -->\n\n","protected":false},"excerpt":{"rendered":"<p>Lukas \u201eLuggi\u201c Ziesel ist ein echter Typ in der K\u00fcche. Er ist ein vielfach ausgezeichneter Koch, wurde bereits in die Top 50 Spitzenk\u00f6che \u00d6sterreichs gew\u00e4hlt, kochte von Europa bis Asien in den besten H\u00e4usern und ist vor ein paar Jahren wieder daheim angekommen. Wenn man auf sein Geburtsjahr blickt und dann auf seine Biografie, glaubt [&hellip;]<\/p>\n","protected":false},"author":67,"featured_media":653466,"parent":0,"menu_order":0,"comment_status":"closed","ping_status":"closed","template":"","meta":{"_acf_changed":false,"wl_entities_gutenberg":"","_relevanssi_hide_post":"","_relevanssi_hide_content":"","_relevanssi_pin_for_all":"","_relevanssi_pin_keywords":"","_relevanssi_unpin_keywords":"","_relevanssi_related_keywords":"","_relevanssi_related_include_ids":"","_relevanssi_related_exclude_ids":"","_relevanssi_related_no_append":"","_relevanssi_related_not_related":"","_relevanssi_related_posts":"","_relevanssi_noindex_reason":"","footnotes":""},"wl_entity_type":[11495],"class_list":["post-653457","page","type-page","status-publish","has-post-thumbnail","hentry","wl_entity_type-article"],"acf":[],"yoast_head":"<!-- This site is optimized with the Yoast SEO Premium plugin v26.9 (Yoast SEO v26.9) - https:\/\/yoast.com\/product\/yoast-seo-premium-wordpress\/ -->\n<title>Chef&#039;s Tour Lukas Ziesel \u00bb SalzburgerLand.com<\/title>\n<meta name=\"robots\" content=\"index, follow, max-snippet:-1, max-image-preview:large, max-video-preview:-1\" \/>\n<link rel=\"canonical\" href=\"https:\/\/www.salzburgerland.com\/de\/wp-json\/wp\/v2\/pages\/653457\" \/>\n<meta property=\"og:locale\" content=\"de_DE\" \/>\n<meta property=\"og:type\" content=\"article\" \/>\n<meta property=\"og:title\" content=\"Chef&#039;s Tour Lukas Ziesel\" \/>\n<meta property=\"og:description\" content=\"Entdecke den Pinzgau auf den Geschmacks-Spuren des weitgereisten Spitzenkochs Lukas &quot;Luggi&quot; Ziesel.\" \/>\n<meta property=\"og:url\" content=\"https:\/\/www.salzburgerland.com\/de\/wp-json\/wp\/v2\/pages\/653457\" \/>\n<meta property=\"og:site_name\" content=\"SalzburgerLand.com\" \/>\n<meta property=\"article:publisher\" content=\"https:\/\/www.facebook.com\/salzburgerland\/\" \/>\n<meta property=\"article:modified_time\" content=\"2022-05-04T19:32:48+00:00\" \/>\n<meta property=\"og:image\" content=\"https:\/\/www.salzburgerland.com\/de\/wp-content\/uploads\/2022\/04\/likas-1200x675.jpeg\" \/>\n\t<meta property=\"og:image:width\" content=\"1200\" \/>\n\t<meta property=\"og:image:height\" content=\"675\" \/>\n\t<meta property=\"og:image:type\" content=\"image\/jpeg\" \/>\n<meta name=\"twitter:card\" content=\"summary_large_image\" \/>\n<meta name=\"twitter:site\" content=\"@Salzburgerland\" \/>\n<meta name=\"twitter:label1\" content=\"Gesch\u00e4tzte Lesezeit\" \/>\n\t<meta name=\"twitter:data1\" content=\"2\u00a0Minuten\" \/>\n<script type=\"application\/ld+json\" class=\"yoast-schema-graph\">{\"@context\":\"https:\/\/schema.org\",\"@graph\":[{\"@type\":\"WebPage\",\"@id\":\"https:\/\/www.salzburgerland.com\/de\/chefs-tour-lukas-ziesel\/\",\"url\":\"https:\/\/www.salzburgerland.com\/de\/chefs-tour-lukas-ziesel\/\",\"name\":\"Chef's Tour Lukas Ziesel \u00bb SalzburgerLand.com\",\"isPartOf\":{\"@id\":\"https:\/\/www.salzburgerland.com\/de\/#website\"},\"primaryImageOfPage\":{\"@id\":\"https:\/\/www.salzburgerland.com\/de\/chefs-tour-lukas-ziesel\/#primaryimage\"},\"image\":{\"@id\":\"https:\/\/www.salzburgerland.com\/de\/chefs-tour-lukas-ziesel\/#primaryimage\"},\"thumbnailUrl\":\"https:\/\/www.salzburgerland.com\/de\/wp-content\/uploads\/2022\/04\/likas.jpeg\",\"datePublished\":\"2022-04-20T21:37:16+00:00\",\"dateModified\":\"2022-05-04T19:32:48+00:00\",\"description\":\"Entdecke den Pinzgau auf den Geschmacks-Spuren des weitgereisten Spitzenkochs Lukas \\\"Luggi\\\" Ziesel.\",\"inLanguage\":\"de\",\"potentialAction\":[{\"@type\":\"ReadAction\",\"target\":[\"https:\/\/www.salzburgerland.com\/de\/chefs-tour-lukas-ziesel\/\"]}]},{\"@type\":\"ImageObject\",\"inLanguage\":\"de\",\"@id\":\"https:\/\/www.salzburgerland.com\/de\/chefs-tour-lukas-ziesel\/#primaryimage\",\"url\":\"https:\/\/www.salzburgerland.com\/de\/wp-content\/uploads\/2022\/04\/likas.jpeg\",\"contentUrl\":\"https:\/\/www.salzburgerland.com\/de\/wp-content\/uploads\/2022\/04\/likas.jpeg\",\"width\":1920,\"height\":1279,\"caption\":\"Ein l\u00e4chelnder Chefkoch mit Bart und Tattoos steht mit verschr\u00e4nkten Armen in einer hellen, modernen K\u00fcche.\"},{\"@type\":\"WebSite\",\"@id\":\"https:\/\/www.salzburgerland.com\/de\/#website\",\"url\":\"https:\/\/www.salzburgerland.com\/de\/\",\"name\":\"SalzburgerLand.com\",\"description\":\"Ihr Urlaub in Salzburg, \u00d6sterreich\",\"publisher\":{\"@id\":\"https:\/\/www.salzburgerland.com\/de\/#organization\"},\"potentialAction\":[{\"@type\":\"SearchAction\",\"target\":{\"@type\":\"EntryPoint\",\"urlTemplate\":\"https:\/\/www.salzburgerland.com\/de\/?s={search_term_string}\"},\"query-input\":{\"@type\":\"PropertyValueSpecification\",\"valueRequired\":true,\"valueName\":\"search_term_string\"}}],\"inLanguage\":\"de\"},{\"@type\":\"Organization\",\"@id\":\"https:\/\/www.salzburgerland.com\/de\/#organization\",\"name\":\"SalzburgerLand Tourismus GmbH\",\"url\":\"https:\/\/www.salzburgerland.com\/de\/\",\"logo\":{\"@type\":\"ImageObject\",\"inLanguage\":\"de\",\"@id\":\"https:\/\/www.salzburgerland.com\/de\/#\/schema\/logo\/image\/\",\"url\":\"https:\/\/www.salzburgerland.com\/de\/wp-content\/uploads\/2017\/01\/salzburgerland-logo.jpg\",\"contentUrl\":\"https:\/\/www.salzburgerland.com\/de\/wp-content\/uploads\/2017\/01\/salzburgerland-logo.jpg\",\"width\":1920,\"height\":827,\"caption\":\"SalzburgerLand Tourismus GmbH\"},\"image\":{\"@id\":\"https:\/\/www.salzburgerland.com\/de\/#\/schema\/logo\/image\/\"},\"sameAs\":[\"https:\/\/www.facebook.com\/salzburgerland\/\",\"https:\/\/x.com\/Salzburgerland\",\"https:\/\/www.instagram.com\/salzburgerland\/\",\"http:\/\/dbpedia.org\/resource\/Salzburg_(state)\",\"http:\/\/wikidata.dbpedia.org\/resource\/Q43325\",\"http:\/\/open.salzburgerland.com\/de\/entity\/salzburgerland\",\"https:\/\/www.youtube.com\/user\/salzburgerland\"]}]}<\/script>\n<!-- \/ Yoast SEO Premium plugin. -->","yoast_head_json":{"title":"Chef's Tour Lukas Ziesel \u00bb SalzburgerLand.com","robots":{"index":"index","follow":"follow","max-snippet":"max-snippet:-1","max-image-preview":"max-image-preview:large","max-video-preview":"max-video-preview:-1"},"canonical":"https:\/\/www.salzburgerland.com\/de\/wp-json\/wp\/v2\/pages\/653457","og_locale":"de_DE","og_type":"article","og_title":"Chef's Tour Lukas Ziesel","og_description":"Entdecke den Pinzgau auf den Geschmacks-Spuren des weitgereisten Spitzenkochs Lukas \"Luggi\" Ziesel.","og_url":"https:\/\/www.salzburgerland.com\/de\/wp-json\/wp\/v2\/pages\/653457","og_site_name":"SalzburgerLand.com","article_publisher":"https:\/\/www.facebook.com\/salzburgerland\/","article_modified_time":"2022-05-04T19:32:48+00:00","og_image":[{"width":1200,"height":675,"url":"https:\/\/www.salzburgerland.com\/de\/wp-content\/uploads\/2022\/04\/likas-1200x675.jpeg","type":"image\/jpeg"}],"twitter_card":"summary_large_image","twitter_site":"@Salzburgerland","twitter_misc":{"Gesch\u00e4tzte Lesezeit":"2\u00a0Minuten"},"schema":{"@context":"https:\/\/schema.org","@graph":[{"@type":"WebPage","@id":"https:\/\/www.salzburgerland.com\/de\/chefs-tour-lukas-ziesel\/","url":"https:\/\/www.salzburgerland.com\/de\/chefs-tour-lukas-ziesel\/","name":"Chef's Tour Lukas Ziesel \u00bb SalzburgerLand.com","isPartOf":{"@id":"https:\/\/www.salzburgerland.com\/de\/#website"},"primaryImageOfPage":{"@id":"https:\/\/www.salzburgerland.com\/de\/chefs-tour-lukas-ziesel\/#primaryimage"},"image":{"@id":"https:\/\/www.salzburgerland.com\/de\/chefs-tour-lukas-ziesel\/#primaryimage"},"thumbnailUrl":"https:\/\/www.salzburgerland.com\/de\/wp-content\/uploads\/2022\/04\/likas.jpeg","datePublished":"2022-04-20T21:37:16+00:00","dateModified":"2022-05-04T19:32:48+00:00","description":"Entdecke den Pinzgau auf den Geschmacks-Spuren des weitgereisten Spitzenkochs Lukas \"Luggi\" Ziesel.","inLanguage":"de","potentialAction":[{"@type":"ReadAction","target":["https:\/\/www.salzburgerland.com\/de\/chefs-tour-lukas-ziesel\/"]}]},{"@type":"ImageObject","inLanguage":"de","@id":"https:\/\/www.salzburgerland.com\/de\/chefs-tour-lukas-ziesel\/#primaryimage","url":"https:\/\/www.salzburgerland.com\/de\/wp-content\/uploads\/2022\/04\/likas.jpeg","contentUrl":"https:\/\/www.salzburgerland.com\/de\/wp-content\/uploads\/2022\/04\/likas.jpeg","width":1920,"height":1279,"caption":"Ein l\u00e4chelnder Chefkoch mit Bart und Tattoos steht mit verschr\u00e4nkten Armen in einer hellen, modernen K\u00fcche."},{"@type":"WebSite","@id":"https:\/\/www.salzburgerland.com\/de\/#website","url":"https:\/\/www.salzburgerland.com\/de\/","name":"SalzburgerLand.com","description":"Ihr Urlaub in Salzburg, \u00d6sterreich","publisher":{"@id":"https:\/\/www.salzburgerland.com\/de\/#organization"},"potentialAction":[{"@type":"SearchAction","target":{"@type":"EntryPoint","urlTemplate":"https:\/\/www.salzburgerland.com\/de\/?s={search_term_string}"},"query-input":{"@type":"PropertyValueSpecification","valueRequired":true,"valueName":"search_term_string"}}],"inLanguage":"de"},{"@type":"Organization","@id":"https:\/\/www.salzburgerland.com\/de\/#organization","name":"SalzburgerLand Tourismus GmbH","url":"https:\/\/www.salzburgerland.com\/de\/","logo":{"@type":"ImageObject","inLanguage":"de","@id":"https:\/\/www.salzburgerland.com\/de\/#\/schema\/logo\/image\/","url":"https:\/\/www.salzburgerland.com\/de\/wp-content\/uploads\/2017\/01\/salzburgerland-logo.jpg","contentUrl":"https:\/\/www.salzburgerland.com\/de\/wp-content\/uploads\/2017\/01\/salzburgerland-logo.jpg","width":1920,"height":827,"caption":"SalzburgerLand Tourismus GmbH"},"image":{"@id":"https:\/\/www.salzburgerland.com\/de\/#\/schema\/logo\/image\/"},"sameAs":["https:\/\/www.facebook.com\/salzburgerland\/","https:\/\/x.com\/Salzburgerland","https:\/\/www.instagram.com\/salzburgerland\/","http:\/\/dbpedia.org\/resource\/Salzburg_(state)","http:\/\/wikidata.dbpedia.org\/resource\/Q43325","http:\/\/open.salzburgerland.com\/de\/entity\/salzburgerland","https:\/\/www.youtube.com\/user\/salzburgerland"]}]}},"_wl_alt_label":[],"wl:entity_url":"http:\/\/open.salzburgerland.com\/de\/page\/chefs-653457","_links":{"self":[{"href":"https:\/\/www.salzburgerland.com\/de\/wp-json\/wp\/v2\/pages\/653457","targetHints":{"allow":["GET"]}}],"collection":[{"href":"https:\/\/www.salzburgerland.com\/de\/wp-json\/wp\/v2\/pages"}],"about":[{"href":"https:\/\/www.salzburgerland.com\/de\/wp-json\/wp\/v2\/types\/page"}],"author":[{"embeddable":true,"href":"https:\/\/www.salzburgerland.com\/de\/wp-json\/wp\/v2\/users\/67"}],"replies":[{"embeddable":true,"href":"https:\/\/www.salzburgerland.com\/de\/wp-json\/wp\/v2\/comments?post=653457"}],"version-history":[{"count":5,"href":"https:\/\/www.salzburgerland.com\/de\/wp-json\/wp\/v2\/pages\/653457\/revisions"}],"predecessor-version":[{"id":653781,"href":"https:\/\/www.salzburgerland.com\/de\/wp-json\/wp\/v2\/pages\/653457\/revisions\/653781"}],"wp:featuredmedia":[{"embeddable":true,"href":"https:\/\/www.salzburgerland.com\/de\/wp-json\/wp\/v2\/media\/653466"}],"wp:attachment":[{"href":"https:\/\/www.salzburgerland.com\/de\/wp-json\/wp\/v2\/media?parent=653457"}],"wp:term":[{"taxonomy":"wl_entity_type","embeddable":true,"href":"https:\/\/www.salzburgerland.com\/de\/wp-json\/wp\/v2\/wl_entity_type?post=653457"}],"curies":[{"name":"wp","href":"https:\/\/api.w.org\/{rel}","templated":true}]}}