{"id":651582,"date":"2022-03-18T12:50:54","date_gmt":"2022-03-18T11:50:54","guid":{"rendered":"https:\/\/www.salzburgerland.com\/de\/?page_id=651582"},"modified":"2022-04-05T14:13:23","modified_gmt":"2022-04-05T12:13:23","slug":"kaese-brot-und-bier-im-salzburger-bauernherbst","status":"publish","type":"page","link":"https:\/\/www.salzburgerland.com\/de\/kaese-brot-und-bier-im-salzburger-bauernherbst\/","title":{"rendered":"K\u00e4se, Brot und Bier im Salzburger Bauernherbst"},"content":{"rendered":"<p>An drei Tagen entdeckt ihr <strong>drei wundersch\u00f6ne Regionen<\/strong> im SalzburgerLand \u2013 das <a href=\"https:\/\/www.salzburgerland.com\/de\/salzburger-seenland\/\" target=\"_blank\" rel=\"noopener\">Salzburger Seenland<\/a>, den <a href=\"https:\/\/www.salzburgerland.com\/de\/genuss-erlebnis-im-tennengau\/\" target=\"_blank\" rel=\"noopener\">Tennengau<\/a> und die <a href=\"https:\/\/www.salzburgerland.com\/de\/stadt-und-kultur\/\" target=\"_blank\" rel=\"noopener\">Stadt Salzburg<\/a> \u2013 und habt dabei vielf\u00e4ltige Gelegenheiten, Produzenten, Genusshandwerkern, Landwirten und K\u00f6chen \u00fcber die Schulter zu blicken. Und nicht nur das: Im Rahmen von Einkaufstouren und Workshops habt ihr die M\u00f6glichkeit, selbst Hand anzulegen und neue K\u00fcchentricks kennenzulernen \u2013 Besuch von <a href=\"https:\/\/www.salzburgerland.com\/de\/via-culinaria\/\" target=\"_blank\" rel=\"noopener\">Via Culinaria Betrieben<\/a> inklusive!<\/p>\n<p>Ihr erfahrt, welche Gerichte und Produkte typisch f\u00fcr die <strong>Salzburger Herbstk\u00fcche<\/strong> sind und wie sie hergestellt werden. Ihr <strong>besucht Bauern<\/strong> auf dem Feld und auf der Alm \u2013 und auch das <strong>Verkosten von Bier und K\u00e4se<\/strong> kommt dabei selbstverst\u00e4ndlich nicht zu kurz. Eure dreit\u00e4gige Genussreise l\u00e4sst sich dabei besonders gut w\u00e4hrend der \u201e5. Jahreszeit\u201c im Rahmen des <a href=\"https:\/\/www.salzburgerland.com\/de\/bauernherbst\/\" target=\"_blank\" rel=\"noopener\"><strong>Salzburger Bauernherbstes<\/strong><\/a> ab Mitte August genie\u00dfen, wo in den besuchten Regionen auch zahlreiche Traditions- und Brauchtums-Veranstaltungen\u00a0\u2013 vom Kirtag bis hin zum Genussfest \u2013 stattfinden.<\/p>\n","protected":false},"excerpt":{"rendered":"<p>An drei Tagen entdeckt ihr drei wundersch\u00f6ne Regionen im SalzburgerLand \u2013 das Salzburger Seenland, den Tennengau und die Stadt Salzburg \u2013 und habt dabei vielf\u00e4ltige Gelegenheiten, Produzenten, Genusshandwerkern, Landwirten und K\u00f6chen \u00fcber die Schulter zu blicken. Und nicht nur das: Im Rahmen von Einkaufstouren und Workshops habt ihr die M\u00f6glichkeit, selbst Hand anzulegen und neue [&hellip;]<\/p>\n","protected":false},"author":67,"featured_media":216786,"parent":0,"menu_order":0,"comment_status":"closed","ping_status":"closed","template":"","meta":{"_acf_changed":false,"wl_entities_gutenberg":"","_relevanssi_hide_post":"","_relevanssi_hide_content":"","_relevanssi_pin_for_all":"","_relevanssi_pin_keywords":"","_relevanssi_unpin_keywords":"","_relevanssi_related_keywords":"","_relevanssi_related_include_ids":"","_relevanssi_related_exclude_ids":"","_relevanssi_related_no_append":"","_relevanssi_related_not_related":"","_relevanssi_related_posts":"","_relevanssi_noindex_reason":"","footnotes":""},"wl_entity_type":[11495],"class_list":["post-651582","page","type-page","status-publish","has-post-thumbnail","hentry","wl_entity_type-article"],"acf":[],"yoast_head":"<!-- This site is optimized with the Yoast SEO Premium plugin v26.9 (Yoast SEO v26.9) - https:\/\/yoast.com\/product\/yoast-seo-premium-wordpress\/ -->\n<title>K\u00e4se, Brot und Bier im Salzburger Bauernherbst \u00bb SalzburgerLand.com<\/title>\n<meta name=\"robots\" content=\"index, follow, max-snippet:-1, max-image-preview:large, max-video-preview:-1\" \/>\n<link rel=\"canonical\" href=\"https:\/\/www.salzburgerland.com\/de\/wp-json\/wp\/v2\/pages\/651582\" \/>\n<meta property=\"og:locale\" content=\"de_DE\" \/>\n<meta property=\"og:type\" content=\"article\" \/>\n<meta property=\"og:title\" content=\"K\u00e4se, Brot und Bier im Salzburger Bauernherbst\" \/>\n<meta property=\"og:description\" content=\"Wer gerne isst und es liebt, den Dingen auf den Grund zu gehen, der liegt mit dieser Genussreise im Rahmen des Salzburger Bauernherbstes genau richtig!\" \/>\n<meta property=\"og:url\" content=\"https:\/\/www.salzburgerland.com\/de\/wp-json\/wp\/v2\/pages\/651582\" \/>\n<meta property=\"og:site_name\" content=\"SalzburgerLand.com\" \/>\n<meta property=\"article:publisher\" content=\"https:\/\/www.facebook.com\/salzburgerland\/\" \/>\n<meta property=\"article:modified_time\" content=\"2022-04-05T12:13:23+00:00\" \/>\n<meta property=\"og:image\" content=\"https:\/\/www.salzburgerland.com\/de\/wp-content\/uploads\/2018\/01\/grossarltal_auf_der_bichlalmcsalzburgerland_erwin_haiden-1200x675.jpg\" \/>\n\t<meta property=\"og:image:width\" content=\"1200\" \/>\n\t<meta property=\"og:image:height\" content=\"675\" \/>\n\t<meta property=\"og:image:type\" content=\"image\/jpeg\" \/>\n<meta name=\"twitter:card\" content=\"summary_large_image\" \/>\n<meta name=\"twitter:site\" content=\"@Salzburgerland\" \/>\n<meta name=\"twitter:label1\" content=\"Gesch\u00e4tzte Lesezeit\" \/>\n\t<meta name=\"twitter:data1\" content=\"1\u00a0Minute\" \/>\n<script type=\"application\/ld+json\" class=\"yoast-schema-graph\">{\"@context\":\"https:\/\/schema.org\",\"@graph\":[{\"@type\":\"WebPage\",\"@id\":\"https:\/\/www.salzburgerland.com\/de\/kaese-brot-und-bier-im-salzburger-bauernherbst\/\",\"url\":\"https:\/\/www.salzburgerland.com\/de\/kaese-brot-und-bier-im-salzburger-bauernherbst\/\",\"name\":\"K\u00e4se, Brot und Bier im Salzburger Bauernherbst \u00bb SalzburgerLand.com\",\"isPartOf\":{\"@id\":\"https:\/\/www.salzburgerland.com\/de\/#website\"},\"primaryImageOfPage\":{\"@id\":\"https:\/\/www.salzburgerland.com\/de\/kaese-brot-und-bier-im-salzburger-bauernherbst\/#primaryimage\"},\"image\":{\"@id\":\"https:\/\/www.salzburgerland.com\/de\/kaese-brot-und-bier-im-salzburger-bauernherbst\/#primaryimage\"},\"thumbnailUrl\":\"https:\/\/www.salzburgerland.com\/de\/wp-content\/uploads\/2018\/01\/grossarltal_auf_der_bichlalmcsalzburgerland_erwin_haiden.jpg\",\"datePublished\":\"2022-03-18T11:50:54+00:00\",\"dateModified\":\"2022-04-05T12:13:23+00:00\",\"description\":\"Wer gerne isst und es liebt, den Dingen auf den Grund zu gehen, der liegt mit dieser Genussreise im Rahmen des Salzburger Bauernherbstes genau richtig!\",\"inLanguage\":\"de\",\"potentialAction\":[{\"@type\":\"ReadAction\",\"target\":[\"https:\/\/www.salzburgerland.com\/de\/kaese-brot-und-bier-im-salzburger-bauernherbst\/\"]}]},{\"@type\":\"ImageObject\",\"inLanguage\":\"de\",\"@id\":\"https:\/\/www.salzburgerland.com\/de\/kaese-brot-und-bier-im-salzburger-bauernherbst\/#primaryimage\",\"url\":\"https:\/\/www.salzburgerland.com\/de\/wp-content\/uploads\/2018\/01\/grossarltal_auf_der_bichlalmcsalzburgerland_erwin_haiden.jpg\",\"contentUrl\":\"https:\/\/www.salzburgerland.com\/de\/wp-content\/uploads\/2018\/01\/grossarltal_auf_der_bichlalmcsalzburgerland_erwin_haiden.jpg\",\"width\":1920,\"height\":1280,\"caption\":\"A g'scheite Jause, einfach herrlich!\"},{\"@type\":\"WebSite\",\"@id\":\"https:\/\/www.salzburgerland.com\/de\/#website\",\"url\":\"https:\/\/www.salzburgerland.com\/de\/\",\"name\":\"SalzburgerLand.com\",\"description\":\"Ihr Urlaub in Salzburg, \u00d6sterreich\",\"publisher\":{\"@id\":\"https:\/\/www.salzburgerland.com\/de\/#organization\"},\"potentialAction\":[{\"@type\":\"SearchAction\",\"target\":{\"@type\":\"EntryPoint\",\"urlTemplate\":\"https:\/\/www.salzburgerland.com\/de\/?s={search_term_string}\"},\"query-input\":{\"@type\":\"PropertyValueSpecification\",\"valueRequired\":true,\"valueName\":\"search_term_string\"}}],\"inLanguage\":\"de\"},{\"@type\":\"Organization\",\"@id\":\"https:\/\/www.salzburgerland.com\/de\/#organization\",\"name\":\"SalzburgerLand Tourismus GmbH\",\"url\":\"https:\/\/www.salzburgerland.com\/de\/\",\"logo\":{\"@type\":\"ImageObject\",\"inLanguage\":\"de\",\"@id\":\"https:\/\/www.salzburgerland.com\/de\/#\/schema\/logo\/image\/\",\"url\":\"https:\/\/www.salzburgerland.com\/de\/wp-content\/uploads\/2017\/01\/salzburgerland-logo.jpg\",\"contentUrl\":\"https:\/\/www.salzburgerland.com\/de\/wp-content\/uploads\/2017\/01\/salzburgerland-logo.jpg\",\"width\":1920,\"height\":827,\"caption\":\"SalzburgerLand Tourismus GmbH\"},\"image\":{\"@id\":\"https:\/\/www.salzburgerland.com\/de\/#\/schema\/logo\/image\/\"},\"sameAs\":[\"https:\/\/www.facebook.com\/salzburgerland\/\",\"https:\/\/x.com\/Salzburgerland\",\"https:\/\/www.instagram.com\/salzburgerland\/\",\"http:\/\/dbpedia.org\/resource\/Salzburg_(state)\",\"http:\/\/wikidata.dbpedia.org\/resource\/Q43325\",\"http:\/\/open.salzburgerland.com\/de\/entity\/salzburgerland\",\"https:\/\/www.youtube.com\/user\/salzburgerland\"]}]}<\/script>\n<!-- \/ Yoast SEO Premium plugin. -->","yoast_head_json":{"title":"K\u00e4se, Brot und Bier im Salzburger Bauernherbst \u00bb SalzburgerLand.com","robots":{"index":"index","follow":"follow","max-snippet":"max-snippet:-1","max-image-preview":"max-image-preview:large","max-video-preview":"max-video-preview:-1"},"canonical":"https:\/\/www.salzburgerland.com\/de\/wp-json\/wp\/v2\/pages\/651582","og_locale":"de_DE","og_type":"article","og_title":"K\u00e4se, Brot und Bier im Salzburger Bauernherbst","og_description":"Wer gerne isst und es liebt, den Dingen auf den Grund zu gehen, der liegt mit dieser Genussreise im Rahmen des Salzburger Bauernherbstes genau richtig!","og_url":"https:\/\/www.salzburgerland.com\/de\/wp-json\/wp\/v2\/pages\/651582","og_site_name":"SalzburgerLand.com","article_publisher":"https:\/\/www.facebook.com\/salzburgerland\/","article_modified_time":"2022-04-05T12:13:23+00:00","og_image":[{"width":1200,"height":675,"url":"https:\/\/www.salzburgerland.com\/de\/wp-content\/uploads\/2018\/01\/grossarltal_auf_der_bichlalmcsalzburgerland_erwin_haiden-1200x675.jpg","type":"image\/jpeg"}],"twitter_card":"summary_large_image","twitter_site":"@Salzburgerland","twitter_misc":{"Gesch\u00e4tzte Lesezeit":"1\u00a0Minute"},"schema":{"@context":"https:\/\/schema.org","@graph":[{"@type":"WebPage","@id":"https:\/\/www.salzburgerland.com\/de\/kaese-brot-und-bier-im-salzburger-bauernherbst\/","url":"https:\/\/www.salzburgerland.com\/de\/kaese-brot-und-bier-im-salzburger-bauernherbst\/","name":"K\u00e4se, Brot und Bier im Salzburger Bauernherbst \u00bb SalzburgerLand.com","isPartOf":{"@id":"https:\/\/www.salzburgerland.com\/de\/#website"},"primaryImageOfPage":{"@id":"https:\/\/www.salzburgerland.com\/de\/kaese-brot-und-bier-im-salzburger-bauernherbst\/#primaryimage"},"image":{"@id":"https:\/\/www.salzburgerland.com\/de\/kaese-brot-und-bier-im-salzburger-bauernherbst\/#primaryimage"},"thumbnailUrl":"https:\/\/www.salzburgerland.com\/de\/wp-content\/uploads\/2018\/01\/grossarltal_auf_der_bichlalmcsalzburgerland_erwin_haiden.jpg","datePublished":"2022-03-18T11:50:54+00:00","dateModified":"2022-04-05T12:13:23+00:00","description":"Wer gerne isst und es liebt, den Dingen auf den Grund zu gehen, der liegt mit dieser Genussreise im Rahmen des Salzburger Bauernherbstes genau richtig!","inLanguage":"de","potentialAction":[{"@type":"ReadAction","target":["https:\/\/www.salzburgerland.com\/de\/kaese-brot-und-bier-im-salzburger-bauernherbst\/"]}]},{"@type":"ImageObject","inLanguage":"de","@id":"https:\/\/www.salzburgerland.com\/de\/kaese-brot-und-bier-im-salzburger-bauernherbst\/#primaryimage","url":"https:\/\/www.salzburgerland.com\/de\/wp-content\/uploads\/2018\/01\/grossarltal_auf_der_bichlalmcsalzburgerland_erwin_haiden.jpg","contentUrl":"https:\/\/www.salzburgerland.com\/de\/wp-content\/uploads\/2018\/01\/grossarltal_auf_der_bichlalmcsalzburgerland_erwin_haiden.jpg","width":1920,"height":1280,"caption":"A g'scheite Jause, einfach herrlich!"},{"@type":"WebSite","@id":"https:\/\/www.salzburgerland.com\/de\/#website","url":"https:\/\/www.salzburgerland.com\/de\/","name":"SalzburgerLand.com","description":"Ihr Urlaub in Salzburg, \u00d6sterreich","publisher":{"@id":"https:\/\/www.salzburgerland.com\/de\/#organization"},"potentialAction":[{"@type":"SearchAction","target":{"@type":"EntryPoint","urlTemplate":"https:\/\/www.salzburgerland.com\/de\/?s={search_term_string}"},"query-input":{"@type":"PropertyValueSpecification","valueRequired":true,"valueName":"search_term_string"}}],"inLanguage":"de"},{"@type":"Organization","@id":"https:\/\/www.salzburgerland.com\/de\/#organization","name":"SalzburgerLand Tourismus GmbH","url":"https:\/\/www.salzburgerland.com\/de\/","logo":{"@type":"ImageObject","inLanguage":"de","@id":"https:\/\/www.salzburgerland.com\/de\/#\/schema\/logo\/image\/","url":"https:\/\/www.salzburgerland.com\/de\/wp-content\/uploads\/2017\/01\/salzburgerland-logo.jpg","contentUrl":"https:\/\/www.salzburgerland.com\/de\/wp-content\/uploads\/2017\/01\/salzburgerland-logo.jpg","width":1920,"height":827,"caption":"SalzburgerLand Tourismus GmbH"},"image":{"@id":"https:\/\/www.salzburgerland.com\/de\/#\/schema\/logo\/image\/"},"sameAs":["https:\/\/www.facebook.com\/salzburgerland\/","https:\/\/x.com\/Salzburgerland","https:\/\/www.instagram.com\/salzburgerland\/","http:\/\/dbpedia.org\/resource\/Salzburg_(state)","http:\/\/wikidata.dbpedia.org\/resource\/Q43325","http:\/\/open.salzburgerland.com\/de\/entity\/salzburgerland","https:\/\/www.youtube.com\/user\/salzburgerland"]}]}},"_wl_alt_label":[],"wl:entity_url":"http:\/\/open.salzburgerland.com\/de\/page\/kaese__brot_und_bier_im_salzburger_bauernherbst","_links":{"self":[{"href":"https:\/\/www.salzburgerland.com\/de\/wp-json\/wp\/v2\/pages\/651582","targetHints":{"allow":["GET"]}}],"collection":[{"href":"https:\/\/www.salzburgerland.com\/de\/wp-json\/wp\/v2\/pages"}],"about":[{"href":"https:\/\/www.salzburgerland.com\/de\/wp-json\/wp\/v2\/types\/page"}],"author":[{"embeddable":true,"href":"https:\/\/www.salzburgerland.com\/de\/wp-json\/wp\/v2\/users\/67"}],"replies":[{"embeddable":true,"href":"https:\/\/www.salzburgerland.com\/de\/wp-json\/wp\/v2\/comments?post=651582"}],"version-history":[{"count":5,"href":"https:\/\/www.salzburgerland.com\/de\/wp-json\/wp\/v2\/pages\/651582\/revisions"}],"predecessor-version":[{"id":652474,"href":"https:\/\/www.salzburgerland.com\/de\/wp-json\/wp\/v2\/pages\/651582\/revisions\/652474"}],"wp:featuredmedia":[{"embeddable":true,"href":"https:\/\/www.salzburgerland.com\/de\/wp-json\/wp\/v2\/media\/216786"}],"wp:attachment":[{"href":"https:\/\/www.salzburgerland.com\/de\/wp-json\/wp\/v2\/media?parent=651582"}],"wp:term":[{"taxonomy":"wl_entity_type","embeddable":true,"href":"https:\/\/www.salzburgerland.com\/de\/wp-json\/wp\/v2\/wl_entity_type?post=651582"}],"curies":[{"name":"wp","href":"https:\/\/api.w.org\/{rel}","templated":true}]}}