{"id":670608,"date":"2024-04-10T12:09:08","date_gmt":"2024-04-10T10:09:08","guid":{"rendered":"https:\/\/www.salzburgerland.com\/de\/?post_type=entity&#038;p=670608"},"modified":"2025-05-13T11:31:18","modified_gmt":"2025-05-13T09:31:18","slug":"zwoelferhorn-seilbahn","status":"publish","type":"entity","link":"https:\/\/www.salzburgerland.com\/de\/zwoelferhorn-seilbahn\/","title":{"rendered":"Zw\u00f6lferhorn Seilbahn"},"content":{"rendered":"<h3>Wandern am H\u00f6rndl<\/h3>\n<p>Das Zw\u00f6lferhorn bietet zahlreiche M\u00f6glichkeiten f\u00fcr eine genussvolle Wanderung, die sich von einer einfachen Rundwanderung bis hin zur anspruchsvollen Bergtour erstrecken. Mit Kindern lohnt es sich in jedem Fall, die Zw\u00f6lfer Runde zu erkunden, die entlang des Pillstein Rundwanderweges mit ihren zw\u00f6lf Stationen f\u00fcr viel Abwechslung sorgt und spannende Naturph\u00e4nomene und traditionelle Begebenheiten auf spielerische Weise erkl\u00e4rt.<\/p>\n\n\t\t\t<div id=\"670608-1\" class=\"gallery gallery-670608 gallery-columns-3 gallery-size-1170_658\" itemscope itemtype=\"http:\/\/schema.org\/ImageGallery\">\n\t\t\t\t<ul class=\"gallery-row gallery-col-3 gallery-clear\">\n\t\t\t\t\t<li class=\"gallery-item col-3\" itemprop=\"associatedMedia\" itemscope itemtype=\"http:\/\/schema.org\/ImageObject\">\n\t\t\t\t\t\t<div class=\"gallery-icon landscape\"><a href=\"https:\/\/www.salzburgerland.com\/de\/wp-content\/uploads\/2024\/04\/dsc01787-1601x1067.jpg\" title=\"DSC01787\"><img decoding=\"async\" data-title=\"\u00a9 Zw\u00f6lferhorn \" title=\"\u00a9 Zw\u00f6lferhorn \" data-caption=\"\u00a9 Zw\u00f6lferhorn \" width=\"1170\" height=\"658\" src=\"https:\/\/www.salzburgerland.com\/de\/wp-content\/uploads\/2024\/04\/dsc01787-1170x658.jpg\" class=\"attachment-1170_658 size-1170_658\" alt=\"Zwei Personen stehen an einem Holzzaun auf einer sonnenbeschienenen Waldlichtung, umgeben von hohen B\u00e4umen. (vergr\u00f6\u00dferte Ansicht)\" srcset=\"https:\/\/www.salzburgerland.com\/de\/wp-content\/uploads\/2024\/04\/dsc01787-1170x658.jpg 1170w, https:\/\/www.salzburgerland.com\/de\/wp-content\/uploads\/2024\/04\/dsc01787-1200x675.jpg 1200w\" sizes=\"(max-width: 1170px) 100vw, 1170px\" aria-describedby=\"figcaption-670608-670613\" itemprop=\"thumbnail\"><\/a><\/div>\n\t\t\t\t\t\t<span id=\"figcaption-670608-670613\" class=\"gallery-caption\" itemprop=\"caption\"><span aria-hidden=\"true\">\u00a9 Zw\u00f6lferhorn <\/span><\/span>\n\t\t\t\t\t<\/li>\n\t\t\t\t\t<li class=\"gallery-item col-3\" itemprop=\"associatedMedia\" itemscope itemtype=\"http:\/\/schema.org\/ImageObject\">\n\t\t\t\t\t\t<div class=\"gallery-icon landscape\"><a href=\"https:\/\/www.salzburgerland.com\/de\/wp-content\/uploads\/2024\/04\/dsc01852-1601x1067.jpg\" title=\"DSC01852\"><img decoding=\"async\" data-title=\"\u00a9 Zw\u00f6lferhorn \" title=\"\u00a9 Zw\u00f6lferhorn \" data-caption=\"\u00a9 Zw\u00f6lferhorn \" width=\"1170\" height=\"658\" src=\"https:\/\/www.salzburgerland.com\/de\/wp-content\/uploads\/2024\/04\/dsc01852-1170x658.jpg\" class=\"attachment-1170_658 size-1170_658\" alt=\"Eine kleine H\u00fctte und Wanderer auf einem sonnigen Bergweg, umgeben von Kiefern und grasbewachsenen H\u00fcgeln. (vergr\u00f6\u00dferte Ansicht)\" srcset=\"https:\/\/www.salzburgerland.com\/de\/wp-content\/uploads\/2024\/04\/dsc01852-1170x658.jpg 1170w, https:\/\/www.salzburgerland.com\/de\/wp-content\/uploads\/2024\/04\/dsc01852-1200x675.jpg 1200w\" sizes=\"(max-width: 1170px) 100vw, 1170px\" aria-describedby=\"figcaption-670608-670614\" itemprop=\"thumbnail\"><\/a><\/div>\n\t\t\t\t\t\t<span id=\"figcaption-670608-670614\" class=\"gallery-caption\" itemprop=\"caption\"><span aria-hidden=\"true\">\u00a9 Zw\u00f6lferhorn <\/span><\/span>\n\t\t\t\t\t<\/li>\n\t\t\t\t\t<li class=\"gallery-item col-3\" itemprop=\"associatedMedia\" itemscope itemtype=\"http:\/\/schema.org\/ImageObject\">\n\t\t\t\t\t\t<div class=\"gallery-icon landscape\"><a href=\"https:\/\/www.salzburgerland.com\/de\/wp-content\/uploads\/2024\/04\/dsc01886-1601x1067.jpg\" title=\"DSC01886\"><img decoding=\"async\" data-title=\"\u00a9 Zw\u00f6lferhorn \" title=\"\u00a9 Zw\u00f6lferhorn \" data-caption=\"\u00a9 Zw\u00f6lferhorn \" width=\"1170\" height=\"658\" src=\"https:\/\/www.salzburgerland.com\/de\/wp-content\/uploads\/2024\/04\/dsc01886-1170x658.jpg\" class=\"attachment-1170_658 size-1170_658\" alt=\"Wanderer lesen ein Wegweiserschild f\u00fcr die Zw\u00f6lfer Runde in einem grasbewachsenen, bewaldeten Berggebiet. (vergr\u00f6\u00dferte Ansicht)\" srcset=\"https:\/\/www.salzburgerland.com\/de\/wp-content\/uploads\/2024\/04\/dsc01886-1170x658.jpg 1170w, https:\/\/www.salzburgerland.com\/de\/wp-content\/uploads\/2024\/04\/dsc01886-1200x675.jpg 1200w\" sizes=\"(max-width: 1170px) 100vw, 1170px\" aria-describedby=\"figcaption-670608-670615\" itemprop=\"thumbnail\"><\/a><\/div>\n\t\t\t\t\t\t<span id=\"figcaption-670608-670615\" class=\"gallery-caption\" itemprop=\"caption\"><span aria-hidden=\"true\">\u00a9 Zw\u00f6lferhorn <\/span><\/span>\n\t\t\t\t\t<\/li>\n\t\t\t\t<\/ul>\n\t\t\t<\/div><!-- .gallery -->\n\n<h3>Einfach mal die Seele baumeln lassen<\/h3>\n<p>Die Natur genie\u00dfen und aus der Ruhe Kraft sch\u00f6pfen \u2013 dieses Lebensmotto steht hinter dem Angebot auf der Sonnenplattform am Zw\u00f6lferhorn. Regelm\u00e4\u00dfige Yoga-Einheiten, die dort stattfinden, sind dazu gedacht, den Kopf freizubekommen und Kraft zu tanken. Auch wer einfach nur innehalten und die Aussicht genie\u00dfen m\u00f6chte, ist dort goldrichtig.<\/p>\n<div id=\"attachment_670611\" style=\"width: 1034px\" class=\"wp-caption alignleft\"><img decoding=\"async\" aria-describedby=\"caption-attachment-670611\" class=\"size-medium wp-image-670611\" src=\"https:\/\/www.salzburgerland.com\/de\/wp-content\/uploads\/2024\/04\/dsc01600-1024x569.jpg\" alt=\"\" width=\"1024\" height=\"569\" srcset=\"https:\/\/www.salzburgerland.com\/de\/wp-content\/uploads\/2024\/04\/dsc01600-1024x569.jpg 1024w, https:\/\/www.salzburgerland.com\/de\/wp-content\/uploads\/2024\/04\/dsc01600-370x206.jpg 370w, https:\/\/www.salzburgerland.com\/de\/wp-content\/uploads\/2024\/04\/dsc01600-270x150.jpg 270w, https:\/\/www.salzburgerland.com\/de\/wp-content\/uploads\/2024\/04\/dsc01600-540x300.jpg 540w\" sizes=\"(max-width: 1024px) 100vw, 1024px\"><p id=\"caption-attachment-670611\" class=\"wp-caption-text\">\u00a9 Zw\u00f6lferhorn<\/p><\/div>\n<h3>Frei wie ein Vogel<\/h3>\n<p>Auf 1.500 m Seeh\u00f6he abheben und eine Kulisse aus dem Bilderbuch zu F\u00fc\u00dfen haben, bietet das Zw\u00f6lferhorn Paragleitern als absoluter Flieger-Hotspot mit faszinierenden, unvergesslichen Aussichten auf die Seen- und Berglandschaft des Salzkammerguts.<\/p>\n\n\t\t\t<div id=\"670608-2\" class=\"gallery gallery-670608 gallery-columns-3 gallery-size-1170_658\" itemscope itemtype=\"http:\/\/schema.org\/ImageGallery\">\n\t\t\t\t<ul class=\"gallery-row gallery-col-3 gallery-clear\">\n\t\t\t\t\t<li class=\"gallery-item col-3\" itemprop=\"associatedMedia\" itemscope itemtype=\"http:\/\/schema.org\/ImageObject\">\n\t\t\t\t\t\t<div class=\"gallery-icon landscape\"><a href=\"https:\/\/www.salzburgerland.com\/de\/wp-content\/uploads\/2024\/04\/zh_hochueberst-gilgen-1601x1067.jpg\" title=\"ZH_Hoch\u00dcberSt.Gilgen\"><img decoding=\"async\" data-title=\"\u00a9 Zw\u00f6lferhorn \" title=\"\u00a9 Zw\u00f6lferhorn \" data-caption=\"\u00a9 Zw\u00f6lferhorn \" width=\"1170\" height=\"658\" src=\"https:\/\/www.salzburgerland.com\/de\/wp-content\/uploads\/2024\/04\/zh_hochueberst-gilgen-1170x658.jpg\" class=\"attachment-1170_658 size-1170_658\" alt=\"Zwei Personen beim Gleitschirmfliegen \u00fcber gr\u00fcnen Bergen und einem blauen See an einem klaren, sonnigen Tag. (vergr\u00f6\u00dferte Ansicht)\" srcset=\"https:\/\/www.salzburgerland.com\/de\/wp-content\/uploads\/2024\/04\/zh_hochueberst-gilgen-1170x658.jpg 1170w, https:\/\/www.salzburgerland.com\/de\/wp-content\/uploads\/2024\/04\/zh_hochueberst-gilgen-1200x675.jpg 1200w\" sizes=\"(max-width: 1170px) 100vw, 1170px\" aria-describedby=\"figcaption-670608-670619\" itemprop=\"thumbnail\"><\/a><\/div>\n\t\t\t\t\t\t<span id=\"figcaption-670608-670619\" class=\"gallery-caption\" itemprop=\"caption\"><span aria-hidden=\"true\">\u00a9 Zw\u00f6lferhorn <\/span><\/span>\n\t\t\t\t\t<\/li>\n\t\t\t\t\t<li class=\"gallery-item col-3\" itemprop=\"associatedMedia\" itemscope itemtype=\"http:\/\/schema.org\/ImageObject\">\n\t\t\t\t\t\t<div class=\"gallery-icon landscape\"><a href=\"https:\/\/www.salzburgerland.com\/de\/wp-content\/uploads\/2024\/04\/dsc02566-1601x1067.jpg\" title=\"DSC02566\"><img decoding=\"async\" data-title=\"\u00a9 Zw\u00f6lferhorn \" title=\"\u00a9 Zw\u00f6lferhorn \" data-caption=\"\u00a9 Zw\u00f6lferhorn \" width=\"1170\" height=\"658\" src=\"https:\/\/www.salzburgerland.com\/de\/wp-content\/uploads\/2024\/04\/dsc02566-1170x658.jpg\" class=\"attachment-1170_658 size-1170_658\" alt=\"Luftseilbahn \u00fcber einen See und eine Stadt, von einem H\u00fcgel aus gesehen, mit zwei Personen im Vordergrund. (vergr\u00f6\u00dferte Ansicht)\" srcset=\"https:\/\/www.salzburgerland.com\/de\/wp-content\/uploads\/2024\/04\/dsc02566-1170x658.jpg 1170w, https:\/\/www.salzburgerland.com\/de\/wp-content\/uploads\/2024\/04\/dsc02566-1200x675.jpg 1200w\" sizes=\"(max-width: 1170px) 100vw, 1170px\" aria-describedby=\"figcaption-670608-670616\" itemprop=\"thumbnail\"><\/a><\/div>\n\t\t\t\t\t\t<span id=\"figcaption-670608-670616\" class=\"gallery-caption\" itemprop=\"caption\"><span aria-hidden=\"true\">\u00a9 Zw\u00f6lferhorn <\/span><\/span>\n\t\t\t\t\t<\/li>\n\t\t\t\t\t<li class=\"gallery-item col-3\" itemprop=\"associatedMedia\" itemscope itemtype=\"http:\/\/schema.org\/ImageObject\">\n\t\t\t\t\t\t<div class=\"gallery-icon landscape\"><a href=\"https:\/\/www.salzburgerland.com\/de\/wp-content\/uploads\/2024\/04\/dsc08610-1601x1067.jpg\" title=\"DSC08610\"><img decoding=\"async\" data-title=\"\u00a9 Zw\u00f6lferhorn \" title=\"\u00a9 Zw\u00f6lferhorn \" data-caption=\"\u00a9 Zw\u00f6lferhorn \" width=\"1170\" height=\"658\" src=\"https:\/\/www.salzburgerland.com\/de\/wp-content\/uploads\/2024\/04\/dsc08610-1170x658.jpg\" class=\"attachment-1170_658 size-1170_658\" alt=\"Wanderer, die bei strahlend blauem Himmel einen grasbewachsenen H\u00fcgel hinauf zu einem Gipfelkreuz wandern. (vergr\u00f6\u00dferte Ansicht)\" srcset=\"https:\/\/www.salzburgerland.com\/de\/wp-content\/uploads\/2024\/04\/dsc08610-1170x658.jpg 1170w, https:\/\/www.salzburgerland.com\/de\/wp-content\/uploads\/2024\/04\/dsc08610-1200x675.jpg 1200w\" sizes=\"(max-width: 1170px) 100vw, 1170px\" aria-describedby=\"figcaption-670608-670618\" itemprop=\"thumbnail\"><\/a><\/div>\n\t\t\t\t\t\t<span id=\"figcaption-670608-670618\" class=\"gallery-caption\" itemprop=\"caption\"><span aria-hidden=\"true\">\u00a9 Zw\u00f6lferhorn <\/span><\/span>\n\t\t\t\t\t<\/li>\n\t\t\t\t<\/ul>\n\t\t\t<\/div><!-- .gallery -->\n\n<h3>Mit Sonnenenergie auf den Berg<\/h3>\n<p>Mit der puren Kraft der Natur, n\u00e4mlich mit Solarstrom, f\u00e4hrt die Zw\u00f6lferhorn Seilbahn als erste Seilbahn der Welt ab Sommer 2024 auf den Berg. Durch den Bau einer Photovoltaik-Anlage wird ein direkter Eigenversorgungsgrad von \u00fcber 90% erreicht. Von April bis September schweben die Gondeln sogar v\u00f6llig energieautonom aufs Zw\u00f6lferhorn.<\/p>\n<p>\u00a0<\/p>\n","protected":false},"excerpt":{"rendered":"<p>Wandern am H\u00f6rndl Das Zw\u00f6lferhorn bietet zahlreiche M\u00f6glichkeiten f\u00fcr eine genussvolle Wanderung, die sich von einer einfachen Rundwanderung bis hin zur anspruchsvollen Bergtour erstrecken. Mit Kindern lohnt es sich in jedem Fall, die Zw\u00f6lfer Runde zu erkunden, die entlang des Pillstein Rundwanderweges mit ihren zw\u00f6lf Stationen f\u00fcr viel Abwechslung sorgt und spannende Naturph\u00e4nomene und traditionelle [&hellip;]<\/p>\n","protected":false},"author":17,"featured_media":677465,"comment_status":"closed","ping_status":"closed","template":"","meta":{"_acf_changed":false,"wl_entities_gutenberg":"","_relevanssi_hide_post":"","_relevanssi_hide_content":"","_relevanssi_pin_for_all":"","_relevanssi_pin_keywords":"","_relevanssi_unpin_keywords":"","_relevanssi_related_keywords":"","_relevanssi_related_include_ids":"","_relevanssi_related_exclude_ids":"","_relevanssi_related_no_append":"","_relevanssi_related_not_related":"","_relevanssi_related_posts":"","_relevanssi_noindex_reason":"","footnotes":""},"categories":[],"tags":[6284],"wl_entity_type":[5,2],"ski_resorts":[],"class_list":["post-670608","entity","type-entity","status-publish","has-post-thumbnail","hentry","tag-sommer-bergbahn","wl_entity_type-organization","wl_entity_type-thing","sitetype-default"],"acf":[],"yoast_head":"<!-- This site is optimized with the Yoast SEO Premium plugin v26.9 (Yoast SEO v26.9) - https:\/\/yoast.com\/product\/yoast-seo-premium-wordpress\/ -->\n<title>Zw\u00f6lferhorn Seilbahn \u00bb SalzburgerLand.com<\/title>\n<meta name=\"robots\" content=\"index, follow, max-snippet:-1, max-image-preview:large, max-video-preview:-1\" \/>\n<link rel=\"canonical\" href=\"https:\/\/www.salzburgerland.com\/de\/wp-json\/wp\/v2\/entities\/670608\" \/>\n<meta property=\"og:locale\" content=\"de_DE\" \/>\n<meta property=\"og:type\" content=\"article\" \/>\n<meta property=\"og:title\" content=\"Zw\u00f6lferhorn Seilbahn\" \/>\n<meta property=\"og:description\" content=\"Mit den beliebten roten und gelben Gondeln bringt die Zw\u00f6lferhorn Seilbahn ihre G\u00e4ste barrierefrei in 11 Minuten Fahrzeit auf das von Natur aus sch\u00f6ne H\u00f6rndl.\" \/>\n<meta property=\"og:url\" content=\"https:\/\/www.salzburgerland.com\/de\/wp-json\/wp\/v2\/entities\/670608\" \/>\n<meta property=\"og:site_name\" content=\"SalzburgerLand.com\" \/>\n<meta property=\"article:publisher\" content=\"https:\/\/www.facebook.com\/salzburgerland\/\" \/>\n<meta property=\"article:modified_time\" content=\"2025-05-13T09:31:18+00:00\" \/>\n<meta property=\"og:image\" content=\"https:\/\/www.salzburgerland.com\/de\/wp-content\/uploads\/2024\/04\/zwoelferhorn_titelbild-1200x675.jpg\" \/>\n\t<meta property=\"og:image:width\" content=\"1200\" \/>\n\t<meta property=\"og:image:height\" content=\"675\" \/>\n\t<meta property=\"og:image:type\" content=\"image\/jpeg\" \/>\n<meta name=\"twitter:card\" content=\"summary_large_image\" \/>\n<meta name=\"twitter:site\" content=\"@Salzburgerland\" \/>\n<meta name=\"twitter:label1\" content=\"Gesch\u00e4tzte Lesezeit\" \/>\n\t<meta name=\"twitter:data1\" content=\"3\u00a0Minuten\" \/>\n<script type=\"application\/ld+json\" class=\"yoast-schema-graph\">{\"@context\":\"https:\/\/schema.org\",\"@graph\":[{\"@type\":\"WebPage\",\"@id\":\"https:\/\/www.salzburgerland.com\/de\/zwoelferhorn-seilbahn\/\",\"url\":\"https:\/\/www.salzburgerland.com\/de\/zwoelferhorn-seilbahn\/\",\"name\":\"Zw\u00f6lferhorn Seilbahn \u00bb SalzburgerLand.com\",\"isPartOf\":{\"@id\":\"https:\/\/www.salzburgerland.com\/de\/#website\"},\"primaryImageOfPage\":{\"@id\":\"https:\/\/www.salzburgerland.com\/de\/zwoelferhorn-seilbahn\/#primaryimage\"},\"image\":{\"@id\":\"https:\/\/www.salzburgerland.com\/de\/zwoelferhorn-seilbahn\/#primaryimage\"},\"thumbnailUrl\":\"https:\/\/www.salzburgerland.com\/de\/wp-content\/uploads\/2024\/04\/zwoelferhorn_titelbild.jpg\",\"datePublished\":\"2024-04-10T10:09:08+00:00\",\"dateModified\":\"2025-05-13T09:31:18+00:00\",\"description\":\"Mit den beliebten roten und gelben Gondeln bringt die Zw\u00f6lferhorn Seilbahn ihre G\u00e4ste barrierefrei in 11 Minuten Fahrzeit auf das von Natur aus sch\u00f6ne H\u00f6rndl.\",\"inLanguage\":\"de\",\"potentialAction\":[{\"@type\":\"ReadAction\",\"target\":[\"https:\/\/www.salzburgerland.com\/de\/zwoelferhorn-seilbahn\/\"]}]},{\"@type\":\"ImageObject\",\"inLanguage\":\"de\",\"@id\":\"https:\/\/www.salzburgerland.com\/de\/zwoelferhorn-seilbahn\/#primaryimage\",\"url\":\"https:\/\/www.salzburgerland.com\/de\/wp-content\/uploads\/2024\/04\/zwoelferhorn_titelbild.jpg\",\"contentUrl\":\"https:\/\/www.salzburgerland.com\/de\/wp-content\/uploads\/2024\/04\/zwoelferhorn_titelbild.jpg\",\"width\":1920,\"height\":1080,\"caption\":\"Gelbe Seilbahnen fahren \u00fcber einen \u00fcppig gr\u00fcnen Berg und \u00fcberblicken einen See und ein Dorf mit fernen Bergen.\"},{\"@type\":\"WebSite\",\"@id\":\"https:\/\/www.salzburgerland.com\/de\/#website\",\"url\":\"https:\/\/www.salzburgerland.com\/de\/\",\"name\":\"SalzburgerLand.com\",\"description\":\"Ihr Urlaub in Salzburg, \u00d6sterreich\",\"publisher\":{\"@id\":\"https:\/\/www.salzburgerland.com\/de\/#organization\"},\"potentialAction\":[{\"@type\":\"SearchAction\",\"target\":{\"@type\":\"EntryPoint\",\"urlTemplate\":\"https:\/\/www.salzburgerland.com\/de\/?s={search_term_string}\"},\"query-input\":{\"@type\":\"PropertyValueSpecification\",\"valueRequired\":true,\"valueName\":\"search_term_string\"}}],\"inLanguage\":\"de\"},{\"@type\":\"Organization\",\"@id\":\"https:\/\/www.salzburgerland.com\/de\/#organization\",\"name\":\"SalzburgerLand Tourismus GmbH\",\"url\":\"https:\/\/www.salzburgerland.com\/de\/\",\"logo\":{\"@type\":\"ImageObject\",\"inLanguage\":\"de\",\"@id\":\"https:\/\/www.salzburgerland.com\/de\/#\/schema\/logo\/image\/\",\"url\":\"https:\/\/www.salzburgerland.com\/de\/wp-content\/uploads\/2017\/01\/salzburgerland-logo.jpg\",\"contentUrl\":\"https:\/\/www.salzburgerland.com\/de\/wp-content\/uploads\/2017\/01\/salzburgerland-logo.jpg\",\"width\":1920,\"height\":827,\"caption\":\"SalzburgerLand Tourismus GmbH\"},\"image\":{\"@id\":\"https:\/\/www.salzburgerland.com\/de\/#\/schema\/logo\/image\/\"},\"sameAs\":[\"https:\/\/www.facebook.com\/salzburgerland\/\",\"https:\/\/x.com\/Salzburgerland\",\"https:\/\/www.instagram.com\/salzburgerland\/\",\"http:\/\/dbpedia.org\/resource\/Salzburg_(state)\",\"http:\/\/wikidata.dbpedia.org\/resource\/Q43325\",\"http:\/\/open.salzburgerland.com\/de\/entity\/salzburgerland\",\"https:\/\/www.youtube.com\/user\/salzburgerland\"]}]}<\/script>\n<!-- \/ Yoast SEO Premium plugin. -->","yoast_head_json":{"title":"Zw\u00f6lferhorn Seilbahn \u00bb SalzburgerLand.com","robots":{"index":"index","follow":"follow","max-snippet":"max-snippet:-1","max-image-preview":"max-image-preview:large","max-video-preview":"max-video-preview:-1"},"canonical":"https:\/\/www.salzburgerland.com\/de\/wp-json\/wp\/v2\/entities\/670608","og_locale":"de_DE","og_type":"article","og_title":"Zw\u00f6lferhorn Seilbahn","og_description":"Mit den beliebten roten und gelben Gondeln bringt die Zw\u00f6lferhorn Seilbahn ihre G\u00e4ste barrierefrei in 11 Minuten Fahrzeit auf das von Natur aus sch\u00f6ne H\u00f6rndl.","og_url":"https:\/\/www.salzburgerland.com\/de\/wp-json\/wp\/v2\/entities\/670608","og_site_name":"SalzburgerLand.com","article_publisher":"https:\/\/www.facebook.com\/salzburgerland\/","article_modified_time":"2025-05-13T09:31:18+00:00","og_image":[{"width":1200,"height":675,"url":"https:\/\/www.salzburgerland.com\/de\/wp-content\/uploads\/2024\/04\/zwoelferhorn_titelbild-1200x675.jpg","type":"image\/jpeg"}],"twitter_card":"summary_large_image","twitter_site":"@Salzburgerland","twitter_misc":{"Gesch\u00e4tzte Lesezeit":"3\u00a0Minuten"},"schema":{"@context":"https:\/\/schema.org","@graph":[{"@type":"WebPage","@id":"https:\/\/www.salzburgerland.com\/de\/zwoelferhorn-seilbahn\/","url":"https:\/\/www.salzburgerland.com\/de\/zwoelferhorn-seilbahn\/","name":"Zw\u00f6lferhorn Seilbahn \u00bb SalzburgerLand.com","isPartOf":{"@id":"https:\/\/www.salzburgerland.com\/de\/#website"},"primaryImageOfPage":{"@id":"https:\/\/www.salzburgerland.com\/de\/zwoelferhorn-seilbahn\/#primaryimage"},"image":{"@id":"https:\/\/www.salzburgerland.com\/de\/zwoelferhorn-seilbahn\/#primaryimage"},"thumbnailUrl":"https:\/\/www.salzburgerland.com\/de\/wp-content\/uploads\/2024\/04\/zwoelferhorn_titelbild.jpg","datePublished":"2024-04-10T10:09:08+00:00","dateModified":"2025-05-13T09:31:18+00:00","description":"Mit den beliebten roten und gelben Gondeln bringt die Zw\u00f6lferhorn Seilbahn ihre G\u00e4ste barrierefrei in 11 Minuten Fahrzeit auf das von Natur aus sch\u00f6ne H\u00f6rndl.","inLanguage":"de","potentialAction":[{"@type":"ReadAction","target":["https:\/\/www.salzburgerland.com\/de\/zwoelferhorn-seilbahn\/"]}]},{"@type":"ImageObject","inLanguage":"de","@id":"https:\/\/www.salzburgerland.com\/de\/zwoelferhorn-seilbahn\/#primaryimage","url":"https:\/\/www.salzburgerland.com\/de\/wp-content\/uploads\/2024\/04\/zwoelferhorn_titelbild.jpg","contentUrl":"https:\/\/www.salzburgerland.com\/de\/wp-content\/uploads\/2024\/04\/zwoelferhorn_titelbild.jpg","width":1920,"height":1080,"caption":"Gelbe Seilbahnen fahren \u00fcber einen \u00fcppig gr\u00fcnen Berg und \u00fcberblicken einen See und ein Dorf mit fernen Bergen."},{"@type":"WebSite","@id":"https:\/\/www.salzburgerland.com\/de\/#website","url":"https:\/\/www.salzburgerland.com\/de\/","name":"SalzburgerLand.com","description":"Ihr Urlaub in Salzburg, \u00d6sterreich","publisher":{"@id":"https:\/\/www.salzburgerland.com\/de\/#organization"},"potentialAction":[{"@type":"SearchAction","target":{"@type":"EntryPoint","urlTemplate":"https:\/\/www.salzburgerland.com\/de\/?s={search_term_string}"},"query-input":{"@type":"PropertyValueSpecification","valueRequired":true,"valueName":"search_term_string"}}],"inLanguage":"de"},{"@type":"Organization","@id":"https:\/\/www.salzburgerland.com\/de\/#organization","name":"SalzburgerLand Tourismus GmbH","url":"https:\/\/www.salzburgerland.com\/de\/","logo":{"@type":"ImageObject","inLanguage":"de","@id":"https:\/\/www.salzburgerland.com\/de\/#\/schema\/logo\/image\/","url":"https:\/\/www.salzburgerland.com\/de\/wp-content\/uploads\/2017\/01\/salzburgerland-logo.jpg","contentUrl":"https:\/\/www.salzburgerland.com\/de\/wp-content\/uploads\/2017\/01\/salzburgerland-logo.jpg","width":1920,"height":827,"caption":"SalzburgerLand Tourismus GmbH"},"image":{"@id":"https:\/\/www.salzburgerland.com\/de\/#\/schema\/logo\/image\/"},"sameAs":["https:\/\/www.facebook.com\/salzburgerland\/","https:\/\/x.com\/Salzburgerland","https:\/\/www.instagram.com\/salzburgerland\/","http:\/\/dbpedia.org\/resource\/Salzburg_(state)","http:\/\/wikidata.dbpedia.org\/resource\/Q43325","http:\/\/open.salzburgerland.com\/de\/entity\/salzburgerland","https:\/\/www.youtube.com\/user\/salzburgerland"]}]}},"_wl_alt_label":[],"wl:entity_url":"http:\/\/open.salzburgerland.com\/de\/entity\/zwoelferhorn-seilbahn-670608","_links":{"self":[{"href":"https:\/\/www.salzburgerland.com\/de\/wp-json\/wp\/v2\/entities\/670608","targetHints":{"allow":["GET"]}}],"collection":[{"href":"https:\/\/www.salzburgerland.com\/de\/wp-json\/wp\/v2\/entities"}],"about":[{"href":"https:\/\/www.salzburgerland.com\/de\/wp-json\/wp\/v2\/types\/entity"}],"author":[{"embeddable":true,"href":"https:\/\/www.salzburgerland.com\/de\/wp-json\/wp\/v2\/users\/17"}],"replies":[{"embeddable":true,"href":"https:\/\/www.salzburgerland.com\/de\/wp-json\/wp\/v2\/comments?post=670608"}],"version-history":[{"count":2,"href":"https:\/\/www.salzburgerland.com\/de\/wp-json\/wp\/v2\/entities\/670608\/revisions"}],"predecessor-version":[{"id":670621,"href":"https:\/\/www.salzburgerland.com\/de\/wp-json\/wp\/v2\/entities\/670608\/revisions\/670621"}],"wp:featuredmedia":[{"embeddable":true,"href":"https:\/\/www.salzburgerland.com\/de\/wp-json\/wp\/v2\/media\/677465"}],"wp:attachment":[{"href":"https:\/\/www.salzburgerland.com\/de\/wp-json\/wp\/v2\/media?parent=670608"}],"wp:term":[{"taxonomy":"category","embeddable":true,"href":"https:\/\/www.salzburgerland.com\/de\/wp-json\/wp\/v2\/categories?post=670608"},{"taxonomy":"post_tag","embeddable":true,"href":"https:\/\/www.salzburgerland.com\/de\/wp-json\/wp\/v2\/tags?post=670608"},{"taxonomy":"wl_entity_type","embeddable":true,"href":"https:\/\/www.salzburgerland.com\/de\/wp-json\/wp\/v2\/wl_entity_type?post=670608"},{"taxonomy":"ski_resorts","embeddable":true,"href":"https:\/\/www.salzburgerland.com\/de\/wp-json\/wp\/v2\/ski_resorts?post=670608"}],"curies":[{"name":"wp","href":"https:\/\/api.w.org\/{rel}","templated":true}]}}