{"id":670048,"date":"2024-03-28T11:29:59","date_gmt":"2024-03-28T10:29:59","guid":{"rendered":"https:\/\/www.salzburgerland.com\/de\/?post_type=entity&#038;p=670048"},"modified":"2025-04-15T13:53:51","modified_gmt":"2025-04-15T11:53:51","slug":"hoch-die-alm","status":"publish","type":"entity","link":"https:\/\/www.salzburgerland.com\/de\/hoch-die-alm\/","title":{"rendered":"Hoch die Alm!"},"content":{"rendered":"<p>Von Juni bis September beziehen die Weidetiere traditionell ihr Quartier auf der Alm und die Menschen folgen ihnen hinauf in die H\u00f6he: H\u00fctten werden ge\u00f6ffnet und G\u00e4ste freudig begr\u00fc\u00dft. Die Butter wird frisch ger\u00fchrt und Brote mit selbst gemachtem <a href=\"https:\/\/www.salzburgerland.com\/de\/genussweg-fuer-kaesefreaks\/pois\">Almk\u00e4se<\/a> belegt. Vor der H\u00fctte schweift der Blick weit und Gelassenheit macht sich breit: K\u00e4lber grasen. B\u00e4chlein gurgeln. Die \u00c4ste uralter Zirben wiegen sich im Wind.<\/p>\n<p>Ein von Hand gesch\u00fcrtes Holzfeuer, rot-wei\u00df karierte Vorh\u00e4nge und geschnitzte Herzen in den Fensterl\u00e4den: Der <a href=\"https:\/\/www.salzburgerland.com\/de\/almsommer\/\">Salzburger Almsommer<\/a> f\u00fchrt nicht nur hinauf in die Berge, sondern auch zur\u00fcck in entschwunden geglaubte Zeiten. Nirgendwo im Alpenbogen gibt es mehr Almen als im SalzburgerLand: \u00dcber 1.700 Almen werden hier von den Salzburger Bauersleuten hingebungsvoll bewirtschaftet. \u00dcber 500 <a href=\"https:\/\/www.salzburgerland.com\/de\/bewirtschaftete-huetten-mit-uebernachtungsmoeglichkeit\/\">H\u00fctten<\/a> haben ihre T\u00fcren auch f\u00fcr wandernde G\u00e4ste ge\u00f6ffnet. Einige dieser Almh\u00fctten sind mehrere hundert Jahre alt: Denn die Almen waren einst unverzichtbar f\u00fcr das Auskommen der Bauern und B\u00e4uerinnen. Heute sind sie vor allem ein Sehnsuchtsort f\u00fcr alle, die gerne in den Bergen unterwegs sind. Denn die Alm und eine Wanderung dort versprechen Entschleunigung und tiefe innere Zufriedenheit.<\/p>\n<h3>Die Besonderheiten der Almen im SalzburgerLand<\/h3>\n<p>Viele Almen im SalzburgerLand sind in rund 60 bis 90 Minuten Gehzeit erreicht. Unter den rund <a href=\"https:\/\/www.salzburgerland.com\/de\/almsommerhuetten-liste\/pois\">165 zertifizierten Almsommerh\u00fctten<\/a> finden sich auch solche, die sich spezialisiert haben: auf die besonderen Bed\u00fcrfnisse von Mountainbikern oder von \u00dcbernachtungsg\u00e4sten. Die Kinderalmen sind ideal f\u00fcr Familien, verf\u00fcgen sie doch \u00fcber Spielpl\u00e4tze und kleine Streichelzoos und sind gro\u00dfteils mit Kinderwagen erreichbar. Almsommerh\u00fctten finden sich auch auf dem 350 Kilometer langen <a href=\"https:\/\/www.salzburgerland.com\/de\/die-25-salzburger-almenweg-etappen\/\">Salzburger Almenweg<\/a>, einem echten Klassiker unter den alpinen Weitwanderwegen.<\/p>\n<p>Auf den Almen wird vorrangig serviert, was selbst hergestellt wird: es ist alpine K\u00fcche in Reinkultur. Die frisch gemolkene Milch der K\u00fche wird zu verschiedenen K\u00e4sesorten, zu Buttermilch, Butter und Topfen weiterverarbeitet. Die Sirupe werden aus selbst gesammelten Brennnesseln, Holunderbl\u00fcten oder Schl\u00fcsselblumen hergestellt. Der Lik\u00f6r wird aus Zirbenzapfen angesetzt, die <a href=\"https:\/\/www.salzburgerland.com\/de\/genussweg-fuer-bier-und-schnapsverkoster\/pois\">Schn\u00e4pse<\/a> aus Vogel- oder Schwarzbeeren gebrannt. Die <a href=\"https:\/\/www.salzburgerland.com\/de\/bauernkrapfen\/\">Bauernkrapfen<\/a> werden auf dem Holzofen in Butterschmalz herausgebacken und die Pofesen mit selbst gemachtem Powidl aus eigenen Zwetschgen gef\u00fcllt. Der Speck stammt von den Almschweinen, das Wasser aus dem Brunnen. Es sind einfache Produkte, die in ihrer Einfachheit in einen l\u00e4ngst verlorengeglaubten Kulinarikhimmel verf\u00fchren.<\/p>\n<div id=\"attachment_669469\" style=\"width: 1180px\" class=\"wp-caption alignnone\"><img decoding=\"async\" aria-describedby=\"caption-attachment-669469\" class=\"size-1170_658 wp-image-669469\" src=\"https:\/\/www.salzburgerland.com\/de\/wp-content\/uploads\/2016\/08\/rs5142_dsc05103-2-1170x658.jpg\" alt=\"\" width=\"1170\" height=\"658\" srcset=\"https:\/\/www.salzburgerland.com\/de\/wp-content\/uploads\/2016\/08\/rs5142_dsc05103-2-1170x658.jpg 1170w, https:\/\/www.salzburgerland.com\/de\/wp-content\/uploads\/2016\/08\/rs5142_dsc05103-2-1200x675.jpg 1200w\" sizes=\"(max-width: 1170px) 100vw, 1170px\"><p id=\"caption-attachment-669469\" class=\"wp-caption-text\">\u00a9 SalzburgerLand Tourismus, Christoph Oberschneider, Wanderdamen<\/p><\/div>\n<h3>\u00dcber 20 Jahre Salzburger Almsommer<\/h3>\n<p>Unter dem Motto \u201eHoch die Alm!\u201c wurde 2024 im SalzburgerLand das 20-Jahr-Jubil\u00e4um des Salzburger Almsommers gefeiert. Dieser wird allj\u00e4hrlich mit einem gro\u00dfen <a href=\"https:\/\/www.salzburgerland.com\/de\/almsommer-eroeffnung-und-events\/\">Fest<\/a> im Juni er\u00f6ffnet und endet traditionell zum <a href=\"https:\/\/www.salzburgerland.com\/de\/magazin\/wegen-brauchtumspflege-geschlossen\/\">Rupertitag<\/a> des Salzburger Landesheiligen Ende September.<\/p>\n<p>\u201eHoch die Alm!\u201c ist aber auch die allerbeste Idee f\u00fcr einen unvergesslichen Urlaub. Ein paar Kleinigkeiten einzupacken und sich auf den Weg zu machen: Hinauf zu wandern in diesen verwunschen sch\u00f6nen, von Menschenhand geschaffenen Kulturraum, der zugleich Lebensraum f\u00fcr die alpine Flora und Fauna ist. G\u00e4msen und Murmeltiere haben hier ihr Revier. Dohlen kreisen und Tannenh\u00e4her rufen. Streng gesch\u00fctzte Blumen wie Arnika, Enzian oder wilde Orchideen wachsen auf den M\u00e4hdern.<\/p>\n<p>Die Alm bietet beste Voraussetzungen, um wieder ganz bei sich anzukommen. Viele Salzburgerinnen und Salzburger sind sich einig: Wer nach einer Wanderung ins Tal zur\u00fcckkehrt, ist ein anderer als zu Beginn der Tour.\u00a0Sich auf einen gro\u00dfen Findelstein zu setzen und es den K\u00fchen gleichzumachen, ist nicht die schlechteste Empfehlung. Einfach die wunderbare Welt dort oben auf sich wirken zu lassen und die sch\u00f6nsten Erinnerungsmomente mit ins Tal zu nehmen: intensiv im Augenblick und nachhaltig in der Wirkung. Die Alm ist ein Ort, der sich wie kein zweiter f\u00fcr Erholung und Regeneration anbietet. Durchzuatmen und wieder in den eigenen Fluss zu kommen, gelingt mitten in sch\u00f6nster Natur besonders gut. Wandern tr\u00e4gt erwiesenerma\u00dfen zu physischem und mentalem Wohlbefinden bei. Gedanken wandern im Gleichschritt mit den eigenen F\u00fc\u00dfen und neue Ideen entstehen: der Kopf wird klar, das Herz schl\u00e4gt h\u00f6her und Ruhe breitet sich aus. Neben den zahlreichen positiven Effekten des Wanderns verspricht die Alm auch <a href=\"https:\/\/www.salzburgerland.com\/de\/via-culinaria\/\">Kulinarik<\/a> und Geselligkeit.<\/p>\n\n\t\t\t<div id=\"670048-1\" class=\"gallery gallery-670048 gallery-columns-3 gallery-size-1170_658\" itemscope itemtype=\"http:\/\/schema.org\/ImageGallery\">\n\t\t\t\t<ul class=\"gallery-row gallery-col-3 gallery-clear\">\n\t\t\t\t\t<li class=\"gallery-item col-3\" itemprop=\"associatedMedia\" itemscope itemtype=\"http:\/\/schema.org\/ImageObject\">\n\t\t\t\t\t\t<div class=\"gallery-icon landscape\"><a href=\"https:\/\/www.salzburgerland.com\/de\/wp-content\/uploads\/2016\/07\/rs3111_almsommer_793-scr.jpg\" title=\"Blumenstrau\u00df pfl\u00fccken\"><img decoding=\"async\" data-title=\"\u00a9 SalzburgerLand Tourismus, Tom Son, Blumenstrau\u00df pfl\u00fccken\" title=\"\u00a9 SalzburgerLand Tourismus, Tom Son, Blumenstrau\u00df pfl\u00fccken\" data-caption=\"\u00a9 SalzburgerLand Tourismus, Tom Son, Blumenstrau\u00df pfl\u00fccken\" width=\"1100\" height=\"658\" src=\"https:\/\/www.salzburgerland.com\/de\/wp-content\/uploads\/2016\/07\/rs3111_almsommer_793-scr-1100x658.jpg\" class=\"attachment-1170_658 size-1170_658\" alt=\"Eine Frau in einem traditionellen Kleid steht l\u00e4chelnd auf einer sonnigen Wiese und feiert den Bauernherbst mit bewaldeten H\u00fcgeln im Hintergrund. (vergr\u00f6\u00dferte Ansicht)\" aria-describedby=\"figcaption-670048-667400\" itemprop=\"thumbnail\"><\/a><\/div>\n\t\t\t\t\t\t<span id=\"figcaption-670048-667400\" class=\"gallery-caption\" itemprop=\"caption\"><span aria-hidden=\"true\">\u00a9 SalzburgerLand Tourismus, Tom Son, Blumenstrau\u00df pfl\u00fccken<\/span><\/span>\n\t\t\t\t\t<\/li>\n\t\t\t\t\t<li class=\"gallery-item col-3\" itemprop=\"associatedMedia\" itemscope itemtype=\"http:\/\/schema.org\/ImageObject\">\n\t\t\t\t\t\t<div class=\"gallery-icon landscape\"><a href=\"https:\/\/www.salzburgerland.com\/de\/wp-content\/uploads\/2023\/11\/einsteiger_rs5131_dsc03761-lpr-1601x1067.jpg\" title=\"Salzburger Almenweg\"><img decoding=\"async\" data-title=\"\u00a9 SalzburgerLand Tourismus; Christoph Oberschneider \" title=\"\u00a9 SalzburgerLand Tourismus; Christoph Oberschneider \" data-caption=\"\u00a9 SalzburgerLand Tourismus; Christoph Oberschneider \" width=\"1170\" height=\"658\" src=\"https:\/\/www.salzburgerland.com\/de\/wp-content\/uploads\/2023\/11\/einsteiger_rs5131_dsc03761-lpr-1170x658.jpg\" class=\"attachment-1170_658 size-1170_658\" alt=\"Zwei Frauen entspannen sich auf einem Felsen in den Bergen; die eine blickt nach oben, die andere bewundert mit einem Fernglas die Landschaft. (vergr\u00f6\u00dferte Ansicht)\" srcset=\"https:\/\/www.salzburgerland.com\/de\/wp-content\/uploads\/2023\/11\/einsteiger_rs5131_dsc03761-lpr-1170x658.jpg 1170w, https:\/\/www.salzburgerland.com\/de\/wp-content\/uploads\/2023\/11\/einsteiger_rs5131_dsc03761-lpr-1200x675.jpg 1200w\" sizes=\"(max-width: 1170px) 100vw, 1170px\" aria-describedby=\"figcaption-670048-667213\" itemprop=\"thumbnail\"><\/a><\/div>\n\t\t\t\t\t\t<span id=\"figcaption-670048-667213\" class=\"gallery-caption\" itemprop=\"caption\"><span aria-hidden=\"true\">\u00a9 SalzburgerLand Tourismus; Christoph Oberschneider <\/span><\/span>\n\t\t\t\t\t<\/li>\n\t\t\t\t\t<li class=\"gallery-item col-3\" itemprop=\"associatedMedia\" itemscope itemtype=\"http:\/\/schema.org\/ImageObject\">\n\t\t\t\t\t\t<div class=\"gallery-icon landscape\"><a href=\"https:\/\/www.salzburgerland.com\/de\/wp-content\/uploads\/2023\/11\/dsc00842_bearb_v3-1706x1067.jpg\" title=\"Wanderdamen\"><img decoding=\"async\" data-title=\"\u00a9 SalzburgerLand Tourismus; Christoph Oberschneider \" title=\"\u00a9 SalzburgerLand Tourismus; Christoph Oberschneider \" data-caption=\"\u00a9 SalzburgerLand Tourismus; Christoph Oberschneider \" width=\"1170\" height=\"658\" src=\"https:\/\/www.salzburgerland.com\/de\/wp-content\/uploads\/2023\/11\/dsc00842_bearb_v3-1170x658.jpg\" class=\"attachment-1170_658 size-1170_658\" alt=\"Wanderdamen im SalzburgerLand (vergr\u00f6\u00dferte Ansicht)\" srcset=\"https:\/\/www.salzburgerland.com\/de\/wp-content\/uploads\/2023\/11\/dsc00842_bearb_v3-1170x658.jpg 1170w, https:\/\/www.salzburgerland.com\/de\/wp-content\/uploads\/2023\/11\/dsc00842_bearb_v3-1200x675.jpg 1200w\" sizes=\"(max-width: 1170px) 100vw, 1170px\" aria-describedby=\"figcaption-670048-667421\" itemprop=\"thumbnail\"><\/a><\/div>\n\t\t\t\t\t\t<span id=\"figcaption-670048-667421\" class=\"gallery-caption\" itemprop=\"caption\"><span aria-hidden=\"true\">\u00a9 SalzburgerLand Tourismus; Christoph Oberschneider <\/span><\/span>\n\t\t\t\t\t<\/li>\n\t\t\t\t<\/ul>\n\t\t\t<\/div><!-- .gallery -->\n\n<p>Ein Hoch auf das urt\u00fcmliche Leben auf der Alm.\u00a0Ein Hoch auf die Bauern und B\u00e4uerinnen, die mit ihrer leidenschaftlichen\u00a0Arbeit diesen einzigartigen Natur- und Kulturraum erhalten und mit ihrer Herzlichkeit\u00a0und regionalen von Hand hergestellten Schmankerln G\u00e4ste begeistern. <span data-ccp-props='{\"201341983\":0,\"335559739\":0,\"335559740\":240}'>Ein Hoch auf dieses Platzerl, das dazu einl\u00e4dt, ganz bei uns selbst anzukommen. Wandern. Entschleunigen. Genie\u00dfen.<\/span><\/p>\n<p><strong>\u201eHoch die Alm!\u201c \u2013 Lasst uns den Almsommer im SalzburgerLand feiern. Daf\u00fcr leben wir.<\/strong><\/p>\n","protected":false},"excerpt":{"rendered":"<p>Von Juni bis September beziehen die Weidetiere traditionell ihr Quartier auf der Alm und die Menschen folgen ihnen hinauf in die H\u00f6he: H\u00fctten werden ge\u00f6ffnet und G\u00e4ste freudig begr\u00fc\u00dft. Die Butter wird frisch ger\u00fchrt und Brote mit selbst gemachtem Almk\u00e4se belegt. Vor der H\u00fctte schweift der Blick weit und Gelassenheit macht sich breit: K\u00e4lber grasen. [&hellip;]<\/p>\n","protected":false},"author":50,"featured_media":586548,"comment_status":"closed","ping_status":"closed","template":"","meta":{"_acf_changed":false,"wl_entities_gutenberg":"","_relevanssi_hide_post":"","_relevanssi_hide_content":"","_relevanssi_pin_for_all":"","_relevanssi_pin_keywords":"","_relevanssi_unpin_keywords":"","_relevanssi_related_keywords":"","_relevanssi_related_include_ids":"","_relevanssi_related_exclude_ids":"","_relevanssi_related_no_append":"","_relevanssi_related_not_related":"","_relevanssi_related_posts":"","_relevanssi_noindex_reason":"","footnotes":""},"categories":[],"tags":[13570,14025,14024,13432,14026,13439,13433],"wl_entity_type":[2],"ski_resorts":[],"class_list":["post-670048","entity","type-entity","status-publish","has-post-thumbnail","hentry","tag-alm","tag-almbauern","tag-almen","tag-almsommer","tag-jubilaeum","tag-sommer","tag-wandern","wl_entity_type-thing","sitetype-theme"],"acf":[],"yoast_head":"<!-- This site is optimized with the Yoast SEO Premium plugin v26.9 (Yoast SEO v26.9) - https:\/\/yoast.com\/product\/yoast-seo-premium-wordpress\/ -->\n<title>Hoch die Alm! \u00bb SalzburgerLand.com<\/title>\n<meta name=\"robots\" content=\"index, follow, max-snippet:-1, max-image-preview:large, max-video-preview:-1\" \/>\n<link rel=\"canonical\" href=\"https:\/\/www.salzburgerland.com\/de\/wp-json\/wp\/v2\/entities\/670048\" \/>\n<meta property=\"og:locale\" content=\"de_DE\" \/>\n<meta property=\"og:type\" content=\"article\" \/>\n<meta property=\"og:title\" content=\"Hoch die Alm!\" \/>\n<meta property=\"og:description\" content=\"Ein Hoch auf das urt\u00fcmliche Leben auf der Alm. Ein Hoch auf dieses Platzerl, das dazu einl\u00e4dt, ganz bei uns selbst anzukommen. Ein Hoch auf das gesellige Miteinander und die Gastfreundschaft. Wandern. Entschleunigen. Genie\u00dfen. Daf\u00fcr leben wir!\" \/>\n<meta property=\"og:url\" content=\"https:\/\/www.salzburgerland.com\/de\/wp-json\/wp\/v2\/entities\/670048\" \/>\n<meta property=\"og:site_name\" content=\"SalzburgerLand.com\" \/>\n<meta property=\"article:publisher\" content=\"https:\/\/www.facebook.com\/salzburgerland\/\" \/>\n<meta property=\"article:modified_time\" content=\"2025-04-15T11:53:51+00:00\" \/>\n<meta property=\"og:image\" content=\"https:\/\/www.salzburgerland.com\/de\/wp-content\/uploads\/2016\/08\/kraft-stefan_wandern-jause__dsc5595-1200x675.jpg\" \/>\n\t<meta property=\"og:image:width\" content=\"1200\" \/>\n\t<meta property=\"og:image:height\" content=\"675\" \/>\n\t<meta property=\"og:image:type\" content=\"image\/jpeg\" \/>\n<meta name=\"twitter:card\" content=\"summary_large_image\" \/>\n<meta name=\"twitter:site\" content=\"@Salzburgerland\" \/>\n<meta name=\"twitter:label1\" content=\"Gesch\u00e4tzte Lesezeit\" \/>\n\t<meta name=\"twitter:data1\" content=\"8\u00a0Minuten\" \/>\n<script type=\"application\/ld+json\" class=\"yoast-schema-graph\">{\"@context\":\"https:\/\/schema.org\",\"@graph\":[{\"@type\":\"WebPage\",\"@id\":\"https:\/\/www.salzburgerland.com\/de\/hoch-die-alm\/\",\"url\":\"https:\/\/www.salzburgerland.com\/de\/hoch-die-alm\/\",\"name\":\"Hoch die Alm! \u00bb SalzburgerLand.com\",\"isPartOf\":{\"@id\":\"https:\/\/www.salzburgerland.com\/de\/#website\"},\"primaryImageOfPage\":{\"@id\":\"https:\/\/www.salzburgerland.com\/de\/hoch-die-alm\/#primaryimage\"},\"image\":{\"@id\":\"https:\/\/www.salzburgerland.com\/de\/hoch-die-alm\/#primaryimage\"},\"thumbnailUrl\":\"https:\/\/www.salzburgerland.com\/de\/wp-content\/uploads\/2016\/08\/kraft-stefan_wandern-jause__dsc5595.jpg\",\"datePublished\":\"2024-03-28T10:29:59+00:00\",\"dateModified\":\"2025-04-15T11:53:51+00:00\",\"description\":\"Ein Hoch auf das urt\u00fcmliche Leben auf der Alm. Ein Hoch auf dieses Platzerl, das dazu einl\u00e4dt, ganz bei uns selbst anzukommen. Ein Hoch auf das gesellige Miteinander und die Gastfreundschaft. Wandern. Entschleunigen. Genie\u00dfen. Daf\u00fcr leben wir!\",\"inLanguage\":\"de\",\"potentialAction\":[{\"@type\":\"ReadAction\",\"target\":[\"https:\/\/www.salzburgerland.com\/de\/hoch-die-alm\/\"]}]},{\"@type\":\"ImageObject\",\"inLanguage\":\"de\",\"@id\":\"https:\/\/www.salzburgerland.com\/de\/hoch-die-alm\/#primaryimage\",\"url\":\"https:\/\/www.salzburgerland.com\/de\/wp-content\/uploads\/2016\/08\/kraft-stefan_wandern-jause__dsc5595.jpg\",\"contentUrl\":\"https:\/\/www.salzburgerland.com\/de\/wp-content\/uploads\/2016\/08\/kraft-stefan_wandern-jause__dsc5595.jpg\",\"width\":1920,\"height\":1280,\"caption\":\"\u00a9 GRUBER MICHAEL Auch Stefan Kraft st\u00e4rkt sich beim Wandern.\"},{\"@type\":\"WebSite\",\"@id\":\"https:\/\/www.salzburgerland.com\/de\/#website\",\"url\":\"https:\/\/www.salzburgerland.com\/de\/\",\"name\":\"SalzburgerLand.com\",\"description\":\"Ihr Urlaub in Salzburg, \u00d6sterreich\",\"publisher\":{\"@id\":\"https:\/\/www.salzburgerland.com\/de\/#organization\"},\"potentialAction\":[{\"@type\":\"SearchAction\",\"target\":{\"@type\":\"EntryPoint\",\"urlTemplate\":\"https:\/\/www.salzburgerland.com\/de\/?s={search_term_string}\"},\"query-input\":{\"@type\":\"PropertyValueSpecification\",\"valueRequired\":true,\"valueName\":\"search_term_string\"}}],\"inLanguage\":\"de\"},{\"@type\":\"Organization\",\"@id\":\"https:\/\/www.salzburgerland.com\/de\/#organization\",\"name\":\"SalzburgerLand Tourismus GmbH\",\"url\":\"https:\/\/www.salzburgerland.com\/de\/\",\"logo\":{\"@type\":\"ImageObject\",\"inLanguage\":\"de\",\"@id\":\"https:\/\/www.salzburgerland.com\/de\/#\/schema\/logo\/image\/\",\"url\":\"https:\/\/www.salzburgerland.com\/de\/wp-content\/uploads\/2017\/01\/salzburgerland-logo.jpg\",\"contentUrl\":\"https:\/\/www.salzburgerland.com\/de\/wp-content\/uploads\/2017\/01\/salzburgerland-logo.jpg\",\"width\":1920,\"height\":827,\"caption\":\"SalzburgerLand Tourismus GmbH\"},\"image\":{\"@id\":\"https:\/\/www.salzburgerland.com\/de\/#\/schema\/logo\/image\/\"},\"sameAs\":[\"https:\/\/www.facebook.com\/salzburgerland\/\",\"https:\/\/x.com\/Salzburgerland\",\"https:\/\/www.instagram.com\/salzburgerland\/\",\"http:\/\/dbpedia.org\/resource\/Salzburg_(state)\",\"http:\/\/wikidata.dbpedia.org\/resource\/Q43325\",\"http:\/\/open.salzburgerland.com\/de\/entity\/salzburgerland\",\"https:\/\/www.youtube.com\/user\/salzburgerland\"]}]}<\/script>\n<!-- \/ Yoast SEO Premium plugin. -->","yoast_head_json":{"title":"Hoch die Alm! \u00bb SalzburgerLand.com","robots":{"index":"index","follow":"follow","max-snippet":"max-snippet:-1","max-image-preview":"max-image-preview:large","max-video-preview":"max-video-preview:-1"},"canonical":"https:\/\/www.salzburgerland.com\/de\/wp-json\/wp\/v2\/entities\/670048","og_locale":"de_DE","og_type":"article","og_title":"Hoch die Alm!","og_description":"Ein Hoch auf das urt\u00fcmliche Leben auf der Alm. Ein Hoch auf dieses Platzerl, das dazu einl\u00e4dt, ganz bei uns selbst anzukommen. Ein Hoch auf das gesellige Miteinander und die Gastfreundschaft. Wandern. Entschleunigen. Genie\u00dfen. Daf\u00fcr leben wir!","og_url":"https:\/\/www.salzburgerland.com\/de\/wp-json\/wp\/v2\/entities\/670048","og_site_name":"SalzburgerLand.com","article_publisher":"https:\/\/www.facebook.com\/salzburgerland\/","article_modified_time":"2025-04-15T11:53:51+00:00","og_image":[{"width":1200,"height":675,"url":"https:\/\/www.salzburgerland.com\/de\/wp-content\/uploads\/2016\/08\/kraft-stefan_wandern-jause__dsc5595-1200x675.jpg","type":"image\/jpeg"}],"twitter_card":"summary_large_image","twitter_site":"@Salzburgerland","twitter_misc":{"Gesch\u00e4tzte Lesezeit":"8\u00a0Minuten"},"schema":{"@context":"https:\/\/schema.org","@graph":[{"@type":"WebPage","@id":"https:\/\/www.salzburgerland.com\/de\/hoch-die-alm\/","url":"https:\/\/www.salzburgerland.com\/de\/hoch-die-alm\/","name":"Hoch die Alm! \u00bb SalzburgerLand.com","isPartOf":{"@id":"https:\/\/www.salzburgerland.com\/de\/#website"},"primaryImageOfPage":{"@id":"https:\/\/www.salzburgerland.com\/de\/hoch-die-alm\/#primaryimage"},"image":{"@id":"https:\/\/www.salzburgerland.com\/de\/hoch-die-alm\/#primaryimage"},"thumbnailUrl":"https:\/\/www.salzburgerland.com\/de\/wp-content\/uploads\/2016\/08\/kraft-stefan_wandern-jause__dsc5595.jpg","datePublished":"2024-03-28T10:29:59+00:00","dateModified":"2025-04-15T11:53:51+00:00","description":"Ein Hoch auf das urt\u00fcmliche Leben auf der Alm. Ein Hoch auf dieses Platzerl, das dazu einl\u00e4dt, ganz bei uns selbst anzukommen. Ein Hoch auf das gesellige Miteinander und die Gastfreundschaft. Wandern. Entschleunigen. Genie\u00dfen. Daf\u00fcr leben wir!","inLanguage":"de","potentialAction":[{"@type":"ReadAction","target":["https:\/\/www.salzburgerland.com\/de\/hoch-die-alm\/"]}]},{"@type":"ImageObject","inLanguage":"de","@id":"https:\/\/www.salzburgerland.com\/de\/hoch-die-alm\/#primaryimage","url":"https:\/\/www.salzburgerland.com\/de\/wp-content\/uploads\/2016\/08\/kraft-stefan_wandern-jause__dsc5595.jpg","contentUrl":"https:\/\/www.salzburgerland.com\/de\/wp-content\/uploads\/2016\/08\/kraft-stefan_wandern-jause__dsc5595.jpg","width":1920,"height":1280,"caption":"\u00a9 GRUBER MICHAEL Auch Stefan Kraft st\u00e4rkt sich beim Wandern."},{"@type":"WebSite","@id":"https:\/\/www.salzburgerland.com\/de\/#website","url":"https:\/\/www.salzburgerland.com\/de\/","name":"SalzburgerLand.com","description":"Ihr Urlaub in Salzburg, \u00d6sterreich","publisher":{"@id":"https:\/\/www.salzburgerland.com\/de\/#organization"},"potentialAction":[{"@type":"SearchAction","target":{"@type":"EntryPoint","urlTemplate":"https:\/\/www.salzburgerland.com\/de\/?s={search_term_string}"},"query-input":{"@type":"PropertyValueSpecification","valueRequired":true,"valueName":"search_term_string"}}],"inLanguage":"de"},{"@type":"Organization","@id":"https:\/\/www.salzburgerland.com\/de\/#organization","name":"SalzburgerLand Tourismus GmbH","url":"https:\/\/www.salzburgerland.com\/de\/","logo":{"@type":"ImageObject","inLanguage":"de","@id":"https:\/\/www.salzburgerland.com\/de\/#\/schema\/logo\/image\/","url":"https:\/\/www.salzburgerland.com\/de\/wp-content\/uploads\/2017\/01\/salzburgerland-logo.jpg","contentUrl":"https:\/\/www.salzburgerland.com\/de\/wp-content\/uploads\/2017\/01\/salzburgerland-logo.jpg","width":1920,"height":827,"caption":"SalzburgerLand Tourismus GmbH"},"image":{"@id":"https:\/\/www.salzburgerland.com\/de\/#\/schema\/logo\/image\/"},"sameAs":["https:\/\/www.facebook.com\/salzburgerland\/","https:\/\/x.com\/Salzburgerland","https:\/\/www.instagram.com\/salzburgerland\/","http:\/\/dbpedia.org\/resource\/Salzburg_(state)","http:\/\/wikidata.dbpedia.org\/resource\/Q43325","http:\/\/open.salzburgerland.com\/de\/entity\/salzburgerland","https:\/\/www.youtube.com\/user\/salzburgerland"]}]}},"_wl_alt_label":[],"wl:entity_url":"http:\/\/open.salzburgerland.com\/de\/entity\/hoch-die-alm-670048","_links":{"self":[{"href":"https:\/\/www.salzburgerland.com\/de\/wp-json\/wp\/v2\/entities\/670048","targetHints":{"allow":["GET"]}}],"collection":[{"href":"https:\/\/www.salzburgerland.com\/de\/wp-json\/wp\/v2\/entities"}],"about":[{"href":"https:\/\/www.salzburgerland.com\/de\/wp-json\/wp\/v2\/types\/entity"}],"author":[{"embeddable":true,"href":"https:\/\/www.salzburgerland.com\/de\/wp-json\/wp\/v2\/users\/50"}],"replies":[{"embeddable":true,"href":"https:\/\/www.salzburgerland.com\/de\/wp-json\/wp\/v2\/comments?post=670048"}],"version-history":[{"count":16,"href":"https:\/\/www.salzburgerland.com\/de\/wp-json\/wp\/v2\/entities\/670048\/revisions"}],"predecessor-version":[{"id":677236,"href":"https:\/\/www.salzburgerland.com\/de\/wp-json\/wp\/v2\/entities\/670048\/revisions\/677236"}],"wp:featuredmedia":[{"embeddable":true,"href":"https:\/\/www.salzburgerland.com\/de\/wp-json\/wp\/v2\/media\/586548"}],"wp:attachment":[{"href":"https:\/\/www.salzburgerland.com\/de\/wp-json\/wp\/v2\/media?parent=670048"}],"wp:term":[{"taxonomy":"category","embeddable":true,"href":"https:\/\/www.salzburgerland.com\/de\/wp-json\/wp\/v2\/categories?post=670048"},{"taxonomy":"post_tag","embeddable":true,"href":"https:\/\/www.salzburgerland.com\/de\/wp-json\/wp\/v2\/tags?post=670048"},{"taxonomy":"wl_entity_type","embeddable":true,"href":"https:\/\/www.salzburgerland.com\/de\/wp-json\/wp\/v2\/wl_entity_type?post=670048"},{"taxonomy":"ski_resorts","embeddable":true,"href":"https:\/\/www.salzburgerland.com\/de\/wp-json\/wp\/v2\/ski_resorts?post=670048"}],"curies":[{"name":"wp","href":"https:\/\/api.w.org\/{rel}","templated":true}]}}