{"id":668051,"date":"2024-01-03T07:29:30","date_gmt":"2024-01-03T06:29:30","guid":{"rendered":"https:\/\/www.salzburgerland.com\/de\/?post_type=entity&#038;p=668051"},"modified":"2026-01-19T15:40:33","modified_gmt":"2026-01-19T14:40:33","slug":"salzkammergut-2","status":"publish","type":"entity","link":"https:\/\/www.salzburgerland.com\/de\/salzkammergut-2\/","title":{"rendered":"Salzkammergut"},"content":{"rendered":"<p><span>Das Salzkammergut vereint die Vorz\u00fcge des Sommers wie keine andere Region. Das Element Wasser l\u00e4sst sich an und in \u00fcber 67 Seen geniessen, w\u00e4hrend die traumhafte Bergwelt des Salzkammerguts zum Wandern einl\u00e4dt. Der Naturraum Salzkammergut l\u00e4sst sich auch bestens auf dem Fahrrad erkunden. Zahlreiche Gl\u00fcckspl\u00e4tze laden zum Entspannen und Erholen ein, romantische Schifffahrten und kulturelle Highlights in den Sommermonaten runden den Erlebnis-Sommer im Salzkammergut perfekt ab!<\/span><\/p>\n\n\t\t\t<div id=\"668051-1\" class=\"gallery gallery-668051 gallery-columns-3 gallery-size-1170_658\" itemscope itemtype=\"http:\/\/schema.org\/ImageGallery\">\n\t\t\t\t<ul class=\"gallery-row gallery-col-3 gallery-clear\">\n\t\t\t\t\t<li class=\"gallery-item col-3\" itemprop=\"associatedMedia\" itemscope itemtype=\"http:\/\/schema.org\/ImageObject\">\n\t\t\t\t\t\t<div class=\"gallery-icon landscape\"><a href=\"https:\/\/www.salzburgerland.com\/de\/wp-content\/uploads\/2023\/08\/mondseeseepromenadeherbst_salzburgerlandtourismuschristophoberschneider-1920x1067.jpg\" title=\"MondseeSeepromenadeHerbst_SalzburgerLandTourismusChristophOberschneider\"><img decoding=\"async\" data-title=\"SalzburgerLand Tourismus\/Christoph Oberschneider - Mondsee Seepromenade Herbst\" title=\"SalzburgerLand Tourismus\/Christoph Oberschneider - Mondsee Seepromenade Herbst\" data-caption=\"SalzburgerLand Tourismus\/Christoph Oberschneider - Mondsee Seepromenade Herbst\" width=\"1170\" height=\"658\" src=\"https:\/\/www.salzburgerland.com\/de\/wp-content\/uploads\/2023\/08\/mondseeseepromenadeherbst_salzburgerlandtourismuschristophoberschneider-1170x658.jpg\" class=\"attachment-1170_658 size-1170_658\" alt=\"Holzstege an einem ruhigen See mit herbstlichen B\u00e4umen und gr\u00fcnen H\u00fcgeln unter einem hellen, sonnigen Himmel. (vergr\u00f6\u00dferte Ansicht)\" srcset=\"https:\/\/www.salzburgerland.com\/de\/wp-content\/uploads\/2023\/08\/mondseeseepromenadeherbst_salzburgerlandtourismuschristophoberschneider-1170x658.jpg 1170w, https:\/\/www.salzburgerland.com\/de\/wp-content\/uploads\/2023\/08\/mondseeseepromenadeherbst_salzburgerlandtourismuschristophoberschneider-1200x675.jpg 1200w\" sizes=\"(max-width: 1170px) 100vw, 1170px\" aria-describedby=\"figcaption-668051-664944\" itemprop=\"thumbnail\"><\/a><\/div>\n\t\t\t\t\t\t<span id=\"figcaption-668051-664944\" class=\"gallery-caption\" itemprop=\"caption\"><span aria-hidden=\"true\">SalzburgerLand Tourismus\/Christoph Oberschneider \u2013 Mondsee Seepromenade Herbst<\/span><\/span>\n\t\t\t\t\t<\/li>\n\t\t\t\t\t<li class=\"gallery-item col-3\" itemprop=\"associatedMedia\" itemscope itemtype=\"http:\/\/schema.org\/ImageObject\">\n\t\t\t\t\t\t<div class=\"gallery-icon landscape\"><a href=\"https:\/\/www.salzburgerland.com\/de\/wp-content\/uploads\/2023\/08\/sunsetattersee009_salzkammerguttourismuskerschbaumerkatrin-1920x1067.jpg\" title=\"TVB Salzkammergut\"><img decoding=\"async\" data-title=\"Salzkammergut Tourismus\/Kerschbaumer Katrin, Katrin Kerschbaumer Photography, TVB Salzkammergut\" title=\"Salzkammergut Tourismus\/Kerschbaumer Katrin, Katrin Kerschbaumer Photography, TVB Salzkammergut\" data-caption=\"Salzkammergut Tourismus\/Kerschbaumer Katrin, Katrin Kerschbaumer Photography, TVB Salzkammergut\" width=\"1170\" height=\"658\" src=\"https:\/\/www.salzburgerland.com\/de\/wp-content\/uploads\/2023\/08\/sunsetattersee009_salzkammerguttourismuskerschbaumerkatrin-1170x658.jpg\" class=\"attachment-1170_658 size-1170_658\" alt=\"Ein Segelboot auf ruhigem Wasser bei Sonnenuntergang, mit einem H\u00fcgel und der Sonne im Hintergrund. (vergr\u00f6\u00dferte Ansicht)\" srcset=\"https:\/\/www.salzburgerland.com\/de\/wp-content\/uploads\/2023\/08\/sunsetattersee009_salzkammerguttourismuskerschbaumerkatrin-1170x658.jpg 1170w, https:\/\/www.salzburgerland.com\/de\/wp-content\/uploads\/2023\/08\/sunsetattersee009_salzkammerguttourismuskerschbaumerkatrin-1200x675.jpg 1200w\" sizes=\"(max-width: 1170px) 100vw, 1170px\" aria-describedby=\"figcaption-668051-664946\" itemprop=\"thumbnail\"><\/a><\/div>\n\t\t\t\t\t\t<span id=\"figcaption-668051-664946\" class=\"gallery-caption\" itemprop=\"caption\"><span aria-hidden=\"true\">Salzkammergut Tourismus\/Kerschbaumer Katrin, Katrin Kerschbaumer Photography, TVB Salzkammergut<\/span><\/span>\n\t\t\t\t\t<\/li>\n\t\t\t\t\t<li class=\"gallery-item col-3\" itemprop=\"associatedMedia\" itemscope itemtype=\"http:\/\/schema.org\/ImageObject\">\n\t\t\t\t\t\t<div class=\"gallery-icon landscape\"><a href=\"https:\/\/www.salzburgerland.com\/de\/wp-content\/uploads\/2023\/08\/sunsetattersee001_salzkammerguttourismuskerschbaumerkatrin-1920x1067.jpg\" title=\"TVB Salzkammergut\"><img decoding=\"async\" data-title=\"Salzkammergut Tourismus\/Kerschbaumer Katrin\" title=\"Salzkammergut Tourismus\/Kerschbaumer Katrin\" data-caption=\"Salzkammergut Tourismus\/Kerschbaumer Katrin\" width=\"1170\" height=\"658\" src=\"https:\/\/www.salzburgerland.com\/de\/wp-content\/uploads\/2023\/08\/sunsetattersee001_salzkammerguttourismuskerschbaumerkatrin-1170x658.jpg\" class=\"attachment-1170_658 size-1170_658\" alt=\"Zwei Personen stehen auf einem h\u00f6lzernen Steg an einem See bei Sonnenuntergang, w\u00e4hrend im Hintergrund andere schwimmen und Boot fahren. (vergr\u00f6\u00dferte Ansicht)\" srcset=\"https:\/\/www.salzburgerland.com\/de\/wp-content\/uploads\/2023\/08\/sunsetattersee001_salzkammerguttourismuskerschbaumerkatrin-1170x658.jpg 1170w, https:\/\/www.salzburgerland.com\/de\/wp-content\/uploads\/2023\/08\/sunsetattersee001_salzkammerguttourismuskerschbaumerkatrin-1200x675.jpg 1200w\" sizes=\"(max-width: 1170px) 100vw, 1170px\" aria-describedby=\"figcaption-668051-664945\" itemprop=\"thumbnail\"><\/a><\/div>\n\t\t\t\t\t\t<span id=\"figcaption-668051-664945\" class=\"gallery-caption\" itemprop=\"caption\"><span aria-hidden=\"true\">Salzkammergut Tourismus\/Kerschbaumer Katrin<\/span><\/span>\n\t\t\t\t\t<\/li>\n\t\t\t\t<\/ul>\n\t\t\t<\/div><!-- .gallery -->\n\n<h3>GENUSS UND KULINARIK<\/h3>\n<p>Essen im Salzkammergut ist ein Genuss. Hier kommt alles auf den Tisch, was die \u00f6sterreichische K\u00fcche zu bieten hat, und vielleicht noch ein bisschen mehr. Denn Herkunft, Saisonalit\u00e4t und regionale Produkte sind die Hauptakteure in den K\u00fcchen des Salzkammerguts. Ob im traditionellen Gasthaus, am hippen Foodtruck oder in der gehobenen Gastronomie \u2013 das Essen im Salzkammergut \u00fcberzeugt durch Bodenst\u00e4ndigkeit, Raffinesse und Frische. So schmecken die Aromen zwischen Bergen und Seen!<\/p>\n<div id=\"attachment_664947\" style=\"width: 1034px\" class=\"wp-caption alignleft\"><img decoding=\"async\" aria-describedby=\"caption-attachment-664947\" class=\"size-medium wp-image-664947\" src=\"https:\/\/www.salzburgerland.com\/de\/wp-content\/uploads\/2023\/08\/fischgerichtangerichtet_oberoesterreichtourismusbadischlkatrinkerschbaumer-1024x569.jpg\" alt=\"\" width=\"1024\" height=\"569\" srcset=\"https:\/\/www.salzburgerland.com\/de\/wp-content\/uploads\/2023\/08\/fischgerichtangerichtet_oberoesterreichtourismusbadischlkatrinkerschbaumer-1024x569.jpg 1024w, https:\/\/www.salzburgerland.com\/de\/wp-content\/uploads\/2023\/08\/fischgerichtangerichtet_oberoesterreichtourismusbadischlkatrinkerschbaumer-1920x1067.jpg 1920w, https:\/\/www.salzburgerland.com\/de\/wp-content\/uploads\/2023\/08\/fischgerichtangerichtet_oberoesterreichtourismusbadischlkatrinkerschbaumer-370x206.jpg 370w, https:\/\/www.salzburgerland.com\/de\/wp-content\/uploads\/2023\/08\/fischgerichtangerichtet_oberoesterreichtourismusbadischlkatrinkerschbaumer-270x150.jpg 270w, https:\/\/www.salzburgerland.com\/de\/wp-content\/uploads\/2023\/08\/fischgerichtangerichtet_oberoesterreichtourismusbadischlkatrinkerschbaumer-540x300.jpg 540w\" sizes=\"(max-width: 1024px) 100vw, 1024px\"><p id=\"caption-attachment-664947\" class=\"wp-caption-text\">Ober\u00f6sterreich Tourismus\/Bad Ischl\/Katrin Kerschbaumer<\/p><\/div>\n<h3>KULTUR UND TRADITIONEN<\/h3>\n<p>Reich an Tradition, Geschichte, Kultur und Brauchtum hat die perfekte Mischung aus Tradition und Moderne schon immer K\u00fcnstler aus aller Welt angezogen. Seit jeher hat das Salzkammergut Schriftsteller, Dichter, Musiker und Maler inspiriert und ihnen die n\u00f6tige Ruhe und Gelassenheit geboten, um ihre Werke zu schaffen. Kein Wunder also, dass viele ber\u00fchmte K\u00fcnstler hier ihre Heimat gefunden und einige ihrer bedeutendsten Werke geschaffen haben. Von Franz Leh\u00e1r \u00fcber Gustav Mahler und Gustav Klimt bis hin zu Klaus Maria Brandauer \u2013 sie alle haben in der anregenden Landschaft des Salzkammerguts Impulse f\u00fcr ihr k\u00fcnstlerisches Schaffen gefunden, und auch die ein oder anderen Spuren hinterlassen.<\/p>\n\n\t\t\t<div id=\"668051-2\" class=\"gallery gallery-668051 gallery-columns-3 gallery-size-1170_658\" itemscope itemtype=\"http:\/\/schema.org\/ImageGallery\">\n\t\t\t\t<ul class=\"gallery-row gallery-col-3 gallery-clear\">\n\t\t\t\t\t<li class=\"gallery-item col-3\" itemprop=\"associatedMedia\" itemscope itemtype=\"http:\/\/schema.org\/ImageObject\">\n\t\t\t\t\t\t<div class=\"gallery-icon landscape\"><a href=\"https:\/\/www.salzburgerland.com\/de\/wp-content\/uploads\/2023\/08\/gloeckleraltmuenstertraunsee002_salzkammergutkatrinkerschbaumer-1920x1067.jpg\" title=\"TVB Salzkammergut selected\"><img decoding=\"async\" data-title=\"Salzkammergut\/Katrin Kerschbaumer, Katrin Kerschbaumer Photography - Gl\u00f6ckler\" title=\"Salzkammergut\/Katrin Kerschbaumer, Katrin Kerschbaumer Photography - Gl\u00f6ckler\" data-caption=\"Salzkammergut\/Katrin Kerschbaumer, Katrin Kerschbaumer Photography - Gl\u00f6ckler\" width=\"1170\" height=\"658\" src=\"https:\/\/www.salzburgerland.com\/de\/wp-content\/uploads\/2023\/08\/gloeckleraltmuenstertraunsee002_salzkammergutkatrinkerschbaumer-1170x658.jpg\" class=\"attachment-1170_658 size-1170_658\" alt=\"M\u00e4nner in Wei\u00df tragen farbenfrohe, sternf\u00f6rmige Dekorationen ins Freie, mit verschneiten Bergen im Hintergrund. (vergr\u00f6\u00dferte Ansicht)\" srcset=\"https:\/\/www.salzburgerland.com\/de\/wp-content\/uploads\/2023\/08\/gloeckleraltmuenstertraunsee002_salzkammergutkatrinkerschbaumer-1170x658.jpg 1170w, https:\/\/www.salzburgerland.com\/de\/wp-content\/uploads\/2023\/08\/gloeckleraltmuenstertraunsee002_salzkammergutkatrinkerschbaumer-1200x675.jpg 1200w\" sizes=\"(max-width: 1170px) 100vw, 1170px\" aria-describedby=\"figcaption-668051-664949\" itemprop=\"thumbnail\"><\/a><\/div>\n\t\t\t\t\t\t<span id=\"figcaption-668051-664949\" class=\"gallery-caption\" itemprop=\"caption\"><span aria-hidden=\"true\">Salzkammergut\/Katrin Kerschbaumer, Katrin Kerschbaumer Photography \u2013 Gl\u00f6ckler<\/span><\/span>\n\t\t\t\t\t<\/li>\n\t\t\t\t\t<li class=\"gallery-item col-3\" itemprop=\"associatedMedia\" itemscope itemtype=\"http:\/\/schema.org\/ImageObject\">\n\t\t\t\t\t\t<div class=\"gallery-icon landscape\"><a href=\"https:\/\/www.salzburgerland.com\/de\/wp-content\/uploads\/2023\/08\/kaiserzug-2017-cwww-badischl-at-36-1920x1067.jpg\" title=\"Ankunft Kaiserzug am 15. August\"><img decoding=\"async\" data-title=\"www.badischl.at, Ankunft Kaiserzug am 15. August\" title=\"www.badischl.at, Ankunft Kaiserzug am 15. August\" data-caption=\"www.badischl.at, Ankunft Kaiserzug am 15. August\" width=\"1170\" height=\"658\" src=\"https:\/\/www.salzburgerland.com\/de\/wp-content\/uploads\/2023\/08\/kaiserzug-2017-cwww-badischl-at-36-1170x658.jpg\" class=\"attachment-1170_658 size-1170_658\" alt=\"Ein Mann in blauer Uniform salutiert von einer Zugt\u00fcr aus und wird von zwei Soldaten in Paradeuniform begr\u00fc\u00dft. (vergr\u00f6\u00dferte Ansicht)\" srcset=\"https:\/\/www.salzburgerland.com\/de\/wp-content\/uploads\/2023\/08\/kaiserzug-2017-cwww-badischl-at-36-1170x658.jpg 1170w, https:\/\/www.salzburgerland.com\/de\/wp-content\/uploads\/2023\/08\/kaiserzug-2017-cwww-badischl-at-36-1200x675.jpg 1200w\" sizes=\"(max-width: 1170px) 100vw, 1170px\" aria-describedby=\"figcaption-668051-664950\" itemprop=\"thumbnail\"><\/a><\/div>\n\t\t\t\t\t\t<span id=\"figcaption-668051-664950\" class=\"gallery-caption\" itemprop=\"caption\"><span aria-hidden=\"true\">www.badischl.at, Ankunft Kaiserzug am 15. August<\/span><\/span>\n\t\t\t\t\t<\/li>\n\t\t\t\t\t<li class=\"gallery-item col-3\" itemprop=\"associatedMedia\" itemscope itemtype=\"http:\/\/schema.org\/ImageObject\">\n\t\t\t\t\t\t<div class=\"gallery-icon landscape\"><a href=\"https:\/\/www.salzburgerland.com\/de\/wp-content\/uploads\/2023\/08\/brauchtumstanzbauernherbst_fuschlseeregionlienbacherwolfgang-1920x1067.jpg\" title=\"Foto Fuschlseeregion\/Lienbacher Wolfgang: Volkstanz beim Bauernherbst\"><img decoding=\"async\" data-title=\"Fuschlseeregion\/Lienbacher Wolfgang, Wolfgang Lienbacher -  Volkstanz beim Bauernherbst\" title=\"Fuschlseeregion\/Lienbacher Wolfgang, Wolfgang Lienbacher -  Volkstanz beim Bauernherbst\" data-caption=\"Fuschlseeregion\/Lienbacher Wolfgang, Wolfgang Lienbacher -  Volkstanz beim Bauernherbst\" width=\"1170\" height=\"658\" src=\"https:\/\/www.salzburgerland.com\/de\/wp-content\/uploads\/2023\/08\/brauchtumstanzbauernherbst_fuschlseeregionlienbacherwolfgang-1170x658.jpg\" class=\"attachment-1170_658 size-1170_658\" alt=\"Menschen in traditioneller \u00f6sterreichischer Kleidung tanzen fr\u00f6hlich im Freien unter einem gro\u00dfen, belaubten Baum. (vergr\u00f6\u00dferte Ansicht)\" srcset=\"https:\/\/www.salzburgerland.com\/de\/wp-content\/uploads\/2023\/08\/brauchtumstanzbauernherbst_fuschlseeregionlienbacherwolfgang-1170x658.jpg 1170w, https:\/\/www.salzburgerland.com\/de\/wp-content\/uploads\/2023\/08\/brauchtumstanzbauernherbst_fuschlseeregionlienbacherwolfgang-1200x675.jpg 1200w\" sizes=\"(max-width: 1170px) 100vw, 1170px\" aria-describedby=\"figcaption-668051-664951\" itemprop=\"thumbnail\"><\/a><\/div>\n\t\t\t\t\t\t<span id=\"figcaption-668051-664951\" class=\"gallery-caption\" itemprop=\"caption\"><span aria-hidden=\"true\">Fuschlseeregion\/Lienbacher Wolfgang, Wolfgang Lienbacher \u2013  Volkstanz beim Bauernherbst<\/span><\/span>\n\t\t\t\t\t<\/li>\n\t\t\t\t<\/ul>\n\t\t\t<\/div><!-- .gallery -->\n\n<h3>WIE DAS SALZKAMMERGUT VERBINDET<\/h3>\n<p>Im Salzkammergut, wo die Bundesl\u00e4nder Ober\u00f6sterreich, Salzburg und die Steiermark in nat\u00fcrlicher Harmonie verschmelzen, wird das Verbindende \u00fcber das Trennende gestellt. Eine Weltoffenheit, die 2024 in der erstmaligen Ernennung einer alpinen Region mit 23 Gemeinden als <a href=\"https:\/\/www.salzkammergut-2024.at\/\" target=\"_blank\" rel=\"noopener\">KULTUR-HAUPT-STADT<\/a> gipfelt. 2024 \u00f6ffnet sich f\u00fcr die gesamte Region ein neues Kapitel. Gleichzeitig stellen auch die Tourismusorganisationen Ober\u00f6sterreichs, des SalzburgerLandes und der Steiermark das Gemeinsame in den Vordergrund und schlie\u00dfen sich 2023 und 2024 unter dem Namen \u201eSalzkammergut verbindet\u201c zusammen. Im Zentrum dieser Kooperation stehen die Themen Kunst &amp; Kultur, Sommerfrische &amp; Aktivit\u00e4ten sowie Genuss &amp; Kulinarik.<\/p>\n<h3>WINTER IM SALZKAMMERGUT<\/h3>\n<p>Das Salzkammergut ist auch im Winter einen Besuch wert. Berge und Seen verwandeln sich in einen Traum aus Wei\u00df. Von den bizarren Kalkmassiven Dachstein, Totes Gebirge, Sengsen- und H\u00f6llengebirge bis zu den idyllischen Salzkammergutseen dominieren jetzt glitzerndes Wei\u00df und gl\u00e4nzendes Eis das Landschaftsbild. Skifahren, Langlaufen, Fahrten mit dem Pferdeschlitten, Eislaufen, Rodeln und Skitouren \u2013 die Auswahl an M\u00f6glichkeiten kann sich sehen lassen. Neben den sportlichen Freuden erfreuen sich die G\u00e4ste auch an erholsamen Wohlf\u00fchloasen, traditionellen Adventm\u00e4rkten und an wundersch\u00f6nen Brauchtumsveranstaltungen.<\/p>\n<img decoding=\"async\" class=\"alignleft size-medium wp-image-666812\" src=\"https:\/\/www.salzburgerland.com\/de\/wp-content\/uploads\/2016\/08\/salzkammergutwolfgangseeschwimmenbergewinternebelsonne_oberoesterreichtourismusgmbhdavidlugmayr-1024x569.jpg\" alt=\"\" width=\"1024\" height=\"569\" srcset=\"https:\/\/www.salzburgerland.com\/de\/wp-content\/uploads\/2016\/08\/salzkammergutwolfgangseeschwimmenbergewinternebelsonne_oberoesterreichtourismusgmbhdavidlugmayr-1024x569.jpg 1024w, https:\/\/www.salzburgerland.com\/de\/wp-content\/uploads\/2016\/08\/salzkammergutwolfgangseeschwimmenbergewinternebelsonne_oberoesterreichtourismusgmbhdavidlugmayr-370x206.jpg 370w, https:\/\/www.salzburgerland.com\/de\/wp-content\/uploads\/2016\/08\/salzkammergutwolfgangseeschwimmenbergewinternebelsonne_oberoesterreichtourismusgmbhdavidlugmayr-270x150.jpg 270w, https:\/\/www.salzburgerland.com\/de\/wp-content\/uploads\/2016\/08\/salzkammergutwolfgangseeschwimmenbergewinternebelsonne_oberoesterreichtourismusgmbhdavidlugmayr-540x300.jpg 540w\" sizes=\"(max-width: 1024px) 100vw, 1024px\">\n<p>\u00a0<\/p>\n","protected":false},"excerpt":{"rendered":"<p>Das Salzkammergut vereint die Vorz\u00fcge des Sommers wie keine andere Region. Das Element Wasser l\u00e4sst sich an und in \u00fcber 67 Seen geniessen, w\u00e4hrend die traumhafte Bergwelt des Salzkammerguts zum Wandern einl\u00e4dt. Der Naturraum Salzkammergut l\u00e4sst sich auch bestens auf dem Fahrrad erkunden. Zahlreiche Gl\u00fcckspl\u00e4tze laden zum Entspannen und Erholen ein, romantische Schifffahrten und kulturelle [&hellip;]<\/p>\n","protected":false},"author":17,"featured_media":664942,"comment_status":"closed","ping_status":"closed","template":"","meta":{"_acf_changed":false,"wl_entities_gutenberg":"","_relevanssi_hide_post":"","_relevanssi_hide_content":"","_relevanssi_pin_for_all":"","_relevanssi_pin_keywords":"","_relevanssi_unpin_keywords":"","_relevanssi_related_keywords":"","_relevanssi_related_include_ids":"","_relevanssi_related_exclude_ids":"","_relevanssi_related_no_append":"","_relevanssi_related_not_related":"","_relevanssi_related_posts":"","_relevanssi_noindex_reason":"","footnotes":""},"categories":[],"tags":[13498],"wl_entity_type":[5,2],"ski_resorts":[],"class_list":["post-668051","entity","type-entity","status-publish","has-post-thumbnail","hentry","tag-salzkammergut","wl_entity_type-organization","wl_entity_type-thing","sitetype-region"],"acf":[],"yoast_head":"<!-- This site is optimized with the Yoast SEO Premium plugin v26.9 (Yoast SEO v26.9) - https:\/\/yoast.com\/product\/yoast-seo-premium-wordpress\/ -->\n<title>Salzkammergut \u00bb SalzburgerLand.com<\/title>\n<meta name=\"description\" content=\"Jede der acht Regionen des Salzkammerguts ist eine Welt f\u00fcr sich.\" \/>\n<meta name=\"robots\" content=\"index, follow, max-snippet:-1, max-image-preview:large, max-video-preview:-1\" \/>\n<link rel=\"canonical\" href=\"https:\/\/www.salzburgerland.com\/de\/wp-json\/wp\/v2\/entities\/668051\" \/>\n<meta property=\"og:locale\" content=\"de_DE\" \/>\n<meta property=\"og:type\" content=\"article\" \/>\n<meta property=\"og:title\" content=\"Salzkammergut\" \/>\n<meta property=\"og:url\" content=\"https:\/\/www.salzburgerland.com\/de\/wp-json\/wp\/v2\/entities\/668051\" \/>\n<meta property=\"og:site_name\" content=\"SalzburgerLand.com\" \/>\n<meta property=\"article:publisher\" content=\"https:\/\/www.facebook.com\/salzburgerland\/\" \/>\n<meta property=\"article:modified_time\" content=\"2026-01-19T14:40:33+00:00\" \/>\n<meta property=\"og:image\" content=\"https:\/\/www.salzburgerland.com\/de\/wp-content\/uploads\/2023\/08\/winterwandern019_salzkammerguttourismuskarlsteinegger-1200x675.jpg\" \/>\n\t<meta property=\"og:image:width\" content=\"1200\" \/>\n\t<meta property=\"og:image:height\" content=\"675\" \/>\n\t<meta property=\"og:image:type\" content=\"image\/jpeg\" \/>\n<meta name=\"twitter:card\" content=\"summary_large_image\" \/>\n<meta name=\"twitter:site\" content=\"@Salzburgerland\" \/>\n<meta name=\"twitter:label1\" content=\"Gesch\u00e4tzte Lesezeit\" \/>\n\t<meta name=\"twitter:data1\" content=\"4\u00a0Minuten\" \/>\n<script type=\"application\/ld+json\" class=\"yoast-schema-graph\">{\"@context\":\"https:\/\/schema.org\",\"@graph\":[{\"@type\":\"WebPage\",\"@id\":\"https:\/\/www.salzburgerland.com\/de\/salzkammergut-2\/\",\"url\":\"https:\/\/www.salzburgerland.com\/de\/salzkammergut-2\/\",\"name\":\"Salzkammergut \u00bb SalzburgerLand.com\",\"isPartOf\":{\"@id\":\"https:\/\/www.salzburgerland.com\/de\/#website\"},\"primaryImageOfPage\":{\"@id\":\"https:\/\/www.salzburgerland.com\/de\/salzkammergut-2\/#primaryimage\"},\"image\":{\"@id\":\"https:\/\/www.salzburgerland.com\/de\/salzkammergut-2\/#primaryimage\"},\"thumbnailUrl\":\"https:\/\/www.salzburgerland.com\/de\/wp-content\/uploads\/2023\/08\/winterwandern019_salzkammerguttourismuskarlsteinegger.jpg\",\"datePublished\":\"2024-01-03T06:29:30+00:00\",\"dateModified\":\"2026-01-19T14:40:33+00:00\",\"inLanguage\":\"de\",\"potentialAction\":[{\"@type\":\"ReadAction\",\"target\":[\"https:\/\/www.salzburgerland.com\/de\/salzkammergut-2\/\"]}]},{\"@type\":\"ImageObject\",\"inLanguage\":\"de\",\"@id\":\"https:\/\/www.salzburgerland.com\/de\/salzkammergut-2\/#primaryimage\",\"url\":\"https:\/\/www.salzburgerland.com\/de\/wp-content\/uploads\/2023\/08\/winterwandern019_salzkammerguttourismuskarlsteinegger.jpg\",\"contentUrl\":\"https:\/\/www.salzburgerland.com\/de\/wp-content\/uploads\/2023\/08\/winterwandern019_salzkammerguttourismuskarlsteinegger.jpg\",\"width\":1920,\"height\":1280,\"caption\":\"Salzkammergut Tourismus\/Karl Steinegger, KARL STEINEGGER, Foto Salzkammergut Tourismus\/Karl Steinegger: Winter Fun im Salzkammergut\"},{\"@type\":\"WebSite\",\"@id\":\"https:\/\/www.salzburgerland.com\/de\/#website\",\"url\":\"https:\/\/www.salzburgerland.com\/de\/\",\"name\":\"SalzburgerLand.com\",\"description\":\"Ihr Urlaub in Salzburg, \u00d6sterreich\",\"publisher\":{\"@id\":\"https:\/\/www.salzburgerland.com\/de\/#organization\"},\"potentialAction\":[{\"@type\":\"SearchAction\",\"target\":{\"@type\":\"EntryPoint\",\"urlTemplate\":\"https:\/\/www.salzburgerland.com\/de\/?s={search_term_string}\"},\"query-input\":{\"@type\":\"PropertyValueSpecification\",\"valueRequired\":true,\"valueName\":\"search_term_string\"}}],\"inLanguage\":\"de\"},{\"@type\":\"Organization\",\"@id\":\"https:\/\/www.salzburgerland.com\/de\/#organization\",\"name\":\"SalzburgerLand Tourismus GmbH\",\"url\":\"https:\/\/www.salzburgerland.com\/de\/\",\"logo\":{\"@type\":\"ImageObject\",\"inLanguage\":\"de\",\"@id\":\"https:\/\/www.salzburgerland.com\/de\/#\/schema\/logo\/image\/\",\"url\":\"https:\/\/www.salzburgerland.com\/de\/wp-content\/uploads\/2017\/01\/salzburgerland-logo.jpg\",\"contentUrl\":\"https:\/\/www.salzburgerland.com\/de\/wp-content\/uploads\/2017\/01\/salzburgerland-logo.jpg\",\"width\":1920,\"height\":827,\"caption\":\"SalzburgerLand Tourismus GmbH\"},\"image\":{\"@id\":\"https:\/\/www.salzburgerland.com\/de\/#\/schema\/logo\/image\/\"},\"sameAs\":[\"https:\/\/www.facebook.com\/salzburgerland\/\",\"https:\/\/x.com\/Salzburgerland\",\"https:\/\/www.instagram.com\/salzburgerland\/\",\"http:\/\/dbpedia.org\/resource\/Salzburg_(state)\",\"http:\/\/wikidata.dbpedia.org\/resource\/Q43325\",\"http:\/\/open.salzburgerland.com\/de\/entity\/salzburgerland\",\"https:\/\/www.youtube.com\/user\/salzburgerland\"]}]}<\/script>\n<!-- \/ Yoast SEO Premium plugin. -->","yoast_head_json":{"title":"Salzkammergut \u00bb SalzburgerLand.com","description":"Jede der acht Regionen des Salzkammerguts ist eine Welt f\u00fcr sich.","robots":{"index":"index","follow":"follow","max-snippet":"max-snippet:-1","max-image-preview":"max-image-preview:large","max-video-preview":"max-video-preview:-1"},"canonical":"https:\/\/www.salzburgerland.com\/de\/wp-json\/wp\/v2\/entities\/668051","og_locale":"de_DE","og_type":"article","og_title":"Salzkammergut","og_url":"https:\/\/www.salzburgerland.com\/de\/wp-json\/wp\/v2\/entities\/668051","og_site_name":"SalzburgerLand.com","article_publisher":"https:\/\/www.facebook.com\/salzburgerland\/","article_modified_time":"2026-01-19T14:40:33+00:00","og_image":[{"width":1200,"height":675,"url":"https:\/\/www.salzburgerland.com\/de\/wp-content\/uploads\/2023\/08\/winterwandern019_salzkammerguttourismuskarlsteinegger-1200x675.jpg","type":"image\/jpeg"}],"twitter_card":"summary_large_image","twitter_site":"@Salzburgerland","twitter_misc":{"Gesch\u00e4tzte Lesezeit":"4\u00a0Minuten"},"schema":{"@context":"https:\/\/schema.org","@graph":[{"@type":"WebPage","@id":"https:\/\/www.salzburgerland.com\/de\/salzkammergut-2\/","url":"https:\/\/www.salzburgerland.com\/de\/salzkammergut-2\/","name":"Salzkammergut \u00bb SalzburgerLand.com","isPartOf":{"@id":"https:\/\/www.salzburgerland.com\/de\/#website"},"primaryImageOfPage":{"@id":"https:\/\/www.salzburgerland.com\/de\/salzkammergut-2\/#primaryimage"},"image":{"@id":"https:\/\/www.salzburgerland.com\/de\/salzkammergut-2\/#primaryimage"},"thumbnailUrl":"https:\/\/www.salzburgerland.com\/de\/wp-content\/uploads\/2023\/08\/winterwandern019_salzkammerguttourismuskarlsteinegger.jpg","datePublished":"2024-01-03T06:29:30+00:00","dateModified":"2026-01-19T14:40:33+00:00","inLanguage":"de","potentialAction":[{"@type":"ReadAction","target":["https:\/\/www.salzburgerland.com\/de\/salzkammergut-2\/"]}]},{"@type":"ImageObject","inLanguage":"de","@id":"https:\/\/www.salzburgerland.com\/de\/salzkammergut-2\/#primaryimage","url":"https:\/\/www.salzburgerland.com\/de\/wp-content\/uploads\/2023\/08\/winterwandern019_salzkammerguttourismuskarlsteinegger.jpg","contentUrl":"https:\/\/www.salzburgerland.com\/de\/wp-content\/uploads\/2023\/08\/winterwandern019_salzkammerguttourismuskarlsteinegger.jpg","width":1920,"height":1280,"caption":"Salzkammergut Tourismus\/Karl Steinegger, KARL STEINEGGER, Foto Salzkammergut Tourismus\/Karl Steinegger: Winter Fun im Salzkammergut"},{"@type":"WebSite","@id":"https:\/\/www.salzburgerland.com\/de\/#website","url":"https:\/\/www.salzburgerland.com\/de\/","name":"SalzburgerLand.com","description":"Ihr Urlaub in Salzburg, \u00d6sterreich","publisher":{"@id":"https:\/\/www.salzburgerland.com\/de\/#organization"},"potentialAction":[{"@type":"SearchAction","target":{"@type":"EntryPoint","urlTemplate":"https:\/\/www.salzburgerland.com\/de\/?s={search_term_string}"},"query-input":{"@type":"PropertyValueSpecification","valueRequired":true,"valueName":"search_term_string"}}],"inLanguage":"de"},{"@type":"Organization","@id":"https:\/\/www.salzburgerland.com\/de\/#organization","name":"SalzburgerLand Tourismus GmbH","url":"https:\/\/www.salzburgerland.com\/de\/","logo":{"@type":"ImageObject","inLanguage":"de","@id":"https:\/\/www.salzburgerland.com\/de\/#\/schema\/logo\/image\/","url":"https:\/\/www.salzburgerland.com\/de\/wp-content\/uploads\/2017\/01\/salzburgerland-logo.jpg","contentUrl":"https:\/\/www.salzburgerland.com\/de\/wp-content\/uploads\/2017\/01\/salzburgerland-logo.jpg","width":1920,"height":827,"caption":"SalzburgerLand Tourismus GmbH"},"image":{"@id":"https:\/\/www.salzburgerland.com\/de\/#\/schema\/logo\/image\/"},"sameAs":["https:\/\/www.facebook.com\/salzburgerland\/","https:\/\/x.com\/Salzburgerland","https:\/\/www.instagram.com\/salzburgerland\/","http:\/\/dbpedia.org\/resource\/Salzburg_(state)","http:\/\/wikidata.dbpedia.org\/resource\/Q43325","http:\/\/open.salzburgerland.com\/de\/entity\/salzburgerland","https:\/\/www.youtube.com\/user\/salzburgerland"]}]}},"_wl_alt_label":[],"wl:entity_url":"http:\/\/open.salzburgerland.com\/de\/entity\/salzkammergut-668051","_links":{"self":[{"href":"https:\/\/www.salzburgerland.com\/de\/wp-json\/wp\/v2\/entities\/668051","targetHints":{"allow":["GET"]}}],"collection":[{"href":"https:\/\/www.salzburgerland.com\/de\/wp-json\/wp\/v2\/entities"}],"about":[{"href":"https:\/\/www.salzburgerland.com\/de\/wp-json\/wp\/v2\/types\/entity"}],"author":[{"embeddable":true,"href":"https:\/\/www.salzburgerland.com\/de\/wp-json\/wp\/v2\/users\/17"}],"replies":[{"embeddable":true,"href":"https:\/\/www.salzburgerland.com\/de\/wp-json\/wp\/v2\/comments?post=668051"}],"version-history":[{"count":5,"href":"https:\/\/www.salzburgerland.com\/de\/wp-json\/wp\/v2\/entities\/668051\/revisions"}],"predecessor-version":[{"id":668060,"href":"https:\/\/www.salzburgerland.com\/de\/wp-json\/wp\/v2\/entities\/668051\/revisions\/668060"}],"wp:featuredmedia":[{"embeddable":true,"href":"https:\/\/www.salzburgerland.com\/de\/wp-json\/wp\/v2\/media\/664942"}],"wp:attachment":[{"href":"https:\/\/www.salzburgerland.com\/de\/wp-json\/wp\/v2\/media?parent=668051"}],"wp:term":[{"taxonomy":"category","embeddable":true,"href":"https:\/\/www.salzburgerland.com\/de\/wp-json\/wp\/v2\/categories?post=668051"},{"taxonomy":"post_tag","embeddable":true,"href":"https:\/\/www.salzburgerland.com\/de\/wp-json\/wp\/v2\/tags?post=668051"},{"taxonomy":"wl_entity_type","embeddable":true,"href":"https:\/\/www.salzburgerland.com\/de\/wp-json\/wp\/v2\/wl_entity_type?post=668051"},{"taxonomy":"ski_resorts","embeddable":true,"href":"https:\/\/www.salzburgerland.com\/de\/wp-json\/wp\/v2\/ski_resorts?post=668051"}],"curies":[{"name":"wp","href":"https:\/\/api.w.org\/{rel}","templated":true}]}}