{"id":656232,"date":"2022-10-03T22:36:25","date_gmt":"2022-10-03T20:36:25","guid":{"rendered":"https:\/\/www.salzburgerland.com\/de\/?post_type=entity&#038;p=656232"},"modified":"2025-01-23T12:37:51","modified_gmt":"2025-01-23T11:37:51","slug":"generation-winter","status":"publish","type":"entity","link":"https:\/\/www.salzburgerland.com\/de\/generation-winter\/","title":{"rendered":"Generation Winter"},"content":{"rendered":"<p>Die Leidenschaft f\u00fcr den Schnee haben die Jugendlichen von heute in die Wiege gelegt bekommen. Was sie daraus machen, liegt ganz in ihren H\u00e4nden. Sie tragen ein Erbe weiter, das kostbarer und fragiler ist als je zuvor: Und sie machen das gut! Sie sind die neue Generation Winter. Ihre Leistungen sind bewundernswert und ihr Tun zu verfolgen, verhei\u00dft Gl\u00fcck. Die Liebe zum Winter und zum Wintersport wird von ihnen weitergetragen.<\/p>\n<p>Wie wunderbar f\u00fchlt es sich an, die besonderen Momente im Leben mit anderen zu teilen: Die Powderabfahrt mit Freunden, die H\u00fctteneinkehr zur blauen Stunde und das Abendessen am Kamin. Den gemeinsamen Besuch einer Weltcup-Veranstaltung, die Rodelpartie mit den Kindern und das romantische Wochenende zu zweit. Im SalzburgerLand sind die Menschen, egal welchen Alters, wahrhaft \u201ewinterverliebt\u201c. Und das nicht erst seit kurzem: Seit Jahrzehnten geht man hier der Leidenschaft zum Skifahren, zum Langlaufen und Eisstockschie\u00dfen nach. Diese Leidenschaft wird weitergetragen und setzt sich fort: Von einer Generation zur n\u00e4chsten. Von heute auf morgen.<\/p>\n<p>Die winterlichen Berge \u00fcbten immer schon eine besondere Faszination aus: 1894 wurde der Hohe Sonnblick erstmals mit Ski erobert. 1923 \u00f6ffnete im SalzburgerLand die erste Skischule ihre Pforten \u2013 1958 fand in Bad Gastein die Alpine Ski-WM mit der allerersten Live-TV-\u00dcbertragung eines Sportevents statt, 1991 folgte die Weltmeisterschaft in Saalbach. Nun finden erneut die FIS Alpine Ski Weltmeisterschaften Saalbach 2025\u00a0der Herren hier im SalzburgerLand statt. Ein winterliches Gro\u00dfereignis, das schon die Kleinsten begeistert und bei einer ganzen Generation die Leidenschaft f\u00fcr den Wintersport aufs Neue entfachen wird: Mitrei\u00dfend, fulminant, aufregend!<\/p>\n<p>Das SalzburgerLand hat Generationen von herausragenden Wintersportlerinnen und Wintersportler hervorgebracht. Sie waren und sind Inspiration, Ansporn und Vorbild f\u00fcr alle jene, die ihnen folgen: F\u00fcr die ganz Kleinen, die ihre ersten B\u00f6gen am Kinderhang absolvieren, f\u00fcr den ehrgeizigen Nachwuchs in den zahlreichen Skiclubs und f\u00fcr die Kinder und Jugendlichen, die die Winterferien mit ihren Eltern in den Bergen verbringen. Jeder Skikurs und jedes Abschlussrennen sind ein Beitrag f\u00fcr die neue Generation Winter. Alles, was wir vorleben, wird in Zukunft Bestand haben: So auch die Liebe zum Wintersport.<\/p>\n<p>Es ist eine gro\u00dfe Liebesgeschichte, die nicht nur die Menschen mit dem Winter, sondern diese auch miteinander verbindet: Gestern, heute, morgen \u2013 es ist dieses Kontinuum, das Wir-Gef\u00fchl der Generation Winter st\u00e4rkt. Und das Einheimische und G\u00e4ste verbindet. In den Skischulen werden Freundschaften f\u00fcrs Leben geschlossen. Oft werden Gastgeber zu einer zweiten Familie. Die Liebe zum Winter in den Bergen ist gro\u00df und best\u00e4ndig: Sie \u00fcberdauert die Zeit. So wird sie in eine tragf\u00e4hige und stabile Zukunft getragen. Denn die Generation Winter teilt eine Passion, die keine Unterschiede macht und dabei alle Grenzen \u00fcberwindet. Und das ist genau die Art von Zukunft, die wir uns w\u00fcnschen.<\/p>\n<div id=\"attachment_665864\" style=\"width: 1180px\" class=\"wp-caption alignnone\"><img decoding=\"async\" aria-describedby=\"caption-attachment-665864\" class=\"size-1170_658 wp-image-665864\" src=\"https:\/\/www.salzburgerland.com\/de\/wp-content\/uploads\/2023\/10\/dsc08228-1170x658.jpg\" alt=\"Marcel Hirscher gibt Fist Bump zur Begr\u00fc\u00dfung (c) SalzburgerLand Tourismus\" width=\"1170\" height=\"658\" srcset=\"https:\/\/www.salzburgerland.com\/de\/wp-content\/uploads\/2023\/10\/dsc08228-1170x658.jpg 1170w, https:\/\/www.salzburgerland.com\/de\/wp-content\/uploads\/2023\/10\/dsc08228-1200x675.jpg 1200w\" sizes=\"(max-width: 1170px) 100vw, 1170px\"><p id=\"caption-attachment-665864\" class=\"wp-caption-text\">Marcel Hirscher gibt Fist Bump zur Begr\u00fc\u00dfung (c) SalzburgerLand Tourismus<\/p><\/div>\n","protected":false},"excerpt":{"rendered":"<p>Die Leidenschaft f\u00fcr den Schnee haben die Jugendlichen von heute in die Wiege gelegt bekommen. Was sie daraus machen, liegt ganz in ihren H\u00e4nden. Sie tragen ein Erbe weiter, das kostbarer und fragiler ist als je zuvor: Und sie machen das gut! Sie sind die neue Generation Winter. Ihre Leistungen sind bewundernswert und ihr Tun [&hellip;]<\/p>\n","protected":false},"author":50,"featured_media":666080,"comment_status":"closed","ping_status":"closed","template":"","meta":{"_acf_changed":false,"wl_entities_gutenberg":"","_relevanssi_hide_post":"","_relevanssi_hide_content":"","_relevanssi_pin_for_all":"","_relevanssi_pin_keywords":"","_relevanssi_unpin_keywords":"","_relevanssi_related_keywords":"","_relevanssi_related_include_ids":"","_relevanssi_related_exclude_ids":"","_relevanssi_related_no_append":"","_relevanssi_related_not_related":"","_relevanssi_related_posts":"","_relevanssi_noindex_reason":"","footnotes":""},"categories":[],"tags":[],"wl_entity_type":[2],"ski_resorts":[],"class_list":["post-656232","entity","type-entity","status-publish","has-post-thumbnail","hentry","wl_entity_type-thing","sitetype-theme"],"acf":[],"yoast_head":"<!-- This site is optimized with the Yoast SEO Premium plugin v26.9 (Yoast SEO v26.9) - https:\/\/yoast.com\/product\/yoast-seo-premium-wordpress\/ -->\n<title>Generation Winter \u00bb SalzburgerLand.com<\/title>\n<meta name=\"robots\" content=\"index, follow, max-snippet:-1, max-image-preview:large, max-video-preview:-1\" \/>\n<link rel=\"canonical\" href=\"https:\/\/www.salzburgerland.com\/de\/wp-json\/wp\/v2\/entities\/656232\" \/>\n<meta property=\"og:locale\" content=\"de_DE\" \/>\n<meta property=\"og:type\" content=\"article\" \/>\n<meta property=\"og:title\" content=\"Generation Winter\" \/>\n<meta property=\"og:description\" content=\"Legenden werden im Winter geboren. Beim Skifahren, im Stangenwald, beim Abfahrtstraining, im Slalomparcours. Die Bedingungen sind weltmeisterlich, die Vorbilder ebenso. Jeden Nachmittag zieht es uns auf die Piste, jeden einzelnen Ferientag. Voll motiviert und mit gr\u00f6\u00dfter Begeisterung. Wir sind die Generation Winter.\" \/>\n<meta property=\"og:url\" content=\"https:\/\/www.salzburgerland.com\/de\/wp-json\/wp\/v2\/entities\/656232\" \/>\n<meta property=\"og:site_name\" content=\"SalzburgerLand.com\" \/>\n<meta property=\"article:publisher\" content=\"https:\/\/www.facebook.com\/salzburgerland\/\" \/>\n<meta property=\"article:modified_time\" content=\"2025-01-23T11:37:51+00:00\" \/>\n<meta property=\"og:image\" content=\"https:\/\/www.salzburgerland.com\/de\/wp-content\/uploads\/2022\/10\/dsc08707_markedh-2_landesplakat_bearb-1-e1696800546573-1200x675.jpg\" \/>\n\t<meta property=\"og:image:width\" content=\"1200\" \/>\n\t<meta property=\"og:image:height\" content=\"675\" \/>\n\t<meta property=\"og:image:type\" content=\"image\/jpeg\" \/>\n<meta name=\"twitter:card\" content=\"summary_large_image\" \/>\n<meta name=\"twitter:site\" content=\"@Salzburgerland\" \/>\n<meta name=\"twitter:label1\" content=\"Gesch\u00e4tzte Lesezeit\" \/>\n\t<meta name=\"twitter:data1\" content=\"4\u00a0Minuten\" \/>\n<script type=\"application\/ld+json\" class=\"yoast-schema-graph\">{\"@context\":\"https:\/\/schema.org\",\"@graph\":[{\"@type\":\"WebPage\",\"@id\":\"https:\/\/www.salzburgerland.com\/de\/generation-winter\/\",\"url\":\"https:\/\/www.salzburgerland.com\/de\/generation-winter\/\",\"name\":\"Generation Winter \u00bb SalzburgerLand.com\",\"isPartOf\":{\"@id\":\"https:\/\/www.salzburgerland.com\/de\/#website\"},\"primaryImageOfPage\":{\"@id\":\"https:\/\/www.salzburgerland.com\/de\/generation-winter\/#primaryimage\"},\"image\":{\"@id\":\"https:\/\/www.salzburgerland.com\/de\/generation-winter\/#primaryimage\"},\"thumbnailUrl\":\"https:\/\/www.salzburgerland.com\/de\/wp-content\/uploads\/2022\/10\/dsc08707_markedh-2_landesplakat_bearb-1-e1696800546573.jpg\",\"datePublished\":\"2022-10-03T20:36:25+00:00\",\"dateModified\":\"2025-01-23T11:37:51+00:00\",\"description\":\"Legenden werden im Winter geboren. Beim Skifahren, im Stangenwald, beim Abfahrtstraining, im Slalomparcours. Die Bedingungen sind weltmeisterlich, die Vorbilder ebenso. Jeden Nachmittag zieht es uns auf die Piste, jeden einzelnen Ferientag. Voll motiviert und mit gr\u00f6\u00dfter Begeisterung. Wir sind die Generation Winter.\",\"inLanguage\":\"de\",\"potentialAction\":[{\"@type\":\"ReadAction\",\"target\":[\"https:\/\/www.salzburgerland.com\/de\/generation-winter\/\"]}]},{\"@type\":\"ImageObject\",\"inLanguage\":\"de\",\"@id\":\"https:\/\/www.salzburgerland.com\/de\/generation-winter\/#primaryimage\",\"url\":\"https:\/\/www.salzburgerland.com\/de\/wp-content\/uploads\/2022\/10\/dsc08707_markedh-2_landesplakat_bearb-1-e1696800546573.jpg\",\"contentUrl\":\"https:\/\/www.salzburgerland.com\/de\/wp-content\/uploads\/2022\/10\/dsc08707_markedh-2_landesplakat_bearb-1-e1696800546573.jpg\",\"width\":1920,\"height\":1081,\"caption\":\"Marcel Hirscher mit Trainingsgruppe auf der Piste (c) SalzburgerLand\"},{\"@type\":\"WebSite\",\"@id\":\"https:\/\/www.salzburgerland.com\/de\/#website\",\"url\":\"https:\/\/www.salzburgerland.com\/de\/\",\"name\":\"SalzburgerLand.com\",\"description\":\"Ihr Urlaub in Salzburg, \u00d6sterreich\",\"publisher\":{\"@id\":\"https:\/\/www.salzburgerland.com\/de\/#organization\"},\"potentialAction\":[{\"@type\":\"SearchAction\",\"target\":{\"@type\":\"EntryPoint\",\"urlTemplate\":\"https:\/\/www.salzburgerland.com\/de\/?s={search_term_string}\"},\"query-input\":{\"@type\":\"PropertyValueSpecification\",\"valueRequired\":true,\"valueName\":\"search_term_string\"}}],\"inLanguage\":\"de\"},{\"@type\":\"Organization\",\"@id\":\"https:\/\/www.salzburgerland.com\/de\/#organization\",\"name\":\"SalzburgerLand Tourismus GmbH\",\"url\":\"https:\/\/www.salzburgerland.com\/de\/\",\"logo\":{\"@type\":\"ImageObject\",\"inLanguage\":\"de\",\"@id\":\"https:\/\/www.salzburgerland.com\/de\/#\/schema\/logo\/image\/\",\"url\":\"https:\/\/www.salzburgerland.com\/de\/wp-content\/uploads\/2017\/01\/salzburgerland-logo.jpg\",\"contentUrl\":\"https:\/\/www.salzburgerland.com\/de\/wp-content\/uploads\/2017\/01\/salzburgerland-logo.jpg\",\"width\":1920,\"height\":827,\"caption\":\"SalzburgerLand Tourismus GmbH\"},\"image\":{\"@id\":\"https:\/\/www.salzburgerland.com\/de\/#\/schema\/logo\/image\/\"},\"sameAs\":[\"https:\/\/www.facebook.com\/salzburgerland\/\",\"https:\/\/x.com\/Salzburgerland\",\"https:\/\/www.instagram.com\/salzburgerland\/\",\"http:\/\/dbpedia.org\/resource\/Salzburg_(state)\",\"http:\/\/wikidata.dbpedia.org\/resource\/Q43325\",\"http:\/\/open.salzburgerland.com\/de\/entity\/salzburgerland\",\"https:\/\/www.youtube.com\/user\/salzburgerland\"]}]}<\/script>\n<!-- \/ Yoast SEO Premium plugin. -->","yoast_head_json":{"title":"Generation Winter \u00bb SalzburgerLand.com","robots":{"index":"index","follow":"follow","max-snippet":"max-snippet:-1","max-image-preview":"max-image-preview:large","max-video-preview":"max-video-preview:-1"},"canonical":"https:\/\/www.salzburgerland.com\/de\/wp-json\/wp\/v2\/entities\/656232","og_locale":"de_DE","og_type":"article","og_title":"Generation Winter","og_description":"Legenden werden im Winter geboren. Beim Skifahren, im Stangenwald, beim Abfahrtstraining, im Slalomparcours. Die Bedingungen sind weltmeisterlich, die Vorbilder ebenso. Jeden Nachmittag zieht es uns auf die Piste, jeden einzelnen Ferientag. Voll motiviert und mit gr\u00f6\u00dfter Begeisterung. Wir sind die Generation Winter.","og_url":"https:\/\/www.salzburgerland.com\/de\/wp-json\/wp\/v2\/entities\/656232","og_site_name":"SalzburgerLand.com","article_publisher":"https:\/\/www.facebook.com\/salzburgerland\/","article_modified_time":"2025-01-23T11:37:51+00:00","og_image":[{"width":1200,"height":675,"url":"https:\/\/www.salzburgerland.com\/de\/wp-content\/uploads\/2022\/10\/dsc08707_markedh-2_landesplakat_bearb-1-e1696800546573-1200x675.jpg","type":"image\/jpeg"}],"twitter_card":"summary_large_image","twitter_site":"@Salzburgerland","twitter_misc":{"Gesch\u00e4tzte Lesezeit":"4\u00a0Minuten"},"schema":{"@context":"https:\/\/schema.org","@graph":[{"@type":"WebPage","@id":"https:\/\/www.salzburgerland.com\/de\/generation-winter\/","url":"https:\/\/www.salzburgerland.com\/de\/generation-winter\/","name":"Generation Winter \u00bb SalzburgerLand.com","isPartOf":{"@id":"https:\/\/www.salzburgerland.com\/de\/#website"},"primaryImageOfPage":{"@id":"https:\/\/www.salzburgerland.com\/de\/generation-winter\/#primaryimage"},"image":{"@id":"https:\/\/www.salzburgerland.com\/de\/generation-winter\/#primaryimage"},"thumbnailUrl":"https:\/\/www.salzburgerland.com\/de\/wp-content\/uploads\/2022\/10\/dsc08707_markedh-2_landesplakat_bearb-1-e1696800546573.jpg","datePublished":"2022-10-03T20:36:25+00:00","dateModified":"2025-01-23T11:37:51+00:00","description":"Legenden werden im Winter geboren. Beim Skifahren, im Stangenwald, beim Abfahrtstraining, im Slalomparcours. Die Bedingungen sind weltmeisterlich, die Vorbilder ebenso. Jeden Nachmittag zieht es uns auf die Piste, jeden einzelnen Ferientag. Voll motiviert und mit gr\u00f6\u00dfter Begeisterung. Wir sind die Generation Winter.","inLanguage":"de","potentialAction":[{"@type":"ReadAction","target":["https:\/\/www.salzburgerland.com\/de\/generation-winter\/"]}]},{"@type":"ImageObject","inLanguage":"de","@id":"https:\/\/www.salzburgerland.com\/de\/generation-winter\/#primaryimage","url":"https:\/\/www.salzburgerland.com\/de\/wp-content\/uploads\/2022\/10\/dsc08707_markedh-2_landesplakat_bearb-1-e1696800546573.jpg","contentUrl":"https:\/\/www.salzburgerland.com\/de\/wp-content\/uploads\/2022\/10\/dsc08707_markedh-2_landesplakat_bearb-1-e1696800546573.jpg","width":1920,"height":1081,"caption":"Marcel Hirscher mit Trainingsgruppe auf der Piste (c) SalzburgerLand"},{"@type":"WebSite","@id":"https:\/\/www.salzburgerland.com\/de\/#website","url":"https:\/\/www.salzburgerland.com\/de\/","name":"SalzburgerLand.com","description":"Ihr Urlaub in Salzburg, \u00d6sterreich","publisher":{"@id":"https:\/\/www.salzburgerland.com\/de\/#organization"},"potentialAction":[{"@type":"SearchAction","target":{"@type":"EntryPoint","urlTemplate":"https:\/\/www.salzburgerland.com\/de\/?s={search_term_string}"},"query-input":{"@type":"PropertyValueSpecification","valueRequired":true,"valueName":"search_term_string"}}],"inLanguage":"de"},{"@type":"Organization","@id":"https:\/\/www.salzburgerland.com\/de\/#organization","name":"SalzburgerLand Tourismus GmbH","url":"https:\/\/www.salzburgerland.com\/de\/","logo":{"@type":"ImageObject","inLanguage":"de","@id":"https:\/\/www.salzburgerland.com\/de\/#\/schema\/logo\/image\/","url":"https:\/\/www.salzburgerland.com\/de\/wp-content\/uploads\/2017\/01\/salzburgerland-logo.jpg","contentUrl":"https:\/\/www.salzburgerland.com\/de\/wp-content\/uploads\/2017\/01\/salzburgerland-logo.jpg","width":1920,"height":827,"caption":"SalzburgerLand Tourismus GmbH"},"image":{"@id":"https:\/\/www.salzburgerland.com\/de\/#\/schema\/logo\/image\/"},"sameAs":["https:\/\/www.facebook.com\/salzburgerland\/","https:\/\/x.com\/Salzburgerland","https:\/\/www.instagram.com\/salzburgerland\/","http:\/\/dbpedia.org\/resource\/Salzburg_(state)","http:\/\/wikidata.dbpedia.org\/resource\/Q43325","http:\/\/open.salzburgerland.com\/de\/entity\/salzburgerland","https:\/\/www.youtube.com\/user\/salzburgerland"]}]}},"_wl_alt_label":[],"wl:entity_url":"http:\/\/open.salzburgerland.com\/de\/entity\/generation-winter-656232","_links":{"self":[{"href":"https:\/\/www.salzburgerland.com\/de\/wp-json\/wp\/v2\/entities\/656232","targetHints":{"allow":["GET"]}}],"collection":[{"href":"https:\/\/www.salzburgerland.com\/de\/wp-json\/wp\/v2\/entities"}],"about":[{"href":"https:\/\/www.salzburgerland.com\/de\/wp-json\/wp\/v2\/types\/entity"}],"author":[{"embeddable":true,"href":"https:\/\/www.salzburgerland.com\/de\/wp-json\/wp\/v2\/users\/50"}],"replies":[{"embeddable":true,"href":"https:\/\/www.salzburgerland.com\/de\/wp-json\/wp\/v2\/comments?post=656232"}],"version-history":[{"count":9,"href":"https:\/\/www.salzburgerland.com\/de\/wp-json\/wp\/v2\/entities\/656232\/revisions"}],"predecessor-version":[{"id":675713,"href":"https:\/\/www.salzburgerland.com\/de\/wp-json\/wp\/v2\/entities\/656232\/revisions\/675713"}],"wp:featuredmedia":[{"embeddable":true,"href":"https:\/\/www.salzburgerland.com\/de\/wp-json\/wp\/v2\/media\/666080"}],"wp:attachment":[{"href":"https:\/\/www.salzburgerland.com\/de\/wp-json\/wp\/v2\/media?parent=656232"}],"wp:term":[{"taxonomy":"category","embeddable":true,"href":"https:\/\/www.salzburgerland.com\/de\/wp-json\/wp\/v2\/categories?post=656232"},{"taxonomy":"post_tag","embeddable":true,"href":"https:\/\/www.salzburgerland.com\/de\/wp-json\/wp\/v2\/tags?post=656232"},{"taxonomy":"wl_entity_type","embeddable":true,"href":"https:\/\/www.salzburgerland.com\/de\/wp-json\/wp\/v2\/wl_entity_type?post=656232"},{"taxonomy":"ski_resorts","embeddable":true,"href":"https:\/\/www.salzburgerland.com\/de\/wp-json\/wp\/v2\/ski_resorts?post=656232"}],"curies":[{"name":"wp","href":"https:\/\/api.w.org\/{rel}","templated":true}]}}