{"id":59744,"date":"2016-08-24T17:12:12","date_gmt":"2016-08-24T15:12:12","guid":{"rendered":"https:\/\/www.onebigpark.at\/de\/?post_type=entity&#038;p=59744"},"modified":"2026-01-19T13:49:52","modified_gmt":"2026-01-19T12:49:52","slug":"salzburger-seenland","status":"publish","type":"entity","link":"https:\/\/www.salzburgerland.com\/de\/salzburger-seenland\/","title":{"rendered":"Salzburger Seenland"},"content":{"rendered":"<p>Nur unweit von der weltbekannten Mozartstadt Salzburg entfernt bietet die Natur zahlreiche M\u00f6glichkeiten, einen unvergesslichen Urlaub zu erleben. Ein gro\u00dfz\u00fcgig ausgebautes <a href=\"https:\/\/www.salzburger-seenland.at\/erlebnis-freizeit\/radfahren\" target=\"_blank\" rel=\"noopener\">Radwegenetz<\/a>, leichte bis anspruchsvolle <a href=\"https:\/\/www.salzburger-seenland.at\/erlebnis-freizeit\/themenwege-wandern\" target=\"_blank\" rel=\"noopener\">Wanderm\u00f6glichkeiten<\/a>, sch\u00f6ne <a href=\"https:\/\/www.salzburger-seenland.at\/erlebnis-freizeit\/wasserspass\" target=\"_blank\" rel=\"noopener\">Strandb\u00e4der<\/a> und ein umfangreiches Angebot an <a href=\"https:\/\/www.salzburger-seenland.at\/erlebnis-freizeit\/ausflugsziele\" target=\"_blank\" rel=\"noopener noreferrer\">Highlights<\/a> erwarten Sie. <!--StartFragment --><span class=\"cf0\">Die <a href=\"https:\/\/www.salzburger-seenland.at\/infra?selLocation=58c4b89d-25c7-49db-8d5e-8382bbdb57e4&amp;limINFOSYSTEMTYPE=1#\/pois\" target=\"_blank\" rel=\"noopener\">Gastronomie-<\/a> und die Via Culinaria Betriebe servieren neben regionalen Fischgerichten auch Salzburger Hausmannskost. <\/span><!--EndFragment --><\/p>\n<p>Brauchtum und Kultur werden in der Region Seenland gro\u00dfgeschrieben. Vor allem im Sommer gibt es zahlreiche sehenswerte <a href=\"http:\/\/www.salzburger-seenland.at\/veranstaltungen.html\" target=\"_blank\" rel=\"noopener noreferrer\">Veranstaltungen und Events<\/a>. Die Region punktet mit vielen Natursch\u00f6nheiten, die Sie am besten beim Baden in den Seen und Wandern oder Radfahren entdecken.<\/p>\n<p>Weitere sch\u00f6ne Geschichten zum Seenland:<br>\n<a href=\"https:\/\/www.salzburgerland.com\/de\/die-o-fischer-vom-wallersee\/\" target=\"_blank\" rel=\"noopener noreferrer\">\u2013 Die O-Fischer vom Wallersee<br>\n\u2013\u00a0<\/a><a href=\"https:\/\/www.salzburgerland.com\/de\/der-mattsee-ganz-gross-im-boots-und-fahrzeugbau\/\" target=\"_blank\" rel=\"noopener noreferrer\">Der Mattsee \u2013 Ganz Gro\u00df im Boots- und Fahrzeugbau<\/a><\/p>\n<p><iframe title=\"Bike &amp; SUP eintauchen - Salzburger Seeland\" width=\"500\" height=\"281\" src=\"https:\/\/www.youtube-nocookie.com\/embed\/ksmJ6RUimPs?feature=oembed&amp;rel=0&amp;modestbranding=1\" frameborder=\"0\" allow=\"accelerometer; autoplay; clipboard-write; encrypted-media; gyroscope; picture-in-picture; web-share\" referrerpolicy=\"strict-origin-when-cross-origin\" allowfullscreen><\/iframe><\/p>\n<h2>Die Seenland Card<\/h2>\n<p>Mit der Seenland Card erhalten Sie kostenlosen oder erm\u00e4\u00dfigten Eintritt zu zahlreichen Ausflugszielen wie <a href=\"https:\/\/www.gut-aiderbichl.com\/besuchbare-gueter\/henndorf\/henndorf\/\" target=\"_blank\" rel=\"noopener noreferrer\">Gut Aiderbichl<\/a>, dem <a href=\"http:\/\/fahrtraum.at\/\" target=\"_blank\" rel=\"noopener noreferrer\">fahr(T)raum \u2013 Ferdinand Porsche Erlebniswelt<\/a>,\u00a0der\u00a0<a href=\"http:\/\/www.trumer.at\/trumer-welt-brauerei-fuehrung.php\" target=\"_blank\" rel=\"noopener noreferrer\">Trumer Bierwelt,<\/a>\u00a0dem <a href=\"http:\/\/www.erlebnispark.at\/de\/\" target=\"_blank\" rel=\"noopener noreferrer\">Fantasiana \u2013 Kinder Erlebnispark<\/a>,\u00a0zahlreichen <a href=\"http:\/\/www.salzburger-seenland.at\/erlebnis-freizeit\/nach-themen\/wassererlebnis.html\" target=\"_blank\" rel=\"noopener noreferrer\">Strandb\u00e4dern<\/a> und vielen weiteren Freizeitm\u00f6glichkeiten in der Region! N\u00e4here Infos finden Sie <a href=\"http:\/\/www.salzburger-seenland.at\/unterkuenfte-angebote\/seenland-card.html\" target=\"_blank\" rel=\"noopener noreferrer\">hier<\/a>.<\/p>\n<h2>Genussradeln mit Alpenblick<\/h2>\n<p>Familien, Genussradler und ambitionierte \u201ePedalritter\u201c erwarten im Velodrom Salzburger Seenland insgesamt 600 Kilometern gut ausgebaute <a href=\"https:\/\/www.salzburger-seenland.at\/erlebnis-freizeit\/radfahren\" target=\"_blank\" rel=\"noopener\">Radwege<\/a>, die \u00fcber H\u00fcgel mit grandioser Fernsicht, durch lichte W\u00e4lder und entlang unverbauter Uferstrecken f\u00fchren.<\/p>\n<p>Im Seenland bringt es mit sich, dass die meisten Touren wegen der \u00fcberschaubaren L\u00e4nge ideal f\u00fcr Sternfahrten sind. Nach dem Kennenlernen von Land und Leuten geht es immer wieder an die Unterkunft zur\u00fcck.<\/p>\n\n\t\t\t<div id=\"59744-1\" class=\"gallery gallery-59744 gallery-columns-3 gallery-size-1170_658\" itemscope itemtype=\"http:\/\/schema.org\/ImageGallery\">\n\t\t\t\t<ul class=\"gallery-row gallery-col-3 gallery-clear\">\n\t\t\t\t\t<li class=\"gallery-item col-3\" itemprop=\"associatedMedia\" itemscope itemtype=\"http:\/\/schema.org\/ImageObject\">\n\t\t\t\t\t\t<div class=\"gallery-icon landscape\"><a href=\"https:\/\/www.salzburgerland.com\/de\/wp-content\/uploads\/2016\/08\/c-salzburgerseenland_seekirchen_fischach_c-n--eisele-hein-21_kl.jpg\" title=\"(C) SalzburgerSeenland_Seekirchen_Fischach_(C) N. Eisele-Hein (21)_kl\"><img decoding=\"async\" data-title=\"Fischach, Radfahren in Seekirchen am Wallersee, Velodrom\" title=\"Fischach, Radfahren in Seekirchen am Wallersee, Velodrom\" data-caption=\"Fischach, Radfahren in Seekirchen am Wallersee, Velodrom\" width=\"800\" height=\"534\" src=\"https:\/\/www.salzburgerland.com\/de\/wp-content\/uploads\/2016\/08\/c-salzburgerseenland_seekirchen_fischach_c-n--eisele-hein-21_kl.jpg\" class=\"attachment-1170_658 size-1170_658\" alt=\"Zwei Personen radeln auf einer Holzbr\u00fccke \u00fcber einen Fluss im Salzburger Seenland, umgeben von \u00fcppigem Gr\u00fcn. (vergr\u00f6\u00dferte Ansicht)\" srcset=\"https:\/\/www.salzburgerland.com\/de\/wp-content\/uploads\/2016\/08\/c-salzburgerseenland_seekirchen_fischach_c-n--eisele-hein-21_kl.jpg 800w, https:\/\/www.salzburgerland.com\/de\/wp-content\/uploads\/2016\/08\/c-salzburgerseenland_seekirchen_fischach_c-n--eisele-hein-21_kl-768x513.jpg 768w, https:\/\/www.salzburgerland.com\/de\/wp-content\/uploads\/2016\/08\/c-salzburgerseenland_seekirchen_fischach_c-n--eisele-hein-21_kl-150x100.jpg 150w\" sizes=\"(max-width: 800px) 100vw, 800px\" aria-describedby=\"figcaption-59744-666687\" itemprop=\"thumbnail\"><\/a><\/div>\n\t\t\t\t\t\t<span id=\"figcaption-59744-666687\" class=\"gallery-caption\" itemprop=\"caption\"><span aria-hidden=\"true\">Fischach, Radfahren in Seekirchen am Wallersee, Velodrom<\/span><\/span>\n\t\t\t\t\t<\/li>\n\t\t\t\t\t<li class=\"gallery-item col-3\" itemprop=\"associatedMedia\" itemscope itemtype=\"http:\/\/schema.org\/ImageObject\">\n\t\t\t\t\t\t<div class=\"gallery-icon landscape\"><a href=\"https:\/\/www.salzburgerland.com\/de\/wp-content\/uploads\/2016\/08\/salzburgerseenland_oberndorf_kapelle-radfahrer-06-008.jpg\" title=\"SalzburgerSeenland_Oberndorf_Kapelle-Radfahrer 06 008\"><img decoding=\"async\" data-title=\"Stille Nacht Kapelle Oberndorf \u00a9 TVB Oberndorf\" title=\"Stille Nacht Kapelle Oberndorf \u00a9 TVB Oberndorf\" data-caption=\"Stille Nacht Kapelle Oberndorf \u00a9 TVB Oberndorf\" width=\"800\" height=\"599\" src=\"https:\/\/www.salzburgerland.com\/de\/wp-content\/uploads\/2016\/08\/salzburgerseenland_oberndorf_kapelle-radfahrer-06-008.jpg\" class=\"attachment-1170_658 size-1170_658\" alt=\"Eine Gruppe von Radfahrern versammelt sich bei einer kleinen wei\u00dfen Kapelle im Salzburger Seenland, umgeben von B\u00e4umen. (vergr\u00f6\u00dferte Ansicht)\" srcset=\"https:\/\/www.salzburgerland.com\/de\/wp-content\/uploads\/2016\/08\/salzburgerseenland_oberndorf_kapelle-radfahrer-06-008.jpg 800w, https:\/\/www.salzburgerland.com\/de\/wp-content\/uploads\/2016\/08\/salzburgerseenland_oberndorf_kapelle-radfahrer-06-008-768x575.jpg 768w, https:\/\/www.salzburgerland.com\/de\/wp-content\/uploads\/2016\/08\/salzburgerseenland_oberndorf_kapelle-radfahrer-06-008-150x112.jpg 150w\" sizes=\"(max-width: 800px) 100vw, 800px\" aria-describedby=\"figcaption-59744-666688\" itemprop=\"thumbnail\"><\/a><\/div>\n\t\t\t\t\t\t<span id=\"figcaption-59744-666688\" class=\"gallery-caption\" itemprop=\"caption\"><span aria-hidden=\"true\">Stille Nacht Kapelle Oberndorf \u00a9 TVB Oberndorf<\/span><\/span>\n\t\t\t\t\t<\/li>\n\t\t\t\t\t<li class=\"gallery-item col-3\" itemprop=\"associatedMedia\" itemscope itemtype=\"http:\/\/schema.org\/ImageObject\">\n\t\t\t\t\t\t<div class=\"gallery-icon landscape\"><a href=\"https:\/\/www.salzburgerland.com\/de\/wp-content\/uploads\/2016\/08\/salzburgerseenland_velodrom_c-n--eisele-hein-8.jpg\" title=\"SalzburgerSeenland_Velodrom_(C) N. Eisele-Hein (8)\"><img decoding=\"async\" data-title=\"Gebertsham, Mattsee, Velodrom \u00a9 Eisele Hein\" title=\"Gebertsham, Mattsee, Velodrom \u00a9 Eisele Hein\" data-caption=\"Gebertsham, Mattsee, Velodrom \u00a9 Eisele Hein\" width=\"800\" height=\"533\" src=\"https:\/\/www.salzburgerland.com\/de\/wp-content\/uploads\/2016\/08\/salzburgerseenland_velodrom_c-n--eisele-hein-8.jpg\" class=\"attachment-1170_658 size-1170_658\" alt=\"Zwei Personen radeln an einem See im Salzburger Seenland; gr\u00fcne Wiesen und Hinweisschilder s\u00e4umen den Weg. (vergr\u00f6\u00dferte Ansicht)\" srcset=\"https:\/\/www.salzburgerland.com\/de\/wp-content\/uploads\/2016\/08\/salzburgerseenland_velodrom_c-n--eisele-hein-8.jpg 800w, https:\/\/www.salzburgerland.com\/de\/wp-content\/uploads\/2016\/08\/salzburgerseenland_velodrom_c-n--eisele-hein-8-768x512.jpg 768w, https:\/\/www.salzburgerland.com\/de\/wp-content\/uploads\/2016\/08\/salzburgerseenland_velodrom_c-n--eisele-hein-8-150x100.jpg 150w\" sizes=\"(max-width: 800px) 100vw, 800px\" aria-describedby=\"figcaption-59744-666689\" itemprop=\"thumbnail\"><\/a><\/div>\n\t\t\t\t\t\t<span id=\"figcaption-59744-666689\" class=\"gallery-caption\" itemprop=\"caption\"><span aria-hidden=\"true\">Gebertsham, Mattsee, Velodrom \u00a9 Eisele Hein<\/span><\/span>\n\t\t\t\t\t<\/li>\n\t\t\t\t<\/ul>\n\t\t\t<\/div><!-- .gallery -->\n\n<h2>Trumer Triathlon<\/h2>\n<p>In Obertrum am See erwarten die Sportler im Sommer beste Bedingungen: Eine herrliche Badebucht am Obertrumer See, eine h\u00fcgelige Radstrecke durch das Salzburger Seenland und eine attraktive Laufstrecke im Ortszentrum von Obertrum am See! F\u00fcr Einsteiger und Profis wird in Obertrum am See alles geboten, was das Herz begehrt!\u00a0 Der Trumer Triathlon ist allj\u00e4hrlich ein Fest f\u00fcr die ganze Familie. <a href=\"http:\/\/www.trumer-triathlon.at\/index.php\/de\/\" target=\"_blank\" rel=\"noopener noreferrer\">Hier Erfahren Sie mehr zum Thema<\/a>.<\/p>\n\n\t\t\t<div id=\"59744-2\" class=\"gallery gallery-59744 gallery-columns-3 gallery-size-1170_658\" itemscope itemtype=\"http:\/\/schema.org\/ImageGallery\">\n\t\t\t\t<ul class=\"gallery-row gallery-col-3 gallery-clear\">\n\t\t\t\t\t<li class=\"gallery-item col-3\" itemprop=\"associatedMedia\" itemscope itemtype=\"http:\/\/schema.org\/ImageObject\">\n\t\t\t\t\t\t<div class=\"gallery-icon landscape\"><a href=\"https:\/\/www.salzburgerland.com\/de\/wp-content\/uploads\/2016\/08\/salzburger-seenland-mattsee_obertrumersee-1728x1067.jpg\" title=\"Salzburger-Seenland-Mattsee_ObertrumerSee\"><img decoding=\"async\" data-title=\"\u00a9 Salzburger-Seenland - Mattsee und ObertrumerSee\" title=\"\u00a9 Salzburger-Seenland - Mattsee und ObertrumerSee\" data-caption=\"\u00a9 Salzburger-Seenland - Mattsee und ObertrumerSee\" width=\"1170\" height=\"658\" src=\"https:\/\/www.salzburgerland.com\/de\/wp-content\/uploads\/2016\/08\/salzburger-seenland-mattsee_obertrumersee-1170x658.jpg\" class=\"attachment-1170_658 size-1170_658\" alt=\"Zwei Personen mit Fahrr\u00e4dern bewundern das Salzburger Seenland mit seinem ruhigen See und den gr\u00fcnen H\u00fcgeln unter einem blauen, wolkenverhangenen Himmel. (vergr\u00f6\u00dferte Ansicht)\" srcset=\"https:\/\/www.salzburgerland.com\/de\/wp-content\/uploads\/2016\/08\/salzburger-seenland-mattsee_obertrumersee-1170x658.jpg 1170w, https:\/\/www.salzburgerland.com\/de\/wp-content\/uploads\/2016\/08\/salzburger-seenland-mattsee_obertrumersee-1200x675.jpg 1200w\" sizes=\"(max-width: 1170px) 100vw, 1170px\" aria-describedby=\"figcaption-59744-169333\" itemprop=\"thumbnail\"><\/a><\/div>\n\t\t\t\t\t\t<span id=\"figcaption-59744-169333\" class=\"gallery-caption\" itemprop=\"caption\"><span aria-hidden=\"true\">\u00a9 Salzburger-Seenland \u2013 Mattsee und ObertrumerSee<\/span><\/span>\n\t\t\t\t\t<\/li>\n\t\t\t\t\t<li class=\"gallery-item col-3\" itemprop=\"associatedMedia\" itemscope itemtype=\"http:\/\/schema.org\/ImageObject\">\n\t\t\t\t\t\t<div class=\"gallery-icon landscape\"><a href=\"https:\/\/www.salzburgerland.com\/de\/wp-content\/uploads\/2016\/08\/salzburgerseenland_seeham_strandbad1-kopie-1920x1067.jpg\" title=\"D70_2615\"><img decoding=\"async\" data-title=\"(C) Salzburger Seenland - Seeham Strandbad 1\" title=\"(C) Salzburger Seenland - Seeham Strandbad 1\" data-caption=\"(C) Salzburger Seenland - Seeham Strandbad 1\" width=\"1170\" height=\"658\" src=\"https:\/\/www.salzburgerland.com\/de\/wp-content\/uploads\/2016\/08\/salzburgerseenland_seeham_strandbad1-kopie-1170x658.jpg\" class=\"attachment-1170_658 size-1170_658\" alt=\"Sandstrand im Salzburger Seenland mit Menschen, die sich bei klarem Wasser, B\u00e4umen und einer Rutsche unter blauem Himmel entspannen. (vergr\u00f6\u00dferte Ansicht)\" srcset=\"https:\/\/www.salzburgerland.com\/de\/wp-content\/uploads\/2016\/08\/salzburgerseenland_seeham_strandbad1-kopie-1170x658.jpg 1170w, https:\/\/www.salzburgerland.com\/de\/wp-content\/uploads\/2016\/08\/salzburgerseenland_seeham_strandbad1-kopie-1200x675.jpg 1200w\" sizes=\"(max-width: 1170px) 100vw, 1170px\" aria-describedby=\"figcaption-59744-169332\" itemprop=\"thumbnail\"><\/a><\/div>\n\t\t\t\t\t\t<span id=\"figcaption-59744-169332\" class=\"gallery-caption\" itemprop=\"caption\"><span aria-hidden=\"true\">(C) Salzburger Seenland \u2013 Seeham Strandbad 1<\/span><\/span>\n\t\t\t\t\t<\/li>\n\t\t\t\t\t<li class=\"gallery-item col-3\" itemprop=\"associatedMedia\" itemscope itemtype=\"http:\/\/schema.org\/ImageObject\">\n\t\t\t\t\t\t<div class=\"gallery-icon landscape\"><a href=\"https:\/\/www.salzburgerland.com\/de\/wp-content\/uploads\/2016\/08\/csalzburgerseenland_stadt_-neumarkt_wallersee.jpg\" title=\"(C)SalzburgerSeenland_Stadt_ Neumarkt_Wallersee\"><img decoding=\"async\" data-title=\"(C) Salzburger Seenland - Stadt Neumarkt am Wallersee\" title=\"(C) Salzburger Seenland - Stadt Neumarkt am Wallersee\" data-caption=\"(C) Salzburger Seenland - Stadt Neumarkt am Wallersee\" width=\"1152\" height=\"658\" src=\"https:\/\/www.salzburgerland.com\/de\/wp-content\/uploads\/2016\/08\/csalzburgerseenland_stadt_-neumarkt_wallersee-1152x658.jpg\" class=\"attachment-1170_658 size-1170_658\" alt=\"Luftaufnahme eines Yachthafens im Salzburger Seenland mit Booten, umgeben von B\u00e4umen, H\u00e4usern und Bergen. (vergr\u00f6\u00dferte Ansicht)\" aria-describedby=\"figcaption-59744-169327\" itemprop=\"thumbnail\"><\/a><\/div>\n\t\t\t\t\t\t<span id=\"figcaption-59744-169327\" class=\"gallery-caption\" itemprop=\"caption\"><span aria-hidden=\"true\">(C) Salzburger Seenland \u2013 Stadt Neumarkt am Wallersee<\/span><\/span>\n\t\t\t\t\t<\/li>\n\t\t\t\t<\/ul>\n\t\t\t<\/div><!-- .gallery -->\n\n<h2>Bio-Heu-Region Salzburger Seenland<\/h2>\n<p>Die Bio-Heu-Region ist eines der letzten und gr\u00f6\u00dften zusammenh\u00e4ngenden Gebiete Europas in denen noch Heuwirtschaft, eine der \u00e4ltesten Agrikulturen, betrieben wird. 25 Millionen Liter Bio-Heumilch werden hier silofrei produziert, und in sechs regionalen K\u00e4sereien verarbeitet. Im <a href=\"https:\/\/www.salzburgerland.com\/de\/magazin\/seeham-ein-wahres-bio-paradies\" target=\"_blank\" rel=\"noopener noreferrer\">Biodorf Seeham\u00a0<\/a>betrifft der biologische Grundgedanke alle Lebensbereiche der Gemeinde. <a href=\"https:\/\/www.bioartcampus.at\/\" target=\"_blank\" rel=\"noopener\">Der Bio Art Campus<\/a><\/p>\n\n\t\t\t<div id=\"59744-3\" class=\"gallery gallery-59744 gallery-columns-3 gallery-size-1170_658\" itemscope itemtype=\"http:\/\/schema.org\/ImageGallery\">\n\t\t\t\t<ul class=\"gallery-row gallery-col-3 gallery-clear\">\n\t\t\t\t\t<li class=\"gallery-item col-3\" itemprop=\"associatedMedia\" itemscope itemtype=\"http:\/\/schema.org\/ImageObject\">\n\t\t\t\t\t\t<div class=\"gallery-icon landscape\"><a href=\"https:\/\/www.salzburgerland.com\/de\/wp-content\/uploads\/2016\/08\/1buchberg_aussicht1-1920x1067.jpg\" title=\"1buchberg_aussicht1\"><img decoding=\"async\" data-title=\"(C) Salzburger Seenland - Buchberg\" title=\"(C) Salzburger Seenland - Buchberg\" data-caption=\"(C) Salzburger Seenland - Buchberg\" width=\"1170\" height=\"658\" src=\"https:\/\/www.salzburgerland.com\/de\/wp-content\/uploads\/2016\/08\/1buchberg_aussicht1-1170x658.jpg\" class=\"attachment-1170_658 size-1170_658\" alt=\"Eine Person steht auf einer grasbewachsenen Anh\u00f6he und \u00fcberblickt bei strahlend blauem Himmel das Salzburger Seenland und die fernen Berge. (vergr\u00f6\u00dferte Ansicht)\" srcset=\"https:\/\/www.salzburgerland.com\/de\/wp-content\/uploads\/2016\/08\/1buchberg_aussicht1-1170x658.jpg 1170w, https:\/\/www.salzburgerland.com\/de\/wp-content\/uploads\/2016\/08\/1buchberg_aussicht1-1200x675.jpg 1200w\" sizes=\"(max-width: 1170px) 100vw, 1170px\" aria-describedby=\"figcaption-59744-169328\" itemprop=\"thumbnail\"><\/a><\/div>\n\t\t\t\t\t\t<span id=\"figcaption-59744-169328\" class=\"gallery-caption\" itemprop=\"caption\"><span aria-hidden=\"true\">(C) Salzburger Seenland \u2013 Buchberg<\/span><\/span>\n\t\t\t\t\t<\/li>\n\t\t\t\t\t<li class=\"gallery-item col-3\" itemprop=\"associatedMedia\" itemscope itemtype=\"http:\/\/schema.org\/ImageObject\">\n\t\t\t\t\t\t<div class=\"gallery-icon landscape\"><a href=\"https:\/\/www.salzburgerland.com\/de\/wp-content\/uploads\/2016\/08\/salzburgerseenland_mattsee_von_ludwigshoehe--1920x1067.jpg\" title=\"SalzburgerSeenland_Mattsee_von_Ludwigsh\u00f6he -\"><img decoding=\"async\" data-title=\"(C) Salzburger Seenland -Mattsee_von_Ludwigsh\u00f6he\" title=\"(C) Salzburger Seenland -Mattsee_von_Ludwigsh\u00f6he\" data-caption=\"(C) Salzburger Seenland -Mattsee_von_Ludwigsh\u00f6he\" width=\"1170\" height=\"658\" src=\"https:\/\/www.salzburgerland.com\/de\/wp-content\/uploads\/2016\/08\/salzburgerseenland_mattsee_von_ludwigshoehe--1170x658.jpg\" class=\"attachment-1170_658 size-1170_658\" alt=\"Eine Stadt am See im Salzburger Seenland mit Segelbooten, gr\u00fcnen H\u00fcgeln, B\u00e4umen und charmanten H\u00e4usern. (vergr\u00f6\u00dferte Ansicht)\" srcset=\"https:\/\/www.salzburgerland.com\/de\/wp-content\/uploads\/2016\/08\/salzburgerseenland_mattsee_von_ludwigshoehe--1170x658.jpg 1170w, https:\/\/www.salzburgerland.com\/de\/wp-content\/uploads\/2016\/08\/salzburgerseenland_mattsee_von_ludwigshoehe--1200x675.jpg 1200w\" sizes=\"(max-width: 1170px) 100vw, 1170px\" aria-describedby=\"figcaption-59744-169331\" itemprop=\"thumbnail\"><\/a><\/div>\n\t\t\t\t\t\t<span id=\"figcaption-59744-169331\" class=\"gallery-caption\" itemprop=\"caption\"><span aria-hidden=\"true\">(C) Salzburger Seenland -Mattsee_von_Ludwigsh\u00f6he<\/span><\/span>\n\t\t\t\t\t<\/li>\n\t\t\t\t\t<li class=\"gallery-item col-3\" itemprop=\"associatedMedia\" itemscope itemtype=\"http:\/\/schema.org\/ImageObject\">\n\t\t\t\t\t\t<div class=\"gallery-icon landscape\"><a href=\"https:\/\/www.salzburgerland.com\/de\/wp-content\/uploads\/2016\/08\/salzburgerseenland_koestendorf_wenger-moor-mr_3-1920x1067.jpg\" title=\"SalzburgerSeenland_K\u00f6stendorf_Wenger Moor MR_3\"><img decoding=\"async\" data-title=\"(c) Salzburger Seenland -K\u00f6stendorf_Wenger Moor\" title=\"(c) Salzburger Seenland -K\u00f6stendorf_Wenger Moor\" data-caption=\"(c) Salzburger Seenland -K\u00f6stendorf_Wenger Moor\" width=\"1170\" height=\"658\" src=\"https:\/\/www.salzburgerland.com\/de\/wp-content\/uploads\/2016\/08\/salzburgerseenland_koestendorf_wenger-moor-mr_3-1170x658.jpg\" class=\"attachment-1170_658 size-1170_658\" alt=\"Ein sumpfiges Feuchtgebiet im Salzburger Seenland mit Birken, gr\u00fcnem Gras und wei\u00dfen Blumen unter einem bew\u00f6lkten Himmel. (vergr\u00f6\u00dferte Ansicht)\" srcset=\"https:\/\/www.salzburgerland.com\/de\/wp-content\/uploads\/2016\/08\/salzburgerseenland_koestendorf_wenger-moor-mr_3-1170x658.jpg 1170w, https:\/\/www.salzburgerland.com\/de\/wp-content\/uploads\/2016\/08\/salzburgerseenland_koestendorf_wenger-moor-mr_3-1200x675.jpg 1200w\" sizes=\"(max-width: 1170px) 100vw, 1170px\" aria-describedby=\"figcaption-59744-169330\" itemprop=\"thumbnail\"><\/a><\/div>\n\t\t\t\t\t\t<span id=\"figcaption-59744-169330\" class=\"gallery-caption\" itemprop=\"caption\"><span aria-hidden=\"true\">(c) Salzburger Seenland -K\u00f6stendorf_Wenger Moor<\/span><\/span>\n\t\t\t\t\t<\/li>\n\t\t\t\t<\/ul>\n\t\t\t<\/div><!-- .gallery -->\n\n<h2>Bauernherbst im Salzburger Seenland<\/h2>\n<p>Die Region rund um die vier Seen feiert mit traditionellen\u00a0Bauernm\u00e4rkten, g\u00b4schmackigen Spezialit\u00e4ten und echter Volksmusik. Jahr f\u00fcr Jahr begeistern die bunten Feste im <a href=\"https:\/\/www.salzburgerland.com\/de\/bauernherbst\/\" target=\"_blank\" rel=\"noopener noreferrer\">Bauernherbst<\/a> Besucher und Einheimische gleicherma\u00dfen. Erleben Sie die Seenlandschaft einmal anders und genie\u00dfen Sie viel Brauchtum gemeinsam mit der Bev\u00f6lkerung bei unseren Festen. Das Dorffest in Seeham, die Wallersee-Wallfahrt oder der traditionelle motorfreie Tag rund um den Obertrumer See und vieles mehr zeichnen unsere Art, den Bauernherbst zu feiern aus und machen Ihren wohlverdienten Urlaub zu einem wirklichen \u201eUrlaub vom Alltag\u201c.<\/p>\n\n\t\t\t<div id=\"59744-4\" class=\"gallery gallery-59744 gallery-columns-3 gallery-size-1170_658\" itemscope itemtype=\"http:\/\/schema.org\/ImageGallery\">\n\t\t\t\t<ul class=\"gallery-row gallery-col-3 gallery-clear\">\n\t\t\t\t\t<li class=\"gallery-item col-3\" itemprop=\"associatedMedia\" itemscope itemtype=\"http:\/\/schema.org\/ImageObject\">\n\t\t\t\t\t\t<div class=\"gallery-icon landscape\"><a href=\"https:\/\/www.salzburgerland.com\/de\/wp-content\/uploads\/2017\/05\/bauernherbst_obertrum20230827067-1920x1067.jpg\" title=\"Bauernherbst_Obertrum20230827067\"><img decoding=\"async\" data-title=\"Kindervolkstanzgruppe D\u00b4Seerosner -Bauernherbst Er\u00f6ffnung 2023 in Obertrum am See\" title=\"Kindervolkstanzgruppe D\u00b4Seerosner -Bauernherbst Er\u00f6ffnung 2023 in Obertrum am See\" data-caption=\"Kindervolkstanzgruppe D\u00b4Seerosner -Bauernherbst Er\u00f6ffnung 2023 in Obertrum am See\" width=\"1170\" height=\"658\" src=\"https:\/\/www.salzburgerland.com\/de\/wp-content\/uploads\/2017\/05\/bauernherbst_obertrum20230827067-1170x658.jpg\" class=\"attachment-1170_658 size-1170_658\" alt=\"Junge M\u00e4dchen in traditionellen Trachten tanzen w\u00e4hrend der Er\u00f6ffnung einer kulturellen Veranstaltung im Freien. (vergr\u00f6\u00dferte Ansicht)\" srcset=\"https:\/\/www.salzburgerland.com\/de\/wp-content\/uploads\/2017\/05\/bauernherbst_obertrum20230827067-1170x658.jpg 1170w, https:\/\/www.salzburgerland.com\/de\/wp-content\/uploads\/2017\/05\/bauernherbst_obertrum20230827067-1200x675.jpg 1200w\" sizes=\"(max-width: 1170px) 100vw, 1170px\" aria-describedby=\"figcaption-59744-664996\" itemprop=\"thumbnail\"><\/a><\/div>\n\t\t\t\t\t\t<span id=\"figcaption-59744-664996\" class=\"gallery-caption\" itemprop=\"caption\"><span aria-hidden=\"true\">Kindervolkstanzgruppe D\u00b4Seerosner -Bauernherbst Er\u00f6ffnung 2023 in Obertrum am See<\/span><\/span>\n\t\t\t\t\t<\/li>\n\t\t\t\t\t<li class=\"gallery-item col-3\" itemprop=\"associatedMedia\" itemscope itemtype=\"http:\/\/schema.org\/ImageObject\">\n\t\t\t\t\t\t<div class=\"gallery-icon landscape\"><a href=\"https:\/\/www.salzburgerland.com\/de\/wp-content\/uploads\/2017\/05\/bild-obertrum_bandltanz-tourismusverband-obertrum-am-see-1920x1067.jpg\" title=\"Motorfreier Tag am 26.08.2018 in Obertrum am See\"><img decoding=\"async\" data-title=\"\u00a9 Tourismusverband Obertrum am See, Peter Mayr, Bandltanz\" title=\"\u00a9 Tourismusverband Obertrum am See, Peter Mayr, Bandltanz\" data-caption=\"\u00a9 Tourismusverband Obertrum am See, Peter Mayr, Bandltanz\" width=\"1170\" height=\"658\" src=\"https:\/\/www.salzburgerland.com\/de\/wp-content\/uploads\/2017\/05\/bild-obertrum_bandltanz-tourismusverband-obertrum-am-see-1170x658.jpg\" class=\"attachment-1170_658 size-1170_658\" alt=\"Menschen in traditioneller \u00f6sterreichischer Kleidung tanzen bei der Er\u00f6ffnung eines Festes um einen Maibaum im Freien. (vergr\u00f6\u00dferte Ansicht)\" srcset=\"https:\/\/www.salzburgerland.com\/de\/wp-content\/uploads\/2017\/05\/bild-obertrum_bandltanz-tourismusverband-obertrum-am-see-1170x658.jpg 1170w, https:\/\/www.salzburgerland.com\/de\/wp-content\/uploads\/2017\/05\/bild-obertrum_bandltanz-tourismusverband-obertrum-am-see-1200x675.jpg 1200w\" sizes=\"(max-width: 1170px) 100vw, 1170px\" aria-describedby=\"figcaption-59744-657737\" itemprop=\"thumbnail\"><\/a><\/div>\n\t\t\t\t\t\t<span id=\"figcaption-59744-657737\" class=\"gallery-caption\" itemprop=\"caption\"><span aria-hidden=\"true\">\u00a9 Tourismusverband Obertrum am See, Peter Mayr, Bandltanz<\/span><\/span>\n\t\t\t\t\t<\/li>\n\t\t\t\t\t<li class=\"gallery-item col-3\" itemprop=\"associatedMedia\" itemscope itemtype=\"http:\/\/schema.org\/ImageObject\">\n\t\t\t\t\t\t<div class=\"gallery-icon landscape\"><a href=\"https:\/\/www.salzburgerland.com\/de\/wp-content\/uploads\/2017\/05\/bauernherbst_obertrum20230827004-1920x1067.jpg\" title=\"Bauernherbst_Obertrum20230827004\"><img decoding=\"async\" data-title=\"Trachtenmusikkapelle Obertrum -Bauernherbst Er\u00f6ffnung 2023 in Obertrum am See\" title=\"Trachtenmusikkapelle Obertrum -Bauernherbst Er\u00f6ffnung 2023 in Obertrum am See\" data-caption=\"Trachtenmusikkapelle Obertrum -Bauernherbst Er\u00f6ffnung 2023 in Obertrum am See\" width=\"1170\" height=\"658\" src=\"https:\/\/www.salzburgerland.com\/de\/wp-content\/uploads\/2017\/05\/bauernherbst_obertrum20230827004-1170x658.jpg\" class=\"attachment-1170_658 size-1170_658\" alt=\"Eine Frau in roter Uniform spielt bei der Er\u00f6ffnung Fl\u00f6te, zusammen mit anderen in passender Marschmusikkleidung. (vergr\u00f6\u00dferte Ansicht)\" srcset=\"https:\/\/www.salzburgerland.com\/de\/wp-content\/uploads\/2017\/05\/bauernherbst_obertrum20230827004-1170x658.jpg 1170w, https:\/\/www.salzburgerland.com\/de\/wp-content\/uploads\/2017\/05\/bauernherbst_obertrum20230827004-1200x675.jpg 1200w\" sizes=\"(max-width: 1170px) 100vw, 1170px\" aria-describedby=\"figcaption-59744-664982\" itemprop=\"thumbnail\"><\/a><\/div>\n\t\t\t\t\t\t<span id=\"figcaption-59744-664982\" class=\"gallery-caption\" itemprop=\"caption\"><span aria-hidden=\"true\">Trachtenmusikkapelle Obertrum -Bauernherbst Er\u00f6ffnung 2023 in Obertrum am See<\/span><\/span>\n\t\t\t\t\t<\/li>\n\t\t\t\t<\/ul>\n\t\t\t<\/div><!-- .gallery -->\n\n<h2>\u201eStille Nacht! Heilige Nacht!\u201c im Salzburger Seenland<\/h2>\n<p><span>Die Geschichte des wohl ber\u00fchmtesten Weihnachtsliedes der Welt ist untrennbar mit dem SalzburgerLand verbunden.\u00a0<\/span>In <a href=\"https:\/\/www.salzburgerland.com\/de\/oberndorf\/\" target=\"_blank\" rel=\"noopener noreferrer\"><span id=\"urn:local-text-annotation-oj77figjj3ehr82xnv90sh5midgu8hm0\" itemid=\"http:\/\/open.salzburgerland.com\/de\/entity\/oberndorf\">Oberndorf<\/span> <\/a>war es dann letztendlich soweit: Am <span id=\"urn:enhancement-57830dcb-a7dc-3eca-8622-2896b35fbf56\">Heiligen Abend<\/span> des Jahres 1818 sa\u00dfen Joseph Mohr und Franz-Xaver Gruber mit einer Gitarre in der Hand in der St. Nikola Kirche und sangen zum ersten Mal die zweistimmige Komposition\u00a0des Liedes \u201eStille Nacht! Heilige Nacht!\u201c. Dieses historische Geb\u00e4ude fiel gegen Ende des 19. Jahrhunderts den immer wiederkehrenden Hochwassern zum Opfer. Zu jeder Jahreszeit\u00a0lohnt sich ein Ausflug in den \u201eStille-Nacht-Bezirk\u201c von Oberndorf. Mit der <span id=\"urn:enhancement-33c98ff2-daac-eb40-3e1e-be96c89674ec\">Stille-Nacht-Kapelle<\/span> wurde dem\u00a0heute weltber\u00fchmten Weihnachtslied\u00a0ein Denkmal gesetzt. Das Stille Nacht-Museum im Alten Pfarrhaus informiert \u00fcber die Entstehungs- und Verbreitungs-\u00adGeschichte des Liedes sowie \u00fcber die Orts- und Salz-Schifffahrts\u00adgeschichte. Besuchermagnet ist auch das weihnachtliche \u201eStille Nacht Sonderpostamt\u201c, von wo aus Weihnachtspost, versehen mit der Weihnachts-Sondermarke und dem Sonderstempel, in die ganze Welt versendet wird. Hier Erfahren Sie mehr zum Thema <a href=\"https:\/\/www.stillenacht.com\" target=\"_blank\" rel=\"noopener noreferrer\">Stille Nacht<\/a>.<\/p>\n","protected":false},"excerpt":{"rendered":"<p>Nur unweit von der weltbekannten Mozartstadt Salzburg entfernt bietet die Natur zahlreiche M\u00f6glichkeiten, einen unvergesslichen Urlaub zu erleben. Ein gro\u00dfz\u00fcgig ausgebautes Radwegenetz, leichte bis anspruchsvolle Wanderm\u00f6glichkeiten, sch\u00f6ne Strandb\u00e4der und ein umfangreiches Angebot an Highlights erwarten Sie. Die Gastronomie- und die Via Culinaria Betriebe servieren neben regionalen Fischgerichten auch Salzburger Hausmannskost. Brauchtum und Kultur werden in [&hellip;]<\/p>\n","protected":false},"author":18,"featured_media":100006,"comment_status":"closed","ping_status":"closed","template":"","meta":{"_acf_changed":false,"wl_entities_gutenberg":"","_relevanssi_hide_post":"","_relevanssi_hide_content":"","_relevanssi_pin_for_all":"","_relevanssi_pin_keywords":"","_relevanssi_unpin_keywords":"","_relevanssi_related_keywords":"","_relevanssi_related_include_ids":"","_relevanssi_related_exclude_ids":"","_relevanssi_related_no_append":"","_relevanssi_related_not_related":"","_relevanssi_related_posts":"","_relevanssi_noindex_reason":"","footnotes":""},"categories":[1],"tags":[],"wl_entity_type":[5],"ski_resorts":[],"class_list":["post-59744","entity","type-entity","status-publish","has-post-thumbnail","hentry","category-allgemein","wl_entity_type-organization","sitetype-region"],"acf":[],"yoast_head":"<!-- This site is optimized with the Yoast SEO Premium plugin v26.9 (Yoast SEO v26.9) - https:\/\/yoast.com\/product\/yoast-seo-premium-wordpress\/ -->\n<title>Salzburger Seenland \u00bb SalzburgerLand.com<\/title>\n<meta name=\"description\" content=\"Obertrumer See, Mattsee, Grabensee und Wallersee finden Erholungssuchende ein wahres Urlaubsparadies. F\u00fcr Sportskanonen, Familien und Naturliebhaber.\" \/>\n<meta name=\"robots\" content=\"index, follow, max-snippet:-1, max-image-preview:large, max-video-preview:-1\" \/>\n<link rel=\"canonical\" href=\"https:\/\/www.salzburgerland.com\/de\/wp-json\/wp\/v2\/entities\/59744\" \/>\n<meta property=\"og:locale\" content=\"de_DE\" \/>\n<meta property=\"og:type\" content=\"article\" \/>\n<meta property=\"og:title\" content=\"Salzburger Seenland\" \/>\n<meta property=\"og:description\" content=\"Obertrumer See, Mattsee, Grabensee und Wallersee finden Erholungssuchende ein wahres Urlaubsparadies. F\u00fcr Sportskanonen, Familien und Naturliebhaber.\" \/>\n<meta property=\"og:url\" content=\"https:\/\/www.salzburgerland.com\/de\/wp-json\/wp\/v2\/entities\/59744\" \/>\n<meta property=\"og:site_name\" content=\"SalzburgerLand.com\" \/>\n<meta property=\"article:publisher\" content=\"https:\/\/www.facebook.com\/salzburgerland\/\" \/>\n<meta property=\"article:modified_time\" content=\"2026-01-19T12:49:52+00:00\" \/>\n<meta property=\"og:image\" content=\"https:\/\/www.salzburgerland.com\/de\/wp-content\/uploads\/2016\/08\/wallersee_schwaene_im_winter1-e1484213660977-1200x675.jpg\" \/>\n\t<meta property=\"og:image:width\" content=\"1200\" \/>\n\t<meta property=\"og:image:height\" content=\"675\" \/>\n\t<meta property=\"og:image:type\" content=\"image\/jpeg\" \/>\n<meta name=\"twitter:card\" content=\"summary_large_image\" \/>\n<meta name=\"twitter:site\" content=\"@Salzburgerland\" \/>\n<meta name=\"twitter:label1\" content=\"Gesch\u00e4tzte Lesezeit\" \/>\n\t<meta name=\"twitter:data1\" content=\"5\u00a0Minuten\" \/>\n<script type=\"application\/ld+json\" class=\"yoast-schema-graph\">{\"@context\":\"https:\/\/schema.org\",\"@graph\":[{\"@type\":\"WebPage\",\"@id\":\"https:\/\/www.salzburgerland.com\/de\/salzburger-seenland\/\",\"url\":\"https:\/\/www.salzburgerland.com\/de\/salzburger-seenland\/\",\"name\":\"Salzburger Seenland \u00bb SalzburgerLand.com\",\"isPartOf\":{\"@id\":\"https:\/\/www.salzburgerland.com\/de\/#website\"},\"primaryImageOfPage\":{\"@id\":\"https:\/\/www.salzburgerland.com\/de\/salzburger-seenland\/#primaryimage\"},\"image\":{\"@id\":\"https:\/\/www.salzburgerland.com\/de\/salzburger-seenland\/#primaryimage\"},\"thumbnailUrl\":\"https:\/\/www.salzburgerland.com\/de\/wp-content\/uploads\/2016\/08\/wallersee_schwaene_im_winter1-e1484213660977.jpg\",\"datePublished\":\"2016-08-24T15:12:12+00:00\",\"dateModified\":\"2026-01-19T12:49:52+00:00\",\"description\":\"Obertrumer See, Mattsee, Grabensee und Wallersee finden Erholungssuchende ein wahres Urlaubsparadies. F\u00fcr Sportskanonen, Familien und Naturliebhaber.\",\"inLanguage\":\"de\",\"potentialAction\":[{\"@type\":\"ReadAction\",\"target\":[\"https:\/\/www.salzburgerland.com\/de\/salzburger-seenland\/\"]}]},{\"@type\":\"ImageObject\",\"inLanguage\":\"de\",\"@id\":\"https:\/\/www.salzburgerland.com\/de\/salzburger-seenland\/#primaryimage\",\"url\":\"https:\/\/www.salzburgerland.com\/de\/wp-content\/uploads\/2016\/08\/wallersee_schwaene_im_winter1-e1484213660977.jpg\",\"contentUrl\":\"https:\/\/www.salzburgerland.com\/de\/wp-content\/uploads\/2016\/08\/wallersee_schwaene_im_winter1-e1484213660977.jpg\",\"width\":2000,\"height\":1333,\"caption\":\"Wallersee_Schwaene_im_Winter1_Seenland\"},{\"@type\":\"WebSite\",\"@id\":\"https:\/\/www.salzburgerland.com\/de\/#website\",\"url\":\"https:\/\/www.salzburgerland.com\/de\/\",\"name\":\"SalzburgerLand.com\",\"description\":\"Ihr Urlaub in Salzburg, \u00d6sterreich\",\"publisher\":{\"@id\":\"https:\/\/www.salzburgerland.com\/de\/#organization\"},\"potentialAction\":[{\"@type\":\"SearchAction\",\"target\":{\"@type\":\"EntryPoint\",\"urlTemplate\":\"https:\/\/www.salzburgerland.com\/de\/?s={search_term_string}\"},\"query-input\":{\"@type\":\"PropertyValueSpecification\",\"valueRequired\":true,\"valueName\":\"search_term_string\"}}],\"inLanguage\":\"de\"},{\"@type\":\"Organization\",\"@id\":\"https:\/\/www.salzburgerland.com\/de\/#organization\",\"name\":\"SalzburgerLand Tourismus GmbH\",\"url\":\"https:\/\/www.salzburgerland.com\/de\/\",\"logo\":{\"@type\":\"ImageObject\",\"inLanguage\":\"de\",\"@id\":\"https:\/\/www.salzburgerland.com\/de\/#\/schema\/logo\/image\/\",\"url\":\"https:\/\/www.salzburgerland.com\/de\/wp-content\/uploads\/2017\/01\/salzburgerland-logo.jpg\",\"contentUrl\":\"https:\/\/www.salzburgerland.com\/de\/wp-content\/uploads\/2017\/01\/salzburgerland-logo.jpg\",\"width\":1920,\"height\":827,\"caption\":\"SalzburgerLand Tourismus GmbH\"},\"image\":{\"@id\":\"https:\/\/www.salzburgerland.com\/de\/#\/schema\/logo\/image\/\"},\"sameAs\":[\"https:\/\/www.facebook.com\/salzburgerland\/\",\"https:\/\/x.com\/Salzburgerland\",\"https:\/\/www.instagram.com\/salzburgerland\/\",\"http:\/\/dbpedia.org\/resource\/Salzburg_(state)\",\"http:\/\/wikidata.dbpedia.org\/resource\/Q43325\",\"http:\/\/open.salzburgerland.com\/de\/entity\/salzburgerland\",\"https:\/\/www.youtube.com\/user\/salzburgerland\"]}]}<\/script>\n<!-- \/ Yoast SEO Premium plugin. -->","yoast_head_json":{"title":"Salzburger Seenland \u00bb SalzburgerLand.com","description":"Obertrumer See, Mattsee, Grabensee und Wallersee finden Erholungssuchende ein wahres Urlaubsparadies. F\u00fcr Sportskanonen, Familien und Naturliebhaber.","robots":{"index":"index","follow":"follow","max-snippet":"max-snippet:-1","max-image-preview":"max-image-preview:large","max-video-preview":"max-video-preview:-1"},"canonical":"https:\/\/www.salzburgerland.com\/de\/wp-json\/wp\/v2\/entities\/59744","og_locale":"de_DE","og_type":"article","og_title":"Salzburger Seenland","og_description":"Obertrumer See, Mattsee, Grabensee und Wallersee finden Erholungssuchende ein wahres Urlaubsparadies. F\u00fcr Sportskanonen, Familien und Naturliebhaber.","og_url":"https:\/\/www.salzburgerland.com\/de\/wp-json\/wp\/v2\/entities\/59744","og_site_name":"SalzburgerLand.com","article_publisher":"https:\/\/www.facebook.com\/salzburgerland\/","article_modified_time":"2026-01-19T12:49:52+00:00","og_image":[{"width":1200,"height":675,"url":"https:\/\/www.salzburgerland.com\/de\/wp-content\/uploads\/2016\/08\/wallersee_schwaene_im_winter1-e1484213660977-1200x675.jpg","type":"image\/jpeg"}],"twitter_card":"summary_large_image","twitter_site":"@Salzburgerland","twitter_misc":{"Gesch\u00e4tzte Lesezeit":"5\u00a0Minuten"},"schema":{"@context":"https:\/\/schema.org","@graph":[{"@type":"WebPage","@id":"https:\/\/www.salzburgerland.com\/de\/salzburger-seenland\/","url":"https:\/\/www.salzburgerland.com\/de\/salzburger-seenland\/","name":"Salzburger Seenland \u00bb SalzburgerLand.com","isPartOf":{"@id":"https:\/\/www.salzburgerland.com\/de\/#website"},"primaryImageOfPage":{"@id":"https:\/\/www.salzburgerland.com\/de\/salzburger-seenland\/#primaryimage"},"image":{"@id":"https:\/\/www.salzburgerland.com\/de\/salzburger-seenland\/#primaryimage"},"thumbnailUrl":"https:\/\/www.salzburgerland.com\/de\/wp-content\/uploads\/2016\/08\/wallersee_schwaene_im_winter1-e1484213660977.jpg","datePublished":"2016-08-24T15:12:12+00:00","dateModified":"2026-01-19T12:49:52+00:00","description":"Obertrumer See, Mattsee, Grabensee und Wallersee finden Erholungssuchende ein wahres Urlaubsparadies. F\u00fcr Sportskanonen, Familien und Naturliebhaber.","inLanguage":"de","potentialAction":[{"@type":"ReadAction","target":["https:\/\/www.salzburgerland.com\/de\/salzburger-seenland\/"]}]},{"@type":"ImageObject","inLanguage":"de","@id":"https:\/\/www.salzburgerland.com\/de\/salzburger-seenland\/#primaryimage","url":"https:\/\/www.salzburgerland.com\/de\/wp-content\/uploads\/2016\/08\/wallersee_schwaene_im_winter1-e1484213660977.jpg","contentUrl":"https:\/\/www.salzburgerland.com\/de\/wp-content\/uploads\/2016\/08\/wallersee_schwaene_im_winter1-e1484213660977.jpg","width":2000,"height":1333,"caption":"Wallersee_Schwaene_im_Winter1_Seenland"},{"@type":"WebSite","@id":"https:\/\/www.salzburgerland.com\/de\/#website","url":"https:\/\/www.salzburgerland.com\/de\/","name":"SalzburgerLand.com","description":"Ihr Urlaub in Salzburg, \u00d6sterreich","publisher":{"@id":"https:\/\/www.salzburgerland.com\/de\/#organization"},"potentialAction":[{"@type":"SearchAction","target":{"@type":"EntryPoint","urlTemplate":"https:\/\/www.salzburgerland.com\/de\/?s={search_term_string}"},"query-input":{"@type":"PropertyValueSpecification","valueRequired":true,"valueName":"search_term_string"}}],"inLanguage":"de"},{"@type":"Organization","@id":"https:\/\/www.salzburgerland.com\/de\/#organization","name":"SalzburgerLand Tourismus GmbH","url":"https:\/\/www.salzburgerland.com\/de\/","logo":{"@type":"ImageObject","inLanguage":"de","@id":"https:\/\/www.salzburgerland.com\/de\/#\/schema\/logo\/image\/","url":"https:\/\/www.salzburgerland.com\/de\/wp-content\/uploads\/2017\/01\/salzburgerland-logo.jpg","contentUrl":"https:\/\/www.salzburgerland.com\/de\/wp-content\/uploads\/2017\/01\/salzburgerland-logo.jpg","width":1920,"height":827,"caption":"SalzburgerLand Tourismus GmbH"},"image":{"@id":"https:\/\/www.salzburgerland.com\/de\/#\/schema\/logo\/image\/"},"sameAs":["https:\/\/www.facebook.com\/salzburgerland\/","https:\/\/x.com\/Salzburgerland","https:\/\/www.instagram.com\/salzburgerland\/","http:\/\/dbpedia.org\/resource\/Salzburg_(state)","http:\/\/wikidata.dbpedia.org\/resource\/Q43325","http:\/\/open.salzburgerland.com\/de\/entity\/salzburgerland","https:\/\/www.youtube.com\/user\/salzburgerland"]}]}},"_wl_alt_label":[],"wl:entity_url":"http:\/\/open.salzburgerland.com\/de\/entity\/salzburger_seenland","_links":{"self":[{"href":"https:\/\/www.salzburgerland.com\/de\/wp-json\/wp\/v2\/entities\/59744","targetHints":{"allow":["GET"]}}],"collection":[{"href":"https:\/\/www.salzburgerland.com\/de\/wp-json\/wp\/v2\/entities"}],"about":[{"href":"https:\/\/www.salzburgerland.com\/de\/wp-json\/wp\/v2\/types\/entity"}],"author":[{"embeddable":true,"href":"https:\/\/www.salzburgerland.com\/de\/wp-json\/wp\/v2\/users\/18"}],"replies":[{"embeddable":true,"href":"https:\/\/www.salzburgerland.com\/de\/wp-json\/wp\/v2\/comments?post=59744"}],"version-history":[{"count":5,"href":"https:\/\/www.salzburgerland.com\/de\/wp-json\/wp\/v2\/entities\/59744\/revisions"}],"predecessor-version":[{"id":668090,"href":"https:\/\/www.salzburgerland.com\/de\/wp-json\/wp\/v2\/entities\/59744\/revisions\/668090"}],"wp:featuredmedia":[{"embeddable":true,"href":"https:\/\/www.salzburgerland.com\/de\/wp-json\/wp\/v2\/media\/100006"}],"wp:attachment":[{"href":"https:\/\/www.salzburgerland.com\/de\/wp-json\/wp\/v2\/media?parent=59744"}],"wp:term":[{"taxonomy":"category","embeddable":true,"href":"https:\/\/www.salzburgerland.com\/de\/wp-json\/wp\/v2\/categories?post=59744"},{"taxonomy":"post_tag","embeddable":true,"href":"https:\/\/www.salzburgerland.com\/de\/wp-json\/wp\/v2\/tags?post=59744"},{"taxonomy":"wl_entity_type","embeddable":true,"href":"https:\/\/www.salzburgerland.com\/de\/wp-json\/wp\/v2\/wl_entity_type?post=59744"},{"taxonomy":"ski_resorts","embeddable":true,"href":"https:\/\/www.salzburgerland.com\/de\/wp-json\/wp\/v2\/ski_resorts?post=59744"}],"curies":[{"name":"wp","href":"https:\/\/api.w.org\/{rel}","templated":true}]}}