{"id":59731,"date":"2016-08-24T17:06:53","date_gmt":"2016-08-24T15:06:53","guid":{"rendered":"https:\/\/www.onebigpark.at\/de\/?post_type=entity&#038;p=59731"},"modified":"2026-04-07T14:30:44","modified_gmt":"2026-04-07T12:30:44","slug":"grossarltal","status":"publish","type":"entity","link":"https:\/\/www.salzburgerland.com\/de\/grossarltal\/","title":{"rendered":"Gro\u00dfarltal"},"content":{"rendered":"<p>Das zwischen den Hohen Tauern und den Niederen Tauern gelegene <a href=\"https:\/\/www.grossarltal.info\/\" target=\"_blank\" rel=\"noopener noreferrer\">Gro\u00dfarltal<\/a> mit den malerischen Orten H\u00fcttschlag und Gro\u00dfarl ist auch als Tal der Almen bekannt \u2013 und davon profitieren sowohl Sommer- als auch Winterurlauber. Denn was gibt es herrlicheres als nach einer Wanderung oder einem sportlichen Skitag hier am Eingang zum <a href=\"https:\/\/www.salzburgerland.com\/de\/nationalpark-hohetauern\/\" rel=\"noopener noreferrer\">Nationalpark Hohe Tauern<\/a> die Energiereserven mit herzhafter H\u00fcttenkulinarik wieder aufzuladen. Schon die Anreise ins Tal ist spektakul\u00e4r. Hoch \u00fcber der weltber\u00fchmten Liechtensteinklamm schl\u00e4ngelt sich die Stra\u00dfe den Fels entlang hinein in die Hohen Tauern. In etwa in der Mitte des Tales liegt der Hauptort Gro\u00dfarl mit seinen zahlreichen Hotels, den Bergbahnen und den Freizeiteinrichtungen f\u00fcr die ganze Familie. Acht Kilometer weiter trifft man auf das idyllische Bergsteigerdorf H\u00fcttschlag.<\/p>\n<p>Nach nochmals sieben Kilometern ist Schluss. Hier endet die Stra\u00dfe. Weiter kommt man nur noch aus eigener Kraft \u2013 mit dem Mountainbike oder zu Fu\u00df. Hier, wo die Welt scheinbar zu Ende ist, f\u00e4ngt das Abenteuer erst richtig an. Herrliche Natur, alpine Urw\u00e4lder, Blumen \u00fcbers\u00e4te Almwiesen und Gipfel soweit das Auge reicht.<\/p>\n<img decoding=\"async\" class=\"size-1170_658 wp-image-586544\" src=\"https:\/\/cdn.salzburgerland.com\/de\/wp-content\/uploads\/2016\/08\/frauen-u-gamskarkogel-2019_54-1170x658.jpg\" alt=\"\" width=\"1170\" height=\"658\" srcset=\"https:\/\/www.salzburgerland.com\/de\/wp-content\/uploads\/2016\/08\/frauen-u-gamskarkogel-2019_54-1170x658.jpg 1170w, https:\/\/www.salzburgerland.com\/de\/wp-content\/uploads\/2016\/08\/frauen-u-gamskarkogel-2019_54-1200x675.jpg 1200w\" sizes=\"(max-width: 1170px) 100vw, 1170px\">\n<p>(c) TVB Gro\u00dfarltal \u2013 Frauen- und Gamskarkogel<\/p>\n<h2>Sommer im Gro\u00dfarltal<\/h2>\n<p>Drei\u00dfig Kilometer lang ist das Salzburger Gro\u00dfarltal, das dank seiner vielen bewirtschafteten Almh\u00fctten von seinen Kennern auch liebevoll \u00bbTal der Almen\u00ab genannt wird. Denn nirgends sonst in \u00d6sterreich gibt es so viele H\u00fctten, in denen die Sennleute Wanderer und Mountainbiker mit selbst gemachten K\u00f6stlichkeiten verw\u00f6hnen.<\/p>\n<p><a href=\"https:\/\/www.grossarltal.info\/de\/sommer\/almwandern\/almen.html\" target=\"_blank\" rel=\"noopener noreferrer\">40 bewirtschaftete Almen<\/a> laden zu entspannten Wanderungen und kulinarischen K\u00f6stlichkeiten. So ein Butterbrot mit schmackhaftem K\u00e4se aus der <a href=\"https:\/\/www.bergbauernkaese.com\/\" target=\"_blank\" rel=\"noopener noreferrer\">Genuss Region Gro\u00dfarltal<\/a> schmeckt schon besonders lecker. \u00dcber bl\u00fchende Almwiesen, zu glasklaren Seen oder auf aussichtsreiche Gipfel zu wandern, macht eben hungrig. Mountainbiker erwartet im Gro\u00dfarltal ein Streckennetz von gesamt 160 km und 14.000 H\u00f6henmetern. Besonders schlaue Biker fahren \u201emit R\u00fcckenwind\u201c \u2013 sie leihen sich bei den Bike-Profis im Gro\u00dfarltal ein E-Mountainbike der neuesten Generation.<\/p>\n<div id=\"attachment_586545\" style=\"width: 1180px\" class=\"wp-caption aligncenter\"><img decoding=\"async\" aria-describedby=\"caption-attachment-586545\" class=\"size-1170_658 wp-image-586545\" src=\"https:\/\/cdn.salzburgerland.com\/de\/wp-content\/uploads\/2016\/08\/grossarltal-2019-c_erwin_haiden_1620-1170x658.jpg\" alt=\"\" width=\"1170\" height=\"658\" srcset=\"https:\/\/www.salzburgerland.com\/de\/wp-content\/uploads\/2016\/08\/grossarltal-2019-c_erwin_haiden_1620-1170x658.jpg 1170w, https:\/\/www.salzburgerland.com\/de\/wp-content\/uploads\/2016\/08\/grossarltal-2019-c_erwin_haiden_1620-1200x675.jpg 1200w\" sizes=\"(max-width: 1170px) 100vw, 1170px\"><p id=\"caption-attachment-586545\" class=\"wp-caption-text\">(c) TVB Gro\u00dfarltal\/Erwin Haiden, Mountainibiken im Gro\u00dfarltal<\/p><\/div>\n<h2><strong>Urlaubsspa\u00df f\u00fcr die ganze Familie<\/strong><\/h2>\n<p>Gro\u00dfarl bietet ein gro\u00dfz\u00fcgiges Freizeitzentrum mit Erlebnisschwimmbad, Wasserrutsche, Sprungturm und gem\u00fctlichem Restaurant. F\u00fcr Abwechslung und Spa\u00df sorgen auch drei Tennispl\u00e4tze, Beach-Volleyball, Minigolf und \u201eRucki Zucki\u00b4s Gaudi-Alm\u201c \u2013\u00a0 Salzburgs gr\u00f6\u00dfter Almenspielplatz mit Bergsee, Almbach, Kristallbergwerk und vielen tollen Attraktionen mitten im Ortszentrum von Gro\u00dfarl. Zugleich ist Gro\u00dfarl der Ausgangspunkt der Skischaukel Gro\u00dfarltal-Dorfgastein, die nat\u00fcrlich auch im Sommer in Betrieb ist. Z\u00fcgig und bequem schwebt man mit der Gondel auf den <a href=\"https:\/\/erlebnisberg-grossarl.at\/\" target=\"_blank\" rel=\"noopener\">Erlebnisberg Gro\u00dfarl.<\/a> Oben wartet ein einzigartiges Panorama, Spiel &amp; Spa\u00df entlang der Wanderwege \u00fcber den Kreuzkogel bis zum Spiegelsee, rasante Abfahrten auf den beiden Single-Trails, Spa\u00df und Action mit den Mountaincarts sowie am E-Trial-Park und sinnliche Erlebnisse am \u201eGro\u00dfarler Sinnesweg\u201c an der Gehwolfalm. Im Bergsteigerdorf H\u00fcttschlag findet man Adrenalin und Abenteuer in den anspruchsvollen Klettersteigen durch die \u201eH\u00fcttschlager Wand\u201c.<\/p>\n<div id=\"attachment_677117\" style=\"width: 1034px\" class=\"wp-caption alignnone\"><img decoding=\"async\" aria-describedby=\"caption-attachment-677117\" class=\"wp-image-677117 size-medium\" src=\"https:\/\/www.salzburgerland.com\/de\/wp-content\/uploads\/2016\/08\/schoedersee--tourismusverband-grossarltal-e1744110815989-1024x569.jpg\" alt=\"\" width=\"1024\" height=\"569\" srcset=\"https:\/\/www.salzburgerland.com\/de\/wp-content\/uploads\/2016\/08\/schoedersee--tourismusverband-grossarltal-e1744110815989-1024x569.jpg 1024w, https:\/\/www.salzburgerland.com\/de\/wp-content\/uploads\/2016\/08\/schoedersee--tourismusverband-grossarltal-e1744110815989-370x206.jpg 370w, https:\/\/www.salzburgerland.com\/de\/wp-content\/uploads\/2016\/08\/schoedersee--tourismusverband-grossarltal-e1744110815989-270x150.jpg 270w, https:\/\/www.salzburgerland.com\/de\/wp-content\/uploads\/2016\/08\/schoedersee--tourismusverband-grossarltal-e1744110815989-540x300.jpg 540w\" sizes=\"(max-width: 1024px) 100vw, 1024px\"><p id=\"caption-attachment-677117\" class=\"wp-caption-text\">Sch\u00f6dersee \u00a9 Tourismusverband Gro\u00dfarltal<\/p><\/div>\n<p>Wer noch tiefer in das Erlebnis und den Genuss \u201eBerg\u201c eintauchen m\u00f6chte, der ist mit der Angebotsvielfalt von <a href=\"https:\/\/www.berg-gesund.at\/\" target=\"_blank\" rel=\"noopener noreferrer\">\u201eBERG-GESUND\u201c<\/a> gut beraten. Bei \u00fcber 140 Aktivit\u00e4ten \u2013 von der gef\u00fchrten Hochgebirgstour \u00fcber die Alpenblumen-Wanderungen, Gleitschirmfliegen-Schnuppern bis zu Yoga auf der Alm \u2013 ist wirklich f\u00fcr jeden etwas dabei.<\/p>\n\n\t\t\t<div id=\"59731-1\" class=\"gallery gallery-59731 gallery-columns-3 gallery-size-1170_658\" itemscope itemtype=\"http:\/\/schema.org\/ImageGallery\">\n\t\t\t\t<ul class=\"gallery-row gallery-col-3 gallery-clear\">\n\t\t\t\t\t<li class=\"gallery-item col-3\" itemprop=\"associatedMedia\" itemscope itemtype=\"http:\/\/schema.org\/ImageObject\">\n\t\t\t\t\t\t<div class=\"gallery-icon landscape\"><a href=\"https:\/\/www.salzburgerland.com\/de\/wp-content\/uploads\/2016\/08\/schuhflickersee--tourismusverband-grossarltal-1601x1067.jpg\" title=\"Schuhflickersee \u00a9 Tourismusverband Gro\u00dfarltal\"><img decoding=\"async\" data-title=\"Schuhflickersee \u00a9 Tourismusverband Gro\u00dfarltal\" title=\"Schuhflickersee \u00a9 Tourismusverband Gro\u00dfarltal\" data-caption=\"Schuhflickersee \u00a9 Tourismusverband Gro\u00dfarltal\" width=\"1170\" height=\"658\" src=\"https:\/\/www.salzburgerland.com\/de\/wp-content\/uploads\/2016\/08\/schuhflickersee--tourismusverband-grossarltal-1170x658.jpg\" class=\"attachment-1170_658 size-1170_658\" alt=\"Ein kleiner Alpensee im Gro\u00dfarltal, umgeben von gr\u00fcnen H\u00fcgeln, felsigen Gipfeln und Schnee unter einem teilweise bew\u00f6lkten Himmel. (vergr\u00f6\u00dferte Ansicht)\" srcset=\"https:\/\/www.salzburgerland.com\/de\/wp-content\/uploads\/2016\/08\/schuhflickersee--tourismusverband-grossarltal-1170x658.jpg 1170w, https:\/\/www.salzburgerland.com\/de\/wp-content\/uploads\/2016\/08\/schuhflickersee--tourismusverband-grossarltal-1200x675.jpg 1200w\" sizes=\"(max-width: 1170px) 100vw, 1170px\" aria-describedby=\"figcaption-59731-677119\" itemprop=\"thumbnail\"><\/a><\/div>\n\t\t\t\t\t\t<span id=\"figcaption-59731-677119\" class=\"gallery-caption\" itemprop=\"caption\"><span aria-hidden=\"true\">Schuhflickersee \u00a9 Tourismusverband Gro\u00dfarltal<\/span><\/span>\n\t\t\t\t\t<\/li>\n\t\t\t\t\t<li class=\"gallery-item col-3\" itemprop=\"associatedMedia\" itemscope itemtype=\"http:\/\/schema.org\/ImageObject\">\n\t\t\t\t\t\t<div class=\"gallery-icon landscape\"><a href=\"https:\/\/www.salzburgerland.com\/de\/wp-content\/uploads\/2016\/08\/yogawanderung_4__dsc8606-1920x1067.jpg\" title=\"Yogawanderung\"><img decoding=\"async\" data-title=\"\u00a9 Gruber Michael    Yoga am Berg\" title=\"\u00a9 Gruber Michael    Yoga am Berg\" data-caption=\"\u00a9 Gruber Michael    Yoga am Berg\" width=\"1170\" height=\"658\" src=\"https:\/\/www.salzburgerland.com\/de\/wp-content\/uploads\/2016\/08\/yogawanderung_4__dsc8606-1170x658.jpg\" class=\"attachment-1170_658 size-1170_658\" alt=\"Eine Gruppe praktiziert Yoga auf einem grasbewachsenen H\u00fcgel im Gro\u00dfarltal, die Berge erheben sich unter einem klaren blauen Himmel. (vergr\u00f6\u00dferte Ansicht)\" srcset=\"https:\/\/www.salzburgerland.com\/de\/wp-content\/uploads\/2016\/08\/yogawanderung_4__dsc8606-1170x658.jpg 1170w, https:\/\/www.salzburgerland.com\/de\/wp-content\/uploads\/2016\/08\/yogawanderung_4__dsc8606-1200x675.jpg 1200w\" sizes=\"(max-width: 1170px) 100vw, 1170px\" aria-describedby=\"figcaption-59731-237697\" itemprop=\"thumbnail\"><\/a><\/div>\n\t\t\t\t\t\t<span id=\"figcaption-59731-237697\" class=\"gallery-caption\" itemprop=\"caption\"><span aria-hidden=\"true\">\u00a9 Gruber Michael    Yoga am Berg<\/span><\/span>\n\t\t\t\t\t<\/li>\n\t\t\t\t\t<li class=\"gallery-item col-3\" itemprop=\"associatedMedia\" itemscope itemtype=\"http:\/\/schema.org\/ImageObject\">\n\t\t\t\t\t\t<div class=\"gallery-icon landscape\"><a href=\"https:\/\/www.salzburgerland.com\/de\/wp-content\/uploads\/2016\/08\/grossarltal-jause--lorenz-masser-1602x1067.jpg\" title=\"Grossarltal Jause \u00a9 Lorenz Masser\"><img decoding=\"async\" data-title=\"Grossarltal Jause \u00a9 Lorenz Masser\" title=\"Grossarltal Jause \u00a9 Lorenz Masser\" data-caption=\"Grossarltal Jause \u00a9 Lorenz Masser\" width=\"1170\" height=\"658\" src=\"https:\/\/www.salzburgerland.com\/de\/wp-content\/uploads\/2016\/08\/grossarltal-jause--lorenz-masser-1170x658.jpg\" class=\"attachment-1170_658 size-1170_658\" alt=\"Eine Hand h\u00e4lt einen Teller mit gef\u00fcllten Eiern neben einem Wurstbrett auf einem rustikalen Gro\u00dfarltaler Tisch. (vergr\u00f6\u00dferte Ansicht)\" srcset=\"https:\/\/www.salzburgerland.com\/de\/wp-content\/uploads\/2016\/08\/grossarltal-jause--lorenz-masser-1170x658.jpg 1170w, https:\/\/www.salzburgerland.com\/de\/wp-content\/uploads\/2016\/08\/grossarltal-jause--lorenz-masser-1200x675.jpg 1200w\" sizes=\"(max-width: 1170px) 100vw, 1170px\" aria-describedby=\"figcaption-59731-677120\" itemprop=\"thumbnail\"><\/a><\/div>\n\t\t\t\t\t\t<span id=\"figcaption-59731-677120\" class=\"gallery-caption\" itemprop=\"caption\"><span aria-hidden=\"true\">Grossarltal Jause \u00a9 Lorenz Masser<\/span><\/span>\n\t\t\t\t\t<\/li>\n\t\t\t\t<\/ul>\n\t\t\t\t<ul class=\"gallery-row gallery-col-3 gallery-clear\">\n\t\t\t\t\t<li class=\"gallery-item col-3\" itemprop=\"associatedMedia\" itemscope itemtype=\"http:\/\/schema.org\/ImageObject\">\n\t\t\t\t\t\t<div class=\"gallery-icon landscape\"><a href=\"https:\/\/www.salzburgerland.com\/de\/wp-content\/uploads\/2016\/08\/grossarltal-biken--erwin_haiden-1600x1067.jpg\" title=\"Gro\u00dfarltal Biken \u00a9 Erwin Haiden\"><img decoding=\"async\" data-title=\"Gro\u00dfarltal Biken \u00a9 Erwin Haiden \" title=\"Gro\u00dfarltal Biken \u00a9 Erwin Haiden \" data-caption=\"Gro\u00dfarltal Biken \u00a9 Erwin Haiden \" width=\"1170\" height=\"658\" src=\"https:\/\/www.salzburgerland.com\/de\/wp-content\/uploads\/2016\/08\/grossarltal-biken--erwin_haiden-1170x658.jpg\" class=\"attachment-1170_658 size-1170_658\" alt=\"Zwei Radfahrer fahren auf einem Bergweg im Gro\u00dfarltal, umgeben von Wildblumen und malerischen H\u00fcgeln im Hintergrund. (vergr\u00f6\u00dferte Ansicht)\" srcset=\"https:\/\/www.salzburgerland.com\/de\/wp-content\/uploads\/2016\/08\/grossarltal-biken--erwin_haiden-1170x658.jpg 1170w, https:\/\/www.salzburgerland.com\/de\/wp-content\/uploads\/2016\/08\/grossarltal-biken--erwin_haiden-1200x675.jpg 1200w\" sizes=\"(max-width: 1170px) 100vw, 1170px\" aria-describedby=\"figcaption-59731-677121\" itemprop=\"thumbnail\"><\/a><\/div>\n\t\t\t\t\t\t<span id=\"figcaption-59731-677121\" class=\"gallery-caption\" itemprop=\"caption\"><span aria-hidden=\"true\">Gro\u00dfarltal Biken \u00a9 Erwin Haiden <\/span><\/span>\n\t\t\t\t\t<\/li>\n\t\t\t\t\t<li class=\"gallery-item col-3\" itemprop=\"associatedMedia\" itemscope itemtype=\"http:\/\/schema.org\/ImageObject\">\n\t\t\t\t\t\t<div class=\"gallery-icon landscape\"><a href=\"https:\/\/www.salzburgerland.com\/de\/wp-content\/uploads\/2016\/08\/grossarltal-wandern--lorenz-masser-1602x1067.jpg\" title=\"Grossarltal Wandern \u00a9 Lorenz Masser\"><img decoding=\"async\" data-title=\"Grossarltal Wandern \u00a9 Lorenz Masser\" title=\"Grossarltal Wandern \u00a9 Lorenz Masser\" data-caption=\"Grossarltal Wandern \u00a9 Lorenz Masser\" width=\"1170\" height=\"658\" src=\"https:\/\/www.salzburgerland.com\/de\/wp-content\/uploads\/2016\/08\/grossarltal-wandern--lorenz-masser-1170x658.jpg\" class=\"attachment-1170_658 size-1170_658\" alt=\"Vier Personen wandern bergauf zu einer rustikalen \u00f6sterreichischen H\u00fctte im Gro\u00dfarltal, umgeben von gr\u00fcnem Gras und unter einem klaren Himmel. (vergr\u00f6\u00dferte Ansicht)\" srcset=\"https:\/\/www.salzburgerland.com\/de\/wp-content\/uploads\/2016\/08\/grossarltal-wandern--lorenz-masser-1170x658.jpg 1170w, https:\/\/www.salzburgerland.com\/de\/wp-content\/uploads\/2016\/08\/grossarltal-wandern--lorenz-masser-1200x675.jpg 1200w\" sizes=\"(max-width: 1170px) 100vw, 1170px\" aria-describedby=\"figcaption-59731-677122\" itemprop=\"thumbnail\"><\/a><\/div>\n\t\t\t\t\t\t<span id=\"figcaption-59731-677122\" class=\"gallery-caption\" itemprop=\"caption\"><span aria-hidden=\"true\">Grossarltal Wandern \u00a9 Lorenz Masser<\/span><\/span>\n\t\t\t\t\t<\/li>\n\t\t\t\t\t<li class=\"gallery-item col-3\" itemprop=\"associatedMedia\" itemscope itemtype=\"http:\/\/schema.org\/ImageObject\">\n\t\t\t\t\t\t<div class=\"gallery-icon landscape\"><a href=\"https:\/\/www.salzburgerland.com\/de\/wp-content\/uploads\/2016\/08\/grossarltal-berg-gesund-klettersteig--gipfelfieber-1602x1067.jpg\" title=\"Gro\u00dfarltal Berg Gesund Klettersteig \u00a9Gipfelfieber\"><img decoding=\"async\" data-title=\"Gro\u00dfarltal Berg Gesund Klettersteig \u00a9Gipfelfieber\" title=\"Gro\u00dfarltal Berg Gesund Klettersteig \u00a9Gipfelfieber\" data-caption=\"Gro\u00dfarltal Berg Gesund Klettersteig \u00a9Gipfelfieber\" width=\"1170\" height=\"658\" src=\"https:\/\/www.salzburgerland.com\/de\/wp-content\/uploads\/2016\/08\/grossarltal-berg-gesund-klettersteig--gipfelfieber-1170x658.jpg\" class=\"attachment-1170_658 size-1170_658\" alt=\"Drei Personen klettern im Gro\u00dfarltal an einem steilen, felsigen Felsen mit Grasfl\u00e4chen und Klettergurten. (vergr\u00f6\u00dferte Ansicht)\" srcset=\"https:\/\/www.salzburgerland.com\/de\/wp-content\/uploads\/2016\/08\/grossarltal-berg-gesund-klettersteig--gipfelfieber-1170x658.jpg 1170w, https:\/\/www.salzburgerland.com\/de\/wp-content\/uploads\/2016\/08\/grossarltal-berg-gesund-klettersteig--gipfelfieber-1200x675.jpg 1200w\" sizes=\"(max-width: 1170px) 100vw, 1170px\" aria-describedby=\"figcaption-59731-677123\" itemprop=\"thumbnail\"><\/a><\/div>\n\t\t\t\t\t\t<span id=\"figcaption-59731-677123\" class=\"gallery-caption\" itemprop=\"caption\"><span aria-hidden=\"true\">Gro\u00dfarltal Berg Gesund Klettersteig \u00a9Gipfelfieber<\/span><\/span>\n\t\t\t\t\t<\/li>\n\t\t\t\t<\/ul>\n\t\t\t<\/div><!-- .gallery -->\n\n<h2>Winter im Gro\u00dfarltal<\/h2>\n<p>Sobald Frau Holle ihre Federbetten \u00fcber dem Gro\u00dfarltal ausgesch\u00fcttelt hat, gibt es schier grenzenloses Wintervergn\u00fcgen zu erleben. Skifahrer und Snowboarder kommen hier in Ski amad\u00e9 voll auf ihre Rechnung. W\u00e4hrend sich die K\u00f6nner an anspruchsvolle Freeridepisten heranwagen, genie\u00dfen Familie die einladenden, breiten Pisten der Skischaukel Gro\u00dfarltal-Dorfgastein. Kids f\u00fchlen sich auch im coolen Funpark wohl.<\/p>\n<h2>Alles NEU \u2013 Noch mehr Komfort und (Ski-)Genuss!<\/h2>\n<p>Das Gro\u00dfarltal mit seiner Skischaukel nach Dorfgastein bietet Ski- &amp; Naturgenuss f\u00fcr die ganze Familie. Im Winter 2023\/24 wurde\u00a0 in eine neue 10er-Kabinenbahn, zus\u00e4tzliche Pisten, ein einzigartiges Gipfelrestaurant und umfangreiche \u00f6kologische Begleitma\u00dfnahmen investiert.<\/p>\n<p>Die neue, topmoderne 10er Kabinenbahn Kieserl f\u00fchrt \u00fcber eine Mittelstation in nur rund 15 Minuten Fahrzeit vom Tal \u00fcber mehr als 1.000 H\u00f6henmeter direkt bis auf das Gipfelplateau des Kieserls (1.954 m). Sie erschlie\u00dft damit auf Gro\u00dfarler Seite mit herrlich schneesicheren Pisten den Skiraum der Roslehenalm. Neu ist auch eine zus\u00e4tzliche direkte Skianbindung vom Kieserl nach Dorfgastein. Somit wachsen die beiden Orte Gro\u00dfarl und Dorfgastein noch n\u00e4her zusammen. Man wechselt k\u00fcnftig noch einfacher hin und her \u2013 her und hin. Skischaukeln eben.<\/p>\n<p>Sprichw\u00f6rtlicher H\u00f6hepunkt der Anlage ist das Gipfelrestaurant WOLKE7 im Obergeschoss der Bergstation mit gro\u00dfer Sonnenterrasse und einzigartigem 360\u00b0 Panoramablick.<\/p>\n<p>Genie\u00dfen Sie die neue Dimension des Skifahrens im Gro\u00dfarltal.<\/p>\n<div id=\"attachment_677124\" style=\"width: 1180px\" class=\"wp-caption alignnone\"><img decoding=\"async\" aria-describedby=\"caption-attachment-677124\" class=\"size-1170_658 wp-image-677124\" src=\"https:\/\/www.salzburgerland.com\/de\/wp-content\/uploads\/2016\/08\/grossarltal-kieserlbahn--lorenzmasser-1170x658.jpg\" alt=\"\" width=\"1170\" height=\"658\" srcset=\"https:\/\/www.salzburgerland.com\/de\/wp-content\/uploads\/2016\/08\/grossarltal-kieserlbahn--lorenzmasser-1170x658.jpg 1170w, https:\/\/www.salzburgerland.com\/de\/wp-content\/uploads\/2016\/08\/grossarltal-kieserlbahn--lorenzmasser-1200x675.jpg 1200w\" sizes=\"(max-width: 1170px) 100vw, 1170px\"><p id=\"caption-attachment-677124\" class=\"wp-caption-text\">Gro\u00dfarltal Kieserlbahn \u00a9 Lorenz Masser<\/p><\/div>\n<p>Ein besonderes Zuckerl wartet auf alle Fr\u00fchaufsteher \u2013 denn bei \u201e<a href=\"https:\/\/www.grossarltal.info\/de\/winter\/ski-erlebnisberg\/skikeriki.html\" target=\"_blank\" rel=\"noopener noreferrer\">Skikeriki<\/a>\u201c hei\u00dft es bereits bei Sonnenaufgang seine Schw\u00fcnge in die frische Piste zu ziehen, am Berg wartet danach ein Verw\u00f6hn-Fr\u00fchst\u00fcck mit regionalen K\u00f6stlichkeiten.<\/p>\n<p>Ski-Knirpse finden ihr Abenteuer in der neuen Erlebniswiese Fischbacher. Begleitet von Maskottchen ,\u201eRucki-Zucki\u201c wird gerodelt, Ski gefahren, auf dem Bob gerutscht und um lustige Hindernisse ged\u00fcst. F\u00fcr G\u00e4ste des Gro\u00dfarltals ist die Ben\u00fctzung der Erlebniswiese kostenlos.<\/p>\n<p>Auch abseits der Piste tankt man Kraft beim\u00a0Spazieren, Langlaufen, Rodeln, Tourengehen und Schneeschuhwandern. Dazu lockt ein umfangreiches Aktivprogramm mit w\u00f6chentlich bis zu acht gef\u00fchrten Skitouren, Schneeschuhwanderungen und Sportklettern-Schnuppern. Alle Termine auf: <a href=\"http:\/\/www.berg-gesund.at\">www.berg-gesund.at<\/a>. Die Teilnahme ist f\u00fcr G\u00e4ste der BERG-GESUND-Partnerbetriebe kostenlos.<\/p>\n<p>Idyllisch, ruhig und gem\u00fctlich geht es zur Vorweihnachtszeit zu \u2013 dann n\u00e4mlich er\u00f6ffnet der <a href=\"https:\/\/www.grossarltal.info\/de\/winter\/pauschalen\/salzburger-bergadvent.html\" target=\"_blank\" rel=\"noopener noreferrer\">Salzburger Bergadvent<\/a> seine H\u00fctten und l\u00e4sst mit einem stimmungsvollen Programm die Vorfreude auf Weihnachten h\u00f6her steigen.<\/p>\n\n\t\t\t<div id=\"59731-2\" class=\"gallery gallery-59731 gallery-columns-3 gallery-size-1170_658\" itemscope itemtype=\"http:\/\/schema.org\/ImageGallery\">\n\t\t\t\t<ul class=\"gallery-row gallery-col-3 gallery-clear\">\n\t\t\t\t\t<li class=\"gallery-item col-3\" itemprop=\"associatedMedia\" itemscope itemtype=\"http:\/\/schema.org\/ImageObject\">\n\t\t\t\t\t\t<div class=\"gallery-icon landscape\"><a href=\"https:\/\/www.salzburgerland.com\/de\/wp-content\/uploads\/2016\/08\/pferdeschlitten-grossarltal--gipfelfieber-1600x1067.jpg\" title=\"Pferdeschlittenfahrt im Gro\u00dfarltal\"><img decoding=\"async\" data-title=\"\u00a9 Gipfelfieber\" title=\"\u00a9 Gipfelfieber\" data-caption=\"\u00a9 Gipfelfieber\" width=\"1170\" height=\"658\" src=\"https:\/\/www.salzburgerland.com\/de\/wp-content\/uploads\/2016\/08\/pferdeschlitten-grossarltal--gipfelfieber-1170x658.jpg\" class=\"attachment-1170_658 size-1170_658\" alt=\"Zwei Personen fahren in einer Pferdekutsche durch das verschneite Gro\u00dfarltal mit Bergen und B\u00e4umen im Hintergrund. (vergr\u00f6\u00dferte Ansicht)\" srcset=\"https:\/\/www.salzburgerland.com\/de\/wp-content\/uploads\/2016\/08\/pferdeschlitten-grossarltal--gipfelfieber-1170x658.jpg 1170w, https:\/\/www.salzburgerland.com\/de\/wp-content\/uploads\/2016\/08\/pferdeschlitten-grossarltal--gipfelfieber-1200x675.jpg 1200w\" sizes=\"(max-width: 1170px) 100vw, 1170px\" aria-describedby=\"figcaption-59731-677125\" itemprop=\"thumbnail\"><\/a><\/div>\n\t\t\t\t\t\t<span id=\"figcaption-59731-677125\" class=\"gallery-caption\" itemprop=\"caption\"><span aria-hidden=\"true\">\u00a9 Gipfelfieber<\/span><\/span>\n\t\t\t\t\t<\/li>\n\t\t\t\t\t<li class=\"gallery-item col-3\" itemprop=\"associatedMedia\" itemscope itemtype=\"http:\/\/schema.org\/ImageObject\">\n\t\t\t\t\t\t<div class=\"gallery-icon landscape\"><a href=\"https:\/\/www.salzburgerland.com\/de\/wp-content\/uploads\/2016\/08\/salzburger-bergadvent-c-www-grossarltal-info_-1600x1067.jpg\" title=\"Salzburger Bergadvent im Gro\u00dfarltal\"><img decoding=\"async\" data-title=\"\u00a9 www.grossarltal.info\" title=\"\u00a9 www.grossarltal.info\" data-caption=\"\u00a9 www.grossarltal.info\" width=\"1170\" height=\"658\" src=\"https:\/\/www.salzburgerland.com\/de\/wp-content\/uploads\/2016\/08\/salzburger-bergadvent-c-www-grossarltal-info_-1170x658.jpg\" class=\"attachment-1170_658 size-1170_658\" alt=\"Verschneiter Weihnachtsmarkt in Gro\u00dfarltal mit Holzbuden, funkelnden Lichtern und Menschen an einem Winterabend. (vergr\u00f6\u00dferte Ansicht)\" srcset=\"https:\/\/www.salzburgerland.com\/de\/wp-content\/uploads\/2016\/08\/salzburger-bergadvent-c-www-grossarltal-info_-1170x658.jpg 1170w, https:\/\/www.salzburgerland.com\/de\/wp-content\/uploads\/2016\/08\/salzburger-bergadvent-c-www-grossarltal-info_-1200x675.jpg 1200w\" sizes=\"(max-width: 1170px) 100vw, 1170px\" aria-describedby=\"figcaption-59731-679273\" itemprop=\"thumbnail\"><\/a><\/div>\n\t\t\t\t\t\t<span id=\"figcaption-59731-679273\" class=\"gallery-caption\" itemprop=\"caption\"><span aria-hidden=\"true\">\u00a9 www.grossarltal.info<\/span><\/span>\n\t\t\t\t\t<\/li>\n\t\t\t\t\t<li class=\"gallery-item col-3\" itemprop=\"associatedMedia\" itemscope itemtype=\"http:\/\/schema.org\/ImageObject\">\n\t\t\t\t\t\t<div class=\"gallery-icon landscape\"><a href=\"https:\/\/www.salzburgerland.com\/de\/wp-content\/uploads\/2016\/08\/grossarltal-skifahren--lorenzmasser-1600x1067.jpg\" title=\"Skifahren im Gro\u00dfarltal\"><img decoding=\"async\" data-title=\"\u00a9 Lorenz Masser\" title=\"\u00a9 Lorenz Masser\" data-caption=\"\u00a9 Lorenz Masser\" width=\"1170\" height=\"658\" src=\"https:\/\/www.salzburgerland.com\/de\/wp-content\/uploads\/2016\/08\/grossarltal-skifahren--lorenzmasser-1170x658.jpg\" class=\"attachment-1170_658 size-1170_658\" alt=\"Drei Skifahrer in Gro\u00dfarltal auf einer pr\u00e4parierten Piste in der N\u00e4he eines Skilifts und eines Geb\u00e4udes unter einem strahlend blauen Himmel. (vergr\u00f6\u00dferte Ansicht)\" srcset=\"https:\/\/www.salzburgerland.com\/de\/wp-content\/uploads\/2016\/08\/grossarltal-skifahren--lorenzmasser-1170x658.jpg 1170w, https:\/\/www.salzburgerland.com\/de\/wp-content\/uploads\/2016\/08\/grossarltal-skifahren--lorenzmasser-1200x675.jpg 1200w\" sizes=\"(max-width: 1170px) 100vw, 1170px\" aria-describedby=\"figcaption-59731-677126\" itemprop=\"thumbnail\"><\/a><\/div>\n\t\t\t\t\t\t<span id=\"figcaption-59731-677126\" class=\"gallery-caption\" itemprop=\"caption\"><span aria-hidden=\"true\">\u00a9 Lorenz Masser<\/span><\/span>\n\t\t\t\t\t<\/li>\n\t\t\t\t<\/ul>\n\t\t\t\t<ul class=\"gallery-row gallery-col-3 gallery-clear\">\n\t\t\t\t\t<li class=\"gallery-item col-3\" itemprop=\"associatedMedia\" itemscope itemtype=\"http:\/\/schema.org\/ImageObject\">\n\t\t\t\t\t\t<div class=\"gallery-icon landscape\"><a href=\"https:\/\/www.salzburgerland.com\/de\/wp-content\/uploads\/2016\/08\/skitour-kreuzeck-auswahl-2-2-1920x1067.jpg\" title=\"Skitour Kreuzeck Auswahl 2-2\"><img decoding=\"async\" data-title=\"\u00a9  www.grossarltal.info\/Peter Maier\" title=\"\u00a9  www.grossarltal.info\/Peter Maier\" data-caption=\"\u00a9  www.grossarltal.info\/Peter Maier\" width=\"1170\" height=\"658\" src=\"https:\/\/www.salzburgerland.com\/de\/wp-content\/uploads\/2016\/08\/skitour-kreuzeck-auswahl-2-2-1170x658.jpg\" class=\"attachment-1170_658 size-1170_658\" alt=\"Zwei Personen in Winterausr\u00fcstung wandern unter strahlend blauem Himmel \u00fcber einen verschneiten Gro\u00dfarltaler Bergr\u00fccken. (vergr\u00f6\u00dferte Ansicht)\" srcset=\"https:\/\/www.salzburgerland.com\/de\/wp-content\/uploads\/2016\/08\/skitour-kreuzeck-auswahl-2-2-1170x658.jpg 1170w, https:\/\/www.salzburgerland.com\/de\/wp-content\/uploads\/2016\/08\/skitour-kreuzeck-auswahl-2-2-1200x675.jpg 1200w\" sizes=\"(max-width: 1170px) 100vw, 1170px\" aria-describedby=\"figcaption-59731-586552\" itemprop=\"thumbnail\"><\/a><\/div>\n\t\t\t\t\t\t<span id=\"figcaption-59731-586552\" class=\"gallery-caption\" itemprop=\"caption\"><span aria-hidden=\"true\">\u00a9  www.grossarltal.info\/Peter Maier<\/span><\/span>\n\t\t\t\t\t<\/li>\n\t\t\t\t\t<li class=\"gallery-item col-3\" itemprop=\"associatedMedia\" itemscope itemtype=\"http:\/\/schema.org\/ImageObject\">\n\t\t\t\t\t\t<div class=\"gallery-icon landscape\"><a href=\"https:\/\/www.salzburgerland.com\/de\/wp-content\/uploads\/2016\/08\/familienurlaub-c-lorenz-masser-1601x1067.jpg\" title=\"Familienurlaub im Gro\u00dfarltal\"><img decoding=\"async\" data-title=\"\u00a9 Lorenz Masser\" title=\"\u00a9 Lorenz Masser\" data-caption=\"\u00a9 Lorenz Masser\" width=\"1170\" height=\"658\" src=\"https:\/\/www.salzburgerland.com\/de\/wp-content\/uploads\/2016\/08\/familienurlaub-c-lorenz-masser-1170x658.jpg\" class=\"attachment-1170_658 size-1170_658\" alt=\"Eine Familie sitzt auf einer herzf\u00f6rmigen Schaukel in Gro\u00dfarltal, umgeben von verschneiten Bergen und einem strahlend blauen Himmel. (vergr\u00f6\u00dferte Ansicht)\" srcset=\"https:\/\/www.salzburgerland.com\/de\/wp-content\/uploads\/2016\/08\/familienurlaub-c-lorenz-masser-1170x658.jpg 1170w, https:\/\/www.salzburgerland.com\/de\/wp-content\/uploads\/2016\/08\/familienurlaub-c-lorenz-masser-1200x675.jpg 1200w\" sizes=\"(max-width: 1170px) 100vw, 1170px\" aria-describedby=\"figcaption-59731-679274\" itemprop=\"thumbnail\"><\/a><\/div>\n\t\t\t\t\t\t<span id=\"figcaption-59731-679274\" class=\"gallery-caption\" itemprop=\"caption\"><span aria-hidden=\"true\">\u00a9 Lorenz Masser<\/span><\/span>\n\t\t\t\t\t<\/li>\n\t\t\t\t\t<li class=\"gallery-item col-3\" itemprop=\"associatedMedia\" itemscope itemtype=\"http:\/\/schema.org\/ImageObject\">\n\t\t\t\t\t\t<div class=\"gallery-icon landscape\"><a href=\"https:\/\/www.salzburgerland.com\/de\/wp-content\/uploads\/2016\/08\/skigebiet-2017-morgens_27-1-1920x1067.jpg\" title=\"Skigebiet 2017 morgens_27\"><img decoding=\"async\" data-title=\"\u00a9 www.grossarltal.info\" title=\"\u00a9 www.grossarltal.info\" data-caption=\"\u00a9 www.grossarltal.info\" width=\"1170\" height=\"658\" src=\"https:\/\/www.salzburgerland.com\/de\/wp-content\/uploads\/2016\/08\/skigebiet-2017-morgens_27-1-1170x658.jpg\" class=\"attachment-1170_658 size-1170_658\" alt=\"Sonnenaufgang \u00fcber verschneiten, pr\u00e4parierten Skipisten im Gro\u00dfarltal mit Bergen im Hintergrund unter einem klaren blauen Himmel. (vergr\u00f6\u00dferte Ansicht)\" srcset=\"https:\/\/www.salzburgerland.com\/de\/wp-content\/uploads\/2016\/08\/skigebiet-2017-morgens_27-1-1170x658.jpg 1170w, https:\/\/www.salzburgerland.com\/de\/wp-content\/uploads\/2016\/08\/skigebiet-2017-morgens_27-1-1200x675.jpg 1200w\" sizes=\"(max-width: 1170px) 100vw, 1170px\" aria-describedby=\"figcaption-59731-586554\" itemprop=\"thumbnail\"><\/a><\/div>\n\t\t\t\t\t\t<span id=\"figcaption-59731-586554\" class=\"gallery-caption\" itemprop=\"caption\"><span aria-hidden=\"true\">\u00a9 www.grossarltal.info<\/span><\/span>\n\t\t\t\t\t<\/li>\n\t\t\t\t<\/ul>\n\t\t\t<\/div><!-- .gallery -->\n\n<h2><\/h2>\n","protected":false},"excerpt":{"rendered":"<p>Das zwischen den Hohen Tauern und den Niederen Tauern gelegene Gro\u00dfarltal mit den malerischen Orten H\u00fcttschlag und Gro\u00dfarl ist auch als Tal der Almen bekannt \u2013 und davon profitieren sowohl Sommer- als auch Winterurlauber. Denn was gibt es herrlicheres als nach einer Wanderung oder einem sportlichen Skitag hier am Eingang zum Nationalpark Hohe Tauern die [&hellip;]<\/p>\n","protected":false},"author":18,"featured_media":677116,"comment_status":"closed","ping_status":"closed","template":"","meta":{"_acf_changed":false,"wl_entities_gutenberg":"","_relevanssi_hide_post":"","_relevanssi_hide_content":"","_relevanssi_pin_for_all":"","_relevanssi_pin_keywords":"","_relevanssi_unpin_keywords":"","_relevanssi_related_keywords":"","_relevanssi_related_include_ids":"","_relevanssi_related_exclude_ids":"","_relevanssi_related_no_append":"","_relevanssi_related_not_related":"","_relevanssi_related_posts":"","_relevanssi_noindex_reason":"","footnotes":""},"categories":[1],"tags":[13583,13584,13438],"wl_entity_type":[5],"ski_resorts":[],"class_list":["post-59731","entity","type-entity","status-publish","has-post-thumbnail","hentry","category-allgemein","tag-grossarl","tag-natur","tag-sport","wl_entity_type-organization","sitetype-region"],"acf":[],"yoast_head":"<!-- This site is optimized with the Yoast SEO Premium plugin v26.9 (Yoast SEO v26.9) - https:\/\/yoast.com\/product\/yoast-seo-premium-wordpress\/ -->\n<title>Gro\u00dfarltal \u00bb SalzburgerLand.com<\/title>\n<meta name=\"description\" content=\"In den beiden Urlaubsorten H\u00fcttschlag und Gro\u00dfarl warten rund ums Jahr abwechslungsreiche Aktivit\u00e4ten und Sport in der Natur.\" \/>\n<meta name=\"robots\" content=\"index, follow, max-snippet:-1, max-image-preview:large, max-video-preview:-1\" \/>\n<link rel=\"canonical\" href=\"https:\/\/www.salzburgerland.com\/de\/wp-json\/wp\/v2\/entities\/59731\" \/>\n<meta property=\"og:locale\" content=\"de_DE\" \/>\n<meta property=\"og:type\" content=\"article\" \/>\n<meta property=\"og:title\" content=\"Gro\u00dfarltal\" \/>\n<meta property=\"og:description\" content=\"In den beiden Urlaubsorten H\u00fcttschlag und Gro\u00dfarl warten rund ums Jahr abwechslungsreiche Aktivit\u00e4ten und Sport in der Natur.\" \/>\n<meta property=\"og:url\" content=\"https:\/\/www.salzburgerland.com\/de\/wp-json\/wp\/v2\/entities\/59731\" \/>\n<meta property=\"og:site_name\" content=\"SalzburgerLand.com\" \/>\n<meta property=\"article:publisher\" content=\"https:\/\/www.facebook.com\/salzburgerland\/\" \/>\n<meta property=\"article:modified_time\" content=\"2026-04-07T12:30:44+00:00\" \/>\n<meta property=\"og:image\" content=\"https:\/\/www.salzburgerland.com\/de\/wp-content\/uploads\/2016\/08\/skigebiet--tourismusverband-grossarltal-1200x675.jpg\" \/>\n\t<meta property=\"og:image:width\" content=\"1200\" \/>\n\t<meta property=\"og:image:height\" content=\"675\" \/>\n\t<meta property=\"og:image:type\" content=\"image\/jpeg\" \/>\n<meta name=\"twitter:card\" content=\"summary_large_image\" \/>\n<meta name=\"twitter:site\" content=\"@Salzburgerland\" \/>\n<meta name=\"twitter:label1\" content=\"Gesch\u00e4tzte Lesezeit\" \/>\n\t<meta name=\"twitter:data1\" content=\"8\u00a0Minuten\" \/>\n<script type=\"application\/ld+json\" class=\"yoast-schema-graph\">{\"@context\":\"https:\/\/schema.org\",\"@graph\":[{\"@type\":\"WebPage\",\"@id\":\"https:\/\/www.salzburgerland.com\/de\/grossarltal\/\",\"url\":\"https:\/\/www.salzburgerland.com\/de\/grossarltal\/\",\"name\":\"Gro\u00dfarltal \u00bb SalzburgerLand.com\",\"isPartOf\":{\"@id\":\"https:\/\/www.salzburgerland.com\/de\/#website\"},\"primaryImageOfPage\":{\"@id\":\"https:\/\/www.salzburgerland.com\/de\/grossarltal\/#primaryimage\"},\"image\":{\"@id\":\"https:\/\/www.salzburgerland.com\/de\/grossarltal\/#primaryimage\"},\"thumbnailUrl\":\"https:\/\/www.salzburgerland.com\/de\/wp-content\/uploads\/2016\/08\/skigebiet--tourismusverband-grossarltal.jpg\",\"datePublished\":\"2016-08-24T15:06:53+00:00\",\"dateModified\":\"2026-04-07T12:30:44+00:00\",\"description\":\"In den beiden Urlaubsorten H\u00fcttschlag und Gro\u00dfarl warten rund ums Jahr abwechslungsreiche Aktivit\u00e4ten und Sport in der Natur.\",\"inLanguage\":\"de\",\"potentialAction\":[{\"@type\":\"ReadAction\",\"target\":[\"https:\/\/www.salzburgerland.com\/de\/grossarltal\/\"]}]},{\"@type\":\"ImageObject\",\"inLanguage\":\"de\",\"@id\":\"https:\/\/www.salzburgerland.com\/de\/grossarltal\/#primaryimage\",\"url\":\"https:\/\/www.salzburgerland.com\/de\/wp-content\/uploads\/2016\/08\/skigebiet--tourismusverband-grossarltal.jpg\",\"contentUrl\":\"https:\/\/www.salzburgerland.com\/de\/wp-content\/uploads\/2016\/08\/skigebiet--tourismusverband-grossarltal.jpg\",\"width\":2560,\"height\":1596,\"caption\":\"Skigebiet \u00a9 Tourismusverband Gro\u00dfarltal\"},{\"@type\":\"WebSite\",\"@id\":\"https:\/\/www.salzburgerland.com\/de\/#website\",\"url\":\"https:\/\/www.salzburgerland.com\/de\/\",\"name\":\"SalzburgerLand.com\",\"description\":\"Ihr Urlaub in Salzburg, \u00d6sterreich\",\"publisher\":{\"@id\":\"https:\/\/www.salzburgerland.com\/de\/#organization\"},\"potentialAction\":[{\"@type\":\"SearchAction\",\"target\":{\"@type\":\"EntryPoint\",\"urlTemplate\":\"https:\/\/www.salzburgerland.com\/de\/?s={search_term_string}\"},\"query-input\":{\"@type\":\"PropertyValueSpecification\",\"valueRequired\":true,\"valueName\":\"search_term_string\"}}],\"inLanguage\":\"de\"},{\"@type\":\"Organization\",\"@id\":\"https:\/\/www.salzburgerland.com\/de\/#organization\",\"name\":\"SalzburgerLand Tourismus GmbH\",\"url\":\"https:\/\/www.salzburgerland.com\/de\/\",\"logo\":{\"@type\":\"ImageObject\",\"inLanguage\":\"de\",\"@id\":\"https:\/\/www.salzburgerland.com\/de\/#\/schema\/logo\/image\/\",\"url\":\"https:\/\/www.salzburgerland.com\/de\/wp-content\/uploads\/2017\/01\/salzburgerland-logo.jpg\",\"contentUrl\":\"https:\/\/www.salzburgerland.com\/de\/wp-content\/uploads\/2017\/01\/salzburgerland-logo.jpg\",\"width\":1920,\"height\":827,\"caption\":\"SalzburgerLand Tourismus GmbH\"},\"image\":{\"@id\":\"https:\/\/www.salzburgerland.com\/de\/#\/schema\/logo\/image\/\"},\"sameAs\":[\"https:\/\/www.facebook.com\/salzburgerland\/\",\"https:\/\/x.com\/Salzburgerland\",\"https:\/\/www.instagram.com\/salzburgerland\/\",\"http:\/\/dbpedia.org\/resource\/Salzburg_(state)\",\"http:\/\/wikidata.dbpedia.org\/resource\/Q43325\",\"http:\/\/open.salzburgerland.com\/de\/entity\/salzburgerland\",\"https:\/\/www.youtube.com\/user\/salzburgerland\"]}]}<\/script>\n<!-- \/ Yoast SEO Premium plugin. -->","yoast_head_json":{"title":"Gro\u00dfarltal \u00bb SalzburgerLand.com","description":"In den beiden Urlaubsorten H\u00fcttschlag und Gro\u00dfarl warten rund ums Jahr abwechslungsreiche Aktivit\u00e4ten und Sport in der Natur.","robots":{"index":"index","follow":"follow","max-snippet":"max-snippet:-1","max-image-preview":"max-image-preview:large","max-video-preview":"max-video-preview:-1"},"canonical":"https:\/\/www.salzburgerland.com\/de\/wp-json\/wp\/v2\/entities\/59731","og_locale":"de_DE","og_type":"article","og_title":"Gro\u00dfarltal","og_description":"In den beiden Urlaubsorten H\u00fcttschlag und Gro\u00dfarl warten rund ums Jahr abwechslungsreiche Aktivit\u00e4ten und Sport in der Natur.","og_url":"https:\/\/www.salzburgerland.com\/de\/wp-json\/wp\/v2\/entities\/59731","og_site_name":"SalzburgerLand.com","article_publisher":"https:\/\/www.facebook.com\/salzburgerland\/","article_modified_time":"2026-04-07T12:30:44+00:00","og_image":[{"width":1200,"height":675,"url":"https:\/\/www.salzburgerland.com\/de\/wp-content\/uploads\/2016\/08\/skigebiet--tourismusverband-grossarltal-1200x675.jpg","type":"image\/jpeg"}],"twitter_card":"summary_large_image","twitter_site":"@Salzburgerland","twitter_misc":{"Gesch\u00e4tzte Lesezeit":"8\u00a0Minuten"},"schema":{"@context":"https:\/\/schema.org","@graph":[{"@type":"WebPage","@id":"https:\/\/www.salzburgerland.com\/de\/grossarltal\/","url":"https:\/\/www.salzburgerland.com\/de\/grossarltal\/","name":"Gro\u00dfarltal \u00bb SalzburgerLand.com","isPartOf":{"@id":"https:\/\/www.salzburgerland.com\/de\/#website"},"primaryImageOfPage":{"@id":"https:\/\/www.salzburgerland.com\/de\/grossarltal\/#primaryimage"},"image":{"@id":"https:\/\/www.salzburgerland.com\/de\/grossarltal\/#primaryimage"},"thumbnailUrl":"https:\/\/www.salzburgerland.com\/de\/wp-content\/uploads\/2016\/08\/skigebiet--tourismusverband-grossarltal.jpg","datePublished":"2016-08-24T15:06:53+00:00","dateModified":"2026-04-07T12:30:44+00:00","description":"In den beiden Urlaubsorten H\u00fcttschlag und Gro\u00dfarl warten rund ums Jahr abwechslungsreiche Aktivit\u00e4ten und Sport in der Natur.","inLanguage":"de","potentialAction":[{"@type":"ReadAction","target":["https:\/\/www.salzburgerland.com\/de\/grossarltal\/"]}]},{"@type":"ImageObject","inLanguage":"de","@id":"https:\/\/www.salzburgerland.com\/de\/grossarltal\/#primaryimage","url":"https:\/\/www.salzburgerland.com\/de\/wp-content\/uploads\/2016\/08\/skigebiet--tourismusverband-grossarltal.jpg","contentUrl":"https:\/\/www.salzburgerland.com\/de\/wp-content\/uploads\/2016\/08\/skigebiet--tourismusverband-grossarltal.jpg","width":2560,"height":1596,"caption":"Skigebiet \u00a9 Tourismusverband Gro\u00dfarltal"},{"@type":"WebSite","@id":"https:\/\/www.salzburgerland.com\/de\/#website","url":"https:\/\/www.salzburgerland.com\/de\/","name":"SalzburgerLand.com","description":"Ihr Urlaub in Salzburg, \u00d6sterreich","publisher":{"@id":"https:\/\/www.salzburgerland.com\/de\/#organization"},"potentialAction":[{"@type":"SearchAction","target":{"@type":"EntryPoint","urlTemplate":"https:\/\/www.salzburgerland.com\/de\/?s={search_term_string}"},"query-input":{"@type":"PropertyValueSpecification","valueRequired":true,"valueName":"search_term_string"}}],"inLanguage":"de"},{"@type":"Organization","@id":"https:\/\/www.salzburgerland.com\/de\/#organization","name":"SalzburgerLand Tourismus GmbH","url":"https:\/\/www.salzburgerland.com\/de\/","logo":{"@type":"ImageObject","inLanguage":"de","@id":"https:\/\/www.salzburgerland.com\/de\/#\/schema\/logo\/image\/","url":"https:\/\/www.salzburgerland.com\/de\/wp-content\/uploads\/2017\/01\/salzburgerland-logo.jpg","contentUrl":"https:\/\/www.salzburgerland.com\/de\/wp-content\/uploads\/2017\/01\/salzburgerland-logo.jpg","width":1920,"height":827,"caption":"SalzburgerLand Tourismus GmbH"},"image":{"@id":"https:\/\/www.salzburgerland.com\/de\/#\/schema\/logo\/image\/"},"sameAs":["https:\/\/www.facebook.com\/salzburgerland\/","https:\/\/x.com\/Salzburgerland","https:\/\/www.instagram.com\/salzburgerland\/","http:\/\/dbpedia.org\/resource\/Salzburg_(state)","http:\/\/wikidata.dbpedia.org\/resource\/Q43325","http:\/\/open.salzburgerland.com\/de\/entity\/salzburgerland","https:\/\/www.youtube.com\/user\/salzburgerland"]}]}},"_wl_alt_label":["Grossarltal"],"wl:entity_url":"http:\/\/open.salzburgerland.com\/de\/entity\/grossarltal","_links":{"self":[{"href":"https:\/\/www.salzburgerland.com\/de\/wp-json\/wp\/v2\/entities\/59731","targetHints":{"allow":["GET"]}}],"collection":[{"href":"https:\/\/www.salzburgerland.com\/de\/wp-json\/wp\/v2\/entities"}],"about":[{"href":"https:\/\/www.salzburgerland.com\/de\/wp-json\/wp\/v2\/types\/entity"}],"author":[{"embeddable":true,"href":"https:\/\/www.salzburgerland.com\/de\/wp-json\/wp\/v2\/users\/18"}],"replies":[{"embeddable":true,"href":"https:\/\/www.salzburgerland.com\/de\/wp-json\/wp\/v2\/comments?post=59731"}],"version-history":[{"count":15,"href":"https:\/\/www.salzburgerland.com\/de\/wp-json\/wp\/v2\/entities\/59731\/revisions"}],"predecessor-version":[{"id":681993,"href":"https:\/\/www.salzburgerland.com\/de\/wp-json\/wp\/v2\/entities\/59731\/revisions\/681993"}],"wp:featuredmedia":[{"embeddable":true,"href":"https:\/\/www.salzburgerland.com\/de\/wp-json\/wp\/v2\/media\/677116"}],"wp:attachment":[{"href":"https:\/\/www.salzburgerland.com\/de\/wp-json\/wp\/v2\/media?parent=59731"}],"wp:term":[{"taxonomy":"category","embeddable":true,"href":"https:\/\/www.salzburgerland.com\/de\/wp-json\/wp\/v2\/categories?post=59731"},{"taxonomy":"post_tag","embeddable":true,"href":"https:\/\/www.salzburgerland.com\/de\/wp-json\/wp\/v2\/tags?post=59731"},{"taxonomy":"wl_entity_type","embeddable":true,"href":"https:\/\/www.salzburgerland.com\/de\/wp-json\/wp\/v2\/wl_entity_type?post=59731"},{"taxonomy":"ski_resorts","embeddable":true,"href":"https:\/\/www.salzburgerland.com\/de\/wp-json\/wp\/v2\/ski_resorts?post=59731"}],"curies":[{"name":"wp","href":"https:\/\/api.w.org\/{rel}","templated":true}]}}