{"id":59718,"date":"2016-08-24T16:25:43","date_gmt":"2016-08-24T14:25:43","guid":{"rendered":"https:\/\/www.onebigpark.at\/de\/?post_type=entity&#038;p=59718"},"modified":"2026-01-19T15:01:16","modified_gmt":"2026-01-19T14:01:16","slug":"embach-lend","status":"publish","type":"entity","link":"https:\/\/www.salzburgerland.com\/de\/embach-lend\/","title":{"rendered":"Embach"},"content":{"rendered":"<h2>Wintersport in Embach<\/h2>\n<p><span style=\"font-weight: 400;\">Im Winter locken gem\u00fctliche Spazierg\u00e4nge, <strong>Schneeschuhwanderungen und Skitouren<\/strong><\/span> im unber\u00fchrten Pulverschnee. Das bestens pr\u00e4parierte <strong>Loipennetz<\/strong> der H\u00f6henloipe Embach f\u00fchrt\u00a0vom Ortszentrum \u00fcber verschieden lange Routen mit leichten Anstiegen und Abfahrten und bietet dabei immer wieder ein gro\u00dfartiges Panorama.<\/p>\n<p><span style=\"font-weight: 400;\">Direkt in Embach befindet sich <strong>ein kleines Skigebiet<\/strong><\/span> mit einem Schlepp- und Anf\u00e4ngerlift \u2013 ideal, um mit den Kindern die ersten Schw\u00fcnge im Schnee zu machen. Doch auch bekannte Skiregionen, wie die Rauriser Hochalmbahnen, die Gasteiner Bergbahnen, Skiregion Hochk\u00f6nig, das Gletscher-Skigebiet Kitzsteinhorn in Kaprun, die Schmittenh\u00f6he in Zell am See oder der Skicircus Saalbach Hinterglemm Leogang Fieberbrunn sind in einem Umkreis von nur 40 Kilometern erreichbar.<\/p>\n\n\t\t\t<div id=\"59718-1\" class=\"gallery gallery-59718 gallery-columns-3 gallery-size-1170_658\" itemscope itemtype=\"http:\/\/schema.org\/ImageGallery\">\n\t\t\t\t<ul class=\"gallery-row gallery-col-3 gallery-clear\">\n\t\t\t\t\t<li class=\"gallery-item col-3\" itemprop=\"associatedMedia\" itemscope itemtype=\"http:\/\/schema.org\/ImageObject\">\n\t\t\t\t\t\t<div class=\"gallery-icon landscape\"><a href=\"https:\/\/www.salzburgerland.com\/de\/wp-content\/uploads\/2016\/08\/2023-02-08_tvb-embach-wintershooting-sobietzki-high-res-3-1589x1067.jpg\" title=\"Bergdorf Embach im Winter \u00a9 Daniel Sobietzki\"><img decoding=\"async\" data-title=\"Bergdorf Embach im Winter \u00a9 Daniel Sobietzki\" title=\"Bergdorf Embach im Winter \u00a9 Daniel Sobietzki\" data-caption=\"Bergdorf Embach im Winter \u00a9 Daniel Sobietzki\" width=\"1170\" height=\"658\" src=\"https:\/\/www.salzburgerland.com\/de\/wp-content\/uploads\/2016\/08\/2023-02-08_tvb-embach-wintershooting-sobietzki-high-res-3-1170x658.jpg\" class=\"attachment-1170_658 size-1170_658\" alt=\"Verschneites Alpendorf Embach mit Holzh\u00e4usern, einer Kirche und sonnenbeschienenen Schneebergen im Hintergrund. (vergr\u00f6\u00dferte Ansicht)\" srcset=\"https:\/\/www.salzburgerland.com\/de\/wp-content\/uploads\/2016\/08\/2023-02-08_tvb-embach-wintershooting-sobietzki-high-res-3-1170x658.jpg 1170w, https:\/\/www.salzburgerland.com\/de\/wp-content\/uploads\/2016\/08\/2023-02-08_tvb-embach-wintershooting-sobietzki-high-res-3-1200x675.jpg 1200w\" sizes=\"(max-width: 1170px) 100vw, 1170px\" aria-describedby=\"figcaption-59718-680042\" itemprop=\"thumbnail\"><\/a><\/div>\n\t\t\t\t\t\t<span id=\"figcaption-59718-680042\" class=\"gallery-caption\" itemprop=\"caption\"><span aria-hidden=\"true\">Bergdorf Embach im Winter \u00a9 Daniel Sobietzki<\/span><\/span>\n\t\t\t\t\t<\/li>\n\t\t\t\t\t<li class=\"gallery-item col-3\" itemprop=\"associatedMedia\" itemscope itemtype=\"http:\/\/schema.org\/ImageObject\">\n\t\t\t\t\t\t<div class=\"gallery-icon landscape\"><a href=\"https:\/\/www.salzburgerland.com\/de\/wp-content\/uploads\/2016\/08\/2023-02-08_tvb-embach-wintershooting-sobietzki-high-res-10-1600x1067.jpg\" title=\"Embach im Winter 1 \u00a9 Daniel Sobietzki\"><img decoding=\"async\" data-title=\"Embach im Winter \u00a9 Daniel Sobietzki\" title=\"Embach im Winter \u00a9 Daniel Sobietzki\" data-caption=\"Embach im Winter \u00a9 Daniel Sobietzki\" width=\"1170\" height=\"658\" src=\"https:\/\/www.salzburgerland.com\/de\/wp-content\/uploads\/2016\/08\/2023-02-08_tvb-embach-wintershooting-sobietzki-high-res-10-1170x658.jpg\" class=\"attachment-1170_658 size-1170_658\" alt=\"Ein verschneites Dorf Embach liegt in einem Tal mit Bergen im Hintergrund unter einem klaren blauen Himmel. (vergr\u00f6\u00dferte Ansicht)\" srcset=\"https:\/\/www.salzburgerland.com\/de\/wp-content\/uploads\/2016\/08\/2023-02-08_tvb-embach-wintershooting-sobietzki-high-res-10-1170x658.jpg 1170w, https:\/\/www.salzburgerland.com\/de\/wp-content\/uploads\/2016\/08\/2023-02-08_tvb-embach-wintershooting-sobietzki-high-res-10-1200x675.jpg 1200w\" sizes=\"(max-width: 1170px) 100vw, 1170px\" aria-describedby=\"figcaption-59718-680043\" itemprop=\"thumbnail\"><\/a><\/div>\n\t\t\t\t\t\t<span id=\"figcaption-59718-680043\" class=\"gallery-caption\" itemprop=\"caption\"><span aria-hidden=\"true\">Embach im Winter \u00a9 Daniel Sobietzki<\/span><\/span>\n\t\t\t\t\t<\/li>\n\t\t\t\t\t<li class=\"gallery-item col-3\" itemprop=\"associatedMedia\" itemscope itemtype=\"http:\/\/schema.org\/ImageObject\">\n\t\t\t\t\t\t<div class=\"gallery-icon landscape\"><a href=\"https:\/\/www.salzburgerland.com\/de\/wp-content\/uploads\/2016\/08\/2023-02-08_tvb-embach-wintershooting-sobietzki-high-res-56-1601x1067.jpg\" title=\"Familie beim Skifahren in Embach \u00a9 Daniel Sobietzki\"><img decoding=\"async\" data-title=\"Familie beim Skifahren in Embach \u00a9 Daniel Sobietzki\" title=\"Familie beim Skifahren in Embach \u00a9 Daniel Sobietzki\" data-caption=\"Familie beim Skifahren in Embach \u00a9 Daniel Sobietzki\" width=\"1170\" height=\"658\" src=\"https:\/\/www.salzburgerland.com\/de\/wp-content\/uploads\/2016\/08\/2023-02-08_tvb-embach-wintershooting-sobietzki-high-res-56-1170x658.jpg\" class=\"attachment-1170_658 size-1170_658\" alt=\"Familie beim Skifahren in Embach \u00a9 Daniel Sobietzki (vergr\u00f6\u00dferte Ansicht)\" srcset=\"https:\/\/www.salzburgerland.com\/de\/wp-content\/uploads\/2016\/08\/2023-02-08_tvb-embach-wintershooting-sobietzki-high-res-56-1170x658.jpg 1170w, https:\/\/www.salzburgerland.com\/de\/wp-content\/uploads\/2016\/08\/2023-02-08_tvb-embach-wintershooting-sobietzki-high-res-56-1200x675.jpg 1200w\" sizes=\"(max-width: 1170px) 100vw, 1170px\" aria-describedby=\"figcaption-59718-680044\" itemprop=\"thumbnail\"><\/a><\/div>\n\t\t\t\t\t\t<span id=\"figcaption-59718-680044\" class=\"gallery-caption\" itemprop=\"caption\"><span aria-hidden=\"true\">Familie beim Skifahren in Embach \u00a9 Daniel Sobietzki<\/span><\/span>\n\t\t\t\t\t<\/li>\n\t\t\t\t<\/ul>\n\t\t\t\t<ul class=\"gallery-row gallery-col-3 gallery-clear\">\n\t\t\t\t\t<li class=\"gallery-item col-3\" itemprop=\"associatedMedia\" itemscope itemtype=\"http:\/\/schema.org\/ImageObject\">\n\t\t\t\t\t\t<div class=\"gallery-icon landscape\"><a href=\"https:\/\/www.salzburgerland.com\/de\/wp-content\/uploads\/2016\/08\/2023-02-08_tvb-embach-wintershooting-sobietzki-high-res-77-1601x1067.jpg\" title=\"Familie auf der Piste in Embach im Winter \u00a9 Daniel Sobietzki\"><img decoding=\"async\" data-title=\"Familie auf der Piste in Embach im Winter \u00a9 Daniel Sobietzki\" title=\"Familie auf der Piste in Embach im Winter \u00a9 Daniel Sobietzki\" data-caption=\"Familie auf der Piste in Embach im Winter \u00a9 Daniel Sobietzki\" width=\"1170\" height=\"658\" src=\"https:\/\/www.salzburgerland.com\/de\/wp-content\/uploads\/2016\/08\/2023-02-08_tvb-embach-wintershooting-sobietzki-high-res-77-1170x658.jpg\" class=\"attachment-1170_658 size-1170_658\" alt=\"Familie auf der Piste in Embach im Winter \u00a9 Daniel Sobietzki (vergr\u00f6\u00dferte Ansicht)\" srcset=\"https:\/\/www.salzburgerland.com\/de\/wp-content\/uploads\/2016\/08\/2023-02-08_tvb-embach-wintershooting-sobietzki-high-res-77-1170x658.jpg 1170w, https:\/\/www.salzburgerland.com\/de\/wp-content\/uploads\/2016\/08\/2023-02-08_tvb-embach-wintershooting-sobietzki-high-res-77-1200x675.jpg 1200w\" sizes=\"(max-width: 1170px) 100vw, 1170px\" aria-describedby=\"figcaption-59718-680045\" itemprop=\"thumbnail\"><\/a><\/div>\n\t\t\t\t\t\t<span id=\"figcaption-59718-680045\" class=\"gallery-caption\" itemprop=\"caption\"><span aria-hidden=\"true\">Familie auf der Piste in Embach im Winter \u00a9 Daniel Sobietzki<\/span><\/span>\n\t\t\t\t\t<\/li>\n\t\t\t\t\t<li class=\"gallery-item col-3\" itemprop=\"associatedMedia\" itemscope itemtype=\"http:\/\/schema.org\/ImageObject\">\n\t\t\t\t\t\t<div class=\"gallery-icon landscape\"><a href=\"https:\/\/www.salzburgerland.com\/de\/wp-content\/uploads\/2016\/08\/2023-02-08_tvb-embach-wintershooting-sobietzki-high-res-158-1600x1067.jpg\" title=\"Langlaufen in Embach \u00a9 Daniel Sobietzki\"><img decoding=\"async\" data-title=\"Langlaufen in Embach \u00a9 Daniel Sobietzki\" title=\"Langlaufen in Embach \u00a9 Daniel Sobietzki\" data-caption=\"Langlaufen in Embach \u00a9 Daniel Sobietzki\" width=\"1170\" height=\"658\" src=\"https:\/\/www.salzburgerland.com\/de\/wp-content\/uploads\/2016\/08\/2023-02-08_tvb-embach-wintershooting-sobietzki-high-res-158-1170x658.jpg\" class=\"attachment-1170_658 size-1170_658\" alt=\"Zwei Personen beim Skilanglauf auf einer verschneiten Embach-Loipe in einer Berglandschaft unter strahlend blauem Himmel. (vergr\u00f6\u00dferte Ansicht)\" srcset=\"https:\/\/www.salzburgerland.com\/de\/wp-content\/uploads\/2016\/08\/2023-02-08_tvb-embach-wintershooting-sobietzki-high-res-158-1170x658.jpg 1170w, https:\/\/www.salzburgerland.com\/de\/wp-content\/uploads\/2016\/08\/2023-02-08_tvb-embach-wintershooting-sobietzki-high-res-158-1200x675.jpg 1200w\" sizes=\"(max-width: 1170px) 100vw, 1170px\" aria-describedby=\"figcaption-59718-680046\" itemprop=\"thumbnail\"><\/a><\/div>\n\t\t\t\t\t\t<span id=\"figcaption-59718-680046\" class=\"gallery-caption\" itemprop=\"caption\"><span aria-hidden=\"true\">Langlaufen in Embach \u00a9 Daniel Sobietzki<\/span><\/span>\n\t\t\t\t\t<\/li>\n\t\t\t\t\t<li class=\"gallery-item col-3\" itemprop=\"associatedMedia\" itemscope itemtype=\"http:\/\/schema.org\/ImageObject\">\n\t\t\t\t\t\t<div class=\"gallery-icon landscape\"><a href=\"https:\/\/www.salzburgerland.com\/de\/wp-content\/uploads\/2016\/08\/2023-02-08_tvb-embach-wintershooting-sobietzki-high-res-157-1601x1067.jpg\" title=\"Skitouren gehen in Embach \u00a9 Daniel Sobietzki\"><img decoding=\"async\" data-title=\"Skitouren gehen in Embach \u00a9 Daniel Sobietzki\" title=\"Skitouren gehen in Embach \u00a9 Daniel Sobietzki\" data-caption=\"Skitouren gehen in Embach \u00a9 Daniel Sobietzki\" width=\"1170\" height=\"658\" src=\"https:\/\/www.salzburgerland.com\/de\/wp-content\/uploads\/2016\/08\/2023-02-08_tvb-embach-wintershooting-sobietzki-high-res-157-1170x658.jpg\" class=\"attachment-1170_658 size-1170_658\" alt=\"Skitouren gehen in Embach \u00a9 Daniel Sobietzki (vergr\u00f6\u00dferte Ansicht)\" srcset=\"https:\/\/www.salzburgerland.com\/de\/wp-content\/uploads\/2016\/08\/2023-02-08_tvb-embach-wintershooting-sobietzki-high-res-157-1170x658.jpg 1170w, https:\/\/www.salzburgerland.com\/de\/wp-content\/uploads\/2016\/08\/2023-02-08_tvb-embach-wintershooting-sobietzki-high-res-157-1200x675.jpg 1200w\" sizes=\"(max-width: 1170px) 100vw, 1170px\" aria-describedby=\"figcaption-59718-680047\" itemprop=\"thumbnail\"><\/a><\/div>\n\t\t\t\t\t\t<span id=\"figcaption-59718-680047\" class=\"gallery-caption\" itemprop=\"caption\"><span aria-hidden=\"true\">Skitouren gehen in Embach \u00a9 Daniel Sobietzki<\/span><\/span>\n\t\t\t\t\t<\/li>\n\t\t\t\t<\/ul>\n\t\t\t\t<ul class=\"gallery-row gallery-col-3 gallery-clear\">\n\t\t\t\t\t<li class=\"gallery-item col-3\" itemprop=\"associatedMedia\" itemscope itemtype=\"http:\/\/schema.org\/ImageObject\">\n\t\t\t\t\t\t<div class=\"gallery-icon landscape\"><a href=\"https:\/\/www.salzburgerland.com\/de\/wp-content\/uploads\/2016\/08\/2023-02-08_tvb-embach-wintershooting-sobietzki-high-res-117-1601x1067.jpg\" title=\"Skifahren in Embach \u00a9 Daniel Sobietzki\"><img decoding=\"async\" data-title=\"Skifahren in Embach \u00a9 Daniel Sobietzki\" title=\"Skifahren in Embach \u00a9 Daniel Sobietzki\" data-caption=\"Skifahren in Embach \u00a9 Daniel Sobietzki\" width=\"1170\" height=\"658\" src=\"https:\/\/www.salzburgerland.com\/de\/wp-content\/uploads\/2016\/08\/2023-02-08_tvb-embach-wintershooting-sobietzki-high-res-117-1170x658.jpg\" class=\"attachment-1170_658 size-1170_658\" alt=\"Skifahren in Embach \u00a9 Daniel Sobietzki (vergr\u00f6\u00dferte Ansicht)\" srcset=\"https:\/\/www.salzburgerland.com\/de\/wp-content\/uploads\/2016\/08\/2023-02-08_tvb-embach-wintershooting-sobietzki-high-res-117-1170x658.jpg 1170w, https:\/\/www.salzburgerland.com\/de\/wp-content\/uploads\/2016\/08\/2023-02-08_tvb-embach-wintershooting-sobietzki-high-res-117-1200x675.jpg 1200w\" sizes=\"(max-width: 1170px) 100vw, 1170px\" aria-describedby=\"figcaption-59718-680048\" itemprop=\"thumbnail\"><\/a><\/div>\n\t\t\t\t\t\t<span id=\"figcaption-59718-680048\" class=\"gallery-caption\" itemprop=\"caption\"><span aria-hidden=\"true\">Skifahren in Embach \u00a9 Daniel Sobietzki<\/span><\/span>\n\t\t\t\t\t<\/li>\n\t\t\t\t\t<li class=\"gallery-item col-3\" itemprop=\"associatedMedia\" itemscope itemtype=\"http:\/\/schema.org\/ImageObject\">\n\t\t\t\t\t\t<div class=\"gallery-icon landscape\"><a href=\"https:\/\/www.salzburgerland.com\/de\/wp-content\/uploads\/2016\/08\/2023-02-08_tvb-embach-wintershooting-sobietzki-high-res-35-1601x1067.jpg\" title=\"Wintervergn\u00fcgen in Embach \u00a9 Daniel Sobietzki\"><img decoding=\"async\" data-title=\"Wintervergn\u00fcgen in Embach \u00a9 Daniel Sobietzki\" title=\"Wintervergn\u00fcgen in Embach \u00a9 Daniel Sobietzki\" data-caption=\"Wintervergn\u00fcgen in Embach \u00a9 Daniel Sobietzki\" width=\"1170\" height=\"658\" src=\"https:\/\/www.salzburgerland.com\/de\/wp-content\/uploads\/2016\/08\/2023-02-08_tvb-embach-wintershooting-sobietzki-high-res-35-1170x658.jpg\" class=\"attachment-1170_658 size-1170_658\" alt=\"Wintervergn\u00fcgen in Embach \u00a9 Daniel Sobietzki (vergr\u00f6\u00dferte Ansicht)\" srcset=\"https:\/\/www.salzburgerland.com\/de\/wp-content\/uploads\/2016\/08\/2023-02-08_tvb-embach-wintershooting-sobietzki-high-res-35-1170x658.jpg 1170w, https:\/\/www.salzburgerland.com\/de\/wp-content\/uploads\/2016\/08\/2023-02-08_tvb-embach-wintershooting-sobietzki-high-res-35-1200x675.jpg 1200w\" sizes=\"(max-width: 1170px) 100vw, 1170px\" aria-describedby=\"figcaption-59718-680049\" itemprop=\"thumbnail\"><\/a><\/div>\n\t\t\t\t\t\t<span id=\"figcaption-59718-680049\" class=\"gallery-caption\" itemprop=\"caption\"><span aria-hidden=\"true\">Wintervergn\u00fcgen in Embach \u00a9 Daniel Sobietzki<\/span><\/span>\n\t\t\t\t\t<\/li>\n\t\t\t\t\t<li class=\"gallery-item col-3\" itemprop=\"associatedMedia\" itemscope itemtype=\"http:\/\/schema.org\/ImageObject\">\n\t\t\t\t\t\t<div class=\"gallery-icon landscape\"><a href=\"https:\/\/www.salzburgerland.com\/de\/wp-content\/uploads\/2016\/08\/2023-02-08_tvb-embach-wintershooting-sobietzki-high-res-141-1601x1067.jpg\" title=\"Schlitten fahren in Embach \u00a9 Daniel Sobietzki\"><img decoding=\"async\" data-title=\"Schlitten fahren in Embach \u00a9 Daniel Sobietzki\" title=\"Schlitten fahren in Embach \u00a9 Daniel Sobietzki\" data-caption=\"Schlitten fahren in Embach \u00a9 Daniel Sobietzki\" width=\"1170\" height=\"658\" src=\"https:\/\/www.salzburgerland.com\/de\/wp-content\/uploads\/2016\/08\/2023-02-08_tvb-embach-wintershooting-sobietzki-high-res-141-1170x658.jpg\" class=\"attachment-1170_658 size-1170_658\" alt=\"Schlitten fahren in Embach \u00a9 Daniel Sobietzki (vergr\u00f6\u00dferte Ansicht)\" srcset=\"https:\/\/www.salzburgerland.com\/de\/wp-content\/uploads\/2016\/08\/2023-02-08_tvb-embach-wintershooting-sobietzki-high-res-141-1170x658.jpg 1170w, https:\/\/www.salzburgerland.com\/de\/wp-content\/uploads\/2016\/08\/2023-02-08_tvb-embach-wintershooting-sobietzki-high-res-141-1200x675.jpg 1200w\" sizes=\"(max-width: 1170px) 100vw, 1170px\" aria-describedby=\"figcaption-59718-680050\" itemprop=\"thumbnail\"><\/a><\/div>\n\t\t\t\t\t\t<span id=\"figcaption-59718-680050\" class=\"gallery-caption\" itemprop=\"caption\"><span aria-hidden=\"true\">Schlitten fahren in Embach \u00a9 Daniel Sobietzki<\/span><\/span>\n\t\t\t\t\t<\/li>\n\t\t\t\t<\/ul>\n\t\t\t<\/div><!-- .gallery -->\n\n<h2>Sommer in Embach<\/h2>\n<p>Das Bergdorf besticht durch seine zentrale Lage und ist der ideale Ausgangspunkt f\u00fcr Wanderungen und Ausfl\u00fcge in die umliegende Bergwelt.<br>\nDoch Embach ist mehr als ein Urlaubsort \u2013 hier beginnt das Embach-Gef\u00fchl. Inmitten von Almwiesen und stillen W\u00e4ldern entdeckt man, was heute selten geworden ist: Ruhe, Natur und Herzlichkeit.<\/p>\n<p>Besondere Angebote machen den Aufenthalt einzigartig: ein <a href=\"http:\/\/www.embach.at\/de\/bauernhofdorf\/embacher-berggolf\/\" target=\"_blank\" rel=\"noopener\">Berggolf<\/a>-Rundwanderweg f\u00fcr die ganze Familie, ein Kr\u00e4uter- und ein Vielfaltsgarten, Brotback- und T\u00f6pfer-Workshops sowie Familien-Yoga, Waldbaden und vieles mehr \u2013 <strong>inklusive mit der Bergdorf Card<\/strong>.<\/p>\n<p>Ob Ruhesuchende, Familien oder Aktivurlauber \u2013 im Bergdorf kannst du EINFACH \u2022 SEIN.<br>\nUrspr\u00fcngliches Dorfleben und echte Gastfreundschaft machen Embach zu einem besonderen Ziel f\u00fcr alle, die Natur und Einfachheit sch\u00e4tzen.<\/p>\n\n\t\t\t<div id=\"59718-2\" class=\"gallery gallery-59718 gallery-columns-3 gallery-size-1170_658\" itemscope itemtype=\"http:\/\/schema.org\/ImageGallery\">\n\t\t\t\t<ul class=\"gallery-row gallery-col-3 gallery-clear\">\n\t\t\t\t\t<li class=\"gallery-item col-3\" itemprop=\"associatedMedia\" itemscope itemtype=\"http:\/\/schema.org\/ImageObject\">\n\t\t\t\t\t\t<div class=\"gallery-icon landscape\"><a href=\"https:\/\/www.salzburgerland.com\/de\/wp-content\/uploads\/2016\/08\/2023-06-14_tvb-embach-sommershooting-sobietzki-high-res-83-heller-1601x1067.jpg\" title=\"Familie genie\u00dft Aussicht in Embach \u00a9 Daniel Sobietzki\"><img decoding=\"async\" data-title=\"Familie genie\u00dft Aussicht in Embach \u00a9 Daniel Sobietzki\" title=\"Familie genie\u00dft Aussicht in Embach \u00a9 Daniel Sobietzki\" data-caption=\"Familie genie\u00dft Aussicht in Embach \u00a9 Daniel Sobietzki\" width=\"1170\" height=\"658\" src=\"https:\/\/www.salzburgerland.com\/de\/wp-content\/uploads\/2016\/08\/2023-06-14_tvb-embach-sommershooting-sobietzki-high-res-83-heller-1170x658.jpg\" class=\"attachment-1170_658 size-1170_658\" alt=\"Familie genie\u00dft Aussicht in Embach \u00a9 Daniel Sobietzki (vergr\u00f6\u00dferte Ansicht)\" srcset=\"https:\/\/www.salzburgerland.com\/de\/wp-content\/uploads\/2016\/08\/2023-06-14_tvb-embach-sommershooting-sobietzki-high-res-83-heller-1170x658.jpg 1170w, https:\/\/www.salzburgerland.com\/de\/wp-content\/uploads\/2016\/08\/2023-06-14_tvb-embach-sommershooting-sobietzki-high-res-83-heller-1200x675.jpg 1200w\" sizes=\"(max-width: 1170px) 100vw, 1170px\" aria-describedby=\"figcaption-59718-680031\" itemprop=\"thumbnail\"><\/a><\/div>\n\t\t\t\t\t\t<span id=\"figcaption-59718-680031\" class=\"gallery-caption\" itemprop=\"caption\"><span aria-hidden=\"true\">Familie genie\u00dft Aussicht in Embach \u00a9 Daniel Sobietzki<\/span><\/span>\n\t\t\t\t\t<\/li>\n\t\t\t\t\t<li class=\"gallery-item col-3\" itemprop=\"associatedMedia\" itemscope itemtype=\"http:\/\/schema.org\/ImageObject\">\n\t\t\t\t\t\t<div class=\"gallery-icon landscape\"><a href=\"https:\/\/www.salzburgerland.com\/de\/wp-content\/uploads\/2016\/08\/geistlicheszentrumcreatina-12_-1598x1067.jpg\" title=\"Embach geistliches Zentrum \u00a9 www.creatina.at\"><img decoding=\"async\" data-title=\"Embach geistliches Zentrum \u00a9 www.creatina.at\" title=\"Embach geistliches Zentrum \u00a9 www.creatina.at\" data-caption=\"Embach geistliches Zentrum \u00a9 www.creatina.at\" width=\"1170\" height=\"658\" src=\"https:\/\/www.salzburgerland.com\/de\/wp-content\/uploads\/2016\/08\/geistlicheszentrumcreatina-12_-1170x658.jpg\" class=\"attachment-1170_658 size-1170_658\" alt=\"In Embach steht eine wei\u00dfe Kirche mit einem hohen Kirchturm hinter einem Holzzaun in einer grasbewachsenen, l\u00e4ndlichen Landschaft. (vergr\u00f6\u00dferte Ansicht)\" srcset=\"https:\/\/www.salzburgerland.com\/de\/wp-content\/uploads\/2016\/08\/geistlicheszentrumcreatina-12_-1170x658.jpg 1170w, https:\/\/www.salzburgerland.com\/de\/wp-content\/uploads\/2016\/08\/geistlicheszentrumcreatina-12_-1200x675.jpg 1200w\" sizes=\"(max-width: 1170px) 100vw, 1170px\" aria-describedby=\"figcaption-59718-680036\" itemprop=\"thumbnail\"><\/a><\/div>\n\t\t\t\t\t\t<span id=\"figcaption-59718-680036\" class=\"gallery-caption\" itemprop=\"caption\"><span aria-hidden=\"true\">Embach geistliches Zentrum \u00a9 www.creatina.at<\/span><\/span>\n\t\t\t\t\t<\/li>\n\t\t\t\t\t<li class=\"gallery-item col-3\" itemprop=\"associatedMedia\" itemscope itemtype=\"http:\/\/schema.org\/ImageObject\">\n\t\t\t\t\t\t<div class=\"gallery-icon landscape\"><a href=\"https:\/\/www.salzburgerland.com\/de\/wp-content\/uploads\/2016\/08\/2023-06-14_tvb-embach-sommershooting-sobietzki-high-res-18-1601x1067.jpg\" title=\"Familie im Kr\u00e4utergarten in Embach \u00a9 Daniel Sobietzki\"><img decoding=\"async\" data-title=\"Familie im Kr\u00e4utergarten in Embach \u00a9 Daniel Sobietzki\" title=\"Familie im Kr\u00e4utergarten in Embach \u00a9 Daniel Sobietzki\" data-caption=\"Familie im Kr\u00e4utergarten in Embach \u00a9 Daniel Sobietzki\" width=\"1170\" height=\"658\" src=\"https:\/\/www.salzburgerland.com\/de\/wp-content\/uploads\/2016\/08\/2023-06-14_tvb-embach-sommershooting-sobietzki-high-res-18-1170x658.jpg\" class=\"attachment-1170_658 size-1170_658\" alt=\"Familie im Kr\u00e4utergarten in Embach \u00a9 Daniel Sobietzki (vergr\u00f6\u00dferte Ansicht)\" srcset=\"https:\/\/www.salzburgerland.com\/de\/wp-content\/uploads\/2016\/08\/2023-06-14_tvb-embach-sommershooting-sobietzki-high-res-18-1170x658.jpg 1170w, https:\/\/www.salzburgerland.com\/de\/wp-content\/uploads\/2016\/08\/2023-06-14_tvb-embach-sommershooting-sobietzki-high-res-18-1200x675.jpg 1200w\" sizes=\"(max-width: 1170px) 100vw, 1170px\" aria-describedby=\"figcaption-59718-680029\" itemprop=\"thumbnail\"><\/a><\/div>\n\t\t\t\t\t\t<span id=\"figcaption-59718-680029\" class=\"gallery-caption\" itemprop=\"caption\"><span aria-hidden=\"true\">Familie im Kr\u00e4utergarten in Embach \u00a9 Daniel Sobietzki<\/span><\/span>\n\t\t\t\t\t<\/li>\n\t\t\t\t<\/ul>\n\t\t\t\t<ul class=\"gallery-row gallery-col-3 gallery-clear\">\n\t\t\t\t\t<li class=\"gallery-item col-3\" itemprop=\"associatedMedia\" itemscope itemtype=\"http:\/\/schema.org\/ImageObject\">\n\t\t\t\t\t\t<div class=\"gallery-icon landscape\"><a href=\"https:\/\/www.salzburgerland.com\/de\/wp-content\/uploads\/2016\/08\/2023-06-14_tvb-embach-sommershooting-sobietzki-high-res-37-1601x1067.jpg\" title=\"Familie bei Brettljause in Embach \u00a9 Daniel Sobietzki\"><img decoding=\"async\" data-title=\"Familie bei Brettljause in Embach \u00a9 Daniel Sobietzki\" title=\"Familie bei Brettljause in Embach \u00a9 Daniel Sobietzki\" data-caption=\"Familie bei Brettljause in Embach \u00a9 Daniel Sobietzki\" width=\"1170\" height=\"658\" src=\"https:\/\/www.salzburgerland.com\/de\/wp-content\/uploads\/2016\/08\/2023-06-14_tvb-embach-sommershooting-sobietzki-high-res-37-1170x658.jpg\" class=\"attachment-1170_658 size-1170_658\" alt=\"Familie bei Brettljause in Embach \u00a9 Daniel Sobietzki (vergr\u00f6\u00dferte Ansicht)\" srcset=\"https:\/\/www.salzburgerland.com\/de\/wp-content\/uploads\/2016\/08\/2023-06-14_tvb-embach-sommershooting-sobietzki-high-res-37-1170x658.jpg 1170w, https:\/\/www.salzburgerland.com\/de\/wp-content\/uploads\/2016\/08\/2023-06-14_tvb-embach-sommershooting-sobietzki-high-res-37-1200x675.jpg 1200w\" sizes=\"(max-width: 1170px) 100vw, 1170px\" aria-describedby=\"figcaption-59718-680027\" itemprop=\"thumbnail\"><\/a><\/div>\n\t\t\t\t\t\t<span id=\"figcaption-59718-680027\" class=\"gallery-caption\" itemprop=\"caption\"><span aria-hidden=\"true\">Familie bei Brettljause in Embach \u00a9 Daniel Sobietzki<\/span><\/span>\n\t\t\t\t\t<\/li>\n\t\t\t\t\t<li class=\"gallery-item col-3\" itemprop=\"associatedMedia\" itemscope itemtype=\"http:\/\/schema.org\/ImageObject\">\n\t\t\t\t\t\t<div class=\"gallery-icon landscape\"><a href=\"https:\/\/www.salzburgerland.com\/de\/wp-content\/uploads\/2016\/08\/29230742392_184c383722_o-1600x1067.jpg\" title=\"zufriedene Pferde in Embach\"><img decoding=\"async\" data-title=\"zufriedene Pferde in Embach\" title=\"zufriedene Pferde in Embach\" data-caption=\"zufriedene Pferde in Embach\" width=\"1170\" height=\"658\" src=\"https:\/\/www.salzburgerland.com\/de\/wp-content\/uploads\/2016\/08\/29230742392_184c383722_o-1170x658.jpg\" class=\"attachment-1170_658 size-1170_658\" alt=\"Zwei braune und wei\u00dfe Pferde stehen auf einem gr\u00fcnen Embach-H\u00fcgel mit Bergen und blauem Himmel im Hintergrund. (vergr\u00f6\u00dferte Ansicht)\" srcset=\"https:\/\/www.salzburgerland.com\/de\/wp-content\/uploads\/2016\/08\/29230742392_184c383722_o-1170x658.jpg 1170w, https:\/\/www.salzburgerland.com\/de\/wp-content\/uploads\/2016\/08\/29230742392_184c383722_o-1200x675.jpg 1200w\" sizes=\"(max-width: 1170px) 100vw, 1170px\" aria-describedby=\"figcaption-59718-680033\" itemprop=\"thumbnail\"><\/a><\/div>\n\t\t\t\t\t\t<span id=\"figcaption-59718-680033\" class=\"gallery-caption\" itemprop=\"caption\"><span aria-hidden=\"true\">zufriedene Pferde in Embach<\/span><\/span>\n\t\t\t\t\t<\/li>\n\t\t\t\t\t<li class=\"gallery-item col-3\" itemprop=\"associatedMedia\" itemscope itemtype=\"http:\/\/schema.org\/ImageObject\">\n\t\t\t\t\t\t<div class=\"gallery-icon landscape\"><a href=\"https:\/\/www.salzburgerland.com\/de\/wp-content\/uploads\/2016\/08\/2023-06-14_tvb-embach-sommershooting-sobietzki-high-res-5-1601x1067.jpg\" title=\"Embach im Sommer \u00a9 Daniel Sobietzki\"><img decoding=\"async\" data-title=\"Embach im Sommer \u00a9 Daniel Sobietzki\" title=\"Embach im Sommer \u00a9 Daniel Sobietzki\" data-caption=\"Embach im Sommer \u00a9 Daniel Sobietzki\" width=\"1170\" height=\"658\" src=\"https:\/\/www.salzburgerland.com\/de\/wp-content\/uploads\/2016\/08\/2023-06-14_tvb-embach-sommershooting-sobietzki-high-res-5-1170x658.jpg\" class=\"attachment-1170_658 size-1170_658\" alt=\"\" srcset=\"https:\/\/www.salzburgerland.com\/de\/wp-content\/uploads\/2016\/08\/2023-06-14_tvb-embach-sommershooting-sobietzki-high-res-5-1170x658.jpg 1170w, https:\/\/www.salzburgerland.com\/de\/wp-content\/uploads\/2016\/08\/2023-06-14_tvb-embach-sommershooting-sobietzki-high-res-5-1200x675.jpg 1200w\" sizes=\"(max-width: 1170px) 100vw, 1170px\" aria-describedby=\"figcaption-59718-680026\" itemprop=\"thumbnail\"><\/a><\/div>\n\t\t\t\t\t\t<span id=\"figcaption-59718-680026\" class=\"gallery-caption\" itemprop=\"caption\"><span aria-hidden=\"true\">Embach im Sommer \u00a9 Daniel Sobietzki<\/span><\/span>\n\t\t\t\t\t<\/li>\n\t\t\t\t<\/ul>\n\t\t\t\t<ul class=\"gallery-row gallery-col-3 gallery-clear\">\n\t\t\t\t\t<li class=\"gallery-item col-3\" itemprop=\"associatedMedia\" itemscope itemtype=\"http:\/\/schema.org\/ImageObject\">\n\t\t\t\t\t\t<div class=\"gallery-icon landscape\"><a href=\"https:\/\/www.salzburgerland.com\/de\/wp-content\/uploads\/2016\/08\/2023-06-14_tvb-embach-sommershooting-sobietzki-high-res-140-1601x1067.jpg\" title=\"Radfahrer vor Kapelle in Embach \u00a9Daniel Sobietzki\"><img decoding=\"async\" data-title=\"Radfahrer vor Kapelle in Embach \u00a9Daniel Sobietzki\" title=\"Radfahrer vor Kapelle in Embach \u00a9Daniel Sobietzki\" data-caption=\"Radfahrer vor Kapelle in Embach \u00a9Daniel Sobietzki\" width=\"1170\" height=\"658\" src=\"https:\/\/www.salzburgerland.com\/de\/wp-content\/uploads\/2016\/08\/2023-06-14_tvb-embach-sommershooting-sobietzki-high-res-140-1170x658.jpg\" class=\"attachment-1170_658 size-1170_658\" alt=\"Radfahrer vor Kapelle in Embach \u00a9Daniel Sobietzki (vergr\u00f6\u00dferte Ansicht)\" srcset=\"https:\/\/www.salzburgerland.com\/de\/wp-content\/uploads\/2016\/08\/2023-06-14_tvb-embach-sommershooting-sobietzki-high-res-140-1170x658.jpg 1170w, https:\/\/www.salzburgerland.com\/de\/wp-content\/uploads\/2016\/08\/2023-06-14_tvb-embach-sommershooting-sobietzki-high-res-140-1200x675.jpg 1200w\" sizes=\"(max-width: 1170px) 100vw, 1170px\" aria-describedby=\"figcaption-59718-680032\" itemprop=\"thumbnail\"><\/a><\/div>\n\t\t\t\t\t\t<span id=\"figcaption-59718-680032\" class=\"gallery-caption\" itemprop=\"caption\"><span aria-hidden=\"true\">Radfahrer vor Kapelle in Embach \u00a9Daniel Sobietzki<\/span><\/span>\n\t\t\t\t\t<\/li>\n\t\t\t\t\t<li class=\"gallery-item col-3\" itemprop=\"associatedMedia\" itemscope itemtype=\"http:\/\/schema.org\/ImageObject\">\n\t\t\t\t\t\t<div class=\"gallery-icon landscape\"><a href=\"https:\/\/www.salzburgerland.com\/de\/wp-content\/uploads\/2016\/08\/erwin_haiden_1571-korr-1600x1067.jpg\" title=\"Kapelle Embach \u00a9 Erwin Haiden\"><img decoding=\"async\" data-title=\"Kapelle Embach \u00a9 Erwin Haiden\" title=\"Kapelle Embach \u00a9 Erwin Haiden\" data-caption=\"Kapelle Embach \u00a9 Erwin Haiden\" width=\"1170\" height=\"658\" src=\"https:\/\/www.salzburgerland.com\/de\/wp-content\/uploads\/2016\/08\/erwin_haiden_1571-korr-1170x658.jpg\" class=\"attachment-1170_658 size-1170_658\" alt=\"Eine dreieckige Metalltafel mit einem eingravierten Auge steht in der N\u00e4he der Kapelle von Embach auf einem grasbewachsenen H\u00fcgel unter einem bew\u00f6lkten Himmel. (vergr\u00f6\u00dferte Ansicht)\" srcset=\"https:\/\/www.salzburgerland.com\/de\/wp-content\/uploads\/2016\/08\/erwin_haiden_1571-korr-1170x658.jpg 1170w, https:\/\/www.salzburgerland.com\/de\/wp-content\/uploads\/2016\/08\/erwin_haiden_1571-korr-1200x675.jpg 1200w\" sizes=\"(max-width: 1170px) 100vw, 1170px\" aria-describedby=\"figcaption-59718-680035\" itemprop=\"thumbnail\"><\/a><\/div>\n\t\t\t\t\t\t<span id=\"figcaption-59718-680035\" class=\"gallery-caption\" itemprop=\"caption\"><span aria-hidden=\"true\">Kapelle Embach \u00a9 Erwin Haiden<\/span><\/span>\n\t\t\t\t\t<\/li>\n\t\t\t\t\t<li class=\"gallery-item col-3\" itemprop=\"associatedMedia\" itemscope itemtype=\"http:\/\/schema.org\/ImageObject\">\n\t\t\t\t\t\t<div class=\"gallery-icon landscape\"><a href=\"https:\/\/www.salzburgerland.com\/de\/wp-content\/uploads\/2016\/08\/250807_tvb-embach-sommershooting-sobietzki-high-res-21-1601x1067.jpg\" title=\"im Wald zur Ruhe kommen, Embach \u00a9Daniel Sobietzki\"><img decoding=\"async\" data-title=\"im Wald zur Ruhe kommen, Embach \u00a9Daniel Sobietzki\" title=\"im Wald zur Ruhe kommen, Embach \u00a9Daniel Sobietzki\" data-caption=\"im Wald zur Ruhe kommen, Embach \u00a9Daniel Sobietzki\" width=\"1170\" height=\"658\" src=\"https:\/\/www.salzburgerland.com\/de\/wp-content\/uploads\/2016\/08\/250807_tvb-embach-sommershooting-sobietzki-high-res-21-1170x658.jpg\" class=\"attachment-1170_658 size-1170_658\" alt=\"im Wald zur Ruhe kommen, Embach \u00a9Daniel Sobietzki (vergr\u00f6\u00dferte Ansicht)\" srcset=\"https:\/\/www.salzburgerland.com\/de\/wp-content\/uploads\/2016\/08\/250807_tvb-embach-sommershooting-sobietzki-high-res-21-1170x658.jpg 1170w, https:\/\/www.salzburgerland.com\/de\/wp-content\/uploads\/2016\/08\/250807_tvb-embach-sommershooting-sobietzki-high-res-21-1200x675.jpg 1200w\" sizes=\"(max-width: 1170px) 100vw, 1170px\" aria-describedby=\"figcaption-59718-680037\" itemprop=\"thumbnail\"><\/a><\/div>\n\t\t\t\t\t\t<span id=\"figcaption-59718-680037\" class=\"gallery-caption\" itemprop=\"caption\"><span aria-hidden=\"true\">im Wald zur Ruhe kommen, Embach \u00a9Daniel Sobietzki<\/span><\/span>\n\t\t\t\t\t<\/li>\n\t\t\t\t<\/ul>\n\t\t\t\t<ul class=\"gallery-row gallery-col-3 gallery-clear\">\n\t\t\t\t\t<li class=\"gallery-item col-3\" itemprop=\"associatedMedia\" itemscope itemtype=\"http:\/\/schema.org\/ImageObject\">\n\t\t\t\t\t\t<div class=\"gallery-icon landscape\"><a href=\"https:\/\/www.salzburgerland.com\/de\/wp-content\/uploads\/2016\/08\/2023-06-14_tvb-embach-sommershooting-sobietzki-high-res-36-1601x1067.jpg\" title=\"Brettljause in Embach \u00a9 Daniel Sobietzki\"><img decoding=\"async\" data-title=\"Brettljause in Embach \u00a9 Daniel Sobietzki\" title=\"Brettljause in Embach \u00a9 Daniel Sobietzki\" data-caption=\"Brettljause in Embach \u00a9 Daniel Sobietzki\" width=\"1170\" height=\"658\" src=\"https:\/\/www.salzburgerland.com\/de\/wp-content\/uploads\/2016\/08\/2023-06-14_tvb-embach-sommershooting-sobietzki-high-res-36-1170x658.jpg\" class=\"attachment-1170_658 size-1170_658\" alt=\"Brettljause in Embach \u00a9 Daniel Sobietzki (vergr\u00f6\u00dferte Ansicht)\" srcset=\"https:\/\/www.salzburgerland.com\/de\/wp-content\/uploads\/2016\/08\/2023-06-14_tvb-embach-sommershooting-sobietzki-high-res-36-1170x658.jpg 1170w, https:\/\/www.salzburgerland.com\/de\/wp-content\/uploads\/2016\/08\/2023-06-14_tvb-embach-sommershooting-sobietzki-high-res-36-1200x675.jpg 1200w\" sizes=\"(max-width: 1170px) 100vw, 1170px\" aria-describedby=\"figcaption-59718-680028\" itemprop=\"thumbnail\"><\/a><\/div>\n\t\t\t\t\t\t<span id=\"figcaption-59718-680028\" class=\"gallery-caption\" itemprop=\"caption\"><span aria-hidden=\"true\">Brettljause in Embach \u00a9 Daniel Sobietzki<\/span><\/span>\n\t\t\t\t\t<\/li>\n\t\t\t\t\t<li class=\"gallery-item col-3\" itemprop=\"associatedMedia\" itemscope itemtype=\"http:\/\/schema.org\/ImageObject\">\n\t\t\t\t\t\t<div class=\"gallery-icon landscape\"><a href=\"https:\/\/www.salzburgerland.com\/de\/wp-content\/uploads\/2016\/08\/2023-06-14_tvb-embach-sommershooting-sobietzki-high-res-58-1601x1067.jpg\" title=\"Wandern in Embach \u00a9 Daniel Sobietzki\"><img decoding=\"async\" data-title=\"Wandern in Embach \u00a9 Daniel Sobietzki\" title=\"Wandern in Embach \u00a9 Daniel Sobietzki\" data-caption=\"Wandern in Embach \u00a9 Daniel Sobietzki\" width=\"1170\" height=\"658\" src=\"https:\/\/www.salzburgerland.com\/de\/wp-content\/uploads\/2016\/08\/2023-06-14_tvb-embach-sommershooting-sobietzki-high-res-58-1170x658.jpg\" class=\"attachment-1170_658 size-1170_658\" alt=\"Wandern in Embach \u00a9 Daniel Sobietzki (vergr\u00f6\u00dferte Ansicht)\" srcset=\"https:\/\/www.salzburgerland.com\/de\/wp-content\/uploads\/2016\/08\/2023-06-14_tvb-embach-sommershooting-sobietzki-high-res-58-1170x658.jpg 1170w, https:\/\/www.salzburgerland.com\/de\/wp-content\/uploads\/2016\/08\/2023-06-14_tvb-embach-sommershooting-sobietzki-high-res-58-1200x675.jpg 1200w\" sizes=\"(max-width: 1170px) 100vw, 1170px\" aria-describedby=\"figcaption-59718-680030\" itemprop=\"thumbnail\"><\/a><\/div>\n\t\t\t\t\t\t<span id=\"figcaption-59718-680030\" class=\"gallery-caption\" itemprop=\"caption\"><span aria-hidden=\"true\">Wandern in Embach \u00a9 Daniel Sobietzki<\/span><\/span>\n\t\t\t\t\t<\/li>\n\t\t\t\t\t<li class=\"gallery-item col-3\" itemprop=\"associatedMedia\" itemscope itemtype=\"http:\/\/schema.org\/ImageObject\">\n\t\t\t\t\t\t<div class=\"gallery-icon landscape\"><a href=\"https:\/\/www.salzburgerland.com\/de\/wp-content\/uploads\/2016\/08\/250807_tvb-embach-sommershooting-sobietzki-high-res-6-1601x1067.jpg\" title=\"Embacher Kr\u00e4uter \u00a9 Daniel Sobietzki\"><img decoding=\"async\" data-title=\"Embacher Kr\u00e4uter \u00a9 Daniel Sobietzki\" title=\"Embacher Kr\u00e4uter \u00a9 Daniel Sobietzki\" data-caption=\"Embacher Kr\u00e4uter \u00a9 Daniel Sobietzki\" width=\"1170\" height=\"658\" src=\"https:\/\/www.salzburgerland.com\/de\/wp-content\/uploads\/2016\/08\/250807_tvb-embach-sommershooting-sobietzki-high-res-6-1170x658.jpg\" class=\"attachment-1170_658 size-1170_658\" alt=\"Embacher Kr\u00e4uter \u00a9 Daniel Sobietzki (vergr\u00f6\u00dferte Ansicht)\" srcset=\"https:\/\/www.salzburgerland.com\/de\/wp-content\/uploads\/2016\/08\/250807_tvb-embach-sommershooting-sobietzki-high-res-6-1170x658.jpg 1170w, https:\/\/www.salzburgerland.com\/de\/wp-content\/uploads\/2016\/08\/250807_tvb-embach-sommershooting-sobietzki-high-res-6-1200x675.jpg 1200w\" sizes=\"(max-width: 1170px) 100vw, 1170px\" aria-describedby=\"figcaption-59718-680038\" itemprop=\"thumbnail\"><\/a><\/div>\n\t\t\t\t\t\t<span id=\"figcaption-59718-680038\" class=\"gallery-caption\" itemprop=\"caption\"><span aria-hidden=\"true\">Embacher Kr\u00e4uter \u00a9 Daniel Sobietzki<\/span><\/span>\n\t\t\t\t\t<\/li>\n\t\t\t\t<\/ul>\n\t\t\t<\/div><!-- .gallery -->\n\n<h2>Kr\u00e4uterkunde<\/h2>\n<p><span style=\"font-weight: 400;\">Im <strong>TEH-zertifizierten Kr\u00e4utergarten<\/strong> beim <a href=\"http:\/\/www.kraeutergarten-hoadabauer.at\/\" target=\"_blank\" rel=\"noopener noreferrer\">Hoadabauer<\/a> wird das Kr\u00e4uter-Heilwissen des Pinzgaus vermittelt. In regelm\u00e4\u00dfigen Kr\u00e4uterf\u00fchrungen und Workshops k\u00f6nnen Interessierte aller Altersgruppen dieses Wunder der Natur entdecken und auch selbst lernen, einfache Hausmittel herzustellen. Der Kr\u00e4utergarten ist frei zug\u00e4nglich. Kr\u00e4uterprodukte k\u00f6nnen auch gekauft und mit nach Hause genommen werden.<\/span><\/p>\n","protected":false},"excerpt":{"rendered":"<p>Wintersport in Embach Im Winter locken gem\u00fctliche Spazierg\u00e4nge, Schneeschuhwanderungen und Skitouren im unber\u00fchrten Pulverschnee. Das bestens pr\u00e4parierte Loipennetz der H\u00f6henloipe Embach f\u00fchrt\u00a0vom Ortszentrum \u00fcber verschieden lange Routen mit leichten Anstiegen und Abfahrten und bietet dabei immer wieder ein gro\u00dfartiges Panorama. Direkt in Embach befindet sich ein kleines Skigebiet mit einem Schlepp- und Anf\u00e4ngerlift \u2013 ideal, [&hellip;]<\/p>\n","protected":false},"author":19,"featured_media":680042,"comment_status":"closed","ping_status":"closed","template":"","meta":{"_acf_changed":false,"wl_entities_gutenberg":"","_relevanssi_hide_post":"","_relevanssi_hide_content":"","_relevanssi_pin_for_all":"","_relevanssi_pin_keywords":"","_relevanssi_unpin_keywords":"","_relevanssi_related_keywords":"","_relevanssi_related_include_ids":"","_relevanssi_related_exclude_ids":"","_relevanssi_related_no_append":"","_relevanssi_related_not_related":"","_relevanssi_related_posts":"","_relevanssi_noindex_reason":"","footnotes":""},"categories":[1],"tags":[],"wl_entity_type":[2],"ski_resorts":[],"class_list":["post-59718","entity","type-entity","status-publish","has-post-thumbnail","hentry","category-allgemein","wl_entity_type-thing","sitetype-place"],"acf":[],"yoast_head":"<!-- This site is optimized with the Yoast SEO Premium plugin v26.9 (Yoast SEO v26.9) - https:\/\/yoast.com\/product\/yoast-seo-premium-wordpress\/ -->\n<title>Das Bergdorf Embach - ein Urlaubsparadies f\u00fcr Naturliebhaber.<\/title>\n<meta name=\"description\" content=\"Das malerische Bergdorf Embach befindet sich mitten im Nationalparkgebiet Hohe Tauern. Hier genie\u00dfen Ruhesuchende und Sportler ganzj\u00e4hrig das authentische Leben im Einklang mit der Natur.\" \/>\n<meta name=\"robots\" content=\"index, follow, max-snippet:-1, max-image-preview:large, max-video-preview:-1\" \/>\n<link rel=\"canonical\" href=\"https:\/\/www.salzburgerland.com\/de\/wp-json\/wp\/v2\/entities\/59718\" \/>\n<meta property=\"og:locale\" content=\"de_DE\" \/>\n<meta property=\"og:type\" content=\"article\" \/>\n<meta property=\"og:title\" content=\"Embach\" \/>\n<meta property=\"og:description\" content=\"Das malerische Bergdorf Embach befindet sich mitten im Nationalparkgebiet Hohe Tauern. Hier genie\u00dfen Ruhesuchende und Sportler ganzj\u00e4hrig das authentische Leben im Einklang mit der Natur.\" \/>\n<meta property=\"og:url\" content=\"https:\/\/www.salzburgerland.com\/de\/wp-json\/wp\/v2\/entities\/59718\" \/>\n<meta property=\"og:site_name\" content=\"SalzburgerLand.com\" \/>\n<meta property=\"article:publisher\" content=\"https:\/\/www.facebook.com\/salzburgerland\/\" \/>\n<meta property=\"article:modified_time\" content=\"2026-01-19T14:01:16+00:00\" \/>\n<meta property=\"og:image\" content=\"https:\/\/www.salzburgerland.com\/de\/wp-content\/uploads\/2016\/08\/2023-02-08_tvb-embach-wintershooting-sobietzki-high-res-3-1200x675.jpg\" \/>\n\t<meta property=\"og:image:width\" content=\"1200\" \/>\n\t<meta property=\"og:image:height\" content=\"675\" \/>\n\t<meta property=\"og:image:type\" content=\"image\/jpeg\" \/>\n<meta name=\"twitter:card\" content=\"summary_large_image\" \/>\n<meta name=\"twitter:site\" content=\"@Salzburgerland\" \/>\n<meta name=\"twitter:label1\" content=\"Gesch\u00e4tzte Lesezeit\" \/>\n\t<meta name=\"twitter:data1\" content=\"3\u00a0Minuten\" \/>\n<script type=\"application\/ld+json\" class=\"yoast-schema-graph\">{\"@context\":\"https:\/\/schema.org\",\"@graph\":[{\"@type\":\"WebPage\",\"@id\":\"https:\/\/www.salzburgerland.com\/de\/embach-lend\/\",\"url\":\"https:\/\/www.salzburgerland.com\/de\/embach-lend\/\",\"name\":\"Das Bergdorf Embach - ein Urlaubsparadies f\u00fcr Naturliebhaber.\",\"isPartOf\":{\"@id\":\"https:\/\/www.salzburgerland.com\/de\/#website\"},\"primaryImageOfPage\":{\"@id\":\"https:\/\/www.salzburgerland.com\/de\/embach-lend\/#primaryimage\"},\"image\":{\"@id\":\"https:\/\/www.salzburgerland.com\/de\/embach-lend\/#primaryimage\"},\"thumbnailUrl\":\"https:\/\/www.salzburgerland.com\/de\/wp-content\/uploads\/2016\/08\/2023-02-08_tvb-embach-wintershooting-sobietzki-high-res-3.jpg\",\"datePublished\":\"2016-08-24T14:25:43+00:00\",\"dateModified\":\"2026-01-19T14:01:16+00:00\",\"description\":\"Das malerische Bergdorf Embach befindet sich mitten im Nationalparkgebiet Hohe Tauern. Hier genie\u00dfen Ruhesuchende und Sportler ganzj\u00e4hrig das authentische Leben im Einklang mit der Natur.\",\"breadcrumb\":{\"@id\":\"https:\/\/www.salzburgerland.com\/de\/embach-lend\/#breadcrumb\"},\"inLanguage\":\"de\",\"potentialAction\":[{\"@type\":\"ReadAction\",\"target\":[\"https:\/\/www.salzburgerland.com\/de\/embach-lend\/\"]}]},{\"@type\":\"ImageObject\",\"inLanguage\":\"de\",\"@id\":\"https:\/\/www.salzburgerland.com\/de\/embach-lend\/#primaryimage\",\"url\":\"https:\/\/www.salzburgerland.com\/de\/wp-content\/uploads\/2016\/08\/2023-02-08_tvb-embach-wintershooting-sobietzki-high-res-3.jpg\",\"contentUrl\":\"https:\/\/www.salzburgerland.com\/de\/wp-content\/uploads\/2016\/08\/2023-02-08_tvb-embach-wintershooting-sobietzki-high-res-3.jpg\",\"width\":2560,\"height\":1719,\"caption\":\"Bergdorf Embach im Winter \u00a9 Daniel Sobietzki\"},{\"@type\":\"BreadcrumbList\",\"@id\":\"https:\/\/www.salzburgerland.com\/de\/embach-lend\/#breadcrumb\",\"itemListElement\":[{\"@type\":\"ListItem\",\"position\":1,\"name\":\"Ferienregion Nationalpark Hohe Tauern\",\"item\":\"https:\/\/www.salzburgerland.com\/de\/ferienregion-nationalpark-hohe-tauern\/\"},{\"@type\":\"ListItem\",\"position\":2,\"name\":\"Embach\"}]},{\"@type\":\"WebSite\",\"@id\":\"https:\/\/www.salzburgerland.com\/de\/#website\",\"url\":\"https:\/\/www.salzburgerland.com\/de\/\",\"name\":\"SalzburgerLand.com\",\"description\":\"Ihr Urlaub in Salzburg, \u00d6sterreich\",\"publisher\":{\"@id\":\"https:\/\/www.salzburgerland.com\/de\/#organization\"},\"potentialAction\":[{\"@type\":\"SearchAction\",\"target\":{\"@type\":\"EntryPoint\",\"urlTemplate\":\"https:\/\/www.salzburgerland.com\/de\/?s={search_term_string}\"},\"query-input\":{\"@type\":\"PropertyValueSpecification\",\"valueRequired\":true,\"valueName\":\"search_term_string\"}}],\"inLanguage\":\"de\"},{\"@type\":\"Organization\",\"@id\":\"https:\/\/www.salzburgerland.com\/de\/#organization\",\"name\":\"SalzburgerLand Tourismus GmbH\",\"url\":\"https:\/\/www.salzburgerland.com\/de\/\",\"logo\":{\"@type\":\"ImageObject\",\"inLanguage\":\"de\",\"@id\":\"https:\/\/www.salzburgerland.com\/de\/#\/schema\/logo\/image\/\",\"url\":\"https:\/\/www.salzburgerland.com\/de\/wp-content\/uploads\/2017\/01\/salzburgerland-logo.jpg\",\"contentUrl\":\"https:\/\/www.salzburgerland.com\/de\/wp-content\/uploads\/2017\/01\/salzburgerland-logo.jpg\",\"width\":1920,\"height\":827,\"caption\":\"SalzburgerLand Tourismus GmbH\"},\"image\":{\"@id\":\"https:\/\/www.salzburgerland.com\/de\/#\/schema\/logo\/image\/\"},\"sameAs\":[\"https:\/\/www.facebook.com\/salzburgerland\/\",\"https:\/\/x.com\/Salzburgerland\",\"https:\/\/www.instagram.com\/salzburgerland\/\",\"http:\/\/dbpedia.org\/resource\/Salzburg_(state)\",\"http:\/\/wikidata.dbpedia.org\/resource\/Q43325\",\"http:\/\/open.salzburgerland.com\/de\/entity\/salzburgerland\",\"https:\/\/www.youtube.com\/user\/salzburgerland\"]}]}<\/script>\n<!-- \/ Yoast SEO Premium plugin. -->","yoast_head_json":{"title":"Das Bergdorf Embach - ein Urlaubsparadies f\u00fcr Naturliebhaber.","description":"Das malerische Bergdorf Embach befindet sich mitten im Nationalparkgebiet Hohe Tauern. Hier genie\u00dfen Ruhesuchende und Sportler ganzj\u00e4hrig das authentische Leben im Einklang mit der Natur.","robots":{"index":"index","follow":"follow","max-snippet":"max-snippet:-1","max-image-preview":"max-image-preview:large","max-video-preview":"max-video-preview:-1"},"canonical":"https:\/\/www.salzburgerland.com\/de\/wp-json\/wp\/v2\/entities\/59718","og_locale":"de_DE","og_type":"article","og_title":"Embach","og_description":"Das malerische Bergdorf Embach befindet sich mitten im Nationalparkgebiet Hohe Tauern. Hier genie\u00dfen Ruhesuchende und Sportler ganzj\u00e4hrig das authentische Leben im Einklang mit der Natur.","og_url":"https:\/\/www.salzburgerland.com\/de\/wp-json\/wp\/v2\/entities\/59718","og_site_name":"SalzburgerLand.com","article_publisher":"https:\/\/www.facebook.com\/salzburgerland\/","article_modified_time":"2026-01-19T14:01:16+00:00","og_image":[{"width":1200,"height":675,"url":"https:\/\/www.salzburgerland.com\/de\/wp-content\/uploads\/2016\/08\/2023-02-08_tvb-embach-wintershooting-sobietzki-high-res-3-1200x675.jpg","type":"image\/jpeg"}],"twitter_card":"summary_large_image","twitter_site":"@Salzburgerland","twitter_misc":{"Gesch\u00e4tzte Lesezeit":"3\u00a0Minuten"},"schema":{"@context":"https:\/\/schema.org","@graph":[{"@type":"WebPage","@id":"https:\/\/www.salzburgerland.com\/de\/embach-lend\/","url":"https:\/\/www.salzburgerland.com\/de\/embach-lend\/","name":"Das Bergdorf Embach - ein Urlaubsparadies f\u00fcr Naturliebhaber.","isPartOf":{"@id":"https:\/\/www.salzburgerland.com\/de\/#website"},"primaryImageOfPage":{"@id":"https:\/\/www.salzburgerland.com\/de\/embach-lend\/#primaryimage"},"image":{"@id":"https:\/\/www.salzburgerland.com\/de\/embach-lend\/#primaryimage"},"thumbnailUrl":"https:\/\/www.salzburgerland.com\/de\/wp-content\/uploads\/2016\/08\/2023-02-08_tvb-embach-wintershooting-sobietzki-high-res-3.jpg","datePublished":"2016-08-24T14:25:43+00:00","dateModified":"2026-01-19T14:01:16+00:00","description":"Das malerische Bergdorf Embach befindet sich mitten im Nationalparkgebiet Hohe Tauern. Hier genie\u00dfen Ruhesuchende und Sportler ganzj\u00e4hrig das authentische Leben im Einklang mit der Natur.","breadcrumb":{"@id":"https:\/\/www.salzburgerland.com\/de\/embach-lend\/#breadcrumb"},"inLanguage":"de","potentialAction":[{"@type":"ReadAction","target":["https:\/\/www.salzburgerland.com\/de\/embach-lend\/"]}]},{"@type":"ImageObject","inLanguage":"de","@id":"https:\/\/www.salzburgerland.com\/de\/embach-lend\/#primaryimage","url":"https:\/\/www.salzburgerland.com\/de\/wp-content\/uploads\/2016\/08\/2023-02-08_tvb-embach-wintershooting-sobietzki-high-res-3.jpg","contentUrl":"https:\/\/www.salzburgerland.com\/de\/wp-content\/uploads\/2016\/08\/2023-02-08_tvb-embach-wintershooting-sobietzki-high-res-3.jpg","width":2560,"height":1719,"caption":"Bergdorf Embach im Winter \u00a9 Daniel Sobietzki"},{"@type":"BreadcrumbList","@id":"https:\/\/www.salzburgerland.com\/de\/embach-lend\/#breadcrumb","itemListElement":[{"@type":"ListItem","position":1,"name":"Ferienregion Nationalpark Hohe Tauern","item":"https:\/\/www.salzburgerland.com\/de\/ferienregion-nationalpark-hohe-tauern\/"},{"@type":"ListItem","position":2,"name":"Embach"}]},{"@type":"WebSite","@id":"https:\/\/www.salzburgerland.com\/de\/#website","url":"https:\/\/www.salzburgerland.com\/de\/","name":"SalzburgerLand.com","description":"Ihr Urlaub in Salzburg, \u00d6sterreich","publisher":{"@id":"https:\/\/www.salzburgerland.com\/de\/#organization"},"potentialAction":[{"@type":"SearchAction","target":{"@type":"EntryPoint","urlTemplate":"https:\/\/www.salzburgerland.com\/de\/?s={search_term_string}"},"query-input":{"@type":"PropertyValueSpecification","valueRequired":true,"valueName":"search_term_string"}}],"inLanguage":"de"},{"@type":"Organization","@id":"https:\/\/www.salzburgerland.com\/de\/#organization","name":"SalzburgerLand Tourismus GmbH","url":"https:\/\/www.salzburgerland.com\/de\/","logo":{"@type":"ImageObject","inLanguage":"de","@id":"https:\/\/www.salzburgerland.com\/de\/#\/schema\/logo\/image\/","url":"https:\/\/www.salzburgerland.com\/de\/wp-content\/uploads\/2017\/01\/salzburgerland-logo.jpg","contentUrl":"https:\/\/www.salzburgerland.com\/de\/wp-content\/uploads\/2017\/01\/salzburgerland-logo.jpg","width":1920,"height":827,"caption":"SalzburgerLand Tourismus GmbH"},"image":{"@id":"https:\/\/www.salzburgerland.com\/de\/#\/schema\/logo\/image\/"},"sameAs":["https:\/\/www.facebook.com\/salzburgerland\/","https:\/\/x.com\/Salzburgerland","https:\/\/www.instagram.com\/salzburgerland\/","http:\/\/dbpedia.org\/resource\/Salzburg_(state)","http:\/\/wikidata.dbpedia.org\/resource\/Q43325","http:\/\/open.salzburgerland.com\/de\/entity\/salzburgerland","https:\/\/www.youtube.com\/user\/salzburgerland"]}]}},"_wl_alt_label":[],"wl:entity_url":"http:\/\/open.salzburgerland.com\/de\/entity\/embach-lend","_links":{"self":[{"href":"https:\/\/www.salzburgerland.com\/de\/wp-json\/wp\/v2\/entities\/59718","targetHints":{"allow":["GET"]}}],"collection":[{"href":"https:\/\/www.salzburgerland.com\/de\/wp-json\/wp\/v2\/entities"}],"about":[{"href":"https:\/\/www.salzburgerland.com\/de\/wp-json\/wp\/v2\/types\/entity"}],"author":[{"embeddable":true,"href":"https:\/\/www.salzburgerland.com\/de\/wp-json\/wp\/v2\/users\/19"}],"replies":[{"embeddable":true,"href":"https:\/\/www.salzburgerland.com\/de\/wp-json\/wp\/v2\/comments?post=59718"}],"version-history":[{"count":13,"href":"https:\/\/www.salzburgerland.com\/de\/wp-json\/wp\/v2\/entities\/59718\/revisions"}],"predecessor-version":[{"id":680072,"href":"https:\/\/www.salzburgerland.com\/de\/wp-json\/wp\/v2\/entities\/59718\/revisions\/680072"}],"wp:featuredmedia":[{"embeddable":true,"href":"https:\/\/www.salzburgerland.com\/de\/wp-json\/wp\/v2\/media\/680042"}],"wp:attachment":[{"href":"https:\/\/www.salzburgerland.com\/de\/wp-json\/wp\/v2\/media?parent=59718"}],"wp:term":[{"taxonomy":"category","embeddable":true,"href":"https:\/\/www.salzburgerland.com\/de\/wp-json\/wp\/v2\/categories?post=59718"},{"taxonomy":"post_tag","embeddable":true,"href":"https:\/\/www.salzburgerland.com\/de\/wp-json\/wp\/v2\/tags?post=59718"},{"taxonomy":"wl_entity_type","embeddable":true,"href":"https:\/\/www.salzburgerland.com\/de\/wp-json\/wp\/v2\/wl_entity_type?post=59718"},{"taxonomy":"ski_resorts","embeddable":true,"href":"https:\/\/www.salzburgerland.com\/de\/wp-json\/wp\/v2\/ski_resorts?post=59718"}],"curies":[{"name":"wp","href":"https:\/\/api.w.org\/{rel}","templated":true}]}}