{"id":59637,"date":"2016-08-23T17:42:22","date_gmt":"2016-08-23T15:42:22","guid":{"rendered":"https:\/\/www.onebigpark.at\/de\/entity\/fusch-an-der-grossglocknerstrasse\/"},"modified":"2023-04-04T12:22:02","modified_gmt":"2023-04-04T10:22:02","slug":"fusch","status":"publish","type":"entity","link":"https:\/\/www.salzburgerland.com\/de\/fusch\/","title":{"rendered":"Fusch"},"content":{"rendered":"<h2><strong>Der Sommer in Fusch an der Glocknerstra\u00dfe<\/strong><\/h2>\n<p><span>In Bruck ist f\u00fcr Abwechslung gesorgt: Wandern, Biken, Klettern, Kneippen, Fliegenfischen oder Baden sorgen bei Aktiven und Familien f\u00fcr t\u00e4glich wechselndes Vergn\u00fcgen. <\/span>Nicht nur Familien und Naturliebhabern empfiehlt sich ein Besuch im <a href=\"https:\/\/www.wildpark-ferleiten.at\/\"><u>Wild- und Erlebnispark Ferleiten<\/u><\/a>\u00a0und in der <a href=\"http:\/\/www.muehlauersaege.at\/\"><u>Erlebniswelt Holz M\u00fchlauers\u00e4ge<\/u><\/a>. <span>Nach so viel\u00a0<\/span><strong>Aktivit\u00e4t<\/strong><span>\u00a0darf nat\u00fcrlich die\u00a0<\/span><strong>Entspannung<\/strong>\u00a0und der\u00a0<strong>Genuss<\/strong>\u00a0nicht zu kurz kommen. Ob an einem der zahlreichen Relax-Pl\u00e4tze in der Natur oder im Wellnessbereich vieler Gastgeber. Ob beim Candle-Light-Dinner im Hotel oder bei der Brettljause auf der Alm \u2013 ein Sommerurlaub in Bruck wird von den herzlichen Gastgebern zu einem\u00a0<strong>unvergesslich sch\u00f6nen Urlaub<\/strong>\u00a0gestaltet.<\/p>\n\n\t\t\t<div id=\"59637-1\" class=\"gallery gallery-59637 gallery-columns-3 gallery-size-1170_658\" itemscope itemtype=\"http:\/\/schema.org\/ImageGallery\">\n\t\t\t\t<ul class=\"gallery-row gallery-col-3 gallery-clear\">\n\t\t\t\t\t<li class=\"gallery-item col-3\" itemprop=\"associatedMedia\" itemscope itemtype=\"http:\/\/schema.org\/ImageObject\">\n\t\t\t\t\t\t<div class=\"gallery-icon landscape\"><a href=\"https:\/\/www.salzburgerland.com\/de\/wp-content\/uploads\/2016\/08\/wasser-1_makeart-1920x1067.jpg\" title=\"WASSER 1_makeART\"><img decoding=\"async\" data-title=\"c makeART Kneippen in Bruck Fusch\" title=\"c makeART Kneippen in Bruck Fusch\" data-caption=\"c makeART Kneippen in Bruck Fusch\" width=\"1170\" height=\"658\" src=\"https:\/\/www.salzburgerland.com\/de\/wp-content\/uploads\/2016\/08\/wasser-1_makeart-1170x658.jpg\" class=\"attachment-1170_658 size-1170_658\" alt=\"Ein Kind sitzt an einem seichten Bach mit Steinen in Fusch, in der N\u00e4he einer Holzkonstruktion und einer Bergkulisse. (vergr\u00f6\u00dferte Ansicht)\" srcset=\"https:\/\/www.salzburgerland.com\/de\/wp-content\/uploads\/2016\/08\/wasser-1_makeart-1170x658.jpg 1170w, https:\/\/www.salzburgerland.com\/de\/wp-content\/uploads\/2016\/08\/wasser-1_makeart-1200x675.jpg 1200w\" sizes=\"(max-width: 1170px) 100vw, 1170px\" aria-describedby=\"figcaption-59637-479038\" itemprop=\"thumbnail\"><\/a><\/div>\n\t\t\t\t\t\t<span id=\"figcaption-59637-479038\" class=\"gallery-caption\" itemprop=\"caption\"><span aria-hidden=\"true\">c makeART Kneippen in Bruck Fusch<\/span><\/span>\n\t\t\t\t\t<\/li>\n\t\t\t\t\t<li class=\"gallery-item col-3\" itemprop=\"associatedMedia\" itemscope itemtype=\"http:\/\/schema.org\/ImageObject\">\n\t\t\t\t\t\t<div class=\"gallery-icon landscape\"><a href=\"https:\/\/www.salzburgerland.com\/de\/wp-content\/uploads\/2016\/08\/wasser-3_fischerurlaubpunktat-e1595321205108.jpg\" title=\"WASSER 3_fischerurlaubPUNKTat\"><img decoding=\"async\" data-title=\"c Fischerurlaubpunktat Fliegenfischen in Bruck Fusch\" title=\"c Fischerurlaubpunktat Fliegenfischen in Bruck Fusch\" data-caption=\"c Fischerurlaubpunktat Fliegenfischen in Bruck Fusch\" width=\"800\" height=\"362\" src=\"https:\/\/www.salzburgerland.com\/de\/wp-content\/uploads\/2016\/08\/wasser-3_fischerurlaubpunktat-e1595321205108.jpg\" class=\"attachment-1170_658 size-1170_658\" alt=\"Eine Person, die im Fluss Fusch steht, umgeben von \u00fcppigen B\u00e4umen und Bergen unter einem klaren blauen Himmel. (vergr\u00f6\u00dferte Ansicht)\" aria-describedby=\"figcaption-59637-479040\" itemprop=\"thumbnail\"><\/a><\/div>\n\t\t\t\t\t\t<span id=\"figcaption-59637-479040\" class=\"gallery-caption\" itemprop=\"caption\"><span aria-hidden=\"true\">c Fischerurlaubpunktat Fliegenfischen in Bruck Fusch<\/span><\/span>\n\t\t\t\t\t<\/li>\n\t\t\t\t\t<li class=\"gallery-item col-3\" itemprop=\"associatedMedia\" itemscope itemtype=\"http:\/\/schema.org\/ImageObject\">\n\t\t\t\t\t\t<div class=\"gallery-icon landscape\"><a href=\"https:\/\/www.salzburgerland.com\/de\/wp-content\/uploads\/2016\/08\/wasser-2_madreiter.jpg\" title=\"OLYMPUS DIGITAL CAMERA\"><img decoding=\"async\" data-title=\"c Madreiter Wandern am Wasserfall\" title=\"c Madreiter Wandern am Wasserfall\" data-caption=\"c Madreiter Wandern am Wasserfall\" width=\"1170\" height=\"658\" src=\"https:\/\/www.salzburgerland.com\/de\/wp-content\/uploads\/2016\/08\/wasser-2_madreiter-1170x658.jpg\" class=\"attachment-1170_658 size-1170_658\" alt=\"Blick von hinten auf einen Wasserfall in Fusch, mit Sonnenlicht, Bergen und blauem Himmel im Hintergrund. (vergr\u00f6\u00dferte Ansicht)\" srcset=\"https:\/\/www.salzburgerland.com\/de\/wp-content\/uploads\/2016\/08\/wasser-2_madreiter-1170x658.jpg 1170w, https:\/\/www.salzburgerland.com\/de\/wp-content\/uploads\/2016\/08\/wasser-2_madreiter-1200x675.jpg 1200w\" sizes=\"(max-width: 1170px) 100vw, 1170px\" aria-describedby=\"figcaption-59637-479039\" itemprop=\"thumbnail\"><\/a><\/div>\n\t\t\t\t\t\t<span id=\"figcaption-59637-479039\" class=\"gallery-caption\" itemprop=\"caption\"><span aria-hidden=\"true\">c Madreiter Wandern am Wasserfall<\/span><\/span>\n\t\t\t\t\t<\/li>\n\t\t\t\t<\/ul>\n\t\t\t<\/div><!-- .gallery -->\n\n<h2><strong>Gro\u00dfglockner Hochalpenstra\u00dfe<\/strong><\/h2>\n<p>Die geografische Lage der kleinen Gemeinde Fusch war schon immer etwas ganz Besonders, denn in unmittelbarer N\u00e4he befindet sich ein wichtiger Alpen\u00fcbergang. Fusch ist somit auch der ideale Ausgangspunkt f\u00fcr Ausfl\u00fcge auf die <a href=\"http:\/\/www.grossglockner.at\">Grossglockner Hochalpenstra\u00dfe<\/a>. Egal ob mit dem Auto, dem Motorrad oder dem Rennrad \u2013 eine Fahrt auf der pittoresken Passstra\u00dfe ist ein einzigartiges und kurvenreiches Erlebnis mit 36 Kehren auf einer L\u00e4nge von 48 Kilometern.<\/p>\n\n\t\t\t<div id=\"59637-2\" class=\"gallery gallery-59637 gallery-columns-3 gallery-size-1170_658\" itemscope itemtype=\"http:\/\/schema.org\/ImageGallery\">\n\t\t\t\t<ul class=\"gallery-row gallery-col-3 gallery-clear\">\n\t\t\t\t\t<li class=\"gallery-item col-3\" itemprop=\"associatedMedia\" itemscope itemtype=\"http:\/\/schema.org\/ImageObject\">\n\t\t\t\t\t\t<div class=\"gallery-icon landscape\"><a href=\"https:\/\/www.salzburgerland.com\/de\/wp-content\/uploads\/2016\/08\/glockner-3_grossglocknerpunktatslashkoenigshofer-1920x1067.jpg\" title=\"GLOCKNER 3_grossglocknerPUNKTatSLASHKoenigshofer\"><img decoding=\"async\" data-title=\"c Michael K\u00f6nigshofer Einzigartige Flora und Fauna\" title=\"c Michael K\u00f6nigshofer Einzigartige Flora und Fauna\" data-caption=\"c Michael K\u00f6nigshofer Einzigartige Flora und Fauna\" width=\"1170\" height=\"658\" src=\"https:\/\/www.salzburgerland.com\/de\/wp-content\/uploads\/2016\/08\/glockner-3_grossglocknerpunktatslashkoenigshofer-1170x658.jpg\" class=\"attachment-1170_658 size-1170_658\" alt=\"Zwei Steinb\u00f6cke stehen an einem felsigen Hang bei Fusch, mit schneebedeckten Bergen und einem Gletscher im Hintergrund. (vergr\u00f6\u00dferte Ansicht)\" srcset=\"https:\/\/www.salzburgerland.com\/de\/wp-content\/uploads\/2016\/08\/glockner-3_grossglocknerpunktatslashkoenigshofer-1170x658.jpg 1170w, https:\/\/www.salzburgerland.com\/de\/wp-content\/uploads\/2016\/08\/glockner-3_grossglocknerpunktatslashkoenigshofer-1200x675.jpg 1200w\" sizes=\"(max-width: 1170px) 100vw, 1170px\" aria-describedby=\"figcaption-59637-479034\" itemprop=\"thumbnail\"><\/a><\/div>\n\t\t\t\t\t\t<span id=\"figcaption-59637-479034\" class=\"gallery-caption\" itemprop=\"caption\"><span aria-hidden=\"true\">c Michael K\u00f6nigshofer Einzigartige Flora und Fauna<\/span><\/span>\n\t\t\t\t\t<\/li>\n\t\t\t\t\t<li class=\"gallery-item col-3\" itemprop=\"associatedMedia\" itemscope itemtype=\"http:\/\/schema.org\/ImageObject\">\n\t\t\t\t\t\t<div class=\"gallery-icon landscape\"><a href=\"https:\/\/www.salzburgerland.com\/de\/wp-content\/uploads\/2016\/08\/glockner-2_grossglocknerpunktatslashkoenigshofer-1920x1067.jpg\" title=\"GLOCKNER 2_grossglocknerPUNKTatSLASHKoenigshofer\"><img decoding=\"async\" data-title=\"c Michael K\u00f6nigshofer Die Gro\u00dfglockner Hochalpenstra\u00dfe\" title=\"c Michael K\u00f6nigshofer Die Gro\u00dfglockner Hochalpenstra\u00dfe\" data-caption=\"c Michael K\u00f6nigshofer Die Gro\u00dfglockner Hochalpenstra\u00dfe\" width=\"1170\" height=\"658\" src=\"https:\/\/www.salzburgerland.com\/de\/wp-content\/uploads\/2016\/08\/glockner-2_grossglocknerpunktatslashkoenigshofer-1170x658.jpg\" class=\"attachment-1170_658 size-1170_658\" alt=\"Ein modernes Glasgeb\u00e4ude in Fusch bietet an klaren Tagen einen Blick auf verschneite Berge und einen felsigen Weg mit Steinmauer. (vergr\u00f6\u00dferte Ansicht)\" srcset=\"https:\/\/www.salzburgerland.com\/de\/wp-content\/uploads\/2016\/08\/glockner-2_grossglocknerpunktatslashkoenigshofer-1170x658.jpg 1170w, https:\/\/www.salzburgerland.com\/de\/wp-content\/uploads\/2016\/08\/glockner-2_grossglocknerpunktatslashkoenigshofer-1200x675.jpg 1200w\" sizes=\"(max-width: 1170px) 100vw, 1170px\" aria-describedby=\"figcaption-59637-479033\" itemprop=\"thumbnail\"><\/a><\/div>\n\t\t\t\t\t\t<span id=\"figcaption-59637-479033\" class=\"gallery-caption\" itemprop=\"caption\"><span aria-hidden=\"true\">c Michael K\u00f6nigshofer Die Gro\u00dfglockner Hochalpenstra\u00dfe<\/span><\/span>\n\t\t\t\t\t<\/li>\n\t\t\t\t\t<li class=\"gallery-item col-3\" itemprop=\"associatedMedia\" itemscope itemtype=\"http:\/\/schema.org\/ImageObject\">\n\t\t\t\t\t\t<div class=\"gallery-icon landscape\"><a href=\"https:\/\/www.salzburgerland.com\/de\/wp-content\/uploads\/2016\/08\/glockner-1_grossglocknerpunktatslashkoenigshofer-1920x1067.jpg\" title=\"GLOCKNER 1_grossglocknerPUNKTatSLASHKoenigshofer\"><img decoding=\"async\" data-title=\"c Michael K\u00f6nigshofer Kurvenreiche Alpenstra\u00dfe\" title=\"c Michael K\u00f6nigshofer Kurvenreiche Alpenstra\u00dfe\" data-caption=\"c Michael K\u00f6nigshofer Kurvenreiche Alpenstra\u00dfe\" width=\"1170\" height=\"658\" src=\"https:\/\/www.salzburgerland.com\/de\/wp-content\/uploads\/2016\/08\/glockner-1_grossglocknerpunktatslashkoenigshofer-1170x658.jpg\" class=\"attachment-1170_658 size-1170_658\" alt=\"Ein Motorradfahrer f\u00e4hrt auf einer kurvenreichen Bergstra\u00dfe bei strahlend blauem Himmel durch Fusch. (vergr\u00f6\u00dferte Ansicht)\" srcset=\"https:\/\/www.salzburgerland.com\/de\/wp-content\/uploads\/2016\/08\/glockner-1_grossglocknerpunktatslashkoenigshofer-1170x658.jpg 1170w, https:\/\/www.salzburgerland.com\/de\/wp-content\/uploads\/2016\/08\/glockner-1_grossglocknerpunktatslashkoenigshofer-1200x675.jpg 1200w\" sizes=\"(max-width: 1170px) 100vw, 1170px\" aria-describedby=\"figcaption-59637-479032\" itemprop=\"thumbnail\"><\/a><\/div>\n\t\t\t\t\t\t<span id=\"figcaption-59637-479032\" class=\"gallery-caption\" itemprop=\"caption\"><span aria-hidden=\"true\">c Michael K\u00f6nigshofer Kurvenreiche Alpenstra\u00dfe<\/span><\/span>\n\t\t\t\t\t<\/li>\n\t\t\t\t<\/ul>\n\t\t\t<\/div><!-- .gallery -->\n\n<h2><strong>Event Highlights<\/strong><\/h2>\n<p><span>Bikebegeisterte kommen um eine Teilname am\u00a0<\/span><a href=\"http:\/\/www.glocknerkoenig.co\/\"><u>Glocknerk\u00f6nig<\/u><\/a><span>, der jedes Jahr am ersten Juni-Wochenende stattfindet, nicht herum.\u00a0 Es ist ein <\/span><strong>einmaliges Erlebnis<\/strong><span>, im gro\u00dfen internationalen Starterfeld den h\u00f6chsten Berg \u00d6sterreichs per Pedales zu bezwingen. Eine weitere Besonderheit: Die Grossglockner Hochalpenstra\u00dfe wird f\u00fcr die Dauer der Veranstaltung gesperrt \u2013 die Auffahrt kann also autofrei genossen werden. Den Abschluss der Sommersaison bildet Mitte September die\u00a0<a href=\"http:\/\/www.traktorwm.at\"><u>Oldtimer Traktor WM<\/u><\/a>, bei der 500 Traktor-Liebhaber mit ihren besonderen Gef\u00e4hrten um den Weltmeistertitel k\u00e4mpfen.<\/span><\/p>\n\n\t\t\t<div id=\"59637-3\" class=\"gallery gallery-59637 gallery-columns-3 gallery-size-1170_658\" itemscope itemtype=\"http:\/\/schema.org\/ImageGallery\">\n\t\t\t\t<ul class=\"gallery-row gallery-col-3 gallery-clear\">\n\t\t\t\t\t<li class=\"gallery-item col-3\" itemprop=\"associatedMedia\" itemscope itemtype=\"http:\/\/schema.org\/ImageObject\">\n\t\t\t\t\t\t<div class=\"gallery-icon landscape\"><a href=\"https:\/\/www.salzburgerland.com\/de\/wp-content\/uploads\/2016\/08\/events-2_gyoergy-1920x1067.jpg\" title=\"DCIM109GOPROG1510136.JPG\"><img decoding=\"async\" data-title=\"c Gyo\u0308rgy Traktor WM \" title=\"c Gyo\u0308rgy Traktor WM \" data-caption=\"c Gyo\u0308rgy Traktor WM \" width=\"1170\" height=\"658\" src=\"https:\/\/www.salzburgerland.com\/de\/wp-content\/uploads\/2016\/08\/events-2_gyoergy-1170x658.jpg\" class=\"attachment-1170_658 size-1170_658\" alt=\"Gebirgspass bei Fusch mit kurvenreichen Stra\u00dfen, vielen parkenden Traktoren und schneebedeckten Gipfeln unter blauem Himmel. (vergr\u00f6\u00dferte Ansicht)\" srcset=\"https:\/\/www.salzburgerland.com\/de\/wp-content\/uploads\/2016\/08\/events-2_gyoergy-1170x658.jpg 1170w, https:\/\/www.salzburgerland.com\/de\/wp-content\/uploads\/2016\/08\/events-2_gyoergy-1200x675.jpg 1200w\" sizes=\"(max-width: 1170px) 100vw, 1170px\" aria-describedby=\"figcaption-59637-479028\" itemprop=\"thumbnail\"><\/a><\/div>\n\t\t\t\t\t\t<span id=\"figcaption-59637-479028\" class=\"gallery-caption\" itemprop=\"caption\"><span aria-hidden=\"true\">c Gyo\u0308rgy Traktor WM <\/span><\/span>\n\t\t\t\t\t<\/li>\n\t\t\t\t\t<li class=\"gallery-item col-3\" itemprop=\"associatedMedia\" itemscope itemtype=\"http:\/\/schema.org\/ImageObject\">\n\t\t\t\t\t\t<div class=\"gallery-icon landscape\"><a href=\"https:\/\/www.salzburgerland.com\/de\/wp-content\/uploads\/2016\/08\/events-1_tvb.jpg\" title=\"EVENTS 1_TVB\"><img decoding=\"async\" data-title=\"c Bruck Fusch Glocknerk\u00f6nig\" title=\"c Bruck Fusch Glocknerk\u00f6nig\" data-caption=\"c Bruck Fusch Glocknerk\u00f6nig\" width=\"850\" height=\"567\" src=\"https:\/\/www.salzburgerland.com\/de\/wp-content\/uploads\/2016\/08\/events-1_tvb.jpg\" class=\"attachment-1170_658 size-1170_658\" alt=\"Sechs Radfahrer erklimmen eine Bergstra\u00dfe in der N\u00e4he von Fusch, flankiert von schneebedeckten Gipfeln und schroffen Landschaften. (vergr\u00f6\u00dferte Ansicht)\" srcset=\"https:\/\/www.salzburgerland.com\/de\/wp-content\/uploads\/2016\/08\/events-1_tvb.jpg 850w, https:\/\/www.salzburgerland.com\/de\/wp-content\/uploads\/2016\/08\/events-1_tvb-768x512.jpg 768w\" sizes=\"(max-width: 850px) 100vw, 850px\" aria-describedby=\"figcaption-59637-479031\" itemprop=\"thumbnail\"><\/a><\/div>\n\t\t\t\t\t\t<span id=\"figcaption-59637-479031\" class=\"gallery-caption\" itemprop=\"caption\"><span aria-hidden=\"true\">c Bruck Fusch Glocknerk\u00f6nig<\/span><\/span>\n\t\t\t\t\t<\/li>\n\t\t\t\t\t<li class=\"gallery-item col-3\" itemprop=\"associatedMedia\" itemscope itemtype=\"http:\/\/schema.org\/ImageObject\">\n\t\t\t\t\t\t<div class=\"gallery-icon landscape\"><a href=\"https:\/\/www.salzburgerland.com\/de\/wp-content\/uploads\/2016\/08\/events-3_gyoergy-1920x1067.jpg\" title=\"EVENTS 3_Gy\u00f6rgy\"><img decoding=\"async\" data-title=\"c Gyo\u0308rgy Traktor Oldtimer\" title=\"c Gyo\u0308rgy Traktor Oldtimer\" data-caption=\"c Gyo\u0308rgy Traktor Oldtimer\" width=\"1170\" height=\"658\" src=\"https:\/\/www.salzburgerland.com\/de\/wp-content\/uploads\/2016\/08\/events-3_gyoergy-1170x658.jpg\" class=\"attachment-1170_658 size-1170_658\" alt=\"Eine Frau in traditioneller Fusch-Kleidung spielt Akkordeon neben einem alten roten Traktor bei einer Veranstaltung im Freien. (vergr\u00f6\u00dferte Ansicht)\" srcset=\"https:\/\/www.salzburgerland.com\/de\/wp-content\/uploads\/2016\/08\/events-3_gyoergy-1170x658.jpg 1170w, https:\/\/www.salzburgerland.com\/de\/wp-content\/uploads\/2016\/08\/events-3_gyoergy-1200x675.jpg 1200w\" sizes=\"(max-width: 1170px) 100vw, 1170px\" aria-describedby=\"figcaption-59637-479029\" itemprop=\"thumbnail\"><\/a><\/div>\n\t\t\t\t\t\t<span id=\"figcaption-59637-479029\" class=\"gallery-caption\" itemprop=\"caption\"><span aria-hidden=\"true\">c Gyo\u0308rgy Traktor Oldtimer<\/span><\/span>\n\t\t\t\t\t<\/li>\n\t\t\t\t<\/ul>\n\t\t\t<\/div><!-- .gallery -->\n\n<h2><strong>Das Element Wasser<\/strong><\/h2>\n<p><strong>Natur erleben<\/strong> steht in BRUCK FUSCH | GROSSGLOCKNER klar im Vordergrund. Dabei wird man auf Schritt und Tritt vom Element Wasser begleiten. Bei Wanderungen zu t\u00fcrkisblauen Bergseen, tobenden Wasserf\u00e4llen, entlang glasklarer Gebirgsb\u00e4che und Fl\u00fcsse oder zu einer der zahlreichen <strong>Kneippanlagen<\/strong>. Die Kneipp-Hauptanlage befindet sich in Bad Fusch, ein ehemaliger Kurort in einem mystischen Hochtal. Aber auch der <strong>Wasserspielplatz<\/strong> in Ferleiten wird nicht nur die kleinen G\u00e4ste erfreuen, und auf \u201eNepomuk\u2019s Weg der Sinne\u201c kann man die Gewalt eines Wasserfalles hautnah erleben.<\/p>\n<p>Tipp: Beim <a href=\"https:\/\/www.bruck-fusch.at\/de\/sommer\/fliegenfischen-fuscher-ache\/\"><u>Fliegenfischen auf der Fuscher Ache<\/u><\/a> sein Gl\u00fcck versuchen und den Fang am Abend bei einem der Fischerwirte frisch zubereiten lassen.<\/p>\n\n\t\t\t<div id=\"59637-4\" class=\"gallery gallery-59637 gallery-columns-3 gallery-size-1170_658\" itemscope itemtype=\"http:\/\/schema.org\/ImageGallery\">\n\t\t\t\t<ul class=\"gallery-row gallery-col-3 gallery-clear\">\n\t\t\t\t\t<li class=\"gallery-item col-3\" itemprop=\"associatedMedia\" itemscope itemtype=\"http:\/\/schema.org\/ImageObject\">\n\t\t\t\t\t\t<div class=\"gallery-icon landscape\"><a href=\"https:\/\/www.salzburgerland.com\/de\/wp-content\/uploads\/2016\/08\/sommer-3_ferleiten.jpg\" title=\"SOMMER 3_Ferleiten\"><img decoding=\"async\" data-title=\"c Michael K\u00f6nigshofer Wildpark Ferleiten\" title=\"c Michael K\u00f6nigshofer Wildpark Ferleiten\" data-caption=\"c Michael K\u00f6nigshofer Wildpark Ferleiten\" width=\"1170\" height=\"658\" src=\"https:\/\/www.salzburgerland.com\/de\/wp-content\/uploads\/2016\/08\/sommer-3_ferleiten-1170x658.jpg\" class=\"attachment-1170_658 size-1170_658\" alt=\"Drei Hirsche, darunter ein gro\u00dfer Fusch-Hirsch mit Geweih, stehen auf einer grasbewachsenen Anh\u00f6he in der N\u00e4he eines Waldes. (vergr\u00f6\u00dferte Ansicht)\" srcset=\"https:\/\/www.salzburgerland.com\/de\/wp-content\/uploads\/2016\/08\/sommer-3_ferleiten-1170x658.jpg 1170w, https:\/\/www.salzburgerland.com\/de\/wp-content\/uploads\/2016\/08\/sommer-3_ferleiten-1200x675.jpg 1200w\" sizes=\"(max-width: 1170px) 100vw, 1170px\" aria-describedby=\"figcaption-59637-479037\" itemprop=\"thumbnail\"><\/a><\/div>\n\t\t\t\t\t\t<span id=\"figcaption-59637-479037\" class=\"gallery-caption\" itemprop=\"caption\"><span aria-hidden=\"true\">c Michael K\u00f6nigshofer Wildpark Ferleiten<\/span><\/span>\n\t\t\t\t\t<\/li>\n\t\t\t\t\t<li class=\"gallery-item col-3\" itemprop=\"associatedMedia\" itemscope itemtype=\"http:\/\/schema.org\/ImageObject\">\n\t\t\t\t\t\t<div class=\"gallery-icon landscape\"><a href=\"https:\/\/www.salzburgerland.com\/de\/wp-content\/uploads\/2016\/08\/sommer-2_madreiter-1920x1067.jpg\" title=\"OLYMPUS DIGITAL CAMERA\"><img decoding=\"async\" data-title=\"c Madreiter Wandern in Bruck Fusch\" title=\"c Madreiter Wandern in Bruck Fusch\" data-caption=\"c Madreiter Wandern in Bruck Fusch\" width=\"1170\" height=\"658\" src=\"https:\/\/www.salzburgerland.com\/de\/wp-content\/uploads\/2016\/08\/sommer-2_madreiter-1170x658.jpg\" class=\"attachment-1170_658 size-1170_658\" alt=\"Eine Person sitzt auf einem Felsen im Fuschtal, umgeben von gr\u00fcnen H\u00fcgeln und schneebedeckten Bergen unter einem klaren Himmel. (vergr\u00f6\u00dferte Ansicht)\" srcset=\"https:\/\/www.salzburgerland.com\/de\/wp-content\/uploads\/2016\/08\/sommer-2_madreiter-1170x658.jpg 1170w, https:\/\/www.salzburgerland.com\/de\/wp-content\/uploads\/2016\/08\/sommer-2_madreiter-768x432.jpg 768w, https:\/\/www.salzburgerland.com\/de\/wp-content\/uploads\/2016\/08\/sommer-2_madreiter-1536x864.jpg 1536w, https:\/\/www.salzburgerland.com\/de\/wp-content\/uploads\/2016\/08\/sommer-2_madreiter-2048x1152.jpg 2048w, https:\/\/www.salzburgerland.com\/de\/wp-content\/uploads\/2016\/08\/sommer-2_madreiter-1200x675.jpg 1200w, https:\/\/www.salzburgerland.com\/de\/wp-content\/uploads\/2016\/08\/sommer-2_madreiter-scaled.jpg 1920w\" sizes=\"(max-width: 1170px) 100vw, 1170px\" aria-describedby=\"figcaption-59637-479036\" itemprop=\"thumbnail\"><\/a><\/div>\n\t\t\t\t\t\t<span id=\"figcaption-59637-479036\" class=\"gallery-caption\" itemprop=\"caption\"><span aria-hidden=\"true\">c Madreiter Wandern in Bruck Fusch<\/span><\/span>\n\t\t\t\t\t<\/li>\n\t\t\t\t\t<li class=\"gallery-item col-3\" itemprop=\"associatedMedia\" itemscope itemtype=\"http:\/\/schema.org\/ImageObject\">\n\t\t\t\t\t\t<div class=\"gallery-icon landscape\"><a href=\"https:\/\/www.salzburgerland.com\/de\/wp-content\/uploads\/2016\/08\/sommer-1_makeart-1920x1067.jpg\" title=\"SOMMER 1_makeART\"><img decoding=\"async\" data-title=\"c Matthias Kendler Familienspa\u00df im K\u00e4fertal\" title=\"c Matthias Kendler Familienspa\u00df im K\u00e4fertal\" data-caption=\"c Matthias Kendler Familienspa\u00df im K\u00e4fertal\" width=\"1170\" height=\"658\" src=\"https:\/\/www.salzburgerland.com\/de\/wp-content\/uploads\/2016\/08\/sommer-1_makeart-1170x658.jpg\" class=\"attachment-1170_658 size-1170_658\" alt=\"Eine Familie bei Fusch hilft zwei Kindern beim Klettern auf einen gro\u00dfen Felsen im Freien mit Bergen und Gr\u00fcn im Hintergrund. (vergr\u00f6\u00dferte Ansicht)\" srcset=\"https:\/\/www.salzburgerland.com\/de\/wp-content\/uploads\/2016\/08\/sommer-1_makeart-1170x658.jpg 1170w, https:\/\/www.salzburgerland.com\/de\/wp-content\/uploads\/2016\/08\/sommer-1_makeart-1200x675.jpg 1200w\" sizes=\"(max-width: 1170px) 100vw, 1170px\" aria-describedby=\"figcaption-59637-479035\" itemprop=\"thumbnail\"><\/a><\/div>\n\t\t\t\t\t\t<span id=\"figcaption-59637-479035\" class=\"gallery-caption\" itemprop=\"caption\"><span aria-hidden=\"true\">c Matthias Kendler Familienspa\u00df im K\u00e4fertal<\/span><\/span>\n\t\t\t\t\t<\/li>\n\t\t\t\t<\/ul>\n\t\t\t<\/div><!-- .gallery -->\n\n<h2><strong>Der Winter in Fusch an der Glocknerstra\u00dfe<\/strong><\/h2>\n<p><span>Fusch an der Glocknerstra\u00dfe ist die ideale Destination f\u00fcr Wintersportler, Familien und Schneegenie\u00dfer. Die unmittelbare N\u00e4he zu den Skigebieten in Zell am See und Kaprun macht die <\/span><a href=\"https:\/\/www.bruck-fusch.at\/de\/bruck-fusch\/\">Region BRUCK FUSCH | GROSSGLOCKNER\u00a0<\/a><span>zu einem beliebten Basislager mit gastfreundlichen Unterk\u00fcnften.<\/span> <span>Mit den\u00a0<\/span><a href=\"https:\/\/www.bruck-fusch.at\/de\/winter\/skibus-skischule-skiverleih\/\">gratis Skibussen<\/a><span>\u00a0erreicht man die umliegenden Premium-Skigebiete komfortabel und schnell. In unmittelbarer Nachbarschaft befindet sich die Schmittenh\u00f6he Zell am See traumhaftem Panorama sowie das schneesichere Gletscherskigebiet Kitzsteinhorn mit dem Familien-Skigebiet Maiskogel in Kaprun. Mit der Ski-Alpin Card hat man neben dem Kitzsteinhorn und der Schmittenh\u00f6he auch den Skicircus Saalbach Hinterglemm Leogang Fieberbrunn auf nur einer Karte.<\/span> <span>Anf\u00e4nger und Familien finden in Fusch einen eigenen \u00dcbungslift mitten im Zentrum.<\/span><br>\n<span>Und auch Nicht-Skifahrer genie\u00dfen im Winter eine\u00a0<\/span><strong>breite Auswahl an Angeboten<\/strong><span>: Ob\u00a0<\/span><a href=\"https:\/\/www.kohlschnait.at\/de\/rodelbahn.html\"><u>Rodelspa\u00df<\/u><\/a><span>, Langlauf-Loipen, Schneeschuhwandern, Skitouren oder romantische Pferdeschlittenfahrten \u2013 Fusch bietet f\u00fcr jeden Gast\u00a0 individuell passende Aktivit\u00e4ten.<\/span><\/p>\n\n\t\t\t<div id=\"59637-5\" class=\"gallery gallery-59637 gallery-columns-3 gallery-size-1170_658\" itemscope itemtype=\"http:\/\/schema.org\/ImageGallery\">\n\t\t\t\t<ul class=\"gallery-row gallery-col-3 gallery-clear\">\n\t\t\t\t\t<li class=\"gallery-item col-3\" itemprop=\"associatedMedia\" itemscope itemtype=\"http:\/\/schema.org\/ImageObject\">\n\t\t\t\t\t\t<div class=\"gallery-icon landscape\"><a href=\"https:\/\/www.salzburgerland.com\/de\/wp-content\/uploads\/2016\/08\/winter-1_makeart-1920x1067.jpg\" title=\"WINTER 1_makeART\"><img decoding=\"async\" data-title=\"c Matthias Kendler Winderspa\u00df f\u00fcr Kids\" title=\"c Matthias Kendler Winderspa\u00df f\u00fcr Kids\" data-caption=\"c Matthias Kendler Winderspa\u00df f\u00fcr Kids\" width=\"1170\" height=\"658\" src=\"https:\/\/www.salzburgerland.com\/de\/wp-content\/uploads\/2016\/08\/winter-1_makeart-1170x658.jpg\" class=\"attachment-1170_658 size-1170_658\" alt=\"Ein Kind in Fusch-Winterkleidung schlittelt auf einem schwarzen Schlauch einen verschneiten H\u00fcgel hinunter und l\u00e4chelt dabei fr\u00f6hlich. (vergr\u00f6\u00dferte Ansicht)\" srcset=\"https:\/\/www.salzburgerland.com\/de\/wp-content\/uploads\/2016\/08\/winter-1_makeart-1170x658.jpg 1170w, https:\/\/www.salzburgerland.com\/de\/wp-content\/uploads\/2016\/08\/winter-1_makeart-1200x675.jpg 1200w\" sizes=\"(max-width: 1170px) 100vw, 1170px\" aria-describedby=\"figcaption-59637-479041\" itemprop=\"thumbnail\"><\/a><\/div>\n\t\t\t\t\t\t<span id=\"figcaption-59637-479041\" class=\"gallery-caption\" itemprop=\"caption\"><span aria-hidden=\"true\">c Matthias Kendler Winderspa\u00df f\u00fcr Kids<\/span><\/span>\n\t\t\t\t\t<\/li>\n\t\t\t\t\t<li class=\"gallery-item col-3\" itemprop=\"associatedMedia\" itemscope itemtype=\"http:\/\/schema.org\/ImageObject\">\n\t\t\t\t\t\t<div class=\"gallery-icon landscape\"><a href=\"https:\/\/www.salzburgerland.com\/de\/wp-content\/uploads\/2016\/08\/winter-2_madreiter-1920x1067.jpg\" title=\"c Madreiter Alpacas im Schnee\"><img decoding=\"async\" data-title=\"c Madreiter Alpacas im Schnee\" title=\"c Madreiter Alpacas im Schnee\" data-caption=\"c Madreiter Alpacas im Schnee\" width=\"1170\" height=\"658\" src=\"https:\/\/www.salzburgerland.com\/de\/wp-content\/uploads\/2016\/08\/winter-2_madreiter-1170x658.jpg\" class=\"attachment-1170_658 size-1170_658\" alt=\"Eine Gruppe von Lamas steht im Schnee von Fusch, im Hintergrund die Berge und die strahlende Sonne. (vergr\u00f6\u00dferte Ansicht)\" srcset=\"https:\/\/www.salzburgerland.com\/de\/wp-content\/uploads\/2016\/08\/winter-2_madreiter-1170x658.jpg 1170w, https:\/\/www.salzburgerland.com\/de\/wp-content\/uploads\/2016\/08\/winter-2_madreiter-768x432.jpg 768w, https:\/\/www.salzburgerland.com\/de\/wp-content\/uploads\/2016\/08\/winter-2_madreiter-1536x864.jpg 1536w, https:\/\/www.salzburgerland.com\/de\/wp-content\/uploads\/2016\/08\/winter-2_madreiter-2048x1152.jpg 2048w, https:\/\/www.salzburgerland.com\/de\/wp-content\/uploads\/2016\/08\/winter-2_madreiter-1200x675.jpg 1200w, https:\/\/www.salzburgerland.com\/de\/wp-content\/uploads\/2016\/08\/winter-2_madreiter-scaled.jpg 1920w\" sizes=\"(max-width: 1170px) 100vw, 1170px\" aria-describedby=\"figcaption-59637-479042\" itemprop=\"thumbnail\"><\/a><\/div>\n\t\t\t\t\t\t<span id=\"figcaption-59637-479042\" class=\"gallery-caption\" itemprop=\"caption\"><span aria-hidden=\"true\">c Madreiter Alpacas im Schnee<\/span><\/span>\n\t\t\t\t\t<\/li>\n\t\t\t\t\t<li class=\"gallery-item col-3\" itemprop=\"associatedMedia\" itemscope itemtype=\"http:\/\/schema.org\/ImageObject\">\n\t\t\t\t\t\t<div class=\"gallery-icon landscape\"><a href=\"https:\/\/www.salzburgerland.com\/de\/wp-content\/uploads\/2016\/08\/winter-3_aplus.jpg\" title=\"WINTER 3_Aplus\"><img decoding=\"async\" data-title=\"c Aplus Skivergn\u00fcgen direkt in Fusch\" title=\"c Aplus Skivergn\u00fcgen direkt in Fusch\" data-caption=\"c Aplus Skivergn\u00fcgen direkt in Fusch\" width=\"1080\" height=\"658\" src=\"https:\/\/www.salzburgerland.com\/de\/wp-content\/uploads\/2016\/08\/winter-3_aplus-1080x658.jpg\" class=\"attachment-1170_658 size-1170_658\" alt=\"Ein Kind in rosa Skikleidung benutzt einen Skilift in Fusch, mit verschneiten Bergen und einem Dorf im Hintergrund. (vergr\u00f6\u00dferte Ansicht)\" aria-describedby=\"figcaption-59637-479043\" itemprop=\"thumbnail\"><\/a><\/div>\n\t\t\t\t\t\t<span id=\"figcaption-59637-479043\" class=\"gallery-caption\" itemprop=\"caption\"><span aria-hidden=\"true\">c Aplus Skivergn\u00fcgen direkt in Fusch<\/span><\/span>\n\t\t\t\t\t<\/li>\n\t\t\t\t<\/ul>\n\t\t\t<\/div><!-- .gallery -->\n\n","protected":false},"excerpt":{"rendered":"<p>Der Sommer in Fusch an der Glocknerstra\u00dfe In Bruck ist f\u00fcr Abwechslung gesorgt: Wandern, Biken, Klettern, Kneippen, Fliegenfischen oder Baden sorgen bei Aktiven und Familien f\u00fcr t\u00e4glich wechselndes Vergn\u00fcgen. Nicht nur Familien und Naturliebhabern empfiehlt sich ein Besuch im Wild- und Erlebnispark Ferleiten\u00a0und in der Erlebniswelt Holz M\u00fchlauers\u00e4ge. Nach so viel\u00a0Aktivit\u00e4t\u00a0darf nat\u00fcrlich die\u00a0Entspannung\u00a0und der\u00a0Genuss\u00a0nicht zu [&hellip;]<\/p>\n","protected":false},"author":19,"featured_media":479027,"comment_status":"closed","ping_status":"closed","template":"","meta":{"_acf_changed":false,"wl_entities_gutenberg":"","_relevanssi_hide_post":"","_relevanssi_hide_content":"","_relevanssi_pin_for_all":"","_relevanssi_pin_keywords":"","_relevanssi_unpin_keywords":"","_relevanssi_related_keywords":"","_relevanssi_related_include_ids":"","_relevanssi_related_exclude_ids":"","_relevanssi_related_no_append":"","_relevanssi_related_not_related":"","_relevanssi_related_posts":"","_relevanssi_noindex_reason":"","footnotes":""},"categories":[1],"tags":[],"wl_entity_type":[2],"ski_resorts":[],"class_list":["post-59637","entity","type-entity","status-publish","has-post-thumbnail","hentry","category-allgemein","wl_entity_type-thing","sitetype-place"],"acf":[],"yoast_head":"<!-- This site is optimized with the Yoast SEO Premium plugin v26.9 (Yoast SEO v26.9) - https:\/\/yoast.com\/product\/yoast-seo-premium-wordpress\/ -->\n<title>Nationalparkgemeinde Fusch an der Glocknerstra\u00dfe<\/title>\n<meta name=\"description\" content=\"Die Nationalparkgemeinde \u00bb Fusch \u00ab liegt im Bezirk Pinzgau im SalzburgerLand direkt an der bekannten Gro\u00dfglocknerstra\u00dfe.\" \/>\n<meta name=\"robots\" content=\"index, follow, max-snippet:-1, max-image-preview:large, max-video-preview:-1\" \/>\n<link rel=\"canonical\" href=\"https:\/\/www.salzburgerland.com\/de\/wp-json\/wp\/v2\/entities\/59637\" \/>\n<meta property=\"og:locale\" content=\"de_DE\" \/>\n<meta property=\"og:type\" content=\"article\" \/>\n<meta property=\"og:title\" content=\"Fusch\" \/>\n<meta property=\"og:description\" content=\"Die Nationalparkgemeinde \u00bb Fusch \u00ab liegt im Bezirk Pinzgau im SalzburgerLand direkt an der bekannten Gro\u00dfglocknerstra\u00dfe.\" \/>\n<meta property=\"og:url\" content=\"https:\/\/www.salzburgerland.com\/de\/wp-json\/wp\/v2\/entities\/59637\" \/>\n<meta property=\"og:site_name\" content=\"SalzburgerLand.com\" \/>\n<meta property=\"article:publisher\" content=\"https:\/\/www.facebook.com\/salzburgerland\/\" \/>\n<meta property=\"article:modified_time\" content=\"2023-04-04T10:22:02+00:00\" \/>\n<meta property=\"og:image\" content=\"https:\/\/www.salzburgerland.com\/de\/wp-content\/uploads\/2016\/08\/fusch-header-2_sochor-1200x675.jpg\" \/>\n\t<meta property=\"og:image:width\" content=\"1200\" \/>\n\t<meta property=\"og:image:height\" content=\"675\" \/>\n\t<meta property=\"og:image:type\" content=\"image\/jpeg\" \/>\n<meta name=\"twitter:card\" content=\"summary_large_image\" \/>\n<meta name=\"twitter:site\" content=\"@Salzburgerland\" \/>\n<meta name=\"twitter:label1\" content=\"Gesch\u00e4tzte Lesezeit\" \/>\n\t<meta name=\"twitter:data1\" content=\"3\u00a0Minuten\" \/>\n<script type=\"application\/ld+json\" class=\"yoast-schema-graph\">{\"@context\":\"https:\/\/schema.org\",\"@graph\":[{\"@type\":\"WebPage\",\"@id\":\"https:\/\/www.salzburgerland.com\/de\/fusch\/\",\"url\":\"https:\/\/www.salzburgerland.com\/de\/fusch\/\",\"name\":\"Nationalparkgemeinde Fusch an der Glocknerstra\u00dfe\",\"isPartOf\":{\"@id\":\"https:\/\/www.salzburgerland.com\/de\/#website\"},\"primaryImageOfPage\":{\"@id\":\"https:\/\/www.salzburgerland.com\/de\/fusch\/#primaryimage\"},\"image\":{\"@id\":\"https:\/\/www.salzburgerland.com\/de\/fusch\/#primaryimage\"},\"thumbnailUrl\":\"https:\/\/www.salzburgerland.com\/de\/wp-content\/uploads\/2016\/08\/fusch-header-2_sochor-scaled.jpg\",\"datePublished\":\"2016-08-23T15:42:22+00:00\",\"dateModified\":\"2023-04-04T10:22:02+00:00\",\"description\":\"Die Nationalparkgemeinde \u00bb Fusch \u00ab liegt im Bezirk Pinzgau im SalzburgerLand direkt an der bekannten Gro\u00dfglocknerstra\u00dfe.\",\"breadcrumb\":{\"@id\":\"https:\/\/www.salzburgerland.com\/de\/fusch\/#breadcrumb\"},\"inLanguage\":\"de\",\"potentialAction\":[{\"@type\":\"ReadAction\",\"target\":[\"https:\/\/www.salzburgerland.com\/de\/fusch\/\"]}]},{\"@type\":\"ImageObject\",\"inLanguage\":\"de\",\"@id\":\"https:\/\/www.salzburgerland.com\/de\/fusch\/#primaryimage\",\"url\":\"https:\/\/www.salzburgerland.com\/de\/wp-content\/uploads\/2016\/08\/fusch-header-2_sochor-scaled.jpg\",\"contentUrl\":\"https:\/\/www.salzburgerland.com\/de\/wp-content\/uploads\/2016\/08\/fusch-header-2_sochor-scaled.jpg\",\"width\":1920,\"height\":1280,\"caption\":\"c Dietmar Sochor Fusch im Winter\"},{\"@type\":\"BreadcrumbList\",\"@id\":\"https:\/\/www.salzburgerland.com\/de\/fusch\/#breadcrumb\",\"itemListElement\":[{\"@type\":\"ListItem\",\"position\":1,\"name\":\"Bruck Fusch | Grossglockner\",\"item\":\"https:\/\/www.salzburgerland.com\/de\/bruck-fusch-grossglockner\/\"},{\"@type\":\"ListItem\",\"position\":2,\"name\":\"Fusch\"}]},{\"@type\":\"WebSite\",\"@id\":\"https:\/\/www.salzburgerland.com\/de\/#website\",\"url\":\"https:\/\/www.salzburgerland.com\/de\/\",\"name\":\"SalzburgerLand.com\",\"description\":\"Ihr Urlaub in Salzburg, \u00d6sterreich\",\"publisher\":{\"@id\":\"https:\/\/www.salzburgerland.com\/de\/#organization\"},\"potentialAction\":[{\"@type\":\"SearchAction\",\"target\":{\"@type\":\"EntryPoint\",\"urlTemplate\":\"https:\/\/www.salzburgerland.com\/de\/?s={search_term_string}\"},\"query-input\":{\"@type\":\"PropertyValueSpecification\",\"valueRequired\":true,\"valueName\":\"search_term_string\"}}],\"inLanguage\":\"de\"},{\"@type\":\"Organization\",\"@id\":\"https:\/\/www.salzburgerland.com\/de\/#organization\",\"name\":\"SalzburgerLand Tourismus GmbH\",\"url\":\"https:\/\/www.salzburgerland.com\/de\/\",\"logo\":{\"@type\":\"ImageObject\",\"inLanguage\":\"de\",\"@id\":\"https:\/\/www.salzburgerland.com\/de\/#\/schema\/logo\/image\/\",\"url\":\"https:\/\/www.salzburgerland.com\/de\/wp-content\/uploads\/2017\/01\/salzburgerland-logo.jpg\",\"contentUrl\":\"https:\/\/www.salzburgerland.com\/de\/wp-content\/uploads\/2017\/01\/salzburgerland-logo.jpg\",\"width\":1920,\"height\":827,\"caption\":\"SalzburgerLand Tourismus GmbH\"},\"image\":{\"@id\":\"https:\/\/www.salzburgerland.com\/de\/#\/schema\/logo\/image\/\"},\"sameAs\":[\"https:\/\/www.facebook.com\/salzburgerland\/\",\"https:\/\/x.com\/Salzburgerland\",\"https:\/\/www.instagram.com\/salzburgerland\/\",\"http:\/\/dbpedia.org\/resource\/Salzburg_(state)\",\"http:\/\/wikidata.dbpedia.org\/resource\/Q43325\",\"http:\/\/open.salzburgerland.com\/de\/entity\/salzburgerland\",\"https:\/\/www.youtube.com\/user\/salzburgerland\"]}]}<\/script>\n<!-- \/ Yoast SEO Premium plugin. -->","yoast_head_json":{"title":"Nationalparkgemeinde Fusch an der Glocknerstra\u00dfe","description":"Die Nationalparkgemeinde \u00bb Fusch \u00ab liegt im Bezirk Pinzgau im SalzburgerLand direkt an der bekannten Gro\u00dfglocknerstra\u00dfe.","robots":{"index":"index","follow":"follow","max-snippet":"max-snippet:-1","max-image-preview":"max-image-preview:large","max-video-preview":"max-video-preview:-1"},"canonical":"https:\/\/www.salzburgerland.com\/de\/wp-json\/wp\/v2\/entities\/59637","og_locale":"de_DE","og_type":"article","og_title":"Fusch","og_description":"Die Nationalparkgemeinde \u00bb Fusch \u00ab liegt im Bezirk Pinzgau im SalzburgerLand direkt an der bekannten Gro\u00dfglocknerstra\u00dfe.","og_url":"https:\/\/www.salzburgerland.com\/de\/wp-json\/wp\/v2\/entities\/59637","og_site_name":"SalzburgerLand.com","article_publisher":"https:\/\/www.facebook.com\/salzburgerland\/","article_modified_time":"2023-04-04T10:22:02+00:00","og_image":[{"width":1200,"height":675,"url":"https:\/\/www.salzburgerland.com\/de\/wp-content\/uploads\/2016\/08\/fusch-header-2_sochor-1200x675.jpg","type":"image\/jpeg"}],"twitter_card":"summary_large_image","twitter_site":"@Salzburgerland","twitter_misc":{"Gesch\u00e4tzte Lesezeit":"3\u00a0Minuten"},"schema":{"@context":"https:\/\/schema.org","@graph":[{"@type":"WebPage","@id":"https:\/\/www.salzburgerland.com\/de\/fusch\/","url":"https:\/\/www.salzburgerland.com\/de\/fusch\/","name":"Nationalparkgemeinde Fusch an der Glocknerstra\u00dfe","isPartOf":{"@id":"https:\/\/www.salzburgerland.com\/de\/#website"},"primaryImageOfPage":{"@id":"https:\/\/www.salzburgerland.com\/de\/fusch\/#primaryimage"},"image":{"@id":"https:\/\/www.salzburgerland.com\/de\/fusch\/#primaryimage"},"thumbnailUrl":"https:\/\/www.salzburgerland.com\/de\/wp-content\/uploads\/2016\/08\/fusch-header-2_sochor-scaled.jpg","datePublished":"2016-08-23T15:42:22+00:00","dateModified":"2023-04-04T10:22:02+00:00","description":"Die Nationalparkgemeinde \u00bb Fusch \u00ab liegt im Bezirk Pinzgau im SalzburgerLand direkt an der bekannten Gro\u00dfglocknerstra\u00dfe.","breadcrumb":{"@id":"https:\/\/www.salzburgerland.com\/de\/fusch\/#breadcrumb"},"inLanguage":"de","potentialAction":[{"@type":"ReadAction","target":["https:\/\/www.salzburgerland.com\/de\/fusch\/"]}]},{"@type":"ImageObject","inLanguage":"de","@id":"https:\/\/www.salzburgerland.com\/de\/fusch\/#primaryimage","url":"https:\/\/www.salzburgerland.com\/de\/wp-content\/uploads\/2016\/08\/fusch-header-2_sochor-scaled.jpg","contentUrl":"https:\/\/www.salzburgerland.com\/de\/wp-content\/uploads\/2016\/08\/fusch-header-2_sochor-scaled.jpg","width":1920,"height":1280,"caption":"c Dietmar Sochor Fusch im Winter"},{"@type":"BreadcrumbList","@id":"https:\/\/www.salzburgerland.com\/de\/fusch\/#breadcrumb","itemListElement":[{"@type":"ListItem","position":1,"name":"Bruck Fusch | Grossglockner","item":"https:\/\/www.salzburgerland.com\/de\/bruck-fusch-grossglockner\/"},{"@type":"ListItem","position":2,"name":"Fusch"}]},{"@type":"WebSite","@id":"https:\/\/www.salzburgerland.com\/de\/#website","url":"https:\/\/www.salzburgerland.com\/de\/","name":"SalzburgerLand.com","description":"Ihr Urlaub in Salzburg, \u00d6sterreich","publisher":{"@id":"https:\/\/www.salzburgerland.com\/de\/#organization"},"potentialAction":[{"@type":"SearchAction","target":{"@type":"EntryPoint","urlTemplate":"https:\/\/www.salzburgerland.com\/de\/?s={search_term_string}"},"query-input":{"@type":"PropertyValueSpecification","valueRequired":true,"valueName":"search_term_string"}}],"inLanguage":"de"},{"@type":"Organization","@id":"https:\/\/www.salzburgerland.com\/de\/#organization","name":"SalzburgerLand Tourismus GmbH","url":"https:\/\/www.salzburgerland.com\/de\/","logo":{"@type":"ImageObject","inLanguage":"de","@id":"https:\/\/www.salzburgerland.com\/de\/#\/schema\/logo\/image\/","url":"https:\/\/www.salzburgerland.com\/de\/wp-content\/uploads\/2017\/01\/salzburgerland-logo.jpg","contentUrl":"https:\/\/www.salzburgerland.com\/de\/wp-content\/uploads\/2017\/01\/salzburgerland-logo.jpg","width":1920,"height":827,"caption":"SalzburgerLand Tourismus GmbH"},"image":{"@id":"https:\/\/www.salzburgerland.com\/de\/#\/schema\/logo\/image\/"},"sameAs":["https:\/\/www.facebook.com\/salzburgerland\/","https:\/\/x.com\/Salzburgerland","https:\/\/www.instagram.com\/salzburgerland\/","http:\/\/dbpedia.org\/resource\/Salzburg_(state)","http:\/\/wikidata.dbpedia.org\/resource\/Q43325","http:\/\/open.salzburgerland.com\/de\/entity\/salzburgerland","https:\/\/www.youtube.com\/user\/salzburgerland"]}]}},"_wl_alt_label":["Fusch an der Grossglocknerstrasse","Fusch an der Gro\u00dfglocknerstra\u00dfe"],"wl:entity_url":"http:\/\/open.salzburgerland.com\/de\/entity\/fusch","_links":{"self":[{"href":"https:\/\/www.salzburgerland.com\/de\/wp-json\/wp\/v2\/entities\/59637","targetHints":{"allow":["GET"]}}],"collection":[{"href":"https:\/\/www.salzburgerland.com\/de\/wp-json\/wp\/v2\/entities"}],"about":[{"href":"https:\/\/www.salzburgerland.com\/de\/wp-json\/wp\/v2\/types\/entity"}],"author":[{"embeddable":true,"href":"https:\/\/www.salzburgerland.com\/de\/wp-json\/wp\/v2\/users\/19"}],"replies":[{"embeddable":true,"href":"https:\/\/www.salzburgerland.com\/de\/wp-json\/wp\/v2\/comments?post=59637"}],"version-history":[{"count":5,"href":"https:\/\/www.salzburgerland.com\/de\/wp-json\/wp\/v2\/entities\/59637\/revisions"}],"predecessor-version":[{"id":659106,"href":"https:\/\/www.salzburgerland.com\/de\/wp-json\/wp\/v2\/entities\/59637\/revisions\/659106"}],"wp:featuredmedia":[{"embeddable":true,"href":"https:\/\/www.salzburgerland.com\/de\/wp-json\/wp\/v2\/media\/479027"}],"wp:attachment":[{"href":"https:\/\/www.salzburgerland.com\/de\/wp-json\/wp\/v2\/media?parent=59637"}],"wp:term":[{"taxonomy":"category","embeddable":true,"href":"https:\/\/www.salzburgerland.com\/de\/wp-json\/wp\/v2\/categories?post=59637"},{"taxonomy":"post_tag","embeddable":true,"href":"https:\/\/www.salzburgerland.com\/de\/wp-json\/wp\/v2\/tags?post=59637"},{"taxonomy":"wl_entity_type","embeddable":true,"href":"https:\/\/www.salzburgerland.com\/de\/wp-json\/wp\/v2\/wl_entity_type?post=59637"},{"taxonomy":"ski_resorts","embeddable":true,"href":"https:\/\/www.salzburgerland.com\/de\/wp-json\/wp\/v2\/ski_resorts?post=59637"}],"curies":[{"name":"wp","href":"https:\/\/api.w.org\/{rel}","templated":true}]}}