{"id":59568,"date":"2016-08-23T15:25:01","date_gmt":"2016-08-23T13:25:01","guid":{"rendered":"https:\/\/www.onebigpark.at\/de\/entity\/viehhofen\/"},"modified":"2026-01-20T15:22:21","modified_gmt":"2026-01-20T14:22:21","slug":"viehhofen","status":"publish","type":"entity","link":"https:\/\/www.salzburgerland.com\/de\/viehhofen\/","title":{"rendered":"Viehhofen"},"content":{"rendered":"<p>Von dem kleinen Urlaubsparadies Viehhofen haben vielleicht noch nicht alle geh\u00f6rt, doch jene, welche einmal ihren Urlaub hier verbracht haben, kehren Jahr f\u00fcr Jahr in diesen bezaubernden Ort zur\u00fcck. Dabei ist es egal, ob es sich um einen Sommer- oder Winterurlaub handelt. Denn sowohl Naturliebhaber, Beobachter, Planer, Entdecker als auch Abenteurer k\u00f6nnen hier begeistert werden. Ob man im Winter die wei\u00dfe Pracht genie\u00dft oder im Sommer die gr\u00fcne Natur erkundet, in Viehhofen gibt es das passende Angebot f\u00fcr die verschiedensten Bed\u00fcrfnisse und Vorlieben. Klingt zu gut, um wahr zu sein? Stimmt aber, denn die Ruhe, den R\u00fcckzug und die naturbelassene Landschaft bietet Viehhofen und die Abenteuer befinden sich nur einen Katzensprung entfernt.<\/p>\n\n\t\t\t<div id=\"59568-1\" class=\"gallery gallery-59568 gallery-columns-3 gallery-size-medium\" itemscope itemtype=\"http:\/\/schema.org\/ImageGallery\">\n\t\t\t\t<ul class=\"gallery-row gallery-col-3 gallery-clear\">\n\t\t\t\t\t<li class=\"gallery-item col-3\" itemprop=\"associatedMedia\" itemscope itemtype=\"http:\/\/schema.org\/ImageObject\">\n\t\t\t\t\t\t<div class=\"gallery-icon landscape\"><a href=\"https:\/\/www.salzburgerland.com\/de\/wp-content\/uploads\/2016\/10\/viehhofen-sommer-wandern-1920x1067.jpg\" title=\"Viehhofen-sommer-wandern\"><img decoding=\"async\" data-title=\"c Viehhofen\/Richard Ronacher der-fotoigel Wandern in Viehhofen.\" title=\"c Viehhofen\/Richard Ronacher der-fotoigel Wandern in Viehhofen.\" data-caption=\"c Viehhofen\/Richard Ronacher der-fotoigel Wandern in Viehhofen.\" width=\"1024\" height=\"569\" src=\"https:\/\/www.salzburgerland.com\/de\/wp-content\/uploads\/2016\/10\/viehhofen-sommer-wandern-1024x569.jpg\" class=\"attachment-medium size-medium\" alt=\"Zwei Frauen am Rastplatz beim Wandern in Viehhofen. (vergr\u00f6\u00dferte Ansicht)\" srcset=\"https:\/\/www.salzburgerland.com\/de\/wp-content\/uploads\/2016\/10\/viehhofen-sommer-wandern-1024x569.jpg 1024w, https:\/\/www.salzburgerland.com\/de\/wp-content\/uploads\/2016\/10\/viehhofen-sommer-wandern-370x206.jpg 370w, https:\/\/www.salzburgerland.com\/de\/wp-content\/uploads\/2016\/10\/viehhofen-sommer-wandern-1920x1067.jpg 1920w, https:\/\/www.salzburgerland.com\/de\/wp-content\/uploads\/2016\/10\/viehhofen-sommer-wandern-270x150.jpg 270w\" sizes=\"(max-width: 1024px) 100vw, 1024px\" aria-describedby=\"figcaption-59568-78265\" itemprop=\"thumbnail\"><\/a><\/div>\n\t\t\t\t\t\t<span id=\"figcaption-59568-78265\" class=\"gallery-caption\" itemprop=\"caption\"><span aria-hidden=\"true\">c Viehhofen\/Richard Ronacher der-fotoigel Wandern in Viehhofen.<\/span><\/span>\n\t\t\t\t\t<\/li>\n\t\t\t\t\t<li class=\"gallery-item col-3\" itemprop=\"associatedMedia\" itemscope itemtype=\"http:\/\/schema.org\/ImageObject\">\n\t\t\t\t\t\t<div class=\"gallery-icon landscape\"><a href=\"https:\/\/www.salzburgerland.com\/de\/wp-content\/uploads\/2016\/10\/viehhofen-sommer-mountainbike-1920x1067.jpg\" title=\"Viehhofen-sommer-Mountainbike\"><img decoding=\"async\" data-title=\"\u00a9Viehhofen\/www.smartstudio.pl - nach tollen Bike-Touren wartet im Bike Hotel ein Rundum-Service, der speziell auf die Bed\u00fcrfnisse von Radfahrern ausgelegt ist. \" title=\"\u00a9Viehhofen\/www.smartstudio.pl - nach tollen Bike-Touren wartet im Bike Hotel ein Rundum-Service, der speziell auf die Bed\u00fcrfnisse von Radfahrern ausgelegt ist. \" data-caption=\"\u00a9Viehhofen\/www.smartstudio.pl - nach tollen Bike-Touren wartet im Bike Hotel ein Rundum-Service, der speziell auf die Bed\u00fcrfnisse von Radfahrern ausgelegt ist. \" width=\"1024\" height=\"569\" src=\"https:\/\/www.salzburgerland.com\/de\/wp-content\/uploads\/2016\/10\/viehhofen-sommer-mountainbike-1024x569.jpg\" class=\"attachment-medium size-medium\" alt=\"Mountainbiken in Viehhofen. (vergr\u00f6\u00dferte Ansicht)\" srcset=\"https:\/\/www.salzburgerland.com\/de\/wp-content\/uploads\/2016\/10\/viehhofen-sommer-mountainbike-1024x569.jpg 1024w, https:\/\/www.salzburgerland.com\/de\/wp-content\/uploads\/2016\/10\/viehhofen-sommer-mountainbike-370x206.jpg 370w, https:\/\/www.salzburgerland.com\/de\/wp-content\/uploads\/2016\/10\/viehhofen-sommer-mountainbike-1920x1067.jpg 1920w, https:\/\/www.salzburgerland.com\/de\/wp-content\/uploads\/2016\/10\/viehhofen-sommer-mountainbike-270x150.jpg 270w\" sizes=\"(max-width: 1024px) 100vw, 1024px\" aria-describedby=\"figcaption-59568-78260\" itemprop=\"thumbnail\"><\/a><\/div>\n\t\t\t\t\t\t<span id=\"figcaption-59568-78260\" class=\"gallery-caption\" itemprop=\"caption\"><span aria-hidden=\"true\">\u00a9Viehhofen\/www.smartstudio.pl \u2013 nach tollen Bike-Touren wartet im Bike Hotel ein Rundum-Service, der speziell auf die Bed\u00fcrfnisse von Radfahrern ausgelegt ist. <\/span><\/span>\n\t\t\t\t\t<\/li>\n\t\t\t\t\t<li class=\"gallery-item col-3\" itemprop=\"associatedMedia\" itemscope itemtype=\"http:\/\/schema.org\/ImageObject\">\n\t\t\t\t\t\t<div class=\"gallery-icon landscape\"><a href=\"https:\/\/www.salzburgerland.com\/de\/wp-content\/uploads\/2016\/10\/viehhofen-sommer-biken-1920x1067.jpg\" title=\"Viehhofen-sommer-biken\"><img decoding=\"async\" data-title=\"c Viehhofen\/Richard Ronacher der-fotoigel Gem\u00fctliches Radeln am Radweg entlang der Saalach.\" title=\"c Viehhofen\/Richard Ronacher der-fotoigel Gem\u00fctliches Radeln am Radweg entlang der Saalach.\" data-caption=\"c Viehhofen\/Richard Ronacher der-fotoigel Gem\u00fctliches Radeln am Radweg entlang der Saalach.\" width=\"1024\" height=\"569\" src=\"https:\/\/www.salzburgerland.com\/de\/wp-content\/uploads\/2016\/10\/viehhofen-sommer-biken-1024x569.jpg\" class=\"attachment-medium size-medium\" alt=\"Gem\u00fctliches Radeln am Radweg entlang der Saalach. (vergr\u00f6\u00dferte Ansicht)\" srcset=\"https:\/\/www.salzburgerland.com\/de\/wp-content\/uploads\/2016\/10\/viehhofen-sommer-biken-1024x569.jpg 1024w, https:\/\/www.salzburgerland.com\/de\/wp-content\/uploads\/2016\/10\/viehhofen-sommer-biken-370x206.jpg 370w, https:\/\/www.salzburgerland.com\/de\/wp-content\/uploads\/2016\/10\/viehhofen-sommer-biken-1920x1067.jpg 1920w, https:\/\/www.salzburgerland.com\/de\/wp-content\/uploads\/2016\/10\/viehhofen-sommer-biken-270x150.jpg 270w\" sizes=\"(max-width: 1024px) 100vw, 1024px\" aria-describedby=\"figcaption-59568-78256\" itemprop=\"thumbnail\"><\/a><\/div>\n\t\t\t\t\t\t<span id=\"figcaption-59568-78256\" class=\"gallery-caption\" itemprop=\"caption\"><span aria-hidden=\"true\">c Viehhofen\/Richard Ronacher der-fotoigel Gem\u00fctliches Radeln am Radweg entlang der Saalach.<\/span><\/span>\n\t\t\t\t\t<\/li>\n\t\t\t\t<\/ul>\n\t\t\t\t<ul class=\"gallery-row gallery-col-3 gallery-clear\">\n\t\t\t\t\t<li class=\"gallery-item col-3\" itemprop=\"associatedMedia\" itemscope itemtype=\"http:\/\/schema.org\/ImageObject\">\n\t\t\t\t\t\t<div class=\"gallery-icon landscape\"><a href=\"https:\/\/www.salzburgerland.com\/de\/wp-content\/uploads\/2016\/10\/viehhofen-sommer-bogenparcours-1920x1067.jpg\" title=\"Viehhofen-sommer-Bogenparcours\"><img decoding=\"async\" data-title=\"\u00a9 Viehhofen\/MARZENA WYSTRACH Bogenparcours Glemmerhof in Viehhofen.\" title=\"\u00a9 Viehhofen\/MARZENA WYSTRACH Bogenparcours Glemmerhof in Viehhofen.\" data-caption=\"\u00a9 Viehhofen\/MARZENA WYSTRACH Bogenparcours Glemmerhof in Viehhofen.\" width=\"1024\" height=\"569\" src=\"https:\/\/www.salzburgerland.com\/de\/wp-content\/uploads\/2016\/10\/viehhofen-sommer-bogenparcours-1024x569.jpg\" class=\"attachment-medium size-medium\" alt=\"Bogensch\u00fctzing am Bogenparcours Glemmerhof in Viehhofen. (vergr\u00f6\u00dferte Ansicht)\" srcset=\"https:\/\/www.salzburgerland.com\/de\/wp-content\/uploads\/2016\/10\/viehhofen-sommer-bogenparcours-1024x569.jpg 1024w, https:\/\/www.salzburgerland.com\/de\/wp-content\/uploads\/2016\/10\/viehhofen-sommer-bogenparcours-370x206.jpg 370w, https:\/\/www.salzburgerland.com\/de\/wp-content\/uploads\/2016\/10\/viehhofen-sommer-bogenparcours-1920x1067.jpg 1920w, https:\/\/www.salzburgerland.com\/de\/wp-content\/uploads\/2016\/10\/viehhofen-sommer-bogenparcours-270x150.jpg 270w\" sizes=\"(max-width: 1024px) 100vw, 1024px\" aria-describedby=\"figcaption-59568-78257\" itemprop=\"thumbnail\"><\/a><\/div>\n\t\t\t\t\t\t<span id=\"figcaption-59568-78257\" class=\"gallery-caption\" itemprop=\"caption\"><span aria-hidden=\"true\">\u00a9 Viehhofen\/MARZENA WYSTRACH Bogenparcours Glemmerhof in Viehhofen.<\/span><\/span>\n\t\t\t\t\t<\/li>\n\t\t\t\t\t<li class=\"gallery-item col-3\" itemprop=\"associatedMedia\" itemscope itemtype=\"http:\/\/schema.org\/ImageObject\">\n\t\t\t\t\t\t<div class=\"gallery-icon landscape\"><a href=\"https:\/\/www.salzburgerland.com\/de\/wp-content\/uploads\/2016\/10\/viehhofen-sommer-sonnenaufgangswanderung-geierkogel-1920x1067.jpg\" title=\"Viehhofen-sommer-Sonnenaufgangswanderung Geierkogel\"><img decoding=\"async\" data-title=\"\u00a9Viehhofen\/Richard Ronacher der-fotoigel Sonnenaufgangswanderung am Geierkogel in Viehhofen.\" title=\"\u00a9Viehhofen\/Richard Ronacher der-fotoigel Sonnenaufgangswanderung am Geierkogel in Viehhofen.\" data-caption=\"\u00a9Viehhofen\/Richard Ronacher der-fotoigel Sonnenaufgangswanderung am Geierkogel in Viehhofen.\" width=\"1024\" height=\"569\" src=\"https:\/\/www.salzburgerland.com\/de\/wp-content\/uploads\/2016\/10\/viehhofen-sommer-sonnenaufgangswanderung-geierkogel-1024x569.jpg\" class=\"attachment-medium size-medium\" alt=\"Sonnenaufgangswanderung am Geierkogel in Viehhofen. (vergr\u00f6\u00dferte Ansicht)\" srcset=\"https:\/\/www.salzburgerland.com\/de\/wp-content\/uploads\/2016\/10\/viehhofen-sommer-sonnenaufgangswanderung-geierkogel-1024x569.jpg 1024w, https:\/\/www.salzburgerland.com\/de\/wp-content\/uploads\/2016\/10\/viehhofen-sommer-sonnenaufgangswanderung-geierkogel-370x206.jpg 370w, https:\/\/www.salzburgerland.com\/de\/wp-content\/uploads\/2016\/10\/viehhofen-sommer-sonnenaufgangswanderung-geierkogel-1920x1067.jpg 1920w, https:\/\/www.salzburgerland.com\/de\/wp-content\/uploads\/2016\/10\/viehhofen-sommer-sonnenaufgangswanderung-geierkogel-270x150.jpg 270w\" sizes=\"(max-width: 1024px) 100vw, 1024px\" aria-describedby=\"figcaption-59568-78263\" itemprop=\"thumbnail\"><\/a><\/div>\n\t\t\t\t\t\t<span id=\"figcaption-59568-78263\" class=\"gallery-caption\" itemprop=\"caption\"><span aria-hidden=\"true\">\u00a9Viehhofen\/Richard Ronacher der-fotoigel Sonnenaufgangswanderung am Geierkogel in Viehhofen.<\/span><\/span>\n\t\t\t\t\t<\/li>\n\t\t\t\t\t<li class=\"gallery-item col-3\" itemprop=\"associatedMedia\" itemscope itemtype=\"http:\/\/schema.org\/ImageObject\">\n\t\t\t\t\t\t<div class=\"gallery-icon landscape\"><a href=\"https:\/\/www.salzburgerland.com\/de\/wp-content\/uploads\/2016\/10\/viehhofen-sommer-offroadpark-1920x1067.jpg\" title=\"viehhofen-sommer-OffroadPark\"><img decoding=\"async\" data-title=\"\u00a9 Viehhofen\/MARZENA WYSTRACH Glemmy Offroadpark in Viehhofen.\" title=\"\u00a9 Viehhofen\/MARZENA WYSTRACH Glemmy Offroadpark in Viehhofen.\" data-caption=\"\u00a9 Viehhofen\/MARZENA WYSTRACH Glemmy Offroadpark in Viehhofen.\" width=\"1024\" height=\"569\" src=\"https:\/\/www.salzburgerland.com\/de\/wp-content\/uploads\/2016\/10\/viehhofen-sommer-offroadpark-1024x569.jpg\" class=\"attachment-medium size-medium\" alt=\"Glemmy Offroadpark in Viehhofen. (vergr\u00f6\u00dferte Ansicht)\" srcset=\"https:\/\/www.salzburgerland.com\/de\/wp-content\/uploads\/2016\/10\/viehhofen-sommer-offroadpark-1024x569.jpg 1024w, https:\/\/www.salzburgerland.com\/de\/wp-content\/uploads\/2016\/10\/viehhofen-sommer-offroadpark-370x206.jpg 370w, https:\/\/www.salzburgerland.com\/de\/wp-content\/uploads\/2016\/10\/viehhofen-sommer-offroadpark-1920x1067.jpg 1920w, https:\/\/www.salzburgerland.com\/de\/wp-content\/uploads\/2016\/10\/viehhofen-sommer-offroadpark-270x150.jpg 270w\" sizes=\"(max-width: 1024px) 100vw, 1024px\" aria-describedby=\"figcaption-59568-78261\" itemprop=\"thumbnail\"><\/a><\/div>\n\t\t\t\t\t\t<span id=\"figcaption-59568-78261\" class=\"gallery-caption\" itemprop=\"caption\"><span aria-hidden=\"true\">\u00a9 Viehhofen\/MARZENA WYSTRACH Glemmy Offroadpark in Viehhofen.<\/span><\/span>\n\t\t\t\t\t<\/li>\n\t\t\t\t<\/ul>\n\t\t\t<\/div><!-- .gallery -->\n\n<h2>Der Zauber von Viehhofen? Unvergessliche Schneeabenteuer!<\/h2>\n<p>Im Winter verwandelt sich Viehhofen in ein Winterwunderland, welches zum Skifahren, Rodeln oder Schneeschuhwandern einl\u00e4dt. Dank der direkten Anbindung auf die Schmittenh\u00f6he durch den zellamseeXpress, kann von Viehhofen direkt und bequem in eines der sch\u00f6nsten Skigebiete \u00d6sterreichs eingestiegen werden. Dort warten 77 Pistenkilometer, 28 Anlagen und Lifte sowie viele Funslopes und die Trass darauf befahren zu werden. Nach Belieben auf einem oder zwei Brettern, je nachdem, welche f\u00fcr Wintersportler die Welt bedeuten.<\/p>\n<p>Ganz ehrlich, Viehhofen ist klein, das stimmt. Doch diese Tatsache bringt sehr viele Vorteile mit sich. Die Gr\u00f6\u00dfe des Urlaubsortes schafft die M\u00f6glichkeit, auf die Bed\u00fcrfnisse von G\u00e4sten einzugehen und sich pers\u00f6nlich um sie zu k\u00fcmmern. Au\u00dferdem werden Orte, in denen man zur Ruhe kommt und einfach nur die gute Alpenluft einatmen kann, werden immer weniger.<\/p>\n<p>Doch damit nicht genug. Da Viehhofen von den ganz gro\u00dfen Skigebieten umgeben ist und diese sich mit der Alpin Card zusammengeschlossen haben, sind es nunmehr 408 Pistenkilometer, 121 Anlagen und Lifte, die befahren werden k\u00f6nnen. Genau mittendrin in diesem Skispa\u00df befindet sich Viehhofen.<\/p>\n\n\t\t\t<div id=\"59568-2\" class=\"gallery gallery-59568 gallery-columns-3 gallery-size-1170_658\" itemscope itemtype=\"http:\/\/schema.org\/ImageGallery\">\n\t\t\t\t<ul class=\"gallery-row gallery-col-3 gallery-clear\">\n\t\t\t\t\t<li class=\"gallery-item col-3\" itemprop=\"associatedMedia\" itemscope itemtype=\"http:\/\/schema.org\/ImageObject\">\n\t\t\t\t\t\t<div class=\"gallery-icon landscape\"><a href=\"https:\/\/www.salzburgerland.com\/de\/wp-content\/uploads\/2016\/08\/abfahrt_011-1920x1067.jpg\" title=\"Abfahrt_011\"><img decoding=\"async\" data-title=\"\u00a9 TVB Viehhofen, Auf der Abfahrt 168 nach Viehhofen; im Hintergrund der zellamseeXpress;\" title=\"\u00a9 TVB Viehhofen, Auf der Abfahrt 168 nach Viehhofen; im Hintergrund der zellamseeXpress;\" data-caption=\"\u00a9 TVB Viehhofen, Auf der Abfahrt 168 nach Viehhofen; im Hintergrund der zellamseeXpress;\" width=\"1170\" height=\"658\" src=\"https:\/\/www.salzburgerland.com\/de\/wp-content\/uploads\/2016\/08\/abfahrt_011-1170x658.jpg\" class=\"attachment-1170_658 size-1170_658\" alt=\"Ein Skifahrer spritzt Schnee, w\u00e4hrend er in der N\u00e4he einer Gruppe am verschneiten Berghang von Viehhofen mit Kiefern und Gipfeln wendet. (vergr\u00f6\u00dferte Ansicht)\" srcset=\"https:\/\/www.salzburgerland.com\/de\/wp-content\/uploads\/2016\/08\/abfahrt_011-1170x658.jpg 1170w, https:\/\/www.salzburgerland.com\/de\/wp-content\/uploads\/2016\/08\/abfahrt_011-1200x675.jpg 1200w\" sizes=\"(max-width: 1170px) 100vw, 1170px\" aria-describedby=\"figcaption-59568-511962\" itemprop=\"thumbnail\"><\/a><\/div>\n\t\t\t\t\t\t<span id=\"figcaption-59568-511962\" class=\"gallery-caption\" itemprop=\"caption\"><span aria-hidden=\"true\">\u00a9 TVB Viehhofen, Auf der Abfahrt 168 nach Viehhofen; im Hintergrund der zellamseeXpress;<\/span><\/span>\n\t\t\t\t\t<\/li>\n\t\t\t\t\t<li class=\"gallery-item col-3\" itemprop=\"associatedMedia\" itemscope itemtype=\"http:\/\/schema.org\/ImageObject\">\n\t\t\t\t\t\t<div class=\"gallery-icon landscape\"><a href=\"https:\/\/www.salzburgerland.com\/de\/wp-content\/uploads\/2016\/08\/zellamseexpress-mini-1920x1067.jpg\" title=\"zellamseeXpress-mini\"><img decoding=\"async\" data-title=\"\u00a9 schmittenh\u00f6he Bahn AG, die Jukebox-Gondeln beim zellamseeXpress\" title=\"\u00a9 schmittenh\u00f6he Bahn AG, die Jukebox-Gondeln beim zellamseeXpress\" data-caption=\"\u00a9 schmittenh\u00f6he Bahn AG, die Jukebox-Gondeln beim zellamseeXpress\" width=\"1170\" height=\"658\" src=\"https:\/\/www.salzburgerland.com\/de\/wp-content\/uploads\/2016\/08\/zellamseexpress-mini-1170x658.jpg\" class=\"attachment-1170_658 size-1170_658\" alt=\"Zwei Seilbahnen gleiten unter einem strahlend blauen Winterhimmel \u00fcber verschneite Berge und Tannen in Viehhofen. (vergr\u00f6\u00dferte Ansicht)\" srcset=\"https:\/\/www.salzburgerland.com\/de\/wp-content\/uploads\/2016\/08\/zellamseexpress-mini-1170x658.jpg 1170w, https:\/\/www.salzburgerland.com\/de\/wp-content\/uploads\/2016\/08\/zellamseexpress-mini-1200x675.jpg 1200w\" sizes=\"(max-width: 1170px) 100vw, 1170px\" aria-describedby=\"figcaption-59568-511966\" itemprop=\"thumbnail\"><\/a><\/div>\n\t\t\t\t\t\t<span id=\"figcaption-59568-511966\" class=\"gallery-caption\" itemprop=\"caption\"><span aria-hidden=\"true\">\u00a9 schmittenh\u00f6he Bahn AG, die Jukebox-Gondeln beim zellamseeXpress<\/span><\/span>\n\t\t\t\t\t<\/li>\n\t\t\t\t\t<li class=\"gallery-item col-3\" itemprop=\"associatedMedia\" itemscope itemtype=\"http:\/\/schema.org\/ImageObject\">\n\t\t\t\t\t\t<div class=\"gallery-icon landscape\"><a href=\"https:\/\/www.salzburgerland.com\/de\/wp-content\/uploads\/2016\/08\/vie_9816_klein.jpg\" title=\"VIE_9816_klein\"><img decoding=\"async\" data-title=\"\u00a9 TVB Viehhofen, Viehhofen bei Nacht\" title=\"\u00a9 TVB Viehhofen, Viehhofen bei Nacht\" data-caption=\"\u00a9 TVB Viehhofen, Viehhofen bei Nacht\" width=\"1170\" height=\"658\" src=\"https:\/\/www.salzburgerland.com\/de\/wp-content\/uploads\/2016\/08\/vie_9816_klein-1170x658.jpg\" class=\"attachment-1170_658 size-1170_658\" alt=\"Das verschneite Alpendorf Viehhofen in der Abendd\u00e4mmerung, mit warmen Lichtern an den H\u00e4usern und B\u00e4umen, umgeben von H\u00fcgeln. (vergr\u00f6\u00dferte Ansicht)\" srcset=\"https:\/\/www.salzburgerland.com\/de\/wp-content\/uploads\/2016\/08\/vie_9816_klein-1170x658.jpg 1170w, https:\/\/www.salzburgerland.com\/de\/wp-content\/uploads\/2016\/08\/vie_9816_klein-1200x675.jpg 1200w\" sizes=\"(max-width: 1170px) 100vw, 1170px\" aria-describedby=\"figcaption-59568-511965\" itemprop=\"thumbnail\"><\/a><\/div>\n\t\t\t\t\t\t<span id=\"figcaption-59568-511965\" class=\"gallery-caption\" itemprop=\"caption\"><span aria-hidden=\"true\">\u00a9 TVB Viehhofen, Viehhofen bei Nacht<\/span><\/span>\n\t\t\t\t\t<\/li>\n\t\t\t\t<\/ul>\n\t\t\t\t<ul class=\"gallery-row gallery-col-3 gallery-clear\">\n\t\t\t\t\t<li class=\"gallery-item col-3\" itemprop=\"associatedMedia\" itemscope itemtype=\"http:\/\/schema.org\/ImageObject\">\n\t\t\t\t\t\t<div class=\"gallery-icon landscape\"><a href=\"https:\/\/www.salzburgerland.com\/de\/wp-content\/uploads\/2016\/08\/tvb_9875-1920x1067.jpg\" title=\"TVB_9875\"><img decoding=\"async\" data-title=\"\u00a9 TVB Viehhofen,  Eine Rast muss sein!\" title=\"\u00a9 TVB Viehhofen,  Eine Rast muss sein!\" data-caption=\"\u00a9 TVB Viehhofen,  Eine Rast muss sein!\" width=\"1170\" height=\"658\" src=\"https:\/\/www.salzburgerland.com\/de\/wp-content\/uploads\/2016\/08\/tvb_9875-1170x658.jpg\" class=\"attachment-1170_658 size-1170_658\" alt=\"Eine Person liegt im Schnee, w\u00e4hrend drei andere mit Skiern neben einer verschneiten H\u00fctte in den Viehhofener Bergen stehen. (vergr\u00f6\u00dferte Ansicht)\" srcset=\"https:\/\/www.salzburgerland.com\/de\/wp-content\/uploads\/2016\/08\/tvb_9875-1170x658.jpg 1170w, https:\/\/www.salzburgerland.com\/de\/wp-content\/uploads\/2016\/08\/tvb_9875-1200x675.jpg 1200w\" sizes=\"(max-width: 1170px) 100vw, 1170px\" aria-describedby=\"figcaption-59568-511964\" itemprop=\"thumbnail\"><\/a><\/div>\n\t\t\t\t\t\t<span id=\"figcaption-59568-511964\" class=\"gallery-caption\" itemprop=\"caption\"><span aria-hidden=\"true\">\u00a9 TVB Viehhofen,  Eine Rast muss sein!<\/span><\/span>\n\t\t\t\t\t<\/li>\n\t\t\t\t\t<li class=\"gallery-item col-3\" itemprop=\"associatedMedia\" itemscope itemtype=\"http:\/\/schema.org\/ImageObject\">\n\t\t\t\t\t\t<div class=\"gallery-icon landscape\"><a href=\"https:\/\/www.salzburgerland.com\/de\/wp-content\/uploads\/2016\/08\/img_20200130_092506-1920x1067.jpg\" title=\"IMG_20200130_092506\"><img decoding=\"async\" data-title=\"\u00a9 TVB Viehhofen, Ausblick vom Feinsten\" title=\"\u00a9 TVB Viehhofen, Ausblick vom Feinsten\" data-caption=\"\u00a9 TVB Viehhofen, Ausblick vom Feinsten\" width=\"1170\" height=\"658\" src=\"https:\/\/www.salzburgerland.com\/de\/wp-content\/uploads\/2016\/08\/img_20200130_092506-1170x658.jpg\" class=\"attachment-1170_658 size-1170_658\" alt=\"Frisch pr\u00e4parierte Skipiste bei Viehhofen mit verschneiten Bergen und einem bewaldeten Tal unter strahlend blauem Himmel. (vergr\u00f6\u00dferte Ansicht)\" srcset=\"https:\/\/www.salzburgerland.com\/de\/wp-content\/uploads\/2016\/08\/img_20200130_092506-1170x658.jpg 1170w, https:\/\/www.salzburgerland.com\/de\/wp-content\/uploads\/2016\/08\/img_20200130_092506-1200x675.jpg 1200w\" sizes=\"(max-width: 1170px) 100vw, 1170px\" aria-describedby=\"figcaption-59568-511963\" itemprop=\"thumbnail\"><\/a><\/div>\n\t\t\t\t\t\t<span id=\"figcaption-59568-511963\" class=\"gallery-caption\" itemprop=\"caption\"><span aria-hidden=\"true\">\u00a9 TVB Viehhofen, Ausblick vom Feinsten<\/span><\/span>\n\t\t\t\t\t<\/li>\n\t\t\t\t\t<li class=\"gallery-item col-3\" itemprop=\"associatedMedia\" itemscope itemtype=\"http:\/\/schema.org\/ImageObject\">\n\t\t\t\t\t\t<div class=\"gallery-icon landscape\"><a href=\"https:\/\/www.salzburgerland.com\/de\/wp-content\/uploads\/2016\/10\/viehhofen-winter-ortsansicht-1920x1067.jpg\" title=\"Viehhofen-winter-Ortsansicht\"><img decoding=\"async\" data-title=\"c Viehhofen\/Richard Ronacher der-fotoigel Ortsansicht Viehhofen im Winter.\" title=\"c Viehhofen\/Richard Ronacher der-fotoigel Ortsansicht Viehhofen im Winter.\" data-caption=\"c Viehhofen\/Richard Ronacher der-fotoigel Ortsansicht Viehhofen im Winter.\" width=\"1170\" height=\"658\" src=\"https:\/\/www.salzburgerland.com\/de\/wp-content\/uploads\/2016\/10\/viehhofen-winter-ortsansicht-1170x658.jpg\" class=\"attachment-1170_658 size-1170_658\" alt=\"Ortsansicht Viehhofen im Winter. (vergr\u00f6\u00dferte Ansicht)\" srcset=\"https:\/\/www.salzburgerland.com\/de\/wp-content\/uploads\/2016\/10\/viehhofen-winter-ortsansicht-1170x658.jpg 1170w, https:\/\/www.salzburgerland.com\/de\/wp-content\/uploads\/2016\/10\/viehhofen-winter-ortsansicht-1200x675.jpg 1200w\" sizes=\"(max-width: 1170px) 100vw, 1170px\" aria-describedby=\"figcaption-59568-78270\" itemprop=\"thumbnail\"><\/a><\/div>\n\t\t\t\t\t\t<span id=\"figcaption-59568-78270\" class=\"gallery-caption\" itemprop=\"caption\"><span aria-hidden=\"true\">c Viehhofen\/Richard Ronacher der-fotoigel Ortsansicht Viehhofen im Winter.<\/span><\/span>\n\t\t\t\t\t<\/li>\n\t\t\t\t<\/ul>\n\t\t\t<\/div><!-- .gallery -->\n\n<h2>Auf die L\u00e4nge kommt es an<\/h2>\n<p>Das Allerbeste am Ende eines erf\u00fcllenden Skitages ist es, die Viehhofener Abfahrt runterzubrettern. Sie ist ein Geheimtipp und nicht jedem bekannt, obwohl sie mit ihren beeindruckenden 7,5 km die l\u00e4ngste Abfahrt im gesamten Skigebiet ist. Auf dieser Piste fahren zu k\u00f6nnen ist etwas besonders, denn sie wird nur mit Naturschnee pr\u00e4pariert und ist somit nicht die ganze Saison befahrbar.<\/p>\n<p>Wer glaubt, Abenteuer nur auf den Pisten zu finden, irrt gewaltig. Am Ortsanfang von Viehhofen befindet sich der Bogenparcours Glemmerhof mit 28 liebevoll platzierten Schie\u00dfpl\u00e4tzen und l\u00e4sst, egal wie alt man ist, den inneren Robin Hood hochleben. Nur wenige Hundert Meter weiter wartet der Glemmy Offroad Park mit seinen Quads und E-Crawler darauf, getestet zu werden. Wer traut sich mit schweren Gef\u00e4hrten in das verschneite Gel\u00e4nde?<\/p>\n<p>Der Gegensatz zur Action auf und abseits der Piste wird durch einsame Winterwanderwege geschaffen, auf welchen man noch das Schneeknirschen unter den Winterstiefeln h\u00f6ren kann.<\/p>\n<h2>Berge, Charme und Erholung \u2013 das ist Sommerurlaub in Viehhofen<\/h2>\n<p>Im Sommer punktet Viehhofen als Paradies f\u00fcr Wanderer, Radfahrer sowie gro\u00dfe und kleine Gipfelst\u00fcrmer. Paul Klee sagte einmal \u201eZu Fu\u00df kann man besser schauen\u201c und hatte dabei v\u00f6llig recht. Denn es geht nicht nur darum, die Anzahl der erklommenen Gipfel zu w\u00fcrdigen, sondern die frische Bergluft einzuatmen und die Landschaft mit allen Sinnen zu erkunden. Auf unseren Gipfeln kann die Einsamkeit noch genossen werden und in aller Ruhe ein Eintrag im Gipfelbuch hinterlassen werden.<\/p>\n<p>Zahlreiche Wander- und Bikewege schaffen f\u00fcr einen Sommerurlaub die ideale Basis und bieten Verbindungen zwischen Viehhofen und den umliegenden Orten Saalbach, Hinterglemm, Saalfelden und Leogang. All das dank dem bestens ausgebauten Wander- und Bikenetzwerk.<\/p>\n<p>Auch im Sommer ist der zellamseeXpress ge\u00f6ffnet und hilft dabei, die ersten H\u00f6henmeter bequem hinter sich zu lassen. Auf dem Salersbachk\u00f6pfl angekommen, wartet ein atemberaubender Ausblick auf \u00fcber 30 Dreitausender, den Zeller See sowie die Stauseen in Kaprun. Zus\u00e4tzlich k\u00f6nnen auf der Schmittenh\u00f6he verschiedenste Kunstwerke bestaunt werden und die J\u00fcngsten haben ihren Spa\u00df mit Schmidolin dem Drachen.<\/p>\n<p>Was Schmidolin f\u00fcr die Schmittenh\u00f6he ist, ist der Wander-Nik f\u00fcr Viehhofen. Ein kleiner Spielgef\u00e4hrte, der die Kinder auf Trab h\u00e4lt und ihnen den Urlaub \u201everspa\u00dft\u201c. Denn im Versteckspiel ist er richtig gut. Es ist gar nicht so einfach ihn aufzusp\u00fcren, doch kleine Abenteurer mit Adleraugen schaffen diese Challenge bestimmt.<\/p>\n<h2>Die Viehhofen Sommercard mit vielen Inklusivleistungen<\/h2>\n<p>Selbstverst\u00e4ndlich gibt es auch in Viehhofen eine Sommercard mit vielen Inklusivleistungen. All jene, welche die Kombination aus Bergen, See und Schifffahrt lieben, kommen hier auf ihre Kosten und schonen zus\u00e4tzlich noch den Geldbeutel.<\/p>\n<p>Egal, ob im Winter oder im Sommer, Viehhofen und seine Beherbergungsbetriebe begeistert das ganze Jahr \u00fcber durch Gastfreundschaft und Herzlichkeit. Von der kleinen Fr\u00fchst\u00fcckspension bis zum 4* Hotel ist alles dabei und man kann genau das passende Verw\u00f6hnprogramm finden, welches einem die Urlaubsw\u00fcnsche erf\u00fcllt. Und erst das Essen \u2026 ach, das sollte wohl jeder selber probieren.<\/p>\n","protected":false},"excerpt":{"rendered":"<p>Von dem kleinen Urlaubsparadies Viehhofen haben vielleicht noch nicht alle geh\u00f6rt, doch jene, welche einmal ihren Urlaub hier verbracht haben, kehren Jahr f\u00fcr Jahr in diesen bezaubernden Ort zur\u00fcck. Dabei ist es egal, ob es sich um einen Sommer- oder Winterurlaub handelt. Denn sowohl Naturliebhaber, Beobachter, Planer, Entdecker als auch Abenteurer k\u00f6nnen hier begeistert werden. [&hellip;]<\/p>\n","protected":false},"author":50,"featured_media":78270,"comment_status":"closed","ping_status":"closed","template":"","meta":{"_acf_changed":false,"wl_entities_gutenberg":"","_relevanssi_hide_post":"","_relevanssi_hide_content":"","_relevanssi_pin_for_all":"","_relevanssi_pin_keywords":"","_relevanssi_unpin_keywords":"","_relevanssi_related_keywords":"","_relevanssi_related_include_ids":"","_relevanssi_related_exclude_ids":"","_relevanssi_related_no_append":"","_relevanssi_related_not_related":"","_relevanssi_related_posts":"","_relevanssi_noindex_reason":"","footnotes":""},"categories":[1],"tags":[],"wl_entity_type":[7],"ski_resorts":[],"class_list":["post-59568","entity","type-entity","status-publish","has-post-thumbnail","hentry","category-allgemein","wl_entity_type-place","sitetype-place","sitetype-region"],"acf":[],"yoast_head":"<!-- This site is optimized with the Yoast SEO Premium plugin v26.9 (Yoast SEO v26.9) - https:\/\/yoast.com\/product\/yoast-seo-premium-wordpress\/ -->\n<title>Viehhofen am Eingang des Glemmtals, idyllischer Ort f\u00fcr Ruhesuchende.<\/title>\n<meta name=\"description\" content=\"Die kleine Gemeinde Viehhofen liegt in der N\u00e4he zu weltbekannten Skigebieten inmitten der Pinzgauer Grasberge. Ein Geheimtipp f\u00fcr aktive Urlauber.\" \/>\n<meta name=\"robots\" content=\"index, follow, max-snippet:-1, max-image-preview:large, max-video-preview:-1\" \/>\n<link rel=\"canonical\" href=\"https:\/\/www.salzburgerland.com\/de\/wp-json\/wp\/v2\/entities\/59568\" \/>\n<meta property=\"og:locale\" content=\"de_DE\" \/>\n<meta property=\"og:type\" content=\"article\" \/>\n<meta property=\"og:title\" content=\"Viehhofen\" \/>\n<meta property=\"og:description\" content=\"Die kleine Gemeinde Viehhofen liegt in der N\u00e4he zu weltbekannten Skigebieten inmitten der Pinzgauer Grasberge. Ein Geheimtipp f\u00fcr aktive Urlauber.\" \/>\n<meta property=\"og:url\" content=\"https:\/\/www.salzburgerland.com\/de\/wp-json\/wp\/v2\/entities\/59568\" \/>\n<meta property=\"og:site_name\" content=\"SalzburgerLand.com\" \/>\n<meta property=\"article:publisher\" content=\"https:\/\/www.facebook.com\/salzburgerland\/\" \/>\n<meta property=\"article:modified_time\" content=\"2026-01-20T14:22:21+00:00\" \/>\n<meta property=\"og:image\" content=\"https:\/\/www.salzburgerland.com\/de\/wp-content\/uploads\/2016\/10\/viehhofen-winter-ortsansicht-1200x675.jpg\" \/>\n\t<meta property=\"og:image:width\" content=\"1200\" \/>\n\t<meta property=\"og:image:height\" content=\"675\" \/>\n\t<meta property=\"og:image:type\" content=\"image\/jpeg\" \/>\n<meta name=\"twitter:card\" content=\"summary_large_image\" \/>\n<meta name=\"twitter:site\" content=\"@Salzburgerland\" \/>\n<meta name=\"twitter:label1\" content=\"Gesch\u00e4tzte Lesezeit\" \/>\n\t<meta name=\"twitter:data1\" content=\"7\u00a0Minuten\" \/>\n<script type=\"application\/ld+json\" class=\"yoast-schema-graph\">{\"@context\":\"https:\/\/schema.org\",\"@graph\":[{\"@type\":\"WebPage\",\"@id\":\"https:\/\/www.salzburgerland.com\/de\/viehhofen\/\",\"url\":\"https:\/\/www.salzburgerland.com\/de\/viehhofen\/\",\"name\":\"Viehhofen am Eingang des Glemmtals, idyllischer Ort f\u00fcr Ruhesuchende.\",\"isPartOf\":{\"@id\":\"https:\/\/www.salzburgerland.com\/de\/#website\"},\"primaryImageOfPage\":{\"@id\":\"https:\/\/www.salzburgerland.com\/de\/viehhofen\/#primaryimage\"},\"image\":{\"@id\":\"https:\/\/www.salzburgerland.com\/de\/viehhofen\/#primaryimage\"},\"thumbnailUrl\":\"https:\/\/www.salzburgerland.com\/de\/wp-content\/uploads\/2016\/10\/viehhofen-winter-ortsansicht.jpg\",\"datePublished\":\"2016-08-23T13:25:01+00:00\",\"dateModified\":\"2026-01-20T14:22:21+00:00\",\"description\":\"Die kleine Gemeinde Viehhofen liegt in der N\u00e4he zu weltbekannten Skigebieten inmitten der Pinzgauer Grasberge. Ein Geheimtipp f\u00fcr aktive Urlauber.\",\"inLanguage\":\"de\",\"potentialAction\":[{\"@type\":\"ReadAction\",\"target\":[\"https:\/\/www.salzburgerland.com\/de\/viehhofen\/\"]}]},{\"@type\":\"ImageObject\",\"inLanguage\":\"de\",\"@id\":\"https:\/\/www.salzburgerland.com\/de\/viehhofen\/#primaryimage\",\"url\":\"https:\/\/www.salzburgerland.com\/de\/wp-content\/uploads\/2016\/10\/viehhofen-winter-ortsansicht.jpg\",\"contentUrl\":\"https:\/\/www.salzburgerland.com\/de\/wp-content\/uploads\/2016\/10\/viehhofen-winter-ortsansicht.jpg\",\"width\":1920,\"height\":1280,\"caption\":\"c Viehhofen\/Richard Ronacher der-fotoigel Ortsansicht Viehhofen im Winter.\"},{\"@type\":\"WebSite\",\"@id\":\"https:\/\/www.salzburgerland.com\/de\/#website\",\"url\":\"https:\/\/www.salzburgerland.com\/de\/\",\"name\":\"SalzburgerLand.com\",\"description\":\"Ihr Urlaub in Salzburg, \u00d6sterreich\",\"publisher\":{\"@id\":\"https:\/\/www.salzburgerland.com\/de\/#organization\"},\"potentialAction\":[{\"@type\":\"SearchAction\",\"target\":{\"@type\":\"EntryPoint\",\"urlTemplate\":\"https:\/\/www.salzburgerland.com\/de\/?s={search_term_string}\"},\"query-input\":{\"@type\":\"PropertyValueSpecification\",\"valueRequired\":true,\"valueName\":\"search_term_string\"}}],\"inLanguage\":\"de\"},{\"@type\":\"Organization\",\"@id\":\"https:\/\/www.salzburgerland.com\/de\/#organization\",\"name\":\"SalzburgerLand Tourismus GmbH\",\"url\":\"https:\/\/www.salzburgerland.com\/de\/\",\"logo\":{\"@type\":\"ImageObject\",\"inLanguage\":\"de\",\"@id\":\"https:\/\/www.salzburgerland.com\/de\/#\/schema\/logo\/image\/\",\"url\":\"https:\/\/www.salzburgerland.com\/de\/wp-content\/uploads\/2017\/01\/salzburgerland-logo.jpg\",\"contentUrl\":\"https:\/\/www.salzburgerland.com\/de\/wp-content\/uploads\/2017\/01\/salzburgerland-logo.jpg\",\"width\":1920,\"height\":827,\"caption\":\"SalzburgerLand Tourismus GmbH\"},\"image\":{\"@id\":\"https:\/\/www.salzburgerland.com\/de\/#\/schema\/logo\/image\/\"},\"sameAs\":[\"https:\/\/www.facebook.com\/salzburgerland\/\",\"https:\/\/x.com\/Salzburgerland\",\"https:\/\/www.instagram.com\/salzburgerland\/\",\"http:\/\/dbpedia.org\/resource\/Salzburg_(state)\",\"http:\/\/wikidata.dbpedia.org\/resource\/Q43325\",\"http:\/\/open.salzburgerland.com\/de\/entity\/salzburgerland\",\"https:\/\/www.youtube.com\/user\/salzburgerland\"]}]}<\/script>\n<!-- \/ Yoast SEO Premium plugin. -->","yoast_head_json":{"title":"Viehhofen am Eingang des Glemmtals, idyllischer Ort f\u00fcr Ruhesuchende.","description":"Die kleine Gemeinde Viehhofen liegt in der N\u00e4he zu weltbekannten Skigebieten inmitten der Pinzgauer Grasberge. Ein Geheimtipp f\u00fcr aktive Urlauber.","robots":{"index":"index","follow":"follow","max-snippet":"max-snippet:-1","max-image-preview":"max-image-preview:large","max-video-preview":"max-video-preview:-1"},"canonical":"https:\/\/www.salzburgerland.com\/de\/wp-json\/wp\/v2\/entities\/59568","og_locale":"de_DE","og_type":"article","og_title":"Viehhofen","og_description":"Die kleine Gemeinde Viehhofen liegt in der N\u00e4he zu weltbekannten Skigebieten inmitten der Pinzgauer Grasberge. Ein Geheimtipp f\u00fcr aktive Urlauber.","og_url":"https:\/\/www.salzburgerland.com\/de\/wp-json\/wp\/v2\/entities\/59568","og_site_name":"SalzburgerLand.com","article_publisher":"https:\/\/www.facebook.com\/salzburgerland\/","article_modified_time":"2026-01-20T14:22:21+00:00","og_image":[{"width":1200,"height":675,"url":"https:\/\/www.salzburgerland.com\/de\/wp-content\/uploads\/2016\/10\/viehhofen-winter-ortsansicht-1200x675.jpg","type":"image\/jpeg"}],"twitter_card":"summary_large_image","twitter_site":"@Salzburgerland","twitter_misc":{"Gesch\u00e4tzte Lesezeit":"7\u00a0Minuten"},"schema":{"@context":"https:\/\/schema.org","@graph":[{"@type":"WebPage","@id":"https:\/\/www.salzburgerland.com\/de\/viehhofen\/","url":"https:\/\/www.salzburgerland.com\/de\/viehhofen\/","name":"Viehhofen am Eingang des Glemmtals, idyllischer Ort f\u00fcr Ruhesuchende.","isPartOf":{"@id":"https:\/\/www.salzburgerland.com\/de\/#website"},"primaryImageOfPage":{"@id":"https:\/\/www.salzburgerland.com\/de\/viehhofen\/#primaryimage"},"image":{"@id":"https:\/\/www.salzburgerland.com\/de\/viehhofen\/#primaryimage"},"thumbnailUrl":"https:\/\/www.salzburgerland.com\/de\/wp-content\/uploads\/2016\/10\/viehhofen-winter-ortsansicht.jpg","datePublished":"2016-08-23T13:25:01+00:00","dateModified":"2026-01-20T14:22:21+00:00","description":"Die kleine Gemeinde Viehhofen liegt in der N\u00e4he zu weltbekannten Skigebieten inmitten der Pinzgauer Grasberge. Ein Geheimtipp f\u00fcr aktive Urlauber.","inLanguage":"de","potentialAction":[{"@type":"ReadAction","target":["https:\/\/www.salzburgerland.com\/de\/viehhofen\/"]}]},{"@type":"ImageObject","inLanguage":"de","@id":"https:\/\/www.salzburgerland.com\/de\/viehhofen\/#primaryimage","url":"https:\/\/www.salzburgerland.com\/de\/wp-content\/uploads\/2016\/10\/viehhofen-winter-ortsansicht.jpg","contentUrl":"https:\/\/www.salzburgerland.com\/de\/wp-content\/uploads\/2016\/10\/viehhofen-winter-ortsansicht.jpg","width":1920,"height":1280,"caption":"c Viehhofen\/Richard Ronacher der-fotoigel Ortsansicht Viehhofen im Winter."},{"@type":"WebSite","@id":"https:\/\/www.salzburgerland.com\/de\/#website","url":"https:\/\/www.salzburgerland.com\/de\/","name":"SalzburgerLand.com","description":"Ihr Urlaub in Salzburg, \u00d6sterreich","publisher":{"@id":"https:\/\/www.salzburgerland.com\/de\/#organization"},"potentialAction":[{"@type":"SearchAction","target":{"@type":"EntryPoint","urlTemplate":"https:\/\/www.salzburgerland.com\/de\/?s={search_term_string}"},"query-input":{"@type":"PropertyValueSpecification","valueRequired":true,"valueName":"search_term_string"}}],"inLanguage":"de"},{"@type":"Organization","@id":"https:\/\/www.salzburgerland.com\/de\/#organization","name":"SalzburgerLand Tourismus GmbH","url":"https:\/\/www.salzburgerland.com\/de\/","logo":{"@type":"ImageObject","inLanguage":"de","@id":"https:\/\/www.salzburgerland.com\/de\/#\/schema\/logo\/image\/","url":"https:\/\/www.salzburgerland.com\/de\/wp-content\/uploads\/2017\/01\/salzburgerland-logo.jpg","contentUrl":"https:\/\/www.salzburgerland.com\/de\/wp-content\/uploads\/2017\/01\/salzburgerland-logo.jpg","width":1920,"height":827,"caption":"SalzburgerLand Tourismus GmbH"},"image":{"@id":"https:\/\/www.salzburgerland.com\/de\/#\/schema\/logo\/image\/"},"sameAs":["https:\/\/www.facebook.com\/salzburgerland\/","https:\/\/x.com\/Salzburgerland","https:\/\/www.instagram.com\/salzburgerland\/","http:\/\/dbpedia.org\/resource\/Salzburg_(state)","http:\/\/wikidata.dbpedia.org\/resource\/Q43325","http:\/\/open.salzburgerland.com\/de\/entity\/salzburgerland","https:\/\/www.youtube.com\/user\/salzburgerland"]}]}},"_wl_alt_label":[],"wl:entity_url":"http:\/\/open.salzburgerland.com\/de\/entity\/viehhofen","_links":{"self":[{"href":"https:\/\/www.salzburgerland.com\/de\/wp-json\/wp\/v2\/entities\/59568","targetHints":{"allow":["GET"]}}],"collection":[{"href":"https:\/\/www.salzburgerland.com\/de\/wp-json\/wp\/v2\/entities"}],"about":[{"href":"https:\/\/www.salzburgerland.com\/de\/wp-json\/wp\/v2\/types\/entity"}],"author":[{"embeddable":true,"href":"https:\/\/www.salzburgerland.com\/de\/wp-json\/wp\/v2\/users\/50"}],"replies":[{"embeddable":true,"href":"https:\/\/www.salzburgerland.com\/de\/wp-json\/wp\/v2\/comments?post=59568"}],"version-history":[{"count":5,"href":"https:\/\/www.salzburgerland.com\/de\/wp-json\/wp\/v2\/entities\/59568\/revisions"}],"predecessor-version":[{"id":669092,"href":"https:\/\/www.salzburgerland.com\/de\/wp-json\/wp\/v2\/entities\/59568\/revisions\/669092"}],"wp:featuredmedia":[{"embeddable":true,"href":"https:\/\/www.salzburgerland.com\/de\/wp-json\/wp\/v2\/media\/78270"}],"wp:attachment":[{"href":"https:\/\/www.salzburgerland.com\/de\/wp-json\/wp\/v2\/media?parent=59568"}],"wp:term":[{"taxonomy":"category","embeddable":true,"href":"https:\/\/www.salzburgerland.com\/de\/wp-json\/wp\/v2\/categories?post=59568"},{"taxonomy":"post_tag","embeddable":true,"href":"https:\/\/www.salzburgerland.com\/de\/wp-json\/wp\/v2\/tags?post=59568"},{"taxonomy":"wl_entity_type","embeddable":true,"href":"https:\/\/www.salzburgerland.com\/de\/wp-json\/wp\/v2\/wl_entity_type?post=59568"},{"taxonomy":"ski_resorts","embeddable":true,"href":"https:\/\/www.salzburgerland.com\/de\/wp-json\/wp\/v2\/ski_resorts?post=59568"}],"curies":[{"name":"wp","href":"https:\/\/api.w.org\/{rel}","templated":true}]}}