{"id":59529,"date":"2016-08-23T15:18:43","date_gmt":"2016-08-23T13:18:43","guid":{"rendered":"https:\/\/www.onebigpark.at\/de\/entity\/wagrain-pongau\/"},"modified":"2024-01-16T15:24:47","modified_gmt":"2024-01-16T14:24:47","slug":"wagrain-kleinarl","status":"publish","type":"entity","link":"https:\/\/www.salzburgerland.com\/de\/wagrain-kleinarl\/","title":{"rendered":"Wagrain-Kleinarl"},"content":{"rendered":"<p>Unabh\u00e4ngig von der der\u00a0<a href=\"https:\/\/www.wagrain-kleinarl.at\/de\/wagrain-kleinarl\/wetter-webcams.html\">Wetterprognose<\/a>\u00a0locken zahlreiche\u00a0<a href=\"https:\/\/www.wagrain-kleinarl.at\/de\/aktivitaeten\/aktivitaeten.html\">Aktivit\u00e4ten<\/a>\u00a0und\u00a0<a href=\"https:\/\/www.wagrain-kleinarl.at\/de\/events\/events-und-veranstaltungen.html\">Veranstaltungen<\/a>\u00a0im Sommer und im Winter.\u00a0<a href=\"https:\/\/www.wagrain-kleinarl.at\/de\/wagrain-kleinarl\/die-orte.html\">Wagrain-Kleinarl<\/a>\u00a0sorgt f\u00fcr Abwechslung \u2013 egal, ob ihr einen\u00a0<a href=\"https:\/\/www.wagrain-kleinarl.at\/de\/aktivitaeten\/wandern\/wandern.html\">Wander<\/a>-,\u00a0<a href=\"https:\/\/www.wagrain-kleinarl.at\/de\/aktivitaeten\/biken\/mountainbike-e-bike.html\">Bike<\/a>\u2013 oder\u00a0<a href=\"https:\/\/www.wagrain-kleinarl.at\/de\/aktivitaeten\/skifahren-snowboarden\/skigebiete.html\">Skiurlaub<\/a>\u00a0mit der ganzen Familie oder mit Freunden plant.<\/p>\n<p><a href=\"https:\/\/www.wagrain-kleinarl.at\/de\/wagrain-kleinarl\/nachhaltigkeit\/nachhaltigkeit.html\">Nachhaltigkeit\u00a0<\/a>wird bei uns ganz Gro\u00df geschrieben. So gro\u00df, dass wir Mitte 2022 als erste und einzige Destination \u00d6sterreichs mit der GSTC (global sustainable tourism council) akkreditierten Zertifizierung von Green Destinations ausgezeichnet wurden.<\/p>\n<h2>Der Sommer in Wagrain-Kleinarl<\/h2>\n<p>Umgeben von hohen Gipfeln und idyllischen T\u00e4lern l\u00e4dt Wagrain-Kleinarl zum aktiven Erholen ein. \u00a0Egal ob ambitionierter Gipfelst\u00fcrmer oder genussbetonter Almwanderer \u2013 bei einer der zahlreichen Wanderungen f\u00fcr jedes Niveau l\u00e4sst sich die malerische Bergwelt rund um Wagrain-Kleinarl am besten erkunden. Die Einheimischen haben ihre Lieblingspl\u00e4tze, so wie den smaragdgr\u00fcnen\u00a0J\u00e4gersee, der romantische Blaue See oder der sagenumwobene Tappenkarsee. Besonders bequem zu erreichen ist die umliegende Bergwelt mit den Sommerbergbahnen.<\/p>\n<p><strong>Unser Familientipp:<\/strong> Kleine und gro\u00dfe Abenteurer aufgepasst! Hoch oben wartet ein besonderes Ausflugsziel\u00a0f\u00fcr die ganze Familie: Die Natur- und Bergerlebniswelt\u00a0<a href=\"https:\/\/www.wagrain-kleinarl.at\/de\/familien\/wagrainis-grafenberg\" target=\"_blank\" rel=\"noopener noreferrer\">WAGRAINi`s Grafenberg<\/a> mit \u00fcberdimensionalen\u00a0Abenteuerstationen. Mindestens ebenso viel Spa\u00df macht eine Wanderung entlang des kindergerechten Rundwanderwegs am <a href=\"https:\/\/www.shuttleberg.com\/de\/skigebiet\/sommer\/\">Shuttleberg in Kleinarl<\/a>. Denn hier wird nicht nur einfach gewandert, sondern der Weg f\u00fchrt \u00fcber elf Rutschen durch die Bergwiesen. Pure Action gibt`s f\u00fcr junge Mountainbiker in der Woom Bikepark Area direkt an der Mittelstation der Flying Mozart Gondelbahn in Wagrain. Auf 5.900 m<sup>2\u00a0 <\/sup>warten kindergerechte Trails, Obstacles und Drops auf die kleinen Biker. In\u00a0schwindelerregende H\u00f6hen geht es in der <a href=\"http:\/\/www.wagrain-kleinarl.at\/de\/sommer\/aktivitaeten\/klettern.html\" target=\"_blank\" rel=\"noopener noreferrer\">KLETTER-WELT Wagrain-Kleinarl<\/a>.<\/p>\n\n\t\t\t<div id=\"59529-1\" class=\"gallery gallery-59529 gallery-columns-3 gallery-size-1170_658\" itemscope itemtype=\"http:\/\/schema.org\/ImageGallery\">\n\t\t\t\t<ul class=\"gallery-row gallery-col-3 gallery-clear\">\n\t\t\t\t\t<li class=\"gallery-item col-3\" itemprop=\"associatedMedia\" itemscope itemtype=\"http:\/\/schema.org\/ImageObject\">\n\t\t\t\t\t\t<div class=\"gallery-icon landscape\"><a href=\"https:\/\/www.salzburgerland.com\/de\/wp-content\/uploads\/2016\/08\/bergwelt-in-wagrain-kleinarl-c-wagrain-kleinarl-fotograf-lorenz-masser-153-1920x1067.jpg\" title=\"Bergwelt in Wagrain-Kleinarl (c) Wagrain-Kleinarl - Fotograf Lorenz Masser (153)\"><img decoding=\"async\" data-title=\"\u00a9 Salzburger Sportwelt Lorenz Masser \" title=\"\u00a9 Salzburger Sportwelt Lorenz Masser \" data-caption=\"\u00a9 Salzburger Sportwelt Lorenz Masser \" width=\"1170\" height=\"658\" src=\"https:\/\/www.salzburgerland.com\/de\/wp-content\/uploads\/2016\/08\/bergwelt-in-wagrain-kleinarl-c-wagrain-kleinarl-fotograf-lorenz-masser-153-1170x658.jpg\" class=\"attachment-1170_658 size-1170_658\" alt=\"Eine l\u00e4chelnde Frau und ein Mann genie\u00dfen eine Mahlzeit im Freien an einem Holztisch vor einer Wagrainer Kleinarl-H\u00fctte. (vergr\u00f6\u00dferte Ansicht)\" srcset=\"https:\/\/www.salzburgerland.com\/de\/wp-content\/uploads\/2016\/08\/bergwelt-in-wagrain-kleinarl-c-wagrain-kleinarl-fotograf-lorenz-masser-153-1170x658.jpg 1170w, https:\/\/www.salzburgerland.com\/de\/wp-content\/uploads\/2016\/08\/bergwelt-in-wagrain-kleinarl-c-wagrain-kleinarl-fotograf-lorenz-masser-153-1200x675.jpg 1200w\" sizes=\"(max-width: 1170px) 100vw, 1170px\" aria-describedby=\"figcaption-59529-588729\" itemprop=\"thumbnail\"><\/a><\/div>\n\t\t\t\t\t\t<span id=\"figcaption-59529-588729\" class=\"gallery-caption\" itemprop=\"caption\"><span aria-hidden=\"true\">\u00a9 Salzburger Sportwelt Lorenz Masser <\/span><\/span>\n\t\t\t\t\t<\/li>\n\t\t\t\t\t<li class=\"gallery-item col-3\" itemprop=\"associatedMedia\" itemscope itemtype=\"http:\/\/schema.org\/ImageObject\">\n\t\t\t\t\t\t<div class=\"gallery-icon landscape\"><a href=\"https:\/\/www.salzburgerland.com\/de\/wp-content\/uploads\/2016\/08\/a18_8282-1920x1067.jpg\" title=\"A18_8282\"><img decoding=\"async\" data-title=\"\u00a9 Salzburger Sportwelt Christian Schartner\" title=\"\u00a9 Salzburger Sportwelt Christian Schartner\" data-caption=\"\u00a9 Salzburger Sportwelt Christian Schartner\" width=\"1170\" height=\"658\" src=\"https:\/\/www.salzburgerland.com\/de\/wp-content\/uploads\/2016\/08\/a18_8282-1170x658.jpg\" class=\"attachment-1170_658 size-1170_658\" alt=\"Vier Personen, darunter ein Kind, springen auf einem Trampolin in Wagrain Kleinarl mit den Bergen im Hintergrund. (vergr\u00f6\u00dferte Ansicht)\" srcset=\"https:\/\/www.salzburgerland.com\/de\/wp-content\/uploads\/2016\/08\/a18_8282-1170x658.jpg 1170w, https:\/\/www.salzburgerland.com\/de\/wp-content\/uploads\/2016\/08\/a18_8282-1200x675.jpg 1200w\" sizes=\"(max-width: 1170px) 100vw, 1170px\" aria-describedby=\"figcaption-59529-588723\" itemprop=\"thumbnail\"><\/a><\/div>\n\t\t\t\t\t\t<span id=\"figcaption-59529-588723\" class=\"gallery-caption\" itemprop=\"caption\"><span aria-hidden=\"true\">\u00a9 Salzburger Sportwelt Christian Schartner<\/span><\/span>\n\t\t\t\t\t<\/li>\n\t\t\t\t\t<li class=\"gallery-item col-3\" itemprop=\"associatedMedia\" itemscope itemtype=\"http:\/\/schema.org\/ImageObject\">\n\t\t\t\t\t\t<div class=\"gallery-icon landscape\"><a href=\"https:\/\/www.salzburgerland.com\/de\/wp-content\/uploads\/2016\/08\/a18_9061-1920x1067.jpg\" title=\"A18_9061\"><img decoding=\"async\" data-title=\"\u00a9 Salzburger Sportwelt Christian Schartner\" title=\"\u00a9 Salzburger Sportwelt Christian Schartner\" data-caption=\"\u00a9 Salzburger Sportwelt Christian Schartner\" width=\"1170\" height=\"658\" src=\"https:\/\/www.salzburgerland.com\/de\/wp-content\/uploads\/2016\/08\/a18_9061-1170x658.jpg\" class=\"attachment-1170_658 size-1170_658\" alt=\"L\u00e4chelndes M\u00e4dchen in gebl\u00fcmtem Hemd schwingt auf einer Reifenschaukel in Wagrain Kleinarl, sonnige H\u00fcgel und Gras im Hintergrund. (vergr\u00f6\u00dferte Ansicht)\" srcset=\"https:\/\/www.salzburgerland.com\/de\/wp-content\/uploads\/2016\/08\/a18_9061-1170x658.jpg 1170w, https:\/\/www.salzburgerland.com\/de\/wp-content\/uploads\/2016\/08\/a18_9061-1200x675.jpg 1200w\" sizes=\"(max-width: 1170px) 100vw, 1170px\" aria-describedby=\"figcaption-59529-588724\" itemprop=\"thumbnail\"><\/a><\/div>\n\t\t\t\t\t\t<span id=\"figcaption-59529-588724\" class=\"gallery-caption\" itemprop=\"caption\"><span aria-hidden=\"true\">\u00a9 Salzburger Sportwelt Christian Schartner<\/span><\/span>\n\t\t\t\t\t<\/li>\n\t\t\t\t<\/ul>\n\t\t\t\t<ul class=\"gallery-row gallery-col-3 gallery-clear\">\n\t\t\t\t\t<li class=\"gallery-item col-3\" itemprop=\"associatedMedia\" itemscope itemtype=\"http:\/\/schema.org\/ImageObject\">\n\t\t\t\t\t\t<div class=\"gallery-icon landscape\"><a href=\"https:\/\/www.salzburgerland.com\/de\/wp-content\/uploads\/2016\/08\/bergwelt-in-wagrain-kleinarl-c-wagrain-kleinarl-fotograf-lorenz-masser-16-1920x1067.jpg\" title=\"Bergwelt in Wagrain-Kleinarl (c) Wagrain-Kleinarl - Fotograf Lorenz Masser (16)\"><img decoding=\"async\" data-title=\"\u00a9 Salzburger Sportwelt Lorenz Masser Bergwelt in Wagrain\" title=\"\u00a9 Salzburger Sportwelt Lorenz Masser Bergwelt in Wagrain\" data-caption=\"\u00a9 Salzburger Sportwelt Lorenz Masser Bergwelt in Wagrain\" width=\"1170\" height=\"658\" src=\"https:\/\/www.salzburgerland.com\/de\/wp-content\/uploads\/2016\/08\/bergwelt-in-wagrain-kleinarl-c-wagrain-kleinarl-fotograf-lorenz-masser-16-1170x658.jpg\" class=\"attachment-1170_658 size-1170_658\" alt=\"Zwei Personen wandern auf einem sonnigen Bergweg in Wagrain Kleinarl, umgeben von gr\u00fcnen B\u00e4umen und grasbewachsenen H\u00fcgeln. (vergr\u00f6\u00dferte Ansicht)\" srcset=\"https:\/\/www.salzburgerland.com\/de\/wp-content\/uploads\/2016\/08\/bergwelt-in-wagrain-kleinarl-c-wagrain-kleinarl-fotograf-lorenz-masser-16-1170x658.jpg 1170w, https:\/\/www.salzburgerland.com\/de\/wp-content\/uploads\/2016\/08\/bergwelt-in-wagrain-kleinarl-c-wagrain-kleinarl-fotograf-lorenz-masser-16-1200x675.jpg 1200w\" sizes=\"(max-width: 1170px) 100vw, 1170px\" aria-describedby=\"figcaption-59529-588725\" itemprop=\"thumbnail\"><\/a><\/div>\n\t\t\t\t\t\t<span id=\"figcaption-59529-588725\" class=\"gallery-caption\" itemprop=\"caption\"><span aria-hidden=\"true\">\u00a9 Salzburger Sportwelt Lorenz Masser Bergwelt in Wagrain<\/span><\/span>\n\t\t\t\t\t<\/li>\n\t\t\t\t\t<li class=\"gallery-item col-3\" itemprop=\"associatedMedia\" itemscope itemtype=\"http:\/\/schema.org\/ImageObject\">\n\t\t\t\t\t\t<div class=\"gallery-icon landscape\"><a href=\"https:\/\/www.salzburgerland.com\/de\/wp-content\/uploads\/2016\/08\/bergwelt-in-wagrain-kleinarl-c-wagrain-kleinarl-fotograf-lorenz-masser-102-1920x1067.jpg\" title=\"Bergwelt in Wagrain-Kleinarl (c) Wagrain-Kleinarl - Fotograf Lorenz Masser (102)\"><img decoding=\"async\" data-title=\"\u00a9 Salzburger Sportwelt Lorenz Masser Bergwelt in Wagrain\" title=\"\u00a9 Salzburger Sportwelt Lorenz Masser Bergwelt in Wagrain\" data-caption=\"\u00a9 Salzburger Sportwelt Lorenz Masser Bergwelt in Wagrain\" width=\"1170\" height=\"658\" src=\"https:\/\/www.salzburgerland.com\/de\/wp-content\/uploads\/2016\/08\/bergwelt-in-wagrain-kleinarl-c-wagrain-kleinarl-fotograf-lorenz-masser-102-1170x658.jpg\" class=\"attachment-1170_658 size-1170_658\" alt=\"Zwei Personen fahren mit dem Mountainbike durch einen \u00fcppigen Wald in Wagrain-Kleinarl unter blauem Himmel. (vergr\u00f6\u00dferte Ansicht)\" srcset=\"https:\/\/www.salzburgerland.com\/de\/wp-content\/uploads\/2016\/08\/bergwelt-in-wagrain-kleinarl-c-wagrain-kleinarl-fotograf-lorenz-masser-102-1170x658.jpg 1170w, https:\/\/www.salzburgerland.com\/de\/wp-content\/uploads\/2016\/08\/bergwelt-in-wagrain-kleinarl-c-wagrain-kleinarl-fotograf-lorenz-masser-102-1200x675.jpg 1200w\" sizes=\"(max-width: 1170px) 100vw, 1170px\" aria-describedby=\"figcaption-59529-588728\" itemprop=\"thumbnail\"><\/a><\/div>\n\t\t\t\t\t\t<span id=\"figcaption-59529-588728\" class=\"gallery-caption\" itemprop=\"caption\"><span aria-hidden=\"true\">\u00a9 Salzburger Sportwelt Lorenz Masser Bergwelt in Wagrain<\/span><\/span>\n\t\t\t\t\t<\/li>\n\t\t\t\t\t<li class=\"gallery-item col-3\" itemprop=\"associatedMedia\" itemscope itemtype=\"http:\/\/schema.org\/ImageObject\">\n\t\t\t\t\t\t<div class=\"gallery-icon landscape\"><a href=\"https:\/\/www.salzburgerland.com\/de\/wp-content\/uploads\/2016\/08\/bergwelt-in-wagrain-kleinarl-c-wagrain-kleinarl-fotograf-lorenz-masser-60-kopie-1920x1067.jpg\" title=\"Bergwelt in Wagrain-Kleinarl (c) Wagrain-Kleinarl - Fotograf Lorenz Masser (60) - Kopie\"><img decoding=\"async\" data-title=\"\u00a9Salzburger Sportwelt Lorenz Masser \" title=\"\u00a9Salzburger Sportwelt Lorenz Masser \" data-caption=\"\u00a9Salzburger Sportwelt Lorenz Masser \" width=\"1170\" height=\"658\" src=\"https:\/\/www.salzburgerland.com\/de\/wp-content\/uploads\/2016\/08\/bergwelt-in-wagrain-kleinarl-c-wagrain-kleinarl-fotograf-lorenz-masser-60-kopie-1170x658.jpg\" class=\"attachment-1170_658 size-1170_658\" alt=\"Zwei Personen fahren mit dem Fahrrad auf einem Bergweg in Wagrain Kleinarl, umgeben von H\u00fcgeln, B\u00e4umen und blauem Himmel. (vergr\u00f6\u00dferte Ansicht)\" srcset=\"https:\/\/www.salzburgerland.com\/de\/wp-content\/uploads\/2016\/08\/bergwelt-in-wagrain-kleinarl-c-wagrain-kleinarl-fotograf-lorenz-masser-60-kopie-1170x658.jpg 1170w, https:\/\/www.salzburgerland.com\/de\/wp-content\/uploads\/2016\/08\/bergwelt-in-wagrain-kleinarl-c-wagrain-kleinarl-fotograf-lorenz-masser-60-kopie-1200x675.jpg 1200w\" sizes=\"(max-width: 1170px) 100vw, 1170px\" aria-describedby=\"figcaption-59529-588726\" itemprop=\"thumbnail\"><\/a><\/div>\n\t\t\t\t\t\t<span id=\"figcaption-59529-588726\" class=\"gallery-caption\" itemprop=\"caption\"><span aria-hidden=\"true\">\u00a9Salzburger Sportwelt Lorenz Masser <\/span><\/span>\n\t\t\t\t\t<\/li>\n\t\t\t\t<\/ul>\n\t\t\t<\/div><!-- .gallery -->\n\n<h2>Der Winter in Wagrain-Kleinarl<\/h2>\n<p>Der Skigenuss startet in Wagrain-Kleinarl direkt vor der Haust\u00fcre! Nach dem ausgiebigen&amp;nbsp;Fr\u00fchst\u00fcck beim Gastgeber warten die umliegenden Lifte auf Schneefans. Mit der \u201eRoten 8er\u201c, der \u201eFlying Mozart\u201c der \u201eGrafenbergbahn\u201c, ist man mittendrin in der 3-T\u00e4ler-Skischaukel der Salzburger Sportwelt. In der G-LINK genie\u00dft man die atemberaubende Aussicht, w\u00e4hrend man in nur wenigen Minuten vom Grie\u00dfenkareck zum Grafenberg gondelt.<\/p>\n<p>Der\u00a0Absolutpark am Shuttleberg ist als Freestyle Mekka in Europa bekannt. Von einem besonderen Zauber wird Wagrain-Kleinarl in der Adventzeit umgeben. \u00a0Im Zeichen der Erinnerung an Joseph Mohr finden zahlreiche Veranstaltungen statt. Er hat im Jahre 1816 das wohl ber\u00fchmteste Weihnachtslied der Welt gedichtet: \u201eStille Nacht, Heilige Nacht\u201c.\u00a0Auch abseits der pr\u00e4parierten Pisten hat der Winter in Wagrain-Kleinarl einiges zu bieten: Von Schneeschuhwandern \u00fcber Langlaufen bis hin zu Eislaufen, Eisstockschie\u00dfen und romantische Pferdekutschenfahrten durch das Winterwunderland.<\/p>\n<p><a href=\"http:\/\/www.absolutpark.com\/\">Das\u00a0<\/a><a href=\"https:\/\/www.wagrain-kleinarl.at\/de\/aktivitaeten\/erlebnisbad-wasserwelt\">Erlebnisbad Wasserwelt Wagrain<\/a>\u00a0ist ein Paradies f\u00fcr Kinder und Erwachsene. Nach einem aktiven Tag in der Salzburger Bergwelt l\u00e4dt die\u00a0Poollandschaft mit\u00a0Innen- und Au\u00dfenbereich zum Entspannen und Genie\u00dfen ein. Besonders wohltuend ist die weite Saunalandschaft \u2013 \u00a0auch mit\u00a0Textilsauna f\u00fcr die ganze Familie. Und mit Ihrer kostenlosen Wagrain-Kleinarl G\u00e4stekarte genie\u00dfen Sie t\u00e4glich freien Eintritt \u2013 im Winter 3 Stunden f\u00fcr das Hallenbad, im Sommer eine Tageskarte f\u00fcr das Frei- und Hallenbad (bei Schlechtwetter auf 3 Stunden begrenzt).<\/p>\n\n\t\t\t<div id=\"59529-2\" class=\"gallery gallery-59529 gallery-columns-3 gallery-size-1170_658\" itemscope itemtype=\"http:\/\/schema.org\/ImageGallery\">\n\t\t\t\t<ul class=\"gallery-row gallery-col-3 gallery-clear\">\n\t\t\t\t\t<li class=\"gallery-item col-3\" itemprop=\"associatedMedia\" itemscope itemtype=\"http:\/\/schema.org\/ImageObject\">\n\t\t\t\t\t\t<div class=\"gallery-icon landscape\"><a href=\"https:\/\/www.salzburgerland.com\/de\/wp-content\/uploads\/2016\/08\/wagrain-kleinarl-tourismus-cchristian-schartner-106-1920x1067.jpg\" title=\"Wagrain-Kleinarl Tourismus (c)Christian Schartner (106)\"><img decoding=\"async\" data-title=\"\u00a9 Wagrain Kleinarl Tourismus Christian Schartner\" title=\"\u00a9 Wagrain Kleinarl Tourismus Christian Schartner\" data-caption=\"\u00a9 Wagrain Kleinarl Tourismus Christian Schartner\" width=\"1170\" height=\"658\" src=\"https:\/\/www.salzburgerland.com\/de\/wp-content\/uploads\/2016\/08\/wagrain-kleinarl-tourismus-cchristian-schartner-106-1170x658.jpg\" class=\"attachment-1170_658 size-1170_658\" alt=\"Vier Personen in farbenfroher Winterkleidung gehen im Schnee spazieren, im Hintergrund sind die Berge und H\u00fctten von Wagrain Kleinarl zu sehen. (vergr\u00f6\u00dferte Ansicht)\" srcset=\"https:\/\/www.salzburgerland.com\/de\/wp-content\/uploads\/2016\/08\/wagrain-kleinarl-tourismus-cchristian-schartner-106-1170x658.jpg 1170w, https:\/\/www.salzburgerland.com\/de\/wp-content\/uploads\/2016\/08\/wagrain-kleinarl-tourismus-cchristian-schartner-106-1200x675.jpg 1200w\" sizes=\"(max-width: 1170px) 100vw, 1170px\" aria-describedby=\"figcaption-59529-588733\" itemprop=\"thumbnail\"><\/a><\/div>\n\t\t\t\t\t\t<span id=\"figcaption-59529-588733\" class=\"gallery-caption\" itemprop=\"caption\"><span aria-hidden=\"true\">\u00a9 Wagrain Kleinarl Tourismus Christian Schartner<\/span><\/span>\n\t\t\t\t\t<\/li>\n\t\t\t\t\t<li class=\"gallery-item col-3\" itemprop=\"associatedMedia\" itemscope itemtype=\"http:\/\/schema.org\/ImageObject\">\n\t\t\t\t\t\t<div class=\"gallery-icon landscape\"><a href=\"https:\/\/www.salzburgerland.com\/de\/wp-content\/uploads\/2016\/08\/wagrain-kleinarl-tourismus-cchristian-schartner-67-1920x1067.jpg\" title=\"Wagrain-Kleinarl Tourismus (c)Christian Schartner (67)\"><img decoding=\"async\" data-title=\"\u00a9 Wagrain Kleinarl Tourismus Christian Schartner Skifahren in Wagrain Kleinarl\" title=\"\u00a9 Wagrain Kleinarl Tourismus Christian Schartner Skifahren in Wagrain Kleinarl\" data-caption=\"\u00a9 Wagrain Kleinarl Tourismus Christian Schartner Skifahren in Wagrain Kleinarl\" width=\"1170\" height=\"658\" src=\"https:\/\/www.salzburgerland.com\/de\/wp-content\/uploads\/2016\/08\/wagrain-kleinarl-tourismus-cchristian-schartner-67-1170x658.jpg\" class=\"attachment-1170_658 size-1170_658\" alt=\"Zwei Skifahrer auf dem verschneiten Berg Wagrain Kleinarl, einer zeigt mit einem Skistock, im Hintergrund die Berge. (vergr\u00f6\u00dferte Ansicht)\" srcset=\"https:\/\/www.salzburgerland.com\/de\/wp-content\/uploads\/2016\/08\/wagrain-kleinarl-tourismus-cchristian-schartner-67-1170x658.jpg 1170w, https:\/\/www.salzburgerland.com\/de\/wp-content\/uploads\/2016\/08\/wagrain-kleinarl-tourismus-cchristian-schartner-67-1200x675.jpg 1200w\" sizes=\"(max-width: 1170px) 100vw, 1170px\" aria-describedby=\"figcaption-59529-588732\" itemprop=\"thumbnail\"><\/a><\/div>\n\t\t\t\t\t\t<span id=\"figcaption-59529-588732\" class=\"gallery-caption\" itemprop=\"caption\"><span aria-hidden=\"true\">\u00a9 Wagrain Kleinarl Tourismus Christian Schartner Skifahren in Wagrain Kleinarl<\/span><\/span>\n\t\t\t\t\t<\/li>\n\t\t\t\t\t<li class=\"gallery-item col-3\" itemprop=\"associatedMedia\" itemscope itemtype=\"http:\/\/schema.org\/ImageObject\">\n\t\t\t\t\t\t<div class=\"gallery-icon landscape\"><a href=\"https:\/\/www.salzburgerland.com\/de\/wp-content\/uploads\/2016\/08\/wagrain-kleinarl-tourismus-cchristian-schartner-38-1920x1067.jpg\" title=\"Wagrain-Kleinarl Tourismus (c)Christian Schartner (38)\"><img decoding=\"async\" data-title=\"\u00a9 Wagrain Kleinarl Tourismus Christian Schartner Famiilienskifahren in Wagrain Kleinarl\" title=\"\u00a9 Wagrain Kleinarl Tourismus Christian Schartner Famiilienskifahren in Wagrain Kleinarl\" data-caption=\"\u00a9 Wagrain Kleinarl Tourismus Christian Schartner Famiilienskifahren in Wagrain Kleinarl\" width=\"1170\" height=\"658\" src=\"https:\/\/www.salzburgerland.com\/de\/wp-content\/uploads\/2016\/08\/wagrain-kleinarl-tourismus-cchristian-schartner-38-1170x658.jpg\" class=\"attachment-1170_658 size-1170_658\" alt=\"Drei Personen in Winterkleidung stehen mit Skist\u00f6cken auf verschneitem Boden in den Wagrainer Kleinarler Bergen. (vergr\u00f6\u00dferte Ansicht)\" srcset=\"https:\/\/www.salzburgerland.com\/de\/wp-content\/uploads\/2016\/08\/wagrain-kleinarl-tourismus-cchristian-schartner-38-1170x658.jpg 1170w, https:\/\/www.salzburgerland.com\/de\/wp-content\/uploads\/2016\/08\/wagrain-kleinarl-tourismus-cchristian-schartner-38-1200x675.jpg 1200w\" sizes=\"(max-width: 1170px) 100vw, 1170px\" aria-describedby=\"figcaption-59529-588731\" itemprop=\"thumbnail\"><\/a><\/div>\n\t\t\t\t\t\t<span id=\"figcaption-59529-588731\" class=\"gallery-caption\" itemprop=\"caption\"><span aria-hidden=\"true\">\u00a9 Wagrain Kleinarl Tourismus Christian Schartner Famiilienskifahren in Wagrain Kleinarl<\/span><\/span>\n\t\t\t\t\t<\/li>\n\t\t\t\t<\/ul>\n\t\t\t<\/div><!-- .gallery -->\n\n","protected":false},"excerpt":{"rendered":"<p>Unabh\u00e4ngig von der der\u00a0Wetterprognose\u00a0locken zahlreiche\u00a0Aktivit\u00e4ten\u00a0und\u00a0Veranstaltungen\u00a0im Sommer und im Winter.\u00a0Wagrain-Kleinarl\u00a0sorgt f\u00fcr Abwechslung \u2013 egal, ob ihr einen\u00a0Wander-,\u00a0Bike\u2013 oder\u00a0Skiurlaub\u00a0mit der ganzen Familie oder mit Freunden plant. Nachhaltigkeit\u00a0wird bei uns ganz Gro\u00df geschrieben. So gro\u00df, dass wir Mitte 2022 als erste und einzige Destination \u00d6sterreichs mit der GSTC (global sustainable tourism council) akkreditierten Zertifizierung von Green Destinations ausgezeichnet [&hellip;]<\/p>\n","protected":false},"author":18,"featured_media":588720,"comment_status":"closed","ping_status":"closed","template":"","meta":{"_acf_changed":false,"wl_entities_gutenberg":"","_relevanssi_hide_post":"","_relevanssi_hide_content":"","_relevanssi_pin_for_all":"","_relevanssi_pin_keywords":"","_relevanssi_unpin_keywords":"","_relevanssi_related_keywords":"","_relevanssi_related_include_ids":"","_relevanssi_related_exclude_ids":"","_relevanssi_related_no_append":"","_relevanssi_related_not_related":"","_relevanssi_related_posts":"","_relevanssi_noindex_reason":"","footnotes":""},"categories":[],"tags":[],"wl_entity_type":[7],"ski_resorts":[],"class_list":["post-59529","entity","type-entity","status-publish","has-post-thumbnail","hentry","wl_entity_type-place","sitetype-place"],"acf":[],"yoast_head":"<!-- This site is optimized with the Yoast SEO Premium plugin v26.9 (Yoast SEO v26.9) - https:\/\/yoast.com\/product\/yoast-seo-premium-wordpress\/ -->\n<title>Wagrain-Kleinarl \u00bb SalzburgerLand.com<\/title>\n<meta name=\"description\" content=\"Wagrain-Kleinarl ist bekannt f\u00fcr seine Bergwelt mit zahlreichen Sportm\u00f6glichkeiten. Im Sommer lockt die Bergwelt, im Winter das Skiparadies.\" \/>\n<meta name=\"robots\" content=\"index, follow, max-snippet:-1, max-image-preview:large, max-video-preview:-1\" \/>\n<link rel=\"canonical\" href=\"https:\/\/www.salzburgerland.com\/de\/wp-json\/wp\/v2\/entities\/59529\" \/>\n<meta property=\"og:locale\" content=\"de_DE\" \/>\n<meta property=\"og:type\" content=\"article\" \/>\n<meta property=\"og:title\" content=\"Wagrain-Kleinarl\" \/>\n<meta property=\"og:description\" content=\"Wagrain-Kleinarl ist bekannt f\u00fcr seine Bergwelt mit zahlreichen Sportm\u00f6glichkeiten. Im Sommer lockt die Bergwelt, im Winter das Skiparadies.\" \/>\n<meta property=\"og:url\" content=\"https:\/\/www.salzburgerland.com\/de\/wp-json\/wp\/v2\/entities\/59529\" \/>\n<meta property=\"og:site_name\" content=\"SalzburgerLand.com\" \/>\n<meta property=\"article:publisher\" content=\"https:\/\/www.facebook.com\/salzburgerland\/\" \/>\n<meta property=\"article:modified_time\" content=\"2024-01-16T14:24:47+00:00\" \/>\n<meta property=\"og:image\" content=\"https:\/\/www.salzburgerland.com\/de\/wp-content\/uploads\/2016\/08\/wagrain-kleinarl-tourismus-cchristian-schartner-61-1-1200x675.jpg\" \/>\n\t<meta property=\"og:image:width\" content=\"1200\" \/>\n\t<meta property=\"og:image:height\" content=\"675\" \/>\n\t<meta property=\"og:image:type\" content=\"image\/jpeg\" \/>\n<meta name=\"twitter:card\" content=\"summary_large_image\" \/>\n<meta name=\"twitter:site\" content=\"@Salzburgerland\" \/>\n<meta name=\"twitter:label1\" content=\"Gesch\u00e4tzte Lesezeit\" \/>\n\t<meta name=\"twitter:data1\" content=\"5\u00a0Minuten\" \/>\n<script type=\"application\/ld+json\" class=\"yoast-schema-graph\">{\"@context\":\"https:\/\/schema.org\",\"@graph\":[{\"@type\":\"WebPage\",\"@id\":\"https:\/\/www.salzburgerland.com\/de\/wagrain-kleinarl\/\",\"url\":\"https:\/\/www.salzburgerland.com\/de\/wagrain-kleinarl\/\",\"name\":\"Wagrain-Kleinarl \u00bb SalzburgerLand.com\",\"isPartOf\":{\"@id\":\"https:\/\/www.salzburgerland.com\/de\/#website\"},\"primaryImageOfPage\":{\"@id\":\"https:\/\/www.salzburgerland.com\/de\/wagrain-kleinarl\/#primaryimage\"},\"image\":{\"@id\":\"https:\/\/www.salzburgerland.com\/de\/wagrain-kleinarl\/#primaryimage\"},\"thumbnailUrl\":\"https:\/\/www.salzburgerland.com\/de\/wp-content\/uploads\/2016\/08\/wagrain-kleinarl-tourismus-cchristian-schartner-61-1-scaled.jpg\",\"datePublished\":\"2016-08-23T13:18:43+00:00\",\"dateModified\":\"2024-01-16T14:24:47+00:00\",\"description\":\"Wagrain-Kleinarl ist bekannt f\u00fcr seine Bergwelt mit zahlreichen Sportm\u00f6glichkeiten. Im Sommer lockt die Bergwelt, im Winter das Skiparadies.\",\"breadcrumb\":{\"@id\":\"https:\/\/www.salzburgerland.com\/de\/wagrain-kleinarl\/#breadcrumb\"},\"inLanguage\":\"de\",\"potentialAction\":[{\"@type\":\"ReadAction\",\"target\":[\"https:\/\/www.salzburgerland.com\/de\/wagrain-kleinarl\/\"]}]},{\"@type\":\"ImageObject\",\"inLanguage\":\"de\",\"@id\":\"https:\/\/www.salzburgerland.com\/de\/wagrain-kleinarl\/#primaryimage\",\"url\":\"https:\/\/www.salzburgerland.com\/de\/wp-content\/uploads\/2016\/08\/wagrain-kleinarl-tourismus-cchristian-schartner-61-1-scaled.jpg\",\"contentUrl\":\"https:\/\/www.salzburgerland.com\/de\/wp-content\/uploads\/2016\/08\/wagrain-kleinarl-tourismus-cchristian-schartner-61-1-scaled.jpg\",\"width\":1920,\"height\":1277,\"caption\":\"\u00a9 Wagrain Kleinarl Tourismus Christian Schartner\"},{\"@type\":\"BreadcrumbList\",\"@id\":\"https:\/\/www.salzburgerland.com\/de\/wagrain-kleinarl\/#breadcrumb\",\"itemListElement\":[{\"@type\":\"ListItem\",\"position\":1,\"name\":\"Salzburger Sportwelt\",\"item\":\"https:\/\/www.salzburgerland.com\/de\/salzburger-sportwelt\/\"},{\"@type\":\"ListItem\",\"position\":2,\"name\":\"Wagrain-Kleinarl\"}]},{\"@type\":\"WebSite\",\"@id\":\"https:\/\/www.salzburgerland.com\/de\/#website\",\"url\":\"https:\/\/www.salzburgerland.com\/de\/\",\"name\":\"SalzburgerLand.com\",\"description\":\"Ihr Urlaub in Salzburg, \u00d6sterreich\",\"publisher\":{\"@id\":\"https:\/\/www.salzburgerland.com\/de\/#organization\"},\"potentialAction\":[{\"@type\":\"SearchAction\",\"target\":{\"@type\":\"EntryPoint\",\"urlTemplate\":\"https:\/\/www.salzburgerland.com\/de\/?s={search_term_string}\"},\"query-input\":{\"@type\":\"PropertyValueSpecification\",\"valueRequired\":true,\"valueName\":\"search_term_string\"}}],\"inLanguage\":\"de\"},{\"@type\":\"Organization\",\"@id\":\"https:\/\/www.salzburgerland.com\/de\/#organization\",\"name\":\"SalzburgerLand Tourismus GmbH\",\"url\":\"https:\/\/www.salzburgerland.com\/de\/\",\"logo\":{\"@type\":\"ImageObject\",\"inLanguage\":\"de\",\"@id\":\"https:\/\/www.salzburgerland.com\/de\/#\/schema\/logo\/image\/\",\"url\":\"https:\/\/www.salzburgerland.com\/de\/wp-content\/uploads\/2017\/01\/salzburgerland-logo.jpg\",\"contentUrl\":\"https:\/\/www.salzburgerland.com\/de\/wp-content\/uploads\/2017\/01\/salzburgerland-logo.jpg\",\"width\":1920,\"height\":827,\"caption\":\"SalzburgerLand Tourismus GmbH\"},\"image\":{\"@id\":\"https:\/\/www.salzburgerland.com\/de\/#\/schema\/logo\/image\/\"},\"sameAs\":[\"https:\/\/www.facebook.com\/salzburgerland\/\",\"https:\/\/x.com\/Salzburgerland\",\"https:\/\/www.instagram.com\/salzburgerland\/\",\"http:\/\/dbpedia.org\/resource\/Salzburg_(state)\",\"http:\/\/wikidata.dbpedia.org\/resource\/Q43325\",\"http:\/\/open.salzburgerland.com\/de\/entity\/salzburgerland\",\"https:\/\/www.youtube.com\/user\/salzburgerland\"]}]}<\/script>\n<!-- \/ Yoast SEO Premium plugin. -->","yoast_head_json":{"title":"Wagrain-Kleinarl \u00bb SalzburgerLand.com","description":"Wagrain-Kleinarl ist bekannt f\u00fcr seine Bergwelt mit zahlreichen Sportm\u00f6glichkeiten. Im Sommer lockt die Bergwelt, im Winter das Skiparadies.","robots":{"index":"index","follow":"follow","max-snippet":"max-snippet:-1","max-image-preview":"max-image-preview:large","max-video-preview":"max-video-preview:-1"},"canonical":"https:\/\/www.salzburgerland.com\/de\/wp-json\/wp\/v2\/entities\/59529","og_locale":"de_DE","og_type":"article","og_title":"Wagrain-Kleinarl","og_description":"Wagrain-Kleinarl ist bekannt f\u00fcr seine Bergwelt mit zahlreichen Sportm\u00f6glichkeiten. Im Sommer lockt die Bergwelt, im Winter das Skiparadies.","og_url":"https:\/\/www.salzburgerland.com\/de\/wp-json\/wp\/v2\/entities\/59529","og_site_name":"SalzburgerLand.com","article_publisher":"https:\/\/www.facebook.com\/salzburgerland\/","article_modified_time":"2024-01-16T14:24:47+00:00","og_image":[{"width":1200,"height":675,"url":"https:\/\/www.salzburgerland.com\/de\/wp-content\/uploads\/2016\/08\/wagrain-kleinarl-tourismus-cchristian-schartner-61-1-1200x675.jpg","type":"image\/jpeg"}],"twitter_card":"summary_large_image","twitter_site":"@Salzburgerland","twitter_misc":{"Gesch\u00e4tzte Lesezeit":"5\u00a0Minuten"},"schema":{"@context":"https:\/\/schema.org","@graph":[{"@type":"WebPage","@id":"https:\/\/www.salzburgerland.com\/de\/wagrain-kleinarl\/","url":"https:\/\/www.salzburgerland.com\/de\/wagrain-kleinarl\/","name":"Wagrain-Kleinarl \u00bb SalzburgerLand.com","isPartOf":{"@id":"https:\/\/www.salzburgerland.com\/de\/#website"},"primaryImageOfPage":{"@id":"https:\/\/www.salzburgerland.com\/de\/wagrain-kleinarl\/#primaryimage"},"image":{"@id":"https:\/\/www.salzburgerland.com\/de\/wagrain-kleinarl\/#primaryimage"},"thumbnailUrl":"https:\/\/www.salzburgerland.com\/de\/wp-content\/uploads\/2016\/08\/wagrain-kleinarl-tourismus-cchristian-schartner-61-1-scaled.jpg","datePublished":"2016-08-23T13:18:43+00:00","dateModified":"2024-01-16T14:24:47+00:00","description":"Wagrain-Kleinarl ist bekannt f\u00fcr seine Bergwelt mit zahlreichen Sportm\u00f6glichkeiten. Im Sommer lockt die Bergwelt, im Winter das Skiparadies.","breadcrumb":{"@id":"https:\/\/www.salzburgerland.com\/de\/wagrain-kleinarl\/#breadcrumb"},"inLanguage":"de","potentialAction":[{"@type":"ReadAction","target":["https:\/\/www.salzburgerland.com\/de\/wagrain-kleinarl\/"]}]},{"@type":"ImageObject","inLanguage":"de","@id":"https:\/\/www.salzburgerland.com\/de\/wagrain-kleinarl\/#primaryimage","url":"https:\/\/www.salzburgerland.com\/de\/wp-content\/uploads\/2016\/08\/wagrain-kleinarl-tourismus-cchristian-schartner-61-1-scaled.jpg","contentUrl":"https:\/\/www.salzburgerland.com\/de\/wp-content\/uploads\/2016\/08\/wagrain-kleinarl-tourismus-cchristian-schartner-61-1-scaled.jpg","width":1920,"height":1277,"caption":"\u00a9 Wagrain Kleinarl Tourismus Christian Schartner"},{"@type":"BreadcrumbList","@id":"https:\/\/www.salzburgerland.com\/de\/wagrain-kleinarl\/#breadcrumb","itemListElement":[{"@type":"ListItem","position":1,"name":"Salzburger Sportwelt","item":"https:\/\/www.salzburgerland.com\/de\/salzburger-sportwelt\/"},{"@type":"ListItem","position":2,"name":"Wagrain-Kleinarl"}]},{"@type":"WebSite","@id":"https:\/\/www.salzburgerland.com\/de\/#website","url":"https:\/\/www.salzburgerland.com\/de\/","name":"SalzburgerLand.com","description":"Ihr Urlaub in Salzburg, \u00d6sterreich","publisher":{"@id":"https:\/\/www.salzburgerland.com\/de\/#organization"},"potentialAction":[{"@type":"SearchAction","target":{"@type":"EntryPoint","urlTemplate":"https:\/\/www.salzburgerland.com\/de\/?s={search_term_string}"},"query-input":{"@type":"PropertyValueSpecification","valueRequired":true,"valueName":"search_term_string"}}],"inLanguage":"de"},{"@type":"Organization","@id":"https:\/\/www.salzburgerland.com\/de\/#organization","name":"SalzburgerLand Tourismus GmbH","url":"https:\/\/www.salzburgerland.com\/de\/","logo":{"@type":"ImageObject","inLanguage":"de","@id":"https:\/\/www.salzburgerland.com\/de\/#\/schema\/logo\/image\/","url":"https:\/\/www.salzburgerland.com\/de\/wp-content\/uploads\/2017\/01\/salzburgerland-logo.jpg","contentUrl":"https:\/\/www.salzburgerland.com\/de\/wp-content\/uploads\/2017\/01\/salzburgerland-logo.jpg","width":1920,"height":827,"caption":"SalzburgerLand Tourismus GmbH"},"image":{"@id":"https:\/\/www.salzburgerland.com\/de\/#\/schema\/logo\/image\/"},"sameAs":["https:\/\/www.facebook.com\/salzburgerland\/","https:\/\/x.com\/Salzburgerland","https:\/\/www.instagram.com\/salzburgerland\/","http:\/\/dbpedia.org\/resource\/Salzburg_(state)","http:\/\/wikidata.dbpedia.org\/resource\/Q43325","http:\/\/open.salzburgerland.com\/de\/entity\/salzburgerland","https:\/\/www.youtube.com\/user\/salzburgerland"]}]}},"_wl_alt_label":["Wagrain","Kleinarl"],"wl:entity_url":"http:\/\/open.salzburgerland.com\/de\/entity\/wagrain-kleinarl","_links":{"self":[{"href":"https:\/\/www.salzburgerland.com\/de\/wp-json\/wp\/v2\/entities\/59529","targetHints":{"allow":["GET"]}}],"collection":[{"href":"https:\/\/www.salzburgerland.com\/de\/wp-json\/wp\/v2\/entities"}],"about":[{"href":"https:\/\/www.salzburgerland.com\/de\/wp-json\/wp\/v2\/types\/entity"}],"author":[{"embeddable":true,"href":"https:\/\/www.salzburgerland.com\/de\/wp-json\/wp\/v2\/users\/18"}],"replies":[{"embeddable":true,"href":"https:\/\/www.salzburgerland.com\/de\/wp-json\/wp\/v2\/comments?post=59529"}],"version-history":[{"count":5,"href":"https:\/\/www.salzburgerland.com\/de\/wp-json\/wp\/v2\/entities\/59529\/revisions"}],"predecessor-version":[{"id":668121,"href":"https:\/\/www.salzburgerland.com\/de\/wp-json\/wp\/v2\/entities\/59529\/revisions\/668121"}],"wp:featuredmedia":[{"embeddable":true,"href":"https:\/\/www.salzburgerland.com\/de\/wp-json\/wp\/v2\/media\/588720"}],"wp:attachment":[{"href":"https:\/\/www.salzburgerland.com\/de\/wp-json\/wp\/v2\/media?parent=59529"}],"wp:term":[{"taxonomy":"category","embeddable":true,"href":"https:\/\/www.salzburgerland.com\/de\/wp-json\/wp\/v2\/categories?post=59529"},{"taxonomy":"post_tag","embeddable":true,"href":"https:\/\/www.salzburgerland.com\/de\/wp-json\/wp\/v2\/tags?post=59529"},{"taxonomy":"wl_entity_type","embeddable":true,"href":"https:\/\/www.salzburgerland.com\/de\/wp-json\/wp\/v2\/wl_entity_type?post=59529"},{"taxonomy":"ski_resorts","embeddable":true,"href":"https:\/\/www.salzburgerland.com\/de\/wp-json\/wp\/v2\/ski_resorts?post=59529"}],"curies":[{"name":"wp","href":"https:\/\/api.w.org\/{rel}","templated":true}]}}