{"id":59523,"date":"2016-08-23T15:18:42","date_gmt":"2016-08-23T13:18:42","guid":{"rendered":"https:\/\/www.onebigpark.at\/de\/entity\/abtenau\/"},"modified":"2022-06-23T13:42:29","modified_gmt":"2022-06-23T11:42:29","slug":"abtenau","status":"publish","type":"entity","link":"https:\/\/www.salzburgerland.com\/de\/abtenau\/","title":{"rendered":"Abtenau"},"content":{"rendered":"<p>Nicht nur beim Wandern kann die Natur von Abtenau und Umgebung in vollen Z\u00fcgen genossen werden, sondern auch beim Mountainbiken. Der Outdoorguide begleitet Sie bei Outdoorerlebnisse, zu Land und im Wasser wie Rafting oder Canyoning.<\/p>\n<p>Die knapp 2 Kilometer lange <a href=\"https:\/\/abtenau-info.at\/sommer\/sommerrodelbahn\/\" target=\"_blank\" rel=\"noopener\">Sommerrodelbahn<\/a> am Hausberg Karkogel bietet Spa\u00df f\u00fcr die ganze Familie. Mit den gelben Flitzern saust man \u00fcber Kurven, Schuss-Strecken und durch Tunnels von der Bergstation auf 1.133 m ins Tal. Ab sechs Jahren d\u00fcrfen die Kinder alleine fahren, vorher f\u00fchlen Sie sich mit Mama oder Papa sicherer.<\/p>\n<p>Auch im Winter kann das <a href=\"https:\/\/abtenau-info.at\/winter\/winterrodeln\/\" target=\"_blank\" rel=\"noopener\">Rodelvergn\u00fcgen am Karkogel<\/a> weitergehen \u2013 dann allerdings auf der Naturrodelbahn, die direkt bei der Bergstation startet. Das Wintersport- und Skigebiet <a href=\"https:\/\/karkogel.abtenau-info.at\/\">Karkogel<\/a> und Sonnleiten im SalzburgerLand pr\u00e4sentiert sich als \u00fcbersichtliches und familienfreundliches Skigebiet.<\/p>\n<p>Rund um Abtenau inmitten der Langlaufregion Salzburger Land finden Genuss-Langl\u00e4ufer und ambitionierte Skater ein vielf\u00e4ltiges Angebot. In der gesamten <a href=\"https:\/\/abtenau-info.at\/winter\/langlaufen\/\" target=\"_blank\" rel=\"noopener\">Langlaufregion<\/a> Tennengau erwarten Sie 10 Langlauforte mit 30 Strecken und 170 km pr\u00e4parierten und gespurten Loipen! Alleine in Abtenau stehen rund 70 Langlaufkilometer, sowie eine Flutlichtoipe zur Verf\u00fcgung.<\/p>\n\n\t\t\t<div id=\"59523-1\" class=\"gallery gallery-59523 gallery-columns-3 gallery-size-1170_658\" itemscope itemtype=\"http:\/\/schema.org\/ImageGallery\">\n\t\t\t\t<ul class=\"gallery-row gallery-col-3 gallery-clear\">\n\t\t\t\t\t<li class=\"gallery-item col-3\" itemprop=\"associatedMedia\" itemscope itemtype=\"http:\/\/schema.org\/ImageObject\">\n\t\t\t\t\t\t<div class=\"gallery-icon landscape\"><a href=\"https:\/\/www.salzburgerland.com\/de\/wp-content\/uploads\/2016\/08\/mountainbike-ctvb-abtenau-1920x1067.jpg\" title=\"Mountainbike-(c)TVB-Abtenau\"><img decoding=\"async\" data-title=\"\u00a9TVB Abtenau\" title=\"\u00a9TVB Abtenau\" data-caption=\"\u00a9TVB Abtenau\" width=\"1170\" height=\"658\" src=\"https:\/\/www.salzburgerland.com\/de\/wp-content\/uploads\/2016\/08\/mountainbike-ctvb-abtenau-1170x658.jpg\" class=\"attachment-1170_658 size-1170_658\" alt=\"Ein Radfahrer f\u00e4hrt auf einem unbefestigten Weg durch die Berglandschaft von Abtenau mit schneebedeckten Gipfeln im Hintergrund. (vergr\u00f6\u00dferte Ansicht)\" srcset=\"https:\/\/www.salzburgerland.com\/de\/wp-content\/uploads\/2016\/08\/mountainbike-ctvb-abtenau-1170x658.jpg 1170w, https:\/\/www.salzburgerland.com\/de\/wp-content\/uploads\/2016\/08\/mountainbike-ctvb-abtenau-1200x675.jpg 1200w\" sizes=\"(max-width: 1170px) 100vw, 1170px\" aria-describedby=\"figcaption-59523-529565\" itemprop=\"thumbnail\"><\/a><\/div>\n\t\t\t\t\t\t<span id=\"figcaption-59523-529565\" class=\"gallery-caption\" itemprop=\"caption\"><span aria-hidden=\"true\">\u00a9TVB Abtenau<\/span><\/span>\n\t\t\t\t\t<\/li>\n\t\t\t\t\t<li class=\"gallery-item col-3\" itemprop=\"associatedMedia\" itemscope itemtype=\"http:\/\/schema.org\/ImageObject\">\n\t\t\t\t\t\t<div class=\"gallery-icon landscape\"><a href=\"https:\/\/www.salzburgerland.com\/de\/wp-content\/uploads\/2016\/08\/sommerrodeln-karkogel_abten-1920x1067.jpg\" title=\"Sommerrodeln-Karkogel_Abten\"><img decoding=\"async\" data-title=\"\u00a9TVB Abtenau\" title=\"\u00a9TVB Abtenau\" data-caption=\"\u00a9TVB Abtenau\" width=\"1170\" height=\"658\" src=\"https:\/\/www.salzburgerland.com\/de\/wp-content\/uploads\/2016\/08\/sommerrodeln-karkogel_abten-1170x658.jpg\" class=\"attachment-1170_658 size-1170_658\" alt=\"Eine Person f\u00e4hrt mit einem gelben Alpine Coaster in Abtenau bei blauem Himmel und gr\u00fcnen Feldern eine Bergstrecke hinunter. (vergr\u00f6\u00dferte Ansicht)\" srcset=\"https:\/\/www.salzburgerland.com\/de\/wp-content\/uploads\/2016\/08\/sommerrodeln-karkogel_abten-1170x658.jpg 1170w, https:\/\/www.salzburgerland.com\/de\/wp-content\/uploads\/2016\/08\/sommerrodeln-karkogel_abten-1200x675.jpg 1200w\" sizes=\"(max-width: 1170px) 100vw, 1170px\" aria-describedby=\"figcaption-59523-529571\" itemprop=\"thumbnail\"><\/a><\/div>\n\t\t\t\t\t\t<span id=\"figcaption-59523-529571\" class=\"gallery-caption\" itemprop=\"caption\"><span aria-hidden=\"true\">\u00a9TVB Abtenau<\/span><\/span>\n\t\t\t\t\t<\/li>\n\t\t\t\t\t<li class=\"gallery-item col-3\" itemprop=\"associatedMedia\" itemscope itemtype=\"http:\/\/schema.org\/ImageObject\">\n\t\t\t\t\t\t<div class=\"gallery-icon landscape\"><a href=\"https:\/\/www.salzburgerland.com\/de\/wp-content\/uploads\/2016\/08\/wandern-ctvb-abtenau_thec-1-1920x1067.jpg\" title=\"wandern-(c)TVB-Abtenau_thec\"><img decoding=\"async\" data-title=\"\u00a9TVB Abtenau\" title=\"\u00a9TVB Abtenau\" data-caption=\"\u00a9TVB Abtenau\" width=\"1170\" height=\"658\" src=\"https:\/\/www.salzburgerland.com\/de\/wp-content\/uploads\/2016\/08\/wandern-ctvb-abtenau_thec-1-1170x658.jpg\" class=\"attachment-1170_658 size-1170_658\" alt=\"Ein Wanderer mit Rucksack wandert auf einem grasbewachsenen H\u00fcgel in Abtenau, die Berge erheben sich unter einem klaren Himmel. (vergr\u00f6\u00dferte Ansicht)\" srcset=\"https:\/\/www.salzburgerland.com\/de\/wp-content\/uploads\/2016\/08\/wandern-ctvb-abtenau_thec-1-1170x658.jpg 1170w, https:\/\/www.salzburgerland.com\/de\/wp-content\/uploads\/2016\/08\/wandern-ctvb-abtenau_thec-1-1200x675.jpg 1200w\" sizes=\"(max-width: 1170px) 100vw, 1170px\" aria-describedby=\"figcaption-59523-529574\" itemprop=\"thumbnail\"><\/a><\/div>\n\t\t\t\t\t\t<span id=\"figcaption-59523-529574\" class=\"gallery-caption\" itemprop=\"caption\"><span aria-hidden=\"true\">\u00a9TVB Abtenau<\/span><\/span>\n\t\t\t\t\t<\/li>\n\t\t\t\t<\/ul>\n\t\t\t\t<ul class=\"gallery-row gallery-col-3 gallery-clear\">\n\t\t\t\t\t<li class=\"gallery-item col-3\" itemprop=\"associatedMedia\" itemscope itemtype=\"http:\/\/schema.org\/ImageObject\">\n\t\t\t\t\t\t<div class=\"gallery-icon landscape\"><a href=\"https:\/\/www.salzburgerland.com\/de\/wp-content\/uploads\/2016\/08\/winterrodeln_abtenauer-bergbahnen-karkogel-7-cwww-abtenau-info-at_-1920x1067.jpg\" title=\"Winterrodeln_Abtenauer Bergbahnen Karkogel (7) (c)www.abtenau-info.at\"><img decoding=\"async\" data-title=\"\u00a9TVB Abtenau\" title=\"\u00a9TVB Abtenau\" data-caption=\"\u00a9TVB Abtenau\" width=\"1170\" height=\"658\" src=\"https:\/\/www.salzburgerland.com\/de\/wp-content\/uploads\/2016\/08\/winterrodeln_abtenauer-bergbahnen-karkogel-7-cwww-abtenau-info-at_-1170x658.jpg\" class=\"attachment-1170_658 size-1170_658\" alt=\"Menschen rodeln an einem sonnigen Tag einen verschneiten H\u00fcgel in Abtenau hinunter, Berge und Skilift im Hintergrund. (vergr\u00f6\u00dferte Ansicht)\" srcset=\"https:\/\/www.salzburgerland.com\/de\/wp-content\/uploads\/2016\/08\/winterrodeln_abtenauer-bergbahnen-karkogel-7-cwww-abtenau-info-at_-1170x658.jpg 1170w, https:\/\/www.salzburgerland.com\/de\/wp-content\/uploads\/2016\/08\/winterrodeln_abtenauer-bergbahnen-karkogel-7-cwww-abtenau-info-at_-1200x675.jpg 1200w\" sizes=\"(max-width: 1170px) 100vw, 1170px\" aria-describedby=\"figcaption-59523-529573\" itemprop=\"thumbnail\"><\/a><\/div>\n\t\t\t\t\t\t<span id=\"figcaption-59523-529573\" class=\"gallery-caption\" itemprop=\"caption\"><span aria-hidden=\"true\">\u00a9TVB Abtenau<\/span><\/span>\n\t\t\t\t\t<\/li>\n\t\t\t\t\t<li class=\"gallery-item col-3\" itemprop=\"associatedMedia\" itemscope itemtype=\"http:\/\/schema.org\/ImageObject\">\n\t\t\t\t\t\t<div class=\"gallery-icon landscape\"><a href=\"https:\/\/www.salzburgerland.com\/de\/wp-content\/uploads\/2016\/08\/schneeschuhwandern-cgnsteservicetennengau-17-1920x1067.jpg\" title=\"Schneeschuhwandern (c)G+\u00f1steserviceTennengau (17)\"><img decoding=\"async\" data-title=\"\u00a9TVB Abtenau\" title=\"\u00a9TVB Abtenau\" data-caption=\"\u00a9TVB Abtenau\" width=\"1170\" height=\"658\" src=\"https:\/\/www.salzburgerland.com\/de\/wp-content\/uploads\/2016\/08\/schneeschuhwandern-cgnsteservicetennengau-17-1170x658.jpg\" class=\"attachment-1170_658 size-1170_658\" alt=\"Zwei Personen beim Skilanglauf in Abtenau mit Bergen und Kiefern im Hintergrund. (vergr\u00f6\u00dferte Ansicht)\" srcset=\"https:\/\/www.salzburgerland.com\/de\/wp-content\/uploads\/2016\/08\/schneeschuhwandern-cgnsteservicetennengau-17-1170x658.jpg 1170w, https:\/\/www.salzburgerland.com\/de\/wp-content\/uploads\/2016\/08\/schneeschuhwandern-cgnsteservicetennengau-17-1200x675.jpg 1200w\" sizes=\"(max-width: 1170px) 100vw, 1170px\" aria-describedby=\"figcaption-59523-529570\" itemprop=\"thumbnail\"><\/a><\/div>\n\t\t\t\t\t\t<span id=\"figcaption-59523-529570\" class=\"gallery-caption\" itemprop=\"caption\"><span aria-hidden=\"true\">\u00a9TVB Abtenau<\/span><\/span>\n\t\t\t\t\t<\/li>\n\t\t\t\t\t<li class=\"gallery-item col-3\" itemprop=\"associatedMedia\" itemscope itemtype=\"http:\/\/schema.org\/ImageObject\">\n\t\t\t\t\t\t<div class=\"gallery-icon landscape\"><a href=\"https:\/\/www.salzburgerland.com\/de\/wp-content\/uploads\/2016\/08\/karkogel-abtenau-winter-www-abtenau-info-108.jpg\" title=\"Karkogel Abtenau Winter www.abtenau-info (108)\"><img decoding=\"async\" data-title=\"\u00a9TVB Abtenau\" title=\"\u00a9TVB Abtenau\" data-caption=\"\u00a9TVB Abtenau\" width=\"1170\" height=\"658\" src=\"https:\/\/www.salzburgerland.com\/de\/wp-content\/uploads\/2016\/08\/karkogel-abtenau-winter-www-abtenau-info-108-1170x658.jpg\" class=\"attachment-1170_658 size-1170_658\" alt=\"Skifahrer steigen an der KarKogel-Kombibahnstation in Abtenau in eine Seilbahn ein, im Hintergrund verschneite Berge. (vergr\u00f6\u00dferte Ansicht)\" srcset=\"https:\/\/www.salzburgerland.com\/de\/wp-content\/uploads\/2016\/08\/karkogel-abtenau-winter-www-abtenau-info-108-1170x658.jpg 1170w, https:\/\/www.salzburgerland.com\/de\/wp-content\/uploads\/2016\/08\/karkogel-abtenau-winter-www-abtenau-info-108-1198x675.jpg 1198w\" sizes=\"(max-width: 1170px) 100vw, 1170px\" aria-describedby=\"figcaption-59523-529564\" itemprop=\"thumbnail\"><\/a><\/div>\n\t\t\t\t\t\t<span id=\"figcaption-59523-529564\" class=\"gallery-caption\" itemprop=\"caption\"><span aria-hidden=\"true\">\u00a9TVB Abtenau<\/span><\/span>\n\t\t\t\t\t<\/li>\n\t\t\t\t<\/ul>\n\t\t\t<\/div><!-- .gallery -->\n\n<h2>Wander- und Winterparadies Postalm<\/h2>\n<p>Ein landschaftlich wundersch\u00f6n gelegenes Sommer\u2013 und Winterparadies ist die <a href=\"https:\/\/postalm.abtenau-info.at\/\" target=\"_blank\" rel=\"noopener\">Postalm<\/a>. Sie ist mit 45 km2 das gr\u00f6\u00dfte Almgebiet \u00d6sterreichs. Schon allein die \u00dcberfahrt \u00fcber die Postalm Mautstra\u00dfe von Abtenau nach Strobl am Wolfgangsee ist ein Erlebnis an sich. Wer mehr davon entdecken m\u00f6chte, nutzt die 100 km beschilderten Wanderwege und Bergwanderrouten, kehrt bei einer der zahlreichen Almh\u00fctten ein oder unternimmt eine Mountainbike-Tour. Erfahrene Kletterer erproben ihr K\u00f6nnen am Postalm-Klettersteig.<\/p>\n<p>Im Winter ist die <a href=\"https:\/\/postalm.abtenau-info.at\/\" target=\"_blank\" rel=\"noopener\">Postalm<\/a> ein richtiger Geheimtipp. Alle Abfahrten des kleinen, feinen Skigebietes f\u00fchren wieder zum zentralen Parkplatz zusammen, sodass niemand verloren gehen kann. Wer lieber abseits der Pisten unterwegs ist, gleitet durch die Langlaufloipen, wandert auch pr\u00e4parierten Wegen oder mit den Tourenskiern oder Schneeschuhen auch querfeldein.<\/p>\n\n\t\t\t<div id=\"59523-2\" class=\"gallery gallery-59523 gallery-columns-3 gallery-size-1170_658\" itemscope itemtype=\"http:\/\/schema.org\/ImageGallery\">\n\t\t\t\t<ul class=\"gallery-row gallery-col-3 gallery-clear\">\n\t\t\t\t\t<li class=\"gallery-item col-3\" itemprop=\"associatedMedia\" itemscope itemtype=\"http:\/\/schema.org\/ImageObject\">\n\t\t\t\t\t\t<div class=\"gallery-icon landscape\"><a href=\"https:\/\/www.salzburgerland.com\/de\/wp-content\/uploads\/2016\/08\/postalm-kapelle-ctvb-abtenau-busybee-17.jpg\" title=\"Postalm Kapelle (c)TVB Abtenau, busybee (17)\"><img decoding=\"async\" data-title=\"\u00a9TVB Abtenau\" title=\"\u00a9TVB Abtenau\" data-caption=\"\u00a9TVB Abtenau\" width=\"800\" height=\"530\" src=\"https:\/\/www.salzburgerland.com\/de\/wp-content\/uploads\/2016\/08\/postalm-kapelle-ctvb-abtenau-busybee-17.jpg\" class=\"attachment-1170_658 size-1170_658\" alt=\"Postalmkapelle, Almsommer, Bergsommer, gr\u00fcne Almwiesen, Hoch die Alm (vergr\u00f6\u00dferte Ansicht)\" srcset=\"https:\/\/www.salzburgerland.com\/de\/wp-content\/uploads\/2016\/08\/postalm-kapelle-ctvb-abtenau-busybee-17.jpg 800w, https:\/\/www.salzburgerland.com\/de\/wp-content\/uploads\/2016\/08\/postalm-kapelle-ctvb-abtenau-busybee-17-768x509.jpg 768w\" sizes=\"(max-width: 800px) 100vw, 800px\" aria-describedby=\"figcaption-59523-529567\" itemprop=\"thumbnail\"><\/a><\/div>\n\t\t\t\t\t\t<span id=\"figcaption-59523-529567\" class=\"gallery-caption\" itemprop=\"caption\"><span aria-hidden=\"true\">\u00a9TVB Abtenau<\/span><\/span>\n\t\t\t\t\t<\/li>\n\t\t\t\t\t<li class=\"gallery-item col-3\" itemprop=\"associatedMedia\" itemscope itemtype=\"http:\/\/schema.org\/ImageObject\">\n\t\t\t\t\t\t<div class=\"gallery-icon landscape\"><a href=\"https:\/\/www.salzburgerland.com\/de\/wp-content\/uploads\/2016\/08\/postalm-sommer-ctvb-abtenau-busybee-4.jpg\" title=\"Postalm Sommer (c)TVB Abtenau, busybee (4)\"><img decoding=\"async\" data-title=\"\u00a9TVB Abtenau\" title=\"\u00a9TVB Abtenau\" data-caption=\"\u00a9TVB Abtenau\" width=\"800\" height=\"530\" src=\"https:\/\/www.salzburgerland.com\/de\/wp-content\/uploads\/2016\/08\/postalm-sommer-ctvb-abtenau-busybee-4.jpg\" class=\"attachment-1170_658 size-1170_658\" alt=\"Holzhaus auf einem gr\u00fcnen H\u00fcgel in Abtenau, mit Bergen und einem klaren blauen Himmel im Hintergrund. (vergr\u00f6\u00dferte Ansicht)\" srcset=\"https:\/\/www.salzburgerland.com\/de\/wp-content\/uploads\/2016\/08\/postalm-sommer-ctvb-abtenau-busybee-4.jpg 800w, https:\/\/www.salzburgerland.com\/de\/wp-content\/uploads\/2016\/08\/postalm-sommer-ctvb-abtenau-busybee-4-768x509.jpg 768w\" sizes=\"(max-width: 800px) 100vw, 800px\" aria-describedby=\"figcaption-59523-529568\" itemprop=\"thumbnail\"><\/a><\/div>\n\t\t\t\t\t\t<span id=\"figcaption-59523-529568\" class=\"gallery-caption\" itemprop=\"caption\"><span aria-hidden=\"true\">\u00a9TVB Abtenau<\/span><\/span>\n\t\t\t\t\t<\/li>\n\t\t\t\t\t<li class=\"gallery-item col-3\" itemprop=\"associatedMedia\" itemscope itemtype=\"http:\/\/schema.org\/ImageObject\">\n\t\t\t\t\t\t<div class=\"gallery-icon landscape\"><a href=\"https:\/\/www.salzburgerland.com\/de\/wp-content\/uploads\/2016\/08\/postalm-winter-cpostalm-1920x1067.jpg\" title=\"Postalm-Winter-(c)Postalm\"><img decoding=\"async\" data-title=\"\u00a9TVB Abtenau\" title=\"\u00a9TVB Abtenau\" data-caption=\"\u00a9TVB Abtenau\" width=\"1170\" height=\"658\" src=\"https:\/\/www.salzburgerland.com\/de\/wp-content\/uploads\/2016\/08\/postalm-winter-cpostalm-1170x658.jpg\" class=\"attachment-1170_658 size-1170_658\" alt=\"Ein schneebedecktes Skigebiet in Abtenau mit pr\u00e4parierten Pisten, kleinen Geb\u00e4uden und bewaldeten H\u00fcgeln unter einem klaren Himmel. (vergr\u00f6\u00dferte Ansicht)\" srcset=\"https:\/\/www.salzburgerland.com\/de\/wp-content\/uploads\/2016\/08\/postalm-winter-cpostalm-1170x658.jpg 1170w, https:\/\/www.salzburgerland.com\/de\/wp-content\/uploads\/2016\/08\/postalm-winter-cpostalm-1200x675.jpg 1200w\" sizes=\"(max-width: 1170px) 100vw, 1170px\" aria-describedby=\"figcaption-59523-529569\" itemprop=\"thumbnail\"><\/a><\/div>\n\t\t\t\t\t\t<span id=\"figcaption-59523-529569\" class=\"gallery-caption\" itemprop=\"caption\"><span aria-hidden=\"true\">\u00a9TVB Abtenau<\/span><\/span>\n\t\t\t\t\t<\/li>\n\t\t\t\t<\/ul>\n\t\t\t<\/div><!-- .gallery -->\n\n<h2>Kulinarischer Geheimtipp<\/h2>\n<p>Wer schon einmal in Abtenau ist, sollte unbedingt einen Abstecher zum <strong>Genuss Bauernhof <a href=\"http:\/\/www.sonnleitn-abtenau.at\" target=\"_blank\" rel=\"noopener noreferrer\">Zur Sonnleit\u00b4n <\/a><\/strong>machen. Im Hofladen liegt eine K\u00f6stlichkeit neben der anderen, nat\u00fcrlich alles selbstgemacht. Da gibt es Butter, Speck, W\u00fcrste, Brot, Marmelade, Honig und vor allem den w\u00fcrzigen Bergk\u00e4se, der aus reiner Heu-Rohmilch hergestellt wird.<\/p>\n","protected":false},"excerpt":{"rendered":"<p>Nicht nur beim Wandern kann die Natur von Abtenau und Umgebung in vollen Z\u00fcgen genossen werden, sondern auch beim Mountainbiken. Der Outdoorguide begleitet Sie bei Outdoorerlebnisse, zu Land und im Wasser wie Rafting oder Canyoning. Die knapp 2 Kilometer lange Sommerrodelbahn am Hausberg Karkogel bietet Spa\u00df f\u00fcr die ganze Familie. Mit den gelben Flitzern saust [&hellip;]<\/p>\n","protected":false},"author":15,"featured_media":529562,"comment_status":"closed","ping_status":"closed","template":"","meta":{"_acf_changed":false,"wl_entities_gutenberg":"","_relevanssi_hide_post":"","_relevanssi_hide_content":"","_relevanssi_pin_for_all":"","_relevanssi_pin_keywords":"","_relevanssi_unpin_keywords":"","_relevanssi_related_keywords":"","_relevanssi_related_include_ids":"","_relevanssi_related_exclude_ids":"","_relevanssi_related_no_append":"","_relevanssi_related_not_related":"","_relevanssi_related_posts":"","_relevanssi_noindex_reason":"","footnotes":""},"categories":[],"tags":[13575],"wl_entity_type":[7],"ski_resorts":[],"class_list":["post-59523","entity","type-entity","status-publish","has-post-thumbnail","hentry","tag-abtenau","wl_entity_type-place","sitetype-place"],"acf":[],"yoast_head":"<!-- This site is optimized with the Yoast SEO Premium plugin v26.9 (Yoast SEO v26.9) - https:\/\/yoast.com\/product\/yoast-seo-premium-wordpress\/ -->\n<title>Abtenau \u00bb SalzburgerLand.com<\/title>\n<meta name=\"description\" content=\"Abtenau, im Salzburger Lammertal, ist mit der Karkogel Bergbahn, der Sommerrodelbahn sowie dem Wander- und Winterparadies Postalm ein idealer Urlaubsort.\" \/>\n<meta name=\"robots\" content=\"index, follow, max-snippet:-1, max-image-preview:large, max-video-preview:-1\" \/>\n<link rel=\"canonical\" href=\"https:\/\/www.salzburgerland.com\/de\/wp-json\/wp\/v2\/entities\/59523\" \/>\n<meta property=\"og:locale\" content=\"de_DE\" \/>\n<meta property=\"og:type\" content=\"article\" \/>\n<meta property=\"og:title\" content=\"Abtenau\" \/>\n<meta property=\"og:description\" content=\"Abtenau, im Salzburger Lammertal, ist mit der Karkogel Bergbahn, der Sommerrodelbahn sowie dem Wander- und Winterparadies Postalm ein idealer Urlaubsort.\" \/>\n<meta property=\"og:url\" content=\"https:\/\/www.salzburgerland.com\/de\/wp-json\/wp\/v2\/entities\/59523\" \/>\n<meta property=\"og:site_name\" content=\"SalzburgerLand.com\" \/>\n<meta property=\"article:publisher\" content=\"https:\/\/www.facebook.com\/salzburgerland\/\" \/>\n<meta property=\"article:modified_time\" content=\"2022-06-23T11:42:29+00:00\" \/>\n<meta property=\"og:image\" content=\"https:\/\/www.salzburgerland.com\/de\/wp-content\/uploads\/2016\/08\/abtenau_winter_copyr--www-abtenau-info-20.jpg\" \/>\n\t<meta property=\"og:image:width\" content=\"1000\" \/>\n\t<meta property=\"og:image:height\" content=\"662\" \/>\n\t<meta property=\"og:image:type\" content=\"image\/jpeg\" \/>\n<meta name=\"twitter:card\" content=\"summary_large_image\" \/>\n<meta name=\"twitter:site\" content=\"@Salzburgerland\" \/>\n<meta name=\"twitter:label1\" content=\"Gesch\u00e4tzte Lesezeit\" \/>\n\t<meta name=\"twitter:data1\" content=\"2\u00a0Minuten\" \/>\n<script type=\"application\/ld+json\" class=\"yoast-schema-graph\">{\"@context\":\"https:\/\/schema.org\",\"@graph\":[{\"@type\":\"WebPage\",\"@id\":\"https:\/\/www.salzburgerland.com\/de\/abtenau\/\",\"url\":\"https:\/\/www.salzburgerland.com\/de\/abtenau\/\",\"name\":\"Abtenau \u00bb SalzburgerLand.com\",\"isPartOf\":{\"@id\":\"https:\/\/www.salzburgerland.com\/de\/#website\"},\"primaryImageOfPage\":{\"@id\":\"https:\/\/www.salzburgerland.com\/de\/abtenau\/#primaryimage\"},\"image\":{\"@id\":\"https:\/\/www.salzburgerland.com\/de\/abtenau\/#primaryimage\"},\"thumbnailUrl\":\"https:\/\/www.salzburgerland.com\/de\/wp-content\/uploads\/2016\/08\/abtenau_winter_copyr--www-abtenau-info-20.jpg\",\"datePublished\":\"2016-08-23T13:18:42+00:00\",\"dateModified\":\"2022-06-23T11:42:29+00:00\",\"description\":\"Abtenau, im Salzburger Lammertal, ist mit der Karkogel Bergbahn, der Sommerrodelbahn sowie dem Wander- und Winterparadies Postalm ein idealer Urlaubsort.\",\"breadcrumb\":{\"@id\":\"https:\/\/www.salzburgerland.com\/de\/abtenau\/#breadcrumb\"},\"inLanguage\":\"de\",\"potentialAction\":[{\"@type\":\"ReadAction\",\"target\":[\"https:\/\/www.salzburgerland.com\/de\/abtenau\/\"]}]},{\"@type\":\"ImageObject\",\"inLanguage\":\"de\",\"@id\":\"https:\/\/www.salzburgerland.com\/de\/abtenau\/#primaryimage\",\"url\":\"https:\/\/www.salzburgerland.com\/de\/wp-content\/uploads\/2016\/08\/abtenau_winter_copyr--www-abtenau-info-20.jpg\",\"contentUrl\":\"https:\/\/www.salzburgerland.com\/de\/wp-content\/uploads\/2016\/08\/abtenau_winter_copyr--www-abtenau-info-20.jpg\",\"width\":1000,\"height\":662,\"caption\":\"\u00a9TVB Abtenau\"},{\"@type\":\"BreadcrumbList\",\"@id\":\"https:\/\/www.salzburgerland.com\/de\/abtenau\/#breadcrumb\",\"itemListElement\":[{\"@type\":\"ListItem\",\"position\":1,\"name\":\"Tennengau\",\"item\":\"https:\/\/www.salzburgerland.com\/de\/tennengau-dachstein-west\/\"},{\"@type\":\"ListItem\",\"position\":2,\"name\":\"Abtenau\"}]},{\"@type\":\"WebSite\",\"@id\":\"https:\/\/www.salzburgerland.com\/de\/#website\",\"url\":\"https:\/\/www.salzburgerland.com\/de\/\",\"name\":\"SalzburgerLand.com\",\"description\":\"Ihr Urlaub in Salzburg, \u00d6sterreich\",\"publisher\":{\"@id\":\"https:\/\/www.salzburgerland.com\/de\/#organization\"},\"potentialAction\":[{\"@type\":\"SearchAction\",\"target\":{\"@type\":\"EntryPoint\",\"urlTemplate\":\"https:\/\/www.salzburgerland.com\/de\/?s={search_term_string}\"},\"query-input\":{\"@type\":\"PropertyValueSpecification\",\"valueRequired\":true,\"valueName\":\"search_term_string\"}}],\"inLanguage\":\"de\"},{\"@type\":\"Organization\",\"@id\":\"https:\/\/www.salzburgerland.com\/de\/#organization\",\"name\":\"SalzburgerLand Tourismus GmbH\",\"url\":\"https:\/\/www.salzburgerland.com\/de\/\",\"logo\":{\"@type\":\"ImageObject\",\"inLanguage\":\"de\",\"@id\":\"https:\/\/www.salzburgerland.com\/de\/#\/schema\/logo\/image\/\",\"url\":\"https:\/\/www.salzburgerland.com\/de\/wp-content\/uploads\/2017\/01\/salzburgerland-logo.jpg\",\"contentUrl\":\"https:\/\/www.salzburgerland.com\/de\/wp-content\/uploads\/2017\/01\/salzburgerland-logo.jpg\",\"width\":1920,\"height\":827,\"caption\":\"SalzburgerLand Tourismus GmbH\"},\"image\":{\"@id\":\"https:\/\/www.salzburgerland.com\/de\/#\/schema\/logo\/image\/\"},\"sameAs\":[\"https:\/\/www.facebook.com\/salzburgerland\/\",\"https:\/\/x.com\/Salzburgerland\",\"https:\/\/www.instagram.com\/salzburgerland\/\",\"http:\/\/dbpedia.org\/resource\/Salzburg_(state)\",\"http:\/\/wikidata.dbpedia.org\/resource\/Q43325\",\"http:\/\/open.salzburgerland.com\/de\/entity\/salzburgerland\",\"https:\/\/www.youtube.com\/user\/salzburgerland\"]}]}<\/script>\n<!-- \/ Yoast SEO Premium plugin. -->","yoast_head_json":{"title":"Abtenau \u00bb SalzburgerLand.com","description":"Abtenau, im Salzburger Lammertal, ist mit der Karkogel Bergbahn, der Sommerrodelbahn sowie dem Wander- und Winterparadies Postalm ein idealer Urlaubsort.","robots":{"index":"index","follow":"follow","max-snippet":"max-snippet:-1","max-image-preview":"max-image-preview:large","max-video-preview":"max-video-preview:-1"},"canonical":"https:\/\/www.salzburgerland.com\/de\/wp-json\/wp\/v2\/entities\/59523","og_locale":"de_DE","og_type":"article","og_title":"Abtenau","og_description":"Abtenau, im Salzburger Lammertal, ist mit der Karkogel Bergbahn, der Sommerrodelbahn sowie dem Wander- und Winterparadies Postalm ein idealer Urlaubsort.","og_url":"https:\/\/www.salzburgerland.com\/de\/wp-json\/wp\/v2\/entities\/59523","og_site_name":"SalzburgerLand.com","article_publisher":"https:\/\/www.facebook.com\/salzburgerland\/","article_modified_time":"2022-06-23T11:42:29+00:00","og_image":[{"url":"https:\/\/www.salzburgerland.com\/de\/wp-content\/uploads\/2016\/08\/abtenau_winter_copyr--www-abtenau-info-20.jpg","width":1000,"height":662,"type":"image\/jpeg"}],"twitter_card":"summary_large_image","twitter_site":"@Salzburgerland","twitter_misc":{"Gesch\u00e4tzte Lesezeit":"2\u00a0Minuten"},"schema":{"@context":"https:\/\/schema.org","@graph":[{"@type":"WebPage","@id":"https:\/\/www.salzburgerland.com\/de\/abtenau\/","url":"https:\/\/www.salzburgerland.com\/de\/abtenau\/","name":"Abtenau \u00bb SalzburgerLand.com","isPartOf":{"@id":"https:\/\/www.salzburgerland.com\/de\/#website"},"primaryImageOfPage":{"@id":"https:\/\/www.salzburgerland.com\/de\/abtenau\/#primaryimage"},"image":{"@id":"https:\/\/www.salzburgerland.com\/de\/abtenau\/#primaryimage"},"thumbnailUrl":"https:\/\/www.salzburgerland.com\/de\/wp-content\/uploads\/2016\/08\/abtenau_winter_copyr--www-abtenau-info-20.jpg","datePublished":"2016-08-23T13:18:42+00:00","dateModified":"2022-06-23T11:42:29+00:00","description":"Abtenau, im Salzburger Lammertal, ist mit der Karkogel Bergbahn, der Sommerrodelbahn sowie dem Wander- und Winterparadies Postalm ein idealer Urlaubsort.","breadcrumb":{"@id":"https:\/\/www.salzburgerland.com\/de\/abtenau\/#breadcrumb"},"inLanguage":"de","potentialAction":[{"@type":"ReadAction","target":["https:\/\/www.salzburgerland.com\/de\/abtenau\/"]}]},{"@type":"ImageObject","inLanguage":"de","@id":"https:\/\/www.salzburgerland.com\/de\/abtenau\/#primaryimage","url":"https:\/\/www.salzburgerland.com\/de\/wp-content\/uploads\/2016\/08\/abtenau_winter_copyr--www-abtenau-info-20.jpg","contentUrl":"https:\/\/www.salzburgerland.com\/de\/wp-content\/uploads\/2016\/08\/abtenau_winter_copyr--www-abtenau-info-20.jpg","width":1000,"height":662,"caption":"\u00a9TVB Abtenau"},{"@type":"BreadcrumbList","@id":"https:\/\/www.salzburgerland.com\/de\/abtenau\/#breadcrumb","itemListElement":[{"@type":"ListItem","position":1,"name":"Tennengau","item":"https:\/\/www.salzburgerland.com\/de\/tennengau-dachstein-west\/"},{"@type":"ListItem","position":2,"name":"Abtenau"}]},{"@type":"WebSite","@id":"https:\/\/www.salzburgerland.com\/de\/#website","url":"https:\/\/www.salzburgerland.com\/de\/","name":"SalzburgerLand.com","description":"Ihr Urlaub in Salzburg, \u00d6sterreich","publisher":{"@id":"https:\/\/www.salzburgerland.com\/de\/#organization"},"potentialAction":[{"@type":"SearchAction","target":{"@type":"EntryPoint","urlTemplate":"https:\/\/www.salzburgerland.com\/de\/?s={search_term_string}"},"query-input":{"@type":"PropertyValueSpecification","valueRequired":true,"valueName":"search_term_string"}}],"inLanguage":"de"},{"@type":"Organization","@id":"https:\/\/www.salzburgerland.com\/de\/#organization","name":"SalzburgerLand Tourismus GmbH","url":"https:\/\/www.salzburgerland.com\/de\/","logo":{"@type":"ImageObject","inLanguage":"de","@id":"https:\/\/www.salzburgerland.com\/de\/#\/schema\/logo\/image\/","url":"https:\/\/www.salzburgerland.com\/de\/wp-content\/uploads\/2017\/01\/salzburgerland-logo.jpg","contentUrl":"https:\/\/www.salzburgerland.com\/de\/wp-content\/uploads\/2017\/01\/salzburgerland-logo.jpg","width":1920,"height":827,"caption":"SalzburgerLand Tourismus GmbH"},"image":{"@id":"https:\/\/www.salzburgerland.com\/de\/#\/schema\/logo\/image\/"},"sameAs":["https:\/\/www.facebook.com\/salzburgerland\/","https:\/\/x.com\/Salzburgerland","https:\/\/www.instagram.com\/salzburgerland\/","http:\/\/dbpedia.org\/resource\/Salzburg_(state)","http:\/\/wikidata.dbpedia.org\/resource\/Q43325","http:\/\/open.salzburgerland.com\/de\/entity\/salzburgerland","https:\/\/www.youtube.com\/user\/salzburgerland"]}]}},"_wl_alt_label":[],"wl:entity_url":"http:\/\/open.salzburgerland.com\/de\/entity\/abtenau","_links":{"self":[{"href":"https:\/\/www.salzburgerland.com\/de\/wp-json\/wp\/v2\/entities\/59523","targetHints":{"allow":["GET"]}}],"collection":[{"href":"https:\/\/www.salzburgerland.com\/de\/wp-json\/wp\/v2\/entities"}],"about":[{"href":"https:\/\/www.salzburgerland.com\/de\/wp-json\/wp\/v2\/types\/entity"}],"author":[{"embeddable":true,"href":"https:\/\/www.salzburgerland.com\/de\/wp-json\/wp\/v2\/users\/15"}],"replies":[{"embeddable":true,"href":"https:\/\/www.salzburgerland.com\/de\/wp-json\/wp\/v2\/comments?post=59523"}],"version-history":[{"count":5,"href":"https:\/\/www.salzburgerland.com\/de\/wp-json\/wp\/v2\/entities\/59523\/revisions"}],"predecessor-version":[{"id":654475,"href":"https:\/\/www.salzburgerland.com\/de\/wp-json\/wp\/v2\/entities\/59523\/revisions\/654475"}],"wp:featuredmedia":[{"embeddable":true,"href":"https:\/\/www.salzburgerland.com\/de\/wp-json\/wp\/v2\/media\/529562"}],"wp:attachment":[{"href":"https:\/\/www.salzburgerland.com\/de\/wp-json\/wp\/v2\/media?parent=59523"}],"wp:term":[{"taxonomy":"category","embeddable":true,"href":"https:\/\/www.salzburgerland.com\/de\/wp-json\/wp\/v2\/categories?post=59523"},{"taxonomy":"post_tag","embeddable":true,"href":"https:\/\/www.salzburgerland.com\/de\/wp-json\/wp\/v2\/tags?post=59523"},{"taxonomy":"wl_entity_type","embeddable":true,"href":"https:\/\/www.salzburgerland.com\/de\/wp-json\/wp\/v2\/wl_entity_type?post=59523"},{"taxonomy":"ski_resorts","embeddable":true,"href":"https:\/\/www.salzburgerland.com\/de\/wp-json\/wp\/v2\/ski_resorts?post=59523"}],"curies":[{"name":"wp","href":"https:\/\/api.w.org\/{rel}","templated":true}]}}