{"id":59505,"date":"2016-08-23T15:18:37","date_gmt":"2016-08-23T13:18:37","guid":{"rendered":"https:\/\/www.onebigpark.at\/de\/entity\/radstadt\/"},"modified":"2024-01-16T15:35:07","modified_gmt":"2024-01-16T14:35:07","slug":"radstadt","status":"publish","type":"entity","link":"https:\/\/www.salzburgerland.com\/de\/radstadt\/","title":{"rendered":"Radstadt"},"content":{"rendered":"<p>Der idyllische Ferienort Radstadt im SalzburgerLandes liegt direkt auf der Sonnenterrasse des Ennstales. F\u00fcr Skifahrer und Snowboarder ist Radstadt seit jeher als Eldorado des Wintersports bekannt. Und auch in den Sommermonaten gibt es in Radstadt sportliche Abwechslung f\u00fcr jeden Geschmack!<\/p>\n<h2><strong>Sommer in Radstadt<\/strong><\/h2>\n<p>Im Sommer locken die umliegenden Gipfel der Radst\u00e4dter Tauern zu einer aussichtsreichen Wanderung. Aber auch beim Golfen, Reiten oder Radfahren \u00a0kommen K\u00f6rper und Geist zur Ruhe. Wenn die Sonne sich einmal hinter den Wolken versteckt, l\u00e4dt die Therme Amad\u00e9 mit ihrer Sauna- und Wellnesswelt zum puren Entspannen ein.<\/p>\n<p><strong>TIPP:<\/strong> Eines der vielen Ausflugsziele rund um Radstadt ist die\u00a0Familienwanderung \u201eAlles Alm\u201c mit vielen unterhaltsamen Themenstationen.<\/p>\n\n\t\t\t<div id=\"59505-1\" class=\"gallery gallery-59505 gallery-columns-3 gallery-size-1170_658\" itemscope itemtype=\"http:\/\/schema.org\/ImageGallery\">\n\t\t\t\t<ul class=\"gallery-row gallery-col-3 gallery-clear\">\n\t\t\t\t\t<li class=\"gallery-item col-3\" itemprop=\"associatedMedia\" itemscope itemtype=\"http:\/\/schema.org\/ImageObject\">\n\t\t\t\t\t\t<div class=\"gallery-icon landscape\"><a href=\"https:\/\/www.salzburgerland.com\/de\/wp-content\/uploads\/2016\/08\/rennrad_radstadt-5-1920x1067.jpg\" title=\"Rennrad_radstadt-5\"><img decoding=\"async\" data-title=\"(c) TVB Radstadt Rennradfahren in Radstadt\" title=\"(c) TVB Radstadt Rennradfahren in Radstadt\" data-caption=\"(c) TVB Radstadt Rennradfahren in Radstadt\" width=\"1170\" height=\"658\" src=\"https:\/\/www.salzburgerland.com\/de\/wp-content\/uploads\/2016\/08\/rennrad_radstadt-5-1170x658.jpg\" class=\"attachment-1170_658 size-1170_658\" alt=\"Zwei Radfahrer fahren auf einer kurvenreichen Stra\u00dfe durch gr\u00fcne H\u00fcgel in der N\u00e4he von Radstadt, mit Bergen und B\u00e4umen im Hintergrund. (vergr\u00f6\u00dferte Ansicht)\" srcset=\"https:\/\/www.salzburgerland.com\/de\/wp-content\/uploads\/2016\/08\/rennrad_radstadt-5-1170x658.jpg 1170w, https:\/\/www.salzburgerland.com\/de\/wp-content\/uploads\/2016\/08\/rennrad_radstadt-5-768x431.jpg 768w, https:\/\/www.salzburgerland.com\/de\/wp-content\/uploads\/2016\/08\/rennrad_radstadt-5-150x84.jpg 150w, https:\/\/www.salzburgerland.com\/de\/wp-content\/uploads\/2016\/08\/rennrad_radstadt-5-1200x675.jpg 1200w\" sizes=\"(max-width: 1170px) 100vw, 1170px\" aria-describedby=\"figcaption-59505-588697\" itemprop=\"thumbnail\"><\/a><\/div>\n\t\t\t\t\t\t<span id=\"figcaption-59505-588697\" class=\"gallery-caption\" itemprop=\"caption\"><span aria-hidden=\"true\">(c) TVB Radstadt Rennradfahren in Radstadt<\/span><\/span>\n\t\t\t\t\t<\/li>\n\t\t\t\t\t<li class=\"gallery-item col-3\" itemprop=\"associatedMedia\" itemscope itemtype=\"http:\/\/schema.org\/ImageObject\">\n\t\t\t\t\t\t<div class=\"gallery-icon landscape\"><a href=\"https:\/\/www.salzburgerland.com\/de\/wp-content\/uploads\/2016\/08\/allesalm-1920x1067.jpg\" title=\"AllesAlm\"><img decoding=\"async\" data-title=\"(c) Salzburger Sportwelt - Lorenz Masser AllesAlm in Radstadt\" title=\"(c) Salzburger Sportwelt - Lorenz Masser AllesAlm in Radstadt\" data-caption=\"(c) Salzburger Sportwelt - Lorenz Masser AllesAlm in Radstadt\" width=\"1170\" height=\"658\" src=\"https:\/\/www.salzburgerland.com\/de\/wp-content\/uploads\/2016\/08\/allesalm-1170x658.jpg\" class=\"attachment-1170_658 size-1170_658\" alt=\"Vier Personen spielen auf Trittbrettern im malerischen Park von Radstadt mit Bergen und B\u00e4umen im Hintergrund. (vergr\u00f6\u00dferte Ansicht)\" srcset=\"https:\/\/www.salzburgerland.com\/de\/wp-content\/uploads\/2016\/08\/allesalm-1170x658.jpg 1170w, https:\/\/www.salzburgerland.com\/de\/wp-content\/uploads\/2016\/08\/allesalm-1200x675.jpg 1200w\" sizes=\"(max-width: 1170px) 100vw, 1170px\" aria-describedby=\"figcaption-59505-588689\" itemprop=\"thumbnail\"><\/a><\/div>\n\t\t\t\t\t\t<span id=\"figcaption-59505-588689\" class=\"gallery-caption\" itemprop=\"caption\"><span aria-hidden=\"true\">(c) Salzburger Sportwelt \u2013 Lorenz Masser AllesAlm in Radstadt<\/span><\/span>\n\t\t\t\t\t<\/li>\n\t\t\t\t\t<li class=\"gallery-item col-3\" itemprop=\"associatedMedia\" itemscope itemtype=\"http:\/\/schema.org\/ImageObject\">\n\t\t\t\t\t\t<div class=\"gallery-icon landscape\"><a href=\"https:\/\/www.salzburgerland.com\/de\/wp-content\/uploads\/2016\/08\/golf-am-green--tvb-radstadt_paul-servern-1920x1067.jpg\" title=\"Golf Am Green \u00a9 TVb Radstadt_Paul Servern\"><img decoding=\"async\" data-title=\"(c) TVB Radstadt Paul Servern, Golf am Green\" title=\"(c) TVB Radstadt Paul Servern, Golf am Green\" data-caption=\"(c) TVB Radstadt Paul Servern, Golf am Green\" width=\"1170\" height=\"658\" src=\"https:\/\/www.salzburgerland.com\/de\/wp-content\/uploads\/2016\/08\/golf-am-green--tvb-radstadt_paul-servern-1170x658.jpg\" class=\"attachment-1170_658 size-1170_658\" alt=\"Ein Mann puttet auf einem Golfplatz in Radstadt, w\u00e4hrend eine Frau den Flaggenstock h\u00e4lt, w\u00e4hrend sich hinter ihnen die Berge erheben. (vergr\u00f6\u00dferte Ansicht)\" srcset=\"https:\/\/www.salzburgerland.com\/de\/wp-content\/uploads\/2016\/08\/golf-am-green--tvb-radstadt_paul-servern-1170x658.jpg 1170w, https:\/\/www.salzburgerland.com\/de\/wp-content\/uploads\/2016\/08\/golf-am-green--tvb-radstadt_paul-servern-1200x675.jpg 1200w\" sizes=\"(max-width: 1170px) 100vw, 1170px\" aria-describedby=\"figcaption-59505-588690\" itemprop=\"thumbnail\"><\/a><\/div>\n\t\t\t\t\t\t<span id=\"figcaption-59505-588690\" class=\"gallery-caption\" itemprop=\"caption\"><span aria-hidden=\"true\">(c) TVB Radstadt Paul Servern, Golf am Green<\/span><\/span>\n\t\t\t\t\t<\/li>\n\t\t\t\t<\/ul>\n\t\t\t\t<ul class=\"gallery-row gallery-col-3 gallery-clear\">\n\t\t\t\t\t<li class=\"gallery-item col-3\" itemprop=\"associatedMedia\" itemscope itemtype=\"http:\/\/schema.org\/ImageObject\">\n\t\t\t\t\t\t<div class=\"gallery-icon landscape\"><a href=\"https:\/\/www.salzburgerland.com\/de\/wp-content\/uploads\/2016\/08\/radstadt-csalzburger-sportwelt-lorenz-masser-35-1920x1067.jpg\" title=\"Radstadt (c)Salzburger Sportwelt - Lorenz Masser (35)\"><img decoding=\"async\" data-title=\"(c) Salzburger Sportwelt - Lorenz Masser  Wandern in Radstadt\" title=\"(c) Salzburger Sportwelt - Lorenz Masser  Wandern in Radstadt\" data-caption=\"(c) Salzburger Sportwelt - Lorenz Masser  Wandern in Radstadt\" width=\"1170\" height=\"658\" src=\"https:\/\/www.salzburgerland.com\/de\/wp-content\/uploads\/2016\/08\/radstadt-csalzburger-sportwelt-lorenz-masser-35-1170x658.jpg\" class=\"attachment-1170_658 size-1170_658\" alt=\"Zwei Personen wandern in der N\u00e4he von Radstadt, Berge und blauer Himmel spiegeln sich im ruhigen Wasser. (vergr\u00f6\u00dferte Ansicht)\" srcset=\"https:\/\/www.salzburgerland.com\/de\/wp-content\/uploads\/2016\/08\/radstadt-csalzburger-sportwelt-lorenz-masser-35-1170x658.jpg 1170w, https:\/\/www.salzburgerland.com\/de\/wp-content\/uploads\/2016\/08\/radstadt-csalzburger-sportwelt-lorenz-masser-35-1200x675.jpg 1200w\" sizes=\"(max-width: 1170px) 100vw, 1170px\" aria-describedby=\"figcaption-59505-588691\" itemprop=\"thumbnail\"><\/a><\/div>\n\t\t\t\t\t\t<span id=\"figcaption-59505-588691\" class=\"gallery-caption\" itemprop=\"caption\"><span aria-hidden=\"true\">(c) Salzburger Sportwelt \u2013 Lorenz Masser  Wandern in Radstadt<\/span><\/span>\n\t\t\t\t\t<\/li>\n\t\t\t\t\t<li class=\"gallery-item col-3\" itemprop=\"associatedMedia\" itemscope itemtype=\"http:\/\/schema.org\/ImageObject\">\n\t\t\t\t\t\t<div class=\"gallery-icon landscape\"><a href=\"https:\/\/www.salzburgerland.com\/de\/wp-content\/uploads\/2016\/08\/radstadt-csalzburger-sportwelt-lorenz-masser-106-1920x1067.jpg\" title=\"Radstadt (c)Salzburger Sportwelt - Lorenz Masser (106)\"><img decoding=\"async\" data-title=\"(c) Salzburger Sportwelt - Lorenz Masser  Biken in Radstadt\" title=\"(c) Salzburger Sportwelt - Lorenz Masser  Biken in Radstadt\" data-caption=\"(c) Salzburger Sportwelt - Lorenz Masser  Biken in Radstadt\" width=\"1170\" height=\"658\" src=\"https:\/\/www.salzburgerland.com\/de\/wp-content\/uploads\/2016\/08\/radstadt-csalzburger-sportwelt-lorenz-masser-106-1170x658.jpg\" class=\"attachment-1170_658 size-1170_658\" alt=\"Zwei Radfahrer fahren auf einer Bergstra\u00dfe in der N\u00e4he von Radstadt, hohe B\u00e4ume umrahmen ein fernes Tal und ein \u00f6sterreichisches Dorf. (vergr\u00f6\u00dferte Ansicht)\" srcset=\"https:\/\/www.salzburgerland.com\/de\/wp-content\/uploads\/2016\/08\/radstadt-csalzburger-sportwelt-lorenz-masser-106-1170x658.jpg 1170w, https:\/\/www.salzburgerland.com\/de\/wp-content\/uploads\/2016\/08\/radstadt-csalzburger-sportwelt-lorenz-masser-106-1200x675.jpg 1200w\" sizes=\"(max-width: 1170px) 100vw, 1170px\" aria-describedby=\"figcaption-59505-588693\" itemprop=\"thumbnail\"><\/a><\/div>\n\t\t\t\t\t\t<span id=\"figcaption-59505-588693\" class=\"gallery-caption\" itemprop=\"caption\"><span aria-hidden=\"true\">(c) Salzburger Sportwelt \u2013 Lorenz Masser  Biken in Radstadt<\/span><\/span>\n\t\t\t\t\t<\/li>\n\t\t\t\t\t<li class=\"gallery-item col-3\" itemprop=\"associatedMedia\" itemscope itemtype=\"http:\/\/schema.org\/ImageObject\">\n\t\t\t\t\t\t<div class=\"gallery-icon landscape\"><a href=\"https:\/\/www.salzburgerland.com\/de\/wp-content\/uploads\/2016\/08\/radstadt-csalzburger-sportwelt-lorenz-masser-173-1920x1067.jpg\" title=\"Radstadt (c)Salzburger Sportwelt - Lorenz Masser (173)\"><img decoding=\"async\" data-title=\"(c) Salzburger Sportwelt - Lorenz Masser  Bildsch\u00f6ne Aussichten\" title=\"(c) Salzburger Sportwelt - Lorenz Masser  Bildsch\u00f6ne Aussichten\" data-caption=\"(c) Salzburger Sportwelt - Lorenz Masser  Bildsch\u00f6ne Aussichten\" width=\"1170\" height=\"658\" src=\"https:\/\/www.salzburgerland.com\/de\/wp-content\/uploads\/2016\/08\/radstadt-csalzburger-sportwelt-lorenz-masser-173-1170x658.jpg\" class=\"attachment-1170_658 size-1170_658\" alt=\"Ein l\u00e4chelndes Paar sitzt in der N\u00e4he von Radstadt im Freien, die Berge im R\u00fccken, w\u00e4hrend der Mann in die Ferne zeigt. (vergr\u00f6\u00dferte Ansicht)\" srcset=\"https:\/\/www.salzburgerland.com\/de\/wp-content\/uploads\/2016\/08\/radstadt-csalzburger-sportwelt-lorenz-masser-173-1170x658.jpg 1170w, https:\/\/www.salzburgerland.com\/de\/wp-content\/uploads\/2016\/08\/radstadt-csalzburger-sportwelt-lorenz-masser-173-1200x675.jpg 1200w\" sizes=\"(max-width: 1170px) 100vw, 1170px\" aria-describedby=\"figcaption-59505-588694\" itemprop=\"thumbnail\"><\/a><\/div>\n\t\t\t\t\t\t<span id=\"figcaption-59505-588694\" class=\"gallery-caption\" itemprop=\"caption\"><span aria-hidden=\"true\">(c) Salzburger Sportwelt \u2013 Lorenz Masser  Bildsch\u00f6ne Aussichten<\/span><\/span>\n\t\t\t\t\t<\/li>\n\t\t\t\t<\/ul>\n\t\t\t\t<ul class=\"gallery-row gallery-col-3 gallery-clear\">\n\t\t\t\t\t<li class=\"gallery-item col-3\" itemprop=\"associatedMedia\" itemscope itemtype=\"http:\/\/schema.org\/ImageObject\">\n\t\t\t\t\t\t<div class=\"gallery-icon landscape\"><a href=\"https:\/\/www.salzburgerland.com\/de\/wp-content\/uploads\/2016\/08\/radstadt-csalzburger-sportwelt-lorenz-masser-188-1920x1067.jpg\" title=\"Radstadt (c)Salzburger Sportwelt - Lorenz Masser (188)\"><img decoding=\"async\" data-title=\"(c) Salzburger Sportwelt - Lorenz Masser Waldspaziergang in Radstadt\" title=\"(c) Salzburger Sportwelt - Lorenz Masser Waldspaziergang in Radstadt\" data-caption=\"(c) Salzburger Sportwelt - Lorenz Masser Waldspaziergang in Radstadt\" width=\"1170\" height=\"658\" src=\"https:\/\/www.salzburgerland.com\/de\/wp-content\/uploads\/2016\/08\/radstadt-csalzburger-sportwelt-lorenz-masser-188-1170x658.jpg\" class=\"attachment-1170_658 size-1170_658\" alt=\"Zwei Personen wandern auf einem Waldweg in der N\u00e4he von Radstadt, Rucks\u00e4cke und St\u00f6cke in der Hand, inmitten hoher, sonnenbeschienener B\u00e4ume. (vergr\u00f6\u00dferte Ansicht)\" srcset=\"https:\/\/www.salzburgerland.com\/de\/wp-content\/uploads\/2016\/08\/radstadt-csalzburger-sportwelt-lorenz-masser-188-1170x658.jpg 1170w, https:\/\/www.salzburgerland.com\/de\/wp-content\/uploads\/2016\/08\/radstadt-csalzburger-sportwelt-lorenz-masser-188-1200x675.jpg 1200w\" sizes=\"(max-width: 1170px) 100vw, 1170px\" aria-describedby=\"figcaption-59505-588695\" itemprop=\"thumbnail\"><\/a><\/div>\n\t\t\t\t\t\t<span id=\"figcaption-59505-588695\" class=\"gallery-caption\" itemprop=\"caption\"><span aria-hidden=\"true\">(c) Salzburger Sportwelt \u2013 Lorenz Masser Waldspaziergang in Radstadt<\/span><\/span>\n\t\t\t\t\t<\/li>\n\t\t\t\t\t<li class=\"gallery-item col-3\" itemprop=\"associatedMedia\" itemscope itemtype=\"http:\/\/schema.org\/ImageObject\">\n\t\t\t\t\t\t<div class=\"gallery-icon landscape\"><a href=\"https:\/\/www.salzburgerland.com\/de\/wp-content\/uploads\/2016\/08\/radstadt-csalzburger-sportwelt-lorenz-masser-240-1920x1067.jpg\" title=\"Radstadt (c)Salzburger Sportwelt - Lorenz Masser (240)\"><img decoding=\"async\" data-title=\"(c) Salzburger Sportwelt - Lorenz Masser  Radeln in Radstadt\" title=\"(c) Salzburger Sportwelt - Lorenz Masser  Radeln in Radstadt\" data-caption=\"(c) Salzburger Sportwelt - Lorenz Masser  Radeln in Radstadt\" width=\"1170\" height=\"658\" src=\"https:\/\/www.salzburgerland.com\/de\/wp-content\/uploads\/2016\/08\/radstadt-csalzburger-sportwelt-lorenz-masser-240-1170x658.jpg\" class=\"attachment-1170_658 size-1170_658\" alt=\"Zwei Radfahrer mit Helmen rasten auf einer Bank mit Blick auf das malerische Bergdorf und den Kirchturm von Radstadt. (vergr\u00f6\u00dferte Ansicht)\" srcset=\"https:\/\/www.salzburgerland.com\/de\/wp-content\/uploads\/2016\/08\/radstadt-csalzburger-sportwelt-lorenz-masser-240-1170x658.jpg 1170w, https:\/\/www.salzburgerland.com\/de\/wp-content\/uploads\/2016\/08\/radstadt-csalzburger-sportwelt-lorenz-masser-240-1200x675.jpg 1200w\" sizes=\"(max-width: 1170px) 100vw, 1170px\" aria-describedby=\"figcaption-59505-588696\" itemprop=\"thumbnail\"><\/a><\/div>\n\t\t\t\t\t\t<span id=\"figcaption-59505-588696\" class=\"gallery-caption\" itemprop=\"caption\"><span aria-hidden=\"true\">(c) Salzburger Sportwelt \u2013 Lorenz Masser  Radeln in Radstadt<\/span><\/span>\n\t\t\t\t\t<\/li>\n\t\t\t\t\t<li class=\"gallery-item col-3\" itemprop=\"associatedMedia\" itemscope itemtype=\"http:\/\/schema.org\/ImageObject\">\n\t\t\t\t\t\t<div class=\"gallery-icon landscape\"><a href=\"https:\/\/www.salzburgerland.com\/de\/wp-content\/uploads\/2016\/08\/radstadt-csalzburger-sportwelt-lorenz-masser-65-1920x1067.jpg\" title=\"Radstadt (c)Salzburger Sportwelt - Lorenz Masser (65)\"><img decoding=\"async\" data-title=\"(c) Salzburger Sportwelt - Lorenz Masser Auszeit am Berg\" title=\"(c) Salzburger Sportwelt - Lorenz Masser Auszeit am Berg\" data-caption=\"(c) Salzburger Sportwelt - Lorenz Masser Auszeit am Berg\" width=\"1170\" height=\"658\" src=\"https:\/\/www.salzburgerland.com\/de\/wp-content\/uploads\/2016\/08\/radstadt-csalzburger-sportwelt-lorenz-masser-65-1170x658.jpg\" class=\"attachment-1170_658 size-1170_658\" alt=\"Ein Paar sitzt auf einer Wiese in Radstadt und l\u00e4chelt sich an. Im Hintergrund sind die Berge und der klare blaue Himmel zu sehen. (vergr\u00f6\u00dferte Ansicht)\" srcset=\"https:\/\/www.salzburgerland.com\/de\/wp-content\/uploads\/2016\/08\/radstadt-csalzburger-sportwelt-lorenz-masser-65-1170x658.jpg 1170w, https:\/\/www.salzburgerland.com\/de\/wp-content\/uploads\/2016\/08\/radstadt-csalzburger-sportwelt-lorenz-masser-65-1200x675.jpg 1200w\" sizes=\"(max-width: 1170px) 100vw, 1170px\" aria-describedby=\"figcaption-59505-588692\" itemprop=\"thumbnail\"><\/a><\/div>\n\t\t\t\t\t\t<span id=\"figcaption-59505-588692\" class=\"gallery-caption\" itemprop=\"caption\"><span aria-hidden=\"true\">(c) Salzburger Sportwelt \u2013 Lorenz Masser Auszeit am Berg<\/span><\/span>\n\t\t\t\t\t<\/li>\n\t\t\t\t<\/ul>\n\t\t\t<\/div><!-- .gallery -->\n\n<h2><strong>Das Geheimnis um die drei T\u00fcrme<\/strong><\/h2>\n<p>Radstadt ist aufgrund seines gesch\u00fctzten historischen Ortskerns weitum als \u201edie alte Stadt im Gebirge\u201c bekannt, durch <a href=\"https:\/\/www.radstadt.com\/game\" target=\"_blank\" rel=\"noopener\">\u201eDas Geheimnis um die drei T\u00fcrme\u201c<\/a> wird Radstadt DAS neue Ausflugsziel f\u00fcr Familien im Salzburger Land. \u201eDas Geheimnis um die drei T\u00fcrme\u201c ist ein interaktives Abenteuerspiel, bei dem R\u00e4tsel, im Stile eines Escape-Rooms, \u00fcber das gesamte Gebiet der Innenstadt ausgerollt wurden und mit einer spannenden Geschichte und jeder Menge spektakul\u00e4ren Effekten inszeniert wurden. Die SpielerInnen treiben, durch das L\u00f6sen der R\u00e4tsel, die Geschichte selbst voran und werden dabei die Hauptcharaktere in dem filmreifen Abenteuer. Die Geschichte eignet sich ideal f\u00fcr gr\u00f6\u00dfere Kinder ab 8 Jahren und das Spiel ist f\u00fcr Jugendliche ab 12 Jahren ohne Begleitung der Eltern spielbar. Escape-Room war gestern \u2013 Heute ist die ganze Stadt dein Escape-Room.<\/p>\n\n\t\t\t<div id=\"59505-2\" class=\"gallery gallery-59505 gallery-columns-3 gallery-size-1170_658\" itemscope itemtype=\"http:\/\/schema.org\/ImageGallery\">\n\t\t\t\t<ul class=\"gallery-row gallery-col-3 gallery-clear\">\n\t\t\t\t\t<li class=\"gallery-item col-3\" itemprop=\"associatedMedia\" itemscope itemtype=\"http:\/\/schema.org\/ImageObject\">\n\t\t\t\t\t\t<div class=\"gallery-icon landscape\"><a href=\"https:\/\/www.salzburgerland.com\/de\/wp-content\/uploads\/2023\/12\/3-tuerme--radstadt-abenteuerspiele-1-1601x1067.jpg\" title=\"Stein fuer das Geheimnis um die drei Tuerme in Radstadt\"><img decoding=\"async\" data-title=\"Escape Game in Radstadt (c) Radstadt Abenteuerspiele\" title=\"Escape Game in Radstadt (c) Radstadt Abenteuerspiele\" data-caption=\"Escape Game in Radstadt (c) Radstadt Abenteuerspiele\" width=\"1170\" height=\"658\" src=\"https:\/\/www.salzburgerland.com\/de\/wp-content\/uploads\/2023\/12\/3-tuerme--radstadt-abenteuerspiele-1-1170x658.jpg\" class=\"attachment-1170_658 size-1170_658\" alt=\"Stein fuer das Geheimnis um die drei Tuerme in Radstadt (vergr\u00f6\u00dferte Ansicht)\" srcset=\"https:\/\/www.salzburgerland.com\/de\/wp-content\/uploads\/2023\/12\/3-tuerme--radstadt-abenteuerspiele-1-1170x658.jpg 1170w, https:\/\/www.salzburgerland.com\/de\/wp-content\/uploads\/2023\/12\/3-tuerme--radstadt-abenteuerspiele-1-1200x675.jpg 1200w\" sizes=\"(max-width: 1170px) 100vw, 1170px\" aria-describedby=\"figcaption-59505-667972\" itemprop=\"thumbnail\"><\/a><\/div>\n\t\t\t\t\t\t<span id=\"figcaption-59505-667972\" class=\"gallery-caption\" itemprop=\"caption\"><span aria-hidden=\"true\">Escape Game in Radstadt (c) Radstadt Abenteuerspiele<\/span><\/span>\n\t\t\t\t\t<\/li>\n\t\t\t\t\t<li class=\"gallery-item col-3\" itemprop=\"associatedMedia\" itemscope itemtype=\"http:\/\/schema.org\/ImageObject\">\n\t\t\t\t\t\t<div class=\"gallery-icon landscape\"><a href=\"https:\/\/www.salzburgerland.com\/de\/wp-content\/uploads\/2023\/12\/3-tuerme--radstadt-abenteuerspiele-2-e1702629749392-1630x1067.jpg\" title=\"Logo des Geheimnis um die drei Tuerme\"><img decoding=\"async\" data-title=\"Escape Game in Radstadt (c) Radstadt Abenteuerspiele\" title=\"Escape Game in Radstadt (c) Radstadt Abenteuerspiele\" data-caption=\"Escape Game in Radstadt (c) Radstadt Abenteuerspiele\" width=\"1170\" height=\"658\" src=\"https:\/\/www.salzburgerland.com\/de\/wp-content\/uploads\/2023\/12\/3-tuerme--radstadt-abenteuerspiele-2-e1702629749392-1170x658.jpg\" class=\"attachment-1170_658 size-1170_658\" alt=\"Logo das Geheimnis um die drei Tuerme in Radstadt (vergr\u00f6\u00dferte Ansicht)\" srcset=\"https:\/\/www.salzburgerland.com\/de\/wp-content\/uploads\/2023\/12\/3-tuerme--radstadt-abenteuerspiele-2-e1702629749392-1170x658.jpg 1170w, https:\/\/www.salzburgerland.com\/de\/wp-content\/uploads\/2023\/12\/3-tuerme--radstadt-abenteuerspiele-2-e1702629749392-1200x675.jpg 1200w\" sizes=\"(max-width: 1170px) 100vw, 1170px\" aria-describedby=\"figcaption-59505-667973\" itemprop=\"thumbnail\"><\/a><\/div>\n\t\t\t\t\t\t<span id=\"figcaption-59505-667973\" class=\"gallery-caption\" itemprop=\"caption\"><span aria-hidden=\"true\">Escape Game in Radstadt (c) Radstadt Abenteuerspiele<\/span><\/span>\n\t\t\t\t\t<\/li>\n\t\t\t\t\t<li class=\"gallery-item col-3\" itemprop=\"associatedMedia\" itemscope itemtype=\"http:\/\/schema.org\/ImageObject\">\n\t\t\t\t\t\t<div class=\"gallery-icon landscape\"><a href=\"https:\/\/www.salzburgerland.com\/de\/wp-content\/uploads\/2023\/12\/3-tuerme--radstadt-abenteuerspiele-6-797x1067.jpg\" title=\"Buch zum Raetsel um die drei Tuerme in Radstadt\"><img decoding=\"async\" data-title=\"Historisch gestalteter Raum beim Escape Game in Radstadt (c) Radstadt Abenteuerspiele\" title=\"Historisch gestalteter Raum beim Escape Game in Radstadt (c) Radstadt Abenteuerspiele\" data-caption=\"Historisch gestalteter Raum beim Escape Game in Radstadt (c) Radstadt Abenteuerspiele\" width=\"1170\" height=\"658\" src=\"https:\/\/www.salzburgerland.com\/de\/wp-content\/uploads\/2023\/12\/3-tuerme--radstadt-abenteuerspiele-6-e1702629685730-1170x658.jpg\" class=\"attachment-1170_658 size-1170_658\" alt=\"Raetsel um die drei Tuerme in Radstadt (vergr\u00f6\u00dferte Ansicht)\" srcset=\"https:\/\/www.salzburgerland.com\/de\/wp-content\/uploads\/2023\/12\/3-tuerme--radstadt-abenteuerspiele-6-e1702629685730-1170x658.jpg 1170w, https:\/\/www.salzburgerland.com\/de\/wp-content\/uploads\/2023\/12\/3-tuerme--radstadt-abenteuerspiele-6-e1702629685730-1200x675.jpg 1200w\" sizes=\"(max-width: 1170px) 100vw, 1170px\" aria-describedby=\"figcaption-59505-667974\" itemprop=\"thumbnail\"><\/a><\/div>\n\t\t\t\t\t\t<span id=\"figcaption-59505-667974\" class=\"gallery-caption\" itemprop=\"caption\"><span aria-hidden=\"true\">Historisch gestalteter Raum beim Escape Game in Radstadt (c) Radstadt Abenteuerspiele<\/span><\/span>\n\t\t\t\t\t<\/li>\n\t\t\t\t<\/ul>\n\t\t\t<\/div><!-- .gallery -->\n\n<h2><strong>Winter in Radstadt<\/strong><\/h2>\n<p>Das Wintersportparadies Radstadt begeistert Skifahrer und Snowboarder mit den bestens pr\u00e4parierten Pisten der <a href=\"http:\/\/www.radstadt-altenmarkt.at\/\" target=\"_blank\" rel=\"noopener noreferrer\">Skischaukel Radstadt-Altenmarkt<\/a>. Inmitten von\u00a0<a href=\"https:\/\/www.skiamade.com\/de\/winter\" target=\"_blank\" rel=\"noopener\">Ski amad\u00e9<\/a>, einem der gr\u00f6\u00dften Skigebiete \u00d6sterreichs mit 270 Liften und 760 Pistenkilometern, gilt Radstadt als Eldorado des Wintersports.<\/p>\n<p>Wer sich lieber auf der Langlaufloipe oder beim Schneeschuhwandern entspannt \u2013 die Loipen und Winterwanderwege liegen bereit! Egal ob auf der Piste oder im tief verschneiten Winterwunderland \u2013 Radstadt im Winter ist einfach genial!<\/p>\n\n\t\t\t<div id=\"59505-3\" class=\"gallery gallery-59505 gallery-columns-3 gallery-size-medium\" itemscope itemtype=\"http:\/\/schema.org\/ImageGallery\">\n\t\t\t\t<ul class=\"gallery-row gallery-col-3 gallery-clear\">\n\t\t\t\t\t<li class=\"gallery-item col-3\" itemprop=\"associatedMedia\" itemscope itemtype=\"http:\/\/schema.org\/ImageObject\">\n\t\t\t\t\t\t<div class=\"gallery-icon landscape\"><a href=\"https:\/\/www.salzburgerland.com\/de\/wp-content\/uploads\/2016\/08\/winterfoto-1-1900x1067.jpg\" title=\"Winterfoto_radstadt\"><img decoding=\"async\" data-title=\"Deine Spure im Schnee - Tourismusverband Radstadt \u00a9 Lorenz Masser\" title=\"Deine Spure im Schnee - Tourismusverband Radstadt \u00a9 Lorenz Masser\" data-caption=\"Deine Spure im Schnee - Tourismusverband Radstadt \u00a9 Lorenz Masser\" width=\"1024\" height=\"569\" src=\"https:\/\/www.salzburgerland.com\/de\/wp-content\/uploads\/2016\/08\/winterfoto-1-1024x569.jpg\" class=\"attachment-medium size-medium\" alt=\"Skifahrer genie\u00dfen die Pisten in Radstadt (vergr\u00f6\u00dferte Ansicht)\" srcset=\"https:\/\/www.salzburgerland.com\/de\/wp-content\/uploads\/2016\/08\/winterfoto-1-1024x569.jpg 1024w, https:\/\/www.salzburgerland.com\/de\/wp-content\/uploads\/2016\/08\/winterfoto-1-370x206.jpg 370w, https:\/\/www.salzburgerland.com\/de\/wp-content\/uploads\/2016\/08\/winterfoto-1-270x150.jpg 270w\" sizes=\"(max-width: 1024px) 100vw, 1024px\" aria-describedby=\"figcaption-59505-150022\" itemprop=\"thumbnail\"><\/a><\/div>\n\t\t\t\t\t\t<span id=\"figcaption-59505-150022\" class=\"gallery-caption\" itemprop=\"caption\"><span aria-hidden=\"true\">Deine Spure im Schnee \u2013 Tourismusverband Radstadt \u00a9 Lorenz Masser<\/span><\/span>\n\t\t\t\t\t<\/li>\n\t\t\t\t\t<li class=\"gallery-item col-3\" itemprop=\"associatedMedia\" itemscope itemtype=\"http:\/\/schema.org\/ImageObject\">\n\t\t\t\t\t\t<div class=\"gallery-icon landscape\"><a href=\"https:\/\/www.salzburgerland.com\/de\/wp-content\/uploads\/2016\/08\/winterfoto-2-1-1920x1067.jpg\" title=\"Winterfoto-radstadt-2\"><img decoding=\"async\" data-title=\"Sch\u00f6n, ein Kind zu sein - Salzburger Sportwelt \u00a9 Tom Lamm\" title=\"Sch\u00f6n, ein Kind zu sein - Salzburger Sportwelt \u00a9 Tom Lamm\" data-caption=\"Sch\u00f6n, ein Kind zu sein - Salzburger Sportwelt \u00a9 Tom Lamm\" width=\"1024\" height=\"569\" src=\"https:\/\/www.salzburgerland.com\/de\/wp-content\/uploads\/2016\/08\/winterfoto-2-1-1024x569.jpg\" class=\"attachment-medium size-medium\" alt=\"Kinder spielen im Schnee (vergr\u00f6\u00dferte Ansicht)\" srcset=\"https:\/\/www.salzburgerland.com\/de\/wp-content\/uploads\/2016\/08\/winterfoto-2-1-1024x569.jpg 1024w, https:\/\/www.salzburgerland.com\/de\/wp-content\/uploads\/2016\/08\/winterfoto-2-1-370x206.jpg 370w, https:\/\/www.salzburgerland.com\/de\/wp-content\/uploads\/2016\/08\/winterfoto-2-1-1920x1067.jpg 1920w, https:\/\/www.salzburgerland.com\/de\/wp-content\/uploads\/2016\/08\/winterfoto-2-1-270x150.jpg 270w\" sizes=\"(max-width: 1024px) 100vw, 1024px\" aria-describedby=\"figcaption-59505-150023\" itemprop=\"thumbnail\"><\/a><\/div>\n\t\t\t\t\t\t<span id=\"figcaption-59505-150023\" class=\"gallery-caption\" itemprop=\"caption\"><span aria-hidden=\"true\">Sch\u00f6n, ein Kind zu sein \u2013 Salzburger Sportwelt \u00a9 Tom Lamm<\/span><\/span>\n\t\t\t\t\t<\/li>\n\t\t\t\t\t<li class=\"gallery-item col-3\" itemprop=\"associatedMedia\" itemscope itemtype=\"http:\/\/schema.org\/ImageObject\">\n\t\t\t\t\t\t<div class=\"gallery-icon landscape\"><a href=\"https:\/\/www.salzburgerland.com\/de\/wp-content\/uploads\/2016\/08\/winterfoto-3-1-1920x1067.jpg\" title=\"Winterfoto-radstadt3\"><img decoding=\"async\" data-title=\"Neue Energie tanken - Tourismusverband Radstadt \u00a9 Lorenz Masser\" title=\"Neue Energie tanken - Tourismusverband Radstadt \u00a9 Lorenz Masser\" data-caption=\"Neue Energie tanken - Tourismusverband Radstadt \u00a9 Lorenz Masser\" width=\"1024\" height=\"569\" src=\"https:\/\/www.salzburgerland.com\/de\/wp-content\/uploads\/2016\/08\/winterfoto-3-1-1024x569.jpg\" class=\"attachment-medium size-medium\" alt=\"Ein l\u00e4chelndes Paar geht an einem sonnigen Wintertag Hand in Hand einen verschneiten Weg in Radstadt entlang. (vergr\u00f6\u00dferte Ansicht)\" srcset=\"https:\/\/www.salzburgerland.com\/de\/wp-content\/uploads\/2016\/08\/winterfoto-3-1-1024x569.jpg 1024w, https:\/\/www.salzburgerland.com\/de\/wp-content\/uploads\/2016\/08\/winterfoto-3-1-370x206.jpg 370w, https:\/\/www.salzburgerland.com\/de\/wp-content\/uploads\/2016\/08\/winterfoto-3-1-1920x1067.jpg 1920w, https:\/\/www.salzburgerland.com\/de\/wp-content\/uploads\/2016\/08\/winterfoto-3-1-270x150.jpg 270w\" sizes=\"(max-width: 1024px) 100vw, 1024px\" aria-describedby=\"figcaption-59505-150024\" itemprop=\"thumbnail\"><\/a><\/div>\n\t\t\t\t\t\t<span id=\"figcaption-59505-150024\" class=\"gallery-caption\" itemprop=\"caption\"><span aria-hidden=\"true\">Neue Energie tanken \u2013 Tourismusverband Radstadt \u00a9 Lorenz Masser<\/span><\/span>\n\t\t\t\t\t<\/li>\n\t\t\t\t<\/ul>\n\t\t\t<\/div><!-- .gallery -->\n\n","protected":false},"excerpt":{"rendered":"<p>Der idyllische Ferienort Radstadt im SalzburgerLandes liegt direkt auf der Sonnenterrasse des Ennstales. F\u00fcr Skifahrer und Snowboarder ist Radstadt seit jeher als Eldorado des Wintersports bekannt. Und auch in den Sommermonaten gibt es in Radstadt sportliche Abwechslung f\u00fcr jeden Geschmack! Sommer in Radstadt Im Sommer locken die umliegenden Gipfel der Radst\u00e4dter Tauern zu einer aussichtsreichen [&hellip;]<\/p>\n","protected":false},"author":18,"featured_media":588687,"comment_status":"closed","ping_status":"closed","template":"","meta":{"_acf_changed":false,"wl_entities_gutenberg":"","_relevanssi_hide_post":"","_relevanssi_hide_content":"","_relevanssi_pin_for_all":"","_relevanssi_pin_keywords":"","_relevanssi_unpin_keywords":"","_relevanssi_related_keywords":"","_relevanssi_related_include_ids":"","_relevanssi_related_exclude_ids":"","_relevanssi_related_no_append":"","_relevanssi_related_not_related":"","_relevanssi_related_posts":"","_relevanssi_noindex_reason":"","footnotes":""},"categories":[],"tags":[],"wl_entity_type":[7],"ski_resorts":[],"class_list":["post-59505","entity","type-entity","status-publish","has-post-thumbnail","hentry","wl_entity_type-place","sitetype-place"],"acf":[],"yoast_head":"<!-- This site is optimized with the Yoast SEO Premium plugin v26.9 (Yoast SEO v26.9) - https:\/\/yoast.com\/product\/yoast-seo-premium-wordpress\/ -->\n<title>Radstadt \u00bb SalzburgerLand.com<\/title>\n<meta name=\"description\" content=\"Natur, Sport und Wellness - so sch\u00f6n ist Ihre Auszeit in Radstadt. Inmitten der Salzburger Sportwelt\/ Ski amad\u00e9 beginnt Urlaub f\u00fcr alle.\" \/>\n<meta name=\"robots\" content=\"index, follow, max-snippet:-1, max-image-preview:large, max-video-preview:-1\" \/>\n<link rel=\"canonical\" href=\"https:\/\/www.salzburgerland.com\/de\/wp-json\/wp\/v2\/entities\/59505\" \/>\n<meta property=\"og:locale\" content=\"de_DE\" \/>\n<meta property=\"og:type\" content=\"article\" \/>\n<meta property=\"og:title\" content=\"Radstadt\" \/>\n<meta property=\"og:description\" content=\"Natur, Sport und Wellness - so sch\u00f6n ist Ihre Auszeit in Radstadt. Inmitten der Salzburger Sportwelt\/ Ski amad\u00e9 beginnt Urlaub f\u00fcr alle.\" \/>\n<meta property=\"og:url\" content=\"https:\/\/www.salzburgerland.com\/de\/wp-json\/wp\/v2\/entities\/59505\" \/>\n<meta property=\"og:site_name\" content=\"SalzburgerLand.com\" \/>\n<meta property=\"article:publisher\" content=\"https:\/\/www.facebook.com\/salzburgerland\/\" \/>\n<meta property=\"article:modified_time\" content=\"2024-01-16T14:35:07+00:00\" \/>\n<meta property=\"og:image\" content=\"https:\/\/www.salzburgerland.com\/de\/wp-content\/uploads\/2016\/08\/stadtansicht-radstadt-abend-tvb-radstadt-1200x675.jpg\" \/>\n\t<meta property=\"og:image:width\" content=\"1200\" \/>\n\t<meta property=\"og:image:height\" content=\"675\" \/>\n\t<meta property=\"og:image:type\" content=\"image\/jpeg\" \/>\n<meta name=\"twitter:card\" content=\"summary_large_image\" \/>\n<meta name=\"twitter:site\" content=\"@Salzburgerland\" \/>\n<meta name=\"twitter:label1\" content=\"Gesch\u00e4tzte Lesezeit\" \/>\n\t<meta name=\"twitter:data1\" content=\"4\u00a0Minuten\" \/>\n<script type=\"application\/ld+json\" class=\"yoast-schema-graph\">{\"@context\":\"https:\/\/schema.org\",\"@graph\":[{\"@type\":\"WebPage\",\"@id\":\"https:\/\/www.salzburgerland.com\/de\/radstadt\/\",\"url\":\"https:\/\/www.salzburgerland.com\/de\/radstadt\/\",\"name\":\"Radstadt \u00bb SalzburgerLand.com\",\"isPartOf\":{\"@id\":\"https:\/\/www.salzburgerland.com\/de\/#website\"},\"primaryImageOfPage\":{\"@id\":\"https:\/\/www.salzburgerland.com\/de\/radstadt\/#primaryimage\"},\"image\":{\"@id\":\"https:\/\/www.salzburgerland.com\/de\/radstadt\/#primaryimage\"},\"thumbnailUrl\":\"https:\/\/www.salzburgerland.com\/de\/wp-content\/uploads\/2016\/08\/stadtansicht-radstadt-abend-tvb-radstadt.jpg\",\"datePublished\":\"2016-08-23T13:18:37+00:00\",\"dateModified\":\"2024-01-16T14:35:07+00:00\",\"description\":\"Natur, Sport und Wellness - so sch\u00f6n ist Ihre Auszeit in Radstadt. Inmitten der Salzburger Sportwelt\/ Ski amad\u00e9 beginnt Urlaub f\u00fcr alle.\",\"breadcrumb\":{\"@id\":\"https:\/\/www.salzburgerland.com\/de\/radstadt\/#breadcrumb\"},\"inLanguage\":\"de\",\"potentialAction\":[{\"@type\":\"ReadAction\",\"target\":[\"https:\/\/www.salzburgerland.com\/de\/radstadt\/\"]}]},{\"@type\":\"ImageObject\",\"inLanguage\":\"de\",\"@id\":\"https:\/\/www.salzburgerland.com\/de\/radstadt\/#primaryimage\",\"url\":\"https:\/\/www.salzburgerland.com\/de\/wp-content\/uploads\/2016\/08\/stadtansicht-radstadt-abend-tvb-radstadt.jpg\",\"contentUrl\":\"https:\/\/www.salzburgerland.com\/de\/wp-content\/uploads\/2016\/08\/stadtansicht-radstadt-abend-tvb-radstadt.jpg\",\"width\":1920,\"height\":1278,\"caption\":\"(c) TVB Radstadt\/ Christian-Schartner Stadtansicht Radstadt Winter\"},{\"@type\":\"BreadcrumbList\",\"@id\":\"https:\/\/www.salzburgerland.com\/de\/radstadt\/#breadcrumb\",\"itemListElement\":[{\"@type\":\"ListItem\",\"position\":1,\"name\":\"Salzburger Sportwelt\",\"item\":\"https:\/\/www.salzburgerland.com\/de\/salzburger-sportwelt\/\"},{\"@type\":\"ListItem\",\"position\":2,\"name\":\"Radstadt\"}]},{\"@type\":\"WebSite\",\"@id\":\"https:\/\/www.salzburgerland.com\/de\/#website\",\"url\":\"https:\/\/www.salzburgerland.com\/de\/\",\"name\":\"SalzburgerLand.com\",\"description\":\"Ihr Urlaub in Salzburg, \u00d6sterreich\",\"publisher\":{\"@id\":\"https:\/\/www.salzburgerland.com\/de\/#organization\"},\"potentialAction\":[{\"@type\":\"SearchAction\",\"target\":{\"@type\":\"EntryPoint\",\"urlTemplate\":\"https:\/\/www.salzburgerland.com\/de\/?s={search_term_string}\"},\"query-input\":{\"@type\":\"PropertyValueSpecification\",\"valueRequired\":true,\"valueName\":\"search_term_string\"}}],\"inLanguage\":\"de\"},{\"@type\":\"Organization\",\"@id\":\"https:\/\/www.salzburgerland.com\/de\/#organization\",\"name\":\"SalzburgerLand Tourismus GmbH\",\"url\":\"https:\/\/www.salzburgerland.com\/de\/\",\"logo\":{\"@type\":\"ImageObject\",\"inLanguage\":\"de\",\"@id\":\"https:\/\/www.salzburgerland.com\/de\/#\/schema\/logo\/image\/\",\"url\":\"https:\/\/www.salzburgerland.com\/de\/wp-content\/uploads\/2017\/01\/salzburgerland-logo.jpg\",\"contentUrl\":\"https:\/\/www.salzburgerland.com\/de\/wp-content\/uploads\/2017\/01\/salzburgerland-logo.jpg\",\"width\":1920,\"height\":827,\"caption\":\"SalzburgerLand Tourismus GmbH\"},\"image\":{\"@id\":\"https:\/\/www.salzburgerland.com\/de\/#\/schema\/logo\/image\/\"},\"sameAs\":[\"https:\/\/www.facebook.com\/salzburgerland\/\",\"https:\/\/x.com\/Salzburgerland\",\"https:\/\/www.instagram.com\/salzburgerland\/\",\"http:\/\/dbpedia.org\/resource\/Salzburg_(state)\",\"http:\/\/wikidata.dbpedia.org\/resource\/Q43325\",\"http:\/\/open.salzburgerland.com\/de\/entity\/salzburgerland\",\"https:\/\/www.youtube.com\/user\/salzburgerland\"]}]}<\/script>\n<!-- \/ Yoast SEO Premium plugin. -->","yoast_head_json":{"title":"Radstadt \u00bb SalzburgerLand.com","description":"Natur, Sport und Wellness - so sch\u00f6n ist Ihre Auszeit in Radstadt. Inmitten der Salzburger Sportwelt\/ Ski amad\u00e9 beginnt Urlaub f\u00fcr alle.","robots":{"index":"index","follow":"follow","max-snippet":"max-snippet:-1","max-image-preview":"max-image-preview:large","max-video-preview":"max-video-preview:-1"},"canonical":"https:\/\/www.salzburgerland.com\/de\/wp-json\/wp\/v2\/entities\/59505","og_locale":"de_DE","og_type":"article","og_title":"Radstadt","og_description":"Natur, Sport und Wellness - so sch\u00f6n ist Ihre Auszeit in Radstadt. Inmitten der Salzburger Sportwelt\/ Ski amad\u00e9 beginnt Urlaub f\u00fcr alle.","og_url":"https:\/\/www.salzburgerland.com\/de\/wp-json\/wp\/v2\/entities\/59505","og_site_name":"SalzburgerLand.com","article_publisher":"https:\/\/www.facebook.com\/salzburgerland\/","article_modified_time":"2024-01-16T14:35:07+00:00","og_image":[{"width":1200,"height":675,"url":"https:\/\/www.salzburgerland.com\/de\/wp-content\/uploads\/2016\/08\/stadtansicht-radstadt-abend-tvb-radstadt-1200x675.jpg","type":"image\/jpeg"}],"twitter_card":"summary_large_image","twitter_site":"@Salzburgerland","twitter_misc":{"Gesch\u00e4tzte Lesezeit":"4\u00a0Minuten"},"schema":{"@context":"https:\/\/schema.org","@graph":[{"@type":"WebPage","@id":"https:\/\/www.salzburgerland.com\/de\/radstadt\/","url":"https:\/\/www.salzburgerland.com\/de\/radstadt\/","name":"Radstadt \u00bb SalzburgerLand.com","isPartOf":{"@id":"https:\/\/www.salzburgerland.com\/de\/#website"},"primaryImageOfPage":{"@id":"https:\/\/www.salzburgerland.com\/de\/radstadt\/#primaryimage"},"image":{"@id":"https:\/\/www.salzburgerland.com\/de\/radstadt\/#primaryimage"},"thumbnailUrl":"https:\/\/www.salzburgerland.com\/de\/wp-content\/uploads\/2016\/08\/stadtansicht-radstadt-abend-tvb-radstadt.jpg","datePublished":"2016-08-23T13:18:37+00:00","dateModified":"2024-01-16T14:35:07+00:00","description":"Natur, Sport und Wellness - so sch\u00f6n ist Ihre Auszeit in Radstadt. Inmitten der Salzburger Sportwelt\/ Ski amad\u00e9 beginnt Urlaub f\u00fcr alle.","breadcrumb":{"@id":"https:\/\/www.salzburgerland.com\/de\/radstadt\/#breadcrumb"},"inLanguage":"de","potentialAction":[{"@type":"ReadAction","target":["https:\/\/www.salzburgerland.com\/de\/radstadt\/"]}]},{"@type":"ImageObject","inLanguage":"de","@id":"https:\/\/www.salzburgerland.com\/de\/radstadt\/#primaryimage","url":"https:\/\/www.salzburgerland.com\/de\/wp-content\/uploads\/2016\/08\/stadtansicht-radstadt-abend-tvb-radstadt.jpg","contentUrl":"https:\/\/www.salzburgerland.com\/de\/wp-content\/uploads\/2016\/08\/stadtansicht-radstadt-abend-tvb-radstadt.jpg","width":1920,"height":1278,"caption":"(c) TVB Radstadt\/ Christian-Schartner Stadtansicht Radstadt Winter"},{"@type":"BreadcrumbList","@id":"https:\/\/www.salzburgerland.com\/de\/radstadt\/#breadcrumb","itemListElement":[{"@type":"ListItem","position":1,"name":"Salzburger Sportwelt","item":"https:\/\/www.salzburgerland.com\/de\/salzburger-sportwelt\/"},{"@type":"ListItem","position":2,"name":"Radstadt"}]},{"@type":"WebSite","@id":"https:\/\/www.salzburgerland.com\/de\/#website","url":"https:\/\/www.salzburgerland.com\/de\/","name":"SalzburgerLand.com","description":"Ihr Urlaub in Salzburg, \u00d6sterreich","publisher":{"@id":"https:\/\/www.salzburgerland.com\/de\/#organization"},"potentialAction":[{"@type":"SearchAction","target":{"@type":"EntryPoint","urlTemplate":"https:\/\/www.salzburgerland.com\/de\/?s={search_term_string}"},"query-input":{"@type":"PropertyValueSpecification","valueRequired":true,"valueName":"search_term_string"}}],"inLanguage":"de"},{"@type":"Organization","@id":"https:\/\/www.salzburgerland.com\/de\/#organization","name":"SalzburgerLand Tourismus GmbH","url":"https:\/\/www.salzburgerland.com\/de\/","logo":{"@type":"ImageObject","inLanguage":"de","@id":"https:\/\/www.salzburgerland.com\/de\/#\/schema\/logo\/image\/","url":"https:\/\/www.salzburgerland.com\/de\/wp-content\/uploads\/2017\/01\/salzburgerland-logo.jpg","contentUrl":"https:\/\/www.salzburgerland.com\/de\/wp-content\/uploads\/2017\/01\/salzburgerland-logo.jpg","width":1920,"height":827,"caption":"SalzburgerLand Tourismus GmbH"},"image":{"@id":"https:\/\/www.salzburgerland.com\/de\/#\/schema\/logo\/image\/"},"sameAs":["https:\/\/www.facebook.com\/salzburgerland\/","https:\/\/x.com\/Salzburgerland","https:\/\/www.instagram.com\/salzburgerland\/","http:\/\/dbpedia.org\/resource\/Salzburg_(state)","http:\/\/wikidata.dbpedia.org\/resource\/Q43325","http:\/\/open.salzburgerland.com\/de\/entity\/salzburgerland","https:\/\/www.youtube.com\/user\/salzburgerland"]}]}},"_wl_alt_label":[],"wl:entity_url":"http:\/\/open.salzburgerland.com\/de\/entity\/radstadt","_links":{"self":[{"href":"https:\/\/www.salzburgerland.com\/de\/wp-json\/wp\/v2\/entities\/59505","targetHints":{"allow":["GET"]}}],"collection":[{"href":"https:\/\/www.salzburgerland.com\/de\/wp-json\/wp\/v2\/entities"}],"about":[{"href":"https:\/\/www.salzburgerland.com\/de\/wp-json\/wp\/v2\/types\/entity"}],"author":[{"embeddable":true,"href":"https:\/\/www.salzburgerland.com\/de\/wp-json\/wp\/v2\/users\/18"}],"replies":[{"embeddable":true,"href":"https:\/\/www.salzburgerland.com\/de\/wp-json\/wp\/v2\/comments?post=59505"}],"version-history":[{"count":5,"href":"https:\/\/www.salzburgerland.com\/de\/wp-json\/wp\/v2\/entities\/59505\/revisions"}],"predecessor-version":[{"id":668123,"href":"https:\/\/www.salzburgerland.com\/de\/wp-json\/wp\/v2\/entities\/59505\/revisions\/668123"}],"wp:featuredmedia":[{"embeddable":true,"href":"https:\/\/www.salzburgerland.com\/de\/wp-json\/wp\/v2\/media\/588687"}],"wp:attachment":[{"href":"https:\/\/www.salzburgerland.com\/de\/wp-json\/wp\/v2\/media?parent=59505"}],"wp:term":[{"taxonomy":"category","embeddable":true,"href":"https:\/\/www.salzburgerland.com\/de\/wp-json\/wp\/v2\/categories?post=59505"},{"taxonomy":"post_tag","embeddable":true,"href":"https:\/\/www.salzburgerland.com\/de\/wp-json\/wp\/v2\/tags?post=59505"},{"taxonomy":"wl_entity_type","embeddable":true,"href":"https:\/\/www.salzburgerland.com\/de\/wp-json\/wp\/v2\/wl_entity_type?post=59505"},{"taxonomy":"ski_resorts","embeddable":true,"href":"https:\/\/www.salzburgerland.com\/de\/wp-json\/wp\/v2\/ski_resorts?post=59505"}],"curies":[{"name":"wp","href":"https:\/\/api.w.org\/{rel}","templated":true}]}}