{"id":59497,"date":"2016-08-23T15:12:45","date_gmt":"2016-08-23T13:12:45","guid":{"rendered":"https:\/\/www.onebigpark.at\/de\/entity\/seekirchen-am-wallersee\/"},"modified":"2025-02-07T12:12:01","modified_gmt":"2025-02-07T11:12:01","slug":"seekirchen-am-wallersee","status":"publish","type":"entity","link":"https:\/\/www.salzburgerland.com\/de\/seekirchen-am-wallersee\/","title":{"rendered":"Seekirchen am Wallersee"},"content":{"rendered":"<p>Die junge\u00a0Stadt direkt am Wallersee besticht durch ihren besonderen Flair und l\u00e4dt mit ihre traditionellen Gasth\u00f6fen und Kaffeeh\u00e4usern zum Genie\u00dfen ein. Die Vielseitigkeit der Stadt verzaubert G\u00e4ste wie Einheimische gleicherma\u00dfen und macht Seekirchen am Wallersee so beliebt.<\/p>\n<h2>Sommer in Seekirchen am Wallersee<\/h2>\n<p>Aktivurlauber kommen in Seekirchen voll und ganz auf ihre Kosten. Der Wallersee er\u00f6ffnet sportbegeisterten Menschen eine Vielfalt an Freizeitm\u00f6glichkeitenwie:<\/p>\n<ul>\n<li><a href=\"https:\/\/www.salzburger-seenland.at\/post-detailansicht\/strandbad-seekirchen-barrierefrei.html\" target=\"_blank\" rel=\"noopener\">Baden in Strandbad Seekirchen<\/a><\/li>\n<li><a href=\"https:\/\/www.bootsverleih.at\/\" target=\"_blank\" rel=\"noopener\">Bootfahren<\/a><\/li>\n<li>Kitesurfen<\/li>\n<li><a href=\"https:\/\/www.salzburger-seenland.at\/erlebnis-freizeit\/wasserspass\" target=\"_blank\" rel=\"noopener\">Stand Up Paddeln<\/a><\/li>\n<li><a href=\"https:\/\/www.salzburger-seenland.at\/erlebnis-freizeit\/radfahren\/radtouren-im-seenland.html\" target=\"_blank\" rel=\"noopener\">Radfahren \/E-Biken<\/a> rund um denSee<\/li>\n<li>Laufen<\/li>\n<li>Nordic Walking<\/li>\n<li><a href=\"http:\/\/www.moesl.com\/\" target=\"_blank\" rel=\"noopener\">Reiten<\/a><\/li>\n<li><a href=\"https:\/\/www.salzburger-seenland.at\/post-detailansicht\/fischen-am-wallersee.html\" target=\"_blank\" rel=\"noopener\">Fischen und Angeln<\/a><\/li>\n<\/ul>\n<p>Kulturell interessierten G\u00e4sten bietet der <a href=\"https:\/\/www.salzburgerland.com\/de\/magazin\/kunstbox-emailwerk-in-seekirchen\/\" target=\"_blank\" rel=\"noopener\">Kulturhaus Emailwerk<\/a>\u00a0ein breit gef\u00e4chertes <a href=\"https:\/\/www.emailwerk.at\/\" target=\"_blank\" rel=\"noopener\">Programm,<\/a> welches sich aus Konzerten, Theater, Lesungen und unterschiedlichsten Workshops zusammensetzt.<\/p>\n<p>Der <a href=\"https:\/\/www.salzburger-seenland.at\/wanderrouten\/naturerlebnisweg-seekirchen\" target=\"_blank\" rel=\"noopener\">Naturerlebnisweg<\/a> f\u00fchrt Besucher zu den sch\u00f6nsten Pl\u00e4tzen. Der <a href=\"https:\/\/www.salzburger-seenland.at\/post-detailansicht\/kapellenweg-seekirchen.html\" target=\"_blank\" rel=\"noopener\">Kapellenweg<\/a> f\u00fchrt durch die wunderbare Landschaft der Stadtgemeinde Seekirchen von Kapelle zu Kapelle.<\/p>\n<p>Im <a href=\"https:\/\/www.salzburger-seenland.at\/post-detailansicht\/ja-sagen-in-seekirchen.html\" target=\"_blank\" rel=\"noopener\">Schloss Seeburg<\/a> befinden sich das Standesamt und eine Privatuniversit\u00e4t. 2014 wurde der \u201eSchlossKR\u00c4UTERgarten\u201c neu angelegt. Neben einem Kinderspielplatz, dem Kneippbecken und Barfu\u00dfweg befindet sich auch eine Wiegeliege zum Entspannen. Die Wiesen rund um die Seeburg sind gesund und\u00a0vielf\u00e4ltig und dienen als Bienenweiden.<\/p>\n<p><strong>TIPP:<\/strong> Lust den Wallersee individuell zu entdecken? Beim <a href=\"https:\/\/www.bootsverleih.at\/\" target=\"_blank\" rel=\"noopener\">Bootsverleih<\/a> kann man in den Sommermonaten vom Elektro-Boot bis zum Stand-up Paddel Board alles ausleihen und entspannte Moment erleben.<\/p>\n<h2>Winter in Seekirchen am Wallersee<\/h2>\n<p>W\u00e4hrend der Wintermonate legt sich eine dicke Schneedecke auf die umliegende Landschaft und auch der Wallersee gefriert an seinen Ufern. In der stillen Zeit des Jahres laden Winterwanderungen, Spazierg\u00e4nge, <a href=\"https:\/\/www.salzburger-seenland.at\/post-detailansicht\/loipe-in-seekirchen.html\" target=\"_blank\" rel=\"noopener\">Langlauf<\/a> durch die tief verschneite Natur und stimmungsvolle <a href=\"https:\/\/www.salzburger-seenland.at\/erlebnis-freizeit\/kraeuterleben\/advent-mit-rauch-brauch.html\" target=\"_blank\" rel=\"noopener\">Adventm\u00e4rkte<\/a> zum genussvollen Erlebnis.<\/p>\n<h3><b><span data-contrast=\"auto\"><br>\n<\/span><\/b>VELODROM SALZBURGER SEENLAND<\/h3>\n<p><span data-contrast=\"auto\">Das <\/span><a href=\"https:\/\/www.salzburger-seenland.at\/erlebnis-freizeit\/radfahren\" target=\"_blank\" rel=\"noopener\"><span data-contrast=\"none\">Velodrom Salzburger Seenland<\/span><\/a><span data-contrast=\"auto\"> ist \u00d6sterreichs Hotspot f\u00fcr alle Radbegeisterten. <\/span><span data-contrast=\"auto\">\u202fGenuss- und Sportradler erwarten auf einer Strecke von insgesamt 600 Kilometern gut ausgebaute Radwege, die \u00fcber H\u00fcgel mit grandioser Fernsicht, durch lichte W\u00e4lder und entlang unverbauter Uferstrecken f\u00fchren \u2013 alles unter einem \u201eDach\u201c. \u202fOb f\u00fcr eine Tour ins Blaue oder eine der<\/span><a href=\"https:\/\/www.salzburger-seenland.at\/erlebnis-freizeit\/radfahren\/radtouren-im-seenland.html\" target=\"_blank\" rel=\"noopener\"><span data-contrast=\"none\">\u202f17 ausgearbeiteten Bike-Touren<\/span><\/a><span data-contrast=\"auto\">\u202f\u2013 f\u00fcr jeden Fall stehen sieben Verleih- und Servicestationen sowie rund 20 E-Bike-<\/span><a href=\"https:\/\/www.salzburger-seenland.at\/erlebnis-freizeit\/radfahren\/e-bike-ladestationen.html\" target=\"_blank\" rel=\"noopener\"><span data-contrast=\"none\">Ladestationen<\/span><\/a><span data-contrast=\"auto\">\u202fzur Verf\u00fcgung.<\/span><span data-ccp-props=\"{}\">\u00a0<\/span><\/p>\n<p><span data-contrast=\"auto\">Im Seenland bringt es mit sich, dass die meisten Touren wegen der \u00fcberschaubaren L\u00e4nge ideal f\u00fcr Sternfahrten sind. Nach dem Kennenlernen von Land und Leuten geht es immer wieder an die Unterkunft zur\u00fcck.<\/span><span data-ccp-props=\"{}\">\u00a0<\/span><\/p>\n<h3><strong>\u00a0DIE SALZBURGER SEENLAND CARD\u00a0<\/strong><\/h3>\n<p><span data-contrast=\"auto\">Mit der Seenland Card erhalten Sie kostenlosen oder erm\u00e4\u00dfigten Eintritt zu zahlreichen Ausflugszielen wie\u202f<\/span><a href=\"https:\/\/www.gut-aiderbichl.com\/besuchbare-gueter\/henndorf\/henndorf\/\" target=\"_blank\" rel=\"noopener\"><span data-contrast=\"none\">Gut Aiderbichl<\/span><\/a><span data-contrast=\"auto\">, dem\u202f<\/span><a href=\"http:\/\/fahrtraum.at\/\" target=\"_blank\" rel=\"noopener\"><span data-contrast=\"none\">fahr(T)raum \u2013 Ferdinand Porsche Erlebniswelt<\/span><\/a><span data-contrast=\"auto\">,\u202fder\u202f<\/span><a href=\"http:\/\/www.trumer.at\/trumer-welt-brauerei-fuehrung.php\" target=\"_blank\" rel=\"noopener\"><span data-contrast=\"none\">Trumer Bierwelt,<\/span><\/a><span data-contrast=\"auto\">\u202fdem\u202f<\/span><a href=\"http:\/\/www.erlebnispark.at\/de\/\" target=\"_blank\" rel=\"noopener\"><span data-contrast=\"none\">Fantasiana \u2013 Kinder Erlebnispark<\/span><\/a><span data-contrast=\"auto\">,\u202fzahlreichen\u202f<\/span><a href=\"http:\/\/www.salzburger-seenland.at\/erlebnis-freizeit\/nach-themen\/wassererlebnis.html\"><span data-contrast=\"none\">Strandb\u00e4dern<\/span><\/a><span data-contrast=\"auto\">\u202fund vielen weiteren Freizeitm\u00f6glichkeiten in der Region! N\u00e4here Infos finden Sie\u202f<\/span><a href=\"http:\/\/www.salzburger-seenland.at\/unterkuenfte-angebote\/seenland-card.html\" target=\"_blank\" rel=\"noopener\"><span data-contrast=\"none\">hier<\/span><\/a><span data-contrast=\"auto\">.<\/span><span data-ccp-props=\"{}\">\u00a0<\/span><\/p>\n<p><span data-contrast=\"auto\">Mit der Mobilit\u00e4ts-Card, die Sie bei jeder Unterkunft ab Mai 2025 erhalten, k\u00f6nnen alle \u00f6ffentlichen Verkehrsmittel kostenlos in Salzburg gen\u00fctzt werden.<\/span><span data-ccp-props=\"{}\">\u00a0<\/span><\/p>\n","protected":false},"excerpt":{"rendered":"<p>Die junge\u00a0Stadt direkt am Wallersee besticht durch ihren besonderen Flair und l\u00e4dt mit ihre traditionellen Gasth\u00f6fen und Kaffeeh\u00e4usern zum Genie\u00dfen ein. Die Vielseitigkeit der Stadt verzaubert G\u00e4ste wie Einheimische gleicherma\u00dfen und macht Seekirchen am Wallersee so beliebt. Sommer in Seekirchen am Wallersee Aktivurlauber kommen in Seekirchen voll und ganz auf ihre Kosten. Der Wallersee er\u00f6ffnet [&hellip;]<\/p>\n","protected":false},"author":18,"featured_media":676024,"comment_status":"closed","ping_status":"closed","template":"","meta":{"_acf_changed":false,"wl_entities_gutenberg":"","_relevanssi_hide_post":"","_relevanssi_hide_content":"","_relevanssi_pin_for_all":"","_relevanssi_pin_keywords":"","_relevanssi_unpin_keywords":"","_relevanssi_related_keywords":"","_relevanssi_related_include_ids":"","_relevanssi_related_exclude_ids":"","_relevanssi_related_no_append":"","_relevanssi_related_not_related":"","_relevanssi_related_posts":"","_relevanssi_noindex_reason":"","footnotes":""},"categories":[],"tags":[],"wl_entity_type":[7],"ski_resorts":[],"class_list":["post-59497","entity","type-entity","status-publish","has-post-thumbnail","hentry","wl_entity_type-place","sitetype-place"],"acf":[],"yoast_head":"<!-- This site is optimized with the Yoast SEO Premium plugin v26.9 (Yoast SEO v26.9) - https:\/\/yoast.com\/product\/yoast-seo-premium-wordpress\/ -->\n<title>Seekirchen am Wallersee \u00bb SalzburgerLand.com<\/title>\n<meta name=\"description\" content=\"Die junge Stadt am Wallersee spr\u00fcht vor Lebensfreude. Im Sommer tummeln sich Schwimmer, Surfer und Sportler am Ufer, im Winter lockt besinnlicher Advent.\" \/>\n<meta name=\"robots\" content=\"index, follow, max-snippet:-1, max-image-preview:large, max-video-preview:-1\" \/>\n<link rel=\"canonical\" href=\"https:\/\/www.salzburgerland.com\/de\/wp-json\/wp\/v2\/entities\/59497\" \/>\n<meta property=\"og:locale\" content=\"de_DE\" \/>\n<meta property=\"og:type\" content=\"article\" \/>\n<meta property=\"og:title\" content=\"Seekirchen am Wallersee\" \/>\n<meta property=\"og:description\" content=\"Die junge Stadt am Wallersee spr\u00fcht vor Lebensfreude. Im Sommer tummeln sich Schwimmer, Surfer und Sportler am Ufer, im Winter lockt besinnlicher Advent.\" \/>\n<meta property=\"og:url\" content=\"https:\/\/www.salzburgerland.com\/de\/wp-json\/wp\/v2\/entities\/59497\" \/>\n<meta property=\"og:site_name\" content=\"SalzburgerLand.com\" \/>\n<meta property=\"article:publisher\" content=\"https:\/\/www.facebook.com\/salzburgerland\/\" \/>\n<meta property=\"article:modified_time\" content=\"2025-02-07T11:12:01+00:00\" \/>\n<meta property=\"og:image\" content=\"https:\/\/www.salzburgerland.com\/de\/wp-content\/uploads\/2016\/08\/seekirchen_winter--tvb-seekirchen-1200x675.jpg\" \/>\n\t<meta property=\"og:image:width\" content=\"1200\" \/>\n\t<meta property=\"og:image:height\" content=\"675\" \/>\n\t<meta property=\"og:image:type\" content=\"image\/jpeg\" \/>\n<meta name=\"twitter:card\" content=\"summary_large_image\" \/>\n<meta name=\"twitter:site\" content=\"@Salzburgerland\" \/>\n<meta name=\"twitter:label1\" content=\"Gesch\u00e4tzte Lesezeit\" \/>\n\t<meta name=\"twitter:data1\" content=\"4\u00a0Minuten\" \/>\n<script type=\"application\/ld+json\" class=\"yoast-schema-graph\">{\"@context\":\"https:\/\/schema.org\",\"@graph\":[{\"@type\":\"WebPage\",\"@id\":\"https:\/\/www.salzburgerland.com\/de\/seekirchen-am-wallersee\/\",\"url\":\"https:\/\/www.salzburgerland.com\/de\/seekirchen-am-wallersee\/\",\"name\":\"Seekirchen am Wallersee \u00bb SalzburgerLand.com\",\"isPartOf\":{\"@id\":\"https:\/\/www.salzburgerland.com\/de\/#website\"},\"primaryImageOfPage\":{\"@id\":\"https:\/\/www.salzburgerland.com\/de\/seekirchen-am-wallersee\/#primaryimage\"},\"image\":{\"@id\":\"https:\/\/www.salzburgerland.com\/de\/seekirchen-am-wallersee\/#primaryimage\"},\"thumbnailUrl\":\"https:\/\/www.salzburgerland.com\/de\/wp-content\/uploads\/2016\/08\/seekirchen_winter--tvb-seekirchen.jpg\",\"datePublished\":\"2016-08-23T13:12:45+00:00\",\"dateModified\":\"2025-02-07T11:12:01+00:00\",\"description\":\"Die junge Stadt am Wallersee spr\u00fcht vor Lebensfreude. Im Sommer tummeln sich Schwimmer, Surfer und Sportler am Ufer, im Winter lockt besinnlicher Advent.\",\"breadcrumb\":{\"@id\":\"https:\/\/www.salzburgerland.com\/de\/seekirchen-am-wallersee\/#breadcrumb\"},\"inLanguage\":\"de\",\"potentialAction\":[{\"@type\":\"ReadAction\",\"target\":[\"https:\/\/www.salzburgerland.com\/de\/seekirchen-am-wallersee\/\"]}]},{\"@type\":\"ImageObject\",\"inLanguage\":\"de\",\"@id\":\"https:\/\/www.salzburgerland.com\/de\/seekirchen-am-wallersee\/#primaryimage\",\"url\":\"https:\/\/www.salzburgerland.com\/de\/wp-content\/uploads\/2016\/08\/seekirchen_winter--tvb-seekirchen.jpg\",\"contentUrl\":\"https:\/\/www.salzburgerland.com\/de\/wp-content\/uploads\/2016\/08\/seekirchen_winter--tvb-seekirchen.jpg\",\"width\":1280,\"height\":960,\"caption\":\"Seekirchen Winter \u00a9TVB Seekirchen\"},{\"@type\":\"BreadcrumbList\",\"@id\":\"https:\/\/www.salzburgerland.com\/de\/seekirchen-am-wallersee\/#breadcrumb\",\"itemListElement\":[{\"@type\":\"ListItem\",\"position\":1,\"name\":\"Salzburger Seenland\",\"item\":\"https:\/\/www.salzburgerland.com\/de\/salzburger-seenland\/\"},{\"@type\":\"ListItem\",\"position\":2,\"name\":\"Seekirchen am Wallersee\"}]},{\"@type\":\"WebSite\",\"@id\":\"https:\/\/www.salzburgerland.com\/de\/#website\",\"url\":\"https:\/\/www.salzburgerland.com\/de\/\",\"name\":\"SalzburgerLand.com\",\"description\":\"Ihr Urlaub in Salzburg, \u00d6sterreich\",\"publisher\":{\"@id\":\"https:\/\/www.salzburgerland.com\/de\/#organization\"},\"potentialAction\":[{\"@type\":\"SearchAction\",\"target\":{\"@type\":\"EntryPoint\",\"urlTemplate\":\"https:\/\/www.salzburgerland.com\/de\/?s={search_term_string}\"},\"query-input\":{\"@type\":\"PropertyValueSpecification\",\"valueRequired\":true,\"valueName\":\"search_term_string\"}}],\"inLanguage\":\"de\"},{\"@type\":\"Organization\",\"@id\":\"https:\/\/www.salzburgerland.com\/de\/#organization\",\"name\":\"SalzburgerLand Tourismus GmbH\",\"url\":\"https:\/\/www.salzburgerland.com\/de\/\",\"logo\":{\"@type\":\"ImageObject\",\"inLanguage\":\"de\",\"@id\":\"https:\/\/www.salzburgerland.com\/de\/#\/schema\/logo\/image\/\",\"url\":\"https:\/\/www.salzburgerland.com\/de\/wp-content\/uploads\/2017\/01\/salzburgerland-logo.jpg\",\"contentUrl\":\"https:\/\/www.salzburgerland.com\/de\/wp-content\/uploads\/2017\/01\/salzburgerland-logo.jpg\",\"width\":1920,\"height\":827,\"caption\":\"SalzburgerLand Tourismus GmbH\"},\"image\":{\"@id\":\"https:\/\/www.salzburgerland.com\/de\/#\/schema\/logo\/image\/\"},\"sameAs\":[\"https:\/\/www.facebook.com\/salzburgerland\/\",\"https:\/\/x.com\/Salzburgerland\",\"https:\/\/www.instagram.com\/salzburgerland\/\",\"http:\/\/dbpedia.org\/resource\/Salzburg_(state)\",\"http:\/\/wikidata.dbpedia.org\/resource\/Q43325\",\"http:\/\/open.salzburgerland.com\/de\/entity\/salzburgerland\",\"https:\/\/www.youtube.com\/user\/salzburgerland\"]}]}<\/script>\n<!-- \/ Yoast SEO Premium plugin. -->","yoast_head_json":{"title":"Seekirchen am Wallersee \u00bb SalzburgerLand.com","description":"Die junge Stadt am Wallersee spr\u00fcht vor Lebensfreude. Im Sommer tummeln sich Schwimmer, Surfer und Sportler am Ufer, im Winter lockt besinnlicher Advent.","robots":{"index":"index","follow":"follow","max-snippet":"max-snippet:-1","max-image-preview":"max-image-preview:large","max-video-preview":"max-video-preview:-1"},"canonical":"https:\/\/www.salzburgerland.com\/de\/wp-json\/wp\/v2\/entities\/59497","og_locale":"de_DE","og_type":"article","og_title":"Seekirchen am Wallersee","og_description":"Die junge Stadt am Wallersee spr\u00fcht vor Lebensfreude. Im Sommer tummeln sich Schwimmer, Surfer und Sportler am Ufer, im Winter lockt besinnlicher Advent.","og_url":"https:\/\/www.salzburgerland.com\/de\/wp-json\/wp\/v2\/entities\/59497","og_site_name":"SalzburgerLand.com","article_publisher":"https:\/\/www.facebook.com\/salzburgerland\/","article_modified_time":"2025-02-07T11:12:01+00:00","og_image":[{"width":1200,"height":675,"url":"https:\/\/www.salzburgerland.com\/de\/wp-content\/uploads\/2016\/08\/seekirchen_winter--tvb-seekirchen-1200x675.jpg","type":"image\/jpeg"}],"twitter_card":"summary_large_image","twitter_site":"@Salzburgerland","twitter_misc":{"Gesch\u00e4tzte Lesezeit":"4\u00a0Minuten"},"schema":{"@context":"https:\/\/schema.org","@graph":[{"@type":"WebPage","@id":"https:\/\/www.salzburgerland.com\/de\/seekirchen-am-wallersee\/","url":"https:\/\/www.salzburgerland.com\/de\/seekirchen-am-wallersee\/","name":"Seekirchen am Wallersee \u00bb SalzburgerLand.com","isPartOf":{"@id":"https:\/\/www.salzburgerland.com\/de\/#website"},"primaryImageOfPage":{"@id":"https:\/\/www.salzburgerland.com\/de\/seekirchen-am-wallersee\/#primaryimage"},"image":{"@id":"https:\/\/www.salzburgerland.com\/de\/seekirchen-am-wallersee\/#primaryimage"},"thumbnailUrl":"https:\/\/www.salzburgerland.com\/de\/wp-content\/uploads\/2016\/08\/seekirchen_winter--tvb-seekirchen.jpg","datePublished":"2016-08-23T13:12:45+00:00","dateModified":"2025-02-07T11:12:01+00:00","description":"Die junge Stadt am Wallersee spr\u00fcht vor Lebensfreude. Im Sommer tummeln sich Schwimmer, Surfer und Sportler am Ufer, im Winter lockt besinnlicher Advent.","breadcrumb":{"@id":"https:\/\/www.salzburgerland.com\/de\/seekirchen-am-wallersee\/#breadcrumb"},"inLanguage":"de","potentialAction":[{"@type":"ReadAction","target":["https:\/\/www.salzburgerland.com\/de\/seekirchen-am-wallersee\/"]}]},{"@type":"ImageObject","inLanguage":"de","@id":"https:\/\/www.salzburgerland.com\/de\/seekirchen-am-wallersee\/#primaryimage","url":"https:\/\/www.salzburgerland.com\/de\/wp-content\/uploads\/2016\/08\/seekirchen_winter--tvb-seekirchen.jpg","contentUrl":"https:\/\/www.salzburgerland.com\/de\/wp-content\/uploads\/2016\/08\/seekirchen_winter--tvb-seekirchen.jpg","width":1280,"height":960,"caption":"Seekirchen Winter \u00a9TVB Seekirchen"},{"@type":"BreadcrumbList","@id":"https:\/\/www.salzburgerland.com\/de\/seekirchen-am-wallersee\/#breadcrumb","itemListElement":[{"@type":"ListItem","position":1,"name":"Salzburger Seenland","item":"https:\/\/www.salzburgerland.com\/de\/salzburger-seenland\/"},{"@type":"ListItem","position":2,"name":"Seekirchen am Wallersee"}]},{"@type":"WebSite","@id":"https:\/\/www.salzburgerland.com\/de\/#website","url":"https:\/\/www.salzburgerland.com\/de\/","name":"SalzburgerLand.com","description":"Ihr Urlaub in Salzburg, \u00d6sterreich","publisher":{"@id":"https:\/\/www.salzburgerland.com\/de\/#organization"},"potentialAction":[{"@type":"SearchAction","target":{"@type":"EntryPoint","urlTemplate":"https:\/\/www.salzburgerland.com\/de\/?s={search_term_string}"},"query-input":{"@type":"PropertyValueSpecification","valueRequired":true,"valueName":"search_term_string"}}],"inLanguage":"de"},{"@type":"Organization","@id":"https:\/\/www.salzburgerland.com\/de\/#organization","name":"SalzburgerLand Tourismus GmbH","url":"https:\/\/www.salzburgerland.com\/de\/","logo":{"@type":"ImageObject","inLanguage":"de","@id":"https:\/\/www.salzburgerland.com\/de\/#\/schema\/logo\/image\/","url":"https:\/\/www.salzburgerland.com\/de\/wp-content\/uploads\/2017\/01\/salzburgerland-logo.jpg","contentUrl":"https:\/\/www.salzburgerland.com\/de\/wp-content\/uploads\/2017\/01\/salzburgerland-logo.jpg","width":1920,"height":827,"caption":"SalzburgerLand Tourismus GmbH"},"image":{"@id":"https:\/\/www.salzburgerland.com\/de\/#\/schema\/logo\/image\/"},"sameAs":["https:\/\/www.facebook.com\/salzburgerland\/","https:\/\/x.com\/Salzburgerland","https:\/\/www.instagram.com\/salzburgerland\/","http:\/\/dbpedia.org\/resource\/Salzburg_(state)","http:\/\/wikidata.dbpedia.org\/resource\/Q43325","http:\/\/open.salzburgerland.com\/de\/entity\/salzburgerland","https:\/\/www.youtube.com\/user\/salzburgerland"]}]}},"_wl_alt_label":[],"wl:entity_url":"http:\/\/open.salzburgerland.com\/de\/entity\/seekirchen_am_wallersee","_links":{"self":[{"href":"https:\/\/www.salzburgerland.com\/de\/wp-json\/wp\/v2\/entities\/59497","targetHints":{"allow":["GET"]}}],"collection":[{"href":"https:\/\/www.salzburgerland.com\/de\/wp-json\/wp\/v2\/entities"}],"about":[{"href":"https:\/\/www.salzburgerland.com\/de\/wp-json\/wp\/v2\/types\/entity"}],"author":[{"embeddable":true,"href":"https:\/\/www.salzburgerland.com\/de\/wp-json\/wp\/v2\/users\/18"}],"replies":[{"embeddable":true,"href":"https:\/\/www.salzburgerland.com\/de\/wp-json\/wp\/v2\/comments?post=59497"}],"version-history":[{"count":7,"href":"https:\/\/www.salzburgerland.com\/de\/wp-json\/wp\/v2\/entities\/59497\/revisions"}],"predecessor-version":[{"id":676026,"href":"https:\/\/www.salzburgerland.com\/de\/wp-json\/wp\/v2\/entities\/59497\/revisions\/676026"}],"wp:featuredmedia":[{"embeddable":true,"href":"https:\/\/www.salzburgerland.com\/de\/wp-json\/wp\/v2\/media\/676024"}],"wp:attachment":[{"href":"https:\/\/www.salzburgerland.com\/de\/wp-json\/wp\/v2\/media?parent=59497"}],"wp:term":[{"taxonomy":"category","embeddable":true,"href":"https:\/\/www.salzburgerland.com\/de\/wp-json\/wp\/v2\/categories?post=59497"},{"taxonomy":"post_tag","embeddable":true,"href":"https:\/\/www.salzburgerland.com\/de\/wp-json\/wp\/v2\/tags?post=59497"},{"taxonomy":"wl_entity_type","embeddable":true,"href":"https:\/\/www.salzburgerland.com\/de\/wp-json\/wp\/v2\/wl_entity_type?post=59497"},{"taxonomy":"ski_resorts","embeddable":true,"href":"https:\/\/www.salzburgerland.com\/de\/wp-json\/wp\/v2\/ski_resorts?post=59497"}],"curies":[{"name":"wp","href":"https:\/\/api.w.org\/{rel}","templated":true}]}}