{"id":59448,"date":"2016-08-23T15:06:45","date_gmt":"2016-08-23T13:06:45","guid":{"rendered":"https:\/\/www.onebigpark.at\/de\/entity\/saalfelden-am-steinernen-meer\/"},"modified":"2025-03-26T09:59:13","modified_gmt":"2025-03-26T08:59:13","slug":"saalfelden-am-steinernen-meer","status":"publish","type":"entity","link":"https:\/\/www.salzburgerland.com\/de\/saalfelden-am-steinernen-meer\/","title":{"rendered":"Saalfelden am Steinernen Meer"},"content":{"rendered":"<p><span style=\"font-weight: 400;\">Seit \u00fcber vier Jahrzehnten wird Saalfelden jeden Sommer mit dem I<\/span><b>nternationalen Jazzfestival<\/b><span style=\"font-weight: 400;\"> zum Zentrum der Jazzmusik \u2013 neben den Salzburger Festspielen z\u00e4hlt diese Veranstaltung zu den wichtigsten Kulturevents des SalzburgerLandes. Zudem beherbergt der Ort und das benachbarte Leogang noch eine Vielzahl an anderen kulturell hochwertigen Veranstaltungen: seien es die Tonspuren am Asitz, die Event-Serie Alm:Kultur auf den umliegenden Almen oder die Erfolgs gekr\u00f6nten Sonderausstellungen im Museum Schloss Ritzen und im Bergbau- und Gotikmuseum Leogang.<\/span><\/p>\n\n\t\t\t<div id=\"59448-1\" class=\"gallery gallery-59448 gallery-columns-3 gallery-size-1170_658\" itemscope itemtype=\"http:\/\/schema.org\/ImageGallery\">\n\t\t\t\t<ul class=\"gallery-row gallery-col-3 gallery-clear\">\n\t\t\t\t\t<li class=\"gallery-item col-3\" itemprop=\"associatedMedia\" itemscope itemtype=\"http:\/\/schema.org\/ImageObject\">\n\t\t\t\t\t\t<div class=\"gallery-icon landscape\"><a href=\"https:\/\/www.salzburgerland.com\/de\/wp-content\/uploads\/2016\/08\/golf-by-artisual-4-1920x1067.jpg\" title=\"Golf by Artisual (4)\"><img decoding=\"async\" data-title=\"c Artisual, Peter Moser Golf Saalfelden\" title=\"c Artisual, Peter Moser Golf Saalfelden\" data-caption=\"c Artisual, Peter Moser Golf Saalfelden\" width=\"1170\" height=\"658\" src=\"https:\/\/www.salzburgerland.com\/de\/wp-content\/uploads\/2016\/08\/golf-by-artisual-4-1170x658.jpg\" class=\"attachment-1170_658 size-1170_658\" alt=\"Ein Mann beim Putten auf einem Saalfeldener Golfplatz mit Bergen und B\u00e4umen im Hintergrund, zwei Personen schauen zu. (vergr\u00f6\u00dferte Ansicht)\" srcset=\"https:\/\/www.salzburgerland.com\/de\/wp-content\/uploads\/2016\/08\/golf-by-artisual-4-1170x658.jpg 1170w, https:\/\/www.salzburgerland.com\/de\/wp-content\/uploads\/2016\/08\/golf-by-artisual-4-1200x675.jpg 1200w\" sizes=\"(max-width: 1170px) 100vw, 1170px\" aria-describedby=\"figcaption-59448-477350\" itemprop=\"thumbnail\"><\/a><\/div>\n\t\t\t\t\t\t<span id=\"figcaption-59448-477350\" class=\"gallery-caption\" itemprop=\"caption\"><span aria-hidden=\"true\">c Artisual, Peter Moser Golf Saalfelden<\/span><\/span>\n\t\t\t\t\t<\/li>\n\t\t\t\t\t<li class=\"gallery-item col-3\" itemprop=\"associatedMedia\" itemscope itemtype=\"http:\/\/schema.org\/ImageObject\">\n\t\t\t\t\t\t<div class=\"gallery-icon landscape\"><a href=\"https:\/\/www.salzburgerland.com\/de\/wp-content\/uploads\/2016\/08\/kulinarik-by-lolin-6.jpg\" title=\"Kulinarik by LOLIN (6)\"><img decoding=\"async\" data-title=\"c LOLIN Kulinarik Saalfelden\" title=\"c LOLIN Kulinarik Saalfelden\" data-caption=\"c LOLIN Kulinarik Saalfelden\" width=\"1170\" height=\"658\" src=\"https:\/\/www.salzburgerland.com\/de\/wp-content\/uploads\/2016\/08\/kulinarik-by-lolin-6-1170x658.jpg\" class=\"attachment-1170_658 size-1170_658\" alt=\"Drei Personen in traditioneller Kleidung lachen und essen an einem Tisch vor einer rustikalen H\u00fctte in den Saalfeldener Bergen. (vergr\u00f6\u00dferte Ansicht)\" srcset=\"https:\/\/www.salzburgerland.com\/de\/wp-content\/uploads\/2016\/08\/kulinarik-by-lolin-6-1170x658.jpg 1170w, https:\/\/www.salzburgerland.com\/de\/wp-content\/uploads\/2016\/08\/kulinarik-by-lolin-6-1200x675.jpg 1200w\" sizes=\"(max-width: 1170px) 100vw, 1170px\" aria-describedby=\"figcaption-59448-477351\" itemprop=\"thumbnail\"><\/a><\/div>\n\t\t\t\t\t\t<span id=\"figcaption-59448-477351\" class=\"gallery-caption\" itemprop=\"caption\"><span aria-hidden=\"true\">c LOLIN Kulinarik Saalfelden<\/span><\/span>\n\t\t\t\t\t<\/li>\n\t\t\t\t\t<li class=\"gallery-item col-3\" itemprop=\"associatedMedia\" itemscope itemtype=\"http:\/\/schema.org\/ImageObject\">\n\t\t\t\t\t\t<div class=\"gallery-icon landscape\"><a href=\"https:\/\/www.salzburgerland.com\/de\/wp-content\/uploads\/2016\/11\/saalfelden-sommer-jazzfestival-c-artisual-1920x1067.jpg\" title=\"saalfelden-sommer-jazzfestival (c) artisual\"><img decoding=\"async\" data-title=\"\u00a9 Artisual.at - Das Jazzfestival Saalfelden begeistert Musikfans.\" title=\"\u00a9 Artisual.at - Das Jazzfestival Saalfelden begeistert Musikfans.\" data-caption=\"\u00a9 Artisual.at - Das Jazzfestival Saalfelden begeistert Musikfans.\" width=\"1170\" height=\"658\" src=\"https:\/\/www.salzburgerland.com\/de\/wp-content\/uploads\/2016\/11\/saalfelden-sommer-jazzfestival-c-artisual-1170x658.jpg\" class=\"attachment-1170_658 size-1170_658\" alt=\"Das Jazzfestival Saalfelden begeistert Musikfans. (vergr\u00f6\u00dferte Ansicht)\" aria-describedby=\"figcaption-59448-84251\" itemprop=\"thumbnail\"><\/a><\/div>\n\t\t\t\t\t\t<span id=\"figcaption-59448-84251\" class=\"gallery-caption\" itemprop=\"caption\"><span aria-hidden=\"true\">\u00a9 Artisual.at \u2013 Das Jazzfestival Saalfelden begeistert Musikfans.<\/span><\/span>\n\t\t\t\t\t<\/li>\n\t\t\t\t<\/ul>\n\t\t\t<\/div><!-- .gallery -->\n\n<h2>Aktiver Sommerurlaub in Saalfelden<\/h2>\n<p><span style=\"font-weight: 400;\">Der idyllische Ritzensee im Zentrum der Stadt ist ein beliebtes Ausflugsziel f\u00fcr <a href=\"https:\/\/www.salzburgerland.com\/de\/magazin\/sommerfrische-saalfelden-leogang\/\" target=\"_blank\" rel=\"noopener noreferrer\">Erholungssuchende,<\/a> Schwimmer, Spazierg\u00e4nger und Eisl\u00e4ufer. Die beiden 18-Loch-Pl\u00e4tze GC Brandlhof und GC Urslautal erf\u00fcllen alle Anforderungen, die Golffans an klassische Championship-Pl\u00e4tze stellen. Und wer noch mehr Abwechslung haben m\u00f6chte, findet in nur 70 Kilometern Umkreis insgesamt 15 landschaftlich ansprechende und anspruchsvolle Golfpl\u00e4tze.<br>\n<\/span><span style=\"font-weight: 400;\">Rund <\/span><b>22 Trailrunning Strecken<\/b><span style=\"font-weight: 400;\"> mit \u00fcber 120 Laufkilometern, sowie 2 H\u00f6henstrecken sorgen f\u00fcr ein Lauferlebnis \u00fcber Stock und Stein. Zahlreiche Mountainbike- und Talradwege versprechen den Urlaubsg\u00e4sten ein naturnahes Bike-Erlebnis in den verschiedensten Schwierigkeitsgraden. <span>Im <\/span><strong><span>Wanderparadies Saalfelden <\/span><\/strong><span>finden Sommerurlauber neben markierten und bestens gepflegten Wanderwegen auch gem\u00fctliche Schutzh\u00fctten und Almen. <\/span><\/span><b>Kletterfans<\/b><span style=\"font-weight: 400;\"> finden in der Kletterhalle \u201eFelsenfest\u201c im Zentrum der Stadt und der Leoganger Kletterhalle witterungsunabh\u00e4ngige Angebote mit gro\u00dfem Boulderbereich und unz\u00e4hligen Routen aller Schwierigkeitsgrade. Ein perfektes Training f\u00fcr die Kletterregion \u201eSteinberge\u201c mit 1.000 unterschiedlichen Routen im Fels.<\/span><\/p>\n\n\t\t\t<div id=\"59448-2\" class=\"gallery gallery-59448 gallery-columns-3 gallery-size-1170_658\" itemscope itemtype=\"http:\/\/schema.org\/ImageGallery\">\n\t\t\t\t<ul class=\"gallery-row gallery-col-3 gallery-clear\">\n\t\t\t\t\t<li class=\"gallery-item col-3\" itemprop=\"associatedMedia\" itemscope itemtype=\"http:\/\/schema.org\/ImageObject\">\n\t\t\t\t\t\t<div class=\"gallery-icon landscape\"><a href=\"https:\/\/www.salzburgerland.com\/de\/wp-content\/uploads\/2016\/11\/saalfelden-sommer-biken-1920x1067.jpg\" title=\"saalfelden-sommer-biken\"><img decoding=\"async\" data-title=\"\u00a9 Klemens K\u00f6nig Photography - Gem\u00fctliche Biketouren in Saalfelden\" title=\"\u00a9 Klemens K\u00f6nig Photography - Gem\u00fctliche Biketouren in Saalfelden\" data-caption=\"\u00a9 Klemens K\u00f6nig Photography - Gem\u00fctliche Biketouren in Saalfelden\" width=\"1170\" height=\"658\" src=\"https:\/\/www.salzburgerland.com\/de\/wp-content\/uploads\/2016\/11\/saalfelden-sommer-biken-1170x658.jpg\" class=\"attachment-1170_658 size-1170_658\" alt=\"Gem\u00fctliche Biketouren in Saalfelden. (vergr\u00f6\u00dferte Ansicht)\" aria-describedby=\"figcaption-59448-84249\" itemprop=\"thumbnail\"><\/a><\/div>\n\t\t\t\t\t\t<span id=\"figcaption-59448-84249\" class=\"gallery-caption\" itemprop=\"caption\"><span aria-hidden=\"true\">\u00a9 Klemens K\u00f6nig Photography \u2013 Gem\u00fctliche Biketouren in Saalfelden<\/span><\/span>\n\t\t\t\t\t<\/li>\n\t\t\t\t\t<li class=\"gallery-item col-3\" itemprop=\"associatedMedia\" itemscope itemtype=\"http:\/\/schema.org\/ImageObject\">\n\t\t\t\t\t\t<div class=\"gallery-icon landscape\"><a href=\"https:\/\/www.salzburgerland.com\/de\/wp-content\/uploads\/2016\/11\/saalfelden-sommer-wandern-1920x1067.jpg\" title=\"saalfelden-sommer-wandern\"><img decoding=\"async\" data-title=\"\u00a9 Saalfelden Leogang -\n Wandern im Steinernen Meer\" title=\"\u00a9 Saalfelden Leogang -\n Wandern im Steinernen Meer\" data-caption=\"\u00a9 Saalfelden Leogang -\n Wandern im Steinernen Meer\" width=\"1170\" height=\"658\" src=\"https:\/\/www.salzburgerland.com\/de\/wp-content\/uploads\/2016\/11\/saalfelden-sommer-wandern-1170x658.jpg\" class=\"attachment-1170_658 size-1170_658\" alt=\"Wandern im Steinernen Meer. (vergr\u00f6\u00dferte Ansicht)\" aria-describedby=\"figcaption-59448-84253\" itemprop=\"thumbnail\"><\/a><\/div>\n\t\t\t\t\t\t<span id=\"figcaption-59448-84253\" class=\"gallery-caption\" itemprop=\"caption\"><span aria-hidden=\"true\">\u00a9 Saalfelden Leogang \u2013\n Wandern im Steinernen Meer<\/span><\/span>\n\t\t\t\t\t<\/li>\n\t\t\t\t\t<li class=\"gallery-item col-3\" itemprop=\"associatedMedia\" itemscope itemtype=\"http:\/\/schema.org\/ImageObject\">\n\t\t\t\t\t\t<div class=\"gallery-icon landscape\"><a href=\"https:\/\/www.salzburgerland.com\/de\/wp-content\/uploads\/2016\/08\/klettern-c-sportalpen-com-4-e1510582988522-1920x1067.jpg\" title=\"Klettern in Saalfelden Leogang\"><img decoding=\"async\" data-title=\"\u00a9 Wolfgang Lienbacher, Sportalpen.com - Klettern in Saalfelden Leogang\" title=\"\u00a9 Wolfgang Lienbacher, Sportalpen.com - Klettern in Saalfelden Leogang\" data-caption=\"\u00a9 Wolfgang Lienbacher, Sportalpen.com - Klettern in Saalfelden Leogang\" width=\"1170\" height=\"658\" src=\"https:\/\/www.salzburgerland.com\/de\/wp-content\/uploads\/2016\/08\/klettern-c-sportalpen-com-4-e1510582988522-1170x658.jpg\" class=\"attachment-1170_658 size-1170_658\" alt=\"Zwei Kletterer mit Helmen und Seilen besteigen einen felsigen Berg in der N\u00e4he des malerischen Saalfeldener Tals. (vergr\u00f6\u00dferte Ansicht)\" srcset=\"https:\/\/www.salzburgerland.com\/de\/wp-content\/uploads\/2016\/08\/klettern-c-sportalpen-com-4-e1510582988522-1170x658.jpg 1170w, https:\/\/www.salzburgerland.com\/de\/wp-content\/uploads\/2016\/08\/klettern-c-sportalpen-com-4-e1510582988522-1200x675.jpg 1200w\" sizes=\"(max-width: 1170px) 100vw, 1170px\" aria-describedby=\"figcaption-59448-200543\" itemprop=\"thumbnail\"><\/a><\/div>\n\t\t\t\t\t\t<span id=\"figcaption-59448-200543\" class=\"gallery-caption\" itemprop=\"caption\"><span aria-hidden=\"true\">\u00a9 Wolfgang Lienbacher, Sportalpen.com \u2013 Klettern in Saalfelden Leogang<\/span><\/span>\n\t\t\t\t\t<\/li>\n\t\t\t\t<\/ul>\n\t\t\t<\/div><!-- .gallery -->\n\n<h2>Urbanes Flair<\/h2>\n<p><span style=\"font-weight: 400;\">Die Vielfalt an Seminar- und Tagungsangeboten und die ausgepr\u00e4gte Gastfreundschaft machen Saalfelden zu einem idealen <\/span><b>Austragungsort f\u00fcr Konferenzen- und Firmenveranstaltungen<\/b><span style=\"font-weight: 400;\">.\u00a0<\/span><\/p>\n\n\t\t\t<div id=\"59448-3\" class=\"gallery gallery-59448 gallery-columns-3 gallery-size-1170_658\" itemscope itemtype=\"http:\/\/schema.org\/ImageGallery\">\n\t\t\t\t<ul class=\"gallery-row gallery-col-3 gallery-clear\">\n\t\t\t\t\t<li class=\"gallery-item col-3\" itemprop=\"associatedMedia\" itemscope itemtype=\"http:\/\/schema.org\/ImageObject\">\n\t\t\t\t\t\t<div class=\"gallery-icon landscape\"><a href=\"https:\/\/www.salzburgerland.com\/de\/wp-content\/uploads\/2016\/08\/eislaufen-am-ritzensee-c-florian-lechner-2-1920x1067.jpg\" title=\"Eislaufen am Ritzensee (c) Florian Lechner\"><img decoding=\"async\" data-title=\"Eislaufen am Ritzensee (c) Florian Lechner \" title=\"Eislaufen am Ritzensee (c) Florian Lechner \" data-caption=\"Eislaufen am Ritzensee (c) Florian Lechner \" width=\"1170\" height=\"658\" src=\"https:\/\/www.salzburgerland.com\/de\/wp-content\/uploads\/2016\/08\/eislaufen-am-ritzensee-c-florian-lechner-2-1170x658.jpg\" class=\"attachment-1170_658 size-1170_658\" alt=\"Eine dreik\u00f6pfige Familie, die an einem verschneiten Wintertag drau\u00dfen in Saalfelden Schlittschuh l\u00e4uft, h\u00e4lt sich an den H\u00e4nden und l\u00e4chelt. (vergr\u00f6\u00dferte Ansicht)\" srcset=\"https:\/\/www.salzburgerland.com\/de\/wp-content\/uploads\/2016\/08\/eislaufen-am-ritzensee-c-florian-lechner-2-1170x658.jpg 1170w, https:\/\/www.salzburgerland.com\/de\/wp-content\/uploads\/2016\/08\/eislaufen-am-ritzensee-c-florian-lechner-2-1200x675.jpg 1200w\" sizes=\"(max-width: 1170px) 100vw, 1170px\" aria-describedby=\"figcaption-59448-477352\" itemprop=\"thumbnail\"><\/a><\/div>\n\t\t\t\t\t\t<span id=\"figcaption-59448-477352\" class=\"gallery-caption\" itemprop=\"caption\"><span aria-hidden=\"true\">Eislaufen am Ritzensee (c) Florian Lechner <\/span><\/span>\n\t\t\t\t\t<\/li>\n\t\t\t\t\t<li class=\"gallery-item col-3\" itemprop=\"associatedMedia\" itemscope itemtype=\"http:\/\/schema.org\/ImageObject\">\n\t\t\t\t\t\t<div class=\"gallery-icon landscape\"><a href=\"https:\/\/www.salzburgerland.com\/de\/wp-content\/uploads\/2016\/08\/fun-snow-park-by-foto-bauer-1-1920x1067.jpg\" title=\"Fun Snow Park by Foto Bauer (1)\"><img decoding=\"async\" data-title=\"Fun Snow Park c Foto Bauer \" title=\"Fun Snow Park c Foto Bauer \" data-caption=\"Fun Snow Park c Foto Bauer \" width=\"1170\" height=\"658\" src=\"https:\/\/www.salzburgerland.com\/de\/wp-content\/uploads\/2016\/08\/fun-snow-park-by-foto-bauer-1-1170x658.jpg\" class=\"attachment-1170_658 size-1170_658\" alt=\"Ein Kind in blauer Jacke und gr\u00fcner M\u00fctze springt auf Skiern \u00fcber einen verschneiten Saalfeldener Hang mit Bergen im Hintergrund. (vergr\u00f6\u00dferte Ansicht)\" srcset=\"https:\/\/www.salzburgerland.com\/de\/wp-content\/uploads\/2016\/08\/fun-snow-park-by-foto-bauer-1-1170x658.jpg 1170w, https:\/\/www.salzburgerland.com\/de\/wp-content\/uploads\/2016\/08\/fun-snow-park-by-foto-bauer-1-1200x675.jpg 1200w\" sizes=\"(max-width: 1170px) 100vw, 1170px\" aria-describedby=\"figcaption-59448-477353\" itemprop=\"thumbnail\"><\/a><\/div>\n\t\t\t\t\t\t<span id=\"figcaption-59448-477353\" class=\"gallery-caption\" itemprop=\"caption\"><span aria-hidden=\"true\">Fun Snow Park c Foto Bauer <\/span><\/span>\n\t\t\t\t\t<\/li>\n\t\t\t\t\t<li class=\"gallery-item col-3\" itemprop=\"associatedMedia\" itemscope itemtype=\"http:\/\/schema.org\/ImageObject\">\n\t\t\t\t\t\t<div class=\"gallery-icon landscape\"><a href=\"https:\/\/www.salzburgerland.com\/de\/wp-content\/uploads\/2016\/08\/langlaufen-c-sportalpen-com-3-1920x1067.jpg\" title=\"Langlaufen (c) sportalpen.com (3)\"><img decoding=\"async\" data-title=\"Langlaufen (c) sportalpen.com\" title=\"Langlaufen (c) sportalpen.com\" data-caption=\"Langlaufen (c) sportalpen.com\" width=\"1170\" height=\"658\" src=\"https:\/\/www.salzburgerland.com\/de\/wp-content\/uploads\/2016\/08\/langlaufen-c-sportalpen-com-3-1170x658.jpg\" class=\"attachment-1170_658 size-1170_658\" alt=\"Zwei Personen beim Skilanglauf in Saalfelden mit Wald und schneebedeckten Bergen im Hintergrund. (vergr\u00f6\u00dferte Ansicht)\" srcset=\"https:\/\/www.salzburgerland.com\/de\/wp-content\/uploads\/2016\/08\/langlaufen-c-sportalpen-com-3-1170x658.jpg 1170w, https:\/\/www.salzburgerland.com\/de\/wp-content\/uploads\/2016\/08\/langlaufen-c-sportalpen-com-3-1200x675.jpg 1200w\" sizes=\"(max-width: 1170px) 100vw, 1170px\" aria-describedby=\"figcaption-59448-477354\" itemprop=\"thumbnail\"><\/a><\/div>\n\t\t\t\t\t\t<span id=\"figcaption-59448-477354\" class=\"gallery-caption\" itemprop=\"caption\"><span aria-hidden=\"true\">Langlaufen (c) sportalpen.com<\/span><\/span>\n\t\t\t\t\t<\/li>\n\t\t\t\t<\/ul>\n\t\t\t<\/div><!-- .gallery -->\n\n<h2>Langlauf &amp; alpiner Skilauf<\/h2>\n<p><span style=\"font-weight: 400;\">Im Winter zeichnet sich die Urlaubsstadt Saalfelden vor allem durch die <\/span><b>Kompetenz im nordischen Sektor<\/b><span style=\"font-weight: 400;\"> aus und beweist diese mit vielen Sportler-Gr\u00f6\u00dfen wie Felix Gottwald oder Simon Eder. 150 Kilometer t\u00e4glich top gepflegte Loipen f\u00fcr alle Anspr\u00fcche und jeden Stil f\u00fchren sogar bis in die Nachbarorte Maria Alm, Maishofen oder in die Biathlon Weltcup-Metropole Hochfilzen. Im Langlaufzentrum Ritzensee finden Kinder das ideale Gel\u00e4nde, um auf Wellenbahnen, Schanzen und leichten Abfahrten das Langlaufen kennenzulernen. Eisl\u00e4ufer bev\u00f6lkern die <a href=\"https:\/\/www.salzburgerland.com\/de\/magazin\/eiszeit-am-ritzensee\/\" target=\"_blank\" rel=\"noopener noreferrer\">Eisfl\u00e4che des Ritzensees<\/a><\/span>. Im Felix-Gottwald-Schisprungstadion in Saalfelden kann man sowohl in den Sommermonaten als auch im Winter auf verschiedenen Schanzen das Skispringen erlernen. <span>Der Familienberg Hinterreit ist das ideale Familienskigebiet. Bestens pr\u00e4parierte Pisten und moderne Schleppliftanlagen garantieren Skispass f\u00fcr die ganze Familie und f\u00fcr alle kleinen und gro\u00dfen Anf\u00e4nger gibt es einen eigenen \u00dcbungslift. Auf der FIS-Trainingsstrecke trainieren auch die Skistars.<\/span><\/p>\n","protected":false},"excerpt":{"rendered":"<p>Seit \u00fcber vier Jahrzehnten wird Saalfelden jeden Sommer mit dem Internationalen Jazzfestival zum Zentrum der Jazzmusik \u2013 neben den Salzburger Festspielen z\u00e4hlt diese Veranstaltung zu den wichtigsten Kulturevents des SalzburgerLandes. Zudem beherbergt der Ort und das benachbarte Leogang noch eine Vielzahl an anderen kulturell hochwertigen Veranstaltungen: seien es die Tonspuren am Asitz, die Event-Serie Alm:Kultur [&hellip;]<\/p>\n","protected":false},"author":15,"featured_media":676854,"comment_status":"closed","ping_status":"closed","template":"","meta":{"_acf_changed":false,"wl_entities_gutenberg":"","_relevanssi_hide_post":"","_relevanssi_hide_content":"","_relevanssi_pin_for_all":"","_relevanssi_pin_keywords":"","_relevanssi_unpin_keywords":"","_relevanssi_related_keywords":"","_relevanssi_related_include_ids":"","_relevanssi_related_exclude_ids":"","_relevanssi_related_no_append":"","_relevanssi_related_not_related":"","_relevanssi_related_posts":"","_relevanssi_noindex_reason":"","footnotes":""},"categories":[],"tags":[],"wl_entity_type":[7],"ski_resorts":[],"class_list":["post-59448","entity","type-entity","status-publish","has-post-thumbnail","hentry","wl_entity_type-place","sitetype-place"],"acf":[],"yoast_head":"<!-- This site is optimized with the Yoast SEO Premium plugin v26.9 (Yoast SEO v26.9) - https:\/\/yoast.com\/product\/yoast-seo-premium-wordpress\/ -->\n<title>Urlaubsstadt Saalfelden im Pinzgau, Kulturstadt und naturnaher Urlaubsort<\/title>\n<meta name=\"description\" content=\"Die Stadt Saalfelden ist bekannt f\u00fcr das Internationale Jazzfestival und als nordisches Kompetenzzentrum f\u00fcr Langl\u00e4ufer und Skispringer.\" \/>\n<meta name=\"robots\" content=\"index, follow, max-snippet:-1, max-image-preview:large, max-video-preview:-1\" \/>\n<link rel=\"canonical\" href=\"https:\/\/www.salzburgerland.com\/de\/wp-json\/wp\/v2\/entities\/59448\" \/>\n<meta property=\"og:locale\" content=\"de_DE\" \/>\n<meta property=\"og:type\" content=\"article\" \/>\n<meta property=\"og:title\" content=\"Saalfelden am Steinernen Meer\" \/>\n<meta property=\"og:description\" content=\"Die Stadt Saalfelden ist bekannt f\u00fcr das Internationale Jazzfestival und als nordisches Kompetenzzentrum f\u00fcr Langl\u00e4ufer und Skispringer.\" \/>\n<meta property=\"og:url\" content=\"https:\/\/www.salzburgerland.com\/de\/wp-json\/wp\/v2\/entities\/59448\" \/>\n<meta property=\"og:site_name\" content=\"SalzburgerLand.com\" \/>\n<meta property=\"article:publisher\" content=\"https:\/\/www.facebook.com\/salzburgerland\/\" \/>\n<meta property=\"article:modified_time\" content=\"2025-03-26T08:59:13+00:00\" \/>\n<meta property=\"og:image\" content=\"https:\/\/www.salzburgerland.com\/de\/wp-content\/uploads\/2016\/08\/saalfelden_langlauf_winter-2025-1200x675.jpg\" \/>\n\t<meta property=\"og:image:width\" content=\"1200\" \/>\n\t<meta property=\"og:image:height\" content=\"675\" \/>\n\t<meta property=\"og:image:type\" content=\"image\/jpeg\" \/>\n<meta name=\"twitter:card\" content=\"summary_large_image\" \/>\n<meta name=\"twitter:site\" content=\"@Salzburgerland\" \/>\n<meta name=\"twitter:label1\" content=\"Gesch\u00e4tzte Lesezeit\" \/>\n\t<meta name=\"twitter:data1\" content=\"4\u00a0Minuten\" \/>\n<script type=\"application\/ld+json\" class=\"yoast-schema-graph\">{\"@context\":\"https:\/\/schema.org\",\"@graph\":[{\"@type\":\"WebPage\",\"@id\":\"https:\/\/www.salzburgerland.com\/de\/saalfelden-am-steinernen-meer\/\",\"url\":\"https:\/\/www.salzburgerland.com\/de\/saalfelden-am-steinernen-meer\/\",\"name\":\"Urlaubsstadt Saalfelden im Pinzgau, Kulturstadt und naturnaher Urlaubsort\",\"isPartOf\":{\"@id\":\"https:\/\/www.salzburgerland.com\/de\/#website\"},\"primaryImageOfPage\":{\"@id\":\"https:\/\/www.salzburgerland.com\/de\/saalfelden-am-steinernen-meer\/#primaryimage\"},\"image\":{\"@id\":\"https:\/\/www.salzburgerland.com\/de\/saalfelden-am-steinernen-meer\/#primaryimage\"},\"thumbnailUrl\":\"https:\/\/www.salzburgerland.com\/de\/wp-content\/uploads\/2016\/08\/saalfelden_langlauf_winter-2025.jpg\",\"datePublished\":\"2016-08-23T13:06:45+00:00\",\"dateModified\":\"2025-03-26T08:59:13+00:00\",\"description\":\"Die Stadt Saalfelden ist bekannt f\u00fcr das Internationale Jazzfestival und als nordisches Kompetenzzentrum f\u00fcr Langl\u00e4ufer und Skispringer.\",\"breadcrumb\":{\"@id\":\"https:\/\/www.salzburgerland.com\/de\/saalfelden-am-steinernen-meer\/#breadcrumb\"},\"inLanguage\":\"de\",\"potentialAction\":[{\"@type\":\"ReadAction\",\"target\":[\"https:\/\/www.salzburgerland.com\/de\/saalfelden-am-steinernen-meer\/\"]}]},{\"@type\":\"ImageObject\",\"inLanguage\":\"de\",\"@id\":\"https:\/\/www.salzburgerland.com\/de\/saalfelden-am-steinernen-meer\/#primaryimage\",\"url\":\"https:\/\/www.salzburgerland.com\/de\/wp-content\/uploads\/2016\/08\/saalfelden_langlauf_winter-2025.jpg\",\"contentUrl\":\"https:\/\/www.salzburgerland.com\/de\/wp-content\/uploads\/2016\/08\/saalfelden_langlauf_winter-2025.jpg\",\"width\":2560,\"height\":1707,\"caption\":\"Zwei Personen beim Skilanglauf in der \u00f6sterreichischen Region Saalfelden, mit verschneiten Bergen und B\u00e4umen im Hintergrund.\"},{\"@type\":\"BreadcrumbList\",\"@id\":\"https:\/\/www.salzburgerland.com\/de\/saalfelden-am-steinernen-meer\/#breadcrumb\",\"itemListElement\":[{\"@type\":\"ListItem\",\"position\":1,\"name\":\"Saalfelden Leogang\",\"item\":\"https:\/\/www.salzburgerland.com\/de\/saalfelden-leogang\/\"},{\"@type\":\"ListItem\",\"position\":2,\"name\":\"Saalfelden am Steinernen Meer\"}]},{\"@type\":\"WebSite\",\"@id\":\"https:\/\/www.salzburgerland.com\/de\/#website\",\"url\":\"https:\/\/www.salzburgerland.com\/de\/\",\"name\":\"SalzburgerLand.com\",\"description\":\"Ihr Urlaub in Salzburg, \u00d6sterreich\",\"publisher\":{\"@id\":\"https:\/\/www.salzburgerland.com\/de\/#organization\"},\"potentialAction\":[{\"@type\":\"SearchAction\",\"target\":{\"@type\":\"EntryPoint\",\"urlTemplate\":\"https:\/\/www.salzburgerland.com\/de\/?s={search_term_string}\"},\"query-input\":{\"@type\":\"PropertyValueSpecification\",\"valueRequired\":true,\"valueName\":\"search_term_string\"}}],\"inLanguage\":\"de\"},{\"@type\":\"Organization\",\"@id\":\"https:\/\/www.salzburgerland.com\/de\/#organization\",\"name\":\"SalzburgerLand Tourismus GmbH\",\"url\":\"https:\/\/www.salzburgerland.com\/de\/\",\"logo\":{\"@type\":\"ImageObject\",\"inLanguage\":\"de\",\"@id\":\"https:\/\/www.salzburgerland.com\/de\/#\/schema\/logo\/image\/\",\"url\":\"https:\/\/www.salzburgerland.com\/de\/wp-content\/uploads\/2017\/01\/salzburgerland-logo.jpg\",\"contentUrl\":\"https:\/\/www.salzburgerland.com\/de\/wp-content\/uploads\/2017\/01\/salzburgerland-logo.jpg\",\"width\":1920,\"height\":827,\"caption\":\"SalzburgerLand Tourismus GmbH\"},\"image\":{\"@id\":\"https:\/\/www.salzburgerland.com\/de\/#\/schema\/logo\/image\/\"},\"sameAs\":[\"https:\/\/www.facebook.com\/salzburgerland\/\",\"https:\/\/x.com\/Salzburgerland\",\"https:\/\/www.instagram.com\/salzburgerland\/\",\"http:\/\/dbpedia.org\/resource\/Salzburg_(state)\",\"http:\/\/wikidata.dbpedia.org\/resource\/Q43325\",\"http:\/\/open.salzburgerland.com\/de\/entity\/salzburgerland\",\"https:\/\/www.youtube.com\/user\/salzburgerland\"]}]}<\/script>\n<!-- \/ Yoast SEO Premium plugin. -->","yoast_head_json":{"title":"Urlaubsstadt Saalfelden im Pinzgau, Kulturstadt und naturnaher Urlaubsort","description":"Die Stadt Saalfelden ist bekannt f\u00fcr das Internationale Jazzfestival und als nordisches Kompetenzzentrum f\u00fcr Langl\u00e4ufer und Skispringer.","robots":{"index":"index","follow":"follow","max-snippet":"max-snippet:-1","max-image-preview":"max-image-preview:large","max-video-preview":"max-video-preview:-1"},"canonical":"https:\/\/www.salzburgerland.com\/de\/wp-json\/wp\/v2\/entities\/59448","og_locale":"de_DE","og_type":"article","og_title":"Saalfelden am Steinernen Meer","og_description":"Die Stadt Saalfelden ist bekannt f\u00fcr das Internationale Jazzfestival und als nordisches Kompetenzzentrum f\u00fcr Langl\u00e4ufer und Skispringer.","og_url":"https:\/\/www.salzburgerland.com\/de\/wp-json\/wp\/v2\/entities\/59448","og_site_name":"SalzburgerLand.com","article_publisher":"https:\/\/www.facebook.com\/salzburgerland\/","article_modified_time":"2025-03-26T08:59:13+00:00","og_image":[{"width":1200,"height":675,"url":"https:\/\/www.salzburgerland.com\/de\/wp-content\/uploads\/2016\/08\/saalfelden_langlauf_winter-2025-1200x675.jpg","type":"image\/jpeg"}],"twitter_card":"summary_large_image","twitter_site":"@Salzburgerland","twitter_misc":{"Gesch\u00e4tzte Lesezeit":"4\u00a0Minuten"},"schema":{"@context":"https:\/\/schema.org","@graph":[{"@type":"WebPage","@id":"https:\/\/www.salzburgerland.com\/de\/saalfelden-am-steinernen-meer\/","url":"https:\/\/www.salzburgerland.com\/de\/saalfelden-am-steinernen-meer\/","name":"Urlaubsstadt Saalfelden im Pinzgau, Kulturstadt und naturnaher Urlaubsort","isPartOf":{"@id":"https:\/\/www.salzburgerland.com\/de\/#website"},"primaryImageOfPage":{"@id":"https:\/\/www.salzburgerland.com\/de\/saalfelden-am-steinernen-meer\/#primaryimage"},"image":{"@id":"https:\/\/www.salzburgerland.com\/de\/saalfelden-am-steinernen-meer\/#primaryimage"},"thumbnailUrl":"https:\/\/www.salzburgerland.com\/de\/wp-content\/uploads\/2016\/08\/saalfelden_langlauf_winter-2025.jpg","datePublished":"2016-08-23T13:06:45+00:00","dateModified":"2025-03-26T08:59:13+00:00","description":"Die Stadt Saalfelden ist bekannt f\u00fcr das Internationale Jazzfestival und als nordisches Kompetenzzentrum f\u00fcr Langl\u00e4ufer und Skispringer.","breadcrumb":{"@id":"https:\/\/www.salzburgerland.com\/de\/saalfelden-am-steinernen-meer\/#breadcrumb"},"inLanguage":"de","potentialAction":[{"@type":"ReadAction","target":["https:\/\/www.salzburgerland.com\/de\/saalfelden-am-steinernen-meer\/"]}]},{"@type":"ImageObject","inLanguage":"de","@id":"https:\/\/www.salzburgerland.com\/de\/saalfelden-am-steinernen-meer\/#primaryimage","url":"https:\/\/www.salzburgerland.com\/de\/wp-content\/uploads\/2016\/08\/saalfelden_langlauf_winter-2025.jpg","contentUrl":"https:\/\/www.salzburgerland.com\/de\/wp-content\/uploads\/2016\/08\/saalfelden_langlauf_winter-2025.jpg","width":2560,"height":1707,"caption":"Zwei Personen beim Skilanglauf in der \u00f6sterreichischen Region Saalfelden, mit verschneiten Bergen und B\u00e4umen im Hintergrund."},{"@type":"BreadcrumbList","@id":"https:\/\/www.salzburgerland.com\/de\/saalfelden-am-steinernen-meer\/#breadcrumb","itemListElement":[{"@type":"ListItem","position":1,"name":"Saalfelden Leogang","item":"https:\/\/www.salzburgerland.com\/de\/saalfelden-leogang\/"},{"@type":"ListItem","position":2,"name":"Saalfelden am Steinernen Meer"}]},{"@type":"WebSite","@id":"https:\/\/www.salzburgerland.com\/de\/#website","url":"https:\/\/www.salzburgerland.com\/de\/","name":"SalzburgerLand.com","description":"Ihr Urlaub in Salzburg, \u00d6sterreich","publisher":{"@id":"https:\/\/www.salzburgerland.com\/de\/#organization"},"potentialAction":[{"@type":"SearchAction","target":{"@type":"EntryPoint","urlTemplate":"https:\/\/www.salzburgerland.com\/de\/?s={search_term_string}"},"query-input":{"@type":"PropertyValueSpecification","valueRequired":true,"valueName":"search_term_string"}}],"inLanguage":"de"},{"@type":"Organization","@id":"https:\/\/www.salzburgerland.com\/de\/#organization","name":"SalzburgerLand Tourismus GmbH","url":"https:\/\/www.salzburgerland.com\/de\/","logo":{"@type":"ImageObject","inLanguage":"de","@id":"https:\/\/www.salzburgerland.com\/de\/#\/schema\/logo\/image\/","url":"https:\/\/www.salzburgerland.com\/de\/wp-content\/uploads\/2017\/01\/salzburgerland-logo.jpg","contentUrl":"https:\/\/www.salzburgerland.com\/de\/wp-content\/uploads\/2017\/01\/salzburgerland-logo.jpg","width":1920,"height":827,"caption":"SalzburgerLand Tourismus GmbH"},"image":{"@id":"https:\/\/www.salzburgerland.com\/de\/#\/schema\/logo\/image\/"},"sameAs":["https:\/\/www.facebook.com\/salzburgerland\/","https:\/\/x.com\/Salzburgerland","https:\/\/www.instagram.com\/salzburgerland\/","http:\/\/dbpedia.org\/resource\/Salzburg_(state)","http:\/\/wikidata.dbpedia.org\/resource\/Q43325","http:\/\/open.salzburgerland.com\/de\/entity\/salzburgerland","https:\/\/www.youtube.com\/user\/salzburgerland"]}]}},"_wl_alt_label":[],"wl:entity_url":"http:\/\/open.salzburgerland.com\/de\/entity\/saalfelden","_links":{"self":[{"href":"https:\/\/www.salzburgerland.com\/de\/wp-json\/wp\/v2\/entities\/59448","targetHints":{"allow":["GET"]}}],"collection":[{"href":"https:\/\/www.salzburgerland.com\/de\/wp-json\/wp\/v2\/entities"}],"about":[{"href":"https:\/\/www.salzburgerland.com\/de\/wp-json\/wp\/v2\/types\/entity"}],"author":[{"embeddable":true,"href":"https:\/\/www.salzburgerland.com\/de\/wp-json\/wp\/v2\/users\/15"}],"replies":[{"embeddable":true,"href":"https:\/\/www.salzburgerland.com\/de\/wp-json\/wp\/v2\/comments?post=59448"}],"version-history":[{"count":5,"href":"https:\/\/www.salzburgerland.com\/de\/wp-json\/wp\/v2\/entities\/59448\/revisions"}],"predecessor-version":[{"id":676858,"href":"https:\/\/www.salzburgerland.com\/de\/wp-json\/wp\/v2\/entities\/59448\/revisions\/676858"}],"wp:featuredmedia":[{"embeddable":true,"href":"https:\/\/www.salzburgerland.com\/de\/wp-json\/wp\/v2\/media\/676854"}],"wp:attachment":[{"href":"https:\/\/www.salzburgerland.com\/de\/wp-json\/wp\/v2\/media?parent=59448"}],"wp:term":[{"taxonomy":"category","embeddable":true,"href":"https:\/\/www.salzburgerland.com\/de\/wp-json\/wp\/v2\/categories?post=59448"},{"taxonomy":"post_tag","embeddable":true,"href":"https:\/\/www.salzburgerland.com\/de\/wp-json\/wp\/v2\/tags?post=59448"},{"taxonomy":"wl_entity_type","embeddable":true,"href":"https:\/\/www.salzburgerland.com\/de\/wp-json\/wp\/v2\/wl_entity_type?post=59448"},{"taxonomy":"ski_resorts","embeddable":true,"href":"https:\/\/www.salzburgerland.com\/de\/wp-json\/wp\/v2\/ski_resorts?post=59448"}],"curies":[{"name":"wp","href":"https:\/\/api.w.org\/{rel}","templated":true}]}}