{"id":59399,"date":"2016-08-23T15:01:22","date_gmt":"2016-08-23T13:01:22","guid":{"rendered":"https:\/\/www.onebigpark.at\/de\/entity\/ebenau\/"},"modified":"2023-10-31T16:06:59","modified_gmt":"2023-10-31T15:06:59","slug":"ebenau","status":"publish","type":"entity","link":"https:\/\/www.salzburgerland.com\/de\/ebenau\/","title":{"rendered":"Ebenau"},"content":{"rendered":"<p>Malerisch gelegen. Idyllisch eingebettet. Gastfreundlich und erholsam in jedem Winkel. So l\u00e4sst sich der Erholungsort <a href=\"https:\/\/fuschlsee.salzkammergut.at\/oesterreich\/ort\/430001342\/ebenau.html\" target=\"_blank\" rel=\"noopener\">Ebenau<\/a> beschreiben. Zwischen den Seen des Salzkammergutes und der weltbekannten Mozartstadt liegt der 1.300 Seelen Ort. Durch seine Bestlage bietet er die idealen Bedingungen f\u00fcr Ausfl\u00fcge wie Wanderungen, einen Tag am See, Radtouren oder Erkundungen der\u00a0<a href=\"https:\/\/www.salzburg.info\/de\" target=\"_blank\" rel=\"noopener\">Stadt Salzburg<\/a>. Auch die <a href=\"https:\/\/www.salzburgerland.com\/de\/hallein\/\" target=\"_blank\" rel=\"noopener\">Keltenstadt Hallein<\/a> ist nicht weit entfernt.<\/p>\n<h2>Canyoning in der Strubklamm<\/h2>\n<p>Zwischen Faistenau und Ebenau liegt eine der l\u00e4ngsten Schluchten \u00d6sterreichs: die Strubklamm. Durch ausgedehnte Schwimmpassagen sowie zahlreiche Spr\u00fcnge \u00fcberzeugt sie erfahrene <a href=\"https:\/\/fuschlsee.salzkammergut.at\/oesterreich-poi\/detail\/202161\/canyoning-team-strubklamm.html\" target=\"_blank\" rel=\"noopener\">Canyoning<\/a> \u2013 Liebhaber, die auf der Suche nach dem ultimativen Action \u2013 Erlebnis in unvergleichlicher Naturumgebung sind. Duschen und Umkleiden stehen zur Verf\u00fcgung.<\/p>\n\n\t\t\t<div id=\"59399-1\" class=\"gallery gallery-59399 gallery-columns-3 gallery-size-1170_658\" itemscope itemtype=\"http:\/\/schema.org\/ImageGallery\">\n\t\t\t\t<ul class=\"gallery-row gallery-col-3 gallery-clear\">\n\t\t\t\t\t<li class=\"gallery-item col-3\" itemprop=\"associatedMedia\" itemscope itemtype=\"http:\/\/schema.org\/ImageObject\">\n\t\t\t\t\t\t<div class=\"gallery-icon landscape\"><a href=\"https:\/\/www.salzburgerland.com\/de\/wp-content\/uploads\/2016\/08\/rs1572_2016-09-15-slt-themenshooting-canyoning-salzburgerland-tourismus-michael-groessinger-img_7230-scr.jpg\" title=\"Canyoning\"><img decoding=\"async\" data-title=\"\u00a9 SalzburgerLand Tourismus, Michael Groessinger, Canyoning\" title=\"\u00a9 SalzburgerLand Tourismus, Michael Groessinger, Canyoning\" data-caption=\"\u00a9 SalzburgerLand Tourismus, Michael Groessinger, Canyoning\" width=\"1100\" height=\"658\" src=\"https:\/\/www.salzburgerland.com\/de\/wp-content\/uploads\/2016\/08\/rs1572_2016-09-15-slt-themenshooting-canyoning-salzburgerland-tourismus-michael-groessinger-img_7230-scr-1100x658.jpg\" class=\"attachment-1170_658 size-1170_658\" alt=\"Eine Person in rotem Neoprenanzug und Helm taucht aus dem felsigen Wasser der Ebenau auf, die Augen geschlossen, das Wasser spritzt. (vergr\u00f6\u00dferte Ansicht)\" aria-describedby=\"figcaption-59399-666924\" itemprop=\"thumbnail\"><\/a><\/div>\n\t\t\t\t\t\t<span id=\"figcaption-59399-666924\" class=\"gallery-caption\" itemprop=\"caption\"><span aria-hidden=\"true\">\u00a9 SalzburgerLand Tourismus, Michael Groessinger, Canyoning<\/span><\/span>\n\t\t\t\t\t<\/li>\n\t\t\t\t\t<li class=\"gallery-item col-3\" itemprop=\"associatedMedia\" itemscope itemtype=\"http:\/\/schema.org\/ImageObject\">\n\t\t\t\t\t\t<div class=\"gallery-icon landscape\"><a href=\"https:\/\/www.salzburgerland.com\/de\/wp-content\/uploads\/2016\/08\/rs1562_2016-09-15-slt-themenshooting-canyoning-salzburgerland-tourismus-michael-groessinger-img_7564-scr.jpg\" title=\"Canyoning\"><img decoding=\"async\" data-title=\"\u00a9 SalzburgerLand Tourismus, Michael Groessinger, Canyoning\" title=\"\u00a9 SalzburgerLand Tourismus, Michael Groessinger, Canyoning\" data-caption=\"\u00a9 SalzburgerLand Tourismus, Michael Groessinger, Canyoning\" width=\"1100\" height=\"658\" src=\"https:\/\/www.salzburgerland.com\/de\/wp-content\/uploads\/2016\/08\/rs1562_2016-09-15-slt-themenshooting-canyoning-salzburgerland-tourismus-michael-groessinger-img_7564-scr-1100x658.jpg\" class=\"attachment-1170_658 size-1170_658\" alt=\"Zwei Personen mit Helmen schwimmen in einem felsigen Bach in der Ebenau-Schlucht, hinter ihnen ein kleiner Wasserfall. (vergr\u00f6\u00dferte Ansicht)\" aria-describedby=\"figcaption-59399-666925\" itemprop=\"thumbnail\"><\/a><\/div>\n\t\t\t\t\t\t<span id=\"figcaption-59399-666925\" class=\"gallery-caption\" itemprop=\"caption\"><span aria-hidden=\"true\">\u00a9 SalzburgerLand Tourismus, Michael Groessinger, Canyoning<\/span><\/span>\n\t\t\t\t\t<\/li>\n\t\t\t\t\t<li class=\"gallery-item col-3\" itemprop=\"associatedMedia\" itemscope itemtype=\"http:\/\/schema.org\/ImageObject\">\n\t\t\t\t\t\t<div class=\"gallery-icon landscape\"><a href=\"https:\/\/www.salzburgerland.com\/de\/wp-content\/uploads\/2016\/08\/rs1573_2016-09-15-slt-themenshooting-canyoning-salzburgerland-tourismus-michael-groessinger-img_7425-scr.jpg\" title=\"Canyoning\"><img decoding=\"async\" data-title=\"\u00a9 SalzburgerLand Tourismus, Michael Groessinger, Canyoning\" title=\"\u00a9 SalzburgerLand Tourismus, Michael Groessinger, Canyoning\" data-caption=\"\u00a9 SalzburgerLand Tourismus, Michael Groessinger, Canyoning\" width=\"1100\" height=\"658\" src=\"https:\/\/www.salzburgerland.com\/de\/wp-content\/uploads\/2016\/08\/rs1573_2016-09-15-slt-themenshooting-canyoning-salzburgerland-tourismus-michael-groessinger-img_7425-scr-1100x658.jpg\" class=\"attachment-1170_658 size-1170_658\" alt=\"Eine Person in Helm und Neoprenanzug rutscht die felsige Ebenau-Schlucht hinunter ins Wasser, die Arme in der Mitte des Abstiegs erhoben. (vergr\u00f6\u00dferte Ansicht)\" aria-describedby=\"figcaption-59399-666923\" itemprop=\"thumbnail\"><\/a><\/div>\n\t\t\t\t\t\t<span id=\"figcaption-59399-666923\" class=\"gallery-caption\" itemprop=\"caption\"><span aria-hidden=\"true\">\u00a9 SalzburgerLand Tourismus, Michael Groessinger, Canyoning<\/span><\/span>\n\t\t\t\t\t<\/li>\n\t\t\t\t<\/ul>\n\t\t\t<\/div><!-- .gallery -->\n\n<h2>Das Dorf der Alten M\u00fchlen<\/h2>\n<p>Der beliebte M\u00fchlenwanderweg, bei dem Sie an 7 historischen M\u00fchlen vorbeikommen, f\u00fchrt in das \u201e<a href=\"https:\/\/fuschlsee.salzkammergut.at\/oesterreich-poi\/detail\/400453\/naturdenkmal-ploetz-gluecksplatz.html\" target=\"_blank\" rel=\"noopener\">Naturdenkmal-Pl\u00f6tz<\/a>\u201e, eine wildromantische Schlucht mit Felswannen und imposantem Wasserfall. Das Wasser st\u00fcrzt dabei 50 Meter in die Tiefe. Besonders an hei\u00dfen Sommertagen ein idealer Ort f\u00fcr eine Erfrischung.<\/p>\n\n\t\t\t<div id=\"59399-2\" class=\"gallery gallery-59399 gallery-columns-3 gallery-size-1170_658\" itemscope itemtype=\"http:\/\/schema.org\/ImageGallery\">\n\t\t\t\t<ul class=\"gallery-row gallery-col-3 gallery-clear\">\n\t\t\t\t\t<li class=\"gallery-item col-3\" itemprop=\"associatedMedia\" itemscope itemtype=\"http:\/\/schema.org\/ImageObject\">\n\t\t\t\t\t\t<div class=\"gallery-icon landscape\"><a href=\"https:\/\/www.salzburgerland.com\/de\/wp-content\/uploads\/2016\/08\/familie-bei-der-muehle-cfuschlseeregion-groessinger-1897x1067.jpeg\" title=\"Familie bei der Muehle (c)Fuschlseeregion-Groessinger\"><img decoding=\"async\" data-title=\"\" title=\"\" data-caption=\"\" width=\"1170\" height=\"658\" src=\"https:\/\/www.salzburgerland.com\/de\/wp-content\/uploads\/2016\/08\/familie-bei-der-muehle-cfuschlseeregion-groessinger-1170x658.jpeg\" class=\"attachment-1170_658 size-1170_658\" alt=\"Eine Familie geht l\u00e4chelnd und h\u00e4ndchenhaltend an einem Bach in der N\u00e4he der Wasserm\u00fchle Ebenau im Wald spazieren. (vergr\u00f6\u00dferte Ansicht)\" srcset=\"https:\/\/www.salzburgerland.com\/de\/wp-content\/uploads\/2016\/08\/familie-bei-der-muehle-cfuschlseeregion-groessinger-1170x658.jpeg 1170w, https:\/\/www.salzburgerland.com\/de\/wp-content\/uploads\/2016\/08\/familie-bei-der-muehle-cfuschlseeregion-groessinger-1897x1067.jpeg 1897w, https:\/\/www.salzburgerland.com\/de\/wp-content\/uploads\/2016\/08\/familie-bei-der-muehle-cfuschlseeregion-groessinger-768x432.jpeg 768w, https:\/\/www.salzburgerland.com\/de\/wp-content\/uploads\/2016\/08\/familie-bei-der-muehle-cfuschlseeregion-groessinger-1536x864.jpeg 1536w, https:\/\/www.salzburgerland.com\/de\/wp-content\/uploads\/2016\/08\/familie-bei-der-muehle-cfuschlseeregion-groessinger-1200x675.jpeg 1200w, https:\/\/www.salzburgerland.com\/de\/wp-content\/uploads\/2016\/08\/familie-bei-der-muehle-cfuschlseeregion-groessinger-150x84.jpeg 150w, https:\/\/www.salzburgerland.com\/de\/wp-content\/uploads\/2016\/08\/familie-bei-der-muehle-cfuschlseeregion-groessinger.jpeg 1920w\" sizes=\"(max-width: 1170px) 100vw, 1170px\" itemprop=\"thumbnail\"><\/a><\/div>\n\t\t\t\t\t<\/li>\n\t\t\t\t\t<li class=\"gallery-item col-3\" itemprop=\"associatedMedia\" itemscope itemtype=\"http:\/\/schema.org\/ImageObject\">\n\t\t\t\t\t\t<div class=\"gallery-icon landscape\"><a href=\"https:\/\/www.salzburgerland.com\/de\/wp-content\/uploads\/2016\/08\/ebenau_waschlmuehle.jpg\" title=\"ebenau_waschlmuehle\"><img decoding=\"async\" data-title=\"Die Waschlm\u00fchle in Ebenau\" title=\"Die Waschlm\u00fchle in Ebenau\" data-caption=\"Die Waschlm\u00fchle in Ebenau\" width=\"625\" height=\"275\" src=\"https:\/\/www.salzburgerland.com\/de\/wp-content\/uploads\/2016\/08\/ebenau_waschlmuehle.jpg\" class=\"attachment-1170_658 size-1170_658\" alt=\"Eine rustikale h\u00f6lzerne Wasserm\u00fchle mit einem Schindeldach steht an einem \u00f6sterreichischen Ebenauzaun inmitten von gr\u00fcnen B\u00e4umen und einer Wiese. (vergr\u00f6\u00dferte Ansicht)\" aria-describedby=\"figcaption-59399-61988\" itemprop=\"thumbnail\"><\/a><\/div>\n\t\t\t\t\t\t<span id=\"figcaption-59399-61988\" class=\"gallery-caption\" itemprop=\"caption\"><span aria-hidden=\"true\">Die Waschlm\u00fchle in Ebenau<\/span><\/span>\n\t\t\t\t\t<\/li>\n\t\t\t\t\t<li class=\"gallery-item col-3\" itemprop=\"associatedMedia\" itemscope itemtype=\"http:\/\/schema.org\/ImageObject\">\n\t\t\t\t\t\t<div class=\"gallery-icon landscape\"><a href=\"https:\/\/www.salzburgerland.com\/de\/wp-content\/uploads\/2016\/08\/maedchen-bei-der-ploetz-cfuschlseeregion-groessinger-1897x1067.jpeg\" title=\"Maedchen bei der Ploetz (c)Fuschlseeregion-Groessinger\"><img decoding=\"async\" data-title=\"\" title=\"\" data-caption=\"\" width=\"1170\" height=\"658\" src=\"https:\/\/www.salzburgerland.com\/de\/wp-content\/uploads\/2016\/08\/maedchen-bei-der-ploetz-cfuschlseeregion-groessinger-1170x658.jpeg\" class=\"attachment-1170_658 size-1170_658\" alt=\"Zwei junge M\u00e4dchen spielen an einem felsigen Bach in der N\u00e4he eines kleinen Wasserfalls in der bewaldeten Gegend von Ebenau. (vergr\u00f6\u00dferte Ansicht)\" srcset=\"https:\/\/www.salzburgerland.com\/de\/wp-content\/uploads\/2016\/08\/maedchen-bei-der-ploetz-cfuschlseeregion-groessinger-1170x658.jpeg 1170w, https:\/\/www.salzburgerland.com\/de\/wp-content\/uploads\/2016\/08\/maedchen-bei-der-ploetz-cfuschlseeregion-groessinger-1897x1067.jpeg 1897w, https:\/\/www.salzburgerland.com\/de\/wp-content\/uploads\/2016\/08\/maedchen-bei-der-ploetz-cfuschlseeregion-groessinger-768x432.jpeg 768w, https:\/\/www.salzburgerland.com\/de\/wp-content\/uploads\/2016\/08\/maedchen-bei-der-ploetz-cfuschlseeregion-groessinger-1536x864.jpeg 1536w, https:\/\/www.salzburgerland.com\/de\/wp-content\/uploads\/2016\/08\/maedchen-bei-der-ploetz-cfuschlseeregion-groessinger-1200x675.jpeg 1200w, https:\/\/www.salzburgerland.com\/de\/wp-content\/uploads\/2016\/08\/maedchen-bei-der-ploetz-cfuschlseeregion-groessinger-150x84.jpeg 150w, https:\/\/www.salzburgerland.com\/de\/wp-content\/uploads\/2016\/08\/maedchen-bei-der-ploetz-cfuschlseeregion-groessinger.jpeg 1920w\" sizes=\"(max-width: 1170px) 100vw, 1170px\" itemprop=\"thumbnail\"><\/a><\/div>\n\t\t\t\t\t<\/li>\n\t\t\t\t<\/ul>\n\t\t\t<\/div><!-- .gallery -->\n\n<h2><strong>Wanderparadies Ebenau<\/strong><\/h2>\n<p>Eine beliebte Tour ist jene auf den Hausberg der Salzburger \u2013 den Gaisberg. Als Naherholungsgebiet wird er besonders gesch\u00e4tzt. Das gut beschilderte <a href=\"https:\/\/fuschlsee.salzkammergut.at\/salzburg-see-orte\/ebenau\/oesterreich-stadt-ort\/detail\/430001342\/ebenau.html?tx_ttgtourdata_tdort%5Bshow%5D=Tour&amp;cHash=53adb9a55e73aa3ed9e9655d5172d289\" target=\"_blank\" rel=\"noopener\">Wandernetz<\/a> erm\u00f6glicht leichte Touren mit sch\u00f6ner Aussicht auf die Stadt Salzburg, die nahen Seen und die umliegenden Gebirgsz\u00fcge. Vom Parkplatz beim Feuerwehrhaus aus gelangen Wanderer in 2,5 Stunden zur Zistelalm \u2013 hier lockt typische Salzburger K\u00fcche mit einzigartigem Panorama. In einer weiteren Stunde l\u00e4sst sich der Gaisberggipfel erreichen.<\/p>\n\n\t\t\t<div id=\"59399-3\" class=\"gallery gallery-59399 gallery-columns-3 gallery-size-1170_658\" itemscope itemtype=\"http:\/\/schema.org\/ImageGallery\">\n\t\t\t\t<ul class=\"gallery-row gallery-col-3 gallery-clear\">\n\t\t\t\t\t<li class=\"gallery-item col-3\" itemprop=\"associatedMedia\" itemscope itemtype=\"http:\/\/schema.org\/ImageObject\">\n\t\t\t\t\t\t<div class=\"gallery-icon landscape\"><a href=\"https:\/\/www.salzburgerland.com\/de\/wp-content\/uploads\/2016\/08\/rs3573_2018-09-12-wandershooting-fuschlseeregion-by-michael-groessinger-img_1219-scr.jpg\" title=\"Faistenauer Schafberg\"><img decoding=\"async\" data-title=\"\u00a9 SalzburgerLand Tourismus, Michael Groessinger, Faistenauer Schafberg\" title=\"\u00a9 SalzburgerLand Tourismus, Michael Groessinger, Faistenauer Schafberg\" data-caption=\"\u00a9 SalzburgerLand Tourismus, Michael Groessinger, Faistenauer Schafberg\" width=\"1100\" height=\"658\" src=\"https:\/\/www.salzburgerland.com\/de\/wp-content\/uploads\/2016\/08\/rs3573_2018-09-12-wandershooting-fuschlseeregion-by-michael-groessinger-img_1219-scr-1100x658.jpg\" class=\"attachment-1170_658 size-1170_658\" alt=\"Eine Familie feiert in der N\u00e4he eines gro\u00dfen Kreuzes auf dem Gipfel von Faistenau mit Blick auf die malerischen \u00f6sterreichischen T\u00e4ler bei Sonnenuntergang. (vergr\u00f6\u00dferte Ansicht)\" aria-describedby=\"figcaption-59399-666883\" itemprop=\"thumbnail\"><\/a><\/div>\n\t\t\t\t\t\t<span id=\"figcaption-59399-666883\" class=\"gallery-caption\" itemprop=\"caption\"><span aria-hidden=\"true\">\u00a9 SalzburgerLand Tourismus, Michael Groessinger, Faistenauer Schafberg<\/span><\/span>\n\t\t\t\t\t<\/li>\n\t\t\t\t\t<li class=\"gallery-item col-3\" itemprop=\"associatedMedia\" itemscope itemtype=\"http:\/\/schema.org\/ImageObject\">\n\t\t\t\t\t\t<div class=\"gallery-icon landscape\"><a href=\"https:\/\/www.salzburgerland.com\/de\/wp-content\/uploads\/2016\/08\/rs3096_almsommer_2_770-scr.jpg\" title=\"Jause auf der Alm\"><img decoding=\"async\" data-title=\"\u00a9 SalzburgerLand Tourismus, Tom Son, Jause auf der Alm\" title=\"\u00a9 SalzburgerLand Tourismus, Tom Son, Jause auf der Alm\" data-caption=\"\u00a9 SalzburgerLand Tourismus, Tom Son, Jause auf der Alm\" width=\"1100\" height=\"658\" src=\"https:\/\/www.salzburgerland.com\/de\/wp-content\/uploads\/2016\/08\/rs3096_almsommer_2_770-scr-1100x658.jpg\" class=\"attachment-1170_658 size-1170_658\" alt=\"Vier Personen genie\u00dfen Essen und Getr\u00e4nke an einem Tisch im Freien in Faistenau, mit Bergen und Gr\u00fcn im Hintergrund. (vergr\u00f6\u00dferte Ansicht)\" aria-describedby=\"figcaption-59399-666882\" itemprop=\"thumbnail\"><\/a><\/div>\n\t\t\t\t\t\t<span id=\"figcaption-59399-666882\" class=\"gallery-caption\" itemprop=\"caption\"><span aria-hidden=\"true\">\u00a9 SalzburgerLand Tourismus, Tom Son, Jause auf der Alm<\/span><\/span>\n\t\t\t\t\t<\/li>\n\t\t\t\t\t<li class=\"gallery-item col-3\" itemprop=\"associatedMedia\" itemscope itemtype=\"http:\/\/schema.org\/ImageObject\">\n\t\t\t\t\t\t<div class=\"gallery-icon landscape\"><a href=\"https:\/\/www.salzburgerland.com\/de\/wp-content\/uploads\/2016\/08\/rs4109_2020-08-27-mutter-und-tochter-am-berg-beim-sonnenuntergang-by-michael-groessinger-_a2a9678-scr.jpg\" title=\"Mutter-Tochter-Tag\"><img decoding=\"async\" data-title=\"\u00a9 SalzburgerLand Tourismus, Michael Groessinger, Mutter-Tochter-Tag\" title=\"\u00a9 SalzburgerLand Tourismus, Michael Groessinger, Mutter-Tochter-Tag\" data-caption=\"\u00a9 SalzburgerLand Tourismus, Michael Groessinger, Mutter-Tochter-Tag\" width=\"1100\" height=\"658\" src=\"https:\/\/www.salzburgerland.com\/de\/wp-content\/uploads\/2016\/08\/rs4109_2020-08-27-mutter-und-tochter-am-berg-beim-sonnenuntergang-by-michael-groessinger-_a2a9678-scr-1100x658.jpg\" class=\"attachment-1170_658 size-1170_658\" alt=\"Eine Frau und ein M\u00e4dchen halten sich auf einem Wanderweg in Ebenau an den H\u00e4nden, mit Blick auf einen See und Berge bei Sonnenuntergang. (vergr\u00f6\u00dferte Ansicht)\" aria-describedby=\"figcaption-59399-666922\" itemprop=\"thumbnail\"><\/a><\/div>\n\t\t\t\t\t\t<span id=\"figcaption-59399-666922\" class=\"gallery-caption\" itemprop=\"caption\"><span aria-hidden=\"true\">\u00a9 SalzburgerLand Tourismus, Michael Groessinger, Mutter-Tochter-Tag<\/span><\/span>\n\t\t\t\t\t<\/li>\n\t\t\t\t<\/ul>\n\t\t\t<\/div><!-- .gallery -->\n\n<h2>Ebenauer Adventmarkt im Brunnengarten<\/h2>\n<p>Einer der \u00e4ltesten Weihnachtsm\u00e4rkte im SalzburgerLand ist der Ebenauer Adventmarkt meist an 3 Adventwochenende. Der kleine aber feine Adventmarkt hat ein besonderes Flair. Der im Lichterglanz von unz\u00e4hligen Weihnachtsb\u00e4umen erleuchtete <a href=\"https:\/\/fuschlsee.salzkammergut.at\/advent-fuschlsee\/advent-der-doerfer\/oesterreich-veranstaltung\/detail\/430126950\/ebenauer-adventmarkt-im-brunnengarten.html\" target=\"_blank\" rel=\"noopener\">Brunnengarten<\/a> bildet traditionell den Rahmen f\u00fcr die liebevoll dekorierten H\u00fctten. \u201eAdventblasen\u201c mit Bl\u00e4sern der Musikkapelle Ebenau, Krippenausstellung, F\u00fchrungen im Museum im F\u00fcrstenst\u00f6ckl, Lebende Krippe mit Esel und Schafen,\u00a0 Kunstschmied fertigt Gl\u00fccksbringer f\u00fcr das neue Jahr an, Besuch des Nikolaus und Krampuslauf der Pl\u00f6tz Pass,\u2026. Der Adventmarkt ist einer von drei\u00a0 \u201e<a href=\"https:\/\/fuschlsee.salzkammergut.at\/advent-fuschlsee\/advent-der-doerfer.html\" target=\"_blank\" rel=\"noopener\">Der Advent der D\u00f6rfer\u201c<\/a>\u00a0m\u00e4rkten<\/p>\n<h2>Sehenswertes in Ebenau<\/h2>\n<ul>\n<li><strong>Kultur erwandern:<\/strong> Der <strong>Messingweg<\/strong> berichtet von der Zeit zwischen dem 16. und \u00a019. Jahrhundert, \u00a0in der Ebenau noch als wichtiger Lieferant f\u00fcr das F\u00fcrsterzbistum Salzburg bekannt war. Davon zeugen auch die Ger\u00e4te im Heimatmuseum <a href=\"https:\/\/fuschlsee.salzkammergut.at\/oesterreich-poi\/detail\/430016665\/museum-im-fuerstenstoeckl.html\" target=\"_blank\" rel=\"noopener\">F\u00fcrstenst\u00f6ckl<\/a>.<\/li>\n<li><strong>Wasserkraft:<\/strong> Der renovierte <a href=\"http:\/\/fuschlsee.salzkammergut.at\/oesterreich\/poi\/401533\/historischer-wasserstollen-in-ebenau.html\" target=\"_blank\" rel=\"noopener noreferrer\"><strong>Wasserstollen<\/strong><\/a> im Messingwerk liegt in der Klamm des Schwarzaubachs.<\/li>\n<li><strong>Pertill-M\u00fchle Ebenau \u2013 Gl\u00fccksplatz: <\/strong>Die <span><a href=\"https:\/\/fuschlsee.salzkammergut.at\/salzburg-see-orte\/ebenau\/oesterreich-poi\/detail\/430003407\/pertill-muehle-ebenau-gluecksplatz.html\" target=\"_blank\" rel=\"noopener\">Doppelm\u00fchle<\/a> mit zwei getrennten Mahlwerken wurde zwischen dem 16. und 17. Jahrhundert errichtet<\/span><\/li>\n<\/ul>\n","protected":false},"excerpt":{"rendered":"<p>Malerisch gelegen. Idyllisch eingebettet. Gastfreundlich und erholsam in jedem Winkel. So l\u00e4sst sich der Erholungsort Ebenau beschreiben. Zwischen den Seen des Salzkammergutes und der weltbekannten Mozartstadt liegt der 1.300 Seelen Ort. Durch seine Bestlage bietet er die idealen Bedingungen f\u00fcr Ausfl\u00fcge wie Wanderungen, einen Tag am See, Radtouren oder Erkundungen der\u00a0Stadt Salzburg. Auch die Keltenstadt [&hellip;]<\/p>\n","protected":false},"author":15,"featured_media":104274,"comment_status":"closed","ping_status":"closed","template":"","meta":{"_acf_changed":false,"wl_entities_gutenberg":"","_relevanssi_hide_post":"","_relevanssi_hide_content":"","_relevanssi_pin_for_all":"","_relevanssi_pin_keywords":"","_relevanssi_unpin_keywords":"","_relevanssi_related_keywords":"","_relevanssi_related_include_ids":"","_relevanssi_related_exclude_ids":"","_relevanssi_related_no_append":"","_relevanssi_related_not_related":"","_relevanssi_related_posts":"","_relevanssi_noindex_reason":"","footnotes":""},"categories":[],"tags":[],"wl_entity_type":[7],"ski_resorts":[],"class_list":["post-59399","entity","type-entity","status-publish","has-post-thumbnail","hentry","wl_entity_type-place","sitetype-place"],"acf":[],"yoast_head":"<!-- This site is optimized with the Yoast SEO Premium plugin v26.9 (Yoast SEO v26.9) - https:\/\/yoast.com\/product\/yoast-seo-premium-wordpress\/ -->\n<title>Ebenau \u00bb SalzburgerLand.com<\/title>\n<meta name=\"description\" content=\"Im Sommer l\u00e4sst sich die Geschichte von Ebenau am M\u00fchlewanderweg erkunden. Im Winter ist der Ort Teil des Advents der D\u00f6rfer.\" \/>\n<meta name=\"robots\" content=\"index, follow, max-snippet:-1, max-image-preview:large, max-video-preview:-1\" \/>\n<link rel=\"canonical\" href=\"https:\/\/www.salzburgerland.com\/de\/wp-json\/wp\/v2\/entities\/59399\" \/>\n<meta property=\"og:locale\" content=\"de_DE\" \/>\n<meta property=\"og:type\" content=\"article\" \/>\n<meta property=\"og:title\" content=\"Ebenau\" \/>\n<meta property=\"og:description\" content=\"Im Sommer l\u00e4sst sich die Geschichte von Ebenau am M\u00fchlewanderweg erkunden. Im Winter ist der Ort Teil des Advents der D\u00f6rfer.\" \/>\n<meta property=\"og:url\" content=\"https:\/\/www.salzburgerland.com\/de\/wp-json\/wp\/v2\/entities\/59399\" \/>\n<meta property=\"og:site_name\" content=\"SalzburgerLand.com\" \/>\n<meta property=\"article:publisher\" content=\"https:\/\/www.facebook.com\/salzburgerland\/\" \/>\n<meta property=\"article:modified_time\" content=\"2023-10-31T15:06:59+00:00\" \/>\n<meta property=\"og:image\" content=\"https:\/\/www.salzburgerland.com\/de\/wp-content\/uploads\/2016\/08\/ebenau_waschl_muehle-winter.jpg\" \/>\n\t<meta property=\"og:image:width\" content=\"750\" \/>\n\t<meta property=\"og:image:height\" content=\"435\" \/>\n\t<meta property=\"og:image:type\" content=\"image\/jpeg\" \/>\n<meta name=\"twitter:card\" content=\"summary_large_image\" \/>\n<meta name=\"twitter:site\" content=\"@Salzburgerland\" \/>\n<meta name=\"twitter:label1\" content=\"Gesch\u00e4tzte Lesezeit\" \/>\n\t<meta name=\"twitter:data1\" content=\"3\u00a0Minuten\" \/>\n<script type=\"application\/ld+json\" class=\"yoast-schema-graph\">{\"@context\":\"https:\/\/schema.org\",\"@graph\":[{\"@type\":\"WebPage\",\"@id\":\"https:\/\/www.salzburgerland.com\/de\/ebenau\/\",\"url\":\"https:\/\/www.salzburgerland.com\/de\/ebenau\/\",\"name\":\"Ebenau \u00bb SalzburgerLand.com\",\"isPartOf\":{\"@id\":\"https:\/\/www.salzburgerland.com\/de\/#website\"},\"primaryImageOfPage\":{\"@id\":\"https:\/\/www.salzburgerland.com\/de\/ebenau\/#primaryimage\"},\"image\":{\"@id\":\"https:\/\/www.salzburgerland.com\/de\/ebenau\/#primaryimage\"},\"thumbnailUrl\":\"https:\/\/www.salzburgerland.com\/de\/wp-content\/uploads\/2016\/08\/ebenau_waschl_muehle-winter.jpg\",\"datePublished\":\"2016-08-23T13:01:22+00:00\",\"dateModified\":\"2023-10-31T15:06:59+00:00\",\"description\":\"Im Sommer l\u00e4sst sich die Geschichte von Ebenau am M\u00fchlewanderweg erkunden. Im Winter ist der Ort Teil des Advents der D\u00f6rfer.\",\"breadcrumb\":{\"@id\":\"https:\/\/www.salzburgerland.com\/de\/ebenau\/#breadcrumb\"},\"inLanguage\":\"de\",\"potentialAction\":[{\"@type\":\"ReadAction\",\"target\":[\"https:\/\/www.salzburgerland.com\/de\/ebenau\/\"]}]},{\"@type\":\"ImageObject\",\"inLanguage\":\"de\",\"@id\":\"https:\/\/www.salzburgerland.com\/de\/ebenau\/#primaryimage\",\"url\":\"https:\/\/www.salzburgerland.com\/de\/wp-content\/uploads\/2016\/08\/ebenau_waschl_muehle-winter.jpg\",\"contentUrl\":\"https:\/\/www.salzburgerland.com\/de\/wp-content\/uploads\/2016\/08\/ebenau_waschl_muehle-winter.jpg\",\"width\":750,\"height\":435,\"caption\":\"Eine kleine Holzh\u00fctte in Ebenau, umgeben von schneebedeckten B\u00e4umen und einer verschneiten Landschaft unter einem strahlend blauen Himmel.\"},{\"@type\":\"BreadcrumbList\",\"@id\":\"https:\/\/www.salzburgerland.com\/de\/ebenau\/#breadcrumb\",\"itemListElement\":[{\"@type\":\"ListItem\",\"position\":1,\"name\":\"Fuschlseeregion\",\"item\":\"https:\/\/www.salzburgerland.com\/de\/fuschlsee\/\"},{\"@type\":\"ListItem\",\"position\":2,\"name\":\"Ebenau\"}]},{\"@type\":\"WebSite\",\"@id\":\"https:\/\/www.salzburgerland.com\/de\/#website\",\"url\":\"https:\/\/www.salzburgerland.com\/de\/\",\"name\":\"SalzburgerLand.com\",\"description\":\"Ihr Urlaub in Salzburg, \u00d6sterreich\",\"publisher\":{\"@id\":\"https:\/\/www.salzburgerland.com\/de\/#organization\"},\"potentialAction\":[{\"@type\":\"SearchAction\",\"target\":{\"@type\":\"EntryPoint\",\"urlTemplate\":\"https:\/\/www.salzburgerland.com\/de\/?s={search_term_string}\"},\"query-input\":{\"@type\":\"PropertyValueSpecification\",\"valueRequired\":true,\"valueName\":\"search_term_string\"}}],\"inLanguage\":\"de\"},{\"@type\":\"Organization\",\"@id\":\"https:\/\/www.salzburgerland.com\/de\/#organization\",\"name\":\"SalzburgerLand Tourismus GmbH\",\"url\":\"https:\/\/www.salzburgerland.com\/de\/\",\"logo\":{\"@type\":\"ImageObject\",\"inLanguage\":\"de\",\"@id\":\"https:\/\/www.salzburgerland.com\/de\/#\/schema\/logo\/image\/\",\"url\":\"https:\/\/www.salzburgerland.com\/de\/wp-content\/uploads\/2017\/01\/salzburgerland-logo.jpg\",\"contentUrl\":\"https:\/\/www.salzburgerland.com\/de\/wp-content\/uploads\/2017\/01\/salzburgerland-logo.jpg\",\"width\":1920,\"height\":827,\"caption\":\"SalzburgerLand Tourismus GmbH\"},\"image\":{\"@id\":\"https:\/\/www.salzburgerland.com\/de\/#\/schema\/logo\/image\/\"},\"sameAs\":[\"https:\/\/www.facebook.com\/salzburgerland\/\",\"https:\/\/x.com\/Salzburgerland\",\"https:\/\/www.instagram.com\/salzburgerland\/\",\"http:\/\/dbpedia.org\/resource\/Salzburg_(state)\",\"http:\/\/wikidata.dbpedia.org\/resource\/Q43325\",\"http:\/\/open.salzburgerland.com\/de\/entity\/salzburgerland\",\"https:\/\/www.youtube.com\/user\/salzburgerland\"]}]}<\/script>\n<!-- \/ Yoast SEO Premium plugin. -->","yoast_head_json":{"title":"Ebenau \u00bb SalzburgerLand.com","description":"Im Sommer l\u00e4sst sich die Geschichte von Ebenau am M\u00fchlewanderweg erkunden. Im Winter ist der Ort Teil des Advents der D\u00f6rfer.","robots":{"index":"index","follow":"follow","max-snippet":"max-snippet:-1","max-image-preview":"max-image-preview:large","max-video-preview":"max-video-preview:-1"},"canonical":"https:\/\/www.salzburgerland.com\/de\/wp-json\/wp\/v2\/entities\/59399","og_locale":"de_DE","og_type":"article","og_title":"Ebenau","og_description":"Im Sommer l\u00e4sst sich die Geschichte von Ebenau am M\u00fchlewanderweg erkunden. Im Winter ist der Ort Teil des Advents der D\u00f6rfer.","og_url":"https:\/\/www.salzburgerland.com\/de\/wp-json\/wp\/v2\/entities\/59399","og_site_name":"SalzburgerLand.com","article_publisher":"https:\/\/www.facebook.com\/salzburgerland\/","article_modified_time":"2023-10-31T15:06:59+00:00","og_image":[{"url":"https:\/\/www.salzburgerland.com\/de\/wp-content\/uploads\/2016\/08\/ebenau_waschl_muehle-winter.jpg","width":750,"height":435,"type":"image\/jpeg"}],"twitter_card":"summary_large_image","twitter_site":"@Salzburgerland","twitter_misc":{"Gesch\u00e4tzte Lesezeit":"3\u00a0Minuten"},"schema":{"@context":"https:\/\/schema.org","@graph":[{"@type":"WebPage","@id":"https:\/\/www.salzburgerland.com\/de\/ebenau\/","url":"https:\/\/www.salzburgerland.com\/de\/ebenau\/","name":"Ebenau \u00bb SalzburgerLand.com","isPartOf":{"@id":"https:\/\/www.salzburgerland.com\/de\/#website"},"primaryImageOfPage":{"@id":"https:\/\/www.salzburgerland.com\/de\/ebenau\/#primaryimage"},"image":{"@id":"https:\/\/www.salzburgerland.com\/de\/ebenau\/#primaryimage"},"thumbnailUrl":"https:\/\/www.salzburgerland.com\/de\/wp-content\/uploads\/2016\/08\/ebenau_waschl_muehle-winter.jpg","datePublished":"2016-08-23T13:01:22+00:00","dateModified":"2023-10-31T15:06:59+00:00","description":"Im Sommer l\u00e4sst sich die Geschichte von Ebenau am M\u00fchlewanderweg erkunden. Im Winter ist der Ort Teil des Advents der D\u00f6rfer.","breadcrumb":{"@id":"https:\/\/www.salzburgerland.com\/de\/ebenau\/#breadcrumb"},"inLanguage":"de","potentialAction":[{"@type":"ReadAction","target":["https:\/\/www.salzburgerland.com\/de\/ebenau\/"]}]},{"@type":"ImageObject","inLanguage":"de","@id":"https:\/\/www.salzburgerland.com\/de\/ebenau\/#primaryimage","url":"https:\/\/www.salzburgerland.com\/de\/wp-content\/uploads\/2016\/08\/ebenau_waschl_muehle-winter.jpg","contentUrl":"https:\/\/www.salzburgerland.com\/de\/wp-content\/uploads\/2016\/08\/ebenau_waschl_muehle-winter.jpg","width":750,"height":435,"caption":"Eine kleine Holzh\u00fctte in Ebenau, umgeben von schneebedeckten B\u00e4umen und einer verschneiten Landschaft unter einem strahlend blauen Himmel."},{"@type":"BreadcrumbList","@id":"https:\/\/www.salzburgerland.com\/de\/ebenau\/#breadcrumb","itemListElement":[{"@type":"ListItem","position":1,"name":"Fuschlseeregion","item":"https:\/\/www.salzburgerland.com\/de\/fuschlsee\/"},{"@type":"ListItem","position":2,"name":"Ebenau"}]},{"@type":"WebSite","@id":"https:\/\/www.salzburgerland.com\/de\/#website","url":"https:\/\/www.salzburgerland.com\/de\/","name":"SalzburgerLand.com","description":"Ihr Urlaub in Salzburg, \u00d6sterreich","publisher":{"@id":"https:\/\/www.salzburgerland.com\/de\/#organization"},"potentialAction":[{"@type":"SearchAction","target":{"@type":"EntryPoint","urlTemplate":"https:\/\/www.salzburgerland.com\/de\/?s={search_term_string}"},"query-input":{"@type":"PropertyValueSpecification","valueRequired":true,"valueName":"search_term_string"}}],"inLanguage":"de"},{"@type":"Organization","@id":"https:\/\/www.salzburgerland.com\/de\/#organization","name":"SalzburgerLand Tourismus GmbH","url":"https:\/\/www.salzburgerland.com\/de\/","logo":{"@type":"ImageObject","inLanguage":"de","@id":"https:\/\/www.salzburgerland.com\/de\/#\/schema\/logo\/image\/","url":"https:\/\/www.salzburgerland.com\/de\/wp-content\/uploads\/2017\/01\/salzburgerland-logo.jpg","contentUrl":"https:\/\/www.salzburgerland.com\/de\/wp-content\/uploads\/2017\/01\/salzburgerland-logo.jpg","width":1920,"height":827,"caption":"SalzburgerLand Tourismus GmbH"},"image":{"@id":"https:\/\/www.salzburgerland.com\/de\/#\/schema\/logo\/image\/"},"sameAs":["https:\/\/www.facebook.com\/salzburgerland\/","https:\/\/x.com\/Salzburgerland","https:\/\/www.instagram.com\/salzburgerland\/","http:\/\/dbpedia.org\/resource\/Salzburg_(state)","http:\/\/wikidata.dbpedia.org\/resource\/Q43325","http:\/\/open.salzburgerland.com\/de\/entity\/salzburgerland","https:\/\/www.youtube.com\/user\/salzburgerland"]}]}},"_wl_alt_label":[],"wl:entity_url":"http:\/\/open.salzburgerland.com\/de\/entity\/ebenau","_links":{"self":[{"href":"https:\/\/www.salzburgerland.com\/de\/wp-json\/wp\/v2\/entities\/59399","targetHints":{"allow":["GET"]}}],"collection":[{"href":"https:\/\/www.salzburgerland.com\/de\/wp-json\/wp\/v2\/entities"}],"about":[{"href":"https:\/\/www.salzburgerland.com\/de\/wp-json\/wp\/v2\/types\/entity"}],"author":[{"embeddable":true,"href":"https:\/\/www.salzburgerland.com\/de\/wp-json\/wp\/v2\/users\/15"}],"replies":[{"embeddable":true,"href":"https:\/\/www.salzburgerland.com\/de\/wp-json\/wp\/v2\/comments?post=59399"}],"version-history":[{"count":5,"href":"https:\/\/www.salzburgerland.com\/de\/wp-json\/wp\/v2\/entities\/59399\/revisions"}],"predecessor-version":[{"id":666929,"href":"https:\/\/www.salzburgerland.com\/de\/wp-json\/wp\/v2\/entities\/59399\/revisions\/666929"}],"wp:featuredmedia":[{"embeddable":true,"href":"https:\/\/www.salzburgerland.com\/de\/wp-json\/wp\/v2\/media\/104274"}],"wp:attachment":[{"href":"https:\/\/www.salzburgerland.com\/de\/wp-json\/wp\/v2\/media?parent=59399"}],"wp:term":[{"taxonomy":"category","embeddable":true,"href":"https:\/\/www.salzburgerland.com\/de\/wp-json\/wp\/v2\/categories?post=59399"},{"taxonomy":"post_tag","embeddable":true,"href":"https:\/\/www.salzburgerland.com\/de\/wp-json\/wp\/v2\/tags?post=59399"},{"taxonomy":"wl_entity_type","embeddable":true,"href":"https:\/\/www.salzburgerland.com\/de\/wp-json\/wp\/v2\/wl_entity_type?post=59399"},{"taxonomy":"ski_resorts","embeddable":true,"href":"https:\/\/www.salzburgerland.com\/de\/wp-json\/wp\/v2\/ski_resorts?post=59399"}],"curies":[{"name":"wp","href":"https:\/\/api.w.org\/{rel}","templated":true}]}}