{"id":59395,"date":"2016-08-23T15:01:21","date_gmt":"2016-08-23T13:01:21","guid":{"rendered":"https:\/\/www.onebigpark.at\/de\/entity\/hintersee-flachgau\/"},"modified":"2023-10-31T16:33:59","modified_gmt":"2023-10-31T15:33:59","slug":"hintersee","status":"publish","type":"entity","link":"https:\/\/www.salzburgerland.com\/de\/hintersee\/","title":{"rendered":"Hintersee"},"content":{"rendered":"<p>Das beschauliche Hintersee ist mit rund 460 Einwohnern die kleinste Gemeinde im Salzburger Alpenvorland. Der Urlaubsort befindet sich auf 746 Metern Seeh\u00f6he im Flachgau und liegt in malerischer Umgebung am Rand des Salzkammergutes. Die beeindruckende Bergwelt der Osterhorngruppe l\u00e4dt zu ausgedehnten Entdeckertouren f\u00fcr jedes Niveau. Von der gen\u00fcsslichen Almwanderung bis zur anspruchsvollen Hochtour \u2013 hier findet jeder sein Paradies. Lust auf Kunst und Kultur? Die <a href=\"https:\/\/www.salzburgerland.com\/de\/stadt-salzburg\/\" target=\"_blank\" rel=\"noopener\">Mozartstadt<\/a> ist ganz nah und die <a href=\"https:\/\/www.salzburgerland.com\/de\/hallein\/\" target=\"_blank\" rel=\"noopener\">Keltenstadt Hallein<\/a> l\u00e4sst sich in 30 Autominuten erreichen und erkunden.<\/p>\n<h2>Hintersee im Sommer<\/h2>\n<ul>\n<li><strong>Der Hintersee<\/strong>: Der malerisch gelegene Hintersee l\u00e4dt mit Rundwanderweg und Badem\u00f6glichkeiten zum Erholen und Entspannen\u00a0ein. Dieser Ort diente bereits zahlreichen Malern als Motiv \u2013 schlie\u00dflich liegen die Gipfel der umliegenden Berge so sch\u00f6n, dass sie sich unmittelbar im See spiegeln \u2013 einfach traumhaft.<\/li>\n<li><strong>Spa\u00df 4 Kids:<\/strong> F\u00fcr kleine Besucher haben wir einen besonderen Sommertipp: Der <a href=\"http:\/\/fuschlsee.salzkammergut.at\/wanderwege\/oesterreich\/poi\/430014917\/waldwasserzauber-hintersee.html\" target=\"_blank\" rel=\"noopener\">WaldWasserZauber<\/a> in Hintersee. Dieser Naturerlebnisweg f\u00fchrt gro\u00dfe und kleine Entdecker zu spannenden Stationen und bringt Kindern so die Vielfalt der Natur nahe. H\u00f6hepunkt des Weges ist die Aussichtsplattform direkt \u00fcber dem Wasserfall. Nach der Wanderung l\u00e4dt das Gasthaus im <a href=\"https:\/\/www.hintersee.at\/de\/\" target=\"_blank\" rel=\"noopener\">Hotel DAS Hintersee****<\/a>, direkt im Ortszentrum, zur Einkehr ein.<\/li>\n<li><strong>Wandern:<\/strong> zahleiche wundersch\u00f6ne <a href=\"https:\/\/fuschlsee.salzkammergut.at\/salzburg-see-orte\/hintersee\/oesterreich-stadt-ort\/detail\/430001353\/hintersee.html?tx_ttgtourdata_tdort%5Bshow%5D=Tour&amp;cHash=ef9273e87256f418ea38ed56b0812d6c\" target=\"_blank\" rel=\"noopener\">Wanderwege<\/a> wie auf die Gruberalm beginnen in Hinersee.<\/li>\n<\/ul>\n\n\t\t\t<div id=\"59395-1\" class=\"gallery gallery-59395 gallery-columns-3 gallery-size-1170_658\" itemscope itemtype=\"http:\/\/schema.org\/ImageGallery\">\n\t\t\t\t<ul class=\"gallery-row gallery-col-3 gallery-clear\">\n\t\t\t\t\t<li class=\"gallery-item col-3\" itemprop=\"associatedMedia\" itemscope itemtype=\"http:\/\/schema.org\/ImageObject\">\n\t\t\t\t\t\t<div class=\"gallery-icon landscape\"><a href=\"https:\/\/www.salzburgerland.com\/de\/wp-content\/uploads\/2016\/08\/familie-bei-der-ploetz-cfuschlseeregion-groessinger-1897x1067.jpeg\" title=\"Familie bei der Ploetz (c)Fuschlseeregion-Groessinger\"><img decoding=\"async\" data-title=\"\" title=\"\" data-caption=\"\" width=\"1170\" height=\"658\" src=\"https:\/\/www.salzburgerland.com\/de\/wp-content\/uploads\/2016\/08\/familie-bei-der-ploetz-cfuschlseeregion-groessinger-1170x658.jpeg\" class=\"attachment-1170_658 size-1170_658\" alt=\"Eine vierk\u00f6pfige Familie erkundet an einem sonnigen Tag einen felsigen Bach in der bewaldeten Schlucht von Ebenau. (vergr\u00f6\u00dferte Ansicht)\" srcset=\"https:\/\/www.salzburgerland.com\/de\/wp-content\/uploads\/2016\/08\/familie-bei-der-ploetz-cfuschlseeregion-groessinger-1170x658.jpeg 1170w, https:\/\/www.salzburgerland.com\/de\/wp-content\/uploads\/2016\/08\/familie-bei-der-ploetz-cfuschlseeregion-groessinger-1897x1067.jpeg 1897w, https:\/\/www.salzburgerland.com\/de\/wp-content\/uploads\/2016\/08\/familie-bei-der-ploetz-cfuschlseeregion-groessinger-768x432.jpeg 768w, https:\/\/www.salzburgerland.com\/de\/wp-content\/uploads\/2016\/08\/familie-bei-der-ploetz-cfuschlseeregion-groessinger-1536x864.jpeg 1536w, https:\/\/www.salzburgerland.com\/de\/wp-content\/uploads\/2016\/08\/familie-bei-der-ploetz-cfuschlseeregion-groessinger-1200x675.jpeg 1200w, https:\/\/www.salzburgerland.com\/de\/wp-content\/uploads\/2016\/08\/familie-bei-der-ploetz-cfuschlseeregion-groessinger-150x84.jpeg 150w, https:\/\/www.salzburgerland.com\/de\/wp-content\/uploads\/2016\/08\/familie-bei-der-ploetz-cfuschlseeregion-groessinger.jpeg 1920w\" sizes=\"(max-width: 1170px) 100vw, 1170px\" itemprop=\"thumbnail\"><\/a><\/div>\n\t\t\t\t\t<\/li>\n\t\t\t\t\t<li class=\"gallery-item col-3\" itemprop=\"associatedMedia\" itemscope itemtype=\"http:\/\/schema.org\/ImageObject\">\n\t\t\t\t\t\t<div class=\"gallery-icon landscape\"><a href=\"https:\/\/www.salzburgerland.com\/de\/wp-content\/uploads\/2016\/08\/rs4109_2020-08-27-mutter-und-tochter-am-berg-beim-sonnenuntergang-by-michael-groessinger-_a2a9678-scr.jpg\" title=\"Mutter-Tochter-Tag\"><img decoding=\"async\" data-title=\"\u00a9 SalzburgerLand Tourismus, Michael Groessinger, Mutter-Tochter-Tag\" title=\"\u00a9 SalzburgerLand Tourismus, Michael Groessinger, Mutter-Tochter-Tag\" data-caption=\"\u00a9 SalzburgerLand Tourismus, Michael Groessinger, Mutter-Tochter-Tag\" width=\"1100\" height=\"658\" src=\"https:\/\/www.salzburgerland.com\/de\/wp-content\/uploads\/2016\/08\/rs4109_2020-08-27-mutter-und-tochter-am-berg-beim-sonnenuntergang-by-michael-groessinger-_a2a9678-scr-1100x658.jpg\" class=\"attachment-1170_658 size-1170_658\" alt=\"Eine Frau und ein M\u00e4dchen halten sich auf einem Wanderweg in Ebenau an den H\u00e4nden, mit Blick auf einen See und Berge bei Sonnenuntergang. (vergr\u00f6\u00dferte Ansicht)\" aria-describedby=\"figcaption-59395-666922\" itemprop=\"thumbnail\"><\/a><\/div>\n\t\t\t\t\t\t<span id=\"figcaption-59395-666922\" class=\"gallery-caption\" itemprop=\"caption\"><span aria-hidden=\"true\">\u00a9 SalzburgerLand Tourismus, Michael Groessinger, Mutter-Tochter-Tag<\/span><\/span>\n\t\t\t\t\t<\/li>\n\t\t\t\t\t<li class=\"gallery-item col-3\" itemprop=\"associatedMedia\" itemscope itemtype=\"http:\/\/schema.org\/ImageObject\">\n\t\t\t\t\t\t<div class=\"gallery-icon landscape\"><a href=\"https:\/\/www.salzburgerland.com\/de\/wp-content\/uploads\/2016\/08\/rs3573_2018-09-12-wandershooting-fuschlseeregion-by-michael-groessinger-img_1219-scr.jpg\" title=\"Faistenauer Schafberg\"><img decoding=\"async\" data-title=\"\u00a9 SalzburgerLand Tourismus, Michael Groessinger, Faistenauer Schafberg\" title=\"\u00a9 SalzburgerLand Tourismus, Michael Groessinger, Faistenauer Schafberg\" data-caption=\"\u00a9 SalzburgerLand Tourismus, Michael Groessinger, Faistenauer Schafberg\" width=\"1100\" height=\"658\" src=\"https:\/\/www.salzburgerland.com\/de\/wp-content\/uploads\/2016\/08\/rs3573_2018-09-12-wandershooting-fuschlseeregion-by-michael-groessinger-img_1219-scr-1100x658.jpg\" class=\"attachment-1170_658 size-1170_658\" alt=\"Eine Familie feiert in der N\u00e4he eines gro\u00dfen Kreuzes auf dem Gipfel von Faistenau mit Blick auf die malerischen \u00f6sterreichischen T\u00e4ler bei Sonnenuntergang. (vergr\u00f6\u00dferte Ansicht)\" aria-describedby=\"figcaption-59395-666883\" itemprop=\"thumbnail\"><\/a><\/div>\n\t\t\t\t\t\t<span id=\"figcaption-59395-666883\" class=\"gallery-caption\" itemprop=\"caption\"><span aria-hidden=\"true\">\u00a9 SalzburgerLand Tourismus, Michael Groessinger, Faistenauer Schafberg<\/span><\/span>\n\t\t\t\t\t<\/li>\n\t\t\t\t<\/ul>\n\t\t\t<\/div><!-- .gallery -->\n\n<h2>Hintersee im Winter<\/h2>\n<p>Im Winter ist der malerische Ort Hintersee, der idaela Ausgangspunkt f\u00fcr <a href=\"https:\/\/fuschlsee.salzkammergut.at\/skitouren.html\" target=\"_blank\" rel=\"noopener\">Skitouren<\/a>, <a href=\"https:\/\/fuschlsee.salzkammergut.at\/schneeschuhwandern.html\" target=\"_blank\" rel=\"noopener\">Schneeschuhwanderungen<\/a> oder zum <a href=\"https:\/\/fuschlsee.salzkammergut.at\/langlaufen.html\" target=\"_blank\" rel=\"noopener\">Langlaufen<\/a>. Verleihm\u00f6glichkeiten dazu gibt es direkt im <a href=\"https:\/\/www.hintersee.at\/de\/\" target=\"_blank\" rel=\"noopener\">Hotel DAS Hintersee<\/a>.<\/p>\n\n\t\t\t<div id=\"59395-2\" class=\"gallery gallery-59395 gallery-columns-3 gallery-size-1170_658\" itemscope itemtype=\"http:\/\/schema.org\/ImageGallery\">\n\t\t\t\t<ul class=\"gallery-row gallery-col-3 gallery-clear\">\n\t\t\t\t\t<li class=\"gallery-item col-3\" itemprop=\"associatedMedia\" itemscope itemtype=\"http:\/\/schema.org\/ImageObject\">\n\t\t\t\t\t\t<div class=\"gallery-icon landscape\"><a href=\"https:\/\/www.salzburgerland.com\/de\/wp-content\/uploads\/2016\/08\/rs2868_190320-slt-tour-dsc_9372-scr.jpg\" title=\"Skitouren &amp; Tourenski\"><img decoding=\"async\" data-title=\"\u00a9 SalzburgerLand Tourismus, Markus Berger, Skitouren &amp; Tourenski\" title=\"\u00a9 SalzburgerLand Tourismus, Markus Berger, Skitouren &amp; Tourenski\" data-caption=\"\u00a9 SalzburgerLand Tourismus, Markus Berger, Skitouren &amp; Tourenski\" width=\"1100\" height=\"658\" src=\"https:\/\/www.salzburgerland.com\/de\/wp-content\/uploads\/2016\/08\/rs2868_190320-slt-tour-dsc_9372-scr-1100x658.jpg\" class=\"attachment-1170_658 size-1170_658\" alt=\"Eine l\u00e4chelnde Frau in Winterkleidung zieht am Hintersee die Skifelle aus, ein Mann in Gelb steht dahinter auf einem verschneiten Berg. (vergr\u00f6\u00dferte Ansicht)\" aria-describedby=\"figcaption-59395-666934\" itemprop=\"thumbnail\"><\/a><\/div>\n\t\t\t\t\t\t<span id=\"figcaption-59395-666934\" class=\"gallery-caption\" itemprop=\"caption\"><span aria-hidden=\"true\">\u00a9 SalzburgerLand Tourismus, Markus Berger, Skitouren &amp; Tourenski<\/span><\/span>\n\t\t\t\t\t<\/li>\n\t\t\t\t\t<li class=\"gallery-item col-3\" itemprop=\"associatedMedia\" itemscope itemtype=\"http:\/\/schema.org\/ImageObject\">\n\t\t\t\t\t\t<div class=\"gallery-icon landscape\"><a href=\"https:\/\/www.salzburgerland.com\/de\/wp-content\/uploads\/2016\/08\/langlaufen-c-erber-fuschl-1-1599x1067.jpg\" title=\"Langlaufen (c) Erber Fuschl\"><img decoding=\"async\" data-title=\"Langlaufen (c) Erber Fuschl\" title=\"Langlaufen (c) Erber Fuschl\" data-caption=\"Langlaufen (c) Erber Fuschl\" width=\"1170\" height=\"658\" src=\"https:\/\/www.salzburgerland.com\/de\/wp-content\/uploads\/2016\/08\/langlaufen-c-erber-fuschl-1-1170x658.jpg\" class=\"attachment-1170_658 size-1170_658\" alt=\"Zwei Personen beim Skilanglauf auf einer verschneiten Faistenauer Loipe bei strahlendem Sonnenschein und Bergen im Hintergrund. (vergr\u00f6\u00dferte Ansicht)\" srcset=\"https:\/\/www.salzburgerland.com\/de\/wp-content\/uploads\/2016\/08\/langlaufen-c-erber-fuschl-1-1170x658.jpg 1170w, https:\/\/www.salzburgerland.com\/de\/wp-content\/uploads\/2016\/08\/langlaufen-c-erber-fuschl-1-1200x675.jpg 1200w\" sizes=\"(max-width: 1170px) 100vw, 1170px\" aria-describedby=\"figcaption-59395-666875\" itemprop=\"thumbnail\"><\/a><\/div>\n\t\t\t\t\t\t<span id=\"figcaption-59395-666875\" class=\"gallery-caption\" itemprop=\"caption\"><span aria-hidden=\"true\">Langlaufen (c) Erber Fuschl<\/span><\/span>\n\t\t\t\t\t<\/li>\n\t\t\t\t\t<li class=\"gallery-item col-3\" itemprop=\"associatedMedia\" itemscope itemtype=\"http:\/\/schema.org\/ImageObject\">\n\t\t\t\t\t\t<div class=\"gallery-icon landscape\"><a href=\"https:\/\/www.salzburgerland.com\/de\/wp-content\/uploads\/2016\/08\/rs2867_190320-slt-tour-dsc_9118-scr.jpg\" title=\"Skitouren &amp; Tourenski\"><img decoding=\"async\" data-title=\"\u00a9 SalzburgerLand Tourismus, Markus Berger, Skitouren &amp; Tourenski\" title=\"\u00a9 SalzburgerLand Tourismus, Markus Berger, Skitouren &amp; Tourenski\" data-caption=\"\u00a9 SalzburgerLand Tourismus, Markus Berger, Skitouren &amp; Tourenski\" width=\"1100\" height=\"658\" src=\"https:\/\/www.salzburgerland.com\/de\/wp-content\/uploads\/2016\/08\/rs2867_190320-slt-tour-dsc_9118-scr-1100x658.jpg\" class=\"attachment-1170_658 size-1170_658\" alt=\"Nahaufnahme einer Person beim Skilanglauf in der N\u00e4he des Hintersees, mit verschneiten Bergen und B\u00e4umen im Hintergrund. (vergr\u00f6\u00dferte Ansicht)\" aria-describedby=\"figcaption-59395-666935\" itemprop=\"thumbnail\"><\/a><\/div>\n\t\t\t\t\t\t<span id=\"figcaption-59395-666935\" class=\"gallery-caption\" itemprop=\"caption\"><span aria-hidden=\"true\">\u00a9 SalzburgerLand Tourismus, Markus Berger, Skitouren &amp; Tourenski<\/span><\/span>\n\t\t\t\t\t<\/li>\n\t\t\t\t<\/ul>\n\t\t\t<\/div><!-- .gallery -->\n\n<h2>Stille Nacht! Heilige Nacht!<\/h2>\n<p>Joseph Mohr der Autor der Weltber\u00fchmten Strophen von <a href=\"https:\/\/www.salzburgerland.com\/de\/stille-nacht\/\" target=\"_blank\" rel=\"noopener\">Stille Nacht! Heilige Nacht!<\/a> lebte und wirkte 10 Jahre als Pfarrer im beschaulichen Ort Hintersee. Der \u201eJoseph Mohr Gedenkweg\u201c erinnert an seine Zeit in Hintersee. Der Rundweg, f\u00fchrt vom Ortszentrum in Hintersee zur Joseph Mohr Ged\u00e4chtnis Kapelle und wieder zur\u00fcck. Die sechs Stationen sind alle \u00f6ffentlich zug\u00e4nglich und mit Informationstafeln zu den einzelnen Kunstwerken ausgestattet. Der 1,2 km lange Rundwanderweg beginnt und endet im Ortszentrum.<\/p>\n<p>Zur weihnachtlichen Einstimmung finden in der Adventszeit idyllische <a href=\"https:\/\/fuschlsee.salzkammergut.at\/oesterreich-veranstaltung\/detail\/430197993\/joseph-mohr-laternenwanderung.html\" target=\"_blank\" rel=\"noopener\">Laternenwanderungen<\/a> mit musikalischer Umrahmung zur Kapelle statt.<\/p>\n\n\t\t\t<div id=\"59395-3\" class=\"gallery gallery-59395 gallery-columns-3 gallery-size-1170_658\" itemscope itemtype=\"http:\/\/schema.org\/ImageGallery\">\n\t\t\t\t<ul class=\"gallery-row gallery-col-3 gallery-clear\">\n\t\t\t\t\t<li class=\"gallery-item col-3\" itemprop=\"associatedMedia\" itemscope itemtype=\"http:\/\/schema.org\/ImageObject\">\n\t\t\t\t\t\t<div class=\"gallery-icon landscape\"><a href=\"https:\/\/www.salzburgerland.com\/de\/wp-content\/uploads\/2016\/08\/foto-sn-ransmayr-1920x1067.jpg\" title=\"Foto SN Ransmayr\"><img decoding=\"async\" data-title=\"Joseph Mohr Ged\u00e4chtniskapelle - Ransmayr\" title=\"Joseph Mohr Ged\u00e4chtniskapelle - Ransmayr\" data-caption=\"Joseph Mohr Ged\u00e4chtniskapelle - Ransmayr\" width=\"1170\" height=\"658\" src=\"https:\/\/www.salzburgerland.com\/de\/wp-content\/uploads\/2016\/08\/foto-sn-ransmayr-1170x658.jpg\" class=\"attachment-1170_658 size-1170_658\" alt=\"Joseph Mohr Ged\u00e4chtniskapelle - Ransmayr (vergr\u00f6\u00dferte Ansicht)\" srcset=\"https:\/\/www.salzburgerland.com\/de\/wp-content\/uploads\/2016\/08\/foto-sn-ransmayr-1170x658.jpg 1170w, https:\/\/www.salzburgerland.com\/de\/wp-content\/uploads\/2016\/08\/foto-sn-ransmayr-1200x675.jpg 1200w\" sizes=\"(max-width: 1170px) 100vw, 1170px\" aria-describedby=\"figcaption-59395-233982\" itemprop=\"thumbnail\"><\/a><\/div>\n\t\t\t\t\t\t<span id=\"figcaption-59395-233982\" class=\"gallery-caption\" itemprop=\"caption\"><span aria-hidden=\"true\">Joseph Mohr Ged\u00e4chtniskapelle \u2013 Ransmayr<\/span><\/span>\n\t\t\t\t\t<\/li>\n\t\t\t\t\t<li class=\"gallery-item col-3\" itemprop=\"associatedMedia\" itemscope itemtype=\"http:\/\/schema.org\/ImageObject\">\n\t\t\t\t\t\t<div class=\"gallery-icon landscape\"><a href=\"https:\/\/www.salzburgerland.com\/de\/wp-content\/uploads\/2021\/09\/dscf0768_bearbeitet_web-1920x1067.jpg\" title=\"Joseph Mohr\"><img decoding=\"async\" data-title=\"Portrait Joseph Mohr\" title=\"Portrait Joseph Mohr\" data-caption=\"Portrait Joseph Mohr\" width=\"1170\" height=\"658\" src=\"https:\/\/www.salzburgerland.com\/de\/wp-content\/uploads\/2021\/09\/dscf0768_bearbeitet_web-1170x658.jpg\" class=\"attachment-1170_658 size-1170_658\" alt=\"Portrait Joseph Mohr (vergr\u00f6\u00dferte Ansicht)\" srcset=\"https:\/\/www.salzburgerland.com\/de\/wp-content\/uploads\/2021\/09\/dscf0768_bearbeitet_web-1170x658.jpg 1170w, https:\/\/www.salzburgerland.com\/de\/wp-content\/uploads\/2021\/09\/dscf0768_bearbeitet_web-1200x675.jpg 1200w\" sizes=\"(max-width: 1170px) 100vw, 1170px\" aria-describedby=\"figcaption-59395-614124\" itemprop=\"thumbnail\"><\/a><\/div>\n\t\t\t\t\t\t<span id=\"figcaption-59395-614124\" class=\"gallery-caption\" itemprop=\"caption\"><span aria-hidden=\"true\">Portrait Joseph Mohr<\/span><\/span>\n\t\t\t\t\t<\/li>\n\t\t\t\t\t<li class=\"gallery-item col-3\" itemprop=\"associatedMedia\" itemscope itemtype=\"http:\/\/schema.org\/ImageObject\">\n\t\t\t\t\t\t<div class=\"gallery-icon landscape\"><a href=\"https:\/\/www.salzburgerland.com\/de\/wp-content\/uploads\/2016\/08\/rs2380_gut_4135-scr.jpg\" title=\"Hintersee\"><img decoding=\"async\" data-title=\"SalzburgerLand Tourismus, Gulliver Theis, Hintersee\" title=\"SalzburgerLand Tourismus, Gulliver Theis, Hintersee\" data-caption=\"SalzburgerLand Tourismus, Gulliver Theis, Hintersee\" width=\"1100\" height=\"658\" src=\"https:\/\/www.salzburgerland.com\/de\/wp-content\/uploads\/2016\/08\/rs2380_gut_4135-scr-1100x658.jpg\" class=\"attachment-1170_658 size-1170_658\" alt=\"Ein verschneites Dorf in der Fuschlseeregion bei Nacht mit einer beleuchteten Kirche, einem leuchtenden Baum und verschneiten Wegen, die sich durch die H\u00e4user schl\u00e4ngeln. (vergr\u00f6\u00dferte Ansicht)\" aria-describedby=\"figcaption-59395-666901\" itemprop=\"thumbnail\"><\/a><\/div>\n\t\t\t\t\t\t<span id=\"figcaption-59395-666901\" class=\"gallery-caption\" itemprop=\"caption\"><span aria-hidden=\"true\">SalzburgerLand Tourismus, Gulliver Theis, Hintersee<\/span><\/span>\n\t\t\t\t\t<\/li>\n\t\t\t\t<\/ul>\n\t\t\t<\/div><!-- .gallery -->\n\n","protected":false},"excerpt":{"rendered":"<p>Das beschauliche Hintersee ist mit rund 460 Einwohnern die kleinste Gemeinde im Salzburger Alpenvorland. Der Urlaubsort befindet sich auf 746 Metern Seeh\u00f6he im Flachgau und liegt in malerischer Umgebung am Rand des Salzkammergutes. Die beeindruckende Bergwelt der Osterhorngruppe l\u00e4dt zu ausgedehnten Entdeckertouren f\u00fcr jedes Niveau. Von der gen\u00fcsslichen Almwanderung bis zur anspruchsvollen Hochtour \u2013 hier [&hellip;]<\/p>\n","protected":false},"author":18,"featured_media":666930,"comment_status":"closed","ping_status":"closed","template":"","meta":{"_acf_changed":false,"wl_entities_gutenberg":"","_relevanssi_hide_post":"","_relevanssi_hide_content":"","_relevanssi_pin_for_all":"","_relevanssi_pin_keywords":"","_relevanssi_unpin_keywords":"","_relevanssi_related_keywords":"","_relevanssi_related_include_ids":"","_relevanssi_related_exclude_ids":"","_relevanssi_related_no_append":"","_relevanssi_related_not_related":"","_relevanssi_related_posts":"","_relevanssi_noindex_reason":"","footnotes":""},"categories":[1],"tags":[],"wl_entity_type":[7],"ski_resorts":[],"class_list":["post-59395","entity","type-entity","status-publish","has-post-thumbnail","hentry","category-allgemein","wl_entity_type-place","sitetype-place"],"acf":[],"yoast_head":"<!-- This site is optimized with the Yoast SEO Premium plugin v26.9 (Yoast SEO v26.9) - https:\/\/yoast.com\/product\/yoast-seo-premium-wordpress\/ -->\n<title>Hintersee \u00bb SalzburgerLand.com<\/title>\n<meta name=\"description\" content=\"Willkommen im Naturparadies! Rund um den malerischen Hintersee bietet die Landschaft zahlreiche M\u00f6glichkeiten zum Aktiverholen nahe der Mozartstadt.\" \/>\n<meta name=\"robots\" content=\"index, follow, max-snippet:-1, max-image-preview:large, max-video-preview:-1\" \/>\n<link rel=\"canonical\" href=\"https:\/\/www.salzburgerland.com\/de\/wp-json\/wp\/v2\/entities\/59395\" \/>\n<meta property=\"og:locale\" content=\"de_DE\" \/>\n<meta property=\"og:type\" content=\"article\" \/>\n<meta property=\"og:title\" content=\"Hintersee\" \/>\n<meta property=\"og:description\" content=\"Willkommen im Naturparadies! Rund um den malerischen Hintersee bietet die Landschaft zahlreiche M\u00f6glichkeiten zum Aktiverholen nahe der Mozartstadt.\" \/>\n<meta property=\"og:url\" content=\"https:\/\/www.salzburgerland.com\/de\/wp-json\/wp\/v2\/entities\/59395\" \/>\n<meta property=\"og:site_name\" content=\"SalzburgerLand.com\" \/>\n<meta property=\"article:publisher\" content=\"https:\/\/www.facebook.com\/salzburgerland\/\" \/>\n<meta property=\"article:modified_time\" content=\"2023-10-31T15:33:59+00:00\" \/>\n<meta property=\"og:image\" content=\"https:\/\/www.salzburgerland.com\/de\/wp-content\/uploads\/2016\/08\/2021-03-19-fuschlseeregion-winterfotos-by-michael-groessinger1u1a0407-1-1200x675.jpg\" \/>\n\t<meta property=\"og:image:width\" content=\"1200\" \/>\n\t<meta property=\"og:image:height\" content=\"675\" \/>\n\t<meta property=\"og:image:type\" content=\"image\/jpeg\" \/>\n<meta name=\"twitter:card\" content=\"summary_large_image\" \/>\n<meta name=\"twitter:site\" content=\"@Salzburgerland\" \/>\n<meta name=\"twitter:label1\" content=\"Gesch\u00e4tzte Lesezeit\" \/>\n\t<meta name=\"twitter:data1\" content=\"2\u00a0Minuten\" \/>\n<script type=\"application\/ld+json\" class=\"yoast-schema-graph\">{\"@context\":\"https:\/\/schema.org\",\"@graph\":[{\"@type\":\"WebPage\",\"@id\":\"https:\/\/www.salzburgerland.com\/de\/hintersee\/\",\"url\":\"https:\/\/www.salzburgerland.com\/de\/hintersee\/\",\"name\":\"Hintersee \u00bb SalzburgerLand.com\",\"isPartOf\":{\"@id\":\"https:\/\/www.salzburgerland.com\/de\/#website\"},\"primaryImageOfPage\":{\"@id\":\"https:\/\/www.salzburgerland.com\/de\/hintersee\/#primaryimage\"},\"image\":{\"@id\":\"https:\/\/www.salzburgerland.com\/de\/hintersee\/#primaryimage\"},\"thumbnailUrl\":\"https:\/\/www.salzburgerland.com\/de\/wp-content\/uploads\/2016\/08\/2021-03-19-fuschlseeregion-winterfotos-by-michael-groessinger1u1a0407-1.jpg\",\"datePublished\":\"2016-08-23T13:01:21+00:00\",\"dateModified\":\"2023-10-31T15:33:59+00:00\",\"description\":\"Willkommen im Naturparadies! Rund um den malerischen Hintersee bietet die Landschaft zahlreiche M\u00f6glichkeiten zum Aktiverholen nahe der Mozartstadt.\",\"breadcrumb\":{\"@id\":\"https:\/\/www.salzburgerland.com\/de\/hintersee\/#breadcrumb\"},\"inLanguage\":\"de\",\"potentialAction\":[{\"@type\":\"ReadAction\",\"target\":[\"https:\/\/www.salzburgerland.com\/de\/hintersee\/\"]}]},{\"@type\":\"ImageObject\",\"inLanguage\":\"de\",\"@id\":\"https:\/\/www.salzburgerland.com\/de\/hintersee\/#primaryimage\",\"url\":\"https:\/\/www.salzburgerland.com\/de\/wp-content\/uploads\/2016\/08\/2021-03-19-fuschlseeregion-winterfotos-by-michael-groessinger1u1a0407-1.jpg\",\"contentUrl\":\"https:\/\/www.salzburgerland.com\/de\/wp-content\/uploads\/2016\/08\/2021-03-19-fuschlseeregion-winterfotos-by-michael-groessinger1u1a0407-1.jpg\",\"width\":1920,\"height\":1281,\"caption\":\"Zwei Personen beim Skilanglauf auf einer verschneiten Hintersee-Loipe durch eine bewaldete Berglandschaft.\"},{\"@type\":\"BreadcrumbList\",\"@id\":\"https:\/\/www.salzburgerland.com\/de\/hintersee\/#breadcrumb\",\"itemListElement\":[{\"@type\":\"ListItem\",\"position\":1,\"name\":\"Fuschlseeregion\",\"item\":\"https:\/\/www.salzburgerland.com\/de\/fuschlsee\/\"},{\"@type\":\"ListItem\",\"position\":2,\"name\":\"Hintersee\"}]},{\"@type\":\"WebSite\",\"@id\":\"https:\/\/www.salzburgerland.com\/de\/#website\",\"url\":\"https:\/\/www.salzburgerland.com\/de\/\",\"name\":\"SalzburgerLand.com\",\"description\":\"Ihr Urlaub in Salzburg, \u00d6sterreich\",\"publisher\":{\"@id\":\"https:\/\/www.salzburgerland.com\/de\/#organization\"},\"potentialAction\":[{\"@type\":\"SearchAction\",\"target\":{\"@type\":\"EntryPoint\",\"urlTemplate\":\"https:\/\/www.salzburgerland.com\/de\/?s={search_term_string}\"},\"query-input\":{\"@type\":\"PropertyValueSpecification\",\"valueRequired\":true,\"valueName\":\"search_term_string\"}}],\"inLanguage\":\"de\"},{\"@type\":\"Organization\",\"@id\":\"https:\/\/www.salzburgerland.com\/de\/#organization\",\"name\":\"SalzburgerLand Tourismus GmbH\",\"url\":\"https:\/\/www.salzburgerland.com\/de\/\",\"logo\":{\"@type\":\"ImageObject\",\"inLanguage\":\"de\",\"@id\":\"https:\/\/www.salzburgerland.com\/de\/#\/schema\/logo\/image\/\",\"url\":\"https:\/\/www.salzburgerland.com\/de\/wp-content\/uploads\/2017\/01\/salzburgerland-logo.jpg\",\"contentUrl\":\"https:\/\/www.salzburgerland.com\/de\/wp-content\/uploads\/2017\/01\/salzburgerland-logo.jpg\",\"width\":1920,\"height\":827,\"caption\":\"SalzburgerLand Tourismus GmbH\"},\"image\":{\"@id\":\"https:\/\/www.salzburgerland.com\/de\/#\/schema\/logo\/image\/\"},\"sameAs\":[\"https:\/\/www.facebook.com\/salzburgerland\/\",\"https:\/\/x.com\/Salzburgerland\",\"https:\/\/www.instagram.com\/salzburgerland\/\",\"http:\/\/dbpedia.org\/resource\/Salzburg_(state)\",\"http:\/\/wikidata.dbpedia.org\/resource\/Q43325\",\"http:\/\/open.salzburgerland.com\/de\/entity\/salzburgerland\",\"https:\/\/www.youtube.com\/user\/salzburgerland\"]}]}<\/script>\n<!-- \/ Yoast SEO Premium plugin. -->","yoast_head_json":{"title":"Hintersee \u00bb SalzburgerLand.com","description":"Willkommen im Naturparadies! Rund um den malerischen Hintersee bietet die Landschaft zahlreiche M\u00f6glichkeiten zum Aktiverholen nahe der Mozartstadt.","robots":{"index":"index","follow":"follow","max-snippet":"max-snippet:-1","max-image-preview":"max-image-preview:large","max-video-preview":"max-video-preview:-1"},"canonical":"https:\/\/www.salzburgerland.com\/de\/wp-json\/wp\/v2\/entities\/59395","og_locale":"de_DE","og_type":"article","og_title":"Hintersee","og_description":"Willkommen im Naturparadies! Rund um den malerischen Hintersee bietet die Landschaft zahlreiche M\u00f6glichkeiten zum Aktiverholen nahe der Mozartstadt.","og_url":"https:\/\/www.salzburgerland.com\/de\/wp-json\/wp\/v2\/entities\/59395","og_site_name":"SalzburgerLand.com","article_publisher":"https:\/\/www.facebook.com\/salzburgerland\/","article_modified_time":"2023-10-31T15:33:59+00:00","og_image":[{"width":1200,"height":675,"url":"https:\/\/www.salzburgerland.com\/de\/wp-content\/uploads\/2016\/08\/2021-03-19-fuschlseeregion-winterfotos-by-michael-groessinger1u1a0407-1-1200x675.jpg","type":"image\/jpeg"}],"twitter_card":"summary_large_image","twitter_site":"@Salzburgerland","twitter_misc":{"Gesch\u00e4tzte Lesezeit":"2\u00a0Minuten"},"schema":{"@context":"https:\/\/schema.org","@graph":[{"@type":"WebPage","@id":"https:\/\/www.salzburgerland.com\/de\/hintersee\/","url":"https:\/\/www.salzburgerland.com\/de\/hintersee\/","name":"Hintersee \u00bb SalzburgerLand.com","isPartOf":{"@id":"https:\/\/www.salzburgerland.com\/de\/#website"},"primaryImageOfPage":{"@id":"https:\/\/www.salzburgerland.com\/de\/hintersee\/#primaryimage"},"image":{"@id":"https:\/\/www.salzburgerland.com\/de\/hintersee\/#primaryimage"},"thumbnailUrl":"https:\/\/www.salzburgerland.com\/de\/wp-content\/uploads\/2016\/08\/2021-03-19-fuschlseeregion-winterfotos-by-michael-groessinger1u1a0407-1.jpg","datePublished":"2016-08-23T13:01:21+00:00","dateModified":"2023-10-31T15:33:59+00:00","description":"Willkommen im Naturparadies! Rund um den malerischen Hintersee bietet die Landschaft zahlreiche M\u00f6glichkeiten zum Aktiverholen nahe der Mozartstadt.","breadcrumb":{"@id":"https:\/\/www.salzburgerland.com\/de\/hintersee\/#breadcrumb"},"inLanguage":"de","potentialAction":[{"@type":"ReadAction","target":["https:\/\/www.salzburgerland.com\/de\/hintersee\/"]}]},{"@type":"ImageObject","inLanguage":"de","@id":"https:\/\/www.salzburgerland.com\/de\/hintersee\/#primaryimage","url":"https:\/\/www.salzburgerland.com\/de\/wp-content\/uploads\/2016\/08\/2021-03-19-fuschlseeregion-winterfotos-by-michael-groessinger1u1a0407-1.jpg","contentUrl":"https:\/\/www.salzburgerland.com\/de\/wp-content\/uploads\/2016\/08\/2021-03-19-fuschlseeregion-winterfotos-by-michael-groessinger1u1a0407-1.jpg","width":1920,"height":1281,"caption":"Zwei Personen beim Skilanglauf auf einer verschneiten Hintersee-Loipe durch eine bewaldete Berglandschaft."},{"@type":"BreadcrumbList","@id":"https:\/\/www.salzburgerland.com\/de\/hintersee\/#breadcrumb","itemListElement":[{"@type":"ListItem","position":1,"name":"Fuschlseeregion","item":"https:\/\/www.salzburgerland.com\/de\/fuschlsee\/"},{"@type":"ListItem","position":2,"name":"Hintersee"}]},{"@type":"WebSite","@id":"https:\/\/www.salzburgerland.com\/de\/#website","url":"https:\/\/www.salzburgerland.com\/de\/","name":"SalzburgerLand.com","description":"Ihr Urlaub in Salzburg, \u00d6sterreich","publisher":{"@id":"https:\/\/www.salzburgerland.com\/de\/#organization"},"potentialAction":[{"@type":"SearchAction","target":{"@type":"EntryPoint","urlTemplate":"https:\/\/www.salzburgerland.com\/de\/?s={search_term_string}"},"query-input":{"@type":"PropertyValueSpecification","valueRequired":true,"valueName":"search_term_string"}}],"inLanguage":"de"},{"@type":"Organization","@id":"https:\/\/www.salzburgerland.com\/de\/#organization","name":"SalzburgerLand Tourismus GmbH","url":"https:\/\/www.salzburgerland.com\/de\/","logo":{"@type":"ImageObject","inLanguage":"de","@id":"https:\/\/www.salzburgerland.com\/de\/#\/schema\/logo\/image\/","url":"https:\/\/www.salzburgerland.com\/de\/wp-content\/uploads\/2017\/01\/salzburgerland-logo.jpg","contentUrl":"https:\/\/www.salzburgerland.com\/de\/wp-content\/uploads\/2017\/01\/salzburgerland-logo.jpg","width":1920,"height":827,"caption":"SalzburgerLand Tourismus GmbH"},"image":{"@id":"https:\/\/www.salzburgerland.com\/de\/#\/schema\/logo\/image\/"},"sameAs":["https:\/\/www.facebook.com\/salzburgerland\/","https:\/\/x.com\/Salzburgerland","https:\/\/www.instagram.com\/salzburgerland\/","http:\/\/dbpedia.org\/resource\/Salzburg_(state)","http:\/\/wikidata.dbpedia.org\/resource\/Q43325","http:\/\/open.salzburgerland.com\/de\/entity\/salzburgerland","https:\/\/www.youtube.com\/user\/salzburgerland"]}]}},"_wl_alt_label":[],"wl:entity_url":"http:\/\/open.salzburgerland.com\/de\/entity\/hintersee","_links":{"self":[{"href":"https:\/\/www.salzburgerland.com\/de\/wp-json\/wp\/v2\/entities\/59395","targetHints":{"allow":["GET"]}}],"collection":[{"href":"https:\/\/www.salzburgerland.com\/de\/wp-json\/wp\/v2\/entities"}],"about":[{"href":"https:\/\/www.salzburgerland.com\/de\/wp-json\/wp\/v2\/types\/entity"}],"author":[{"embeddable":true,"href":"https:\/\/www.salzburgerland.com\/de\/wp-json\/wp\/v2\/users\/18"}],"replies":[{"embeddable":true,"href":"https:\/\/www.salzburgerland.com\/de\/wp-json\/wp\/v2\/comments?post=59395"}],"version-history":[{"count":5,"href":"https:\/\/www.salzburgerland.com\/de\/wp-json\/wp\/v2\/entities\/59395\/revisions"}],"predecessor-version":[{"id":666939,"href":"https:\/\/www.salzburgerland.com\/de\/wp-json\/wp\/v2\/entities\/59395\/revisions\/666939"}],"wp:featuredmedia":[{"embeddable":true,"href":"https:\/\/www.salzburgerland.com\/de\/wp-json\/wp\/v2\/media\/666930"}],"wp:attachment":[{"href":"https:\/\/www.salzburgerland.com\/de\/wp-json\/wp\/v2\/media?parent=59395"}],"wp:term":[{"taxonomy":"category","embeddable":true,"href":"https:\/\/www.salzburgerland.com\/de\/wp-json\/wp\/v2\/categories?post=59395"},{"taxonomy":"post_tag","embeddable":true,"href":"https:\/\/www.salzburgerland.com\/de\/wp-json\/wp\/v2\/tags?post=59395"},{"taxonomy":"wl_entity_type","embeddable":true,"href":"https:\/\/www.salzburgerland.com\/de\/wp-json\/wp\/v2\/wl_entity_type?post=59395"},{"taxonomy":"ski_resorts","embeddable":true,"href":"https:\/\/www.salzburgerland.com\/de\/wp-json\/wp\/v2\/ski_resorts?post=59395"}],"curies":[{"name":"wp","href":"https:\/\/api.w.org\/{rel}","templated":true}]}}