{"id":59359,"date":"2016-08-23T14:52:31","date_gmt":"2016-08-23T12:52:31","guid":{"rendered":"https:\/\/www.onebigpark.at\/de\/?post_type=entity&#038;p=59359"},"modified":"2023-02-27T09:34:45","modified_gmt":"2023-02-27T08:34:45","slug":"niedernsill","status":"publish","type":"entity","link":"https:\/\/www.salzburgerland.com\/de\/niedernsill\/","title":{"rendered":"Niedernsill"},"content":{"rendered":"<p>\u00a0<\/p>\n<p>Die Lage der idyllischen Gemeinde inmitten der Hohen Tauern und Kitzb\u00fcheler Alpen bietet zu allen Jahreszeiten direkten Zugang zu Aktivit\u00e4ten in der paradiesischen Natur. Wanderer und Radfahrer kommen beim ErlebnisWandern oder am Tauernradweg ganz auf ihre Kosten. Im Winter liegen mehrere gro\u00dfe und kleine Skidestinationen praktisch vor der Haust\u00fcr.<\/p>\n\n\t\t\t<div id=\"59359-1\" class=\"gallery gallery-59359 gallery-columns-3 gallery-size-1170_658\" itemscope itemtype=\"http:\/\/schema.org\/ImageGallery\">\n\t\t\t\t<ul class=\"gallery-row gallery-col-3 gallery-clear\">\n\t\t\t\t\t<li class=\"gallery-item col-3\" itemprop=\"associatedMedia\" itemscope itemtype=\"http:\/\/schema.org\/ImageObject\">\n\t\t\t\t\t\t<div class=\"gallery-icon landscape\"><a href=\"https:\/\/www.salzburgerland.com\/de\/wp-content\/uploads\/2016\/08\/c-tvb-piesendorf-niedernsill-harry-liebmann-ausblick-auf-niedernsill-1920x1067.jpg\" title=\"(c) TVB Piesendorf Niedernsill, Harry Liebmann - Ausblick auf Niedernsill\"><img decoding=\"async\" data-title=\"(c) TVB Piesendorf Niedernsill, Harry Liebmann - Ausblick auf Niedernsill\" title=\"(c) TVB Piesendorf Niedernsill, Harry Liebmann - Ausblick auf Niedernsill\" data-caption=\"(c) TVB Piesendorf Niedernsill, Harry Liebmann - Ausblick auf Niedernsill\" width=\"1170\" height=\"658\" src=\"https:\/\/www.salzburgerland.com\/de\/wp-content\/uploads\/2016\/08\/c-tvb-piesendorf-niedernsill-harry-liebmann-ausblick-auf-niedernsill-1170x658.jpg\" class=\"attachment-1170_658 size-1170_658\" alt=\"Landschaftliche Ansicht der Stadt Niedernsill im Tal mit verschneiten Bergen, gr\u00fcnen H\u00fcgeln, Blumen und einem rustikalen Holzzaun. (vergr\u00f6\u00dferte Ansicht)\" srcset=\"https:\/\/www.salzburgerland.com\/de\/wp-content\/uploads\/2016\/08\/c-tvb-piesendorf-niedernsill-harry-liebmann-ausblick-auf-niedernsill-1170x658.jpg 1170w, https:\/\/www.salzburgerland.com\/de\/wp-content\/uploads\/2016\/08\/c-tvb-piesendorf-niedernsill-harry-liebmann-ausblick-auf-niedernsill-1200x675.jpg 1200w\" sizes=\"(max-width: 1170px) 100vw, 1170px\" aria-describedby=\"figcaption-59359-495230\" itemprop=\"thumbnail\"><\/a><\/div>\n\t\t\t\t\t\t<span id=\"figcaption-59359-495230\" class=\"gallery-caption\" itemprop=\"caption\"><span aria-hidden=\"true\">(c) TVB Piesendorf Niedernsill, Harry Liebmann \u2013 Ausblick auf Niedernsill<\/span><\/span>\n\t\t\t\t\t<\/li>\n\t\t\t\t\t<li class=\"gallery-item col-3\" itemprop=\"associatedMedia\" itemscope itemtype=\"http:\/\/schema.org\/ImageObject\">\n\t\t\t\t\t\t<div class=\"gallery-icon landscape\"><a href=\"https:\/\/www.salzburgerland.com\/de\/wp-content\/uploads\/2016\/08\/c-tvb-piesendorf-niedernsill-harry-liebmann-wanderrast-mit-ausblick-1920x1067.png\" title=\"(c) TVB Piesendorf Niedernsill, Harry Liebmann - Wanderrast mit Ausblick\"><img decoding=\"async\" data-title=\"(c) TVB Piesendorf Niedernsill, Harry Liebmann - Wanderrast mit Ausblick\" title=\"(c) TVB Piesendorf Niedernsill, Harry Liebmann - Wanderrast mit Ausblick\" data-caption=\"(c) TVB Piesendorf Niedernsill, Harry Liebmann - Wanderrast mit Ausblick\" width=\"1170\" height=\"658\" src=\"https:\/\/www.salzburgerland.com\/de\/wp-content\/uploads\/2016\/08\/c-tvb-piesendorf-niedernsill-harry-liebmann-wanderrast-mit-ausblick-1170x658.png\" class=\"attachment-1170_658 size-1170_658\" alt=\"Eine vierk\u00f6pfige Familie sitzt auf einem grasbewachsenen Berghang in Niedernsill und l\u00e4chelt inmitten von B\u00e4umen und fernen Gipfeln. (vergr\u00f6\u00dferte Ansicht)\" srcset=\"https:\/\/www.salzburgerland.com\/de\/wp-content\/uploads\/2016\/08\/c-tvb-piesendorf-niedernsill-harry-liebmann-wanderrast-mit-ausblick-1170x658.png 1170w, https:\/\/www.salzburgerland.com\/de\/wp-content\/uploads\/2016\/08\/c-tvb-piesendorf-niedernsill-harry-liebmann-wanderrast-mit-ausblick-1200x675.png 1200w\" sizes=\"(max-width: 1170px) 100vw, 1170px\" aria-describedby=\"figcaption-59359-495231\" itemprop=\"thumbnail\"><\/a><\/div>\n\t\t\t\t\t\t<span id=\"figcaption-59359-495231\" class=\"gallery-caption\" itemprop=\"caption\"><span aria-hidden=\"true\">(c) TVB Piesendorf Niedernsill, Harry Liebmann \u2013 Wanderrast mit Ausblick<\/span><\/span>\n\t\t\t\t\t<\/li>\n\t\t\t\t\t<li class=\"gallery-item col-3\" itemprop=\"associatedMedia\" itemscope itemtype=\"http:\/\/schema.org\/ImageObject\">\n\t\t\t\t\t\t<div class=\"gallery-icon landscape\"><a href=\"https:\/\/www.salzburgerland.com\/de\/wp-content\/uploads\/2016\/08\/c-tvb-piesendorf-niedernsill-harry-liebmann-familienwanderung-1920x1067.jpg\" title=\"(c) TVB Piesendorf Niedernsill, Harry Liebmann - Familienwanderung\"><img decoding=\"async\" data-title=\"(c) TVB Piesendorf Niedernsill, Harry Liebmann - Familienwanderung\" title=\"(c) TVB Piesendorf Niedernsill, Harry Liebmann - Familienwanderung\" data-caption=\"(c) TVB Piesendorf Niedernsill, Harry Liebmann - Familienwanderung\" width=\"1170\" height=\"658\" src=\"https:\/\/www.salzburgerland.com\/de\/wp-content\/uploads\/2016\/08\/c-tvb-piesendorf-niedernsill-harry-liebmann-familienwanderung-1170x658.jpg\" class=\"attachment-1170_658 size-1170_658\" alt=\"Zwei M\u00e4dchen streicheln ein Pferd, w\u00e4hrend ein anderes eine Flasche an einem Trog in der N\u00e4he von rustikalen \u00f6sterreichischen Alpenh\u00e4usern in Niedernsill f\u00fcllt. (vergr\u00f6\u00dferte Ansicht)\" srcset=\"https:\/\/www.salzburgerland.com\/de\/wp-content\/uploads\/2016\/08\/c-tvb-piesendorf-niedernsill-harry-liebmann-familienwanderung-1170x658.jpg 1170w, https:\/\/www.salzburgerland.com\/de\/wp-content\/uploads\/2016\/08\/c-tvb-piesendorf-niedernsill-harry-liebmann-familienwanderung-1200x675.jpg 1200w\" sizes=\"(max-width: 1170px) 100vw, 1170px\" aria-describedby=\"figcaption-59359-495232\" itemprop=\"thumbnail\"><\/a><\/div>\n\t\t\t\t\t\t<span id=\"figcaption-59359-495232\" class=\"gallery-caption\" itemprop=\"caption\"><span aria-hidden=\"true\">(c) TVB Piesendorf Niedernsill, Harry Liebmann \u2013 Familienwanderung<\/span><\/span>\n\t\t\t\t\t<\/li>\n\t\t\t\t<\/ul>\n\t\t\t\t<ul class=\"gallery-row gallery-col-3 gallery-clear\">\n\t\t\t\t\t<li class=\"gallery-item col-3\" itemprop=\"associatedMedia\" itemscope itemtype=\"http:\/\/schema.org\/ImageObject\">\n\t\t\t\t\t\t<div class=\"gallery-icon landscape\"><a href=\"https:\/\/www.salzburgerland.com\/de\/wp-content\/uploads\/2016\/08\/c-tvb-piesendorf-niedernsill-harry-liebmann-badespass-im-naturbadesee-niedernsill-1920x1067.jpg\" title=\"SONY DSC\"><img decoding=\"async\" data-title=\"c TVB Piesendorf Niedernsill Harry Liebmann Badespass-im-naturbadesee-niedernsill\" title=\"c TVB Piesendorf Niedernsill Harry Liebmann Badespass-im-naturbadesee-niedernsill\" data-caption=\"c TVB Piesendorf Niedernsill Harry Liebmann Badespass-im-naturbadesee-niedernsill\" width=\"1170\" height=\"658\" src=\"https:\/\/www.salzburgerland.com\/de\/wp-content\/uploads\/2016\/08\/c-tvb-piesendorf-niedernsill-harry-liebmann-badespass-im-naturbadesee-niedernsill-1170x658.jpg\" class=\"attachment-1170_658 size-1170_658\" alt=\"Kinder spielen auf Holzkonstruktionen \u00fcber einem See in Niedernsill, w\u00e4hrend sich im Hintergrund die Berge erheben. (vergr\u00f6\u00dferte Ansicht)\" srcset=\"https:\/\/www.salzburgerland.com\/de\/wp-content\/uploads\/2016\/08\/c-tvb-piesendorf-niedernsill-harry-liebmann-badespass-im-naturbadesee-niedernsill-1170x658.jpg 1170w, https:\/\/www.salzburgerland.com\/de\/wp-content\/uploads\/2016\/08\/c-tvb-piesendorf-niedernsill-harry-liebmann-badespass-im-naturbadesee-niedernsill-1200x675.jpg 1200w\" sizes=\"(max-width: 1170px) 100vw, 1170px\" aria-describedby=\"figcaption-59359-495233\" itemprop=\"thumbnail\"><\/a><\/div>\n\t\t\t\t\t\t<span id=\"figcaption-59359-495233\" class=\"gallery-caption\" itemprop=\"caption\"><span aria-hidden=\"true\">c TVB Piesendorf Niedernsill Harry Liebmann Badespass-im-naturbadesee-niedernsill<\/span><\/span>\n\t\t\t\t\t<\/li>\n\t\t\t\t\t<li class=\"gallery-item col-3\" itemprop=\"associatedMedia\" itemscope itemtype=\"http:\/\/schema.org\/ImageObject\">\n\t\t\t\t\t\t<div class=\"gallery-icon landscape\"><a href=\"https:\/\/www.salzburgerland.com\/de\/wp-content\/uploads\/2016\/08\/c-tvb-piesendorf-niedernsill-harry-liebmann-noriker-pferdemuseum.jpg\" title=\"(c) TVB Piesendorf Niedernsill, Harry Liebmann - Noriker Pferdemuseum\"><img decoding=\"async\" data-title=\"\" title=\"\" data-caption=\"\" width=\"1170\" height=\"658\" src=\"https:\/\/www.salzburgerland.com\/de\/wp-content\/uploads\/2016\/08\/c-tvb-piesendorf-niedernsill-harry-liebmann-noriker-pferdemuseum-1170x658.jpg\" class=\"attachment-1170_658 size-1170_658\" alt=\"Die Ausstellung in Niedernsill zeigt ein lebensgro\u00dfes Pferdemodell, Holzz\u00e4une und didaktische Tafeln in rustikalem Ambiente. (vergr\u00f6\u00dferte Ansicht)\" srcset=\"https:\/\/www.salzburgerland.com\/de\/wp-content\/uploads\/2016\/08\/c-tvb-piesendorf-niedernsill-harry-liebmann-noriker-pferdemuseum-1170x658.jpg 1170w, https:\/\/www.salzburgerland.com\/de\/wp-content\/uploads\/2016\/08\/c-tvb-piesendorf-niedernsill-harry-liebmann-noriker-pferdemuseum-1200x675.jpg 1200w\" sizes=\"(max-width: 1170px) 100vw, 1170px\" itemprop=\"thumbnail\"><\/a><\/div>\n\t\t\t\t\t<\/li>\n\t\t\t\t\t<li class=\"gallery-item col-3\" itemprop=\"associatedMedia\" itemscope itemtype=\"http:\/\/schema.org\/ImageObject\">\n\t\t\t\t\t\t<div class=\"gallery-icon landscape\"><a href=\"https:\/\/www.salzburgerland.com\/de\/wp-content\/uploads\/2016\/08\/c-tvb-piesendorf-niedernsill-harry-liebmann-bikeeldorado-piesendorf-niedernsill-kopie-1920x1067.jpg\" title=\"(c) TVB Piesendorf Niedernsill, Harry Liebmann - BikeEldorado Piesendorf Niedernsill Kopie\"><img decoding=\"async\" data-title=\"(c) TVB Piesendorf Niedernsill, Harry Liebmann - BikeEldorado Piesendorf Niedernsill\" title=\"(c) TVB Piesendorf Niedernsill, Harry Liebmann - BikeEldorado Piesendorf Niedernsill\" data-caption=\"(c) TVB Piesendorf Niedernsill, Harry Liebmann - BikeEldorado Piesendorf Niedernsill\" width=\"1170\" height=\"658\" src=\"https:\/\/www.salzburgerland.com\/de\/wp-content\/uploads\/2016\/08\/c-tvb-piesendorf-niedernsill-harry-liebmann-bikeeldorado-piesendorf-niedernsill-kopie-1170x658.jpg\" class=\"attachment-1170_658 size-1170_658\" alt=\"Drei Personen fahren mit dem Fahrrad auf einem Waldweg in Niedernsill, umgeben von hohen B\u00e4umen und gr\u00fcnem Gras. (vergr\u00f6\u00dferte Ansicht)\" srcset=\"https:\/\/www.salzburgerland.com\/de\/wp-content\/uploads\/2016\/08\/c-tvb-piesendorf-niedernsill-harry-liebmann-bikeeldorado-piesendorf-niedernsill-kopie-1170x658.jpg 1170w, https:\/\/www.salzburgerland.com\/de\/wp-content\/uploads\/2016\/08\/c-tvb-piesendorf-niedernsill-harry-liebmann-bikeeldorado-piesendorf-niedernsill-kopie-1200x675.jpg 1200w\" sizes=\"(max-width: 1170px) 100vw, 1170px\" aria-describedby=\"figcaption-59359-495247\" itemprop=\"thumbnail\"><\/a><\/div>\n\t\t\t\t\t\t<span id=\"figcaption-59359-495247\" class=\"gallery-caption\" itemprop=\"caption\"><span aria-hidden=\"true\">(c) TVB Piesendorf Niedernsill, Harry Liebmann \u2013 BikeEldorado Piesendorf Niedernsill<\/span><\/span>\n\t\t\t\t\t<\/li>\n\t\t\t\t<\/ul>\n\t\t\t<\/div><!-- .gallery -->\n\n<h2>Sommerspa\u00df<\/h2>\n<p>In Niedernsill k\u00f6nnen Naturianer ruhige Tage aber auch aktive Stunden erleben, einem abwechslungsreichen Urlaub steht bestimmt nichts im Wege. Der Naturbadesee mit den gro\u00dfz\u00fcgigen Liegewiesen und Kinder-Plantschbecken ist DER Anziehungspunkt f\u00fcr Wasserratten jeden Alters. Die Freizeitanlage mit Kneippm\u00f6glichkeit, Volleyball-, Tennis- und Fu\u00dfballplatz, Minigolf, Kinderspielplatz und vielem mehr bietet ein perfektes Rundumpaket mit Entspannung, Spiel und Spa\u00df. Die angrenzende, landschaftlich gesch\u00fctzte \u201eLuzia-Lacke\u201c l\u00e4dt bei einem Spaziergang zur Beobachtung der heimischen Tierwelt ein.<\/p>\n<h2>Regenwetter-Tipp<\/h2>\n<p>Im <strong><a href=\"http:\/\/www.samerstall.at\/noriker-pferdemuseum\/noriker-pferdemuseum\">Noriker Pferdemuseum,<\/a><\/strong> direkt im Zentrum von Niedernsill, kommen Pferdefreunde ins Staunen. In dem nach neuesten Erkenntnissen und museumsp\u00e4dagogischen Richtlinien gestaltetem Museum, wird einem die Natur- und Kulturgeschichte des Noriker-Pferdes n\u00e4her gebracht. Das Mundartarchiv im zweiten Obergeschoss ist dem heimischen Dialekt gewidmet. Regionale Mundart in Ton-Dokumenten, Video-Aufzeichnungen und in schriftlicher Form werden hier im Auftrag des Vereins Tauriska gesammelt.<\/p>\n<p>\u00a0<\/p>\n\n\t\t\t<div id=\"59359-2\" class=\"gallery gallery-59359 gallery-columns-3 gallery-size-1170_658\" itemscope itemtype=\"http:\/\/schema.org\/ImageGallery\">\n\t\t\t\t<ul class=\"gallery-row gallery-col-3 gallery-clear\">\n\t\t\t\t\t<li class=\"gallery-item col-3\" itemprop=\"associatedMedia\" itemscope itemtype=\"http:\/\/schema.org\/ImageObject\">\n\t\t\t\t\t\t<div class=\"gallery-icon landscape\"><a href=\"https:\/\/www.salzburgerland.com\/de\/wp-content\/uploads\/2016\/11\/niedernsill-winter-skifahren-1920x1067.jpg\" title=\"niedernsill-winter-skifahren\"><img decoding=\"async\" data-title=\"\u00a9 TVB Piesendorf Niedernsill -Harry Liebmann - Skifahren in Niedernsill.\" title=\"\u00a9 TVB Piesendorf Niedernsill -Harry Liebmann - Skifahren in Niedernsill.\" data-caption=\"\u00a9 TVB Piesendorf Niedernsill -Harry Liebmann - Skifahren in Niedernsill.\" width=\"1170\" height=\"658\" src=\"https:\/\/www.salzburgerland.com\/de\/wp-content\/uploads\/2016\/11\/niedernsill-winter-skifahren-1170x658.jpg\" class=\"attachment-1170_658 size-1170_658\" alt=\"Piste mit blauen und roten ausgesteckten Toren von oben aus gesehen (vergr\u00f6\u00dferte Ansicht)\" aria-describedby=\"figcaption-59359-80031\" itemprop=\"thumbnail\"><\/a><\/div>\n\t\t\t\t\t\t<span id=\"figcaption-59359-80031\" class=\"gallery-caption\" itemprop=\"caption\"><span aria-hidden=\"true\">\u00a9 TVB Piesendorf Niedernsill -Harry Liebmann \u2013 Skifahren in Niedernsill.<\/span><\/span>\n\t\t\t\t\t<\/li>\n\t\t\t\t\t<li class=\"gallery-item col-3\" itemprop=\"associatedMedia\" itemscope itemtype=\"http:\/\/schema.org\/ImageObject\">\n\t\t\t\t\t\t<div class=\"gallery-icon landscape\"><a href=\"https:\/\/www.salzburgerland.com\/de\/wp-content\/uploads\/2016\/08\/c-tvb-piesendorf-niedernsill-harry-liebmann-romantische-pferdeschlittenfahrt-1920x1067.jpg\" title=\"(c) TVB Piesendorf Niedernsill, Harry Liebmann - Romantische Pferdeschlittenfahrt\"><img decoding=\"async\" data-title=\"(c) TVB Piesendorf Niedernsill, Harry Liebmann - Romantische Pferdeschlittenfahrt\" title=\"(c) TVB Piesendorf Niedernsill, Harry Liebmann - Romantische Pferdeschlittenfahrt\" data-caption=\"(c) TVB Piesendorf Niedernsill, Harry Liebmann - Romantische Pferdeschlittenfahrt\" width=\"1170\" height=\"658\" src=\"https:\/\/www.salzburgerland.com\/de\/wp-content\/uploads\/2016\/08\/c-tvb-piesendorf-niedernsill-harry-liebmann-romantische-pferdeschlittenfahrt-1170x658.jpg\" class=\"attachment-1170_658 size-1170_658\" alt=\"Eine Gruppe von Menschen in einem Pferdeschlitten gleitet durch das verschneite Niedernsill. (vergr\u00f6\u00dferte Ansicht)\" srcset=\"https:\/\/www.salzburgerland.com\/de\/wp-content\/uploads\/2016\/08\/c-tvb-piesendorf-niedernsill-harry-liebmann-romantische-pferdeschlittenfahrt-1170x658.jpg 1170w, https:\/\/www.salzburgerland.com\/de\/wp-content\/uploads\/2016\/08\/c-tvb-piesendorf-niedernsill-harry-liebmann-romantische-pferdeschlittenfahrt-1200x675.jpg 1200w\" sizes=\"(max-width: 1170px) 100vw, 1170px\" aria-describedby=\"figcaption-59359-495235\" itemprop=\"thumbnail\"><\/a><\/div>\n\t\t\t\t\t\t<span id=\"figcaption-59359-495235\" class=\"gallery-caption\" itemprop=\"caption\"><span aria-hidden=\"true\">(c) TVB Piesendorf Niedernsill, Harry Liebmann \u2013 Romantische Pferdeschlittenfahrt<\/span><\/span>\n\t\t\t\t\t<\/li>\n\t\t\t\t\t<li class=\"gallery-item col-3\" itemprop=\"associatedMedia\" itemscope itemtype=\"http:\/\/schema.org\/ImageObject\">\n\t\t\t\t\t\t<div class=\"gallery-icon landscape\"><a href=\"https:\/\/www.salzburgerland.com\/de\/wp-content\/uploads\/2016\/08\/c-tvb-piesendorf-niedernsill-harry-liebmann-schneeschuhwanderung-in-unberuhrter-winterlandschaft-1920x1067.jpg\" title=\"KONICA MINOLTA DIGITAL CAMERA\"><img decoding=\"async\" data-title=\"c TVB Piesendorf Niedernsill Harry Liebmann Schneeschuhwanderung in unberuehrter Winterlandschaft\n\" title=\"c TVB Piesendorf Niedernsill Harry Liebmann Schneeschuhwanderung in unberuehrter Winterlandschaft\n\" data-caption=\"c TVB Piesendorf Niedernsill Harry Liebmann Schneeschuhwanderung in unberuehrter Winterlandschaft\n\" width=\"1170\" height=\"658\" src=\"https:\/\/www.salzburgerland.com\/de\/wp-content\/uploads\/2016\/08\/c-tvb-piesendorf-niedernsill-harry-liebmann-schneeschuhwanderung-in-unberuhrter-winterlandschaft-1170x658.jpg\" class=\"attachment-1170_658 size-1170_658\" alt=\"Gruppe von Wanderern im Tiefschnee bei Niedernsill, verschneite Berge und teilweise bew\u00f6lkter Himmel im Hintergrund. (vergr\u00f6\u00dferte Ansicht)\" srcset=\"https:\/\/www.salzburgerland.com\/de\/wp-content\/uploads\/2016\/08\/c-tvb-piesendorf-niedernsill-harry-liebmann-schneeschuhwanderung-in-unberuhrter-winterlandschaft-1170x658.jpg 1170w, https:\/\/www.salzburgerland.com\/de\/wp-content\/uploads\/2016\/08\/c-tvb-piesendorf-niedernsill-harry-liebmann-schneeschuhwanderung-in-unberuhrter-winterlandschaft-1200x675.jpg 1200w\" sizes=\"(max-width: 1170px) 100vw, 1170px\" aria-describedby=\"figcaption-59359-495236\" itemprop=\"thumbnail\"><\/a><\/div>\n\t\t\t\t\t\t<span id=\"figcaption-59359-495236\" class=\"gallery-caption\" itemprop=\"caption\"><span aria-hidden=\"true\">c TVB Piesendorf Niedernsill Harry Liebmann Schneeschuhwanderung in unberuehrter Winterlandschaft\n<\/span><\/span>\n\t\t\t\t\t<\/li>\n\t\t\t\t<\/ul>\n\t\t\t\t<ul class=\"gallery-row gallery-col-3 gallery-clear\">\n\t\t\t\t\t<li class=\"gallery-item col-3\" itemprop=\"associatedMedia\" itemscope itemtype=\"http:\/\/schema.org\/ImageObject\">\n\t\t\t\t\t\t<div class=\"gallery-icon landscape\"><a href=\"https:\/\/www.salzburgerland.com\/de\/wp-content\/uploads\/2016\/08\/c-tvb-piesendorf-niedernsill-harry-liebmann-tiefverschneiter-stadl-1920x1067.jpg\" title=\"(c) TVB Piesendorf Niedernsill, Harry Liebmann - Tiefverschneiter Stadl\"><img decoding=\"async\" data-title=\"(c) TVB Piesendorf Niedernsill, Harry Liebmann - Tiefverschneiter Stadl\" title=\"(c) TVB Piesendorf Niedernsill, Harry Liebmann - Tiefverschneiter Stadl\" data-caption=\"(c) TVB Piesendorf Niedernsill, Harry Liebmann - Tiefverschneiter Stadl\" width=\"1170\" height=\"658\" src=\"https:\/\/www.salzburgerland.com\/de\/wp-content\/uploads\/2016\/08\/c-tvb-piesendorf-niedernsill-harry-liebmann-tiefverschneiter-stadl-1170x658.jpg\" class=\"attachment-1170_658 size-1170_658\" alt=\"Schneebedeckte H\u00fctte und B\u00e4ume im hellen Sonnenlicht in Niedernsill mit Bergen an einem klaren Wintertag. (vergr\u00f6\u00dferte Ansicht)\" srcset=\"https:\/\/www.salzburgerland.com\/de\/wp-content\/uploads\/2016\/08\/c-tvb-piesendorf-niedernsill-harry-liebmann-tiefverschneiter-stadl-1170x658.jpg 1170w, https:\/\/www.salzburgerland.com\/de\/wp-content\/uploads\/2016\/08\/c-tvb-piesendorf-niedernsill-harry-liebmann-tiefverschneiter-stadl-1200x675.jpg 1200w\" sizes=\"(max-width: 1170px) 100vw, 1170px\" aria-describedby=\"figcaption-59359-495237\" itemprop=\"thumbnail\"><\/a><\/div>\n\t\t\t\t\t\t<span id=\"figcaption-59359-495237\" class=\"gallery-caption\" itemprop=\"caption\"><span aria-hidden=\"true\">(c) TVB Piesendorf Niedernsill, Harry Liebmann \u2013 Tiefverschneiter Stadl<\/span><\/span>\n\t\t\t\t\t<\/li>\n\t\t\t\t\t<li class=\"gallery-item col-3\" itemprop=\"associatedMedia\" itemscope itemtype=\"http:\/\/schema.org\/ImageObject\">\n\t\t\t\t\t\t<div class=\"gallery-icon landscape\"><a href=\"https:\/\/www.salzburgerland.com\/de\/wp-content\/uploads\/2016\/08\/c-tvb-piesendorf-niedernsill-harry-liebmann-winterwandern-1920x1067.jpg\" title=\"(c) TVB Piesendorf Niedernsill, Harry Liebmann - Winterwandern\"><img decoding=\"async\" data-title=\"(c) TVB Piesendorf Niedernsill, Harry Liebmann - Winterwandern\" title=\"(c) TVB Piesendorf Niedernsill, Harry Liebmann - Winterwandern\" data-caption=\"(c) TVB Piesendorf Niedernsill, Harry Liebmann - Winterwandern\" width=\"1170\" height=\"658\" src=\"https:\/\/www.salzburgerland.com\/de\/wp-content\/uploads\/2016\/08\/c-tvb-piesendorf-niedernsill-harry-liebmann-winterwandern-1170x658.jpg\" class=\"attachment-1170_658 size-1170_658\" alt=\"Langl\u00e4ufer auf einer verschneiten Loipe in der N\u00e4he von Niedernsill, mit Bergen und Holzh\u00fctten im Hintergrund. (vergr\u00f6\u00dferte Ansicht)\" srcset=\"https:\/\/www.salzburgerland.com\/de\/wp-content\/uploads\/2016\/08\/c-tvb-piesendorf-niedernsill-harry-liebmann-winterwandern-1170x658.jpg 1170w, https:\/\/www.salzburgerland.com\/de\/wp-content\/uploads\/2016\/08\/c-tvb-piesendorf-niedernsill-harry-liebmann-winterwandern-1200x675.jpg 1200w\" sizes=\"(max-width: 1170px) 100vw, 1170px\" aria-describedby=\"figcaption-59359-495238\" itemprop=\"thumbnail\"><\/a><\/div>\n\t\t\t\t\t\t<span id=\"figcaption-59359-495238\" class=\"gallery-caption\" itemprop=\"caption\"><span aria-hidden=\"true\">(c) TVB Piesendorf Niedernsill, Harry Liebmann \u2013 Winterwandern<\/span><\/span>\n\t\t\t\t\t<\/li>\n\t\t\t\t\t<li class=\"gallery-item col-3\" itemprop=\"associatedMedia\" itemscope itemtype=\"http:\/\/schema.org\/ImageObject\">\n\t\t\t\t\t\t<div class=\"gallery-icon landscape\"><a href=\"https:\/\/www.salzburgerland.com\/de\/wp-content\/uploads\/2016\/08\/c-tvb-piesendorf-niedernsill-harry-liebmann-bauernhaus-in-winterlandschaft-1920x1067.jpg\" title=\"KONICA MINOLTA DIGITAL CAMERA\"><img decoding=\"async\" data-title=\"c TVB Piesendorf Niedernsill Harry Liebmann Bauernhaus in Winterlandschaft\" title=\"c TVB Piesendorf Niedernsill Harry Liebmann Bauernhaus in Winterlandschaft\" data-caption=\"c TVB Piesendorf Niedernsill Harry Liebmann Bauernhaus in Winterlandschaft\" width=\"1170\" height=\"658\" src=\"https:\/\/www.salzburgerland.com\/de\/wp-content\/uploads\/2016\/08\/c-tvb-piesendorf-niedernsill-harry-liebmann-bauernhaus-in-winterlandschaft-1170x658.jpg\" class=\"attachment-1170_658 size-1170_658\" alt=\"Ein Holzchalet in Niedernsill, umgeben von Tiefschnee und Bergen unter einem strahlend blauen Himmel. (vergr\u00f6\u00dferte Ansicht)\" srcset=\"https:\/\/www.salzburgerland.com\/de\/wp-content\/uploads\/2016\/08\/c-tvb-piesendorf-niedernsill-harry-liebmann-bauernhaus-in-winterlandschaft-1170x658.jpg 1170w, https:\/\/www.salzburgerland.com\/de\/wp-content\/uploads\/2016\/08\/c-tvb-piesendorf-niedernsill-harry-liebmann-bauernhaus-in-winterlandschaft-1200x675.jpg 1200w\" sizes=\"(max-width: 1170px) 100vw, 1170px\" aria-describedby=\"figcaption-59359-495240\" itemprop=\"thumbnail\"><\/a><\/div>\n\t\t\t\t\t\t<span id=\"figcaption-59359-495240\" class=\"gallery-caption\" itemprop=\"caption\"><span aria-hidden=\"true\">c TVB Piesendorf Niedernsill Harry Liebmann Bauernhaus in Winterlandschaft<\/span><\/span>\n\t\t\t\t\t<\/li>\n\t\t\t\t<\/ul>\n\t\t\t<\/div><!-- .gallery -->\n\n<h2>Winterspa\u00df<\/h2>\n<p>Die unmittelbare N\u00e4he zu den Top-Skidestinationen machen den Ferienort f\u00fcr Wintersportler, Familien und Dorftr\u00e4umer zu einem Basislager. Sogar ein kleiner Skilift steht in Niedernsill zur Verf\u00fcgung, den vor allem Kinder, Anf\u00e4nger und Wiedereinsteiger gerne n\u00fctzen. Wer es lieber ruhiger mag, der kann auf den Langlaufloipen, Winterwanderwegen, bei einer romantischen Pferdekutschenfahrt oder Schneeschuhwanderung die verschneite Winterlandschaft genie\u00dfen.<\/p>\n<h2>Wandertipp<\/h2>\n<p><strong>Ein Tipp f\u00fcr Wanderenthusiasten<\/strong> ist der zertifizierte <strong>Naglk\u00f6pflweg zum Kraftplatz.<\/strong> Start der leichten und gem\u00fctlichen Rundwanderung ist im Ortsteil Steindorf beim Parkplatz Ematen. Von dort geht es \u00fcber den naturbelassenen Wanderweg zum Kraftplatz am Naglk\u00f6pfl. \u00dcber den Rohrerberg und Gitschen f\u00fcr die Rundwanderung wieder retour zum Ausgangspunkt.<\/p>\n<blockquote><p><em>Das Naglk\u00f6pfl war einer der ersten Besiedlungspunkte der Kelten und ist somit ein magischer Kraftplatz zum Entspannen und Kr\u00e4ftetanken.<\/em><\/p><\/blockquote>\n","protected":false},"excerpt":{"rendered":"<p>\u00a0 Die Lage der idyllischen Gemeinde inmitten der Hohen Tauern und Kitzb\u00fcheler Alpen bietet zu allen Jahreszeiten direkten Zugang zu Aktivit\u00e4ten in der paradiesischen Natur. Wanderer und Radfahrer kommen beim ErlebnisWandern oder am Tauernradweg ganz auf ihre Kosten. Im Winter liegen mehrere gro\u00dfe und kleine Skidestinationen praktisch vor der Haust\u00fcr. Sommerspa\u00df In Niedernsill k\u00f6nnen Naturianer [&hellip;]<\/p>\n","protected":false},"author":15,"featured_media":495244,"comment_status":"closed","ping_status":"closed","template":"","meta":{"_acf_changed":false,"wl_entities_gutenberg":"","_relevanssi_hide_post":"","_relevanssi_hide_content":"","_relevanssi_pin_for_all":"","_relevanssi_pin_keywords":"","_relevanssi_unpin_keywords":"","_relevanssi_related_keywords":"","_relevanssi_related_include_ids":"","_relevanssi_related_exclude_ids":"","_relevanssi_related_no_append":"","_relevanssi_related_not_related":"","_relevanssi_related_posts":"","_relevanssi_noindex_reason":"","footnotes":""},"categories":[],"tags":[],"wl_entity_type":[7],"ski_resorts":[],"class_list":["post-59359","entity","type-entity","status-publish","has-post-thumbnail","hentry","wl_entity_type-place","sitetype-place"],"acf":[],"yoast_head":"<!-- This site is optimized with the Yoast SEO Premium plugin v26.9 (Yoast SEO v26.9) - https:\/\/yoast.com\/product\/yoast-seo-premium-wordpress\/ -->\n<title>Niedernsill: Ferienort f\u00fcr die ganze Familie und aktive Genie\u00dfer.<\/title>\n<meta name=\"description\" content=\"Niedernsill im Oberpinzgau ist der ideale Ferienort f\u00fcr Familien. Naturbadesee f\u00fcr Wasserratten, Erlebnisberg Naglk\u00f6pfl f\u00fcr kleine Wintersportler.\" \/>\n<meta name=\"robots\" content=\"index, follow, max-snippet:-1, max-image-preview:large, max-video-preview:-1\" \/>\n<link rel=\"canonical\" href=\"https:\/\/www.salzburgerland.com\/de\/wp-json\/wp\/v2\/entities\/59359\" \/>\n<meta property=\"og:locale\" content=\"de_DE\" \/>\n<meta property=\"og:type\" content=\"article\" \/>\n<meta property=\"og:title\" content=\"Niedernsill\" \/>\n<meta property=\"og:description\" content=\"Niedernsill im Oberpinzgau ist der ideale Ferienort f\u00fcr Familien. Naturbadesee f\u00fcr Wasserratten, Erlebnisberg Naglk\u00f6pfl f\u00fcr kleine Wintersportler.\" \/>\n<meta property=\"og:url\" content=\"https:\/\/www.salzburgerland.com\/de\/wp-json\/wp\/v2\/entities\/59359\" \/>\n<meta property=\"og:site_name\" content=\"SalzburgerLand.com\" \/>\n<meta property=\"article:publisher\" content=\"https:\/\/www.facebook.com\/salzburgerland\/\" \/>\n<meta property=\"article:modified_time\" content=\"2023-02-27T08:34:45+00:00\" \/>\n<meta property=\"og:image\" content=\"https:\/\/www.salzburgerland.com\/de\/wp-content\/uploads\/2016\/08\/c-tvb-piesendorf-niedernsill-harry-liebmann-niedernsill-winterpanorama-kopie-1200x675.jpg\" \/>\n\t<meta property=\"og:image:width\" content=\"1200\" \/>\n\t<meta property=\"og:image:height\" content=\"675\" \/>\n\t<meta property=\"og:image:type\" content=\"image\/jpeg\" \/>\n<meta name=\"twitter:card\" content=\"summary_large_image\" \/>\n<meta name=\"twitter:site\" content=\"@Salzburgerland\" \/>\n<meta name=\"twitter:label1\" content=\"Gesch\u00e4tzte Lesezeit\" \/>\n\t<meta name=\"twitter:data1\" content=\"2\u00a0Minuten\" \/>\n<script type=\"application\/ld+json\" class=\"yoast-schema-graph\">{\"@context\":\"https:\/\/schema.org\",\"@graph\":[{\"@type\":\"WebPage\",\"@id\":\"https:\/\/www.salzburgerland.com\/de\/niedernsill\/\",\"url\":\"https:\/\/www.salzburgerland.com\/de\/niedernsill\/\",\"name\":\"Niedernsill: Ferienort f\u00fcr die ganze Familie und aktive Genie\u00dfer.\",\"isPartOf\":{\"@id\":\"https:\/\/www.salzburgerland.com\/de\/#website\"},\"primaryImageOfPage\":{\"@id\":\"https:\/\/www.salzburgerland.com\/de\/niedernsill\/#primaryimage\"},\"image\":{\"@id\":\"https:\/\/www.salzburgerland.com\/de\/niedernsill\/#primaryimage\"},\"thumbnailUrl\":\"https:\/\/www.salzburgerland.com\/de\/wp-content\/uploads\/2016\/08\/c-tvb-piesendorf-niedernsill-harry-liebmann-niedernsill-winterpanorama-kopie.jpg\",\"datePublished\":\"2016-08-23T12:52:31+00:00\",\"dateModified\":\"2023-02-27T08:34:45+00:00\",\"description\":\"Niedernsill im Oberpinzgau ist der ideale Ferienort f\u00fcr Familien. Naturbadesee f\u00fcr Wasserratten, Erlebnisberg Naglk\u00f6pfl f\u00fcr kleine Wintersportler.\",\"breadcrumb\":{\"@id\":\"https:\/\/www.salzburgerland.com\/de\/niedernsill\/#breadcrumb\"},\"inLanguage\":\"de\",\"potentialAction\":[{\"@type\":\"ReadAction\",\"target\":[\"https:\/\/www.salzburgerland.com\/de\/niedernsill\/\"]}]},{\"@type\":\"ImageObject\",\"inLanguage\":\"de\",\"@id\":\"https:\/\/www.salzburgerland.com\/de\/niedernsill\/#primaryimage\",\"url\":\"https:\/\/www.salzburgerland.com\/de\/wp-content\/uploads\/2016\/08\/c-tvb-piesendorf-niedernsill-harry-liebmann-niedernsill-winterpanorama-kopie.jpg\",\"contentUrl\":\"https:\/\/www.salzburgerland.com\/de\/wp-content\/uploads\/2016\/08\/c-tvb-piesendorf-niedernsill-harry-liebmann-niedernsill-winterpanorama-kopie.jpg\",\"width\":1920,\"height\":802,\"caption\":\"(c) TVB Piesendorf Niedernsill, Harry Liebmann - Niedernsill Winterpanorama Kopie\"},{\"@type\":\"BreadcrumbList\",\"@id\":\"https:\/\/www.salzburgerland.com\/de\/niedernsill\/#breadcrumb\",\"itemListElement\":[{\"@type\":\"ListItem\",\"position\":1,\"name\":\"Ferienregion Nationalpark Hohe Tauern\",\"item\":\"https:\/\/www.salzburgerland.com\/de\/ferienregion-nationalpark-hohe-tauern\/\"},{\"@type\":\"ListItem\",\"position\":2,\"name\":\"Niedernsill\"}]},{\"@type\":\"WebSite\",\"@id\":\"https:\/\/www.salzburgerland.com\/de\/#website\",\"url\":\"https:\/\/www.salzburgerland.com\/de\/\",\"name\":\"SalzburgerLand.com\",\"description\":\"Ihr Urlaub in Salzburg, \u00d6sterreich\",\"publisher\":{\"@id\":\"https:\/\/www.salzburgerland.com\/de\/#organization\"},\"potentialAction\":[{\"@type\":\"SearchAction\",\"target\":{\"@type\":\"EntryPoint\",\"urlTemplate\":\"https:\/\/www.salzburgerland.com\/de\/?s={search_term_string}\"},\"query-input\":{\"@type\":\"PropertyValueSpecification\",\"valueRequired\":true,\"valueName\":\"search_term_string\"}}],\"inLanguage\":\"de\"},{\"@type\":\"Organization\",\"@id\":\"https:\/\/www.salzburgerland.com\/de\/#organization\",\"name\":\"SalzburgerLand Tourismus GmbH\",\"url\":\"https:\/\/www.salzburgerland.com\/de\/\",\"logo\":{\"@type\":\"ImageObject\",\"inLanguage\":\"de\",\"@id\":\"https:\/\/www.salzburgerland.com\/de\/#\/schema\/logo\/image\/\",\"url\":\"https:\/\/www.salzburgerland.com\/de\/wp-content\/uploads\/2017\/01\/salzburgerland-logo.jpg\",\"contentUrl\":\"https:\/\/www.salzburgerland.com\/de\/wp-content\/uploads\/2017\/01\/salzburgerland-logo.jpg\",\"width\":1920,\"height\":827,\"caption\":\"SalzburgerLand Tourismus GmbH\"},\"image\":{\"@id\":\"https:\/\/www.salzburgerland.com\/de\/#\/schema\/logo\/image\/\"},\"sameAs\":[\"https:\/\/www.facebook.com\/salzburgerland\/\",\"https:\/\/x.com\/Salzburgerland\",\"https:\/\/www.instagram.com\/salzburgerland\/\",\"http:\/\/dbpedia.org\/resource\/Salzburg_(state)\",\"http:\/\/wikidata.dbpedia.org\/resource\/Q43325\",\"http:\/\/open.salzburgerland.com\/de\/entity\/salzburgerland\",\"https:\/\/www.youtube.com\/user\/salzburgerland\"]}]}<\/script>\n<!-- \/ Yoast SEO Premium plugin. -->","yoast_head_json":{"title":"Niedernsill: Ferienort f\u00fcr die ganze Familie und aktive Genie\u00dfer.","description":"Niedernsill im Oberpinzgau ist der ideale Ferienort f\u00fcr Familien. Naturbadesee f\u00fcr Wasserratten, Erlebnisberg Naglk\u00f6pfl f\u00fcr kleine Wintersportler.","robots":{"index":"index","follow":"follow","max-snippet":"max-snippet:-1","max-image-preview":"max-image-preview:large","max-video-preview":"max-video-preview:-1"},"canonical":"https:\/\/www.salzburgerland.com\/de\/wp-json\/wp\/v2\/entities\/59359","og_locale":"de_DE","og_type":"article","og_title":"Niedernsill","og_description":"Niedernsill im Oberpinzgau ist der ideale Ferienort f\u00fcr Familien. Naturbadesee f\u00fcr Wasserratten, Erlebnisberg Naglk\u00f6pfl f\u00fcr kleine Wintersportler.","og_url":"https:\/\/www.salzburgerland.com\/de\/wp-json\/wp\/v2\/entities\/59359","og_site_name":"SalzburgerLand.com","article_publisher":"https:\/\/www.facebook.com\/salzburgerland\/","article_modified_time":"2023-02-27T08:34:45+00:00","og_image":[{"width":1200,"height":675,"url":"https:\/\/www.salzburgerland.com\/de\/wp-content\/uploads\/2016\/08\/c-tvb-piesendorf-niedernsill-harry-liebmann-niedernsill-winterpanorama-kopie-1200x675.jpg","type":"image\/jpeg"}],"twitter_card":"summary_large_image","twitter_site":"@Salzburgerland","twitter_misc":{"Gesch\u00e4tzte Lesezeit":"2\u00a0Minuten"},"schema":{"@context":"https:\/\/schema.org","@graph":[{"@type":"WebPage","@id":"https:\/\/www.salzburgerland.com\/de\/niedernsill\/","url":"https:\/\/www.salzburgerland.com\/de\/niedernsill\/","name":"Niedernsill: Ferienort f\u00fcr die ganze Familie und aktive Genie\u00dfer.","isPartOf":{"@id":"https:\/\/www.salzburgerland.com\/de\/#website"},"primaryImageOfPage":{"@id":"https:\/\/www.salzburgerland.com\/de\/niedernsill\/#primaryimage"},"image":{"@id":"https:\/\/www.salzburgerland.com\/de\/niedernsill\/#primaryimage"},"thumbnailUrl":"https:\/\/www.salzburgerland.com\/de\/wp-content\/uploads\/2016\/08\/c-tvb-piesendorf-niedernsill-harry-liebmann-niedernsill-winterpanorama-kopie.jpg","datePublished":"2016-08-23T12:52:31+00:00","dateModified":"2023-02-27T08:34:45+00:00","description":"Niedernsill im Oberpinzgau ist der ideale Ferienort f\u00fcr Familien. Naturbadesee f\u00fcr Wasserratten, Erlebnisberg Naglk\u00f6pfl f\u00fcr kleine Wintersportler.","breadcrumb":{"@id":"https:\/\/www.salzburgerland.com\/de\/niedernsill\/#breadcrumb"},"inLanguage":"de","potentialAction":[{"@type":"ReadAction","target":["https:\/\/www.salzburgerland.com\/de\/niedernsill\/"]}]},{"@type":"ImageObject","inLanguage":"de","@id":"https:\/\/www.salzburgerland.com\/de\/niedernsill\/#primaryimage","url":"https:\/\/www.salzburgerland.com\/de\/wp-content\/uploads\/2016\/08\/c-tvb-piesendorf-niedernsill-harry-liebmann-niedernsill-winterpanorama-kopie.jpg","contentUrl":"https:\/\/www.salzburgerland.com\/de\/wp-content\/uploads\/2016\/08\/c-tvb-piesendorf-niedernsill-harry-liebmann-niedernsill-winterpanorama-kopie.jpg","width":1920,"height":802,"caption":"(c) TVB Piesendorf Niedernsill, Harry Liebmann - Niedernsill Winterpanorama Kopie"},{"@type":"BreadcrumbList","@id":"https:\/\/www.salzburgerland.com\/de\/niedernsill\/#breadcrumb","itemListElement":[{"@type":"ListItem","position":1,"name":"Ferienregion Nationalpark Hohe Tauern","item":"https:\/\/www.salzburgerland.com\/de\/ferienregion-nationalpark-hohe-tauern\/"},{"@type":"ListItem","position":2,"name":"Niedernsill"}]},{"@type":"WebSite","@id":"https:\/\/www.salzburgerland.com\/de\/#website","url":"https:\/\/www.salzburgerland.com\/de\/","name":"SalzburgerLand.com","description":"Ihr Urlaub in Salzburg, \u00d6sterreich","publisher":{"@id":"https:\/\/www.salzburgerland.com\/de\/#organization"},"potentialAction":[{"@type":"SearchAction","target":{"@type":"EntryPoint","urlTemplate":"https:\/\/www.salzburgerland.com\/de\/?s={search_term_string}"},"query-input":{"@type":"PropertyValueSpecification","valueRequired":true,"valueName":"search_term_string"}}],"inLanguage":"de"},{"@type":"Organization","@id":"https:\/\/www.salzburgerland.com\/de\/#organization","name":"SalzburgerLand Tourismus GmbH","url":"https:\/\/www.salzburgerland.com\/de\/","logo":{"@type":"ImageObject","inLanguage":"de","@id":"https:\/\/www.salzburgerland.com\/de\/#\/schema\/logo\/image\/","url":"https:\/\/www.salzburgerland.com\/de\/wp-content\/uploads\/2017\/01\/salzburgerland-logo.jpg","contentUrl":"https:\/\/www.salzburgerland.com\/de\/wp-content\/uploads\/2017\/01\/salzburgerland-logo.jpg","width":1920,"height":827,"caption":"SalzburgerLand Tourismus GmbH"},"image":{"@id":"https:\/\/www.salzburgerland.com\/de\/#\/schema\/logo\/image\/"},"sameAs":["https:\/\/www.facebook.com\/salzburgerland\/","https:\/\/x.com\/Salzburgerland","https:\/\/www.instagram.com\/salzburgerland\/","http:\/\/dbpedia.org\/resource\/Salzburg_(state)","http:\/\/wikidata.dbpedia.org\/resource\/Q43325","http:\/\/open.salzburgerland.com\/de\/entity\/salzburgerland","https:\/\/www.youtube.com\/user\/salzburgerland"]}]}},"_wl_alt_label":[],"wl:entity_url":"http:\/\/open.salzburgerland.com\/de\/entity\/niedernsill","_links":{"self":[{"href":"https:\/\/www.salzburgerland.com\/de\/wp-json\/wp\/v2\/entities\/59359","targetHints":{"allow":["GET"]}}],"collection":[{"href":"https:\/\/www.salzburgerland.com\/de\/wp-json\/wp\/v2\/entities"}],"about":[{"href":"https:\/\/www.salzburgerland.com\/de\/wp-json\/wp\/v2\/types\/entity"}],"author":[{"embeddable":true,"href":"https:\/\/www.salzburgerland.com\/de\/wp-json\/wp\/v2\/users\/15"}],"replies":[{"embeddable":true,"href":"https:\/\/www.salzburgerland.com\/de\/wp-json\/wp\/v2\/comments?post=59359"}],"version-history":[{"count":2,"href":"https:\/\/www.salzburgerland.com\/de\/wp-json\/wp\/v2\/entities\/59359\/revisions"}],"predecessor-version":[{"id":658064,"href":"https:\/\/www.salzburgerland.com\/de\/wp-json\/wp\/v2\/entities\/59359\/revisions\/658064"}],"wp:featuredmedia":[{"embeddable":true,"href":"https:\/\/www.salzburgerland.com\/de\/wp-json\/wp\/v2\/media\/495244"}],"wp:attachment":[{"href":"https:\/\/www.salzburgerland.com\/de\/wp-json\/wp\/v2\/media?parent=59359"}],"wp:term":[{"taxonomy":"category","embeddable":true,"href":"https:\/\/www.salzburgerland.com\/de\/wp-json\/wp\/v2\/categories?post=59359"},{"taxonomy":"post_tag","embeddable":true,"href":"https:\/\/www.salzburgerland.com\/de\/wp-json\/wp\/v2\/tags?post=59359"},{"taxonomy":"wl_entity_type","embeddable":true,"href":"https:\/\/www.salzburgerland.com\/de\/wp-json\/wp\/v2\/wl_entity_type?post=59359"},{"taxonomy":"ski_resorts","embeddable":true,"href":"https:\/\/www.salzburgerland.com\/de\/wp-json\/wp\/v2\/ski_resorts?post=59359"}],"curies":[{"name":"wp","href":"https:\/\/api.w.org\/{rel}","templated":true}]}}