{"id":59331,"date":"2016-08-23T13:49:41","date_gmt":"2016-08-23T11:49:41","guid":{"rendered":"https:\/\/www.onebigpark.at\/de\/?post_type=entity&#038;p=59331"},"modified":"2023-03-01T11:56:27","modified_gmt":"2023-03-01T10:56:27","slug":"kultur-auf-der-alm","status":"publish","type":"entity","link":"https:\/\/www.salzburgerland.com\/de\/kultur-auf-der-alm\/","title":{"rendered":"Kultur auf der Alm"},"content":{"rendered":"<p>Die Alm an sich ist mit all ihren Traditionen und \u00fcberlieferten Braucht\u00fcmern ein fester Bestandteil der Salzburger Volkskultur. Wo <a href=\"https:\/\/www.salzburgerland.com\/de\/geschichte-der-salzburger-almkultur\/\">seit Jahrhunderten<\/a> die Almwirtschaft gepflegt wird, haben schon fr\u00fch auch Durchreisende die Sch\u00f6nheit der Landschaft und den Reiz der Berge erkannt. Der wachsende Tourismus lie\u00df auch die Almen im SalzburgerLand zu einem beliebten Ziel f\u00fcr Sommerfrischler und Winterg\u00e4ste werden. Wo dazumal die Senner und Almleute allein mit ihrem Vieh den Sommer verbrachten und im Winter Stille einkehrte, wird heute fr\u00f6hlich gefeiert, musiziert und das Almleben genossen.<\/p>\n<h2>Kultur auf der Alm<\/h2>\n<p><span style=\"font-weight: 400;\">Die urige H\u00fctte hoch oben am Berg wird zur unvergesslichen B\u00fchne, wenn regionale Musikanten in <a href=\"https:\/\/www.salzburgerland.com\/de\/tracht-brauchtum-salzburgerland\/\">landestypischer Tracht<\/a><\/span>, vor dem grandiosen Panorama der Berge des SalzburgerLandes ihre Instrumente auspacken und die Kl\u00e4nge sich von den umgebenden Bergr\u00fccken widerhallen. Bei der <a href=\"https:\/\/www.salzburgerland.com\/de\/almsommer-eroeffnung-und-events\/\">Auff\u00fchrung von Theaterst\u00fccken<\/a> wird die Almlandschaft zur spektakul\u00e4ren Kulisse. Wind, Wetter und Sonnenunterg\u00e4nge sorgen f\u00fcr dramatische Vorstellungen. Bei der Sommersonnenwende stehen die Berge des SalzburgerLandes in Flammen, denn seit jeher wird dieser Tag mit unz\u00e4hligen Bergfeuern, Musik und Tanz gefeiert. Zahlreiche kreative Workshops \u2013 von Kr\u00e4uterseminaren \u00fcber <a href=\"https:\/\/www.salzburgerland.com\/de\/magazin\/jodeln-lernen-im-urlaub\/\" target=\"_blank\" rel=\"noopener noreferrer\">Jodelkurse<\/a> bis hin zum <a href=\"https:\/\/www.salzburgerland.com\/de\/magazin\/ommm-muuuh-bergyoga-auf-der-schmittenhoehe\/\" target=\"_blank\" rel=\"noopener noreferrer\">Bergyoga<\/a> \u2013 sorgen f\u00fcr einen Mehrwert an Wissen, Spa\u00df und nachhaltige Urlaubserinnerungen.<\/p>\n<h2>Treffpunkt Alm<\/h2>\n<p><span style=\"font-weight: 400;\">Doch die Alm ist auch beliebter <a href=\"https:\/\/www.salzburgerland.com\/de\/treffpunkt-alm\/\">Treffpunkt der Einheimischen<\/a>, der J\u00e4ger und Senner. Da kann man den spannendsten Geschichten rund um Land und Leute lauschen, bekommt Einblick in die lange Tradition der Jagd oder Almbewirtschaftung und erf\u00e4hrt mehr \u00fcber den Ursprung so manch mystischer Sage. Zugegeben, f\u00fcr so einen\u00a0echten\u00a0<a href=\"https:\/\/www.salzburgerland.com\/de\/magazin\/das-almsommer-abc\/\" target=\"_blank\" rel=\"noopener noreferrer\">\u201eHoagascht\u201c<\/a>\u00a0im SalzburgerLand\u00a0\u2013 einem geselligen Beisammensein \u2013 k\u00f6nnte man manchmal ein W\u00f6rterbuch ben\u00f6tigen, denn die <a href=\"https:\/\/www.salzburgerland.com\/de\/magazin\/die-salzburger-dialekte\/\" target=\"_blank\" rel=\"noopener noreferrer\">Dialekte des SalzburgerLands<\/a><\/span> sind von Alm zu Alm unterschiedlich. Doch echte Gastfreundschaft wird auf den Almen gro\u00dfgeschrieben und so stillen die Einheimischen bereitwillig den Wissensdurst der Besucher und erkl\u00e4ren auch gern, was es mit Worten wie \u201eDengeln\u201c, \u201eDoggln\u201c, \u201eRiakiwi\u201c oder \u201eGranggn\u201c auf sich hat.<\/p>\n","protected":false},"excerpt":{"rendered":"<p>Die Alm an sich ist mit all ihren Traditionen und \u00fcberlieferten Braucht\u00fcmern ein fester Bestandteil der Salzburger Volkskultur. Wo seit Jahrhunderten die Almwirtschaft gepflegt wird, haben schon fr\u00fch auch Durchreisende die Sch\u00f6nheit der Landschaft und den Reiz der Berge erkannt. Der wachsende Tourismus lie\u00df auch die Almen im SalzburgerLand zu einem beliebten Ziel f\u00fcr Sommerfrischler [&hellip;]<\/p>\n","protected":false},"author":50,"featured_media":61102,"comment_status":"closed","ping_status":"closed","template":"","meta":{"_acf_changed":false,"wl_entities_gutenberg":"","_relevanssi_hide_post":"","_relevanssi_hide_content":"","_relevanssi_pin_for_all":"","_relevanssi_pin_keywords":"","_relevanssi_unpin_keywords":"","_relevanssi_related_keywords":"","_relevanssi_related_include_ids":"","_relevanssi_related_exclude_ids":"","_relevanssi_related_no_append":"","_relevanssi_related_not_related":"","_relevanssi_related_posts":"","_relevanssi_noindex_reason":"","footnotes":""},"categories":[],"tags":[],"wl_entity_type":[2],"ski_resorts":[],"class_list":["post-59331","entity","type-entity","status-publish","has-post-thumbnail","hentry","wl_entity_type-thing","sitetype-theme"],"acf":[],"yoast_head":"<!-- This site is optimized with the Yoast SEO Premium plugin v26.9 (Yoast SEO v26.9) - https:\/\/yoast.com\/product\/yoast-seo-premium-wordpress\/ -->\n<title>Kultur auf der Alm: Musik, Tanz und Brauchtum im SalzburgerLand.<\/title>\n<meta name=\"description\" content=\"Kreative Workshops, \u00fcberliefertes Handwerk, Konzerte und Lesungen bringen kulturelle H\u00f6hepunkte auf die Salzburger Almen.\" \/>\n<meta name=\"robots\" content=\"index, follow, max-snippet:-1, max-image-preview:large, max-video-preview:-1\" \/>\n<link rel=\"canonical\" href=\"https:\/\/www.salzburgerland.com\/de\/wp-json\/wp\/v2\/entities\/59331\" \/>\n<meta property=\"og:locale\" content=\"de_DE\" \/>\n<meta property=\"og:type\" content=\"article\" \/>\n<meta property=\"og:title\" content=\"Kultur auf der Alm\" \/>\n<meta property=\"og:description\" content=\"Kreative Workshops, \u00fcberliefertes Handwerk, Konzerte und Lesungen bringen kulturelle H\u00f6hepunkte auf die Salzburger Almen.\" \/>\n<meta property=\"og:url\" content=\"https:\/\/www.salzburgerland.com\/de\/wp-json\/wp\/v2\/entities\/59331\" \/>\n<meta property=\"og:site_name\" content=\"SalzburgerLand.com\" \/>\n<meta property=\"article:publisher\" content=\"https:\/\/www.facebook.com\/salzburgerland\/\" \/>\n<meta property=\"article:modified_time\" content=\"2023-03-01T10:56:27+00:00\" \/>\n<meta property=\"og:image\" content=\"https:\/\/www.salzburgerland.com\/de\/wp-content\/uploads\/2016\/08\/almsommer-ero\u0308ffnung-1200x675.jpg\" \/>\n\t<meta property=\"og:image:width\" content=\"1200\" \/>\n\t<meta property=\"og:image:height\" content=\"675\" \/>\n\t<meta property=\"og:image:type\" content=\"image\/jpeg\" \/>\n<meta name=\"twitter:card\" content=\"summary_large_image\" \/>\n<meta name=\"twitter:site\" content=\"@Salzburgerland\" \/>\n<meta name=\"twitter:label1\" content=\"Gesch\u00e4tzte Lesezeit\" \/>\n\t<meta name=\"twitter:data1\" content=\"2\u00a0Minuten\" \/>\n<script type=\"application\/ld+json\" class=\"yoast-schema-graph\">{\"@context\":\"https:\/\/schema.org\",\"@graph\":[{\"@type\":\"WebPage\",\"@id\":\"https:\/\/www.salzburgerland.com\/de\/kultur-auf-der-alm\/\",\"url\":\"https:\/\/www.salzburgerland.com\/de\/kultur-auf-der-alm\/\",\"name\":\"Kultur auf der Alm: Musik, Tanz und Brauchtum im SalzburgerLand.\",\"isPartOf\":{\"@id\":\"https:\/\/www.salzburgerland.com\/de\/#website\"},\"primaryImageOfPage\":{\"@id\":\"https:\/\/www.salzburgerland.com\/de\/kultur-auf-der-alm\/#primaryimage\"},\"image\":{\"@id\":\"https:\/\/www.salzburgerland.com\/de\/kultur-auf-der-alm\/#primaryimage\"},\"thumbnailUrl\":\"https:\/\/www.salzburgerland.com\/de\/wp-content\/uploads\/2016\/08\/almsommer-ero\u0308ffnung.jpg\",\"datePublished\":\"2016-08-23T11:49:41+00:00\",\"dateModified\":\"2023-03-01T10:56:27+00:00\",\"description\":\"Kreative Workshops, \u00fcberliefertes Handwerk, Konzerte und Lesungen bringen kulturelle H\u00f6hepunkte auf die Salzburger Almen.\",\"inLanguage\":\"de\",\"potentialAction\":[{\"@type\":\"ReadAction\",\"target\":[\"https:\/\/www.salzburgerland.com\/de\/kultur-auf-der-alm\/\"]}]},{\"@type\":\"ImageObject\",\"inLanguage\":\"de\",\"@id\":\"https:\/\/www.salzburgerland.com\/de\/kultur-auf-der-alm\/#primaryimage\",\"url\":\"https:\/\/www.salzburgerland.com\/de\/wp-content\/uploads\/2016\/08\/almsommer-ero\u0308ffnung.jpg\",\"contentUrl\":\"https:\/\/www.salzburgerland.com\/de\/wp-content\/uploads\/2016\/08\/almsommer-ero\u0308ffnung.jpg\",\"width\":1920,\"height\":1406,\"caption\":\"\u00a9 SalzburgerLand Tourismus - Almsommer Er\u00f6ffnung mit Plattlern.\"},{\"@type\":\"WebSite\",\"@id\":\"https:\/\/www.salzburgerland.com\/de\/#website\",\"url\":\"https:\/\/www.salzburgerland.com\/de\/\",\"name\":\"SalzburgerLand.com\",\"description\":\"Ihr Urlaub in Salzburg, \u00d6sterreich\",\"publisher\":{\"@id\":\"https:\/\/www.salzburgerland.com\/de\/#organization\"},\"potentialAction\":[{\"@type\":\"SearchAction\",\"target\":{\"@type\":\"EntryPoint\",\"urlTemplate\":\"https:\/\/www.salzburgerland.com\/de\/?s={search_term_string}\"},\"query-input\":{\"@type\":\"PropertyValueSpecification\",\"valueRequired\":true,\"valueName\":\"search_term_string\"}}],\"inLanguage\":\"de\"},{\"@type\":\"Organization\",\"@id\":\"https:\/\/www.salzburgerland.com\/de\/#organization\",\"name\":\"SalzburgerLand Tourismus GmbH\",\"url\":\"https:\/\/www.salzburgerland.com\/de\/\",\"logo\":{\"@type\":\"ImageObject\",\"inLanguage\":\"de\",\"@id\":\"https:\/\/www.salzburgerland.com\/de\/#\/schema\/logo\/image\/\",\"url\":\"https:\/\/www.salzburgerland.com\/de\/wp-content\/uploads\/2017\/01\/salzburgerland-logo.jpg\",\"contentUrl\":\"https:\/\/www.salzburgerland.com\/de\/wp-content\/uploads\/2017\/01\/salzburgerland-logo.jpg\",\"width\":1920,\"height\":827,\"caption\":\"SalzburgerLand Tourismus GmbH\"},\"image\":{\"@id\":\"https:\/\/www.salzburgerland.com\/de\/#\/schema\/logo\/image\/\"},\"sameAs\":[\"https:\/\/www.facebook.com\/salzburgerland\/\",\"https:\/\/x.com\/Salzburgerland\",\"https:\/\/www.instagram.com\/salzburgerland\/\",\"http:\/\/dbpedia.org\/resource\/Salzburg_(state)\",\"http:\/\/wikidata.dbpedia.org\/resource\/Q43325\",\"http:\/\/open.salzburgerland.com\/de\/entity\/salzburgerland\",\"https:\/\/www.youtube.com\/user\/salzburgerland\"]}]}<\/script>\n<!-- \/ Yoast SEO Premium plugin. -->","yoast_head_json":{"title":"Kultur auf der Alm: Musik, Tanz und Brauchtum im SalzburgerLand.","description":"Kreative Workshops, \u00fcberliefertes Handwerk, Konzerte und Lesungen bringen kulturelle H\u00f6hepunkte auf die Salzburger Almen.","robots":{"index":"index","follow":"follow","max-snippet":"max-snippet:-1","max-image-preview":"max-image-preview:large","max-video-preview":"max-video-preview:-1"},"canonical":"https:\/\/www.salzburgerland.com\/de\/wp-json\/wp\/v2\/entities\/59331","og_locale":"de_DE","og_type":"article","og_title":"Kultur auf der Alm","og_description":"Kreative Workshops, \u00fcberliefertes Handwerk, Konzerte und Lesungen bringen kulturelle H\u00f6hepunkte auf die Salzburger Almen.","og_url":"https:\/\/www.salzburgerland.com\/de\/wp-json\/wp\/v2\/entities\/59331","og_site_name":"SalzburgerLand.com","article_publisher":"https:\/\/www.facebook.com\/salzburgerland\/","article_modified_time":"2023-03-01T10:56:27+00:00","og_image":[{"width":1200,"height":675,"url":"https:\/\/www.salzburgerland.com\/de\/wp-content\/uploads\/2016\/08\/almsommer-ero\u0308ffnung-1200x675.jpg","type":"image\/jpeg"}],"twitter_card":"summary_large_image","twitter_site":"@Salzburgerland","twitter_misc":{"Gesch\u00e4tzte Lesezeit":"2\u00a0Minuten"},"schema":{"@context":"https:\/\/schema.org","@graph":[{"@type":"WebPage","@id":"https:\/\/www.salzburgerland.com\/de\/kultur-auf-der-alm\/","url":"https:\/\/www.salzburgerland.com\/de\/kultur-auf-der-alm\/","name":"Kultur auf der Alm: Musik, Tanz und Brauchtum im SalzburgerLand.","isPartOf":{"@id":"https:\/\/www.salzburgerland.com\/de\/#website"},"primaryImageOfPage":{"@id":"https:\/\/www.salzburgerland.com\/de\/kultur-auf-der-alm\/#primaryimage"},"image":{"@id":"https:\/\/www.salzburgerland.com\/de\/kultur-auf-der-alm\/#primaryimage"},"thumbnailUrl":"https:\/\/www.salzburgerland.com\/de\/wp-content\/uploads\/2016\/08\/almsommer-ero\u0308ffnung.jpg","datePublished":"2016-08-23T11:49:41+00:00","dateModified":"2023-03-01T10:56:27+00:00","description":"Kreative Workshops, \u00fcberliefertes Handwerk, Konzerte und Lesungen bringen kulturelle H\u00f6hepunkte auf die Salzburger Almen.","inLanguage":"de","potentialAction":[{"@type":"ReadAction","target":["https:\/\/www.salzburgerland.com\/de\/kultur-auf-der-alm\/"]}]},{"@type":"ImageObject","inLanguage":"de","@id":"https:\/\/www.salzburgerland.com\/de\/kultur-auf-der-alm\/#primaryimage","url":"https:\/\/www.salzburgerland.com\/de\/wp-content\/uploads\/2016\/08\/almsommer-ero\u0308ffnung.jpg","contentUrl":"https:\/\/www.salzburgerland.com\/de\/wp-content\/uploads\/2016\/08\/almsommer-ero\u0308ffnung.jpg","width":1920,"height":1406,"caption":"\u00a9 SalzburgerLand Tourismus - Almsommer Er\u00f6ffnung mit Plattlern."},{"@type":"WebSite","@id":"https:\/\/www.salzburgerland.com\/de\/#website","url":"https:\/\/www.salzburgerland.com\/de\/","name":"SalzburgerLand.com","description":"Ihr Urlaub in Salzburg, \u00d6sterreich","publisher":{"@id":"https:\/\/www.salzburgerland.com\/de\/#organization"},"potentialAction":[{"@type":"SearchAction","target":{"@type":"EntryPoint","urlTemplate":"https:\/\/www.salzburgerland.com\/de\/?s={search_term_string}"},"query-input":{"@type":"PropertyValueSpecification","valueRequired":true,"valueName":"search_term_string"}}],"inLanguage":"de"},{"@type":"Organization","@id":"https:\/\/www.salzburgerland.com\/de\/#organization","name":"SalzburgerLand Tourismus GmbH","url":"https:\/\/www.salzburgerland.com\/de\/","logo":{"@type":"ImageObject","inLanguage":"de","@id":"https:\/\/www.salzburgerland.com\/de\/#\/schema\/logo\/image\/","url":"https:\/\/www.salzburgerland.com\/de\/wp-content\/uploads\/2017\/01\/salzburgerland-logo.jpg","contentUrl":"https:\/\/www.salzburgerland.com\/de\/wp-content\/uploads\/2017\/01\/salzburgerland-logo.jpg","width":1920,"height":827,"caption":"SalzburgerLand Tourismus GmbH"},"image":{"@id":"https:\/\/www.salzburgerland.com\/de\/#\/schema\/logo\/image\/"},"sameAs":["https:\/\/www.facebook.com\/salzburgerland\/","https:\/\/x.com\/Salzburgerland","https:\/\/www.instagram.com\/salzburgerland\/","http:\/\/dbpedia.org\/resource\/Salzburg_(state)","http:\/\/wikidata.dbpedia.org\/resource\/Q43325","http:\/\/open.salzburgerland.com\/de\/entity\/salzburgerland","https:\/\/www.youtube.com\/user\/salzburgerland"]}]}},"_wl_alt_label":[],"wl:entity_url":"http:\/\/open.salzburgerland.com\/de\/entity\/kultur_auf_der_alm","_links":{"self":[{"href":"https:\/\/www.salzburgerland.com\/de\/wp-json\/wp\/v2\/entities\/59331","targetHints":{"allow":["GET"]}}],"collection":[{"href":"https:\/\/www.salzburgerland.com\/de\/wp-json\/wp\/v2\/entities"}],"about":[{"href":"https:\/\/www.salzburgerland.com\/de\/wp-json\/wp\/v2\/types\/entity"}],"author":[{"embeddable":true,"href":"https:\/\/www.salzburgerland.com\/de\/wp-json\/wp\/v2\/users\/50"}],"replies":[{"embeddable":true,"href":"https:\/\/www.salzburgerland.com\/de\/wp-json\/wp\/v2\/comments?post=59331"}],"version-history":[{"count":3,"href":"https:\/\/www.salzburgerland.com\/de\/wp-json\/wp\/v2\/entities\/59331\/revisions"}],"predecessor-version":[{"id":658257,"href":"https:\/\/www.salzburgerland.com\/de\/wp-json\/wp\/v2\/entities\/59331\/revisions\/658257"}],"wp:featuredmedia":[{"embeddable":true,"href":"https:\/\/www.salzburgerland.com\/de\/wp-json\/wp\/v2\/media\/61102"}],"wp:attachment":[{"href":"https:\/\/www.salzburgerland.com\/de\/wp-json\/wp\/v2\/media?parent=59331"}],"wp:term":[{"taxonomy":"category","embeddable":true,"href":"https:\/\/www.salzburgerland.com\/de\/wp-json\/wp\/v2\/categories?post=59331"},{"taxonomy":"post_tag","embeddable":true,"href":"https:\/\/www.salzburgerland.com\/de\/wp-json\/wp\/v2\/tags?post=59331"},{"taxonomy":"wl_entity_type","embeddable":true,"href":"https:\/\/www.salzburgerland.com\/de\/wp-json\/wp\/v2\/wl_entity_type?post=59331"},{"taxonomy":"ski_resorts","embeddable":true,"href":"https:\/\/www.salzburgerland.com\/de\/wp-json\/wp\/v2\/ski_resorts?post=59331"}],"curies":[{"name":"wp","href":"https:\/\/api.w.org\/{rel}","templated":true}]}}